{"id":76097,"date":"2019-11-25T18:01:16","date_gmt":"2019-11-25T17:01:16","guid":{"rendered":"https:\/\/www.foment.com\/es\/events\/innovation-breakfast-el-impacto-del-blockchain-en-la-digitalizacion\/"},"modified":"2019-11-26T15:58:46","modified_gmt":"2019-11-26T14:58:46","slug":"innovation-breakfast-el-impacto-del-blockchain-en-la-digitalizacion","status":"publish","type":"ajde_events","link":"https:\/\/www.foment.com\/es\/events\/innovation-breakfast-el-impacto-del-blockchain-en-la-digitalizacion\/","title":{"rendered":"Innovation Breakfast \u00abEl impacto del blockchain en la digitalizaci\u00f3n\u00bb"},"content":{"rendered":"<section class=\"wpb-content-wrapper\"><p>[vc_row][vc_column text_align=\u00bbcenter\u00bb][vc_column_text]<\/p>\n<h3 style=\"text-align: center;\"><strong>INNOVATION BREAKFAST<\/strong><\/h3>\n<p>[\/vc_column_text][vc_column_text]<\/p>\n<h2 style=\"text-align: center;\"><span style=\"color: #c10000;\"><strong>\u00a0El impacto del blockchain en la digitalizaci\u00f3n<\/strong><\/span><\/h2>\n<p>[\/vc_column_text][vc_column_text]<\/p>\n<p style=\"text-align: left;\">Os invitamos al pr\u00f3ximo desayuno coloquio con <strong>Victoria Gago<\/strong>, Fundadora de la European Blockchain Convention que se centrar\u00e1 en como Blockchain puede ayudar a las empresas a acelerar su transformaci\u00f3n digital. La ponente presentar\u00e1 tres casos de uso reales centrados en la cadena de suministro del sector de transporte mar\u00edtimo &amp; terrestre, del sector retail y la identidad digital.<\/p>\n<p style=\"text-align: left;\">Tambi\u00e9n se explicar\u00e1 el enfoque de la 2a. Convenci\u00f3n Europea de Blockchain que se celebrar\u00e1 en enero de 2020. El objetivo es ser el punto de encuentro entre l\u00edderes de la industria, inversores, desarrolladores, reguladores y emprendedores que tengan inter\u00e9s por conocer los retos y oportunidades que esta tecnolog\u00eda ofrece.<\/p>\n<p style=\"text-align: left;\">La presentaci\u00f3n ir\u00e1 a cargo de<strong> Jordi Bosch<\/strong>,\u00a0 Presidente de la Comisi\u00f3n de Innovaci\u00f3n. Despu\u00e9s de la intervenci\u00f3n del ponente, abriremos un turno\u00a0 de preguntas con los asistentes.<\/p>\n<p style=\"text-align: left;\">Los <em>Innovation Breakfast <\/em>de Foment son un nuevo formato de sesi\u00f3n creado para ofrecer un entorno d\u00f3nde poder dialogar, inspirarse y crecer profesionalmente, a trav\u00e9s de encuentros con ponentes de alto nivel que compartan su visi\u00f3n y conocimiento sobre las iniciativas innovadoras que est\u00e1n liderando en su organizaci\u00f3n.<\/p>\n<p style=\"text-align: left;\">Este espacio estar\u00e1 restringido y \u00fanicamente los miembros de la Comisi\u00f3n de Innovaci\u00f3n de la patronal recibir\u00e1n las invitaciones. Por este motivo, si est\u00e1s interesado en seguir recibiendo los pr\u00f3ximos desayunos, te rogamos que rellenes el <a href=\"http:\/\/analytics.clickdimensions.com\/cn\/aepgp\/comissio_innovacio\">formulario de adhesi\u00f3n a la Comisi\u00f3n de Innovaci\u00f3n<\/a>.<\/p>\n<p>[\/vc_column_text][\/vc_column][\/vc_row]<\/p>\n<\/section>","protected":false},"author":24,"featured_media":62183,"menu_order":0,"comment_status":"closed","ping_status":"closed","template":"","meta":{"_links_to":"","_links_to_target":""},"tags":[1198,311,2270,268,499,1699,2269],"event_type":[203],"event_type_2":[],"acf":[],"_links":{"self":[{"href":"https:\/\/www.foment.com\/es\/wp-json\/wp\/v2\/ajde_events\/76097"}],"collection":[{"href":"https:\/\/www.foment.com\/es\/wp-json\/wp\/v2\/ajde_events"}],"about":[{"href":"https:\/\/www.foment.com\/es\/wp-json\/wp\/v2\/types\/ajde_events"}],"author":[{"embeddable":true,"href":"https:\/\/www.foment.com\/es\/wp-json\/wp\/v2\/users\/24"}],"replies":[{"embeddable":true,"href":"https:\/\/www.foment.com\/es\/wp-json\/wp\/v2\/comments?post=76097"}],"wp:featuredmedia":[{"embeddable":true,"href":"https:\/\/www.foment.com\/es\/wp-json\/wp\/v2\/media\/62183"}],"wp:attachment":[{"href":"https:\/\/www.foment.com\/es\/wp-json\/wp\/v2\/media?parent=76097"}],"wp:term":[{"taxonomy":"post_tag","embeddable":true,"href":"https:\/\/www.foment.com\/es\/wp-json\/wp\/v2\/tags?post=76097"},{"taxonomy":"event_type","embeddable":true,"href":"https:\/\/www.foment.com\/es\/wp-json\/wp\/v2\/event_type?post=76097"},{"taxonomy":"event_type_2","embeddable":true,"href":"https:\/\/www.foment.com\/es\/wp-json\/wp\/v2\/event_type_2?post=76097"}],"curies":[{"name":"wp","href":"https:\/\/api.w.org\/{rel}","templated":true}]}}