{"id":104575,"date":"2020-12-02T10:50:35","date_gmt":"2020-12-02T09:50:35","guid":{"rendered":"https:\/\/www.foment.com\/fons-europeus-preguntes-frequents\/"},"modified":"2021-12-27T10:58:23","modified_gmt":"2021-12-27T09:58:23","slug":"fondos-europeos-preguntas-frecuentes","status":"publish","type":"page","link":"https:\/\/www.foment.com\/es\/fondos-europeos-preguntas-frecuentes\/","title":{"rendered":"Preguntas frecuentes"},"content":{"rendered":"<section class=\"wpb-content-wrapper\"><p>[vc_row top_padding=\u00bb20&#8243;][vc_column width=\u00bb1\/1&#8243;]<div class=\"spacer\" style=\"height: 40px;\"><\/div>[vc_column_text]<\/p>\n<h3 style=\"text-align: center;\">En este apartado se recogen las preguntas de mayor inter\u00e9s, as\u00ed como sus respuestas, de cara a facilitar la comprensi\u00f3n de los fondos europeos por parte de las organizaciones empresariales y empresas<\/h3>\n<p>[\/vc_column_text][\/vc_column][\/vc_row][vc_row text_align=\u00bbcenter\u00bb][vc_column text_align=\u00bbcenter\u00bb][vc_column_text]<\/p>\n<p>[\/vc_column_text]<div class=\"divider divider3\" style='margin:60px 0 60px 0 !important;'><\/div>[\/vc_column][\/vc_row][vc_row text_align=\u00bbcenter\u00bb][vc_column text_align=\u00bbcenter\u00bb width=\u00bb1\/1&#8243;]<h2 class=\"headline font-inherit fontsize-xl fontweight-700 lh-inherit align-center transform-inherit \" style=\"margin: 0 0 20px 0; color: #d2112d;\">VISI\u00d3N GENERAL DE LOS FONDOS<\/h2>[vc_tta_accordion style=\u00bbmodern\u00bb shape=\u00bbsquare\u00bb color=\u00bbblack\u00bb active_section=\u00bb0&#8243;][vc_tta_section title=\u00bb\u00bfQu\u00e9 instrumentos financieros ha aprobado la UE?\u00bb tab_id=\u00bbinstruments-financers-aprovats-ue\u00bb][vc_column_text]<\/p>\n<p style=\"text-align: justify;\">La Uni\u00f3n Europea, en el marco del Consejo Europeo celebrado en julio de 2020, ha aprobado <strong>dos grandes paquetes de fondos<\/strong>, uno de ellos tiene car\u00e1cter <strong>ordinario<\/strong> y responde a la financiaci\u00f3n c\u00edclica de la UE y el otro es <strong>extraordinario<\/strong>, en atenci\u00f3n a la crisis. generada por la pandemia COVID-19.<\/p>\n<ul>\n<li style=\"text-align: justify;\">En primer lugar, el <strong>Marco Financiero Plurianual para el per\u00edodo 2021-2027<\/strong>, que cuenta con un importe de 1,074 billones de euros, es el presupuesto a largo plazo de la UE que \u00e9sta dise\u00f1a para per\u00edodos de siete a\u00f1os. Tiene como finalidad <strong>canalizar las inversiones de forma que lleguen donde m\u00e1s se necesiten<\/strong>,<strong> reforzar el mercado \u00fanico, intensificar la cooperaci\u00f3n en \u00e1mbitos como la salud y la gesti\u00f3n de crisis, e impulsar las transiciones ecol\u00f3gica y digital para conseguir una econom\u00eda m\u00e1s equitativa y resiliente.<\/strong><\/li>\n<li style=\"text-align: justify;\">En segundo lugar, el <strong>Plan Europeo de Recuperaci\u00f3n<\/strong>, dotado con <strong>750.000 millones de euros<\/strong>, tiene como objetivo <strong>impulsar temporalmente la capacidad financiera del presupuesto de la UE<\/strong> con nuevos fondos captados en los mercados financieros. Los fondos captados se canalizar\u00e1n a trav\u00e9s tanto de instrumentos ya existentes como otros de nueva creaci\u00f3n, que permitan un despliegue de los recursos necesarios lo m\u00e1s r\u00e1pido posible para paliar la severidad de la crisis y recuperar la econom\u00eda.<\/li>\n<\/ul>\n<p>A este instrumento extraordinario hay que a\u00f1adir las <strong>tres importantes redes de seguridad para los trabajadores, empresas y Estados<\/strong>, aprobadas por el Consejo Europeo en abril de 2020, con una dotaci\u00f3n por valor de 540.000 millones de euros, como el <strong>mecanismo SURE<\/strong> para a la financiaci\u00f3n de los esquemas de reducci\u00f3n de empleo (los ERTE en el caso de Espa\u00f1a).<br \/>\n[\/vc_column_text][\/vc_tta_section][vc_tta_section title=\u00bb\u00bfEn qu\u00e9 momento nos encontramos?\u00bb tab_id=\u00bbmoment-actual\u00bb][vc_column_text]<\/p>\n<p style=\"text-align: justify;\">Tras el acuerdo pol\u00edtico alcanzado el 20 de julio de 2020 por el Consejo Europeo, se puso en marcha la negociaci\u00f3n tripartita entre el Parlamento Europeo, el Consejo y la Comisi\u00f3n Europea para llegar a un acuerdo sobre los textos jur\u00eddicos definitivos sobre las propuestas del Plan Europeo de Recuperaci\u00f3n, del MFP 2021-2027 y de sus respectivos instrumentos y programas.<\/p>\n<p style=\"text-align: justify;\">Se iniciaba as\u00ed un mandato negociador fuertemente marcado por las discrepancias entre el Consejo y la Euroc\u00e1mara, puesto que los eurodiputados consideraban \u00abinaceptables\u00bb los recortes a programas emblem\u00e1ticos de la UE. Asimismo, la introducci\u00f3n de una condicionalidad vinculada al respeto de los principios democr\u00e1ticos, dirigida a proteger el presupuesto comunitario frente a deficiencias generalizadas en el Estado de Derecho en los Estados miembros, supuso un segundo elemento de discordia.<\/p>\n<p style=\"text-align: justify;\">Por \u00faltimo, el pacto sobre el Plan Europeo de Recuperaci\u00f3n, el pr\u00f3ximo Marco Financiero Plurianual y las nuevas fuentes de financiaci\u00f3n lleg\u00f3 el 10 de noviembre, cuando Consejo y Parlamento Europeo alcanzaron acuerdo pol\u00edtico, reforzando la asignaci\u00f3n en 15.000 millones de euros a varios programas emblem\u00e1ticos de la UE y estableciendo una hoja de ruta para la introducci\u00f3n paulatina de una nueva cesta de recursos propios, dise\u00f1ada para amortizar la deuda mancomunada contra\u00edda para financiar el Plan Europeo de Recuperaci\u00f3n. Adem\u00e1s, los l\u00edderes de Hungr\u00eda y Polonia, que amenazaban con vetar el Plan Europeo de Recuperaci\u00f3n por su rechazo a su vinculaci\u00f3n al respeto del Estado de Derecho, finalmente aceptaron el compromiso durante la cumbre del Consejo Europeo del 10 y 11 de diciembre.<\/p>\n<p style=\"text-align: justify;\">Esta soluci\u00f3n fue ratificada por el Parlamento Europeo en la Sesi\u00f3n Plenaria que se celebr\u00f3 del 14 al 17 de diciembre, en la que se aprobaron: el Reglamento sobre el Marco Financiero Plurianual 2021-2027; el Reglamento sobre el Plan Europeo de Recuperaci\u00f3n; el Reglamento sobre un r\u00e9gimen general de condicionalidad para la protecci\u00f3n del presupuesto de la Uni\u00f3n y el Acuerdo Interinstitucional sobre disciplina presupuestaria (que, a su vez, incorpora la estrategia sobre nuevos recursos propios).<\/p>\n<p style=\"text-align: justify;\">Adem\u00e1s, el pasado 18 de diciembre, el Consejo y el Parlamento Europeo alcanzaron un Acuerdo provisional sobre el Mecanismo de Recuperaci\u00f3n y Resiliencia, el instrumento clave del Plan europeo de Recuperaci\u00f3n, que se dotar\u00e1 con 672.500 millones de euros y que estar\u00e1 conectado estrechamente con las recomendaciones del Semestre Europeo. Como pr\u00f3ximos pasos, tanto el Parlamento Europeo como el Consejo tendr\u00e1n que proceder a su aprobaci\u00f3n formal.<\/p>\n<p style=\"text-align: justify;\">Aunque el acuerdo en t\u00e9rminos presupuestarios est\u00e9 concluido, la implementaci\u00f3n del Plan europeo de Recuperaci\u00f3n requiere que la Decisi\u00f3n de Recursos Propios sea previamente ratificada en cada Estado miembro en virtud del procedimiento nacional correspondiente. Esta circunstancia podr\u00eda acarrear un retraso adicional (de aproximadamente dos meses) a la llegada de los fondos de recuperaci\u00f3n europeos.<\/p>\n<p>[\/vc_column_text][\/vc_tta_section][vc_tta_section title=\u00bb\u00bfCu\u00e1les son las prioridades y objetivos del Plan Europeo de Recuperaci\u00f3n?\u00bb tab_id=\u00bbprioritats-objectius-pla-recuperacio-ue\u00bb][vc_column_text]El Plan Europeo de Recuperaci\u00f3n se vertebra en torno a tres grandes \u00e1mbitos, dentro de los cuales se enmarcan los diferentes instrumentos y fondos que incluye:<\/p>\n<ul>\n<li><strong>Ayudar a los Estados miembros a recuperarse.<\/strong><\/li>\n<li><strong>Relanzar la econom\u00eda y apoyar la inversi\u00f3n privada.<\/strong><\/li>\n<li><strong>Aprender de la experiencia de la crisis.<\/strong><\/li>\n<\/ul>\n<p><strong>El primero de ellos concentra el grosor del total de los 750.000 millones de euros<\/strong> del Plan (737.500 millones) y est\u00e1 orientado a impulsar las inversiones y reformas de acuerdo a los tres vectores de transformaci\u00f3n:<\/p>\n<ul>\n<li><strong>La transici\u00f3n ecol\u00f3gica (Pacte Verd).<\/strong><\/li>\n<li><strong>La transici\u00f3n digital.<\/strong><\/li>\n<li><strong>La reindustrializaci\u00f3n.<\/strong><\/li>\n<\/ul>\n<p>[\/vc_column_text][\/vc_tta_section][vc_tta_section title=\u00bb\u00bfCu\u00e1les son las caracter\u00edsticas de los fondos recogidos en el Plan Europeo de Recuperaci\u00f3n?\u00bb tab_id=\u00bbcaracteristiques-fons-pla-recuperacio-ue\u00bb][vc_column_text]<\/p>\n<p style=\"text-align: justify;\"><strong>En primer lugar, cada uno de los instrumentos y fondos que componen el Plan Europeo de Recuperaci\u00f3n cuenta con caracter\u00edsticas espec\u00edficas<\/strong>, en funci\u00f3n de los objetivos fijados en los textos jur\u00eddicos de base (que est\u00e1n pendientes de adopci\u00f3n final).<\/p>\n<p style=\"text-align: justify;\">En <strong>segundo lugar, es importante tener en cuenta dos variables<\/strong> para un mejor aprovechamiento de los mismos por parte de las empresas:<\/p>\n<p style=\"text-align: justify;\"><strong>Forma de acceso<\/strong>, por lo que las ayudas pueden ser:<\/p>\n<ul>\n<li style=\"text-align: justify;\"><strong>Directas<\/strong>. Los interesados \u200b\u200bsolicitan la ayuda directamente a los organismos europeos competentes.<br \/>\n<strong>Indirectas<\/strong>. Las ayudas se canalizan y gestionan a trav\u00e9s de los Estados miembros, tanto por la Administraci\u00f3n General del Estado (y, dentro de \u00e9sta, por el Ministerio o entidad que establezca el Gobierno) como por las comunidades aut\u00f3nomas (que tambi\u00e9n establecer\u00e1n qu\u00e9 entidad o unidad ser\u00e1 responsable de la gesti\u00f3n). En las de este tipo resulta esencial la colaboraci\u00f3n p\u00fablico-privada, de cara a garantizar el alineamiento entre la inversi\u00f3n y las necesidades reales y el futuro de la econom\u00eda.<\/li>\n<\/ul>\n<p style=\"text-align: justify;\">Tipolog\u00eda y necesidad de reembolso:<\/p>\n<ul>\n<li style=\"text-align: justify;\"><strong>Subvenciones: no requieren reembolso<\/strong>. Suponen el 52% del total que recibir\u00e1 Espa\u00f1a. Responder\u00e1n a esta categor\u00eda los fondos del Plan Europeo de Recuperaci\u00f3n, salvo la parte de pr\u00e9stamos del Mecanismo de Recuperaci\u00f3n y Resiliencia.<br \/>\n<strong>Pr\u00e9stamos: requieren reembolso.<\/strong> Suponen el 48% del total que recibir\u00e1 Espa\u00f1a, que se concentra en el Mecanismo de Recuperaci\u00f3n y Resiliencia.<\/li>\n<\/ul>\n<p>[\/vc_column_text][\/vc_tta_section][vc_tta_section title=\u00bb\u00bfCu\u00e1les son los plazos asociados a los Mecanismos de Recuperaci\u00f3n y Resiliencia, dentro del Plan de Europeo de Recuperaci\u00f3n?\u00bb tab_id=\u00bbterminis-mecanismes-recuperacio-resilencia-pla-recuperacio-ue\u00bb][vc_column_text]<\/p>\n<p style=\"text-align: justify;\">El Mecanismo de Recuperaci\u00f3n y Resiliencia tiene un <strong>presupuesto de 672.500 millones de euros, concentrando el 90% del importe total del Plan Europeo de Recuperaci\u00f3n.<\/strong> En consecuencia, cuenta con una sustancial relevancia dentro de la respuesta de la Uni\u00f3n Europea a la pandemia.<\/p>\n<p style=\"text-align: justify;\">El desembolso de los fondos est\u00e1 <strong>sujeto a la necesaria presentaci\u00f3n de un Plan Nacional de Reformas e Inversiones 2021-2023 por parte de todos los Estados miembros.<\/strong><\/p>\n<p style=\"text-align: justify;\">En este sentido, las metas previstas son las siguientes:<\/p>\n<ul>\n<li style=\"text-align: justify;\"><strong>Fase 1. Elaboraci\u00f3n.<\/strong> Articulaci\u00f3n del Plan Nacional de Reformas e Inversiones 2021-2023 por parte del Gobierno, para su presentaci\u00f3n a la Comisi\u00f3n Europea. Se puede enviar el borrador del Plan a partir del 15 de octubre de 2020, debiendo entregarse el definitivo antes del 30 de abril de 2021.<\/li>\n<li style=\"text-align: justify;\"><strong>Fase 2. Evaluaci\u00f3n.<\/strong> La Comisi\u00f3n Europea dispone de 2 meses para evaluar el Plan y proponer su aprobaci\u00f3n al Consejo, que decidir\u00e1 por mayor\u00eda cualificada (al menos 15 Estados miembros que representen al 65% de la poblaci\u00f3n de la Uni\u00f3n).<\/li>\n<li><strong>Fase 3. Despliegue y seguimiento<\/strong>, con los siguientes puntos relevantes:\n<ul>\n<li><strong>Compromiso de gasto<\/strong>:\n<ul>\n<li><strong>70% del importe en 2021 y 2022.<\/strong><\/li>\n<li><strong>30% en 2023 y 2024.<\/strong><\/li>\n<\/ul>\n<\/li>\n<\/ul>\n<\/li>\n<li><strong>Ejecuci\u00f3n: hasta finales de 2026<\/strong><\/li>\n<li>Cumplimiento de metas y objetivos:<br \/>\nLa evaluaci\u00f3n positiva de las solicitudes depender\u00e1 del cumplimiento satisfactorio de las metas y objetivos propuestos.<\/li>\n<\/ul>\n<p>Se habilita un \u201c<strong>Freno de seguridad<\/strong>\u201d, que entrar\u00e1 en juego cuando uno o m\u00e1s Estados miembros consideren que existen desviaciones graves en la implementaci\u00f3n del Plan nacional de alg\u00fan otro Estado miembro.<br \/>\n[\/vc_column_text][\/vc_tta_section][\/vc_tta_accordion]<div class=\"spacer\" style=\"height: 40px;\"><\/div><h4 class=\"headline font-special fontsize-xxl fontweight-700 lh-inherit align-center transform-inherit \" style=\"margin: 0 0 20px 0; color: #d2112d;\">IMPACTO DE LOS FONDOS EN ESPA\u00d1A<\/h4>[vc_tta_accordion style=\u00bbmodern\u00bb shape=\u00bbsquare\u00bb color=\u00bbblack\u00bb active_section=\u00bb0&#8243;][vc_tta_section title=\u00bb\u00bfCu\u00e1l es la financiaci\u00f3n que le corresponde a Espa\u00f1a del Plan Europeo de Recuperaci\u00f3n?\u00bb tab_id=\u00bbfinancament-espanya-pla-recuperacio-ue\u00bb][vc_column_text]<\/p>\n<p style=\"text-align: justify;\">Espa\u00f1a recibir\u00e1 aproximadamente <strong>140.000 millones de euros<\/strong>, de acuerdo a los c\u00e1lculos del Gobierno, <strong>del total de 750.000 millones del Plan<\/strong>. De esa cantidad, 125.460 millones de euros (el 90%) corresponden al Mecanismo de Recuperaci\u00f3n y Resiliencia, con esta divisi\u00f3n:<\/p>\n<p style=\"text-align: justify;\"><strong>67.300 millones de euros en pr\u00e9stamos (53,6%).<\/strong><br \/>\n<strong>58.160 millones de euros en subvenciones (46,4%).<\/strong><\/p>\n<p style=\"text-align: justify;\">Es decir, el <strong>Plan Nacional de Reformas e Inversiones 2021-2023<\/strong> que el Gobierno de Espa\u00f1a ha elaborado y presentado en la Comisi\u00f3n Europea recoge el destino previsto para los 125.460 millones de euros previstos en el Mecanismo de Recuperaci\u00f3n y Resiliencia para Espa\u00f1a.<\/p>\n<p>[\/vc_column_text][\/vc_tta_section][vc_tta_section title=\u00bb\u00bfQu\u00e9 plazos nacionales vinculados al Plan Europeo de Recuperaci\u00f3n son relevantes?\u00bb tab_id=\u00bbterminis-nacionals-pla-recuperacio-ue-rellevants\u00bb][vc_column_text]<\/p>\n<p style=\"text-align: justify;\">A partir del calendario establecido por la Uni\u00f3n Europea, los principales hitos nacionales a tener en cuenta son los siguientes:<\/p>\n<ul>\n<li style=\"text-align: justify;\"><strong>Elaboraci\u00f3n del Plan Nacional de Reformas e Inversiones 2021-2023<\/strong> por parte del Gobierno, en el marco del Mecanismo de Recuperaci\u00f3n y Resiliencia, para su presentaci\u00f3n en la Comisi\u00f3n Europea. El Plan Nacional Espa\u00f1ol <strong>fue aprobado el 16 de junio de 2021.<\/strong><\/li>\n<li style=\"text-align: justify;\"><strong>Ejecuci\u00f3n de los fondos<\/strong>, despu\u00e9s de la evaluaci\u00f3n y validaci\u00f3n del Plan por parte de la Comisi\u00f3n y el Consejo. En este punto, ser\u00e1 fundamental la articulaci\u00f3n de proyectos elegibles y su presentaci\u00f3n a las entidades europeas, nacionales o auton\u00f3micas que corresponda, una vez se aprueben los textos legislativos de desarrollo de cada fondo.<\/li>\n<\/ul>\n<p>[\/vc_column_text][\/vc_tta_section][vc_tta_section title=\u00bb\u00bfQu\u00e9 son los PERTE?\u00bb tab_id=\u00bbPERTE-FAQ\u00bb][vc_column_text]<\/p>\n<p style=\"text-align: justify;\">Los PERTE (Proyectos Estrat\u00e9gicos para la Recuperaci\u00f3n y Transformaci\u00f3n Econ\u00f3mica) son proyectos de car\u00e1cter estrat\u00e9gico, con un importante potencial de arrastre para el resto de la econom\u00eda espa\u00f1ola, que exigen la colaboraci\u00f3n entre administraciones, empresas y centros de investigaci\u00f3n para conseguir que escalen sus operaciones en nuestro pa\u00eds.<\/p>\n<p>[\/vc_column_text][\/vc_tta_section][vc_tta_section title=\u00bb\u00bfQu\u00e9 son las manifestaciones de inter\u00e9s?\u00bb tab_id=\u00bbmanifestacions-interes-faq\u00bb][vc_column_text]<\/p>\n<p style=\"text-align: justify;\">Son convocatorias realizadas por los distintos ministerios que constituyen un ejercicio participativo de identificaci\u00f3n de proyectos con potencial. Su finalidad es ayudar a los organismos ejecutores a pedir informaci\u00f3n para el mejor dise\u00f1o de los instrumentos, l\u00edneas de soporte u otros mecanismos que se habiliten en el marco del Plan de Recuperaci\u00f3n.<\/p>\n<p>[\/vc_column_text][\/vc_tta_section][vc_tta_section title=\u00bb\u00bfC\u00f3mo se gestionar\u00e1 la asignaci\u00f3n de fondos con cargo al Plan Europeo de Recuperaci\u00f3n en Espa\u00f1a?\u00bb tab_id=\u00bbassignacio-fons-pla-recuperacio-ue-espanya\u00bb][vc_column_text]<\/p>\n<p style=\"text-align: left;\">Una parte sustancial de la financiaci\u00f3n asociada al Plan Europeo de Recuperaci\u00f3n es de gesti\u00f3n indirecta, de forma que la responsabilidad de su gesti\u00f3n recae en las Administraciones nacionales (Gobierno de Espa\u00f1a y Comunidades Aut\u00f3nomas).<\/p>\n<p style=\"text-align: left;\">En este punto, es necesario diferenciar dos planos:<\/p>\n<ul style=\"text-align: left;\">\n<li>La\u00a0<strong>distribuci\u00f3n de fondos<\/strong>, del total que recibir\u00e1 Espa\u00f1a. En este sentido, el Presidente del Gobierno anunci\u00f3 el pasado viernes 31 de julio en la XXI Conferencia de Presidentes la creaci\u00f3n de una\u00a0<strong>Comisi\u00f3n interministerial<\/strong>\u00a0que, presidida por \u00e9l mismo, ser\u00e1 la encargada de supervisar la ejecuci\u00f3n del Plan Europeo de Recuperaci\u00f3n en Espa\u00f1a. Adem\u00e1s, est\u00e1 previsto la constituci\u00f3n de una\u00a0<strong>Unidad de Seguimiento<\/strong>\u00a0en el Gabinete de Presidencia y un\u00a0<strong>grupo de alto nivel que coordinar\u00e1 la colaboraci\u00f3n p\u00fablico-privada.<\/strong><\/li>\n<li>La\u00a0<strong>gesti\u00f3n de los fondos,<\/strong>\u00a0una vez se hayan distribuido dentro de la estructura administrativa de nuestro pa\u00eds. En este punto, por decisi\u00f3n del Gobierno de Espa\u00f1a y de los Gobiernos Auton\u00f3micos, se establecer\u00e1n las unidades o entidades encargadas de gestionar los fondos asignados a cada uno de ellos.<\/li>\n<\/ul>\n<p style=\"text-align: left;\">As\u00ed,\u00a0<strong>podr\u00e1 hacerse directamente a trav\u00e9s de la Administraci\u00f3n General<\/strong>\u00a0(Direcciones Generales, etc.)\u00a0<strong>o a trav\u00e9s de entidades del Sector P\u00fablico Institucional<\/strong>\u00a0(por ejemplo, en el caso de la AGE, el CDTI, red.es, etc.).<\/p>\n<p>[\/vc_column_text][\/vc_tta_section][\/vc_tta_accordion]<div class=\"spacer\" style=\"height: 40px;\"><\/div><h4 class=\"headline font-special fontsize-xxl fontweight-700 lh-inherit align-center transform-inherit \" style=\"margin: 0 0 20px 0; color: #d2112d;\">EL PAPEL DE FOMENT<\/h4>[vc_tta_accordion style=\u00bbmodern\u00bb shape=\u00bbsquare\u00bb color=\u00bbblack\u00bb active_section=\u00bb0&#8243;][vc_tta_section title=\u00bb\u00bfQu\u00e9 papel est\u00e1 desempe\u00f1ando Foment?\u00bb tab_id=\u00bb1639126213698-15c398e3-55a8&#8243;][vc_column_text]<br \/>\nDesde la puesta en marcha del Plan de Recuperaci\u00f3n Europeo, por parte de la Comisi\u00f3n Europea, en julio de 2020, con el objetivo de dar respuesta a la crisis provocada por la COVID-19, se cre\u00f3 la Oficina ad hoc de Apoyo a Proyectos Europeos para enviar informaci\u00f3n actualizada a nuestros miembros as\u00ed como ayudar en la elaboraci\u00f3n de proyectos elegibles de recibir fondos europeos.<\/p>\n<p>Esta Oficina, desde su creaci\u00f3n, ha trabajado de forma estrecha con instituciones tanto europeas como del gobierno central, auton\u00f3mico y locales, en coordinaci\u00f3n con la oficina t\u00e9cnica de CEOE y su delegaci\u00f3n en Bruselas, con el Departamento de Acci\u00f3n Exterior de la Generalitat, la oficina de Acci\u00f3n en Bruselas, la Representaci\u00f3n Permanente de Espa\u00f1a frente a la Uni\u00f3n Europea (REPER), la Comisi\u00f3n Europea y el Parlamento Europeo, y sus respectivas delegaciones en Barcelona.<br \/>\n[\/vc_column_text][\/vc_tta_section][vc_tta_section title=\u00bb\u00bfCu\u00e1les son nuestras l\u00edneas de acci\u00f3n?\u00bb tab_id=\u00bb1639126213745-172cd7be-de90&#8243;][vc_column_text]<\/p>\n<ul>\n<li>Organizaci\u00f3n de conferencias (telem\u00e1ticas y presenciales) sobre el Plan de Recuperaci\u00f3n.<\/li>\n<li>Canalizaci\u00f3n de las consultas de nuestros asociados sobre distintos proyectos de financiaci\u00f3n.<\/li>\n<li>Facilitaci\u00f3n de la coordinaci\u00f3n con la oficina t\u00e9cnica de CEOE de soporte a proyectos europeos.<\/li>\n<li>Apoyo en el uso de la plataforma \u201cCEOE por Europa\u201d (que incluye informaci\u00f3n de los fondos y c\u00f3mo acceder a ellos).<\/li>\n<li>Reflexi\u00f3n sobre posibles prioridades de inversi\u00f3n\/proyectos rentables, innovadores y alineados con las prioridades europeas y con las prioridades incluidas en los planes sectoriales nacionales.<\/li>\n<li>Encauzamiento de las propuestas para explorar posibles sinergias con otros proyectos y la posibilidad de presentarlas a las autoridades auton\u00f3micas y\/o locales.<\/li>\n<li>Actualizaci\u00f3n semanal de las convocatorias de subvenciones y licitaciones vinculadas al Plan de Recuperaci\u00f3n y otros fondos europeos relevantes.<\/li>\n<li>An\u00e1lisis de los proyectos e identificaci\u00f3n de los interlocutores adecuados a las instituciones p\u00fablicas.<\/li>\n<\/ul>\n<p>[\/vc_column_text][\/vc_tta_section][\/vc_tta_accordion]<div class=\"spacer\" style=\"height: 40px;\"><\/div>[\/vc_column][\/vc_row][vc_row type=\u00bbfull_width_section\u00bb bg_color=\u00bb#ffffff\u00bb top_padding=\u00bb0&#8243; bottom_padding=\u00bb60&#8243; bg_position=\u00bbleft top\u00bb][vc_column width=\u00bb1\/1&#8243;]<h3 class=\"headline font-special fontsize-xxl fontweight-700 lh-inherit align-center transform-uppercase \" style=\"margin: 0 20px 20px 0; color: #000000;\">DESTACAMOS<\/h3>[\/vc_column][\/vc_row][vc_row top_padding=\u00bb0&#8243; bottom_padding=\u00bb60&#8243; bg_position=\u00bbleft top\u00bb][vc_column width=\u00bb1\/4&#8243;]<div onclick=\"location.href='https:\/\/www.foment.com\/es\/next-generation-eu\/';\" style=\"cursor:pointer;\"><div class=\"iconbox  wpb_content_element iconbox-style-3 icon-color-accent color-dark\"><i class=\"fa fa-check-square-o boxicon\" style=\"\"><\/i><h3>NEXT GENERATION EU<\/h3><p><span lang=\"CA\">El plan de recuperaci\u00f3n europeo se organiza en torno a tres grandes objetivos, cada uno de ellos con un presupuesto espec\u00edfico. <\/span>Las inversiones que aspiren a conseguir financiaci\u00f3n de este instrumento tendr\u00e1n que cumplir una serie de condiciones.<\/p>\n<a href=\"https:\/\/www.foment.com\/es\/next-generation-eu\/\" target=\"_self\" class=\"button color-9 small \" style=\"border-radius: 2px;\"><i class='fa fa -caret-right'><\/i>Cons\u00faltalas<\/a><\/p><\/div><\/div><div class=\"spacer\" style=\"height: 10px;\"><\/div>[\/vc_column][vc_column width=\u00bb1\/4&#8243;]<div onclick=\"location.href='https:\/\/www.foment.com\/es\/el-plan-nacional-de-recuperacion-transformacion-y-resiliencia\/';\" style=\"cursor:pointer;\"><div class=\"iconbox  wpb_content_element iconbox-style-3 icon-color-accent color-dark\"><i class=\"fa fa-comments boxicon\" style=\"\"><\/i><h3>EL \u201cPLAN NACIONAL DE RECUPERACI\u00d3N, TRANSFORMACI\u00d3N Y RESILIENCIA\u201d<\/h3><p>El Plan Espa\u00f1a Puede presentarse por el Gobierno de Espa\u00f1a movilizar\u00e1 en los pr\u00f3ximos 3 a\u00f1os cerca de 69.500 millones de euros.<\/p>\n<a href=\"https:\/\/www.foment.com\/es\/el-plan-nacional-de-recuperacion-transformacion-y-resiliencia\/\" target=\"_self\" class=\"button color-9 small \" style=\"border-radius: 2px;\"><i class='fa fa -caret-right'><\/i>Conoce m\u00e1s<\/a><\/p><\/div><\/div><div class=\"spacer\" style=\"height: 10px;\"><\/div>[\/vc_column][vc_column width=\u00bb1\/4&#8243;]<div onclick=\"location.href='https:\/\/www.foment.com\/es\/calendarizacion-y-ejecucion\/';\" style=\"cursor:pointer;\"><div class=\"iconbox  wpb_content_element iconbox-style-3 icon-color-accent color-dark\"><i class=\"fa fa-calendar boxicon\" style=\"\"><\/i><h3>CALENDARIO Y EJECUCI\u00d3N<\/h3><p>Consulta el calendario estimativo de la ejecuci\u00f3n del plan de recuperaci\u00f3n europeo<\/p>\n<a href=\"https:\/\/www.foment.com\/es\/calendarizacion-y-ejecucion\/\" target=\"_self\" class=\"button color-9 small \" style=\"border-radius: 2px;\"><i class='fa fa-caret -right'><\/i>Acceder<\/a><\/p><\/div><\/div><div class=\"spacer\" style=\"height: 10px;\"><\/div>[\/vc_column][vc_column width=\u00bb1\/4&#8243;]<div onclick=\"location.href='https:\/\/www.foment.com\/es\/fondos-europeos-preguntas-frecuentes\/';\" style=\"cursor:pointer;\"><div class=\"iconbox  wpb_content_element iconbox-style-3 icon-color-accent color-dark\"><i class=\"fa fa-info-circle boxicon\" style=\"\"><\/i><h3>PREGUNTAS FRECUENTES<\/h3><p>\n<p style=\"font-weight: 400;\">Recopilatorio de las preguntas de mayor inter\u00e9s, as\u00ed como sus respuestas, de cara a facilitar el entendimiento de los fondos europeos.<\/p>\n<a href=\"https:\/\/www.foment.com\/es\/fondos-europeos-preguntas-frecuentes\/\" target=\"_self\" class=\"button color-9 small \" style=\"border-radius: 2px;\"><i class='fa fa -caret-right'><\/i>Ver m\u00e1s<\/a><\/p><\/div><\/div><div class=\"spacer\" style=\"height: 10px;\"><\/div>[\/vc_column][\/vc_row][vc_row bg_image=\u00bb118740&#8243; text_color=\u00bbcustom\u00bb custom_text_color=\u00bb#ffffff\u00bb top_padding=\u00bb150&#8243; bottom_padding=\u00bb150&#8243;][vc_column width=\u00bb1\/1&#8243;]<h3 class=\"headline font-inherit fontsize-xl fontweight-700 lh-inherit align-center transform-inherit \" style=\" color: #ffffff;\">\u00bfTienes un proyecto que puede optar a los fondos europeos de recuperaci\u00f3n?<\/h3>[\/vc_column][\/vc_row][vc_row bg_color=\u00bb#ededed\u00bb top_padding=\u00bb60&#8243;][vc_column width=\u00bb1\/1&#8243;]<h3 class=\"headline font-special fontsize-xxl fontweight-700 lh-inherit align-center transform-uppercase \" style=\"margin: 0 20px 20px 0; color: #d2112d;\">CONT\u00c1CTANOS Y TE ORIENTAREMOS<\/h3>[vc_column_text]<noscript class=\"ninja-forms-noscript-message\">\n\tAviso: Se requiere JavaScript para este contenido.<\/noscript>\n<div id=\"nf-form-19-cont\" class=\"nf-form-cont\" aria-live=\"polite\" aria-labelledby=\"nf-form-title-19\" aria-describedby=\"nf-form-errors-19\" role=\"form\">\n\n    <div class=\"nf-loading-spinner\"><\/div>\n\n<\/div>\n        <!-- TODO: Move to Template File. -->\n        <script>var formDisplay=1;var nfForms=nfForms||[];var form=[];form.id='19';form.settings={\"objectType\":\"Form Setting\",\"editActive\":true,\"title\":\"Formulario proyectos fondos europeos de recuperaci\\u00f3n\",\"created_at\":\"2021-01-11 12:36:26\",\"default_label_pos\":\"above\",\"show_title\":\"0\",\"clear_complete\":\"1\",\"hide_complete\":\"1\",\"logged_in\":\"\",\"wrapper_class\":\"\",\"element_class\":\"\",\"key\":\"\",\"add_submit\":\"0\",\"currency\":\"\",\"unique_field_error\":\"A form with this value has already been submitted.\",\"not_logged_in_msg\":\"\",\"sub_limit_msg\":\"The form has reached its submission limit.\",\"calculations\":[],\"formContentData\":[\"contactanos_y_te_orientamos_1610366570669\",\"hr_1570631569437\",\"nombre_1610366391077\",\"apellidos_1610366395670\",\"correo_electronico_1610366410451\",\"telefono_1610366418637\",\"nombre_de_la_organizacion_1610366431165\",\"tipo_de_organizacion_1610366437908\",\"esta_asociada_a_foment_1610366448149\",\"html_1605798254278\",\"acepto_la_informacion_basica_sobre_proteccion_de_datos_1610366463524\",\"html_1605799164503\",\"acepto_recibir_comunicaciones_de_foment_del_treball_1610366474149\",\"html_1610364898462\",\"enviar_1570632302654\",\"html_1605801923571\"],\"changeEmailErrorMsg\":\"Introduce una direcci\\u00f3n de correo electr\\u00f3nico v\\u00e1lida.\",\"changeDateErrorMsg\":\"\\u00a1Introduce una fecha v\\u00e1lida!\",\"confirmFieldErrorMsg\":\"Estos campos deben coincidir.\",\"fieldNumberNumMinError\":\"Error de n\\u00famero m\\u00ednimo\",\"fieldNumberNumMaxError\":\"Error de n\\u00famero m\\u00e1ximo\",\"fieldNumberIncrementBy\":\"Increm\\u00e9ntalo por \",\"formErrorsCorrectErrors\":\"Corrige los errores antes de enviar este formulario.\",\"validateRequiredField\":\"Este campo es obligatorio.\",\"honeypotHoneypotError\":\"Error de Honeypot\",\"fieldsMarkedRequired\":\"Los campos marcados con * son requeridos\",\"drawerDisabled\":false,\"allow_public_link\":0,\"embed_form\":\"\",\"repeatable_fieldsets\":\"\",\"ninjaForms\":\"Ninja Forms\",\"fieldTextareaRTEInsertLink\":\"Insertar enlace\",\"fieldTextareaRTEInsertMedia\":\"Insertar medios\",\"fieldTextareaRTESelectAFile\":\"Seleccione un archivo\",\"formHoneypot\":\"Si eres un ser humano y est\\u00e1s viendo este campo, por favor d\\u00e9jalo vac\\u00edo.\",\"fileUploadOldCodeFileUploadInProgress\":\"Subida de archivo en curso.\",\"fileUploadOldCodeFileUpload\":\"SUBIDA DE ARCHIVO\",\"currencySymbol\":\"&#36;\",\"thousands_sep\":\".\",\"decimal_point\":\",\",\"siteLocale\":\"es_ES\",\"dateFormat\":\"m\\\/d\\\/Y\",\"startOfWeek\":\"1\",\"of\":\"de\",\"previousMonth\":\"Mes anterior\",\"nextMonth\":\"Pr\\u00f3ximo mes\",\"months\":[\"Enero\",\"Febrero\",\"Marzo\",\"Abril\",\"Mayo\",\"Junio\",\"Julio\",\"Agosto\",\"Septiembre\",\"Octubre\",\"Noviembre\",\"Diciembre\"],\"monthsShort\":[\"Ene\",\"Feb\",\"Mar\",\"Abr\",\"Mayo\",\"Jun\",\"Jul\",\"Ago\",\"Sep\",\"Oct\",\"Nov\",\"Dic\"],\"weekdays\":[\"Domingo\",\"Lunes\",\"Martes\",\"Mi\\u00e9rcoles\",\"Jueves\",\"Viernes\",\"S\\u00e1bado\"],\"weekdaysShort\":[\"Dom\",\"Lun\",\"Mar\",\"Mi\\u00e9\",\"Jue\",\"Vie\",\"S\\u00e1b\"],\"weekdaysMin\":[\"Do\",\"Lu\",\"Ma\",\"Mi\",\"Ju\",\"Vi\",\"S\\u00e1\"],\"recaptchaConsentMissing\":\"reCapctha validation couldn&#039;t load.\",\"recaptchaMissingCookie\":\"reCaptcha v3 validation couldn&#039;t load the cookie needed to submit the form.\",\"recaptchaConsentEvent\":\"Accept reCaptcha cookies before sending the form.\",\"currency_symbol\":\"\",\"beforeForm\":\"\",\"beforeFields\":\"\",\"afterFields\":\"\",\"afterForm\":\"\"};form.fields=[{\"objectType\":\"Field\",\"objectDomain\":\"fields\",\"editActive\":false,\"order\":1,\"idAttribute\":\"id\",\"label\":\"Cont\\u00e1ctanos y te orientamos\",\"type\":\"html\",\"default\":\"<h2>Cont\\u00e1ctanos y te orientamos<\\\/h2>\",\"container_class\":\"\",\"element_class\":\"\",\"key\":\"contactanos_y_te_orientamos_1610366570669\",\"drawerDisabled\":false,\"field_label\":\"Contacta\\u2019ns i t\\u2019orientem!\",\"field_key\":\"contacta_ns_i_t_orientem_1605797738920\",\"id\":335,\"beforeField\":\"\",\"afterField\":\"\",\"value\":\"<h2>Cont\\u00e1ctanos y te orientamos<\\\/h2>\",\"label_pos\":\"above\",\"parentType\":\"html\",\"element_templates\":[\"html\",\"input\"],\"old_classname\":\"\",\"wrap_template\":\"wrap\"},{\"objectType\":\"Field\",\"objectDomain\":\"fields\",\"editActive\":false,\"order\":2,\"idAttribute\":\"id\",\"label\":\"Divider\",\"type\":\"hr\",\"container_class\":\"\",\"element_class\":\"\",\"key\":\"hr_1570631569437\",\"field_label\":\"Divider\",\"field_key\":\"hr_1570631569437\",\"drawerDisabled\":\"\",\"id\":329,\"beforeField\":\"\",\"afterField\":\"\",\"value\":\"\",\"label_pos\":\"above\",\"parentType\":\"hr\",\"element_templates\":[\"hr\",\"input\"],\"old_classname\":\"\",\"wrap_template\":\"wrap\"},{\"objectType\":\"Field\",\"objectDomain\":\"fields\",\"editActive\":false,\"order\":3,\"idAttribute\":\"id\",\"label\":\"Nombre\",\"type\":\"textbox\",\"key\":\"nombre_1610366391077\",\"label_pos\":\"above\",\"required\":1,\"default\":\"\",\"placeholder\":\"\",\"container_class\":\"one-half first\",\"element_class\":\"\",\"input_limit\":\"\",\"input_limit_type\":\"characters\",\"input_limit_msg\":\"Character(s) left\",\"manual_key\":\"\",\"admin_label\":\"\",\"help_text\":\"<p><br><\\\/p>\",\"mask\":\"\",\"custom_mask\":\"\",\"custom_name_attribute\":\"\",\"personally_identifiable\":\"\",\"value\":\"\",\"drawerDisabled\":\"\",\"field_label\":\"Nom\",\"field_key\":\"nom_1605789576096\",\"id\":330,\"beforeField\":\"\",\"afterField\":\"\",\"parentType\":\"textbox\",\"element_templates\":[\"textbox\",\"input\"],\"old_classname\":\"\",\"wrap_template\":\"wrap\"},{\"objectType\":\"Field\",\"objectDomain\":\"fields\",\"editActive\":false,\"order\":4,\"idAttribute\":\"id\",\"label\":\"Apellidos\",\"type\":\"textbox\",\"key\":\"apellidos_1610366395670\",\"label_pos\":\"above\",\"required\":0,\"default\":\"\",\"placeholder\":\"\",\"container_class\":\"one-half second\",\"element_class\":\"\",\"input_limit\":\"\",\"input_limit_type\":\"characters\",\"input_limit_msg\":\"Character(s) left\",\"manual_key\":\"\",\"admin_label\":\"\",\"help_text\":\"\",\"mask\":\"\",\"custom_mask\":\"\",\"custom_name_attribute\":\"\",\"personally_identifiable\":\"\",\"value\":\"\",\"drawerDisabled\":\"\",\"field_label\":\"Cognom\\\/s\",\"field_key\":\"cognom_s_1605789588274\",\"id\":331,\"beforeField\":\"\",\"afterField\":\"\",\"parentType\":\"textbox\",\"element_templates\":[\"textbox\",\"input\"],\"old_classname\":\"\",\"wrap_template\":\"wrap\"},{\"objectType\":\"Field\",\"objectDomain\":\"fields\",\"editActive\":false,\"order\":5,\"idAttribute\":\"id\",\"label\":\"Correo electr\\u00f3nico\",\"type\":\"textbox\",\"key\":\"correo_electronico_1610366410451\",\"label_pos\":\"above\",\"required\":1,\"default\":\"\",\"placeholder\":\"\",\"container_class\":\"one-half first\",\"element_class\":\"\",\"input_limit\":\"\",\"input_limit_type\":\"characters\",\"input_limit_msg\":\"Character(s) left\",\"manual_key\":\"\",\"admin_label\":\"\",\"help_text\":\"\",\"mask\":\"\",\"custom_mask\":\"\",\"custom_name_attribute\":\"\",\"personally_identifiable\":\"\",\"value\":\"\",\"drawerDisabled\":\"\",\"field_label\":\"Correu electr\\u00f2nic\",\"field_key\":\"correu_electronic_1605789595013\",\"id\":332,\"beforeField\":\"\",\"afterField\":\"\",\"parentType\":\"textbox\",\"element_templates\":[\"textbox\",\"input\"],\"old_classname\":\"\",\"wrap_template\":\"wrap\"},{\"objectType\":\"Field\",\"objectDomain\":\"fields\",\"editActive\":false,\"order\":6,\"idAttribute\":\"id\",\"label\":\"Tel\\u00e9fono\",\"type\":\"textbox\",\"key\":\"telefono_1610366418637\",\"label_pos\":\"above\",\"required\":0,\"default\":\"\",\"placeholder\":\"\",\"container_class\":\"one-half second\",\"element_class\":\"\",\"input_limit\":\"\",\"input_limit_type\":\"characters\",\"input_limit_msg\":\"Character(s) left\",\"manual_key\":\"\",\"admin_label\":\"\",\"help_text\":\"\",\"mask\":\"\",\"custom_mask\":\"\",\"custom_name_attribute\":\"\",\"personally_identifiable\":\"\",\"value\":\"\",\"drawerDisabled\":\"\",\"field_label\":\"Tel\\u00e8fon\",\"field_key\":\"telefon_1605789605142\",\"id\":333,\"beforeField\":\"\",\"afterField\":\"\",\"parentType\":\"textbox\",\"element_templates\":[\"textbox\",\"input\"],\"old_classname\":\"\",\"wrap_template\":\"wrap\"},{\"objectType\":\"Field\",\"objectDomain\":\"fields\",\"editActive\":false,\"order\":7,\"idAttribute\":\"id\",\"label\":\"Nombre de la organizaci\\u00f3n\",\"type\":\"textbox\",\"key\":\"nombre_de_la_organizacion_1610366431165\",\"label_pos\":\"above\",\"required\":0,\"default\":\"\",\"placeholder\":\"\",\"container_class\":\"\",\"element_class\":\"\",\"input_limit\":\"\",\"input_limit_type\":\"characters\",\"input_limit_msg\":\"Character(s) left\",\"manual_key\":\"\",\"admin_label\":\"\",\"help_text\":\"\",\"mask\":\"\",\"custom_mask\":\"\",\"custom_name_attribute\":\"\",\"personally_identifiable\":\"\",\"value\":\"\",\"drawerDisabled\":\"\",\"field_label\":\"Nom de l'organitzaci\\u00f3\",\"field_key\":\"nom_de_l_organitzacio_1606748701537\",\"id\":339,\"beforeField\":\"\",\"afterField\":\"\",\"parentType\":\"textbox\",\"element_templates\":[\"textbox\",\"input\"],\"old_classname\":\"\",\"wrap_template\":\"wrap\"},{\"objectType\":\"Field\",\"objectDomain\":\"fields\",\"editActive\":false,\"order\":8,\"idAttribute\":\"id\",\"label\":\"Tipo de organizaci\\u00f3n\",\"type\":\"listselect\",\"key\":\"tipo_de_organizacion_1610366437908\",\"label_pos\":\"above\",\"required\":0,\"options\":[{\"errors\":[],\"max_options\":0,\"label\":\"Empresa\",\"value\":\"empresa\",\"calc\":\"\",\"selected\":0,\"order\":0,\"settingModel\":{\"settings\":false,\"hide_merge_tags\":false,\"error\":false,\"name\":\"options\",\"type\":\"option-repeater\",\"label\":\"Options <a href=\\\"#\\\" class=\\\"nf-add-new\\\">Add New<\\\/a> <a href=\\\"#\\\" class=\\\"extra nf-open-import-tooltip\\\"><i class=\\\"fa fa-sign-in\\\" aria-hidden=\\\"true\\\"><\\\/i> Import<\\\/a>\",\"width\":\"full\",\"group\":\"\",\"value\":[{\"label\":\"One\",\"value\":\"one\",\"calc\":\"\",\"selected\":0,\"order\":0},{\"label\":\"Two\",\"value\":\"two\",\"calc\":\"\",\"selected\":0,\"order\":1},{\"label\":\"Three\",\"value\":\"three\",\"calc\":\"\",\"selected\":0,\"order\":2}],\"columns\":{\"label\":{\"header\":\"Label\",\"default\":\"\"},\"value\":{\"header\":\"Value\",\"default\":\"\"},\"calc\":{\"header\":\"Calc Value\",\"default\":\"\"},\"selected\":{\"header\":\"<span class=\\\"dashicons dashicons-yes\\\"><\\\/span>\",\"default\":0}}},\"manual_value\":true},{\"errors\":[],\"max_options\":0,\"label\":\"Organitzaci\\u00f3 col\\u00b7lectiva\",\"value\":\"organitzacio-collectiva\",\"calc\":\"\",\"selected\":0,\"order\":1,\"settingModel\":{\"settings\":false,\"hide_merge_tags\":false,\"error\":false,\"name\":\"options\",\"type\":\"option-repeater\",\"label\":\"Options <a href=\\\"#\\\" class=\\\"nf-add-new\\\">Add New<\\\/a> <a href=\\\"#\\\" class=\\\"extra nf-open-import-tooltip\\\"><i class=\\\"fa fa-sign-in\\\" aria-hidden=\\\"true\\\"><\\\/i> Import<\\\/a>\",\"width\":\"full\",\"group\":\"\",\"value\":[{\"label\":\"One\",\"value\":\"one\",\"calc\":\"\",\"selected\":0,\"order\":0},{\"label\":\"Two\",\"value\":\"two\",\"calc\":\"\",\"selected\":0,\"order\":1},{\"label\":\"Three\",\"value\":\"three\",\"calc\":\"\",\"selected\":0,\"order\":2}],\"columns\":{\"label\":{\"header\":\"Label\",\"default\":\"\"},\"value\":{\"header\":\"Value\",\"default\":\"\"},\"calc\":{\"header\":\"Calc Value\",\"default\":\"\"},\"selected\":{\"header\":\"<span class=\\\"dashicons dashicons-yes\\\"><\\\/span>\",\"default\":0}}},\"manual_value\":true}],\"container_class\":\"one-half first\",\"element_class\":\"\",\"admin_label\":\"\",\"help_text\":\"\",\"drawerDisabled\":\"\",\"field_label\":\"Tipus d'organitzaci\\u00f3\",\"field_key\":\"tipus_d_organitzacio_1606748892307\",\"id\":328,\"beforeField\":\"\",\"afterField\":\"\",\"value\":\"\",\"parentType\":\"list\",\"element_templates\":[\"listselect\",\"input\"],\"old_classname\":\"list-select\",\"wrap_template\":\"wrap\"},{\"objectType\":\"Field\",\"objectDomain\":\"fields\",\"editActive\":false,\"order\":9,\"idAttribute\":\"id\",\"label\":\"\\u00bfEst\\u00e1 asociada a Foment?\",\"type\":\"listcheckbox\",\"key\":\"esta_asociada_a_foment_1610366448149\",\"label_pos\":\"above\",\"required\":1,\"options\":[{\"errors\":[],\"max_options\":0,\"label\":\"S\\u00ed\",\"value\":\"s\",\"calc\":\"\",\"selected\":0,\"order\":0,\"settingModel\":{\"settings\":false,\"hide_merge_tags\":false,\"error\":false,\"name\":\"options\",\"type\":\"option-repeater\",\"label\":\"Options <a href=\\\"#\\\" class=\\\"nf-add-new\\\">Add New<\\\/a> <a href=\\\"#\\\" class=\\\"extra nf-open-import-tooltip\\\"><i class=\\\"fa fa-sign-in\\\" aria-hidden=\\\"true\\\"><\\\/i> Import<\\\/a>\",\"width\":\"full\",\"group\":\"\",\"value\":[{\"label\":\"One\",\"value\":\"one\",\"calc\":\"\",\"selected\":0,\"order\":0},{\"label\":\"Two\",\"value\":\"two\",\"calc\":\"\",\"selected\":0,\"order\":1},{\"label\":\"Three\",\"value\":\"three\",\"calc\":\"\",\"selected\":0,\"order\":2}],\"columns\":{\"label\":{\"header\":\"Label\",\"default\":\"\"},\"value\":{\"header\":\"Value\",\"default\":\"\"},\"calc\":{\"header\":\"Calc Value\",\"default\":\"\"},\"selected\":{\"header\":\"<span class=\\\"dashicons dashicons-yes\\\"><\\\/span>\",\"default\":0}}},\"manual_value\":true},{\"errors\":[],\"max_options\":0,\"label\":\"No\",\"value\":\"no\",\"calc\":\"\",\"selected\":0,\"order\":1,\"settingModel\":{\"settings\":false,\"hide_merge_tags\":false,\"error\":false,\"name\":\"options\",\"type\":\"option-repeater\",\"label\":\"Options <a href=\\\"#\\\" class=\\\"nf-add-new\\\">Add New<\\\/a> <a href=\\\"#\\\" class=\\\"extra nf-open-import-tooltip\\\"><i class=\\\"fa fa-sign-in\\\" aria-hidden=\\\"true\\\"><\\\/i> Import<\\\/a>\",\"width\":\"full\",\"group\":\"\",\"value\":[{\"label\":\"One\",\"value\":\"one\",\"calc\":\"\",\"selected\":0,\"order\":0},{\"label\":\"Two\",\"value\":\"two\",\"calc\":\"\",\"selected\":0,\"order\":1},{\"label\":\"Three\",\"value\":\"three\",\"calc\":\"\",\"selected\":0,\"order\":2}],\"columns\":{\"label\":{\"header\":\"Label\",\"default\":\"\"},\"value\":{\"header\":\"Value\",\"default\":\"\"},\"calc\":{\"header\":\"Calc Value\",\"default\":\"\"},\"selected\":{\"header\":\"<span class=\\\"dashicons dashicons-yes\\\"><\\\/span>\",\"default\":0}}},\"manual_value\":true}],\"container_class\":\"one-half second\",\"element_class\":\"\",\"admin_label\":\"\",\"help_text\":\"\",\"drawerDisabled\":false,\"field_label\":\"Est\\u00e0 associada a Foment?\",\"field_key\":\"esta_associada_a_foment_1606748949271\",\"id\":340,\"beforeField\":\"\",\"afterField\":\"\",\"value\":\"\",\"parentType\":\"list\",\"element_templates\":[\"listcheckbox\",\"input\"],\"old_classname\":\"list-checkbox\",\"wrap_template\":\"wrap\"},{\"objectType\":\"Field\",\"objectDomain\":\"fields\",\"editActive\":false,\"order\":10,\"idAttribute\":\"id\",\"label\":\"\",\"type\":\"html\",\"default\":\"<p><br><\\\/p>\",\"container_class\":\"\",\"element_class\":\"\",\"key\":\"html_1605798254278\",\"drawerDisabled\":\"\",\"field_label\":\"\",\"field_key\":\"html_1605798254278\",\"id\":336,\"beforeField\":\"\",\"afterField\":\"\",\"value\":\"<p><br><\\\/p>\",\"label_pos\":\"above\",\"parentType\":\"html\",\"element_templates\":[\"html\",\"input\"],\"old_classname\":\"\",\"wrap_template\":\"wrap\"},{\"objectType\":\"Field\",\"objectDomain\":\"fields\",\"editActive\":false,\"order\":11,\"idAttribute\":\"id\",\"type\":\"checkbox\",\"label\":\"Acepto la informaci\\u00f3n b\\u00e1sica sobre Protecci\\u00f3n de Datos\",\"key\":\"acepto_la_informacion_basica_sobre_proteccion_de_datos_1610366463524\",\"label_pos\":\"right\",\"required\":1,\"container_class\":\"\",\"element_class\":\"\",\"manual_key\":\"\",\"admin_label\":\"\",\"help_text\":\"\",\"default_value\":\"checked\",\"checked_value\":\"Checked\",\"unchecked_value\":\"Unchecked\",\"checked_calc_value\":\"\",\"unchecked_calc_value\":\"\",\"drawerDisabled\":\"\",\"field_label\":\"Accepto la informaci\\u00f3 b\\u00e0sica sobre Protecci\\u00f3 de Dades\",\"field_key\":\"accepto_la_informacio_basica_sobre_proteccio_de_dades_1610364784198\",\"id\":341,\"beforeField\":\"\",\"afterField\":\"\",\"value\":\"\",\"parentType\":\"checkbox\",\"element_templates\":[\"checkbox\",\"input\"],\"old_classname\":\"\",\"wrap_template\":\"wrap\"},{\"objectType\":\"Field\",\"objectDomain\":\"fields\",\"editActive\":false,\"order\":12,\"idAttribute\":\"id\",\"label\":\" Copy\",\"type\":\"html\",\"default\":\"\",\"container_class\":\"\",\"element_class\":\"\",\"key\":\"html_1605799164503\",\"drawerDisabled\":\"\",\"field_label\":\" Copy\",\"field_key\":\"html_1605799164503\",\"id\":337,\"beforeField\":\"\",\"afterField\":\"\",\"value\":\"\",\"label_pos\":\"above\",\"parentType\":\"html\",\"element_templates\":[\"html\",\"input\"],\"old_classname\":\"\",\"wrap_template\":\"wrap\"},{\"objectType\":\"Field\",\"objectDomain\":\"fields\",\"editActive\":false,\"order\":13,\"idAttribute\":\"id\",\"type\":\"checkbox\",\"label\":\"Acepto recibir comunicaciones de Foment del Treball\",\"key\":\"acepto_recibir_comunicaciones_de_foment_del_treball_1610366474149\",\"label_pos\":\"right\",\"required\":\"\",\"container_class\":\"\",\"element_class\":\"\",\"manual_key\":\"\",\"admin_label\":\"\",\"help_text\":\"\",\"default_value\":\"unchecked\",\"checked_value\":\"Checked\",\"unchecked_value\":\"Unchecked\",\"checked_calc_value\":\"\",\"unchecked_calc_value\":\"\",\"drawerDisabled\":false,\"field_label\":\"Accepto rebre comunicacions de Foment del Treball\",\"field_key\":\"accepto_rebre_comunicacions_de_foment_del_treball_1610364817214\",\"id\":342,\"beforeField\":\"\",\"afterField\":\"\",\"value\":\"\",\"parentType\":\"checkbox\",\"element_templates\":[\"checkbox\",\"input\"],\"old_classname\":\"\",\"wrap_template\":\"wrap\"},{\"objectType\":\"Field\",\"objectDomain\":\"fields\",\"editActive\":false,\"order\":14,\"idAttribute\":\"id\",\"label\":\" Copy Copy\",\"type\":\"html\",\"default\":\"\",\"container_class\":\"\",\"element_class\":\"\",\"key\":\"html_1610364898462\",\"drawerDisabled\":\"\",\"field_label\":\" Copy Copy\",\"field_key\":\"html_1610364898462\",\"id\":343,\"beforeField\":\"\",\"afterField\":\"\",\"value\":\"\",\"label_pos\":\"above\",\"parentType\":\"html\",\"element_templates\":[\"html\",\"input\"],\"old_classname\":\"\",\"wrap_template\":\"wrap\"},{\"objectType\":\"Field\",\"objectDomain\":\"fields\",\"editActive\":false,\"order\":15,\"idAttribute\":\"id\",\"label\":\"Enviar\",\"type\":\"submit\",\"processing_label\":\"Enviant...\",\"container_class\":\"\",\"element_class\":\"nj-fr-custom-button\",\"key\":\"enviar_1570632302654\",\"drawerDisabled\":\"\",\"field_label\":\"Enviar\",\"field_key\":\"enviar_1570632302654\",\"id\":334,\"beforeField\":\"\",\"afterField\":\"\",\"value\":\"\",\"label_pos\":\"above\",\"parentType\":\"textbox\",\"element_templates\":[\"submit\",\"button\",\"input\"],\"old_classname\":\"\",\"wrap_template\":\"wrap-no-label\"},{\"objectType\":\"Field\",\"objectDomain\":\"fields\",\"editActive\":false,\"order\":16,\"idAttribute\":\"id\",\"label\":\" Copy Copy\",\"type\":\"html\",\"default\":\"<p><br><\\\/p><p><br><\\\/p>\",\"container_class\":\"\",\"element_class\":\"\",\"key\":\"html_1605801923571\",\"drawerDisabled\":\"\",\"field_label\":\" Copy Copy\",\"field_key\":\"html_1605801923571\",\"id\":338,\"beforeField\":\"\",\"afterField\":\"\",\"value\":\"<p><br><\\\/p><p><br><\\\/p>\",\"label_pos\":\"above\",\"parentType\":\"html\",\"element_templates\":[\"html\",\"input\"],\"old_classname\":\"\",\"wrap_template\":\"wrap\"}];nfForms.push(form);<\/script>\n        [\/vc_column_text][\/vc_column][\/vc_row][vc_row][vc_column][vc_column_text]<\/p>\n<p>[\/vc_column_text][\/vc_column][\/vc_row]<\/p>\n<\/section>","protected":false},"excerpt":{"rendered":"<p>[vc_row top_padding=\u00bb20&#8243;][vc_column width=\u00bb1\/1&#8243;][vc_column_text] En este apartado se recogen las preguntas de mayor inter\u00e9s, as\u00ed como sus respuestas, de cara a facilitar la comprensi\u00f3n de los fondos europeos por parte de las organizaciones empresariales y empresas [\/vc_column_text][\/vc_column][\/vc_row][vc_row text_align=\u00bbcenter\u00bb][vc_column text_align=\u00bbcenter\u00bb][vc_column_text] [\/vc_column_text][\/vc_column][\/vc_row][vc_row text_align=\u00bbcenter\u00bb][vc_column text_align=\u00bbcenter\u00bb width=\u00bb1\/1&#8243;][vc_tta_accordion style=\u00bbmodern\u00bb shape=\u00bbsquare\u00bb color=\u00bbblack\u00bb active_section=\u00bb0&#8243;][vc_tta_section title=\u00bb\u00bfQu\u00e9 instrumentos financieros ha aprobado la UE?\u00bb tab_id=\u00bbinstruments-financers-aprovats-ue\u00bb][vc_column_text] La Uni\u00f3n Europea, en el marco del Consejo Europeo celebrado en julio de 2020, ha aprobado dos grandes paquetes de fondos, uno de ellos tiene car\u00e1cter ordinario y responde a la financiaci\u00f3n c\u00edclica de la UE y el otro es extraordinario, en atenci\u00f3n a la crisis. generada por la pandemia COVID-19. En primer lugar, el Marco Financiero Plurianual para el per\u00edodo 2021-2027, que cuenta con un importe de 1,074 billones de euros, es el presupuesto a largo plazo de la UE que \u00e9sta dise\u00f1a para per\u00edodos de siete a\u00f1os. Tiene como finalidad canalizar las inversiones de forma que lleguen donde m\u00e1s se necesiten, reforzar el mercado \u00fanico, intensificar la cooperaci\u00f3n en \u00e1mbitos como la salud y la gesti\u00f3n de crisis, e impulsar las transiciones ecol\u00f3gica y digital para conseguir una econom\u00eda m\u00e1s equitativa y resiliente. En segundo lugar, el Plan Europeo de Recuperaci\u00f3n, dotado con 750.000 [&hellip;]<\/p>\n","protected":false},"author":10,"featured_media":0,"parent":0,"menu_order":0,"comment_status":"closed","ping_status":"closed","template":"","meta":{"_links_to":"","_links_to_target":""},"acf":[],"wps_subtitle":"","_links":{"self":[{"href":"https:\/\/www.foment.com\/es\/wp-json\/wp\/v2\/pages\/104575"}],"collection":[{"href":"https:\/\/www.foment.com\/es\/wp-json\/wp\/v2\/pages"}],"about":[{"href":"https:\/\/www.foment.com\/es\/wp-json\/wp\/v2\/types\/page"}],"author":[{"embeddable":true,"href":"https:\/\/www.foment.com\/es\/wp-json\/wp\/v2\/users\/10"}],"replies":[{"embeddable":true,"href":"https:\/\/www.foment.com\/es\/wp-json\/wp\/v2\/comments?post=104575"}],"version-history":[{"count":20,"href":"https:\/\/www.foment.com\/es\/wp-json\/wp\/v2\/pages\/104575\/revisions"}],"predecessor-version":[{"id":135227,"href":"https:\/\/www.foment.com\/es\/wp-json\/wp\/v2\/pages\/104575\/revisions\/135227"}],"wp:attachment":[{"href":"https:\/\/www.foment.com\/es\/wp-json\/wp\/v2\/media?parent=104575"}],"curies":[{"name":"wp","href":"https:\/\/api.w.org\/{rel}","templated":true}]}}