{"id":112827,"date":"2021-03-09T19:09:35","date_gmt":"2021-03-09T18:09:35","guid":{"rendered":"https:\/\/www.foment.com\/?page_id=112827"},"modified":"2023-07-24T09:58:32","modified_gmt":"2023-07-24T07:58:32","slug":"awe","status":"publish","type":"page","link":"https:\/\/www.foment.com\/es\/awe\/","title":{"rendered":"#AWESPAIN 2023 Convocatoria de Becas para Mujeres Emprendedoras en Catalu\u00f1a"},"content":{"rendered":"<section class=\"wpb-content-wrapper\"><p>[vc_row][vc_column width=\u00bb1\/1&#8243;]<div class=\"single_image wpb_content_element align-left    \" data-animation=\"none\" data-delay=\"0\"><img width=\"1570\" height=\"788\" src=\"https:\/\/www.foment.com\/wp-content\/uploads\/2023\/05\/banner-grupal-cast.png\" class=\"attachment-full\" alt=\"\" loading=\"lazy\" title=\"banner grupal cast\" srcset=\"https:\/\/www.foment.com\/wp-content\/uploads\/2023\/05\/banner-grupal-cast.png 1570w, https:\/\/www.foment.com\/wp-content\/uploads\/2023\/05\/banner-grupal-cast-300x151.png 300w, https:\/\/www.foment.com\/wp-content\/uploads\/2023\/05\/banner-grupal-cast-1024x514.png 1024w, https:\/\/www.foment.com\/wp-content\/uploads\/2023\/05\/banner-grupal-cast-768x385.png 768w, https:\/\/www.foment.com\/wp-content\/uploads\/2023\/05\/banner-grupal-cast-1536x771.png 1536w\" sizes=\"(max-width: 1570px) 100vw, 1570px\" \/><\/div>[\/vc_column][\/vc_row][vc_row bg_color=\u00bb#ffffff\u00bb top_padding=\u00bb60&#8243; bottom_padding=\u00bb40&#8243;][vc_column width=\u00bb2\/3&#8243;][vc_column_text]<span class='dropcap dropcap-book'>E<\/span>\n<p>l Consulado General de Estados Unidos en Barcelona y Foment del Treball, han lanzado la tercera edici\u00f3n del programa de formaci\u00f3n para mujeres emprendedoras <em>\u201cAcademy for Women Entrepreneurs<\/em>\u201d (AWE) que este a\u00f1o tendr\u00e1 lugar en Barcelona.<\/p>\n<p>En Barcelona, el programa lo lidera Foment del Treball con la colaboraci\u00f3n de EPSON, DWF-RCD, Tech Barcelona y Wayra Barcelona.<\/p>\n<p>AWE es un programa de emprendimiento gratuito financiado por el Departamento de Estado de EEUU, cuyo objetivo es impulsar el desarrollo de proyectos emprendedores que est\u00e9n liderados por mujeres. El programa consta de siete sesiones presenciales y un curso\u00a0 de formaci\u00f3n en l\u00ednea llamado \u00ab100 Million Learners Bootcamp on Global Entrepreneurship &amp; Innovation\u00bb.[\/vc_column_text][\/vc_column][vc_column text_align=\u00bbcenter\u00bb width=\u00bb1\/3&#8243;]<h2 class=\"headline font-inherit fontsize-m fontweight-600 lh-inherit align-center transform-inherit \" style=\"margin: 0 0 20px 0; color: #c12238;\">Treinta becas del Consulado General de EEUU en Barcelona financiadas por el Departamento de Estado de EEUU para la ampliaci\u00f3n de conocimientos sobre emprendimiento e innovaci\u00f3n social para mujeres emprendedoras en Catalu\u00f1a<\/h2>[vc_btn title=\u00bb\u00a1Quiero participar!\u00bb color=\u00bbjuicy-pink\u00bb size=\u00bblg\u00bb link=\u00bburl:https%3A%2F%2Fforms.office.com%2FPages%2FResponsePage.aspx%3Fid%3DjZN882U4iUq5m7AAx2p0v1sudKHVcspJmbHzaYM5-MBUM0hRNUVYSU5RSkRHNFNORkgyODUwWUJIMSQlQCN0PWcu|target:_blank\u00bb][\/vc_column][\/vc_row][vc_row bg_color=\u00bb#ffffff\u00bb top_padding=\u00bb60&#8243; bottom_padding=\u00bb60&#8243;][vc_column column_center=\u00bbtrue\u00bb width=\u00bb1\/1&#8243;][vc_row_inner][vc_column_inner width=\u00bb4\/12&#8243;]<div class=\"counter clearfix wpb_content_element\"><div class=\"counter-number\" style=\"color: #c12238 !important;\">30<\/div><span class=\"counter-title\">Becas<\/span><\/div>[\/vc_column_inner][vc_column_inner width=\u00bb4\/12&#8243;]<div class=\"counter clearfix wpb_content_element\"><div class=\"counter-number\" style=\"color: #c12238 !important;\">7<\/div><span class=\"counter-title\">Masterclases<\/span><\/div>[\/vc_column_inner][vc_column_inner width=\u00bb4\/12&#8243;]<div class=\"counter clearfix wpb_content_element\"><div class=\"counter-number\" style=\"color: #c12238 !important;\">7<\/div><span class=\"counter-title\">Premiadas<\/span><\/div>[\/vc_column_inner][\/vc_row_inner][\/vc_column][\/vc_row][vc_row bg_color=\u00bb#c12238&#8243; top_padding=\u00bb20&#8243; bottom_padding=\u00bb60&#8243;][vc_column width=\u00bb1\/1&#8243;][vc_row_inner][vc_column_inner]<div class=\"spacer\" style=\"height: 40px;\"><\/div>[\/vc_column_inner][\/vc_row_inner][vc_row_inner][vc_column_inner width=\u00bb1\/2&#8243;][vc_column_text]<\/p>\n<h3><span style=\"color: #ffffff;\"><strong>OBJETIVOS<\/strong><\/span><\/h3>\n<ul>\n<li><span style=\"color: #ffffff;\">Apoyar a mujeres emprendedoras con proyectos propios para que puedan desarrollar su potencial econ\u00f3mico, creando condiciones para una mayor estabilidad, seguridad y prosperidad.<\/span><\/li>\n<\/ul>\n<ul>\n<li><span style=\"color: #ffffff;\">Promover la prosperidad econ\u00f3mica colectiva y la estabilidad global mediante la creaci\u00f3n de una comunidad de aprendizaje hol\u00edstica e inclusiva.<\/span><\/li>\n<\/ul>\n<ul>\n<li><span style=\"color: #ffffff;\">Impulsar a las mujeres a desarrollar ideas innovadoras, transformarlas en proyectos emprendedores s\u00f3lidos, construyendo ecosistemas de innovaci\u00f3n social y cooperaci\u00f3n entre las participantes.<\/span><\/li>\n<li><span style=\"color: #ffffff;\">Fomenta<\/span><span style=\"color: #ffffff;\">\u00a0la creaci\u00f3n de una red de mujeres emprendedoras en Espa\u00f1a en la que se puedan apoyar a nivel profesional y empresarial. Adem\u00e1s esta red formar\u00e1 parte de una gran red global de emprendedoras AWE de todo el mundo.<\/span><\/li>\n<\/ul>\n<p>[\/vc_column_text][\/vc_column_inner][vc_column_inner width=\u00bb1\/2&#8243;][vc_column_text]<\/p>\n<h3><span style=\"color: #ffffff;\"><strong>ELEGIBILIDAD<\/strong><\/span><\/h3>\n<p><span style=\"color: #ffffff;\">La convocatoria est\u00e1 abierta a emprendedoras e innovadoras sociales de cualquier nacionalidad, residentes en Catalu\u00f1a, que hayan creado una startup en los \u00faltimos 4 a\u00f1os o que tengan una idea avanzada y est\u00e9n a punto de lanzarla.<\/span><\/p>\n<h3><span style=\"color: #ffffff;\"><strong>IDIOMA<\/strong><\/span><\/h3>\n<p><span style=\"color: #ffffff;\">El programa AWE se desarrollar\u00e1 en ingl\u00e9s durante la formaci\u00f3n online y en catal\u00e1n o espa\u00f1ol durante las sesiones presenciales.<\/span><\/p>\n<h3><span style=\"color: #ffffff;\"><strong>PREMIOS<\/strong><\/span><\/h3>\n<p><span style=\"color: #ffffff;\">Las emprendedoras con los siete proyectos m\u00e1s destacados en Catalu\u00f1a recibir\u00e1n premios valorados en 1.000\u20ac cada uno consistentes en alguno de los siguientes packs:<\/span><br \/>\n<span style=\"color: #ffffff;\">&#8211; material audiovisual por parte de EPSON<\/span><br \/>\n<span style=\"color: #ffffff;\">&#8211; horas de asesoramiento legal por parte de DWF-RCD<\/span><br \/>\n<span style=\"color: #ffffff;\">&#8211; horas de mentor\u00eda por parte de Wayra Barcelona<\/span><\/p>\n<p><span style=\"color: #ffffff;\">Asimismo, Tech Barcelona premiar\u00e1 a todas las 30 emprendedoras con acceso gratuito a todo su programa de actividades durante un a\u00f1o.<\/span>[\/vc_column_text][\/vc_column_inner][\/vc_row_inner][\/vc_column][\/vc_row][vc_row bg_color=\u00bb#f9f9f9&#8243; top_padding=\u00bb20&#8243; bottom_padding=\u00bb60&#8243;][vc_column width=\u00bb1\/1&#8243;]<h2 class=\"headline font-special fontsize-xl fontweight-700 lh-inherit align-center transform-uppercase \" style=\"margin: 30px 0 40px 0;\">Facilitadoras, ponentes y honorary speakers<\/h2>[vc_row_inner][vc_column_inner width=\u00bb1\/4&#8243; css=\u00bb.vc_custom_1563704963378{margin-bottom: 15px !important;}\u00bb]<div class=\"imagebox wpb_content_element style-1\"><div class=\"imagebox-img\"><a href='https:\/\/www.linkedin.com\/in\/mar-c%C3%B2nsul-espona-628251\/'><img src=\"https:\/\/www.foment.com\/wp-content\/uploads\/2022\/03\/Mar-Consul_foto_2.jpg\" alt=\"\" \/><\/a><\/div>\n<h3>Mar Consul<\/h3>\n<div class=\"gdlr-core-pbf-element\">\n<div class=\"gdlr-core-title-item gdlr-core-item-pdb clearfix gdlr-core-left-align gdlr-core-title-item-caption-bottom gdlr-core-item-pdlr\">Es una empresaria emprendedora, fundadora de diversas startups, experta en innovaci\u00f3n que asesora a las empresas sobre la aplicaci\u00f3n de estrategias basadas en la tecnolog\u00eda. Su proyecto actual es desarrollar el negocio internacional de Sngular.<\/div>\n<div><div class=\"social-icon social-big\"><a href=\"https:\/\/www.linkedin.com\/in\/mar-c%C3%B2nsul-espona-628251\/\" target=\"_blank\" title=\"\"><i class=\"fa fa-linkedin\"><\/i><\/a><\/div><\/div>\n<\/div>\n<\/div>[\/vc_column_inner][vc_column_inner width=\u00bb1\/4&#8243; css=\u00bb.vc_custom_1563704970556{margin-bottom: 15px !important;}\u00bb]<div class=\"imagebox wpb_content_element style-1\"><div class=\"imagebox-img\"><a href='https:\/\/www.linkedin.com\/in\/maralarconbatlle\/'><img src=\"https:\/\/www.foment.com\/wp-content\/uploads\/2022\/03\/mar-alarcon_2.jpg\" alt=\"\" \/><\/a><\/div>\n<h3>Mar Alarcon<\/h3>\n<p>Empresaria digital que siempre se aventura en sectores innovadores con impacto social y medioambiental. Actualmente es la fundadora y directora ejecutiva de SocialCar, una plataforma tecnol\u00f3gica de igual a igual que fue pionera en el sector de la movilidad compartida.<\/p>\n<div class=\"social-icon social-big\"><a href=\"https:\/\/www.linkedin.com\/in\/maralarconbatlle\/\" target=\"_blank\" title=\"\"><i class=\"fa fa-linkedin\"><\/i><\/a><\/div><\/div>[\/vc_column_inner][vc_column_inner width=\u00bb1\/4&#8243; css=\u00bb.vc_custom_1563704977138{margin-bottom: 15px !important;}\u00bb]<div class=\"imagebox wpb_content_element style-1\"><div class=\"imagebox-img\"><a href='https:\/\/www.linkedin.com\/in\/laiacorbellaamoros\/'><img src=\"https:\/\/www.foment.com\/wp-content\/uploads\/2022\/03\/Laia-Corbella_foto_2.jpg\" alt=\"\" \/><\/a><\/div>\n<h3>Laia Corbella<\/h3>\n<div class=\"gdlr-core-pbf-element\">\n<div>Licenciada en Periodismo por la Universidad Aut\u00f3noma de Barcelona y con un M\u00e1ster en Gesti\u00f3n de la Comunicaci\u00f3n por la Escuela de Administraci\u00f3n de la UPF Barcelona, con m\u00e1s de 10 a\u00f1os de experiencia en proyectos de comunicaci\u00f3n.<\/div>\n<div><div class=\"social-icon social-big\"><a href=\"https:\/\/www.linkedin.com\/in\/laiacorbellaamoros\/\" target=\"_blank\" title=\"\"><i class=\"fa fa-linkedin\"><\/i><\/a><\/div><\/div>\n<\/div>\n<\/div>[\/vc_column_inner][vc_column_inner width=\u00bb1\/4&#8243;]<div class=\"imagebox wpb_content_element style-1\"><div class=\"imagebox-img\"><a href='https:\/\/www.linkedin.com\/in\/margaltes\/'><img src=\"https:\/\/www.foment.com\/wp-content\/uploads\/2022\/03\/mar_galtes_-scaled_2.jpg\" alt=\"\" \/><\/a><\/div>\n<h3>Mar Galt\u00e9s<\/h3>\n<p>Periodista y Consultora de Comunicaci\u00f3n. Ha seguido la evoluci\u00f3n y transformaci\u00f3n de cientos de empresas, desde startups hasta multinacionales, ha entrevistado a emprendedores y presidentes de grandes corporaciones globales, y ha visitado empresas y f\u00e1bricas en varios continentes.<\/p>\n<div class=\"social-icon social-big\"><a href=\"https:\/\/www.linkedin.com\/in\/margaltes\/\" target=\"_blank\" title=\"\"><i class=\"fa fa-linkedin\"><\/i><\/a><\/div><\/div>[\/vc_column_inner][\/vc_row_inner][vc_row_inner][vc_column_inner width=\u00bb1\/4&#8243; css=\u00bb.vc_custom_1563705003592{margin-bottom: 15px !important;}\u00bb]<div class=\"imagebox wpb_content_element style-1\"><div class=\"imagebox-img\"><a href='https:\/\/www.linkedin.com\/in\/bego%C3%B1a-perdiguero-67b5261a\/'><img src=\"https:\/\/www.foment.com\/wp-content\/uploads\/2022\/03\/Begona-Perdiguero_2.jpg\" alt=\"\" \/><\/a><\/div>\n<div class=\"gdlr-core-title-item-title-wrap \">\n<h3 class=\"gdlr-core-title-item-title gdlr-core-skin-title\">Bego\u00f1a Perdiguero<\/h3>\n<\/div>\n<div class=\"gdlr-core-pbf-element\">\n<div>Ha sido profesora de emprendimiento y actualmente trabaja en el \u00e1rea de Startup Catalu\u00f1a, en ACCI\u00d3 (Agencia P\u00fablica para la Competitividad Empresarial). Startup Catalonia tiene como objetivo promover el Ecosistema Catal\u00e1n Startup a trav\u00e9s de diferentes acciones y programas.<\/div>\n<div><div class=\"social-icon social-big\"><a href=\"https:\/\/www.linkedin.com\/in\/bego%C3%B1a-perdiguero-67b5261a\/\" target=\"_blank\" title=\"\"><i class=\"fa fa-linkedin\"><\/i><\/a><\/div><\/div>\n<\/div>\n<\/div>[\/vc_column_inner][vc_column_inner width=\u00bb1\/4&#8243; css=\u00bb.vc_custom_1563705008489{margin-bottom: 15px !important;}\u00bb]<div class=\"imagebox wpb_content_element style-1\"><div class=\"imagebox-img\"><a href='https:\/\/www.linkedin.com\/in\/montsederiquermestres\/'><img src=\"https:\/\/www.foment.com\/wp-content\/uploads\/2022\/03\/foto-Montse-Riquer_2.jpg\" alt=\"\" \/><\/a><\/div>\n<h3>Montse de Riquer<\/h3>\n<p>Licenciada en Administraci\u00f3n y Direcci\u00f3n de Empresas, Certificado de Estudios Avanzados en Historia Econ\u00f3mica y Diplomado en Gesti\u00f3n Internacional por la Universit\u00e9 de Valennciennes et Hainaut Cambressis. Trabajando en Startup Catalonia (ACCIO) ayudando al ecosistema de startups catal\u00e1n a consolidarse y crecer. Tambi\u00e9n es profesora de la UOC, EAE (OBS) y de la UB.<\/p>\n<div class=\"social-icon social-big\"><a href=\"https:\/\/www.linkedin.com\/in\/montsederiquermestres\/\" target=\"_blank\" title=\"\"><i class=\"fa fa-linkedin\"><\/i><\/a><\/div><\/div>[\/vc_column_inner][vc_column_inner width=\u00bb1\/4&#8243; css=\u00bb.vc_custom_1563705013345{margin-bottom: 15px !important;}\u00bb]<div class=\"imagebox wpb_content_element style-1\"><div class=\"imagebox-img\"><img src=\"https:\/\/www.foment.com\/wp-content\/uploads\/2023\/05\/calavia.png\" alt=\"\" \/><\/div>\n<h3>Esther Joana Calavia<\/h3>\n<p>Esther Joana Calavia se uni\u00f3 a Google en 2016 y pas\u00f3 4 a\u00f1os en la sede europea de la compa\u00f1\u00eda en Dubl\u00edn, fomentando el crecimiento de peque\u00f1as y medianas empresas espa\u00f1olas a trav\u00e9s del uso de soluciones publicitarias de Google. Durante los \u00faltimos 3 a\u00f1os, se ha encargado de gestionar socios de Google con el objetivo de educar y digitalizar a las pymes en Europa.<\/div>[\/vc_column_inner][vc_column_inner width=\u00bb1\/4&#8243; css=\u00bb.vc_custom_1563705018158{margin-bottom: 15px !important;}\u00bb]<div class=\"imagebox wpb_content_element style-1\"><div class=\"imagebox-img\"><a href='https:\/\/www.linkedin.com\/in\/judith-saladrigas-coll-b8200344\/'><img src=\"https:\/\/www.foment.com\/wp-content\/uploads\/2022\/03\/judith-saladrigas_2.jpg\" alt=\"\" \/><\/a><\/div>\n<h3>Judith Saladrigas<\/h3>\n<p>Socia de Innovaci\u00f3n y Emprendimiento en DWF-RCD. Tiene una amplia experiencia brindando asesor\u00eda legal y estrat\u00e9gica y capacitaci\u00f3n especializada a los principales actores p\u00fablicos y privados del ecosistema de innovaci\u00f3n y emprendimiento, incluyendo startups, spinoffs, inversionistas y fondos de capital riesgo y capital privado, incubadoras y aceleradoras, entre otros.<\/p>\n<div class=\"social-icon social-big\"><a href=\"https:\/\/www.linkedin.com\/in\/judith-saladrigas-coll-b8200344\/\" target=\"_blank\" title=\"\"><i class=\"fa fa-linkedin\"><\/i><\/a><\/div><\/div>[\/vc_column_inner][\/vc_row_inner][vc_row_inner][vc_column_inner width=\u00bb1\/4&#8243; css=\u00bb.vc_custom_1563705003592{margin-bottom: 15px !important;}\u00bb]<div class=\"imagebox wpb_content_element style-1\"><div class=\"imagebox-img\"><a href='https:\/\/www.linkedin.com\/in\/martaantunez\/'><img src=\"https:\/\/www.foment.com\/wp-content\/uploads\/2022\/03\/marta-wayra_2.jpg\" alt=\"\" \/><\/a><\/div>\n<h3>Marta Ant\u00fanez<\/h3>\n<div class=\"gdlr-core-pbf-element\">\n<div class=\"gdlr-core-title-item gdlr-core-item-pdb clearfix gdlr-core-left-align gdlr-core-title-item-caption-bottom gdlr-core-item-pdlr\">Cuenta con m\u00e1s de 15 a\u00f1os de experiencia en Empresas, Consultor\u00eda de Gesti\u00f3n y Startups Digitales. Tiene una fuerte mentalidad emprendedora, tiene experiencia como cofundadora y CEO de 2 startups y ha recaudado + 4M \u20ac de inversi\u00f3n. Tiene un MBA por INSEAD y se gradu\u00f3 como Ingeniera Qu\u00edmica en la ETSEIB (UPC). Desde enero de 2020, es la Directora de Wayra Barcelona, \u200b\u200bel hub de Innovaci\u00f3n Abierta de Telef\u00f3nica.<\/div>\n<div><div class=\"social-icon social-big\"><a href=\"https:\/\/www.linkedin.com\/in\/martaantunez\/\" target=\"_blank\" title=\"\"><i class=\"fa fa-linkedin\"><\/i><\/a><\/div><\/div>\n<\/div>\n<\/div>[\/vc_column_inner][vc_column_inner width=\u00bb1\/4&#8243; css=\u00bb.vc_custom_1563705008489{margin-bottom: 15px !important;}\u00bb]<div class=\"imagebox wpb_content_element style-1\"><div class=\"imagebox-img\"><a href='https:\/\/www.linkedin.com\/in\/carlossanchezllibre\/'><img src=\"https:\/\/www.foment.com\/wp-content\/uploads\/2023\/05\/01.1-carlos-sa\u0301nchez-llibre-1024x618-1.jpg\" alt=\"\" \/><\/a><\/div>\n<h3>Carlos Sanchez<\/h3>\n<p>Carlos es un entusiasta de lo social y sostenible, productor ejecutivo y cineasta documental. Su creatividad se ve influenciada por su conciencia social, buscando nuevas oportunidades empresariales para abordar problemas sociales y ambientales. Es co-fundador de Bakery Group, una agencia creativa estrat\u00e9gica, y de la Fundaci\u00f3n Tomando Conciencia, que se dedica a generar iniciativas de impacto social positivo. Su enfoque se centra en ayudar a las marcas a comunicarse con honestidad, autenticidad y conciencia, proporcionando contenido relevante que tenga valor humano y tecnol\u00f3gico.<\/p>\n<div class=\"social-icon social-big\"><a href=\"https:\/\/www.linkedin.com\/in\/carlossanchezllibre\/\" target=\"_blank\" title=\"\"><i class=\"fa fa-linkedin\"><\/i><\/a><\/div><\/div>[\/vc_column_inner][vc_column_inner width=\u00bb1\/4&#8243;]<div class=\"imagebox wpb_content_element style-1\"><div class=\"imagebox-img\"><a href='https:\/\/www.linkedin.com\/in\/carmenriosbenton\/'><img src=\"https:\/\/www.foment.com\/wp-content\/uploads\/2023\/05\/CR_Pic.jpg\" alt=\"\" \/><\/a><\/div>\n<h3>Carmen Rios<\/h3>\n<p>Carmen es una experta en transformaci\u00f3n digital y ha desempe\u00f1ado una amplia variedad de roles en el campo de la tecnolog\u00eda, tanto como emprendedora como en el establecimiento de operaciones internacionales para reconocidas empresas. Actualmente trabaja en la intersecci\u00f3n entre la tecnolog\u00eda y la atenci\u00f3n m\u00e9dica y es cofundadora de Doctomatic, una soluci\u00f3n de monitoreo remoto de pacientes impulsada por inteligencia artificial, independiente de dispositivos y condiciones, enfocada en enfermedades cr\u00f3nicas.<\/p>\n<div class=\"social-icon social-big\"><a href=\"https:\/\/www.linkedin.com\/in\/carmenriosbenton\/\" target=\"_blank\" title=\"\"><i class=\"fa fa-linkedin\"><\/i><\/a><\/div><\/div>[\/vc_column_inner][vc_column_inner width=\u00bb1\/4&#8243;]<div class=\"imagebox wpb_content_element style-1\"><div class=\"imagebox-img\"><a href='https:\/\/www.linkedin.com\/in\/aleixvalls\/'><img src=\"https:\/\/www.foment.com\/wp-content\/uploads\/2023\/05\/aleix-valls.jpeg\" alt=\"\" \/><\/a><\/div>\n<h3>Aleix Valls<\/h3>\n<div class=\"flex flex-grow flex-col gap-3\">\n<div class=\"min-h-&#091;20px&#093; flex flex-col items-start gap-4 whitespace-pre-wrap break-words\">\n<div class=\"markdown prose w-full break-words dark:prose-invert light\">\n<p>Aleix Valls es el CEO y co-fundador de Liquid. Es matem\u00e1tico y tiene un Doctorado en Din\u00e1mica de Fluidos Computacional. Con experiencia en investigaci\u00f3n, desarrollo de software y consultor\u00eda estrat\u00e9gica, ha trabajado con empresas globales en la implementaci\u00f3n de estrategias y ejecuci\u00f3n de nuevos negocios.<\/p>\n<\/div>\n<\/div>\n<\/div>\n<div class=\"social-icon social-big\"><a href=\"https:\/\/www.linkedin.com\/in\/aleixvalls\/\" target=\"_blank\" title=\"\"><i class=\"fa fa-linkedin\"><\/i><\/a><\/div><\/div>[\/vc_column_inner][\/vc_row_inner][vc_row_inner][vc_column_inner width=\u00bb1\/4&#8243; css=\u00bb.vc_custom_1563705003592{margin-bottom: 15px !important;}\u00bb]<div class=\"imagebox wpb_content_element style-1\"><div class=\"imagebox-img\"><a href='https:\/\/www.linkedin.com\/in\/miquel-marti-41210212\/'><img src=\"https:\/\/www.foment.com\/wp-content\/uploads\/2023\/05\/Miquel-Marti\u0301-conseller-delegat-de-Tech-Barcelona-1170x780-1.jpg\" alt=\"\" \/><\/a><\/div>\n<h3>Miquel Marti<\/h3>\n<p>Miquel Mart\u00ed es el CEO de Barcelona Tech City, una organizaci\u00f3n sin \u00e1nimo de lucro que busca posicionar a Barcelona como un hub tecnol\u00f3gico internacional. Con una amplia experiencia en el sector, Mart\u00ed ha desempe\u00f1ado roles clave en el impulso de la innovaci\u00f3n y el emprendimiento en Catalu\u00f1a. Es Ingeniero Industrial y tiene un MBA de ESADE. Adem\u00e1s, es miembro de diversos consejos y comit\u00e9s relacionados con la tecnolog\u00eda y la promoci\u00f3n de la ciudad.<\/p>\n<div class=\"social-icon social-big\"><a href=\"#\" target=\"_blank\" title=\"\"><i class=\"fa fa-linkedin\"><\/i><\/a><\/div><\/div>[\/vc_column_inner][vc_column_inner width=\u00bb1\/4&#8243; css=\u00bb.vc_custom_1563705008489{margin-bottom: 15px !important;}\u00bb]<div class=\"imagebox wpb_content_element style-1\"><div class=\"imagebox-img\"><a href='https:\/\/www.linkedin.com\/in\/ignasi-costas\/'><img src=\"https:\/\/www.foment.com\/wp-content\/uploads\/2023\/05\/1582989394592.jpeg\" alt=\"\" \/><\/a><\/div>\n<h3>Ignasi Costas<\/h3>\n<p>Ignasi Costas es socio fundador de RCD y co-socio director de DWF-RCD, una destacada firma de abogados global. Es reconocido por su experiencia en innovaci\u00f3n, emprendimiento y derecho de empresas tecnol\u00f3gicas. Ha sido galardonado como uno de los mejores abogados de Espa\u00f1a y su pr\u00e1ctica ha sido destacada por prestigiosos directorios legales y medios internacionales. Adem\u00e1s, es profesor en importantes escuelas de negocios y miembro de diversas organizaciones relacionadas con la innovaci\u00f3n y el emprendimiento.<\/p>\n<div class=\"social-icon social-big\"><a href=\"https:\/\/www.linkedin.com\/in\/ignasi-costas\/\" target=\"_blank\" title=\"\"><i class=\"fa fa-linkedin\"><\/i><\/a><\/div><\/div>[\/vc_column_inner][vc_column_inner width=\u00bb1\/4&#8243;]<div class=\"imagebox wpb_content_element style-1\"><div class=\"imagebox-img\"><img src=\"https:\/\/www.foment.com\/wp-content\/uploads\/2022\/03\/mmora_2019_-scaled_2.jpg\" alt=\"\" \/><\/div>\n<h3>Maria Mora<\/h3>\n<p>Es la directora de Innovaci\u00f3n y Emprendimiento de Foment del Treball. Ha dirigido las tres ediciones del programa Academy for Women Entrepreneurs en Catalu\u00f1a as\u00ed como otros centrados en la transformaci\u00f3n digital de las pymes y la innovaci\u00f3n abierta. Seleccionada por el Consulado Americano en 2017 para participar como representante nacional en el International Visitor Leadership Program, primer programa de intercambios profesionales del Departamento de Estado de EEUU.. Acumula 15 a\u00f1os de experiencia en las \u00e1reas de innovaci\u00f3n, emprendimiento e implementaci\u00f3n de proyectos digitales.<\/p>\n<div class=\"social-icon social-big\"><a href=\"https:\/\/www.linkedin.com\/in\/mariamorarado\/\" target=\"_blank\" title=\"\"><i class=\"fa fa-linkedin\"><\/i><\/a><\/div><\/div>[\/vc_column_inner][vc_column_inner width=\u00bb1\/4&#8243;][\/vc_column_inner][\/vc_row_inner][\/vc_column][\/vc_row][vc_row bg_color=\u00bb#c12238&#8243; section_arrow=\u00bbfalse\u00bb text_align=\u00bbcenter\u00bb top_padding=\u00bb20&#8243; bottom_padding=\u00bb20&#8243;][vc_column width=\u00bb1\/1&#8243;]<h1 class=\"headline font-inherit fontsize-xl fontweight-inherit lh-inherit align-center transform-inherit \" style=\"margin: 0 0 0 0; color: #ffffff;\">Las fechas clave para la consecuci\u00f3n del programa<\/h1>[\/vc_column][\/vc_row][vc_row bg_color=\u00bb#ededed\u00bb text_color=\u00bbcustom\u00bb custom_text_color=\u00bb#ffffff\u00bb bottom_padding=\u00bb60&#8243;][vc_column column_center=\u00bbtrue\u00bb width=\u00bb1\/1&#8243;]<div class=\"spacer\" style=\"height: 40px;\"><\/div><div class=\"minti_carousel  grab-false dots\" data-columns=\"3\" data-tabletcolumns=\"0\" data-nav=\"false\" data-pagination=\"false\" data-autoplay=\"true\" data-animationtime=\"4000\"><div class=\"box clearfix style-2 wpb_content_element align-center \" style=\"padding: 40px 40px 40px 40px; \">\n<h6>26 de mayo<\/h6>\n<p><strong>CONVOCATORIA<\/strong><\/p>\n<p>Inscripciones abiertas hasta el 26 de julio<\/div><div class=\"box clearfix style-2 wpb_content_element align-center \" style=\"padding: 40px 40px 40px 40px; \">\n<h6>21 de septiembre<\/h6>\n<p><strong>PRESENTACI\u00d3N<\/strong><\/p>\n<p>Jornada de inauguraci\u00f3n y presentaci\u00f3n de las candidatas seleccionadas<\/div><div class=\"box clearfix style-2 wpb_content_element align-center \" style=\"padding: 40px 40px 40px 40px; \">\n<h6>26 de septiembre<\/h6>\n<p><strong>INICI\u00d3 DE LAS MASTERCLASES<\/strong><\/p>\n<p>Inicio de la formaci\u00f3n en l\u00ednea y masterclases<\/div><div class=\"box clearfix style-2 wpb_content_element align-center \" style=\"padding: 40px 40px 40px 40px; \">\n<h6>14 de diciembre<\/h6>\n<p><strong>CLAUSURA<\/strong><\/p>\n<p>Jornada final y entrega de premios<\/div><\/div>[vc_row_inner][vc_column_inner][\/vc_column_inner][\/vc_row_inner][\/vc_column][\/vc_row][vc_row bg_color=\u00bbrgba(0,0,0,0.85)\u00bb text_color=\u00bbcustom\u00bb custom_text_color=\u00bb#ffffff\u00bb text_align=\u00bbcenter\u00bb top_padding=\u00bb60&#8243; bottom_padding=\u00bb60&#8243;][vc_column column_center=\u00bbtrue\u00bb width=\u00bb1\/1&#8243;]<h1 class=\"headline font-inherit fontsize-l fontweight-inherit lh-inherit align-center transform-inherit \" style=\"margin: 0 0 20px 0;\">\u00bfQuieres participar?<\/h1><a href=\"https:\/\/fomentdeltreball.sharepoint.com\/:b:\/g\/EbQnzNQ0MuBGhJt1ACBjzdUB2DHEG-QjYk01qpZYCdfN2A?e=48pFtA\" target=\"_blank\" class=\"button color-3 medium \" style=\"border-radius: 2px;\">Consulta las bases<\/a><h1 class=\"headline font-inherit fontsize-l fontweight-inherit lh-inherit align-center transform-inherit \" style=\"margin: 0 0 20px 0;\">Y presenta tu candidatura<\/h1><a href=\"https:\/\/eur04.safelinks.protection.outlook.com\/?url=https%3A%2F%2Fforms.office.com%2FPages%2FResponsePage.aspx%3Fid%3DjZN882U4iUq5m7AAx2p0v1sudKHVcspJmbHzaYM5-MBUM0hRNUVYSU5RSkRHNFNORkgyODUwWUJIMSQlQCN0PWcu&#038;data=05%7C01%7Caaymerich%40foment.com%7C6f8ddcd28b27481b9ded08db5d2638bf%7Cf37c938d38654a89b99bb000c76a74bf%7C1%7C0%7C638206190986239648%7CUnknown%7CTWFpbGZsb3d8eyJWIjoiMC4wLjAwMDAiLCJQIjoiV2luMzIiLCJBTiI6Ik1haWwiLCJXVCI6Mn0%3D%7C3000%7C%7C%7C&#038;sdata=PfqvrkDrbu6JmHEhXAikHpsp8W77r6D8DcjA7x85oHw%3D&#038;reserved=0\" target=\"_blank\" class=\"button color-3 medium \" style=\"border-radius: 2px;\">Propuesta de candidatura<\/a>[\/vc_column][\/vc_row]<\/p>\n<\/section>","protected":false},"excerpt":{"rendered":"<p>[vc_row][vc_column width=\u00bb1\/1&#8243;][\/vc_column][\/vc_row][vc_row bg_color=\u00bb#ffffff\u00bb top_padding=\u00bb60&#8243; bottom_padding=\u00bb40&#8243;][vc_column width=\u00bb2\/3&#8243;][vc_column_text] l Consulado General de Estados Unidos en Barcelona y Foment del Treball, han lanzado la tercera edici\u00f3n del programa de formaci\u00f3n para mujeres emprendedoras \u201cAcademy for Women Entrepreneurs\u201d (AWE) que este a\u00f1o tendr\u00e1 lugar en Barcelona. En Barcelona, el programa lo lidera Foment del Treball con la colaboraci\u00f3n de EPSON, DWF-RCD, Tech Barcelona y Wayra Barcelona. AWE es un programa de emprendimiento gratuito financiado por el Departamento de Estado de EEUU, cuyo objetivo es impulsar el desarrollo de proyectos emprendedores que est\u00e9n liderados por mujeres. El programa consta de siete sesiones presenciales y un curso\u00a0 de formaci\u00f3n en l\u00ednea llamado \u00ab100 Million Learners Bootcamp on Global Entrepreneurship &amp; Innovation\u00bb.[\/vc_column_text][\/vc_column][vc_column text_align=\u00bbcenter\u00bb width=\u00bb1\/3&#8243;][vc_btn title=\u00bb\u00a1Quiero participar!\u00bb color=\u00bbjuicy-pink\u00bb size=\u00bblg\u00bb link=\u00bburl:https%3A%2F%2Fforms.office.com%2FPages%2FResponsePage.aspx%3Fid%3DjZN882U4iUq5m7AAx2p0v1sudKHVcspJmbHzaYM5-MBUM0hRNUVYSU5RSkRHNFNORkgyODUwWUJIMSQlQCN0PWcu|target:_blank\u00bb][\/vc_column][\/vc_row][vc_row bg_color=\u00bb#ffffff\u00bb top_padding=\u00bb60&#8243; bottom_padding=\u00bb60&#8243;][vc_column column_center=\u00bbtrue\u00bb width=\u00bb1\/1&#8243;][vc_row_inner][vc_column_inner width=\u00bb4\/12&#8243;][\/vc_column_inner][vc_column_inner width=\u00bb4\/12&#8243;][\/vc_column_inner][vc_column_inner width=\u00bb4\/12&#8243;][\/vc_column_inner][\/vc_row_inner][\/vc_column][\/vc_row][vc_row bg_color=\u00bb#c12238&#8243; top_padding=\u00bb20&#8243; bottom_padding=\u00bb60&#8243;][vc_column width=\u00bb1\/1&#8243;][vc_row_inner][vc_column_inner][\/vc_column_inner][\/vc_row_inner][vc_row_inner][vc_column_inner width=\u00bb1\/2&#8243;][vc_column_text] OBJETIVOS Apoyar a mujeres emprendedoras con proyectos propios para que puedan desarrollar su potencial econ\u00f3mico, creando condiciones para una mayor estabilidad, seguridad y prosperidad. Promover la prosperidad econ\u00f3mica colectiva y la estabilidad global mediante la creaci\u00f3n de una comunidad de aprendizaje hol\u00edstica e inclusiva. Impulsar a las mujeres a desarrollar ideas innovadoras, transformarlas en proyectos emprendedores s\u00f3lidos, construyendo ecosistemas de innovaci\u00f3n social y cooperaci\u00f3n entre [&hellip;]<\/p>\n","protected":false},"author":10,"featured_media":0,"parent":0,"menu_order":0,"comment_status":"closed","ping_status":"closed","template":"","meta":{"_links_to":"","_links_to_target":""},"acf":[],"wps_subtitle":"","_links":{"self":[{"href":"https:\/\/www.foment.com\/es\/wp-json\/wp\/v2\/pages\/112827"}],"collection":[{"href":"https:\/\/www.foment.com\/es\/wp-json\/wp\/v2\/pages"}],"about":[{"href":"https:\/\/www.foment.com\/es\/wp-json\/wp\/v2\/types\/page"}],"author":[{"embeddable":true,"href":"https:\/\/www.foment.com\/es\/wp-json\/wp\/v2\/users\/10"}],"replies":[{"embeddable":true,"href":"https:\/\/www.foment.com\/es\/wp-json\/wp\/v2\/comments?post=112827"}],"version-history":[{"count":123,"href":"https:\/\/www.foment.com\/es\/wp-json\/wp\/v2\/pages\/112827\/revisions"}],"predecessor-version":[{"id":214046,"href":"https:\/\/www.foment.com\/es\/wp-json\/wp\/v2\/pages\/112827\/revisions\/214046"}],"wp:attachment":[{"href":"https:\/\/www.foment.com\/es\/wp-json\/wp\/v2\/media?parent=112827"}],"curies":[{"name":"wp","href":"https:\/\/api.w.org\/{rel}","templated":true}]}}