{"id":133379,"date":"2021-12-24T12:53:49","date_gmt":"2021-12-24T11:53:49","guid":{"rendered":"https:\/\/www.foment.com\/?page_id=133379"},"modified":"2022-05-16T12:23:51","modified_gmt":"2022-05-16T10:23:51","slug":"el-plan-nacional-de-recuperacion-transformacion-y-resiliencia","status":"publish","type":"page","link":"https:\/\/www.foment.com\/es\/el-plan-nacional-de-recuperacion-transformacion-y-resiliencia\/","title":{"rendered":"El Plan Nacional de recuperaci\u00f3n, transformaci\u00f3n y resiliencia"},"content":{"rendered":"<section class=\"wpb-content-wrapper\"><p>[vc_row text_align=\u00bbcenter\u00bb top_padding=\u00bb20&#8243; bottom_padding=\u00bb60&#8243;][vc_column width=\u00bb1\/2&#8243;][vc_column_text]<\/p>\n<h3 style=\"text-align: justify;\">El Plan guiar\u00e1 la ejecuci\u00f3n de aproximadamente 69.500 millones de euros (aproximadamente el 50% de los recursos con los que cuenta Espa\u00f1a gracias al instrumento Next Generation EU) entre los a\u00f1os 2021 y 2023, con el objetivo de acelerar la transformaci\u00f3n de la econom\u00eda mediante proyectos que se ejecutar\u00e1n en ese mismo plazo.<\/h3>\n<h3 style=\"text-align: justify;\">\u00c9stos se canalizar\u00e1n a trav\u00e9s del Mecanismo para la Recuperaci\u00f3n y la Resiliencia (59.000 millones en transferencias) y REACT-EU (12.400 millones). A esto hay que a\u00f1adir 79.000 millones de los fondos estructurales y de la pol\u00edtica agr\u00edcola com\u00fan (PAC) previstos por Espa\u00f1a para el per\u00edodo 2021-27.<\/h3>\n<p>[\/vc_column_text][\/vc_column][vc_column width=\u00bb1\/2&#8243;][vc_column_text]<\/p>\n<h3 style=\"text-align: justify;\">Estas ayudas permitir\u00e1n sumar anualmente 2,5 puntos en el PIB y crear 800.000 puestos de trabajo en los pr\u00f3ximos tres a\u00f1os.<br \/>\nCumple con las prioridades del Plan europeo de recuperaci\u00f3n: la inversi\u00f3n verde representa casi el 40% del total y la digitalizaci\u00f3n casi el 30%. Tambi\u00e9n apuesta claramente por la educaci\u00f3n y la formaci\u00f3n (10%), la I+D+i (7%) y el refuerzo de la inclusi\u00f3n social y la cohesi\u00f3n en todo el territorio.<\/h3>\n<h3 style=\"text-align: justify;\">Se estructura en base a diez pol\u00edticas tractoras que inciden directamente en aquellos sectores productivos con mayor capacidad de transformaci\u00f3n del tejido econ\u00f3mico y social.<\/h3>\n<p>[\/vc_column_text][\/vc_column][\/vc_row][vc_row bg_color=\u00bb#d2112d\u00bb top_padding=\u00bb60&#8243; bottom_padding=\u00bb60&#8243;][vc_column width=\u00bb1\/1&#8243;][vc_column_text]<\/p>\n<h2 style=\"text-align: center;\"><span style=\"color: #ffffff;\">El Plan se basa en las siguientes cuatro transformaciones:<\/span><\/h2>\n<p>[\/vc_column_text][vc_row_inner][vc_column_inner width=\u00bb1\/4&#8243;][vc_column_text]<\/p>\n<h3 style=\"text-align: center;\"><span style=\"color: #ab192d;\"><strong><img loading=\"lazy\" class=\"aligncenter wp-image-104867\" src=\"https:\/\/www.foment.com\/wp-content\/uploads\/2020\/12\/transici\u00f3n-ecol\u00f3gica-300x300.png\" alt=\"\" width=\"115\" height=\"115\" srcset=\"https:\/\/www.foment.com\/wp-content\/uploads\/2020\/12\/transici\u00f3n-ecol\u00f3gica-300x300.png 300w, https:\/\/www.foment.com\/wp-content\/uploads\/2020\/12\/transici\u00f3n-ecol\u00f3gica-150x150.png 150w, https:\/\/www.foment.com\/wp-content\/uploads\/2020\/12\/transici\u00f3n-ecol\u00f3gica-80x80.png 80w, https:\/\/www.foment.com\/wp-content\/uploads\/2020\/12\/transici\u00f3n-ecol\u00f3gica-500x500.png 500w, https:\/\/www.foment.com\/wp-content\/uploads\/2020\/12\/transici\u00f3n-ecol\u00f3gica.png 512w\" sizes=\"(max-width: 115px) 100vw, 115px\" \/><\/strong><\/span><\/h3>\n<h2 style=\"text-align: center;\"><span style=\"color: #ffffff;\">Transici\u00f3n ecol\u00f3gica<\/span><\/h2>\n<p>[\/vc_column_text][\/vc_column_inner][vc_column_inner width=\u00bb1\/4&#8243;][vc_column_text]<\/p>\n<h3 style=\"text-align: center;\"><span style=\"color: #ab192d;\"><strong><img loading=\"lazy\" class=\"aligncenter wp-image-104864\" src=\"https:\/\/www.foment.com\/wp-content\/uploads\/2020\/12\/transformaci\u00f3n-digital-300x300.png\" alt=\"\" width=\"115\" height=\"115\" srcset=\"https:\/\/www.foment.com\/wp-content\/uploads\/2020\/12\/transformaci\u00f3n-digital-300x300.png 300w, https:\/\/www.foment.com\/wp-content\/uploads\/2020\/12\/transformaci\u00f3n-digital-150x150.png 150w, https:\/\/www.foment.com\/wp-content\/uploads\/2020\/12\/transformaci\u00f3n-digital-80x80.png 80w, https:\/\/www.foment.com\/wp-content\/uploads\/2020\/12\/transformaci\u00f3n-digital-500x500.png 500w, https:\/\/www.foment.com\/wp-content\/uploads\/2020\/12\/transformaci\u00f3n-digital.png 512w\" sizes=\"(max-width: 115px) 100vw, 115px\" \/><\/strong><\/span><\/h3>\n<h2 style=\"text-align: center;\"><span style=\"color: #ffffff;\">Transformaci\u00f3n digital<\/span><\/h2>\n<p>[\/vc_column_text][\/vc_column_inner][vc_column_inner width=\u00bb1\/4&#8243;][vc_column_text]<\/p>\n<h3 style=\"text-align: center;\"><span style=\"color: #ab192d;\"><strong><img loading=\"lazy\" class=\"aligncenter wp-image-104861\" src=\"https:\/\/www.foment.com\/wp-content\/uploads\/2020\/12\/igualdad-de-genero-300x300.png\" alt=\"\" width=\"115\" height=\"115\" srcset=\"https:\/\/www.foment.com\/wp-content\/uploads\/2020\/12\/igualdad-de-genero-300x300.png 300w, https:\/\/www.foment.com\/wp-content\/uploads\/2020\/12\/igualdad-de-genero-150x150.png 150w, https:\/\/www.foment.com\/wp-content\/uploads\/2020\/12\/igualdad-de-genero-80x80.png 80w, https:\/\/www.foment.com\/wp-content\/uploads\/2020\/12\/igualdad-de-genero-500x500.png 500w, https:\/\/www.foment.com\/wp-content\/uploads\/2020\/12\/igualdad-de-genero.png 512w\" sizes=\"(max-width: 115px) 100vw, 115px\" \/><\/strong><\/span><\/h3>\n<h2 style=\"text-align: center;\"><span style=\"color: #ffffff;\">Igualdad de g\u00e9nero<\/span><\/h2>\n<p>[\/vc_column_text][\/vc_column_inner][vc_column_inner width=\u00bb1\/4&#8243;][vc_column_text]<\/p>\n<h3 style=\"text-align: center;\"><span style=\"color: #ab192d;\"><strong><img loading=\"lazy\" class=\"aligncenter wp-image-104858\" src=\"https:\/\/www.foment.com\/wp-content\/uploads\/2020\/12\/cohesion-social-y-territorial-300x300.png\" alt=\"\" width=\"115\" height=\"115\" srcset=\"https:\/\/www.foment.com\/wp-content\/uploads\/2020\/12\/cohesion-social-y-territorial-300x300.png 300w, https:\/\/www.foment.com\/wp-content\/uploads\/2020\/12\/cohesion-social-y-territorial-150x150.png 150w, https:\/\/www.foment.com\/wp-content\/uploads\/2020\/12\/cohesion-social-y-territorial-80x80.png 80w, https:\/\/www.foment.com\/wp-content\/uploads\/2020\/12\/cohesion-social-y-territorial-500x500.png 500w, https:\/\/www.foment.com\/wp-content\/uploads\/2020\/12\/cohesion-social-y-territorial.png 512w\" sizes=\"(max-width: 115px) 100vw, 115px\" \/><\/strong><\/span><\/h3>\n<h2 style=\"text-align: center;\"><span style=\"color: #ffffff;\">Cohesi\u00f3n social y territorial<\/span><\/h2>\n<p>[\/vc_column_text][\/vc_column_inner][\/vc_row_inner][\/vc_column][\/vc_row][vc_row top_padding=\u00bb60&#8243; bottom_padding=\u00bb60&#8243;][vc_column width=\u00bb1\/1&#8243;]<h2 class=\"headline font-inherit fontsize-xxl fontweight-700 lh-inherit align-center transform-uppercase \" style=\"margin: 0 0 20px 0; color: #000000;\">Y SE ESTRUCTURA EN LAS SIGUIENTES 10 POL\u00cdTICAS TRACTORAS<\/h2>[vc_row_inner][vc_column_inner width=\u00bb1\/4&#8243;][vc_column_text]<\/p>\n<h3 style=\"text-align: center;\"><\/h3>\n<h3 style=\"text-align: center;\"><span style=\"color: #c12238;\">1. Agenda urbana y rural, la lucha contra la despoblaci\u00f3n y el desarrollo de la agricultura (20,7% del total de los recursos)<\/span><\/h3>\n<h3 style=\"text-align: center;\">Consiste en la mejora de la habitabilidad de entornos urbanos y dar respuesta a las necesidades del entorno rural, manteniendo a la poblaci\u00f3n y fomentando el empleo.<\/h3>\n<p>[\/vc_column_text][\/vc_column_inner][vc_column_inner width=\u00bb1\/4&#8243;][vc_column_text]<\/p>\n<h3 style=\"text-align: center;\"><\/h3>\n<h3 style=\"text-align: center;\"><span style=\"color: #c12238;\">2. Impulso de las Infraestructuras y los ecosistemas resilientes (15%)<\/span><\/h3>\n<h3 style=\"text-align: center;\">A trav\u00e9s de proyectos como el Plan de Conservaci\u00f3n y Restauraci\u00f3n de Ecosistemas, o el Plan de Preservaci\u00f3n de Infraestructuras Urbanas, Energ\u00e9ticas y de Transporte, entre otros.<\/h3>\n<p>[\/vc_column_text][\/vc_column_inner][vc_column_inner width=\u00bb1\/4&#8243;][vc_column_text]<\/p>\n<h3 style=\"text-align: center;\"><\/h3>\n<h3 style=\"text-align: center;\"><span style=\"color: #c12238;\">3. Transici\u00f3n energ\u00e9tica justa e inclusiva (9,2%)<\/span><\/h3>\n<h3 style=\"text-align: center;\">Con el objetivo de posicionarnos estrat\u00e9gicamente como l\u00edderes de renovaci\u00f3n energ\u00e9tica.<\/h3>\n<p>[\/vc_column_text][\/vc_column_inner][vc_column_inner width=\u00bb1\/4&#8243;][vc_column_text]<\/p>\n<h3 style=\"text-align: center;\"><\/h3>\n<h3 style=\"text-align: center;\"><span style=\"color: #c12238;\">4. Promoci\u00f3n de una Administraci\u00f3n para el siglo XXI (6,1%)<\/span><\/h3>\n<h3 style=\"text-align: center;\">A fin de que la Administraci\u00f3n p\u00fablica act\u00fae como motor de los cambios tecnol\u00f3gicos, que tambi\u00e9n incluir\u00e1 la Modernizaci\u00f3n del Sistema de Justicia.<\/h3>\n<p>[\/vc_column_text][\/vc_column_inner][\/vc_row_inner][vc_row_inner][vc_column_inner width=\u00bb1\/4&#8243;][vc_column_text]<\/p>\n<h3 style=\"text-align: center;\"><\/h3>\n<h3 style=\"text-align: center;\"><span style=\"color: #c12238;\">5. Modernizaci\u00f3n y digitalizaci\u00f3n del ecosistema de las empresas (23,1%)<\/span><\/h3>\n<h3 style=\"text-align: center;\">Para apoyar el tejido empresarial y garantizar la competitividad industrial.<\/h3>\n<p>[\/vc_column_text][\/vc_column_inner][vc_column_inner width=\u00bb1\/4&#8243;][vc_column_text]<\/p>\n<h3 style=\"text-align: center;\"><\/h3>\n<h3 style=\"text-align: center;\"><span style=\"color: #c12238;\">6. Pacto por la ciencia y la innovaci\u00f3n y el refuerzo del Sistema Nacional de Salud (6,1%)<\/span><\/h3>\n<h3 style=\"text-align: center;\"><\/h3>\n<p>[\/vc_column_text][\/vc_column_inner][vc_column_inner width=\u00bb1\/4&#8243;][vc_column_text]<\/p>\n<h3 style=\"text-align: center;\"><\/h3>\n<h3 style=\"text-align: center;\"><span style=\"color: #c12238;\">7. Educaci\u00f3n y el conocimiento, formaci\u00f3n continua y desarrollo de capacidades (10,5%)<\/span><\/h3>\n<h3 style=\"text-align: center;\"><\/h3>\n<p>[\/vc_column_text][\/vc_column_inner][vc_column_inner width=\u00bb1\/4&#8243;][vc_column_text]<\/p>\n<h3 style=\"text-align: center;\"><\/h3>\n<h3 style=\"text-align: center;\"><span style=\"color: #c12238;\">8. Nueva econom\u00eda de los cuidados y pol\u00edticas de empleo (7,2%)<\/span><\/h3>\n<h3 style=\"text-align: center;\">Se incluyen planes de choque para la econom\u00eda de cuidados de larga duraci\u00f3n a personas mayores y dependientes, el refuerzo del Sistema Nacional de Dependencia o la modernizaci\u00f3n de las pol\u00edticas activas de empleo.<\/h3>\n<p>[\/vc_column_text][\/vc_column_inner][\/vc_row_inner][vc_row_inner][vc_column_inner width=\u00bb1\/4&#8243;][\/vc_column_inner][vc_column_inner width=\u00bb1\/4&#8243;][vc_column_text]<\/p>\n<h3 style=\"text-align: center;\"><\/h3>\n<h3 style=\"text-align: center;\"><span style=\"color: #d2112d;\"><strong>9. Desarrollo de la cultura y el deporte (1,2%)<\/strong><\/span><\/h3>\n<h3 style=\"text-align: center;\"><\/h3>\n<p>[\/vc_column_text][\/vc_column_inner][vc_column_inner width=\u00bb1\/4&#8243;][vc_column_text]<\/p>\n<h3 style=\"text-align: center;\"><\/h3>\n<h3 style=\"text-align: center;\"><span style=\"color: #c12238;\">10. Modernizaci\u00f3n del sistema fiscal<\/span><\/h3>\n<h3 style=\"text-align: center;\">Incrementando la progresividad y redistribuci\u00f3n de los recursos para conseguir un crecimiento inclusivo y sostenible.<\/h3>\n<p>[\/vc_column_text][\/vc_column_inner][vc_column_inner width=\u00bb1\/4&#8243;][\/vc_column_inner][\/vc_row_inner][\/vc_column][\/vc_row][vc_row bg_color=\u00bb#d2112d\u00bb top_padding=\u00bb60&#8243; bottom_padding=\u00bb20&#8243;][vc_column width=\u00bb1\/2&#8243;]<h2 class=\"headline font-inherit fontsize-xl fontweight-700 lh-inherit align-left transform-uppercase \" style=\"margin: 0 0 20px 0; color: #ffffff;\">EJECUCI\u00d3N DEL PLAN<\/h2>[vc_column_text]<\/p>\n<h3 style=\"text-align: justify;\"><span style=\"color: #ffffff;\">El Govern ha decidido avanzar en los pr\u00f3ximos Presupuestos Generales del Estado 27.000 millones de euros del Plan. Esto permitir\u00e1 poner en funcionamiento el Plan desde el mismo momento en el que sean aprobados los PGE.<\/span><br \/>\n<span style=\"color: #ffffff;\">Se constituir\u00e1 una Comisi\u00f3n Interministerial presidida por el presidente del Gobierno y se crear\u00e1 una Unidad de Seguimiento del Fondo de Recuperaci\u00f3n en el gabinete de presidencia del Govern.<\/span><br \/>\n<span style=\"color: #ffffff;\">Se instrumentalizar\u00e1 una colaboraci\u00f3n espec\u00edfica con las CCAA, se reactivar\u00e1 la conferencia sectorial de fondos europeos y se introducir\u00e1 el Fondo de Recuperaci\u00f3n en los debates habituales de las pr\u00f3ximas conferencias de presidentes auton\u00f3micos.<\/span><\/h3>\n<p>[\/vc_column_text][\/vc_column][vc_column width=\u00bb1\/2&#8243;]<div class=\"single_image wpb_content_element align-left    \" data-animation=\"none\" data-delay=\"0\"><img width=\"2560\" height=\"1703\" src=\"https:\/\/www.foment.com\/wp-content\/uploads\/2020\/12\/251020consejo3-scaled.jpg\" class=\"attachment-full\" alt=\"\" loading=\"lazy\" title=\"251020consejo3\" srcset=\"https:\/\/www.foment.com\/wp-content\/uploads\/2020\/12\/251020consejo3-scaled.jpg 2560w, https:\/\/www.foment.com\/wp-content\/uploads\/2020\/12\/251020consejo3-300x200.jpg 300w, https:\/\/www.foment.com\/wp-content\/uploads\/2020\/12\/251020consejo3-1024x681.jpg 1024w, https:\/\/www.foment.com\/wp-content\/uploads\/2020\/12\/251020consejo3-768x511.jpg 768w, https:\/\/www.foment.com\/wp-content\/uploads\/2020\/12\/251020consejo3-1536x1022.jpg 1536w, https:\/\/www.foment.com\/wp-content\/uploads\/2020\/12\/251020consejo3-2048x1363.jpg 2048w, https:\/\/www.foment.com\/wp-content\/uploads\/2020\/12\/251020consejo3-600x400.jpg 600w\" sizes=\"(max-width: 2560px) 100vw, 2560px\" \/><\/div>[\/vc_column][\/vc_row][vc_row bg_color=\u00bb#d2112d\u00bb top_padding=\u00bb0&#8243; bottom_padding=\u00bb80&#8243;][vc_column width=\u00bb1\/1&#8243;][vc_column_text]<\/p>\n<h3><span style=\"font-size: 14pt; color: #ffffff;\">Se incentivar\u00e1 la colaboraci\u00f3n p\u00fablico-privada y se facilitar\u00e1 una interlocuci\u00f3n continua con las empresas que participan en los proyectos.<\/span><br \/>\n<span style=\"font-size: 14pt; color: #ffffff;\">Se pondr\u00e1n en marcha mecanismos de rendici\u00f3n de cuentas peri\u00f3dicas ante el Parlamento.<\/span><br \/>\n<span style=\"font-size: 14pt; color: #ffffff;\">Se pondr\u00e1 en marcha una reforma profunda de las normas y leyes de la Administraci\u00f3n general de Estado (incluido un Decreto ley) para resolver los cuellos de botella que ralentizan y entorpecen la contrataci\u00f3n y ejecuci\u00f3n de proyectos.<\/span><br \/>\n<span style=\"font-size: 14pt; color: #ffffff;\">Ya en el 2021 el Estado ha recibido 19.037 millones a lo que essumar\u00e1n 18.000 millones m\u00e1s el pr\u00f3ximo a\u00f1o.<\/span><\/h3>\n<h3><span style=\"font-size: 14pt; color: #ffffff;\">En los PGE de 2021 se incluyeron partidas para la puesta en marcha del Plan y del adelanto de fondos de 9.000 millones de euros y ya se ha asignado y acordado la distribuci\u00f3n de m\u00e1s de 7.250 millones en las comunidades aut\u00f3nomas entre las diferentes conferencias sectoriales.<\/span><\/h3>\n<h3><span style=\"font-size: 14pt; color: #ffffff;\">Los presupuestos de gastos del Estado para 2022 incluyen la inyecci\u00f3n de 27.633 millones de euros procedentes de los fondos Next Generation EU. En relaci\u00f3n con las previsiones de inversi\u00f3n, \u00e9stas son algunas de las medidas m\u00e1s relevantes del Plan de Recuperaci\u00f3n, Transformaci\u00f3n y Resiliencia incluidas en el borrador de los PGE:<\/span><\/h3>\n<ul>\n<li><span style=\"color: #ffffff;\"><strong><span style=\"font-size: 14pt;\">Incentivar el veh\u00edculo el\u00e9ctrico: 445 millones de euros<\/span><\/strong><\/span><\/li>\n<li><span style=\"color: #ffffff;\"><strong><span style=\"font-size: 14pt;\">Incrementar la oferta de vivienda de alquiler a un precio asequible: 500 millones<\/span><\/strong><\/span><\/li>\n<li><span style=\"color: #ffffff;\"><strong><span style=\"font-size: 14pt;\">Desarrollo de energ\u00edas renovables innovadoras: 435 millones de euros<\/span><\/strong><\/span><\/li>\n<li><span style=\"color: #ffffff;\"><strong><span style=\"font-size: 14pt;\">Fomento del trabajo joven: 255 millones de euros<\/span><\/strong><\/span><\/li>\n<li><span style=\"color: #ffffff;\"><strong><span style=\"font-size: 14pt;\">Impulso de la competitividad y la sostenibilidad industrial: 2.784,5 millones de euros<\/span><\/strong><\/span><\/li>\n<li><span style=\"color: #ffffff;\"><strong><span style=\"font-size: 14pt;\">Acciones de digitalizaci\u00f3n de las PYMES: 1.626 millones de euros<\/span><\/strong><\/span><\/li>\n<li><span style=\"color: #ffffff;\"><strong><span style=\"font-size: 14pt;\">Transformaci\u00f3n del modelo tur\u00edstico hacia la sostenibilidad: 766,7 millones de euros<\/span><\/strong><\/span><\/li>\n<li><span style=\"color: #ffffff;\"><strong><span style=\"font-size: 14pt;\">Despliegue del 5G: 600 millones de euros<\/span><\/strong><\/span><\/li>\n<\/ul>\n<p>[\/vc_column_text][\/vc_column][\/vc_row][vc_row bg_color=\u00bb#f0f0f0&#8243; text_color=\u00bbcustom\u00bb custom_text_color=\u00bb#ffffff\u00bb text_align=\u00bbcenter\u00bb top_padding=\u00bb60&#8243; bottom_padding=\u00bb60&#8243;][vc_column width=\u00bb1\/6&#8243;][\/vc_column][vc_column text_align=\u00bbcenter\u00bb width=\u00bb2\/3&#8243;]<h4 class=\"headline font-special fontsize-l fontweight-600 lh-inherit align-center transform-inherit \" style=\"margin: 0 0 20px 0; color: #000000;\">Relaci\u00f3n informativa sobre los fondos de recuperaci\u00f3n europeos<\/h4>[vc_row_inner][vc_column_inner width=\u00bb1\/3&#8243;]<a href=\"https:\/\/www.foment.com\/wp-content\/uploads\/2022\/05\/28042022_Informe_de_Ejecucion_del_Plan_de_Recuperacion.pdf\" target=\"_blank\" class=\"catimage wpb_content_element color-light\" style=\"height: 300px;;\">\n\t\t\t<span style=\"background-image: url(https:\/\/www.foment.com\/wp-content\/uploads\/2022\/05\/informe-plan-recuperacion.png); height: 300px;;\"><\/span>\n\t\t\t<div class=\"catimage-overlay clearfix\" style=\"height: 300px;;\">\n\t\t\t\t<div class=\"catimage-text\">Informe de ejecuci\u00f3n abril 2022<\/div>\n\t\t\t<\/div><\/a>[\/vc_column_inner][vc_column_inner width=\u00bb1\/3&#8243;]<a href=\"https:\/\/www.lamoncloa.gob.es\/temas\/fondos-recuperacion\/Documents\/16032021_PreguntasRespuestasPR.pdf\" target=\"_blank\" class=\"catimage wpb_content_element color-light\" style=\"height: 300px;;\">\n\t\t\t<span style=\"background-image: url(https:\/\/www.foment.com\/wp-content\/uploads\/2021\/12\/16032021_PreguntasRespuestasPR.jpg); height: 300px;;\"><\/span>\n\t\t\t<div class=\"catimage-overlay clearfix\" style=\"height: 300px;;\">\n\t\t\t\t<div class=\"catimage-text\">Preguntas y respuestas<\/div>\n\t\t\t<\/div><\/a>[\/vc_column_inner][vc_column_inner width=\u00bb1\/3&#8243;]<a href=\"https:\/\/www.lamoncloa.gob.es\/temas\/fondos-recuperacion\/Documents\/160621-Plan_Recuperacion_Transformacion_Resiliencia.pdf\" target=\"_blank\" class=\"catimage wpb_content_element color-light\" style=\"height: 300px;;\">\n\t\t\t<span style=\"background-image: url(https:\/\/www.foment.com\/wp-content\/uploads\/2021\/12\/160621-Plan_Recuperacion_Transformacion_Resiliencia-scaled.jpg); height: 300px;;\"><\/span>\n\t\t\t<div class=\"catimage-overlay clearfix\" style=\"height: 300px;;\">\n\t\t\t\t<div class=\"catimage-text\">Plan de Recuperaci\u00f3n, Transformaci\u00f3n i Resiliencia<\/div>\n\t\t\t<\/div><\/a>[\/vc_column_inner][\/vc_row_inner]<div class=\"spacer\" style=\"height: 40px;\"><\/div><a href=\"https:\/\/www.foment.com\/relacio-informativa-fons-recuperacio-europeus\/\" target=\"_self\" class=\"button color-6 medium \" style=\"border-radius: 2px;\">ACCEDE A TODA LA DOCUMENTACI\u00d3N<\/a>[\/vc_column][vc_column width=\u00bb1\/6&#8243;][\/vc_column][\/vc_row][vc_row][vc_column width=\u00bb1\/1&#8243;]<h2 class=\"headline font-inherit fontsize-xxl fontweight-700 lh-inherit align-center transform-uppercase \" style=\"margin: 0 0 20px 0; color: #000000;\">Proyectos estrat\u00e9gicos para la recuperaci\u00f3n y transformaci\u00f3n econ\u00f3mica (PERTE)<\/h2>[vc_column_text]<\/p>\n<p style=\"text-align: justify;\"><span style=\"font-family: arial, helvetica, sans-serif;\">Los PERTE son proyectos de car\u00e1cter estrat\u00e9gico con gran capacidad de arrastre para el crecimiento econ\u00f3mico, el empleo y la competitividad de la econom\u00eda espa\u00f1ola, con un alto componente de colaboraci\u00f3n p\u00fablico-privada y transversales a las diferentes administraciones.<\/span><\/p>\n<p style=\"text-align: justify;\"><span style=\"font-family: arial, helvetica, sans-serif;\">Son una nueva figura, con vocaci\u00f3n de permanencia, concebida como un mecanismo de impulso y coordinaci\u00f3n de proyectos muy prioritarios, especialmente complejos o en los que exista un claro fallo de mercado, externalidades importantes o una insuficiente iniciativa o capacidad de inversi\u00f3n por parte del sector privado. Su objetivo es contribuir a una gesti\u00f3n \u00e1gil y eficiente de los fondos y reforzar los proyectos que contribuyan claramente a la transformaci\u00f3n de la econom\u00eda espa\u00f1ola.<\/span><\/p>\n<p>[\/vc_column_text][\/vc_column][\/vc_row][vc_row type=\u00bbfull_width_section\u00bb bg_color=\u00bb#ffffff\u00bb top_padding=\u00bb30&#8243; bottom_padding=\u00bb60&#8243; bg_position=\u00bbleft top\u00bb][vc_column width=\u00bb1\/1&#8243;]<h3 class=\"headline font-special fontsize-xxl fontweight-700 lh-inherit align-center transform-uppercase \" style=\"margin: 0 20px 20px 0; color: #000000;\">DESTACAMOS<\/h3>[\/vc_column][\/vc_row][vc_row top_padding=\u00bb0&#8243; bottom_padding=\u00bb60&#8243; bg_position=\u00bbleft top\u00bb][vc_column width=\u00bb1\/4&#8243;]<div onclick=\"location.href='https:\/\/www.foment.com\/es\/next-generation-eu\/';\" style=\"cursor:pointer;\"><div class=\"iconbox  wpb_content_element iconbox-style-3 icon-color-accent color-dark\"><i class=\"fa fa-check-square-o boxicon\" style=\"\"><\/i><h3>NEXT GENERATION EU<\/h3><p>El plan de recuperaci\u00f3n europeo se organiza en torno a tres grandes objetivos, cada uno de ellos con un presupuesto espec\u00edfico. Las inversiones que aspiren a conseguir financiaci\u00f3n de este instrumento tendr\u00e1n que cumplir una serie de condiciones.<\/p>\n<a href=\"https:\/\/www.foment.com\/es\/next-generation-eu\/\" target=\"_self\" class=\"button color-9 small \" style=\"border-radius: 2px;\"><i class='fa fa -caret-right'><\/i>Cons\u00faltalas<\/a><\/p><\/div><\/div><div class=\"spacer\" style=\"height: 10px;\"><\/div>[\/vc_column][vc_column width=\u00bb1\/4&#8243;]<div onclick=\"location.href='https:\/\/www.foment.com\/es\/el-plan-nacional-de-recuperacion-transformacion-y-resiliencia\/';\" style=\"cursor:pointer;\"><div class=\"iconbox  wpb_content_element iconbox-style-3 icon-color-accent color-dark\"><i class=\"fa fa-comments boxicon\" style=\"\"><\/i><h3>EL PLAN NACIONAL DE RECUPERACI\u00d3N, TRANSFORMACI\u00d3N Y RESILIENCIA<\/h3><p>El Plan Espa\u00f1a Puede presentarse por el Gobierno de Espa\u00f1a movilizar\u00e1 en los pr\u00f3ximos 3 a\u00f1os cerca de 69.500 millones de euros.<\/p>\n<a href=\"https:\/\/www.foment.com\/es\/el-plan-nacional-de-recuperacion-transformacion-y-resiliencia\/\" target=\"_self\" class=\"button color-9 small \" style=\"border-radius: 2px;\"><i class='fa fa-caret-right'><\/i>Coneix m\u00e9s<\/a><\/p><\/div><\/div><div class=\"spacer\" style=\"height: 10px;\"><\/div>[\/vc_column][vc_column width=\u00bb1\/4&#8243;]<div onclick=\"location.href='https:\/\/www.foment.com\/es\/calendarizacion-y-ejecucion\/';\" style=\"cursor:pointer;\"><div class=\"iconbox  wpb_content_element iconbox-style-3 icon-color-accent color-dark\"><i class=\"fa fa-calendar boxicon\" style=\"\"><\/i><h3>CALENDARI<\/h3><p>Consulta el calendari estimatiu de l&#8217;execuci\u00f3 del pla de recuperaci\u00f3 europeu<\/p>\n<a href=\"https:\/\/www.foment.com\/es\/calendarizacion-y-ejecucion\/\" target=\"_self\" class=\"button color-9 small \" style=\"border-radius: 2px;\"><i class='fa fa-caret -right'><\/i>Acceder<\/a><\/p><\/div><\/div><div class=\"spacer\" style=\"height: 10px;\"><\/div>[\/vc_column][vc_column width=\u00bb1\/4&#8243;]<div onclick=\"location.href='https:\/\/www.foment.com\/es\/fondos-europeos-preguntas-frecuentes\/';\" style=\"cursor:pointer;\"><div class=\"iconbox  wpb_content_element iconbox-style-3 icon-color-accent color-dark\"><i class=\"fa fa-info-circle boxicon\" style=\"\"><\/i><h3>PREGUNTAS FRECUENTES<\/h3><p>\n<p style=\"font-weight: 400;\">Recopilatori de les preguntes de major inter\u00e8s, aix\u00ed com les seves respostes, de cara a facilitar l&#8217;enteniment dels fons europeus.<\/p>\n<a href=\"https:\/\/www.foment.com\/es\/fondos-europeos-preguntas-frecuentes\/\" target=\"_self\" class=\"button color-9 small \" style=\"border-radius: 2px;\"><i class='fa fa-caret-right'><\/i>Veure m\u00e9s<\/a><\/p><\/div><\/div><div class=\"spacer\" style=\"height: 10px;\"><\/div>[\/vc_column][\/vc_row][vc_row bg_image=\u00bb118740&#8243; text_color=\u00bbcustom\u00bb custom_text_color=\u00bb#ffffff\u00bb top_padding=\u00bb120&#8243; bottom_padding=\u00bb120&#8243;][vc_column width=\u00bb1\/1&#8243;]<h3 class=\"headline font-inherit fontsize-xxl fontweight-700 lh-inherit align-center transform-inherit \" style=\" color: #ffffff;\">\u00bfTienes un proyecto que puede optar a los fondos europeos de recuperaci\u00f3n?<\/h3>[\/vc_column][\/vc_row][vc_row bg_color=\u00bb#ededed\u00bb top_padding=\u00bb60&#8243;][vc_column width=\u00bb1\/1&#8243;]<h3 class=\"headline font-special fontsize-xl fontweight-700 lh-inherit align-center transform-uppercase \" style=\"margin: 0 20px 20px 0; color: #000000;\">Cont\u00e1ctanos y te orientaremos<\/h3>[vc_column_text]<noscript class=\"ninja-forms-noscript-message\">\n\tAviso: Se requiere JavaScript para este contenido.<\/noscript>\n<div id=\"nf-form-19-cont\" class=\"nf-form-cont\" aria-live=\"polite\" aria-labelledby=\"nf-form-title-19\" aria-describedby=\"nf-form-errors-19\" role=\"form\">\n\n    <div class=\"nf-loading-spinner\"><\/div>\n\n<\/div>\n        <!-- TODO: Move to Template File. -->\n        <script>var formDisplay=1;var nfForms=nfForms||[];var form=[];form.id='19';form.settings={\"objectType\":\"Form Setting\",\"editActive\":true,\"title\":\"Formulario proyectos fondos europeos de recuperaci\\u00f3n\",\"created_at\":\"2021-01-11 12:36:26\",\"default_label_pos\":\"above\",\"show_title\":\"0\",\"clear_complete\":\"1\",\"hide_complete\":\"1\",\"logged_in\":\"\",\"wrapper_class\":\"\",\"element_class\":\"\",\"key\":\"\",\"add_submit\":\"0\",\"currency\":\"\",\"unique_field_error\":\"A form with this value has already been submitted.\",\"not_logged_in_msg\":\"\",\"sub_limit_msg\":\"The form has reached its submission limit.\",\"calculations\":[],\"formContentData\":[\"contactanos_y_te_orientamos_1610366570669\",\"hr_1570631569437\",\"nombre_1610366391077\",\"apellidos_1610366395670\",\"correo_electronico_1610366410451\",\"telefono_1610366418637\",\"nombre_de_la_organizacion_1610366431165\",\"tipo_de_organizacion_1610366437908\",\"esta_asociada_a_foment_1610366448149\",\"html_1605798254278\",\"acepto_la_informacion_basica_sobre_proteccion_de_datos_1610366463524\",\"html_1605799164503\",\"acepto_recibir_comunicaciones_de_foment_del_treball_1610366474149\",\"html_1610364898462\",\"enviar_1570632302654\",\"html_1605801923571\"],\"changeEmailErrorMsg\":\"Introduce una direcci\\u00f3n de correo electr\\u00f3nico v\\u00e1lida.\",\"changeDateErrorMsg\":\"\\u00a1Introduce una fecha v\\u00e1lida!\",\"confirmFieldErrorMsg\":\"Estos campos deben coincidir.\",\"fieldNumberNumMinError\":\"Error de n\\u00famero m\\u00ednimo\",\"fieldNumberNumMaxError\":\"Error de n\\u00famero m\\u00e1ximo\",\"fieldNumberIncrementBy\":\"Increm\\u00e9ntalo por \",\"formErrorsCorrectErrors\":\"Corrige los errores antes de enviar este formulario.\",\"validateRequiredField\":\"Este campo es obligatorio.\",\"honeypotHoneypotError\":\"Error de Honeypot\",\"fieldsMarkedRequired\":\"Los campos marcados con * son requeridos\",\"drawerDisabled\":false,\"allow_public_link\":0,\"embed_form\":\"\",\"repeatable_fieldsets\":\"\",\"ninjaForms\":\"Ninja Forms\",\"fieldTextareaRTEInsertLink\":\"Insertar enlace\",\"fieldTextareaRTEInsertMedia\":\"Insertar medios\",\"fieldTextareaRTESelectAFile\":\"Seleccione un archivo\",\"formHoneypot\":\"Si eres un ser humano y est\\u00e1s viendo este campo, por favor d\\u00e9jalo vac\\u00edo.\",\"fileUploadOldCodeFileUploadInProgress\":\"Subida de archivo en curso.\",\"fileUploadOldCodeFileUpload\":\"SUBIDA DE ARCHIVO\",\"currencySymbol\":\"&#36;\",\"thousands_sep\":\".\",\"decimal_point\":\",\",\"siteLocale\":\"es_ES\",\"dateFormat\":\"m\\\/d\\\/Y\",\"startOfWeek\":\"1\",\"of\":\"de\",\"previousMonth\":\"Mes anterior\",\"nextMonth\":\"Pr\\u00f3ximo mes\",\"months\":[\"Enero\",\"Febrero\",\"Marzo\",\"Abril\",\"Mayo\",\"Junio\",\"Julio\",\"Agosto\",\"Septiembre\",\"Octubre\",\"Noviembre\",\"Diciembre\"],\"monthsShort\":[\"Ene\",\"Feb\",\"Mar\",\"Abr\",\"Mayo\",\"Jun\",\"Jul\",\"Ago\",\"Sep\",\"Oct\",\"Nov\",\"Dic\"],\"weekdays\":[\"Domingo\",\"Lunes\",\"Martes\",\"Mi\\u00e9rcoles\",\"Jueves\",\"Viernes\",\"S\\u00e1bado\"],\"weekdaysShort\":[\"Dom\",\"Lun\",\"Mar\",\"Mi\\u00e9\",\"Jue\",\"Vie\",\"S\\u00e1b\"],\"weekdaysMin\":[\"Do\",\"Lu\",\"Ma\",\"Mi\",\"Ju\",\"Vi\",\"S\\u00e1\"],\"recaptchaConsentMissing\":\"reCapctha validation couldn&#039;t load.\",\"recaptchaMissingCookie\":\"reCaptcha v3 validation couldn&#039;t load the cookie needed to submit the form.\",\"recaptchaConsentEvent\":\"Accept reCaptcha cookies before sending the form.\",\"currency_symbol\":\"\",\"beforeForm\":\"\",\"beforeFields\":\"\",\"afterFields\":\"\",\"afterForm\":\"\"};form.fields=[{\"objectType\":\"Field\",\"objectDomain\":\"fields\",\"editActive\":false,\"order\":1,\"idAttribute\":\"id\",\"label\":\"Cont\\u00e1ctanos y te orientamos\",\"type\":\"html\",\"default\":\"<h2>Cont\\u00e1ctanos y te orientamos<\\\/h2>\",\"container_class\":\"\",\"element_class\":\"\",\"key\":\"contactanos_y_te_orientamos_1610366570669\",\"drawerDisabled\":false,\"field_label\":\"Contacta\\u2019ns i t\\u2019orientem!\",\"field_key\":\"contacta_ns_i_t_orientem_1605797738920\",\"id\":335,\"beforeField\":\"\",\"afterField\":\"\",\"value\":\"<h2>Cont\\u00e1ctanos y te orientamos<\\\/h2>\",\"label_pos\":\"above\",\"parentType\":\"html\",\"element_templates\":[\"html\",\"input\"],\"old_classname\":\"\",\"wrap_template\":\"wrap\"},{\"objectType\":\"Field\",\"objectDomain\":\"fields\",\"editActive\":false,\"order\":2,\"idAttribute\":\"id\",\"label\":\"Divider\",\"type\":\"hr\",\"container_class\":\"\",\"element_class\":\"\",\"key\":\"hr_1570631569437\",\"field_label\":\"Divider\",\"field_key\":\"hr_1570631569437\",\"drawerDisabled\":\"\",\"id\":329,\"beforeField\":\"\",\"afterField\":\"\",\"value\":\"\",\"label_pos\":\"above\",\"parentType\":\"hr\",\"element_templates\":[\"hr\",\"input\"],\"old_classname\":\"\",\"wrap_template\":\"wrap\"},{\"objectType\":\"Field\",\"objectDomain\":\"fields\",\"editActive\":false,\"order\":3,\"idAttribute\":\"id\",\"label\":\"Nombre\",\"type\":\"textbox\",\"key\":\"nombre_1610366391077\",\"label_pos\":\"above\",\"required\":1,\"default\":\"\",\"placeholder\":\"\",\"container_class\":\"one-half first\",\"element_class\":\"\",\"input_limit\":\"\",\"input_limit_type\":\"characters\",\"input_limit_msg\":\"Character(s) left\",\"manual_key\":\"\",\"admin_label\":\"\",\"help_text\":\"<p><br><\\\/p>\",\"mask\":\"\",\"custom_mask\":\"\",\"custom_name_attribute\":\"\",\"personally_identifiable\":\"\",\"value\":\"\",\"drawerDisabled\":\"\",\"field_label\":\"Nom\",\"field_key\":\"nom_1605789576096\",\"id\":330,\"beforeField\":\"\",\"afterField\":\"\",\"parentType\":\"textbox\",\"element_templates\":[\"textbox\",\"input\"],\"old_classname\":\"\",\"wrap_template\":\"wrap\"},{\"objectType\":\"Field\",\"objectDomain\":\"fields\",\"editActive\":false,\"order\":4,\"idAttribute\":\"id\",\"label\":\"Apellidos\",\"type\":\"textbox\",\"key\":\"apellidos_1610366395670\",\"label_pos\":\"above\",\"required\":0,\"default\":\"\",\"placeholder\":\"\",\"container_class\":\"one-half second\",\"element_class\":\"\",\"input_limit\":\"\",\"input_limit_type\":\"characters\",\"input_limit_msg\":\"Character(s) left\",\"manual_key\":\"\",\"admin_label\":\"\",\"help_text\":\"\",\"mask\":\"\",\"custom_mask\":\"\",\"custom_name_attribute\":\"\",\"personally_identifiable\":\"\",\"value\":\"\",\"drawerDisabled\":\"\",\"field_label\":\"Cognom\\\/s\",\"field_key\":\"cognom_s_1605789588274\",\"id\":331,\"beforeField\":\"\",\"afterField\":\"\",\"parentType\":\"textbox\",\"element_templates\":[\"textbox\",\"input\"],\"old_classname\":\"\",\"wrap_template\":\"wrap\"},{\"objectType\":\"Field\",\"objectDomain\":\"fields\",\"editActive\":false,\"order\":5,\"idAttribute\":\"id\",\"label\":\"Correo electr\\u00f3nico\",\"type\":\"textbox\",\"key\":\"correo_electronico_1610366410451\",\"label_pos\":\"above\",\"required\":1,\"default\":\"\",\"placeholder\":\"\",\"container_class\":\"one-half first\",\"element_class\":\"\",\"input_limit\":\"\",\"input_limit_type\":\"characters\",\"input_limit_msg\":\"Character(s) left\",\"manual_key\":\"\",\"admin_label\":\"\",\"help_text\":\"\",\"mask\":\"\",\"custom_mask\":\"\",\"custom_name_attribute\":\"\",\"personally_identifiable\":\"\",\"value\":\"\",\"drawerDisabled\":\"\",\"field_label\":\"Correu electr\\u00f2nic\",\"field_key\":\"correu_electronic_1605789595013\",\"id\":332,\"beforeField\":\"\",\"afterField\":\"\",\"parentType\":\"textbox\",\"element_templates\":[\"textbox\",\"input\"],\"old_classname\":\"\",\"wrap_template\":\"wrap\"},{\"objectType\":\"Field\",\"objectDomain\":\"fields\",\"editActive\":false,\"order\":6,\"idAttribute\":\"id\",\"label\":\"Tel\\u00e9fono\",\"type\":\"textbox\",\"key\":\"telefono_1610366418637\",\"label_pos\":\"above\",\"required\":0,\"default\":\"\",\"placeholder\":\"\",\"container_class\":\"one-half second\",\"element_class\":\"\",\"input_limit\":\"\",\"input_limit_type\":\"characters\",\"input_limit_msg\":\"Character(s) left\",\"manual_key\":\"\",\"admin_label\":\"\",\"help_text\":\"\",\"mask\":\"\",\"custom_mask\":\"\",\"custom_name_attribute\":\"\",\"personally_identifiable\":\"\",\"value\":\"\",\"drawerDisabled\":\"\",\"field_label\":\"Tel\\u00e8fon\",\"field_key\":\"telefon_1605789605142\",\"id\":333,\"beforeField\":\"\",\"afterField\":\"\",\"parentType\":\"textbox\",\"element_templates\":[\"textbox\",\"input\"],\"old_classname\":\"\",\"wrap_template\":\"wrap\"},{\"objectType\":\"Field\",\"objectDomain\":\"fields\",\"editActive\":false,\"order\":7,\"idAttribute\":\"id\",\"label\":\"Nombre de la organizaci\\u00f3n\",\"type\":\"textbox\",\"key\":\"nombre_de_la_organizacion_1610366431165\",\"label_pos\":\"above\",\"required\":0,\"default\":\"\",\"placeholder\":\"\",\"container_class\":\"\",\"element_class\":\"\",\"input_limit\":\"\",\"input_limit_type\":\"characters\",\"input_limit_msg\":\"Character(s) left\",\"manual_key\":\"\",\"admin_label\":\"\",\"help_text\":\"\",\"mask\":\"\",\"custom_mask\":\"\",\"custom_name_attribute\":\"\",\"personally_identifiable\":\"\",\"value\":\"\",\"drawerDisabled\":\"\",\"field_label\":\"Nom de l'organitzaci\\u00f3\",\"field_key\":\"nom_de_l_organitzacio_1606748701537\",\"id\":339,\"beforeField\":\"\",\"afterField\":\"\",\"parentType\":\"textbox\",\"element_templates\":[\"textbox\",\"input\"],\"old_classname\":\"\",\"wrap_template\":\"wrap\"},{\"objectType\":\"Field\",\"objectDomain\":\"fields\",\"editActive\":false,\"order\":8,\"idAttribute\":\"id\",\"label\":\"Tipo de organizaci\\u00f3n\",\"type\":\"listselect\",\"key\":\"tipo_de_organizacion_1610366437908\",\"label_pos\":\"above\",\"required\":0,\"options\":[{\"errors\":[],\"max_options\":0,\"label\":\"Empresa\",\"value\":\"empresa\",\"calc\":\"\",\"selected\":0,\"order\":0,\"settingModel\":{\"settings\":false,\"hide_merge_tags\":false,\"error\":false,\"name\":\"options\",\"type\":\"option-repeater\",\"label\":\"Options <a href=\\\"#\\\" class=\\\"nf-add-new\\\">Add New<\\\/a> <a href=\\\"#\\\" class=\\\"extra nf-open-import-tooltip\\\"><i class=\\\"fa fa-sign-in\\\" aria-hidden=\\\"true\\\"><\\\/i> Import<\\\/a>\",\"width\":\"full\",\"group\":\"\",\"value\":[{\"label\":\"One\",\"value\":\"one\",\"calc\":\"\",\"selected\":0,\"order\":0},{\"label\":\"Two\",\"value\":\"two\",\"calc\":\"\",\"selected\":0,\"order\":1},{\"label\":\"Three\",\"value\":\"three\",\"calc\":\"\",\"selected\":0,\"order\":2}],\"columns\":{\"label\":{\"header\":\"Label\",\"default\":\"\"},\"value\":{\"header\":\"Value\",\"default\":\"\"},\"calc\":{\"header\":\"Calc Value\",\"default\":\"\"},\"selected\":{\"header\":\"<span class=\\\"dashicons dashicons-yes\\\"><\\\/span>\",\"default\":0}}},\"manual_value\":true},{\"errors\":[],\"max_options\":0,\"label\":\"Organitzaci\\u00f3 col\\u00b7lectiva\",\"value\":\"organitzacio-collectiva\",\"calc\":\"\",\"selected\":0,\"order\":1,\"settingModel\":{\"settings\":false,\"hide_merge_tags\":false,\"error\":false,\"name\":\"options\",\"type\":\"option-repeater\",\"label\":\"Options <a href=\\\"#\\\" class=\\\"nf-add-new\\\">Add New<\\\/a> <a href=\\\"#\\\" class=\\\"extra nf-open-import-tooltip\\\"><i class=\\\"fa fa-sign-in\\\" aria-hidden=\\\"true\\\"><\\\/i> Import<\\\/a>\",\"width\":\"full\",\"group\":\"\",\"value\":[{\"label\":\"One\",\"value\":\"one\",\"calc\":\"\",\"selected\":0,\"order\":0},{\"label\":\"Two\",\"value\":\"two\",\"calc\":\"\",\"selected\":0,\"order\":1},{\"label\":\"Three\",\"value\":\"three\",\"calc\":\"\",\"selected\":0,\"order\":2}],\"columns\":{\"label\":{\"header\":\"Label\",\"default\":\"\"},\"value\":{\"header\":\"Value\",\"default\":\"\"},\"calc\":{\"header\":\"Calc Value\",\"default\":\"\"},\"selected\":{\"header\":\"<span class=\\\"dashicons dashicons-yes\\\"><\\\/span>\",\"default\":0}}},\"manual_value\":true}],\"container_class\":\"one-half first\",\"element_class\":\"\",\"admin_label\":\"\",\"help_text\":\"\",\"drawerDisabled\":\"\",\"field_label\":\"Tipus d'organitzaci\\u00f3\",\"field_key\":\"tipus_d_organitzacio_1606748892307\",\"id\":328,\"beforeField\":\"\",\"afterField\":\"\",\"value\":\"\",\"parentType\":\"list\",\"element_templates\":[\"listselect\",\"input\"],\"old_classname\":\"list-select\",\"wrap_template\":\"wrap\"},{\"objectType\":\"Field\",\"objectDomain\":\"fields\",\"editActive\":false,\"order\":9,\"idAttribute\":\"id\",\"label\":\"\\u00bfEst\\u00e1 asociada a Foment?\",\"type\":\"listcheckbox\",\"key\":\"esta_asociada_a_foment_1610366448149\",\"label_pos\":\"above\",\"required\":1,\"options\":[{\"errors\":[],\"max_options\":0,\"label\":\"S\\u00ed\",\"value\":\"s\",\"calc\":\"\",\"selected\":0,\"order\":0,\"settingModel\":{\"settings\":false,\"hide_merge_tags\":false,\"error\":false,\"name\":\"options\",\"type\":\"option-repeater\",\"label\":\"Options <a href=\\\"#\\\" class=\\\"nf-add-new\\\">Add New<\\\/a> <a href=\\\"#\\\" class=\\\"extra nf-open-import-tooltip\\\"><i class=\\\"fa fa-sign-in\\\" aria-hidden=\\\"true\\\"><\\\/i> Import<\\\/a>\",\"width\":\"full\",\"group\":\"\",\"value\":[{\"label\":\"One\",\"value\":\"one\",\"calc\":\"\",\"selected\":0,\"order\":0},{\"label\":\"Two\",\"value\":\"two\",\"calc\":\"\",\"selected\":0,\"order\":1},{\"label\":\"Three\",\"value\":\"three\",\"calc\":\"\",\"selected\":0,\"order\":2}],\"columns\":{\"label\":{\"header\":\"Label\",\"default\":\"\"},\"value\":{\"header\":\"Value\",\"default\":\"\"},\"calc\":{\"header\":\"Calc Value\",\"default\":\"\"},\"selected\":{\"header\":\"<span class=\\\"dashicons dashicons-yes\\\"><\\\/span>\",\"default\":0}}},\"manual_value\":true},{\"errors\":[],\"max_options\":0,\"label\":\"No\",\"value\":\"no\",\"calc\":\"\",\"selected\":0,\"order\":1,\"settingModel\":{\"settings\":false,\"hide_merge_tags\":false,\"error\":false,\"name\":\"options\",\"type\":\"option-repeater\",\"label\":\"Options <a href=\\\"#\\\" class=\\\"nf-add-new\\\">Add New<\\\/a> <a href=\\\"#\\\" class=\\\"extra nf-open-import-tooltip\\\"><i class=\\\"fa fa-sign-in\\\" aria-hidden=\\\"true\\\"><\\\/i> Import<\\\/a>\",\"width\":\"full\",\"group\":\"\",\"value\":[{\"label\":\"One\",\"value\":\"one\",\"calc\":\"\",\"selected\":0,\"order\":0},{\"label\":\"Two\",\"value\":\"two\",\"calc\":\"\",\"selected\":0,\"order\":1},{\"label\":\"Three\",\"value\":\"three\",\"calc\":\"\",\"selected\":0,\"order\":2}],\"columns\":{\"label\":{\"header\":\"Label\",\"default\":\"\"},\"value\":{\"header\":\"Value\",\"default\":\"\"},\"calc\":{\"header\":\"Calc Value\",\"default\":\"\"},\"selected\":{\"header\":\"<span class=\\\"dashicons dashicons-yes\\\"><\\\/span>\",\"default\":0}}},\"manual_value\":true}],\"container_class\":\"one-half second\",\"element_class\":\"\",\"admin_label\":\"\",\"help_text\":\"\",\"drawerDisabled\":false,\"field_label\":\"Est\\u00e0 associada a Foment?\",\"field_key\":\"esta_associada_a_foment_1606748949271\",\"id\":340,\"beforeField\":\"\",\"afterField\":\"\",\"value\":\"\",\"parentType\":\"list\",\"element_templates\":[\"listcheckbox\",\"input\"],\"old_classname\":\"list-checkbox\",\"wrap_template\":\"wrap\"},{\"objectType\":\"Field\",\"objectDomain\":\"fields\",\"editActive\":false,\"order\":10,\"idAttribute\":\"id\",\"label\":\"\",\"type\":\"html\",\"default\":\"<p><br><\\\/p>\",\"container_class\":\"\",\"element_class\":\"\",\"key\":\"html_1605798254278\",\"drawerDisabled\":\"\",\"field_label\":\"\",\"field_key\":\"html_1605798254278\",\"id\":336,\"beforeField\":\"\",\"afterField\":\"\",\"value\":\"<p><br><\\\/p>\",\"label_pos\":\"above\",\"parentType\":\"html\",\"element_templates\":[\"html\",\"input\"],\"old_classname\":\"\",\"wrap_template\":\"wrap\"},{\"objectType\":\"Field\",\"objectDomain\":\"fields\",\"editActive\":false,\"order\":11,\"idAttribute\":\"id\",\"type\":\"checkbox\",\"label\":\"Acepto la informaci\\u00f3n b\\u00e1sica sobre Protecci\\u00f3n de Datos\",\"key\":\"acepto_la_informacion_basica_sobre_proteccion_de_datos_1610366463524\",\"label_pos\":\"right\",\"required\":1,\"container_class\":\"\",\"element_class\":\"\",\"manual_key\":\"\",\"admin_label\":\"\",\"help_text\":\"\",\"default_value\":\"checked\",\"checked_value\":\"Checked\",\"unchecked_value\":\"Unchecked\",\"checked_calc_value\":\"\",\"unchecked_calc_value\":\"\",\"drawerDisabled\":\"\",\"field_label\":\"Accepto la informaci\\u00f3 b\\u00e0sica sobre Protecci\\u00f3 de Dades\",\"field_key\":\"accepto_la_informacio_basica_sobre_proteccio_de_dades_1610364784198\",\"id\":341,\"beforeField\":\"\",\"afterField\":\"\",\"value\":\"\",\"parentType\":\"checkbox\",\"element_templates\":[\"checkbox\",\"input\"],\"old_classname\":\"\",\"wrap_template\":\"wrap\"},{\"objectType\":\"Field\",\"objectDomain\":\"fields\",\"editActive\":false,\"order\":12,\"idAttribute\":\"id\",\"label\":\" Copy\",\"type\":\"html\",\"default\":\"\",\"container_class\":\"\",\"element_class\":\"\",\"key\":\"html_1605799164503\",\"drawerDisabled\":\"\",\"field_label\":\" Copy\",\"field_key\":\"html_1605799164503\",\"id\":337,\"beforeField\":\"\",\"afterField\":\"\",\"value\":\"\",\"label_pos\":\"above\",\"parentType\":\"html\",\"element_templates\":[\"html\",\"input\"],\"old_classname\":\"\",\"wrap_template\":\"wrap\"},{\"objectType\":\"Field\",\"objectDomain\":\"fields\",\"editActive\":false,\"order\":13,\"idAttribute\":\"id\",\"type\":\"checkbox\",\"label\":\"Acepto recibir comunicaciones de Foment del Treball\",\"key\":\"acepto_recibir_comunicaciones_de_foment_del_treball_1610366474149\",\"label_pos\":\"right\",\"required\":\"\",\"container_class\":\"\",\"element_class\":\"\",\"manual_key\":\"\",\"admin_label\":\"\",\"help_text\":\"\",\"default_value\":\"unchecked\",\"checked_value\":\"Checked\",\"unchecked_value\":\"Unchecked\",\"checked_calc_value\":\"\",\"unchecked_calc_value\":\"\",\"drawerDisabled\":false,\"field_label\":\"Accepto rebre comunicacions de Foment del Treball\",\"field_key\":\"accepto_rebre_comunicacions_de_foment_del_treball_1610364817214\",\"id\":342,\"beforeField\":\"\",\"afterField\":\"\",\"value\":\"\",\"parentType\":\"checkbox\",\"element_templates\":[\"checkbox\",\"input\"],\"old_classname\":\"\",\"wrap_template\":\"wrap\"},{\"objectType\":\"Field\",\"objectDomain\":\"fields\",\"editActive\":false,\"order\":14,\"idAttribute\":\"id\",\"label\":\" Copy Copy\",\"type\":\"html\",\"default\":\"\",\"container_class\":\"\",\"element_class\":\"\",\"key\":\"html_1610364898462\",\"drawerDisabled\":\"\",\"field_label\":\" Copy Copy\",\"field_key\":\"html_1610364898462\",\"id\":343,\"beforeField\":\"\",\"afterField\":\"\",\"value\":\"\",\"label_pos\":\"above\",\"parentType\":\"html\",\"element_templates\":[\"html\",\"input\"],\"old_classname\":\"\",\"wrap_template\":\"wrap\"},{\"objectType\":\"Field\",\"objectDomain\":\"fields\",\"editActive\":false,\"order\":15,\"idAttribute\":\"id\",\"label\":\"Enviar\",\"type\":\"submit\",\"processing_label\":\"Enviant...\",\"container_class\":\"\",\"element_class\":\"nj-fr-custom-button\",\"key\":\"enviar_1570632302654\",\"drawerDisabled\":\"\",\"field_label\":\"Enviar\",\"field_key\":\"enviar_1570632302654\",\"id\":334,\"beforeField\":\"\",\"afterField\":\"\",\"value\":\"\",\"label_pos\":\"above\",\"parentType\":\"textbox\",\"element_templates\":[\"submit\",\"button\",\"input\"],\"old_classname\":\"\",\"wrap_template\":\"wrap-no-label\"},{\"objectType\":\"Field\",\"objectDomain\":\"fields\",\"editActive\":false,\"order\":16,\"idAttribute\":\"id\",\"label\":\" Copy Copy\",\"type\":\"html\",\"default\":\"<p><br><\\\/p><p><br><\\\/p>\",\"container_class\":\"\",\"element_class\":\"\",\"key\":\"html_1605801923571\",\"drawerDisabled\":\"\",\"field_label\":\" Copy Copy\",\"field_key\":\"html_1605801923571\",\"id\":338,\"beforeField\":\"\",\"afterField\":\"\",\"value\":\"<p><br><\\\/p><p><br><\\\/p>\",\"label_pos\":\"above\",\"parentType\":\"html\",\"element_templates\":[\"html\",\"input\"],\"old_classname\":\"\",\"wrap_template\":\"wrap\"}];nfForms.push(form);<\/script>\n        [\/vc_column_text][\/vc_column][\/vc_row][vc_row type=\u00bbfull_width_section\u00bb bg_color=\u00bb#ffffff\u00bb top_padding=\u00bb0&#8243; bottom_padding=\u00bb60&#8243; bg_position=\u00bbleft top\u00bb][\/vc_row][vc_column width=\u00bb1\/1&#8243;][\/vc_column]<div class=\"divider divider1\" style='margin:0px 0px 30px 0px !important;'><\/div>\n<\/section>","protected":false},"excerpt":{"rendered":"<p>[vc_row text_align=\u00bbcenter\u00bb top_padding=\u00bb20&#8243; bottom_padding=\u00bb60&#8243;][vc_column width=\u00bb1\/2&#8243;][vc_column_text] El Plan guiar\u00e1 la ejecuci\u00f3n de aproximadamente 69.500 millones de euros (aproximadamente el 50% de los recursos con los que cuenta Espa\u00f1a gracias al instrumento Next Generation EU) entre los a\u00f1os 2021 y 2023, con el objetivo de acelerar la transformaci\u00f3n de la econom\u00eda mediante proyectos que se ejecutar\u00e1n en ese mismo plazo. \u00c9stos se canalizar\u00e1n a trav\u00e9s del Mecanismo para la Recuperaci\u00f3n y la Resiliencia (59.000 millones en transferencias) y REACT-EU (12.400 millones). A esto hay que a\u00f1adir 79.000 millones de los fondos estructurales y de la pol\u00edtica agr\u00edcola com\u00fan (PAC) previstos por Espa\u00f1a para el per\u00edodo 2021-27. [\/vc_column_text][\/vc_column][vc_column width=\u00bb1\/2&#8243;][vc_column_text] Estas ayudas permitir\u00e1n sumar anualmente 2,5 puntos en el PIB y crear 800.000 puestos de trabajo en los pr\u00f3ximos tres a\u00f1os. Cumple con las prioridades del Plan europeo de recuperaci\u00f3n: la inversi\u00f3n verde representa casi el 40% del total y la digitalizaci\u00f3n casi el 30%. Tambi\u00e9n apuesta claramente por la educaci\u00f3n y la formaci\u00f3n (10%), la I+D+i (7%) y el refuerzo de la inclusi\u00f3n social y la cohesi\u00f3n en todo el territorio. Se estructura en base a diez pol\u00edticas tractoras que inciden directamente en aquellos sectores productivos con mayor capacidad de transformaci\u00f3n del tejido [&hellip;]<\/p>\n","protected":false},"author":10,"featured_media":0,"parent":0,"menu_order":0,"comment_status":"closed","ping_status":"closed","template":"","meta":{"_links_to":"","_links_to_target":""},"acf":[],"wps_subtitle":"","_links":{"self":[{"href":"https:\/\/www.foment.com\/es\/wp-json\/wp\/v2\/pages\/133379"}],"collection":[{"href":"https:\/\/www.foment.com\/es\/wp-json\/wp\/v2\/pages"}],"about":[{"href":"https:\/\/www.foment.com\/es\/wp-json\/wp\/v2\/types\/page"}],"author":[{"embeddable":true,"href":"https:\/\/www.foment.com\/es\/wp-json\/wp\/v2\/users\/10"}],"replies":[{"embeddable":true,"href":"https:\/\/www.foment.com\/es\/wp-json\/wp\/v2\/comments?post=133379"}],"version-history":[{"count":13,"href":"https:\/\/www.foment.com\/es\/wp-json\/wp\/v2\/pages\/133379\/revisions"}],"predecessor-version":[{"id":144867,"href":"https:\/\/www.foment.com\/es\/wp-json\/wp\/v2\/pages\/133379\/revisions\/144867"}],"wp:attachment":[{"href":"https:\/\/www.foment.com\/es\/wp-json\/wp\/v2\/media?parent=133379"}],"curies":[{"name":"wp","href":"https:\/\/api.w.org\/{rel}","templated":true}]}}