{"id":16447,"date":"2016-10-16T10:55:38","date_gmt":"2016-10-16T08:55:38","guid":{"rendered":"http:\/\/foment.itartech.com\/?page_id=16447"},"modified":"2026-03-27T12:06:59","modified_gmt":"2026-03-27T11:06:59","slug":"estructura-ejecutiva","status":"publish","type":"page","link":"https:\/\/www.foment.com\/es\/sobre-nosotros\/estructura-ejecutiva\/","title":{"rendered":"Estructura Ejecutiva"},"content":{"rendered":"<section class=\"wpb-content-wrapper\"><p>[vc_section][vc_row][vc_column width=\u00bb1\/1&#8243;]\n\t\t\t<!-- START estructura ejecutiva REVOLUTION SLIDER 6.4.6 --><p class=\"rs-p-wp-fix\"><\/p>\n\t\t\t<rs-module-wrap id=\"rev_slider_182_1_wrapper\" data-source=\"gallery\" style=\"background:transparent;padding:0;margin:0px auto;margin-top:0;margin-bottom:0;\">\n\t\t\t\t<rs-module id=\"rev_slider_182_1\" style=\"\" data-version=\"6.4.6\">\n\t\t\t\t\t<rs-slides>\n\t\t\t\t\t\t<rs-slide data-key=\"rs-233\" data-title=\"Slide\" data-anim=\"ms:600;\" data-in=\"o:0;\" data-out=\"a:false;\">\n\t\t\t\t\t\t\t<img src=\"\/\/www.foment.com\/wp-content\/plugins\/revslider\/public\/assets\/assets\/dummy.png\" title=\"FOMENTjuly2025001ok\" width=\"2560\" height=\"1264\" class=\"rev-slidebg tp-rs-img rs-lazyload\" data-lazyload=\"\/\/www.foment.com\/wp-content\/uploads\/2025\/07\/FOMENTjuly2025001ok-1-scaled.jpg\" data-parallax=\"off\" data-no-retina>\n<!--\n\t\t\t\t\t\t\t--><rs-layer\n\t\t\t\t\t\t\t\tid=\"slider-182-slide-233-layer-0\" \n\t\t\t\t\t\t\t\tdata-type=\"text\"\n\t\t\t\t\t\t\t\tdata-rsp_ch=\"on\"\n\t\t\t\t\t\t\t\tdata-xy=\"x:c;y:m;yo:-60px,-66px,-40px,-25px;\"\n\t\t\t\t\t\t\t\tdata-text=\"w:normal;s:30,30,28,28;l:66,54,41,25;fw:700;a:center;\"\n\t\t\t\t\t\t\t\tdata-dim=\"w:979px,808px,613px,378px;\"\n\t\t\t\t\t\t\t\tdata-frame_999=\"o:0;st:w;\"\n\t\t\t\t\t\t\t\tstyle=\"z-index:5;font-family:Montserrat;\"\n\t\t\t\t\t\t\t>ESTRUCTURA EJECUTIVA<br \/>\n \n\t\t\t\t\t\t\t<\/rs-layer><!--\n\n\t\t\t\t\t\t\t--><rs-layer\n\t\t\t\t\t\t\t\tid=\"slider-182-slide-233-layer-2\" \n\t\t\t\t\t\t\t\tdata-type=\"text\"\n\t\t\t\t\t\t\t\tdata-rsp_ch=\"on\"\n\t\t\t\t\t\t\t\tdata-xy=\"x:c;y:m;yo:20px,14px,29px,61px;\"\n\t\t\t\t\t\t\t\tdata-text=\"w:normal;s:20,20,16,18;l:30,30,25,23;a:center;\"\n\t\t\t\t\t\t\t\tdata-dim=\"w:857px,773px,587px,362px;\"\n\t\t\t\t\t\t\t\tdata-frame_999=\"o:0;st:w;\"\n\t\t\t\t\t\t\t\tstyle=\"z-index:7;font-family:Montserrat;\"\n\t\t\t\t\t\t\t>Conoce aqu\u00ed nuestro equipo de profesionales expertos en el \u00e1mbito empresarial que conforma el \u00f3rgano de gobierno de Foment del Treball. \n\t\t\t\t\t\t\t<\/rs-layer><!--\n-->\t\t\t\t\t\t<\/rs-slide>\n\t\t\t\t\t<\/rs-slides>\n\t\t\t\t<\/rs-module>\n\t\t\t\t<script type=\"text\/javascript\">\n\t\t\t\t\tsetREVStartSize({c: 'rev_slider_182_1',rl:[1240,1024,778,480],el:[500,600,360,360],gw:[1240,1024,778,480],gh:[500,600,360,360],type:'hero',justify:'',layout:'fullwidth',mh:\"0\"});\n\t\t\t\t\tvar\trevapi182,\n\t\t\t\t\t\ttpj;\n\t\t\t\t\tfunction revinit_revslider1821() {\n\t\t\t\t\tjQuery(function() {\n\t\t\t\t\t\ttpj = jQuery;\n\t\t\t\t\t\trevapi182 = tpj(\"#rev_slider_182_1\");\n\t\t\t\t\t\tif(revapi182==undefined || revapi182.revolution == undefined){\n\t\t\t\t\t\t\trevslider_showDoubleJqueryError(\"rev_slider_182_1\");\n\t\t\t\t\t\t}else{\n\t\t\t\t\t\t\trevapi182.revolution({\n\t\t\t\t\t\t\t\tsliderType:\"hero\",\n\t\t\t\t\t\t\t\tDPR:\"dpr\",\n\t\t\t\t\t\t\t\tsliderLayout:\"fullwidth\",\n\t\t\t\t\t\t\t\tvisibilityLevels:\"1240,1024,778,480\",\n\t\t\t\t\t\t\t\tgridwidth:\"1240,1024,778,480\",\n\t\t\t\t\t\t\t\tgridheight:\"500,600,360,360\",\n\t\t\t\t\t\t\t\tlazyType:\"smart\",\n\t\t\t\t\t\t\t\tperspective:600,\n\t\t\t\t\t\t\t\tperspectiveType:\"local\",\n\t\t\t\t\t\t\t\teditorheight:\"500,600,360,360\",\n\t\t\t\t\t\t\t\tresponsiveLevels:\"1240,1024,778,480\",\n\t\t\t\t\t\t\t\tprogressBar:{disableProgressBar:true},\n\t\t\t\t\t\t\t\tparallax: {\n\t\t\t\t\t\t\t\t\tlevels:[2,3,4,5,6,7,12,16,10,50,47,48,49,50,51,55],\n\t\t\t\t\t\t\t\t\ttype:\"mouse\",\n\t\t\t\t\t\t\t\t\torigo:\"slidercenter\",\n\t\t\t\t\t\t\t\t\tspeed:2000\n\t\t\t\t\t\t\t\t},\n\t\t\t\t\t\t\t\tfallbacks: {\n\t\t\t\t\t\t\t\t\tallowHTML5AutoPlayOnAndroid:true\n\t\t\t\t\t\t\t\t},\n\t\t\t\t\t\t\t});\n\t\t\t\t\t\t}\n\t\t\t\t\t\t\n\t\t\t\t\t});\n\t\t\t\t\t} \/\/ End of RevInitScript\n\t\t\t\tvar once_revslider1821 = false;\n\t\t\t\tif (document.readyState === \"loading\") {document.addEventListener('readystatechange',function() { if((document.readyState === \"interactive\" || document.readyState === \"complete\") && !once_revslider1821 ) { once_revslider1821 = true; revinit_revslider1821();}});} else {once_revslider1821 = true; revinit_revslider1821();}\n\t\t\t\t<\/script>\n\t\t\t<\/rs-module-wrap>\n\t\t\t<!-- END REVOLUTION SLIDER -->\n[\/vc_column][\/vc_row][\/vc_section][vc_row bg_color=\u00bb#efefef\u00bb top_padding=\u00bb50&#8243; bottom_padding=\u00bb50&#8243;][vc_column width=\u00bb1\/1&#8243;][vc_column_text]<\/p>\n<div dir=\"ltr\">\n<div dir=\"ltr\">\n<p style=\"text-align: center;\">El Secretario General es el m\u00e1ximo responsable ejecutivo y como tal lleva a cabo los acuerdos y directrices de los \u00f3rganos de gobierno. Nombrado por la Junta Directiva, dirige las \u00e1reas, departamentos t\u00e9cnicos y servicios internos de la organizaci\u00f3n.<\/p>\n<p style=\"text-align: center;\">El Comit\u00e9 Ejecutivo y la Junta Directiva de Foment del Treball aprobaron a principios de 2019 una nueva estructura organizativa, el objetivo fundamental es fortalecer la actividad de la patronal catalana como representante de las empresas ante las administraciones y los reguladores , seg\u00fan el programa de trabajo de la nueva Presidencia y de los nuevos \u00d3rganos de Gobierno de<strong> modernizar, rejuvenecer, feminizar, renovar y generar ilusi\u00f3n de futuro<\/strong>.<\/p>\n<\/div>\n<\/div>\n<p>[\/vc_column_text][\/vc_column][\/vc_row][vc_row top_padding=\u00bb70&#8243; tablet_landscape_visibility=\u00bbhide\u00bb tablet_portrait_visibility=\u00bbhide\u00bb mobile_landscape_visibility=\u00bbhide\u00bb mobile_portrait_visibility=\u00bbhide\u00bb][vc_column width=\u00bb1\/1&#8243;][vc_row_inner el_id=\u00bbtextimages\u00bb el_class=\u00bbtextimages\u00bb][vc_column_inner width=\u00bb1\/4&#8243; offset=\u00bbvc_hidden-sm vc_hidden-xs\u00bb][vc_column_text]<div class=\"imagebox wpb_content_element style-2\"><div class=\"imagebox-img\"><img src=\"https:\/\/www.foment.com\/wp-content\/uploads\/2025\/01\/Josep-Sanchez-Llibre.jpg\" alt=\"\" \/><\/div>\n<h4><strong><span style=\"color: #020202;\">JOSEP S\u00c1NCHEZ LLIBRE<\/span><\/strong><a style=\"float: right;\" href=\"https:\/\/www.linkedin.com\/in\/joaquim-gay-de-montell\u00e0-51658220\" target=\"_blank\" rel=\"noopener noreferrer\"><br \/>\n<\/a><\/h4>\n<p><span style=\"color: #d1221d;\">Presidente<\/span><\/div>[\/vc_column_text][\/vc_column_inner][vc_column_inner width=\u00bb1\/4&#8243; offset=\u00bbvc_hidden-sm vc_hidden-xs\u00bb][vc_column_text]<div class=\"imagebox wpb_content_element style-2\"><div class=\"imagebox-img\"><img src=\"https:\/\/www.foment.com\/wp-content\/uploads\/2025\/01\/David-Tornos.png\" alt=\"\" \/><\/div>\n<h4><span style=\"color: #020202; font-weight: bold;\">DAVID TORNOS<\/span><\/h4>\n<p><span style=\"color: #d1221d;\">Secretario General<\/span><br \/>\n<i class=\"fa fa-phone minti-icon\" style=\"color:#000000 !important; font-size: 16px; margin: 0px 0px 0px 0px\"><\/i> <span style=\"color: #020202; font-weight: 500;\">934 841 203<\/span><br \/>\n<a href=\"mailto:secretaria.general@foment.com\">secretaria.general@foment.com<\/a><\/div>[\/vc_column_text][\/vc_column_inner][vc_column_inner width=\u00bb1\/4&#8243; offset=\u00bbvc_hidden-sm vc_hidden-xs\u00bb][vc_column_text]<div class=\"imagebox wpb_content_element style-2\"><div class=\"imagebox-img\"><img src=\"https:\/\/www.foment.com\/wp-content\/uploads\/2025\/01\/Laurea-Folch.png\" alt=\"\" \/><\/div>\n<h4><strong><span style=\"color: #000000;\">LAURE\u00c0 FOLCH<\/span><\/strong><a style=\"float: right;\" href=\"https:\/\/www.linkedin.com\/in\/laureafolch\/\" target=\"_blank\" rel=\"noopener noreferrer\"><i class=\"fa fa-linkedin-square minti-icon\" style=\"color:#888888 !important; font-size: 16px; margin: 0px 0px 0px 0px\"><\/i><\/a><\/h4>\n<p><span style=\"color: #d2112d;\">Director Ejecutivo y de Estrategia Digital<\/span><br \/>\n<i class=\"fa fa-phone minti-icon\" style=\"color:#000000 !important; font-size: 16px; margin: 0px 0px 0px 0px\"><\/i> <span style=\"color: #000000; font-weight: 500;\">934 841 200<\/span><br \/>\n<a href=\"mailto:direccio.executiva.com\">direccio.executiva@foment.com<\/a><\/div>[\/vc_column_text][\/vc_column_inner][vc_column_inner width=\u00bb1\/4&#8243; offset=\u00bbvc_hidden-sm vc_hidden-xs\u00bb][vc_column_text]<div class=\"imagebox wpb_content_element style-2\"><div class=\"imagebox-img\"><img src=\"https:\/\/www.foment.com\/wp-content\/uploads\/2025\/02\/merce-6-scaled.jpg\" alt=\"\" \/><\/div>\n<h4><strong><span style=\"color: #000000;\">MERC\u00c8 PUIG<\/span><\/strong><a style=\"float: right;\" href=\"https:\/\/www.linkedin.com\/in\/merxe-puig-mart%C3%ADnez-08a5a0119\/?originalSubdomain=es\" target=\"_blank\" rel=\"noopener noreferrer\"><i class=\"fa fa-linkedin-square minti-icon\" style=\"color:#888888 !important; font-size: 16px; margin: 0px 0px 0px 0px\"><\/i><\/a><\/h4>\n<p><span style=\"color: #d1221d;\">Directora de Gabinete de Presidencia<\/span><br \/>\n<i class=\"fa fa-phone minti-icon\" style=\"color:#000000 !important; font-size: 16px; margin: 0px 0px 0px 0px\"><\/i> <span style=\"color: #000000; font-weight: 500;\">934 841 245<\/span><br \/>\n<a href=\"mailto:presidencia@foment.com\">presidencia@foment.com<\/a><\/div>[\/vc_column_text][\/vc_column_inner][\/vc_row_inner][vc_row_inner el_id=\u00bbtextimages\u00bb el_class=\u00bbtextimages\u00bb][vc_column_inner width=\u00bb1\/4&#8243; css=\u00bb.vc_custom_1629735121928{margin-top: 25px !important;}\u00bb offset=\u00bbvc_hidden-sm vc_hidden-xs\u00bb][vc_column_text]<div class=\"imagebox wpb_content_element style-2\"><div class=\"imagebox-img\"><img src=\"https:\/\/www.foment.com\/wp-content\/uploads\/2025\/01\/Cesar-Sanchez.png\" alt=\"\" \/><\/div>\n<h4><strong><span style=\"color: #000000;\">C\u00c9SAR S\u00c1NCHEZ<\/span> <\/strong><a style=\"float: right;\" href=\"https:\/\/www.linkedin.com\/in\/cesarsanchezh\" target=\"_blank\" rel=\"noopener noreferrer\"><i class=\"fa fa-linkedin-square minti-icon\" style=\"color:#888888 !important; font-size: 16px; margin: 0px 0px 0px 0px\"><\/i><\/a><\/h4>\n<p><span style=\"color: #d2112d; font-size: 14px;\">Director Territorial y de Prevenci\u00f3n de Riesgos Laborales<\/span><br \/>\n<i class=\"fa fa-phone minti-icon\" style=\"color:#000000 !important; font-size: 16px; margin: 0px 0px 0px 0px\"><\/i> <span style=\"color: #000000; font-weight: 500;\">934 841 275<\/span><br \/>\n<a href=\"mailto:oficinatecnica@foment.com\">oficinatecnica@foment.com<\/a><\/div>[\/vc_column_text][\/vc_column_inner][vc_column_inner width=\u00bb1\/4&#8243; css=\u00bb.vc_custom_1629735129622{margin-top: 25px !important;}\u00bb offset=\u00bbvc_hidden-sm vc_hidden-xs\u00bb][vc_column_text]<div class=\"imagebox wpb_content_element style-2\"><div class=\"imagebox-img\"><img src=\"https:\/\/www.foment.com\/wp-content\/uploads\/2025\/01\/Salvador-Guillermo.jpg\" alt=\"\" \/><\/div>\n<h4><strong><span style=\"color: #000000;\">SALVADOR GUILLERMO<\/span><\/strong><\/h4>\n<p><span style=\"color: #d1221d;\">Director de Estudios y Econom\u00eda<\/span><br \/>\n<i class=\"fa fa-phone minti-icon\" style=\"color:#000000 !important; font-size: 16px; margin: 0px 0px 0px 0px\"><\/i> <span style=\"color: #000000; font-weight: 500;\">934 841 200<\/span><br \/>\n<a href=\"mailto:economia@foment.com\">economia@foment.com<\/a><\/div>[\/vc_column_text][\/vc_column_inner][vc_column_inner width=\u00bb1\/4&#8243; css=\u00bb.vc_custom_1629735138884{margin-top: 25px !important;}\u00bb offset=\u00bbvc_hidden-sm vc_hidden-xs\u00bb][vc_column_text]<div class=\"imagebox wpb_content_element style-2\"><div class=\"imagebox-img\"><img src=\"https:\/\/www.foment.com\/wp-content\/uploads\/2025\/01\/Joan-Foguet.jpg\" alt=\"\" \/><\/div>\n<h4><strong><span style=\"color: #000000;\">JOAN FOGUET<\/span><\/strong><a style=\"float: right;\" href=\"https:\/\/www.linkedin.com\/in\/joan-foguet-i-ferrer-a7502625\/en\/?originalSubdomain=es\" target=\"_blank\" rel=\"noopener noreferrer\"><i class=\"fa fa-linkedin-square minti-icon\" style=\"color:#888888 !important; font-size: 16px; margin: 0px 0px 0px 0px\"><\/i><\/a><\/h4>\n<p><span style=\"color: #d1221d;\">Director de Estrategia<\/span><br \/>\n<i class=\"fa fa-phone minti-icon\" style=\"color:#000000 !important; font-size: 16px; margin: 0px 0px 0px 0px\"><\/i> <span style=\"color: #000000; font-weight: 500;\">934 841 200<\/span><br \/>\n<a href=\"mailto:comunicacio@foment.com\">comunicacio@foment.com<\/a><\/div>[\/vc_column_text][\/vc_column_inner][vc_column_inner width=\u00bb1\/4&#8243; css=\u00bb.vc_custom_1629735165822{margin-top: 25px !important;}\u00bb offset=\u00bbvc_hidden-sm vc_hidden-xs\u00bb][vc_column_text]<div class=\"imagebox wpb_content_element style-2\"><div class=\"imagebox-img\"><img src=\"https:\/\/www.foment.com\/wp-content\/uploads\/2025\/01\/Marta-Suarez.jpg\" alt=\"\" \/><\/div>\n<h4><strong><span style=\"color: #000000;\">MARTA SU\u00c1REZ<\/span><\/strong><a style=\"float: right;\" href=\"https:\/\/www.linkedin.com\/in\/marta-su%C3%A1rez-bardella-ba328a108\/?originalSubdomain=es\" target=\"_blank\" rel=\"noopener noreferrer\"><i class=\"fa fa-linkedin-square minti-icon\" style=\"color:#888888 !important; font-size: 16px; margin: 0px 0px 0px 0px\"><\/i><\/a><\/h4>\n<p><span style=\"color: #d1221d;\">Directora de Comunicaci\u00f3n<\/span><br \/>\n<i class=\"fa fa-phone minti-icon\" style=\"color:#000000 !important; font-size: 16px; margin: 0px 0px 0px 0px\"><\/i> <span style=\"color: #000000; font-weight: 500;\">934 841 200<\/span><br \/>\n<a href=\"mailto:comunicacio@foment.com\">comunicacio@foment.com<\/a><\/div>[\/vc_column_text][\/vc_column_inner][\/vc_row_inner][vc_row_inner el_id=\u00bbtextimages\u00bb el_class=\u00bbtextimages\u00bb][vc_column_inner width=\u00bb1\/4&#8243; css=\u00bb.vc_custom_1629735221963{margin-top: 25px !important;}\u00bb offset=\u00bbvc_hidden-sm vc_hidden-xs\u00bb][vc_column_text]<div class=\"imagebox wpb_content_element style-2\"><div class=\"imagebox-img\"><img src=\"https:\/\/www.foment.com\/wp-content\/uploads\/2025\/01\/Benet-Maimi.png\" alt=\"\" \/><\/div>\n<h4><strong><span style=\"color: #000000;\">BENET MAIM\u00cd<\/span><\/strong><a style=\"float: right;\" href=\"https:\/\/www.linkedin.com\/in\/benet-maimi-pou\/?originalSubdomain=es\" target=\"_blank\" rel=\"noopener noreferrer\"><i class=\"fa fa-linkedin-square minti-icon\" style=\"color:#888888 !important; font-size: 16px; margin: 0px 0px 0px 0px\"><\/i><\/a><\/h4>\n<h4><\/h4>\n<p><span style=\"color: #d2112d; font-size: 14px;\">Director de Relaciones Institucionales y \u00c1rea de Negocio<\/span><br \/>\n<i class=\"fa fa-phone minti-icon\" style=\"color:#000000 !important; font-size: 16px; margin: 0px 0px 0px 0px\"><\/i> \u00a0<span style=\"color: #000000; font-weight: 500;\">934 841 200<\/span><br \/>\n<a href=\"mailto:bmaimi@foment.com\">bmaimi@foment.com<\/a><\/div>[\/vc_column_text][\/vc_column_inner][vc_column_inner width=\u00bb1\/4&#8243; css=\u00bb.vc_custom_1629735230066{margin-top: 25px !important;}\u00bb offset=\u00bbvc_hidden-sm vc_hidden-xs\u00bb][vc_column_text]<div class=\"imagebox wpb_content_element style-2\"><div class=\"imagebox-img\"><img src=\"https:\/\/www.foment.com\/wp-content\/uploads\/2025\/03\/Yesika-Aguilar.jpeg\" alt=\"\" \/><\/div>\n<h4><strong><span style=\"color: #000000;\">Y\u00c9SIKA AGUILAR<\/span><\/strong><a style=\"float: right;\" href=\"https:\/\/www.linkedin.com\/in\/mariamorarado\" target=\"_blank\" rel=\"noopener noreferrer\"><i class=\"fa fa-linkedin-square minti-icon\" style=\"color:#888888 !important; font-size: 16px; margin: 0px 0px 0px 0px\"><\/i><\/a><\/h4>\n<p><span style=\"color: #d2112d;\">Directora de Relaciones Laborales y Asuntos Sociales<\/span><br \/>\n<i class=\"fa fa-phone minti-icon\" style=\"color:#000000 !important; font-size: 16px; margin: 0px 0px 0px 0px\"><\/i> <span style=\"color: #000000; font-weight: 500;\">934 841 221<\/span><br \/>\n<a href=\"mailto:laboral@foment.com\">laboral@foment.com<\/a><\/div>[\/vc_column_text][\/vc_column_inner][vc_column_inner width=\u00bb1\/4&#8243; css=\u00bb.vc_custom_1629735239223{margin-top: 25px !important;}\u00bb offset=\u00bbvc_hidden-sm vc_hidden-xs\u00bb][vc_column_text]<div class=\"imagebox wpb_content_element style-2\"><div class=\"imagebox-img\"><img src=\"https:\/\/www.foment.com\/wp-content\/uploads\/2025\/01\/Maria-Mora.png\" alt=\"\" \/><\/div>\n<h4><strong><span style=\"color: #000000;\">MARIA MORA<\/span> <\/strong><a style=\"float: right;\" href=\"https:\/\/www.linkedin.com\/in\/mariamorarado\" target=\"_blank\" rel=\"noopener noreferrer\"><i class=\"fa fa-linkedin-square minti-icon\" style=\"color:#888888 !important; font-size: 16px; margin: 0px 0px 0px 0px\"><\/i><\/a><\/h4>\n<p><span style=\"color: #d2112d;\">Directora de Innovaci\u00f3n<\/span><br \/>\n<i class=\"fa fa-phone minti-icon\" style=\"color:#000000 !important; font-size: 16px; margin: 0px 0px 0px 0px\"><\/i> <span style=\"color: #000000; font-weight: 500;\">934 841 244<\/span><br \/>\n<a href=\"mailto:foment.empren@foment.com\">innovacio@foment.com<\/a><\/div>[\/vc_column_text][\/vc_column_inner][vc_column_inner width=\u00bb1\/4&#8243; css=\u00bb.vc_custom_1629735247459{margin-top: 25px !important;}\u00bb offset=\u00bbvc_hidden-sm vc_hidden-xs\u00bb][vc_column_text]<div class=\"imagebox wpb_content_element style-2\"><div class=\"imagebox-img\"><img src=\"https:\/\/www.foment.com\/wp-content\/uploads\/2025\/01\/Salvador-Sedo.png\" alt=\"\" \/><\/div>\n<h4><strong><span style=\"color: #000000;\">SALVADOR SED\u00d3<\/span><a style=\"float: right;\" href=\"https:\/\/www.linkedin.com\/in\/salvadorsedo\/?originalSubdomain=es\" target=\"_blank\" rel=\"noopener noreferrer\"><i class=\"fa fa-linkedin-square minti-icon\" style=\"color:#888888 !important; font-size: 16px; margin: 0px 0px 0px 0px\"><\/i><\/a><\/strong><\/h4>\n<p><span style=\"color: #d2112d; font-size: 14px;\">Director de Desarrollo Sostenible, Seguridad y Defensa<\/span><br \/>\n<i class=\"fa fa-phone minti-icon\" style=\"color:#000000 !important; font-size: 16px; margin: 0px 0px 0px 0px\"><\/i> \u00a0<span style=\"color: #000000; font-weight: 500;\">934 841 244<\/span><br \/>\n<a href=\"mailto:sostenible@foment.com\">sostenible@foment.com<\/a><\/div>[\/vc_column_text][\/vc_column_inner][\/vc_row_inner][vc_row_inner el_class=\u00bbtextimages\u00bb][vc_column_inner width=\u00bb1\/4&#8243; css=\u00bb.vc_custom_1629735221963{margin-top: 25px !important;}\u00bb offset=\u00bbvc_hidden-sm vc_hidden-xs\u00bb][vc_column_text]<div class=\"imagebox wpb_content_element style-2\"><div class=\"imagebox-img\"><img src=\"https:\/\/www.foment.com\/wp-content\/uploads\/2025\/01\/Kilian-Garcia-1.jpg\" alt=\"\" \/><\/div>\n<h4><strong><span style=\"color: #000000;\">KILIAN GARCIA<\/span><\/strong><a style=\"float: right;\" href=\"https:\/\/www.linkedin.com\/in\/kilian-garcia-b2209224\/\" target=\"_blank\" rel=\"noopener noreferrer\"><i class=\"fa fa-linkedin-square minti-icon\" style=\"color:#888888 !important; font-size: 16px; margin: 0px 0px 0px 0px\"><\/i><\/a><\/h4>\n<p><span style=\"color: #d2112d;\">Director de Internacional<\/span><br \/>\n<i class=\"fa fa-phone minti-icon\" style=\"color:#000000 !important; font-size: 16px; margin: 0px 0px 0px 0px\"><\/i> <span style=\"color: #000000; font-weight: 500;\">934 841 225<\/span><br \/>\n<a href=\"mailto:internacional@foment.com\">internacional@foment.com<\/a><\/div>[\/vc_column_text][\/vc_column_inner][vc_column_inner width=\u00bb1\/4&#8243; css=\u00bb.vc_custom_1629735230066{margin-top: 25px !important;}\u00bb offset=\u00bbvc_hidden-sm vc_hidden-xs\u00bb][vc_column_text]<div class=\"imagebox wpb_content_element style-2\"><div class=\"imagebox-img\"><img src=\"https:\/\/www.foment.com\/wp-content\/uploads\/2025\/01\/Ana-Olle-2.jpg\" alt=\"\" \/><\/div>\n<h4><strong><span style=\"color: #000000;\">ANA OLL\u00c9<\/span><\/strong><a style=\"float: right;\" href=\"https:\/\/www.linkedin.com\/in\/ana-oll%C3%A9-tejero-a24575119\/?originalSubdomain=es\" target=\"_blank\" rel=\"noopener noreferrer\"><i class=\"fa fa-linkedin-square minti-icon\" style=\"color:#888888 !important; font-size: 16px; margin: 0px 0px 0px 0px\"><\/i><\/a><\/h4>\n<p><span style=\"color: #d2112d;\">Directora de Asuntos Europeos<\/span><br \/>\n<i class=\"fa fa-phone minti-icon\" style=\"color:#000000 !important; font-size: 16px; margin: 0px 0px 0px 0px\"><\/i> <span style=\"color: #000000; font-weight: 500;\">934 841 205<\/span><br \/>\n<a href=\"mailto:aolle@foment.com\">aolle@foment.com<\/a><\/div>[\/vc_column_text][\/vc_column_inner][vc_column_inner width=\u00bb1\/4&#8243; css=\u00bb.vc_custom_1629735239223{margin-top: 25px !important;}\u00bb offset=\u00bbvc_hidden-sm vc_hidden-xs\u00bb][vc_column_text]<div class=\"imagebox wpb_content_element style-2\"><div class=\"imagebox-img\"><img src=\"https:\/\/www.foment.com\/wp-content\/uploads\/2025\/02\/Lperez-5-scaled.jpg\" alt=\"\" \/><\/div>\n<h4><strong><span style=\"color: #000000;\">LAURA P\u00c9REZ<\/span><\/strong><\/h4>\n<p><span style=\"color: #d2112d;\">Directora de Finanzas<\/span><br \/>\n<i class=\"fa fa-phone minti-icon\" style=\"color:#000000 !important; font-size: 16px; margin: 0px 0px 0px 0px\"><\/i> <span style=\"color: #000000; font-weight: 500;\">934 841 277<\/span><br \/>\n<a href=\"mailto:lperez@foment.com\">lperez@foment.com<\/a><\/div>[\/vc_column_text][\/vc_column_inner][vc_column_inner width=\u00bb1\/4&#8243; css=\u00bb.vc_custom_1629735247459{margin-top: 25px !important;}\u00bb offset=\u00bbvc_hidden-sm vc_hidden-xs\u00bb][vc_column_text]<div class=\"imagebox wpb_content_element style-2\"><div class=\"imagebox-img\"><img src=\"https:\/\/www.foment.com\/wp-content\/uploads\/2025\/02\/Patri-3.jpeg\" alt=\"\" \/><\/div>\n<h4><strong><span style=\"color: #000000;\">PATRICIA MONTSERRAT<\/span><\/strong><a style=\"float: right;\" href=\"https:\/\/www.linkedin.com\/in\/patriciamontserrat\/?originalSubdomain=es\" target=\"_blank\" rel=\"noopener noreferrer\"><i class=\"fa fa-linkedin-square minti-icon\" style=\"color:#888888 !important; font-size: 16px; margin: 0px 0px 0px 0px\"><\/i><\/a><\/h4>\n<p><span style=\"color: #d2112d;\">Directora de Foment Formaci\u00f3<\/span><br \/>\n<i class=\"fa fa-phone minti-icon\" style=\"color:#000000 !important; font-size: 16px; margin: 0px 0px 0px 0px\"><\/i> <span style=\"color: #000000; font-weight: 500;\">934 841 246<\/span><br \/>\n<a href=\"mailto:pmontserrat@foment.com\">pmontserrat@foment.com<\/a><\/div>[\/vc_column_text][\/vc_column_inner][\/vc_row_inner][vc_row_inner el_id=\u00bbtextimages\u00bb el_class=\u00bbtextimages\u00bb][vc_column_inner width=\u00bb1\/4&#8243; css=\u00bb.vc_custom_1629735255488{margin-top: 25px !important;}\u00bb offset=\u00bbvc_hidden-sm vc_hidden-xs\u00bb][vc_column_text]<div class=\"imagebox wpb_content_element style-2\"><div class=\"imagebox-img\"><img src=\"https:\/\/www.foment.com\/wp-content\/uploads\/2025\/01\/Jordi-Casas.png\" alt=\"\" \/><\/div>\n<h4><strong><span style=\"color: #000000;\">JORDI CASAS<\/span><\/strong><\/h4>\n<p><span style=\"color: #d1221d;\">Asesor de Presidencia (Ext.)<\/span><br \/>\n<i class=\"fa fa-phone minti-icon\" style=\"color:#00000 !important; font-size: 16px; margin: 0px 0px 0px 0px\"><\/i> <span style=\"color: #000000; font-weight: 500;\">934 841 245<\/span><br \/>\n<a href=\"mailto:presidencia@foment.com\">presidencia@foment.com<\/a><\/div>[\/vc_column_text][\/vc_column_inner][vc_column_inner width=\u00bb1\/4&#8243; css=\u00bb.vc_custom_1629735263983{margin-top: 25px !important;}\u00bb offset=\u00bbvc_hidden-sm vc_hidden-xs\u00bb][\/vc_column_inner][vc_column_inner width=\u00bb1\/4&#8243; css=\u00bb.vc_custom_1629735273739{margin-top: 25px !important;}\u00bb offset=\u00bbvc_hidden-sm vc_hidden-xs\u00bb][\/vc_column_inner][vc_column_inner width=\u00bb1\/4&#8243; css=\u00bb.vc_custom_1629735283255{margin-top: 25px !important;}\u00bb offset=\u00bbvc_hidden-sm vc_hidden-xs\u00bb][\/vc_column_inner][\/vc_row_inner][\/vc_column][\/vc_row][vc_row bottom_padding=\u00bb50&#8243; tablet_landscape_visibility=\u00bbhide\u00bb tablet_portrait_visibility=\u00bbhide\u00bb mobile_landscape_visibility=\u00bbhide\u00bb mobile_portrait_visibility=\u00bbhide\u00bb][vc_column width=\u00bb1\/1&#8243;][vc_row_inner el_class=\u00bbtextimages\u00bb][vc_column_inner width=\u00bb1\/2&#8243; offset=\u00bbvc_hidden-lg vc_hidden-md\u00bb css=\u00bb.vc_custom_1629736084496{margin-bottom: 15px !important;padding-bottom: px !important;}\u00bb][vc_column_text]<div class=\"imagebox wpb_content_element style-2\"><div class=\"imagebox-img\"><img src=\"https:\/\/www.foment.com\/wp-content\/uploads\/2025\/01\/Josep-Sanchez-Llibre.jpg\" alt=\"\" \/><\/div>\n<h4><strong><span style=\"color: #020202;\">JOSEP S\u00c1NCHEZ LLIBRE<\/span><\/strong><a style=\"float: right;\" href=\"https:\/\/www.linkedin.com\/in\/joaquim-gay-de-montell\u00e0-51658220\" target=\"_blank\" rel=\"noopener noreferrer\"><br \/>\n<\/a><\/h4>\n<p><span style=\"color: #d1221d;\">Presidente<\/span><\/div>[\/vc_column_text][\/vc_column_inner][vc_column_inner width=\u00bb1\/2&#8243; offset=\u00bbvc_hidden-lg vc_hidden-md\u00bb][vc_column_text]<div class=\"imagebox wpb_content_element style-2\"><div class=\"imagebox-img\"><img src=\"https:\/\/www.foment.com\/wp-content\/uploads\/2025\/01\/David-Tornos.png\" alt=\"\" \/><\/div>\n<h4><span style=\"color: #020202; font-weight: bold;\">DAVID TORNOS<\/span><\/h4>\n<p><span style=\"color: #d1221d;\">Secretario General<\/span><\/p>\n<i class=\"fa fa-phone minti-icon\" style=\"color:#000000 !important; font-size: 16px; margin: 0px 0px 0px 0px\"><\/i> <span style=\"color: #000000; font-weight: 500;\">934 841 203<\/span><br \/>\n<a href=\"mailto:secretaria.general@foment.com\">secretaria.general@foment.com<\/a><\/div>[\/vc_column_text][\/vc_column_inner][\/vc_row_inner][vc_row_inner el_class=\u00bbtextimages\u00bb][vc_column_inner width=\u00bb1\/2&#8243; offset=\u00bbvc_hidden-lg vc_hidden-md\u00bb css=\u00bb.vc_custom_1629735370094{margin-top: 25px !important;}\u00bb][vc_column_text]<div class=\"imagebox wpb_content_element style-2\"><div class=\"imagebox-img\"><img src=\"https:\/\/www.foment.com\/wp-content\/uploads\/2025\/01\/Laurea-Folch.png\" alt=\"\" \/><\/div>\n<h4><strong><span style=\"color: #000000;\">LAURE\u00c0 FOLCH<\/span><\/strong><a style=\"float: right;\" href=\"https:\/\/www.linkedin.com\/in\/laureafolch\/\" target=\"_blank\" rel=\"noopener noreferrer\"><i class=\"fa fa-linkedin-square minti-icon\" style=\"color:#888888 !important; font-size: 16px; margin: 0px 0px 0px 0px\"><\/i><\/a><\/h4>\n<p><span style=\"color: #d2112d;\">Director Ejecutivo\u00a0 y de Estrategia Digital<\/span><br \/>\n<i class=\"fa fa-phone minti-icon\" style=\"color:#000000 !important; font-size: 16px; margin: 0px 0px 0px 0px\"><\/i> <span style=\"color: #000000; font-weight: 500;\">934 841 200<\/span><br \/>\n<a href=\"mailto:direccio.executiva@foment.com\">direccio.executiva@foment.com<\/a><\/div>[\/vc_column_text][\/vc_column_inner][vc_column_inner width=\u00bb1\/2&#8243; offset=\u00bbvc_hidden-lg vc_hidden-md\u00bb css=\u00bb.vc_custom_1629735409717{margin-top: 25px !important;}\u00bb][vc_column_text]<div class=\"imagebox wpb_content_element style-2\"><div class=\"imagebox-img\"><img src=\"https:\/\/www.foment.com\/wp-content\/uploads\/2025\/02\/merce-6-scaled.jpg\" alt=\"\" \/><\/div>\n<h4><strong><span style=\"color: #000000;\">MERC\u00c8 PUIG<\/span><\/strong><a style=\"float: right;\" href=\"https:\/\/www.linkedin.com\/in\/merxe-puig-mart%C3%ADnez-08a5a0119\/?originalSubdomain=es\" target=\"_blank\" rel=\"noopener noreferrer\"><i class=\"fa fa-linkedin-square minti-icon\" style=\"color:#888888 !important; font-size: 16px; margin: 0px 0px 0px 0px\"><\/i><\/a><\/h4>\n<p><span style=\"color: #d1221d;\">Directora de Gabinete de Presidencia<\/span><br \/>\n<i class=\"fa fa-phone minti-icon\" style=\"color:#000000 !important; font-size: 16px; margin: 0px 0px 0px 0px\"><\/i> <span style=\"color: #000000; font-weight: 500;\">934 841 245<\/span><br \/>\n<a href=\"mailto:comunicacio@foment.com\">presidencia@foment.com<\/a><\/div>[\/vc_column_text][\/vc_column_inner][\/vc_row_inner][vc_row_inner el_class=\u00bbtextimages\u00bb][vc_column_inner width=\u00bb1\/2&#8243; css=\u00bb.vc_custom_1629734920890{margin-top: 25px !important;}\u00bb offset=\u00bbvc_hidden-lg vc_hidden-md\u00bb][vc_column_text]<div class=\"imagebox wpb_content_element style-2\"><div class=\"imagebox-img\"><img src=\"https:\/\/www.foment.com\/wp-content\/uploads\/2025\/01\/Cesar-Sanchez.png\" alt=\"\" \/><\/div>\n<h4><strong><span style=\"color: #000000;\">C\u00c9SAR S\u00c1NCHEZ<\/span> <\/strong><a style=\"float: right;\" href=\"https:\/\/www.linkedin.com\/in\/cesarsanchezh\" target=\"_blank\" rel=\"noopener noreferrer\"><i class=\"fa fa-linkedin-square minti-icon\" style=\"color:#888888 !important; font-size: 16px; margin: 0px 0px 0px 0px\"><\/i><\/a><\/h4>\n<p><span style=\"color: #d2112d;\">Director Territorial y de Prevenci\u00f3n de Riesgos Laborales<\/span><br \/>\n<i class=\"fa fa-phone minti-icon\" style=\"color:#000000 !important; font-size: 16px; margin: 0px 0px 0px 0px\"><\/i> <span style=\"color: #000000; font-weight: 500;\">934 841 275<\/span><br \/>\n<a href=\"mailto:oficinatecnica@foment.com\">oficinatecnica@foment.com<\/a><\/div>[\/vc_column_text][\/vc_column_inner][vc_column_inner width=\u00bb1\/2&#8243; css=\u00bb.vc_custom_1629734936549{margin-top: 25px !important;}\u00bb offset=\u00bbvc_hidden-lg vc_hidden-md\u00bb][vc_column_text]<div class=\"imagebox wpb_content_element style-2\"><div class=\"imagebox-img\"><img src=\"https:\/\/www.foment.com\/wp-content\/uploads\/2025\/01\/Salvador-Guillermo.jpg\" alt=\"\" \/><\/div>\n<h4><strong><span style=\"color: #000000;\">SALVADOR GUILLERMO<\/span><\/strong><\/h4>\n<p><span style=\"color: #d1221d;\">Director de Estudios y Econom\u00eda<\/span><br \/>\n<i class=\"fa fa-phone minti-icon\" style=\"color:#000000 !important; font-size: 16px; margin: 0px 0px 0px 0px\"><\/i> <span style=\"color: #000000; font-weight: 500;\">934 841 200<\/span><br \/>\n<a href=\"mailto:economia@foment.com\">economia@foment.com<\/a><\/div>[\/vc_column_text][\/vc_column_inner][\/vc_row_inner][vc_row_inner el_class=\u00bbtextimages\u00bb][vc_column_inner width=\u00bb1\/2&#8243; css=\u00bb.vc_custom_1629734946120{margin-top: 25px !important;}\u00bb offset=\u00bbvc_hidden-lg vc_hidden-md\u00bb][vc_column_text]<div class=\"imagebox wpb_content_element style-2\"><div class=\"imagebox-img\"><img src=\"https:\/\/www.foment.com\/wp-content\/uploads\/2025\/01\/Joan-Foguet.jpg\" alt=\"\" \/><\/div>\n<h4><strong><span style=\"color: #000000;\">JOAN FOGUET<\/span><\/strong><a style=\"float: right;\" href=\"https:\/\/www.linkedin.com\/in\/joan-foguet-i-ferrer-a7502625\/?locale=en_US\" target=\"_blank\" rel=\"noopener noreferrer\"><i class=\"fa fa-linkedin-square minti-icon\" style=\"color:#888888 !important; font-size: 16px; margin: 0px 0px 0px 0px\"><\/i><\/a><\/h4>\n<h4><\/h4>\n<p><span style=\"color: #d2112d;\">Director de Estrategia<\/span><br \/>\n<i class=\"fa fa-phone minti-icon\" style=\"color:#000000 !important; font-size: 16px; margin: 0px 0px 0px 0px\"><\/i> \u00a0<span style=\"color: #000000; font-weight: 500;\">934 841 200<\/span><br \/>\n<a href=\"mailtocomunicacio@foment.com\">comunicacio@foment.com<\/a><\/div>[\/vc_column_text][\/vc_column_inner][vc_column_inner width=\u00bb1\/2&#8243; css=\u00bb.vc_custom_1629734953428{margin-top: 25px !important;}\u00bb offset=\u00bbvc_hidden-lg vc_hidden-md\u00bb][vc_column_text]<div class=\"imagebox wpb_content_element style-2\"><div class=\"imagebox-img\"><img src=\"https:\/\/www.foment.com\/wp-content\/uploads\/2025\/01\/Marta-Suarez.jpg\" alt=\"\" \/><\/div>\n<h4><strong><span style=\"color: #000000;\">MARTA SU\u00c1REZ<\/span><\/strong><a style=\"float: right;\" href=\"https:\/\/www.linkedin.com\/in\/marta-su%C3%A1rez-bardella-ba328a108\/?originalSubdomain=es\" target=\"_blank\" rel=\"noopener noreferrer\"><i class=\"fa fa-linkedin-square minti-icon\" style=\"color:#888888 !important; font-size: 16px; margin: 0px 0px 0px 0px\"><\/i><\/a><\/h4>\n<p><span style=\"color: #d1221d;\">Directora de Comunicaci\u00f3n<\/span><br \/>\n<i class=\"fa fa-phone minti-icon\" style=\"color:#000000 !important; font-size: 16px; margin: 0px 0px 0px 0px\"><\/i> <span style=\"color: #000000; font-weight: 500;\">934 841 200<\/span><br \/>\n<a href=\"mailto:comunicacio@foment.com\">comunicacio@foment.com<\/a><\/div>[\/vc_column_text][\/vc_column_inner][\/vc_row_inner][vc_row_inner el_class=\u00bbtextimages\u00bb][vc_column_inner width=\u00bb1\/2&#8243; css=\u00bb.vc_custom_1629734962285{margin-top: 25px !important;}\u00bb offset=\u00bbvc_hidden-lg vc_hidden-md\u00bb][vc_column_text]<div class=\"imagebox wpb_content_element style-2\"><div class=\"imagebox-img\"><img src=\"https:\/\/www.foment.com\/wp-content\/uploads\/2025\/01\/Benet-Maimi.png\" alt=\"\" \/><\/div>\n<h4><strong><span style=\"color: #000000;\">BENET MAIM\u00cd<\/span><\/strong><a style=\"float: right;\" href=\"https:\/\/www.linkedin.com\/in\/benet-maimi-pou\/?originalSubdomain=es\" target=\"_blank\" rel=\"noopener noreferrer\"><i class=\"fa fa-linkedin-square minti-icon\" style=\"color:#888888 !important; font-size: 16px; margin: 0px 0px 0px 0px\"><\/i><\/a><\/h4>\n<h4><\/h4>\n<p><span style=\"color: #d2112d;\">Director de Relaciones Institucionales<\/span><br \/>\n<i class=\"fa fa-phone minti-icon\" style=\"color:#000000 !important; font-size: 16px; margin: 0px 0px 0px 0px\"><\/i> \u00a0<span style=\"color: #000000; font-weight: 500;\">934 841 200<\/span><br \/>\n<a href=\"mailto:bmaimi@foment.com\">bmaimi@foment.com<\/a><\/div>[\/vc_column_text][\/vc_column_inner][vc_column_inner width=\u00bb1\/2&#8243; css=\u00bb.vc_custom_1629734970263{margin-top: 25px !important;}\u00bb offset=\u00bbvc_hidden-lg vc_hidden-md\u00bb][vc_column_text]<div class=\"imagebox wpb_content_element style-2\"><div class=\"imagebox-img\"><img src=\"https:\/\/www.foment.com\/wp-content\/uploads\/2025\/03\/Yesika-Aguilar.jpeg\" alt=\"\" \/><\/div>\n<h4><strong><span style=\"color: #000000;\">Y\u00c9SIKA AGUILAR<\/span><\/strong><a style=\"float: right;\" href=\"https:\/\/www.linkedin.com\/in\/mariamorarado\" target=\"_blank\" rel=\"noopener noreferrer\"><i class=\"fa fa-linkedin-square minti-icon\" style=\"color:#888888 !important; font-size: 16px; margin: 0px 0px 0px 0px\"><\/i><\/a><\/h4>\n<p><span style=\"color: #d2112d;\">Directora de Relaciones Laborales y Asuntos Sociales<\/span><br \/>\n<i class=\"fa fa-phone minti-icon\" style=\"color:#000000 !important; font-size: 16px; margin: 0px 0px 0px 0px\"><\/i> <span style=\"color: #000000; font-weight: 500;\">934 841 221<\/span><br \/>\n<a href=\"mailto:laboral@foment.com\">laboral@foment.com<\/a><\/div>[\/vc_column_text][\/vc_column_inner][\/vc_row_inner][vc_row_inner][vc_column_inner width=\u00bb1\/2&#8243; css=\u00bb.vc_custom_1629734979319{margin-top: 25px !important;}\u00bb offset=\u00bbvc_hidden-lg vc_hidden-md\u00bb][vc_column_text]<div class=\"imagebox wpb_content_element style-2\"><div class=\"imagebox-img\"><img src=\"https:\/\/www.foment.com\/wp-content\/uploads\/2025\/01\/Maria-Mora.png\" alt=\"\" \/><\/div>\n<h4><strong><span style=\"color: #000000;\">MARIA MORA<\/span> <\/strong><a style=\"float: right;\" href=\"https:\/\/www.linkedin.com\/in\/mariamorarado\" target=\"_blank\" rel=\"noopener noreferrer\"><i class=\"fa fa-linkedin-square minti-icon\" style=\"color:#888888 !important; font-size: 16px; margin: 0px 0px 0px 0px\"><\/i><\/a><\/h4>\n<p><span style=\"color: #d2112d;\">Directora de Innovaci\u00f3n<\/span><br \/>\n<i class=\"fa fa-phone minti-icon\" style=\"color:#000000 !important; font-size: 16px; margin: 0px 0px 0px 0px\"><\/i> <span style=\"color: #000000; font-weight: 500;\">934 841 244<\/span><br \/>\n<a href=\"mailto:foment.empren@foment.com\">innovacio@foment.com<\/a><\/div>[\/vc_column_text][\/vc_column_inner][vc_column_inner width=\u00bb1\/2&#8243; css=\u00bb.vc_custom_1629734987751{margin-top: 25px !important;}\u00bb offset=\u00bbvc_hidden-lg vc_hidden-md\u00bb][vc_column_text]<div class=\"imagebox wpb_content_element style-2\"><div class=\"imagebox-img\"><img src=\"https:\/\/www.foment.com\/wp-content\/uploads\/2025\/01\/Salvador-Sedo.png\" alt=\"\" \/><\/div>\n<h4><strong><span style=\"color: #000000;\">SALVADOR SED\u00d3<\/span><a style=\"float: right;\" href=\"https:\/\/www.linkedin.com\/in\/salvadorsedo\/?originalSubdomain=es\" target=\"_blank\" rel=\"noopener noreferrer\"><i class=\"fa fa-linkedin-square minti-icon\" style=\"color:#888888 !important; font-size: 16px; margin: 0px 0px 0px 0px\"><\/i><\/a><\/strong><\/h4>\n<p><span style=\"color: #d2112d;\">Director de Desarrollo Sostenible<\/span><br \/>\n<i class=\"fa fa-phone minti-icon\" style=\"color:#000000 !important; font-size: 16px; margin: 0px 0px 0px 0px\"><\/i> \u00a0<span style=\"color: #000000; font-weight: 500;\">934 841 244<\/span><br \/>\n<a href=\"mailto:mediambient@foment.com\">mediambient@foment.com<\/a><\/div>[\/vc_column_text][\/vc_column_inner][\/vc_row_inner][vc_row_inner el_class=\u00bbtextimages\u00bb][vc_column_inner width=\u00bb1\/2&#8243; css=\u00bb.vc_custom_1629734996345{margin-top: 25px !important;}\u00bb offset=\u00bbvc_hidden-lg vc_hidden-md\u00bb][vc_column_text]<div class=\"imagebox wpb_content_element style-2\"><div class=\"imagebox-img\"><img src=\"https:\/\/www.foment.com\/wp-content\/uploads\/2025\/01\/Kilian-Garcia-1.jpg\" alt=\"\" \/><\/div>\n<h4><strong><span style=\"color: #000000;\">KILIAN GARCIA<\/span><\/strong><a style=\"float: right;\" href=\"https:\/\/www.linkedin.com\/in\/kilian-garcia-b2209224\/\" target=\"_blank\" rel=\"noopener noreferrer\"><i class=\"fa fa-linkedin-square minti-icon\" style=\"color:#888888 !important; font-size: 16px; margin: 0px 0px 0px 0px\"><\/i><\/a><\/h4>\n<p><span style=\"color: #d2112d;\">Director de Internacional<\/span><br \/>\n<i class=\"fa fa-phone minti-icon\" style=\"color:#000000 !important; font-size: 16px; margin: 0px 0px 0px 0px\"><\/i> <span style=\"color: #000000; font-weight: 500;\">934 841 225<\/span><br \/>\n<a href=\"mailto:internacional@foment.com\">internacional@foment.com<\/a><\/div>[\/vc_column_text][\/vc_column_inner][vc_column_inner width=\u00bb1\/2&#8243; css=\u00bb.vc_custom_1629735004355{margin-top: 25px !important;}\u00bb offset=\u00bbvc_hidden-lg vc_hidden-md\u00bb][vc_column_text]<div class=\"imagebox wpb_content_element style-2\"><div class=\"imagebox-img\"><img src=\"https:\/\/www.foment.com\/wp-content\/uploads\/2025\/01\/Ana-Olle-2.jpg\" alt=\"\" \/><\/div>\n<h4><strong><span style=\"color: #000000;\">ANA OLL\u00c9<\/span><a style=\"float: right;\" href=\"https:\/\/www.linkedin.com\/in\/ana-oll%C3%A9-tejero-a24575119\/?originalSubdomain=es\" target=\"_blank\" rel=\"noopener noreferrer\"><i class=\"fa fa-linkedin-square minti-icon\" style=\"color:#888888 !important; font-size: 16px; margin: 0px 0px 0px 0px\"><\/i><\/a><\/strong><\/h4>\n<p><span style=\"color: #d2112d;\">Directora de Asuntos Europeos<\/span><br \/>\n<i class=\"fa fa-phone minti-icon\" style=\"color:#000000 !important; font-size: 16px; margin: 0px 0px 0px 0px\"><\/i> \u00a0<span style=\"color: #000000; font-weight: 500;\">934 841 205<\/span><br \/>\n<a href=\"mailto:aolle@foment.com\">aolle@foment.com<\/a><\/div>[\/vc_column_text][\/vc_column_inner][\/vc_row_inner][vc_row_inner el_class=\u00bbtextimages\u00bb][vc_column_inner width=\u00bb1\/2&#8243; css=\u00bb.vc_custom_1629734996345{margin-top: 25px !important;}\u00bb offset=\u00bbvc_hidden-lg vc_hidden-md\u00bb][vc_column_text]<div class=\"imagebox wpb_content_element style-2\"><div class=\"imagebox-img\"><img src=\"https:\/\/www.foment.com\/wp-content\/uploads\/2025\/02\/Lperez-5-scaled.jpg\" alt=\"\" \/><\/div>\n<h4><strong><span style=\"color: #000000;\">LAURA P\u00c9REZ<\/span><\/strong><\/h4>\n<p><span style=\"color: #d2112d;\">Directora de Finanzas<\/span><br \/>\n<i class=\"fa fa-phone minti-icon\" style=\"color:#000000 !important; font-size: 16px; margin: 0px 0px 0px 0px\"><\/i> <span style=\"color: #000000; font-weight: 500;\">934 841 277<\/span><br \/>\n<a href=\"mailto:lperez@foment.com\">lperez@foment.com<\/a><\/div>[\/vc_column_text][\/vc_column_inner][vc_column_inner width=\u00bb1\/2&#8243; css=\u00bb.vc_custom_1629735004355{margin-top: 25px !important;}\u00bb offset=\u00bbvc_hidden-lg vc_hidden-md\u00bb][vc_column_text]<div class=\"imagebox wpb_content_element style-2\"><div class=\"imagebox-img\"><img src=\"https:\/\/www.foment.com\/wp-content\/uploads\/2025\/02\/Patri-3.jpeg\" alt=\"\" \/><\/div>\n<h4><strong><span style=\"color: #000000;\">PATRICIA MONTSERRAT<\/span><\/strong><a style=\"float: right;\" href=\"https:\/\/www.linkedin.com\/in\/patriciamontserrat\/?originalSubdomain=es\" target=\"_blank\" rel=\"noopener noreferrer\"><i class=\"fa fa-linkedin-square minti-icon\" style=\"color:#888888 !important; font-size: 16px; margin: 0px 0px 0px 0px\"><\/i><\/a><\/h4>\n<p><span style=\"color: #d2112d;\">Directora de Foment Formaci\u00f3<\/span><br \/>\n<i class=\"fa fa-phone minti-icon\" style=\"color:#000000 !important; font-size: 16px; margin: 0px 0px 0px 0px\"><\/i> <span style=\"color: #000000; font-weight: 500;\">934 841 246<\/span><br \/>\n<a href=\"mailto:pmontserrat@foment.com\">pmontserrat@foment.com<\/a><\/div>[\/vc_column_text][\/vc_column_inner][\/vc_row_inner][vc_row_inner el_class=\u00bbtextimages\u00bb][vc_column_inner width=\u00bb1\/2&#8243; css=\u00bb.vc_custom_1629734996345{margin-top: 25px !important;}\u00bb offset=\u00bbvc_hidden-lg vc_hidden-md\u00bb][vc_column_text]<div class=\"imagebox wpb_content_element style-2\"><div class=\"imagebox-img\"><img src=\"https:\/\/www.foment.com\/wp-content\/uploads\/2025\/01\/Jordi-Casas.png\" alt=\"\" \/><\/div>\n<h4><strong><span style=\"color: #000000;\">JORDI CASAS<\/span><\/strong><\/h4>\n<p><span style=\"color: #d1221d;\">Asesor de Presidencia (Ext.)<\/span><br \/>\n<i class=\"fa fa-phone minti-icon\" style=\"color:#00000 !important; font-size: 16px; margin: 0px 0px 0px 0px\"><\/i> <span style=\"color: #000000; font-weight: 500;\">934 841 245<\/span><br \/>\n<a href=\"mailto:presidencia@foment.com\">presidencia@foment.com<\/a><\/div>[\/vc_column_text][\/vc_column_inner][vc_column_inner width=\u00bb1\/2&#8243; css=\u00bb.vc_custom_1629735004355{margin-top: 25px !important;}\u00bb offset=\u00bbvc_hidden-lg vc_hidden-md\u00bb][\/vc_column_inner][\/vc_row_inner][\/vc_column][\/vc_row][vc_section][vc_row][vc_column width=\u00bb1\/1&#8243;]\n\t\t\t<!-- START Asociarse REVOLUTION SLIDER 6.4.6 --><p class=\"rs-p-wp-fix\"><\/p>\n\t\t\t<rs-module-wrap id=\"rev_slider_180_2_wrapper\" data-source=\"gallery\" style=\"background:linear-gradient(rgba(247,247,247,1) 0%, rgba(215,215,215,1) 100%);padding:0;margin:0px auto;margin-top:0;margin-bottom:0;\">\n\t\t\t\t<rs-module id=\"rev_slider_180_2\" style=\"\" data-version=\"6.4.6\">\n\t\t\t\t\t<rs-slides>\n\t\t\t\t\t\t<rs-slide data-key=\"rs-231\" data-title=\"Slide\" data-anim=\"ms:600;\" data-in=\"o:0;\" data-out=\"a:false;\">\n\t\t\t\t\t\t\t<img src=\"\/\/www.foment.com\/wp-content\/plugins\/revslider\/public\/assets\/assets\/dummy.png\" title=\"Mkpl\" width=\"875\" height=\"358\" class=\"rev-slidebg tp-rs-img rs-lazyload\" data-lazyload=\"\/\/www.foment.com\/wp-content\/uploads\/2021\/05\/Mkpl.jpg\" data-parallax=\"off\" data-no-retina>\n<!--\n\t\t\t\t\t\t\t--><rs-layer\n\t\t\t\t\t\t\t\tid=\"slider-180-slide-231-layer-0\" \n\t\t\t\t\t\t\t\tdata-type=\"text\"\n\t\t\t\t\t\t\t\tdata-rsp_ch=\"on\"\n\t\t\t\t\t\t\t\tdata-xy=\"x:c;yo:84px,149px,53px,52px;\"\n\t\t\t\t\t\t\t\tdata-text=\"w:normal;s:49,40,32,32;l:90,74,56,34;fw:700;a:center;\"\n\t\t\t\t\t\t\t\tdata-dim=\"w:913px,753px,572px,352px;\"\n\t\t\t\t\t\t\t\tdata-frame_999=\"o:0;st:w;\"\n\t\t\t\t\t\t\t\tstyle=\"z-index:5;font-family:Montserrat;\"\n\t\t\t\t\t\t\t>HAZTE SOCIO \n\t\t\t\t\t\t\t<\/rs-layer><!--\n\n\t\t\t\t\t\t\t--><rs-layer\n\t\t\t\t\t\t\t\tid=\"slider-180-slide-231-layer-1\" \n\t\t\t\t\t\t\t\tdata-type=\"text\"\n\t\t\t\t\t\t\t\tdata-rsp_ch=\"on\"\n\t\t\t\t\t\t\t\tdata-xy=\"x:c;yo:203px,247px,129px,106px;\"\n\t\t\t\t\t\t\t\tdata-text=\"w:normal;s:25,22,24,22;l:30,24,26,26;fw:500;a:center;\"\n\t\t\t\t\t\t\t\tdata-dim=\"w:638px,526px,614px,401px;h:78px,64px,auto,auto;\"\n\t\t\t\t\t\t\t\tdata-frame_999=\"o:0;st:w;\"\n\t\t\t\t\t\t\t\tstyle=\"z-index:6;font-family:Montserrat;\"\n\t\t\t\t\t\t\t>\u00danete a Foment del Treball y aprovecha todas las ventajas de formar parte de la mayor red de empresarios catalanes del suroeste de Europa. \n\t\t\t\t\t\t\t<\/rs-layer><!--\n\n\t\t\t\t\t\t\t--><a\n\t\t\t\t\t\t\t\tid=\"slider-180-slide-231-layer-2\" \n\t\t\t\t\t\t\t\tclass=\"rs-layer rev-btn\"\n\t\t\t\t\t\t\t\thref=\"\/es\/asociados\" target=\"_self\"\n\t\t\t\t\t\t\t\tdata-type=\"button\"\n\t\t\t\t\t\t\t\tdata-rsp_ch=\"on\"\n\t\t\t\t\t\t\t\tdata-xy=\"x:c;yo:326px,349px,230px,252px;\"\n\t\t\t\t\t\t\t\tdata-text=\"w:normal;s:14,13,18,16;l:57,55,58,51;fw:600;a:center;\"\n\t\t\t\t\t\t\t\tdata-dim=\"minh:0,none,none,none;\"\n\t\t\t\t\t\t\t\tdata-padding=\"r:36,35,38,34;l:36,35,38,34;\"\n\t\t\t\t\t\t\t\tdata-border=\"bos:solid;boc:#ffffff;bow:1px,1px,1px,1px;bor:25px,25px,25px,25px;\"\n\t\t\t\t\t\t\t\tdata-frame_999=\"o:0;st:w;\"\n\t\t\t\t\t\t\t\tdata-frame_hover=\"bgc:rgba(0,0,0,0);boc:rgba(255,255,255,0.75);bor:25px,25px,25px,25px;bos:solid;bow:1px,1px,1px,1px;e:power1.inOut;\"\n\t\t\t\t\t\t\t\tstyle=\"z-index:7;background-color:#d2112d;font-family:Montserrat;\"\n\t\t\t\t\t\t\t>M\u00c1S INFORMACI\u00d3N \n\t\t\t\t\t\t\t<\/a><!--\n-->\t\t\t\t\t\t<\/rs-slide>\n\t\t\t\t\t<\/rs-slides>\n\t\t\t\t<\/rs-module>\n\t\t\t\t<script type=\"text\/javascript\">\n\t\t\t\t\tsetREVStartSize({c: 'rev_slider_180_2',rl:[1240,1024,778,480],el:[500,600,360,360],gw:[1240,1024,778,480],gh:[500,600,360,360],type:'hero',justify:'',layout:'fullwidth',mh:\"0\"});\n\t\t\t\t\tvar\trevapi180,\n\t\t\t\t\t\ttpj;\n\t\t\t\t\tfunction revinit_revslider1802() {\n\t\t\t\t\tjQuery(function() {\n\t\t\t\t\t\ttpj = jQuery;\n\t\t\t\t\t\trevapi180 = tpj(\"#rev_slider_180_2\");\n\t\t\t\t\t\tif(revapi180==undefined || revapi180.revolution == undefined){\n\t\t\t\t\t\t\trevslider_showDoubleJqueryError(\"rev_slider_180_2\");\n\t\t\t\t\t\t}else{\n\t\t\t\t\t\t\trevapi180.revolution({\n\t\t\t\t\t\t\t\tsliderType:\"hero\",\n\t\t\t\t\t\t\t\tDPR:\"dpr\",\n\t\t\t\t\t\t\t\tsliderLayout:\"fullwidth\",\n\t\t\t\t\t\t\t\tvisibilityLevels:\"1240,1024,778,480\",\n\t\t\t\t\t\t\t\tgridwidth:\"1240,1024,778,480\",\n\t\t\t\t\t\t\t\tgridheight:\"500,600,360,360\",\n\t\t\t\t\t\t\t\tlazyType:\"smart\",\n\t\t\t\t\t\t\t\tperspective:600,\n\t\t\t\t\t\t\t\tperspectiveType:\"local\",\n\t\t\t\t\t\t\t\teditorheight:\"500,600,360,360\",\n\t\t\t\t\t\t\t\tresponsiveLevels:\"1240,1024,778,480\",\n\t\t\t\t\t\t\t\tprogressBar:{disableProgressBar:true},\n\t\t\t\t\t\t\t\tparallax: {\n\t\t\t\t\t\t\t\t\tlevels:[2,3,4,5,6,7,12,16,10,50,47,48,49,50,51,55],\n\t\t\t\t\t\t\t\t\ttype:\"mouse\",\n\t\t\t\t\t\t\t\t\torigo:\"slidercenter\",\n\t\t\t\t\t\t\t\t\tspeed:2000\n\t\t\t\t\t\t\t\t},\n\t\t\t\t\t\t\t\tfallbacks: {\n\t\t\t\t\t\t\t\t\tallowHTML5AutoPlayOnAndroid:true\n\t\t\t\t\t\t\t\t},\n\t\t\t\t\t\t\t});\n\t\t\t\t\t\t}\n\t\t\t\t\t\t\n\t\t\t\t\t});\n\t\t\t\t\t} \/\/ End of RevInitScript\n\t\t\t\tvar once_revslider1802 = false;\n\t\t\t\tif (document.readyState === \"loading\") {document.addEventListener('readystatechange',function() { if((document.readyState === \"interactive\" || document.readyState === \"complete\") && !once_revslider1802 ) { once_revslider1802 = true; revinit_revslider1802();}});} else {once_revslider1802 = true; revinit_revslider1802();}\n\t\t\t\t<\/script>\n\t\t\t<\/rs-module-wrap>\n\t\t\t<!-- END REVOLUTION SLIDER -->\n[\/vc_column][\/vc_row][\/vc_section]<\/p>\n<\/section>","protected":false},"excerpt":{"rendered":"<p>[vc_section][vc_row][vc_column width=\u00bb1\/1&#8243;][\/vc_column][\/vc_row][\/vc_section][vc_row bg_color=\u00bb#efefef\u00bb top_padding=\u00bb50&#8243; bottom_padding=\u00bb50&#8243;][vc_column width=\u00bb1\/1&#8243;][vc_column_text] El Secretario General es el m\u00e1ximo responsable ejecutivo y como tal lleva a cabo los acuerdos y directrices de los \u00f3rganos de gobierno. Nombrado por la Junta Directiva, dirige las \u00e1reas, departamentos t\u00e9cnicos y servicios internos de la organizaci\u00f3n. El Comit\u00e9 Ejecutivo y la Junta Directiva de Foment del Treball aprobaron a principios de 2019 una nueva estructura organizativa, el objetivo fundamental es fortalecer la actividad de la patronal catalana como representante de las empresas ante las administraciones y los reguladores , seg\u00fan el programa de trabajo de la nueva Presidencia y de los nuevos \u00d3rganos de Gobierno de modernizar, rejuvenecer, feminizar, renovar y generar ilusi\u00f3n de futuro. [\/vc_column_text][\/vc_column][\/vc_row][vc_row top_padding=\u00bb70&#8243; tablet_landscape_visibility=\u00bbhide\u00bb tablet_portrait_visibility=\u00bbhide\u00bb mobile_landscape_visibility=\u00bbhide\u00bb mobile_portrait_visibility=\u00bbhide\u00bb][vc_column width=\u00bb1\/1&#8243;][vc_row_inner el_id=\u00bbtextimages\u00bb el_class=\u00bbtextimages\u00bb][vc_column_inner width=\u00bb1\/4&#8243; offset=\u00bbvc_hidden-sm vc_hidden-xs\u00bb][vc_column_text][\/vc_column_text][\/vc_column_inner][vc_column_inner width=\u00bb1\/4&#8243; offset=\u00bbvc_hidden-sm vc_hidden-xs\u00bb][vc_column_text][\/vc_column_text][\/vc_column_inner][vc_column_inner width=\u00bb1\/4&#8243; offset=\u00bbvc_hidden-sm vc_hidden-xs\u00bb][vc_column_text][\/vc_column_text][\/vc_column_inner][vc_column_inner width=\u00bb1\/4&#8243; offset=\u00bbvc_hidden-sm vc_hidden-xs\u00bb][vc_column_text][\/vc_column_text][\/vc_column_inner][\/vc_row_inner][vc_row_inner el_id=\u00bbtextimages\u00bb el_class=\u00bbtextimages\u00bb][vc_column_inner width=\u00bb1\/4&#8243; css=\u00bb.vc_custom_1629735121928{margin-top: 25px !important;}\u00bb offset=\u00bbvc_hidden-sm vc_hidden-xs\u00bb][vc_column_text][\/vc_column_text][\/vc_column_inner][vc_column_inner width=\u00bb1\/4&#8243; css=\u00bb.vc_custom_1629735129622{margin-top: 25px !important;}\u00bb offset=\u00bbvc_hidden-sm vc_hidden-xs\u00bb][vc_column_text][\/vc_column_text][\/vc_column_inner][vc_column_inner width=\u00bb1\/4&#8243; css=\u00bb.vc_custom_1629735138884{margin-top: 25px !important;}\u00bb offset=\u00bbvc_hidden-sm vc_hidden-xs\u00bb][vc_column_text][\/vc_column_text][\/vc_column_inner][vc_column_inner width=\u00bb1\/4&#8243; css=\u00bb.vc_custom_1629735165822{margin-top: 25px !important;}\u00bb offset=\u00bbvc_hidden-sm vc_hidden-xs\u00bb][vc_column_text][\/vc_column_text][\/vc_column_inner][\/vc_row_inner][vc_row_inner el_id=\u00bbtextimages\u00bb el_class=\u00bbtextimages\u00bb][vc_column_inner width=\u00bb1\/4&#8243; css=\u00bb.vc_custom_1629735221963{margin-top: 25px !important;}\u00bb offset=\u00bbvc_hidden-sm vc_hidden-xs\u00bb][vc_column_text][\/vc_column_text][\/vc_column_inner][vc_column_inner width=\u00bb1\/4&#8243; css=\u00bb.vc_custom_1629735230066{margin-top: 25px !important;}\u00bb offset=\u00bbvc_hidden-sm vc_hidden-xs\u00bb][vc_column_text][\/vc_column_text][\/vc_column_inner][vc_column_inner width=\u00bb1\/4&#8243; css=\u00bb.vc_custom_1629735239223{margin-top: 25px !important;}\u00bb offset=\u00bbvc_hidden-sm vc_hidden-xs\u00bb][vc_column_text][\/vc_column_text][\/vc_column_inner][vc_column_inner width=\u00bb1\/4&#8243; css=\u00bb.vc_custom_1629735247459{margin-top: 25px !important;}\u00bb offset=\u00bbvc_hidden-sm vc_hidden-xs\u00bb][vc_column_text][\/vc_column_text][\/vc_column_inner][\/vc_row_inner][vc_row_inner el_class=\u00bbtextimages\u00bb][vc_column_inner width=\u00bb1\/4&#8243; css=\u00bb.vc_custom_1629735221963{margin-top: 25px !important;}\u00bb offset=\u00bbvc_hidden-sm vc_hidden-xs\u00bb][vc_column_text][\/vc_column_text][\/vc_column_inner][vc_column_inner width=\u00bb1\/4&#8243; css=\u00bb.vc_custom_1629735230066{margin-top: 25px !important;}\u00bb offset=\u00bbvc_hidden-sm vc_hidden-xs\u00bb][vc_column_text][\/vc_column_text][\/vc_column_inner][vc_column_inner [&hellip;]<\/p>\n","protected":false},"author":1,"featured_media":0,"parent":17128,"menu_order":0,"comment_status":"closed","ping_status":"closed","template":"","meta":{"_links_to":"","_links_to_target":""},"acf":[],"wps_subtitle":"","_links":{"self":[{"href":"https:\/\/www.foment.com\/es\/wp-json\/wp\/v2\/pages\/16447"}],"collection":[{"href":"https:\/\/www.foment.com\/es\/wp-json\/wp\/v2\/pages"}],"about":[{"href":"https:\/\/www.foment.com\/es\/wp-json\/wp\/v2\/types\/page"}],"author":[{"embeddable":true,"href":"https:\/\/www.foment.com\/es\/wp-json\/wp\/v2\/users\/1"}],"replies":[{"embeddable":true,"href":"https:\/\/www.foment.com\/es\/wp-json\/wp\/v2\/comments?post=16447"}],"version-history":[{"count":67,"href":"https:\/\/www.foment.com\/es\/wp-json\/wp\/v2\/pages\/16447\/revisions"}],"predecessor-version":[{"id":217151,"href":"https:\/\/www.foment.com\/es\/wp-json\/wp\/v2\/pages\/16447\/revisions\/217151"}],"up":[{"embeddable":true,"href":"https:\/\/www.foment.com\/es\/wp-json\/wp\/v2\/pages\/17128"}],"wp:attachment":[{"href":"https:\/\/www.foment.com\/es\/wp-json\/wp\/v2\/media?parent=16447"}],"curies":[{"name":"wp","href":"https:\/\/api.w.org\/{rel}","templated":true}]}}