{"id":188271,"date":"2024-07-22T12:43:01","date_gmt":"2024-07-22T10:43:01","guid":{"rendered":"https:\/\/www.foment.com\/?page_id=188271"},"modified":"2026-03-06T11:39:49","modified_gmt":"2026-03-06T10:39:49","slug":"marta-vilanova","status":"publish","type":"page","link":"https:\/\/www.foment.com\/es\/actividades\/foro-recursos-humanos\/marta-vilanova\/","title":{"rendered":"Marta Vilanova"},"content":{"rendered":"<section class=\"wpb-content-wrapper\"><p>[vc_row top_padding=\u00bb60&#8243; bottom_padding=\u00bb60&#8243;][vc_column width=\u00bb1\/1&#8243;][vc_row_inner][vc_column_inner width=\u00bb1\/3&#8243;]<div class=\"imagebox wpb_content_element style-1\"><div class=\"imagebox-img\"><img src=\"https:\/\/www.foment.com\/wp-content\/uploads\/2024\/07\/Marta-Vilanova.jpg\" alt=\"\" \/><\/div>Llevo m\u00e1s de 20 a\u00f1os dedic\u00e1ndome con pasi\u00f3n a trabajar con y para las personas. Aunque entr\u00e9 en este mundo por casualidad, he tenido el privilegio de contribuir a dar forma al \u00e1mbito del empleo, ayudando a las organizaciones a encontrar talento y a las personas a descubrir proyectos que las retan y hacen felices. Adem\u00e1s, tengo la suerte de no hacerlo sola, sino junto a un equipo de profesionales excepcionales que me hacen crecer cada d\u00eda.<\/div>[vc_column_text]<div class=\"social-icon social-big\"><a href=\"#\" target=\"_blank\" title=\"\"><i class=\"fa fa-linkedin\"><\/i><\/a><\/div>[\/vc_column_text][\/vc_column_inner][vc_column_inner width=\u00bb2\/3&#8243;]<h3 class=\"headline font-special fontsize-m fontweight-inherit lh-inherit align-left transform-inherit \" style=\"margin: 0 0 20px 0; color: #000000;\">Miembro del Comit\u00e9 de Direcci\u00f3n en Custommedia<\/h3>[vc_column_text]<span style=\"color: #ab192d;\"><strong>BIOGRAF\u00cdA<\/strong><\/span><\/p>\n<p>Soy diplomada en Turismo por la Universidad de Girona y cuento con un m\u00e1ster en Marketing de EADA. Mi carrera profesional comenz\u00f3 en el sector financiero, pero pronto descubr\u00ed mi verdadera pasi\u00f3n: las personas. Hace 18 a\u00f1os, me incorpor\u00e9 a Randstad, donde he tenido la oportunidad de desarrollarme y crecer en diferentes roles dentro del \u00e1rea de recursos humanos.<\/p>\n<p>Inici\u00e9 mi trayectoria como consultora generalista en la l\u00ednea de Staffing, y en tan solo seis meses ya estaba liderando una nueva oficina en Gav\u00e1. A lo largo de mi carrera en Randstad, he liderado varias oficinas y, durante seis a\u00f1os, fui directora de Zona del Baix Llobregat y Pened\u00e9s, donde gestion\u00e9 9 oficinas y equipos comerciales.<\/p>\n<p>En un contexto de fusi\u00f3n empresarial, asum\u00ed el reto de liderar Randstad Chile durante dos a\u00f1os. Al regresar a Espa\u00f1a, fui designada directora nacional de Recruitment Process Outsourcing (RPO), donde estuve al frente durante cinco a\u00f1os. Posteriormente, dirig\u00ed la consultora tecnol\u00f3gica en Catalu\u00f1a y, desde hace tres a\u00f1os, lidero Randstad Professionals, especializada en la selecci\u00f3n de perfiles t\u00e9cnicos, cualificados y mandos intermedios en Catalu\u00f1a.<\/p>\n<p>Con m\u00e1s de 18 a\u00f1os de experiencia en el sector de recursos humanos, poseo un profundo conocimiento en estrategias de atracci\u00f3n de talento y en la gesti\u00f3n de equipos de alto rendimiento. Me enorgullece trabajar en una compa\u00f1\u00eda que valora la equidad, la diversidad y el compa\u00f1erismo, principios que tambi\u00e9n gu\u00edan mi liderazgo.[\/vc_column_text][\/vc_column_inner][\/vc_row_inner][\/vc_column][\/vc_row][vc_row][vc_column width=\u00bb1\/1&#8243;][\/vc_column][\/vc_row]<\/p>\n<\/section>","protected":false},"excerpt":{"rendered":"<p>[vc_row top_padding=\u00bb60&#8243; bottom_padding=\u00bb60&#8243;][vc_column width=\u00bb1\/1&#8243;][vc_row_inner][vc_column_inner width=\u00bb1\/3&#8243;][vc_column_text][\/vc_column_text][\/vc_column_inner][vc_column_inner width=\u00bb2\/3&#8243;][vc_column_text]BIOGRAF\u00cdA Soy diplomada en Turismo por la Universidad de Girona y cuento con un m\u00e1ster en Marketing de EADA. Mi carrera profesional comenz\u00f3 en el sector financiero, pero pronto descubr\u00ed mi verdadera pasi\u00f3n: las personas. Hace 18 a\u00f1os, me incorpor\u00e9 a Randstad, donde he tenido la oportunidad de desarrollarme y crecer en diferentes roles dentro del \u00e1rea de recursos humanos. Inici\u00e9 mi trayectoria como consultora generalista en la l\u00ednea de Staffing, y en tan solo seis meses ya estaba liderando una nueva oficina en Gav\u00e1. A lo largo de mi carrera en Randstad, he liderado varias oficinas y, durante seis a\u00f1os, fui directora de Zona del Baix Llobregat y Pened\u00e9s, donde gestion\u00e9 9 oficinas y equipos comerciales. En un contexto de fusi\u00f3n empresarial, asum\u00ed el reto de liderar Randstad Chile durante dos a\u00f1os. Al regresar a Espa\u00f1a, fui designada directora nacional de Recruitment Process Outsourcing (RPO), donde estuve al frente durante cinco a\u00f1os. Posteriormente, dirig\u00ed la consultora tecnol\u00f3gica en Catalu\u00f1a y, desde hace tres a\u00f1os, lidero Randstad Professionals, especializada en la selecci\u00f3n de perfiles t\u00e9cnicos, cualificados y mandos intermedios en Catalu\u00f1a. Con m\u00e1s de 18 a\u00f1os de experiencia en el sector de recursos humanos, poseo [&hellip;]<\/p>\n","protected":false},"author":7,"featured_media":0,"parent":20441,"menu_order":0,"comment_status":"closed","ping_status":"closed","template":"","meta":{"_links_to":"","_links_to_target":""},"acf":[],"wps_subtitle":"","_links":{"self":[{"href":"https:\/\/www.foment.com\/es\/wp-json\/wp\/v2\/pages\/188271"}],"collection":[{"href":"https:\/\/www.foment.com\/es\/wp-json\/wp\/v2\/pages"}],"about":[{"href":"https:\/\/www.foment.com\/es\/wp-json\/wp\/v2\/types\/page"}],"author":[{"embeddable":true,"href":"https:\/\/www.foment.com\/es\/wp-json\/wp\/v2\/users\/7"}],"replies":[{"embeddable":true,"href":"https:\/\/www.foment.com\/es\/wp-json\/wp\/v2\/comments?post=188271"}],"version-history":[{"count":7,"href":"https:\/\/www.foment.com\/es\/wp-json\/wp\/v2\/pages\/188271\/revisions"}],"predecessor-version":[{"id":215760,"href":"https:\/\/www.foment.com\/es\/wp-json\/wp\/v2\/pages\/188271\/revisions\/215760"}],"up":[{"embeddable":true,"href":"https:\/\/www.foment.com\/es\/wp-json\/wp\/v2\/pages\/20441"}],"wp:attachment":[{"href":"https:\/\/www.foment.com\/es\/wp-json\/wp\/v2\/media?parent=188271"}],"curies":[{"name":"wp","href":"https:\/\/api.w.org\/{rel}","templated":true}]}}