{"id":19631,"date":"2016-09-06T18:56:26","date_gmt":"2016-09-06T16:56:26","guid":{"rendered":"http:\/\/foment.itartech.com\/?page_id=19631"},"modified":"2025-05-21T10:57:24","modified_gmt":"2025-05-21T08:57:24","slug":"innovacion","status":"publish","type":"page","link":"https:\/\/www.foment.com\/es\/innovacion\/","title":{"rendered":"Innovaci\u00f3n"},"content":{"rendered":"<section class=\"wpb-content-wrapper\"><p>[vc_row][vc_column width=\u00bb1\/1&#8243;]\t\t\t<script type=\"text\/javascript\" src=\"\/\/www.foment.com\/wp-content\/plugins\/revslider\/public\/assets\/js\/rbtools.min.js?rev=6.4.6\"><\/script>\n\t\t\t<script type=\"text\/javascript\" src=\"\/\/www.foment.com\/wp-content\/plugins\/revslider\/public\/assets\/js\/rs6.min.js?rev=6.4.6\"><\/script>\n\n\t\t\t<!-- START posts innovacion REVOLUTION SLIDER 6.4.6 --><p class=\"rs-p-wp-fix\"><\/p>\n\t\t\t<rs-module-wrap id=\"rev_slider_138_1_wrapper\" data-source=\"post\" style=\"background:transparent;padding:0;margin:0px auto;margin-top:0;margin-bottom:0;\">\n\t\t\t\t<rs-module id=\"rev_slider_138_1\" style=\"\" data-version=\"6.4.6\">\n\t\t\t\t\t<rs-slides>\n\t\t\t\t\t\t<rs-slide data-key=\"rs-218568\" data-title=\"Amazon reafirma su compromiso con Catalu\u00f1a como motor de empleo, crecimiento econ\u00f3mico e innovaci\u00f3n en un acto en Foment del Treball\" data-thumb=\"\/\/www.foment.com\/wp-content\/uploads\/2026\/04\/Portada-amazon-scaled-200x150.jpg\" data-link=\"\/\/www.foment.com\/es\/amazon-reafirma-su-compromiso-con-cataluna-como-motor-de-empleo-crecimiento-economico-e-innovacion-en-un-acto-en-foment-del-treball\/\" data-target=\"_self\" data-seoz=\"front\" data-in=\"o:0;\" data-out=\"a:false;\">\n\t\t\t\t\t\t\t<img src=\"\/\/www.foment.com\/wp-content\/plugins\/revslider\/public\/assets\/assets\/dummy.png\" title=\"Portada amazon\" width=\"2560\" height=\"1707\" class=\"rev-slidebg tp-rs-img rs-lazyload\" data-lazyload=\"\/\/www.foment.com\/wp-content\/uploads\/2026\/04\/Portada-amazon-scaled.jpg\" data-parallax=\"off\" data-no-retina>\n<!--\n\t\t\t\t\t\t\t--><rs-layer\n\t\t\t\t\t\t\t\tid=\"slider-138-slide-218568-layer-1\" \n\t\t\t\t\t\t\t\tclass=\"tp-shape tp-shapewrapper\"\n\t\t\t\t\t\t\t\tdata-type=\"shape\"\n\t\t\t\t\t\t\t\tdata-rsp_ch=\"on\"\n\t\t\t\t\t\t\t\tdata-xy=\"x:c;y:b;\"\n\t\t\t\t\t\t\t\tdata-text=\"w:normal;fw:100;\"\n\t\t\t\t\t\t\t\tdata-dim=\"w:100%;h:100%;\"\n\t\t\t\t\t\t\t\tdata-basealign=\"slide\"\n\t\t\t\t\t\t\t\tdata-frame_1=\"e:power2.inOut;st:500;\"\n\t\t\t\t\t\t\t\tdata-frame_999=\"o:0;e:nothing;st:w;\"\n\t\t\t\t\t\t\t\tstyle=\"z-index:8;background-color:rgba(30,30,30,0.5);\"\n\t\t\t\t\t\t\t> \n\t\t\t\t\t\t\t<\/rs-layer><!--\n\n\t\t\t\t\t\t\t--><rs-layer\n\t\t\t\t\t\t\t\tid=\"slider-138-slide-218568-layer-2\" \n\t\t\t\t\t\t\t\tclass=\"Newspaper-Title\"\n\t\t\t\t\t\t\t\tdata-type=\"text\"\n\t\t\t\t\t\t\t\tdata-color=\"rgba(255,255,255,1)\"\n\t\t\t\t\t\t\t\tdata-rsp_ch=\"on\"\n\t\t\t\t\t\t\t\tdata-xy=\"x:c;y:m;yo:0,-120px,-60px,-70px;\"\n\t\t\t\t\t\t\t\tdata-text=\"w:normal;s:28,28,28,22;l:35,35,32,32;fw:700;a:center;\"\n\t\t\t\t\t\t\t\tdata-dim=\"w:882px,882px,673px,407px;h:90px,90px,95px,95px;\"\n\t\t\t\t\t\t\t\tdata-padding=\"b:10,10,11,11;\"\n\t\t\t\t\t\t\t\tdata-frame_1=\"x:0,0,0px,0px;y:0,0,0px,0px;e:power2.inOut;st:500;\"\n\t\t\t\t\t\t\t\tdata-frame_999=\"o:0;e:nothing;st:w;\"\n\t\t\t\t\t\t\t\tstyle=\"z-index:10;font-family:Montserrat;text-transform:uppercase;\"\n\t\t\t\t\t\t\t>Amazon reafirma su compromiso con Catalu\u00f1a como motor de empleo, crecimiento econ\u00f3mico e innovaci\u00f3n en un acto en Foment del Treball \n\t\t\t\t\t\t\t<\/rs-layer><!--\n-->\t\t\t\t\t\t<\/rs-slide>\n\t\t\t\t\t\t<rs-slide data-key=\"rs-218391\" data-title=\"La Junta Directiva de Foment del Treball conoce el proyecto del futuro Campus de Salud Cl\u00ednico-Universitat de Barcelona\" data-thumb=\"\/\/www.foment.com\/wp-content\/uploads\/2026\/04\/portada-JD-scaled-200x150.jpg\" data-link=\"\/\/www.foment.com\/es\/la-junta-directiva-de-foment-del-treball-conoce-el-proyecto-del-futuro-campus-de-salud-clinico-universitat-de-barcelona\/\" data-target=\"_self\" data-seoz=\"front\" data-in=\"o:0;\" data-out=\"a:false;\">\n\t\t\t\t\t\t\t<img src=\"\/\/www.foment.com\/wp-content\/plugins\/revslider\/public\/assets\/assets\/dummy.png\" title=\"portada JD\" width=\"2560\" height=\"1440\" class=\"rev-slidebg tp-rs-img rs-lazyload\" data-lazyload=\"\/\/www.foment.com\/wp-content\/uploads\/2026\/04\/portada-JD-scaled.jpg\" data-parallax=\"off\" data-no-retina>\n<!--\n\t\t\t\t\t\t\t--><rs-layer\n\t\t\t\t\t\t\t\tid=\"slider-138-slide-218391-layer-1\" \n\t\t\t\t\t\t\t\tclass=\"tp-shape tp-shapewrapper\"\n\t\t\t\t\t\t\t\tdata-type=\"shape\"\n\t\t\t\t\t\t\t\tdata-rsp_ch=\"on\"\n\t\t\t\t\t\t\t\tdata-xy=\"x:c;y:b;\"\n\t\t\t\t\t\t\t\tdata-text=\"w:normal;fw:100;\"\n\t\t\t\t\t\t\t\tdata-dim=\"w:100%;h:100%;\"\n\t\t\t\t\t\t\t\tdata-basealign=\"slide\"\n\t\t\t\t\t\t\t\tdata-frame_1=\"e:power2.inOut;st:500;\"\n\t\t\t\t\t\t\t\tdata-frame_999=\"o:0;e:nothing;st:w;\"\n\t\t\t\t\t\t\t\tstyle=\"z-index:8;background-color:rgba(30,30,30,0.5);\"\n\t\t\t\t\t\t\t> \n\t\t\t\t\t\t\t<\/rs-layer><!--\n\n\t\t\t\t\t\t\t--><rs-layer\n\t\t\t\t\t\t\t\tid=\"slider-138-slide-218391-layer-2\" \n\t\t\t\t\t\t\t\tclass=\"Newspaper-Title\"\n\t\t\t\t\t\t\t\tdata-type=\"text\"\n\t\t\t\t\t\t\t\tdata-color=\"rgba(255,255,255,1)\"\n\t\t\t\t\t\t\t\tdata-rsp_ch=\"on\"\n\t\t\t\t\t\t\t\tdata-xy=\"x:c;y:m;yo:0,-120px,-60px,-70px;\"\n\t\t\t\t\t\t\t\tdata-text=\"w:normal;s:28,28,28,22;l:35,35,32,32;fw:700;a:center;\"\n\t\t\t\t\t\t\t\tdata-dim=\"w:882px,882px,673px,407px;h:90px,90px,95px,95px;\"\n\t\t\t\t\t\t\t\tdata-padding=\"b:10,10,11,11;\"\n\t\t\t\t\t\t\t\tdata-frame_1=\"x:0,0,0px,0px;y:0,0,0px,0px;e:power2.inOut;st:500;\"\n\t\t\t\t\t\t\t\tdata-frame_999=\"o:0;e:nothing;st:w;\"\n\t\t\t\t\t\t\t\tstyle=\"z-index:10;font-family:Montserrat;text-transform:uppercase;\"\n\t\t\t\t\t\t\t>La Junta Directiva de Foment del Treball conoce el proyecto del futuro Campus de Salud Cl\u00ednico-Universitat de Barcelona \n\t\t\t\t\t\t\t<\/rs-layer><!--\n-->\t\t\t\t\t\t<\/rs-slide>\n\t\t\t\t\t\t<rs-slide data-key=\"rs-215463\" data-title=\"Foment del Treball impulsa el debate sobre soberan\u00eda tecnol\u00f3gica europea en el MWC\" data-thumb=\"\/\/www.foment.com\/wp-content\/uploads\/2026\/03\/JVF4553-scaled-200x150.jpg\" data-link=\"\/\/www.foment.com\/es\/foment-del-treball-impulsa-el-debate-sobre-soberania-tecnologica-europea-en-el-mwc\/\" data-target=\"_self\" data-seoz=\"front\" data-in=\"o:0;\" data-out=\"a:false;\">\n\t\t\t\t\t\t\t<img src=\"\/\/www.foment.com\/wp-content\/plugins\/revslider\/public\/assets\/assets\/dummy.png\" title=\"_JVF4553\" width=\"2560\" height=\"1707\" class=\"rev-slidebg tp-rs-img rs-lazyload\" data-lazyload=\"\/\/www.foment.com\/wp-content\/uploads\/2026\/03\/JVF4553-scaled.jpg\" data-parallax=\"off\" data-no-retina>\n<!--\n\t\t\t\t\t\t\t--><rs-layer\n\t\t\t\t\t\t\t\tid=\"slider-138-slide-215463-layer-1\" \n\t\t\t\t\t\t\t\tclass=\"tp-shape tp-shapewrapper\"\n\t\t\t\t\t\t\t\tdata-type=\"shape\"\n\t\t\t\t\t\t\t\tdata-rsp_ch=\"on\"\n\t\t\t\t\t\t\t\tdata-xy=\"x:c;y:b;\"\n\t\t\t\t\t\t\t\tdata-text=\"w:normal;fw:100;\"\n\t\t\t\t\t\t\t\tdata-dim=\"w:100%;h:100%;\"\n\t\t\t\t\t\t\t\tdata-basealign=\"slide\"\n\t\t\t\t\t\t\t\tdata-frame_1=\"e:power2.inOut;st:500;\"\n\t\t\t\t\t\t\t\tdata-frame_999=\"o:0;e:nothing;st:w;\"\n\t\t\t\t\t\t\t\tstyle=\"z-index:8;background-color:rgba(30,30,30,0.5);\"\n\t\t\t\t\t\t\t> \n\t\t\t\t\t\t\t<\/rs-layer><!--\n\n\t\t\t\t\t\t\t--><rs-layer\n\t\t\t\t\t\t\t\tid=\"slider-138-slide-215463-layer-2\" \n\t\t\t\t\t\t\t\tclass=\"Newspaper-Title\"\n\t\t\t\t\t\t\t\tdata-type=\"text\"\n\t\t\t\t\t\t\t\tdata-color=\"rgba(255,255,255,1)\"\n\t\t\t\t\t\t\t\tdata-rsp_ch=\"on\"\n\t\t\t\t\t\t\t\tdata-xy=\"x:c;y:m;yo:0,-120px,-60px,-70px;\"\n\t\t\t\t\t\t\t\tdata-text=\"w:normal;s:28,28,28,22;l:35,35,32,32;fw:700;a:center;\"\n\t\t\t\t\t\t\t\tdata-dim=\"w:882px,882px,673px,407px;h:90px,90px,95px,95px;\"\n\t\t\t\t\t\t\t\tdata-padding=\"b:10,10,11,11;\"\n\t\t\t\t\t\t\t\tdata-frame_1=\"x:0,0,0px,0px;y:0,0,0px,0px;e:power2.inOut;st:500;\"\n\t\t\t\t\t\t\t\tdata-frame_999=\"o:0;e:nothing;st:w;\"\n\t\t\t\t\t\t\t\tstyle=\"z-index:10;font-family:Montserrat;text-transform:uppercase;\"\n\t\t\t\t\t\t\t>Foment del Treball impulsa el debate sobre soberan\u00eda tecnol\u00f3gica europea en el MWC \n\t\t\t\t\t\t\t<\/rs-layer><!--\n-->\t\t\t\t\t\t<\/rs-slide>\n\t\t\t\t\t\t<rs-slide data-key=\"rs-215346\" data-title=\"La vicepresidenta ejecutiva de la Comisi\u00f3n Europea Henna Virkkunen visita Foment del Treball\" data-thumb=\"\/\/www.foment.com\/wp-content\/uploads\/2026\/03\/JVF3470-scaled-200x150.jpg\" data-link=\"\/\/www.foment.com\/es\/la-vicepresidenta-ejecutiva-de-la-comision-europea-henna-virkkunen-visita-foment-del-treball\/\" data-target=\"_self\" data-seoz=\"front\" data-in=\"o:0;\" data-out=\"a:false;\">\n\t\t\t\t\t\t\t<img src=\"\/\/www.foment.com\/wp-content\/plugins\/revslider\/public\/assets\/assets\/dummy.png\" title=\"_JVF3470\" width=\"2560\" height=\"1707\" class=\"rev-slidebg tp-rs-img rs-lazyload\" data-lazyload=\"\/\/www.foment.com\/wp-content\/uploads\/2026\/03\/JVF3470-scaled.jpg\" data-parallax=\"off\" data-no-retina>\n<!--\n\t\t\t\t\t\t\t--><rs-layer\n\t\t\t\t\t\t\t\tid=\"slider-138-slide-215346-layer-1\" \n\t\t\t\t\t\t\t\tclass=\"tp-shape tp-shapewrapper\"\n\t\t\t\t\t\t\t\tdata-type=\"shape\"\n\t\t\t\t\t\t\t\tdata-rsp_ch=\"on\"\n\t\t\t\t\t\t\t\tdata-xy=\"x:c;y:b;\"\n\t\t\t\t\t\t\t\tdata-text=\"w:normal;fw:100;\"\n\t\t\t\t\t\t\t\tdata-dim=\"w:100%;h:100%;\"\n\t\t\t\t\t\t\t\tdata-basealign=\"slide\"\n\t\t\t\t\t\t\t\tdata-frame_1=\"e:power2.inOut;st:500;\"\n\t\t\t\t\t\t\t\tdata-frame_999=\"o:0;e:nothing;st:w;\"\n\t\t\t\t\t\t\t\tstyle=\"z-index:8;background-color:rgba(30,30,30,0.5);\"\n\t\t\t\t\t\t\t> \n\t\t\t\t\t\t\t<\/rs-layer><!--\n\n\t\t\t\t\t\t\t--><rs-layer\n\t\t\t\t\t\t\t\tid=\"slider-138-slide-215346-layer-2\" \n\t\t\t\t\t\t\t\tclass=\"Newspaper-Title\"\n\t\t\t\t\t\t\t\tdata-type=\"text\"\n\t\t\t\t\t\t\t\tdata-color=\"rgba(255,255,255,1)\"\n\t\t\t\t\t\t\t\tdata-rsp_ch=\"on\"\n\t\t\t\t\t\t\t\tdata-xy=\"x:c;y:m;yo:0,-120px,-60px,-70px;\"\n\t\t\t\t\t\t\t\tdata-text=\"w:normal;s:28,28,28,22;l:35,35,32,32;fw:700;a:center;\"\n\t\t\t\t\t\t\t\tdata-dim=\"w:882px,882px,673px,407px;h:90px,90px,95px,95px;\"\n\t\t\t\t\t\t\t\tdata-padding=\"b:10,10,11,11;\"\n\t\t\t\t\t\t\t\tdata-frame_1=\"x:0,0,0px,0px;y:0,0,0px,0px;e:power2.inOut;st:500;\"\n\t\t\t\t\t\t\t\tdata-frame_999=\"o:0;e:nothing;st:w;\"\n\t\t\t\t\t\t\t\tstyle=\"z-index:10;font-family:Montserrat;text-transform:uppercase;\"\n\t\t\t\t\t\t\t>La vicepresidenta ejecutiva de la Comisi\u00f3n Europea Henna Virkkunen visita Foment del Treball \n\t\t\t\t\t\t\t<\/rs-layer><!--\n-->\t\t\t\t\t\t<\/rs-slide>\n\t\t\t\t\t<\/rs-slides>\n\t\t\t\t<\/rs-module>\n\t\t\t\t<script type=\"text\/javascript\">\n\t\t\t\t\tsetREVStartSize({c: 'rev_slider_138_1',rl:[1240,1024,778,480],el:[500,500,360,360],gw:[1600,1024,778,480],gh:[500,500,360,360],type:'standard',justify:'',layout:'fullwidth',mh:\"0\"});\n\t\t\t\t\tvar\trevapi138,\n\t\t\t\t\t\ttpj;\n\t\t\t\t\tfunction revinit_revslider1381() {\n\t\t\t\t\tjQuery(function() {\n\t\t\t\t\t\ttpj = jQuery;\n\t\t\t\t\t\trevapi138 = tpj(\"#rev_slider_138_1\");\n\t\t\t\t\t\ttpj.noConflict();\n\t\t\t\t\t\tif(revapi138==undefined || revapi138.revolution == undefined){\n\t\t\t\t\t\t\trevslider_showDoubleJqueryError(\"rev_slider_138_1\");\n\t\t\t\t\t\t}else{\n\t\t\t\t\t\t\trevapi138.revolution({\n\t\t\t\t\t\t\t\tDPR:\"dpr\",\n\t\t\t\t\t\t\t\tsliderLayout:\"fullwidth\",\n\t\t\t\t\t\t\t\tvisibilityLevels:\"1240,1024,778,480\",\n\t\t\t\t\t\t\t\tgridwidth:\"1600,1024,778,480\",\n\t\t\t\t\t\t\t\tgridheight:\"500,500,360,360\",\n\t\t\t\t\t\t\t\tlazyType:\"smart\",\n\t\t\t\t\t\t\t\tperspective:600,\n\t\t\t\t\t\t\t\tperspectiveType:\"local\",\n\t\t\t\t\t\t\t\teditorheight:\"500,500,360,360\",\n\t\t\t\t\t\t\t\tresponsiveLevels:\"1240,1024,778,480\",\n\t\t\t\t\t\t\t\tprogressBar:{disableProgressBar:true},\n\t\t\t\t\t\t\t\tnavigation: {\n\t\t\t\t\t\t\t\t\tmouseScrollNavigation:false,\n\t\t\t\t\t\t\t\t\twheelCallDelay:1000,\n\t\t\t\t\t\t\t\t\tonHoverStop:false,\n\t\t\t\t\t\t\t\t\ttouch: {\n\t\t\t\t\t\t\t\t\t\ttouchenabled:true,\n\t\t\t\t\t\t\t\t\t\tswipe_min_touches:50\n\t\t\t\t\t\t\t\t\t},\n\t\t\t\t\t\t\t\t\tarrows: {\n\t\t\t\t\t\t\t\t\t\tenable:true,\n\t\t\t\t\t\t\t\t\t\tstyle:\"uranus\",\n\t\t\t\t\t\t\t\t\t\thide_onmobile:true,\n\t\t\t\t\t\t\t\t\t\thide_under:600,\n\t\t\t\t\t\t\t\t\t\tleft: {\n\t\t\t\t\t\t\t\t\t\t\th_offset:30\n\t\t\t\t\t\t\t\t\t\t},\n\t\t\t\t\t\t\t\t\t\tright: {\n\t\t\t\t\t\t\t\t\t\t\th_offset:30\n\t\t\t\t\t\t\t\t\t\t}\n\t\t\t\t\t\t\t\t\t},\n\t\t\t\t\t\t\t\t\tbullets: {\n\t\t\t\t\t\t\t\t\t\tenable:true,\n\t\t\t\t\t\t\t\t\t\ttmp:\"\",\n\t\t\t\t\t\t\t\t\t\tstyle:\"hesperiden\",\n\t\t\t\t\t\t\t\t\t\th_offset:10,\n\t\t\t\t\t\t\t\t\t\tv_offset:25,\n\t\t\t\t\t\t\t\t\t\tspace:11\n\t\t\t\t\t\t\t\t\t}\n\t\t\t\t\t\t\t\t},\n\t\t\t\t\t\t\t\tparallax: {\n\t\t\t\t\t\t\t\t\tlevels:[2,3,4,5,6,7,12,16,10,50,47,48,49,50,51,55],\n\t\t\t\t\t\t\t\t\ttype:\"mouse\",\n\t\t\t\t\t\t\t\t\torigo:\"slidercenter\",\n\t\t\t\t\t\t\t\t\tspeed:2000\n\t\t\t\t\t\t\t\t},\n\t\t\t\t\t\t\t\tfallbacks: {\n\t\t\t\t\t\t\t\t\tallowHTML5AutoPlayOnAndroid:true\n\t\t\t\t\t\t\t\t},\n\t\t\t\t\t\t\t});\n\t\t\t\t\t\t}\n\t\t\t\t\t\t\n\t\t\t\t\t});\n\t\t\t\t\t} \/\/ End of RevInitScript\n\t\t\t\tvar once_revslider1381 = false;\n\t\t\t\tif (document.readyState === \"loading\") {document.addEventListener('readystatechange',function() { if((document.readyState === \"interactive\" || document.readyState === \"complete\") && !once_revslider1381 ) { once_revslider1381 = true; revinit_revslider1381();}});} else {once_revslider1381 = true; revinit_revslider1381();}\n\t\t\t\t<\/script>\n\t\t\t\t<script>\n\t\t\t\t\tvar htmlDivCss = unescape(\"%23rev_slider_138_1_wrapper%20.uranus.tparrows%20%7B%0A%20%20width%3A50px%3B%0A%20%20height%3A50px%3B%0A%20%20background%3Argba%28255%2C255%2C255%2C0%29%3B%0A%20%7D%0A%20%23rev_slider_138_1_wrapper%20.uranus.tparrows%3Abefore%20%7B%0A%20width%3A50px%3B%0A%20height%3A50px%3B%0A%20line-height%3A50px%3B%0A%20font-size%3A40px%3B%0A%20transition%3Aall%200.3s%3B%0A-webkit-transition%3Aall%200.3s%3B%0A%20%7D%0A%20%0A%20%20%23rev_slider_138_1_wrapper%20.uranus.tparrows%3Ahover%3Abefore%20%7B%0A%20%20%20%20opacity%3A0.75%3B%0A%20%20%7D%0A%23rev_slider_138_1_wrapper%20.hesperiden.tp-bullets%20%7B%0A%7D%0A%23rev_slider_138_1_wrapper%20.hesperiden.tp-bullets%3Abefore%20%7B%0A%09content%3A%27%20%27%3B%0A%09position%3Aabsolute%3B%0A%09width%3A100%25%3B%0A%09height%3A100%25%3B%0A%09background%3Atransparent%3B%0A%09padding%3A10px%3B%0A%09margin-left%3A-10px%3Bmargin-top%3A-10px%3B%0A%09box-sizing%3Acontent-box%3B%0A%20%20%20border-radius%3A8px%3B%0A%20%20%0A%7D%0A%23rev_slider_138_1_wrapper%20.hesperiden%20.tp-bullet%20%7B%0A%09width%3A12px%3B%0A%09height%3A12px%3B%0A%09position%3Aabsolute%3B%0A%09background%3A%20%23ffffff%3B%20%2F%2A%20old%20browsers%20%2A%2F%0A%20%20%20%20background%3A%20-moz-linear-gradient%28top%2C%20%20%23ffffff%200%25%2C%20%23ffffff%20100%25%29%3B%20%2F%2A%20ff3.6%2B%20%2A%2F%0A%20%20%20%20background%3A%20-webkit-linear-gradient%28top%2C%20%20%23ffffff%200%25%2C%23ffffff%20100%25%29%3B%20%2F%2A%20chrome10%2B%2Csafari5.1%2B%20%2A%2F%0A%20%20%20%20background%3A%20-o-linear-gradient%28top%2C%20%20%23ffffff%200%25%2C%23ffffff%20100%25%29%3B%20%2F%2A%20opera%2011.10%2B%20%2A%2F%0A%20%20%20%20background%3A%20-ms-linear-gradient%28top%2C%20%20%23ffffff%200%25%2C%23ffffff%20100%25%29%3B%20%2F%2A%20ie10%2B%20%2A%2F%0A%20%20%20%20background%3A%20linear-gradient%28to%20bottom%2C%20%20%23ffffff%200%25%2C%23ffffff%20100%25%29%3B%20%2F%2A%20w3c%20%2A%2F%0A%20%20%20%20filter%3A%20progid%3Adximagetransform.microsoft.gradient%28%20%0A%20%20%20%20startcolorstr%3D%27%23ffffff%27%2C%20endcolorstr%3D%27%23ffffff%27%2Cgradienttype%3D0%20%29%3B%20%2F%2A%20ie6-9%20%2A%2F%0A%09border%3A0px%20solid%20%23ffffff%3B%0A%09border-radius%3A50%25%3B%0A%09cursor%3A%20pointer%3B%0A%09box-sizing%3Acontent-box%3B%0A%7D%0A%23rev_slider_138_1_wrapper%20.hesperiden%20.tp-bullet%3Ahover%2C%0A%23rev_slider_138_1_wrapper%20.hesperiden%20.tp-bullet.selected%20%7B%0A%09background%3A%23d2112d%3B%0A%7D%0A%23rev_slider_138_1_wrapper%20.hesperiden%20.tp-bullet-image%20%7B%0A%7D%0A%23rev_slider_138_1_wrapper%20.hesperiden%20.tp-bullet-title%20%7B%0A%7D%0A%0A\");\n\t\t\t\t\tvar htmlDiv = document.getElementById('rs-plugin-settings-inline-css');\n\t\t\t\t\tif(htmlDiv) {\n\t\t\t\t\t\thtmlDiv.innerHTML = htmlDiv.innerHTML + htmlDivCss;\n\t\t\t\t\t}else{\n\t\t\t\t\t\tvar htmlDiv = document.createElement('div');\n\t\t\t\t\t\thtmlDiv.innerHTML = '<style>' + htmlDivCss + '<\/style>';\n\t\t\t\t\t\tdocument.getElementsByTagName('head')[0].appendChild(htmlDiv.childNodes[0]);\n\t\t\t\t\t}\n\t\t\t\t<\/script>\n\t\t\t\t<script>\n\t\t\t\t\tvar htmlDivCss = unescape(\"%0A%23rev_slider_138_1%5Bdata-slideactive%3D%22rs-189%22%5D%20.hesperiden%20.tp-bullet%7B%0Abackground%3A%20linear-gradient%28to%20bottom%2C%20%20%23999999%200%25%2C%23ffffff%20100%25%29%20%21important%3B%0Afilter%3A%20progid%3Adximagetransform.microsoft.gradient%28%20%0A%20%20%20%20startcolorstr%3D%22%23999999%22%2C%20endcolorstr%3D%22%23ffffff%22%2Cgradienttype%3D0%20%29%20%21important%3B%0Aborder%3A%203px%20solid%20%23ffffff%20%21important%3B%0A%7D%0A%0A\");\n\t\t\t\t\tvar htmlDiv = document.getElementById('rs-plugin-settings-inline-css');\n\t\t\t\t\tif(htmlDiv) {\n\t\t\t\t\t\thtmlDiv.innerHTML = htmlDiv.innerHTML + htmlDivCss;\n\t\t\t\t\t}else{\n\t\t\t\t\t\tvar htmlDiv = document.createElement('div');\n\t\t\t\t\t\thtmlDiv.innerHTML = '<style>' + htmlDivCss + '<\/style>';\n\t\t\t\t\t\tdocument.getElementsByTagName('head')[0].appendChild(htmlDiv.childNodes[0]);\n\t\t\t\t\t}\n\t\t\t\t<\/script>\n\t\t\t<\/rs-module-wrap>\n\t\t\t<!-- END REVOLUTION SLIDER -->\n[\/vc_column][\/vc_row][vc_row bg_color=\u00bb#ffffff\u00bb top_padding=\u00bb10&#8243; bottom_padding=\u00bb20&#8243;][vc_column width=\u00bb1\/1&#8243;][vc_row_inner][vc_column_inner css=\u00bb.vc_custom_1621001846585{background-color: #ffffff !important;}\u00bb]<div class=\"iconbox  wpb_content_element iconbox-style-3 icon-color-custom color-dark\"><img src='https:\/\/www.foment.com\/wp-content\/uploads\/2021\/08\/Icon-Innov2.png' class='iconimg' alt='' \/><h3><\/h3><p>\n<p style=\"font-weight: 400; text-align: center;\">La Comisi\u00f3n de Innovaci\u00f3n reafirma el posicionamiento de Foment como impulsor de la innovaci\u00f3n en el tejido industrial y de empresas del pa\u00eds. El objetivo principal es ser un punto de encuentro del ecosistema innovador catal\u00e1n, para convertirse en una patronal facilitadora de conocimiento y nexo con los principales centros de referencia.<\/p>\n<\/p><\/div>[\/vc_column_inner][\/vc_row_inner][\/vc_column][\/vc_row][vc_section][vc_row bg_color=\u00bb#efefef\u00bb top_padding=\u00bb60&#8243; class=\u00bbdestacats\u00bb][vc_column width=\u00bb1\/1&#8243;][vc_column_text el_id=\u00bbdestacats\u00bb]<\/p>\n<p style=\"text-align: center;\"><style type=\"text\/css\">.bdpp-style-mngr-4 .bdpp-post-title a,\r\n\t\t\t\t   .bdpp-style-mngr-4 .bdpp-post-title a:visited, bdpp-style-mngr-4 .bdpp-post-title a:focus\r\n\t\t\t\t   {color: #c80015 !important;}.bdpp-style-mngr-4 .bdpp-post-desc, .bdpp-style-mngr-4 .bdpp-term-description {color: #000000 !important;}.bdpp-style-mngr-4 .bdpp-post-meta span, .bdpp-style-mngr-4 .bdpp-post-meta, .bdpp-style-mngr-4 .bdpp-post-meta .bdpp-post-tags a.bdpp-post-cat-link {color: #000000 !important;}.bdpp-style-mngr-4 .owl-nav .owl-prev, .bdpp-style-mngr-4 .owl-nav .owl-next, .bdpp-style-mngr-4 .post-vticker-up, .bdpp-style-mngr-4 .post-vticker-down{color: #000000;}.bdpp-style-mngr-4 .owl-nav .owl-prev, .bdpp-style-mngr-4 .owl-nav .owl-next, .bdpp-style-mngr-4 .post-vticker-up, .bdpp-style-mngr-4 .post-vticker-down{background-color: #000000;}<\/style><div class=\"bdpp-wrap bdpp-slider-wrap-main\">\r\n\t<div id=\"bdpp-post-slider-wrap-1\" class=\"bdpp-post-slider-wrap owl-carousel bdpp-design-6 botons bdpp-style-mngr-4 bdpp-clearfix\" data-conf=\"{&quot;loop&quot;:true,&quot;slide_margin&quot;:5,&quot;start_position&quot;:0,&quot;arrows&quot;:false,&quot;dots&quot;:false,&quot;autoplay&quot;:true,&quot;autoplay_interval&quot;:5000,&quot;speed&quot;:500,&quot;autoplay_hover_pause&quot;:true,&quot;nav_text&quot;:[&quot;&amp;#x2039;&quot;,&quot;&amp;#x203a;&quot;],&quot;lazyload&quot;:false,&quot;url_hash_listener&quot;:false,&quot;stage_padding&quot;:0,&quot;auto_height&quot;:false,&quot;show_thumbnail&quot;:false,&quot;thumbnail&quot;:7}\">\n<div class=\"bdpp-post-slide bdpp-post-218568 bdpp-post-standard bdpp-has-thumb bdpp-clearfix\" >\n\t<div class=\"bdpp-post-slider-content bdpp-clearfix\">\n\t\t<div id=\"coled6\" class=\"bdpp-col-left bdpp-col-xl-6 bdpp-columns bdpp-clearfix\">\t\n\t\t\t<div class=\"bdpp-featured-meta\">\n\n\t\t\t\t<h2 class=\"bdpp-post-title-abaix\">\n\t\t\t\t\t<a href=\"https:\/\/www.foment.com\/es\/amazon-reafirma-su-compromiso-con-cataluna-como-motor-de-empleo-crecimiento-economico-e-innovacion-en-un-acto-en-foment-del-treball\/\" target=\"_self\">Amazon reafirma su compromiso con Catalu\u00f1a como motor de empleo, crecimiento econ\u00f3mico e innovaci\u00f3n en un acto en Foment del Treball<\/a>\n\t\t\t\t<\/h2>\n\n\t\t\t\t\t\t\t\t<div class=\"bdpp-post-meta bdpp-post-meta-up\">\n\t\t\t\t\t<span class=\"bdpp-post-meta-data bdpp-post-date\"><i class=\"fa fa-clock-o\"><\/i>20 de abril de 2026<\/span>\t\t\t\t<\/div>\n\t\t\t\t\t\t\t\t<div class=\"bdpp-post-content\">\n\t\t\t\t\t<div class=\"bdpp-post-desc\">Amazon ha invertido m\u00e1s de 5.000 millones de euros en Catalu\u00f1a, donde emplea a m\u00e1s de 8.000 personas en la regi\u00f3n, contribuyendo con m\u00e1s de 4.000 millones al PIB catal\u00e1n La directora general de Amazon, Ruth D\u00edaz, ha puesto en valor la contribuci\u00f3n de la compa\u00f1\u00eda al desarrollo econ\u00f3mico, empresarial...<\/div>\n\t\t\t\t\t\t\t\t\t<\/div>\n\t\t\t\t\t\t\t\t\n\t\t\t\t\t\t\t\t<div class=\"bdpp-post-cats-abaix\"><a class=\"bdpp-post-cat-link bdpp-post-cat-114 bdpp-post-cat-destacamos\" href=\"https:\/\/www.foment.com\/es\/category\/destacamos\/\">Destacamos<\/a> <a class=\"bdpp-post-cat-link bdpp-post-cat-71 bdpp-post-cat-innovacion\" href=\"https:\/\/www.foment.com\/es\/category\/innovacion\/\">Innovaci\u00f3n<\/a> <a class=\"bdpp-post-cat-link bdpp-post-cat-5714 bdpp-post-cat-prensa\" href=\"https:\/\/www.foment.com\/es\/category\/prensa\/\">Prensa<\/a><\/div>\n\t\t\t\t\n\t\t\t\t\n\t\t\t<\/div>\n\t\t<\/div>\n\n\t\t<div id=\"coldd6\" class=\"bdpp-col-right bdpp-col-xl-6 bdpp-columns\">\t\n\t\t\t<a class=\"bdpp-post-linkoverlay\" href=\"https:\/\/www.foment.com\/es\/amazon-reafirma-su-compromiso-con-cataluna-como-motor-de-empleo-crecimiento-economico-e-innovacion-en-un-acto-en-foment-del-treball\/\" target=\"_self\"><\/a>\n\t\t\t<div class=\"bdpp-post-img-bg \" background-image:url(https:\/\/www.foment.com\/wp-content\/uploads\/2026\/04\/Portada-amazon-1024x683.jpg);>\n\t\t\t\t\t\t\t<\/div>\n\t\t<\/div>\n\t<\/div>\n<\/div>\r\n\t<\/div>\r\n\t<\/div>\n<p>[\/vc_column_text][\/vc_column][\/vc_row][\/vc_section][vc_row type=\u00bbfull_width_section\u00bb bg_color=\u00bb#efefef\u00bb top_padding=\u00bb60&#8243; bottom_padding=\u00bb20&#8243;][vc_column width=\u00bb1\/1&#8243;][vc_row_inner][vc_column_inner offset=\u00bbvc_hidden-sm vc_hidden-xs\u00bb]<h1 class=\"headline font-inherit fontsize-xxxl fontweight-700 lh-inherit align-center transform-inherit \" style=\"margin: 0 0 20px 0; color: #000000;\">ACTUALIDAD<\/h1>[vc_column_text]<style type=\"text\/css\">.bdpp-style-mngr-3 .bdpp-post-title {font-size: 16px !important;}.bdpp-style-mngr-3 .bdpp-post-title {line-height: 22px !important;}.bdpp-style-mngr-3 .bdpp-post-title a,\r\n\t\t\t\t   .bdpp-style-mngr-3 .bdpp-post-title a:visited, bdpp-style-mngr-3 .bdpp-post-title a:focus\r\n\t\t\t\t   {color: #000000 !important;}.bdpp-style-mngr-3 .bdpp-post-meta span {font-size: 10px !important;}.bdpp-style-mngr-3 .bdpp-post-meta span, .bdpp-style-mngr-3 .bdpp-post-meta, .bdpp-style-mngr-3 .bdpp-post-meta .bdpp-post-tags a.bdpp-post-cat-link {color: #969696 !important;}<\/style><div id=\"bdpp-post-carousel-wrap-2\" class=\"bdpp-wrap bdpp-post-carousel-wrap owl-carousel bdpp-design-1 botons bdpp-style-mngr-3 bdpp-clearfix\" data-conf=\"{&quot;slide_show&quot;:6,&quot;loop&quot;:true,&quot;slide_margin&quot;:20,&quot;start_position&quot;:0,&quot;arrows&quot;:false,&quot;dots&quot;:true,&quot;autoplay&quot;:false,&quot;autoplay_interval&quot;:5000,&quot;speed&quot;:500,&quot;autoplay_hover_pause&quot;:false,&quot;nav_text&quot;:[&quot;&amp;#x2039;&quot;,&quot;&amp;#x203a;&quot;],&quot;lazyload&quot;:false,&quot;url_hash_listener&quot;:false,&quot;stage_padding&quot;:0,&quot;center&quot;:true,&quot;slide_scroll&quot;:7,&quot;auto_height&quot;:false}\"><div class=\"bdpp-post-slide bdpp-post-218391 bdpp-post-standard bdpp-has-thumb\" >\n\t<div class=\"bdpp-post-carousel-content\">\n\t\t\t\t<div class=\"bdpp-post-img-bg\">\n\t\t\t<a href=\"https:\/\/www.foment.com\/es\/la-junta-directiva-de-foment-del-treball-conoce-el-proyecto-del-futuro-campus-de-salud-clinico-universitat-de-barcelona\/\" target=\"_self\">\n\t\t\t\t\t\t\t\t<img src=\"https:\/\/www.foment.com\/wp-content\/uploads\/2026\/04\/portada-JD-300x169.jpg\" alt=\"La Junta Directiva de Foment del Treball conoce el proyecto del futuro Campus de Salud Cl\u00ednico-Universitat de Barcelona\" \/>\n\t\t\t\t\t\t\t<\/a>\n\t\t<\/div>\n\t\t\n\t\t<div class=\"titledate0408\">\n\t\t<h2 class=\"bdpp-post-title0408\">\n\t\t\t<a href=\"https:\/\/www.foment.com\/es\/la-junta-directiva-de-foment-del-treball-conoce-el-proyecto-del-futuro-campus-de-salud-clinico-universitat-de-barcelona\/\" target=\"_self\">La Junta Directiva de Foment del Treball conoce el proyecto del futuro Campus de ...<\/a>\n\t\t<\/h2>\n\n\t\t\t\t\t<div class=\"bdpp-post-meta bdpp-post-meta-up\">\n\t\t\t\t<span class=\"bdpp-post-meta-data bdpp-post-date\"><i class=\"fa fa-clock-o\"><\/i>16 de abril de 2026<\/span>\t\t\t<\/div>\n\t\t<\/div>\n\t\t\n\t\t\t\t<div class=\"bdpp-post-cats0408\"><a class=\"bdpp-post-cat-link bdpp-post-cat-1821 bdpp-post-cat-atencion-a-las-personas\" href=\"https:\/\/www.foment.com\/es\/category\/atencion-a-las-personas\/\">Atenci\u00f3n a las personas<\/a> <a class=\"bdpp-post-cat-link bdpp-post-cat-114 bdpp-post-cat-destacamos\" href=\"https:\/\/www.foment.com\/es\/category\/destacamos\/\">Destacamos<\/a> <a class=\"bdpp-post-cat-link bdpp-post-cat-71 bdpp-post-cat-innovacion\" href=\"https:\/\/www.foment.com\/es\/category\/innovacion\/\">Innovaci\u00f3n<\/a> <a class=\"bdpp-post-cat-link bdpp-post-cat-8407 bdpp-post-cat-noticias-revista\" href=\"https:\/\/www.foment.com\/es\/category\/revista-f\/noticias-revista\/\">Noticias<\/a><\/div>\n\t\t\n\n\n\n\t\t\t<\/div>\n<\/div><div class=\"bdpp-post-slide bdpp-post-215463 bdpp-post-standard bdpp-has-thumb\" >\n\t<div class=\"bdpp-post-carousel-content\">\n\t\t\t\t<div class=\"bdpp-post-img-bg\">\n\t\t\t<a href=\"https:\/\/www.foment.com\/es\/foment-del-treball-impulsa-el-debate-sobre-soberania-tecnologica-europea-en-el-mwc\/\" target=\"_self\">\n\t\t\t\t\t\t\t\t<img src=\"https:\/\/www.foment.com\/wp-content\/uploads\/2026\/03\/JVF4553-300x200.jpg\" alt=\"Foment del Treball impulsa el debate sobre soberan\u00eda tecnol\u00f3gica europea en el MWC\" \/>\n\t\t\t\t\t\t\t<\/a>\n\t\t<\/div>\n\t\t\n\t\t<div class=\"titledate0408\">\n\t\t<h2 class=\"bdpp-post-title0408\">\n\t\t\t<a href=\"https:\/\/www.foment.com\/es\/foment-del-treball-impulsa-el-debate-sobre-soberania-tecnologica-europea-en-el-mwc\/\" target=\"_self\">Foment del Treball impulsa el debate sobre soberan\u00eda tecnol\u00f3gica europea en el MWC<\/a>\n\t\t<\/h2>\n\n\t\t\t\t\t<div class=\"bdpp-post-meta bdpp-post-meta-up\">\n\t\t\t\t<span class=\"bdpp-post-meta-data bdpp-post-date\"><i class=\"fa fa-clock-o\"><\/i>3 de marzo de 2026<\/span>\t\t\t<\/div>\n\t\t<\/div>\n\t\t\n\t\t\t\t<div class=\"bdpp-post-cats0408\"><a class=\"bdpp-post-cat-link bdpp-post-cat-114 bdpp-post-cat-destacamos\" href=\"https:\/\/www.foment.com\/es\/category\/destacamos\/\">Destacamos<\/a> <a class=\"bdpp-post-cat-link bdpp-post-cat-67 bdpp-post-cat-emprendedores\" href=\"https:\/\/www.foment.com\/es\/category\/emprendedores\/\">Emprendedores y empresa<\/a> <a class=\"bdpp-post-cat-link bdpp-post-cat-71 bdpp-post-cat-innovacion\" href=\"https:\/\/www.foment.com\/es\/category\/innovacion\/\">Innovaci\u00f3n<\/a> <a class=\"bdpp-post-cat-link bdpp-post-cat-5714 bdpp-post-cat-prensa\" href=\"https:\/\/www.foment.com\/es\/category\/prensa\/\">Prensa<\/a> <a class=\"bdpp-post-cat-link bdpp-post-cat-1661 bdpp-post-cat-sociedad-digital\" href=\"https:\/\/www.foment.com\/es\/category\/sociedad-digital\/\">Sociedad Digital<\/a><\/div>\n\t\t\n\n\n\n\t\t\t<\/div>\n<\/div><div class=\"bdpp-post-slide bdpp-post-215346 bdpp-post-standard bdpp-has-thumb\" >\n\t<div class=\"bdpp-post-carousel-content\">\n\t\t\t\t<div class=\"bdpp-post-img-bg\">\n\t\t\t<a href=\"https:\/\/www.foment.com\/es\/la-vicepresidenta-ejecutiva-de-la-comision-europea-henna-virkkunen-visita-foment-del-treball\/\" target=\"_self\">\n\t\t\t\t\t\t\t\t<img src=\"https:\/\/www.foment.com\/wp-content\/uploads\/2026\/03\/JVF3470-300x200.jpg\" alt=\"La vicepresidenta ejecutiva de la Comisi\u00f3n Europea Henna Virkkunen visita Foment del Treball\" \/>\n\t\t\t\t\t\t\t<\/a>\n\t\t<\/div>\n\t\t\n\t\t<div class=\"titledate0408\">\n\t\t<h2 class=\"bdpp-post-title0408\">\n\t\t\t<a href=\"https:\/\/www.foment.com\/es\/la-vicepresidenta-ejecutiva-de-la-comision-europea-henna-virkkunen-visita-foment-del-treball\/\" target=\"_self\">La vicepresidenta ejecutiva de la Comisi\u00f3n Europea Henna Virkkunen visita Foment ...<\/a>\n\t\t<\/h2>\n\n\t\t\t\t\t<div class=\"bdpp-post-meta bdpp-post-meta-up\">\n\t\t\t\t<span class=\"bdpp-post-meta-data bdpp-post-date\"><i class=\"fa fa-clock-o\"><\/i>3 de marzo de 2026<\/span>\t\t\t<\/div>\n\t\t<\/div>\n\t\t\n\t\t\t\t<div class=\"bdpp-post-cats0408\"><a class=\"bdpp-post-cat-link bdpp-post-cat-114 bdpp-post-cat-destacamos\" href=\"https:\/\/www.foment.com\/es\/category\/destacamos\/\">Destacamos<\/a> <a class=\"bdpp-post-cat-link bdpp-post-cat-71 bdpp-post-cat-innovacion\" href=\"https:\/\/www.foment.com\/es\/category\/innovacion\/\">Innovaci\u00f3n<\/a> <a class=\"bdpp-post-cat-link bdpp-post-cat-5714 bdpp-post-cat-prensa\" href=\"https:\/\/www.foment.com\/es\/category\/prensa\/\">Prensa<\/a> <a class=\"bdpp-post-cat-link bdpp-post-cat-1661 bdpp-post-cat-sociedad-digital\" href=\"https:\/\/www.foment.com\/es\/category\/sociedad-digital\/\">Sociedad Digital<\/a><\/div>\n\t\t\n\n\n\n\t\t\t<\/div>\n<\/div><div class=\"bdpp-post-slide bdpp-post-213709 bdpp-post-standard bdpp-has-thumb\" >\n\t<div class=\"bdpp-post-carousel-content\">\n\t\t\t\t<div class=\"bdpp-post-img-bg\">\n\t\t\t<a href=\"https:\/\/www.foment.com\/es\/foment-destaca-el-liderazgo-de-cataluna-en-el-sector-audiovisual-durante-su-visita-al-ise-2026\/\" target=\"_self\">\n\t\t\t\t\t\t\t\t<img src=\"https:\/\/www.foment.com\/wp-content\/uploads\/2026\/02\/photo_5776323111945964753_y-300x225.jpg\" alt=\"Foment destaca el liderazgo de Catalu\u00f1a en el sector audiovisual durante su visita al ISE 2026\" \/>\n\t\t\t\t\t\t\t<\/a>\n\t\t<\/div>\n\t\t\n\t\t<div class=\"titledate0408\">\n\t\t<h2 class=\"bdpp-post-title0408\">\n\t\t\t<a href=\"https:\/\/www.foment.com\/es\/foment-destaca-el-liderazgo-de-cataluna-en-el-sector-audiovisual-durante-su-visita-al-ise-2026\/\" target=\"_self\">Foment destaca el liderazgo de Catalu\u00f1a en el sector audiovisual durante su visita ...<\/a>\n\t\t<\/h2>\n\n\t\t\t\t\t<div class=\"bdpp-post-meta bdpp-post-meta-up\">\n\t\t\t\t<span class=\"bdpp-post-meta-data bdpp-post-date\"><i class=\"fa fa-clock-o\"><\/i>5 de febrero de 2026<\/span>\t\t\t<\/div>\n\t\t<\/div>\n\t\t\n\t\t\t\t<div class=\"bdpp-post-cats0408\"><a class=\"bdpp-post-cat-link bdpp-post-cat-114 bdpp-post-cat-destacamos\" href=\"https:\/\/www.foment.com\/es\/category\/destacamos\/\">Destacamos<\/a> <a class=\"bdpp-post-cat-link bdpp-post-cat-71 bdpp-post-cat-innovacion\" href=\"https:\/\/www.foment.com\/es\/category\/innovacion\/\">Innovaci\u00f3n<\/a> <a class=\"bdpp-post-cat-link bdpp-post-cat-5714 bdpp-post-cat-prensa\" href=\"https:\/\/www.foment.com\/es\/category\/prensa\/\">Prensa<\/a> <a class=\"bdpp-post-cat-link bdpp-post-cat-1661 bdpp-post-cat-sociedad-digital\" href=\"https:\/\/www.foment.com\/es\/category\/sociedad-digital\/\">Sociedad Digital<\/a><\/div>\n\t\t\n\n\n\n\t\t\t<\/div>\n<\/div><div class=\"bdpp-post-slide bdpp-post-212895 bdpp-post-standard bdpp-has-thumb\" >\n\t<div class=\"bdpp-post-carousel-content\">\n\t\t\t\t<div class=\"bdpp-post-img-bg\">\n\t\t\t<a href=\"https:\/\/www.foment.com\/es\/foment-del-treball-refuerza-en-bruselas-el-ecosistema-de-empresas-catalanas-que-contribuyen-a-la-defensa-y-seguridad\/\" target=\"_self\">\n\t\t\t\t\t\t\t\t<img src=\"https:\/\/www.foment.com\/wp-content\/uploads\/2026\/01\/president-300x169.jpeg\" alt=\"Foment del Treball refuerza en Bruselas el ecosistema de empresas catalanas que contribuyen a la defensa y seguridad europeas con tecnolog\u00edas de doble uso\" \/>\n\t\t\t\t\t\t\t<\/a>\n\t\t<\/div>\n\t\t\n\t\t<div class=\"titledate0408\">\n\t\t<h2 class=\"bdpp-post-title0408\">\n\t\t\t<a href=\"https:\/\/www.foment.com\/es\/foment-del-treball-refuerza-en-bruselas-el-ecosistema-de-empresas-catalanas-que-contribuyen-a-la-defensa-y-seguridad\/\" target=\"_self\">Foment del Treball refuerza en Bruselas el ecosistema de empresas catalanas que contribuyen ...<\/a>\n\t\t<\/h2>\n\n\t\t\t\t\t<div class=\"bdpp-post-meta bdpp-post-meta-up\">\n\t\t\t\t<span class=\"bdpp-post-meta-data bdpp-post-date\"><i class=\"fa fa-clock-o\"><\/i>27 de enero de 2026<\/span>\t\t\t<\/div>\n\t\t<\/div>\n\t\t\n\t\t\t\t<div class=\"bdpp-post-cats0408\"><a class=\"bdpp-post-cat-link bdpp-post-cat-114 bdpp-post-cat-destacamos\" href=\"https:\/\/www.foment.com\/es\/category\/destacamos\/\">Destacamos<\/a> <a class=\"bdpp-post-cat-link bdpp-post-cat-71 bdpp-post-cat-innovacion\" href=\"https:\/\/www.foment.com\/es\/category\/innovacion\/\">Innovaci\u00f3n<\/a> <a class=\"bdpp-post-cat-link bdpp-post-cat-72 bdpp-post-cat-internacionalizacion\" href=\"https:\/\/www.foment.com\/es\/category\/internacionalizacion\/\">Internacionalizaci\u00f3n<\/a> <a class=\"bdpp-post-cat-link bdpp-post-cat-5714 bdpp-post-cat-prensa\" href=\"https:\/\/www.foment.com\/es\/category\/prensa\/\">Prensa<\/a> <a class=\"bdpp-post-cat-link bdpp-post-cat-6430 bdpp-post-cat-seguretat-es\" href=\"https:\/\/www.foment.com\/es\/category\/seguretat-es\/\">Seguridad<\/a> <a class=\"bdpp-post-cat-link bdpp-post-cat-1661 bdpp-post-cat-sociedad-digital\" href=\"https:\/\/www.foment.com\/es\/category\/sociedad-digital\/\">Sociedad Digital<\/a> <a class=\"bdpp-post-cat-link bdpp-post-cat-1667 bdpp-post-cat-union-europea\" href=\"https:\/\/www.foment.com\/es\/category\/union-europea\/\">Uni\u00f3n Europea<\/a><\/div>\n\t\t\n\n\n\n\t\t\t<\/div>\n<\/div><div class=\"bdpp-post-slide bdpp-post-212803 bdpp-post-standard bdpp-has-thumb\" >\n\t<div class=\"bdpp-post-carousel-content\">\n\t\t\t\t<div class=\"bdpp-post-img-bg\">\n\t\t\t<a href=\"https:\/\/www.foment.com\/es\/masorange-reafirma-su-compromiso-con-la-digitalizacion-y-la-conectividad-de-cataluna-como-socio-tecnologico-de-referencia\/\" target=\"_self\">\n\t\t\t\t\t\t\t\t<img src=\"https:\/\/www.foment.com\/wp-content\/uploads\/2026\/01\/JVF8609-300x200.jpg\" alt=\"MasOrange reafirma su compromiso con la digitalizaci\u00f3n y la conectividad de Catalu\u00f1a como socio tecnol\u00f3gico de referencia\" \/>\n\t\t\t\t\t\t\t<\/a>\n\t\t<\/div>\n\t\t\n\t\t<div class=\"titledate0408\">\n\t\t<h2 class=\"bdpp-post-title0408\">\n\t\t\t<a href=\"https:\/\/www.foment.com\/es\/masorange-reafirma-su-compromiso-con-la-digitalizacion-y-la-conectividad-de-cataluna-como-socio-tecnologico-de-referencia\/\" target=\"_self\">MasOrange reafirma su compromiso con la digitalizaci\u00f3n y la conectividad de Catalu\u00f1a ...<\/a>\n\t\t<\/h2>\n\n\t\t\t\t\t<div class=\"bdpp-post-meta bdpp-post-meta-up\">\n\t\t\t\t<span class=\"bdpp-post-meta-data bdpp-post-date\"><i class=\"fa fa-clock-o\"><\/i>22 de enero de 2026<\/span>\t\t\t<\/div>\n\t\t<\/div>\n\t\t\n\t\t\t\t<div class=\"bdpp-post-cats0408\"><a class=\"bdpp-post-cat-link bdpp-post-cat-114 bdpp-post-cat-destacamos\" href=\"https:\/\/www.foment.com\/es\/category\/destacamos\/\">Destacamos<\/a> <a class=\"bdpp-post-cat-link bdpp-post-cat-71 bdpp-post-cat-innovacion\" href=\"https:\/\/www.foment.com\/es\/category\/innovacion\/\">Innovaci\u00f3n<\/a> <a class=\"bdpp-post-cat-link bdpp-post-cat-5714 bdpp-post-cat-prensa\" href=\"https:\/\/www.foment.com\/es\/category\/prensa\/\">Prensa<\/a> <a class=\"bdpp-post-cat-link bdpp-post-cat-1661 bdpp-post-cat-sociedad-digital\" href=\"https:\/\/www.foment.com\/es\/category\/sociedad-digital\/\">Sociedad Digital<\/a><\/div>\n\t\t\n\n\n\n\t\t\t<\/div>\n<\/div><div class=\"bdpp-post-slide bdpp-post-212619 bdpp-post-standard bdpp-has-thumb\" >\n\t<div class=\"bdpp-post-carousel-content\">\n\t\t\t\t<div class=\"bdpp-post-img-bg\">\n\t\t\t<a href=\"https:\/\/www.foment.com\/es\/foment-renueva-como-oficina-acelera-pyme\/\" target=\"_self\">\n\t\t\t\t\t\t\t\t<img src=\"https:\/\/www.foment.com\/wp-content\/uploads\/2025\/12\/christina-wocintechchat-com-m-FVgECvTjlBQ-unsplash-1-scaled.jpg\" alt=\"Foment renueva como Oficina Acelera Pyme 2025-2027 para seguir impulsando la digitalizaci\u00f3n de las pymes catalanas\" \/>\n\t\t\t\t\t\t\t<\/a>\n\t\t<\/div>\n\t\t\n\t\t<div class=\"titledate0408\">\n\t\t<h2 class=\"bdpp-post-title0408\">\n\t\t\t<a href=\"https:\/\/www.foment.com\/es\/foment-renueva-como-oficina-acelera-pyme\/\" target=\"_self\">Foment renueva como Oficina Acelera Pyme 2025-2027 para seguir impulsando la digitalizaci\u00f3n ...<\/a>\n\t\t<\/h2>\n\n\t\t\t\t\t<div class=\"bdpp-post-meta bdpp-post-meta-up\">\n\t\t\t\t<span class=\"bdpp-post-meta-data bdpp-post-date\"><i class=\"fa fa-clock-o\"><\/i>30 de diciembre de 2025<\/span>\t\t\t<\/div>\n\t\t<\/div>\n\t\t\n\t\t\t\t<div class=\"bdpp-post-cats0408\"><a class=\"bdpp-post-cat-link bdpp-post-cat-114 bdpp-post-cat-destacamos\" href=\"https:\/\/www.foment.com\/es\/category\/destacamos\/\">Destacamos<\/a> <a class=\"bdpp-post-cat-link bdpp-post-cat-71 bdpp-post-cat-innovacion\" href=\"https:\/\/www.foment.com\/es\/category\/innovacion\/\">Innovaci\u00f3n<\/a> <a class=\"bdpp-post-cat-link bdpp-post-cat-8407 bdpp-post-cat-noticias-revista\" href=\"https:\/\/www.foment.com\/es\/category\/revista-f\/noticias-revista\/\">Noticias<\/a> <a class=\"bdpp-post-cat-link bdpp-post-cat-1661 bdpp-post-cat-sociedad-digital\" href=\"https:\/\/www.foment.com\/es\/category\/sociedad-digital\/\">Sociedad Digital<\/a><\/div>\n\t\t\n\n\n\n\t\t\t<\/div>\n<\/div><div class=\"bdpp-post-slide bdpp-post-211149 bdpp-post-standard bdpp-has-thumb\" >\n\t<div class=\"bdpp-post-carousel-content\">\n\t\t\t\t<div class=\"bdpp-post-img-bg\">\n\t\t\t<a href=\"https:\/\/www.foment.com\/es\/barcelona-consolida-su-liderazgo-en-la-tokenizacion-con-el-arranque-del-world-token-congress-2025-en-foment-del-treball\/\" target=\"_self\">\n\t\t\t\t\t\t\t\t<img src=\"https:\/\/www.foment.com\/wp-content\/uploads\/2025\/12\/JVF3921-300x200.jpg\" alt=\"Barcelona consolida su liderazgo en la tokenizaci\u00f3n con el \u00e9xito del World Token Congress 2025 a Foment del Treball\" \/>\n\t\t\t\t\t\t\t<\/a>\n\t\t<\/div>\n\t\t\n\t\t<div class=\"titledate0408\">\n\t\t<h2 class=\"bdpp-post-title0408\">\n\t\t\t<a href=\"https:\/\/www.foment.com\/es\/barcelona-consolida-su-liderazgo-en-la-tokenizacion-con-el-arranque-del-world-token-congress-2025-en-foment-del-treball\/\" target=\"_self\">Barcelona consolida su liderazgo en la tokenizaci\u00f3n con el \u00e9xito del World Token ...<\/a>\n\t\t<\/h2>\n\n\t\t\t\t\t<div class=\"bdpp-post-meta bdpp-post-meta-up\">\n\t\t\t\t<span class=\"bdpp-post-meta-data bdpp-post-date\"><i class=\"fa fa-clock-o\"><\/i>4 de diciembre de 2025<\/span>\t\t\t<\/div>\n\t\t<\/div>\n\t\t\n\t\t\t\t<div class=\"bdpp-post-cats0408\"><a class=\"bdpp-post-cat-link bdpp-post-cat-114 bdpp-post-cat-destacamos\" href=\"https:\/\/www.foment.com\/es\/category\/destacamos\/\">Destacamos<\/a> <a class=\"bdpp-post-cat-link bdpp-post-cat-69 bdpp-post-cat-economia-y-fiscalidad\" href=\"https:\/\/www.foment.com\/es\/category\/economia-y-fiscalidad\/\">Econom\u00eda y Fiscalidad<\/a> <a class=\"bdpp-post-cat-link bdpp-post-cat-71 bdpp-post-cat-innovacion\" href=\"https:\/\/www.foment.com\/es\/category\/innovacion\/\">Innovaci\u00f3n<\/a> <a class=\"bdpp-post-cat-link bdpp-post-cat-1661 bdpp-post-cat-sociedad-digital\" href=\"https:\/\/www.foment.com\/es\/category\/sociedad-digital\/\">Sociedad Digital<\/a><\/div>\n\t\t\n\n\n\n\t\t\t<\/div>\n<\/div><div class=\"bdpp-post-slide bdpp-post-210706 bdpp-post-standard bdpp-has-thumb\" >\n\t<div class=\"bdpp-post-carousel-content\">\n\t\t\t\t<div class=\"bdpp-post-img-bg\">\n\t\t\t<a href=\"https:\/\/www.foment.com\/es\/la-societat-barcelonesa-destudis-economics-i-socials-participa-del-xxi-foro-de-dialogo-italia-espana\/\" target=\"_self\">\n\t\t\t\t\t\t\t\t<img src=\"https:\/\/www.foment.com\/wp-content\/uploads\/2025\/11\/claudio-hirschberger-sEP8TLwR35g-unsplash-300x200.jpg\" alt=\"La Societat Barcelonesa d\u2019Estudis Econ\u00f2mics i Socials participa del XXI Foro de Di\u00e1logo Italia-Espa\u00f1a\" \/>\n\t\t\t\t\t\t\t<\/a>\n\t\t<\/div>\n\t\t\n\t\t<div class=\"titledate0408\">\n\t\t<h2 class=\"bdpp-post-title0408\">\n\t\t\t<a href=\"https:\/\/www.foment.com\/es\/la-societat-barcelonesa-destudis-economics-i-socials-participa-del-xxi-foro-de-dialogo-italia-espana\/\" target=\"_self\">La Societat Barcelonesa d\u2019Estudis Econ\u00f2mics i Socials participa del XXI Foro de ...<\/a>\n\t\t<\/h2>\n\n\t\t\t\t\t<div class=\"bdpp-post-meta bdpp-post-meta-up\">\n\t\t\t\t<span class=\"bdpp-post-meta-data bdpp-post-date\"><i class=\"fa fa-clock-o\"><\/i>30 de noviembre de 2025<\/span>\t\t\t<\/div>\n\t\t<\/div>\n\t\t\n\t\t\t\t<div class=\"bdpp-post-cats0408\"><a class=\"bdpp-post-cat-link bdpp-post-cat-1635 bdpp-post-cat-agricultura-es\" href=\"https:\/\/www.foment.com\/es\/category\/agricultura-es\/\">Agricultura<\/a> <a class=\"bdpp-post-cat-link bdpp-post-cat-1649 bdpp-post-cat-competitividad-comercial\" href=\"https:\/\/www.foment.com\/es\/category\/competitividad-comercial\/\">Competitividad Comercial<\/a> <a class=\"bdpp-post-cat-link bdpp-post-cat-114 bdpp-post-cat-destacamos\" href=\"https:\/\/www.foment.com\/es\/category\/destacamos\/\">Destacamos<\/a> <a class=\"bdpp-post-cat-link bdpp-post-cat-111 bdpp-post-cat-energia-2\" href=\"https:\/\/www.foment.com\/es\/category\/energia-2\/\">Energia<\/a> <a class=\"bdpp-post-cat-link bdpp-post-cat-71 bdpp-post-cat-innovacion\" href=\"https:\/\/www.foment.com\/es\/category\/innovacion\/\">Innovaci\u00f3n<\/a> <a class=\"bdpp-post-cat-link bdpp-post-cat-72 bdpp-post-cat-internacionalizacion\" href=\"https:\/\/www.foment.com\/es\/category\/internacionalizacion\/\">Internacionalizaci\u00f3n<\/a> <a class=\"bdpp-post-cat-link bdpp-post-cat-5714 bdpp-post-cat-prensa\" href=\"https:\/\/www.foment.com\/es\/category\/prensa\/\">Prensa<\/a> <a class=\"bdpp-post-cat-link bdpp-post-cat-6430 bdpp-post-cat-seguretat-es\" href=\"https:\/\/www.foment.com\/es\/category\/seguretat-es\/\">Seguridad<\/a> <a class=\"bdpp-post-cat-link bdpp-post-cat-1661 bdpp-post-cat-sociedad-digital\" href=\"https:\/\/www.foment.com\/es\/category\/sociedad-digital\/\">Sociedad Digital<\/a><\/div>\n\t\t\n\n\n\n\t\t\t<\/div>\n<\/div><div class=\"bdpp-post-slide bdpp-post-210102 bdpp-post-standard bdpp-has-thumb\" >\n\t<div class=\"bdpp-post-carousel-content\">\n\t\t\t\t<div class=\"bdpp-post-img-bg\">\n\t\t\t<a href=\"https:\/\/www.foment.com\/es\/josep-oliu-pedro-fontana-y-enrico-letta-galardonados-con-las-medallas-de-honor-de-foment-del-treball\/\" target=\"_self\">\n\t\t\t\t\t\t\t\t<img src=\"https:\/\/www.foment.com\/wp-content\/uploads\/2025\/11\/Portada-premis-300x189.jpg\" alt=\"Josep Oliu, Pedro Fontana y Enrico Letta galardonados con las Medallas de Honor de Foment del Treball\" \/>\n\t\t\t\t\t\t\t<\/a>\n\t\t<\/div>\n\t\t\n\t\t<div class=\"titledate0408\">\n\t\t<h2 class=\"bdpp-post-title0408\">\n\t\t\t<a href=\"https:\/\/www.foment.com\/es\/josep-oliu-pedro-fontana-y-enrico-letta-galardonados-con-las-medallas-de-honor-de-foment-del-treball\/\" target=\"_self\">Josep Oliu, Pedro Fontana y Enrico Letta galardonados con las Medallas de Honor de ...<\/a>\n\t\t<\/h2>\n\n\t\t\t\t\t<div class=\"bdpp-post-meta bdpp-post-meta-up\">\n\t\t\t\t<span class=\"bdpp-post-meta-data bdpp-post-date\"><i class=\"fa fa-clock-o\"><\/i>25 de noviembre de 2025<\/span>\t\t\t<\/div>\n\t\t<\/div>\n\t\t\n\t\t\t\t<div class=\"bdpp-post-cats0408\"><a class=\"bdpp-post-cat-link bdpp-post-cat-125 bdpp-post-cat-empresa-sostenible\" href=\"https:\/\/www.foment.com\/es\/category\/empresa-sostenible\/\">Desarrollo Sostenible<\/a> <a class=\"bdpp-post-cat-link bdpp-post-cat-114 bdpp-post-cat-destacamos\" href=\"https:\/\/www.foment.com\/es\/category\/destacamos\/\">Destacamos<\/a> <a class=\"bdpp-post-cat-link bdpp-post-cat-69 bdpp-post-cat-economia-y-fiscalidad\" href=\"https:\/\/www.foment.com\/es\/category\/economia-y-fiscalidad\/\">Econom\u00eda y Fiscalidad<\/a> <a class=\"bdpp-post-cat-link bdpp-post-cat-1657 bdpp-post-cat-igualdad\" href=\"https:\/\/www.foment.com\/es\/category\/igualdad\/\">Igualdad<\/a> <a class=\"bdpp-post-cat-link bdpp-post-cat-71 bdpp-post-cat-innovacion\" href=\"https:\/\/www.foment.com\/es\/category\/innovacion\/\">Innovaci\u00f3n<\/a> <a class=\"bdpp-post-cat-link bdpp-post-cat-72 bdpp-post-cat-internacionalizacion\" href=\"https:\/\/www.foment.com\/es\/category\/internacionalizacion\/\">Internacionalizaci\u00f3n<\/a> <a class=\"bdpp-post-cat-link bdpp-post-cat-127 bdpp-post-cat-premios-carles-ferrer-salat\" href=\"https:\/\/www.foment.com\/es\/category\/premios-carles-ferrer-salat\/\">Premios Carles Ferrer Salat<\/a> <a class=\"bdpp-post-cat-link bdpp-post-cat-5714 bdpp-post-cat-prensa\" href=\"https:\/\/www.foment.com\/es\/category\/prensa\/\">Prensa<\/a><\/div>\n\t\t\n\n\n\n\t\t\t<\/div>\n<\/div><div class=\"bdpp-post-slide bdpp-post-209945 bdpp-post-standard bdpp-has-thumb\" >\n\t<div class=\"bdpp-post-carousel-content\">\n\t\t\t\t<div class=\"bdpp-post-img-bg\">\n\t\t\t<a href=\"https:\/\/www.foment.com\/es\/cataluna-afronta-un-momento-decisivo-para-consolidarse-como-un-gran-polo-biofarmaceutico-del-sur-de-europa\/\" target=\"_self\">\n\t\t\t\t\t\t\t\t<img src=\"https:\/\/www.foment.com\/wp-content\/uploads\/2025\/11\/WhatsApp-Image-2025-11-24-at-13.32.36-300x200.jpeg\" alt=\"Catalu\u00f1a afronta un momento decisivo para consolidarse como un gran polo biofarmac\u00e9utico del sur de Europa\" \/>\n\t\t\t\t\t\t\t<\/a>\n\t\t<\/div>\n\t\t\n\t\t<div class=\"titledate0408\">\n\t\t<h2 class=\"bdpp-post-title0408\">\n\t\t\t<a href=\"https:\/\/www.foment.com\/es\/cataluna-afronta-un-momento-decisivo-para-consolidarse-como-un-gran-polo-biofarmaceutico-del-sur-de-europa\/\" target=\"_self\">Catalu\u00f1a afronta un momento decisivo para consolidarse como un gran polo biofarmac\u00e9utico ...<\/a>\n\t\t<\/h2>\n\n\t\t\t\t\t<div class=\"bdpp-post-meta bdpp-post-meta-up\">\n\t\t\t\t<span class=\"bdpp-post-meta-data bdpp-post-date\"><i class=\"fa fa-clock-o\"><\/i>24 de noviembre de 2025<\/span>\t\t\t<\/div>\n\t\t<\/div>\n\t\t\n\t\t\t\t<div class=\"bdpp-post-cats0408\"><a class=\"bdpp-post-cat-link bdpp-post-cat-1821 bdpp-post-cat-atencion-a-las-personas\" href=\"https:\/\/www.foment.com\/es\/category\/atencion-a-las-personas\/\">Atenci\u00f3n a las personas<\/a> <a class=\"bdpp-post-cat-link bdpp-post-cat-114 bdpp-post-cat-destacamos\" href=\"https:\/\/www.foment.com\/es\/category\/destacamos\/\">Destacamos<\/a> <a class=\"bdpp-post-cat-link bdpp-post-cat-71 bdpp-post-cat-innovacion\" href=\"https:\/\/www.foment.com\/es\/category\/innovacion\/\">Innovaci\u00f3n<\/a> <a class=\"bdpp-post-cat-link bdpp-post-cat-5714 bdpp-post-cat-prensa\" href=\"https:\/\/www.foment.com\/es\/category\/prensa\/\">Prensa<\/a><\/div>\n\t\t\n\n\n\n\t\t\t<\/div>\n<\/div><div class=\"bdpp-post-slide bdpp-post-209510 bdpp-post-standard bdpp-has-thumb\" >\n\t<div class=\"bdpp-post-carousel-content\">\n\t\t\t\t<div class=\"bdpp-post-img-bg\">\n\t\t\t<a href=\"https:\/\/www.foment.com\/es\/barcelona-vuelve-a-ser-la-capital-de-la-tokenizacion-con-la-celebracion-del-world-token-congress-2025\/\" target=\"_self\">\n\t\t\t\t\t\t\t\t<img src=\"https:\/\/www.foment.com\/wp-content\/uploads\/2025\/11\/WhatsApp-Image-2025-11-17-at-09.52.23-1-300x200.jpeg\" alt=\"Barcelona vuelve a ser la capital de la tokenizaci\u00f3n con la celebraci\u00f3n del World Token Congress 2025\" \/>\n\t\t\t\t\t\t\t<\/a>\n\t\t<\/div>\n\t\t\n\t\t<div class=\"titledate0408\">\n\t\t<h2 class=\"bdpp-post-title0408\">\n\t\t\t<a href=\"https:\/\/www.foment.com\/es\/barcelona-vuelve-a-ser-la-capital-de-la-tokenizacion-con-la-celebracion-del-world-token-congress-2025\/\" target=\"_self\">Barcelona vuelve a ser la capital de la tokenizaci\u00f3n con la celebraci\u00f3n del World ...<\/a>\n\t\t<\/h2>\n\n\t\t\t\t\t<div class=\"bdpp-post-meta bdpp-post-meta-up\">\n\t\t\t\t<span class=\"bdpp-post-meta-data bdpp-post-date\"><i class=\"fa fa-clock-o\"><\/i>17 de noviembre de 2025<\/span>\t\t\t<\/div>\n\t\t<\/div>\n\t\t\n\t\t\t\t<div class=\"bdpp-post-cats0408\"><a class=\"bdpp-post-cat-link bdpp-post-cat-114 bdpp-post-cat-destacamos\" href=\"https:\/\/www.foment.com\/es\/category\/destacamos\/\">Destacamos<\/a> <a class=\"bdpp-post-cat-link bdpp-post-cat-69 bdpp-post-cat-economia-y-fiscalidad\" href=\"https:\/\/www.foment.com\/es\/category\/economia-y-fiscalidad\/\">Econom\u00eda y Fiscalidad<\/a> <a class=\"bdpp-post-cat-link bdpp-post-cat-71 bdpp-post-cat-innovacion\" href=\"https:\/\/www.foment.com\/es\/category\/innovacion\/\">Innovaci\u00f3n<\/a> <a class=\"bdpp-post-cat-link bdpp-post-cat-72 bdpp-post-cat-internacionalizacion\" href=\"https:\/\/www.foment.com\/es\/category\/internacionalizacion\/\">Internacionalizaci\u00f3n<\/a> <a class=\"bdpp-post-cat-link bdpp-post-cat-5714 bdpp-post-cat-prensa\" href=\"https:\/\/www.foment.com\/es\/category\/prensa\/\">Prensa<\/a><\/div>\n\t\t\n\n\n\n\t\t\t<\/div>\n<\/div><div class=\"bdpp-post-slide bdpp-post-206350 bdpp-post-standard bdpp-has-thumb\" >\n\t<div class=\"bdpp-post-carousel-content\">\n\t\t\t\t<div class=\"bdpp-post-img-bg\">\n\t\t\t<a href=\"https:\/\/www.foment.com\/es\/foment-del-treball-se-une-a-la-campana-del-dia-mundial-del-alzheimer-impulsada-por-accexible\/\" target=\"_self\">\n\t\t\t\t\t\t\t\t<img src=\"https:\/\/www.foment.com\/wp-content\/uploads\/2025\/09\/photo_5949312428846204311_w-1-300x169.jpg\" alt=\"Foment del Treball se une a la campa\u00f1a del D\u00eda Mundial del Alzheimer impulsada por Accexible\" \/>\n\t\t\t\t\t\t\t<\/a>\n\t\t<\/div>\n\t\t\n\t\t<div class=\"titledate0408\">\n\t\t<h2 class=\"bdpp-post-title0408\">\n\t\t\t<a href=\"https:\/\/www.foment.com\/es\/foment-del-treball-se-une-a-la-campana-del-dia-mundial-del-alzheimer-impulsada-por-accexible\/\" target=\"_self\">Foment del Treball se une a la campa\u00f1a del D\u00eda Mundial del Alzheimer impulsada ...<\/a>\n\t\t<\/h2>\n\n\t\t\t\t\t<div class=\"bdpp-post-meta bdpp-post-meta-up\">\n\t\t\t\t<span class=\"bdpp-post-meta-data bdpp-post-date\"><i class=\"fa fa-clock-o\"><\/i>22 de septiembre de 2025<\/span>\t\t\t<\/div>\n\t\t<\/div>\n\t\t\n\t\t\t\t<div class=\"bdpp-post-cats0408\"><a class=\"bdpp-post-cat-link bdpp-post-cat-1821 bdpp-post-cat-atencion-a-las-personas\" href=\"https:\/\/www.foment.com\/es\/category\/atencion-a-las-personas\/\">Atenci\u00f3n a las personas<\/a> <a class=\"bdpp-post-cat-link bdpp-post-cat-114 bdpp-post-cat-destacamos\" href=\"https:\/\/www.foment.com\/es\/category\/destacamos\/\">Destacamos<\/a> <a class=\"bdpp-post-cat-link bdpp-post-cat-71 bdpp-post-cat-innovacion\" href=\"https:\/\/www.foment.com\/es\/category\/innovacion\/\">Innovaci\u00f3n<\/a><\/div>\n\t\t\n\n\n\n\t\t\t<\/div>\n<\/div><div class=\"bdpp-post-slide bdpp-post-206177 bdpp-post-standard bdpp-has-thumb\" >\n\t<div class=\"bdpp-post-carousel-content\">\n\t\t\t\t<div class=\"bdpp-post-img-bg\">\n\t\t\t<a href=\"https:\/\/www.foment.com\/es\/espana-e-italia-refuerzan-la-alianza-en-ciberseguridad-para-impulsar-empresas-lideres-frente-a-la-competencia-mundial\/\" target=\"_self\">\n\t\t\t\t\t\t\t\t<img src=\"https:\/\/www.foment.com\/wp-content\/uploads\/2025\/09\/Portada-Ciber-300x200.jpg\" alt=\"Espa\u00f1a e Italia refuerzan la alianza en ciberseguridad para impulsar empresas l\u00edderes frente a la competencia mundial\" \/>\n\t\t\t\t\t\t\t<\/a>\n\t\t<\/div>\n\t\t\n\t\t<div class=\"titledate0408\">\n\t\t<h2 class=\"bdpp-post-title0408\">\n\t\t\t<a href=\"https:\/\/www.foment.com\/es\/espana-e-italia-refuerzan-la-alianza-en-ciberseguridad-para-impulsar-empresas-lideres-frente-a-la-competencia-mundial\/\" target=\"_self\">Espa\u00f1a e Italia refuerzan la alianza en ciberseguridad para impulsar empresas l\u00edderes ...<\/a>\n\t\t<\/h2>\n\n\t\t\t\t\t<div class=\"bdpp-post-meta bdpp-post-meta-up\">\n\t\t\t\t<span class=\"bdpp-post-meta-data bdpp-post-date\"><i class=\"fa fa-clock-o\"><\/i>16 de septiembre de 2025<\/span>\t\t\t<\/div>\n\t\t<\/div>\n\t\t\n\t\t\t\t<div class=\"bdpp-post-cats0408\"><a class=\"bdpp-post-cat-link bdpp-post-cat-114 bdpp-post-cat-destacamos\" href=\"https:\/\/www.foment.com\/es\/category\/destacamos\/\">Destacamos<\/a> <a class=\"bdpp-post-cat-link bdpp-post-cat-71 bdpp-post-cat-innovacion\" href=\"https:\/\/www.foment.com\/es\/category\/innovacion\/\">Innovaci\u00f3n<\/a> <a class=\"bdpp-post-cat-link bdpp-post-cat-72 bdpp-post-cat-internacionalizacion\" href=\"https:\/\/www.foment.com\/es\/category\/internacionalizacion\/\">Internacionalizaci\u00f3n<\/a> <a class=\"bdpp-post-cat-link bdpp-post-cat-5714 bdpp-post-cat-prensa\" href=\"https:\/\/www.foment.com\/es\/category\/prensa\/\">Prensa<\/a> <a class=\"bdpp-post-cat-link bdpp-post-cat-1661 bdpp-post-cat-sociedad-digital\" href=\"https:\/\/www.foment.com\/es\/category\/sociedad-digital\/\">Sociedad Digital<\/a><\/div>\n\t\t\n\n\n\n\t\t\t<\/div>\n<\/div><div class=\"bdpp-post-slide bdpp-post-205796 bdpp-post-standard bdpp-has-thumb\" >\n\t<div class=\"bdpp-post-carousel-content\">\n\t\t\t\t<div class=\"bdpp-post-img-bg\">\n\t\t\t<a href=\"https:\/\/www.foment.com\/es\/foment-inicia-campana-para-impulsar-productividad-y-competitividad-economia-catalana\/\" target=\"_self\">\n\t\t\t\t\t\t\t\t<img src=\"https:\/\/www.foment.com\/wp-content\/uploads\/2025\/03\/edifici-Foment-300x202.jpg\" alt=\"Foment inicia una campa\u00f1a para impulsar la productividad y la competitividad de la econom\u00eda catalana\" \/>\n\t\t\t\t\t\t\t<\/a>\n\t\t<\/div>\n\t\t\n\t\t<div class=\"titledate0408\">\n\t\t<h2 class=\"bdpp-post-title0408\">\n\t\t\t<a href=\"https:\/\/www.foment.com\/es\/foment-inicia-campana-para-impulsar-productividad-y-competitividad-economia-catalana\/\" target=\"_self\">Foment inicia una campa\u00f1a para impulsar la productividad y la competitividad de ...<\/a>\n\t\t<\/h2>\n\n\t\t\t\t\t<div class=\"bdpp-post-meta bdpp-post-meta-up\">\n\t\t\t\t<span class=\"bdpp-post-meta-data bdpp-post-date\"><i class=\"fa fa-clock-o\"><\/i>8 de septiembre de 2025<\/span>\t\t\t<\/div>\n\t\t<\/div>\n\t\t\n\t\t\t\t<div class=\"bdpp-post-cats0408\"><a class=\"bdpp-post-cat-link bdpp-post-cat-114 bdpp-post-cat-destacamos\" href=\"https:\/\/www.foment.com\/es\/category\/destacamos\/\">Destacamos<\/a> <a class=\"bdpp-post-cat-link bdpp-post-cat-69 bdpp-post-cat-economia-y-fiscalidad\" href=\"https:\/\/www.foment.com\/es\/category\/economia-y-fiscalidad\/\">Econom\u00eda y Fiscalidad<\/a> <a class=\"bdpp-post-cat-link bdpp-post-cat-68 bdpp-post-cat-general-2\" href=\"https:\/\/www.foment.com\/es\/category\/general-2\/\">General<\/a> <a class=\"bdpp-post-cat-link bdpp-post-cat-112 bdpp-post-cat-infraestructuras\" href=\"https:\/\/www.foment.com\/es\/category\/infraestructuras\/\">Infraestructuras<\/a> <a class=\"bdpp-post-cat-link bdpp-post-cat-71 bdpp-post-cat-innovacion\" href=\"https:\/\/www.foment.com\/es\/category\/innovacion\/\">Innovaci\u00f3n<\/a> <a class=\"bdpp-post-cat-link bdpp-post-cat-73 bdpp-post-cat-relaciones-laborales\" href=\"https:\/\/www.foment.com\/es\/category\/relaciones-laborales\/\">Relaciones laborales<\/a><\/div>\n\t\t\n\n\n\n\t\t\t<\/div>\n<\/div><div class=\"bdpp-post-slide bdpp-post-204129 bdpp-post-standard bdpp-has-thumb\" >\n\t<div class=\"bdpp-post-carousel-content\">\n\t\t\t\t<div class=\"bdpp-post-img-bg\">\n\t\t\t<a href=\"https:\/\/www.foment.com\/es\/las-organizaciones-empresariales-de-aragon-catalunya-comunitat-valenciana-y-baleares-se-conjuran-para-aumentar-sus-intercambios-comerciales-de-47-500-millones-de-euros-a-60-000-en-2030\/\" target=\"_self\">\n\t\t\t\t\t\t\t\t<img src=\"https:\/\/www.foment.com\/wp-content\/uploads\/2025\/07\/JVF0463-300x200.jpg\" alt=\"Las organizaciones empresariales de Arag\u00f3n, Catalunya, Comunitat Valenciana y Baleares se conjuran para aumentar sus intercambios comerciales de 47.500 millones de euros a 60.000 en 2030\" \/>\n\t\t\t\t\t\t\t<\/a>\n\t\t<\/div>\n\t\t\n\t\t<div class=\"titledate0408\">\n\t\t<h2 class=\"bdpp-post-title0408\">\n\t\t\t<a href=\"https:\/\/www.foment.com\/es\/las-organizaciones-empresariales-de-aragon-catalunya-comunitat-valenciana-y-baleares-se-conjuran-para-aumentar-sus-intercambios-comerciales-de-47-500-millones-de-euros-a-60-000-en-2030\/\" target=\"_self\">Las organizaciones empresariales de Arag\u00f3n, Catalunya, Comunitat Valenciana y Baleares ...<\/a>\n\t\t<\/h2>\n\n\t\t\t\t\t<div class=\"bdpp-post-meta bdpp-post-meta-up\">\n\t\t\t\t<span class=\"bdpp-post-meta-data bdpp-post-date\"><i class=\"fa fa-clock-o\"><\/i>10 de julio de 2025<\/span>\t\t\t<\/div>\n\t\t<\/div>\n\t\t\n\t\t\t\t<div class=\"bdpp-post-cats0408\"><a class=\"bdpp-post-cat-link bdpp-post-cat-114 bdpp-post-cat-destacamos\" href=\"https:\/\/www.foment.com\/es\/category\/destacamos\/\">Destacamos<\/a> <a class=\"bdpp-post-cat-link bdpp-post-cat-69 bdpp-post-cat-economia-y-fiscalidad\" href=\"https:\/\/www.foment.com\/es\/category\/economia-y-fiscalidad\/\">Econom\u00eda y Fiscalidad<\/a> <a class=\"bdpp-post-cat-link bdpp-post-cat-71 bdpp-post-cat-innovacion\" href=\"https:\/\/www.foment.com\/es\/category\/innovacion\/\">Innovaci\u00f3n<\/a> <a class=\"bdpp-post-cat-link bdpp-post-cat-5714 bdpp-post-cat-prensa\" href=\"https:\/\/www.foment.com\/es\/category\/prensa\/\">Prensa<\/a> <a class=\"bdpp-post-cat-link bdpp-post-cat-1663 bdpp-post-cat-transporte-y-logistica\" href=\"https:\/\/www.foment.com\/es\/category\/transporte-y-logistica\/\">Transporte y log\u00edstica<\/a> <a class=\"bdpp-post-cat-link bdpp-post-cat-1665 bdpp-post-cat-turismo-y-servicios\" href=\"https:\/\/www.foment.com\/es\/category\/turismo-y-servicios\/\">Turismo y Servicios<\/a><\/div>\n\t\t\n\n\n\n\t\t\t<\/div>\n<\/div><div class=\"bdpp-post-slide bdpp-post-203937 bdpp-post-standard bdpp-has-thumb\" >\n\t<div class=\"bdpp-post-carousel-content\">\n\t\t\t\t<div class=\"bdpp-post-img-bg\">\n\t\t\t<a href=\"https:\/\/www.foment.com\/es\/aragon-catalunya-comunitat-valenciana-y-balears-se-reunen-para-tratar-los-retos-comunes-en-movilidad-vivienda-turismo-e-innovacion\/\" target=\"_self\">\n\t\t\t\t\t\t\t\t<img src=\"https:\/\/www.foment.com\/wp-content\/uploads\/2025\/07\/WhatsApp-Image-2025-07-07-at-11.49.43-300x200.jpeg\" alt=\"Arag\u00f3n, Catalunya, Comunitat Valenciana y Balears se re\u00fanen para tratar los retos comunes en movilidad, vivienda, turismo e innovaci\u00f3n\" \/>\n\t\t\t\t\t\t\t<\/a>\n\t\t<\/div>\n\t\t\n\t\t<div class=\"titledate0408\">\n\t\t<h2 class=\"bdpp-post-title0408\">\n\t\t\t<a href=\"https:\/\/www.foment.com\/es\/aragon-catalunya-comunitat-valenciana-y-balears-se-reunen-para-tratar-los-retos-comunes-en-movilidad-vivienda-turismo-e-innovacion\/\" target=\"_self\">Arag\u00f3n, Catalunya, Comunitat Valenciana y Balears se re\u00fanen para tratar los retos ...<\/a>\n\t\t<\/h2>\n\n\t\t\t\t\t<div class=\"bdpp-post-meta bdpp-post-meta-up\">\n\t\t\t\t<span class=\"bdpp-post-meta-data bdpp-post-date\"><i class=\"fa fa-clock-o\"><\/i>7 de julio de 2025<\/span>\t\t\t<\/div>\n\t\t<\/div>\n\t\t\n\t\t\t\t<div class=\"bdpp-post-cats0408\"><a class=\"bdpp-post-cat-link bdpp-post-cat-114 bdpp-post-cat-destacamos\" href=\"https:\/\/www.foment.com\/es\/category\/destacamos\/\">Destacamos<\/a> <a class=\"bdpp-post-cat-link bdpp-post-cat-69 bdpp-post-cat-economia-y-fiscalidad\" href=\"https:\/\/www.foment.com\/es\/category\/economia-y-fiscalidad\/\">Econom\u00eda y Fiscalidad<\/a> <a class=\"bdpp-post-cat-link bdpp-post-cat-71 bdpp-post-cat-innovacion\" href=\"https:\/\/www.foment.com\/es\/category\/innovacion\/\">Innovaci\u00f3n<\/a> <a class=\"bdpp-post-cat-link bdpp-post-cat-5714 bdpp-post-cat-prensa\" href=\"https:\/\/www.foment.com\/es\/category\/prensa\/\">Prensa<\/a> <a class=\"bdpp-post-cat-link bdpp-post-cat-1663 bdpp-post-cat-transporte-y-logistica\" href=\"https:\/\/www.foment.com\/es\/category\/transporte-y-logistica\/\">Transporte y log\u00edstica<\/a> <a class=\"bdpp-post-cat-link bdpp-post-cat-1665 bdpp-post-cat-turismo-y-servicios\" href=\"https:\/\/www.foment.com\/es\/category\/turismo-y-servicios\/\">Turismo y Servicios<\/a><\/div>\n\t\t\n\n\n\n\t\t\t<\/div>\n<\/div><div class=\"bdpp-post-slide bdpp-post-201572 bdpp-post-standard bdpp-has-thumb\" >\n\t<div class=\"bdpp-post-carousel-content\">\n\t\t\t\t<div class=\"bdpp-post-img-bg\">\n\t\t\t<a href=\"https:\/\/www.foment.com\/es\/transformacion-digital-con-impacto-real-mas-de-1200-pymes-acompanadas-por-foment-a-traves-acelera-pyme\/\" target=\"_self\">\n\t\t\t\t\t\t\t\t<img src=\"https:\/\/www.foment.com\/wp-content\/uploads\/2025\/05\/JJVF9130-1-300x200.jpg\" alt=\"Transformaci\u00f3n digital con impacto real: m\u00e1s de 1.200 pymes acompa\u00f1adas por Foment a trav\u00e9s de Accelera Pyme\" \/>\n\t\t\t\t\t\t\t<\/a>\n\t\t<\/div>\n\t\t\n\t\t<div class=\"titledate0408\">\n\t\t<h2 class=\"bdpp-post-title0408\">\n\t\t\t<a href=\"https:\/\/www.foment.com\/es\/transformacion-digital-con-impacto-real-mas-de-1200-pymes-acompanadas-por-foment-a-traves-acelera-pyme\/\" target=\"_self\">Transformaci\u00f3n digital con impacto real: m\u00e1s de 1.200 pymes acompa\u00f1adas por Foment ...<\/a>\n\t\t<\/h2>\n\n\t\t\t\t\t<div class=\"bdpp-post-meta bdpp-post-meta-up\">\n\t\t\t\t<span class=\"bdpp-post-meta-data bdpp-post-date\"><i class=\"fa fa-clock-o\"><\/i>14 de mayo de 2025<\/span>\t\t\t<\/div>\n\t\t<\/div>\n\t\t\n\t\t\t\t<div class=\"bdpp-post-cats0408\"><a class=\"bdpp-post-cat-link bdpp-post-cat-114 bdpp-post-cat-destacamos\" href=\"https:\/\/www.foment.com\/es\/category\/destacamos\/\">Destacamos<\/a> <a class=\"bdpp-post-cat-link bdpp-post-cat-67 bdpp-post-cat-emprendedores\" href=\"https:\/\/www.foment.com\/es\/category\/emprendedores\/\">Emprendedores y empresa<\/a> <a class=\"bdpp-post-cat-link bdpp-post-cat-71 bdpp-post-cat-innovacion\" href=\"https:\/\/www.foment.com\/es\/category\/innovacion\/\">Innovaci\u00f3n<\/a> <a class=\"bdpp-post-cat-link bdpp-post-cat-5714 bdpp-post-cat-prensa\" href=\"https:\/\/www.foment.com\/es\/category\/prensa\/\">Prensa<\/a> <a class=\"bdpp-post-cat-link bdpp-post-cat-1661 bdpp-post-cat-sociedad-digital\" href=\"https:\/\/www.foment.com\/es\/category\/sociedad-digital\/\">Sociedad Digital<\/a><\/div>\n\t\t\n\n\n\n\t\t\t<\/div>\n<\/div><div class=\"bdpp-post-slide bdpp-post-199028 bdpp-post-standard bdpp-has-thumb\" >\n\t<div class=\"bdpp-post-carousel-content\">\n\t\t\t\t<div class=\"bdpp-post-img-bg\">\n\t\t\t<a href=\"https:\/\/www.foment.com\/es\/foment-del-treball-y-euncet-business-school-presentan-el-master-que-conecta-la-inteligencia-artificial-con-el-negocio-real\/\" target=\"_self\">\n\t\t\t\t\t\t\t\t<img src=\"https:\/\/www.foment.com\/wp-content\/uploads\/2025\/03\/photo_5983183576029578280_y-1-300x145.jpg\" alt=\"Foment del Treball y Euncet Business School presentan el m\u00e1ster que conecta la Inteligencia Artificial con el negocio real\" \/>\n\t\t\t\t\t\t\t<\/a>\n\t\t<\/div>\n\t\t\n\t\t<div class=\"titledate0408\">\n\t\t<h2 class=\"bdpp-post-title0408\">\n\t\t\t<a href=\"https:\/\/www.foment.com\/es\/foment-del-treball-y-euncet-business-school-presentan-el-master-que-conecta-la-inteligencia-artificial-con-el-negocio-real\/\" target=\"_self\">Foment del Treball y Euncet Business School presentan el m\u00e1ster que conecta la Inteligencia ...<\/a>\n\t\t<\/h2>\n\n\t\t\t\t\t<div class=\"bdpp-post-meta bdpp-post-meta-up\">\n\t\t\t\t<span class=\"bdpp-post-meta-data bdpp-post-date\"><i class=\"fa fa-clock-o\"><\/i>24 de marzo de 2025<\/span>\t\t\t<\/div>\n\t\t<\/div>\n\t\t\n\t\t\t\t<div class=\"bdpp-post-cats0408\"><a class=\"bdpp-post-cat-link bdpp-post-cat-114 bdpp-post-cat-destacamos\" href=\"https:\/\/www.foment.com\/es\/category\/destacamos\/\">Destacamos<\/a> <a class=\"bdpp-post-cat-link bdpp-post-cat-8973 bdpp-post-cat-business\" href=\"https:\/\/www.foment.com\/es\/category\/business\/\">Foment Business School<\/a> <a class=\"bdpp-post-cat-link bdpp-post-cat-113 bdpp-post-cat-formacion\" href=\"https:\/\/www.foment.com\/es\/category\/formacion\/\">Formaci\u00f3n y FP<\/a> <a class=\"bdpp-post-cat-link bdpp-post-cat-71 bdpp-post-cat-innovacion\" href=\"https:\/\/www.foment.com\/es\/category\/innovacion\/\">Innovaci\u00f3n<\/a> <a class=\"bdpp-post-cat-link bdpp-post-cat-8495 bdpp-post-cat-inteligencia-artificial-es\" href=\"https:\/\/www.foment.com\/es\/category\/inteligencia-artificial-es\/\">Inteligencia Artificial<\/a> <a class=\"bdpp-post-cat-link bdpp-post-cat-5714 bdpp-post-cat-prensa\" href=\"https:\/\/www.foment.com\/es\/category\/prensa\/\">Prensa<\/a><\/div>\n\t\t\n\n\n\n\t\t\t<\/div>\n<\/div><div class=\"bdpp-post-slide bdpp-post-198709 bdpp-post-standard bdpp-has-thumb\" >\n\t<div class=\"bdpp-post-carousel-content\">\n\t\t\t\t<div class=\"bdpp-post-img-bg\">\n\t\t\t<a href=\"https:\/\/www.foment.com\/es\/sanchez-llibre-afirma-en-el-collaborate-atlas-tecnologico-que-productividad-es-clave-para-mantener-estado-del-bienestar\/\" target=\"_self\">\n\t\t\t\t\t\t\t\t<img src=\"https:\/\/www.foment.com\/wp-content\/uploads\/2025\/03\/Collaborate_1833-300x200.jpg\" alt=\"S\u00e1nchez Llibre afirma en el Collaborate de Atlas Tecnol\u00f3gico que \u201cla productividad es clave para mantener el estado del bienestar\u201d\" \/>\n\t\t\t\t\t\t\t<\/a>\n\t\t<\/div>\n\t\t\n\t\t<div class=\"titledate0408\">\n\t\t<h2 class=\"bdpp-post-title0408\">\n\t\t\t<a href=\"https:\/\/www.foment.com\/es\/sanchez-llibre-afirma-en-el-collaborate-atlas-tecnologico-que-productividad-es-clave-para-mantener-estado-del-bienestar\/\" target=\"_self\">S\u00e1nchez Llibre afirma en el Collaborate de Atlas Tecnol\u00f3gico que \u201cla productividad ...<\/a>\n\t\t<\/h2>\n\n\t\t\t\t\t<div class=\"bdpp-post-meta bdpp-post-meta-up\">\n\t\t\t\t<span class=\"bdpp-post-meta-data bdpp-post-date\"><i class=\"fa fa-clock-o\"><\/i>14 de marzo de 2025<\/span>\t\t\t<\/div>\n\t\t<\/div>\n\t\t\n\t\t\t\t<div class=\"bdpp-post-cats0408\"><a class=\"bdpp-post-cat-link bdpp-post-cat-114 bdpp-post-cat-destacamos\" href=\"https:\/\/www.foment.com\/es\/category\/destacamos\/\">Destacamos<\/a> <a class=\"bdpp-post-cat-link bdpp-post-cat-70 bdpp-post-cat-industria-2\" href=\"https:\/\/www.foment.com\/es\/category\/industria-2\/\">Industria<\/a> <a class=\"bdpp-post-cat-link bdpp-post-cat-71 bdpp-post-cat-innovacion\" href=\"https:\/\/www.foment.com\/es\/category\/innovacion\/\">Innovaci\u00f3n<\/a> <a class=\"bdpp-post-cat-link bdpp-post-cat-5714 bdpp-post-cat-prensa\" href=\"https:\/\/www.foment.com\/es\/category\/prensa\/\">Prensa<\/a> <a class=\"bdpp-post-cat-link bdpp-post-cat-1661 bdpp-post-cat-sociedad-digital\" href=\"https:\/\/www.foment.com\/es\/category\/sociedad-digital\/\">Sociedad Digital<\/a><\/div>\n\t\t\n\n\n\n\t\t\t<\/div>\n<\/div><div class=\"bdpp-post-slide bdpp-post-198546 bdpp-post-standard bdpp-has-thumb\" >\n\t<div class=\"bdpp-post-carousel-content\">\n\t\t\t\t<div class=\"bdpp-post-img-bg\">\n\t\t\t<a href=\"https:\/\/www.foment.com\/es\/barcelona-reune-a-mas-de-300-empresas-tecnologicas-e-industriales-en-una-cumbre-para-aumentar-la-productividad-de-la-economia\/\" target=\"_self\">\n\t\t\t\t\t\t\t\t<img src=\"https:\/\/www.foment.com\/wp-content\/uploads\/2025\/03\/Colabo-1-300x225.jpg\" alt=\"Barcelona re\u00fane a m\u00e1s de 300 empresas tecnol\u00f3gicas e industriales en una cumbre para aumentar la productividad de la econom\u00eda\" \/>\n\t\t\t\t\t\t\t<\/a>\n\t\t<\/div>\n\t\t\n\t\t<div class=\"titledate0408\">\n\t\t<h2 class=\"bdpp-post-title0408\">\n\t\t\t<a href=\"https:\/\/www.foment.com\/es\/barcelona-reune-a-mas-de-300-empresas-tecnologicas-e-industriales-en-una-cumbre-para-aumentar-la-productividad-de-la-economia\/\" target=\"_self\">Barcelona re\u00fane a m\u00e1s de 300 empresas tecnol\u00f3gicas e industriales en una cumbre ...<\/a>\n\t\t<\/h2>\n\n\t\t\t\t\t<div class=\"bdpp-post-meta bdpp-post-meta-up\">\n\t\t\t\t<span class=\"bdpp-post-meta-data bdpp-post-date\"><i class=\"fa fa-clock-o\"><\/i>12 de marzo de 2025<\/span>\t\t\t<\/div>\n\t\t<\/div>\n\t\t\n\t\t\t\t<div class=\"bdpp-post-cats0408\"><a class=\"bdpp-post-cat-link bdpp-post-cat-114 bdpp-post-cat-destacamos\" href=\"https:\/\/www.foment.com\/es\/category\/destacamos\/\">Destacamos<\/a> <a class=\"bdpp-post-cat-link bdpp-post-cat-69 bdpp-post-cat-economia-y-fiscalidad\" href=\"https:\/\/www.foment.com\/es\/category\/economia-y-fiscalidad\/\">Econom\u00eda y Fiscalidad<\/a> <a class=\"bdpp-post-cat-link bdpp-post-cat-8740 bdpp-post-cat-extranet-es\" href=\"https:\/\/www.foment.com\/es\/category\/extranet-es\/\">Extranet<\/a> <a class=\"bdpp-post-cat-link bdpp-post-cat-70 bdpp-post-cat-industria-2\" href=\"https:\/\/www.foment.com\/es\/category\/industria-2\/\">Industria<\/a> <a class=\"bdpp-post-cat-link bdpp-post-cat-71 bdpp-post-cat-innovacion\" href=\"https:\/\/www.foment.com\/es\/category\/innovacion\/\">Innovaci\u00f3n<\/a> <a class=\"bdpp-post-cat-link bdpp-post-cat-5714 bdpp-post-cat-prensa\" href=\"https:\/\/www.foment.com\/es\/category\/prensa\/\">Prensa<\/a><\/div>\n\t\t\n\n\n\n\t\t\t<\/div>\n<\/div><\/div>[\/vc_column_text][\/vc_column_inner][\/vc_row_inner][\/vc_column][\/vc_row][vc_row bg_color=\u00bb#efefef\u00bb][vc_column width=\u00bb1\/1&#8243;][vc_row_inner][vc_column_inner offset=\u00bbvc_hidden-lg vc_hidden-md\u00bb]<h1 class=\"headline font-inherit fontsize-xxxl fontweight-700 lh-inherit align-center transform-inherit \" style=\"margin: 0 0 20px 0; color: #000000;\">ACTUALIDAD<\/h1>[vc_column_text]<style type=\"text\/css\">.bdpp-style-mngr-3 .bdpp-post-title {font-size: 16px !important;}.bdpp-style-mngr-3 .bdpp-post-title {line-height: 22px !important;}.bdpp-style-mngr-3 .bdpp-post-title a,\r\n\t\t\t\t   .bdpp-style-mngr-3 .bdpp-post-title a:visited, bdpp-style-mngr-3 .bdpp-post-title a:focus\r\n\t\t\t\t   {color: #000000 !important;}.bdpp-style-mngr-3 .bdpp-post-meta span {font-size: 10px !important;}.bdpp-style-mngr-3 .bdpp-post-meta span, .bdpp-style-mngr-3 .bdpp-post-meta, .bdpp-style-mngr-3 .bdpp-post-meta .bdpp-post-tags a.bdpp-post-cat-link {color: #969696 !important;}<\/style><div id=\"bdpp-post-carousel-wrap-3\" class=\"bdpp-wrap bdpp-post-carousel-wrap owl-carousel bdpp-design-1 botons bdpp-style-mngr-3 bdpp-clearfix\" data-conf=\"{&quot;slide_show&quot;:1,&quot;loop&quot;:true,&quot;slide_margin&quot;:20,&quot;start_position&quot;:0,&quot;arrows&quot;:false,&quot;dots&quot;:true,&quot;autoplay&quot;:false,&quot;autoplay_interval&quot;:5000,&quot;speed&quot;:500,&quot;autoplay_hover_pause&quot;:false,&quot;nav_text&quot;:[&quot;&amp;#x2039;&quot;,&quot;&amp;#x203a;&quot;],&quot;lazyload&quot;:false,&quot;url_hash_listener&quot;:false,&quot;stage_padding&quot;:0,&quot;center&quot;:false,&quot;slide_scroll&quot;:1,&quot;auto_height&quot;:false}\"><div class=\"bdpp-post-slide bdpp-post-218391 bdpp-post-standard bdpp-has-thumb\" >\n\t<div class=\"bdpp-post-carousel-content\">\n\t\t\t\t<div class=\"bdpp-post-img-bg\">\n\t\t\t<a href=\"https:\/\/www.foment.com\/es\/la-junta-directiva-de-foment-del-treball-conoce-el-proyecto-del-futuro-campus-de-salud-clinico-universitat-de-barcelona\/\" target=\"_self\">\n\t\t\t\t\t\t\t\t<img src=\"https:\/\/www.foment.com\/wp-content\/uploads\/2026\/04\/portada-JD-300x169.jpg\" alt=\"La Junta Directiva de Foment del Treball conoce el proyecto del futuro Campus de Salud Cl\u00ednico-Universitat de Barcelona\" \/>\n\t\t\t\t\t\t\t<\/a>\n\t\t<\/div>\n\t\t\n\t\t<div class=\"titledate0408\">\n\t\t<h2 class=\"bdpp-post-title0408\">\n\t\t\t<a href=\"https:\/\/www.foment.com\/es\/la-junta-directiva-de-foment-del-treball-conoce-el-proyecto-del-futuro-campus-de-salud-clinico-universitat-de-barcelona\/\" target=\"_self\">La Junta Directiva de Foment del Treball conoce el proyecto del futuro Campus de ...<\/a>\n\t\t<\/h2>\n\n\t\t\t\t\t<div class=\"bdpp-post-meta bdpp-post-meta-up\">\n\t\t\t\t<span class=\"bdpp-post-meta-data bdpp-post-date\"><i class=\"fa fa-clock-o\"><\/i>16 de abril de 2026<\/span>\t\t\t<\/div>\n\t\t<\/div>\n\t\t\n\t\t\t\t<div class=\"bdpp-post-cats0408\"><a class=\"bdpp-post-cat-link bdpp-post-cat-1821 bdpp-post-cat-atencion-a-las-personas\" href=\"https:\/\/www.foment.com\/es\/category\/atencion-a-las-personas\/\">Atenci\u00f3n a las personas<\/a> <a class=\"bdpp-post-cat-link bdpp-post-cat-114 bdpp-post-cat-destacamos\" href=\"https:\/\/www.foment.com\/es\/category\/destacamos\/\">Destacamos<\/a> <a class=\"bdpp-post-cat-link bdpp-post-cat-71 bdpp-post-cat-innovacion\" href=\"https:\/\/www.foment.com\/es\/category\/innovacion\/\">Innovaci\u00f3n<\/a> <a class=\"bdpp-post-cat-link bdpp-post-cat-8407 bdpp-post-cat-noticias-revista\" href=\"https:\/\/www.foment.com\/es\/category\/revista-f\/noticias-revista\/\">Noticias<\/a><\/div>\n\t\t\n\n\n\n\t\t\t<\/div>\n<\/div><div class=\"bdpp-post-slide bdpp-post-215463 bdpp-post-standard bdpp-has-thumb\" >\n\t<div class=\"bdpp-post-carousel-content\">\n\t\t\t\t<div class=\"bdpp-post-img-bg\">\n\t\t\t<a href=\"https:\/\/www.foment.com\/es\/foment-del-treball-impulsa-el-debate-sobre-soberania-tecnologica-europea-en-el-mwc\/\" target=\"_self\">\n\t\t\t\t\t\t\t\t<img src=\"https:\/\/www.foment.com\/wp-content\/uploads\/2026\/03\/JVF4553-300x200.jpg\" alt=\"Foment del Treball impulsa el debate sobre soberan\u00eda tecnol\u00f3gica europea en el MWC\" \/>\n\t\t\t\t\t\t\t<\/a>\n\t\t<\/div>\n\t\t\n\t\t<div class=\"titledate0408\">\n\t\t<h2 class=\"bdpp-post-title0408\">\n\t\t\t<a href=\"https:\/\/www.foment.com\/es\/foment-del-treball-impulsa-el-debate-sobre-soberania-tecnologica-europea-en-el-mwc\/\" target=\"_self\">Foment del Treball impulsa el debate sobre soberan\u00eda tecnol\u00f3gica europea en el MWC<\/a>\n\t\t<\/h2>\n\n\t\t\t\t\t<div class=\"bdpp-post-meta bdpp-post-meta-up\">\n\t\t\t\t<span class=\"bdpp-post-meta-data bdpp-post-date\"><i class=\"fa fa-clock-o\"><\/i>3 de marzo de 2026<\/span>\t\t\t<\/div>\n\t\t<\/div>\n\t\t\n\t\t\t\t<div class=\"bdpp-post-cats0408\"><a class=\"bdpp-post-cat-link bdpp-post-cat-114 bdpp-post-cat-destacamos\" href=\"https:\/\/www.foment.com\/es\/category\/destacamos\/\">Destacamos<\/a> <a class=\"bdpp-post-cat-link bdpp-post-cat-67 bdpp-post-cat-emprendedores\" href=\"https:\/\/www.foment.com\/es\/category\/emprendedores\/\">Emprendedores y empresa<\/a> <a class=\"bdpp-post-cat-link bdpp-post-cat-71 bdpp-post-cat-innovacion\" href=\"https:\/\/www.foment.com\/es\/category\/innovacion\/\">Innovaci\u00f3n<\/a> <a class=\"bdpp-post-cat-link bdpp-post-cat-5714 bdpp-post-cat-prensa\" href=\"https:\/\/www.foment.com\/es\/category\/prensa\/\">Prensa<\/a> <a class=\"bdpp-post-cat-link bdpp-post-cat-1661 bdpp-post-cat-sociedad-digital\" href=\"https:\/\/www.foment.com\/es\/category\/sociedad-digital\/\">Sociedad Digital<\/a><\/div>\n\t\t\n\n\n\n\t\t\t<\/div>\n<\/div><div class=\"bdpp-post-slide bdpp-post-215346 bdpp-post-standard bdpp-has-thumb\" >\n\t<div class=\"bdpp-post-carousel-content\">\n\t\t\t\t<div class=\"bdpp-post-img-bg\">\n\t\t\t<a href=\"https:\/\/www.foment.com\/es\/la-vicepresidenta-ejecutiva-de-la-comision-europea-henna-virkkunen-visita-foment-del-treball\/\" target=\"_self\">\n\t\t\t\t\t\t\t\t<img src=\"https:\/\/www.foment.com\/wp-content\/uploads\/2026\/03\/JVF3470-300x200.jpg\" alt=\"La vicepresidenta ejecutiva de la Comisi\u00f3n Europea Henna Virkkunen visita Foment del Treball\" \/>\n\t\t\t\t\t\t\t<\/a>\n\t\t<\/div>\n\t\t\n\t\t<div class=\"titledate0408\">\n\t\t<h2 class=\"bdpp-post-title0408\">\n\t\t\t<a href=\"https:\/\/www.foment.com\/es\/la-vicepresidenta-ejecutiva-de-la-comision-europea-henna-virkkunen-visita-foment-del-treball\/\" target=\"_self\">La vicepresidenta ejecutiva de la Comisi\u00f3n Europea Henna Virkkunen visita Foment ...<\/a>\n\t\t<\/h2>\n\n\t\t\t\t\t<div class=\"bdpp-post-meta bdpp-post-meta-up\">\n\t\t\t\t<span class=\"bdpp-post-meta-data bdpp-post-date\"><i class=\"fa fa-clock-o\"><\/i>3 de marzo de 2026<\/span>\t\t\t<\/div>\n\t\t<\/div>\n\t\t\n\t\t\t\t<div class=\"bdpp-post-cats0408\"><a class=\"bdpp-post-cat-link bdpp-post-cat-114 bdpp-post-cat-destacamos\" href=\"https:\/\/www.foment.com\/es\/category\/destacamos\/\">Destacamos<\/a> <a class=\"bdpp-post-cat-link bdpp-post-cat-71 bdpp-post-cat-innovacion\" href=\"https:\/\/www.foment.com\/es\/category\/innovacion\/\">Innovaci\u00f3n<\/a> <a class=\"bdpp-post-cat-link bdpp-post-cat-5714 bdpp-post-cat-prensa\" href=\"https:\/\/www.foment.com\/es\/category\/prensa\/\">Prensa<\/a> <a class=\"bdpp-post-cat-link bdpp-post-cat-1661 bdpp-post-cat-sociedad-digital\" href=\"https:\/\/www.foment.com\/es\/category\/sociedad-digital\/\">Sociedad Digital<\/a><\/div>\n\t\t\n\n\n\n\t\t\t<\/div>\n<\/div><div class=\"bdpp-post-slide bdpp-post-213709 bdpp-post-standard bdpp-has-thumb\" >\n\t<div class=\"bdpp-post-carousel-content\">\n\t\t\t\t<div class=\"bdpp-post-img-bg\">\n\t\t\t<a href=\"https:\/\/www.foment.com\/es\/foment-destaca-el-liderazgo-de-cataluna-en-el-sector-audiovisual-durante-su-visita-al-ise-2026\/\" target=\"_self\">\n\t\t\t\t\t\t\t\t<img src=\"https:\/\/www.foment.com\/wp-content\/uploads\/2026\/02\/photo_5776323111945964753_y-300x225.jpg\" alt=\"Foment destaca el liderazgo de Catalu\u00f1a en el sector audiovisual durante su visita al ISE 2026\" \/>\n\t\t\t\t\t\t\t<\/a>\n\t\t<\/div>\n\t\t\n\t\t<div class=\"titledate0408\">\n\t\t<h2 class=\"bdpp-post-title0408\">\n\t\t\t<a href=\"https:\/\/www.foment.com\/es\/foment-destaca-el-liderazgo-de-cataluna-en-el-sector-audiovisual-durante-su-visita-al-ise-2026\/\" target=\"_self\">Foment destaca el liderazgo de Catalu\u00f1a en el sector audiovisual durante su visita ...<\/a>\n\t\t<\/h2>\n\n\t\t\t\t\t<div class=\"bdpp-post-meta bdpp-post-meta-up\">\n\t\t\t\t<span class=\"bdpp-post-meta-data bdpp-post-date\"><i class=\"fa fa-clock-o\"><\/i>5 de febrero de 2026<\/span>\t\t\t<\/div>\n\t\t<\/div>\n\t\t\n\t\t\t\t<div class=\"bdpp-post-cats0408\"><a class=\"bdpp-post-cat-link bdpp-post-cat-114 bdpp-post-cat-destacamos\" href=\"https:\/\/www.foment.com\/es\/category\/destacamos\/\">Destacamos<\/a> <a class=\"bdpp-post-cat-link bdpp-post-cat-71 bdpp-post-cat-innovacion\" href=\"https:\/\/www.foment.com\/es\/category\/innovacion\/\">Innovaci\u00f3n<\/a> <a class=\"bdpp-post-cat-link bdpp-post-cat-5714 bdpp-post-cat-prensa\" href=\"https:\/\/www.foment.com\/es\/category\/prensa\/\">Prensa<\/a> <a class=\"bdpp-post-cat-link bdpp-post-cat-1661 bdpp-post-cat-sociedad-digital\" href=\"https:\/\/www.foment.com\/es\/category\/sociedad-digital\/\">Sociedad Digital<\/a><\/div>\n\t\t\n\n\n\n\t\t\t<\/div>\n<\/div><div class=\"bdpp-post-slide bdpp-post-212895 bdpp-post-standard bdpp-has-thumb\" >\n\t<div class=\"bdpp-post-carousel-content\">\n\t\t\t\t<div class=\"bdpp-post-img-bg\">\n\t\t\t<a href=\"https:\/\/www.foment.com\/es\/foment-del-treball-refuerza-en-bruselas-el-ecosistema-de-empresas-catalanas-que-contribuyen-a-la-defensa-y-seguridad\/\" target=\"_self\">\n\t\t\t\t\t\t\t\t<img src=\"https:\/\/www.foment.com\/wp-content\/uploads\/2026\/01\/president-300x169.jpeg\" alt=\"Foment del Treball refuerza en Bruselas el ecosistema de empresas catalanas que contribuyen a la defensa y seguridad europeas con tecnolog\u00edas de doble uso\" \/>\n\t\t\t\t\t\t\t<\/a>\n\t\t<\/div>\n\t\t\n\t\t<div class=\"titledate0408\">\n\t\t<h2 class=\"bdpp-post-title0408\">\n\t\t\t<a href=\"https:\/\/www.foment.com\/es\/foment-del-treball-refuerza-en-bruselas-el-ecosistema-de-empresas-catalanas-que-contribuyen-a-la-defensa-y-seguridad\/\" target=\"_self\">Foment del Treball refuerza en Bruselas el ecosistema de empresas catalanas que contribuyen ...<\/a>\n\t\t<\/h2>\n\n\t\t\t\t\t<div class=\"bdpp-post-meta bdpp-post-meta-up\">\n\t\t\t\t<span class=\"bdpp-post-meta-data bdpp-post-date\"><i class=\"fa fa-clock-o\"><\/i>27 de enero de 2026<\/span>\t\t\t<\/div>\n\t\t<\/div>\n\t\t\n\t\t\t\t<div class=\"bdpp-post-cats0408\"><a class=\"bdpp-post-cat-link bdpp-post-cat-114 bdpp-post-cat-destacamos\" href=\"https:\/\/www.foment.com\/es\/category\/destacamos\/\">Destacamos<\/a> <a class=\"bdpp-post-cat-link bdpp-post-cat-71 bdpp-post-cat-innovacion\" href=\"https:\/\/www.foment.com\/es\/category\/innovacion\/\">Innovaci\u00f3n<\/a> <a class=\"bdpp-post-cat-link bdpp-post-cat-72 bdpp-post-cat-internacionalizacion\" href=\"https:\/\/www.foment.com\/es\/category\/internacionalizacion\/\">Internacionalizaci\u00f3n<\/a> <a class=\"bdpp-post-cat-link bdpp-post-cat-5714 bdpp-post-cat-prensa\" href=\"https:\/\/www.foment.com\/es\/category\/prensa\/\">Prensa<\/a> <a class=\"bdpp-post-cat-link bdpp-post-cat-6430 bdpp-post-cat-seguretat-es\" href=\"https:\/\/www.foment.com\/es\/category\/seguretat-es\/\">Seguridad<\/a> <a class=\"bdpp-post-cat-link bdpp-post-cat-1661 bdpp-post-cat-sociedad-digital\" href=\"https:\/\/www.foment.com\/es\/category\/sociedad-digital\/\">Sociedad Digital<\/a> <a class=\"bdpp-post-cat-link bdpp-post-cat-1667 bdpp-post-cat-union-europea\" href=\"https:\/\/www.foment.com\/es\/category\/union-europea\/\">Uni\u00f3n Europea<\/a><\/div>\n\t\t\n\n\n\n\t\t\t<\/div>\n<\/div><\/div>[\/vc_column_text][\/vc_column_inner][\/vc_row_inner][\/vc_column][\/vc_row][vc_section css=\u00bb.vc_custom_1621669472452{margin-top: px !important;padding-top: px !important;}\u00bb][vc_row top_padding=\u00bb70&#8243; bottom_padding=\u00bb70&#8243;][vc_column width=\u00bb1\/1&#8243;][vc_column_text]<\/p>\n<ul style=\"list-style-type: disc; font-size: 25px; color: #d2112d;\">\n<li class=\"black\" style=\"text-align: left;\"><span style=\"color: #000000; font-size: 14px; line-height: 22px;\">Posicionar Catalu\u00f1a y Barcelona como hubs de innovaci\u00f3n de referencia.<\/span><\/li>\n<\/ul>\n<ul style=\"list-style-type: disc; font-size: 25px; color: #d2112d;\">\n<li class=\"black\" style=\"text-align: left;\"><span style=\"color: #000000; font-size: 14px; line-height: 22px;\">Acompa\u00f1amiento e impulso a la innovaci\u00f3n empresarial.<\/span><\/li>\n<\/ul>\n<ul style=\"list-style-type: disc; font-size: 25px; color: #d2112d;\">\n<li class=\"black\" style=\"text-align: left;\"><span style=\"color: #000000; font-size: 14px; line-height: 22px;\">Mejorar el intercambio de conocimiento entre los actores del ecosistema (empresas, universidades, centros de investigaci\u00f3n y otras instituciones con propuestas innovadoras).<\/span><\/li>\n<\/ul>\n<ul style=\"list-style-type: disc; font-size: 25px; color: #d2112d;\">\n<li class=\"black\" style=\"text-align: left;\"><span style=\"color: #000000; font-size: 14px; line-height: 22px;\">Ser un lobby activo y reactivo en todas las normativas que afecten a la competitividad y productividad de la empresa.<\/span><\/li>\n<\/ul>\n<ul style=\"list-style-type: disc; font-size: 25px; color: #d2112d;\">\n<li class=\"black\" style=\"text-align: left;\"><span style=\"color: #000000; font-size: 14px; line-height: 22px;\">Dar a conocer los programas de apoyo a la innovaci\u00f3n.<\/span><\/li>\n<\/ul>\n<ul style=\"list-style-type: disc; font-size: 25px; color: #d2112d;\">\n<li class=\"black\" style=\"text-align: left;\"><span style=\"color: #000000; font-size: 14px; line-height: 22px;\">Fomentar la colaboraci\u00f3n entre corporaciones y startups.<\/span><\/li>\n<\/ul>\n<p>[\/vc_column_text][\/vc_column][\/vc_row][\/vc_section][vc_section][vc_row][vc_column width=\u00bb1\/1&#8243;][\/vc_column][\/vc_row][\/vc_section][vc_row top_padding=\u00bb70&#8243; bottom_padding=\u00bb60&#8243;][vc_column width=\u00bb1\/1&#8243;]<h2 class=\"headline font-inherit fontsize-xxxl fontweight-700 lh-inherit align-center transform-inherit \" style=\"margin: 0 0 50px 0; color: #000000;\">ACTIVIDADES DESTACADAS<\/h2>[vc_column_text]<div id=\"evcal_calendar_889\" class=\"ajde_evcal_calendar evoslider evosliderbox multiSlider cs_lr ss_def sltac\"><div class=\"evo_slider_outter\" >\r\n\t\t\t\t\t<div class=\"evo_slider_slide_out\">\r\n\t                <div class=\"eventon_events_list\" style=\"display:none\"><div  id=\"event_212889_0\" class=\"eventon_list_event evo_eventtop scheduled  event event_212889_0\" data-event_id=\"212889\" data-ri=\"0r\" data-time=\"1772443800-1779103800\" data-colr=\"#f6b23c\" itemscope itemtype='http:\/\/schema.org\/Event'><div class=\"evo_event_schema\" style=\"display:none\" ><a itemprop='url'  href='https:\/\/www.foment.com\/es\/events\/ciclo-la-negociacion-colectiva-como-herramienta-de-gestion-de-las-relaciones-laborales\/'><\/a><meta itemprop='image' content=\"https:\/\/www.foment.com\/wp-content\/uploads\/2026\/01\/Sin-titulo-1920-x-1080-px-1.jpg\" \/><meta itemprop='startDate' content=\"2026-3-2T09:30+2:00\" \/><meta itemprop='endDate' content=\"2026-5-18T11:30+2:00\" \/><meta itemprop='eventStatus' content=\"https:\/\/schema.org\/EventScheduled\" \/><item style=\"display:none\" itemprop=\"eventAttendanceMode\" itemscope itemtype=\"https:\/\/schema.org\/OfflineEventAttendanceMode\"><\/item><div itemprop=\"organizer\" itemscope=\"\" itemtype=\"http:\/\/schema.org\/Organization\">\n\t\t\t\t\t    \t<meta itemprop=\"name\" content=\"Relaciones Laborales\">\n\t\t\t\t\t    \t<\/div><div itemprop=\"performer\" itemscope=\"\" itemtype=\"http:\/\/schema.org\/Person\">\n\t\t\t\t\t    \t<meta itemprop=\"name\" content=\"Relaciones Laborales\">\n\t\t\t\t\t    <\/div><script type=\"application\/ld+json\">{\"@context\": \"http:\/\/schema.org\",\"@type\": \"Event\",\n\t\t\t\t\t\"@id\": \"event_212889_0\",\n\t\t\t\t\t\"eventAttendanceMode\":\"https:\/\/schema.org\/OfflineEventAttendanceMode\",\n\t\t\t\t\t\"name\": \"Ciclo: La Negociaci\u00f3n Colectiva como herramienta de gesti\u00f3n de las relaciones laborales\",\n\t\t\t\t\t\"url\": \"https:\/\/www.foment.com\/es\/events\/ciclo-la-negociacion-colectiva-como-herramienta-de-gestion-de-las-relaciones-laborales\/\",\n\t\t\t\t\t\"startDate\": \"2026-3-2T09:30+2:00\",\n\t\t\t\t\t\"endDate\": \"2026-5-18T11:30+2:00\",\n\t\t\t\t\t\"image\":\"https:\/\/www.foment.com\/wp-content\/uploads\/2026\/01\/Sin-titulo-1920-x-1080-px-1.jpg\", \n\t\t\t\t\t\"description\":\"<p>La negociaci\u00f3n colectiva es uno de los pilares fundamentales del modelo de relaciones laborales y se configura como el instrumento esencial para la ordenaci\u00f3n de las condiciones de trabajo y la articulaci\u00f3n del di\u00e1logo social entre empresas y personas trabajadoras. Su importancia sistema radica en la capacidad para equilibrar los intereses de empresarios y representantes de los trabajadores, generando consensos que favorecen la paz social y la estabilidad en la ocupaci\u00f3n.<\/p> <p>Aun as\u00ed, permite establecer condiciones laborales adapt\u00e1ndose en las particularidades productivas, econ\u00f3micas y organizativas de cada \u00e1mbito de aplicaci\u00f3n. Mediante este proceso, se regulan aspectos tan diversos como la estructura salarial, el tiempo de trabajo, las modalidades de contrataci\u00f3n, los sistemas de clasificaci\u00f3n profesional, las medidas de conciliaci\u00f3n de la vida laboral y familiar, y los procedimientos de soluci\u00f3n de conflictos, entre otros.<\/p> <p>Adem\u00e1s, en un contexto de transformaci\u00f3n digital, globalizaci\u00f3n econ\u00f3mica y nuevas formas de organizaci\u00f3n del trabajo, la negociaci\u00f3n colectiva tiene que reinventarse para abordar cuestiones emergentes como el teletrabajo, la desconexi\u00f3n digital, la formaci\u00f3n continua, la igualdad de g\u00e9nero y la sostenibilidad ambiental.<\/p> <p><strong><span style='color: #d2112d;'>Objetivos:<br \/> <\/span><\/strong>\u2022 Aportar conocimientos te\u00f3ricos y pr\u00e1cticos sobre los retos, oportunidades y herramientas asociadas a la negociaci\u00f3n colectiva, dirigidos a empresas y negociadores de convenios colectivos.<br \/> \u2022 Capacitar a los participantes en las tablas de negociaci\u00f3n colectiva para integrar de manera efectiva todas las posibilidades que permiten las normas aplicables y la interpretaci\u00f3n de los tribunales a la negociaci\u00f3n colectiva.<\/p> <p><span style='color: #d2112d;'><strong>Calendario:<\/strong><\/span><br \/> \u2022 20 horas totales divididas en 10 sesiones de 2 horas.<br \/> \u2022 D\u00edas de sesiones: 2, 9, 16 y 23 de marzo; 13, 20 y 27 de abril y 4, 11 y 18 de mayo<br \/> \u2022 Horario: 9.30 a 11.30 horas<br \/> \u2022 Modalidad en l\u00ednea<\/p> <p><strong><span style='color: #d2112d;'>Ponente<\/span>:<\/strong><br \/> <strong>Jordi Garc\u00eda Vi\u00f1a<\/strong>, catedr\u00e1tico de Derecho del Trabajo y de la Seguridad Social de la Universitat de Barcelona. Consejero en Augusta Abogados.<\/p> <p><span style='color: #d2112d;'><strong>Metodolog\u00eda:<\/strong><\/span><br \/> Las sesiones combinar\u00e1n una introducci\u00f3n de la materia objeto de an\u00e1lisis, con especial atenci\u00f3n en el estudio de cl\u00e1usulas de convenios colectivos y buenas pr\u00e1cticas implantadas en empresas, con debates que fomenten la participaci\u00f3n activa.<\/p> <p>Esta metodolog\u00eda permite mejorar la comprensi\u00f3n de como los diferentes recursos son presentes en las relaciones laborales, conociendo la normativa aplicable, la interpretaci\u00f3n de los tribunales y la actuaci\u00f3n de la Inspecci\u00f3n de Trabajo y de la Seguridad Social, incrementando la capacitaci\u00f3n pr\u00e1ctica y las habilidades para negociar convenios en todas las materias propuestas.<\/p> <p style='text-align: center;'><strong><span style='color: #d2112d;'>PROGRAMA<\/span><\/strong><\/p> <ul> <li><strong>Sesi\u00f3n 1: 2 de marzo de 2026 &#8211; Cuestiones generales y marco normativo<\/strong><br \/> <a href='https:\/\/www.foment.com\/es\/inscripciones-eventos\/?idevento=B7F6E727-CDFA-F011-8407-7C1E5276AE0A' target='_blank' rel='noopener'><span style='color: #d2112d;'><strong>Inscripci\u00f3n 1.\u00aa jornada, aqu\u00ed<\/strong><\/span><\/a><\/li> <li><strong>Sesi\u00f3n 2: 9 de marzo de 2026\u00a0 &#8211; Modalidades contractuales<\/strong><br \/> <a href='https:\/\/www.foment.com\/es\/inscripciones-eventos\/?idevento=14D89F92-73FB-F011-8407-7CED8D3FAFDD' target='_blank' rel='noopener'><span style='color: #d2112d;'><strong>Inscripci\u00f3n 2.\u00aa jornada, aqu\u00ed<\/strong><\/span><\/a><\/li> <li><strong>Sesi\u00f3n 3: 16 de marzo de 2026 &#8211; Sistema de clasificaci\u00f3n profesional y procesos de formaci\u00f3n<\/strong><br \/> <a href='https:\/\/www.foment.com\/es\/inscripciones-eventos\/?idevento=3F53D0FA-8EFB-F011-8407-7CED8D3FACC9' target='_blank' rel='noopener'><span style='color: #d2112d;'><strong>Inscripci\u00f3n 3.\u00aa jornada, aqu\u00ed<\/strong><\/span><\/a><\/li> <li><strong>Sesi\u00f3n 4: 23 de marzo de 2026 &#8211; Tiempos de trabajo<\/strong><br \/> <a href='https:\/\/www.foment.com\/es\/inscripciones-eventos\/?idevento=F60A04F3-A0FB-F011-8406-000D3ADCC77A' target='_blank' rel='noopener'><span style='color: #d2112d;'><strong>Inscripci\u00f3n 4.\u00aa jornada, aqu\u00ed<\/strong><\/span><\/a><\/li> <li><strong>Sesi\u00f3n 5: 13 de abril de 2026 &#8211; Aspectos salariales y retributivos<\/strong><br \/> <a href='https:\/\/www.foment.com\/es\/inscripciones-eventos\/?idevento=24CF9054-2AFC-F011-8407-7CED8D3FA83B' target='_blank' rel='noopener'><span style='color: #d2112d;'><strong>Inscripci\u00f3n 5.\u00aa jornada, aqu\u00ed<\/strong><\/span><\/a><\/li> <li><strong>Sesi\u00f3n 6: 20 de abril de 2026 &#8211; Igualdad y conciliaci\u00f3n<\/strong><br \/> <a href='https:\/\/www.foment.com\/es\/inscripciones-eventos\/?idevento=51DC9376-2AFC-F011-8407-7CED8D3FA02B' target='_blank' rel='noopener'><span style='color: #d2112d;'><strong>Inscripci\u00f3n 6.\u00aa jornada, aqu\u00ed<\/strong><\/span><\/a><\/li> <li><strong>Sesi\u00f3n 7: 27 de abril de 2026 &#8211; Mecanismos de flexibilidad<\/strong><br \/> <a href='https:\/\/www.foment.com\/es\/inscripciones-eventos\/?idevento=3FE7DF5A-30FC-F011-8407-000D3ABA73B5' target='_blank' rel='noopener'><span style='color: #d2112d;'><strong>Inscripci\u00f3n 7.\u00aa jornada, aqu\u00ed<\/strong><\/span><\/a><\/li> <li><strong>Sesi\u00f3n 8: 4 de mayo de 2026 &#8211; Salud Laboral<\/strong><br \/> <a href='https:\/\/www.foment.com\/inscripcions-events\/?idevento=BC3EA17D-30FC-F011-8406-002248A1BFE4' target='_blank' rel='noopener'><span style='color: #d2112d;'><strong>Inscripci\u00f3n 8.\u00aa jornada, aqu\u00ed<\/strong><\/span><\/a><\/li> <li><strong>Sesi\u00f3n 9: 11 de mayo de 2026 &#8211; Materias colectivas<\/strong><br \/> <a href='https:\/\/www.foment.com\/es\/inscripciones-eventos\/?idevento=6756DE1A-3FFC-F011-8407-7CED8D3FA02B' target='_blank' rel='noopener'><span style='color: #d2112d;'><strong>Inscripci\u00f3n 9.\u00aa jornada, aqu\u00ed<\/strong><\/span><\/a><\/li> <li><strong>Sesi\u00f3n 10: 18 de mayo de 2026 &#8211; Nuevos retos para la negociaci\u00f3n colectiva<\/strong><br \/> <a href='https:\/\/www.foment.com\/es\/inscripciones-eventos\/?idevento=CC3B4D29-3FFC-F011-8406-7C1E52FC0A4E' target='_blank' rel='noopener'><span style='color: #d2112d;'><strong>Inscripci\u00f3n 10.\u00aa jornada, aqu\u00ed<\/strong><\/span><\/a><\/li> <\/ul> <p>&nbsp;<\/p> <p style='text-align: center;'><a href='https:\/\/fomentdeltreball.sharepoint.com\/:b:\/g\/IQBY7k5Cn_tsQI6n8wAIwQN7AYeigrFWERjfxzDOZ9pxwKQ?e=Gub4Je' target='_blank' rel='noopener'><span style='font-size: 18px; color: #d2112d;'><strong>Descargar programa completo<\/strong><\/span><\/a><\/p> <p>&nbsp;<\/p> <p>Esta jornada forma parte de los Planes de Formaci\u00f3n del \u00e1mbito de Catalu\u00f1a, dirigidos a la capacitaci\u00f3n para el desarrollo de las funciones relacionadas con el di\u00e1logo social y la negociaci\u00f3n colectiva. Expediente n.\u00ba STC092\/25\/000001.<\/p> <p style='text-align: center;'><strong><span style='color: #d2112d;'>*Es imprescindible autenticarse previamente a la celebraci\u00f3n de la jornada en Zoom mediante el enlace que se le facilitar\u00e1 al inscribirse en la\/s sesi\u00f3n\/nes*.<\/span><\/strong><\/p> <table style='border-collapse: collapse; width: 100%;'> <tbody> <tr> <td style='width: 33.3333%;'><\/td> <td style='width: 33.3333%; text-align: center;'><strong>Con el apoyo de:\u00a0<\/strong><\/p> <p><a href='https:\/\/web.gencat.cat\/ca\/ciutadania\/inici'><img class='aligncenter wp-image-179766 size-medium' src='https:\/\/www.foment.com\/wp-content\/uploads\/2024\/03\/generalitat-300x76.jpg' alt='' width='300' height='76' \/><\/a><\/p> <p>&nbsp;<\/td> <td style='width: 33.3333%;'><\/td> <\/tr> <\/tbody> <\/table> \",\"organizer\":{\"@type\":\"Organization\",\"name\":\"Relaciones Laborales\"},\"performer\":{\"@type\":\"Person\",\"name\":\"Relaciones Laborales\"},\"eventStatus\":\"https:\/\/schema.org\/EventScheduled\"}<\/script><\/div>\n\t\t\t\t<p class=\"desc_trig_outter\" style=\"background-color:#ffffff;flex-direction: row;\"><a data-gmap_status=\"null\" data-exlk=\"0\" style=\"border-color: #f6b23c;\" id=\"evc_1772443800212889\" class=\"hasFtIMG desc_trig evo_laboral mul_val evcal_list_a\" data-ux_val=\"3\"  ><span class='ev_ftImg' data-img='https:\/\/www.foment.com\/wp-content\/uploads\/2026\/01\/Sin-titulo-1920-x-1080-px-1.jpg' data-thumb='https:\/\/www.foment.com\/wp-content\/uploads\/2026\/01\/Sin-titulo-1920-x-1080-px-1-300x169.jpg' style='background-image:url(\"https:\/\/www.foment.com\/wp-content\/uploads\/2026\/01\/Sin-titulo-1920-x-1080-px-1-300x169.jpg\")'><\/span><style>.ajde_evcal_calendar.boxy #evcal_list .eventon_list_event .evcal_desc em{color:black;}<\/style><span style='width:100%; background-color:#f6b23c !important;' class='evcal_cblock ' data-smon='marzo' data-syr='2026'><span style='margin-top: 7px;margin-bottom: 7px;' class='evo_start '><em class='date'>02<\/em><em class='month'>mar<\/em><em class='time'><i t=\"y\">(mar 2)<\/i>9:30<\/em><\/span><span style='margin-top: 7px;margin-bottom: 7px;' class='evo_end '><em class='date'>18<\/em><em class='month'>may<\/em><em class='time'><i t=\"y\">(may 18)<\/i>11:30<\/em><\/span><em class='clear'><\/em><\/span><span class='evcal_desc evo_info '  ><span class='evo_above_title'><\/span><span class='evcal_desc2 evcal_event_title hbaevatitle' itemprop='name'>Ciclo: La Negociaci\u00f3n Colectiva como herramienta de gesti\u00f3n de las relaciones laborales<\/span><span class='evo_below_title'><\/span><span class='evcal_desc_info' ><em class='evcal_time evo_tz_time'>(marzo 2) 9:30 - (mayo 18) 11:30<\/em> <\/span><span class='evcal_desc3'><em class=\"evcal_location\"  data-add_str=\"\"><em class=\"event_location_name\">Zoom<\/em><\/em><\/span><span style='height: 60px;'  class='evcal_desc3' ><span class='evcal_event_types ett1'><em>C =<\/em><em data-filter='event_type'>Laboral<\/em><i class='clear'><\/i><\/span><span class='evo_event_progress' ><span class='evo_epbar_o'><span class='evo_ep_bar'><b style='width:77%'><\/b><\/span><\/span><span class='evo_ep_time evo_countdowner' data-gap='1498168' data-dur='6660000' data-exp_act='' data-n='' data-ds='d\u00edas' data-d='D\u00eda' data-t='de tiempo restante'><\/span><\/span><\/span><\/span><em class='clear'><\/em><\/a><\/p><div class='event_description evcal_eventcard ' style=\"display:none\"><div class='evo_metarow_fimg evorow evcal_evdata_img evcal_evdata_row  evo_imghover' data-imgheight='1080' data-imgwidth='1920'  style='background-image: url(\"https:\/\/www.foment.com\/wp-content\/uploads\/2026\/01\/Sin-titulo-1920-x-1080-px-1.jpg\")' data-imgstyle='full' data-minheight='400' data-status=''><\/div><div class='evcal_evdata_row evorow_2b evo_metarow_time_location evorow  '>\n\t\t\t\t\t\t\t\t<div class='evorow_b evorow_b1 evo_time'>\n\t\t\t\t\t\t\t\t\t<span class='evcal_evdata_icons'><i class='fa fa-clock'><\/i><\/span>\n\t\t\t\t\t\t\t\t\t<div class='evcal_evdata_cell'>\t\t\t\t\t\t\t\n\t\t\t\t\t\t\t\t\t\t<h3 class='evo_h3'><span class='evcal_evdata_icons'><i class='fa fa-clock'><\/i><\/span>Horario<\/h3>\n\t\t\t\t\t\t\t\t\t\t<p><span class='evo_eventcard_time_t'>Marzo 2 (Lunes) 9:30 - Mayo 18 (Lunes) 11:30<\/span><\/p>\n\t\t\t\t\t\t\t\t\t<\/div>\n\t\t\t\t\t\t\t\t<\/div>\n\t\t\t\t\t\t\t\t<div class='evorow_b evo_location'>\n\t\t\t\t\t\t\t\t\t<span class='evcal_evdata_icons'><i class='fa fa-map-marker-alt'><\/i><\/span>\n\t\t\t\t\t\t\t\t\t<div class='evcal_evdata_cell' data-loc_tax_id='4869'><h3 class='evo_h3'><span class='evcal_evdata_icons'><i class='fa fa-map-marker-alt'><\/i><\/span>Lugar<\/h3><p class='evo_location_name'>Zoom<\/p><\/div>\n\t\t\t\t\t\t\t\t<\/div>\n\t\t\t\t\t\t\t\t\n\t\t\t\t\t\t\t<\/div><div class='evo_metarow_details evorow evcal_evdata_row evcal_event_details'>\n\t\t\t\t\t\t\t\t<div class=\"event_excerpt\" style=\"display:none\"><h3 class=\"padb5 evo_h3\">Detalles del evento<\/h3><p>La negociaci\u00f3n colectiva es uno de los pilares fundamentales del modelo de relaciones laborales y se configura como el instrumento esencial para la ordenaci\u00f3n de las condiciones de trabajo y<\/p><\/div><span class='evcal_evdata_icons'><i class='fa fa-align-justify'><\/i><\/span>\n\t\t\t\t\t\t\t\t\n\t\t\t\t\t\t\t\t<div class='evcal_evdata_cell '>\n\t\t\t\t\t\t\t\t\t<div class='eventon_full_description'>\n\t\t\t\t\t\t\t\t\t\t<h3 class='padb5 evo_h3'><span class='evcal_evdata_icons'><i class='fa fa-align-justify'><\/i><\/span>Detalles del evento<\/h3>\n\t\t\t\t\t\t\t\t\t\t<div class='eventon_desc_in' itemprop='description'>\n\t\t\t\t\t\t\t\t\t\t<p>La negociaci\u00f3n colectiva es uno de los pilares fundamentales del modelo de relaciones laborales y se configura como el instrumento esencial para la ordenaci\u00f3n de las condiciones de trabajo y la articulaci\u00f3n del di\u00e1logo social entre empresas y personas trabajadoras. Su importancia sistema radica en la capacidad para equilibrar los intereses de empresarios y representantes de los trabajadores, generando consensos que favorecen la paz social y la estabilidad en la ocupaci\u00f3n.<\/p>\n<p>Aun as\u00ed, permite establecer condiciones laborales adapt\u00e1ndose en las particularidades productivas, econ\u00f3micas y organizativas de cada \u00e1mbito de aplicaci\u00f3n. Mediante este proceso, se regulan aspectos tan diversos como la estructura salarial, el tiempo de trabajo, las modalidades de contrataci\u00f3n, los sistemas de clasificaci\u00f3n profesional, las medidas de conciliaci\u00f3n de la vida laboral y familiar, y los procedimientos de soluci\u00f3n de conflictos, entre otros.<\/p>\n<p>Adem\u00e1s, en un contexto de transformaci\u00f3n digital, globalizaci\u00f3n econ\u00f3mica y nuevas formas de organizaci\u00f3n del trabajo, la negociaci\u00f3n colectiva tiene que reinventarse para abordar cuestiones emergentes como el teletrabajo, la desconexi\u00f3n digital, la formaci\u00f3n continua, la igualdad de g\u00e9nero y la sostenibilidad ambiental.<\/p>\n<p><strong><span style=\"color: #d2112d;\">Objetivos:<br \/>\n<\/span><\/strong>\u2022 Aportar conocimientos te\u00f3ricos y pr\u00e1cticos sobre los retos, oportunidades y herramientas asociadas a la negociaci\u00f3n colectiva, dirigidos a empresas y negociadores de convenios colectivos.<br \/>\n\u2022 Capacitar a los participantes en las tablas de negociaci\u00f3n colectiva para integrar de manera efectiva todas las posibilidades que permiten las normas aplicables y la interpretaci\u00f3n de los tribunales a la negociaci\u00f3n colectiva.<\/p>\n<p><span style=\"color: #d2112d;\"><strong>Calendario:<\/strong><\/span><br \/>\n\u2022 20 horas totales divididas en 10 sesiones de 2 horas.<br \/>\n\u2022 D\u00edas de sesiones: 2, 9, 16 y 23 de marzo; 13, 20 y 27 de abril y 4, 11 y 18 de mayo<br \/>\n\u2022 Horario: 9.30 a 11.30 horas<br \/>\n\u2022 Modalidad en l\u00ednea<\/p>\n<p><strong><span style=\"color: #d2112d;\">Ponente<\/span>:<\/strong><br \/>\n<strong>Jordi Garc\u00eda Vi\u00f1a<\/strong>, catedr\u00e1tico de Derecho del Trabajo y de la Seguridad Social de la Universitat de Barcelona. Consejero en Augusta Abogados.<\/p>\n<p><span style=\"color: #d2112d;\"><strong>Metodolog\u00eda:<\/strong><\/span><br \/>\nLas sesiones combinar\u00e1n una introducci\u00f3n de la materia objeto de an\u00e1lisis, con especial atenci\u00f3n en el estudio de cl\u00e1usulas de convenios colectivos y buenas pr\u00e1cticas implantadas en empresas, con debates que fomenten la participaci\u00f3n activa.<\/p>\n<p>Esta metodolog\u00eda permite mejorar la comprensi\u00f3n de como los diferentes recursos son presentes en las relaciones laborales, conociendo la normativa aplicable, la interpretaci\u00f3n de los tribunales y la actuaci\u00f3n de la Inspecci\u00f3n de Trabajo y de la Seguridad Social, incrementando la capacitaci\u00f3n pr\u00e1ctica y las habilidades para negociar convenios en todas las materias propuestas.<\/p>\n<p style=\"text-align: center;\"><strong><span style=\"color: #d2112d;\">PROGRAMA<\/span><\/strong><\/p>\n<ul>\n<li><strong>Sesi\u00f3n 1: 2 de marzo de 2026 &#8211; Cuestiones generales y marco normativo<\/strong><br \/>\n<a href=\"https:\/\/www.foment.com\/es\/inscripciones-eventos\/?idevento=B7F6E727-CDFA-F011-8407-7C1E5276AE0A\" target=\"_blank\" rel=\"noopener\"><span style=\"color: #d2112d;\"><strong>Inscripci\u00f3n 1.\u00aa jornada, aqu\u00ed<\/strong><\/span><\/a><\/li>\n<li><strong>Sesi\u00f3n 2: 9 de marzo de 2026\u00a0 &#8211; Modalidades contractuales<\/strong><br \/>\n<a href=\"https:\/\/www.foment.com\/es\/inscripciones-eventos\/?idevento=14D89F92-73FB-F011-8407-7CED8D3FAFDD\" target=\"_blank\" rel=\"noopener\"><span style=\"color: #d2112d;\"><strong>Inscripci\u00f3n 2.\u00aa jornada, aqu\u00ed<\/strong><\/span><\/a><\/li>\n<li><strong>Sesi\u00f3n 3: 16 de marzo de 2026 &#8211; Sistema de clasificaci\u00f3n profesional y procesos de formaci\u00f3n<\/strong><br \/>\n<a href=\"https:\/\/www.foment.com\/es\/inscripciones-eventos\/?idevento=3F53D0FA-8EFB-F011-8407-7CED8D3FACC9\" target=\"_blank\" rel=\"noopener\"><span style=\"color: #d2112d;\"><strong>Inscripci\u00f3n 3.\u00aa jornada, aqu\u00ed<\/strong><\/span><\/a><\/li>\n<li><strong>Sesi\u00f3n 4: 23 de marzo de 2026 &#8211; Tiempos de trabajo<\/strong><br \/>\n<a href=\"https:\/\/www.foment.com\/es\/inscripciones-eventos\/?idevento=F60A04F3-A0FB-F011-8406-000D3ADCC77A\" target=\"_blank\" rel=\"noopener\"><span style=\"color: #d2112d;\"><strong>Inscripci\u00f3n 4.\u00aa jornada, aqu\u00ed<\/strong><\/span><\/a><\/li>\n<li><strong>Sesi\u00f3n 5: 13 de abril de 2026 &#8211; Aspectos salariales y retributivos<\/strong><br \/>\n<a href=\"https:\/\/www.foment.com\/es\/inscripciones-eventos\/?idevento=24CF9054-2AFC-F011-8407-7CED8D3FA83B\" target=\"_blank\" rel=\"noopener\"><span style=\"color: #d2112d;\"><strong>Inscripci\u00f3n 5.\u00aa jornada, aqu\u00ed<\/strong><\/span><\/a><\/li>\n<li><strong>Sesi\u00f3n 6: 20 de abril de 2026 &#8211; Igualdad y conciliaci\u00f3n<\/strong><br \/>\n<a href=\"https:\/\/www.foment.com\/es\/inscripciones-eventos\/?idevento=51DC9376-2AFC-F011-8407-7CED8D3FA02B\" target=\"_blank\" rel=\"noopener\"><span style=\"color: #d2112d;\"><strong>Inscripci\u00f3n 6.\u00aa jornada, aqu\u00ed<\/strong><\/span><\/a><\/li>\n<li><strong>Sesi\u00f3n 7: 27 de abril de 2026 &#8211; Mecanismos de flexibilidad<\/strong><br \/>\n<a href=\"https:\/\/www.foment.com\/es\/inscripciones-eventos\/?idevento=3FE7DF5A-30FC-F011-8407-000D3ABA73B5\" target=\"_blank\" rel=\"noopener\"><span style=\"color: #d2112d;\"><strong>Inscripci\u00f3n 7.\u00aa jornada, aqu\u00ed<\/strong><\/span><\/a><\/li>\n<li><strong>Sesi\u00f3n 8: 4 de mayo de 2026 &#8211; Salud Laboral<\/strong><br \/>\n<a href=\"https:\/\/www.foment.com\/inscripcions-events\/?idevento=BC3EA17D-30FC-F011-8406-002248A1BFE4\" target=\"_blank\" rel=\"noopener\"><span style=\"color: #d2112d;\"><strong>Inscripci\u00f3n 8.\u00aa jornada, aqu\u00ed<\/strong><\/span><\/a><\/li>\n<li><strong>Sesi\u00f3n 9: 11 de mayo de 2026 &#8211; Materias colectivas<\/strong><br \/>\n<a href=\"https:\/\/www.foment.com\/es\/inscripciones-eventos\/?idevento=6756DE1A-3FFC-F011-8407-7CED8D3FA02B\" target=\"_blank\" rel=\"noopener\"><span style=\"color: #d2112d;\"><strong>Inscripci\u00f3n 9.\u00aa jornada, aqu\u00ed<\/strong><\/span><\/a><\/li>\n<li><strong>Sesi\u00f3n 10: 18 de mayo de 2026 &#8211; Nuevos retos para la negociaci\u00f3n colectiva<\/strong><br \/>\n<a href=\"https:\/\/www.foment.com\/es\/inscripciones-eventos\/?idevento=CC3B4D29-3FFC-F011-8406-7C1E52FC0A4E\" target=\"_blank\" rel=\"noopener\"><span style=\"color: #d2112d;\"><strong>Inscripci\u00f3n 10.\u00aa jornada, aqu\u00ed<\/strong><\/span><\/a><\/li>\n<\/ul>\n<p>&nbsp;<\/p>\n<p style=\"text-align: center;\"><a href=\"https:\/\/fomentdeltreball.sharepoint.com\/:b:\/g\/IQBY7k5Cn_tsQI6n8wAIwQN7AYeigrFWERjfxzDOZ9pxwKQ?e=Gub4Je\" target=\"_blank\" rel=\"noopener\"><span style=\"font-size: 18px; color: #d2112d;\"><strong>Descargar programa completo<\/strong><\/span><\/a><\/p>\n<p>&nbsp;<\/p>\n<p>Esta jornada forma parte de los Planes de Formaci\u00f3n del \u00e1mbito de Catalu\u00f1a, dirigidos a la capacitaci\u00f3n para el desarrollo de las funciones relacionadas con el di\u00e1logo social y la negociaci\u00f3n colectiva. Expediente n.\u00ba STC092\/25\/000001.<\/p>\n<p style=\"text-align: center;\"><strong><span style=\"color: #d2112d;\">*Es imprescindible autenticarse previamente a la celebraci\u00f3n de la jornada en Zoom mediante el enlace que se le facilitar\u00e1 al inscribirse en la\/s sesi\u00f3n\/nes*.<\/span><\/strong><\/p>\n<table style=\"border-collapse: collapse; width: 100%;\">\n<tbody>\n<tr>\n<td style=\"width: 33.3333%;\"><\/td>\n<td style=\"width: 33.3333%; text-align: center;\"><strong>Con el apoyo de:\u00a0<\/strong><\/p>\n<p><a href=\"https:\/\/web.gencat.cat\/ca\/ciutadania\/inici\"><img class=\"aligncenter wp-image-179766 size-medium\" src=\"https:\/\/www.foment.com\/wp-content\/uploads\/2024\/03\/generalitat-300x76.jpg\" alt=\"\" width=\"300\" height=\"76\" \/><\/a><\/p>\n<p>&nbsp;<\/td>\n<td style=\"width: 33.3333%;\"><\/td>\n<\/tr>\n<\/tbody>\n<\/table>\n<\/div><div class='clear'><\/div>\n\t\t\t\t\t\t\t\t\t<\/div>\n\t\t\t\t\t\t\t\t<\/div>\n\t\t\t\t\t\t\t<\/div><div class='evo_metarow_organizer evorow evcal_evdata_row evcal_evrow_sm '>\n\t\t\t\t\t\t\t\t<span class='evcal_evdata_icons'><i class='fa fa-headphones'><\/i><\/span>\n\t\t\t\t\t\t\t\t<div class='evcal_evdata_cell'>\t\t\t\t\t\t\t\n\t\t\t\t\t\t\t\t\t<h3 class='evo_h3'>Organizador<\/h3>\n\t\t\t\t\t\t\t\t\t<p class='evo_data_val evo_card_organizer_image'><img src='https:\/\/www.foment.com\/wp-content\/uploads\/2017\/06\/nou-laboral-sin-debates-300x76.png'\/><\/p>\n\t\t\t\t\t\t\t\t\t<div class='evo_card_organizer'><p class='evo_data_val evo_card_organizer_name'>\n\t\t\t\t\t\t\t\t\t\t<span class='evo_card_organizer_name_t'>Relaciones Laborales<\/span>\n\t\t\t\t\t\t\t\t\t\t\n\t\t\t\t\t\t\t\t\t\t<\/p><\/div><div class='clear'><\/div>\t\t\t\t\t\t\t\n\t\t\t\t\t\t\t\t<\/div>\n\t\t\t\t\t\t\t<\/div><div class='evcal_evdata_row evo_metarow_locImg evorow ' style='height:400px; background-image:url(https:\/\/www.foment.com\/wp-content\/uploads\/2017\/03\/002damm-0334.jpg)' id='31599_locimg' ><\/div>\t\t\t\t\t\t\t<div class='evo_metarow_ICS evorow evcal_evdata_row'>\n\t\t\t\t\t\t\t\t<span class=\"evcal_evdata_icons\"><i class=\"fa fa-calendar\"><\/i><\/span>\n\t\t\t\t\t\t\t\t<div class='evcal_evdata_cell'>\n\t\t\t\t\t\t\t\t\t<p><a href='https:\/\/www.foment.com\/wp-admin\/admin-ajax.php?action=eventon_ics_download&amp;event_id=212889&amp;ri=0' class='evo_ics_nCal' title='Add to your calendar'>Calendar<\/a><a href='\/\/www.google.com\/calendar\/event?action=TEMPLATE&amp;text=Ciclo%3A+La+Negociaci%C3%B3n+Colectiva+como+herramienta+de+gesti%C3%B3n+de+las+relaciones+laborales&amp;dates=20260302T083000Z\/20260518T103000Z&amp;ctz=Europe\/Madrid&amp;details=Ciclo%3A+La+Negociaci%C3%B3n+Colectiva+como+herramienta+de+gesti%C3%B3n+de+las+relaciones+laborales&amp;location=Zoom' target='_blank' class='evo_ics_gCal' title='Add to google calendar'>GoogleCal<\/a><\/p>\t\n\t\t\t\t\t\t\t\t<\/div>\n\t\t\t\t\t\t\t<\/div>\n\t\t\t\t\t\t\t<div class='evo_card_row_end evcal_close' title='Close'><\/div><\/div><div class='clear end'><\/div><\/div><div  id=\"event_218577_0\" class=\"eventon_list_event evo_eventtop scheduled  event event_218577_0\" data-event_id=\"218577\" data-ri=\"0r\" data-time=\"1777978800-1777984200\" data-colr=\"#d2112e\" itemscope itemtype='http:\/\/schema.org\/Event'><div class=\"evo_event_schema\" style=\"display:none\" ><a itemprop='url'  href='https:\/\/www.foment.com\/es\/events\/sistema-privado-de-salud-retos-sostenibilidad-y-futuro\/'><\/a><meta itemprop='image' content=\"https:\/\/www.foment.com\/wp-content\/uploads\/2026\/04\/2.jpg\" \/><meta itemprop='startDate' content=\"2026-5-5T11:00+2:00\" \/><meta itemprop='endDate' content=\"2026-5-5T12:30+2:00\" \/><meta itemprop='eventStatus' content=\"https:\/\/schema.org\/EventScheduled\" \/><item style=\"display:none\" itemprop=\"location\" itemscope itemtype=\"http:\/\/schema.org\/Place\"><span itemprop=\"name\">Foment del Treball<\/span><span itemprop=\"address\" itemscope itemtype=\"http:\/\/schema.org\/PostalAddress\"><item itemprop=\"streetAddress\">Via Laietana, 32-34, Principal, Barcelona<\/item><\/span><\/item><item style=\"display:none\" itemprop=\"eventAttendanceMode\" itemscope itemtype=\"https:\/\/schema.org\/OfflineEventAttendanceMode\"><\/item><div itemprop=\"organizer\" itemscope=\"\" itemtype=\"http:\/\/schema.org\/Organization\">\n\t\t\t\t\t    \t<meta itemprop=\"name\" content=\"Foment del Treball\">\n\t\t\t\t\t    \t<meta itemprop=\"url\" content=\"http:\/\/www.foment.com\/es\/event-organizer\/foment-del-treball-es\/\"><\/div><div itemprop=\"performer\" itemscope=\"\" itemtype=\"http:\/\/schema.org\/Person\">\n\t\t\t\t\t    \t<meta itemprop=\"name\" content=\"Foment del Treball\">\n\t\t\t\t\t    <\/div><script type=\"application\/ld+json\">{\"@context\": \"http:\/\/schema.org\",\"@type\": \"Event\",\n\t\t\t\t\t\"@id\": \"event_218577_0\",\n\t\t\t\t\t\"eventAttendanceMode\":\"https:\/\/schema.org\/OfflineEventAttendanceMode\",\n\t\t\t\t\t\"name\": \"Sistema privado de salud: retos, sostenibilidad y futuro\",\n\t\t\t\t\t\"url\": \"https:\/\/www.foment.com\/es\/events\/sistema-privado-de-salud-retos-sostenibilidad-y-futuro\/\",\n\t\t\t\t\t\"startDate\": \"2026-5-5T11:00+2:00\",\n\t\t\t\t\t\"endDate\": \"2026-5-5T12:30+2:00\",\n\t\t\t\t\t\"image\":\"https:\/\/www.foment.com\/wp-content\/uploads\/2026\/04\/2.jpg\", \n\t\t\t\t\t\"description\":\"<p>[vc_row][vc_column width=\u00bb1\/1&#8243;][vc_column_text]<\/p> <div> <p>En un momento de transformaci\u00f3n del sistema sanitario, el papel del sector privado y la evoluci\u00f3n del modelo MUFACE se convierten en elementos clave para entender el equilibrio entre cobertura, calidad y sostenibilidad.<\/p> <p>Esta jornada propone un espacio de reflexi\u00f3n y debate con expertos para analizar c\u00f3mo estos modelos impactan en el conjunto del sistema de salud, as\u00ed como sus perspectivas de futuro.<\/p> <p>La sesi\u00f3n reunir\u00e1 dos voces con una mirada experta y complementaria:<\/p> <ul> <li><strong>Enrique Bernal-Delgado<\/strong>,\u00a0 m\u00e9dico epidemi\u00f3logo y ex presidente de la Asociaci\u00f3n de Econom\u00eda de la Salud, que aportar\u00e1 un an\u00e1lisis riguroso sobre la eficiencia, los costes y la sostenibilidad de los diferentes sistemas sanitarios, as\u00ed como sobre la situaci\u00f3n actual del sistema p\u00fablico y del sistema privado.<\/li> <li><strong>Xavier Mate,<\/strong> Director Territorial Barcelona-Vall\u00e8s de Quir\u00f3nsalud y miembro de CAPSIS, que compartir\u00e1 su visi\u00f3n sobre el funcionamiento del sistema y los retos estructurales que afronta el sistema privado de salud en un contexto global.<\/li> <\/ul> <p>A trav\u00e9s de este di\u00e1logo, se pretende generar una mejor comprensi\u00f3n del rol del sistema privado y del modelo MUFACE dentro del ecosistema sanitario, as\u00ed como identificar posibles l\u00edneas de evoluci\u00f3n en un contexto de creciente presi\u00f3n sobre los recursos y la demanda asistencial.<\/p> <\/div> <p><strong>Es imprescindible confirmar asist\u00e8ncia en el siguente enlace: <\/strong><span style='font-family: georgia, palatino, serif; font-size: 16px;'><strong>\u00a0 \u00a0 \u00a0 \u00a0 \u00a0 \u00a0 \u00a0 \u00a0 \u00a0 \u00a0 \u00a0 \u00a0 \u00a0\u00a0<\/strong><\/span>[\/vc_column_text][\/vc_column][\/vc_row][vc_row][vc_column width=\u00bb1\/3&#8243;][\/vc_column][vc_column width=\u00bb1\/3&#8243;][vc_btn title=\u00bbInscripci\u00f3n gratuita, aqu\u00ed\u00bb style=\u00bb3d\u00bb color=\u00bbdanger\u00bb size=\u00bblg\u00bb align=\u00bbcenter\u00bb button_block=\u00bbtrue\u00bb link=\u00bburl:https%3A%2F%2Fwww.foment.com%2Fes%2Finscripciones-eventos%2F%3Fidevento%3D3A9D7097-853C-F111-88B4-000D3ADCC77A|target:_blank\u00bb][\/vc_column][vc_column width=\u00bb1\/3&#8243;][\/vc_column][\/vc_row]<\/p> \",\"location\":[{\"@type\":\"Place\",\"name\":\"Foment del Treball\",\"address\":{\"@type\": \"PostalAddress\",\"streetAddress\":\"Via Laietana, 32-34, Principal, Barcelona\"}}],\"organizer\":{\"@type\":\"Organization\",\"name\":\"Foment del Treball\",\"url\":\"http:\/\/www.foment.com\/es\/event-organizer\/foment-del-treball-es\/\"},\"performer\":{\"@type\":\"Person\",\"name\":\"Foment del Treball\"},\"eventStatus\":\"https:\/\/schema.org\/EventScheduled\"}<\/script><\/div>\n\t\t\t\t<p class=\"desc_trig_outter\" style=\"background-color:#ffffff;flex-direction: row;\"><a data-gmap_status=\"null\" data-exlk=\"0\" style=\"border-color: #d2112e;\" id=\"evc_1777978800218577\" class=\"hasFtIMG desc_trig evo_atencion-personas-salud-social sin_val evcal_list_a\" data-ux_val=\"3\"  ><span class='ev_ftImg' data-img='https:\/\/www.foment.com\/wp-content\/uploads\/2026\/04\/2.jpg' data-thumb='https:\/\/www.foment.com\/wp-content\/uploads\/2026\/04\/2-300x169.jpg' style='background-image:url(\"https:\/\/www.foment.com\/wp-content\/uploads\/2026\/04\/2-300x169.jpg\")'><\/span><style>.ajde_evcal_calendar.boxy #evcal_list .eventon_list_event .evcal_desc em{color:black;}<\/style><span style='width:100%; background-color:#d2112e !important;' class='evcal_cblock ' data-smon='mayo' data-syr='2026'><span style='margin-top: 7px;margin-bottom: 7px;' class='evo_start '><em class='date'>05<\/em><em class='month'>may<\/em><em class='time'>11:00<\/em><\/span><span style='margin-top: 7px;margin-bottom: 7px;' class='evo_end only_time'><em class='time'>12:30<\/em><\/span><em class='clear'><\/em><\/span><span class='evcal_desc evo_info '  data-location_address=\"Via Laietana, 32-34, Principal, Barcelona\" data-location_type=\"address\" data-location_name=\"Foment del Treball\" data-location_url=\"https:\/\/www.foment.com\/es\/event-location\/foment-del-treball\/\" data-location_status=\"true\" ><span class='evo_above_title'><\/span><span class='evcal_desc2 evcal_event_title hbaevatitle' itemprop='name'>Sistema privado de salud: retos, sostenibilidad y futuro<\/span><span class='evo_below_title'><\/span><span class='evcal_desc_info' ><em class='evcal_time evo_tz_time'>11:00 - 12:30<\/em> <\/span><span class='evcal_desc3'><em class=\"evcal_location\"  data-add_str=\"\"><em class=\"event_location_name\">Foment del Treball<\/em><\/em><\/span><span style='height: 60px;'  class='evcal_desc3' ><span class='evcal_event_types ett1'><em>C =<\/em><em data-filter='event_type'>Atenci\u00f3n a las Personas, Salud y Social<\/em><i class='clear'><\/i><\/span><\/span><\/span><em class='clear'><\/em><\/a><\/p><div class='event_description evcal_eventcard ' style=\"display:none\"><div class='evo_metarow_fimg evorow evcal_evdata_img evcal_evdata_row  evo_imghover' data-imgheight='1080' data-imgwidth='1920'  style='background-image: url(\"https:\/\/www.foment.com\/wp-content\/uploads\/2026\/04\/2.jpg\")' data-imgstyle='full' data-minheight='400' data-status=''><\/div><div class='evcal_evdata_row evorow_2b evo_metarow_time_location evorow  '>\n\t\t\t\t\t\t\t\t<div class='evorow_b evorow_b1 evo_time'>\n\t\t\t\t\t\t\t\t\t<span class='evcal_evdata_icons'><i class='fa fa-clock'><\/i><\/span>\n\t\t\t\t\t\t\t\t\t<div class='evcal_evdata_cell'>\t\t\t\t\t\t\t\n\t\t\t\t\t\t\t\t\t\t<h3 class='evo_h3'><span class='evcal_evdata_icons'><i class='fa fa-clock'><\/i><\/span>Horario<\/h3>\n\t\t\t\t\t\t\t\t\t\t<p><span class='evo_eventcard_time_t'>(Martes) 11:00 - 12:30<\/span><\/p>\n\t\t\t\t\t\t\t\t\t<\/div>\n\t\t\t\t\t\t\t\t<\/div>\n\t\t\t\t\t\t\t\t<div class='evorow_b evo_location'>\n\t\t\t\t\t\t\t\t\t<span class='evcal_evdata_icons'><i class='fa fa-map-marker-alt'><\/i><\/span>\n\t\t\t\t\t\t\t\t\t<div class='evcal_evdata_cell' data-loc_tax_id='98'><h3 class='evo_h3'><span class='evcal_evdata_icons'><i class='fa fa-map-marker-alt'><\/i><\/span>Lugar<\/h3><p class='evo_location_name'>Foment del Treball<\/p><p class='evo_location_address'>Via Laietana, 32-34, Principal, Barcelona<\/p><\/div>\n\t\t\t\t\t\t\t\t<\/div>\n\t\t\t\t\t\t\t\t\n\t\t\t\t\t\t\t<\/div><div class='evo_metarow_details evorow evcal_evdata_row evcal_event_details'>\n\t\t\t\t\t\t\t\t<div class=\"event_excerpt\" style=\"display:none\"><h3 class=\"padb5 evo_h3\">Detalles del evento<\/h3><p>[vc_row][vc_column width=\u00bb1\/1&#8243;][vc_column_text]\n\nEn un momento de transformaci\u00f3n del sistema sanitario, el papel del sector privado y la evoluci\u00f3n del modelo MUFACE se convierten en elementos clave para entender el equilibrio entre<\/p><\/div><span class='evcal_evdata_icons'><i class='fa fa-align-justify'><\/i><\/span>\n\t\t\t\t\t\t\t\t\n\t\t\t\t\t\t\t\t<div class='evcal_evdata_cell '>\n\t\t\t\t\t\t\t\t\t<div class='eventon_full_description'>\n\t\t\t\t\t\t\t\t\t\t<h3 class='padb5 evo_h3'><span class='evcal_evdata_icons'><i class='fa fa-align-justify'><\/i><\/span>Detalles del evento<\/h3>\n\t\t\t\t\t\t\t\t\t\t<div class='eventon_desc_in' itemprop='description'>\n\t\t\t\t\t\t\t\t\t\t<p>[vc_row][vc_column width=\u00bb1\/1&#8243;][vc_column_text]<\/p>\n<div>\n<p>En un momento de transformaci\u00f3n del sistema sanitario, el papel del sector privado y la evoluci\u00f3n del modelo MUFACE se convierten en elementos clave para entender el equilibrio entre cobertura, calidad y sostenibilidad.<\/p>\n<p>Esta jornada propone un espacio de reflexi\u00f3n y debate con expertos para analizar c\u00f3mo estos modelos impactan en el conjunto del sistema de salud, as\u00ed como sus perspectivas de futuro.<\/p>\n<p>La sesi\u00f3n reunir\u00e1 dos voces con una mirada experta y complementaria:<\/p>\n<ul>\n<li><strong>Enrique Bernal-Delgado<\/strong>,\u00a0 m\u00e9dico epidemi\u00f3logo y ex presidente de la Asociaci\u00f3n de Econom\u00eda de la Salud, que aportar\u00e1 un an\u00e1lisis riguroso sobre la eficiencia, los costes y la sostenibilidad de los diferentes sistemas sanitarios, as\u00ed como sobre la situaci\u00f3n actual del sistema p\u00fablico y del sistema privado.<\/li>\n<li><strong>Xavier Mate,<\/strong> Director Territorial Barcelona-Vall\u00e8s de Quir\u00f3nsalud y miembro de CAPSIS, que compartir\u00e1 su visi\u00f3n sobre el funcionamiento del sistema y los retos estructurales que afronta el sistema privado de salud en un contexto global.<\/li>\n<\/ul>\n<p>A trav\u00e9s de este di\u00e1logo, se pretende generar una mejor comprensi\u00f3n del rol del sistema privado y del modelo MUFACE dentro del ecosistema sanitario, as\u00ed como identificar posibles l\u00edneas de evoluci\u00f3n en un contexto de creciente presi\u00f3n sobre los recursos y la demanda asistencial.<\/p>\n<\/div>\n<p><strong>Es imprescindible confirmar asist\u00e8ncia en el siguente enlace: <\/strong><span style=\"font-family: georgia, palatino, serif; font-size: 16px;\"><strong>\u00a0 \u00a0 \u00a0 \u00a0 \u00a0 \u00a0 \u00a0 \u00a0 \u00a0 \u00a0 \u00a0 \u00a0 \u00a0\u00a0<\/strong><\/span>[\/vc_column_text][\/vc_column][\/vc_row][vc_row][vc_column width=\u00bb1\/3&#8243;][\/vc_column][vc_column width=\u00bb1\/3&#8243;][vc_btn title=\u00bbInscripci\u00f3n gratuita, aqu\u00ed\u00bb style=\u00bb3d\u00bb color=\u00bbdanger\u00bb size=\u00bblg\u00bb align=\u00bbcenter\u00bb button_block=\u00bbtrue\u00bb link=\u00bburl:https%3A%2F%2Fwww.foment.com%2Fes%2Finscripciones-eventos%2F%3Fidevento%3D3A9D7097-853C-F111-88B4-000D3ADCC77A|target:_blank\u00bb][\/vc_column][vc_column width=\u00bb1\/3&#8243;][\/vc_column][\/vc_row]<\/p>\n<\/div><div class='clear'><\/div>\n\t\t\t\t\t\t\t\t\t<\/div>\n\t\t\t\t\t\t\t\t<\/div>\n\t\t\t\t\t\t\t<\/div><div class='evo_metarow_organizer evorow evcal_evdata_row evcal_evrow_sm '>\n\t\t\t\t\t\t\t\t<span class='evcal_evdata_icons'><i class='fa fa-headphones'><\/i><\/span>\n\t\t\t\t\t\t\t\t<div class='evcal_evdata_cell'>\t\t\t\t\t\t\t\n\t\t\t\t\t\t\t\t\t<h3 class='evo_h3'>Organizador<\/h3>\n\t\t\t\t\t\t\t\t\t<p class='evo_data_val evo_card_organizer_image'><img src='https:\/\/www.foment.com\/wp-content\/uploads\/2022\/09\/Foment_Logos_Logo-Positiu-300x131.jpg'\/><\/p>\n\t\t\t\t\t\t\t\t\t<div class='evo_card_organizer'><p class='evo_data_val evo_card_organizer_name'>\n\t\t\t\t\t\t\t\t\t\t<span class='evo_card_organizer_name_t'><a  href='https:\/\/www.foment.com\/es\/event-organizer\/foment-del-treball-es\/'>Foment del Treball<\/a><\/span><span class='evo_card_organizer_description'>@FomentTreball<\/span><span class='evo_card_organizer_contact'>foment@foment.com<\/span>\n\t\t\t\t\t\t\t\t\t\t<span class='evo_card_organizer_address'>Via Laietana 32-34<\/span>\n\t\t\t\t\t\t\t\t\t\t<\/p><\/div><div class='clear'><\/div>\t\t\t\t\t\t\t\n\t\t\t\t\t\t\t\t<\/div>\n\t\t\t\t\t\t\t<\/div><div class='evcal_evdata_row evo_metarow_locImg evorow ' style='height:400px; background-image:url(https:\/\/www.foment.com\/wp-content\/uploads\/2022\/06\/Edifici-Foment-2020-scaled.jpg)' id='146693_locimg' ><\/div>\t\t\t\t\t\t\t<div class='evo_metarow_ICS evorow evcal_evdata_row'>\n\t\t\t\t\t\t\t\t<span class=\"evcal_evdata_icons\"><i class=\"fa fa-calendar\"><\/i><\/span>\n\t\t\t\t\t\t\t\t<div class='evcal_evdata_cell'>\n\t\t\t\t\t\t\t\t\t<p><a href='https:\/\/www.foment.com\/wp-admin\/admin-ajax.php?action=eventon_ics_download&amp;event_id=218577&amp;ri=0' class='evo_ics_nCal' title='Add to your calendar'>Calendar<\/a><a href='\/\/www.google.com\/calendar\/event?action=TEMPLATE&amp;text=Sistema+privado+de+salud%3A+retos%2C+sostenibilidad+y+futuro&amp;dates=20260505T090000Z\/20260505T103000Z&amp;ctz=Europe\/Madrid&amp;details=Sistema+privado+de+salud%3A+retos%2C+sostenibilidad+y+futuro&amp;location=Foment+del+TreballVia+Laietana%2C+32-34%2C+Principal%2C+Barcelona' target='_blank' class='evo_ics_gCal' title='Add to google calendar'>GoogleCal<\/a><\/p>\t\n\t\t\t\t\t\t\t\t<\/div>\n\t\t\t\t\t\t\t<\/div>\n\t\t\t\t\t\t\t<div class='evo_card_row_end evcal_close' title='Close'><\/div><\/div><div class='clear end'><\/div><\/div><div  id=\"event_217493_0\" class=\"eventon_list_event evo_eventtop scheduled  event event_217493_0\" data-event_id=\"217493\" data-ri=\"0r\" data-time=\"1778060700-1778071500\" data-colr=\"#00a499\" itemscope itemtype='http:\/\/schema.org\/Event'><div class=\"evo_event_schema\" style=\"display:none\" ><a itemprop='url'  href='https:\/\/www.foment.com\/es\/events\/diagnosticar-y-prevenir-la-violencia-laboral-interna-una-aproximacion-basada-en-la-evidencia\/'><\/a><meta itemprop='image' content=\"https:\/\/www.foment.com\/wp-content\/uploads\/2026\/04\/Caratula-Violencia-laboral-interna-CAST-1.jpg\" \/><meta itemprop='startDate' content=\"2026-5-6T09:45+2:00\" \/><meta itemprop='endDate' content=\"2026-5-6T12:45+2:00\" \/><meta itemprop='eventStatus' content=\"https:\/\/schema.org\/EventScheduled\" \/><item style=\"display:none\" itemprop=\"eventAttendanceMode\" itemscope itemtype=\"https:\/\/schema.org\/OfflineEventAttendanceMode\"><\/item><div itemprop=\"organizer\" itemscope=\"\" itemtype=\"http:\/\/schema.org\/Organization\">\n\t\t\t\t\t    \t<meta itemprop=\"name\" content=\"Of. T\u00e9cnica de Prevenci\u00f3n de Riesgos Laborales\">\n\t\t\t\t\t    \t<\/div><div itemprop=\"performer\" itemscope=\"\" itemtype=\"http:\/\/schema.org\/Person\">\n\t\t\t\t\t    \t<meta itemprop=\"name\" content=\"Of. T\u00e9cnica de Prevenci\u00f3n de Riesgos Laborales\">\n\t\t\t\t\t    <\/div><script type=\"application\/ld+json\">{\"@context\": \"http:\/\/schema.org\",\"@type\": \"Event\",\n\t\t\t\t\t\"@id\": \"event_217493_0\",\n\t\t\t\t\t\"eventAttendanceMode\":\"https:\/\/schema.org\/OfflineEventAttendanceMode\",\n\t\t\t\t\t\"name\": \"Prevenir la violencia laboral interna: una aproximaci\u00f3n basada en la evidencia\",\n\t\t\t\t\t\"url\": \"https:\/\/www.foment.com\/es\/events\/diagnosticar-y-prevenir-la-violencia-laboral-interna-una-aproximacion-basada-en-la-evidencia\/\",\n\t\t\t\t\t\"startDate\": \"2026-5-6T09:45+2:00\",\n\t\t\t\t\t\"endDate\": \"2026-5-6T12:45+2:00\",\n\t\t\t\t\t\"image\":\"https:\/\/www.foment.com\/wp-content\/uploads\/2026\/04\/Caratula-Violencia-laboral-interna-CAST-1.jpg\", \n\t\t\t\t\t\"description\":\"<p>[vc_row][vc_column][vc_column_text]<\/p> <p>&nbsp;<\/p> <p style='text-align: center;'><span style='color: #a60f0f; font-family: verdana, geneva, sans-serif;'><span style='font-size: 24px;'>Prevenir la violencia laboral interna: una aproximaci\u00f3n basada en la evidencia<\/span><\/span><\/p> <p>&nbsp;<\/p> <p style='text-align: justify;'><span style='font-family: verdana, geneva, sans-serif; font-size: 14px;'>La violencia laboral interna es una realidad frecuentemente invisible, pero con un impacto profundo en la salud de las personas, el clima organizativo y la sostenibilidad de las empresas. Pese a los avances en materia de prevenci\u00f3n de riesgos laborales, todav\u00eda persisten situaciones de violencia psicol\u00f3gica, discriminatoria, sexual o f\u00edsica en las organizaciones que no siempre son detectadas ni abordadas con la eficacia necesaria.<\/span><\/p> <p style='text-align: justify;'><span style='font-family: verdana, geneva, sans-serif; font-size: 14px;'>La normativa vigente establece la obligaci\u00f3n de prevenir estos riesgos, pero su naturaleza compleja y multifactorial hace que muchas empresas no dispongan de herramientas claras para identificarlos y gestionarlos de manera sistem\u00e1tica. Esto genera un desajuste entre el marco normativo y la realidad operativa de las organizaciones.<\/span><\/p> <p style='text-align: justify;'><span style='font-family: verdana, geneva, sans-serif; font-size: 14px;'>En este contexto, se hace necesario avanzar hacia modelos de an\u00e1lisis e intervenci\u00f3n basados en la evidencia cient\u00edfica que permitan a las empresas anticiparse a los riesgos y desplegar estrategias preventivas efectivas.<\/span><\/p> <p style='text-align: justify;'><span style='font-family: verdana, geneva, sans-serif; font-size: 14px;'>Esta jornada tiene por objetivo aportar conocimiento riguroso sobre la violencia laboral interna, as\u00ed como presentar una metodolog\u00eda innovadora que permite a las organizaciones diagnosticar su nivel de riesgo e implementar acciones preventivas con impacto real. Adem\u00e1s, se compartir\u00e1n experiencias pr\u00e1cticas y resultados obtenidos en pruebas piloto en entornos empresariales reales.<\/span><\/p> <p>[\/vc_column_text][\/vc_column][\/vc_row][vc_row][vc_column width=\u00bb1\/2&#8243;][vc_btn title=\u00bbDescargar programa\u00bb style=\u00bboutline-custom\u00bb outline_custom_color=\u00bb#dd3333&#8243; outline_custom_hover_background=\u00bb#000000&#8243; outline_custom_hover_text=\u00bb#ffffff\u00bb align=\u00bbcenter\u00bb link=\u00bburl:https%3A%2F%2Ffomentdeltreball.sharepoint.com%2F%3Ab%3A%2Fg%2FIQA9tuNjIoPXRLB3efk4KdSoAcNydWIJRERsy_xavfliAUo|target:_blank\u00bb css=\u00bb.vc_custom_1775573769900{background-color: #ffffff !important;}\u00bb][\/vc_column][vc_column width=\u00bb1\/2&#8243;][vc_btn title=\u00bbInscripci\u00f3n\u00bb style=\u00bboutline-custom\u00bb outline_custom_color=\u00bb#dd3333&#8243; outline_custom_hover_background=\u00bb#000000&#8243; outline_custom_hover_text=\u00bb#ffffff\u00bb align=\u00bbcenter\u00bb link=\u00bburl:https%3A%2F%2Fwww.foment.com%2Fes%2Finscripciones-eventos%2F%3Fidevento%3DFEC12EF7-8A32-F111-88B4-7CED8D3FACC9|target:_blank\u00bb css=\u00bb.vc_custom_1775573813520{background-color: #ffffff !important;}\u00bb][\/vc_column][\/vc_row][vc_row][vc_column][vc_column_text]<br \/> [\/vc_column_text][vc_single_image image=\u00bb213981&#8243; img_size=\u00bblarge\u00bb][\/vc_column][\/vc_row]<\/p> \",\"organizer\":{\"@type\":\"Organization\",\"name\":\"Of. T\u00e9cnica de Prevenci\u00f3n de Riesgos Laborales\"},\"performer\":{\"@type\":\"Person\",\"name\":\"Of. T\u00e9cnica de Prevenci\u00f3n de Riesgos Laborales\"},\"eventStatus\":\"https:\/\/schema.org\/EventScheduled\"}<\/script><\/div>\n\t\t\t\t<p class=\"desc_trig_outter\" style=\"background-color:#ffffff;flex-direction: row;\"><a data-gmap_status=\"null\" data-exlk=\"1\"  style=\"border-color: #00a499;\" id=\"evc_1778060700217493\" class=\"hasFtIMG desc_trig evo_prevencion-riesgos-laborales sin_val evcal_list_a\" data-ux_val=\"3\"  ><span class='ev_ftImg' data-img='https:\/\/www.foment.com\/wp-content\/uploads\/2026\/04\/Caratula-Violencia-laboral-interna-CAST-1.jpg' data-thumb='https:\/\/www.foment.com\/wp-content\/uploads\/2026\/04\/Caratula-Violencia-laboral-interna-CAST-1-300x169.jpg' style='background-image:url(\"https:\/\/www.foment.com\/wp-content\/uploads\/2026\/04\/Caratula-Violencia-laboral-interna-CAST-1-300x169.jpg\")'><\/span><style>.ajde_evcal_calendar.boxy #evcal_list .eventon_list_event .evcal_desc em{color:black;}<\/style><span style='width:100%; background-color:#00a499 !important;' class='evcal_cblock ' data-smon='mayo' data-syr='2026'><span style='margin-top: 7px;margin-bottom: 7px;' class='evo_start '><em class='date'>06<\/em><em class='month'>may<\/em><em class='time'>9:45<\/em><\/span><span style='margin-top: 7px;margin-bottom: 7px;' class='evo_end only_time'><em class='time'>12:45<\/em><\/span><em class='clear'><\/em><\/span><span class='evcal_desc evo_info '  ><span class='evo_above_title'><\/span><span class='evcal_desc2 evcal_event_title hbaevatitle' itemprop='name'>Prevenir la violencia laboral interna: una aproximaci\u00f3n basada en la evidencia<\/span><span class='evo_below_title'><\/span><span class='evcal_desc_info' ><em class='evcal_time evo_tz_time'>9:45 - 12:45<\/em> <\/span><span class='evcal_desc3'><\/span><span style='height: 60px;'  class='evcal_desc3' ><span class='evcal_event_types ett1'><em>C =<\/em><em data-filter='event_type'>Prevenci\u00f3n Riesgos Laborales<\/em><i class='clear'><\/i><\/span><\/span><\/span><em class='clear'><\/em><\/a><\/p><div class='event_description evcal_eventcard ' style=\"display:none\"><div class='evo_metarow_fimg evorow evcal_evdata_img evcal_evdata_row  evo_imghover' data-imgheight='1080' data-imgwidth='1920'  style='background-image: url(\"https:\/\/www.foment.com\/wp-content\/uploads\/2026\/04\/Caratula-Violencia-laboral-interna-CAST-1.jpg\")' data-imgstyle='full' data-minheight='400' data-status=''><\/div><div class='evo_metarow_time evorow evcal_evdata_row evcal_evrow_sm '>\n\t\t\t\t\t\t\t\t<span class='evcal_evdata_icons'><i class='fa fa-clock'><\/i><\/span>\n\t\t\t\t\t\t\t\t<div class='evcal_evdata_cell'>\t\t\t\t\t\t\t\n\t\t\t\t\t\t\t\t\t<h3 class='evo_h3'><span class='evcal_evdata_icons'><i class='fa fa-clock'><\/i><\/span>Horario<\/h3><p><span class='evo_eventcard_time_t'>(Mi\u00e9rcoles) 9:45 - 12:45<\/span><\/p>\n\t\t\t\t\t\t\t\t<\/div>\n\t\t\t\t\t\t\t<\/div><div class='evo_metarow_details evorow evcal_evdata_row evcal_event_details'>\n\t\t\t\t\t\t\t\t<div class=\"event_excerpt\" style=\"display:none\"><h3 class=\"padb5 evo_h3\">Detalles del evento<\/h3><p>[vc_row][vc_column][vc_column_text]\n&nbsp;\nPrevenir la violencia laboral interna: una aproximaci\u00f3n basada en la evidencia\n&nbsp;\nLa violencia<\/p><\/div><span class='evcal_evdata_icons'><i class='fa fa-align-justify'><\/i><\/span>\n\t\t\t\t\t\t\t\t\n\t\t\t\t\t\t\t\t<div class='evcal_evdata_cell '>\n\t\t\t\t\t\t\t\t\t<div class='eventon_full_description'>\n\t\t\t\t\t\t\t\t\t\t<h3 class='padb5 evo_h3'><span class='evcal_evdata_icons'><i class='fa fa-align-justify'><\/i><\/span>Detalles del evento<\/h3>\n\t\t\t\t\t\t\t\t\t\t<div class='eventon_desc_in' itemprop='description'>\n\t\t\t\t\t\t\t\t\t\t<p>[vc_row][vc_column][vc_column_text]<\/p>\n<p>&nbsp;<\/p>\n<p style=\"text-align: center;\"><span style=\"color: #a60f0f; font-family: verdana, geneva, sans-serif;\"><span style=\"font-size: 24px;\">Prevenir la violencia laboral interna: una aproximaci\u00f3n basada en la evidencia<\/span><\/span><\/p>\n<p>&nbsp;<\/p>\n<p style=\"text-align: justify;\"><span style=\"font-family: verdana, geneva, sans-serif; font-size: 14px;\">La violencia laboral interna es una realidad frecuentemente invisible, pero con un impacto profundo en la salud de las personas, el clima organizativo y la sostenibilidad de las empresas. Pese a los avances en materia de prevenci\u00f3n de riesgos laborales, todav\u00eda persisten situaciones de violencia psicol\u00f3gica, discriminatoria, sexual o f\u00edsica en las organizaciones que no siempre son detectadas ni abordadas con la eficacia necesaria.<\/span><\/p>\n<p style=\"text-align: justify;\"><span style=\"font-family: verdana, geneva, sans-serif; font-size: 14px;\">La normativa vigente establece la obligaci\u00f3n de prevenir estos riesgos, pero su naturaleza compleja y multifactorial hace que muchas empresas no dispongan de herramientas claras para identificarlos y gestionarlos de manera sistem\u00e1tica. Esto genera un desajuste entre el marco normativo y la realidad operativa de las organizaciones.<\/span><\/p>\n<p style=\"text-align: justify;\"><span style=\"font-family: verdana, geneva, sans-serif; font-size: 14px;\">En este contexto, se hace necesario avanzar hacia modelos de an\u00e1lisis e intervenci\u00f3n basados en la evidencia cient\u00edfica que permitan a las empresas anticiparse a los riesgos y desplegar estrategias preventivas efectivas.<\/span><\/p>\n<p style=\"text-align: justify;\"><span style=\"font-family: verdana, geneva, sans-serif; font-size: 14px;\">Esta jornada tiene por objetivo aportar conocimiento riguroso sobre la violencia laboral interna, as\u00ed como presentar una metodolog\u00eda innovadora que permite a las organizaciones diagnosticar su nivel de riesgo e implementar acciones preventivas con impacto real. Adem\u00e1s, se compartir\u00e1n experiencias pr\u00e1cticas y resultados obtenidos en pruebas piloto en entornos empresariales reales.<\/span><\/p>\n<p>[\/vc_column_text][\/vc_column][\/vc_row][vc_row][vc_column width=\u00bb1\/2&#8243;][vc_btn title=\u00bbDescargar programa\u00bb style=\u00bboutline-custom\u00bb outline_custom_color=\u00bb#dd3333&#8243; outline_custom_hover_background=\u00bb#000000&#8243; outline_custom_hover_text=\u00bb#ffffff\u00bb align=\u00bbcenter\u00bb link=\u00bburl:https%3A%2F%2Ffomentdeltreball.sharepoint.com%2F%3Ab%3A%2Fg%2FIQA9tuNjIoPXRLB3efk4KdSoAcNydWIJRERsy_xavfliAUo|target:_blank\u00bb css=\u00bb.vc_custom_1775573769900{background-color: #ffffff !important;}\u00bb][\/vc_column][vc_column width=\u00bb1\/2&#8243;][vc_btn title=\u00bbInscripci\u00f3n\u00bb style=\u00bboutline-custom\u00bb outline_custom_color=\u00bb#dd3333&#8243; outline_custom_hover_background=\u00bb#000000&#8243; outline_custom_hover_text=\u00bb#ffffff\u00bb align=\u00bbcenter\u00bb link=\u00bburl:https%3A%2F%2Fwww.foment.com%2Fes%2Finscripciones-eventos%2F%3Fidevento%3DFEC12EF7-8A32-F111-88B4-7CED8D3FACC9|target:_blank\u00bb css=\u00bb.vc_custom_1775573813520{background-color: #ffffff !important;}\u00bb][\/vc_column][\/vc_row][vc_row][vc_column][vc_column_text]<br \/>\n[\/vc_column_text][vc_single_image image=\u00bb213981&#8243; img_size=\u00bblarge\u00bb][\/vc_column][\/vc_row]<\/p>\n<\/div><div class='clear'><\/div>\n\t\t\t\t\t\t\t\t\t<\/div>\n\t\t\t\t\t\t\t\t<\/div>\n\t\t\t\t\t\t\t<\/div><div class='evo_metarow_organizer evorow evcal_evdata_row evcal_evrow_sm '>\n\t\t\t\t\t\t\t\t<span class='evcal_evdata_icons'><i class='fa fa-headphones'><\/i><\/span>\n\t\t\t\t\t\t\t\t<div class='evcal_evdata_cell'>\t\t\t\t\t\t\t\n\t\t\t\t\t\t\t\t\t<h3 class='evo_h3'>Organizador<\/h3>\n\t\t\t\t\t\t\t\t\t\n\t\t\t\t\t\t\t\t\t<div class='evo_card_organizer'><p class='evo_data_val evo_card_organizer_name'>\n\t\t\t\t\t\t\t\t\t\t<span class='evo_card_organizer_name_t'>Of. T\u00e9cnica de Prevenci\u00f3n de Riesgos Laborales<\/span>\n\t\t\t\t\t\t\t\t\t\t\n\t\t\t\t\t\t\t\t\t\t<\/p><\/div><div class='clear'><\/div>\t\t\t\t\t\t\t\n\t\t\t\t\t\t\t\t<\/div>\n\t\t\t\t\t\t\t<\/div>\t\t\t\t\t\t\t<div class='evo_metarow_ICS evorow evcal_evdata_row'>\n\t\t\t\t\t\t\t\t<span class=\"evcal_evdata_icons\"><i class=\"fa fa-calendar\"><\/i><\/span>\n\t\t\t\t\t\t\t\t<div class='evcal_evdata_cell'>\n\t\t\t\t\t\t\t\t\t<p><a href='https:\/\/www.foment.com\/wp-admin\/admin-ajax.php?action=eventon_ics_download&amp;event_id=217493&amp;ri=0' class='evo_ics_nCal' title='Add to your calendar'>Calendar<\/a><a href='\/\/www.google.com\/calendar\/event?action=TEMPLATE&amp;text=Prevenir+la+violencia+laboral+interna%3A+una+aproximaci%C3%B3n+basada+en+la+evidencia&amp;dates=20260506T074500Z\/20260506T104500Z&amp;ctz=Europe\/Madrid&amp;details=Prevenir+la+violencia+laboral+interna%3A+una+aproximaci%C3%B3n+basada+en+la+evidencia&amp;location=' target='_blank' class='evo_ics_gCal' title='Add to google calendar'>GoogleCal<\/a><\/p>\t\n\t\t\t\t\t\t\t\t<\/div>\n\t\t\t\t\t\t\t<\/div>\n\t\t\t\t\t\t\t<div class='evo_card_row_end evcal_close' title='Close'><\/div><\/div><div class='clear end'><\/div><\/div><div  id=\"event_218874_0\" class=\"eventon_list_event evo_eventtop scheduled  event event_218874_0\" data-event_id=\"218874\" data-ri=\"0r\" data-time=\"1778068800-1778076000\" data-colr=\"#ff91a2\" itemscope itemtype='http:\/\/schema.org\/Event'><div class=\"evo_event_schema\" style=\"display:none\" ><a itemprop='url'  href='https:\/\/www.foment.com\/es\/events\/como-identificar-y-activar-clientes-potenciales-con-ia\/'><\/a><meta itemprop='image' content=\"https:\/\/www.foment.com\/wp-content\/uploads\/2026\/04\/20260506_ClientesIA_Banner.png\" \/><meta itemprop='startDate' content=\"2026-5-6T12:00+2:00\" \/><meta itemprop='endDate' content=\"2026-5-6T14:00+2:00\" \/><meta itemprop='eventStatus' content=\"https:\/\/schema.org\/EventScheduled\" \/><item style=\"display:none\" itemprop=\"eventAttendanceMode\" itemscope itemtype=\"https:\/\/schema.org\/OfflineEventAttendanceMode\"><\/item><div itemprop=\"organizer\" itemscope=\"\" itemtype=\"http:\/\/schema.org\/Organization\">\n\t\t\t\t\t    \t<meta itemprop=\"name\" content=\"Innovaci\u00f3\">\n\t\t\t\t\t    \t<\/div><div itemprop=\"performer\" itemscope=\"\" itemtype=\"http:\/\/schema.org\/Person\">\n\t\t\t\t\t    \t<meta itemprop=\"name\" content=\"Innovaci\u00f3\">\n\t\t\t\t\t    <\/div><script type=\"application\/ld+json\">{\"@context\": \"http:\/\/schema.org\",\"@type\": \"Event\",\n\t\t\t\t\t\"@id\": \"event_218874_0\",\n\t\t\t\t\t\"eventAttendanceMode\":\"https:\/\/schema.org\/OfflineEventAttendanceMode\",\n\t\t\t\t\t\"name\": \"C\u00f3mo identificar y activar clientes potenciales con IA\",\n\t\t\t\t\t\"url\": \"https:\/\/www.foment.com\/es\/events\/como-identificar-y-activar-clientes-potenciales-con-ia\/\",\n\t\t\t\t\t\"startDate\": \"2026-5-6T12:00+2:00\",\n\t\t\t\t\t\"endDate\": \"2026-5-6T14:00+2:00\",\n\t\t\t\t\t\"image\":\"https:\/\/www.foment.com\/wp-content\/uploads\/2026\/04\/20260506_ClientesIA_Banner.png\", \n\t\t\t\t\t\"description\":\"<p>Os invitamos a la pr\u00f3xima jornada de Fomento Oficina Acelera Pyme, \u00ab<strong>C\u00f3mo identificar y activar clientes potenciales con IA<\/strong>\u00ab, que se celebrar\u00e1 el pr\u00f3ximo <strong>6 de mayo de 12 a 13.30 h, en modalidad virtual.<\/strong><\/p> <p>Durante la sesi\u00f3n se abordar\u00e1, de manera clara y pr\u00e1ctica, c\u00f3mo integrar el uso de la inteligencia artificial en el proceso comercial para detectar clientes con alta probabilidad de compra, entender mejor su contexto y activar acciones de contacto de alto impacto.<\/p> <p><strong>Resumen de contenidos<\/strong><\/p> <p>La sesi\u00f3n se centrar\u00e1 en c\u00f3mo definir al cliente ideal a partir de datos reales y experiencia comercial previa, analizar tendencias de mercado con IA, mapar la competencia con enfoque comercial y enriquecer y segmentar leads sin necesidad de grandes bases de datos. Tambi\u00e9n se trabajar\u00e1 la comprensi\u00f3n de las necesidades, motivaciones y objeciones del cliente potencial, as\u00ed como el dise\u00f1o de propuestas de valor y mensajes adaptados a cada segmento, la creaci\u00f3n de campa\u00f1as de contacto a trav\u00e9s de canales como el correo electr\u00f3nico o LinkedIn y el seguimiento de las acciones comerciales con IA para mejorar progresivamente los resultados.<\/p> <p><strong>Objetivos<\/strong><\/p> <p>Entender c\u00f3mo aplicar la IA al proceso comercial para identificar clientes potenciales con m\u00e1s probabilidad de conversi\u00f3n. Aprender a definir y segmentar mejor los p\u00fablicos objetivo a partir de datos, contexto y experiencia comercial.<br \/> Conocer herramientas y criterios para dise\u00f1ar mensajes y acciones de contacto m\u00e1s relevantes y efectivas. Explorar c\u00f3mo utilizar la IA para optimizar el seguimiento comercial y mejorar los resultados de manera progresiva.<\/p> <p>Como ponente de la sesi\u00f3n, contaremos con <strong>Laia Morales, socia fundadora de Bexperience, formadora en inteligencia artificial generativa e ingeniera inform\u00e1tica<\/strong>. Su enfoque pr\u00e1ctico y su experiencia en el \u00e1mbito comercial y digital permitir\u00e1n trasladar estas herramientas y metodolog\u00edas de manera clara y aplicable al tejido empresarial.<\/p> <p>Es imprescindible confirmar previamente la asistencia en el siguiente enlace:<\/p> <p style='text-align: center;'><strong>Inscripci\u00f3n al evento,<\/strong><a href='https:\/\/www.foment.com\/es\/inscripciones-eventos\/?idevento=94CE1E60-FE3E-F111-88B4-000D3ADCC77A'><strong> aqu\u00ed<\/strong><\/a><\/p> <p>&nbsp;<\/p> \",\"organizer\":{\"@type\":\"Organization\",\"name\":\"Innovaci\u00f3\"},\"performer\":{\"@type\":\"Person\",\"name\":\"Innovaci\u00f3\"},\"eventStatus\":\"https:\/\/schema.org\/EventScheduled\"}<\/script><\/div>\n\t\t\t\t<p class=\"desc_trig_outter\" style=\"background-color:#ffffff;flex-direction: row;\"><a data-gmap_status=\"null\" data-exlk=\"1\"  style=\"border-color: #ff91a2;\" id=\"evc_1778068800218874\" class=\"hasFtIMG desc_trig evo_innovacion evo_jornades-oap sin_val evcal_list_a\" data-ux_val=\"3\"  ><span class='ev_ftImg' data-img='https:\/\/www.foment.com\/wp-content\/uploads\/2026\/04\/20260506_ClientesIA_Banner.png' data-thumb='https:\/\/www.foment.com\/wp-content\/uploads\/2026\/04\/20260506_ClientesIA_Banner-300x169.png' style='background-image:url(\"https:\/\/www.foment.com\/wp-content\/uploads\/2026\/04\/20260506_ClientesIA_Banner-300x169.png\")'><\/span><style>.ajde_evcal_calendar.boxy #evcal_list .eventon_list_event .evcal_desc em{color:black;}<\/style><span style='width:100%; background-color:#ff91a2 !important;' class='evcal_cblock ' data-smon='mayo' data-syr='2026'><span style='margin-top: 7px;margin-bottom: 7px;' class='evo_start '><em class='date'>06<\/em><em class='month'>may<\/em><em class='time'>12:00<\/em><\/span><span style='margin-top: 7px;margin-bottom: 7px;' class='evo_end only_time'><em class='time'>14:00<\/em><\/span><em class='clear'><\/em><\/span><span class='evcal_desc evo_info '  ><span class='evo_above_title'><\/span><span class='evcal_desc2 evcal_event_title hbaevatitle' itemprop='name'>C\u00f3mo identificar y activar clientes potenciales con IA<\/span><span class='evo_below_title'><\/span><span class='evcal_desc_info' ><em class='evcal_time evo_tz_time'>12:00 - 14:00<\/em> <\/span><span class='evcal_desc3'><em class=\"evcal_location\"  data-add_str=\"\"><em class=\"event_location_name\">Online<\/em><\/em><\/span><span style='height: 60px;'  class='evcal_desc3' ><span class='evcal_event_types ett1'><em>C =<\/em><em data-filter='event_type'>Innovaci\u00f3n,<\/em><em data-filter='event_type'>Jornades OAP<\/em><i class='clear'><\/i><\/span><\/span><\/span><em class='clear'><\/em><\/a><\/p><div class='event_description evcal_eventcard ' style=\"display:none\"><div class='evo_metarow_fimg evorow evcal_evdata_img evcal_evdata_row  evo_imghover' data-imgheight='1080' data-imgwidth='1920'  style='background-image: url(\"https:\/\/www.foment.com\/wp-content\/uploads\/2026\/04\/20260506_ClientesIA_Banner.png\")' data-imgstyle='full' data-minheight='400' data-status=''><\/div><div class='evcal_evdata_row evorow_2b evo_metarow_time_location evorow  '>\n\t\t\t\t\t\t\t\t<div class='evorow_b evorow_b1 evo_time'>\n\t\t\t\t\t\t\t\t\t<span class='evcal_evdata_icons'><i class='fa fa-clock'><\/i><\/span>\n\t\t\t\t\t\t\t\t\t<div class='evcal_evdata_cell'>\t\t\t\t\t\t\t\n\t\t\t\t\t\t\t\t\t\t<h3 class='evo_h3'><span class='evcal_evdata_icons'><i class='fa fa-clock'><\/i><\/span>Horario<\/h3>\n\t\t\t\t\t\t\t\t\t\t<p><span class='evo_eventcard_time_t'>(Mi\u00e9rcoles) 12:00 - 14:00<\/span><\/p>\n\t\t\t\t\t\t\t\t\t<\/div>\n\t\t\t\t\t\t\t\t<\/div>\n\t\t\t\t\t\t\t\t<div class='evorow_b evo_location'>\n\t\t\t\t\t\t\t\t\t<span class='evcal_evdata_icons'><i class='fa fa-map-marker-alt'><\/i><\/span>\n\t\t\t\t\t\t\t\t\t<div class='evcal_evdata_cell' data-loc_tax_id='8770'><h3 class='evo_h3'><span class='evcal_evdata_icons'><i class='fa fa-map-marker-alt'><\/i><\/span>Lugar<\/h3><p class='evo_location_name'>Online<\/p><\/div>\n\t\t\t\t\t\t\t\t<\/div>\n\t\t\t\t\t\t\t\t\n\t\t\t\t\t\t\t<\/div><div class='evo_metarow_details evorow evcal_evdata_row evcal_event_details'>\n\t\t\t\t\t\t\t\t<div class=\"event_excerpt\" style=\"display:none\"><h3 class=\"padb5 evo_h3\">Detalles del evento<\/h3><p>Os invitamos a la pr\u00f3xima jornada de Fomento Oficina Acelera Pyme, \u00abC\u00f3mo identificar y activar clientes potenciales con IA\u00ab, que se celebrar\u00e1 el pr\u00f3ximo 6 de mayo de 12 a<\/p><\/div><span class='evcal_evdata_icons'><i class='fa fa-align-justify'><\/i><\/span>\n\t\t\t\t\t\t\t\t\n\t\t\t\t\t\t\t\t<div class='evcal_evdata_cell '>\n\t\t\t\t\t\t\t\t\t<div class='eventon_full_description'>\n\t\t\t\t\t\t\t\t\t\t<h3 class='padb5 evo_h3'><span class='evcal_evdata_icons'><i class='fa fa-align-justify'><\/i><\/span>Detalles del evento<\/h3>\n\t\t\t\t\t\t\t\t\t\t<div class='eventon_desc_in' itemprop='description'>\n\t\t\t\t\t\t\t\t\t\t<p>Os invitamos a la pr\u00f3xima jornada de Fomento Oficina Acelera Pyme, \u00ab<strong>C\u00f3mo identificar y activar clientes potenciales con IA<\/strong>\u00ab, que se celebrar\u00e1 el pr\u00f3ximo <strong>6 de mayo de 12 a 13.30 h, en modalidad virtual.<\/strong><\/p>\n<p>Durante la sesi\u00f3n se abordar\u00e1, de manera clara y pr\u00e1ctica, c\u00f3mo integrar el uso de la inteligencia artificial en el proceso comercial para detectar clientes con alta probabilidad de compra, entender mejor su contexto y activar acciones de contacto de alto impacto.<\/p>\n<p><strong>Resumen de contenidos<\/strong><\/p>\n<p>La sesi\u00f3n se centrar\u00e1 en c\u00f3mo definir al cliente ideal a partir de datos reales y experiencia comercial previa, analizar tendencias de mercado con IA, mapar la competencia con enfoque comercial y enriquecer y segmentar leads sin necesidad de grandes bases de datos. Tambi\u00e9n se trabajar\u00e1 la comprensi\u00f3n de las necesidades, motivaciones y objeciones del cliente potencial, as\u00ed como el dise\u00f1o de propuestas de valor y mensajes adaptados a cada segmento, la creaci\u00f3n de campa\u00f1as de contacto a trav\u00e9s de canales como el correo electr\u00f3nico o LinkedIn y el seguimiento de las acciones comerciales con IA para mejorar progresivamente los resultados.<\/p>\n<p><strong>Objetivos<\/strong><\/p>\n<p>Entender c\u00f3mo aplicar la IA al proceso comercial para identificar clientes potenciales con m\u00e1s probabilidad de conversi\u00f3n. Aprender a definir y segmentar mejor los p\u00fablicos objetivo a partir de datos, contexto y experiencia comercial.<br \/>\nConocer herramientas y criterios para dise\u00f1ar mensajes y acciones de contacto m\u00e1s relevantes y efectivas. Explorar c\u00f3mo utilizar la IA para optimizar el seguimiento comercial y mejorar los resultados de manera progresiva.<\/p>\n<p>Como ponente de la sesi\u00f3n, contaremos con <strong>Laia Morales, socia fundadora de Bexperience, formadora en inteligencia artificial generativa e ingeniera inform\u00e1tica<\/strong>. Su enfoque pr\u00e1ctico y su experiencia en el \u00e1mbito comercial y digital permitir\u00e1n trasladar estas herramientas y metodolog\u00edas de manera clara y aplicable al tejido empresarial.<\/p>\n<p>Es imprescindible confirmar previamente la asistencia en el siguiente enlace:<\/p>\n<p style=\"text-align: center;\"><strong>Inscripci\u00f3n al evento,<\/strong><a href=\"https:\/\/www.foment.com\/es\/inscripciones-eventos\/?idevento=94CE1E60-FE3E-F111-88B4-000D3ADCC77A\"><strong> aqu\u00ed<\/strong><\/a><\/p>\n<p>&nbsp;<\/p>\n<\/div><div class='clear'><\/div>\n\t\t\t\t\t\t\t\t\t<\/div>\n\t\t\t\t\t\t\t\t<\/div>\n\t\t\t\t\t\t\t<\/div><div class='evo_metarow_organizer evorow evcal_evdata_row evcal_evrow_sm '>\n\t\t\t\t\t\t\t\t<span class='evcal_evdata_icons'><i class='fa fa-headphones'><\/i><\/span>\n\t\t\t\t\t\t\t\t<div class='evcal_evdata_cell'>\t\t\t\t\t\t\t\n\t\t\t\t\t\t\t\t\t<h3 class='evo_h3'>Organizador<\/h3>\n\t\t\t\t\t\t\t\t\t\n\t\t\t\t\t\t\t\t\t<div class='evo_card_organizer'><p class='evo_data_val evo_card_organizer_name'>\n\t\t\t\t\t\t\t\t\t\t<span class='evo_card_organizer_name_t'>Innovaci\u00f3<\/span>\n\t\t\t\t\t\t\t\t\t\t\n\t\t\t\t\t\t\t\t\t\t<\/p><\/div><div class='clear'><\/div>\t\t\t\t\t\t\t\n\t\t\t\t\t\t\t\t<\/div>\n\t\t\t\t\t\t\t<\/div>\t\t\t\t\t\t\t<div class='evo_metarow_ICS evorow evcal_evdata_row'>\n\t\t\t\t\t\t\t\t<span class=\"evcal_evdata_icons\"><i class=\"fa fa-calendar\"><\/i><\/span>\n\t\t\t\t\t\t\t\t<div class='evcal_evdata_cell'>\n\t\t\t\t\t\t\t\t\t<p><a href='https:\/\/www.foment.com\/wp-admin\/admin-ajax.php?action=eventon_ics_download&amp;event_id=218874&amp;ri=0' class='evo_ics_nCal' title='Add to your calendar'>Calendar<\/a><a href='\/\/www.google.com\/calendar\/event?action=TEMPLATE&amp;text=C%C3%B3mo+identificar+y+activar+clientes+potenciales+con+IA&amp;dates=20260506T100000Z\/20260506T120000Z&amp;ctz=Europe\/Madrid&amp;details=C%C3%B3mo+identificar+y+activar+clientes+potenciales+con+IA&amp;location=Online' target='_blank' class='evo_ics_gCal' title='Add to google calendar'>GoogleCal<\/a><\/p>\t\n\t\t\t\t\t\t\t\t<\/div>\n\t\t\t\t\t\t\t<\/div>\n\t\t\t\t\t\t\t<div class='evo_card_row_end evcal_close' title='Close'><\/div><\/div><div class='clear end'><\/div><\/div><div  id=\"event_217221_0\" class=\"eventon_list_event evo_eventtop scheduled  event event_217221_0\" data-event_id=\"217221\" data-ri=\"0r\" data-time=\"1778230800-1778241600\" data-colr=\"#ff91a2\" itemscope itemtype='http:\/\/schema.org\/Event'><div class=\"evo_event_schema\" style=\"display:none\" ><a itemprop='url'  href='https:\/\/www.foment.com\/es\/events\/organizaciones-agiles-se-el-mas-rapido-de-tu-sector\/'><\/a><meta itemprop='image' content=\"https:\/\/www.foment.com\/wp-content\/uploads\/2026\/03\/Banner_cast-1.png\" \/><meta itemprop='startDate' content=\"2026-5-8T09:00+2:00\" \/><meta itemprop='endDate' content=\"2026-5-8T12:00+2:00\" \/><meta itemprop='eventStatus' content=\"https:\/\/schema.org\/EventScheduled\" \/><item style=\"display:none\" itemprop=\"location\" itemscope itemtype=\"http:\/\/schema.org\/Place\"><span itemprop=\"name\">Foment del Treball<\/span><span itemprop=\"address\" itemscope itemtype=\"http:\/\/schema.org\/PostalAddress\"><item itemprop=\"streetAddress\">Via Laietana, 32-34, Principal, Barcelona<\/item><\/span><\/item><item style=\"display:none\" itemprop=\"eventAttendanceMode\" itemscope itemtype=\"https:\/\/schema.org\/OfflineEventAttendanceMode\"><\/item><div itemprop=\"organizer\" itemscope=\"\" itemtype=\"http:\/\/schema.org\/Organization\">\n\t\t\t\t\t    \t<meta itemprop=\"name\" content=\"Innovaci\u00f3\">\n\t\t\t\t\t    \t<\/div><div itemprop=\"performer\" itemscope=\"\" itemtype=\"http:\/\/schema.org\/Person\">\n\t\t\t\t\t    \t<meta itemprop=\"name\" content=\"Innovaci\u00f3\">\n\t\t\t\t\t    <\/div><script type=\"application\/ld+json\">{\"@context\": \"http:\/\/schema.org\",\"@type\": \"Event\",\n\t\t\t\t\t\"@id\": \"event_217221_0\",\n\t\t\t\t\t\"eventAttendanceMode\":\"https:\/\/schema.org\/OfflineEventAttendanceMode\",\n\t\t\t\t\t\"name\": \"Organizaciones \u00c1giles: se el m\u00e1s r\u00e1pido de tu sector\",\n\t\t\t\t\t\"url\": \"https:\/\/www.foment.com\/es\/events\/organizaciones-agiles-se-el-mas-rapido-de-tu-sector\/\",\n\t\t\t\t\t\"startDate\": \"2026-5-8T09:00+2:00\",\n\t\t\t\t\t\"endDate\": \"2026-5-8T12:00+2:00\",\n\t\t\t\t\t\"image\":\"https:\/\/www.foment.com\/wp-content\/uploads\/2026\/03\/Banner_cast-1.png\", \n\t\t\t\t\t\"description\":\"<p>Te invitamos a la pr\u00f3xima jornada formativa del DIH, el Digital Innovation Hub de Catalu\u00f1a, que <strong>se celebrar\u00e1 el pr\u00f3ximo 8 de mayo, de 9h a 12h, en la sede de Foment del Treball.<\/strong><\/p> <p>Durante la sesi\u00f3n, veremos que muchas organizaciones contin\u00faan operando con modelos de gesti\u00f3n heredados del siglo pasado, y entenderemos la necesidad de cambiar la manera de funcionar para garantizar la eficacia de los flujos internos, priorizando la velocidad, la capacidad de respuesta y la visi\u00f3n transversal.<\/p> <p>Exploraremos c\u00f3mo las empresas pueden evolucionar hacia modelos m\u00e1s \u00e1giles, con un conocimiento preciso de la carga de trabajo y con un objetivo claro: reducir tiempo para ganar competitividad, en lugar de centrarse exclusivamente en la reducci\u00f3n de costes.<\/p> <p>Abordaremos este reto desde una perspectiva pr\u00e1ctica y estrat\u00e9gica a trav\u00e9s de los 2 puntos de vista:<\/p> <p><span style='color: #d2112d;'><strong>Organizaciones \u00c1giles, el cambio de paradigma<\/strong><\/span><\/p> <p>La aplicaci\u00f3n de este cambio de mentalidad permitir\u00e1 que vuestra organizaci\u00f3n se adapte mejor y m\u00e1s r\u00e1pido a los cambios del entorno, consiguiendo una velocidad general muy por encima de la competencia tanto en el lanzamiento de nuevos productos como sirviendo pedidos.<\/p> <p>Ponente: <strong>Sergi Mussons<\/strong> (CEO QRM Institute Spain, Soci Edvance)<\/p> <p><span style='color: #d2112d;'><strong>DDMRP, o c\u00f3mo absorber la variabilidad de tu demanda<\/strong><\/span><\/p> <p>Mediante la implementaci\u00f3n del sistema DDMRP, vuestra organizaci\u00f3n alcanzar\u00e1 una estabilidad operativa real al proteger el flujo contra la variabilidad del mercado y el efecto fuelle, simplificando dr\u00e1sticamente la toma de decisiones gracias a una herramienta digital que elimina la burocracia administrativa.<\/p> <p>Ponente: <strong>David Poveda<\/strong> (CEO Flowing Consultor\u00eda, instructor y miembro del DDMRP Institute)<\/p> <p>La jornada ser\u00e1 una oportunidad para reflexionar, compartir experiencias y descubrir nuevas formas de organizaci\u00f3n adaptadas a los desaf\u00edos del presente y del futuro inmediato.<\/p> <p style='text-align: center;'><span style='color: #d2112d; font-size: 18px;'><strong><a style='color: #d2112d;' href='https:\/\/www.foment.com\/es\/inscripciones-eventos\/?idevento=C338CCD6-6927-F111-8342-000D3ADCCD86'>\u200bInscr\u00edbete, aqu\u00ed\u200b<\/a><\/strong><\/span><\/p> \",\"location\":[{\"@type\":\"Place\",\"name\":\"Foment del Treball\",\"address\":{\"@type\": \"PostalAddress\",\"streetAddress\":\"Via Laietana, 32-34, Principal, Barcelona\"}}],\"organizer\":{\"@type\":\"Organization\",\"name\":\"Innovaci\u00f3\"},\"performer\":{\"@type\":\"Person\",\"name\":\"Innovaci\u00f3\"},\"eventStatus\":\"https:\/\/schema.org\/EventScheduled\"}<\/script><\/div>\n\t\t\t\t<p class=\"desc_trig_outter\" style=\"background-color:#ffffff;flex-direction: row;\"><a data-gmap_status=\"null\" data-exlk=\"1\"  style=\"border-color: #ff91a2;\" id=\"evc_1778230800217221\" class=\"hasFtIMG desc_trig evo_innovacion sin_val evcal_list_a\" data-ux_val=\"3\"  ><span class='ev_ftImg' data-img='https:\/\/www.foment.com\/wp-content\/uploads\/2026\/03\/Banner_cast-1.png' data-thumb='https:\/\/www.foment.com\/wp-content\/uploads\/2026\/03\/Banner_cast-1-300x169.png' style='background-image:url(\"https:\/\/www.foment.com\/wp-content\/uploads\/2026\/03\/Banner_cast-1-300x169.png\")'><\/span><style>.ajde_evcal_calendar.boxy #evcal_list .eventon_list_event .evcal_desc em{color:black;}<\/style><span style='width:100%; background-color:#ff91a2 !important;' class='evcal_cblock ' data-smon='mayo' data-syr='2026'><span style='margin-top: 7px;margin-bottom: 7px;' class='evo_start '><em class='date'>08<\/em><em class='month'>may<\/em><em class='time'>9:00<\/em><\/span><span style='margin-top: 7px;margin-bottom: 7px;' class='evo_end only_time'><em class='time'>12:00<\/em><\/span><em class='clear'><\/em><\/span><span class='evcal_desc evo_info '  data-location_address=\"Via Laietana, 32-34, Principal, Barcelona\" data-location_type=\"address\" data-location_name=\"Foment del Treball\" data-location_url=\"https:\/\/www.foment.com\/es\/event-location\/foment-del-treball\/\" data-location_status=\"true\" ><span class='evo_above_title'><\/span><span class='evcal_desc2 evcal_event_title hbaevatitle' itemprop='name'>Organizaciones \u00c1giles: se el m\u00e1s r\u00e1pido de tu sector<\/span><span class='evo_below_title'><\/span><span class='evcal_desc_info' ><em class='evcal_time evo_tz_time'>9:00 - 12:00<\/em> <\/span><span class='evcal_desc3'><em class=\"evcal_location\"  data-add_str=\"\"><em class=\"event_location_name\">Foment del Treball<\/em><\/em><\/span><span style='height: 60px;'  class='evcal_desc3' ><span class='evcal_event_types ett1'><em>C =<\/em><em data-filter='event_type'>Innovaci\u00f3n<\/em><i class='clear'><\/i><\/span><\/span><\/span><em class='clear'><\/em><\/a><\/p><div class='event_description evcal_eventcard ' style=\"display:none\"><div class='evo_metarow_fimg evorow evcal_evdata_img evcal_evdata_row  evo_imghover' data-imgheight='1080' data-imgwidth='1920'  style='background-image: url(\"https:\/\/www.foment.com\/wp-content\/uploads\/2026\/03\/Banner_cast-1.png\")' data-imgstyle='full' data-minheight='400' data-status=''><\/div><div class='evcal_evdata_row evorow_2b evo_metarow_time_location evorow  '>\n\t\t\t\t\t\t\t\t<div class='evorow_b evorow_b1 evo_time'>\n\t\t\t\t\t\t\t\t\t<span class='evcal_evdata_icons'><i class='fa fa-clock'><\/i><\/span>\n\t\t\t\t\t\t\t\t\t<div class='evcal_evdata_cell'>\t\t\t\t\t\t\t\n\t\t\t\t\t\t\t\t\t\t<h3 class='evo_h3'><span class='evcal_evdata_icons'><i class='fa fa-clock'><\/i><\/span>Horario<\/h3>\n\t\t\t\t\t\t\t\t\t\t<p><span class='evo_eventcard_time_t'>(Viernes) 9:00 - 12:00<\/span><\/p>\n\t\t\t\t\t\t\t\t\t<\/div>\n\t\t\t\t\t\t\t\t<\/div>\n\t\t\t\t\t\t\t\t<div class='evorow_b evo_location'>\n\t\t\t\t\t\t\t\t\t<span class='evcal_evdata_icons'><i class='fa fa-map-marker-alt'><\/i><\/span>\n\t\t\t\t\t\t\t\t\t<div class='evcal_evdata_cell' data-loc_tax_id='98'><h3 class='evo_h3'><span class='evcal_evdata_icons'><i class='fa fa-map-marker-alt'><\/i><\/span>Lugar<\/h3><p class='evo_location_name'>Foment del Treball<\/p><p class='evo_location_address'>Via Laietana, 32-34, Principal, Barcelona<\/p><\/div>\n\t\t\t\t\t\t\t\t<\/div>\n\t\t\t\t\t\t\t\t\n\t\t\t\t\t\t\t<\/div><div class='evo_metarow_details evorow evcal_evdata_row evcal_event_details'>\n\t\t\t\t\t\t\t\t<div class=\"event_excerpt\" style=\"display:none\"><h3 class=\"padb5 evo_h3\">Detalles del evento<\/h3><p>Te invitamos a la pr\u00f3xima jornada formativa del DIH, el Digital Innovation Hub de Catalu\u00f1a, que se celebrar\u00e1 el pr\u00f3ximo 8 de mayo, de 9h a 12h, en la sede<\/p><\/div><span class='evcal_evdata_icons'><i class='fa fa-align-justify'><\/i><\/span>\n\t\t\t\t\t\t\t\t\n\t\t\t\t\t\t\t\t<div class='evcal_evdata_cell '>\n\t\t\t\t\t\t\t\t\t<div class='eventon_full_description'>\n\t\t\t\t\t\t\t\t\t\t<h3 class='padb5 evo_h3'><span class='evcal_evdata_icons'><i class='fa fa-align-justify'><\/i><\/span>Detalles del evento<\/h3>\n\t\t\t\t\t\t\t\t\t\t<div class='eventon_desc_in' itemprop='description'>\n\t\t\t\t\t\t\t\t\t\t<p>Te invitamos a la pr\u00f3xima jornada formativa del DIH, el Digital Innovation Hub de Catalu\u00f1a, que <strong>se celebrar\u00e1 el pr\u00f3ximo 8 de mayo, de 9h a 12h, en la sede de Foment del Treball.<\/strong><\/p>\n<p>Durante la sesi\u00f3n, veremos que muchas organizaciones contin\u00faan operando con modelos de gesti\u00f3n heredados del siglo pasado, y entenderemos la necesidad de cambiar la manera de funcionar para garantizar la eficacia de los flujos internos, priorizando la velocidad, la capacidad de respuesta y la visi\u00f3n transversal.<\/p>\n<p>Exploraremos c\u00f3mo las empresas pueden evolucionar hacia modelos m\u00e1s \u00e1giles, con un conocimiento preciso de la carga de trabajo y con un objetivo claro: reducir tiempo para ganar competitividad, en lugar de centrarse exclusivamente en la reducci\u00f3n de costes.<\/p>\n<p>Abordaremos este reto desde una perspectiva pr\u00e1ctica y estrat\u00e9gica a trav\u00e9s de los 2 puntos de vista:<\/p>\n<p><span style=\"color: #d2112d;\"><strong>Organizaciones \u00c1giles, el cambio de paradigma<\/strong><\/span><\/p>\n<p>La aplicaci\u00f3n de este cambio de mentalidad permitir\u00e1 que vuestra organizaci\u00f3n se adapte mejor y m\u00e1s r\u00e1pido a los cambios del entorno, consiguiendo una velocidad general muy por encima de la competencia tanto en el lanzamiento de nuevos productos como sirviendo pedidos.<\/p>\n<p>Ponente: <strong>Sergi Mussons<\/strong> (CEO QRM Institute Spain, Soci Edvance)<\/p>\n<p><span style=\"color: #d2112d;\"><strong>DDMRP, o c\u00f3mo absorber la variabilidad de tu demanda<\/strong><\/span><\/p>\n<p>Mediante la implementaci\u00f3n del sistema DDMRP, vuestra organizaci\u00f3n alcanzar\u00e1 una estabilidad operativa real al proteger el flujo contra la variabilidad del mercado y el efecto fuelle, simplificando dr\u00e1sticamente la toma de decisiones gracias a una herramienta digital que elimina la burocracia administrativa.<\/p>\n<p>Ponente: <strong>David Poveda<\/strong> (CEO Flowing Consultor\u00eda, instructor y miembro del DDMRP Institute)<\/p>\n<p>La jornada ser\u00e1 una oportunidad para reflexionar, compartir experiencias y descubrir nuevas formas de organizaci\u00f3n adaptadas a los desaf\u00edos del presente y del futuro inmediato.<\/p>\n<p style=\"text-align: center;\"><span style=\"color: #d2112d; font-size: 18px;\"><strong><a style=\"color: #d2112d;\" href=\"https:\/\/www.foment.com\/es\/inscripciones-eventos\/?idevento=C338CCD6-6927-F111-8342-000D3ADCCD86\">\u200bInscr\u00edbete, aqu\u00ed\u200b<\/a><\/strong><\/span><\/p>\n<\/div><div class='clear'><\/div>\n\t\t\t\t\t\t\t\t\t<\/div>\n\t\t\t\t\t\t\t\t<\/div>\n\t\t\t\t\t\t\t<\/div><div class='evo_metarow_organizer evorow evcal_evdata_row evcal_evrow_sm '>\n\t\t\t\t\t\t\t\t<span class='evcal_evdata_icons'><i class='fa fa-headphones'><\/i><\/span>\n\t\t\t\t\t\t\t\t<div class='evcal_evdata_cell'>\t\t\t\t\t\t\t\n\t\t\t\t\t\t\t\t\t<h3 class='evo_h3'>Organizador<\/h3>\n\t\t\t\t\t\t\t\t\t\n\t\t\t\t\t\t\t\t\t<div class='evo_card_organizer'><p class='evo_data_val evo_card_organizer_name'>\n\t\t\t\t\t\t\t\t\t\t<span class='evo_card_organizer_name_t'>Innovaci\u00f3<\/span>\n\t\t\t\t\t\t\t\t\t\t\n\t\t\t\t\t\t\t\t\t\t<\/p><\/div><div class='clear'><\/div>\t\t\t\t\t\t\t\n\t\t\t\t\t\t\t\t<\/div>\n\t\t\t\t\t\t\t<\/div><div class='evcal_evdata_row evo_metarow_locImg evorow ' style='height:400px; background-image:url(https:\/\/www.foment.com\/wp-content\/uploads\/2022\/06\/Edifici-Foment-2020-scaled.jpg)' id='146693_locimg' ><\/div>\t\t\t\t\t\t\t<div class='evo_metarow_ICS evorow evcal_evdata_row'>\n\t\t\t\t\t\t\t\t<span class=\"evcal_evdata_icons\"><i class=\"fa fa-calendar\"><\/i><\/span>\n\t\t\t\t\t\t\t\t<div class='evcal_evdata_cell'>\n\t\t\t\t\t\t\t\t\t<p><a href='https:\/\/www.foment.com\/wp-admin\/admin-ajax.php?action=eventon_ics_download&amp;event_id=217221&amp;ri=0' class='evo_ics_nCal' title='Add to your calendar'>Calendar<\/a><a href='\/\/www.google.com\/calendar\/event?action=TEMPLATE&amp;text=Organizaciones+%C3%81giles%3A+se+el+m%C3%A1s+r%C3%A1pido+de+tu+sector&amp;dates=20260508T070000Z\/20260508T100000Z&amp;ctz=Europe\/Madrid&amp;details=Organizaciones+%C3%81giles%3A+se+el+m%C3%A1s+r%C3%A1pido+de+tu+sector&amp;location=Foment+del+TreballVia+Laietana%2C+32-34%2C+Principal%2C+Barcelona' target='_blank' class='evo_ics_gCal' title='Add to google calendar'>GoogleCal<\/a><\/p>\t\n\t\t\t\t\t\t\t\t<\/div>\n\t\t\t\t\t\t\t<\/div>\n\t\t\t\t\t\t\t<div class='evo_card_row_end evcal_close' title='Close'><\/div><\/div><div class='clear end'><\/div><\/div><div  id=\"event_217056_0\" class=\"eventon_list_event evo_eventtop scheduled  event event_217056_0\" data-event_id=\"217056\" data-ri=\"0r\" data-time=\"1778232600-1778241600\" data-colr=\"#ff91a2\" itemscope itemtype='http:\/\/schema.org\/Event'><div class=\"evo_event_schema\" style=\"display:none\" ><a itemprop='url'  href='https:\/\/www.foment.com\/es\/events\/introduccio-als-gpts-personalitzats\/'><\/a><meta itemprop='image'  \/><meta itemprop='startDate' content=\"2026-5-8T09:30+2:00\" \/><meta itemprop='endDate' content=\"2026-5-8T12:00+2:00\" \/><meta itemprop='eventStatus' content=\"https:\/\/schema.org\/EventScheduled\" \/><item style=\"display:none\" itemprop=\"location\" itemscope itemtype=\"http:\/\/schema.org\/Place\"><span itemprop=\"name\">Federaci\u00f3 Empresarial del Gran Pened\u00e9s<\/span><span itemprop=\"address\" itemscope itemtype=\"http:\/\/schema.org\/PostalAddress\"><item itemprop=\"streetAddress\">Carrer de l'\u00c0ncora, 3, 08800 Vilanova i la Geltr\u00fa, Barcelona<\/item><\/span><\/item><item style=\"display:none\" itemprop=\"eventAttendanceMode\" itemscope itemtype=\"https:\/\/schema.org\/OfflineEventAttendanceMode\"><\/item><div itemprop=\"organizer\" itemscope=\"\" itemtype=\"http:\/\/schema.org\/Organization\">\n\t\t\t\t\t    \t<meta itemprop=\"name\" content=\"Innovaci\u00f3\">\n\t\t\t\t\t    \t<\/div><div itemprop=\"performer\" itemscope=\"\" itemtype=\"http:\/\/schema.org\/Person\">\n\t\t\t\t\t    \t<meta itemprop=\"name\" content=\"Innovaci\u00f3\">\n\t\t\t\t\t    <\/div><script type=\"application\/ld+json\">{\"@context\": \"http:\/\/schema.org\",\"@type\": \"Event\",\n\t\t\t\t\t\"@id\": \"event_217056_0\",\n\t\t\t\t\t\"eventAttendanceMode\":\"https:\/\/schema.org\/OfflineEventAttendanceMode\",\n\t\t\t\t\t\"name\": \"Introducci\u00f3n a los GPTs personalizados\",\n\t\t\t\t\t\"url\": \"https:\/\/www.foment.com\/es\/events\/introduccio-als-gpts-personalitzats\/\",\n\t\t\t\t\t\"startDate\": \"2026-5-8T09:30+2:00\",\n\t\t\t\t\t\"endDate\": \"2026-5-8T12:00+2:00\",\n\t\t\t\t\t\"image\":\"\", \n\t\t\t\t\t\"description\":\"<p><span style='font-family: verdana, geneva, sans-serif;'><b>Pr\u00f3ximamente, m\u00e1s informaci\u00f3n<\/b><\/span><\/p> <p><span style='font-family: verdana, geneva, sans-serif;'><span style='font-weight: 400;'>Foment Oficina Acelera Pyme y <strong>FEGP<\/strong> organizar\u00e1 pr\u00f3ximamente una nueva jornada sobre GPT&#8217;s<\/span><b>.<\/b><\/span><\/p> <p><span style='font-family: verdana, geneva, sans-serif;'>Una ponencia pr\u00e1ctica, a cargo de <strong data-start='355' data-end='373'>Finn Arctander<\/strong>, pensada para descubrir qu\u00e9 son los GPT personalizados y c\u00f3mo pueden ayudarte a automatizar tareas y mejorar la productividad. En esta sesi\u00f3n aprender\u00e1s los conceptos b\u00e1sicos y ver\u00e1s c\u00f3mo empezar a crear tu propio asistente de<\/span> IA.<\/p> <p><span style='font-family: verdana, geneva, sans-serif;'><b>Formato:<\/b><span style='font-weight: 400;'> Presencial\u00a0<\/span><span style='font-weight: 400;'><br \/> <\/span><b>Ubicaci\u00f3n: <\/b>Sede de FEGP<\/span><\/p> <p style='text-align: center;'><strong><span style='font-family: verdana, geneva, sans-serif; color: #d2112e;'>INSCRIPCI\u00d3N<\/span><\/strong><\/p> \",\"location\":[{\"@type\":\"Place\",\"name\":\"Federaci\u00f3 Empresarial del Gran Pened\u00e9s\",\"address\":{\"@type\": \"PostalAddress\",\"streetAddress\":\"Carrer de l'\u00c0ncora, 3, 08800 Vilanova i la Geltr\u00fa, Barcelona\"}}],\"organizer\":{\"@type\":\"Organization\",\"name\":\"Innovaci\u00f3\"},\"performer\":{\"@type\":\"Person\",\"name\":\"Innovaci\u00f3\"},\"eventStatus\":\"https:\/\/schema.org\/EventScheduled\"}<\/script><\/div>\n\t\t\t\t<p class=\"desc_trig_outter\" style=\"background-color:#ffffff;flex-direction: row;\"><a data-gmap_status=\"null\" data-exlk=\"0\" style=\"border-color: #ff91a2;\" id=\"evc_1778232600217056\" class=\"desc_trig evo_jornades-oap sin_val evcal_list_a\" data-ux_val=\"3\"  ><style>.ajde_evcal_calendar.boxy #evcal_list .eventon_list_event .evcal_desc em{color:black;}<\/style><span style='width:100%; background-color:#ff91a2 !important;' class='evcal_cblock ' data-smon='mayo' data-syr='2026'><span style='margin-top: 7px;margin-bottom: 7px;' class='evo_start '><em class='date'>08<\/em><em class='month'>may<\/em><em class='time'>9:30<\/em><\/span><span style='margin-top: 7px;margin-bottom: 7px;' class='evo_end only_time'><em class='time'>12:00<\/em><\/span><em class='clear'><\/em><\/span><span class='evcal_desc evo_info '  data-location_address=\"Carrer de l\\'\u00c0ncora, 3, 08800 Vilanova i la Geltr\u00fa, Barcelona\" data-location_type=\"address\" data-location_name=\"Federaci\u00f3 Empresarial del Gran Pened\u00e9s\" data-location_url=\"https:\/\/www.foment.com\/es\/event-location\/federacio-empresarial-del-gran-penedes\/\" data-location_status=\"true\" ><span class='evo_above_title'><\/span><span class='evcal_desc2 evcal_event_title hbaevatitle' itemprop='name'>Introducci\u00f3n a los GPTs personalizados<\/span><span class='evo_below_title'><\/span><span class='evcal_desc_info' ><em class='evcal_time evo_tz_time'>9:30 - 12:00<\/em> <\/span><span class='evcal_desc3'><em class=\"evcal_location\"  data-add_str=\"\"><em class=\"event_location_name\">Federaci\u00f3 Empresarial del Gran Pened\u00e9s<\/em><\/em><\/span><span style='height: 60px;'  class='evcal_desc3' ><span class='evcal_event_types ett1'><em>C =<\/em><em data-filter='event_type'>Jornades OAP<\/em><i class='clear'><\/i><\/span><\/span><\/span><em class='clear'><\/em><\/a><\/p><div class='event_description evcal_eventcard ' style=\"display:none\"><div class='evcal_evdata_row evorow_2b evo_metarow_time_location evorow  '>\n\t\t\t\t\t\t\t\t<div class='evorow_b evorow_b1 evo_time'>\n\t\t\t\t\t\t\t\t\t<span class='evcal_evdata_icons'><i class='fa fa-clock'><\/i><\/span>\n\t\t\t\t\t\t\t\t\t<div class='evcal_evdata_cell'>\t\t\t\t\t\t\t\n\t\t\t\t\t\t\t\t\t\t<h3 class='evo_h3'><span class='evcal_evdata_icons'><i class='fa fa-clock'><\/i><\/span>Horario<\/h3>\n\t\t\t\t\t\t\t\t\t\t<p><span class='evo_eventcard_time_t'>(Viernes) 9:30 - 12:00<\/span><\/p>\n\t\t\t\t\t\t\t\t\t<\/div>\n\t\t\t\t\t\t\t\t<\/div>\n\t\t\t\t\t\t\t\t<div class='evorow_b evo_location'>\n\t\t\t\t\t\t\t\t\t<span class='evcal_evdata_icons'><i class='fa fa-map-marker-alt'><\/i><\/span>\n\t\t\t\t\t\t\t\t\t<div class='evcal_evdata_cell' data-loc_tax_id='9111'><h3 class='evo_h3'><span class='evcal_evdata_icons'><i class='fa fa-map-marker-alt'><\/i><\/span>Lugar<\/h3><p class='evo_location_name'>Federaci\u00f3 Empresarial del Gran Pened\u00e9s<\/p><p class='evo_location_address'>Carrer de l'\u00c0ncora, 3, 08800 Vilanova i la Geltr\u00fa, Barcelona<\/p><\/div>\n\t\t\t\t\t\t\t\t<\/div>\n\t\t\t\t\t\t\t\t\n\t\t\t\t\t\t\t<\/div><div class='evo_metarow_details evorow evcal_evdata_row evcal_event_details'>\n\t\t\t\t\t\t\t\t<div class=\"event_excerpt\" style=\"display:none\"><h3 class=\"padb5 evo_h3\">Detalles del evento<\/h3><p>Pr\u00f3ximamente, m\u00e1s informaci\u00f3n\nFoment Oficina Acelera Pyme y FEGP organizar\u00e1 pr\u00f3ximamente una nueva jornada sobre GPT&#8217;s.\nUna ponencia<\/p><\/div><span class='evcal_evdata_icons'><i class='fa fa-align-justify'><\/i><\/span>\n\t\t\t\t\t\t\t\t\n\t\t\t\t\t\t\t\t<div class='evcal_evdata_cell '>\n\t\t\t\t\t\t\t\t\t<div class='eventon_full_description'>\n\t\t\t\t\t\t\t\t\t\t<h3 class='padb5 evo_h3'><span class='evcal_evdata_icons'><i class='fa fa-align-justify'><\/i><\/span>Detalles del evento<\/h3>\n\t\t\t\t\t\t\t\t\t\t<div class='eventon_desc_in' itemprop='description'>\n\t\t\t\t\t\t\t\t\t\t<p><span style=\"font-family: verdana, geneva, sans-serif;\"><b>Pr\u00f3ximamente, m\u00e1s informaci\u00f3n<\/b><\/span><\/p>\n<p><span style=\"font-family: verdana, geneva, sans-serif;\"><span style=\"font-weight: 400;\">Foment Oficina Acelera Pyme y <strong>FEGP<\/strong> organizar\u00e1 pr\u00f3ximamente una nueva jornada sobre GPT&#8217;s<\/span><b>.<\/b><\/span><\/p>\n<p><span style=\"font-family: verdana, geneva, sans-serif;\">Una ponencia pr\u00e1ctica, a cargo de <strong data-start=\"355\" data-end=\"373\">Finn Arctander<\/strong>, pensada para descubrir qu\u00e9 son los GPT personalizados y c\u00f3mo pueden ayudarte a automatizar tareas y mejorar la productividad. En esta sesi\u00f3n aprender\u00e1s los conceptos b\u00e1sicos y ver\u00e1s c\u00f3mo empezar a crear tu propio asistente de<\/span> IA.<\/p>\n<p><span style=\"font-family: verdana, geneva, sans-serif;\"><b>Formato:<\/b><span style=\"font-weight: 400;\"> Presencial\u00a0<\/span><span style=\"font-weight: 400;\"><br \/>\n<\/span><b>Ubicaci\u00f3n: <\/b>Sede de FEGP<\/span><\/p>\n<p style=\"text-align: center;\"><strong><span style=\"font-family: verdana, geneva, sans-serif; color: #d2112e;\">INSCRIPCI\u00d3N<\/span><\/strong><\/p>\n<\/div><div class='clear'><\/div>\n\t\t\t\t\t\t\t\t\t<\/div>\n\t\t\t\t\t\t\t\t<\/div>\n\t\t\t\t\t\t\t<\/div><div class='evo_metarow_organizer evorow evcal_evdata_row evcal_evrow_sm '>\n\t\t\t\t\t\t\t\t<span class='evcal_evdata_icons'><i class='fa fa-headphones'><\/i><\/span>\n\t\t\t\t\t\t\t\t<div class='evcal_evdata_cell'>\t\t\t\t\t\t\t\n\t\t\t\t\t\t\t\t\t<h3 class='evo_h3'>Organizador<\/h3>\n\t\t\t\t\t\t\t\t\t\n\t\t\t\t\t\t\t\t\t<div class='evo_card_organizer'><p class='evo_data_val evo_card_organizer_name'>\n\t\t\t\t\t\t\t\t\t\t<span class='evo_card_organizer_name_t'>Innovaci\u00f3<\/span>\n\t\t\t\t\t\t\t\t\t\t\n\t\t\t\t\t\t\t\t\t\t<\/p><\/div><div class='clear'><\/div>\t\t\t\t\t\t\t\n\t\t\t\t\t\t\t\t<\/div>\n\t\t\t\t\t\t\t<\/div>\t\t\t\t\t\t\t<div class='evo_metarow_ICS evorow evcal_evdata_row'>\n\t\t\t\t\t\t\t\t<span class=\"evcal_evdata_icons\"><i class=\"fa fa-calendar\"><\/i><\/span>\n\t\t\t\t\t\t\t\t<div class='evcal_evdata_cell'>\n\t\t\t\t\t\t\t\t\t<p><a href='https:\/\/www.foment.com\/wp-admin\/admin-ajax.php?action=eventon_ics_download&amp;event_id=217056&amp;ri=0' class='evo_ics_nCal' title='Add to your calendar'>Calendar<\/a><a href='\/\/www.google.com\/calendar\/event?action=TEMPLATE&amp;text=Introducci%C3%B3n+a+los+GPTs+personalizados&amp;dates=20260508T073000Z\/20260508T100000Z&amp;ctz=Europe\/Madrid&amp;details=Introducci%C3%B3n+a+los+GPTs+personalizados&amp;location=Federaci%C3%B3+Empresarial+del+Gran+Pened%C3%A9sCarrer+de+l%5C%27%C3%80ncora%2C+3%2C+08800+Vilanova+i+la+Geltr%C3%BA%2C+Barcelona' target='_blank' class='evo_ics_gCal' title='Add to google calendar'>GoogleCal<\/a><\/p>\t\n\t\t\t\t\t\t\t\t<\/div>\n\t\t\t\t\t\t\t<\/div>\n\t\t\t\t\t\t\t\t\t\t\t\t\t\t\t<div class='evo_metarow_rel_events evorow evcal_evdata_row'>\n\t\t\t\t\t\t\t\t\t<span class='evcal_evdata_icons'><i class='fa fa-calendar-plus'><\/i><\/span>\n\t\t\t\t\t\t\t\t\t<div class='evcal_evdata_cell'>\n\t\t\t\t\t\t\t\t\t\t<h3 class='evo_h3'>Eventos relacionados<\/h3>\n\t\t\t\t\t\t\t\t\t\t<div class='evcal_cell_rel_events'>\n\t\t\t\t\t\t\t\t\t\t<a href='https:\/\/www.foment.com\/es\/events\/tecniques-de-prompting-i-trucs-practics-dia\/'><b>T\u00e9cnicas de prompting y trucos pr\u00e1cticos de IA<\/b><em>24 de abril de 2026 10:00 - 12:00<\/em><\/a><a href='https:\/\/www.foment.com\/es\/events\/transforma-tu-negocio-con-inteligencia-artificial\/'><b>Transforma tu negocio con Inteligencia artificial<\/b><em>16 de abril de 2026 9:30 - 12:00<\/em><\/a><a href='https:\/\/www.foment.com\/es\/events\/mas-alla-del-chat-crea-tu-propio-asistente-y-transforma-tu-forma-de-trabajar\/'><b>M\u00e1s all\u00e1 del chat. Crea tu propio asistente y transforma tu forma de trabajar<\/b><em>9 de abril de 2026 15:00 - 17:00<\/em><\/a>\t\t\t\t\t\t\t\t\t\t<\/div>\n\t\t\t\t\t\t\t\t\t<\/div>\n\t\t\t\t\t\t\t\t<\/div>\n\t\t\t\t\t\t\t<div class='evo_card_row_end evcal_close' title='Close'><\/div><\/div><div class='clear end'><\/div><\/div><div  id=\"event_216818_0\" class=\"eventon_list_event evo_eventtop scheduled  event event_216818_0\" data-event_id=\"216818\" data-ri=\"0r\" data-time=\"1778576400-1778581800\" data-colr=\"#0db270\" itemscope itemtype='http:\/\/schema.org\/Event'><div class=\"evo_event_schema\" style=\"display:none\" ><a itemprop='url'  href='https:\/\/www.foment.com\/es\/events\/com-calcular-el-preu-dexportacio\/'><\/a><meta itemprop='image' content=\"https:\/\/www.foment.com\/wp-content\/uploads\/2026\/03\/Diseno-sin-titulo-8-1-scaled.jpg\" \/><meta itemprop='startDate' content=\"2026-5-12T09:00+2:00\" \/><meta itemprop='endDate' content=\"2026-5-12T10:30+2:00\" \/><meta itemprop='eventStatus' content=\"https:\/\/schema.org\/EventScheduled\" \/><item style=\"display:none\" itemprop=\"location\" itemscope itemtype=\"http:\/\/schema.org\/Place\"><span itemprop=\"name\">Webinar por Zoom<\/span><span itemprop=\"address\" itemscope itemtype=\"http:\/\/schema.org\/PostalAddress\"><item itemprop=\"streetAddress\">Webinar per Zoom<\/item><\/span><\/item><item style=\"display:none\" itemprop=\"eventAttendanceMode\" itemscope itemtype=\"https:\/\/schema.org\/OfflineEventAttendanceMode\"><\/item><div itemprop=\"organizer\" itemscope=\"\" itemtype=\"http:\/\/schema.org\/Organization\">\n\t\t\t\t\t    \t<meta itemprop=\"name\" content=\"Internacional\">\n\t\t\t\t\t    \t<\/div><div itemprop=\"performer\" itemscope=\"\" itemtype=\"http:\/\/schema.org\/Person\">\n\t\t\t\t\t    \t<meta itemprop=\"name\" content=\"Internacional\">\n\t\t\t\t\t    <\/div><script type=\"application\/ld+json\">{\"@context\": \"http:\/\/schema.org\",\"@type\": \"Event\",\n\t\t\t\t\t\"@id\": \"event_216818_0\",\n\t\t\t\t\t\"eventAttendanceMode\":\"https:\/\/schema.org\/OfflineEventAttendanceMode\",\n\t\t\t\t\t\"name\": \"Webinar | C\u00d3MO CALCULAR EL PRECIO DE EXPORTACI\u00d3N\",\n\t\t\t\t\t\"url\": \"https:\/\/www.foment.com\/es\/events\/com-calcular-el-preu-dexportacio\/\",\n\t\t\t\t\t\"startDate\": \"2026-5-12T09:00+2:00\",\n\t\t\t\t\t\"endDate\": \"2026-5-12T10:30+2:00\",\n\t\t\t\t\t\"image\":\"https:\/\/www.foment.com\/wp-content\/uploads\/2026\/03\/Diseno-sin-titulo-8-1-scaled.jpg\", \n\t\t\t\t\t\"description\":\"<p>[vc_row][\/vc_row][vc_column][\/vc_column][vc_btn title=\u00bbInscripci\u00f3n a la sesi\u00f3n:\u00bb style=\u00bb3d\u00bb color=\u00bbdanger\u00bb align=\u00bbcenter\u00bb button_block=\u00bbtrue\u00bb link=\u00bburl:https%3A%2F%2Fwww.foment.com%2Fes%2Finscripciones-eventos%2F%3Fidevento%3DD5C622D6-5424-F111-8342-7CED8D3FACC9&#8243;]<div class='spacer' style='height: 20px;'><\/div>[vc_column_text]<\/p> <p><span style='color: #d2112d; font-size: 21px; font-family: verdana, geneva, sans-serif;'>QUIERES EMPEZAR A EXPORTAR?<\/span><\/p> <p><span style='color: #d2112d; font-family: verdana, geneva, sans-serif; font-size: 16px;'>Te ayudamos a hacer el primer paso, con acompa\u00f1amiento experto y sin coste para la empresa<\/span><\/p> <p><span style='font-family: verdana, geneva, sans-serif; font-size: 12px;'>Internacionalizarse es una oportunidad de crecimiento, pero a menudo tambi\u00e9n genera dudas: por donde empezar, qu\u00e9 mercados priorizar, qu\u00e9 recursos hacen falta o qu\u00e9 riesgos se tienen que tener en cuenta.<\/span><\/p> <p><span style='font-family: verdana, geneva, sans-serif; font-size: 12px;'>Para ayudar a las empresas catalanas a iniciar este camino con m\u00e1s seguridad, <strong>ACCI\u00d3 impulsa el programa<\/strong> <a href='https:\/\/eur04.safelinks.protection.outlook.com\/?url=https%3A%2F%2Fpublic-eur.mkt.dynamics.com%2Fapi%2Forgs%2F8d5eafb0-f8ac-4ccb-a7c1-a2767b978f43%2Fr%2FdplJYjVJ_EuMAaJkHY8CABAAAAA%3Fmsdynmkt_target%3D%257B%2522TargetUrl%2522%253A%2522https%25253A%25252F%25252Feur04.safelinks.protection.outlook.com%25252F%25253Furl%25253Dhttps%2525253A%2525252F%2525252Fpublic-eur.mkt.dynamics.com%2525252Fapi%2525252Forgs%2525252F8d5eafb0-f8ac-4ccb-a7c1-a2767b978f43%2525252Fr%2525252FubNm8_1fYkKKybgcijEBAAEAAAA%2525253Fmsdynmkt_target%2525253D%252525257B%2525252522TargetUrl%2525252522%252525253A%2525252522https%25252525253A%25252525252F%25252525252Feur04.safelinks.protection.outlook.com%25252525252F%25252525253Furl%25252525253Dhttps%2525252525253A%2525252525252F%2525252525252Fpublic-eur.mkt.dynamics.com%2525252525252Fapi%2525252525252Forgs%2525252525252F8d5eafb0-f8ac-4ccb-a7c1-a2767b978f43%2525252525252Fr%2525252525252FaITv1hKS8kSs6wB3jXECAAsAAAA%2525252525253Fmsdynmkt_target%2525252525253D%252525252525257B%2525252525252522TargetUrl%2525252525252522%252525252525253A%2525252525252522https%25252525252525253A%25252525252525252F%25252525252525252Feur04.safelinks.protection.outlook.com%25252525252525252F%25252525252525253Furl%25252525252525253Dhttps%2525252525252525253A%2525252525252525252F%2525252525252525252Fpublic-eur.mkt.dynamics.com%2525252525252525252Fapi%2525252525252525252Forgs%2525252525252525252F8d5eafb0-f8ac-4ccb-a7c1-a2767b978f43%2525252525252525252Fr%2525252525252525252FLn5gxxoARECGTxqFI30DAAsAAAA%2525252525252525253Fmsdynmkt_target%2525252525252525253D%252525252525252525257B%2525252525252525252522TargetUrl%2525252525252525252522%252525252525252525253A%2525252525252525252522https%25252525252525252525253A%25252525252525252525252F%25252525252525252525252Fformularis.accio.gencat.cat%25252525252525252525252Fweb%25252525252525252525252Fformularis%25252525252525252525252Finscripcions%25252525252525252525252F-%25252525252525252525252Finscripcio%25252525252525252525252F2026%25252525252525252525252F02%25252525252525252525252F03%25252525252525252525252FOnkrUbTR_SM9nz_z85jUAA%25252525252525252525252Fsollicitud-de-diagnostic-pie-foment%25252525252525252525252F%25252525252525252525253Flang%25252525252525252525253Dca_ES%252525252525252525252526portal%25252525252525252525253Daccio%252525252525252525252526_gl%25252525252525252525253D1%25252525252525252525252A9dm0zh%25252525252525252525252A_ga%25252525252525252525252AMTI0NzIzNzQyMC4xNzEyODIyOTgy%25252525252525252525252A_ga_6HSVZS0K1X%25252525252525252525252AczE3NzI3MjM4MjckbzE4OSRnMCR0MTc3MjcyMzgzMiRqNTUkbDAkaDA%2525252525252525252522%252525252525252525252C%2525252525252525252522RedirectOptions%2525252525252525252522%252525252525252525253A%252525252525252525257B%25252525252525252525225%2525252525252525252522%252525252525252525253Anull%252525252525252525252C%25252525252525252525221%2525252525252525252522%252525252525252525253Anull%252525252525252525257D%252525252525252525257D%25252525252525252526msdynmkt_digest%2525252525252525253DA1vZltR2b3nESlG%252525252525252525252BdOmS7YeZ5GTW3dinAdHW2pwAZaw%252525252525252525253D%25252525252525252526msdynmkt_secretVersion%2525252525252525253D7bb221762d0c46939816d3a5592b1359%252525252525252526data%25252525252525253D05%2525252525252525257C02%2525252525252525257Csramirez%25252525252525252540foment.com%2525252525252525257Cc7e7a4617105465e160408de83531847%2525252525252525257Cf37c938d38654a89b99bb000c76a74bf%2525252525252525257C1%2525252525252525257C0%2525252525252525257C639092590089463447%2525252525252525257CUnknown%2525252525252525257CTWFpbGZsb3d8eyJFbXB0eU1hcGkiOnRydWUsIlYiOiIwLjAuMDAwMCIsIlAiOiJXaW4zMiIsIkFOIjoiTWFpbCIsIldUIjoyfQ%2525252525252525253D%2525252525252525253D%2525252525252525257C0%2525252525252525257C%2525252525252525257C%2525252525252525257C%252525252525252526sdata%25252525252525253D8wWi3Z4S7N5i5VCO2QP6AvtWJylRMKEZbvPje18Pg90%2525252525252525253D%252525252525252526reserved%25252525252525253D0%2525252525252522%252525252525252C%2525252525252522RedirectOptions%2525252525252522%252525252525253A%252525252525257B%25252525252525225%2525252525252522%252525252525253Anull%252525252525252C%25252525252525221%2525252525252522%252525252525253Anull%252525252525257D%252525252525257D%25252525252526msdynmkt_digest%2525252525253DYIZexQWs7uZ2WhUfgJqeZuryKVb2vajIvtYv5qE8oRY%252525252525253D%25252525252526msdynmkt_secretVersion%2525252525253D7bb221762d0c46939816d3a5592b1359%252525252526data%25252525253D05%2525252525257C02%2525252525257Csramirez%25252525252540foment.com%2525252525257C565760556e6c4cf5c35308de84384967%2525252525257Cf37c938d38654a89b99bb000c76a74bf%2525252525257C1%2525252525257C0%2525252525257C639093574480490085%2525252525257CUnknown%2525252525257CTWFpbGZsb3d8eyJFbXB0eU1hcGkiOnRydWUsIlYiOiIwLjAuMDAwMCIsIlAiOiJXaW4zMiIsIkFOIjoiTWFpbCIsIldUIjoyfQ%2525252525253D%2525252525253D%2525252525257C0%2525252525257C%2525252525257C%2525252525257C%252525252526sdata%25252525253DN3y2QAkHHQEwnwslqril%2525252525252B%2525252525252BjbsTmbpaH1gsQUjqlx6ho%2525252525253D%252525252526reserved%25252525253D0%2525252522%252525252C%2525252522RedirectOptions%2525252522%252525253A%252525257B%25252525225%2525252522%252525253Anull%252525252C%25252525221%2525252522%252525253Anull%252525257D%252525257D%25252526msdynmkt_digest%2525253DHxSIjxqNyMzq4m6G1OWkNS%252525252FYEFefhiIl8o9iQscMDnI%252525253D%25252526msdynmkt_secretVersion%2525253D7bb221762d0c46939816d3a5592b1359%252526data%25253D05%2525257C02%2525257Csramirez%25252540foment.com%2525257C1d01451646264e7fca2308de88baf1ef%2525257Cf37c938d38654a89b99bb000c76a74bf%2525257C1%2525257C0%2525257C639098533660479269%2525257CUnknown%2525257CTWFpbGZsb3d8eyJFbXB0eU1hcGkiOnRydWUsIlYiOiIwLjAuMDAwMCIsIlAiOiJXaW4zMiIsIkFOIjoiTWFpbCIsIldUIjoyfQ%2525253D%2525253D%2525257C0%2525257C%2525257C%2525257C%252526sdata%25253DF6gmzEwyPcPCX%2525252FFmsqBkWV3LiHiEx0w4lH5lts42Hng%2525253D%252526reserved%25253D0%2522%252C%2522RedirectOptions%2522%253A%257B%25225%2522%253Anull%252C%25221%2522%253Anull%257D%257D%26msdynmkt_digest%3D3pnr7eA2jjjY5%252F04VJpOmyfkKAFHOW2zndgIqJQ0jxA%253D%26msdynmkt_secretVersion%3D7bb221762d0c46939816d3a5592b1359&amp;data=05%7C02%7Csramirez%40foment.com%7C23b351ae016143229c6d08de8c12d3d6%7Cf37c938d38654a89b99bb000c76a74bf%7C1%7C0%7C639102209641121264%7CUnknown%7CTWFpbGZsb3d8eyJFbXB0eU1hcGkiOnRydWUsIlYiOiIwLjAuMDAwMCIsIlAiOiJXaW4zMiIsIkFOIjoiTWFpbCIsIldUIjoyfQ%3D%3D%7C0%7C%7C%7C&amp;sdata=yoLLv4PRfv2xjZrHwBgWZXD0aIuobZl%2FLoaBtC4V5is%3D&amp;reserved=0'>CATALU\u00d1A EXPORTA<\/a>, dirigido a empresas que quieren iniciarse en la internacionalizaci\u00f3n con un enfoque practic y personalizado.<\/span><\/p> <p><span style='font-family: verdana, geneva, sans-serif; font-size: 12px;'>Desde <a href='https:\/\/eur04.safelinks.protection.outlook.com\/?url=https%3A%2F%2Fpublic-eur.mkt.dynamics.com%2Fapi%2Forgs%2F8d5eafb0-f8ac-4ccb-a7c1-a2767b978f43%2Fr%2FdplJYjVJ_EuMAaJkHY8CABEAAAA%3Fmsdynmkt_target%3D%257B%2522TargetUrl%2522%253A%2522https%25253A%25252F%25252Feur04.safelinks.protection.outlook.com%25252F%25253Furl%25253Dhttps%2525253A%2525252F%2525252Fpublic-eur.mkt.dynamics.com%2525252Fapi%2525252Forgs%2525252F8d5eafb0-f8ac-4ccb-a7c1-a2767b978f43%2525252Fr%2525252FubNm8_1fYkKKybgcijEBAAIAAAA%2525253Fmsdynmkt_target%2525253D%252525257B%2525252522TargetUrl%2525252522%252525253A%2525252522https%25252525253A%25252525252F%25252525252Fwww.foment.com%25252525252Fes%25252525252Fcatalunya-exporta%25252525252F%2525252525231767799497417-fa3ae53f-0b5b%2525252522%252525252C%2525252522RedirectOptions%2525252522%252525253A%252525257B%25252525220%2525252522%252525253Anull%252525257D%252525257D%25252526msdynmkt_digest%2525253DbK7c94w0eFraOy9eOgKfYNJ21gIDfLiaSBNv7Ob%252525252FUbc%252525253D%25252526msdynmkt_secretVersion%2525253D7bb221762d0c46939816d3a5592b1359%252526data%25253D05%2525257C02%2525257Csramirez%25252540foment.com%2525257C1d01451646264e7fca2308de88baf1ef%2525257Cf37c938d38654a89b99bb000c76a74bf%2525257C1%2525257C0%2525257C639098533660503029%2525257CUnknown%2525257CTWFpbGZsb3d8eyJFbXB0eU1hcGkiOnRydWUsIlYiOiIwLjAuMDAwMCIsIlAiOiJXaW4zMiIsIkFOIjoiTWFpbCIsIldUIjoyfQ%2525253D%2525253D%2525257C0%2525257C%2525257C%2525257C%252526sdata%25253DnU%2525252FdP3SzDdBLN%2525252BjGlM%2525252BfjpHC30Tp2sKQXa53D7Snr8M%2525253D%252526reserved%25253D0%2522%252C%2522RedirectOptions%2522%253A%257B%25225%2522%253Anull%252C%25221%2522%253Anull%257D%257D%26msdynmkt_digest%3DTMCFNOfb0%252BXu2BCcvcmDJAmwBhXs4eG0zaVP3L6%252BdE8%253D%26msdynmkt_secretVersion%3D7bb221762d0c46939816d3a5592b1359&amp;data=05%7C02%7Csramirez%40foment.com%7C23b351ae016143229c6d08de8c12d3d6%7Cf37c938d38654a89b99bb000c76a74bf%7C1%7C0%7C639102209641147248%7CUnknown%7CTWFpbGZsb3d8eyJFbXB0eU1hcGkiOnRydWUsIlYiOiIwLjAuMDAwMCIsIlAiOiJXaW4zMiIsIkFOIjoiTWFpbCIsIldUIjoyfQ%3D%3D%7C0%7C%7C%7C&amp;sdata=daHoyG1ZgccCVp8G6HuKQMd9CnWk7pYkM%2FVO%2F7PF6wM%3D&amp;reserved=0'>Foment del Treball<\/a>, como entidad colaboradora y agente de apoyo a la internacionalizaci\u00f3n, te acompa\u00f1amos en este proceso para que puedas valorar tu potencial exportador y definir los primeros pasos con criterio.<\/span><\/p> <p><span style='font-family: verdana, geneva, sans-serif; font-size: 12px;'>La sesi\u00f3n <strong>C\u00d3MO CALCULAR EL PRECIO DE EXPORTACI\u00d3N<\/strong> tiene c\u00f3mo objetivo entender los costes asociados a la exportaci\u00f3n y definir un precio internacional competitivo, abordando los principales costos d&#8217;exportaci\u00f3n, el impacto de los Incoterms, el c\u00e1lculo de los m\u00e1rgenes comerciales y la estrat\u00e9gia de posicionamiento en mercados internacionales<\/span><\/p> <p><span style='color: #d2112d;'><strong><span style='font-family: verdana, geneva, sans-serif; font-size: 12px;'>PROGRAMA<\/span><\/strong><\/span><\/p> <p><span style='font-family: verdana, geneva, sans-serif; font-size: 12px; color: #d2112d;'>09:00h. | Bienvenida y presentaci\u00f3n del Programa Catalu\u00f1a Exporta<\/span><\/p> <p><span style='font-family: verdana, geneva, sans-serif; font-size: 12px; color: #d2112d;'>09:10h. | <strong>C\u00f3mo calcular el precio de exportaci\u00f3n\u00a0<\/strong><\/span><\/p> <p><span style='font-family: verdana, geneva, sans-serif; font-size: 12px;'><strong>Isabel Garcia<\/strong>, S\u00e9nior International Consultant, <strong>BarcelonaExport<\/strong><\/span><\/p> <p><span style='font-family: verdana, geneva, sans-serif; font-size: 12px; color: #d2112d;'>10:15h. | Turno de preguntas<\/span><\/p> <p><span style='font-family: verdana, geneva, sans-serif; font-size: 12px; color: #d2112d;'>10:30h. | Fin de la sesi\u00f3n<\/span><\/p> <p>&nbsp;<\/p> <p>[\/vc_column_text][vc_row][vc_column width=\u00bb1\/1&#8243;]<div class='single_image wpb_content_element align-left    ' data-animation='none' data-delay='0'><img width='1900' height='300' src='https:\/\/www.foment.com\/wp-content\/uploads\/2026\/03\/ACCIO-1.png' class='attachment-full' alt='' loading='lazy' title='ACCI\u00d3' srcset='https:\/\/www.foment.com\/wp-content\/uploads\/2026\/03\/ACCIO-1.png 1900w, https:\/\/www.foment.com\/wp-content\/uploads\/2026\/03\/ACCIO-1-300x47.png 300w, https:\/\/www.foment.com\/wp-content\/uploads\/2026\/03\/ACCIO-1-1024x162.png 1024w, https:\/\/www.foment.com\/wp-content\/uploads\/2026\/03\/ACCIO-1-768x121.png 768w, https:\/\/www.foment.com\/wp-content\/uploads\/2026\/03\/ACCIO-1-1536x243.png 1536w' sizes='(max-width: 1900px) 100vw, 1900px' \/><\/div>[\/vc_column][\/vc_row][vc_row][vc_column width=\u00bb1\/2&#8243;][vc_column_text]<span style='font-family: verdana, geneva, sans-serif; font-size: 12px;'>Amb el suport de:\u00a0<\/span>[\/vc_column_text]<div class='single_image wpb_content_element align-left    ' data-animation='none' data-delay='0'><a href='http:\/\/www.accio.gencat.cat' target='_self'><img width='300' height='68' src='https:\/\/www.foment.com\/wp-content\/uploads\/2026\/03\/ACCIO-integrat-Horitzontal-CAT-color-300x68.png' class='attachment-medium' alt='' loading='lazy' title='ACCIO-integrat-Horitzontal-CAT-color' srcset='https:\/\/www.foment.com\/wp-content\/uploads\/2026\/03\/ACCIO-integrat-Horitzontal-CAT-color-300x68.png 300w, https:\/\/www.foment.com\/wp-content\/uploads\/2026\/03\/ACCIO-integrat-Horitzontal-CAT-color.png 559w' sizes='(max-width: 300px) 100vw, 300px' \/><\/a><\/div>[\/vc_column][vc_column width=\u00bb1\/2&#8243;][vc_column_text]<span style='font-family: verdana, geneva, sans-serif; font-size: 12px;'>Agent de suport a la Internacionalitzaci\u00f3<\/span>[\/vc_column_text]<div class='single_image wpb_content_element align-left    ' data-animation='none' data-delay='0'><img width='274' height='300' src='https:\/\/www.foment.com\/wp-content\/uploads\/2025\/11\/Agent-Suport-Internacionalizacio_Vertical-274x300.png' class='attachment-medium' alt='' loading='lazy' title='Agent Suport Internacionalizaci\u00f3_Vertical' srcset='https:\/\/www.foment.com\/wp-content\/uploads\/2025\/11\/Agent-Suport-Internacionalizacio_Vertical-274x300.png 274w, https:\/\/www.foment.com\/wp-content\/uploads\/2025\/11\/Agent-Suport-Internacionalizacio_Vertical-768x842.png 768w, https:\/\/www.foment.com\/wp-content\/uploads\/2025\/11\/Agent-Suport-Internacionalizacio_Vertical.png 778w' sizes='(max-width: 274px) 100vw, 274px' \/><\/div>[\/vc_column][\/vc_row]<\/p> \",\"location\":[{\"@type\":\"Place\",\"name\":\"Webinar por Zoom\",\"address\":{\"@type\": \"PostalAddress\",\"streetAddress\":\"Webinar per Zoom\"}}],\"organizer\":{\"@type\":\"Organization\",\"name\":\"Internacional\"},\"performer\":{\"@type\":\"Person\",\"name\":\"Internacional\"},\"eventStatus\":\"https:\/\/schema.org\/EventScheduled\"}<\/script><\/div>\n\t\t\t\t<p class=\"desc_trig_outter\" style=\"background-color:#ffffff;flex-direction: row;\"><a data-gmap_status=\"null\" data-exlk=\"1\"  style=\"border-color: #0db270;\" id=\"evc_1778576400216818\" class=\"hasFtIMG desc_trig evo_internacional-es sin_val evcal_list_a\" data-ux_val=\"3\"  ><span class='ev_ftImg' data-img='https:\/\/www.foment.com\/wp-content\/uploads\/2026\/03\/Diseno-sin-titulo-8-1-scaled.jpg' data-thumb='https:\/\/www.foment.com\/wp-content\/uploads\/2026\/03\/Diseno-sin-titulo-8-1-300x150.jpg' style='background-image:url(\"https:\/\/www.foment.com\/wp-content\/uploads\/2026\/03\/Diseno-sin-titulo-8-1-300x150.jpg\")'><\/span><style>.ajde_evcal_calendar.boxy #evcal_list .eventon_list_event .evcal_desc em{color:black;}<\/style><span style='width:100%; background-color:#0db270 !important;' class='evcal_cblock ' data-smon='mayo' data-syr='2026'><span style='margin-top: 7px;margin-bottom: 7px;' class='evo_start '><em class='date'>12<\/em><em class='month'>may<\/em><em class='time'>9:00<\/em><\/span><span style='margin-top: 7px;margin-bottom: 7px;' class='evo_end only_time'><em class='time'>10:30<\/em><\/span><em class='clear'><\/em><\/span><span class='evcal_desc evo_info '  data-location_address=\"Webinar per Zoom\" data-location_type=\"address\" data-location_name=\"Webinar por Zoom\" data-location_url=\"https:\/\/www.foment.com\/es\/event-location\/webinar-por-zoom\/\" data-location_status=\"true\" ><span class='evo_above_title'><\/span><span class='evcal_desc2 evcal_event_title hbaevatitle' itemprop='name'>Webinar | C\u00d3MO CALCULAR EL PRECIO DE EXPORTACI\u00d3N<\/span><span class='evo_below_title'><span class='evcal_event_subtitle' >Programa Catalunya Exporta<\/span><\/span><span class='evcal_desc_info' ><em class='evcal_time evo_tz_time'>9:00 - 10:30<\/em> <\/span><span class='evcal_desc3'><em class=\"evcal_location\"  data-add_str=\"\"><em class=\"event_location_name\">Webinar por Zoom<\/em><\/em><\/span><span style='height: 60px;'  class='evcal_desc3' ><span class='evcal_event_types ett1'><em>C =<\/em><em data-filter='event_type'>Internacional<\/em><i class='clear'><\/i><\/span><\/span><\/span><em class='clear'><\/em><\/a><\/p><div class='event_description evcal_eventcard ' style=\"display:none\"><div class='evo_metarow_fimg evorow evcal_evdata_img evcal_evdata_row  evo_imghover' data-imgheight='1280' data-imgwidth='2560'  style='background-image: url(\"https:\/\/www.foment.com\/wp-content\/uploads\/2026\/03\/Diseno-sin-titulo-8-1-scaled.jpg\")' data-imgstyle='full' data-minheight='400' data-status=''><\/div><div class='evcal_evdata_row evorow_2b evo_metarow_time_location evorow  '>\n\t\t\t\t\t\t\t\t<div class='evorow_b evorow_b1 evo_time'>\n\t\t\t\t\t\t\t\t\t<span class='evcal_evdata_icons'><i class='fa fa-clock'><\/i><\/span>\n\t\t\t\t\t\t\t\t\t<div class='evcal_evdata_cell'>\t\t\t\t\t\t\t\n\t\t\t\t\t\t\t\t\t\t<h3 class='evo_h3'><span class='evcal_evdata_icons'><i class='fa fa-clock'><\/i><\/span>Horario<\/h3>\n\t\t\t\t\t\t\t\t\t\t<p><span class='evo_eventcard_time_t'>(Martes) 9:00 - 10:30<\/span><\/p>\n\t\t\t\t\t\t\t\t\t<\/div>\n\t\t\t\t\t\t\t\t<\/div>\n\t\t\t\t\t\t\t\t<div class='evorow_b evo_location'>\n\t\t\t\t\t\t\t\t\t<span class='evcal_evdata_icons'><i class='fa fa-map-marker-alt'><\/i><\/span>\n\t\t\t\t\t\t\t\t\t<div class='evcal_evdata_cell' data-loc_tax_id='3536'><h3 class='evo_h3'><span class='evcal_evdata_icons'><i class='fa fa-map-marker-alt'><\/i><\/span>Lugar<\/h3><p class='evo_location_name'>Webinar por Zoom<\/p><p class='evo_location_address'>Webinar per Zoom<\/p><\/div>\n\t\t\t\t\t\t\t\t<\/div>\n\t\t\t\t\t\t\t\t\n\t\t\t\t\t\t\t<\/div><div class='evo_metarow_details evorow evcal_evdata_row evcal_event_details'>\n\t\t\t\t\t\t\t\t<div class=\"event_excerpt\" style=\"display:none\"><h3 class=\"padb5 evo_h3\">Detalles del evento<\/h3><p>[vc_row][\/vc_row][vc_column][\/vc_column][vc_btn title=\u00bbInscripci\u00f3n a la sesi\u00f3n:\u00bb style=\u00bb3d\u00bb color=\u00bbdanger\u00bb align=\u00bbcenter\u00bb button_block=\u00bbtrue\u00bb link=\u00bburl:https%3A%2F%2Fwww.foment.com%2Fes%2Finscripciones-eventos%2F%3Fidevento%3DD5C622D6-5424-F111-8342-7CED8D3FACC9&#8243;][vc_column_text]\nQUIERES EMPEZAR A EXPORTAR?\n<\/p><\/div><span class='evcal_evdata_icons'><i class='fa fa-align-justify'><\/i><\/span>\n\t\t\t\t\t\t\t\t\n\t\t\t\t\t\t\t\t<div class='evcal_evdata_cell '>\n\t\t\t\t\t\t\t\t\t<div class='eventon_full_description'>\n\t\t\t\t\t\t\t\t\t\t<h3 class='padb5 evo_h3'><span class='evcal_evdata_icons'><i class='fa fa-align-justify'><\/i><\/span>Detalles del evento<\/h3>\n\t\t\t\t\t\t\t\t\t\t<div class='eventon_desc_in' itemprop='description'>\n\t\t\t\t\t\t\t\t\t\t<p>[vc_row][\/vc_row][vc_column][\/vc_column][vc_btn title=\u00bbInscripci\u00f3n a la sesi\u00f3n:\u00bb style=\u00bb3d\u00bb color=\u00bbdanger\u00bb align=\u00bbcenter\u00bb button_block=\u00bbtrue\u00bb link=\u00bburl:https%3A%2F%2Fwww.foment.com%2Fes%2Finscripciones-eventos%2F%3Fidevento%3DD5C622D6-5424-F111-8342-7CED8D3FACC9&#8243;]<\/p>\n<div class=\"spacer\" style=\"height: 20px;\"><\/div>\n<p>[vc_column_text]<\/p>\n<p><span style=\"color: #d2112d; font-size: 21px; font-family: verdana, geneva, sans-serif;\">QUIERES EMPEZAR A EXPORTAR?<\/span><\/p>\n<p><span style=\"color: #d2112d; font-family: verdana, geneva, sans-serif; font-size: 16px;\">Te ayudamos a hacer el primer paso, con acompa\u00f1amiento experto y sin coste para la empresa<\/span><\/p>\n<p><span style=\"font-family: verdana, geneva, sans-serif; font-size: 12px;\">Internacionalizarse es una oportunidad de crecimiento, pero a menudo tambi\u00e9n genera dudas: por donde empezar, qu\u00e9 mercados priorizar, qu\u00e9 recursos hacen falta o qu\u00e9 riesgos se tienen que tener en cuenta.<\/span><\/p>\n<p><span style=\"font-family: verdana, geneva, sans-serif; font-size: 12px;\">Para ayudar a las empresas catalanas a iniciar este camino con m\u00e1s seguridad, <strong>ACCI\u00d3 impulsa el programa<\/strong> <a href=\"https:\/\/eur04.safelinks.protection.outlook.com\/?url=https%3A%2F%2Fpublic-eur.mkt.dynamics.com%2Fapi%2Forgs%2F8d5eafb0-f8ac-4ccb-a7c1-a2767b978f43%2Fr%2FdplJYjVJ_EuMAaJkHY8CABAAAAA%3Fmsdynmkt_target%3D%257B%2522TargetUrl%2522%253A%2522https%25253A%25252F%25252Feur04.safelinks.protection.outlook.com%25252F%25253Furl%25253Dhttps%2525253A%2525252F%2525252Fpublic-eur.mkt.dynamics.com%2525252Fapi%2525252Forgs%2525252F8d5eafb0-f8ac-4ccb-a7c1-a2767b978f43%2525252Fr%2525252FubNm8_1fYkKKybgcijEBAAEAAAA%2525253Fmsdynmkt_target%2525253D%252525257B%2525252522TargetUrl%2525252522%252525253A%2525252522https%25252525253A%25252525252F%25252525252Feur04.safelinks.protection.outlook.com%25252525252F%25252525253Furl%25252525253Dhttps%2525252525253A%2525252525252F%2525252525252Fpublic-eur.mkt.dynamics.com%2525252525252Fapi%2525252525252Forgs%2525252525252F8d5eafb0-f8ac-4ccb-a7c1-a2767b978f43%2525252525252Fr%2525252525252FaITv1hKS8kSs6wB3jXECAAsAAAA%2525252525253Fmsdynmkt_target%2525252525253D%252525252525257B%2525252525252522TargetUrl%2525252525252522%252525252525253A%2525252525252522https%25252525252525253A%25252525252525252F%25252525252525252Feur04.safelinks.protection.outlook.com%25252525252525252F%25252525252525253Furl%25252525252525253Dhttps%2525252525252525253A%2525252525252525252F%2525252525252525252Fpublic-eur.mkt.dynamics.com%2525252525252525252Fapi%2525252525252525252Forgs%2525252525252525252F8d5eafb0-f8ac-4ccb-a7c1-a2767b978f43%2525252525252525252Fr%2525252525252525252FLn5gxxoARECGTxqFI30DAAsAAAA%2525252525252525253Fmsdynmkt_target%2525252525252525253D%252525252525252525257B%2525252525252525252522TargetUrl%2525252525252525252522%252525252525252525253A%2525252525252525252522https%25252525252525252525253A%25252525252525252525252F%25252525252525252525252Fformularis.accio.gencat.cat%25252525252525252525252Fweb%25252525252525252525252Fformularis%25252525252525252525252Finscripcions%25252525252525252525252F-%25252525252525252525252Finscripcio%25252525252525252525252F2026%25252525252525252525252F02%25252525252525252525252F03%25252525252525252525252FOnkrUbTR_SM9nz_z85jUAA%25252525252525252525252Fsollicitud-de-diagnostic-pie-foment%25252525252525252525252F%25252525252525252525253Flang%25252525252525252525253Dca_ES%252525252525252525252526portal%25252525252525252525253Daccio%252525252525252525252526_gl%25252525252525252525253D1%25252525252525252525252A9dm0zh%25252525252525252525252A_ga%25252525252525252525252AMTI0NzIzNzQyMC4xNzEyODIyOTgy%25252525252525252525252A_ga_6HSVZS0K1X%25252525252525252525252AczE3NzI3MjM4MjckbzE4OSRnMCR0MTc3MjcyMzgzMiRqNTUkbDAkaDA%2525252525252525252522%252525252525252525252C%2525252525252525252522RedirectOptions%2525252525252525252522%252525252525252525253A%252525252525252525257B%25252525252525252525225%2525252525252525252522%252525252525252525253Anull%252525252525252525252C%25252525252525252525221%2525252525252525252522%252525252525252525253Anull%252525252525252525257D%252525252525252525257D%25252525252525252526msdynmkt_digest%2525252525252525253DA1vZltR2b3nESlG%252525252525252525252BdOmS7YeZ5GTW3dinAdHW2pwAZaw%252525252525252525253D%25252525252525252526msdynmkt_secretVersion%2525252525252525253D7bb221762d0c46939816d3a5592b1359%252525252525252526data%25252525252525253D05%2525252525252525257C02%2525252525252525257Csramirez%25252525252525252540foment.com%2525252525252525257Cc7e7a4617105465e160408de83531847%2525252525252525257Cf37c938d38654a89b99bb000c76a74bf%2525252525252525257C1%2525252525252525257C0%2525252525252525257C639092590089463447%2525252525252525257CUnknown%2525252525252525257CTWFpbGZsb3d8eyJFbXB0eU1hcGkiOnRydWUsIlYiOiIwLjAuMDAwMCIsIlAiOiJXaW4zMiIsIkFOIjoiTWFpbCIsIldUIjoyfQ%2525252525252525253D%2525252525252525253D%2525252525252525257C0%2525252525252525257C%2525252525252525257C%2525252525252525257C%252525252525252526sdata%25252525252525253D8wWi3Z4S7N5i5VCO2QP6AvtWJylRMKEZbvPje18Pg90%2525252525252525253D%252525252525252526reserved%25252525252525253D0%2525252525252522%252525252525252C%2525252525252522RedirectOptions%2525252525252522%252525252525253A%252525252525257B%25252525252525225%2525252525252522%252525252525253Anull%252525252525252C%25252525252525221%2525252525252522%252525252525253Anull%252525252525257D%252525252525257D%25252525252526msdynmkt_digest%2525252525253DYIZexQWs7uZ2WhUfgJqeZuryKVb2vajIvtYv5qE8oRY%252525252525253D%25252525252526msdynmkt_secretVersion%2525252525253D7bb221762d0c46939816d3a5592b1359%252525252526data%25252525253D05%2525252525257C02%2525252525257Csramirez%25252525252540foment.com%2525252525257C565760556e6c4cf5c35308de84384967%2525252525257Cf37c938d38654a89b99bb000c76a74bf%2525252525257C1%2525252525257C0%2525252525257C639093574480490085%2525252525257CUnknown%2525252525257CTWFpbGZsb3d8eyJFbXB0eU1hcGkiOnRydWUsIlYiOiIwLjAuMDAwMCIsIlAiOiJXaW4zMiIsIkFOIjoiTWFpbCIsIldUIjoyfQ%2525252525253D%2525252525253D%2525252525257C0%2525252525257C%2525252525257C%2525252525257C%252525252526sdata%25252525253DN3y2QAkHHQEwnwslqril%2525252525252B%2525252525252BjbsTmbpaH1gsQUjqlx6ho%2525252525253D%252525252526reserved%25252525253D0%2525252522%252525252C%2525252522RedirectOptions%2525252522%252525253A%252525257B%25252525225%2525252522%252525253Anull%252525252C%25252525221%2525252522%252525253Anull%252525257D%252525257D%25252526msdynmkt_digest%2525253DHxSIjxqNyMzq4m6G1OWkNS%252525252FYEFefhiIl8o9iQscMDnI%252525253D%25252526msdynmkt_secretVersion%2525253D7bb221762d0c46939816d3a5592b1359%252526data%25253D05%2525257C02%2525257Csramirez%25252540foment.com%2525257C1d01451646264e7fca2308de88baf1ef%2525257Cf37c938d38654a89b99bb000c76a74bf%2525257C1%2525257C0%2525257C639098533660479269%2525257CUnknown%2525257CTWFpbGZsb3d8eyJFbXB0eU1hcGkiOnRydWUsIlYiOiIwLjAuMDAwMCIsIlAiOiJXaW4zMiIsIkFOIjoiTWFpbCIsIldUIjoyfQ%2525253D%2525253D%2525257C0%2525257C%2525257C%2525257C%252526sdata%25253DF6gmzEwyPcPCX%2525252FFmsqBkWV3LiHiEx0w4lH5lts42Hng%2525253D%252526reserved%25253D0%2522%252C%2522RedirectOptions%2522%253A%257B%25225%2522%253Anull%252C%25221%2522%253Anull%257D%257D%26msdynmkt_digest%3D3pnr7eA2jjjY5%252F04VJpOmyfkKAFHOW2zndgIqJQ0jxA%253D%26msdynmkt_secretVersion%3D7bb221762d0c46939816d3a5592b1359&amp;data=05%7C02%7Csramirez%40foment.com%7C23b351ae016143229c6d08de8c12d3d6%7Cf37c938d38654a89b99bb000c76a74bf%7C1%7C0%7C639102209641121264%7CUnknown%7CTWFpbGZsb3d8eyJFbXB0eU1hcGkiOnRydWUsIlYiOiIwLjAuMDAwMCIsIlAiOiJXaW4zMiIsIkFOIjoiTWFpbCIsIldUIjoyfQ%3D%3D%7C0%7C%7C%7C&amp;sdata=yoLLv4PRfv2xjZrHwBgWZXD0aIuobZl%2FLoaBtC4V5is%3D&amp;reserved=0\">CATALU\u00d1A EXPORTA<\/a>, dirigido a empresas que quieren iniciarse en la internacionalizaci\u00f3n con un enfoque practic y personalizado.<\/span><\/p>\n<p><span style=\"font-family: verdana, geneva, sans-serif; font-size: 12px;\">Desde <a href=\"https:\/\/eur04.safelinks.protection.outlook.com\/?url=https%3A%2F%2Fpublic-eur.mkt.dynamics.com%2Fapi%2Forgs%2F8d5eafb0-f8ac-4ccb-a7c1-a2767b978f43%2Fr%2FdplJYjVJ_EuMAaJkHY8CABEAAAA%3Fmsdynmkt_target%3D%257B%2522TargetUrl%2522%253A%2522https%25253A%25252F%25252Feur04.safelinks.protection.outlook.com%25252F%25253Furl%25253Dhttps%2525253A%2525252F%2525252Fpublic-eur.mkt.dynamics.com%2525252Fapi%2525252Forgs%2525252F8d5eafb0-f8ac-4ccb-a7c1-a2767b978f43%2525252Fr%2525252FubNm8_1fYkKKybgcijEBAAIAAAA%2525253Fmsdynmkt_target%2525253D%252525257B%2525252522TargetUrl%2525252522%252525253A%2525252522https%25252525253A%25252525252F%25252525252Fwww.foment.com%25252525252Fes%25252525252Fcatalunya-exporta%25252525252F%2525252525231767799497417-fa3ae53f-0b5b%2525252522%252525252C%2525252522RedirectOptions%2525252522%252525253A%252525257B%25252525220%2525252522%252525253Anull%252525257D%252525257D%25252526msdynmkt_digest%2525253DbK7c94w0eFraOy9eOgKfYNJ21gIDfLiaSBNv7Ob%252525252FUbc%252525253D%25252526msdynmkt_secretVersion%2525253D7bb221762d0c46939816d3a5592b1359%252526data%25253D05%2525257C02%2525257Csramirez%25252540foment.com%2525257C1d01451646264e7fca2308de88baf1ef%2525257Cf37c938d38654a89b99bb000c76a74bf%2525257C1%2525257C0%2525257C639098533660503029%2525257CUnknown%2525257CTWFpbGZsb3d8eyJFbXB0eU1hcGkiOnRydWUsIlYiOiIwLjAuMDAwMCIsIlAiOiJXaW4zMiIsIkFOIjoiTWFpbCIsIldUIjoyfQ%2525253D%2525253D%2525257C0%2525257C%2525257C%2525257C%252526sdata%25253DnU%2525252FdP3SzDdBLN%2525252BjGlM%2525252BfjpHC30Tp2sKQXa53D7Snr8M%2525253D%252526reserved%25253D0%2522%252C%2522RedirectOptions%2522%253A%257B%25225%2522%253Anull%252C%25221%2522%253Anull%257D%257D%26msdynmkt_digest%3DTMCFNOfb0%252BXu2BCcvcmDJAmwBhXs4eG0zaVP3L6%252BdE8%253D%26msdynmkt_secretVersion%3D7bb221762d0c46939816d3a5592b1359&amp;data=05%7C02%7Csramirez%40foment.com%7C23b351ae016143229c6d08de8c12d3d6%7Cf37c938d38654a89b99bb000c76a74bf%7C1%7C0%7C639102209641147248%7CUnknown%7CTWFpbGZsb3d8eyJFbXB0eU1hcGkiOnRydWUsIlYiOiIwLjAuMDAwMCIsIlAiOiJXaW4zMiIsIkFOIjoiTWFpbCIsIldUIjoyfQ%3D%3D%7C0%7C%7C%7C&amp;sdata=daHoyG1ZgccCVp8G6HuKQMd9CnWk7pYkM%2FVO%2F7PF6wM%3D&amp;reserved=0\">Foment del Treball<\/a>, como entidad colaboradora y agente de apoyo a la internacionalizaci\u00f3n, te acompa\u00f1amos en este proceso para que puedas valorar tu potencial exportador y definir los primeros pasos con criterio.<\/span><\/p>\n<p><span style=\"font-family: verdana, geneva, sans-serif; font-size: 12px;\">La sesi\u00f3n <strong>C\u00d3MO CALCULAR EL PRECIO DE EXPORTACI\u00d3N<\/strong> tiene c\u00f3mo objetivo entender los costes asociados a la exportaci\u00f3n y definir un precio internacional competitivo, abordando los principales costos d&#8217;exportaci\u00f3n, el impacto de los Incoterms, el c\u00e1lculo de los m\u00e1rgenes comerciales y la estrat\u00e9gia de posicionamiento en mercados internacionales<\/span><\/p>\n<p><span style=\"color: #d2112d;\"><strong><span style=\"font-family: verdana, geneva, sans-serif; font-size: 12px;\">PROGRAMA<\/span><\/strong><\/span><\/p>\n<p><span style=\"font-family: verdana, geneva, sans-serif; font-size: 12px; color: #d2112d;\">09:00h. | Bienvenida y presentaci\u00f3n del Programa Catalu\u00f1a Exporta<\/span><\/p>\n<p><span style=\"font-family: verdana, geneva, sans-serif; font-size: 12px; color: #d2112d;\">09:10h. | <strong>C\u00f3mo calcular el precio de exportaci\u00f3n\u00a0<\/strong><\/span><\/p>\n<p><span style=\"font-family: verdana, geneva, sans-serif; font-size: 12px;\"><strong>Isabel Garcia<\/strong>, S\u00e9nior International Consultant, <strong>BarcelonaExport<\/strong><\/span><\/p>\n<p><span style=\"font-family: verdana, geneva, sans-serif; font-size: 12px; color: #d2112d;\">10:15h. | Turno de preguntas<\/span><\/p>\n<p><span style=\"font-family: verdana, geneva, sans-serif; font-size: 12px; color: #d2112d;\">10:30h. | Fin de la sesi\u00f3n<\/span><\/p>\n<p>&nbsp;<\/p>\n<p>[\/vc_column_text][vc_row][vc_column width=\u00bb1\/1&#8243;]<\/p>\n<div class=\"single_image wpb_content_element align-left    \" data-animation=\"none\" data-delay=\"0\"><img width=\"1900\" height=\"300\" src=\"https:\/\/www.foment.com\/wp-content\/uploads\/2026\/03\/ACCIO-1.png\" class=\"attachment-full\" alt=\"\" loading=\"lazy\" title=\"ACCI\u00d3\" srcset=\"https:\/\/www.foment.com\/wp-content\/uploads\/2026\/03\/ACCIO-1.png 1900w, https:\/\/www.foment.com\/wp-content\/uploads\/2026\/03\/ACCIO-1-300x47.png 300w, https:\/\/www.foment.com\/wp-content\/uploads\/2026\/03\/ACCIO-1-1024x162.png 1024w, https:\/\/www.foment.com\/wp-content\/uploads\/2026\/03\/ACCIO-1-768x121.png 768w, https:\/\/www.foment.com\/wp-content\/uploads\/2026\/03\/ACCIO-1-1536x243.png 1536w\" sizes=\"(max-width: 1900px) 100vw, 1900px\" \/><\/div>\n<p>[\/vc_column][\/vc_row][vc_row][vc_column width=\u00bb1\/2&#8243;][vc_column_text]<span style=\"font-family: verdana, geneva, sans-serif; font-size: 12px;\">Amb el suport de:\u00a0<\/span>[\/vc_column_text]<\/p>\n<div class=\"single_image wpb_content_element align-left    \" data-animation=\"none\" data-delay=\"0\"><a href=\"http:\/\/www.accio.gencat.cat\" target=\"_self\"><img width=\"300\" height=\"68\" src=\"https:\/\/www.foment.com\/wp-content\/uploads\/2026\/03\/ACCIO-integrat-Horitzontal-CAT-color-300x68.png\" class=\"attachment-medium\" alt=\"\" loading=\"lazy\" title=\"ACCIO-integrat-Horitzontal-CAT-color\" srcset=\"https:\/\/www.foment.com\/wp-content\/uploads\/2026\/03\/ACCIO-integrat-Horitzontal-CAT-color-300x68.png 300w, https:\/\/www.foment.com\/wp-content\/uploads\/2026\/03\/ACCIO-integrat-Horitzontal-CAT-color.png 559w\" sizes=\"(max-width: 300px) 100vw, 300px\" \/><\/a><\/div>\n<p>[\/vc_column][vc_column width=\u00bb1\/2&#8243;][vc_column_text]<span style=\"font-family: verdana, geneva, sans-serif; font-size: 12px;\">Agent de suport a la Internacionalitzaci\u00f3<\/span>[\/vc_column_text]<\/p>\n<div class=\"single_image wpb_content_element align-left    \" data-animation=\"none\" data-delay=\"0\"><img width=\"274\" height=\"300\" src=\"https:\/\/www.foment.com\/wp-content\/uploads\/2025\/11\/Agent-Suport-Internacionalizacio_Vertical-274x300.png\" class=\"attachment-medium\" alt=\"\" loading=\"lazy\" title=\"Agent Suport Internacionalizaci\u00f3_Vertical\" srcset=\"https:\/\/www.foment.com\/wp-content\/uploads\/2025\/11\/Agent-Suport-Internacionalizacio_Vertical-274x300.png 274w, https:\/\/www.foment.com\/wp-content\/uploads\/2025\/11\/Agent-Suport-Internacionalizacio_Vertical-768x842.png 768w, https:\/\/www.foment.com\/wp-content\/uploads\/2025\/11\/Agent-Suport-Internacionalizacio_Vertical.png 778w\" sizes=\"(max-width: 274px) 100vw, 274px\" \/><\/div>\n<p>[\/vc_column][\/vc_row]<\/p>\n<\/div><div class='clear'><\/div>\n\t\t\t\t\t\t\t\t\t<\/div>\n\t\t\t\t\t\t\t\t<\/div>\n\t\t\t\t\t\t\t<\/div><div class='evo_metarow_organizer evorow evcal_evdata_row evcal_evrow_sm '>\n\t\t\t\t\t\t\t\t<span class='evcal_evdata_icons'><i class='fa fa-headphones'><\/i><\/span>\n\t\t\t\t\t\t\t\t<div class='evcal_evdata_cell'>\t\t\t\t\t\t\t\n\t\t\t\t\t\t\t\t\t<h3 class='evo_h3'>Organizador<\/h3>\n\t\t\t\t\t\t\t\t\t<p class='evo_data_val evo_card_organizer_image'><img src='https:\/\/www.foment.com\/wp-content\/uploads\/2017\/04\/InternacionalEmpresabitotransCAT-200x80.png'\/><\/p>\n\t\t\t\t\t\t\t\t\t<div class='evo_card_organizer'><p class='evo_data_val evo_card_organizer_name'>\n\t\t\t\t\t\t\t\t\t\t<span class='evo_card_organizer_name_t'>Internacional<\/span>\n\t\t\t\t\t\t\t\t\t\t\n\t\t\t\t\t\t\t\t\t\t<\/p><\/div><div class='clear'><\/div>\t\t\t\t\t\t\t\n\t\t\t\t\t\t\t\t<\/div>\n\t\t\t\t\t\t\t<\/div>\t\t\t\t\t\t\t<div class='evo_metarow_ICS evorow evcal_evdata_row'>\n\t\t\t\t\t\t\t\t<span class=\"evcal_evdata_icons\"><i class=\"fa fa-calendar\"><\/i><\/span>\n\t\t\t\t\t\t\t\t<div class='evcal_evdata_cell'>\n\t\t\t\t\t\t\t\t\t<p><a href='https:\/\/www.foment.com\/wp-admin\/admin-ajax.php?action=eventon_ics_download&amp;event_id=216818&amp;ri=0' class='evo_ics_nCal' title='Add to your calendar'>Calendar<\/a><a href='\/\/www.google.com\/calendar\/event?action=TEMPLATE&amp;text=Webinar+%7C+C%C3%93MO+CALCULAR+EL+PRECIO+DE+EXPORTACI%C3%93N&amp;dates=20260512T070000Z\/20260512T083000Z&amp;ctz=Europe\/Madrid&amp;details=Webinar+%7C+C%C3%93MO+CALCULAR+EL+PRECIO+DE+EXPORTACI%C3%93N&amp;location=Webinar+por+ZoomWebinar+per+Zoom' target='_blank' class='evo_ics_gCal' title='Add to google calendar'>GoogleCal<\/a><\/p>\t\n\t\t\t\t\t\t\t\t<\/div>\n\t\t\t\t\t\t\t<\/div>\n\t\t\t\t\t\t\t<div class='evo_card_row_end evcal_close' title='Close'><\/div><\/div><div class='clear end'><\/div><\/div><div  id=\"event_218867_0\" class=\"eventon_list_event evo_eventtop scheduled  event event_218867_0\" data-event_id=\"218867\" data-ri=\"0r\" data-time=\"1778580000-1778585400\" data-colr=\"#06cc44\" itemscope itemtype='http:\/\/schema.org\/Event'><div class=\"evo_event_schema\" style=\"display:none\" ><a itemprop='url'  href='https:\/\/www.foment.com\/es\/events\/la-flexibilidad-como-un-nuevo-vector-del-sector-electrico\/'><\/a><meta itemprop='image' content=\"https:\/\/www.foment.com\/wp-content\/uploads\/2026\/04\/banner.png\" \/><meta itemprop='startDate' content=\"2026-5-12T10:00+2:00\" \/><meta itemprop='endDate' content=\"2026-5-12T11:30+2:00\" \/><meta itemprop='eventStatus' content=\"https:\/\/schema.org\/EventScheduled\" \/><item style=\"display:none\" itemprop=\"location\" itemscope itemtype=\"http:\/\/schema.org\/Place\"><span itemprop=\"name\">Foment del Treball<\/span><span itemprop=\"address\" itemscope itemtype=\"http:\/\/schema.org\/PostalAddress\"><item itemprop=\"streetAddress\">Via Laietana, 32-34, Principal, Barcelona<\/item><\/span><\/item><item style=\"display:none\" itemprop=\"eventAttendanceMode\" itemscope itemtype=\"https:\/\/schema.org\/OfflineEventAttendanceMode\"><\/item><div itemprop=\"organizer\" itemscope=\"\" itemtype=\"http:\/\/schema.org\/Organization\">\n\t\t\t\t\t    \t<meta itemprop=\"name\" content=\"Desarrollo Sostenible\">\n\t\t\t\t\t    \t<\/div><div itemprop=\"performer\" itemscope=\"\" itemtype=\"http:\/\/schema.org\/Person\">\n\t\t\t\t\t    \t<meta itemprop=\"name\" content=\"Desarrollo Sostenible\">\n\t\t\t\t\t    <\/div><script type=\"application\/ld+json\">{\"@context\": \"http:\/\/schema.org\",\"@type\": \"Event\",\n\t\t\t\t\t\"@id\": \"event_218867_0\",\n\t\t\t\t\t\"eventAttendanceMode\":\"https:\/\/schema.org\/OfflineEventAttendanceMode\",\n\t\t\t\t\t\"name\": \"La flexibilidad como un nuevo vector del sector el\u00e9ctrico\",\n\t\t\t\t\t\"url\": \"https:\/\/www.foment.com\/es\/events\/la-flexibilidad-como-un-nuevo-vector-del-sector-electrico\/\",\n\t\t\t\t\t\"startDate\": \"2026-5-12T10:00+2:00\",\n\t\t\t\t\t\"endDate\": \"2026-5-12T11:30+2:00\",\n\t\t\t\t\t\"image\":\"https:\/\/www.foment.com\/wp-content\/uploads\/2026\/04\/banner.png\", \n\t\t\t\t\t\"description\":\"<p>Fomento del Trabajo en colaboraci\u00f3n con Endesa te invita a asistir a la jornada sobre La Flexibilidad como un nuevo vector del sector el\u00e9ctrico, que se celebrar\u00e1 el pr\u00f3ximo 12 de mayo a las 10:00h en la sede de Fomento del Trabajo.<\/p> <p>El sector el\u00e9ctrico altamente descarbonizado y los nuevos usos de la electricidad hacen necesario desarrollar nuevos servicios de flexibilidad para que los agentes conectados a la red adapten sus perfiles de consumo y generaci\u00f3n a las condiciones del sistema en cada momento. Esta flexibilidad se alcanza mediante herramientas como el almacenamiento de energ\u00eda, las redes inteligentes y la participaci\u00f3n activa de los consumidores.<\/p> <p>En esta sesi\u00f3n profundizaremos sobre los mecanismos actuales y futuros que deben beneficiar al sector empresarial. Para ello, contaremos con la ponencia de Daniel Dav\u00ed, del Departamento de Desarrollo de Nuevas Oportunidades de Negocio de Red de e-Distribuci\u00f3n Redes Digitales del Grupo Endesa, que aportar\u00e1 una visi\u00f3n clave sobre los retos y oportunidades que marcar\u00e1n el futuro del sector.<\/p> <p>La jornada finalizar\u00e1 con un caf\u00e9 networking, un espacio para compartir impresiones y generar nuevas oportunidades de colaboraci\u00f3n.<\/p> <p>Para asistir al evento es indispensable la inscripci\u00f3n previa a trav\u00e9s del siguiente enlace:<\/p> <p style='text-align: center;'>Inscripci\u00f3n al evento, <a href='https:\/\/www.foment.com\/inscripcions-events\/?idevento=8411B5A4-CF38-F111-88B4-7CED8D3FACC9#_msdynmkt_donottrack=0,_msdynmkt_linkid=2a656a5c-ccf7-4e8e-bbb2-498920cc339c'>aqu\u00ed<\/a><\/p> <p>&nbsp;<\/p> \",\"location\":[{\"@type\":\"Place\",\"name\":\"Foment del Treball\",\"address\":{\"@type\": \"PostalAddress\",\"streetAddress\":\"Via Laietana, 32-34, Principal, Barcelona\"}}],\"organizer\":{\"@type\":\"Organization\",\"name\":\"Desarrollo Sostenible\"},\"performer\":{\"@type\":\"Person\",\"name\":\"Desarrollo Sostenible\"},\"eventStatus\":\"https:\/\/schema.org\/EventScheduled\"}<\/script><\/div>\n\t\t\t\t<p class=\"desc_trig_outter\" style=\"background-color:#ffffff;flex-direction: row;\"><a data-gmap_status=\"null\" data-exlk=\"1\"  style=\"border-color: #06cc44;\" id=\"evc_1778580000218867\" class=\"hasFtIMG desc_trig evo_desarrollo-sostenible sin_val evcal_list_a\" data-ux_val=\"3\"  ><span class='ev_ftImg' data-img='https:\/\/www.foment.com\/wp-content\/uploads\/2026\/04\/banner.png' data-thumb='https:\/\/www.foment.com\/wp-content\/uploads\/2026\/04\/banner-300x169.png' style='background-image:url(\"https:\/\/www.foment.com\/wp-content\/uploads\/2026\/04\/banner-300x169.png\")'><\/span><style>.ajde_evcal_calendar.boxy #evcal_list .eventon_list_event .evcal_desc em{color:black;}<\/style><span style='width:100%; background-color:#06cc44 !important;' class='evcal_cblock ' data-smon='mayo' data-syr='2026'><span style='margin-top: 7px;margin-bottom: 7px;' class='evo_start '><em class='date'>12<\/em><em class='month'>may<\/em><em class='time'>10:00<\/em><\/span><span style='margin-top: 7px;margin-bottom: 7px;' class='evo_end only_time'><em class='time'>11:30<\/em><\/span><em class='clear'><\/em><\/span><span class='evcal_desc evo_info '  data-location_address=\"Via Laietana, 32-34, Principal, Barcelona\" data-location_type=\"address\" data-location_name=\"Foment del Treball\" data-location_url=\"https:\/\/www.foment.com\/es\/event-location\/foment-del-treball\/\" data-location_status=\"true\" ><span class='evo_above_title'><\/span><span class='evcal_desc2 evcal_event_title hbaevatitle' itemprop='name'>La flexibilidad como un nuevo vector del sector el\u00e9ctrico<\/span><span class='evo_below_title'><\/span><span class='evcal_desc_info' ><em class='evcal_time evo_tz_time'>10:00 - 11:30<\/em> <\/span><span class='evcal_desc3'><em class=\"evcal_location\"  data-add_str=\"\"><em class=\"event_location_name\">Foment del Treball<\/em><\/em><\/span><span style='height: 60px;'  class='evcal_desc3' ><span class='evcal_event_types ett1'><em>C =<\/em><em data-filter='event_type'>Desarrollo sostenible<\/em><i class='clear'><\/i><\/span><\/span><\/span><em class='clear'><\/em><\/a><\/p><div class='event_description evcal_eventcard ' style=\"display:none\"><div class='evo_metarow_fimg evorow evcal_evdata_img evcal_evdata_row  evo_imghover' data-imgheight='1080' data-imgwidth='1920'  style='background-image: url(\"https:\/\/www.foment.com\/wp-content\/uploads\/2026\/04\/banner.png\")' data-imgstyle='full' data-minheight='400' data-status=''><\/div><div class='evcal_evdata_row evorow_2b evo_metarow_time_location evorow  '>\n\t\t\t\t\t\t\t\t<div class='evorow_b evorow_b1 evo_time'>\n\t\t\t\t\t\t\t\t\t<span class='evcal_evdata_icons'><i class='fa fa-clock'><\/i><\/span>\n\t\t\t\t\t\t\t\t\t<div class='evcal_evdata_cell'>\t\t\t\t\t\t\t\n\t\t\t\t\t\t\t\t\t\t<h3 class='evo_h3'><span class='evcal_evdata_icons'><i class='fa fa-clock'><\/i><\/span>Horario<\/h3>\n\t\t\t\t\t\t\t\t\t\t<p><span class='evo_eventcard_time_t'>(Martes) 10:00 - 11:30<\/span><\/p>\n\t\t\t\t\t\t\t\t\t<\/div>\n\t\t\t\t\t\t\t\t<\/div>\n\t\t\t\t\t\t\t\t<div class='evorow_b evo_location'>\n\t\t\t\t\t\t\t\t\t<span class='evcal_evdata_icons'><i class='fa fa-map-marker-alt'><\/i><\/span>\n\t\t\t\t\t\t\t\t\t<div class='evcal_evdata_cell' data-loc_tax_id='98'><h3 class='evo_h3'><span class='evcal_evdata_icons'><i class='fa fa-map-marker-alt'><\/i><\/span>Lugar<\/h3><p class='evo_location_name'>Foment del Treball<\/p><p class='evo_location_address'>Via Laietana, 32-34, Principal, Barcelona<\/p><\/div>\n\t\t\t\t\t\t\t\t<\/div>\n\t\t\t\t\t\t\t\t\n\t\t\t\t\t\t\t<\/div><div class='evo_metarow_details evorow evcal_evdata_row evcal_event_details'>\n\t\t\t\t\t\t\t\t<div class=\"event_excerpt\" style=\"display:none\"><h3 class=\"padb5 evo_h3\">Detalles del evento<\/h3><p>Fomento del Trabajo en colaboraci\u00f3n con Endesa te invita a asistir a la jornada sobre La Flexibilidad como un nuevo vector del sector el\u00e9ctrico, que se celebrar\u00e1 el pr\u00f3ximo 12<\/p><\/div><span class='evcal_evdata_icons'><i class='fa fa-align-justify'><\/i><\/span>\n\t\t\t\t\t\t\t\t\n\t\t\t\t\t\t\t\t<div class='evcal_evdata_cell '>\n\t\t\t\t\t\t\t\t\t<div class='eventon_full_description'>\n\t\t\t\t\t\t\t\t\t\t<h3 class='padb5 evo_h3'><span class='evcal_evdata_icons'><i class='fa fa-align-justify'><\/i><\/span>Detalles del evento<\/h3>\n\t\t\t\t\t\t\t\t\t\t<div class='eventon_desc_in' itemprop='description'>\n\t\t\t\t\t\t\t\t\t\t<p>Fomento del Trabajo en colaboraci\u00f3n con Endesa te invita a asistir a la jornada sobre La Flexibilidad como un nuevo vector del sector el\u00e9ctrico, que se celebrar\u00e1 el pr\u00f3ximo 12 de mayo a las 10:00h en la sede de Fomento del Trabajo.<\/p>\n<p>El sector el\u00e9ctrico altamente descarbonizado y los nuevos usos de la electricidad hacen necesario desarrollar nuevos servicios de flexibilidad para que los agentes conectados a la red adapten sus perfiles de consumo y generaci\u00f3n a las condiciones del sistema en cada momento. Esta flexibilidad se alcanza mediante herramientas como el almacenamiento de energ\u00eda, las redes inteligentes y la participaci\u00f3n activa de los consumidores.<\/p>\n<p>En esta sesi\u00f3n profundizaremos sobre los mecanismos actuales y futuros que deben beneficiar al sector empresarial. Para ello, contaremos con la ponencia de Daniel Dav\u00ed, del Departamento de Desarrollo de Nuevas Oportunidades de Negocio de Red de e-Distribuci\u00f3n Redes Digitales del Grupo Endesa, que aportar\u00e1 una visi\u00f3n clave sobre los retos y oportunidades que marcar\u00e1n el futuro del sector.<\/p>\n<p>La jornada finalizar\u00e1 con un caf\u00e9 networking, un espacio para compartir impresiones y generar nuevas oportunidades de colaboraci\u00f3n.<\/p>\n<p>Para asistir al evento es indispensable la inscripci\u00f3n previa a trav\u00e9s del siguiente enlace:<\/p>\n<p style=\"text-align: center;\">Inscripci\u00f3n al evento, <a href=\"https:\/\/www.foment.com\/inscripcions-events\/?idevento=8411B5A4-CF38-F111-88B4-7CED8D3FACC9#_msdynmkt_donottrack=0,_msdynmkt_linkid=2a656a5c-ccf7-4e8e-bbb2-498920cc339c\">aqu\u00ed<\/a><\/p>\n<p>&nbsp;<\/p>\n<\/div><div class='clear'><\/div>\n\t\t\t\t\t\t\t\t\t<\/div>\n\t\t\t\t\t\t\t\t<\/div>\n\t\t\t\t\t\t\t<\/div><div class='evo_metarow_organizer evorow evcal_evdata_row evcal_evrow_sm '>\n\t\t\t\t\t\t\t\t<span class='evcal_evdata_icons'><i class='fa fa-headphones'><\/i><\/span>\n\t\t\t\t\t\t\t\t<div class='evcal_evdata_cell'>\t\t\t\t\t\t\t\n\t\t\t\t\t\t\t\t\t<h3 class='evo_h3'>Organizador<\/h3>\n\t\t\t\t\t\t\t\t\t<p class='evo_data_val evo_card_organizer_image'><img src='https:\/\/www.foment.com\/wp-content\/uploads\/2018\/01\/nou_logo_Sostenible_es-300x80.png'\/><\/p>\n\t\t\t\t\t\t\t\t\t<div class='evo_card_organizer'><p class='evo_data_val evo_card_organizer_name'>\n\t\t\t\t\t\t\t\t\t\t<span class='evo_card_organizer_name_t'>Desarrollo Sostenible<\/span>\n\t\t\t\t\t\t\t\t\t\t\n\t\t\t\t\t\t\t\t\t\t<\/p><\/div><div class='clear'><\/div>\t\t\t\t\t\t\t\n\t\t\t\t\t\t\t\t<\/div>\n\t\t\t\t\t\t\t<\/div><div class='evcal_evdata_row evo_metarow_locImg evorow ' style='height:400px; background-image:url(https:\/\/www.foment.com\/wp-content\/uploads\/2022\/06\/Edifici-Foment-2020-scaled.jpg)' id='146693_locimg' ><\/div>\t\t\t\t\t\t\t<div class='evo_metarow_ICS evorow evcal_evdata_row'>\n\t\t\t\t\t\t\t\t<span class=\"evcal_evdata_icons\"><i class=\"fa fa-calendar\"><\/i><\/span>\n\t\t\t\t\t\t\t\t<div class='evcal_evdata_cell'>\n\t\t\t\t\t\t\t\t\t<p><a href='https:\/\/www.foment.com\/wp-admin\/admin-ajax.php?action=eventon_ics_download&amp;event_id=218867&amp;ri=0' class='evo_ics_nCal' title='Add to your calendar'>Calendar<\/a><a href='\/\/www.google.com\/calendar\/event?action=TEMPLATE&amp;text=La+flexibilidad+como+un+nuevo+vector+del+sector+el%C3%A9ctrico&amp;dates=20260512T080000Z\/20260512T093000Z&amp;ctz=Europe\/Madrid&amp;details=La+flexibilidad+como+un+nuevo+vector+del+sector+el%C3%A9ctrico&amp;location=Foment+del+TreballVia+Laietana%2C+32-34%2C+Principal%2C+Barcelona' target='_blank' class='evo_ics_gCal' title='Add to google calendar'>GoogleCal<\/a><\/p>\t\n\t\t\t\t\t\t\t\t<\/div>\n\t\t\t\t\t\t\t<\/div>\n\t\t\t\t\t\t\t<div class='evo_card_row_end evcal_close' title='Close'><\/div><\/div><div class='clear end'><\/div><\/div><div  id=\"event_218585_0\" class=\"eventon_list_event evo_eventtop scheduled  event event_218585_0\" data-event_id=\"218585\" data-ri=\"0r\" data-time=\"1778580000-1778589000\" data-colr=\"#00a499\" itemscope itemtype='http:\/\/schema.org\/Event'><div class=\"evo_event_schema\" style=\"display:none\" ><a itemprop='url'  href='https:\/\/www.foment.com\/es\/events\/cuando-la-presencia-no-es-exposicion-claves-para-entender-el-riesgo-cancerigeno-en-el-entorno-laboral\/'><\/a><meta itemprop='image' content=\"https:\/\/www.foment.com\/wp-content\/uploads\/2026\/04\/Caratula-cancerigenos-ESP.jpg\" \/><meta itemprop='startDate' content=\"2026-5-12T10:00+2:00\" \/><meta itemprop='endDate' content=\"2026-5-12T12:30+2:00\" \/><meta itemprop='eventStatus' content=\"https:\/\/schema.org\/EventScheduled\" \/><item style=\"display:none\" itemprop=\"eventAttendanceMode\" itemscope itemtype=\"https:\/\/schema.org\/OfflineEventAttendanceMode\"><\/item><div itemprop=\"organizer\" itemscope=\"\" itemtype=\"http:\/\/schema.org\/Organization\">\n\t\t\t\t\t    \t<meta itemprop=\"name\" content=\"Of. T\u00e9cnica de Prevenci\u00f3n de Riesgos Laborales\">\n\t\t\t\t\t    \t<\/div><div itemprop=\"performer\" itemscope=\"\" itemtype=\"http:\/\/schema.org\/Person\">\n\t\t\t\t\t    \t<meta itemprop=\"name\" content=\"Of. T\u00e9cnica de Prevenci\u00f3n de Riesgos Laborales\">\n\t\t\t\t\t    <\/div><script type=\"application\/ld+json\">{\"@context\": \"http:\/\/schema.org\",\"@type\": \"Event\",\n\t\t\t\t\t\"@id\": \"event_218585_0\",\n\t\t\t\t\t\"eventAttendanceMode\":\"https:\/\/schema.org\/OfflineEventAttendanceMode\",\n\t\t\t\t\t\"name\": \"Cuando la presencia no es exposici\u00f3n: claves para entender el riesgo cancer\u00edgeno en el entorno laboral\",\n\t\t\t\t\t\"url\": \"https:\/\/www.foment.com\/es\/events\/cuando-la-presencia-no-es-exposicion-claves-para-entender-el-riesgo-cancerigeno-en-el-entorno-laboral\/\",\n\t\t\t\t\t\"startDate\": \"2026-5-12T10:00+2:00\",\n\t\t\t\t\t\"endDate\": \"2026-5-12T12:30+2:00\",\n\t\t\t\t\t\"image\":\"https:\/\/www.foment.com\/wp-content\/uploads\/2026\/04\/Caratula-cancerigenos-ESP.jpg\", \n\t\t\t\t\t\"description\":\"<p>[vc_row][vc_column][vc_column_text]<\/p> <p>&nbsp;<\/p> <p style='text-align: center;'><span style='color: #a60f0f; font-family: verdana, geneva, sans-serif;'><span style='font-size: 24px;'>Cuando la presencia no es exposici\u00f3n: claves para entender el riesgo cancer\u00edgeno en el entorno laboral<\/span><\/span><\/p> <p>&nbsp;<\/p> <p style='text-align: justify;'><span style='font-family: verdana, geneva, sans-serif; font-size: 14px;'>La exposici\u00f3n laboral a sustancias cancer\u00edgenas, mut\u00e1genas y t\u00f3xicas para la reproducci\u00f3n (CMR) constituye, hoy en dia, una de las mayores amenazas silenciosas para la salud en los entornos laborales. Aunque la Uni\u00f3n Europea y Espa\u00f1a han respondido con m\u00faltiples reformas normativas, el problema no se resuelve exclusivamente con regulaciones m\u00e1s estrictas. De hecho, uno de los obst\u00e1culos centrales sigue siendo la ambig\u00fcedad en torno a qu\u00e9 entendemos realmente por exposici\u00f3n: confundir presencia ambiental con exposici\u00f3n real genera inseguridad jur\u00eddica y dispersa esfuerzos preventivos all\u00ed donde son innecesarios, desvi\u00e1ndolos de donde son cruciales.<\/span><\/p> <p style='text-align: justify;'><span style='font-family: verdana, geneva, sans-serif; font-size: 14px;'>Durante la jornada se presentar\u00e1 la <strong>Gu\u00eda de recomendaciones para el abordaje de la gesti\u00f3n de los agentes cancer\u00edgenos, mutag\u00e9nicos y reprot\u00f3xicos en el entorno laboral<\/strong>, editada por Foment del Treball, que ofrece una reinterpretaci\u00f3n del concepto de exposici\u00f3n desde un enfoque pragm\u00e1tico, basado en la evidencia cient\u00edfica actual y en la normativa t\u00e9cnica internacional, como la Norma UNE-EN 689:2019 o la TRGS 910 alemana. De esta manera se proporciona a los profesionales de la Higiene Industrial, responsables de prevenci\u00f3n y salud laboral y, en general, a todo aquellos implicados en la protecci\u00f3n frente a los riesgos qu\u00edmicos debidos a la exposici\u00f3n a agentes cancer\u00edgenos, mut\u00e1genos y t\u00f3xicos para la reproducci\u00f3n, criterios claros y una metodologia que asegura, no solo la reducci\u00f3n del riesgo real, sino tambi\u00e9n la certeza jur\u00eddica y t\u00e9cnica en cada decisi\u00f3n adoptada.<\/span><\/p> <p>[\/vc_column_text][\/vc_column][\/vc_row][vc_row][vc_column width=\u00bb1\/2&#8243;][vc_btn title=\u00bbDescargar programa\u00bb style=\u00bboutline-custom\u00bb outline_custom_color=\u00bb#dd3333&#8243; outline_custom_hover_background=\u00bb#000000&#8243; outline_custom_hover_text=\u00bb#ffffff\u00bb align=\u00bbcenter\u00bb link=\u00bburl:https%3A%2F%2Ffomentdeltreball.sharepoint.com%2F%3Ab%3A%2Fg%2FIQAeDSnP2mwKQ4EP2P15drquAYhyaBUVswVqZvOsHmMHjmA|target:_blank\u00bb css=\u00bb.vc_custom_1777033437550{background-color: #ffffff !important;}\u00bb][\/vc_column][vc_column width=\u00bb1\/2&#8243;][vc_btn title=\u00bbInscripci\u00f3n\u00bb style=\u00bboutline-custom\u00bb outline_custom_color=\u00bb#dd3333&#8243; outline_custom_hover_background=\u00bb#000000&#8243; outline_custom_hover_text=\u00bb#ffffff\u00bb align=\u00bbcenter\u00bb link=\u00bburl:https%3A%2F%2Fwww.foment.com%2Fes%2Finscripciones-eventos%2F%3Fidevento%3DB92D31BB-D23F-F111-88B4-7CED8D3FACC9|target:_blank\u00bb css=\u00bb.vc_custom_1777033569817{background-color: #ffffff !important;}\u00bb][\/vc_column][\/vc_row][vc_row][vc_column][vc_column_text]<br \/> [\/vc_column_text][vc_single_image image=\u00bb213981&#8243; img_size=\u00bblarge\u00bb][\/vc_column][\/vc_row]<\/p> \",\"organizer\":{\"@type\":\"Organization\",\"name\":\"Of. T\u00e9cnica de Prevenci\u00f3n de Riesgos Laborales\"},\"performer\":{\"@type\":\"Person\",\"name\":\"Of. T\u00e9cnica de Prevenci\u00f3n de Riesgos Laborales\"},\"eventStatus\":\"https:\/\/schema.org\/EventScheduled\"}<\/script><\/div>\n\t\t\t\t<p class=\"desc_trig_outter\" style=\"background-color:#ffffff;flex-direction: row;\"><a data-gmap_status=\"null\" data-exlk=\"1\"  style=\"border-color: #00a499;\" id=\"evc_1778580000218585\" class=\"hasFtIMG desc_trig evo_prevencion-riesgos-laborales sin_val evcal_list_a\" data-ux_val=\"3\"  ><span class='ev_ftImg' data-img='https:\/\/www.foment.com\/wp-content\/uploads\/2026\/04\/Caratula-cancerigenos-ESP.jpg' data-thumb='https:\/\/www.foment.com\/wp-content\/uploads\/2026\/04\/Caratula-cancerigenos-ESP-300x169.jpg' style='background-image:url(\"https:\/\/www.foment.com\/wp-content\/uploads\/2026\/04\/Caratula-cancerigenos-ESP-300x169.jpg\")'><\/span><style>.ajde_evcal_calendar.boxy #evcal_list .eventon_list_event .evcal_desc em{color:black;}<\/style><span style='width:100%; background-color:#00a499 !important;' class='evcal_cblock ' data-smon='mayo' data-syr='2026'><span style='margin-top: 7px;margin-bottom: 7px;' class='evo_start '><em class='date'>12<\/em><em class='month'>may<\/em><em class='time'>10:00<\/em><\/span><span style='margin-top: 7px;margin-bottom: 7px;' class='evo_end only_time'><em class='time'>12:30<\/em><\/span><em class='clear'><\/em><\/span><span class='evcal_desc evo_info '  ><span class='evo_above_title'><\/span><span class='evcal_desc2 evcal_event_title hbaevatitle' itemprop='name'>Cuando la presencia no es exposici\u00f3n: claves para entender el riesgo cancer\u00edgeno en el entorno laboral<\/span><span class='evo_below_title'><\/span><span class='evcal_desc_info' ><em class='evcal_time evo_tz_time'>10:00 - 12:30<\/em> <\/span><span class='evcal_desc3'><\/span><span style='height: 60px;'  class='evcal_desc3' ><span class='evcal_event_types ett1'><em>C =<\/em><em data-filter='event_type'>Prevenci\u00f3n Riesgos Laborales<\/em><i class='clear'><\/i><\/span><\/span><\/span><em class='clear'><\/em><\/a><\/p><div class='event_description evcal_eventcard ' style=\"display:none\"><div class='evo_metarow_fimg evorow evcal_evdata_img evcal_evdata_row  evo_imghover' data-imgheight='1080' data-imgwidth='1920'  style='background-image: url(\"https:\/\/www.foment.com\/wp-content\/uploads\/2026\/04\/Caratula-cancerigenos-ESP.jpg\")' data-imgstyle='full' data-minheight='400' data-status=''><\/div><div class='evo_metarow_time evorow evcal_evdata_row evcal_evrow_sm '>\n\t\t\t\t\t\t\t\t<span class='evcal_evdata_icons'><i class='fa fa-clock'><\/i><\/span>\n\t\t\t\t\t\t\t\t<div class='evcal_evdata_cell'>\t\t\t\t\t\t\t\n\t\t\t\t\t\t\t\t\t<h3 class='evo_h3'><span class='evcal_evdata_icons'><i class='fa fa-clock'><\/i><\/span>Horario<\/h3><p><span class='evo_eventcard_time_t'>(Martes) 10:00 - 12:30<\/span><\/p>\n\t\t\t\t\t\t\t\t<\/div>\n\t\t\t\t\t\t\t<\/div><div class='evo_metarow_details evorow evcal_evdata_row evcal_event_details'>\n\t\t\t\t\t\t\t\t<div class=\"event_excerpt\" style=\"display:none\"><h3 class=\"padb5 evo_h3\">Detalles del evento<\/h3><p>[vc_row][vc_column][vc_column_text]\n&nbsp;\nCuando la presencia no es exposici\u00f3n: claves para entender el riesgo cancer\u00edgeno en el entorno laboral\n&nbsp;\n<\/p><\/div><span class='evcal_evdata_icons'><i class='fa fa-align-justify'><\/i><\/span>\n\t\t\t\t\t\t\t\t\n\t\t\t\t\t\t\t\t<div class='evcal_evdata_cell '>\n\t\t\t\t\t\t\t\t\t<div class='eventon_full_description'>\n\t\t\t\t\t\t\t\t\t\t<h3 class='padb5 evo_h3'><span class='evcal_evdata_icons'><i class='fa fa-align-justify'><\/i><\/span>Detalles del evento<\/h3>\n\t\t\t\t\t\t\t\t\t\t<div class='eventon_desc_in' itemprop='description'>\n\t\t\t\t\t\t\t\t\t\t<p>[vc_row][vc_column][vc_column_text]<\/p>\n<p>&nbsp;<\/p>\n<p style=\"text-align: center;\"><span style=\"color: #a60f0f; font-family: verdana, geneva, sans-serif;\"><span style=\"font-size: 24px;\">Cuando la presencia no es exposici\u00f3n: claves para entender el riesgo cancer\u00edgeno en el entorno laboral<\/span><\/span><\/p>\n<p>&nbsp;<\/p>\n<p style=\"text-align: justify;\"><span style=\"font-family: verdana, geneva, sans-serif; font-size: 14px;\">La exposici\u00f3n laboral a sustancias cancer\u00edgenas, mut\u00e1genas y t\u00f3xicas para la reproducci\u00f3n (CMR) constituye, hoy en dia, una de las mayores amenazas silenciosas para la salud en los entornos laborales. Aunque la Uni\u00f3n Europea y Espa\u00f1a han respondido con m\u00faltiples reformas normativas, el problema no se resuelve exclusivamente con regulaciones m\u00e1s estrictas. De hecho, uno de los obst\u00e1culos centrales sigue siendo la ambig\u00fcedad en torno a qu\u00e9 entendemos realmente por exposici\u00f3n: confundir presencia ambiental con exposici\u00f3n real genera inseguridad jur\u00eddica y dispersa esfuerzos preventivos all\u00ed donde son innecesarios, desvi\u00e1ndolos de donde son cruciales.<\/span><\/p>\n<p style=\"text-align: justify;\"><span style=\"font-family: verdana, geneva, sans-serif; font-size: 14px;\">Durante la jornada se presentar\u00e1 la <strong>Gu\u00eda de recomendaciones para el abordaje de la gesti\u00f3n de los agentes cancer\u00edgenos, mutag\u00e9nicos y reprot\u00f3xicos en el entorno laboral<\/strong>, editada por Foment del Treball, que ofrece una reinterpretaci\u00f3n del concepto de exposici\u00f3n desde un enfoque pragm\u00e1tico, basado en la evidencia cient\u00edfica actual y en la normativa t\u00e9cnica internacional, como la Norma UNE-EN 689:2019 o la TRGS 910 alemana. De esta manera se proporciona a los profesionales de la Higiene Industrial, responsables de prevenci\u00f3n y salud laboral y, en general, a todo aquellos implicados en la protecci\u00f3n frente a los riesgos qu\u00edmicos debidos a la exposici\u00f3n a agentes cancer\u00edgenos, mut\u00e1genos y t\u00f3xicos para la reproducci\u00f3n, criterios claros y una metodologia que asegura, no solo la reducci\u00f3n del riesgo real, sino tambi\u00e9n la certeza jur\u00eddica y t\u00e9cnica en cada decisi\u00f3n adoptada.<\/span><\/p>\n<p>[\/vc_column_text][\/vc_column][\/vc_row][vc_row][vc_column width=\u00bb1\/2&#8243;][vc_btn title=\u00bbDescargar programa\u00bb style=\u00bboutline-custom\u00bb outline_custom_color=\u00bb#dd3333&#8243; outline_custom_hover_background=\u00bb#000000&#8243; outline_custom_hover_text=\u00bb#ffffff\u00bb align=\u00bbcenter\u00bb link=\u00bburl:https%3A%2F%2Ffomentdeltreball.sharepoint.com%2F%3Ab%3A%2Fg%2FIQAeDSnP2mwKQ4EP2P15drquAYhyaBUVswVqZvOsHmMHjmA|target:_blank\u00bb css=\u00bb.vc_custom_1777033437550{background-color: #ffffff !important;}\u00bb][\/vc_column][vc_column width=\u00bb1\/2&#8243;][vc_btn title=\u00bbInscripci\u00f3n\u00bb style=\u00bboutline-custom\u00bb outline_custom_color=\u00bb#dd3333&#8243; outline_custom_hover_background=\u00bb#000000&#8243; outline_custom_hover_text=\u00bb#ffffff\u00bb align=\u00bbcenter\u00bb link=\u00bburl:https%3A%2F%2Fwww.foment.com%2Fes%2Finscripciones-eventos%2F%3Fidevento%3DB92D31BB-D23F-F111-88B4-7CED8D3FACC9|target:_blank\u00bb css=\u00bb.vc_custom_1777033569817{background-color: #ffffff !important;}\u00bb][\/vc_column][\/vc_row][vc_row][vc_column][vc_column_text]<br \/>\n[\/vc_column_text][vc_single_image image=\u00bb213981&#8243; img_size=\u00bblarge\u00bb][\/vc_column][\/vc_row]<\/p>\n<\/div><div class='clear'><\/div>\n\t\t\t\t\t\t\t\t\t<\/div>\n\t\t\t\t\t\t\t\t<\/div>\n\t\t\t\t\t\t\t<\/div><div class='evo_metarow_organizer evorow evcal_evdata_row evcal_evrow_sm '>\n\t\t\t\t\t\t\t\t<span class='evcal_evdata_icons'><i class='fa fa-headphones'><\/i><\/span>\n\t\t\t\t\t\t\t\t<div class='evcal_evdata_cell'>\t\t\t\t\t\t\t\n\t\t\t\t\t\t\t\t\t<h3 class='evo_h3'>Organizador<\/h3>\n\t\t\t\t\t\t\t\t\t\n\t\t\t\t\t\t\t\t\t<div class='evo_card_organizer'><p class='evo_data_val evo_card_organizer_name'>\n\t\t\t\t\t\t\t\t\t\t<span class='evo_card_organizer_name_t'>Of. T\u00e9cnica de Prevenci\u00f3n de Riesgos Laborales<\/span>\n\t\t\t\t\t\t\t\t\t\t\n\t\t\t\t\t\t\t\t\t\t<\/p><\/div><div class='clear'><\/div>\t\t\t\t\t\t\t\n\t\t\t\t\t\t\t\t<\/div>\n\t\t\t\t\t\t\t<\/div>\t\t\t\t\t\t\t<div class='evo_metarow_ICS evorow evcal_evdata_row'>\n\t\t\t\t\t\t\t\t<span class=\"evcal_evdata_icons\"><i class=\"fa fa-calendar\"><\/i><\/span>\n\t\t\t\t\t\t\t\t<div class='evcal_evdata_cell'>\n\t\t\t\t\t\t\t\t\t<p><a href='https:\/\/www.foment.com\/wp-admin\/admin-ajax.php?action=eventon_ics_download&amp;event_id=218585&amp;ri=0' class='evo_ics_nCal' title='Add to your calendar'>Calendar<\/a><a href='\/\/www.google.com\/calendar\/event?action=TEMPLATE&amp;text=Cuando+la+presencia+no+es+exposici%C3%B3n%3A+claves+para+entender+el+riesgo+cancer%C3%ADgeno+en+el+entorno+laboral&amp;dates=20260512T080000Z\/20260512T103000Z&amp;ctz=Europe\/Madrid&amp;details=Cuando+la+presencia+no+es+exposici%C3%B3n%3A+claves+para+entender+el+riesgo+cancer%C3%ADgeno+en+el+entorno+laboral&amp;location=' target='_blank' class='evo_ics_gCal' title='Add to google calendar'>GoogleCal<\/a><\/p>\t\n\t\t\t\t\t\t\t\t<\/div>\n\t\t\t\t\t\t\t<\/div>\n\t\t\t\t\t\t\t<div class='evo_card_row_end evcal_close' title='Close'><\/div><\/div><div class='clear end'><\/div><\/div><div  id=\"event_218729_0\" class=\"eventon_list_event evo_eventtop scheduled  event event_218729_0\" data-event_id=\"218729\" data-ri=\"0r\" data-time=\"1778750100-1778756400\" data-colr=\"#0db270\" itemscope itemtype='http:\/\/schema.org\/Event'><div class=\"evo_event_schema\" style=\"display:none\" ><a itemprop='url'  href='https:\/\/www.foment.com\/es\/events\/218729\/'><\/a><meta itemprop='image'  \/><meta itemprop='startDate' content=\"2026-5-14T09:15+2:00\" \/><meta itemprop='endDate' content=\"2026-5-14T11:00+2:00\" \/><meta itemprop='eventStatus' content=\"https:\/\/schema.org\/EventScheduled\" \/><item style=\"display:none\" itemprop=\"location\" itemscope itemtype=\"http:\/\/schema.org\/Place\"><span itemprop=\"name\">Foment del Treball<\/span><span itemprop=\"address\" itemscope itemtype=\"http:\/\/schema.org\/PostalAddress\"><item itemprop=\"streetAddress\">Via Laietana, 32-34, Principal, Barcelona<\/item><\/span><\/item><item style=\"display:none\" itemprop=\"eventAttendanceMode\" itemscope itemtype=\"https:\/\/schema.org\/OfflineEventAttendanceMode\"><\/item><div itemprop=\"organizer\" itemscope=\"\" itemtype=\"http:\/\/schema.org\/Organization\">\n\t\t\t\t\t    \t<meta itemprop=\"name\" content=\"Internacional\">\n\t\t\t\t\t    \t<\/div><div itemprop=\"performer\" itemscope=\"\" itemtype=\"http:\/\/schema.org\/Person\">\n\t\t\t\t\t    \t<meta itemprop=\"name\" content=\"Internacional\">\n\t\t\t\t\t    <\/div><script type=\"application\/ld+json\">{\"@context\": \"http:\/\/schema.org\",\"@type\": \"Event\",\n\t\t\t\t\t\"@id\": \"event_218729_0\",\n\t\t\t\t\t\"eventAttendanceMode\":\"https:\/\/schema.org\/OfflineEventAttendanceMode\",\n\t\t\t\t\t\"name\": \"Jornada Empresarial | Paraguay: Puerta estrat\u00e9gica para invertir y expandirse en Am\u00e9rica Latina\",\n\t\t\t\t\t\"url\": \"https:\/\/www.foment.com\/es\/events\/218729\/\",\n\t\t\t\t\t\"startDate\": \"2026-5-14T09:15+2:00\",\n\t\t\t\t\t\"endDate\": \"2026-5-14T11:00+2:00\",\n\t\t\t\t\t\"image\":\"\", \n\t\t\t\t\t\"description\":\"<p>[vc_row][vc_column width=\u00bb1\/1&#8243;][vc_btn title=\u00bbINSCRIPCI\u00d3N GRATUITA\u00bb style=\u00bb3d\u00bb color=\u00bbdanger\u00bb size=\u00bblg\u00bb align=\u00bbcenter\u00bb button_block=\u00bbtrue\u00bb link=\u00bburl:https%3A%2F%2Fwww.foment.com%2Finscripcions-events%2F%3Fidevento%3DCB76A37B-303E-F111-88B4-000D3ADCC39A%23msdynmkt_trackingcontext%3D6680d0d6-31bf-49cf-bdcf-76c9c3490000&#8243;][vc_column_text]<\/p> <p>&nbsp;<\/p> <p style='text-align: center;'><span style='color: #c2112d; font-family: verdana, geneva, sans-serif; font-size: 18px;'>Foment del Treball, el Consulado General de Paraguay en Espa\u00f1a y la Red de Inversiones y Exportaciones de Paraguay (REDIEX)<\/span><\/p> <p style='text-align: center;'><span style='font-family: verdana, geneva, sans-serif; font-size: 18px;'>tienen el placer de invitarle a la<\/span><\/p> <p style='text-align: center;'><strong><span style='font-family: verdana, geneva, sans-serif; font-size: 18px;'>Jornada Empresarial<\/span><\/strong><\/p> <p style='text-align: center;'><span style='font-family: verdana, geneva, sans-serif; font-size: 18px;'><strong><span style='color: #c2112d;'>Paraguay: Puerta estrat\u00e9gica para invertir y expandirse en Am\u00e9rica Latina<\/span><\/strong><\/span><\/p> <p style='text-align: center;'><span style='font-family: verdana, geneva, sans-serif; font-size: 18px;'>con la participaci\u00f3n de<\/span><\/p> <p style='text-align: center;'><span style='color: #c2112d; font-family: verdana, geneva, sans-serif; font-size: 18px;'>S. E. Alberto Sborovsky<\/span><br \/> <span style='color: #c2112d; font-family: verdana, geneva, sans-serif; font-size: 18px;'>Vice Ministro de Comercio y servicios de la Rep\u00fablica de Paraguay<\/span><\/p> <p style='text-align: center;'><span style='font-family: verdana, geneva, sans-serif; font-size: 18px;'>en el marco de su visita oficial a Barcelona<\/span><\/p> <p>&nbsp;<\/p> <p style='text-align: justify;'><span style='font-family: verdana, geneva, sans-serif; font-size: 13px;'>Paraguay se posiciona hoy como uno de los destinos m\u00e1s atractivos para las empresas que buscan crecer en Am\u00e9rica Latina. Su entorno macroecon\u00f3mico estable, sus costes operativos competitivos, sus incentivos fiscales y su ubicaci\u00f3n estrat\u00e9gica en el centro de Sudam\u00e9rica lo convierten en una plataforma ideal para invertir, producir y exportar al Mercosur, con acceso preferencial a un mercado de m\u00e1s de 300 millones de consumidores.<\/span><\/p> <p style='text-align: justify;'><span style='font-family: verdana, geneva, sans-serif; font-size: 13px;'>Para las empresas catalanas, Paraguay representa una oportunidad real para impulsar procesos de internacionalizaci\u00f3n, establecer implantaciones productivas y abrir nuevas v\u00edas de negocio en la regi\u00f3n, desde una base eficiente, segura y con gran proyecci\u00f3n.<\/span><\/p> <p style='text-align: justify;'><span style='font-family: verdana, geneva, sans-serif; font-size: 13px;'>Esta jornada ser\u00e1 una ocasi\u00f3n \u00fanica para conocer de primera mano las ventajas competitivas que ofrece el pa\u00eds, identificar oportunidades de inversi\u00f3n y expansi\u00f3n, y establecer contacto con un representante institucional de primer nivel.<\/span><\/p> <p style='text-align: justify;'><span style='font-family: verdana, geneva, sans-serif; font-size: 13px;'>Dirigido a empresas interesadas en internacionalizaci\u00f3n, implantaci\u00f3n productiva y desarrollo de oportunidades de negocio en Am\u00e9rica Latina.<\/span><\/p> <p style='text-align: center;'><span style='font-family: verdana, geneva, sans-serif; font-size: 13px;'><strong>Plazas limitadas. Inscr\u00edbase ahora y d\u00e9 el primer paso para impulsar su negocio en Am\u00e9rica Latina.<\/strong><\/span><\/p> <p><span style='color: #c2112d; font-family: verdana, geneva, sans-serif; font-size: 13px;'>PROGRAMA<\/span><\/p> <p><span style='color: #c2112d; font-family: verdana, geneva, sans-serif; font-size: 13px;'>09.15 h. | Acreditaciones<\/span><\/p> <p><span style='color: #c2112d; font-family: verdana, geneva, sans-serif; font-size: 13px;'>09.30 h. | Bienvenida institucional<\/span><br \/> <span style='font-family: verdana, geneva, sans-serif; font-size: 13px;'><strong>M\u00aa Helena de Felipe,<\/strong> vicepresidenta de Foment del Treball<\/span><br \/> <span style='font-family: verdana, geneva, sans-serif; font-size: 13px;'><strong>S. E. Javier Parrondo,<\/strong> Embajador de Paraguay en Espa\u00f1a<\/span><br \/> <span style='font-family: verdana, geneva, sans-serif; font-size: 13px;'><strong>S. E. Jose Maria Gonz\u00e1lez \u00c1vila,<\/strong> C\u00f3nsul General de Paraguay en Barcelona<\/span><\/p> <p><span style='color: #c2112d; font-family: verdana, geneva, sans-serif; font-size: 13px;'>09.45 h. | Paraguay como Hub regional de inversi\u00f3n y negocios<\/span><br \/> <span style='font-family: verdana, geneva, sans-serif; font-size: 13px;'><strong>S. E. Alberto Sborovsky,<\/strong> Vice Ministro de Comercio y Servicios de la Rep\u00fablica de Paraguay<\/span><br \/> <span style='font-family: verdana, geneva, sans-serif; font-size: 13px;'><strong>Do\u00f1a Nat\u00e1lia C\u00e1ceres,<\/strong> Consejero Comercial de Paraguay en Espa\u00f1a<\/span><\/p> <p><span style='color: #c2112d; font-family: verdana, geneva, sans-serif; font-size: 13px;'>10.15 h. | Experiencias empresariales de implantaci\u00f3n y negocios en Paraguay<\/span><br \/> <span style='font-family: verdana, geneva, sans-serif; font-size: 13px;'><strong>Sra. Jorge Costa,<\/strong> Presidente del Grupo Costa<\/span><\/p> <p><span style='color: #c2112d; font-family: verdana, geneva, sans-serif; font-size: 13px;'>10.25 h. | Turno de preguntas<\/span><\/p> <p><span style='color: #c2112d; font-family: verdana, geneva, sans-serif; font-size: 13px;'>10.40 h. | Cierre de la sesi\u00f3n<\/span>[\/vc_column_text][\/vc_column][\/vc_row][vc_row][vc_column width=\u00bb1\/2&#8243;][vc_column_text]<span style='font-family: verdana, geneva, sans-serif; font-size: 12px;'>Amb el suport de:<\/span>[\/vc_column_text]<div class='single_image wpb_content_element align-left    ' data-animation='none' data-delay='0'><a href='http:\/\/www.accio.gencat.cat' target='_self'><img width='300' height='68' src='https:\/\/www.foment.com\/wp-content\/uploads\/2026\/03\/ACCIO-integrat-Horitzontal-CAT-color-300x68.png' class='attachment-medium' alt='' loading='lazy' title='ACCIO-integrat-Horitzontal-CAT-color' srcset='https:\/\/www.foment.com\/wp-content\/uploads\/2026\/03\/ACCIO-integrat-Horitzontal-CAT-color-300x68.png 300w, https:\/\/www.foment.com\/wp-content\/uploads\/2026\/03\/ACCIO-integrat-Horitzontal-CAT-color.png 559w' sizes='(max-width: 300px) 100vw, 300px' \/><\/a><\/div>[\/vc_column][vc_column width=\u00bb1\/2&#8243;][vc_column_text]<strong><span style='font-family: verdana, geneva, sans-serif; font-size: 12px;'>Con la colaboraci\u00f3n de:<\/span><\/strong>[\/vc_column_text]<div class='single_image wpb_content_element align-left    ' data-animation='none' data-delay='0'><img width='300' height='155' src='https:\/\/www.foment.com\/wp-content\/uploads\/2026\/01\/Amec-1-300x155.jpg' class='attachment-medium' alt='' loading='lazy' title='Amec' srcset='https:\/\/www.foment.com\/wp-content\/uploads\/2026\/01\/Amec-1-300x155.jpg 300w, https:\/\/www.foment.com\/wp-content\/uploads\/2026\/01\/Amec-1-1024x530.jpg 1024w, https:\/\/www.foment.com\/wp-content\/uploads\/2026\/01\/Amec-1-768x397.jpg 768w, https:\/\/www.foment.com\/wp-content\/uploads\/2026\/01\/Amec-1.jpg 1450w' sizes='(max-width: 300px) 100vw, 300px' \/><\/div>[\/vc_column][\/vc_row]<\/p> \",\"location\":[{\"@type\":\"Place\",\"name\":\"Foment del Treball\",\"address\":{\"@type\": \"PostalAddress\",\"streetAddress\":\"Via Laietana, 32-34, Principal, Barcelona\"}}],\"organizer\":{\"@type\":\"Organization\",\"name\":\"Internacional\"},\"performer\":{\"@type\":\"Person\",\"name\":\"Internacional\"},\"eventStatus\":\"https:\/\/schema.org\/EventScheduled\"}<\/script><\/div>\n\t\t\t\t<p class=\"desc_trig_outter\" style=\"background-color:#ffffff;flex-direction: row;\"><a data-gmap_status=\"null\" data-exlk=\"1\"  style=\"border-color: #0db270;\" id=\"evc_1778750100218729\" class=\"desc_trig evo_internacional-es sin_val evcal_list_a\" data-ux_val=\"3\"  ><style>.ajde_evcal_calendar.boxy #evcal_list .eventon_list_event .evcal_desc em{color:black;}<\/style><span style='width:100%; background-color:#0db270 !important;' class='evcal_cblock ' data-smon='mayo' data-syr='2026'><span style='margin-top: 7px;margin-bottom: 7px;' class='evo_start '><em class='date'>14<\/em><em class='month'>may<\/em><em class='time'>9:15<\/em><\/span><span style='margin-top: 7px;margin-bottom: 7px;' class='evo_end only_time'><em class='time'>11:00<\/em><\/span><em class='clear'><\/em><\/span><span class='evcal_desc evo_info '  data-location_address=\"Via Laietana, 32-34, Principal, Barcelona\" data-location_type=\"address\" data-location_name=\"Foment del Treball\" data-location_url=\"https:\/\/www.foment.com\/es\/event-location\/foment-del-treball\/\" data-location_status=\"true\" ><span class='evo_above_title'><\/span><span class='evcal_desc2 evcal_event_title hbaevatitle' itemprop='name'>Jornada Empresarial | Paraguay: Puerta estrat\u00e9gica para invertir y expandirse en Am\u00e9rica Latina<\/span><span class='evo_below_title'><span class='evcal_event_subtitle' >participaci\u00f3n de S. E. Alberto Sborovsky, Vice Ministro de Comercio y servicios de la Rep\u00fablica de Paraguay<\/span><\/span><span class='evcal_desc_info' ><em class='evcal_time evo_tz_time'>9:15 - 11:00<\/em> <\/span><span class='evcal_desc3'><em class=\"evcal_location\"  data-add_str=\"\"><em class=\"event_location_name\">Foment del Treball<\/em><\/em><\/span><span style='height: 60px;'  class='evcal_desc3' ><span class='evcal_event_types ett1'><em>C =<\/em><em data-filter='event_type'>Internacional<\/em><i class='clear'><\/i><\/span><\/span><\/span><em class='clear'><\/em><\/a><\/p><div class='event_description evcal_eventcard ' style=\"display:none\"><div class='evcal_evdata_row evorow_2b evo_metarow_time_location evorow  '>\n\t\t\t\t\t\t\t\t<div class='evorow_b evorow_b1 evo_time'>\n\t\t\t\t\t\t\t\t\t<span class='evcal_evdata_icons'><i class='fa fa-clock'><\/i><\/span>\n\t\t\t\t\t\t\t\t\t<div class='evcal_evdata_cell'>\t\t\t\t\t\t\t\n\t\t\t\t\t\t\t\t\t\t<h3 class='evo_h3'><span class='evcal_evdata_icons'><i class='fa fa-clock'><\/i><\/span>Horario<\/h3>\n\t\t\t\t\t\t\t\t\t\t<p><span class='evo_eventcard_time_t'>(Jueves) 9:15 - 11:00<\/span><\/p>\n\t\t\t\t\t\t\t\t\t<\/div>\n\t\t\t\t\t\t\t\t<\/div>\n\t\t\t\t\t\t\t\t<div class='evorow_b evo_location'>\n\t\t\t\t\t\t\t\t\t<span class='evcal_evdata_icons'><i class='fa fa-map-marker-alt'><\/i><\/span>\n\t\t\t\t\t\t\t\t\t<div class='evcal_evdata_cell' data-loc_tax_id='98'><h3 class='evo_h3'><span class='evcal_evdata_icons'><i class='fa fa-map-marker-alt'><\/i><\/span>Lugar<\/h3><p class='evo_location_name'>Foment del Treball<\/p><p class='evo_location_address'>Via Laietana, 32-34, Principal, Barcelona<\/p><\/div>\n\t\t\t\t\t\t\t\t<\/div>\n\t\t\t\t\t\t\t\t\n\t\t\t\t\t\t\t<\/div><div class='evo_metarow_details evorow evcal_evdata_row evcal_event_details'>\n\t\t\t\t\t\t\t\t<div class=\"event_excerpt\" style=\"display:none\"><h3 class=\"padb5 evo_h3\">Detalles del evento<\/h3><p>[vc_row][vc_column width=\u00bb1\/1&#8243;][vc_btn title=\u00bbINSCRIPCI\u00d3N GRATUITA\u00bb style=\u00bb3d\u00bb color=\u00bbdanger\u00bb size=\u00bblg\u00bb align=\u00bbcenter\u00bb button_block=\u00bbtrue\u00bb link=\u00bburl:https%3A%2F%2Fwww.foment.com%2Finscripcions-events%2F%3Fidevento%3DCB76A37B-303E-F111-88B4-000D3ADCC39A%23msdynmkt_trackingcontext%3D6680d0d6-31bf-49cf-bdcf-76c9c3490000&#8243;][vc_column_text]\n&nbsp;\nFoment del Treball, el Consulado General de Paraguay en Espa\u00f1a y<\/p><\/div><span class='evcal_evdata_icons'><i class='fa fa-align-justify'><\/i><\/span>\n\t\t\t\t\t\t\t\t\n\t\t\t\t\t\t\t\t<div class='evcal_evdata_cell '>\n\t\t\t\t\t\t\t\t\t<div class='eventon_full_description'>\n\t\t\t\t\t\t\t\t\t\t<h3 class='padb5 evo_h3'><span class='evcal_evdata_icons'><i class='fa fa-align-justify'><\/i><\/span>Detalles del evento<\/h3>\n\t\t\t\t\t\t\t\t\t\t<div class='eventon_desc_in' itemprop='description'>\n\t\t\t\t\t\t\t\t\t\t<p>[vc_row][vc_column width=\u00bb1\/1&#8243;][vc_btn title=\u00bbINSCRIPCI\u00d3N GRATUITA\u00bb style=\u00bb3d\u00bb color=\u00bbdanger\u00bb size=\u00bblg\u00bb align=\u00bbcenter\u00bb button_block=\u00bbtrue\u00bb link=\u00bburl:https%3A%2F%2Fwww.foment.com%2Finscripcions-events%2F%3Fidevento%3DCB76A37B-303E-F111-88B4-000D3ADCC39A%23msdynmkt_trackingcontext%3D6680d0d6-31bf-49cf-bdcf-76c9c3490000&#8243;][vc_column_text]<\/p>\n<p>&nbsp;<\/p>\n<p style=\"text-align: center;\"><span style=\"color: #c2112d; font-family: verdana, geneva, sans-serif; font-size: 18px;\">Foment del Treball, el Consulado General de Paraguay en Espa\u00f1a y la Red de Inversiones y Exportaciones de Paraguay (REDIEX)<\/span><\/p>\n<p style=\"text-align: center;\"><span style=\"font-family: verdana, geneva, sans-serif; font-size: 18px;\">tienen el placer de invitarle a la<\/span><\/p>\n<p style=\"text-align: center;\"><strong><span style=\"font-family: verdana, geneva, sans-serif; font-size: 18px;\">Jornada Empresarial<\/span><\/strong><\/p>\n<p style=\"text-align: center;\"><span style=\"font-family: verdana, geneva, sans-serif; font-size: 18px;\"><strong><span style=\"color: #c2112d;\">Paraguay: Puerta estrat\u00e9gica para invertir y expandirse en Am\u00e9rica Latina<\/span><\/strong><\/span><\/p>\n<p style=\"text-align: center;\"><span style=\"font-family: verdana, geneva, sans-serif; font-size: 18px;\">con la participaci\u00f3n de<\/span><\/p>\n<p style=\"text-align: center;\"><span style=\"color: #c2112d; font-family: verdana, geneva, sans-serif; font-size: 18px;\">S. E. Alberto Sborovsky<\/span><br \/>\n<span style=\"color: #c2112d; font-family: verdana, geneva, sans-serif; font-size: 18px;\">Vice Ministro de Comercio y servicios de la Rep\u00fablica de Paraguay<\/span><\/p>\n<p style=\"text-align: center;\"><span style=\"font-family: verdana, geneva, sans-serif; font-size: 18px;\">en el marco de su visita oficial a Barcelona<\/span><\/p>\n<p>&nbsp;<\/p>\n<p style=\"text-align: justify;\"><span style=\"font-family: verdana, geneva, sans-serif; font-size: 13px;\">Paraguay se posiciona hoy como uno de los destinos m\u00e1s atractivos para las empresas que buscan crecer en Am\u00e9rica Latina. Su entorno macroecon\u00f3mico estable, sus costes operativos competitivos, sus incentivos fiscales y su ubicaci\u00f3n estrat\u00e9gica en el centro de Sudam\u00e9rica lo convierten en una plataforma ideal para invertir, producir y exportar al Mercosur, con acceso preferencial a un mercado de m\u00e1s de 300 millones de consumidores.<\/span><\/p>\n<p style=\"text-align: justify;\"><span style=\"font-family: verdana, geneva, sans-serif; font-size: 13px;\">Para las empresas catalanas, Paraguay representa una oportunidad real para impulsar procesos de internacionalizaci\u00f3n, establecer implantaciones productivas y abrir nuevas v\u00edas de negocio en la regi\u00f3n, desde una base eficiente, segura y con gran proyecci\u00f3n.<\/span><\/p>\n<p style=\"text-align: justify;\"><span style=\"font-family: verdana, geneva, sans-serif; font-size: 13px;\">Esta jornada ser\u00e1 una ocasi\u00f3n \u00fanica para conocer de primera mano las ventajas competitivas que ofrece el pa\u00eds, identificar oportunidades de inversi\u00f3n y expansi\u00f3n, y establecer contacto con un representante institucional de primer nivel.<\/span><\/p>\n<p style=\"text-align: justify;\"><span style=\"font-family: verdana, geneva, sans-serif; font-size: 13px;\">Dirigido a empresas interesadas en internacionalizaci\u00f3n, implantaci\u00f3n productiva y desarrollo de oportunidades de negocio en Am\u00e9rica Latina.<\/span><\/p>\n<p style=\"text-align: center;\"><span style=\"font-family: verdana, geneva, sans-serif; font-size: 13px;\"><strong>Plazas limitadas. Inscr\u00edbase ahora y d\u00e9 el primer paso para impulsar su negocio en Am\u00e9rica Latina.<\/strong><\/span><\/p>\n<p><span style=\"color: #c2112d; font-family: verdana, geneva, sans-serif; font-size: 13px;\">PROGRAMA<\/span><\/p>\n<p><span style=\"color: #c2112d; font-family: verdana, geneva, sans-serif; font-size: 13px;\">09.15 h. | Acreditaciones<\/span><\/p>\n<p><span style=\"color: #c2112d; font-family: verdana, geneva, sans-serif; font-size: 13px;\">09.30 h. | Bienvenida institucional<\/span><br \/>\n<span style=\"font-family: verdana, geneva, sans-serif; font-size: 13px;\"><strong>M\u00aa Helena de Felipe,<\/strong> vicepresidenta de Foment del Treball<\/span><br \/>\n<span style=\"font-family: verdana, geneva, sans-serif; font-size: 13px;\"><strong>S. E. Javier Parrondo,<\/strong> Embajador de Paraguay en Espa\u00f1a<\/span><br \/>\n<span style=\"font-family: verdana, geneva, sans-serif; font-size: 13px;\"><strong>S. E. Jose Maria Gonz\u00e1lez \u00c1vila,<\/strong> C\u00f3nsul General de Paraguay en Barcelona<\/span><\/p>\n<p><span style=\"color: #c2112d; font-family: verdana, geneva, sans-serif; font-size: 13px;\">09.45 h. | Paraguay como Hub regional de inversi\u00f3n y negocios<\/span><br \/>\n<span style=\"font-family: verdana, geneva, sans-serif; font-size: 13px;\"><strong>S. E. Alberto Sborovsky,<\/strong> Vice Ministro de Comercio y Servicios de la Rep\u00fablica de Paraguay<\/span><br \/>\n<span style=\"font-family: verdana, geneva, sans-serif; font-size: 13px;\"><strong>Do\u00f1a Nat\u00e1lia C\u00e1ceres,<\/strong> Consejero Comercial de Paraguay en Espa\u00f1a<\/span><\/p>\n<p><span style=\"color: #c2112d; font-family: verdana, geneva, sans-serif; font-size: 13px;\">10.15 h. | Experiencias empresariales de implantaci\u00f3n y negocios en Paraguay<\/span><br \/>\n<span style=\"font-family: verdana, geneva, sans-serif; font-size: 13px;\"><strong>Sra. Jorge Costa,<\/strong> Presidente del Grupo Costa<\/span><\/p>\n<p><span style=\"color: #c2112d; font-family: verdana, geneva, sans-serif; font-size: 13px;\">10.25 h. | Turno de preguntas<\/span><\/p>\n<p><span style=\"color: #c2112d; font-family: verdana, geneva, sans-serif; font-size: 13px;\">10.40 h. | Cierre de la sesi\u00f3n<\/span>[\/vc_column_text][\/vc_column][\/vc_row][vc_row][vc_column width=\u00bb1\/2&#8243;][vc_column_text]<span style=\"font-family: verdana, geneva, sans-serif; font-size: 12px;\">Amb el suport de:<\/span>[\/vc_column_text]<\/p>\n<div class=\"single_image wpb_content_element align-left    \" data-animation=\"none\" data-delay=\"0\"><a href=\"http:\/\/www.accio.gencat.cat\" target=\"_self\"><img width=\"300\" height=\"68\" src=\"https:\/\/www.foment.com\/wp-content\/uploads\/2026\/03\/ACCIO-integrat-Horitzontal-CAT-color-300x68.png\" class=\"attachment-medium\" alt=\"\" loading=\"lazy\" title=\"ACCIO-integrat-Horitzontal-CAT-color\" srcset=\"https:\/\/www.foment.com\/wp-content\/uploads\/2026\/03\/ACCIO-integrat-Horitzontal-CAT-color-300x68.png 300w, https:\/\/www.foment.com\/wp-content\/uploads\/2026\/03\/ACCIO-integrat-Horitzontal-CAT-color.png 559w\" sizes=\"(max-width: 300px) 100vw, 300px\" \/><\/a><\/div>\n<p>[\/vc_column][vc_column width=\u00bb1\/2&#8243;][vc_column_text]<strong><span style=\"font-family: verdana, geneva, sans-serif; font-size: 12px;\">Con la colaboraci\u00f3n de:<\/span><\/strong>[\/vc_column_text]<\/p>\n<div class=\"single_image wpb_content_element align-left    \" data-animation=\"none\" data-delay=\"0\"><img width=\"300\" height=\"155\" src=\"https:\/\/www.foment.com\/wp-content\/uploads\/2026\/01\/Amec-1-300x155.jpg\" class=\"attachment-medium\" alt=\"\" loading=\"lazy\" title=\"Amec\" srcset=\"https:\/\/www.foment.com\/wp-content\/uploads\/2026\/01\/Amec-1-300x155.jpg 300w, https:\/\/www.foment.com\/wp-content\/uploads\/2026\/01\/Amec-1-1024x530.jpg 1024w, https:\/\/www.foment.com\/wp-content\/uploads\/2026\/01\/Amec-1-768x397.jpg 768w, https:\/\/www.foment.com\/wp-content\/uploads\/2026\/01\/Amec-1.jpg 1450w\" sizes=\"(max-width: 300px) 100vw, 300px\" \/><\/div>\n<p>[\/vc_column][\/vc_row]<\/p>\n<\/div><div class='clear'><\/div>\n\t\t\t\t\t\t\t\t\t<\/div>\n\t\t\t\t\t\t\t\t<\/div>\n\t\t\t\t\t\t\t<\/div><div class='evo_metarow_organizer evorow evcal_evdata_row evcal_evrow_sm '>\n\t\t\t\t\t\t\t\t<span class='evcal_evdata_icons'><i class='fa fa-headphones'><\/i><\/span>\n\t\t\t\t\t\t\t\t<div class='evcal_evdata_cell'>\t\t\t\t\t\t\t\n\t\t\t\t\t\t\t\t\t<h3 class='evo_h3'>Organizador<\/h3>\n\t\t\t\t\t\t\t\t\t<p class='evo_data_val evo_card_organizer_image'><img src='https:\/\/www.foment.com\/wp-content\/uploads\/2017\/04\/InternacionalEmpresabitotransCAT-200x80.png'\/><\/p>\n\t\t\t\t\t\t\t\t\t<div class='evo_card_organizer'><p class='evo_data_val evo_card_organizer_name'>\n\t\t\t\t\t\t\t\t\t\t<span class='evo_card_organizer_name_t'>Internacional<\/span>\n\t\t\t\t\t\t\t\t\t\t\n\t\t\t\t\t\t\t\t\t\t<\/p><\/div><div class='clear'><\/div>\t\t\t\t\t\t\t\n\t\t\t\t\t\t\t\t<\/div>\n\t\t\t\t\t\t\t<\/div><div class='evcal_evdata_row evo_metarow_locImg evorow ' style='height:400px; background-image:url(https:\/\/www.foment.com\/wp-content\/uploads\/2022\/06\/Edifici-Foment-2020-scaled.jpg)' id='146693_locimg' ><\/div>\t\t\t\t\t\t\t<div class='evo_metarow_ICS evorow evcal_evdata_row'>\n\t\t\t\t\t\t\t\t<span class=\"evcal_evdata_icons\"><i class=\"fa fa-calendar\"><\/i><\/span>\n\t\t\t\t\t\t\t\t<div class='evcal_evdata_cell'>\n\t\t\t\t\t\t\t\t\t<p><a href='https:\/\/www.foment.com\/wp-admin\/admin-ajax.php?action=eventon_ics_download&amp;event_id=218729&amp;ri=0' class='evo_ics_nCal' title='Add to your calendar'>Calendar<\/a><a href='\/\/www.google.com\/calendar\/event?action=TEMPLATE&amp;text=Jornada+Empresarial+%7C+Paraguay%3A+Puerta+estrat%C3%A9gica+para+invertir+y+expandirse+en+Am%C3%A9rica+Latina&amp;dates=20260514T071500Z\/20260514T090000Z&amp;ctz=Europe\/Madrid&amp;details=Jornada+Empresarial+%7C+Paraguay%3A+Puerta+estrat%C3%A9gica+para+invertir+y+expandirse+en+Am%C3%A9rica+Latina&amp;location=Foment+del+TreballVia+Laietana%2C+32-34%2C+Principal%2C+Barcelona' target='_blank' class='evo_ics_gCal' title='Add to google calendar'>GoogleCal<\/a><\/p>\t\n\t\t\t\t\t\t\t\t<\/div>\n\t\t\t\t\t\t\t<\/div>\n\t\t\t\t\t\t\t<div class='evo_card_row_end evcal_close' title='Close'><\/div><\/div><div class='clear end'><\/div><\/div><div  id=\"event_218747_0\" class=\"eventon_list_event evo_eventtop scheduled  event event_218747_0\" data-event_id=\"218747\" data-ri=\"0r\" data-time=\"1779129000-1779134400\" data-colr=\"#d2112e\" itemscope itemtype='http:\/\/schema.org\/Event'><div class=\"evo_event_schema\" style=\"display:none\" ><a itemprop='url'  href='https:\/\/www.foment.com\/es\/events\/creixement-empresarial-i-bons-llocs-de-treball-el-sector-salut-com-a-pilar-de-progres-sessio-ii\/'><\/a><meta itemprop='image' content=\"https:\/\/www.foment.com\/wp-content\/uploads\/2026\/04\/11.-Sesion-11-CAST-Lopez-Quiros-y-Pellise-1.png\" \/><meta itemprop='startDate' content=\"2026-5-18T18:30+2:00\" \/><meta itemprop='endDate' content=\"2026-5-18T20:00+2:00\" \/><meta itemprop='eventStatus' content=\"https:\/\/schema.org\/EventScheduled\" \/><item style=\"display:none\" itemprop=\"location\" itemscope itemtype=\"http:\/\/schema.org\/Place\"><span itemprop=\"name\">Foment del Treball<\/span><span itemprop=\"address\" itemscope itemtype=\"http:\/\/schema.org\/PostalAddress\"><item itemprop=\"streetAddress\">Via Laietana, 32-34, Principal, Barcelona<\/item><\/span><\/item><item style=\"display:none\" itemprop=\"eventAttendanceMode\" itemscope itemtype=\"https:\/\/schema.org\/OfflineEventAttendanceMode\"><\/item><div itemprop=\"organizer\" itemscope=\"\" itemtype=\"http:\/\/schema.org\/Organization\">\n\t\t\t\t\t    \t<meta itemprop=\"name\" content=\"Institut d&#039;Estudis Estrat\u00e8gics\">\n\t\t\t\t\t    \t<\/div><div itemprop=\"performer\" itemscope=\"\" itemtype=\"http:\/\/schema.org\/Person\">\n\t\t\t\t\t    \t<meta itemprop=\"name\" content=\"Institut d&#039;Estudis Estrat\u00e8gics\">\n\t\t\t\t\t    <\/div><script type=\"application\/ld+json\">{\"@context\": \"http:\/\/schema.org\",\"@type\": \"Event\",\n\t\t\t\t\t\"@id\": \"event_218747_0\",\n\t\t\t\t\t\"eventAttendanceMode\":\"https:\/\/schema.org\/OfflineEventAttendanceMode\",\n\t\t\t\t\t\"name\": \"Crecimiento Empresarial y Buenos Empleos: El sector salud como pilar de progreso \u2013 Sesi\u00f3n II\",\n\t\t\t\t\t\"url\": \"https:\/\/www.foment.com\/es\/events\/creixement-empresarial-i-bons-llocs-de-treball-el-sector-salut-com-a-pilar-de-progres-sessio-ii\/\",\n\t\t\t\t\t\"startDate\": \"2026-5-18T18:30+2:00\",\n\t\t\t\t\t\"endDate\": \"2026-5-18T20:00+2:00\",\n\t\t\t\t\t\"image\":\"https:\/\/www.foment.com\/wp-content\/uploads\/2026\/04\/11.-Sesion-11-CAST-Lopez-Quiros-y-Pellise-1.png\", \n\t\t\t\t\t\"description\":\"<p>[vc_row][vc_column width=\u00bb1\/1&#8243;]<div class='spacer' style='height: 15px;'><\/div>[vc_btn title=\u00bbInscripci\u00f3n\u00bb shape=\u00bbsquare\u00bb color=\u00bbdanger\u00bb align=\u00bbcenter\u00bb button_block=\u00bbtrue\u00bb link=\u00bburl:https%3A%2F%2Fwww.foment.com%2Fes%2Finscripciones-eventos%2F%3Fidevento%3DD9B22550-B23F-F111-88B4-7C1E5276AE0A\u00bb][vc_column_text]<span style='font-family: verdana, geneva, sans-serif; font-size: 10pt;'>Desde el <strong>Instituto de Estudios Estrat\u00e9gicos<\/strong>, el <em>think tank<\/em> de Foment del Treball, pretendemos constituirnos como un espacio de encuentro, debate y elaboraci\u00f3n de propuestas para una mayor generaci\u00f3n de buenos empleos.<\/span><\/p> <p><span style='font-family: verdana, geneva, sans-serif; font-size: 10pt;'>El trabajo digno al alcance de todos es el primer elemento legitimador del buen capitalismo y el sustento indispensable de la democracia parlamentaria. Acercar a todos los ciudadanos la posibilidad de un buen empleo, entendido como aquel que es sin\u00f3nimo de suficiencia y dignidad, que ofrece la posibilidad de vislumbrar y confiar en un futuro estable de trabajo y decencia. A\u00fan estamos lejos de ello, pues para mejorar la calidad del empleo son necesarios cambios estructurales y estrat\u00e9gicos.<\/span><\/p> <p><span style='font-family: verdana, geneva, sans-serif; font-size: 13px;'>Por este motivo, hemos creado el ciclo de jornadas \u201c<strong>Crecimiento Empresarial y Buenos Empleos<\/strong>\u201d y dentro del ciclo un conjunto de sesiones sobre el sistema de salud y social. Tras una primera jornada de debate dedicada a la gesti\u00f3n del sistema sanitario y social, esta segunda jornada abordar\u00e1 la \u201c<em>Financiaci\u00f3n del sistema de salud y social: retos y perspectivas<\/em>\u201d, contando con la participaci\u00f3n de<strong> Guillem L\u00f3pez Casasnovas <\/strong>y de<strong> Lorenzo Bernaldo de Quir\u00f3s<\/strong>. La jornada ser\u00e1 moderada por <strong>Laura Pellis\u00e9. <\/strong><\/span><\/p> <p><span style='font-family: verdana, geneva, sans-serif; font-size: 13px;'>En esta sesi\u00f3n analizaremos los principales retos relativos a la financiaci\u00f3n del sistema sanitario y social, para dar respuesta a las expectativas de los ciudadanos y las caracter\u00edsticas poblacionales. Reflexionaremos sobre qu\u00e9 arquitectura de financiaci\u00f3n nos proporcionar\u00eda un sistema de salud m\u00e1s robusto en t\u00e9rminos de eficiencia, solvencia y equidad. Abordaremos aspectos como qu\u00e9 nivel de gasto p\u00fablico ser\u00eda \u00f3ptimo, la percepci\u00f3n de infra financiaci\u00f3n y las previsiones de gasto futuro. Nos preguntaremos qu\u00e9 depende de la gesti\u00f3n y qu\u00e9 depende de elementos externos, como el envejecimiento o las preferencias. Nos cuestionaremos tambi\u00e9n c\u00f3mo conviven o ser\u00eda recomendable que convivieran los esfuerzos de financiaci\u00f3n p\u00fablica con otros privados, en sus diferentes formas.<\/span><\/p> <p>&nbsp;<\/p> <p style='text-align: center;'><span style='font-size: 12pt;'><strong><span style='font-family: verdana, geneva, sans-serif;'>PROGRAMA<\/span><\/strong><\/span><\/p> <p><span style='font-family: verdana, geneva, sans-serif; font-size: 10pt;'>18.30\u202fh Bienvenida a cargo del <strong>Sr. Jordi Alberich<\/strong>, vicepresidente coordinador del Instituto de Estudios Estrat\u00e9gicos.<\/span><\/p> <p><span style='font-family: verdana, geneva, sans-serif; font-size: 10pt;'>18.45\u202fh <\/span><span style='font-family: verdana, geneva, sans-serif; font-size: 10pt;'>Sesi\u00f3n de debate \u00ab<strong>Financiaci\u00f3n del sistema de salud y social: retos y perspectivas<\/strong>\u00bb moderada por la <strong>Sra. Laura Pellis\u00e9<\/strong>, directora de Government Affairs de Amgen y miembro del Instituto de Estudios Estrat\u00e9gicos, con:\u00a0<\/span><\/p> <ul> <li><span style='font-family: verdana, geneva, sans-serif; font-size: 10pt;'><strong>Sr. Guillem L\u00f3pez Casasnovas<\/strong>, catedr\u00e1tico de Econom\u00eda de la UPF y director del Centro de Investigaci\u00f3n en Econom\u00eda de la Salud (CRES-UPF).<\/span><\/li> <li><span style='font-family: verdana, geneva, sans-serif; font-size: 10pt;'> <strong>Sr. Lorenzo Bernaldo de Quir\u00f3s<\/strong>, presidente de Freemarket Corporate Intelligence y miembro del Instituto de Estudios Estrat\u00e9gicos.<\/span><\/li> <\/ul> <p><span style='font-family: verdana, geneva, sans-serif; font-size: 10pt;'>20:00 h Aperitivo.<\/span>[\/vc_column_text][\/vc_column][\/vc_row][vc_row][vc_column width=\u00bb1\/1&#8243;][vc_column_text]<span style='font-size: 12pt;'><strong><span style='font-family: verdana, geneva, sans-serif;'>Organitza:<\/span><\/strong><\/span>[\/vc_column_text][vc_column_text]<a href='https:\/\/www.foment.com\/wp-content\/uploads\/2023\/05\/LOGO_FOMENT-01-1.png'><img class='alignnone wp-image-164611' src='https:\/\/www.foment.com\/wp-content\/uploads\/2023\/05\/LOGO_FOMENT-01-1-300x150.png' alt='' width='262' height='131' \/><\/a>[\/vc_column_text][\/vc_column][\/vc_row][vc_column width=\u00bb1\/4&#8243;][\/vc_column][vc_column width=\u00bb1\/4&#8243;][\/vc_column][vc_column width=\u00bb1\/4&#8243;][\/vc_column][vc_column width=\u00bb1\/4&#8243;][\/vc_column]<\/p> \",\"location\":[{\"@type\":\"Place\",\"name\":\"Foment del Treball\",\"address\":{\"@type\": \"PostalAddress\",\"streetAddress\":\"Via Laietana, 32-34, Principal, Barcelona\"}}],\"organizer\":{\"@type\":\"Organization\",\"name\":\"Institut d&#039;Estudis Estrat\u00e8gics\"},\"performer\":{\"@type\":\"Person\",\"name\":\"Institut d&#039;Estudis Estrat\u00e8gics\"},\"eventStatus\":\"https:\/\/schema.org\/EventScheduled\"}<\/script><\/div>\n\t\t\t\t<p class=\"desc_trig_outter\" style=\"background-color:#ffffff;flex-direction: row;\"><a data-gmap_status=\"null\" data-exlk=\"0\" style=\"border-color: #d2112e;\" id=\"evc_1779129000218747\" class=\"hasFtIMG desc_trig evo_foment-del-treball-es sin_val evcal_list_a\" data-ux_val=\"3\"  ><span class='ev_ftImg' data-img='https:\/\/www.foment.com\/wp-content\/uploads\/2026\/04\/11.-Sesion-11-CAST-Lopez-Quiros-y-Pellise-1.png' data-thumb='https:\/\/www.foment.com\/wp-content\/uploads\/2026\/04\/11.-Sesion-11-CAST-Lopez-Quiros-y-Pellise-1-300x165.png' style='background-image:url(\"https:\/\/www.foment.com\/wp-content\/uploads\/2026\/04\/11.-Sesion-11-CAST-Lopez-Quiros-y-Pellise-1-300x165.png\")'><\/span><style>.ajde_evcal_calendar.boxy #evcal_list .eventon_list_event .evcal_desc em{color:black;}<\/style><span style='width:100%; background-color:#d2112e !important;' class='evcal_cblock ' data-smon='mayo' data-syr='2026'><span style='margin-top: 7px;margin-bottom: 7px;' class='evo_start '><em class='date'>18<\/em><em class='month'>may<\/em><em class='time'>18:30<\/em><\/span><span style='margin-top: 7px;margin-bottom: 7px;' class='evo_end only_time'><em class='time'>20:00<\/em><\/span><em class='clear'><\/em><\/span><span class='evcal_desc evo_info '  data-location_address=\"Via Laietana, 32-34, Principal, Barcelona\" data-location_type=\"address\" data-location_name=\"Foment del Treball\" data-location_url=\"https:\/\/www.foment.com\/es\/event-location\/foment-del-treball\/\" data-location_status=\"true\" ><span class='evo_above_title'><\/span><span class='evcal_desc2 evcal_event_title hbaevatitle' itemprop='name'>Crecimiento Empresarial y Buenos Empleos: El sector salud como pilar de progreso \u2013 Sesi\u00f3n II<\/span><span class='evo_below_title'><\/span><span class='evcal_desc_info' ><em class='evcal_time evo_tz_time'>18:30 - 20:00<\/em> <\/span><span class='evcal_desc3'><em class=\"evcal_location\"  data-add_str=\"\"><em class=\"event_location_name\">Foment del Treball<\/em><\/em><\/span><span style='height: 60px;'  class='evcal_desc3' ><span class='evcal_event_types ett1'><em>C =<\/em><em data-filter='event_type'>Foment del Treball<\/em><i class='clear'><\/i><\/span><\/span><\/span><em class='clear'><\/em><\/a><\/p><div class='event_description evcal_eventcard ' style=\"display:none\"><div class='evo_metarow_fimg evorow evcal_evdata_img evcal_evdata_row  evo_imghover' data-imgheight='1021' data-imgwidth='1852'  style='background-image: url(\"https:\/\/www.foment.com\/wp-content\/uploads\/2026\/04\/11.-Sesion-11-CAST-Lopez-Quiros-y-Pellise-1.png\")' data-imgstyle='full' data-minheight='400' data-status=''><\/div><div class='evcal_evdata_row evorow_2b evo_metarow_time_location evorow  '>\n\t\t\t\t\t\t\t\t<div class='evorow_b evorow_b1 evo_time'>\n\t\t\t\t\t\t\t\t\t<span class='evcal_evdata_icons'><i class='fa fa-clock'><\/i><\/span>\n\t\t\t\t\t\t\t\t\t<div class='evcal_evdata_cell'>\t\t\t\t\t\t\t\n\t\t\t\t\t\t\t\t\t\t<h3 class='evo_h3'><span class='evcal_evdata_icons'><i class='fa fa-clock'><\/i><\/span>Horario<\/h3>\n\t\t\t\t\t\t\t\t\t\t<p><span class='evo_eventcard_time_t'>(Lunes) 18:30 - 20:00<\/span><\/p>\n\t\t\t\t\t\t\t\t\t<\/div>\n\t\t\t\t\t\t\t\t<\/div>\n\t\t\t\t\t\t\t\t<div class='evorow_b evo_location'>\n\t\t\t\t\t\t\t\t\t<span class='evcal_evdata_icons'><i class='fa fa-map-marker-alt'><\/i><\/span>\n\t\t\t\t\t\t\t\t\t<div class='evcal_evdata_cell' data-loc_tax_id='98'><h3 class='evo_h3'><span class='evcal_evdata_icons'><i class='fa fa-map-marker-alt'><\/i><\/span>Lugar<\/h3><p class='evo_location_name'>Foment del Treball<\/p><p class='evo_location_address'>Via Laietana, 32-34, Principal, Barcelona<\/p><\/div>\n\t\t\t\t\t\t\t\t<\/div>\n\t\t\t\t\t\t\t\t\n\t\t\t\t\t\t\t<\/div><div class='evo_metarow_details evorow evcal_evdata_row evcal_event_details'>\n\t\t\t\t\t\t\t\t<div class=\"event_excerpt\" style=\"display:none\"><h3 class=\"padb5 evo_h3\">Detalles del evento<\/h3><p>[vc_row][vc_column width=\u00bb1\/1&#8243;][vc_btn title=\u00bbInscripci\u00f3n\u00bb shape=\u00bbsquare\u00bb color=\u00bbdanger\u00bb align=\u00bbcenter\u00bb button_block=\u00bbtrue\u00bb link=\u00bburl:https%3A%2F%2Fwww.foment.com%2Fes%2Finscripciones-eventos%2F%3Fidevento%3DD9B22550-B23F-F111-88B4-7C1E5276AE0A\u00bb][vc_column_text]Desde el Instituto de Estudios Estrat\u00e9gicos, el think tank de Foment del Treball, pretendemos<\/p><\/div><span class='evcal_evdata_icons'><i class='fa fa-align-justify'><\/i><\/span>\n\t\t\t\t\t\t\t\t\n\t\t\t\t\t\t\t\t<div class='evcal_evdata_cell '>\n\t\t\t\t\t\t\t\t\t<div class='eventon_full_description'>\n\t\t\t\t\t\t\t\t\t\t<h3 class='padb5 evo_h3'><span class='evcal_evdata_icons'><i class='fa fa-align-justify'><\/i><\/span>Detalles del evento<\/h3>\n\t\t\t\t\t\t\t\t\t\t<div class='eventon_desc_in' itemprop='description'>\n\t\t\t\t\t\t\t\t\t\t<p>[vc_row][vc_column width=\u00bb1\/1&#8243;]<\/p>\n<div class=\"spacer\" style=\"height: 15px;\"><\/div>\n<p>[vc_btn title=\u00bbInscripci\u00f3n\u00bb shape=\u00bbsquare\u00bb color=\u00bbdanger\u00bb align=\u00bbcenter\u00bb button_block=\u00bbtrue\u00bb link=\u00bburl:https%3A%2F%2Fwww.foment.com%2Fes%2Finscripciones-eventos%2F%3Fidevento%3DD9B22550-B23F-F111-88B4-7C1E5276AE0A\u00bb][vc_column_text]<span style=\"font-family: verdana, geneva, sans-serif; font-size: 10pt;\">Desde el <strong>Instituto de Estudios Estrat\u00e9gicos<\/strong>, el <em>think tank<\/em> de Foment del Treball, pretendemos constituirnos como un espacio de encuentro, debate y elaboraci\u00f3n de propuestas para una mayor generaci\u00f3n de buenos empleos.<\/span><\/p>\n<p><span style=\"font-family: verdana, geneva, sans-serif; font-size: 10pt;\">El trabajo digno al alcance de todos es el primer elemento legitimador del buen capitalismo y el sustento indispensable de la democracia parlamentaria. Acercar a todos los ciudadanos la posibilidad de un buen empleo, entendido como aquel que es sin\u00f3nimo de suficiencia y dignidad, que ofrece la posibilidad de vislumbrar y confiar en un futuro estable de trabajo y decencia. A\u00fan estamos lejos de ello, pues para mejorar la calidad del empleo son necesarios cambios estructurales y estrat\u00e9gicos.<\/span><\/p>\n<p><span style=\"font-family: verdana, geneva, sans-serif; font-size: 13px;\">Por este motivo, hemos creado el ciclo de jornadas \u201c<strong>Crecimiento Empresarial y Buenos Empleos<\/strong>\u201d y dentro del ciclo un conjunto de sesiones sobre el sistema de salud y social. Tras una primera jornada de debate dedicada a la gesti\u00f3n del sistema sanitario y social, esta segunda jornada abordar\u00e1 la \u201c<em>Financiaci\u00f3n del sistema de salud y social: retos y perspectivas<\/em>\u201d, contando con la participaci\u00f3n de<strong> Guillem L\u00f3pez Casasnovas <\/strong>y de<strong> Lorenzo Bernaldo de Quir\u00f3s<\/strong>. La jornada ser\u00e1 moderada por <strong>Laura Pellis\u00e9. <\/strong><\/span><\/p>\n<p><span style=\"font-family: verdana, geneva, sans-serif; font-size: 13px;\">En esta sesi\u00f3n analizaremos los principales retos relativos a la financiaci\u00f3n del sistema sanitario y social, para dar respuesta a las expectativas de los ciudadanos y las caracter\u00edsticas poblacionales. Reflexionaremos sobre qu\u00e9 arquitectura de financiaci\u00f3n nos proporcionar\u00eda un sistema de salud m\u00e1s robusto en t\u00e9rminos de eficiencia, solvencia y equidad. Abordaremos aspectos como qu\u00e9 nivel de gasto p\u00fablico ser\u00eda \u00f3ptimo, la percepci\u00f3n de infra financiaci\u00f3n y las previsiones de gasto futuro. Nos preguntaremos qu\u00e9 depende de la gesti\u00f3n y qu\u00e9 depende de elementos externos, como el envejecimiento o las preferencias. Nos cuestionaremos tambi\u00e9n c\u00f3mo conviven o ser\u00eda recomendable que convivieran los esfuerzos de financiaci\u00f3n p\u00fablica con otros privados, en sus diferentes formas.<\/span><\/p>\n<p>&nbsp;<\/p>\n<p style=\"text-align: center;\"><span style=\"font-size: 12pt;\"><strong><span style=\"font-family: verdana, geneva, sans-serif;\">PROGRAMA<\/span><\/strong><\/span><\/p>\n<p><span style=\"font-family: verdana, geneva, sans-serif; font-size: 10pt;\">18.30\u202fh Bienvenida a cargo del <strong>Sr. Jordi Alberich<\/strong>, vicepresidente coordinador del Instituto de Estudios Estrat\u00e9gicos.<\/span><\/p>\n<p><span style=\"font-family: verdana, geneva, sans-serif; font-size: 10pt;\">18.45\u202fh <\/span><span style=\"font-family: verdana, geneva, sans-serif; font-size: 10pt;\">Sesi\u00f3n de debate \u00ab<strong>Financiaci\u00f3n del sistema de salud y social: retos y perspectivas<\/strong>\u00bb moderada por la <strong>Sra. Laura Pellis\u00e9<\/strong>, directora de Government Affairs de Amgen y miembro del Instituto de Estudios Estrat\u00e9gicos, con:\u00a0<\/span><\/p>\n<ul>\n<li><span style=\"font-family: verdana, geneva, sans-serif; font-size: 10pt;\"><strong>Sr. Guillem L\u00f3pez Casasnovas<\/strong>, catedr\u00e1tico de Econom\u00eda de la UPF y director del Centro de Investigaci\u00f3n en Econom\u00eda de la Salud (CRES-UPF).<\/span><\/li>\n<li><span style=\"font-family: verdana, geneva, sans-serif; font-size: 10pt;\"> <strong>Sr. Lorenzo Bernaldo de Quir\u00f3s<\/strong>, presidente de Freemarket Corporate Intelligence y miembro del Instituto de Estudios Estrat\u00e9gicos.<\/span><\/li>\n<\/ul>\n<p><span style=\"font-family: verdana, geneva, sans-serif; font-size: 10pt;\">20:00 h Aperitivo.<\/span>[\/vc_column_text][\/vc_column][\/vc_row][vc_row][vc_column width=\u00bb1\/1&#8243;][vc_column_text]<span style=\"font-size: 12pt;\"><strong><span style=\"font-family: verdana, geneva, sans-serif;\">Organitza:<\/span><\/strong><\/span>[\/vc_column_text][vc_column_text]<a href=\"https:\/\/www.foment.com\/wp-content\/uploads\/2023\/05\/LOGO_FOMENT-01-1.png\"><img class=\"alignnone wp-image-164611\" src=\"https:\/\/www.foment.com\/wp-content\/uploads\/2023\/05\/LOGO_FOMENT-01-1-300x150.png\" alt=\"\" width=\"262\" height=\"131\" \/><\/a>[\/vc_column_text][\/vc_column][\/vc_row][vc_column width=\u00bb1\/4&#8243;][\/vc_column][vc_column width=\u00bb1\/4&#8243;][\/vc_column][vc_column width=\u00bb1\/4&#8243;][\/vc_column][vc_column width=\u00bb1\/4&#8243;][\/vc_column]<\/p>\n<\/div><div class='clear'><\/div>\n\t\t\t\t\t\t\t\t\t<\/div>\n\t\t\t\t\t\t\t\t<\/div>\n\t\t\t\t\t\t\t<\/div><div class='evo_metarow_organizer evorow evcal_evdata_row evcal_evrow_sm '>\n\t\t\t\t\t\t\t\t<span class='evcal_evdata_icons'><i class='fa fa-headphones'><\/i><\/span>\n\t\t\t\t\t\t\t\t<div class='evcal_evdata_cell'>\t\t\t\t\t\t\t\n\t\t\t\t\t\t\t\t\t<h3 class='evo_h3'>Organizador<\/h3>\n\t\t\t\t\t\t\t\t\t\n\t\t\t\t\t\t\t\t\t<div class='evo_card_organizer'><p class='evo_data_val evo_card_organizer_name'>\n\t\t\t\t\t\t\t\t\t\t<span class='evo_card_organizer_name_t'>Institut d&#039;Estudis Estrat\u00e8gics<\/span>\n\t\t\t\t\t\t\t\t\t\t\n\t\t\t\t\t\t\t\t\t\t<\/p><\/div><div class='clear'><\/div>\t\t\t\t\t\t\t\n\t\t\t\t\t\t\t\t<\/div>\n\t\t\t\t\t\t\t<\/div><div class='evcal_evdata_row evo_metarow_locImg evorow ' style='height:400px; background-image:url(https:\/\/www.foment.com\/wp-content\/uploads\/2022\/06\/Edifici-Foment-2020-scaled.jpg)' id='146693_locimg' ><\/div>\t\t\t\t\t\t\t<div class='evo_metarow_ICS evorow evcal_evdata_row'>\n\t\t\t\t\t\t\t\t<span class=\"evcal_evdata_icons\"><i class=\"fa fa-calendar\"><\/i><\/span>\n\t\t\t\t\t\t\t\t<div class='evcal_evdata_cell'>\n\t\t\t\t\t\t\t\t\t<p><a href='https:\/\/www.foment.com\/wp-admin\/admin-ajax.php?action=eventon_ics_download&amp;event_id=218747&amp;ri=0' class='evo_ics_nCal' title='Add to your calendar'>Calendar<\/a><a href='\/\/www.google.com\/calendar\/event?action=TEMPLATE&amp;text=Crecimiento+Empresarial+y+Buenos+Empleos%3A+El+sector+salud+como+pilar+de+progreso+%E2%80%93+Sesi%C3%B3n+II&amp;dates=20260518T163000Z\/20260518T180000Z&amp;ctz=Europe\/Madrid&amp;details=Crecimiento+Empresarial+y+Buenos+Empleos%3A+El+sector+salud+como+pilar+de+progreso+%E2%80%93+Sesi%C3%B3n+II&amp;location=Foment+del+TreballVia+Laietana%2C+32-34%2C+Principal%2C+Barcelona' target='_blank' class='evo_ics_gCal' title='Add to google calendar'>GoogleCal<\/a><\/p>\t\n\t\t\t\t\t\t\t\t<\/div>\n\t\t\t\t\t\t\t<\/div>\n\t\t\t\t\t\t\t<div class='evo_card_row_end evcal_close' title='Close'><\/div><\/div><div class='clear end'><\/div><\/div><div  id=\"event_218408_0\" class=\"eventon_list_event evo_eventtop scheduled  event event_218408_0\" data-event_id=\"218408\" data-ri=\"0r\" data-time=\"1779184800-1779192000\" data-colr=\"#f5e531\" itemscope itemtype='http:\/\/schema.org\/Event'><div class=\"evo_event_schema\" style=\"display:none\" ><a itemprop='url'  href='https:\/\/www.foment.com\/es\/events\/debates-laborales-principales-retos-de-la-directiva-ue-2023-970-de-igualdad-retributiva-y-transparencia-salarial\/'><\/a><meta itemprop='image' content=\"https:\/\/www.foment.com\/wp-content\/uploads\/2026\/04\/2-1.jpg\" \/><meta itemprop='startDate' content=\"2026-5-19T10:00+2:00\" \/><meta itemprop='endDate' content=\"2026-5-19T12:00+2:00\" \/><meta itemprop='eventStatus' content=\"https:\/\/schema.org\/EventScheduled\" \/><item style=\"display:none\" itemprop=\"location\" itemscope itemtype=\"http:\/\/schema.org\/Place\"><span itemprop=\"name\">Foment del Treball<\/span><span itemprop=\"address\" itemscope itemtype=\"http:\/\/schema.org\/PostalAddress\"><item itemprop=\"streetAddress\">Via Laietana, 32-34, Principal, Barcelona<\/item><\/span><\/item><item style=\"display:none\" itemprop=\"eventAttendanceMode\" itemscope itemtype=\"https:\/\/schema.org\/OfflineEventAttendanceMode\"><\/item><div itemprop=\"organizer\" itemscope=\"\" itemtype=\"http:\/\/schema.org\/Organization\">\n\t\t\t\t\t    \t<meta itemprop=\"name\" content=\"Debates Laborales\">\n\t\t\t\t\t    \t<meta itemprop=\"url\" content=\"http:\/\/www.foment.com\/es\/actividades\/debates-laborales\/\"><\/div><div itemprop=\"performer\" itemscope=\"\" itemtype=\"http:\/\/schema.org\/Person\">\n\t\t\t\t\t    \t<meta itemprop=\"name\" content=\"Debates Laborales\">\n\t\t\t\t\t    <\/div><script type=\"application\/ld+json\">{\"@context\": \"http:\/\/schema.org\",\"@type\": \"Event\",\n\t\t\t\t\t\"@id\": \"event_218408_0\",\n\t\t\t\t\t\"eventAttendanceMode\":\"https:\/\/schema.org\/OfflineEventAttendanceMode\",\n\t\t\t\t\t\"name\": \"Debates Laborales \u2013 Principales retos de la Directiva (UE) 2023\/970, de igualdad retributiva y transparencia salarial\",\n\t\t\t\t\t\"url\": \"https:\/\/www.foment.com\/es\/events\/debates-laborales-principales-retos-de-la-directiva-ue-2023-970-de-igualdad-retributiva-y-transparencia-salarial\/\",\n\t\t\t\t\t\"startDate\": \"2026-5-19T10:00+2:00\",\n\t\t\t\t\t\"endDate\": \"2026-5-19T12:00+2:00\",\n\t\t\t\t\t\"image\":\"https:\/\/www.foment.com\/wp-content\/uploads\/2026\/04\/2-1.jpg\", \n\t\t\t\t\t\"description\":\"<p>[vc_row][vc_column width=\u00bb1\/1&#8243;][vc_btn title=\u00bbInscripci\u00f3n gratuita, aqu\u00ed\u00bb style=\u00bb3d\u00bb color=\u00bbdanger\u00bb size=\u00bblg\u00bb align=\u00bbcenter\u00bb button_block=\u00bbtrue\u00bb link=\u00bburl:https%3A%2F%2Fwww.foment.com%2Fes%2Finscripciones-eventos%2F%3Fidevento%3D97FB6A75-7339-F111-88B4-7CED8D3FAFDD|target:_blank\u00bb][\/vc_column][\/vc_row][vc_row][vc_column width=\u00bb1\/1&#8243;][vc_column_text]<\/p> <div> <p style='text-align: justify;'><span style='font-family: verdana, geneva, sans-serif;'>Te invitamos a un nuevo encuentro de <strong>Debates Laborales<\/strong>, en el que, de la mano de <em>EY<\/em>, se abordar\u00e1n las implicaciones de la Directiva (UE) 2023\/970 en la gesti\u00f3n de las pol\u00edticas de Recursos Humanos y se analizar\u00e1 <strong>c\u00f3mo prepararse ante un nuevo paradigma en materia de transparencia salarial.<\/strong> Esta norma, que deber\u00eda transponerse al ordenamiento espa\u00f1ol antes del 7 de junio de 2026, refuerza el principio de igualdad retributiva entre hombres y mujeres por un mismo trabajo o uno de igual valor, situando la transparencia en el centro de la gesti\u00f3n empresarial.<\/span><\/p> <p style='text-align: justify;'><span style='font-family: verdana, geneva, sans-serif;'>La nueva regulaci\u00f3n <strong>exigir\u00e1 a las empresas ofrecer informaci\u00f3n clara, verificable y accesible sobre sus sistemas retributivos<\/strong>, con un impacto no solo econ\u00f3mico, sino tambi\u00e9n organizativo y reputacional. Entre sus principales novedades destacan la obligaci\u00f3n de <strong>justificar las brechas salariales cuando alcancen el 5%,<\/strong> as\u00ed como la obligaci\u00f3n de <strong>contar con bandas salariales definidas con criterios objetivos<\/strong>, que deber\u00e1n comunicarse tanto internamente como en los procesos de selecci\u00f3n. Todo ello obligar\u00e1 a <strong>revisar en profundidad pol\u00edticas y procesos clave de Recursos Humanos, como la selecci\u00f3n, la valoraci\u00f3n de puestos, la evaluaci\u00f3n del desempe\u00f1o y la estructura salarial<\/strong>.<\/span><\/p> <p style='text-align: justify;'><span style='font-family: verdana, geneva, sans-serif;'>En este contexto, la jornada se plantea como una oportunidad para ayudar a las empresas a comprender el alcance de la Directiva y anticiparse a su futura aplicaci\u00f3n en Espa\u00f1a, adaptando sus pol\u00edticas de Recursos Humanos a las nuevas obligaciones legales. Asimismo, permitir\u00e1 profundizar en los principios de igualdad retributiva, transparencia y no discriminaci\u00f3n, e identificar las acciones necesarias para avanzar hacia modelos de gesti\u00f3n de personas m\u00e1s objetivos, estructurados y alineados con la igualdad de genero.<\/span><\/p> <p>&nbsp;<\/p> <p style='text-align: center;'><strong><span style='color: #d2112d; font-family: verdana, geneva, sans-serif;'>PROGRAMA<\/span><\/strong><\/p> <p><span style='font-family: verdana, geneva, sans-serif;'><strong><span style='color: #d2112d;'>09:45 h. Recepci\u00f3n de los asistentes<\/span><\/strong><\/span><\/p> <p><span style='font-family: verdana, geneva, sans-serif;'><strong><span style='color: #d2112d;'>10:00 h. Bienvenida<\/span><\/strong><\/span><br \/> <span style='font-family: verdana, geneva, sans-serif;'><strong>Luis P\u00e9rez<\/strong>, presidente de la Comisi\u00f3n Laboral y Recursos Humanos de Foment del Treball y director de Relaciones Institucionales de Randstad<\/span><br \/> <span style='font-family: verdana, geneva, sans-serif;'><strong>Saray Espejo, <\/strong>directora general <em>d\u2019Equitat en els Treballs i Corresponsabilitat del departament d\u2019Igualtat i Feminisme<\/em> de la Generalitat de Catalu\u00f1a<\/span><\/p> <p><span style='color: #d2112d; font-family: verdana, geneva, sans-serif;'><strong>10:15 h. Directiva de aplicaci\u00f3n del principio de igualdad retributiva: transparencia retributiva y mecanismos para su cumplimiento<\/strong><\/span><br \/> <span style='font-family: verdana, geneva, sans-serif;'><strong>Olga Cecilia<\/strong>, socia responsable de compensaci\u00f3n y pensiones del \u00e1rea de People Advisory Services de EY<\/span><\/p> <p><span style='color: #d2112d; font-family: verdana, geneva, sans-serif;'><strong>10:30 h. \u00bfC\u00f3mo vamos a abordar las nuevas obligaciones en materia de transparencia salarial?<\/strong><\/span><br \/> <span style='font-family: verdana, geneva, sans-serif;'>Presentaci\u00f3n de <strong>Juan Pablo Riesgo,<\/strong> socio de People Advisory Services de EY, con la participaci\u00f3n de:<\/span><br \/> <span style='font-family: verdana, geneva, sans-serif;'><strong>Sandra P\u00e9rez,<\/strong> inspectora de Trabajo y de Seguridad Social, y responsable del \u00e1rea especializada en materia de igualdad<\/span><\/p> <p><span style='font-family: verdana, geneva, sans-serif;'><strong><span style='color: #d21100;'>1<\/span><span style='color: #d2112d;'>0:45 h. \u00bfC\u00f3mo est\u00e1n impactando las nuevas obligaciones en materia de transparencia salarial en la gesti\u00f3n del talento?<\/span><\/strong><\/span><br \/> <span style='font-family: verdana, geneva, sans-serif;'><strong>Mesa Redonda<\/strong> moderada por <strong>S\u00edlvia For\u00e9s<\/strong>, presidenta del Foro RRHH de Foment<\/span><\/p> <p><span style='color: #d2112d; font-family: verdana, geneva, sans-serif;'><strong>11:20 h. Innovaciones y dilemas en torno a la equidad salarial<\/strong><\/span><br \/> <span style='font-family: verdana, geneva, sans-serif;'><strong>Mesa Redonda<\/strong> moderada por <strong>Guillermo Ruiz<\/strong>, director de compensaci\u00f3n de People Advisory Services en EY, con la participaci\u00f3n de:<\/span><br \/> <span style='font-family: verdana, geneva, sans-serif;'>\u2022 <strong>Vanessa Pajares,<\/strong> manager de People Advisory Services en EY<\/span><br \/> <span style='font-family: verdana, geneva, sans-serif;'>\u2022 <strong>Francisco Gonz\u00e1lez-Quevedo,<\/strong> socio Pensions &amp; Benefits de People Advisory Services en EY<\/span><br \/> <span style='font-family: verdana, geneva, sans-serif;'>\u2022 <strong>Miguel \u00c1ngel Flores Torres,<\/strong> senior manager de People Advisory Services en EY<\/span><\/p> <p><span style='color: #d2112d; font-family: verdana, geneva, sans-serif;'><strong>11:40 h. Clausura<\/strong><\/span><br \/> <span style='font-family: verdana, geneva, sans-serif;'><strong>Daniel Lorenzo, <\/strong>director nacional de Relaciones Externas de\u00a0Randstad<\/span><br \/> <span style='font-family: verdana, geneva, sans-serif;'><strong>Judith Sans<\/strong>, socia responsable de Integrated Mobile Talent del \u00e1rea de People Advisory Services en EY<\/span><\/p> <p><span style='color: #d2112d; font-family: verdana, geneva, sans-serif;'><strong>11:50 h. Caf\u00e9 networking<\/strong><\/span><\/p> <\/div> <p style='text-align: center;'><span style='font-family: verdana, geneva, sans-serif; font-size: 16px;'><strong>\u00a0 \u00a0 \u00a0 \u00a0 \u00a0 \u00a0 \u00a0 \u00a0 \u00a0 \u00a0 \u00a0 \u00a0 \u00a0 \u00a0 \u00a0Patrocinadores:\u00a0<\/strong><\/span><\/p> <table style='border-collapse: collapse; width: 100%;'> <tbody> <tr> <td style='width: 57.2057%;'><a href='https:\/\/www.randstad.es\/'><img class='wp-image-61488 alignright' src='https:\/\/www.foment.com\/wp-content\/uploads\/2019\/04\/RANDSTAD-1.png' alt='' width='285' height='63' \/><\/a><\/td> <td style='width: 42.7943%;'><a href='https:\/\/www.ey.com\/es_es'><img class='alignnone wp-image-218929' src='https:\/\/www.foment.com\/wp-content\/uploads\/2026\/04\/EY_Logo_-REDUCIDO.jpg' alt='' width='110' height='115' \/><\/a><\/td> <\/tr> <tr> <td style='width: 57.2057%;'><\/td> <td style='width: 42.7943%;'><\/td> <\/tr> <\/tbody> <\/table> <p>[\/vc_column_text][\/vc_column][\/vc_row]<\/p> \",\"location\":[{\"@type\":\"Place\",\"name\":\"Foment del Treball\",\"address\":{\"@type\": \"PostalAddress\",\"streetAddress\":\"Via Laietana, 32-34, Principal, Barcelona\"}}],\"organizer\":{\"@type\":\"Organization\",\"name\":\"Debates Laborales\",\"url\":\"http:\/\/www.foment.com\/es\/actividades\/debates-laborales\/\"},\"performer\":{\"@type\":\"Person\",\"name\":\"Debates Laborales\"},\"eventStatus\":\"https:\/\/schema.org\/EventScheduled\"}<\/script><\/div>\n\t\t\t\t<p class=\"desc_trig_outter\" style=\"background-color:#ffffff;flex-direction: row;\"><a data-gmap_status=\"null\" data-exlk=\"0\" style=\"border-color: #f5e531;\" id=\"evc_1779184800218408\" class=\"hasFtIMG desc_trig evo_debbates-laborales sin_val evcal_list_a\" data-ux_val=\"3\"  ><span class='ev_ftImg' data-img='https:\/\/www.foment.com\/wp-content\/uploads\/2026\/04\/2-1.jpg' data-thumb='https:\/\/www.foment.com\/wp-content\/uploads\/2026\/04\/2-1-300x194.jpg' style='background-image:url(\"https:\/\/www.foment.com\/wp-content\/uploads\/2026\/04\/2-1-300x194.jpg\")'><\/span><style>.ajde_evcal_calendar.boxy #evcal_list .eventon_list_event .evcal_desc em{color:black;}<\/style><span style='width:100%; background-color:#f5e531 !important;' class='evcal_cblock ' data-smon='mayo' data-syr='2026'><span style='margin-top: 7px;margin-bottom: 7px;' class='evo_start '><em class='date'>19<\/em><em class='month'>may<\/em><em class='time'>10:00<\/em><\/span><span style='margin-top: 7px;margin-bottom: 7px;' class='evo_end only_time'><em class='time'>12:00<\/em><\/span><em class='clear'><\/em><\/span><span class='evcal_desc evo_info '  data-location_address=\"Via Laietana, 32-34, Principal, Barcelona\" data-location_type=\"address\" data-location_name=\"Foment del Treball\" data-location_url=\"https:\/\/www.foment.com\/es\/event-location\/foment-del-treball\/\" data-location_status=\"true\" ><span class='evo_above_title'><\/span><span class='evcal_desc2 evcal_event_title hbaevatitle' itemprop='name'>Debates Laborales \u2013 Principales retos de la Directiva (UE) 2023\/970, de igualdad retributiva y transparencia salarial<\/span><span class='evo_below_title'><\/span><span class='evcal_desc_info' ><em class='evcal_time evo_tz_time'>10:00 - 12:00<\/em> <\/span><span class='evcal_desc3'><em class=\"evcal_location\"  data-add_str=\"\"><em class=\"event_location_name\">Foment del Treball<\/em><\/em><\/span><span style='height: 60px;'  class='evcal_desc3' ><span class='evcal_event_types ett1'><em>C =<\/em><em data-filter='event_type'>Debates Laborales<\/em><i class='clear'><\/i><\/span><\/span><\/span><em class='clear'><\/em><\/a><\/p><div class='event_description evcal_eventcard ' style=\"display:none\"><div class='evo_metarow_fimg evorow evcal_evdata_img evcal_evdata_row  evo_imghover' data-imgheight='1294' data-imgwidth='2000'  style='background-image: url(\"https:\/\/www.foment.com\/wp-content\/uploads\/2026\/04\/2-1.jpg\")' data-imgstyle='full' data-minheight='400' data-status=''><\/div><div class='evcal_evdata_row evorow_2b evo_metarow_time_location evorow  '>\n\t\t\t\t\t\t\t\t<div class='evorow_b evorow_b1 evo_time'>\n\t\t\t\t\t\t\t\t\t<span class='evcal_evdata_icons'><i class='fa fa-clock'><\/i><\/span>\n\t\t\t\t\t\t\t\t\t<div class='evcal_evdata_cell'>\t\t\t\t\t\t\t\n\t\t\t\t\t\t\t\t\t\t<h3 class='evo_h3'><span class='evcal_evdata_icons'><i class='fa fa-clock'><\/i><\/span>Horario<\/h3>\n\t\t\t\t\t\t\t\t\t\t<p><span class='evo_eventcard_time_t'>(Martes) 10:00 - 12:00<\/span><\/p>\n\t\t\t\t\t\t\t\t\t<\/div>\n\t\t\t\t\t\t\t\t<\/div>\n\t\t\t\t\t\t\t\t<div class='evorow_b evo_location'>\n\t\t\t\t\t\t\t\t\t<span class='evcal_evdata_icons'><i class='fa fa-map-marker-alt'><\/i><\/span>\n\t\t\t\t\t\t\t\t\t<div class='evcal_evdata_cell' data-loc_tax_id='98'><h3 class='evo_h3'><span class='evcal_evdata_icons'><i class='fa fa-map-marker-alt'><\/i><\/span>Lugar<\/h3><p class='evo_location_name'>Foment del Treball<\/p><p class='evo_location_address'>Via Laietana, 32-34, Principal, Barcelona<\/p><\/div>\n\t\t\t\t\t\t\t\t<\/div>\n\t\t\t\t\t\t\t\t\n\t\t\t\t\t\t\t<\/div><div class='evo_metarow_details evorow evcal_evdata_row evcal_event_details'>\n\t\t\t\t\t\t\t\t<div class=\"event_excerpt\" style=\"display:none\"><h3 class=\"padb5 evo_h3\">Detalles del evento<\/h3><p>[vc_row][vc_column width=\u00bb1\/1&#8243;][vc_btn title=\u00bbInscripci\u00f3n gratuita, aqu\u00ed\u00bb style=\u00bb3d\u00bb color=\u00bbdanger\u00bb size=\u00bblg\u00bb align=\u00bbcenter\u00bb button_block=\u00bbtrue\u00bb link=\u00bburl:https%3A%2F%2Fwww.foment.com%2Fes%2Finscripciones-eventos%2F%3Fidevento%3D97FB6A75-7339-F111-88B4-7CED8D3FAFDD|target:_blank\u00bb][\/vc_column][\/vc_row][vc_row][vc_column width=\u00bb1\/1&#8243;][vc_column_text]\n\nTe invitamos a un nuevo encuentro de Debates Laborales, en el que, de<\/p><\/div><span class='evcal_evdata_icons'><i class='fa fa-align-justify'><\/i><\/span>\n\t\t\t\t\t\t\t\t\n\t\t\t\t\t\t\t\t<div class='evcal_evdata_cell '>\n\t\t\t\t\t\t\t\t\t<div class='eventon_full_description'>\n\t\t\t\t\t\t\t\t\t\t<h3 class='padb5 evo_h3'><span class='evcal_evdata_icons'><i class='fa fa-align-justify'><\/i><\/span>Detalles del evento<\/h3>\n\t\t\t\t\t\t\t\t\t\t<div class='eventon_desc_in' itemprop='description'>\n\t\t\t\t\t\t\t\t\t\t<p>[vc_row][vc_column width=\u00bb1\/1&#8243;][vc_btn title=\u00bbInscripci\u00f3n gratuita, aqu\u00ed\u00bb style=\u00bb3d\u00bb color=\u00bbdanger\u00bb size=\u00bblg\u00bb align=\u00bbcenter\u00bb button_block=\u00bbtrue\u00bb link=\u00bburl:https%3A%2F%2Fwww.foment.com%2Fes%2Finscripciones-eventos%2F%3Fidevento%3D97FB6A75-7339-F111-88B4-7CED8D3FAFDD|target:_blank\u00bb][\/vc_column][\/vc_row][vc_row][vc_column width=\u00bb1\/1&#8243;][vc_column_text]<\/p>\n<div>\n<p style=\"text-align: justify;\"><span style=\"font-family: verdana, geneva, sans-serif;\">Te invitamos a un nuevo encuentro de <strong>Debates Laborales<\/strong>, en el que, de la mano de <em>EY<\/em>, se abordar\u00e1n las implicaciones de la Directiva (UE) 2023\/970 en la gesti\u00f3n de las pol\u00edticas de Recursos Humanos y se analizar\u00e1 <strong>c\u00f3mo prepararse ante un nuevo paradigma en materia de transparencia salarial.<\/strong> Esta norma, que deber\u00eda transponerse al ordenamiento espa\u00f1ol antes del 7 de junio de 2026, refuerza el principio de igualdad retributiva entre hombres y mujeres por un mismo trabajo o uno de igual valor, situando la transparencia en el centro de la gesti\u00f3n empresarial.<\/span><\/p>\n<p style=\"text-align: justify;\"><span style=\"font-family: verdana, geneva, sans-serif;\">La nueva regulaci\u00f3n <strong>exigir\u00e1 a las empresas ofrecer informaci\u00f3n clara, verificable y accesible sobre sus sistemas retributivos<\/strong>, con un impacto no solo econ\u00f3mico, sino tambi\u00e9n organizativo y reputacional. Entre sus principales novedades destacan la obligaci\u00f3n de <strong>justificar las brechas salariales cuando alcancen el 5%,<\/strong> as\u00ed como la obligaci\u00f3n de <strong>contar con bandas salariales definidas con criterios objetivos<\/strong>, que deber\u00e1n comunicarse tanto internamente como en los procesos de selecci\u00f3n. Todo ello obligar\u00e1 a <strong>revisar en profundidad pol\u00edticas y procesos clave de Recursos Humanos, como la selecci\u00f3n, la valoraci\u00f3n de puestos, la evaluaci\u00f3n del desempe\u00f1o y la estructura salarial<\/strong>.<\/span><\/p>\n<p style=\"text-align: justify;\"><span style=\"font-family: verdana, geneva, sans-serif;\">En este contexto, la jornada se plantea como una oportunidad para ayudar a las empresas a comprender el alcance de la Directiva y anticiparse a su futura aplicaci\u00f3n en Espa\u00f1a, adaptando sus pol\u00edticas de Recursos Humanos a las nuevas obligaciones legales. Asimismo, permitir\u00e1 profundizar en los principios de igualdad retributiva, transparencia y no discriminaci\u00f3n, e identificar las acciones necesarias para avanzar hacia modelos de gesti\u00f3n de personas m\u00e1s objetivos, estructurados y alineados con la igualdad de genero.<\/span><\/p>\n<p>&nbsp;<\/p>\n<p style=\"text-align: center;\"><strong><span style=\"color: #d2112d; font-family: verdana, geneva, sans-serif;\">PROGRAMA<\/span><\/strong><\/p>\n<p><span style=\"font-family: verdana, geneva, sans-serif;\"><strong><span style=\"color: #d2112d;\">09:45 h. Recepci\u00f3n de los asistentes<\/span><\/strong><\/span><\/p>\n<p><span style=\"font-family: verdana, geneva, sans-serif;\"><strong><span style=\"color: #d2112d;\">10:00 h. Bienvenida<\/span><\/strong><\/span><br \/>\n<span style=\"font-family: verdana, geneva, sans-serif;\"><strong>Luis P\u00e9rez<\/strong>, presidente de la Comisi\u00f3n Laboral y Recursos Humanos de Foment del Treball y director de Relaciones Institucionales de Randstad<\/span><br \/>\n<span style=\"font-family: verdana, geneva, sans-serif;\"><strong>Saray Espejo, <\/strong>directora general <em>d\u2019Equitat en els Treballs i Corresponsabilitat del departament d\u2019Igualtat i Feminisme<\/em> de la Generalitat de Catalu\u00f1a<\/span><\/p>\n<p><span style=\"color: #d2112d; font-family: verdana, geneva, sans-serif;\"><strong>10:15 h. Directiva de aplicaci\u00f3n del principio de igualdad retributiva: transparencia retributiva y mecanismos para su cumplimiento<\/strong><\/span><br \/>\n<span style=\"font-family: verdana, geneva, sans-serif;\"><strong>Olga Cecilia<\/strong>, socia responsable de compensaci\u00f3n y pensiones del \u00e1rea de People Advisory Services de EY<\/span><\/p>\n<p><span style=\"color: #d2112d; font-family: verdana, geneva, sans-serif;\"><strong>10:30 h. \u00bfC\u00f3mo vamos a abordar las nuevas obligaciones en materia de transparencia salarial?<\/strong><\/span><br \/>\n<span style=\"font-family: verdana, geneva, sans-serif;\">Presentaci\u00f3n de <strong>Juan Pablo Riesgo,<\/strong> socio de People Advisory Services de EY, con la participaci\u00f3n de:<\/span><br \/>\n<span style=\"font-family: verdana, geneva, sans-serif;\"><strong>Sandra P\u00e9rez,<\/strong> inspectora de Trabajo y de Seguridad Social, y responsable del \u00e1rea especializada en materia de igualdad<\/span><\/p>\n<p><span style=\"font-family: verdana, geneva, sans-serif;\"><strong><span style=\"color: #d21100;\">1<\/span><span style=\"color: #d2112d;\">0:45 h. \u00bfC\u00f3mo est\u00e1n impactando las nuevas obligaciones en materia de transparencia salarial en la gesti\u00f3n del talento?<\/span><\/strong><\/span><br \/>\n<span style=\"font-family: verdana, geneva, sans-serif;\"><strong>Mesa Redonda<\/strong> moderada por <strong>S\u00edlvia For\u00e9s<\/strong>, presidenta del Foro RRHH de Foment<\/span><\/p>\n<p><span style=\"color: #d2112d; font-family: verdana, geneva, sans-serif;\"><strong>11:20 h. Innovaciones y dilemas en torno a la equidad salarial<\/strong><\/span><br \/>\n<span style=\"font-family: verdana, geneva, sans-serif;\"><strong>Mesa Redonda<\/strong> moderada por <strong>Guillermo Ruiz<\/strong>, director de compensaci\u00f3n de People Advisory Services en EY, con la participaci\u00f3n de:<\/span><br \/>\n<span style=\"font-family: verdana, geneva, sans-serif;\">\u2022 <strong>Vanessa Pajares,<\/strong> manager de People Advisory Services en EY<\/span><br \/>\n<span style=\"font-family: verdana, geneva, sans-serif;\">\u2022 <strong>Francisco Gonz\u00e1lez-Quevedo,<\/strong> socio Pensions &amp; Benefits de People Advisory Services en EY<\/span><br \/>\n<span style=\"font-family: verdana, geneva, sans-serif;\">\u2022 <strong>Miguel \u00c1ngel Flores Torres,<\/strong> senior manager de People Advisory Services en EY<\/span><\/p>\n<p><span style=\"color: #d2112d; font-family: verdana, geneva, sans-serif;\"><strong>11:40 h. Clausura<\/strong><\/span><br \/>\n<span style=\"font-family: verdana, geneva, sans-serif;\"><strong>Daniel Lorenzo, <\/strong>director nacional de Relaciones Externas de\u00a0Randstad<\/span><br \/>\n<span style=\"font-family: verdana, geneva, sans-serif;\"><strong>Judith Sans<\/strong>, socia responsable de Integrated Mobile Talent del \u00e1rea de People Advisory Services en EY<\/span><\/p>\n<p><span style=\"color: #d2112d; font-family: verdana, geneva, sans-serif;\"><strong>11:50 h. Caf\u00e9 networking<\/strong><\/span><\/p>\n<\/div>\n<p style=\"text-align: center;\"><span style=\"font-family: verdana, geneva, sans-serif; font-size: 16px;\"><strong>\u00a0 \u00a0 \u00a0 \u00a0 \u00a0 \u00a0 \u00a0 \u00a0 \u00a0 \u00a0 \u00a0 \u00a0 \u00a0 \u00a0 \u00a0Patrocinadores:\u00a0<\/strong><\/span><\/p>\n<table style=\"border-collapse: collapse; width: 100%;\">\n<tbody>\n<tr>\n<td style=\"width: 57.2057%;\"><a href=\"https:\/\/www.randstad.es\/\"><img class=\"wp-image-61488 alignright\" src=\"https:\/\/www.foment.com\/wp-content\/uploads\/2019\/04\/RANDSTAD-1.png\" alt=\"\" width=\"285\" height=\"63\" \/><\/a><\/td>\n<td style=\"width: 42.7943%;\"><a href=\"https:\/\/www.ey.com\/es_es\"><img class=\"alignnone wp-image-218929\" src=\"https:\/\/www.foment.com\/wp-content\/uploads\/2026\/04\/EY_Logo_-REDUCIDO.jpg\" alt=\"\" width=\"110\" height=\"115\" \/><\/a><\/td>\n<\/tr>\n<tr>\n<td style=\"width: 57.2057%;\"><\/td>\n<td style=\"width: 42.7943%;\"><\/td>\n<\/tr>\n<\/tbody>\n<\/table>\n<p>[\/vc_column_text][\/vc_column][\/vc_row]<\/p>\n<\/div><div class='clear'><\/div>\n\t\t\t\t\t\t\t\t\t<\/div>\n\t\t\t\t\t\t\t\t<\/div>\n\t\t\t\t\t\t\t<\/div><div class='evo_metarow_organizer evorow evcal_evdata_row evcal_evrow_sm '>\n\t\t\t\t\t\t\t\t<span class='evcal_evdata_icons'><i class='fa fa-headphones'><\/i><\/span>\n\t\t\t\t\t\t\t\t<div class='evcal_evdata_cell'>\t\t\t\t\t\t\t\n\t\t\t\t\t\t\t\t\t<h3 class='evo_h3'>Organizador<\/h3>\n\t\t\t\t\t\t\t\t\t<p class='evo_data_val evo_card_organizer_image'><img src='https:\/\/www.foment.com\/wp-content\/uploads\/2026\/04\/Plantilla-Roll-up-Debates-2-300x138.jpg'\/><\/p>\n\t\t\t\t\t\t\t\t\t<div class='evo_card_organizer'><p class='evo_data_val evo_card_organizer_name'>\n\t\t\t\t\t\t\t\t\t\t<span class='evo_card_organizer_name_t'><a  href='https:\/\/www.foment.com\/es\/actividades\/debates-laborales\/'>Debates Laborales<\/a><\/span>\n\t\t\t\t\t\t\t\t\t\t\n\t\t\t\t\t\t\t\t\t\t<\/p><\/div><div class='clear'><\/div>\t\t\t\t\t\t\t\n\t\t\t\t\t\t\t\t<\/div>\n\t\t\t\t\t\t\t<\/div><div class='evcal_evdata_row evo_metarow_locImg evorow ' style='height:400px; background-image:url(https:\/\/www.foment.com\/wp-content\/uploads\/2022\/06\/Edifici-Foment-2020-scaled.jpg)' id='146693_locimg' ><\/div>\t\t\t\t\t\t\t<div class='evo_metarow_ICS evorow evcal_evdata_row'>\n\t\t\t\t\t\t\t\t<span class=\"evcal_evdata_icons\"><i class=\"fa fa-calendar\"><\/i><\/span>\n\t\t\t\t\t\t\t\t<div class='evcal_evdata_cell'>\n\t\t\t\t\t\t\t\t\t<p><a href='https:\/\/www.foment.com\/wp-admin\/admin-ajax.php?action=eventon_ics_download&amp;event_id=218408&amp;ri=0' class='evo_ics_nCal' title='Add to your calendar'>Calendar<\/a><a href='\/\/www.google.com\/calendar\/event?action=TEMPLATE&amp;text=Debates+Laborales+%E2%80%93+Principales+retos+de+la+Directiva+%28UE%29+2023%2F970%2C+de+igualdad+retributiva+y+transparencia+salarial&amp;dates=20260519T080000Z\/20260519T100000Z&amp;ctz=Europe\/Madrid&amp;details=Debates+Laborales+%E2%80%93+Principales+retos+de+la+Directiva+%28UE%29+2023%2F970%2C+de+igualdad+retributiva+y+transparencia+salarial&amp;location=Foment+del+TreballVia+Laietana%2C+32-34%2C+Principal%2C+Barcelona' target='_blank' class='evo_ics_gCal' title='Add to google calendar'>GoogleCal<\/a><\/p>\t\n\t\t\t\t\t\t\t\t<\/div>\n\t\t\t\t\t\t\t<\/div>\n\t\t\t\t\t\t\t<div class='evo_card_row_end evcal_close' title='Close'><\/div><\/div><div class='clear end'><\/div><\/div><div  id=\"event_216550_0\" class=\"eventon_list_event evo_eventtop scheduled  event event_216550_0\" data-event_id=\"216550\" data-ri=\"0r\" data-time=\"1779267600-1779273000\" data-colr=\"#0db270\" itemscope itemtype='http:\/\/schema.org\/Event'><div class=\"evo_event_schema\" style=\"display:none\" ><a itemprop='url'  href='https:\/\/www.foment.com\/es\/events\/mitjans-de-pagament-internacionals\/'><\/a><meta itemprop='image' content=\"https:\/\/www.foment.com\/wp-content\/uploads\/2026\/03\/MEDIOS-DE-PAGO-INTERNACIONALES.jpg\" \/><meta itemprop='startDate' content=\"2026-5-20T09:00+2:00\" \/><meta itemprop='endDate' content=\"2026-5-20T10:30+2:00\" \/><meta itemprop='eventStatus' content=\"https:\/\/schema.org\/EventScheduled\" \/><item style=\"display:none\" itemprop=\"location\" itemscope itemtype=\"http:\/\/schema.org\/Place\"><span itemprop=\"name\">Webinar por Zoom<\/span><span itemprop=\"address\" itemscope itemtype=\"http:\/\/schema.org\/PostalAddress\"><item itemprop=\"streetAddress\">Webinar per Zoom<\/item><\/span><\/item><item style=\"display:none\" itemprop=\"eventAttendanceMode\" itemscope itemtype=\"https:\/\/schema.org\/OfflineEventAttendanceMode\"><\/item><div itemprop=\"organizer\" itemscope=\"\" itemtype=\"http:\/\/schema.org\/Organization\">\n\t\t\t\t\t    \t<meta itemprop=\"name\" content=\"Internacional\">\n\t\t\t\t\t    \t<\/div><div itemprop=\"performer\" itemscope=\"\" itemtype=\"http:\/\/schema.org\/Person\">\n\t\t\t\t\t    \t<meta itemprop=\"name\" content=\"Internacional\">\n\t\t\t\t\t    <\/div><script type=\"application\/ld+json\">{\"@context\": \"http:\/\/schema.org\",\"@type\": \"Event\",\n\t\t\t\t\t\"@id\": \"event_216550_0\",\n\t\t\t\t\t\"eventAttendanceMode\":\"https:\/\/schema.org\/OfflineEventAttendanceMode\",\n\t\t\t\t\t\"name\": \"Webinar | MEDIOS DE PAGO INTERNACIONALES\",\n\t\t\t\t\t\"url\": \"https:\/\/www.foment.com\/es\/events\/mitjans-de-pagament-internacionals\/\",\n\t\t\t\t\t\"startDate\": \"2026-5-20T09:00+2:00\",\n\t\t\t\t\t\"endDate\": \"2026-5-20T10:30+2:00\",\n\t\t\t\t\t\"image\":\"https:\/\/www.foment.com\/wp-content\/uploads\/2026\/03\/MEDIOS-DE-PAGO-INTERNACIONALES.jpg\", \n\t\t\t\t\t\"description\":\"<p>[vc_row][vc_column][vc_btn title=\u00bbInscripci\u00f3n a la sesi\u00f3n\u00bb style=\u00bb3d\u00bb color=\u00bbdanger\u00bb size=\u00bblg\u00bb align=\u00bbcenter\u00bb button_block=\u00bbtrue\u00bb link=\u00bburl:https%3A%2F%2Feur04.safelinks.protection.outlook.com%2F%3Furl%3Dhttps%253A%252F%252Fwww.foment.com%252Fes%252Finscripciones-eventos%252F%253Fidevento%253DC247C499-4F21-F111-8341-000D3ADC12CB%26data%3D05%257C02%257Cepalom%2540foment.com%257C8ed6aa3142134689468b08de8438b205%257Cf37c938d38654a89b99bb000c76a74bf%257C1%257C0%257C639093575933315330%257CUnknown%257CTWFpbGZsb3d8eyJFbXB0eU1hcGkiOnRydWUsIlYiOiIwLjAuMDAwMCIsIlAiOiJXaW4zMiIsIkFOIjoiTWFpbCIsIldUIjoyfQ%253D%253D%257C0%257C%257C%257C%26sdata%3DJyGCneUvOc6r2vJZIb1PRf8YoVdVHCOZEbLJ8nlC33s%253D%26reserved%3D0&#8243;][vc_column_text]<\/p> <p>En un contexto complejo, conocer y gestionar adecuadamente los instrumentos de pago internacional es esencial para garantizar la seguridad de los cobros.<\/p> <p><strong>Foment del Treball<\/strong>\u00a0y <strong>Banco de Sabadell<\/strong>, en el marco del programa <a href='https:\/\/eur04.safelinks.protection.outlook.com\/?url=https%3A%2F%2Fpublic-eur.mkt.dynamics.com%2Fapi%2Forgs%2F8d5eafb0-f8ac-4ccb-a7c1-a2767b978f43%2Fr%2FaITv1hKS8kSs6wB3jXECAAsAAAA%3Fmsdynmkt_target%3D%257B%2522TargetUrl%2522%253A%2522https%25253A%25252F%25252Feur04.safelinks.protection.outlook.com%25252F%25253Furl%25253Dhttps%2525253A%2525252F%2525252Fpublic-eur.mkt.dynamics.com%2525252Fapi%2525252Forgs%2525252F8d5eafb0-f8ac-4ccb-a7c1-a2767b978f43%2525252Fr%2525252FLn5gxxoARECGTxqFI30DAAsAAAA%2525253Fmsdynmkt_target%2525253D%252525257B%2525252522TargetUrl%2525252522%252525253A%2525252522https%25252525253A%25252525252F%25252525252Fformularis.accio.gencat.cat%25252525252Fweb%25252525252Fformularis%25252525252Finscripcions%25252525252F-%25252525252Finscripcio%25252525252F2026%25252525252F02%25252525252F03%25252525252FOnkrUbTR_SM9nz_z85jUAA%25252525252Fsollicitud-de-diagnostic-pie-foment%25252525252F%25252525253Flang%25252525253Dca_ES%252525252526portal%25252525253Daccio%252525252526_gl%25252525253D1%25252525252A9dm0zh%25252525252A_ga%25252525252AMTI0NzIzNzQyMC4xNzEyODIyOTgy%25252525252A_ga_6HSVZS0K1X%25252525252AczE3NzI3MjM4MjckbzE4OSRnMCR0MTc3MjcyMzgzMiRqNTUkbDAkaDA%2525252522%252525252C%2525252522RedirectOptions%2525252522%252525253A%252525257B%25252525225%2525252522%252525253Anull%252525252C%25252525221%2525252522%252525253Anull%252525257D%252525257D%25252526msdynmkt_digest%2525253DA1vZltR2b3nESlG%252525252BdOmS7YeZ5GTW3dinAdHW2pwAZaw%252525253D%25252526msdynmkt_secretVersion%2525253D7bb221762d0c46939816d3a5592b1359%252526data%25253D05%2525257C02%2525257Csramirez%25252540foment.com%2525257Cc7e7a4617105465e160408de83531847%2525257Cf37c938d38654a89b99bb000c76a74bf%2525257C1%2525257C0%2525257C639092590089463447%2525257CUnknown%2525257CTWFpbGZsb3d8eyJFbXB0eU1hcGkiOnRydWUsIlYiOiIwLjAuMDAwMCIsIlAiOiJXaW4zMiIsIkFOIjoiTWFpbCIsIldUIjoyfQ%2525253D%2525253D%2525257C0%2525257C%2525257C%2525257C%252526sdata%25253D8wWi3Z4S7N5i5VCO2QP6AvtWJylRMKEZbvPje18Pg90%2525253D%252526reserved%25253D0%2522%252C%2522RedirectOptions%2522%253A%257B%25225%2522%253Anull%252C%25221%2522%253Anull%257D%257D%26msdynmkt_digest%3DYIZexQWs7uZ2WhUfgJqeZuryKVb2vajIvtYv5qE8oRY%253D%26msdynmkt_secretVersion%3D7bb221762d0c46939816d3a5592b1359&amp;data=05%7C02%7Cepalom%40foment.com%7C8ed6aa3142134689468b08de8438b205%7Cf37c938d38654a89b99bb000c76a74bf%7C1%7C0%7C639093575933326876%7CUnknown%7CTWFpbGZsb3d8eyJFbXB0eU1hcGkiOnRydWUsIlYiOiIwLjAuMDAwMCIsIlAiOiJXaW4zMiIsIkFOIjoiTWFpbCIsIldUIjoyfQ%3D%3D%7C0%7C%7C%7C&amp;sdata=2Hhu7nRbfAPb7UxRBwjZJBcePEpHffH%2FbcB2kdrF5pM%3D&amp;reserved=0'><strong>CATALUNYA EXPORTA<\/strong><\/a>, os invitan al Webinar <span style='color: #d2112d;'><strong>\u00abMEDIOS DE PAGO INTERNACIONALES\u00bb<\/strong><\/span>, donde explicaremos c\u00f3mo minimizar riesgos eligiendo el medio de pago m\u00e1s adecuado seg\u00fan pa\u00eds, cliente y operaci\u00f3n.<\/p> <p>Participar en esta sesi\u00f3n permitir\u00e1 conocer los principales instrumentos:<\/p> <p>&#8211; Medios de pago simples<\/p> <p>&#8211; Remesas documentarias<\/p> <p>&#8211; Cr\u00e9dito documentario<\/p> <p>&#8211; Opciones de financiaci\u00f3n asociadas<\/p> <p>Una sesi\u00f3n pr\u00e1ctica para tomar decisiones m\u00e1s seguras en las operaciones internacionales.<\/p> <p>&nbsp;<\/p> <p><span style='color: #d2112d;'><strong>PROGRAMA<\/strong><\/span><\/p> <p><span style='color: #d2112d;'>09:00 h. Bienvenida y presentaci\u00f3n del Programa Catalu\u00f1a Exporta<\/span><\/p> <p><span style='color: #d2112d;'>09:10 h. <strong>Medios de pago internacional<\/strong><\/span><\/p> <p style='padding-left: 40px;'><strong>Sra. M\u00f3nica Dom\u00ednguez, <\/strong>Directora Negocio Internacional, <strong>Banc de Sabadell<\/strong><\/p> <p><span style='color: #d2112d;'>10:25 h. Turno de preguntas<\/span><\/p> <p><span style='color: #d2112d;'>10:30 h. Fin de la sesi\u00f3n<\/span><\/p> <p>&nbsp;<\/p> <p>[\/vc_column_text]<div class='single_image wpb_content_element align-center    ' data-animation='none' data-delay='0'><img width='1024' height='162' src='https:\/\/www.foment.com\/wp-content\/uploads\/2026\/03\/ACCIO-1024x162.png' class='attachment-large' alt='' loading='lazy' title='ACCI\u00d3' srcset='https:\/\/www.foment.com\/wp-content\/uploads\/2026\/03\/ACCIO-1024x162.png 1024w, https:\/\/www.foment.com\/wp-content\/uploads\/2026\/03\/ACCIO-300x47.png 300w, https:\/\/www.foment.com\/wp-content\/uploads\/2026\/03\/ACCIO-768x121.png 768w, https:\/\/www.foment.com\/wp-content\/uploads\/2026\/03\/ACCIO-1536x243.png 1536w, https:\/\/www.foment.com\/wp-content\/uploads\/2026\/03\/ACCIO.png 1900w' sizes='(max-width: 1024px) 100vw, 1024px' \/><\/div>[\/vc_column][\/vc_row][vc_row][vc_column width=\u00bb1\/1&#8243;][vc_column_text]Con la colaboraci\u00f3n de:[\/vc_column_text]<div class='single_image wpb_content_element align-center    ' data-animation='none' data-delay='0'><img width='300' height='69' src='https:\/\/www.foment.com\/wp-content\/uploads\/2023\/04\/BSabadell_POS_COL-300x69.jpg' class='attachment-medium' alt='' loading='lazy' title='Imprimir' srcset='https:\/\/www.foment.com\/wp-content\/uploads\/2023\/04\/BSabadell_POS_COL-300x69.jpg 300w, https:\/\/www.foment.com\/wp-content\/uploads\/2023\/04\/BSabadell_POS_COL-1024x234.jpg 1024w, https:\/\/www.foment.com\/wp-content\/uploads\/2023\/04\/BSabadell_POS_COL-768x176.jpg 768w, https:\/\/www.foment.com\/wp-content\/uploads\/2023\/04\/BSabadell_POS_COL.jpg 1181w' sizes='(max-width: 300px) 100vw, 300px' \/><\/div>[\/vc_column][\/vc_row][vc_row][vc_column width=\u00bb1\/2&#8243;][vc_column_text]<span style='font-family: verdana, geneva, sans-serif; font-size: 12px;'>Con el apoyo de:<\/span>[\/vc_column_text]<div class='single_image wpb_content_element align-center    ' data-animation='none' data-delay='0'><img width='300' height='67' src='https:\/\/www.foment.com\/wp-content\/uploads\/2026\/03\/Imagen2-1-300x67.png' class='attachment-medium' alt='' loading='lazy' title='Imagen2' srcset='https:\/\/www.foment.com\/wp-content\/uploads\/2026\/03\/Imagen2-1-300x67.png 300w, https:\/\/www.foment.com\/wp-content\/uploads\/2026\/03\/Imagen2-1.png 314w' sizes='(max-width: 300px) 100vw, 300px' \/><\/div>[\/vc_column][vc_column width=\u00bb1\/2&#8243;][vc_column_text]<span style='font-family: verdana, geneva, sans-serif; font-size: 12px;'>Agent de suport a la Internacionalitzaci\u00f3<\/span>[\/vc_column_text]<div class='single_image wpb_content_element align-left    ' data-animation='none' data-delay='0'><img width='274' height='300' src='https:\/\/www.foment.com\/wp-content\/uploads\/2025\/11\/Agent-Suport-Internacionalizacio_Vertical-274x300.png' class='attachment-medium' alt='' loading='lazy' title='Agent Suport Internacionalizaci\u00f3_Vertical' srcset='https:\/\/www.foment.com\/wp-content\/uploads\/2025\/11\/Agent-Suport-Internacionalizacio_Vertical-274x300.png 274w, https:\/\/www.foment.com\/wp-content\/uploads\/2025\/11\/Agent-Suport-Internacionalizacio_Vertical-768x842.png 768w, https:\/\/www.foment.com\/wp-content\/uploads\/2025\/11\/Agent-Suport-Internacionalizacio_Vertical.png 778w' sizes='(max-width: 274px) 100vw, 274px' \/><\/div>[\/vc_column][\/vc_row][vc_row][\/vc_row][vc_column][\/vc_column][vc_column_text]<\/p> <p>S\u00f3c un bloc de text. Feu clic al bot\u00f3 Edita per canviar aquest text. Lorem Ipsum \u00e9s un text de farciment usat per la ind\u00fastria de la tipografia i la impremta.<\/p> <p>[\/vc_column_text]<\/p> \",\"location\":[{\"@type\":\"Place\",\"name\":\"Webinar por Zoom\",\"address\":{\"@type\": \"PostalAddress\",\"streetAddress\":\"Webinar per Zoom\"}}],\"organizer\":{\"@type\":\"Organization\",\"name\":\"Internacional\"},\"performer\":{\"@type\":\"Person\",\"name\":\"Internacional\"},\"eventStatus\":\"https:\/\/schema.org\/EventScheduled\"}<\/script><\/div>\n\t\t\t\t<p class=\"desc_trig_outter\" style=\"background-color:#ffffff;flex-direction: row;\"><a data-gmap_status=\"null\" data-exlk=\"1\"  style=\"border-color: #0db270;\" id=\"evc_1779267600216550\" class=\"hasFtIMG desc_trig evo_misiones-internacionales sin_val evcal_list_a\" data-ux_val=\"3\"  ><span class='ev_ftImg' data-img='https:\/\/www.foment.com\/wp-content\/uploads\/2026\/03\/MEDIOS-DE-PAGO-INTERNACIONALES.jpg' data-thumb='https:\/\/www.foment.com\/wp-content\/uploads\/2026\/03\/MEDIOS-DE-PAGO-INTERNACIONALES-300x194.jpg' style='background-image:url(\"https:\/\/www.foment.com\/wp-content\/uploads\/2026\/03\/MEDIOS-DE-PAGO-INTERNACIONALES-300x194.jpg\")'><\/span><style>.ajde_evcal_calendar.boxy #evcal_list .eventon_list_event .evcal_desc em{color:black;}<\/style><span style='width:100%; background-color:#0db270 !important;' class='evcal_cblock ' data-smon='mayo' data-syr='2026'><span style='margin-top: 7px;margin-bottom: 7px;' class='evo_start '><em class='date'>20<\/em><em class='month'>may<\/em><em class='time'>9:00<\/em><\/span><span style='margin-top: 7px;margin-bottom: 7px;' class='evo_end only_time'><em class='time'>10:30<\/em><\/span><em class='clear'><\/em><\/span><span class='evcal_desc evo_info '  data-location_address=\"Webinar per Zoom\" data-location_type=\"address\" data-location_name=\"Webinar por Zoom\" data-location_url=\"https:\/\/www.foment.com\/es\/event-location\/webinar-por-zoom\/\" data-location_status=\"true\" ><span class='evo_above_title'><\/span><span class='evcal_desc2 evcal_event_title hbaevatitle' itemprop='name'>Webinar | MEDIOS DE PAGO INTERNACIONALES<\/span><span class='evo_below_title'><span class='evcal_event_subtitle' >Programa Catalunya Exporta<\/span><\/span><span class='evcal_desc_info' ><em class='evcal_time evo_tz_time'>9:00 - 10:30<\/em> <\/span><span class='evcal_desc3'><em class=\"evcal_location\"  data-add_str=\"\"><em class=\"event_location_name\">Webinar por Zoom<\/em><\/em><\/span><span style='height: 60px;'  class='evcal_desc3' ><span class='evcal_event_types ett1'><em>C =<\/em><em data-filter='event_type'>Misiones Internacionales<\/em><i class='clear'><\/i><\/span><\/span><\/span><em class='clear'><\/em><\/a><\/p><div class='event_description evcal_eventcard ' style=\"display:none\"><div class='evo_metarow_fimg evorow evcal_evdata_img evcal_evdata_row  evo_imghover' data-imgheight='1294' data-imgwidth='2000'  style='background-image: url(\"https:\/\/www.foment.com\/wp-content\/uploads\/2026\/03\/MEDIOS-DE-PAGO-INTERNACIONALES.jpg\")' data-imgstyle='full' data-minheight='400' data-status=''><\/div><div class='evcal_evdata_row evorow_2b evo_metarow_time_location evorow  '>\n\t\t\t\t\t\t\t\t<div class='evorow_b evorow_b1 evo_time'>\n\t\t\t\t\t\t\t\t\t<span class='evcal_evdata_icons'><i class='fa fa-clock'><\/i><\/span>\n\t\t\t\t\t\t\t\t\t<div class='evcal_evdata_cell'>\t\t\t\t\t\t\t\n\t\t\t\t\t\t\t\t\t\t<h3 class='evo_h3'><span class='evcal_evdata_icons'><i class='fa fa-clock'><\/i><\/span>Horario<\/h3>\n\t\t\t\t\t\t\t\t\t\t<p><span class='evo_eventcard_time_t'>(Mi\u00e9rcoles) 9:00 - 10:30<\/span><\/p>\n\t\t\t\t\t\t\t\t\t<\/div>\n\t\t\t\t\t\t\t\t<\/div>\n\t\t\t\t\t\t\t\t<div class='evorow_b evo_location'>\n\t\t\t\t\t\t\t\t\t<span class='evcal_evdata_icons'><i class='fa fa-map-marker-alt'><\/i><\/span>\n\t\t\t\t\t\t\t\t\t<div class='evcal_evdata_cell' data-loc_tax_id='3536'><h3 class='evo_h3'><span class='evcal_evdata_icons'><i class='fa fa-map-marker-alt'><\/i><\/span>Lugar<\/h3><p class='evo_location_name'>Webinar por Zoom<\/p><p class='evo_location_address'>Webinar per Zoom<\/p><\/div>\n\t\t\t\t\t\t\t\t<\/div>\n\t\t\t\t\t\t\t\t\n\t\t\t\t\t\t\t<\/div><div class='evo_metarow_details evorow evcal_evdata_row evcal_event_details'>\n\t\t\t\t\t\t\t\t<div class=\"event_excerpt\" style=\"display:none\"><h3 class=\"padb5 evo_h3\">Detalles del evento<\/h3><p>[vc_row][vc_column][vc_btn title=\u00bbInscripci\u00f3n a la sesi\u00f3n\u00bb style=\u00bb3d\u00bb color=\u00bbdanger\u00bb size=\u00bblg\u00bb align=\u00bbcenter\u00bb button_block=\u00bbtrue\u00bb link=\u00bburl:https%3A%2F%2Feur04.safelinks.protection.outlook.com%2F%3Furl%3Dhttps%253A%252F%252Fwww.foment.com%252Fes%252Finscripciones-eventos%252F%253Fidevento%253DC247C499-4F21-F111-8341-000D3ADC12CB%26data%3D05%257C02%257Cepalom%2540foment.com%257C8ed6aa3142134689468b08de8438b205%257Cf37c938d38654a89b99bb000c76a74bf%257C1%257C0%257C639093575933315330%257CUnknown%257CTWFpbGZsb3d8eyJFbXB0eU1hcGkiOnRydWUsIlYiOiIwLjAuMDAwMCIsIlAiOiJXaW4zMiIsIkFOIjoiTWFpbCIsIldUIjoyfQ%253D%253D%257C0%257C%257C%257C%26sdata%3DJyGCneUvOc6r2vJZIb1PRf8YoVdVHCOZEbLJ8nlC33s%253D%26reserved%3D0&#8243;][vc_column_text]\nEn un contexto complejo, conocer y gestionar adecuadamente los instrumentos de pago internacional es esencial para garantizar la seguridad de<\/p><\/div><span class='evcal_evdata_icons'><i class='fa fa-align-justify'><\/i><\/span>\n\t\t\t\t\t\t\t\t\n\t\t\t\t\t\t\t\t<div class='evcal_evdata_cell '>\n\t\t\t\t\t\t\t\t\t<div class='eventon_full_description'>\n\t\t\t\t\t\t\t\t\t\t<h3 class='padb5 evo_h3'><span class='evcal_evdata_icons'><i class='fa fa-align-justify'><\/i><\/span>Detalles del evento<\/h3>\n\t\t\t\t\t\t\t\t\t\t<div class='eventon_desc_in' itemprop='description'>\n\t\t\t\t\t\t\t\t\t\t<p>[vc_row][vc_column][vc_btn title=\u00bbInscripci\u00f3n a la sesi\u00f3n\u00bb style=\u00bb3d\u00bb color=\u00bbdanger\u00bb size=\u00bblg\u00bb align=\u00bbcenter\u00bb button_block=\u00bbtrue\u00bb link=\u00bburl:https%3A%2F%2Feur04.safelinks.protection.outlook.com%2F%3Furl%3Dhttps%253A%252F%252Fwww.foment.com%252Fes%252Finscripciones-eventos%252F%253Fidevento%253DC247C499-4F21-F111-8341-000D3ADC12CB%26data%3D05%257C02%257Cepalom%2540foment.com%257C8ed6aa3142134689468b08de8438b205%257Cf37c938d38654a89b99bb000c76a74bf%257C1%257C0%257C639093575933315330%257CUnknown%257CTWFpbGZsb3d8eyJFbXB0eU1hcGkiOnRydWUsIlYiOiIwLjAuMDAwMCIsIlAiOiJXaW4zMiIsIkFOIjoiTWFpbCIsIldUIjoyfQ%253D%253D%257C0%257C%257C%257C%26sdata%3DJyGCneUvOc6r2vJZIb1PRf8YoVdVHCOZEbLJ8nlC33s%253D%26reserved%3D0&#8243;][vc_column_text]<\/p>\n<p>En un contexto complejo, conocer y gestionar adecuadamente los instrumentos de pago internacional es esencial para garantizar la seguridad de los cobros.<\/p>\n<p><strong>Foment del Treball<\/strong>\u00a0y <strong>Banco de Sabadell<\/strong>, en el marco del programa <a href=\"https:\/\/eur04.safelinks.protection.outlook.com\/?url=https%3A%2F%2Fpublic-eur.mkt.dynamics.com%2Fapi%2Forgs%2F8d5eafb0-f8ac-4ccb-a7c1-a2767b978f43%2Fr%2FaITv1hKS8kSs6wB3jXECAAsAAAA%3Fmsdynmkt_target%3D%257B%2522TargetUrl%2522%253A%2522https%25253A%25252F%25252Feur04.safelinks.protection.outlook.com%25252F%25253Furl%25253Dhttps%2525253A%2525252F%2525252Fpublic-eur.mkt.dynamics.com%2525252Fapi%2525252Forgs%2525252F8d5eafb0-f8ac-4ccb-a7c1-a2767b978f43%2525252Fr%2525252FLn5gxxoARECGTxqFI30DAAsAAAA%2525253Fmsdynmkt_target%2525253D%252525257B%2525252522TargetUrl%2525252522%252525253A%2525252522https%25252525253A%25252525252F%25252525252Fformularis.accio.gencat.cat%25252525252Fweb%25252525252Fformularis%25252525252Finscripcions%25252525252F-%25252525252Finscripcio%25252525252F2026%25252525252F02%25252525252F03%25252525252FOnkrUbTR_SM9nz_z85jUAA%25252525252Fsollicitud-de-diagnostic-pie-foment%25252525252F%25252525253Flang%25252525253Dca_ES%252525252526portal%25252525253Daccio%252525252526_gl%25252525253D1%25252525252A9dm0zh%25252525252A_ga%25252525252AMTI0NzIzNzQyMC4xNzEyODIyOTgy%25252525252A_ga_6HSVZS0K1X%25252525252AczE3NzI3MjM4MjckbzE4OSRnMCR0MTc3MjcyMzgzMiRqNTUkbDAkaDA%2525252522%252525252C%2525252522RedirectOptions%2525252522%252525253A%252525257B%25252525225%2525252522%252525253Anull%252525252C%25252525221%2525252522%252525253Anull%252525257D%252525257D%25252526msdynmkt_digest%2525253DA1vZltR2b3nESlG%252525252BdOmS7YeZ5GTW3dinAdHW2pwAZaw%252525253D%25252526msdynmkt_secretVersion%2525253D7bb221762d0c46939816d3a5592b1359%252526data%25253D05%2525257C02%2525257Csramirez%25252540foment.com%2525257Cc7e7a4617105465e160408de83531847%2525257Cf37c938d38654a89b99bb000c76a74bf%2525257C1%2525257C0%2525257C639092590089463447%2525257CUnknown%2525257CTWFpbGZsb3d8eyJFbXB0eU1hcGkiOnRydWUsIlYiOiIwLjAuMDAwMCIsIlAiOiJXaW4zMiIsIkFOIjoiTWFpbCIsIldUIjoyfQ%2525253D%2525253D%2525257C0%2525257C%2525257C%2525257C%252526sdata%25253D8wWi3Z4S7N5i5VCO2QP6AvtWJylRMKEZbvPje18Pg90%2525253D%252526reserved%25253D0%2522%252C%2522RedirectOptions%2522%253A%257B%25225%2522%253Anull%252C%25221%2522%253Anull%257D%257D%26msdynmkt_digest%3DYIZexQWs7uZ2WhUfgJqeZuryKVb2vajIvtYv5qE8oRY%253D%26msdynmkt_secretVersion%3D7bb221762d0c46939816d3a5592b1359&amp;data=05%7C02%7Cepalom%40foment.com%7C8ed6aa3142134689468b08de8438b205%7Cf37c938d38654a89b99bb000c76a74bf%7C1%7C0%7C639093575933326876%7CUnknown%7CTWFpbGZsb3d8eyJFbXB0eU1hcGkiOnRydWUsIlYiOiIwLjAuMDAwMCIsIlAiOiJXaW4zMiIsIkFOIjoiTWFpbCIsIldUIjoyfQ%3D%3D%7C0%7C%7C%7C&amp;sdata=2Hhu7nRbfAPb7UxRBwjZJBcePEpHffH%2FbcB2kdrF5pM%3D&amp;reserved=0\"><strong>CATALUNYA EXPORTA<\/strong><\/a>, os invitan al Webinar <span style=\"color: #d2112d;\"><strong>\u00abMEDIOS DE PAGO INTERNACIONALES\u00bb<\/strong><\/span>, donde explicaremos c\u00f3mo minimizar riesgos eligiendo el medio de pago m\u00e1s adecuado seg\u00fan pa\u00eds, cliente y operaci\u00f3n.<\/p>\n<p>Participar en esta sesi\u00f3n permitir\u00e1 conocer los principales instrumentos:<\/p>\n<p>&#8211; Medios de pago simples<\/p>\n<p>&#8211; Remesas documentarias<\/p>\n<p>&#8211; Cr\u00e9dito documentario<\/p>\n<p>&#8211; Opciones de financiaci\u00f3n asociadas<\/p>\n<p>Una sesi\u00f3n pr\u00e1ctica para tomar decisiones m\u00e1s seguras en las operaciones internacionales.<\/p>\n<p>&nbsp;<\/p>\n<p><span style=\"color: #d2112d;\"><strong>PROGRAMA<\/strong><\/span><\/p>\n<p><span style=\"color: #d2112d;\">09:00 h. Bienvenida y presentaci\u00f3n del Programa Catalu\u00f1a Exporta<\/span><\/p>\n<p><span style=\"color: #d2112d;\">09:10 h. <strong>Medios de pago internacional<\/strong><\/span><\/p>\n<p style=\"padding-left: 40px;\"><strong>Sra. M\u00f3nica Dom\u00ednguez, <\/strong>Directora Negocio Internacional, <strong>Banc de Sabadell<\/strong><\/p>\n<p><span style=\"color: #d2112d;\">10:25 h. Turno de preguntas<\/span><\/p>\n<p><span style=\"color: #d2112d;\">10:30 h. Fin de la sesi\u00f3n<\/span><\/p>\n<p>&nbsp;<\/p>\n<p>[\/vc_column_text]<\/p>\n<div class=\"single_image wpb_content_element align-center    \" data-animation=\"none\" data-delay=\"0\"><img width=\"1024\" height=\"162\" src=\"https:\/\/www.foment.com\/wp-content\/uploads\/2026\/03\/ACCIO-1024x162.png\" class=\"attachment-large\" alt=\"\" loading=\"lazy\" title=\"ACCI\u00d3\" srcset=\"https:\/\/www.foment.com\/wp-content\/uploads\/2026\/03\/ACCIO-1024x162.png 1024w, https:\/\/www.foment.com\/wp-content\/uploads\/2026\/03\/ACCIO-300x47.png 300w, https:\/\/www.foment.com\/wp-content\/uploads\/2026\/03\/ACCIO-768x121.png 768w, https:\/\/www.foment.com\/wp-content\/uploads\/2026\/03\/ACCIO-1536x243.png 1536w, https:\/\/www.foment.com\/wp-content\/uploads\/2026\/03\/ACCIO.png 1900w\" sizes=\"(max-width: 1024px) 100vw, 1024px\" \/><\/div>\n<p>[\/vc_column][\/vc_row][vc_row][vc_column width=\u00bb1\/1&#8243;][vc_column_text]Con la colaboraci\u00f3n de:[\/vc_column_text]<\/p>\n<div class=\"single_image wpb_content_element align-center    \" data-animation=\"none\" data-delay=\"0\"><img width=\"300\" height=\"69\" src=\"https:\/\/www.foment.com\/wp-content\/uploads\/2023\/04\/BSabadell_POS_COL-300x69.jpg\" class=\"attachment-medium\" alt=\"\" loading=\"lazy\" title=\"Imprimir\" srcset=\"https:\/\/www.foment.com\/wp-content\/uploads\/2023\/04\/BSabadell_POS_COL-300x69.jpg 300w, https:\/\/www.foment.com\/wp-content\/uploads\/2023\/04\/BSabadell_POS_COL-1024x234.jpg 1024w, https:\/\/www.foment.com\/wp-content\/uploads\/2023\/04\/BSabadell_POS_COL-768x176.jpg 768w, https:\/\/www.foment.com\/wp-content\/uploads\/2023\/04\/BSabadell_POS_COL.jpg 1181w\" sizes=\"(max-width: 300px) 100vw, 300px\" \/><\/div>\n<p>[\/vc_column][\/vc_row][vc_row][vc_column width=\u00bb1\/2&#8243;][vc_column_text]<span style=\"font-family: verdana, geneva, sans-serif; font-size: 12px;\">Con el apoyo de:<\/span>[\/vc_column_text]<\/p>\n<div class=\"single_image wpb_content_element align-center    \" data-animation=\"none\" data-delay=\"0\"><img width=\"300\" height=\"67\" src=\"https:\/\/www.foment.com\/wp-content\/uploads\/2026\/03\/Imagen2-1-300x67.png\" class=\"attachment-medium\" alt=\"\" loading=\"lazy\" title=\"Imagen2\" srcset=\"https:\/\/www.foment.com\/wp-content\/uploads\/2026\/03\/Imagen2-1-300x67.png 300w, https:\/\/www.foment.com\/wp-content\/uploads\/2026\/03\/Imagen2-1.png 314w\" sizes=\"(max-width: 300px) 100vw, 300px\" \/><\/div>\n<p>[\/vc_column][vc_column width=\u00bb1\/2&#8243;][vc_column_text]<span style=\"font-family: verdana, geneva, sans-serif; font-size: 12px;\">Agent de suport a la Internacionalitzaci\u00f3<\/span>[\/vc_column_text]<\/p>\n<div class=\"single_image wpb_content_element align-left    \" data-animation=\"none\" data-delay=\"0\"><img width=\"274\" height=\"300\" src=\"https:\/\/www.foment.com\/wp-content\/uploads\/2025\/11\/Agent-Suport-Internacionalizacio_Vertical-274x300.png\" class=\"attachment-medium\" alt=\"\" loading=\"lazy\" title=\"Agent Suport Internacionalizaci\u00f3_Vertical\" srcset=\"https:\/\/www.foment.com\/wp-content\/uploads\/2025\/11\/Agent-Suport-Internacionalizacio_Vertical-274x300.png 274w, https:\/\/www.foment.com\/wp-content\/uploads\/2025\/11\/Agent-Suport-Internacionalizacio_Vertical-768x842.png 768w, https:\/\/www.foment.com\/wp-content\/uploads\/2025\/11\/Agent-Suport-Internacionalizacio_Vertical.png 778w\" sizes=\"(max-width: 274px) 100vw, 274px\" \/><\/div>\n<p>[\/vc_column][\/vc_row][vc_row][\/vc_row][vc_column][\/vc_column][vc_column_text]<\/p>\n<p>S\u00f3c un bloc de text. Feu clic al bot\u00f3 Edita per canviar aquest text. Lorem Ipsum \u00e9s un text de farciment usat per la ind\u00fastria de la tipografia i la impremta.<\/p>\n<p>[\/vc_column_text]<\/p>\n<\/div><div class='clear'><\/div>\n\t\t\t\t\t\t\t\t\t<\/div>\n\t\t\t\t\t\t\t\t<\/div>\n\t\t\t\t\t\t\t<\/div><div class='evo_metarow_organizer evorow evcal_evdata_row evcal_evrow_sm '>\n\t\t\t\t\t\t\t\t<span class='evcal_evdata_icons'><i class='fa fa-headphones'><\/i><\/span>\n\t\t\t\t\t\t\t\t<div class='evcal_evdata_cell'>\t\t\t\t\t\t\t\n\t\t\t\t\t\t\t\t\t<h3 class='evo_h3'>Organizador<\/h3>\n\t\t\t\t\t\t\t\t\t<p class='evo_data_val evo_card_organizer_image'><img src='https:\/\/www.foment.com\/wp-content\/uploads\/2017\/04\/InternacionalEmpresabitotransCAT-200x80.png'\/><\/p>\n\t\t\t\t\t\t\t\t\t<div class='evo_card_organizer'><p class='evo_data_val evo_card_organizer_name'>\n\t\t\t\t\t\t\t\t\t\t<span class='evo_card_organizer_name_t'>Internacional<\/span><span class='evo_card_organizer_contact'>internacional@foment.com<\/span>\n\t\t\t\t\t\t\t\t\t\t\n\t\t\t\t\t\t\t\t\t\t<\/p><\/div><div class='clear'><\/div>\t\t\t\t\t\t\t\n\t\t\t\t\t\t\t\t<\/div>\n\t\t\t\t\t\t\t<\/div>\t\t\t\t\t\t\t<div class='evo_metarow_ICS evorow evcal_evdata_row'>\n\t\t\t\t\t\t\t\t<span class=\"evcal_evdata_icons\"><i class=\"fa fa-calendar\"><\/i><\/span>\n\t\t\t\t\t\t\t\t<div class='evcal_evdata_cell'>\n\t\t\t\t\t\t\t\t\t<p><a href='https:\/\/www.foment.com\/wp-admin\/admin-ajax.php?action=eventon_ics_download&amp;event_id=216550&amp;ri=0' class='evo_ics_nCal' title='Add to your calendar'>Calendar<\/a><a href='\/\/www.google.com\/calendar\/event?action=TEMPLATE&amp;text=Webinar+%7C+MEDIOS+DE+PAGO+INTERNACIONALES&amp;dates=20260520T070000Z\/20260520T083000Z&amp;ctz=Europe\/Madrid&amp;details=Webinar+%7C+MEDIOS+DE+PAGO+INTERNACIONALES&amp;location=Webinar+por+ZoomWebinar+per+Zoom' target='_blank' class='evo_ics_gCal' title='Add to google calendar'>GoogleCal<\/a><\/p>\t\n\t\t\t\t\t\t\t\t<\/div>\n\t\t\t\t\t\t\t<\/div>\n\t\t\t\t\t\t\t<div class='evo_card_row_end evcal_close' title='Close'><\/div><\/div><div class='clear end'><\/div><\/div><div  id=\"event_216846_0\" class=\"eventon_list_event evo_eventtop scheduled  event event_216846_0\" data-event_id=\"216846\" data-ri=\"0r\" data-time=\"1779786000-1779791400\" data-colr=\"#0db270\" itemscope itemtype='http:\/\/schema.org\/Event'><div class=\"evo_event_schema\" style=\"display:none\" ><a itemprop='url'  href='https:\/\/www.foment.com\/es\/events\/adaptar-el-producte-per-vendre-en-altres-paisos\/'><\/a><meta itemprop='image' content=\"https:\/\/www.foment.com\/wp-content\/uploads\/2026\/03\/Diseno-sin-titulo-8-1-scaled.jpg\" \/><meta itemprop='startDate' content=\"2026-5-26T09:00+2:00\" \/><meta itemprop='endDate' content=\"2026-5-26T10:30+2:00\" \/><meta itemprop='eventStatus' content=\"https:\/\/schema.org\/EventScheduled\" \/><item style=\"display:none\" itemprop=\"location\" itemscope itemtype=\"http:\/\/schema.org\/Place\"><span itemprop=\"name\">Webinar por Zoom<\/span><span itemprop=\"address\" itemscope itemtype=\"http:\/\/schema.org\/PostalAddress\"><item itemprop=\"streetAddress\">Webinar per Zoom<\/item><\/span><\/item><item style=\"display:none\" itemprop=\"eventAttendanceMode\" itemscope itemtype=\"https:\/\/schema.org\/OfflineEventAttendanceMode\"><\/item><div itemprop=\"organizer\" itemscope=\"\" itemtype=\"http:\/\/schema.org\/Organization\">\n\t\t\t\t\t    \t<meta itemprop=\"name\" content=\"Internacional\">\n\t\t\t\t\t    \t<\/div><div itemprop=\"performer\" itemscope=\"\" itemtype=\"http:\/\/schema.org\/Person\">\n\t\t\t\t\t    \t<meta itemprop=\"name\" content=\"Internacional\">\n\t\t\t\t\t    <\/div><script type=\"application\/ld+json\">{\"@context\": \"http:\/\/schema.org\",\"@type\": \"Event\",\n\t\t\t\t\t\"@id\": \"event_216846_0\",\n\t\t\t\t\t\"eventAttendanceMode\":\"https:\/\/schema.org\/OfflineEventAttendanceMode\",\n\t\t\t\t\t\"name\": \"Webinar | ADAPTAR EL PRODUCTO PARA VENDER EN OTROS PAISES\",\n\t\t\t\t\t\"url\": \"https:\/\/www.foment.com\/es\/events\/adaptar-el-producte-per-vendre-en-altres-paisos\/\",\n\t\t\t\t\t\"startDate\": \"2026-5-26T09:00+2:00\",\n\t\t\t\t\t\"endDate\": \"2026-5-26T10:30+2:00\",\n\t\t\t\t\t\"image\":\"https:\/\/www.foment.com\/wp-content\/uploads\/2026\/03\/Diseno-sin-titulo-8-1-scaled.jpg\", \n\t\t\t\t\t\"description\":\"<p>[vc_row][vc_column][vc_btn title=\u00bbInscripci\u00f3n a la sesi\u00f3n\u00bb style=\u00bb3d\u00bb color=\u00bbdanger\u00bb align=\u00bbcenter\u00bb button_block=\u00bbtrue\u00bb link=\u00bburl:https%3A%2F%2Fwww.foment.com%2Fes%2Finscripciones-eventos%2F%3Fidevento%3DD52B66C3-5924-F111-8342-7CED8D3FACC9&#8243;][vc_column_text]<\/p> <p><span style='color: #d2112d; font-size: 21px;'>QUIERES EMPEZAR A EXPORTAR?<\/span><\/p> <p><span style='color: #d2112d;'>Te ayudamos a hacer el primer paso, con acompa\u00f1amiento experto y sin coste para la empresa.\u00a0<\/span><\/p> <p><span style='font-family: verdana, geneva, sans-serif; font-size: 12px;'>Internacionalizarse es una oportunidad de crecimiento, pero a menudo tambi\u00e9n genera dudas: por donde empezar, qu\u00e9 mercados priorizar, qu\u00e9 recursos hacen falta o qu\u00e9 riesgos se tienen que tener en cuenta.<\/span><br \/> <span style='font-family: verdana, geneva, sans-serif; font-size: 12px;'>Para ayudar a las empresas catalanas a iniciar este camino con m\u00e1s seguridad, <strong>ACCI\u00d3\u00a0 impulsa el programa<\/strong> <a href='https:\/\/eur04.safelinks.protection.outlook.com\/?url=https%3A%2F%2Fpublic-eur.mkt.dynamics.com%2Fapi%2Forgs%2F8d5eafb0-f8ac-4ccb-a7c1-a2767b978f43%2Fr%2FdplJYjVJ_EuMAaJkHY8CABAAAAA%3Fmsdynmkt_target%3D%257B%2522TargetUrl%2522%253A%2522https%25253A%25252F%25252Feur04.safelinks.protection.outlook.com%25252F%25253Furl%25253Dhttps%2525253A%2525252F%2525252Fpublic-eur.mkt.dynamics.com%2525252Fapi%2525252Forgs%2525252F8d5eafb0-f8ac-4ccb-a7c1-a2767b978f43%2525252Fr%2525252FubNm8_1fYkKKybgcijEBAAEAAAA%2525253Fmsdynmkt_target%2525253D%252525257B%2525252522TargetUrl%2525252522%252525253A%2525252522https%25252525253A%25252525252F%25252525252Feur04.safelinks.protection.outlook.com%25252525252F%25252525253Furl%25252525253Dhttps%2525252525253A%2525252525252F%2525252525252Fpublic-eur.mkt.dynamics.com%2525252525252Fapi%2525252525252Forgs%2525252525252F8d5eafb0-f8ac-4ccb-a7c1-a2767b978f43%2525252525252Fr%2525252525252FaITv1hKS8kSs6wB3jXECAAsAAAA%2525252525253Fmsdynmkt_target%2525252525253D%252525252525257B%2525252525252522TargetUrl%2525252525252522%252525252525253A%2525252525252522https%25252525252525253A%25252525252525252F%25252525252525252Feur04.safelinks.protection.outlook.com%25252525252525252F%25252525252525253Furl%25252525252525253Dhttps%2525252525252525253A%2525252525252525252F%2525252525252525252Fpublic-eur.mkt.dynamics.com%2525252525252525252Fapi%2525252525252525252Forgs%2525252525252525252F8d5eafb0-f8ac-4ccb-a7c1-a2767b978f43%2525252525252525252Fr%2525252525252525252FLn5gxxoARECGTxqFI30DAAsAAAA%2525252525252525253Fmsdynmkt_target%2525252525252525253D%252525252525252525257B%2525252525252525252522TargetUrl%2525252525252525252522%252525252525252525253A%2525252525252525252522https%25252525252525252525253A%25252525252525252525252F%25252525252525252525252Fformularis.accio.gencat.cat%25252525252525252525252Fweb%25252525252525252525252Fformularis%25252525252525252525252Finscripcions%25252525252525252525252F-%25252525252525252525252Finscripcio%25252525252525252525252F2026%25252525252525252525252F02%25252525252525252525252F03%25252525252525252525252FOnkrUbTR_SM9nz_z85jUAA%25252525252525252525252Fsollicitud-de-diagnostic-pie-foment%25252525252525252525252F%25252525252525252525253Flang%25252525252525252525253Dca_ES%252525252525252525252526portal%25252525252525252525253Daccio%252525252525252525252526_gl%25252525252525252525253D1%25252525252525252525252A9dm0zh%25252525252525252525252A_ga%25252525252525252525252AMTI0NzIzNzQyMC4xNzEyODIyOTgy%25252525252525252525252A_ga_6HSVZS0K1X%25252525252525252525252AczE3NzI3MjM4MjckbzE4OSRnMCR0MTc3MjcyMzgzMiRqNTUkbDAkaDA%2525252525252525252522%252525252525252525252C%2525252525252525252522RedirectOptions%2525252525252525252522%252525252525252525253A%252525252525252525257B%25252525252525252525225%2525252525252525252522%252525252525252525253Anull%252525252525252525252C%25252525252525252525221%2525252525252525252522%252525252525252525253Anull%252525252525252525257D%252525252525252525257D%25252525252525252526msdynmkt_digest%2525252525252525253DA1vZltR2b3nESlG%252525252525252525252BdOmS7YeZ5GTW3dinAdHW2pwAZaw%252525252525252525253D%25252525252525252526msdynmkt_secretVersion%2525252525252525253D7bb221762d0c46939816d3a5592b1359%252525252525252526data%25252525252525253D05%2525252525252525257C02%2525252525252525257Csramirez%25252525252525252540foment.com%2525252525252525257Cc7e7a4617105465e160408de83531847%2525252525252525257Cf37c938d38654a89b99bb000c76a74bf%2525252525252525257C1%2525252525252525257C0%2525252525252525257C639092590089463447%2525252525252525257CUnknown%2525252525252525257CTWFpbGZsb3d8eyJFbXB0eU1hcGkiOnRydWUsIlYiOiIwLjAuMDAwMCIsIlAiOiJXaW4zMiIsIkFOIjoiTWFpbCIsIldUIjoyfQ%2525252525252525253D%2525252525252525253D%2525252525252525257C0%2525252525252525257C%2525252525252525257C%2525252525252525257C%252525252525252526sdata%25252525252525253D8wWi3Z4S7N5i5VCO2QP6AvtWJylRMKEZbvPje18Pg90%2525252525252525253D%252525252525252526reserved%25252525252525253D0%2525252525252522%252525252525252C%2525252525252522RedirectOptions%2525252525252522%252525252525253A%252525252525257B%25252525252525225%2525252525252522%252525252525253Anull%252525252525252C%25252525252525221%2525252525252522%252525252525253Anull%252525252525257D%252525252525257D%25252525252526msdynmkt_digest%2525252525253DYIZexQWs7uZ2WhUfgJqeZuryKVb2vajIvtYv5qE8oRY%252525252525253D%25252525252526msdynmkt_secretVersion%2525252525253D7bb221762d0c46939816d3a5592b1359%252525252526data%25252525253D05%2525252525257C02%2525252525257Csramirez%25252525252540foment.com%2525252525257C565760556e6c4cf5c35308de84384967%2525252525257Cf37c938d38654a89b99bb000c76a74bf%2525252525257C1%2525252525257C0%2525252525257C639093574480490085%2525252525257CUnknown%2525252525257CTWFpbGZsb3d8eyJFbXB0eU1hcGkiOnRydWUsIlYiOiIwLjAuMDAwMCIsIlAiOiJXaW4zMiIsIkFOIjoiTWFpbCIsIldUIjoyfQ%2525252525253D%2525252525253D%2525252525257C0%2525252525257C%2525252525257C%2525252525257C%252525252526sdata%25252525253DN3y2QAkHHQEwnwslqril%2525252525252B%2525252525252BjbsTmbpaH1gsQUjqlx6ho%2525252525253D%252525252526reserved%25252525253D0%2525252522%252525252C%2525252522RedirectOptions%2525252522%252525253A%252525257B%25252525225%2525252522%252525253Anull%252525252C%25252525221%2525252522%252525253Anull%252525257D%252525257D%25252526msdynmkt_digest%2525253DHxSIjxqNyMzq4m6G1OWkNS%252525252FYEFefhiIl8o9iQscMDnI%252525253D%25252526msdynmkt_secretVersion%2525253D7bb221762d0c46939816d3a5592b1359%252526data%25253D05%2525257C02%2525257Csramirez%25252540foment.com%2525257C1d01451646264e7fca2308de88baf1ef%2525257Cf37c938d38654a89b99bb000c76a74bf%2525257C1%2525257C0%2525257C639098533660479269%2525257CUnknown%2525257CTWFpbGZsb3d8eyJFbXB0eU1hcGkiOnRydWUsIlYiOiIwLjAuMDAwMCIsIlAiOiJXaW4zMiIsIkFOIjoiTWFpbCIsIldUIjoyfQ%2525253D%2525253D%2525257C0%2525257C%2525257C%2525257C%252526sdata%25253DF6gmzEwyPcPCX%2525252FFmsqBkWV3LiHiEx0w4lH5lts42Hng%2525253D%252526reserved%25253D0%2522%252C%2522RedirectOptions%2522%253A%257B%25225%2522%253Anull%252C%25221%2522%253Anull%257D%257D%26msdynmkt_digest%3D3pnr7eA2jjjY5%252F04VJpOmyfkKAFHOW2zndgIqJQ0jxA%253D%26msdynmkt_secretVersion%3D7bb221762d0c46939816d3a5592b1359&amp;data=05%7C02%7Csramirez%40foment.com%7C23b351ae016143229c6d08de8c12d3d6%7Cf37c938d38654a89b99bb000c76a74bf%7C1%7C0%7C639102209641121264%7CUnknown%7CTWFpbGZsb3d8eyJFbXB0eU1hcGkiOnRydWUsIlYiOiIwLjAuMDAwMCIsIlAiOiJXaW4zMiIsIkFOIjoiTWFpbCIsIldUIjoyfQ%3D%3D%7C0%7C%7C%7C&amp;sdata=yoLLv4PRfv2xjZrHwBgWZXD0aIuobZl%2FLoaBtC4V5is%3D&amp;reserved=0'>CATALU\u00d1A EXPORTA<\/a>, dirigido a empresas que quieren iniciarse en la internacionalizaci\u00f3n con un enfoque practic y personalizado.<\/span><br \/> <span style='font-family: verdana, geneva, sans-serif; font-size: 12px;'>Desde <a href='https:\/\/eur04.safelinks.protection.outlook.com\/?url=https%3A%2F%2Fpublic-eur.mkt.dynamics.com%2Fapi%2Forgs%2F8d5eafb0-f8ac-4ccb-a7c1-a2767b978f43%2Fr%2FdplJYjVJ_EuMAaJkHY8CABEAAAA%3Fmsdynmkt_target%3D%257B%2522TargetUrl%2522%253A%2522https%25253A%25252F%25252Feur04.safelinks.protection.outlook.com%25252F%25253Furl%25253Dhttps%2525253A%2525252F%2525252Fpublic-eur.mkt.dynamics.com%2525252Fapi%2525252Forgs%2525252F8d5eafb0-f8ac-4ccb-a7c1-a2767b978f43%2525252Fr%2525252FubNm8_1fYkKKybgcijEBAAIAAAA%2525253Fmsdynmkt_target%2525253D%252525257B%2525252522TargetUrl%2525252522%252525253A%2525252522https%25252525253A%25252525252F%25252525252Fwww.foment.com%25252525252Fes%25252525252Fcatalunya-exporta%25252525252F%2525252525231767799497417-fa3ae53f-0b5b%2525252522%252525252C%2525252522RedirectOptions%2525252522%252525253A%252525257B%25252525220%2525252522%252525253Anull%252525257D%252525257D%25252526msdynmkt_digest%2525253DbK7c94w0eFraOy9eOgKfYNJ21gIDfLiaSBNv7Ob%252525252FUbc%252525253D%25252526msdynmkt_secretVersion%2525253D7bb221762d0c46939816d3a5592b1359%252526data%25253D05%2525257C02%2525257Csramirez%25252540foment.com%2525257C1d01451646264e7fca2308de88baf1ef%2525257Cf37c938d38654a89b99bb000c76a74bf%2525257C1%2525257C0%2525257C639098533660503029%2525257CUnknown%2525257CTWFpbGZsb3d8eyJFbXB0eU1hcGkiOnRydWUsIlYiOiIwLjAuMDAwMCIsIlAiOiJXaW4zMiIsIkFOIjoiTWFpbCIsIldUIjoyfQ%2525253D%2525253D%2525257C0%2525257C%2525257C%2525257C%252526sdata%25253DnU%2525252FdP3SzDdBLN%2525252BjGlM%2525252BfjpHC30Tp2sKQXa53D7Snr8M%2525253D%252526reserved%25253D0%2522%252C%2522RedirectOptions%2522%253A%257B%25225%2522%253Anull%252C%25221%2522%253Anull%257D%257D%26msdynmkt_digest%3DTMCFNOfb0%252BXu2BCcvcmDJAmwBhXs4eG0zaVP3L6%252BdE8%253D%26msdynmkt_secretVersion%3D7bb221762d0c46939816d3a5592b1359&amp;data=05%7C02%7Csramirez%40foment.com%7C23b351ae016143229c6d08de8c12d3d6%7Cf37c938d38654a89b99bb000c76a74bf%7C1%7C0%7C639102209641147248%7CUnknown%7CTWFpbGZsb3d8eyJFbXB0eU1hcGkiOnRydWUsIlYiOiIwLjAuMDAwMCIsIlAiOiJXaW4zMiIsIkFOIjoiTWFpbCIsIldUIjoyfQ%3D%3D%7C0%7C%7C%7C&amp;sdata=daHoyG1ZgccCVp8G6HuKQMd9CnWk7pYkM%2FVO%2F7PF6wM%3D&amp;reserved=0'>Foment del Treball<\/a>, como entidad colaboradora y agente de apoyo a la internacionalizaci\u00f3n, te acompa\u00f1amos en este proceso para que puedas valorar tu potencial exportador y definir los primeros pasos con criterio.<\/span><\/p> <p style='text-align: justify;'><span style='font-family: verdana, geneva, sans-serif; font-size: 12px;'>Esta sesi\u00f3n <strong>ADAPTAR EL PRODUCTO PARA VENDER EN OTROS PA\u00cdSES<\/strong> tiene como objetivo identificar las adaptaciones necesarias del producto para acceder a mercados internacionales, teniendo en cuenta la adaptaci\u00f3n normativa, el packaging y el etiquetado, la adaptaci\u00f3n cultural y las estrategias de diferenciaci\u00f3n internacional.<\/span><\/p> <p style='text-align: justify;'><span style='color: #d2112d; font-family: verdana, geneva, sans-serif; font-size: 12px;'><strong>PROGRAMA<\/strong><\/span><\/p> <p style='text-align: justify;'><span style='color: #d2112d; font-family: verdana, geneva, sans-serif; font-size: 12px;'>09:00 h. Bienvenida y presentaci\u00f3n del Programa Catalu\u00f1a Exporta<\/span><\/p> <p style='text-align: justify;'><span style='color: #d2112d; font-family: verdana, geneva, sans-serif; font-size: 12px;'>09:10 h. <strong>Adaptar el producto para vender en otros pa\u00edses<\/strong><\/span><\/p> <p style='padding-left: 40px; text-align: justify;'><span style='font-family: verdana, geneva, sans-serif; font-size: 12px;'><strong>\u00a0Isabel Garc\u00eda, <\/strong>Consultora Internacional Senior, Barcelona Export<\/span><\/p> <p style='text-align: justify;'><span style='color: #d2112d; font-family: verdana, geneva, sans-serif; font-size: 12px;'>10:20 h. Turno de preguntas<\/span><\/p> <p style='text-align: justify;'><span style='color: #d2112d; font-family: verdana, geneva, sans-serif; font-size: 12px;'>10:30 h. Fin de la sesi\u00f3n<\/span><\/p> <p>[\/vc_column_text][\/vc_column][\/vc_row][vc_row][vc_column width=\u00bb1\/2&#8243;][vc_column_text]<span style='font-family: verdana, geneva, sans-serif; font-size: 12px;'>Amb el suport de:<\/span>[\/vc_column_text]<div class='single_image wpb_content_element align-center    ' data-animation='none' data-delay='0'><img width='300' height='68' src='https:\/\/www.foment.com\/wp-content\/uploads\/2026\/02\/Logo-Accio-GeneCat-300x68.png' class='attachment-medium' alt='' loading='lazy' title='Logo Accio GeneCat' srcset='https:\/\/www.foment.com\/wp-content\/uploads\/2026\/02\/Logo-Accio-GeneCat-300x68.png 300w, https:\/\/www.foment.com\/wp-content\/uploads\/2026\/02\/Logo-Accio-GeneCat.png 559w' sizes='(max-width: 300px) 100vw, 300px' \/><\/div>[\/vc_column][vc_column width=\u00bb1\/2&#8243;][vc_column_text]<span style='font-family: verdana, geneva, sans-serif; font-size: 12px;'>Agent de suport a la Internacionalitzaci\u00f3<\/span>[\/vc_column_text]<div class='single_image wpb_content_element align-left    ' data-animation='none' data-delay='0'><img width='274' height='300' src='https:\/\/www.foment.com\/wp-content\/uploads\/2025\/11\/Agent-Suport-Internacionalizacio_Vertical-274x300.png' class='attachment-medium' alt='' loading='lazy' title='Agent Suport Internacionalizaci\u00f3_Vertical' srcset='https:\/\/www.foment.com\/wp-content\/uploads\/2025\/11\/Agent-Suport-Internacionalizacio_Vertical-274x300.png 274w, https:\/\/www.foment.com\/wp-content\/uploads\/2025\/11\/Agent-Suport-Internacionalizacio_Vertical-768x842.png 768w, https:\/\/www.foment.com\/wp-content\/uploads\/2025\/11\/Agent-Suport-Internacionalizacio_Vertical.png 778w' sizes='(max-width: 274px) 100vw, 274px' \/><\/div>[\/vc_column][\/vc_row]<\/p> \",\"location\":[{\"@type\":\"Place\",\"name\":\"Webinar por Zoom\",\"address\":{\"@type\": \"PostalAddress\",\"streetAddress\":\"Webinar per Zoom\"}}],\"organizer\":{\"@type\":\"Organization\",\"name\":\"Internacional\"},\"performer\":{\"@type\":\"Person\",\"name\":\"Internacional\"},\"eventStatus\":\"https:\/\/schema.org\/EventScheduled\"}<\/script><\/div>\n\t\t\t\t<p class=\"desc_trig_outter\" style=\"background-color:#ffffff;flex-direction: row;\"><a data-gmap_status=\"null\" data-exlk=\"1\"  style=\"border-color: #0db270;\" id=\"evc_1779786000216846\" class=\"hasFtIMG desc_trig evo_internacional-es evo_misiones-internacionales sin_val evcal_list_a\" data-ux_val=\"3\"  ><span class='ev_ftImg' data-img='https:\/\/www.foment.com\/wp-content\/uploads\/2026\/03\/Diseno-sin-titulo-8-1-scaled.jpg' data-thumb='https:\/\/www.foment.com\/wp-content\/uploads\/2026\/03\/Diseno-sin-titulo-8-1-300x150.jpg' style='background-image:url(\"https:\/\/www.foment.com\/wp-content\/uploads\/2026\/03\/Diseno-sin-titulo-8-1-300x150.jpg\")'><\/span><style>.ajde_evcal_calendar.boxy #evcal_list .eventon_list_event .evcal_desc em{color:black;}<\/style><span style='width:100%; background-color:#0db270 !important;' class='evcal_cblock ' data-smon='mayo' data-syr='2026'><span style='margin-top: 7px;margin-bottom: 7px;' class='evo_start '><em class='date'>26<\/em><em class='month'>may<\/em><em class='time'>9:00<\/em><\/span><span style='margin-top: 7px;margin-bottom: 7px;' class='evo_end only_time'><em class='time'>10:30<\/em><\/span><em class='clear'><\/em><\/span><span class='evcal_desc evo_info '  data-location_address=\"Webinar per Zoom\" data-location_type=\"address\" data-location_name=\"Webinar por Zoom\" data-location_url=\"https:\/\/www.foment.com\/es\/event-location\/webinar-por-zoom\/\" data-location_status=\"true\" ><span class='evo_above_title'><\/span><span class='evcal_desc2 evcal_event_title hbaevatitle' itemprop='name'>Webinar | ADAPTAR EL PRODUCTO PARA VENDER EN OTROS PAISES<\/span><span class='evo_below_title'><span class='evcal_event_subtitle' >Programa Catalunya Exporta<\/span><\/span><span class='evcal_desc_info' ><em class='evcal_time evo_tz_time'>9:00 - 10:30<\/em> <\/span><span class='evcal_desc3'><em class=\"evcal_location\"  data-add_str=\"\"><em class=\"event_location_name\">Webinar por Zoom<\/em><\/em><\/span><span style='height: 60px;'  class='evcal_desc3' ><span class='evcal_event_types ett1'><em>C =<\/em><em data-filter='event_type'>Internacional,<\/em><em data-filter='event_type'>Misiones Internacionales<\/em><i class='clear'><\/i><\/span><\/span><\/span><em class='clear'><\/em><\/a><\/p><div class='event_description evcal_eventcard ' style=\"display:none\"><div class='evo_metarow_fimg evorow evcal_evdata_img evcal_evdata_row  evo_imghover' data-imgheight='1280' data-imgwidth='2560'  style='background-image: url(\"https:\/\/www.foment.com\/wp-content\/uploads\/2026\/03\/Diseno-sin-titulo-8-1-scaled.jpg\")' data-imgstyle='full' data-minheight='400' data-status=''><\/div><div class='evcal_evdata_row evorow_2b evo_metarow_time_location evorow  '>\n\t\t\t\t\t\t\t\t<div class='evorow_b evorow_b1 evo_time'>\n\t\t\t\t\t\t\t\t\t<span class='evcal_evdata_icons'><i class='fa fa-clock'><\/i><\/span>\n\t\t\t\t\t\t\t\t\t<div class='evcal_evdata_cell'>\t\t\t\t\t\t\t\n\t\t\t\t\t\t\t\t\t\t<h3 class='evo_h3'><span class='evcal_evdata_icons'><i class='fa fa-clock'><\/i><\/span>Horario<\/h3>\n\t\t\t\t\t\t\t\t\t\t<p><span class='evo_eventcard_time_t'>(Martes) 9:00 - 10:30<\/span><\/p>\n\t\t\t\t\t\t\t\t\t<\/div>\n\t\t\t\t\t\t\t\t<\/div>\n\t\t\t\t\t\t\t\t<div class='evorow_b evo_location'>\n\t\t\t\t\t\t\t\t\t<span class='evcal_evdata_icons'><i class='fa fa-map-marker-alt'><\/i><\/span>\n\t\t\t\t\t\t\t\t\t<div class='evcal_evdata_cell' data-loc_tax_id='3536'><h3 class='evo_h3'><span class='evcal_evdata_icons'><i class='fa fa-map-marker-alt'><\/i><\/span>Lugar<\/h3><p class='evo_location_name'>Webinar por Zoom<\/p><p class='evo_location_address'>Webinar per Zoom<\/p><\/div>\n\t\t\t\t\t\t\t\t<\/div>\n\t\t\t\t\t\t\t\t\n\t\t\t\t\t\t\t<\/div><div class='evo_metarow_details evorow evcal_evdata_row evcal_event_details'>\n\t\t\t\t\t\t\t\t<div class=\"event_excerpt\" style=\"display:none\"><h3 class=\"padb5 evo_h3\">Detalles del evento<\/h3><p>[vc_row][vc_column][vc_btn title=\u00bbInscripci\u00f3n a la sesi\u00f3n\u00bb style=\u00bb3d\u00bb color=\u00bbdanger\u00bb align=\u00bbcenter\u00bb button_block=\u00bbtrue\u00bb link=\u00bburl:https%3A%2F%2Fwww.foment.com%2Fes%2Finscripciones-eventos%2F%3Fidevento%3DD52B66C3-5924-F111-8342-7CED8D3FACC9&#8243;][vc_column_text]\nQUIERES EMPEZAR A EXPORTAR?\nTe ayudamos a hacer el primer paso, con acompa\u00f1amiento experto y sin<\/p><\/div><span class='evcal_evdata_icons'><i class='fa fa-align-justify'><\/i><\/span>\n\t\t\t\t\t\t\t\t\n\t\t\t\t\t\t\t\t<div class='evcal_evdata_cell '>\n\t\t\t\t\t\t\t\t\t<div class='eventon_full_description'>\n\t\t\t\t\t\t\t\t\t\t<h3 class='padb5 evo_h3'><span class='evcal_evdata_icons'><i class='fa fa-align-justify'><\/i><\/span>Detalles del evento<\/h3>\n\t\t\t\t\t\t\t\t\t\t<div class='eventon_desc_in' itemprop='description'>\n\t\t\t\t\t\t\t\t\t\t<p>[vc_row][vc_column][vc_btn title=\u00bbInscripci\u00f3n a la sesi\u00f3n\u00bb style=\u00bb3d\u00bb color=\u00bbdanger\u00bb align=\u00bbcenter\u00bb button_block=\u00bbtrue\u00bb link=\u00bburl:https%3A%2F%2Fwww.foment.com%2Fes%2Finscripciones-eventos%2F%3Fidevento%3DD52B66C3-5924-F111-8342-7CED8D3FACC9&#8243;][vc_column_text]<\/p>\n<p><span style=\"color: #d2112d; font-size: 21px;\">QUIERES EMPEZAR A EXPORTAR?<\/span><\/p>\n<p><span style=\"color: #d2112d;\">Te ayudamos a hacer el primer paso, con acompa\u00f1amiento experto y sin coste para la empresa.\u00a0<\/span><\/p>\n<p><span style=\"font-family: verdana, geneva, sans-serif; font-size: 12px;\">Internacionalizarse es una oportunidad de crecimiento, pero a menudo tambi\u00e9n genera dudas: por donde empezar, qu\u00e9 mercados priorizar, qu\u00e9 recursos hacen falta o qu\u00e9 riesgos se tienen que tener en cuenta.<\/span><br \/>\n<span style=\"font-family: verdana, geneva, sans-serif; font-size: 12px;\">Para ayudar a las empresas catalanas a iniciar este camino con m\u00e1s seguridad, <strong>ACCI\u00d3\u00a0 impulsa el programa<\/strong> <a href=\"https:\/\/eur04.safelinks.protection.outlook.com\/?url=https%3A%2F%2Fpublic-eur.mkt.dynamics.com%2Fapi%2Forgs%2F8d5eafb0-f8ac-4ccb-a7c1-a2767b978f43%2Fr%2FdplJYjVJ_EuMAaJkHY8CABAAAAA%3Fmsdynmkt_target%3D%257B%2522TargetUrl%2522%253A%2522https%25253A%25252F%25252Feur04.safelinks.protection.outlook.com%25252F%25253Furl%25253Dhttps%2525253A%2525252F%2525252Fpublic-eur.mkt.dynamics.com%2525252Fapi%2525252Forgs%2525252F8d5eafb0-f8ac-4ccb-a7c1-a2767b978f43%2525252Fr%2525252FubNm8_1fYkKKybgcijEBAAEAAAA%2525253Fmsdynmkt_target%2525253D%252525257B%2525252522TargetUrl%2525252522%252525253A%2525252522https%25252525253A%25252525252F%25252525252Feur04.safelinks.protection.outlook.com%25252525252F%25252525253Furl%25252525253Dhttps%2525252525253A%2525252525252F%2525252525252Fpublic-eur.mkt.dynamics.com%2525252525252Fapi%2525252525252Forgs%2525252525252F8d5eafb0-f8ac-4ccb-a7c1-a2767b978f43%2525252525252Fr%2525252525252FaITv1hKS8kSs6wB3jXECAAsAAAA%2525252525253Fmsdynmkt_target%2525252525253D%252525252525257B%2525252525252522TargetUrl%2525252525252522%252525252525253A%2525252525252522https%25252525252525253A%25252525252525252F%25252525252525252Feur04.safelinks.protection.outlook.com%25252525252525252F%25252525252525253Furl%25252525252525253Dhttps%2525252525252525253A%2525252525252525252F%2525252525252525252Fpublic-eur.mkt.dynamics.com%2525252525252525252Fapi%2525252525252525252Forgs%2525252525252525252F8d5eafb0-f8ac-4ccb-a7c1-a2767b978f43%2525252525252525252Fr%2525252525252525252FLn5gxxoARECGTxqFI30DAAsAAAA%2525252525252525253Fmsdynmkt_target%2525252525252525253D%252525252525252525257B%2525252525252525252522TargetUrl%2525252525252525252522%252525252525252525253A%2525252525252525252522https%25252525252525252525253A%25252525252525252525252F%25252525252525252525252Fformularis.accio.gencat.cat%25252525252525252525252Fweb%25252525252525252525252Fformularis%25252525252525252525252Finscripcions%25252525252525252525252F-%25252525252525252525252Finscripcio%25252525252525252525252F2026%25252525252525252525252F02%25252525252525252525252F03%25252525252525252525252FOnkrUbTR_SM9nz_z85jUAA%25252525252525252525252Fsollicitud-de-diagnostic-pie-foment%25252525252525252525252F%25252525252525252525253Flang%25252525252525252525253Dca_ES%252525252525252525252526portal%25252525252525252525253Daccio%252525252525252525252526_gl%25252525252525252525253D1%25252525252525252525252A9dm0zh%25252525252525252525252A_ga%25252525252525252525252AMTI0NzIzNzQyMC4xNzEyODIyOTgy%25252525252525252525252A_ga_6HSVZS0K1X%25252525252525252525252AczE3NzI3MjM4MjckbzE4OSRnMCR0MTc3MjcyMzgzMiRqNTUkbDAkaDA%2525252525252525252522%252525252525252525252C%2525252525252525252522RedirectOptions%2525252525252525252522%252525252525252525253A%252525252525252525257B%25252525252525252525225%2525252525252525252522%252525252525252525253Anull%252525252525252525252C%25252525252525252525221%2525252525252525252522%252525252525252525253Anull%252525252525252525257D%252525252525252525257D%25252525252525252526msdynmkt_digest%2525252525252525253DA1vZltR2b3nESlG%252525252525252525252BdOmS7YeZ5GTW3dinAdHW2pwAZaw%252525252525252525253D%25252525252525252526msdynmkt_secretVersion%2525252525252525253D7bb221762d0c46939816d3a5592b1359%252525252525252526data%25252525252525253D05%2525252525252525257C02%2525252525252525257Csramirez%25252525252525252540foment.com%2525252525252525257Cc7e7a4617105465e160408de83531847%2525252525252525257Cf37c938d38654a89b99bb000c76a74bf%2525252525252525257C1%2525252525252525257C0%2525252525252525257C639092590089463447%2525252525252525257CUnknown%2525252525252525257CTWFpbGZsb3d8eyJFbXB0eU1hcGkiOnRydWUsIlYiOiIwLjAuMDAwMCIsIlAiOiJXaW4zMiIsIkFOIjoiTWFpbCIsIldUIjoyfQ%2525252525252525253D%2525252525252525253D%2525252525252525257C0%2525252525252525257C%2525252525252525257C%2525252525252525257C%252525252525252526sdata%25252525252525253D8wWi3Z4S7N5i5VCO2QP6AvtWJylRMKEZbvPje18Pg90%2525252525252525253D%252525252525252526reserved%25252525252525253D0%2525252525252522%252525252525252C%2525252525252522RedirectOptions%2525252525252522%252525252525253A%252525252525257B%25252525252525225%2525252525252522%252525252525253Anull%252525252525252C%25252525252525221%2525252525252522%252525252525253Anull%252525252525257D%252525252525257D%25252525252526msdynmkt_digest%2525252525253DYIZexQWs7uZ2WhUfgJqeZuryKVb2vajIvtYv5qE8oRY%252525252525253D%25252525252526msdynmkt_secretVersion%2525252525253D7bb221762d0c46939816d3a5592b1359%252525252526data%25252525253D05%2525252525257C02%2525252525257Csramirez%25252525252540foment.com%2525252525257C565760556e6c4cf5c35308de84384967%2525252525257Cf37c938d38654a89b99bb000c76a74bf%2525252525257C1%2525252525257C0%2525252525257C639093574480490085%2525252525257CUnknown%2525252525257CTWFpbGZsb3d8eyJFbXB0eU1hcGkiOnRydWUsIlYiOiIwLjAuMDAwMCIsIlAiOiJXaW4zMiIsIkFOIjoiTWFpbCIsIldUIjoyfQ%2525252525253D%2525252525253D%2525252525257C0%2525252525257C%2525252525257C%2525252525257C%252525252526sdata%25252525253DN3y2QAkHHQEwnwslqril%2525252525252B%2525252525252BjbsTmbpaH1gsQUjqlx6ho%2525252525253D%252525252526reserved%25252525253D0%2525252522%252525252C%2525252522RedirectOptions%2525252522%252525253A%252525257B%25252525225%2525252522%252525253Anull%252525252C%25252525221%2525252522%252525253Anull%252525257D%252525257D%25252526msdynmkt_digest%2525253DHxSIjxqNyMzq4m6G1OWkNS%252525252FYEFefhiIl8o9iQscMDnI%252525253D%25252526msdynmkt_secretVersion%2525253D7bb221762d0c46939816d3a5592b1359%252526data%25253D05%2525257C02%2525257Csramirez%25252540foment.com%2525257C1d01451646264e7fca2308de88baf1ef%2525257Cf37c938d38654a89b99bb000c76a74bf%2525257C1%2525257C0%2525257C639098533660479269%2525257CUnknown%2525257CTWFpbGZsb3d8eyJFbXB0eU1hcGkiOnRydWUsIlYiOiIwLjAuMDAwMCIsIlAiOiJXaW4zMiIsIkFOIjoiTWFpbCIsIldUIjoyfQ%2525253D%2525253D%2525257C0%2525257C%2525257C%2525257C%252526sdata%25253DF6gmzEwyPcPCX%2525252FFmsqBkWV3LiHiEx0w4lH5lts42Hng%2525253D%252526reserved%25253D0%2522%252C%2522RedirectOptions%2522%253A%257B%25225%2522%253Anull%252C%25221%2522%253Anull%257D%257D%26msdynmkt_digest%3D3pnr7eA2jjjY5%252F04VJpOmyfkKAFHOW2zndgIqJQ0jxA%253D%26msdynmkt_secretVersion%3D7bb221762d0c46939816d3a5592b1359&amp;data=05%7C02%7Csramirez%40foment.com%7C23b351ae016143229c6d08de8c12d3d6%7Cf37c938d38654a89b99bb000c76a74bf%7C1%7C0%7C639102209641121264%7CUnknown%7CTWFpbGZsb3d8eyJFbXB0eU1hcGkiOnRydWUsIlYiOiIwLjAuMDAwMCIsIlAiOiJXaW4zMiIsIkFOIjoiTWFpbCIsIldUIjoyfQ%3D%3D%7C0%7C%7C%7C&amp;sdata=yoLLv4PRfv2xjZrHwBgWZXD0aIuobZl%2FLoaBtC4V5is%3D&amp;reserved=0\">CATALU\u00d1A EXPORTA<\/a>, dirigido a empresas que quieren iniciarse en la internacionalizaci\u00f3n con un enfoque practic y personalizado.<\/span><br \/>\n<span style=\"font-family: verdana, geneva, sans-serif; font-size: 12px;\">Desde <a href=\"https:\/\/eur04.safelinks.protection.outlook.com\/?url=https%3A%2F%2Fpublic-eur.mkt.dynamics.com%2Fapi%2Forgs%2F8d5eafb0-f8ac-4ccb-a7c1-a2767b978f43%2Fr%2FdplJYjVJ_EuMAaJkHY8CABEAAAA%3Fmsdynmkt_target%3D%257B%2522TargetUrl%2522%253A%2522https%25253A%25252F%25252Feur04.safelinks.protection.outlook.com%25252F%25253Furl%25253Dhttps%2525253A%2525252F%2525252Fpublic-eur.mkt.dynamics.com%2525252Fapi%2525252Forgs%2525252F8d5eafb0-f8ac-4ccb-a7c1-a2767b978f43%2525252Fr%2525252FubNm8_1fYkKKybgcijEBAAIAAAA%2525253Fmsdynmkt_target%2525253D%252525257B%2525252522TargetUrl%2525252522%252525253A%2525252522https%25252525253A%25252525252F%25252525252Fwww.foment.com%25252525252Fes%25252525252Fcatalunya-exporta%25252525252F%2525252525231767799497417-fa3ae53f-0b5b%2525252522%252525252C%2525252522RedirectOptions%2525252522%252525253A%252525257B%25252525220%2525252522%252525253Anull%252525257D%252525257D%25252526msdynmkt_digest%2525253DbK7c94w0eFraOy9eOgKfYNJ21gIDfLiaSBNv7Ob%252525252FUbc%252525253D%25252526msdynmkt_secretVersion%2525253D7bb221762d0c46939816d3a5592b1359%252526data%25253D05%2525257C02%2525257Csramirez%25252540foment.com%2525257C1d01451646264e7fca2308de88baf1ef%2525257Cf37c938d38654a89b99bb000c76a74bf%2525257C1%2525257C0%2525257C639098533660503029%2525257CUnknown%2525257CTWFpbGZsb3d8eyJFbXB0eU1hcGkiOnRydWUsIlYiOiIwLjAuMDAwMCIsIlAiOiJXaW4zMiIsIkFOIjoiTWFpbCIsIldUIjoyfQ%2525253D%2525253D%2525257C0%2525257C%2525257C%2525257C%252526sdata%25253DnU%2525252FdP3SzDdBLN%2525252BjGlM%2525252BfjpHC30Tp2sKQXa53D7Snr8M%2525253D%252526reserved%25253D0%2522%252C%2522RedirectOptions%2522%253A%257B%25225%2522%253Anull%252C%25221%2522%253Anull%257D%257D%26msdynmkt_digest%3DTMCFNOfb0%252BXu2BCcvcmDJAmwBhXs4eG0zaVP3L6%252BdE8%253D%26msdynmkt_secretVersion%3D7bb221762d0c46939816d3a5592b1359&amp;data=05%7C02%7Csramirez%40foment.com%7C23b351ae016143229c6d08de8c12d3d6%7Cf37c938d38654a89b99bb000c76a74bf%7C1%7C0%7C639102209641147248%7CUnknown%7CTWFpbGZsb3d8eyJFbXB0eU1hcGkiOnRydWUsIlYiOiIwLjAuMDAwMCIsIlAiOiJXaW4zMiIsIkFOIjoiTWFpbCIsIldUIjoyfQ%3D%3D%7C0%7C%7C%7C&amp;sdata=daHoyG1ZgccCVp8G6HuKQMd9CnWk7pYkM%2FVO%2F7PF6wM%3D&amp;reserved=0\">Foment del Treball<\/a>, como entidad colaboradora y agente de apoyo a la internacionalizaci\u00f3n, te acompa\u00f1amos en este proceso para que puedas valorar tu potencial exportador y definir los primeros pasos con criterio.<\/span><\/p>\n<p style=\"text-align: justify;\"><span style=\"font-family: verdana, geneva, sans-serif; font-size: 12px;\">Esta sesi\u00f3n <strong>ADAPTAR EL PRODUCTO PARA VENDER EN OTROS PA\u00cdSES<\/strong> tiene como objetivo identificar las adaptaciones necesarias del producto para acceder a mercados internacionales, teniendo en cuenta la adaptaci\u00f3n normativa, el packaging y el etiquetado, la adaptaci\u00f3n cultural y las estrategias de diferenciaci\u00f3n internacional.<\/span><\/p>\n<p style=\"text-align: justify;\"><span style=\"color: #d2112d; font-family: verdana, geneva, sans-serif; font-size: 12px;\"><strong>PROGRAMA<\/strong><\/span><\/p>\n<p style=\"text-align: justify;\"><span style=\"color: #d2112d; font-family: verdana, geneva, sans-serif; font-size: 12px;\">09:00 h. Bienvenida y presentaci\u00f3n del Programa Catalu\u00f1a Exporta<\/span><\/p>\n<p style=\"text-align: justify;\"><span style=\"color: #d2112d; font-family: verdana, geneva, sans-serif; font-size: 12px;\">09:10 h. <strong>Adaptar el producto para vender en otros pa\u00edses<\/strong><\/span><\/p>\n<p style=\"padding-left: 40px; text-align: justify;\"><span style=\"font-family: verdana, geneva, sans-serif; font-size: 12px;\"><strong>\u00a0Isabel Garc\u00eda, <\/strong>Consultora Internacional Senior, Barcelona Export<\/span><\/p>\n<p style=\"text-align: justify;\"><span style=\"color: #d2112d; font-family: verdana, geneva, sans-serif; font-size: 12px;\">10:20 h. Turno de preguntas<\/span><\/p>\n<p style=\"text-align: justify;\"><span style=\"color: #d2112d; font-family: verdana, geneva, sans-serif; font-size: 12px;\">10:30 h. Fin de la sesi\u00f3n<\/span><\/p>\n<p>[\/vc_column_text][\/vc_column][\/vc_row][vc_row][vc_column width=\u00bb1\/2&#8243;][vc_column_text]<span style=\"font-family: verdana, geneva, sans-serif; font-size: 12px;\">Amb el suport de:<\/span>[\/vc_column_text]<\/p>\n<div class=\"single_image wpb_content_element align-center    \" data-animation=\"none\" data-delay=\"0\"><img width=\"300\" height=\"68\" src=\"https:\/\/www.foment.com\/wp-content\/uploads\/2026\/02\/Logo-Accio-GeneCat-300x68.png\" class=\"attachment-medium\" alt=\"\" loading=\"lazy\" title=\"Logo Accio GeneCat\" srcset=\"https:\/\/www.foment.com\/wp-content\/uploads\/2026\/02\/Logo-Accio-GeneCat-300x68.png 300w, https:\/\/www.foment.com\/wp-content\/uploads\/2026\/02\/Logo-Accio-GeneCat.png 559w\" sizes=\"(max-width: 300px) 100vw, 300px\" \/><\/div>\n<p>[\/vc_column][vc_column width=\u00bb1\/2&#8243;][vc_column_text]<span style=\"font-family: verdana, geneva, sans-serif; font-size: 12px;\">Agent de suport a la Internacionalitzaci\u00f3<\/span>[\/vc_column_text]<\/p>\n<div class=\"single_image wpb_content_element align-left    \" data-animation=\"none\" data-delay=\"0\"><img width=\"274\" height=\"300\" src=\"https:\/\/www.foment.com\/wp-content\/uploads\/2025\/11\/Agent-Suport-Internacionalizacio_Vertical-274x300.png\" class=\"attachment-medium\" alt=\"\" loading=\"lazy\" title=\"Agent Suport Internacionalizaci\u00f3_Vertical\" srcset=\"https:\/\/www.foment.com\/wp-content\/uploads\/2025\/11\/Agent-Suport-Internacionalizacio_Vertical-274x300.png 274w, https:\/\/www.foment.com\/wp-content\/uploads\/2025\/11\/Agent-Suport-Internacionalizacio_Vertical-768x842.png 768w, https:\/\/www.foment.com\/wp-content\/uploads\/2025\/11\/Agent-Suport-Internacionalizacio_Vertical.png 778w\" sizes=\"(max-width: 274px) 100vw, 274px\" \/><\/div>\n<p>[\/vc_column][\/vc_row]<\/p>\n<\/div><div class='clear'><\/div>\n\t\t\t\t\t\t\t\t\t<\/div>\n\t\t\t\t\t\t\t\t<\/div>\n\t\t\t\t\t\t\t<\/div><div class='evo_metarow_organizer evorow evcal_evdata_row evcal_evrow_sm '>\n\t\t\t\t\t\t\t\t<span class='evcal_evdata_icons'><i class='fa fa-headphones'><\/i><\/span>\n\t\t\t\t\t\t\t\t<div class='evcal_evdata_cell'>\t\t\t\t\t\t\t\n\t\t\t\t\t\t\t\t\t<h3 class='evo_h3'>Organizador<\/h3>\n\t\t\t\t\t\t\t\t\t<p class='evo_data_val evo_card_organizer_image'><img src='https:\/\/www.foment.com\/wp-content\/uploads\/2017\/04\/InternacionalEmpresabitotransCAT-200x80.png'\/><\/p>\n\t\t\t\t\t\t\t\t\t<div class='evo_card_organizer'><p class='evo_data_val evo_card_organizer_name'>\n\t\t\t\t\t\t\t\t\t\t<span class='evo_card_organizer_name_t'>Internacional<\/span><span class='evo_card_organizer_contact'>internacional@foment.com<\/span>\n\t\t\t\t\t\t\t\t\t\t\n\t\t\t\t\t\t\t\t\t\t<\/p><\/div><div class='clear'><\/div>\t\t\t\t\t\t\t\n\t\t\t\t\t\t\t\t<\/div>\n\t\t\t\t\t\t\t<\/div>\t\t\t\t\t\t\t<div class='evo_metarow_ICS evorow evcal_evdata_row'>\n\t\t\t\t\t\t\t\t<span class=\"evcal_evdata_icons\"><i class=\"fa fa-calendar\"><\/i><\/span>\n\t\t\t\t\t\t\t\t<div class='evcal_evdata_cell'>\n\t\t\t\t\t\t\t\t\t<p><a href='https:\/\/www.foment.com\/wp-admin\/admin-ajax.php?action=eventon_ics_download&amp;event_id=216846&amp;ri=0' class='evo_ics_nCal' title='Add to your calendar'>Calendar<\/a><a href='\/\/www.google.com\/calendar\/event?action=TEMPLATE&amp;text=Webinar+%7C+ADAPTAR+EL+PRODUCTO+PARA+VENDER+EN+OTROS+PAISES&amp;dates=20260526T070000Z\/20260526T083000Z&amp;ctz=Europe\/Madrid&amp;details=Webinar+%7C+ADAPTAR+EL+PRODUCTO+PARA+VENDER+EN+OTROS+PAISES&amp;location=Webinar+por+ZoomWebinar+per+Zoom' target='_blank' class='evo_ics_gCal' title='Add to google calendar'>GoogleCal<\/a><\/p>\t\n\t\t\t\t\t\t\t\t<\/div>\n\t\t\t\t\t\t\t<\/div>\n\t\t\t\t\t\t\t<div class='evo_card_row_end evcal_close' title='Close'><\/div><\/div><div class='clear end'><\/div><\/div><div  id=\"event_219214_0\" class=\"eventon_list_event evo_eventtop scheduled  event event_219214_0\" data-event_id=\"219214\" data-ri=\"0r\" data-time=\"1779906600-1779912000\" data-colr=\"#d2112e\" itemscope itemtype='http:\/\/schema.org\/Event'><div class=\"evo_event_schema\" style=\"display:none\" ><a itemprop='url'  href='https:\/\/www.foment.com\/es\/events\/creixement-empresarial-i-bons-llocs-de-treball-davant-loportunitat-de-la-transicio-energetica-sessio-ii\/'><\/a><meta itemprop='image' content=\"https:\/\/www.foment.com\/wp-content\/uploads\/2026\/04\/12.-Sessio-12-CAST-Monge-Sanchez-y-Guinda.png\" \/><meta itemprop='startDate' content=\"2026-5-27T18:30+2:00\" \/><meta itemprop='endDate' content=\"2026-5-27T20:00+2:00\" \/><meta itemprop='eventStatus' content=\"https:\/\/schema.org\/EventScheduled\" \/><item style=\"display:none\" itemprop=\"location\" itemscope itemtype=\"http:\/\/schema.org\/Place\"><span itemprop=\"name\">Foment del Treball<\/span><span itemprop=\"address\" itemscope itemtype=\"http:\/\/schema.org\/PostalAddress\"><item itemprop=\"streetAddress\">Via Laietana, 32-34, Principal, Barcelona<\/item><\/span><\/item><item style=\"display:none\" itemprop=\"eventAttendanceMode\" itemscope itemtype=\"https:\/\/schema.org\/OfflineEventAttendanceMode\"><\/item><div itemprop=\"organizer\" itemscope=\"\" itemtype=\"http:\/\/schema.org\/Organization\">\n\t\t\t\t\t    \t<meta itemprop=\"name\" content=\"Institut d&#039;Estudis Estrat\u00e8gics\">\n\t\t\t\t\t    \t<\/div><div itemprop=\"performer\" itemscope=\"\" itemtype=\"http:\/\/schema.org\/Person\">\n\t\t\t\t\t    \t<meta itemprop=\"name\" content=\"Institut d&#039;Estudis Estrat\u00e8gics\">\n\t\t\t\t\t    <\/div><script type=\"application\/ld+json\">{\"@context\": \"http:\/\/schema.org\",\"@type\": \"Event\",\n\t\t\t\t\t\"@id\": \"event_219214_0\",\n\t\t\t\t\t\"eventAttendanceMode\":\"https:\/\/schema.org\/OfflineEventAttendanceMode\",\n\t\t\t\t\t\"name\": \"Crecimiento Empresarial y Buenos Empleos: Ante la oportunidad de la transici\u00f3n energ\u00e9tica \u2013 Sesi\u00f3n II\",\n\t\t\t\t\t\"url\": \"https:\/\/www.foment.com\/es\/events\/creixement-empresarial-i-bons-llocs-de-treball-davant-loportunitat-de-la-transicio-energetica-sessio-ii\/\",\n\t\t\t\t\t\"startDate\": \"2026-5-27T18:30+2:00\",\n\t\t\t\t\t\"endDate\": \"2026-5-27T20:00+2:00\",\n\t\t\t\t\t\"image\":\"https:\/\/www.foment.com\/wp-content\/uploads\/2026\/04\/12.-Sessio-12-CAST-Monge-Sanchez-y-Guinda.png\", \n\t\t\t\t\t\"description\":\"<p>[vc_row][vc_column width=\u00bb1\/1&#8243;]<div class='spacer' style='height: 15px;'><\/div>[vc_btn title=\u00bbInscripci\u00f3n\u00bb shape=\u00bbsquare\u00bb color=\u00bbdanger\u00bb align=\u00bbcenter\u00bb button_block=\u00bbtrue\u00bb link=\u00bburl:https%3A%2F%2Fwww.foment.com%2Fes%2Finscripciones-eventos%2F%3Fidevento%3DDB630FB9-E542-F111-88B4-000D3ADCC77A\u00bb][vc_column_text]<span style='font-family: verdana, geneva, sans-serif; font-size: 13px;'>Desde el <strong>Instituto de Estudios Estrat\u00e9gicos<\/strong>, el <em>think tank<\/em> de Foment del Treball, pretendemos constituirnos como un espacio de encuentro, debate y elaboraci\u00f3n de propuestas para una mayor generaci\u00f3n de buenos empleos.<\/span><\/p> <p><span style='font-family: verdana, geneva, sans-serif; font-size: 13px;'>El trabajo digno al alcance de todos es el primer elemento legitimador del buen capitalismo y el sustento indispensable de la democracia parlamentaria. Acercar a todos los ciudadanos la posibilidad de un buen empleo, entendido como aquel que es sin\u00f3nimo de suficiencia y dignidad, que ofrece la posibilidad de vislumbrar y confiar en un futuro estable de trabajo y decencia. A\u00fan estamos lejos de ello, pues para mejorar la calidad del empleo son necesarios cambios estructurales y estrat\u00e9gicos.<\/span><\/p> <p><span style='font-family: verdana, geneva, sans-serif; font-size: 13px;'>Por este motivo, hemos creado el marco de trabajo <strong>\u201cCrecimiento Empresarial y Buenos Empleos\u201d<\/strong> y, dentro de \u00e9l, un ciclo de sesiones de debate bajo el t\u00edtulo <strong>\u201cAnte la oportunidad de la transici\u00f3n energ\u00e9tica\u201d<\/strong>, con el objetivo de analizar c\u00f3mo el cambio hacia un nuevo modelo energ\u00e9tico puede convertirse en una palanca para generar ocupaci\u00f3n de calidad y reforzar la cohesi\u00f3n social.<\/span><\/p> <p><span style='font-family: verdana, geneva, sans-serif; font-size: 13px;'>Tras una primera sesi\u00f3n de debate titulada <em>\u201cUn nuevo modelo energ\u00e9tico como fuente de buenos empleos: del carb\u00f3n a la energ\u00eda verde\u201d<\/em>, en la que se reflexion\u00f3 sobre el impacto de la transici\u00f3n energ\u00e9tica en el mercado laboral y las oportunidades asociadas al desarrollo de las energ\u00edas renovables, esta segunda sesi\u00f3n abordar\u00e1 la <strong>\u201cAlianzas para la transici\u00f3n energ\u00e9tica: administraci\u00f3n, empresa y formaci\u00f3n\u201d<\/strong>. Contaremos con la participaci\u00f3n de <strong>Cristina Monge<\/strong> y <strong>Mar\u00eda Jos\u00e9 S\u00e1nchez<\/strong>. La jornada ser\u00e1 moderada por <strong>Virgina Guinda<\/strong>.<\/span><\/p> <p><span style='font-family: verdana, geneva, sans-serif; font-size: 13px;'>Se analizar\u00e1 c\u00f3mo las administraciones p\u00fablicas, las empresas del sector energ\u00e9tico y el sistema educativo pueden trabajar de manera coordinada para garantizar que la transici\u00f3n energ\u00e9tica se desarrolle de forma inclusiva y equilibrada. Se pondr\u00e1 el foco en la generaci\u00f3n de empleo accesible para todos los colectivos, especialmente los m\u00e1s vulnerables, as\u00ed como en la necesidad de adaptar las competencias profesionales a las nuevas demandas del mercado de trabajo, asegurando una transici\u00f3n que combine competitividad econ\u00f3mica y equidad social.<\/span><\/p> <p>&nbsp;<\/p> <p style='text-align: center;'><span style='font-size: 12pt;'><strong><span style='font-family: verdana, geneva, sans-serif;'>PROGRAMA<\/span><\/strong><\/span><\/p> <p><span style='font-family: verdana, geneva, sans-serif; font-size: 10pt;'>18.30\u202fh Bienvenida a cargo del <strong>Sr. Jordi Alberich<\/strong>, vicepresidente coordinador del Instituto de Estudios Estrat\u00e9gicos. <\/span><\/p> <p><span style='font-family: verdana, geneva, sans-serif; font-size: 10pt;'>18.45\u202fh Sesi\u00f3n de debate <strong>\u00abAlianzas para la transici\u00f3n energ\u00e9tica: administraci\u00f3n, empresa y formaci\u00f3n\u00bb<\/strong> moderada por la <strong>Sra. Virgina Guinda<\/strong>, vicepresidenta y presidenta de la Comisi\u00f3n de Energ\u00eda de Foment del Treball, con:<\/span><\/p> <ul> <li><span style='font-family: verdana, geneva, sans-serif; font-size: 10pt;'><strong>Sra. <span style='font-family: verdana, geneva, sans-serif; font-size: 13px;'>Cristina Monge<\/span><\/strong>, analista y profesora de ciencia pol\u00edtica y sociolog\u00eda. Presidenta de M\u00e1s Democracia.<\/span><\/li> <li><span style='font-family: verdana, geneva, sans-serif; font-size: 10pt;'> <strong>Sra. <span style='font-family: verdana, geneva, sans-serif; font-size: 13px;'>Mar\u00eda Jos\u00e9 S\u00e1nchez<\/span><\/strong>, directora de Diversidad, Cultura y Liderazgo de Naturgy.<\/span><\/li> <\/ul> <p><span style='font-family: verdana, geneva, sans-serif; font-size: 10pt;'>20:00 h Aperitivo.<\/span>[\/vc_column_text][\/vc_column][\/vc_row][vc_row][vc_column width=\u00bb1\/1&#8243;][vc_column_text]<span style='font-size: 12pt;'><strong><span style='font-family: verdana, geneva, sans-serif;'>Organitza:<\/span><\/strong><\/span>[\/vc_column_text][vc_column_text]<a href='https:\/\/www.foment.com\/wp-content\/uploads\/2023\/05\/LOGO_FOMENT-01-1.png'><img class='alignnone wp-image-164611' src='https:\/\/www.foment.com\/wp-content\/uploads\/2023\/05\/LOGO_FOMENT-01-1-300x150.png' alt='' width='262' height='131' \/><\/a><a href='https:\/\/www.foment.com\/wp-content\/uploads\/2024\/10\/Naturgy.png'><img class='alignnone wp-image-191450' src='https:\/\/www.foment.com\/wp-content\/uploads\/2024\/10\/Naturgy-300x73.png' alt='' width='239' height='58' \/><\/a>[\/vc_column_text][\/vc_column][\/vc_row][vc_column width=\u00bb1\/4&#8243;][\/vc_column][vc_column width=\u00bb1\/4&#8243;][\/vc_column][vc_column width=\u00bb1\/4&#8243;][\/vc_column][vc_column width=\u00bb1\/4&#8243;][\/vc_column]<\/p> \",\"location\":[{\"@type\":\"Place\",\"name\":\"Foment del Treball\",\"address\":{\"@type\": \"PostalAddress\",\"streetAddress\":\"Via Laietana, 32-34, Principal, Barcelona\"}}],\"organizer\":{\"@type\":\"Organization\",\"name\":\"Institut d&#039;Estudis Estrat\u00e8gics\"},\"performer\":{\"@type\":\"Person\",\"name\":\"Institut d&#039;Estudis Estrat\u00e8gics\"},\"eventStatus\":\"https:\/\/schema.org\/EventScheduled\"}<\/script><\/div>\n\t\t\t\t<p class=\"desc_trig_outter\" style=\"background-color:#ffffff;flex-direction: row;\"><a data-gmap_status=\"null\" data-exlk=\"0\" style=\"border-color: #d2112e;\" id=\"evc_1779906600219214\" class=\"hasFtIMG desc_trig evo_foment-del-treball-es sin_val evcal_list_a\" data-ux_val=\"3\"  ><span class='ev_ftImg' data-img='https:\/\/www.foment.com\/wp-content\/uploads\/2026\/04\/12.-Sessio-12-CAST-Monge-Sanchez-y-Guinda.png' data-thumb='https:\/\/www.foment.com\/wp-content\/uploads\/2026\/04\/12.-Sessio-12-CAST-Monge-Sanchez-y-Guinda-300x165.png' style='background-image:url(\"https:\/\/www.foment.com\/wp-content\/uploads\/2026\/04\/12.-Sessio-12-CAST-Monge-Sanchez-y-Guinda-300x165.png\")'><\/span><style>.ajde_evcal_calendar.boxy #evcal_list .eventon_list_event .evcal_desc em{color:black;}<\/style><span style='width:100%; background-color:#d2112e !important;' class='evcal_cblock ' data-smon='mayo' data-syr='2026'><span style='margin-top: 7px;margin-bottom: 7px;' class='evo_start '><em class='date'>27<\/em><em class='month'>may<\/em><em class='time'>18:30<\/em><\/span><span style='margin-top: 7px;margin-bottom: 7px;' class='evo_end only_time'><em class='time'>20:00<\/em><\/span><em class='clear'><\/em><\/span><span class='evcal_desc evo_info '  data-location_address=\"Via Laietana, 32-34, Principal, Barcelona\" data-location_type=\"address\" data-location_name=\"Foment del Treball\" data-location_url=\"https:\/\/www.foment.com\/es\/event-location\/foment-del-treball\/\" data-location_status=\"true\" ><span class='evo_above_title'><\/span><span class='evcal_desc2 evcal_event_title hbaevatitle' itemprop='name'>Crecimiento Empresarial y Buenos Empleos: Ante la oportunidad de la transici\u00f3n energ\u00e9tica \u2013 Sesi\u00f3n II<\/span><span class='evo_below_title'><\/span><span class='evcal_desc_info' ><em class='evcal_time evo_tz_time'>18:30 - 20:00<\/em> <\/span><span class='evcal_desc3'><em class=\"evcal_location\"  data-add_str=\"\"><em class=\"event_location_name\">Foment del Treball<\/em><\/em><\/span><span style='height: 60px;'  class='evcal_desc3' ><span class='evcal_event_types ett1'><em>C =<\/em><em data-filter='event_type'>Foment del Treball<\/em><i class='clear'><\/i><\/span><\/span><\/span><em class='clear'><\/em><\/a><\/p><div class='event_description evcal_eventcard ' style=\"display:none\"><div class='evo_metarow_fimg evorow evcal_evdata_img evcal_evdata_row  evo_imghover' data-imgheight='1021' data-imgwidth='1852'  style='background-image: url(\"https:\/\/www.foment.com\/wp-content\/uploads\/2026\/04\/12.-Sessio-12-CAST-Monge-Sanchez-y-Guinda.png\")' data-imgstyle='full' data-minheight='400' data-status=''><\/div><div class='evcal_evdata_row evorow_2b evo_metarow_time_location evorow  '>\n\t\t\t\t\t\t\t\t<div class='evorow_b evorow_b1 evo_time'>\n\t\t\t\t\t\t\t\t\t<span class='evcal_evdata_icons'><i class='fa fa-clock'><\/i><\/span>\n\t\t\t\t\t\t\t\t\t<div class='evcal_evdata_cell'>\t\t\t\t\t\t\t\n\t\t\t\t\t\t\t\t\t\t<h3 class='evo_h3'><span class='evcal_evdata_icons'><i class='fa fa-clock'><\/i><\/span>Horario<\/h3>\n\t\t\t\t\t\t\t\t\t\t<p><span class='evo_eventcard_time_t'>(Mi\u00e9rcoles) 18:30 - 20:00<\/span><\/p>\n\t\t\t\t\t\t\t\t\t<\/div>\n\t\t\t\t\t\t\t\t<\/div>\n\t\t\t\t\t\t\t\t<div class='evorow_b evo_location'>\n\t\t\t\t\t\t\t\t\t<span class='evcal_evdata_icons'><i class='fa fa-map-marker-alt'><\/i><\/span>\n\t\t\t\t\t\t\t\t\t<div class='evcal_evdata_cell' data-loc_tax_id='98'><h3 class='evo_h3'><span class='evcal_evdata_icons'><i class='fa fa-map-marker-alt'><\/i><\/span>Lugar<\/h3><p class='evo_location_name'>Foment del Treball<\/p><p class='evo_location_address'>Via Laietana, 32-34, Principal, Barcelona<\/p><\/div>\n\t\t\t\t\t\t\t\t<\/div>\n\t\t\t\t\t\t\t\t\n\t\t\t\t\t\t\t<\/div><div class='evo_metarow_details evorow evcal_evdata_row evcal_event_details'>\n\t\t\t\t\t\t\t\t<div class=\"event_excerpt\" style=\"display:none\"><h3 class=\"padb5 evo_h3\">Detalles del evento<\/h3><p>[vc_row][vc_column width=\u00bb1\/1&#8243;][vc_btn title=\u00bbInscripci\u00f3n\u00bb shape=\u00bbsquare\u00bb color=\u00bbdanger\u00bb align=\u00bbcenter\u00bb button_block=\u00bbtrue\u00bb link=\u00bburl:https%3A%2F%2Fwww.foment.com%2Fes%2Finscripciones-eventos%2F%3Fidevento%3DDB630FB9-E542-F111-88B4-000D3ADCC77A\u00bb][vc_column_text]Desde el Instituto de Estudios Estrat\u00e9gicos, el think tank de Foment del Treball, pretendemos<\/p><\/div><span class='evcal_evdata_icons'><i class='fa fa-align-justify'><\/i><\/span>\n\t\t\t\t\t\t\t\t\n\t\t\t\t\t\t\t\t<div class='evcal_evdata_cell '>\n\t\t\t\t\t\t\t\t\t<div class='eventon_full_description'>\n\t\t\t\t\t\t\t\t\t\t<h3 class='padb5 evo_h3'><span class='evcal_evdata_icons'><i class='fa fa-align-justify'><\/i><\/span>Detalles del evento<\/h3>\n\t\t\t\t\t\t\t\t\t\t<div class='eventon_desc_in' itemprop='description'>\n\t\t\t\t\t\t\t\t\t\t<p>[vc_row][vc_column width=\u00bb1\/1&#8243;]<\/p>\n<div class=\"spacer\" style=\"height: 15px;\"><\/div>\n<p>[vc_btn title=\u00bbInscripci\u00f3n\u00bb shape=\u00bbsquare\u00bb color=\u00bbdanger\u00bb align=\u00bbcenter\u00bb button_block=\u00bbtrue\u00bb link=\u00bburl:https%3A%2F%2Fwww.foment.com%2Fes%2Finscripciones-eventos%2F%3Fidevento%3DDB630FB9-E542-F111-88B4-000D3ADCC77A\u00bb][vc_column_text]<span style=\"font-family: verdana, geneva, sans-serif; font-size: 13px;\">Desde el <strong>Instituto de Estudios Estrat\u00e9gicos<\/strong>, el <em>think tank<\/em> de Foment del Treball, pretendemos constituirnos como un espacio de encuentro, debate y elaboraci\u00f3n de propuestas para una mayor generaci\u00f3n de buenos empleos.<\/span><\/p>\n<p><span style=\"font-family: verdana, geneva, sans-serif; font-size: 13px;\">El trabajo digno al alcance de todos es el primer elemento legitimador del buen capitalismo y el sustento indispensable de la democracia parlamentaria. Acercar a todos los ciudadanos la posibilidad de un buen empleo, entendido como aquel que es sin\u00f3nimo de suficiencia y dignidad, que ofrece la posibilidad de vislumbrar y confiar en un futuro estable de trabajo y decencia. A\u00fan estamos lejos de ello, pues para mejorar la calidad del empleo son necesarios cambios estructurales y estrat\u00e9gicos.<\/span><\/p>\n<p><span style=\"font-family: verdana, geneva, sans-serif; font-size: 13px;\">Por este motivo, hemos creado el marco de trabajo <strong>\u201cCrecimiento Empresarial y Buenos Empleos\u201d<\/strong> y, dentro de \u00e9l, un ciclo de sesiones de debate bajo el t\u00edtulo <strong>\u201cAnte la oportunidad de la transici\u00f3n energ\u00e9tica\u201d<\/strong>, con el objetivo de analizar c\u00f3mo el cambio hacia un nuevo modelo energ\u00e9tico puede convertirse en una palanca para generar ocupaci\u00f3n de calidad y reforzar la cohesi\u00f3n social.<\/span><\/p>\n<p><span style=\"font-family: verdana, geneva, sans-serif; font-size: 13px;\">Tras una primera sesi\u00f3n de debate titulada <em>\u201cUn nuevo modelo energ\u00e9tico como fuente de buenos empleos: del carb\u00f3n a la energ\u00eda verde\u201d<\/em>, en la que se reflexion\u00f3 sobre el impacto de la transici\u00f3n energ\u00e9tica en el mercado laboral y las oportunidades asociadas al desarrollo de las energ\u00edas renovables, esta segunda sesi\u00f3n abordar\u00e1 la <strong>\u201cAlianzas para la transici\u00f3n energ\u00e9tica: administraci\u00f3n, empresa y formaci\u00f3n\u201d<\/strong>. Contaremos con la participaci\u00f3n de <strong>Cristina Monge<\/strong> y <strong>Mar\u00eda Jos\u00e9 S\u00e1nchez<\/strong>. La jornada ser\u00e1 moderada por <strong>Virgina Guinda<\/strong>.<\/span><\/p>\n<p><span style=\"font-family: verdana, geneva, sans-serif; font-size: 13px;\">Se analizar\u00e1 c\u00f3mo las administraciones p\u00fablicas, las empresas del sector energ\u00e9tico y el sistema educativo pueden trabajar de manera coordinada para garantizar que la transici\u00f3n energ\u00e9tica se desarrolle de forma inclusiva y equilibrada. Se pondr\u00e1 el foco en la generaci\u00f3n de empleo accesible para todos los colectivos, especialmente los m\u00e1s vulnerables, as\u00ed como en la necesidad de adaptar las competencias profesionales a las nuevas demandas del mercado de trabajo, asegurando una transici\u00f3n que combine competitividad econ\u00f3mica y equidad social.<\/span><\/p>\n<p>&nbsp;<\/p>\n<p style=\"text-align: center;\"><span style=\"font-size: 12pt;\"><strong><span style=\"font-family: verdana, geneva, sans-serif;\">PROGRAMA<\/span><\/strong><\/span><\/p>\n<p><span style=\"font-family: verdana, geneva, sans-serif; font-size: 10pt;\">18.30\u202fh Bienvenida a cargo del <strong>Sr. Jordi Alberich<\/strong>, vicepresidente coordinador del Instituto de Estudios Estrat\u00e9gicos. <\/span><\/p>\n<p><span style=\"font-family: verdana, geneva, sans-serif; font-size: 10pt;\">18.45\u202fh Sesi\u00f3n de debate <strong>\u00abAlianzas para la transici\u00f3n energ\u00e9tica: administraci\u00f3n, empresa y formaci\u00f3n\u00bb<\/strong> moderada por la <strong>Sra. Virgina Guinda<\/strong>, vicepresidenta y presidenta de la Comisi\u00f3n de Energ\u00eda de Foment del Treball, con:<\/span><\/p>\n<ul>\n<li><span style=\"font-family: verdana, geneva, sans-serif; font-size: 10pt;\"><strong>Sra. <span style=\"font-family: verdana, geneva, sans-serif; font-size: 13px;\">Cristina Monge<\/span><\/strong>, analista y profesora de ciencia pol\u00edtica y sociolog\u00eda. Presidenta de M\u00e1s Democracia.<\/span><\/li>\n<li><span style=\"font-family: verdana, geneva, sans-serif; font-size: 10pt;\"> <strong>Sra. <span style=\"font-family: verdana, geneva, sans-serif; font-size: 13px;\">Mar\u00eda Jos\u00e9 S\u00e1nchez<\/span><\/strong>, directora de Diversidad, Cultura y Liderazgo de Naturgy.<\/span><\/li>\n<\/ul>\n<p><span style=\"font-family: verdana, geneva, sans-serif; font-size: 10pt;\">20:00 h Aperitivo.<\/span>[\/vc_column_text][\/vc_column][\/vc_row][vc_row][vc_column width=\u00bb1\/1&#8243;][vc_column_text]<span style=\"font-size: 12pt;\"><strong><span style=\"font-family: verdana, geneva, sans-serif;\">Organitza:<\/span><\/strong><\/span>[\/vc_column_text][vc_column_text]<a href=\"https:\/\/www.foment.com\/wp-content\/uploads\/2023\/05\/LOGO_FOMENT-01-1.png\"><img class=\"alignnone wp-image-164611\" src=\"https:\/\/www.foment.com\/wp-content\/uploads\/2023\/05\/LOGO_FOMENT-01-1-300x150.png\" alt=\"\" width=\"262\" height=\"131\" \/><\/a><a href=\"https:\/\/www.foment.com\/wp-content\/uploads\/2024\/10\/Naturgy.png\"><img class=\"alignnone wp-image-191450\" src=\"https:\/\/www.foment.com\/wp-content\/uploads\/2024\/10\/Naturgy-300x73.png\" alt=\"\" width=\"239\" height=\"58\" \/><\/a>[\/vc_column_text][\/vc_column][\/vc_row][vc_column width=\u00bb1\/4&#8243;][\/vc_column][vc_column width=\u00bb1\/4&#8243;][\/vc_column][vc_column width=\u00bb1\/4&#8243;][\/vc_column][vc_column width=\u00bb1\/4&#8243;][\/vc_column]<\/p>\n<\/div><div class='clear'><\/div>\n\t\t\t\t\t\t\t\t\t<\/div>\n\t\t\t\t\t\t\t\t<\/div>\n\t\t\t\t\t\t\t<\/div><div class='evo_metarow_organizer evorow evcal_evdata_row evcal_evrow_sm '>\n\t\t\t\t\t\t\t\t<span class='evcal_evdata_icons'><i class='fa fa-headphones'><\/i><\/span>\n\t\t\t\t\t\t\t\t<div class='evcal_evdata_cell'>\t\t\t\t\t\t\t\n\t\t\t\t\t\t\t\t\t<h3 class='evo_h3'>Organizador<\/h3>\n\t\t\t\t\t\t\t\t\t\n\t\t\t\t\t\t\t\t\t<div class='evo_card_organizer'><p class='evo_data_val evo_card_organizer_name'>\n\t\t\t\t\t\t\t\t\t\t<span class='evo_card_organizer_name_t'>Institut d&#039;Estudis Estrat\u00e8gics<\/span>\n\t\t\t\t\t\t\t\t\t\t\n\t\t\t\t\t\t\t\t\t\t<\/p><\/div><div class='clear'><\/div>\t\t\t\t\t\t\t\n\t\t\t\t\t\t\t\t<\/div>\n\t\t\t\t\t\t\t<\/div><div class='evcal_evdata_row evo_metarow_locImg evorow ' style='height:400px; background-image:url(https:\/\/www.foment.com\/wp-content\/uploads\/2022\/06\/Edifici-Foment-2020-scaled.jpg)' id='146693_locimg' ><\/div>\t\t\t\t\t\t\t<div class='evo_metarow_ICS evorow evcal_evdata_row'>\n\t\t\t\t\t\t\t\t<span class=\"evcal_evdata_icons\"><i class=\"fa fa-calendar\"><\/i><\/span>\n\t\t\t\t\t\t\t\t<div class='evcal_evdata_cell'>\n\t\t\t\t\t\t\t\t\t<p><a href='https:\/\/www.foment.com\/wp-admin\/admin-ajax.php?action=eventon_ics_download&amp;event_id=219214&amp;ri=0' class='evo_ics_nCal' title='Add to your calendar'>Calendar<\/a><a href='\/\/www.google.com\/calendar\/event?action=TEMPLATE&amp;text=Crecimiento+Empresarial+y+Buenos+Empleos%3A+Ante+la+oportunidad+de+la+transici%C3%B3n+energ%C3%A9tica+%E2%80%93+Sesi%C3%B3n+II&amp;dates=20260527T163000Z\/20260527T180000Z&amp;ctz=Europe\/Madrid&amp;details=Crecimiento+Empresarial+y+Buenos+Empleos%3A+Ante+la+oportunidad+de+la+transici%C3%B3n+energ%C3%A9tica+%E2%80%93+Sesi%C3%B3n+II&amp;location=Foment+del+TreballVia+Laietana%2C+32-34%2C+Principal%2C+Barcelona' target='_blank' class='evo_ics_gCal' title='Add to google calendar'>GoogleCal<\/a><\/p>\t\n\t\t\t\t\t\t\t\t<\/div>\n\t\t\t\t\t\t\t<\/div>\n\t\t\t\t\t\t\t<div class='evo_card_row_end evcal_close' title='Close'><\/div><\/div><div class='clear end'><\/div><\/div><div  id=\"event_216611_0\" class=\"eventon_list_event evo_eventtop scheduled  event event_216611_0\" data-event_id=\"216611\" data-ri=\"0r\" data-time=\"1780995600-1781001000\" data-colr=\"#0db270\" itemscope itemtype='http:\/\/schema.org\/Event'><div class=\"evo_event_schema\" style=\"display:none\" ><a itemprop='url'  href='https:\/\/www.foment.com\/es\/events\/introduccio-als-incoterms\/'><\/a><meta itemprop='image' content=\"https:\/\/www.foment.com\/wp-content\/uploads\/2026\/03\/8.jpg\" \/><meta itemprop='startDate' content=\"2026-6-9T09:00+2:00\" \/><meta itemprop='endDate' content=\"2026-6-9T10:30+2:00\" \/><meta itemprop='eventStatus' content=\"https:\/\/schema.org\/EventScheduled\" \/><item style=\"display:none\" itemprop=\"location\" itemscope itemtype=\"http:\/\/schema.org\/Place\"><span itemprop=\"name\">Webinar por Zoom<\/span><span itemprop=\"address\" itemscope itemtype=\"http:\/\/schema.org\/PostalAddress\"><item itemprop=\"streetAddress\">Webinar per Zoom<\/item><\/span><\/item><item style=\"display:none\" itemprop=\"eventAttendanceMode\" itemscope itemtype=\"https:\/\/schema.org\/OfflineEventAttendanceMode\"><\/item><div itemprop=\"organizer\" itemscope=\"\" itemtype=\"http:\/\/schema.org\/Organization\">\n\t\t\t\t\t    \t<meta itemprop=\"name\" content=\"Internacional\">\n\t\t\t\t\t    \t<\/div><div itemprop=\"performer\" itemscope=\"\" itemtype=\"http:\/\/schema.org\/Person\">\n\t\t\t\t\t    \t<meta itemprop=\"name\" content=\"Internacional\">\n\t\t\t\t\t    <\/div><script type=\"application\/ld+json\">{\"@context\": \"http:\/\/schema.org\",\"@type\": \"Event\",\n\t\t\t\t\t\"@id\": \"event_216611_0\",\n\t\t\t\t\t\"eventAttendanceMode\":\"https:\/\/schema.org\/OfflineEventAttendanceMode\",\n\t\t\t\t\t\"name\": \"Webinar | INTRODUCCI\u00d3N A LOS INCOTERMS\",\n\t\t\t\t\t\"url\": \"https:\/\/www.foment.com\/es\/events\/introduccio-als-incoterms\/\",\n\t\t\t\t\t\"startDate\": \"2026-6-9T09:00+2:00\",\n\t\t\t\t\t\"endDate\": \"2026-6-9T10:30+2:00\",\n\t\t\t\t\t\"image\":\"https:\/\/www.foment.com\/wp-content\/uploads\/2026\/03\/8.jpg\", \n\t\t\t\t\t\"description\":\"<p>[vc_row][vc_column][vc_btn title=\u00bbInscripci\u00f3n a la sesi\u00f3n\u00bb color=\u00bbdanger\u00bb align=\u00bbcenter\u00bb button_block=\u00bbtrue\u00bb link=\u00bburl:https%3A%2F%2Fwww.foment.com%2Fes%2Finscripciones-eventos%2F%3Fidevento%3DE7B44EF5-1622-F111-8342-000D3ADCC77A\u00bb]<div class='spacer' style='height: 20px;'><\/div>[vc_column_text]\u00bfQuieres entender mejor que son los INCOTERMS y c\u00f3mo pueden ayudarte a envitar costes inesperados o problemas en las operaciones internacionales? Esta sesi\u00f3n te ofrecer\u00e1 una visi\u00f3n clara y pr\u00e1ctica para empezar a utilizarlos con seguridad.<\/p> <p><strong>Foment del Treball<\/strong>, <strong>Banco de Sabadell <\/strong>y <strong>Arola<\/strong>, en el marco del Programa <a href='https:\/\/eur04.safelinks.protection.outlook.com\/?url=https%3A%2F%2Fpublic-eur.mkt.dynamics.com%2Fapi%2Forgs%2F8d5eafb0-f8ac-4ccb-a7c1-a2767b978f43%2Fr%2F8HguTbB8lUmwnlE-pigDAAsAAAA%3Fmsdynmkt_target%3D%257B%2522TargetUrl%2522%253A%2522https%25253A%25252F%25252Feur04.safelinks.protection.outlook.com%25252F%25253Furl%25253Dhttps%2525253A%2525252F%2525252Fpublic-eur.mkt.dynamics.com%2525252Fapi%2525252Forgs%2525252F8d5eafb0-f8ac-4ccb-a7c1-a2767b978f43%2525252Fr%2525252FyvrRQA17BkWFlLnxzj8DAAsAAAA%2525253Fmsdynmkt_target%2525253D%252525257B%2525252522TargetUrl%2525252522%252525253A%2525252522https%25252525253A%25252525252F%25252525252Fformularis.accio.gencat.cat%25252525252Fweb%25252525252Fformularis%25252525252Finscripcions%25252525252F-%25252525252Finscripcio%25252525252F2026%25252525252F02%25252525252F03%25252525252FOnkrUbTR_SM9nz_z85jUAA%25252525252Fsollicitud-de-diagnostic-pie-foment%25252525252F%25252525253Flang%25252525253Dca_ES%252525252526portal%25252525253Daccio%252525252526_gl%25252525253D1%25252525252A9dm0zh%25252525252A_ga%25252525252AMTI0NzIzNzQyMC4xNzEyODIyOTgy%25252525252A_ga_6HSVZS0K1X%25252525252AczE3NzI3MjM4MjckbzE4OSRnMCR0MTc3MjcyMzgzMiRqNTUkbDAkaDA%2525252522%252525252C%2525252522RedirectOptions%2525252522%252525253A%252525257B%25252525225%2525252522%252525253Anull%252525252C%25252525221%2525252522%252525253Anull%252525257D%252525257D%25252526msdynmkt_digest%2525253DA1vZltR2b3nESlG%252525252BdOmS7YeZ5GTW3dinAdHW2pwAZaw%252525253D%25252526msdynmkt_secretVersion%2525253D7bb221762d0c46939816d3a5592b1359%252526data%25253D05%2525257C02%2525257Csramirez%25252540foment.com%2525257Cf1991a910c2646925bd008de8435a992%2525257Cf37c938d38654a89b99bb000c76a74bf%2525257C1%2525257C0%2525257C639093563232359040%2525257CUnknown%2525257CTWFpbGZsb3d8eyJFbXB0eU1hcGkiOnRydWUsIlYiOiIwLjAuMDAwMCIsIlAiOiJXaW4zMiIsIkFOIjoiTWFpbCIsIldUIjoyfQ%2525253D%2525253D%2525257C0%2525257C%2525257C%2525257C%252526sdata%25253Dou%2525252Bne5%2525252B%2525252BHZGOZdp6Tqjix8YZCdA6ERf%2525252Fhmxz3bwwgrw%2525253D%252526reserved%25253D0%2522%252C%2522RedirectOptions%2522%253A%257B%25225%2522%253Anull%252C%25221%2522%253Anull%257D%257D%26msdynmkt_digest%3D%252FWzL4AZbASi8gjUK9GYJF9rQ5JzwbNZ4OTWgdhD5Y3o%253D%26msdynmkt_secretVersion%3D7bb221762d0c46939816d3a5592b1359&amp;data=05%7C02%7Cepalom%40foment.com%7Ccf7b1569cadb4359bda808de84d1b6b3%7Cf37c938d38654a89b99bb000c76a74bf%7C1%7C0%7C639094233445675397%7CUnknown%7CTWFpbGZsb3d8eyJFbXB0eU1hcGkiOnRydWUsIlYiOiIwLjAuMDAwMCIsIlAiOiJXaW4zMiIsIkFOIjoiTWFpbCIsIldUIjoyfQ%3D%3D%7C0%7C%7C%7C&amp;sdata=38YGnAXtCoDkrIj5H617cQAglGXy44xTEu0AbIJqdVA%3D&amp;reserved=0'><strong>CATALU\u00d1A EXPORTA<\/strong><\/a>, te invitamos al Webinar <span style='color: #d2112d;'><strong>\u00abINTRODUCCI\u00d3N A LOS INCOTERMS\u00bb<\/strong><\/span>, una sesi\u00f3n donde se explicar\u00e1n los principios b\u00e1sicos de los 11 INCOTERMS vigentes y cuando se recomienda la utilizacion de cada uno de los mismos. En esta sesi\u00f3n de nivel b\u00e1sico se explicar\u00e1:<\/p> <p>&#8211; Que son los INCOTERMS y para qu\u00e9 sirven<\/p> <p>&#8211; C\u00f3mo definen el punto de entrega y la transferencia de riesgos<\/p> <p>&#8211; Qu\u00e9 costes asume comprador y vendedor en cada caso<\/p> <p>Esta ser\u00e1 una sesi\u00f3n pr\u00e1ctica e ideal para empezar a trabajar con INCOTERMS y resolver dudas del d\u00eda a d\u00eda.<\/p> <p><span style='color: #d2112d;'><strong>PROGRAMA<\/strong><\/span><\/p> <p><span style='color: #d2112d;'>09:00h. | Bienvenida y presentaci\u00f3n del Programa Catalu\u00f1a Exporta<\/span><\/p> <p><span style='color: #d2112d;'>09:10h. |<strong>Introducci\u00f3n a los INCOTERMS<\/strong><\/span><\/p> <p style='padding-left: 40px;'><strong>Montse Gavald\u00e0<\/strong>. Directora de Negocio Internacional, <strong>Banc de Sabadell<\/strong><\/p> <p style='padding-left: 40px;'>Representante, <strong>Arola<\/strong><\/p> <p><span style='color: #d2112d;'>10:25h. | Turno de preguntas<\/span><\/p> <p><span style='color: #d2112d;'>10:30h. | Fin de la sesi\u00f3n<\/span><\/p> <p>&nbsp;<\/p> <table style='border-collapse: collapse; width: 100%;'> <tbody> <tr> <td style='width: 100%; text-align: center;'><a href='https:\/\/www.foment.com\/wp-content\/uploads\/2026\/03\/ACCIO-1.png'><img class='alignnone wp-image-216567 size-large' src='https:\/\/www.foment.com\/wp-content\/uploads\/2026\/03\/ACCIO-1-1024x162.png' alt='' width='1024' height='162' \/><\/a><\/td> <\/tr> <\/tbody> <\/table> <p>&nbsp;<\/p> <p>[\/vc_column_text][\/vc_column][\/vc_row][vc_row][vc_column width=\u00bb1\/2&#8243;][vc_column_text]<span style='font-family: verdana, geneva, sans-serif; font-size: 12px;'>Amb el suport de:<\/span>[\/vc_column_text]<div class='single_image wpb_content_element align-left    ' data-animation='none' data-delay='0'><a href='http:\/\/www.accio.gencat.cat' target='_self'><img width='300' height='68' src='https:\/\/www.foment.com\/wp-content\/uploads\/2026\/03\/ACCIO-integrat-Horitzontal-CAT-color-300x68.png' class='attachment-medium' alt='' loading='lazy' title='ACCIO-integrat-Horitzontal-CAT-color' srcset='https:\/\/www.foment.com\/wp-content\/uploads\/2026\/03\/ACCIO-integrat-Horitzontal-CAT-color-300x68.png 300w, https:\/\/www.foment.com\/wp-content\/uploads\/2026\/03\/ACCIO-integrat-Horitzontal-CAT-color.png 559w' sizes='(max-width: 300px) 100vw, 300px' \/><\/a><\/div>[\/vc_column][vc_column width=\u00bb1\/2&#8243;][vc_column_text]<span style='font-family: verdana, geneva, sans-serif; font-size: 12px;'>Agent de suport a la Internacionalitzaci\u00f3<\/span>[\/vc_column_text]<div class='single_image wpb_content_element align-left    ' data-animation='none' data-delay='0'><img width='274' height='300' src='https:\/\/www.foment.com\/wp-content\/uploads\/2025\/10\/logo-Accio-2-274x300.png' class='attachment-medium' alt='' loading='lazy' title='logo Accio 2' srcset='https:\/\/www.foment.com\/wp-content\/uploads\/2025\/10\/logo-Accio-2-274x300.png 274w, https:\/\/www.foment.com\/wp-content\/uploads\/2025\/10\/logo-Accio-2-768x842.png 768w, https:\/\/www.foment.com\/wp-content\/uploads\/2025\/10\/logo-Accio-2.png 778w' sizes='(max-width: 274px) 100vw, 274px' \/><\/div>[\/vc_column][\/vc_row]<\/p> \",\"location\":[{\"@type\":\"Place\",\"name\":\"Webinar por Zoom\",\"address\":{\"@type\": \"PostalAddress\",\"streetAddress\":\"Webinar per Zoom\"}}],\"organizer\":{\"@type\":\"Organization\",\"name\":\"Internacional\"},\"performer\":{\"@type\":\"Person\",\"name\":\"Internacional\"},\"eventStatus\":\"https:\/\/schema.org\/EventScheduled\"}<\/script><\/div>\n\t\t\t\t<p class=\"desc_trig_outter\" style=\"background-color:#ffffff;flex-direction: row;\"><a data-gmap_status=\"null\" data-exlk=\"1\"  style=\"border-color: #0db270;\" id=\"evc_1780995600216611\" class=\"hasFtIMG desc_trig evo_internacional-es evo_misiones-internacionales sin_val evcal_list_a\" data-ux_val=\"3\"  ><span class='ev_ftImg' data-img='https:\/\/www.foment.com\/wp-content\/uploads\/2026\/03\/8.jpg' data-thumb='https:\/\/www.foment.com\/wp-content\/uploads\/2026\/03\/8-300x194.jpg' style='background-image:url(\"https:\/\/www.foment.com\/wp-content\/uploads\/2026\/03\/8-300x194.jpg\")'><\/span><style>.ajde_evcal_calendar.boxy #evcal_list .eventon_list_event .evcal_desc em{color:black;}<\/style><span style='width:100%; background-color:#0db270 !important;' class='evcal_cblock ' data-smon='junio' data-syr='2026'><span style='margin-top: 7px;margin-bottom: 7px;' class='evo_start '><em class='date'>09<\/em><em class='month'>jun<\/em><em class='time'>9:00<\/em><\/span><span style='margin-top: 7px;margin-bottom: 7px;' class='evo_end only_time'><em class='time'>10:30<\/em><\/span><em class='clear'><\/em><\/span><span class='evcal_desc evo_info '  data-location_address=\"Webinar per Zoom\" data-location_type=\"address\" data-location_name=\"Webinar por Zoom\" data-location_url=\"https:\/\/www.foment.com\/es\/event-location\/webinar-por-zoom\/\" data-location_status=\"true\" ><span class='evo_above_title'><\/span><span class='evcal_desc2 evcal_event_title hbaevatitle' itemprop='name'>Webinar | INTRODUCCI\u00d3N A LOS INCOTERMS<\/span><span class='evo_below_title'><span class='evcal_event_subtitle' >Programa Catalunya Exporta<\/span><\/span><span class='evcal_desc_info' ><em class='evcal_time evo_tz_time'>9:00 - 10:30<\/em> <\/span><span class='evcal_desc3'><em class=\"evcal_location\"  data-add_str=\"\"><em class=\"event_location_name\">Webinar por Zoom<\/em><\/em><\/span><span style='height: 60px;'  class='evcal_desc3' ><span class='evcal_event_types ett1'><em>C =<\/em><em data-filter='event_type'>Internacional,<\/em><em data-filter='event_type'>Misiones Internacionales<\/em><i class='clear'><\/i><\/span><\/span><\/span><em class='clear'><\/em><\/a><\/p><div class='event_description evcal_eventcard ' style=\"display:none\"><div class='evo_metarow_fimg evorow evcal_evdata_img evcal_evdata_row  evo_imghover' data-imgheight='1294' data-imgwidth='2000'  style='background-image: url(\"https:\/\/www.foment.com\/wp-content\/uploads\/2026\/03\/8.jpg\")' data-imgstyle='full' data-minheight='400' data-status=''><\/div><div class='evcal_evdata_row evorow_2b evo_metarow_time_location evorow  '>\n\t\t\t\t\t\t\t\t<div class='evorow_b evorow_b1 evo_time'>\n\t\t\t\t\t\t\t\t\t<span class='evcal_evdata_icons'><i class='fa fa-clock'><\/i><\/span>\n\t\t\t\t\t\t\t\t\t<div class='evcal_evdata_cell'>\t\t\t\t\t\t\t\n\t\t\t\t\t\t\t\t\t\t<h3 class='evo_h3'><span class='evcal_evdata_icons'><i class='fa fa-clock'><\/i><\/span>Horario<\/h3>\n\t\t\t\t\t\t\t\t\t\t<p><span class='evo_eventcard_time_t'>(Martes) 9:00 - 10:30<\/span><\/p>\n\t\t\t\t\t\t\t\t\t<\/div>\n\t\t\t\t\t\t\t\t<\/div>\n\t\t\t\t\t\t\t\t<div class='evorow_b evo_location'>\n\t\t\t\t\t\t\t\t\t<span class='evcal_evdata_icons'><i class='fa fa-map-marker-alt'><\/i><\/span>\n\t\t\t\t\t\t\t\t\t<div class='evcal_evdata_cell' data-loc_tax_id='3536'><h3 class='evo_h3'><span class='evcal_evdata_icons'><i class='fa fa-map-marker-alt'><\/i><\/span>Lugar<\/h3><p class='evo_location_name'>Webinar por Zoom<\/p><p class='evo_location_address'>Webinar per Zoom<\/p><\/div>\n\t\t\t\t\t\t\t\t<\/div>\n\t\t\t\t\t\t\t\t\n\t\t\t\t\t\t\t<\/div><div class='evo_metarow_details evorow evcal_evdata_row evcal_event_details'>\n\t\t\t\t\t\t\t\t<div class=\"event_excerpt\" style=\"display:none\"><h3 class=\"padb5 evo_h3\">Detalles del evento<\/h3><p>[vc_row][vc_column][vc_btn title=\u00bbInscripci\u00f3n a la sesi\u00f3n\u00bb color=\u00bbdanger\u00bb align=\u00bbcenter\u00bb button_block=\u00bbtrue\u00bb link=\u00bburl:https%3A%2F%2Fwww.foment.com%2Fes%2Finscripciones-eventos%2F%3Fidevento%3DE7B44EF5-1622-F111-8342-000D3ADCC77A\u00bb][vc_column_text]\u00bfQuieres entender mejor que son los INCOTERMS y c\u00f3mo pueden ayudarte a envitar costes inesperados o problemas en las<\/p><\/div><span class='evcal_evdata_icons'><i class='fa fa-align-justify'><\/i><\/span>\n\t\t\t\t\t\t\t\t\n\t\t\t\t\t\t\t\t<div class='evcal_evdata_cell '>\n\t\t\t\t\t\t\t\t\t<div class='eventon_full_description'>\n\t\t\t\t\t\t\t\t\t\t<h3 class='padb5 evo_h3'><span class='evcal_evdata_icons'><i class='fa fa-align-justify'><\/i><\/span>Detalles del evento<\/h3>\n\t\t\t\t\t\t\t\t\t\t<div class='eventon_desc_in' itemprop='description'>\n\t\t\t\t\t\t\t\t\t\t<p>[vc_row][vc_column][vc_btn title=\u00bbInscripci\u00f3n a la sesi\u00f3n\u00bb color=\u00bbdanger\u00bb align=\u00bbcenter\u00bb button_block=\u00bbtrue\u00bb link=\u00bburl:https%3A%2F%2Fwww.foment.com%2Fes%2Finscripciones-eventos%2F%3Fidevento%3DE7B44EF5-1622-F111-8342-000D3ADCC77A\u00bb]<\/p>\n<div class=\"spacer\" style=\"height: 20px;\"><\/div>\n<p>[vc_column_text]\u00bfQuieres entender mejor que son los INCOTERMS y c\u00f3mo pueden ayudarte a envitar costes inesperados o problemas en las operaciones internacionales? Esta sesi\u00f3n te ofrecer\u00e1 una visi\u00f3n clara y pr\u00e1ctica para empezar a utilizarlos con seguridad.<\/p>\n<p><strong>Foment del Treball<\/strong>, <strong>Banco de Sabadell <\/strong>y <strong>Arola<\/strong>, en el marco del Programa <a href=\"https:\/\/eur04.safelinks.protection.outlook.com\/?url=https%3A%2F%2Fpublic-eur.mkt.dynamics.com%2Fapi%2Forgs%2F8d5eafb0-f8ac-4ccb-a7c1-a2767b978f43%2Fr%2F8HguTbB8lUmwnlE-pigDAAsAAAA%3Fmsdynmkt_target%3D%257B%2522TargetUrl%2522%253A%2522https%25253A%25252F%25252Feur04.safelinks.protection.outlook.com%25252F%25253Furl%25253Dhttps%2525253A%2525252F%2525252Fpublic-eur.mkt.dynamics.com%2525252Fapi%2525252Forgs%2525252F8d5eafb0-f8ac-4ccb-a7c1-a2767b978f43%2525252Fr%2525252FyvrRQA17BkWFlLnxzj8DAAsAAAA%2525253Fmsdynmkt_target%2525253D%252525257B%2525252522TargetUrl%2525252522%252525253A%2525252522https%25252525253A%25252525252F%25252525252Fformularis.accio.gencat.cat%25252525252Fweb%25252525252Fformularis%25252525252Finscripcions%25252525252F-%25252525252Finscripcio%25252525252F2026%25252525252F02%25252525252F03%25252525252FOnkrUbTR_SM9nz_z85jUAA%25252525252Fsollicitud-de-diagnostic-pie-foment%25252525252F%25252525253Flang%25252525253Dca_ES%252525252526portal%25252525253Daccio%252525252526_gl%25252525253D1%25252525252A9dm0zh%25252525252A_ga%25252525252AMTI0NzIzNzQyMC4xNzEyODIyOTgy%25252525252A_ga_6HSVZS0K1X%25252525252AczE3NzI3MjM4MjckbzE4OSRnMCR0MTc3MjcyMzgzMiRqNTUkbDAkaDA%2525252522%252525252C%2525252522RedirectOptions%2525252522%252525253A%252525257B%25252525225%2525252522%252525253Anull%252525252C%25252525221%2525252522%252525253Anull%252525257D%252525257D%25252526msdynmkt_digest%2525253DA1vZltR2b3nESlG%252525252BdOmS7YeZ5GTW3dinAdHW2pwAZaw%252525253D%25252526msdynmkt_secretVersion%2525253D7bb221762d0c46939816d3a5592b1359%252526data%25253D05%2525257C02%2525257Csramirez%25252540foment.com%2525257Cf1991a910c2646925bd008de8435a992%2525257Cf37c938d38654a89b99bb000c76a74bf%2525257C1%2525257C0%2525257C639093563232359040%2525257CUnknown%2525257CTWFpbGZsb3d8eyJFbXB0eU1hcGkiOnRydWUsIlYiOiIwLjAuMDAwMCIsIlAiOiJXaW4zMiIsIkFOIjoiTWFpbCIsIldUIjoyfQ%2525253D%2525253D%2525257C0%2525257C%2525257C%2525257C%252526sdata%25253Dou%2525252Bne5%2525252B%2525252BHZGOZdp6Tqjix8YZCdA6ERf%2525252Fhmxz3bwwgrw%2525253D%252526reserved%25253D0%2522%252C%2522RedirectOptions%2522%253A%257B%25225%2522%253Anull%252C%25221%2522%253Anull%257D%257D%26msdynmkt_digest%3D%252FWzL4AZbASi8gjUK9GYJF9rQ5JzwbNZ4OTWgdhD5Y3o%253D%26msdynmkt_secretVersion%3D7bb221762d0c46939816d3a5592b1359&amp;data=05%7C02%7Cepalom%40foment.com%7Ccf7b1569cadb4359bda808de84d1b6b3%7Cf37c938d38654a89b99bb000c76a74bf%7C1%7C0%7C639094233445675397%7CUnknown%7CTWFpbGZsb3d8eyJFbXB0eU1hcGkiOnRydWUsIlYiOiIwLjAuMDAwMCIsIlAiOiJXaW4zMiIsIkFOIjoiTWFpbCIsIldUIjoyfQ%3D%3D%7C0%7C%7C%7C&amp;sdata=38YGnAXtCoDkrIj5H617cQAglGXy44xTEu0AbIJqdVA%3D&amp;reserved=0\"><strong>CATALU\u00d1A EXPORTA<\/strong><\/a>, te invitamos al Webinar <span style=\"color: #d2112d;\"><strong>\u00abINTRODUCCI\u00d3N A LOS INCOTERMS\u00bb<\/strong><\/span>, una sesi\u00f3n donde se explicar\u00e1n los principios b\u00e1sicos de los 11 INCOTERMS vigentes y cuando se recomienda la utilizacion de cada uno de los mismos. En esta sesi\u00f3n de nivel b\u00e1sico se explicar\u00e1:<\/p>\n<p>&#8211; Que son los INCOTERMS y para qu\u00e9 sirven<\/p>\n<p>&#8211; C\u00f3mo definen el punto de entrega y la transferencia de riesgos<\/p>\n<p>&#8211; Qu\u00e9 costes asume comprador y vendedor en cada caso<\/p>\n<p>Esta ser\u00e1 una sesi\u00f3n pr\u00e1ctica e ideal para empezar a trabajar con INCOTERMS y resolver dudas del d\u00eda a d\u00eda.<\/p>\n<p><span style=\"color: #d2112d;\"><strong>PROGRAMA<\/strong><\/span><\/p>\n<p><span style=\"color: #d2112d;\">09:00h. | Bienvenida y presentaci\u00f3n del Programa Catalu\u00f1a Exporta<\/span><\/p>\n<p><span style=\"color: #d2112d;\">09:10h. |<strong>Introducci\u00f3n a los INCOTERMS<\/strong><\/span><\/p>\n<p style=\"padding-left: 40px;\"><strong>Montse Gavald\u00e0<\/strong>. Directora de Negocio Internacional, <strong>Banc de Sabadell<\/strong><\/p>\n<p style=\"padding-left: 40px;\">Representante, <strong>Arola<\/strong><\/p>\n<p><span style=\"color: #d2112d;\">10:25h. | Turno de preguntas<\/span><\/p>\n<p><span style=\"color: #d2112d;\">10:30h. | Fin de la sesi\u00f3n<\/span><\/p>\n<p>&nbsp;<\/p>\n<table style=\"border-collapse: collapse; width: 100%;\">\n<tbody>\n<tr>\n<td style=\"width: 100%; text-align: center;\"><a href=\"https:\/\/www.foment.com\/wp-content\/uploads\/2026\/03\/ACCIO-1.png\"><img class=\"alignnone wp-image-216567 size-large\" src=\"https:\/\/www.foment.com\/wp-content\/uploads\/2026\/03\/ACCIO-1-1024x162.png\" alt=\"\" width=\"1024\" height=\"162\" \/><\/a><\/td>\n<\/tr>\n<\/tbody>\n<\/table>\n<p>&nbsp;<\/p>\n<p>[\/vc_column_text][\/vc_column][\/vc_row][vc_row][vc_column width=\u00bb1\/2&#8243;][vc_column_text]<span style=\"font-family: verdana, geneva, sans-serif; font-size: 12px;\">Amb el suport de:<\/span>[\/vc_column_text]<\/p>\n<div class=\"single_image wpb_content_element align-left    \" data-animation=\"none\" data-delay=\"0\"><a href=\"http:\/\/www.accio.gencat.cat\" target=\"_self\"><img width=\"300\" height=\"68\" src=\"https:\/\/www.foment.com\/wp-content\/uploads\/2026\/03\/ACCIO-integrat-Horitzontal-CAT-color-300x68.png\" class=\"attachment-medium\" alt=\"\" loading=\"lazy\" title=\"ACCIO-integrat-Horitzontal-CAT-color\" srcset=\"https:\/\/www.foment.com\/wp-content\/uploads\/2026\/03\/ACCIO-integrat-Horitzontal-CAT-color-300x68.png 300w, https:\/\/www.foment.com\/wp-content\/uploads\/2026\/03\/ACCIO-integrat-Horitzontal-CAT-color.png 559w\" sizes=\"(max-width: 300px) 100vw, 300px\" \/><\/a><\/div>\n<p>[\/vc_column][vc_column width=\u00bb1\/2&#8243;][vc_column_text]<span style=\"font-family: verdana, geneva, sans-serif; font-size: 12px;\">Agent de suport a la Internacionalitzaci\u00f3<\/span>[\/vc_column_text]<\/p>\n<div class=\"single_image wpb_content_element align-left    \" data-animation=\"none\" data-delay=\"0\"><img width=\"274\" height=\"300\" src=\"https:\/\/www.foment.com\/wp-content\/uploads\/2025\/10\/logo-Accio-2-274x300.png\" class=\"attachment-medium\" alt=\"\" loading=\"lazy\" title=\"logo Accio 2\" srcset=\"https:\/\/www.foment.com\/wp-content\/uploads\/2025\/10\/logo-Accio-2-274x300.png 274w, https:\/\/www.foment.com\/wp-content\/uploads\/2025\/10\/logo-Accio-2-768x842.png 768w, https:\/\/www.foment.com\/wp-content\/uploads\/2025\/10\/logo-Accio-2.png 778w\" sizes=\"(max-width: 274px) 100vw, 274px\" \/><\/div>\n<p>[\/vc_column][\/vc_row]<\/p>\n<\/div><div class='clear'><\/div>\n\t\t\t\t\t\t\t\t\t<\/div>\n\t\t\t\t\t\t\t\t<\/div>\n\t\t\t\t\t\t\t<\/div><div class='evo_metarow_organizer evorow evcal_evdata_row evcal_evrow_sm '>\n\t\t\t\t\t\t\t\t<span class='evcal_evdata_icons'><i class='fa fa-headphones'><\/i><\/span>\n\t\t\t\t\t\t\t\t<div class='evcal_evdata_cell'>\t\t\t\t\t\t\t\n\t\t\t\t\t\t\t\t\t<h3 class='evo_h3'>Organizador<\/h3>\n\t\t\t\t\t\t\t\t\t<p class='evo_data_val evo_card_organizer_image'><img src='https:\/\/www.foment.com\/wp-content\/uploads\/2017\/04\/InternacionalEmpresabitotransCAT-200x80.png'\/><\/p>\n\t\t\t\t\t\t\t\t\t<div class='evo_card_organizer'><p class='evo_data_val evo_card_organizer_name'>\n\t\t\t\t\t\t\t\t\t\t<span class='evo_card_organizer_name_t'>Internacional<\/span>\n\t\t\t\t\t\t\t\t\t\t\n\t\t\t\t\t\t\t\t\t\t<\/p><\/div><div class='clear'><\/div>\t\t\t\t\t\t\t\n\t\t\t\t\t\t\t\t<\/div>\n\t\t\t\t\t\t\t<\/div>\t\t\t\t\t\t\t<div class='evo_metarow_ICS evorow evcal_evdata_row'>\n\t\t\t\t\t\t\t\t<span class=\"evcal_evdata_icons\"><i class=\"fa fa-calendar\"><\/i><\/span>\n\t\t\t\t\t\t\t\t<div class='evcal_evdata_cell'>\n\t\t\t\t\t\t\t\t\t<p><a href='https:\/\/www.foment.com\/wp-admin\/admin-ajax.php?action=eventon_ics_download&amp;event_id=216611&amp;ri=0' class='evo_ics_nCal' title='Add to your calendar'>Calendar<\/a><a href='\/\/www.google.com\/calendar\/event?action=TEMPLATE&amp;text=Webinar+%7C+INTRODUCCI%C3%93N+A+LOS+INCOTERMS&amp;dates=20260609T070000Z\/20260609T083000Z&amp;ctz=Europe\/Madrid&amp;details=Webinar+%7C+INTRODUCCI%C3%93N+A+LOS+INCOTERMS&amp;location=Webinar+por+ZoomWebinar+per+Zoom' target='_blank' class='evo_ics_gCal' title='Add to google calendar'>GoogleCal<\/a><\/p>\t\n\t\t\t\t\t\t\t\t<\/div>\n\t\t\t\t\t\t\t<\/div>\n\t\t\t\t\t\t\t<div class='evo_card_row_end evcal_close' title='Close'><\/div><\/div><div class='clear end'><\/div><\/div><div  id=\"event_217204_0\" class=\"eventon_list_event evo_eventtop scheduled  event event_217204_0\" data-event_id=\"217204\" data-ri=\"0r\" data-time=\"1781600400-1781605800\" data-colr=\"#0db270\" itemscope itemtype='http:\/\/schema.org\/Event'><div class=\"evo_event_schema\" style=\"display:none\" ><a itemprop='url'  href='https:\/\/www.foment.com\/es\/events\/com-trobar-distribuidors-internacionals\/'><\/a><meta itemprop='image' content=\"https:\/\/www.foment.com\/wp-content\/uploads\/2026\/03\/Catalunya-exporta-web.png\" \/><meta itemprop='startDate' content=\"2026-6-16T09:00+2:00\" \/><meta itemprop='endDate' content=\"2026-6-16T10:30+2:00\" \/><meta itemprop='eventStatus' content=\"https:\/\/schema.org\/EventScheduled\" \/><item style=\"display:none\" itemprop=\"location\" itemscope itemtype=\"http:\/\/schema.org\/Place\"><span itemprop=\"name\">Webinar por Zoom<\/span><span itemprop=\"address\" itemscope itemtype=\"http:\/\/schema.org\/PostalAddress\"><item itemprop=\"streetAddress\">Webinar per Zoom<\/item><\/span><\/item><item style=\"display:none\" itemprop=\"eventAttendanceMode\" itemscope itemtype=\"https:\/\/schema.org\/OfflineEventAttendanceMode\"><\/item><div itemprop=\"organizer\" itemscope=\"\" itemtype=\"http:\/\/schema.org\/Organization\">\n\t\t\t\t\t    \t<meta itemprop=\"name\" content=\"Internacional\">\n\t\t\t\t\t    \t<\/div><div itemprop=\"performer\" itemscope=\"\" itemtype=\"http:\/\/schema.org\/Person\">\n\t\t\t\t\t    \t<meta itemprop=\"name\" content=\"Internacional\">\n\t\t\t\t\t    <\/div><script type=\"application\/ld+json\">{\"@context\": \"http:\/\/schema.org\",\"@type\": \"Event\",\n\t\t\t\t\t\"@id\": \"event_217204_0\",\n\t\t\t\t\t\"eventAttendanceMode\":\"https:\/\/schema.org\/OfflineEventAttendanceMode\",\n\t\t\t\t\t\"name\": \"Webinar | Com trobar distribu\u00efdors internacionals\",\n\t\t\t\t\t\"url\": \"https:\/\/www.foment.com\/es\/events\/com-trobar-distribuidors-internacionals\/\",\n\t\t\t\t\t\"startDate\": \"2026-6-16T09:00+2:00\",\n\t\t\t\t\t\"endDate\": \"2026-6-16T10:30+2:00\",\n\t\t\t\t\t\"image\":\"https:\/\/www.foment.com\/wp-content\/uploads\/2026\/03\/Catalunya-exporta-web.png\", \n\t\t\t\t\t\"description\":\"<p>[vc_row][vc_column][vc_btn title=\u00bbINSCRIPCI\u00d3 GRATU\u00cfTA\u00bb style=\u00bb3d\u00bb color=\u00bbdanger\u00bb size=\u00bblg\u00bb align=\u00bbcenter\u00bb button_block=\u00bbtrue\u00bb link=\u00bburl:https%3A%2F%2Fwww.foment.com%2Finscripcions-events%2F%3Fidevento%3DA9F85107-F12C-F111-88B4-000D3ADCCDB0%20&#8243;][vc_column_text]<\/p> <p><span style='font-size: 21px; color: #d2112d; font-family: verdana, geneva, sans-serif;'>VOLS COMEN\u00c7AR A EXPORTAR?<\/span><br \/> <span style='color: #d2112d; font-family: verdana, geneva, sans-serif;'>T&#8217;ajudem a fer el primer pas, amb acompanyament expert i sense cost per a l&#8217;empresa<\/span><\/p> <p><span style='font-family: verdana, geneva, sans-serif; font-size: 12px;'>Internacionalitzar-se \u00e9s una oportunitat de creixement, per\u00f2 sovint tamb\u00e9 genera dubtes: per on comen\u00e7ar, quins mercats prioritzar, quins recursos calen o quins riscos s&#8217;han de tenir en compte.<\/span><br \/> <span style='font-family: verdana, geneva, sans-serif; font-size: 12px;'>Per ajudar a les empreses catalanes a iniciar aquest cam\u00ed amb m\u00e9s seguretat, <strong>ACCI\u00d3 impulsa el programa<\/strong> <a href='https:\/\/eur04.safelinks.protection.outlook.com\/?url=https%3A%2F%2Fpublic-eur.mkt.dynamics.com%2Fapi%2Forgs%2F8d5eafb0-f8ac-4ccb-a7c1-a2767b978f43%2Fr%2FdplJYjVJ_EuMAaJkHY8CABAAAAA%3Fmsdynmkt_target%3D%257B%2522TargetUrl%2522%253A%2522https%25253A%25252F%25252Feur04.safelinks.protection.outlook.com%25252F%25253Furl%25253Dhttps%2525253A%2525252F%2525252Fpublic-eur.mkt.dynamics.com%2525252Fapi%2525252Forgs%2525252F8d5eafb0-f8ac-4ccb-a7c1-a2767b978f43%2525252Fr%2525252FubNm8_1fYkKKybgcijEBAAEAAAA%2525253Fmsdynmkt_target%2525253D%252525257B%2525252522TargetUrl%2525252522%252525253A%2525252522https%25252525253A%25252525252F%25252525252Feur04.safelinks.protection.outlook.com%25252525252F%25252525253Furl%25252525253Dhttps%2525252525253A%2525252525252F%2525252525252Fpublic-eur.mkt.dynamics.com%2525252525252Fapi%2525252525252Forgs%2525252525252F8d5eafb0-f8ac-4ccb-a7c1-a2767b978f43%2525252525252Fr%2525252525252FaITv1hKS8kSs6wB3jXECAAsAAAA%2525252525253Fmsdynmkt_target%2525252525253D%252525252525257B%2525252525252522TargetUrl%2525252525252522%252525252525253A%2525252525252522https%25252525252525253A%25252525252525252F%25252525252525252Feur04.safelinks.protection.outlook.com%25252525252525252F%25252525252525253Furl%25252525252525253Dhttps%2525252525252525253A%2525252525252525252F%2525252525252525252Fpublic-eur.mkt.dynamics.com%2525252525252525252Fapi%2525252525252525252Forgs%2525252525252525252F8d5eafb0-f8ac-4ccb-a7c1-a2767b978f43%2525252525252525252Fr%2525252525252525252FLn5gxxoARECGTxqFI30DAAsAAAA%2525252525252525253Fmsdynmkt_target%2525252525252525253D%252525252525252525257B%2525252525252525252522TargetUrl%2525252525252525252522%252525252525252525253A%2525252525252525252522https%25252525252525252525253A%25252525252525252525252F%25252525252525252525252Fformularis.accio.gencat.cat%25252525252525252525252Fweb%25252525252525252525252Fformularis%25252525252525252525252Finscripcions%25252525252525252525252F-%25252525252525252525252Finscripcio%25252525252525252525252F2026%25252525252525252525252F02%25252525252525252525252F03%25252525252525252525252FOnkrUbTR_SM9nz_z85jUAA%25252525252525252525252Fsollicitud-de-diagnostic-pie-foment%25252525252525252525252F%25252525252525252525253Flang%25252525252525252525253Dca_ES%252525252525252525252526portal%25252525252525252525253Daccio%252525252525252525252526_gl%25252525252525252525253D1%25252525252525252525252A9dm0zh%25252525252525252525252A_ga%25252525252525252525252AMTI0NzIzNzQyMC4xNzEyODIyOTgy%25252525252525252525252A_ga_6HSVZS0K1X%25252525252525252525252AczE3NzI3MjM4MjckbzE4OSRnMCR0MTc3MjcyMzgzMiRqNTUkbDAkaDA%2525252525252525252522%252525252525252525252C%2525252525252525252522RedirectOptions%2525252525252525252522%252525252525252525253A%252525252525252525257B%25252525252525252525225%2525252525252525252522%252525252525252525253Anull%252525252525252525252C%25252525252525252525221%2525252525252525252522%252525252525252525253Anull%252525252525252525257D%252525252525252525257D%25252525252525252526msdynmkt_digest%2525252525252525253DA1vZltR2b3nESlG%252525252525252525252BdOmS7YeZ5GTW3dinAdHW2pwAZaw%252525252525252525253D%25252525252525252526msdynmkt_secretVersion%2525252525252525253D7bb221762d0c46939816d3a5592b1359%252525252525252526data%25252525252525253D05%2525252525252525257C02%2525252525252525257Csramirez%25252525252525252540foment.com%2525252525252525257Cc7e7a4617105465e160408de83531847%2525252525252525257Cf37c938d38654a89b99bb000c76a74bf%2525252525252525257C1%2525252525252525257C0%2525252525252525257C639092590089463447%2525252525252525257CUnknown%2525252525252525257CTWFpbGZsb3d8eyJFbXB0eU1hcGkiOnRydWUsIlYiOiIwLjAuMDAwMCIsIlAiOiJXaW4zMiIsIkFOIjoiTWFpbCIsIldUIjoyfQ%2525252525252525253D%2525252525252525253D%2525252525252525257C0%2525252525252525257C%2525252525252525257C%2525252525252525257C%252525252525252526sdata%25252525252525253D8wWi3Z4S7N5i5VCO2QP6AvtWJylRMKEZbvPje18Pg90%2525252525252525253D%252525252525252526reserved%25252525252525253D0%2525252525252522%252525252525252C%2525252525252522RedirectOptions%2525252525252522%252525252525253A%252525252525257B%25252525252525225%2525252525252522%252525252525253Anull%252525252525252C%25252525252525221%2525252525252522%252525252525253Anull%252525252525257D%252525252525257D%25252525252526msdynmkt_digest%2525252525253DYIZexQWs7uZ2WhUfgJqeZuryKVb2vajIvtYv5qE8oRY%252525252525253D%25252525252526msdynmkt_secretVersion%2525252525253D7bb221762d0c46939816d3a5592b1359%252525252526data%25252525253D05%2525252525257C02%2525252525257Csramirez%25252525252540foment.com%2525252525257C565760556e6c4cf5c35308de84384967%2525252525257Cf37c938d38654a89b99bb000c76a74bf%2525252525257C1%2525252525257C0%2525252525257C639093574480490085%2525252525257CUnknown%2525252525257CTWFpbGZsb3d8eyJFbXB0eU1hcGkiOnRydWUsIlYiOiIwLjAuMDAwMCIsIlAiOiJXaW4zMiIsIkFOIjoiTWFpbCIsIldUIjoyfQ%2525252525253D%2525252525253D%2525252525257C0%2525252525257C%2525252525257C%2525252525257C%252525252526sdata%25252525253DN3y2QAkHHQEwnwslqril%2525252525252B%2525252525252BjbsTmbpaH1gsQUjqlx6ho%2525252525253D%252525252526reserved%25252525253D0%2525252522%252525252C%2525252522RedirectOptions%2525252522%252525253A%252525257B%25252525225%2525252522%252525253Anull%252525252C%25252525221%2525252522%252525253Anull%252525257D%252525257D%25252526msdynmkt_digest%2525253DHxSIjxqNyMzq4m6G1OWkNS%252525252FYEFefhiIl8o9iQscMDnI%252525253D%25252526msdynmkt_secretVersion%2525253D7bb221762d0c46939816d3a5592b1359%252526data%25253D05%2525257C02%2525257Csramirez%25252540foment.com%2525257C1d01451646264e7fca2308de88baf1ef%2525257Cf37c938d38654a89b99bb000c76a74bf%2525257C1%2525257C0%2525257C639098533660479269%2525257CUnknown%2525257CTWFpbGZsb3d8eyJFbXB0eU1hcGkiOnRydWUsIlYiOiIwLjAuMDAwMCIsIlAiOiJXaW4zMiIsIkFOIjoiTWFpbCIsIldUIjoyfQ%2525253D%2525253D%2525257C0%2525257C%2525257C%2525257C%252526sdata%25253DF6gmzEwyPcPCX%2525252FFmsqBkWV3LiHiEx0w4lH5lts42Hng%2525253D%252526reserved%25253D0%2522%252C%2522RedirectOptions%2522%253A%257B%25225%2522%253Anull%252C%25221%2522%253Anull%257D%257D%26msdynmkt_digest%3D3pnr7eA2jjjY5%252F04VJpOmyfkKAFHOW2zndgIqJQ0jxA%253D%26msdynmkt_secretVersion%3D7bb221762d0c46939816d3a5592b1359&amp;data=05%7C02%7Csramirez%40foment.com%7C23b351ae016143229c6d08de8c12d3d6%7Cf37c938d38654a89b99bb000c76a74bf%7C1%7C0%7C639102209641121264%7CUnknown%7CTWFpbGZsb3d8eyJFbXB0eU1hcGkiOnRydWUsIlYiOiIwLjAuMDAwMCIsIlAiOiJXaW4zMiIsIkFOIjoiTWFpbCIsIldUIjoyfQ%3D%3D%7C0%7C%7C%7C&amp;sdata=yoLLv4PRfv2xjZrHwBgWZXD0aIuobZl%2FLoaBtC4V5is%3D&amp;reserved=0'>CATALUNYA EXPORTA<\/a>, adre\u00e7at a empreses que volen iniciar-se en la internacionalitzaci\u00f3 amb un enfocament practic i personalitzat.<\/span><br \/> <span style='font-family: verdana, geneva, sans-serif; font-size: 12px;'>Des de <a href='https:\/\/eur04.safelinks.protection.outlook.com\/?url=https%3A%2F%2Fpublic-eur.mkt.dynamics.com%2Fapi%2Forgs%2F8d5eafb0-f8ac-4ccb-a7c1-a2767b978f43%2Fr%2FdplJYjVJ_EuMAaJkHY8CABEAAAA%3Fmsdynmkt_target%3D%257B%2522TargetUrl%2522%253A%2522https%25253A%25252F%25252Feur04.safelinks.protection.outlook.com%25252F%25253Furl%25253Dhttps%2525253A%2525252F%2525252Fpublic-eur.mkt.dynamics.com%2525252Fapi%2525252Forgs%2525252F8d5eafb0-f8ac-4ccb-a7c1-a2767b978f43%2525252Fr%2525252FubNm8_1fYkKKybgcijEBAAIAAAA%2525253Fmsdynmkt_target%2525253D%252525257B%2525252522TargetUrl%2525252522%252525253A%2525252522https%25252525253A%25252525252F%25252525252Fwww.foment.com%25252525252Fes%25252525252Fcatalunya-exporta%25252525252F%2525252525231767799497417-fa3ae53f-0b5b%2525252522%252525252C%2525252522RedirectOptions%2525252522%252525253A%252525257B%25252525220%2525252522%252525253Anull%252525257D%252525257D%25252526msdynmkt_digest%2525253DbK7c94w0eFraOy9eOgKfYNJ21gIDfLiaSBNv7Ob%252525252FUbc%252525253D%25252526msdynmkt_secretVersion%2525253D7bb221762d0c46939816d3a5592b1359%252526data%25253D05%2525257C02%2525257Csramirez%25252540foment.com%2525257C1d01451646264e7fca2308de88baf1ef%2525257Cf37c938d38654a89b99bb000c76a74bf%2525257C1%2525257C0%2525257C639098533660503029%2525257CUnknown%2525257CTWFpbGZsb3d8eyJFbXB0eU1hcGkiOnRydWUsIlYiOiIwLjAuMDAwMCIsIlAiOiJXaW4zMiIsIkFOIjoiTWFpbCIsIldUIjoyfQ%2525253D%2525253D%2525257C0%2525257C%2525257C%2525257C%252526sdata%25253DnU%2525252FdP3SzDdBLN%2525252BjGlM%2525252BfjpHC30Tp2sKQXa53D7Snr8M%2525253D%252526reserved%25253D0%2522%252C%2522RedirectOptions%2522%253A%257B%25225%2522%253Anull%252C%25221%2522%253Anull%257D%257D%26msdynmkt_digest%3DTMCFNOfb0%252BXu2BCcvcmDJAmwBhXs4eG0zaVP3L6%252BdE8%253D%26msdynmkt_secretVersion%3D7bb221762d0c46939816d3a5592b1359&amp;data=05%7C02%7Csramirez%40foment.com%7C23b351ae016143229c6d08de8c12d3d6%7Cf37c938d38654a89b99bb000c76a74bf%7C1%7C0%7C639102209641147248%7CUnknown%7CTWFpbGZsb3d8eyJFbXB0eU1hcGkiOnRydWUsIlYiOiIwLjAuMDAwMCIsIlAiOiJXaW4zMiIsIkFOIjoiTWFpbCIsIldUIjoyfQ%3D%3D%7C0%7C%7C%7C&amp;sdata=daHoyG1ZgccCVp8G6HuKQMd9CnWk7pYkM%2FVO%2F7PF6wM%3D&amp;reserved=0'>Foment del Treball<\/a>, com a entitat col\u00b7laboradora i agent de suport a la internacionalitzaci\u00f3, t&#8217;acompanyem en aquest proc\u00e9s perqu\u00e8 puguis valorar el teu potencial exportador i definir els primers passos amb criteri.<\/span><\/p> <p><span style='font-family: verdana, geneva, sans-serif; font-size: 12px;'>En la sessi\u00f3 <strong>COM TROBAR DISTRIBU\u00cfDORS INTERNACIONALS<\/strong> aprendrem a identificar i seleccionar partners comercials.<\/span><\/p> <p><strong><span style='font-family: verdana, geneva, sans-serif; font-size: 13px; color: #d2112d;'>PROGRAMA<\/span><\/strong><\/p> <p><span style='font-family: verdana, geneva, sans-serif; font-size: 13px; color: #d2112d;'>09:00h. | Benvinguda i presentaci\u00f3 del Programa Catalunya Exporta<\/span><\/p> <p><span style='font-family: verdana, geneva, sans-serif; font-size: 13px;'><span style='color: #d2112d;'>09:10h. |<\/span> <span style='color: #d2112d;'><strong>Com trobar distribu\u00efdors internacionals<\/strong><\/span><\/span><\/p> <ul> <li><span style='font-family: verdana, geneva, sans-serif; font-size: 13px;'>Tipus d&#8217;intermediaris<\/span><\/li> <li><span style='font-family: verdana, geneva, sans-serif; font-size: 13px;'>Canals per trobar distribu\u00efdors<\/span><\/li> <li><span style='font-family: verdana, geneva, sans-serif; font-size: 13px;'>Criteris de selecci\u00f3<\/span><\/li> <li><span style='font-family: verdana, geneva, sans-serif; font-size: 13px;'>Gesti\u00f3 de la relaci\u00f3<\/span><\/li> <\/ul> <p><span style='font-family: verdana, geneva, sans-serif; font-size: 13px;'><strong>Isabel Garcia<\/strong>, S\u00e8nior International Consultant, <strong>BarcelonaExport<\/strong><\/span><\/p> <p><span style='font-family: verdana, geneva, sans-serif; font-size: 13px; color: #d2112d;'>10:15 h. | Torn de preguntes<\/span><\/p> <p><span style='font-family: verdana, geneva, sans-serif; font-size: 13px; color: #d2112d;'>10:30h. | Fi de la sessi\u00f3<\/span>[\/vc_column_text]<div class='single_image wpb_content_element align-left    ' data-animation='none' data-delay='0'><img width='1900' height='300' src='https:\/\/www.foment.com\/wp-content\/uploads\/2026\/03\/ACCIO-1.png' class='attachment-full' alt='' loading='lazy' title='ACCI\u00d3' srcset='https:\/\/www.foment.com\/wp-content\/uploads\/2026\/03\/ACCIO-1.png 1900w, https:\/\/www.foment.com\/wp-content\/uploads\/2026\/03\/ACCIO-1-300x47.png 300w, https:\/\/www.foment.com\/wp-content\/uploads\/2026\/03\/ACCIO-1-1024x162.png 1024w, https:\/\/www.foment.com\/wp-content\/uploads\/2026\/03\/ACCIO-1-768x121.png 768w, https:\/\/www.foment.com\/wp-content\/uploads\/2026\/03\/ACCIO-1-1536x243.png 1536w' sizes='(max-width: 1900px) 100vw, 1900px' \/><\/div>[\/vc_column][\/vc_row][vc_row][vc_column width=\u00bb1\/2&#8243;][vc_column_text]<span style='font-family: verdana, geneva, sans-serif; font-size: 12px;'>Amb el suport de:<\/span>[\/vc_column_text]<div class='single_image wpb_content_element align-left    ' data-animation='none' data-delay='0'><a href='http:\/\/www.accio.gencat.cat' target='_self'><img width='300' height='68' src='https:\/\/www.foment.com\/wp-content\/uploads\/2026\/03\/ACCIO-integrat-Horitzontal-CAT-color-300x68.png' class='attachment-medium' alt='' loading='lazy' title='ACCIO-integrat-Horitzontal-CAT-color' srcset='https:\/\/www.foment.com\/wp-content\/uploads\/2026\/03\/ACCIO-integrat-Horitzontal-CAT-color-300x68.png 300w, https:\/\/www.foment.com\/wp-content\/uploads\/2026\/03\/ACCIO-integrat-Horitzontal-CAT-color.png 559w' sizes='(max-width: 300px) 100vw, 300px' \/><\/a><\/div>[\/vc_column][vc_column width=\u00bb1\/2&#8243;][vc_column_text]<span style='font-family: verdana, geneva, sans-serif; font-size: 12px;'>Agent de suport a la Internacionalitzaci\u00f3<\/span>[\/vc_column_text]<div class='single_image wpb_content_element align-left    ' data-animation='none' data-delay='0'><img width='274' height='300' src='https:\/\/www.foment.com\/wp-content\/uploads\/2025\/10\/logo-Accio-2-274x300.png' class='attachment-medium' alt='' loading='lazy' title='logo Accio 2' srcset='https:\/\/www.foment.com\/wp-content\/uploads\/2025\/10\/logo-Accio-2-274x300.png 274w, https:\/\/www.foment.com\/wp-content\/uploads\/2025\/10\/logo-Accio-2-768x842.png 768w, https:\/\/www.foment.com\/wp-content\/uploads\/2025\/10\/logo-Accio-2.png 778w' sizes='(max-width: 274px) 100vw, 274px' \/><\/div>[\/vc_column][\/vc_row]<\/p> \",\"location\":[{\"@type\":\"Place\",\"name\":\"Webinar por Zoom\",\"address\":{\"@type\": \"PostalAddress\",\"streetAddress\":\"Webinar per Zoom\"}}],\"organizer\":{\"@type\":\"Organization\",\"name\":\"Internacional\"},\"performer\":{\"@type\":\"Person\",\"name\":\"Internacional\"},\"eventStatus\":\"https:\/\/schema.org\/EventScheduled\"}<\/script><\/div>\n\t\t\t\t<p class=\"desc_trig_outter\" style=\"background-color:#ffffff;flex-direction: row;\"><a data-gmap_status=\"null\" data-exlk=\"1\"  style=\"border-color: #0db270;\" id=\"evc_1781600400217204\" class=\"hasFtIMG desc_trig sin_val evcal_list_a\" data-ux_val=\"3\"  ><span class='ev_ftImg' data-img='https:\/\/www.foment.com\/wp-content\/uploads\/2026\/03\/Catalunya-exporta-web.png' data-thumb='https:\/\/www.foment.com\/wp-content\/uploads\/2026\/03\/Catalunya-exporta-web-300x169.png' style='background-image:url(\"https:\/\/www.foment.com\/wp-content\/uploads\/2026\/03\/Catalunya-exporta-web-300x169.png\")'><\/span><style>.ajde_evcal_calendar.boxy #evcal_list .eventon_list_event .evcal_desc em{color:black;}<\/style><span style='width:100%; background-color:#0db270 !important;' class='evcal_cblock ' data-smon='junio' data-syr='2026'><span style='margin-top: 7px;margin-bottom: 7px;' class='evo_start '><em class='date'>16<\/em><em class='month'>jun<\/em><em class='time'>9:00<\/em><\/span><span style='margin-top: 7px;margin-bottom: 7px;' class='evo_end only_time'><em class='time'>10:30<\/em><\/span><em class='clear'><\/em><\/span><span class='evcal_desc evo_info '  data-location_address=\"Webinar per Zoom\" data-location_type=\"address\" data-location_name=\"Webinar por Zoom\" data-location_url=\"https:\/\/www.foment.com\/es\/event-location\/webinar-por-zoom\/\" data-location_status=\"true\" ><span class='evo_above_title'><\/span><span class='evcal_desc2 evcal_event_title hbaevatitle' itemprop='name'>Webinar | Com trobar distribu\u00efdors internacionals<\/span><span class='evo_below_title'><span class='evcal_event_subtitle' >Programa Catalunya Exporta<\/span><\/span><span class='evcal_desc_info' ><em class='evcal_time evo_tz_time'>9:00 - 10:30<\/em> <\/span><span class='evcal_desc3'><em class=\"evcal_location\"  data-add_str=\"\"><em class=\"event_location_name\">Webinar por Zoom<\/em><\/em><\/span><span style='height: 60px;'  class='evcal_desc3' ><\/span><\/span><em class='clear'><\/em><\/a><\/p><div class='event_description evcal_eventcard ' style=\"display:none\"><div class='evo_metarow_fimg evorow evcal_evdata_img evcal_evdata_row  evo_imghover' data-imgheight='1388' data-imgwidth='2468'  style='background-image: url(\"https:\/\/www.foment.com\/wp-content\/uploads\/2026\/03\/Catalunya-exporta-web.png\")' data-imgstyle='full' data-minheight='400' data-status=''><\/div><div class='evcal_evdata_row evorow_2b evo_metarow_time_location evorow  '>\n\t\t\t\t\t\t\t\t<div class='evorow_b evorow_b1 evo_time'>\n\t\t\t\t\t\t\t\t\t<span class='evcal_evdata_icons'><i class='fa fa-clock'><\/i><\/span>\n\t\t\t\t\t\t\t\t\t<div class='evcal_evdata_cell'>\t\t\t\t\t\t\t\n\t\t\t\t\t\t\t\t\t\t<h3 class='evo_h3'><span class='evcal_evdata_icons'><i class='fa fa-clock'><\/i><\/span>Horario<\/h3>\n\t\t\t\t\t\t\t\t\t\t<p><span class='evo_eventcard_time_t'>(Martes) 9:00 - 10:30<\/span><\/p>\n\t\t\t\t\t\t\t\t\t<\/div>\n\t\t\t\t\t\t\t\t<\/div>\n\t\t\t\t\t\t\t\t<div class='evorow_b evo_location'>\n\t\t\t\t\t\t\t\t\t<span class='evcal_evdata_icons'><i class='fa fa-map-marker-alt'><\/i><\/span>\n\t\t\t\t\t\t\t\t\t<div class='evcal_evdata_cell' data-loc_tax_id='3536'><h3 class='evo_h3'><span class='evcal_evdata_icons'><i class='fa fa-map-marker-alt'><\/i><\/span>Lugar<\/h3><p class='evo_location_name'>Webinar por Zoom<\/p><p class='evo_location_address'>Webinar per Zoom<\/p><\/div>\n\t\t\t\t\t\t\t\t<\/div>\n\t\t\t\t\t\t\t\t\n\t\t\t\t\t\t\t<\/div><div class='evo_metarow_details evorow evcal_evdata_row evcal_event_details'>\n\t\t\t\t\t\t\t\t<div class=\"event_excerpt\" style=\"display:none\"><h3 class=\"padb5 evo_h3\">Detalles del evento<\/h3><p>[vc_row][vc_column][vc_btn title=\u00bbINSCRIPCI\u00d3 GRATU\u00cfTA\u00bb style=\u00bb3d\u00bb color=\u00bbdanger\u00bb size=\u00bblg\u00bb align=\u00bbcenter\u00bb button_block=\u00bbtrue\u00bb link=\u00bburl:https%3A%2F%2Fwww.foment.com%2Finscripcions-events%2F%3Fidevento%3DA9F85107-F12C-F111-88B4-000D3ADCCDB0%20&#8243;][vc_column_text]\nVOLS COMEN\u00c7AR A EXPORTAR?\nT&#8217;ajudem a fer el<\/p><\/div><span class='evcal_evdata_icons'><i class='fa fa-align-justify'><\/i><\/span>\n\t\t\t\t\t\t\t\t\n\t\t\t\t\t\t\t\t<div class='evcal_evdata_cell '>\n\t\t\t\t\t\t\t\t\t<div class='eventon_full_description'>\n\t\t\t\t\t\t\t\t\t\t<h3 class='padb5 evo_h3'><span class='evcal_evdata_icons'><i class='fa fa-align-justify'><\/i><\/span>Detalles del evento<\/h3>\n\t\t\t\t\t\t\t\t\t\t<div class='eventon_desc_in' itemprop='description'>\n\t\t\t\t\t\t\t\t\t\t<p>[vc_row][vc_column][vc_btn title=\u00bbINSCRIPCI\u00d3 GRATU\u00cfTA\u00bb style=\u00bb3d\u00bb color=\u00bbdanger\u00bb size=\u00bblg\u00bb align=\u00bbcenter\u00bb button_block=\u00bbtrue\u00bb link=\u00bburl:https%3A%2F%2Fwww.foment.com%2Finscripcions-events%2F%3Fidevento%3DA9F85107-F12C-F111-88B4-000D3ADCCDB0%20&#8243;][vc_column_text]<\/p>\n<p><span style=\"font-size: 21px; color: #d2112d; font-family: verdana, geneva, sans-serif;\">VOLS COMEN\u00c7AR A EXPORTAR?<\/span><br \/>\n<span style=\"color: #d2112d; font-family: verdana, geneva, sans-serif;\">T&#8217;ajudem a fer el primer pas, amb acompanyament expert i sense cost per a l&#8217;empresa<\/span><\/p>\n<p><span style=\"font-family: verdana, geneva, sans-serif; font-size: 12px;\">Internacionalitzar-se \u00e9s una oportunitat de creixement, per\u00f2 sovint tamb\u00e9 genera dubtes: per on comen\u00e7ar, quins mercats prioritzar, quins recursos calen o quins riscos s&#8217;han de tenir en compte.<\/span><br \/>\n<span style=\"font-family: verdana, geneva, sans-serif; font-size: 12px;\">Per ajudar a les empreses catalanes a iniciar aquest cam\u00ed amb m\u00e9s seguretat, <strong>ACCI\u00d3 impulsa el programa<\/strong> <a href=\"https:\/\/eur04.safelinks.protection.outlook.com\/?url=https%3A%2F%2Fpublic-eur.mkt.dynamics.com%2Fapi%2Forgs%2F8d5eafb0-f8ac-4ccb-a7c1-a2767b978f43%2Fr%2FdplJYjVJ_EuMAaJkHY8CABAAAAA%3Fmsdynmkt_target%3D%257B%2522TargetUrl%2522%253A%2522https%25253A%25252F%25252Feur04.safelinks.protection.outlook.com%25252F%25253Furl%25253Dhttps%2525253A%2525252F%2525252Fpublic-eur.mkt.dynamics.com%2525252Fapi%2525252Forgs%2525252F8d5eafb0-f8ac-4ccb-a7c1-a2767b978f43%2525252Fr%2525252FubNm8_1fYkKKybgcijEBAAEAAAA%2525253Fmsdynmkt_target%2525253D%252525257B%2525252522TargetUrl%2525252522%252525253A%2525252522https%25252525253A%25252525252F%25252525252Feur04.safelinks.protection.outlook.com%25252525252F%25252525253Furl%25252525253Dhttps%2525252525253A%2525252525252F%2525252525252Fpublic-eur.mkt.dynamics.com%2525252525252Fapi%2525252525252Forgs%2525252525252F8d5eafb0-f8ac-4ccb-a7c1-a2767b978f43%2525252525252Fr%2525252525252FaITv1hKS8kSs6wB3jXECAAsAAAA%2525252525253Fmsdynmkt_target%2525252525253D%252525252525257B%2525252525252522TargetUrl%2525252525252522%252525252525253A%2525252525252522https%25252525252525253A%25252525252525252F%25252525252525252Feur04.safelinks.protection.outlook.com%25252525252525252F%25252525252525253Furl%25252525252525253Dhttps%2525252525252525253A%2525252525252525252F%2525252525252525252Fpublic-eur.mkt.dynamics.com%2525252525252525252Fapi%2525252525252525252Forgs%2525252525252525252F8d5eafb0-f8ac-4ccb-a7c1-a2767b978f43%2525252525252525252Fr%2525252525252525252FLn5gxxoARECGTxqFI30DAAsAAAA%2525252525252525253Fmsdynmkt_target%2525252525252525253D%252525252525252525257B%2525252525252525252522TargetUrl%2525252525252525252522%252525252525252525253A%2525252525252525252522https%25252525252525252525253A%25252525252525252525252F%25252525252525252525252Fformularis.accio.gencat.cat%25252525252525252525252Fweb%25252525252525252525252Fformularis%25252525252525252525252Finscripcions%25252525252525252525252F-%25252525252525252525252Finscripcio%25252525252525252525252F2026%25252525252525252525252F02%25252525252525252525252F03%25252525252525252525252FOnkrUbTR_SM9nz_z85jUAA%25252525252525252525252Fsollicitud-de-diagnostic-pie-foment%25252525252525252525252F%25252525252525252525253Flang%25252525252525252525253Dca_ES%252525252525252525252526portal%25252525252525252525253Daccio%252525252525252525252526_gl%25252525252525252525253D1%25252525252525252525252A9dm0zh%25252525252525252525252A_ga%25252525252525252525252AMTI0NzIzNzQyMC4xNzEyODIyOTgy%25252525252525252525252A_ga_6HSVZS0K1X%25252525252525252525252AczE3NzI3MjM4MjckbzE4OSRnMCR0MTc3MjcyMzgzMiRqNTUkbDAkaDA%2525252525252525252522%252525252525252525252C%2525252525252525252522RedirectOptions%2525252525252525252522%252525252525252525253A%252525252525252525257B%25252525252525252525225%2525252525252525252522%252525252525252525253Anull%252525252525252525252C%25252525252525252525221%2525252525252525252522%252525252525252525253Anull%252525252525252525257D%252525252525252525257D%25252525252525252526msdynmkt_digest%2525252525252525253DA1vZltR2b3nESlG%252525252525252525252BdOmS7YeZ5GTW3dinAdHW2pwAZaw%252525252525252525253D%25252525252525252526msdynmkt_secretVersion%2525252525252525253D7bb221762d0c46939816d3a5592b1359%252525252525252526data%25252525252525253D05%2525252525252525257C02%2525252525252525257Csramirez%25252525252525252540foment.com%2525252525252525257Cc7e7a4617105465e160408de83531847%2525252525252525257Cf37c938d38654a89b99bb000c76a74bf%2525252525252525257C1%2525252525252525257C0%2525252525252525257C639092590089463447%2525252525252525257CUnknown%2525252525252525257CTWFpbGZsb3d8eyJFbXB0eU1hcGkiOnRydWUsIlYiOiIwLjAuMDAwMCIsIlAiOiJXaW4zMiIsIkFOIjoiTWFpbCIsIldUIjoyfQ%2525252525252525253D%2525252525252525253D%2525252525252525257C0%2525252525252525257C%2525252525252525257C%2525252525252525257C%252525252525252526sdata%25252525252525253D8wWi3Z4S7N5i5VCO2QP6AvtWJylRMKEZbvPje18Pg90%2525252525252525253D%252525252525252526reserved%25252525252525253D0%2525252525252522%252525252525252C%2525252525252522RedirectOptions%2525252525252522%252525252525253A%252525252525257B%25252525252525225%2525252525252522%252525252525253Anull%252525252525252C%25252525252525221%2525252525252522%252525252525253Anull%252525252525257D%252525252525257D%25252525252526msdynmkt_digest%2525252525253DYIZexQWs7uZ2WhUfgJqeZuryKVb2vajIvtYv5qE8oRY%252525252525253D%25252525252526msdynmkt_secretVersion%2525252525253D7bb221762d0c46939816d3a5592b1359%252525252526data%25252525253D05%2525252525257C02%2525252525257Csramirez%25252525252540foment.com%2525252525257C565760556e6c4cf5c35308de84384967%2525252525257Cf37c938d38654a89b99bb000c76a74bf%2525252525257C1%2525252525257C0%2525252525257C639093574480490085%2525252525257CUnknown%2525252525257CTWFpbGZsb3d8eyJFbXB0eU1hcGkiOnRydWUsIlYiOiIwLjAuMDAwMCIsIlAiOiJXaW4zMiIsIkFOIjoiTWFpbCIsIldUIjoyfQ%2525252525253D%2525252525253D%2525252525257C0%2525252525257C%2525252525257C%2525252525257C%252525252526sdata%25252525253DN3y2QAkHHQEwnwslqril%2525252525252B%2525252525252BjbsTmbpaH1gsQUjqlx6ho%2525252525253D%252525252526reserved%25252525253D0%2525252522%252525252C%2525252522RedirectOptions%2525252522%252525253A%252525257B%25252525225%2525252522%252525253Anull%252525252C%25252525221%2525252522%252525253Anull%252525257D%252525257D%25252526msdynmkt_digest%2525253DHxSIjxqNyMzq4m6G1OWkNS%252525252FYEFefhiIl8o9iQscMDnI%252525253D%25252526msdynmkt_secretVersion%2525253D7bb221762d0c46939816d3a5592b1359%252526data%25253D05%2525257C02%2525257Csramirez%25252540foment.com%2525257C1d01451646264e7fca2308de88baf1ef%2525257Cf37c938d38654a89b99bb000c76a74bf%2525257C1%2525257C0%2525257C639098533660479269%2525257CUnknown%2525257CTWFpbGZsb3d8eyJFbXB0eU1hcGkiOnRydWUsIlYiOiIwLjAuMDAwMCIsIlAiOiJXaW4zMiIsIkFOIjoiTWFpbCIsIldUIjoyfQ%2525253D%2525253D%2525257C0%2525257C%2525257C%2525257C%252526sdata%25253DF6gmzEwyPcPCX%2525252FFmsqBkWV3LiHiEx0w4lH5lts42Hng%2525253D%252526reserved%25253D0%2522%252C%2522RedirectOptions%2522%253A%257B%25225%2522%253Anull%252C%25221%2522%253Anull%257D%257D%26msdynmkt_digest%3D3pnr7eA2jjjY5%252F04VJpOmyfkKAFHOW2zndgIqJQ0jxA%253D%26msdynmkt_secretVersion%3D7bb221762d0c46939816d3a5592b1359&amp;data=05%7C02%7Csramirez%40foment.com%7C23b351ae016143229c6d08de8c12d3d6%7Cf37c938d38654a89b99bb000c76a74bf%7C1%7C0%7C639102209641121264%7CUnknown%7CTWFpbGZsb3d8eyJFbXB0eU1hcGkiOnRydWUsIlYiOiIwLjAuMDAwMCIsIlAiOiJXaW4zMiIsIkFOIjoiTWFpbCIsIldUIjoyfQ%3D%3D%7C0%7C%7C%7C&amp;sdata=yoLLv4PRfv2xjZrHwBgWZXD0aIuobZl%2FLoaBtC4V5is%3D&amp;reserved=0\">CATALUNYA EXPORTA<\/a>, adre\u00e7at a empreses que volen iniciar-se en la internacionalitzaci\u00f3 amb un enfocament practic i personalitzat.<\/span><br \/>\n<span style=\"font-family: verdana, geneva, sans-serif; font-size: 12px;\">Des de <a href=\"https:\/\/eur04.safelinks.protection.outlook.com\/?url=https%3A%2F%2Fpublic-eur.mkt.dynamics.com%2Fapi%2Forgs%2F8d5eafb0-f8ac-4ccb-a7c1-a2767b978f43%2Fr%2FdplJYjVJ_EuMAaJkHY8CABEAAAA%3Fmsdynmkt_target%3D%257B%2522TargetUrl%2522%253A%2522https%25253A%25252F%25252Feur04.safelinks.protection.outlook.com%25252F%25253Furl%25253Dhttps%2525253A%2525252F%2525252Fpublic-eur.mkt.dynamics.com%2525252Fapi%2525252Forgs%2525252F8d5eafb0-f8ac-4ccb-a7c1-a2767b978f43%2525252Fr%2525252FubNm8_1fYkKKybgcijEBAAIAAAA%2525253Fmsdynmkt_target%2525253D%252525257B%2525252522TargetUrl%2525252522%252525253A%2525252522https%25252525253A%25252525252F%25252525252Fwww.foment.com%25252525252Fes%25252525252Fcatalunya-exporta%25252525252F%2525252525231767799497417-fa3ae53f-0b5b%2525252522%252525252C%2525252522RedirectOptions%2525252522%252525253A%252525257B%25252525220%2525252522%252525253Anull%252525257D%252525257D%25252526msdynmkt_digest%2525253DbK7c94w0eFraOy9eOgKfYNJ21gIDfLiaSBNv7Ob%252525252FUbc%252525253D%25252526msdynmkt_secretVersion%2525253D7bb221762d0c46939816d3a5592b1359%252526data%25253D05%2525257C02%2525257Csramirez%25252540foment.com%2525257C1d01451646264e7fca2308de88baf1ef%2525257Cf37c938d38654a89b99bb000c76a74bf%2525257C1%2525257C0%2525257C639098533660503029%2525257CUnknown%2525257CTWFpbGZsb3d8eyJFbXB0eU1hcGkiOnRydWUsIlYiOiIwLjAuMDAwMCIsIlAiOiJXaW4zMiIsIkFOIjoiTWFpbCIsIldUIjoyfQ%2525253D%2525253D%2525257C0%2525257C%2525257C%2525257C%252526sdata%25253DnU%2525252FdP3SzDdBLN%2525252BjGlM%2525252BfjpHC30Tp2sKQXa53D7Snr8M%2525253D%252526reserved%25253D0%2522%252C%2522RedirectOptions%2522%253A%257B%25225%2522%253Anull%252C%25221%2522%253Anull%257D%257D%26msdynmkt_digest%3DTMCFNOfb0%252BXu2BCcvcmDJAmwBhXs4eG0zaVP3L6%252BdE8%253D%26msdynmkt_secretVersion%3D7bb221762d0c46939816d3a5592b1359&amp;data=05%7C02%7Csramirez%40foment.com%7C23b351ae016143229c6d08de8c12d3d6%7Cf37c938d38654a89b99bb000c76a74bf%7C1%7C0%7C639102209641147248%7CUnknown%7CTWFpbGZsb3d8eyJFbXB0eU1hcGkiOnRydWUsIlYiOiIwLjAuMDAwMCIsIlAiOiJXaW4zMiIsIkFOIjoiTWFpbCIsIldUIjoyfQ%3D%3D%7C0%7C%7C%7C&amp;sdata=daHoyG1ZgccCVp8G6HuKQMd9CnWk7pYkM%2FVO%2F7PF6wM%3D&amp;reserved=0\">Foment del Treball<\/a>, com a entitat col\u00b7laboradora i agent de suport a la internacionalitzaci\u00f3, t&#8217;acompanyem en aquest proc\u00e9s perqu\u00e8 puguis valorar el teu potencial exportador i definir els primers passos amb criteri.<\/span><\/p>\n<p><span style=\"font-family: verdana, geneva, sans-serif; font-size: 12px;\">En la sessi\u00f3 <strong>COM TROBAR DISTRIBU\u00cfDORS INTERNACIONALS<\/strong> aprendrem a identificar i seleccionar partners comercials.<\/span><\/p>\n<p><strong><span style=\"font-family: verdana, geneva, sans-serif; font-size: 13px; color: #d2112d;\">PROGRAMA<\/span><\/strong><\/p>\n<p><span style=\"font-family: verdana, geneva, sans-serif; font-size: 13px; color: #d2112d;\">09:00h. | Benvinguda i presentaci\u00f3 del Programa Catalunya Exporta<\/span><\/p>\n<p><span style=\"font-family: verdana, geneva, sans-serif; font-size: 13px;\"><span style=\"color: #d2112d;\">09:10h. |<\/span> <span style=\"color: #d2112d;\"><strong>Com trobar distribu\u00efdors internacionals<\/strong><\/span><\/span><\/p>\n<ul>\n<li><span style=\"font-family: verdana, geneva, sans-serif; font-size: 13px;\">Tipus d&#8217;intermediaris<\/span><\/li>\n<li><span style=\"font-family: verdana, geneva, sans-serif; font-size: 13px;\">Canals per trobar distribu\u00efdors<\/span><\/li>\n<li><span style=\"font-family: verdana, geneva, sans-serif; font-size: 13px;\">Criteris de selecci\u00f3<\/span><\/li>\n<li><span style=\"font-family: verdana, geneva, sans-serif; font-size: 13px;\">Gesti\u00f3 de la relaci\u00f3<\/span><\/li>\n<\/ul>\n<p><span style=\"font-family: verdana, geneva, sans-serif; font-size: 13px;\"><strong>Isabel Garcia<\/strong>, S\u00e8nior International Consultant, <strong>BarcelonaExport<\/strong><\/span><\/p>\n<p><span style=\"font-family: verdana, geneva, sans-serif; font-size: 13px; color: #d2112d;\">10:15 h. | Torn de preguntes<\/span><\/p>\n<p><span style=\"font-family: verdana, geneva, sans-serif; font-size: 13px; color: #d2112d;\">10:30h. | Fi de la sessi\u00f3<\/span>[\/vc_column_text]<\/p>\n<div class=\"single_image wpb_content_element align-left    \" data-animation=\"none\" data-delay=\"0\"><img width=\"1900\" height=\"300\" src=\"https:\/\/www.foment.com\/wp-content\/uploads\/2026\/03\/ACCIO-1.png\" class=\"attachment-full\" alt=\"\" loading=\"lazy\" title=\"ACCI\u00d3\" srcset=\"https:\/\/www.foment.com\/wp-content\/uploads\/2026\/03\/ACCIO-1.png 1900w, https:\/\/www.foment.com\/wp-content\/uploads\/2026\/03\/ACCIO-1-300x47.png 300w, https:\/\/www.foment.com\/wp-content\/uploads\/2026\/03\/ACCIO-1-1024x162.png 1024w, https:\/\/www.foment.com\/wp-content\/uploads\/2026\/03\/ACCIO-1-768x121.png 768w, https:\/\/www.foment.com\/wp-content\/uploads\/2026\/03\/ACCIO-1-1536x243.png 1536w\" sizes=\"(max-width: 1900px) 100vw, 1900px\" \/><\/div>\n<p>[\/vc_column][\/vc_row][vc_row][vc_column width=\u00bb1\/2&#8243;][vc_column_text]<span style=\"font-family: verdana, geneva, sans-serif; font-size: 12px;\">Amb el suport de:<\/span>[\/vc_column_text]<\/p>\n<div class=\"single_image wpb_content_element align-left    \" data-animation=\"none\" data-delay=\"0\"><a href=\"http:\/\/www.accio.gencat.cat\" target=\"_self\"><img width=\"300\" height=\"68\" src=\"https:\/\/www.foment.com\/wp-content\/uploads\/2026\/03\/ACCIO-integrat-Horitzontal-CAT-color-300x68.png\" class=\"attachment-medium\" alt=\"\" loading=\"lazy\" title=\"ACCIO-integrat-Horitzontal-CAT-color\" srcset=\"https:\/\/www.foment.com\/wp-content\/uploads\/2026\/03\/ACCIO-integrat-Horitzontal-CAT-color-300x68.png 300w, https:\/\/www.foment.com\/wp-content\/uploads\/2026\/03\/ACCIO-integrat-Horitzontal-CAT-color.png 559w\" sizes=\"(max-width: 300px) 100vw, 300px\" \/><\/a><\/div>\n<p>[\/vc_column][vc_column width=\u00bb1\/2&#8243;][vc_column_text]<span style=\"font-family: verdana, geneva, sans-serif; font-size: 12px;\">Agent de suport a la Internacionalitzaci\u00f3<\/span>[\/vc_column_text]<\/p>\n<div class=\"single_image wpb_content_element align-left    \" data-animation=\"none\" data-delay=\"0\"><img width=\"274\" height=\"300\" src=\"https:\/\/www.foment.com\/wp-content\/uploads\/2025\/10\/logo-Accio-2-274x300.png\" class=\"attachment-medium\" alt=\"\" loading=\"lazy\" title=\"logo Accio 2\" srcset=\"https:\/\/www.foment.com\/wp-content\/uploads\/2025\/10\/logo-Accio-2-274x300.png 274w, https:\/\/www.foment.com\/wp-content\/uploads\/2025\/10\/logo-Accio-2-768x842.png 768w, https:\/\/www.foment.com\/wp-content\/uploads\/2025\/10\/logo-Accio-2.png 778w\" sizes=\"(max-width: 274px) 100vw, 274px\" \/><\/div>\n<p>[\/vc_column][\/vc_row]<\/p>\n<\/div><div class='clear'><\/div>\n\t\t\t\t\t\t\t\t\t<\/div>\n\t\t\t\t\t\t\t\t<\/div>\n\t\t\t\t\t\t\t<\/div><div class='evo_metarow_organizer evorow evcal_evdata_row evcal_evrow_sm '>\n\t\t\t\t\t\t\t\t<span class='evcal_evdata_icons'><i class='fa fa-headphones'><\/i><\/span>\n\t\t\t\t\t\t\t\t<div class='evcal_evdata_cell'>\t\t\t\t\t\t\t\n\t\t\t\t\t\t\t\t\t<h3 class='evo_h3'>Organizador<\/h3>\n\t\t\t\t\t\t\t\t\t<p class='evo_data_val evo_card_organizer_image'><img src='https:\/\/www.foment.com\/wp-content\/uploads\/2017\/04\/InternacionalEmpresabitotransCAT-200x80.png'\/><\/p>\n\t\t\t\t\t\t\t\t\t<div class='evo_card_organizer'><p class='evo_data_val evo_card_organizer_name'>\n\t\t\t\t\t\t\t\t\t\t<span class='evo_card_organizer_name_t'>Internacional<\/span>\n\t\t\t\t\t\t\t\t\t\t\n\t\t\t\t\t\t\t\t\t\t<\/p><\/div><div class='clear'><\/div>\t\t\t\t\t\t\t\n\t\t\t\t\t\t\t\t<\/div>\n\t\t\t\t\t\t\t<\/div>\t\t\t\t\t\t\t<div class='evo_metarow_ICS evorow evcal_evdata_row'>\n\t\t\t\t\t\t\t\t<span class=\"evcal_evdata_icons\"><i class=\"fa fa-calendar\"><\/i><\/span>\n\t\t\t\t\t\t\t\t<div class='evcal_evdata_cell'>\n\t\t\t\t\t\t\t\t\t<p><a href='https:\/\/www.foment.com\/wp-admin\/admin-ajax.php?action=eventon_ics_download&amp;event_id=217204&amp;ri=0' class='evo_ics_nCal' title='Add to your calendar'>Calendar<\/a><a href='\/\/www.google.com\/calendar\/event?action=TEMPLATE&amp;text=Webinar+%7C+Com+trobar+distribu%C3%AFdors+internacionals&amp;dates=20260616T070000Z\/20260616T083000Z&amp;ctz=Europe\/Madrid&amp;details=Webinar+%7C+Com+trobar+distribu%C3%AFdors+internacionals&amp;location=Webinar+por+ZoomWebinar+per+Zoom' target='_blank' class='evo_ics_gCal' title='Add to google calendar'>GoogleCal<\/a><\/p>\t\n\t\t\t\t\t\t\t\t<\/div>\n\t\t\t\t\t\t\t<\/div>\n\t\t\t\t\t\t\t<div class='evo_card_row_end evcal_close' title='Close'><\/div><\/div><div class='clear end'><\/div><\/div><div  id=\"event_217244_0\" class=\"eventon_list_event evo_eventtop scheduled  event event_217244_0\" data-event_id=\"217244\" data-ri=\"0r\" data-time=\"1782810000-1782815400\" data-colr=\"#0db270\" itemscope itemtype='http:\/\/schema.org\/Event'><div class=\"evo_event_schema\" style=\"display:none\" ><a itemprop='url'  href='https:\/\/www.foment.com\/es\/events\/webinar-negociar-amb-clients-internacionals\/'><\/a><meta itemprop='image' content=\"https:\/\/www.foment.com\/wp-content\/uploads\/2026\/03\/Catalunya-exporta-web.png\" \/><meta itemprop='startDate' content=\"2026-6-30T09:00+2:00\" \/><meta itemprop='endDate' content=\"2026-6-30T10:30+2:00\" \/><meta itemprop='eventStatus' content=\"https:\/\/schema.org\/EventScheduled\" \/><item style=\"display:none\" itemprop=\"location\" itemscope itemtype=\"http:\/\/schema.org\/Place\"><span itemprop=\"name\">Webinar por Zoom<\/span><span itemprop=\"address\" itemscope itemtype=\"http:\/\/schema.org\/PostalAddress\"><item itemprop=\"streetAddress\">Webinar per Zoom<\/item><\/span><\/item><item style=\"display:none\" itemprop=\"eventAttendanceMode\" itemscope itemtype=\"https:\/\/schema.org\/OfflineEventAttendanceMode\"><\/item><div itemprop=\"organizer\" itemscope=\"\" itemtype=\"http:\/\/schema.org\/Organization\">\n\t\t\t\t\t    \t<meta itemprop=\"name\" content=\"Internacional\">\n\t\t\t\t\t    \t<\/div><div itemprop=\"performer\" itemscope=\"\" itemtype=\"http:\/\/schema.org\/Person\">\n\t\t\t\t\t    \t<meta itemprop=\"name\" content=\"Internacional\">\n\t\t\t\t\t    <\/div><script type=\"application\/ld+json\">{\"@context\": \"http:\/\/schema.org\",\"@type\": \"Event\",\n\t\t\t\t\t\"@id\": \"event_217244_0\",\n\t\t\t\t\t\"eventAttendanceMode\":\"https:\/\/schema.org\/OfflineEventAttendanceMode\",\n\t\t\t\t\t\"name\": \"Webinar | Negociar amb clients internacionals\",\n\t\t\t\t\t\"url\": \"https:\/\/www.foment.com\/es\/events\/webinar-negociar-amb-clients-internacionals\/\",\n\t\t\t\t\t\"startDate\": \"2026-6-30T09:00+2:00\",\n\t\t\t\t\t\"endDate\": \"2026-6-30T10:30+2:00\",\n\t\t\t\t\t\"image\":\"https:\/\/www.foment.com\/wp-content\/uploads\/2026\/03\/Catalunya-exporta-web.png\", \n\t\t\t\t\t\"description\":\"<p>[vc_row][vc_column][vc_btn title=\u00bbINSCRIPCI\u00d3 GRATU\u00cfTA\u00bb style=\u00bb3d\u00bb color=\u00bbdanger\u00bb size=\u00bblg\u00bb align=\u00bbcenter\u00bb button_block=\u00bbtrue\u00bb link=\u00bburl:https%3A%2F%2Fwww.foment.com%2Finscripcions-events%2F%3Fidevento%3DA9F85107-F12C-F111-88B4-000D3ADCCDB0%20&#8243;][vc_column_text]<span style='font-size: 21px; color: #d2112d; font-family: verdana, geneva, sans-serif;'>VOLS COMEN\u00c7AR A EXPORTAR?<\/span><br \/> <span style='color: #d2112d; font-family: verdana, geneva, sans-serif;'>T&#8217;ajudem a fer el primer pas, amb acompanyament expert i sense cost per a l&#8217;empresa<\/span><\/p> <p><span style='font-family: verdana, geneva, sans-serif; font-size: 12px;'>Internacionalitzar-se \u00e9s una oportunitat de creixement, per\u00f2 sovint tamb\u00e9 genera dubtes: per on comen\u00e7ar, quins mercats prioritzar, quins recursos calen o quins riscos s&#8217;han de tenir en compte.<\/span><br \/> <span style='font-family: verdana, geneva, sans-serif; font-size: 12px;'>Per ajudar a les empreses catalanes a iniciar aquest cam\u00ed amb m\u00e9s seguretat, <strong>ACCI\u00d3 impulsa el programa<\/strong> <a href='https:\/\/eur04.safelinks.protection.outlook.com\/?url=https%3A%2F%2Fpublic-eur.mkt.dynamics.com%2Fapi%2Forgs%2F8d5eafb0-f8ac-4ccb-a7c1-a2767b978f43%2Fr%2FdplJYjVJ_EuMAaJkHY8CABAAAAA%3Fmsdynmkt_target%3D%257B%2522TargetUrl%2522%253A%2522https%25253A%25252F%25252Feur04.safelinks.protection.outlook.com%25252F%25253Furl%25253Dhttps%2525253A%2525252F%2525252Fpublic-eur.mkt.dynamics.com%2525252Fapi%2525252Forgs%2525252F8d5eafb0-f8ac-4ccb-a7c1-a2767b978f43%2525252Fr%2525252FubNm8_1fYkKKybgcijEBAAEAAAA%2525253Fmsdynmkt_target%2525253D%252525257B%2525252522TargetUrl%2525252522%252525253A%2525252522https%25252525253A%25252525252F%25252525252Feur04.safelinks.protection.outlook.com%25252525252F%25252525253Furl%25252525253Dhttps%2525252525253A%2525252525252F%2525252525252Fpublic-eur.mkt.dynamics.com%2525252525252Fapi%2525252525252Forgs%2525252525252F8d5eafb0-f8ac-4ccb-a7c1-a2767b978f43%2525252525252Fr%2525252525252FaITv1hKS8kSs6wB3jXECAAsAAAA%2525252525253Fmsdynmkt_target%2525252525253D%252525252525257B%2525252525252522TargetUrl%2525252525252522%252525252525253A%2525252525252522https%25252525252525253A%25252525252525252F%25252525252525252Feur04.safelinks.protection.outlook.com%25252525252525252F%25252525252525253Furl%25252525252525253Dhttps%2525252525252525253A%2525252525252525252F%2525252525252525252Fpublic-eur.mkt.dynamics.com%2525252525252525252Fapi%2525252525252525252Forgs%2525252525252525252F8d5eafb0-f8ac-4ccb-a7c1-a2767b978f43%2525252525252525252Fr%2525252525252525252FLn5gxxoARECGTxqFI30DAAsAAAA%2525252525252525253Fmsdynmkt_target%2525252525252525253D%252525252525252525257B%2525252525252525252522TargetUrl%2525252525252525252522%252525252525252525253A%2525252525252525252522https%25252525252525252525253A%25252525252525252525252F%25252525252525252525252Fformularis.accio.gencat.cat%25252525252525252525252Fweb%25252525252525252525252Fformularis%25252525252525252525252Finscripcions%25252525252525252525252F-%25252525252525252525252Finscripcio%25252525252525252525252F2026%25252525252525252525252F02%25252525252525252525252F03%25252525252525252525252FOnkrUbTR_SM9nz_z85jUAA%25252525252525252525252Fsollicitud-de-diagnostic-pie-foment%25252525252525252525252F%25252525252525252525253Flang%25252525252525252525253Dca_ES%252525252525252525252526portal%25252525252525252525253Daccio%252525252525252525252526_gl%25252525252525252525253D1%25252525252525252525252A9dm0zh%25252525252525252525252A_ga%25252525252525252525252AMTI0NzIzNzQyMC4xNzEyODIyOTgy%25252525252525252525252A_ga_6HSVZS0K1X%25252525252525252525252AczE3NzI3MjM4MjckbzE4OSRnMCR0MTc3MjcyMzgzMiRqNTUkbDAkaDA%2525252525252525252522%252525252525252525252C%2525252525252525252522RedirectOptions%2525252525252525252522%252525252525252525253A%252525252525252525257B%25252525252525252525225%2525252525252525252522%252525252525252525253Anull%252525252525252525252C%25252525252525252525221%2525252525252525252522%252525252525252525253Anull%252525252525252525257D%252525252525252525257D%25252525252525252526msdynmkt_digest%2525252525252525253DA1vZltR2b3nESlG%252525252525252525252BdOmS7YeZ5GTW3dinAdHW2pwAZaw%252525252525252525253D%25252525252525252526msdynmkt_secretVersion%2525252525252525253D7bb221762d0c46939816d3a5592b1359%252525252525252526data%25252525252525253D05%2525252525252525257C02%2525252525252525257Csramirez%25252525252525252540foment.com%2525252525252525257Cc7e7a4617105465e160408de83531847%2525252525252525257Cf37c938d38654a89b99bb000c76a74bf%2525252525252525257C1%2525252525252525257C0%2525252525252525257C639092590089463447%2525252525252525257CUnknown%2525252525252525257CTWFpbGZsb3d8eyJFbXB0eU1hcGkiOnRydWUsIlYiOiIwLjAuMDAwMCIsIlAiOiJXaW4zMiIsIkFOIjoiTWFpbCIsIldUIjoyfQ%2525252525252525253D%2525252525252525253D%2525252525252525257C0%2525252525252525257C%2525252525252525257C%2525252525252525257C%252525252525252526sdata%25252525252525253D8wWi3Z4S7N5i5VCO2QP6AvtWJylRMKEZbvPje18Pg90%2525252525252525253D%252525252525252526reserved%25252525252525253D0%2525252525252522%252525252525252C%2525252525252522RedirectOptions%2525252525252522%252525252525253A%252525252525257B%25252525252525225%2525252525252522%252525252525253Anull%252525252525252C%25252525252525221%2525252525252522%252525252525253Anull%252525252525257D%252525252525257D%25252525252526msdynmkt_digest%2525252525253DYIZexQWs7uZ2WhUfgJqeZuryKVb2vajIvtYv5qE8oRY%252525252525253D%25252525252526msdynmkt_secretVersion%2525252525253D7bb221762d0c46939816d3a5592b1359%252525252526data%25252525253D05%2525252525257C02%2525252525257Csramirez%25252525252540foment.com%2525252525257C565760556e6c4cf5c35308de84384967%2525252525257Cf37c938d38654a89b99bb000c76a74bf%2525252525257C1%2525252525257C0%2525252525257C639093574480490085%2525252525257CUnknown%2525252525257CTWFpbGZsb3d8eyJFbXB0eU1hcGkiOnRydWUsIlYiOiIwLjAuMDAwMCIsIlAiOiJXaW4zMiIsIkFOIjoiTWFpbCIsIldUIjoyfQ%2525252525253D%2525252525253D%2525252525257C0%2525252525257C%2525252525257C%2525252525257C%252525252526sdata%25252525253DN3y2QAkHHQEwnwslqril%2525252525252B%2525252525252BjbsTmbpaH1gsQUjqlx6ho%2525252525253D%252525252526reserved%25252525253D0%2525252522%252525252C%2525252522RedirectOptions%2525252522%252525253A%252525257B%25252525225%2525252522%252525253Anull%252525252C%25252525221%2525252522%252525253Anull%252525257D%252525257D%25252526msdynmkt_digest%2525253DHxSIjxqNyMzq4m6G1OWkNS%252525252FYEFefhiIl8o9iQscMDnI%252525253D%25252526msdynmkt_secretVersion%2525253D7bb221762d0c46939816d3a5592b1359%252526data%25253D05%2525257C02%2525257Csramirez%25252540foment.com%2525257C1d01451646264e7fca2308de88baf1ef%2525257Cf37c938d38654a89b99bb000c76a74bf%2525257C1%2525257C0%2525257C639098533660479269%2525257CUnknown%2525257CTWFpbGZsb3d8eyJFbXB0eU1hcGkiOnRydWUsIlYiOiIwLjAuMDAwMCIsIlAiOiJXaW4zMiIsIkFOIjoiTWFpbCIsIldUIjoyfQ%2525253D%2525253D%2525257C0%2525257C%2525257C%2525257C%252526sdata%25253DF6gmzEwyPcPCX%2525252FFmsqBkWV3LiHiEx0w4lH5lts42Hng%2525253D%252526reserved%25253D0%2522%252C%2522RedirectOptions%2522%253A%257B%25225%2522%253Anull%252C%25221%2522%253Anull%257D%257D%26msdynmkt_digest%3D3pnr7eA2jjjY5%252F04VJpOmyfkKAFHOW2zndgIqJQ0jxA%253D%26msdynmkt_secretVersion%3D7bb221762d0c46939816d3a5592b1359&amp;data=05%7C02%7Csramirez%40foment.com%7C23b351ae016143229c6d08de8c12d3d6%7Cf37c938d38654a89b99bb000c76a74bf%7C1%7C0%7C639102209641121264%7CUnknown%7CTWFpbGZsb3d8eyJFbXB0eU1hcGkiOnRydWUsIlYiOiIwLjAuMDAwMCIsIlAiOiJXaW4zMiIsIkFOIjoiTWFpbCIsIldUIjoyfQ%3D%3D%7C0%7C%7C%7C&amp;sdata=yoLLv4PRfv2xjZrHwBgWZXD0aIuobZl%2FLoaBtC4V5is%3D&amp;reserved=0'>CATALUNYA EXPORTA<\/a>, adre\u00e7at a empreses que volen iniciar-se en la internacionalitzaci\u00f3 amb un enfocament practic i personalitzat.<\/span><br \/> <span style='font-family: verdana, geneva, sans-serif; font-size: 12px;'>Des de <a href='https:\/\/eur04.safelinks.protection.outlook.com\/?url=https%3A%2F%2Fpublic-eur.mkt.dynamics.com%2Fapi%2Forgs%2F8d5eafb0-f8ac-4ccb-a7c1-a2767b978f43%2Fr%2FdplJYjVJ_EuMAaJkHY8CABEAAAA%3Fmsdynmkt_target%3D%257B%2522TargetUrl%2522%253A%2522https%25253A%25252F%25252Feur04.safelinks.protection.outlook.com%25252F%25253Furl%25253Dhttps%2525253A%2525252F%2525252Fpublic-eur.mkt.dynamics.com%2525252Fapi%2525252Forgs%2525252F8d5eafb0-f8ac-4ccb-a7c1-a2767b978f43%2525252Fr%2525252FubNm8_1fYkKKybgcijEBAAIAAAA%2525253Fmsdynmkt_target%2525253D%252525257B%2525252522TargetUrl%2525252522%252525253A%2525252522https%25252525253A%25252525252F%25252525252Fwww.foment.com%25252525252Fes%25252525252Fcatalunya-exporta%25252525252F%2525252525231767799497417-fa3ae53f-0b5b%2525252522%252525252C%2525252522RedirectOptions%2525252522%252525253A%252525257B%25252525220%2525252522%252525253Anull%252525257D%252525257D%25252526msdynmkt_digest%2525253DbK7c94w0eFraOy9eOgKfYNJ21gIDfLiaSBNv7Ob%252525252FUbc%252525253D%25252526msdynmkt_secretVersion%2525253D7bb221762d0c46939816d3a5592b1359%252526data%25253D05%2525257C02%2525257Csramirez%25252540foment.com%2525257C1d01451646264e7fca2308de88baf1ef%2525257Cf37c938d38654a89b99bb000c76a74bf%2525257C1%2525257C0%2525257C639098533660503029%2525257CUnknown%2525257CTWFpbGZsb3d8eyJFbXB0eU1hcGkiOnRydWUsIlYiOiIwLjAuMDAwMCIsIlAiOiJXaW4zMiIsIkFOIjoiTWFpbCIsIldUIjoyfQ%2525253D%2525253D%2525257C0%2525257C%2525257C%2525257C%252526sdata%25253DnU%2525252FdP3SzDdBLN%2525252BjGlM%2525252BfjpHC30Tp2sKQXa53D7Snr8M%2525253D%252526reserved%25253D0%2522%252C%2522RedirectOptions%2522%253A%257B%25225%2522%253Anull%252C%25221%2522%253Anull%257D%257D%26msdynmkt_digest%3DTMCFNOfb0%252BXu2BCcvcmDJAmwBhXs4eG0zaVP3L6%252BdE8%253D%26msdynmkt_secretVersion%3D7bb221762d0c46939816d3a5592b1359&amp;data=05%7C02%7Csramirez%40foment.com%7C23b351ae016143229c6d08de8c12d3d6%7Cf37c938d38654a89b99bb000c76a74bf%7C1%7C0%7C639102209641147248%7CUnknown%7CTWFpbGZsb3d8eyJFbXB0eU1hcGkiOnRydWUsIlYiOiIwLjAuMDAwMCIsIlAiOiJXaW4zMiIsIkFOIjoiTWFpbCIsIldUIjoyfQ%3D%3D%7C0%7C%7C%7C&amp;sdata=daHoyG1ZgccCVp8G6HuKQMd9CnWk7pYkM%2FVO%2F7PF6wM%3D&amp;reserved=0'>Foment del Treball<\/a>, com a entitat col\u00b7laboradora i agent de suport a la internacionalitzaci\u00f3, t&#8217;acompanyem en aquest proc\u00e9s perqu\u00e8 puguis valorar el teu potencial exportador i definir els primers passos amb criteri.<\/span><\/p> <p><span style='font-family: verdana, geneva, sans-serif; font-size: 12px;'>En la sessi\u00f3 <strong>NEGOCIAR AMB CLIENTS INTERNACIONALS<\/strong> aprendrem a millorar les habilitats de negociaci\u00f3 internacional.<\/span><\/p> <p>&nbsp;<\/p> <p><strong><span style='font-family: verdana, geneva, sans-serif; font-size: 13px; color: #d2112d;'>PROGRAMA<\/span><\/strong><\/p> <p><span style='font-family: verdana, geneva, sans-serif; font-size: 13px; color: #d2112d;'>09:00h. | Benvinguda i presentaci\u00f3 del Programa Catalunya Exporta<\/span><\/p> <p><span style='font-family: verdana, geneva, sans-serif; font-size: 13px;'><span style='color: #d2112d;'>09:10h. |<\/span> <span style='color: #d2112d;'><strong>Com trobar distribu\u00efdors internacionals<\/strong><\/span><\/span><\/p> <ul> <li><span style='font-family: verdana, geneva, sans-serif; font-size: 13px;'>Tipus d&#8217;intermediaris<\/span><\/li> <li><span style='font-family: verdana, geneva, sans-serif; font-size: 13px;'>Canals per trobar distribu\u00efdors<\/span><\/li> <li><span style='font-family: verdana, geneva, sans-serif; font-size: 13px;'>Criteris de selecci\u00f3<\/span><\/li> <li><span style='font-family: verdana, geneva, sans-serif; font-size: 13px;'>Gesti\u00f3 de la relaci\u00f3<\/span><\/li> <\/ul> <p><span style='font-family: verdana, geneva, sans-serif; font-size: 13px;'><strong>Isabel Garcia<\/strong>, S\u00e8nior International Consultant, <strong>BarcelonaExport<\/strong><\/span><\/p> <p><span style='font-family: verdana, geneva, sans-serif; font-size: 13px; color: #d2112d;'>10:15 h. | Torn de preguntes<\/span><\/p> <p><span style='font-family: verdana, geneva, sans-serif; font-size: 13px; color: #d2112d;'>10:30h. | Fi de la sessi\u00f3<\/span>[\/vc_column_text]<div class='single_image wpb_content_element align-left    ' data-animation='none' data-delay='0'><img width='1900' height='300' src='https:\/\/www.foment.com\/wp-content\/uploads\/2026\/03\/ACCIO-1.png' class='attachment-full' alt='' loading='lazy' title='ACCI\u00d3' srcset='https:\/\/www.foment.com\/wp-content\/uploads\/2026\/03\/ACCIO-1.png 1900w, https:\/\/www.foment.com\/wp-content\/uploads\/2026\/03\/ACCIO-1-300x47.png 300w, https:\/\/www.foment.com\/wp-content\/uploads\/2026\/03\/ACCIO-1-1024x162.png 1024w, https:\/\/www.foment.com\/wp-content\/uploads\/2026\/03\/ACCIO-1-768x121.png 768w, https:\/\/www.foment.com\/wp-content\/uploads\/2026\/03\/ACCIO-1-1536x243.png 1536w' sizes='(max-width: 1900px) 100vw, 1900px' \/><\/div>[\/vc_column][\/vc_row][vc_row][vc_column width=\u00bb1\/2&#8243;][vc_column_text]<span style='font-family: verdana, geneva, sans-serif; font-size: 12px;'>Amb el suport de:<\/span>[\/vc_column_text]<div class='single_image wpb_content_element align-left    ' data-animation='none' data-delay='0'><a href='http:\/\/www.accio.gencat.cat' target='_self'><img width='300' height='68' src='https:\/\/www.foment.com\/wp-content\/uploads\/2026\/03\/ACCIO-integrat-Horitzontal-CAT-color-300x68.png' class='attachment-medium' alt='' loading='lazy' title='ACCIO-integrat-Horitzontal-CAT-color' srcset='https:\/\/www.foment.com\/wp-content\/uploads\/2026\/03\/ACCIO-integrat-Horitzontal-CAT-color-300x68.png 300w, https:\/\/www.foment.com\/wp-content\/uploads\/2026\/03\/ACCIO-integrat-Horitzontal-CAT-color.png 559w' sizes='(max-width: 300px) 100vw, 300px' \/><\/a><\/div>[\/vc_column][vc_column width=\u00bb1\/2&#8243;][vc_column_text]<span style='font-family: verdana, geneva, sans-serif; font-size: 12px;'>Agent de suport a la Internacionalitzaci\u00f3<\/span>[\/vc_column_text]<div class='single_image wpb_content_element align-left    ' data-animation='none' data-delay='0'><img width='274' height='300' src='https:\/\/www.foment.com\/wp-content\/uploads\/2025\/10\/logo-Accio-2-274x300.png' class='attachment-medium' alt='' loading='lazy' title='logo Accio 2' srcset='https:\/\/www.foment.com\/wp-content\/uploads\/2025\/10\/logo-Accio-2-274x300.png 274w, https:\/\/www.foment.com\/wp-content\/uploads\/2025\/10\/logo-Accio-2-768x842.png 768w, https:\/\/www.foment.com\/wp-content\/uploads\/2025\/10\/logo-Accio-2.png 778w' sizes='(max-width: 274px) 100vw, 274px' \/><\/div>[\/vc_column][\/vc_row]<\/p> \",\"location\":[{\"@type\":\"Place\",\"name\":\"Webinar por Zoom\",\"address\":{\"@type\": \"PostalAddress\",\"streetAddress\":\"Webinar per Zoom\"}}],\"organizer\":{\"@type\":\"Organization\",\"name\":\"Internacional\"},\"performer\":{\"@type\":\"Person\",\"name\":\"Internacional\"},\"eventStatus\":\"https:\/\/schema.org\/EventScheduled\"}<\/script><\/div>\n\t\t\t\t<p class=\"desc_trig_outter\" style=\"background-color:#ffffff;flex-direction: row;\"><a data-gmap_status=\"null\" data-exlk=\"1\"  style=\"border-color: #0db270;\" id=\"evc_1782810000217244\" class=\"hasFtIMG desc_trig sin_val evcal_list_a\" data-ux_val=\"3\"  ><span class='ev_ftImg' data-img='https:\/\/www.foment.com\/wp-content\/uploads\/2026\/03\/Catalunya-exporta-web.png' data-thumb='https:\/\/www.foment.com\/wp-content\/uploads\/2026\/03\/Catalunya-exporta-web-300x169.png' style='background-image:url(\"https:\/\/www.foment.com\/wp-content\/uploads\/2026\/03\/Catalunya-exporta-web-300x169.png\")'><\/span><style>.ajde_evcal_calendar.boxy #evcal_list .eventon_list_event .evcal_desc em{color:black;}<\/style><span style='width:100%; background-color:#0db270 !important;' class='evcal_cblock ' data-smon='junio' data-syr='2026'><span style='margin-top: 7px;margin-bottom: 7px;' class='evo_start '><em class='date'>30<\/em><em class='month'>jun<\/em><em class='time'>9:00<\/em><\/span><span style='margin-top: 7px;margin-bottom: 7px;' class='evo_end only_time'><em class='time'>10:30<\/em><\/span><em class='clear'><\/em><\/span><span class='evcal_desc evo_info '  data-location_address=\"Webinar per Zoom\" data-location_type=\"address\" data-location_name=\"Webinar por Zoom\" data-location_url=\"https:\/\/www.foment.com\/es\/event-location\/webinar-por-zoom\/\" data-location_status=\"true\" ><span class='evo_above_title'><\/span><span class='evcal_desc2 evcal_event_title hbaevatitle' itemprop='name'>Webinar | Negociar amb clients internacionals<\/span><span class='evo_below_title'><span class='evcal_event_subtitle' >Programa Catalunya Exporta<\/span><\/span><span class='evcal_desc_info' ><em class='evcal_time evo_tz_time'>9:00 - 10:30<\/em> <\/span><span class='evcal_desc3'><em class=\"evcal_location\"  data-add_str=\"\"><em class=\"event_location_name\">Webinar por Zoom<\/em><\/em><\/span><span style='height: 60px;'  class='evcal_desc3' ><\/span><\/span><em class='clear'><\/em><\/a><\/p><div class='event_description evcal_eventcard ' style=\"display:none\"><div class='evo_metarow_fimg evorow evcal_evdata_img evcal_evdata_row  evo_imghover' data-imgheight='1388' data-imgwidth='2468'  style='background-image: url(\"https:\/\/www.foment.com\/wp-content\/uploads\/2026\/03\/Catalunya-exporta-web.png\")' data-imgstyle='full' data-minheight='400' data-status=''><\/div><div class='evcal_evdata_row evorow_2b evo_metarow_time_location evorow  '>\n\t\t\t\t\t\t\t\t<div class='evorow_b evorow_b1 evo_time'>\n\t\t\t\t\t\t\t\t\t<span class='evcal_evdata_icons'><i class='fa fa-clock'><\/i><\/span>\n\t\t\t\t\t\t\t\t\t<div class='evcal_evdata_cell'>\t\t\t\t\t\t\t\n\t\t\t\t\t\t\t\t\t\t<h3 class='evo_h3'><span class='evcal_evdata_icons'><i class='fa fa-clock'><\/i><\/span>Horario<\/h3>\n\t\t\t\t\t\t\t\t\t\t<p><span class='evo_eventcard_time_t'>(Martes) 9:00 - 10:30<\/span><\/p>\n\t\t\t\t\t\t\t\t\t<\/div>\n\t\t\t\t\t\t\t\t<\/div>\n\t\t\t\t\t\t\t\t<div class='evorow_b evo_location'>\n\t\t\t\t\t\t\t\t\t<span class='evcal_evdata_icons'><i class='fa fa-map-marker-alt'><\/i><\/span>\n\t\t\t\t\t\t\t\t\t<div class='evcal_evdata_cell' data-loc_tax_id='3536'><h3 class='evo_h3'><span class='evcal_evdata_icons'><i class='fa fa-map-marker-alt'><\/i><\/span>Lugar<\/h3><p class='evo_location_name'>Webinar por Zoom<\/p><p class='evo_location_address'>Webinar per Zoom<\/p><\/div>\n\t\t\t\t\t\t\t\t<\/div>\n\t\t\t\t\t\t\t\t\n\t\t\t\t\t\t\t<\/div><div class='evo_metarow_details evorow evcal_evdata_row evcal_event_details'>\n\t\t\t\t\t\t\t\t<div class=\"event_excerpt\" style=\"display:none\"><h3 class=\"padb5 evo_h3\">Detalles del evento<\/h3><p>[vc_row][vc_column][vc_btn title=\u00bbINSCRIPCI\u00d3 GRATU\u00cfTA\u00bb style=\u00bb3d\u00bb color=\u00bbdanger\u00bb size=\u00bblg\u00bb align=\u00bbcenter\u00bb button_block=\u00bbtrue\u00bb link=\u00bburl:https%3A%2F%2Fwww.foment.com%2Finscripcions-events%2F%3Fidevento%3DA9F85107-F12C-F111-88B4-000D3ADCCDB0%20&#8243;][vc_column_text]VOLS COMEN\u00c7AR A EXPORTAR?\nT&#8217;ajudem a fer el<\/p><\/div><span class='evcal_evdata_icons'><i class='fa fa-align-justify'><\/i><\/span>\n\t\t\t\t\t\t\t\t\n\t\t\t\t\t\t\t\t<div class='evcal_evdata_cell '>\n\t\t\t\t\t\t\t\t\t<div class='eventon_full_description'>\n\t\t\t\t\t\t\t\t\t\t<h3 class='padb5 evo_h3'><span class='evcal_evdata_icons'><i class='fa fa-align-justify'><\/i><\/span>Detalles del evento<\/h3>\n\t\t\t\t\t\t\t\t\t\t<div class='eventon_desc_in' itemprop='description'>\n\t\t\t\t\t\t\t\t\t\t<p>[vc_row][vc_column][vc_btn title=\u00bbINSCRIPCI\u00d3 GRATU\u00cfTA\u00bb style=\u00bb3d\u00bb color=\u00bbdanger\u00bb size=\u00bblg\u00bb align=\u00bbcenter\u00bb button_block=\u00bbtrue\u00bb link=\u00bburl:https%3A%2F%2Fwww.foment.com%2Finscripcions-events%2F%3Fidevento%3DA9F85107-F12C-F111-88B4-000D3ADCCDB0%20&#8243;][vc_column_text]<span style=\"font-size: 21px; color: #d2112d; font-family: verdana, geneva, sans-serif;\">VOLS COMEN\u00c7AR A EXPORTAR?<\/span><br \/>\n<span style=\"color: #d2112d; font-family: verdana, geneva, sans-serif;\">T&#8217;ajudem a fer el primer pas, amb acompanyament expert i sense cost per a l&#8217;empresa<\/span><\/p>\n<p><span style=\"font-family: verdana, geneva, sans-serif; font-size: 12px;\">Internacionalitzar-se \u00e9s una oportunitat de creixement, per\u00f2 sovint tamb\u00e9 genera dubtes: per on comen\u00e7ar, quins mercats prioritzar, quins recursos calen o quins riscos s&#8217;han de tenir en compte.<\/span><br \/>\n<span style=\"font-family: verdana, geneva, sans-serif; font-size: 12px;\">Per ajudar a les empreses catalanes a iniciar aquest cam\u00ed amb m\u00e9s seguretat, <strong>ACCI\u00d3 impulsa el programa<\/strong> <a href=\"https:\/\/eur04.safelinks.protection.outlook.com\/?url=https%3A%2F%2Fpublic-eur.mkt.dynamics.com%2Fapi%2Forgs%2F8d5eafb0-f8ac-4ccb-a7c1-a2767b978f43%2Fr%2FdplJYjVJ_EuMAaJkHY8CABAAAAA%3Fmsdynmkt_target%3D%257B%2522TargetUrl%2522%253A%2522https%25253A%25252F%25252Feur04.safelinks.protection.outlook.com%25252F%25253Furl%25253Dhttps%2525253A%2525252F%2525252Fpublic-eur.mkt.dynamics.com%2525252Fapi%2525252Forgs%2525252F8d5eafb0-f8ac-4ccb-a7c1-a2767b978f43%2525252Fr%2525252FubNm8_1fYkKKybgcijEBAAEAAAA%2525253Fmsdynmkt_target%2525253D%252525257B%2525252522TargetUrl%2525252522%252525253A%2525252522https%25252525253A%25252525252F%25252525252Feur04.safelinks.protection.outlook.com%25252525252F%25252525253Furl%25252525253Dhttps%2525252525253A%2525252525252F%2525252525252Fpublic-eur.mkt.dynamics.com%2525252525252Fapi%2525252525252Forgs%2525252525252F8d5eafb0-f8ac-4ccb-a7c1-a2767b978f43%2525252525252Fr%2525252525252FaITv1hKS8kSs6wB3jXECAAsAAAA%2525252525253Fmsdynmkt_target%2525252525253D%252525252525257B%2525252525252522TargetUrl%2525252525252522%252525252525253A%2525252525252522https%25252525252525253A%25252525252525252F%25252525252525252Feur04.safelinks.protection.outlook.com%25252525252525252F%25252525252525253Furl%25252525252525253Dhttps%2525252525252525253A%2525252525252525252F%2525252525252525252Fpublic-eur.mkt.dynamics.com%2525252525252525252Fapi%2525252525252525252Forgs%2525252525252525252F8d5eafb0-f8ac-4ccb-a7c1-a2767b978f43%2525252525252525252Fr%2525252525252525252FLn5gxxoARECGTxqFI30DAAsAAAA%2525252525252525253Fmsdynmkt_target%2525252525252525253D%252525252525252525257B%2525252525252525252522TargetUrl%2525252525252525252522%252525252525252525253A%2525252525252525252522https%25252525252525252525253A%25252525252525252525252F%25252525252525252525252Fformularis.accio.gencat.cat%25252525252525252525252Fweb%25252525252525252525252Fformularis%25252525252525252525252Finscripcions%25252525252525252525252F-%25252525252525252525252Finscripcio%25252525252525252525252F2026%25252525252525252525252F02%25252525252525252525252F03%25252525252525252525252FOnkrUbTR_SM9nz_z85jUAA%25252525252525252525252Fsollicitud-de-diagnostic-pie-foment%25252525252525252525252F%25252525252525252525253Flang%25252525252525252525253Dca_ES%252525252525252525252526portal%25252525252525252525253Daccio%252525252525252525252526_gl%25252525252525252525253D1%25252525252525252525252A9dm0zh%25252525252525252525252A_ga%25252525252525252525252AMTI0NzIzNzQyMC4xNzEyODIyOTgy%25252525252525252525252A_ga_6HSVZS0K1X%25252525252525252525252AczE3NzI3MjM4MjckbzE4OSRnMCR0MTc3MjcyMzgzMiRqNTUkbDAkaDA%2525252525252525252522%252525252525252525252C%2525252525252525252522RedirectOptions%2525252525252525252522%252525252525252525253A%252525252525252525257B%25252525252525252525225%2525252525252525252522%252525252525252525253Anull%252525252525252525252C%25252525252525252525221%2525252525252525252522%252525252525252525253Anull%252525252525252525257D%252525252525252525257D%25252525252525252526msdynmkt_digest%2525252525252525253DA1vZltR2b3nESlG%252525252525252525252BdOmS7YeZ5GTW3dinAdHW2pwAZaw%252525252525252525253D%25252525252525252526msdynmkt_secretVersion%2525252525252525253D7bb221762d0c46939816d3a5592b1359%252525252525252526data%25252525252525253D05%2525252525252525257C02%2525252525252525257Csramirez%25252525252525252540foment.com%2525252525252525257Cc7e7a4617105465e160408de83531847%2525252525252525257Cf37c938d38654a89b99bb000c76a74bf%2525252525252525257C1%2525252525252525257C0%2525252525252525257C639092590089463447%2525252525252525257CUnknown%2525252525252525257CTWFpbGZsb3d8eyJFbXB0eU1hcGkiOnRydWUsIlYiOiIwLjAuMDAwMCIsIlAiOiJXaW4zMiIsIkFOIjoiTWFpbCIsIldUIjoyfQ%2525252525252525253D%2525252525252525253D%2525252525252525257C0%2525252525252525257C%2525252525252525257C%2525252525252525257C%252525252525252526sdata%25252525252525253D8wWi3Z4S7N5i5VCO2QP6AvtWJylRMKEZbvPje18Pg90%2525252525252525253D%252525252525252526reserved%25252525252525253D0%2525252525252522%252525252525252C%2525252525252522RedirectOptions%2525252525252522%252525252525253A%252525252525257B%25252525252525225%2525252525252522%252525252525253Anull%252525252525252C%25252525252525221%2525252525252522%252525252525253Anull%252525252525257D%252525252525257D%25252525252526msdynmkt_digest%2525252525253DYIZexQWs7uZ2WhUfgJqeZuryKVb2vajIvtYv5qE8oRY%252525252525253D%25252525252526msdynmkt_secretVersion%2525252525253D7bb221762d0c46939816d3a5592b1359%252525252526data%25252525253D05%2525252525257C02%2525252525257Csramirez%25252525252540foment.com%2525252525257C565760556e6c4cf5c35308de84384967%2525252525257Cf37c938d38654a89b99bb000c76a74bf%2525252525257C1%2525252525257C0%2525252525257C639093574480490085%2525252525257CUnknown%2525252525257CTWFpbGZsb3d8eyJFbXB0eU1hcGkiOnRydWUsIlYiOiIwLjAuMDAwMCIsIlAiOiJXaW4zMiIsIkFOIjoiTWFpbCIsIldUIjoyfQ%2525252525253D%2525252525253D%2525252525257C0%2525252525257C%2525252525257C%2525252525257C%252525252526sdata%25252525253DN3y2QAkHHQEwnwslqril%2525252525252B%2525252525252BjbsTmbpaH1gsQUjqlx6ho%2525252525253D%252525252526reserved%25252525253D0%2525252522%252525252C%2525252522RedirectOptions%2525252522%252525253A%252525257B%25252525225%2525252522%252525253Anull%252525252C%25252525221%2525252522%252525253Anull%252525257D%252525257D%25252526msdynmkt_digest%2525253DHxSIjxqNyMzq4m6G1OWkNS%252525252FYEFefhiIl8o9iQscMDnI%252525253D%25252526msdynmkt_secretVersion%2525253D7bb221762d0c46939816d3a5592b1359%252526data%25253D05%2525257C02%2525257Csramirez%25252540foment.com%2525257C1d01451646264e7fca2308de88baf1ef%2525257Cf37c938d38654a89b99bb000c76a74bf%2525257C1%2525257C0%2525257C639098533660479269%2525257CUnknown%2525257CTWFpbGZsb3d8eyJFbXB0eU1hcGkiOnRydWUsIlYiOiIwLjAuMDAwMCIsIlAiOiJXaW4zMiIsIkFOIjoiTWFpbCIsIldUIjoyfQ%2525253D%2525253D%2525257C0%2525257C%2525257C%2525257C%252526sdata%25253DF6gmzEwyPcPCX%2525252FFmsqBkWV3LiHiEx0w4lH5lts42Hng%2525253D%252526reserved%25253D0%2522%252C%2522RedirectOptions%2522%253A%257B%25225%2522%253Anull%252C%25221%2522%253Anull%257D%257D%26msdynmkt_digest%3D3pnr7eA2jjjY5%252F04VJpOmyfkKAFHOW2zndgIqJQ0jxA%253D%26msdynmkt_secretVersion%3D7bb221762d0c46939816d3a5592b1359&amp;data=05%7C02%7Csramirez%40foment.com%7C23b351ae016143229c6d08de8c12d3d6%7Cf37c938d38654a89b99bb000c76a74bf%7C1%7C0%7C639102209641121264%7CUnknown%7CTWFpbGZsb3d8eyJFbXB0eU1hcGkiOnRydWUsIlYiOiIwLjAuMDAwMCIsIlAiOiJXaW4zMiIsIkFOIjoiTWFpbCIsIldUIjoyfQ%3D%3D%7C0%7C%7C%7C&amp;sdata=yoLLv4PRfv2xjZrHwBgWZXD0aIuobZl%2FLoaBtC4V5is%3D&amp;reserved=0\">CATALUNYA EXPORTA<\/a>, adre\u00e7at a empreses que volen iniciar-se en la internacionalitzaci\u00f3 amb un enfocament practic i personalitzat.<\/span><br \/>\n<span style=\"font-family: verdana, geneva, sans-serif; font-size: 12px;\">Des de <a href=\"https:\/\/eur04.safelinks.protection.outlook.com\/?url=https%3A%2F%2Fpublic-eur.mkt.dynamics.com%2Fapi%2Forgs%2F8d5eafb0-f8ac-4ccb-a7c1-a2767b978f43%2Fr%2FdplJYjVJ_EuMAaJkHY8CABEAAAA%3Fmsdynmkt_target%3D%257B%2522TargetUrl%2522%253A%2522https%25253A%25252F%25252Feur04.safelinks.protection.outlook.com%25252F%25253Furl%25253Dhttps%2525253A%2525252F%2525252Fpublic-eur.mkt.dynamics.com%2525252Fapi%2525252Forgs%2525252F8d5eafb0-f8ac-4ccb-a7c1-a2767b978f43%2525252Fr%2525252FubNm8_1fYkKKybgcijEBAAIAAAA%2525253Fmsdynmkt_target%2525253D%252525257B%2525252522TargetUrl%2525252522%252525253A%2525252522https%25252525253A%25252525252F%25252525252Fwww.foment.com%25252525252Fes%25252525252Fcatalunya-exporta%25252525252F%2525252525231767799497417-fa3ae53f-0b5b%2525252522%252525252C%2525252522RedirectOptions%2525252522%252525253A%252525257B%25252525220%2525252522%252525253Anull%252525257D%252525257D%25252526msdynmkt_digest%2525253DbK7c94w0eFraOy9eOgKfYNJ21gIDfLiaSBNv7Ob%252525252FUbc%252525253D%25252526msdynmkt_secretVersion%2525253D7bb221762d0c46939816d3a5592b1359%252526data%25253D05%2525257C02%2525257Csramirez%25252540foment.com%2525257C1d01451646264e7fca2308de88baf1ef%2525257Cf37c938d38654a89b99bb000c76a74bf%2525257C1%2525257C0%2525257C639098533660503029%2525257CUnknown%2525257CTWFpbGZsb3d8eyJFbXB0eU1hcGkiOnRydWUsIlYiOiIwLjAuMDAwMCIsIlAiOiJXaW4zMiIsIkFOIjoiTWFpbCIsIldUIjoyfQ%2525253D%2525253D%2525257C0%2525257C%2525257C%2525257C%252526sdata%25253DnU%2525252FdP3SzDdBLN%2525252BjGlM%2525252BfjpHC30Tp2sKQXa53D7Snr8M%2525253D%252526reserved%25253D0%2522%252C%2522RedirectOptions%2522%253A%257B%25225%2522%253Anull%252C%25221%2522%253Anull%257D%257D%26msdynmkt_digest%3DTMCFNOfb0%252BXu2BCcvcmDJAmwBhXs4eG0zaVP3L6%252BdE8%253D%26msdynmkt_secretVersion%3D7bb221762d0c46939816d3a5592b1359&amp;data=05%7C02%7Csramirez%40foment.com%7C23b351ae016143229c6d08de8c12d3d6%7Cf37c938d38654a89b99bb000c76a74bf%7C1%7C0%7C639102209641147248%7CUnknown%7CTWFpbGZsb3d8eyJFbXB0eU1hcGkiOnRydWUsIlYiOiIwLjAuMDAwMCIsIlAiOiJXaW4zMiIsIkFOIjoiTWFpbCIsIldUIjoyfQ%3D%3D%7C0%7C%7C%7C&amp;sdata=daHoyG1ZgccCVp8G6HuKQMd9CnWk7pYkM%2FVO%2F7PF6wM%3D&amp;reserved=0\">Foment del Treball<\/a>, com a entitat col\u00b7laboradora i agent de suport a la internacionalitzaci\u00f3, t&#8217;acompanyem en aquest proc\u00e9s perqu\u00e8 puguis valorar el teu potencial exportador i definir els primers passos amb criteri.<\/span><\/p>\n<p><span style=\"font-family: verdana, geneva, sans-serif; font-size: 12px;\">En la sessi\u00f3 <strong>NEGOCIAR AMB CLIENTS INTERNACIONALS<\/strong> aprendrem a millorar les habilitats de negociaci\u00f3 internacional.<\/span><\/p>\n<p>&nbsp;<\/p>\n<p><strong><span style=\"font-family: verdana, geneva, sans-serif; font-size: 13px; color: #d2112d;\">PROGRAMA<\/span><\/strong><\/p>\n<p><span style=\"font-family: verdana, geneva, sans-serif; font-size: 13px; color: #d2112d;\">09:00h. | Benvinguda i presentaci\u00f3 del Programa Catalunya Exporta<\/span><\/p>\n<p><span style=\"font-family: verdana, geneva, sans-serif; font-size: 13px;\"><span style=\"color: #d2112d;\">09:10h. |<\/span> <span style=\"color: #d2112d;\"><strong>Com trobar distribu\u00efdors internacionals<\/strong><\/span><\/span><\/p>\n<ul>\n<li><span style=\"font-family: verdana, geneva, sans-serif; font-size: 13px;\">Tipus d&#8217;intermediaris<\/span><\/li>\n<li><span style=\"font-family: verdana, geneva, sans-serif; font-size: 13px;\">Canals per trobar distribu\u00efdors<\/span><\/li>\n<li><span style=\"font-family: verdana, geneva, sans-serif; font-size: 13px;\">Criteris de selecci\u00f3<\/span><\/li>\n<li><span style=\"font-family: verdana, geneva, sans-serif; font-size: 13px;\">Gesti\u00f3 de la relaci\u00f3<\/span><\/li>\n<\/ul>\n<p><span style=\"font-family: verdana, geneva, sans-serif; font-size: 13px;\"><strong>Isabel Garcia<\/strong>, S\u00e8nior International Consultant, <strong>BarcelonaExport<\/strong><\/span><\/p>\n<p><span style=\"font-family: verdana, geneva, sans-serif; font-size: 13px; color: #d2112d;\">10:15 h. | Torn de preguntes<\/span><\/p>\n<p><span style=\"font-family: verdana, geneva, sans-serif; font-size: 13px; color: #d2112d;\">10:30h. | Fi de la sessi\u00f3<\/span>[\/vc_column_text]<\/p>\n<div class=\"single_image wpb_content_element align-left    \" data-animation=\"none\" data-delay=\"0\"><img width=\"1900\" height=\"300\" src=\"https:\/\/www.foment.com\/wp-content\/uploads\/2026\/03\/ACCIO-1.png\" class=\"attachment-full\" alt=\"\" loading=\"lazy\" title=\"ACCI\u00d3\" srcset=\"https:\/\/www.foment.com\/wp-content\/uploads\/2026\/03\/ACCIO-1.png 1900w, https:\/\/www.foment.com\/wp-content\/uploads\/2026\/03\/ACCIO-1-300x47.png 300w, https:\/\/www.foment.com\/wp-content\/uploads\/2026\/03\/ACCIO-1-1024x162.png 1024w, https:\/\/www.foment.com\/wp-content\/uploads\/2026\/03\/ACCIO-1-768x121.png 768w, https:\/\/www.foment.com\/wp-content\/uploads\/2026\/03\/ACCIO-1-1536x243.png 1536w\" sizes=\"(max-width: 1900px) 100vw, 1900px\" \/><\/div>\n<p>[\/vc_column][\/vc_row][vc_row][vc_column width=\u00bb1\/2&#8243;][vc_column_text]<span style=\"font-family: verdana, geneva, sans-serif; font-size: 12px;\">Amb el suport de:<\/span>[\/vc_column_text]<\/p>\n<div class=\"single_image wpb_content_element align-left    \" data-animation=\"none\" data-delay=\"0\"><a href=\"http:\/\/www.accio.gencat.cat\" target=\"_self\"><img width=\"300\" height=\"68\" src=\"https:\/\/www.foment.com\/wp-content\/uploads\/2026\/03\/ACCIO-integrat-Horitzontal-CAT-color-300x68.png\" class=\"attachment-medium\" alt=\"\" loading=\"lazy\" title=\"ACCIO-integrat-Horitzontal-CAT-color\" srcset=\"https:\/\/www.foment.com\/wp-content\/uploads\/2026\/03\/ACCIO-integrat-Horitzontal-CAT-color-300x68.png 300w, https:\/\/www.foment.com\/wp-content\/uploads\/2026\/03\/ACCIO-integrat-Horitzontal-CAT-color.png 559w\" sizes=\"(max-width: 300px) 100vw, 300px\" \/><\/a><\/div>\n<p>[\/vc_column][vc_column width=\u00bb1\/2&#8243;][vc_column_text]<span style=\"font-family: verdana, geneva, sans-serif; font-size: 12px;\">Agent de suport a la Internacionalitzaci\u00f3<\/span>[\/vc_column_text]<\/p>\n<div class=\"single_image wpb_content_element align-left    \" data-animation=\"none\" data-delay=\"0\"><img width=\"274\" height=\"300\" src=\"https:\/\/www.foment.com\/wp-content\/uploads\/2025\/10\/logo-Accio-2-274x300.png\" class=\"attachment-medium\" alt=\"\" loading=\"lazy\" title=\"logo Accio 2\" srcset=\"https:\/\/www.foment.com\/wp-content\/uploads\/2025\/10\/logo-Accio-2-274x300.png 274w, https:\/\/www.foment.com\/wp-content\/uploads\/2025\/10\/logo-Accio-2-768x842.png 768w, https:\/\/www.foment.com\/wp-content\/uploads\/2025\/10\/logo-Accio-2.png 778w\" sizes=\"(max-width: 274px) 100vw, 274px\" \/><\/div>\n<p>[\/vc_column][\/vc_row]<\/p>\n<\/div><div class='clear'><\/div>\n\t\t\t\t\t\t\t\t\t<\/div>\n\t\t\t\t\t\t\t\t<\/div>\n\t\t\t\t\t\t\t<\/div><div class='evo_metarow_organizer evorow evcal_evdata_row evcal_evrow_sm '>\n\t\t\t\t\t\t\t\t<span class='evcal_evdata_icons'><i class='fa fa-headphones'><\/i><\/span>\n\t\t\t\t\t\t\t\t<div class='evcal_evdata_cell'>\t\t\t\t\t\t\t\n\t\t\t\t\t\t\t\t\t<h3 class='evo_h3'>Organizador<\/h3>\n\t\t\t\t\t\t\t\t\t<p class='evo_data_val evo_card_organizer_image'><img src='https:\/\/www.foment.com\/wp-content\/uploads\/2017\/04\/InternacionalEmpresabitotransCAT-200x80.png'\/><\/p>\n\t\t\t\t\t\t\t\t\t<div class='evo_card_organizer'><p class='evo_data_val evo_card_organizer_name'>\n\t\t\t\t\t\t\t\t\t\t<span class='evo_card_organizer_name_t'>Internacional<\/span>\n\t\t\t\t\t\t\t\t\t\t\n\t\t\t\t\t\t\t\t\t\t<\/p><\/div><div class='clear'><\/div>\t\t\t\t\t\t\t\n\t\t\t\t\t\t\t\t<\/div>\n\t\t\t\t\t\t\t<\/div>\t\t\t\t\t\t\t<div class='evo_metarow_ICS evorow evcal_evdata_row'>\n\t\t\t\t\t\t\t\t<span class=\"evcal_evdata_icons\"><i class=\"fa fa-calendar\"><\/i><\/span>\n\t\t\t\t\t\t\t\t<div class='evcal_evdata_cell'>\n\t\t\t\t\t\t\t\t\t<p><a href='https:\/\/www.foment.com\/wp-admin\/admin-ajax.php?action=eventon_ics_download&amp;event_id=217244&amp;ri=0' class='evo_ics_nCal' title='Add to your calendar'>Calendar<\/a><a href='\/\/www.google.com\/calendar\/event?action=TEMPLATE&amp;text=Webinar+%7C+Negociar+amb+clients+internacionals&amp;dates=20260630T070000Z\/20260630T083000Z&amp;ctz=Europe\/Madrid&amp;details=Webinar+%7C+Negociar+amb+clients+internacionals&amp;location=Webinar+por+ZoomWebinar+per+Zoom' target='_blank' class='evo_ics_gCal' title='Add to google calendar'>GoogleCal<\/a><\/p>\t\n\t\t\t\t\t\t\t\t<\/div>\n\t\t\t\t\t\t\t<\/div>\n\t\t\t\t\t\t\t<div class='evo_card_row_end evcal_close' title='Close'><\/div><\/div><div class='clear end'><\/div><\/div><div  id=\"event_216648_0\" class=\"eventon_list_event evo_eventtop scheduled  event event_216648_0\" data-event_id=\"216648\" data-ri=\"0r\" data-time=\"1783414800-1783420200\" data-colr=\"#0db270\" itemscope itemtype='http:\/\/schema.org\/Event'><div class=\"evo_event_schema\" style=\"display:none\" ><a itemprop='url'  href='https:\/\/www.foment.com\/es\/events\/com-identificar-els-mercats-amb-mes-oportunitats\/'><\/a><meta itemprop='image' content=\"https:\/\/www.foment.com\/wp-content\/uploads\/2026\/03\/Diseno-sin-titulo-8-1-scaled.jpg\" \/><meta itemprop='startDate' content=\"2026-7-7T09:00+2:00\" \/><meta itemprop='endDate' content=\"2026-7-7T10:30+2:00\" \/><meta itemprop='eventStatus' content=\"https:\/\/schema.org\/EventScheduled\" \/><item style=\"display:none\" itemprop=\"location\" itemscope itemtype=\"http:\/\/schema.org\/Place\"><span itemprop=\"name\">Webinar por Zoom<\/span><span itemprop=\"address\" itemscope itemtype=\"http:\/\/schema.org\/PostalAddress\"><item itemprop=\"streetAddress\">Webinar per Zoom<\/item><\/span><\/item><item style=\"display:none\" itemprop=\"eventAttendanceMode\" itemscope itemtype=\"https:\/\/schema.org\/OfflineEventAttendanceMode\"><\/item><div itemprop=\"organizer\" itemscope=\"\" itemtype=\"http:\/\/schema.org\/Organization\">\n\t\t\t\t\t    \t<meta itemprop=\"name\" content=\"Internacional\">\n\t\t\t\t\t    \t<\/div><div itemprop=\"performer\" itemscope=\"\" itemtype=\"http:\/\/schema.org\/Person\">\n\t\t\t\t\t    \t<meta itemprop=\"name\" content=\"Internacional\">\n\t\t\t\t\t    <\/div><script type=\"application\/ld+json\">{\"@context\": \"http:\/\/schema.org\",\"@type\": \"Event\",\n\t\t\t\t\t\"@id\": \"event_216648_0\",\n\t\t\t\t\t\"eventAttendanceMode\":\"https:\/\/schema.org\/OfflineEventAttendanceMode\",\n\t\t\t\t\t\"name\": \"Webinar | C\u00d3MO IDENTIFICAR LOS MERCADOS CON M\u00c1S OPORTUNIDADES\",\n\t\t\t\t\t\"url\": \"https:\/\/www.foment.com\/es\/events\/com-identificar-els-mercats-amb-mes-oportunitats\/\",\n\t\t\t\t\t\"startDate\": \"2026-7-7T09:00+2:00\",\n\t\t\t\t\t\"endDate\": \"2026-7-7T10:30+2:00\",\n\t\t\t\t\t\"image\":\"https:\/\/www.foment.com\/wp-content\/uploads\/2026\/03\/Diseno-sin-titulo-8-1-scaled.jpg\", \n\t\t\t\t\t\"description\":\"<p>[vc_row][vc_column]<div class='spacer' style='height: 20px;'><\/div>[vc_btn title=\u00bbInscripci\u00f3n a la sesi\u00f3n\u00bb style=\u00bb3d\u00bb color=\u00bbdanger\u00bb align=\u00bbcenter\u00bb button_block=\u00bbtrue\u00bb link=\u00bburl:https%3A%2F%2Fwww.foment.com%2Fes%2Finscripciones-eventos%2F%3Fidevento%3DF8E8567F-4224-F111-8342-000D3ADCC39A|title:Inscripci%C3%B3n%20a%20la%20sesi%C3%B3n|target:_blank\u00bb]<div class='spacer' style='height: 20px;'><\/div>[vc_column_text]<\/p> <p>&nbsp;<\/p> <p><span style='color: #d2112d; font-family: verdana, geneva, sans-serif; font-size: 21px;'>QUIERES EMPEZAR A EXPORTAR?<\/span><\/p> <p><span style='color: #d2112d; font-family: verdana, geneva, sans-serif; font-size: 16px;'>Te ayudamos a hacer el primer paso, con acompa\u00f1amiento experto y sin coste para la empresa<\/span><\/p> <p><span style='font-family: verdana, geneva, sans-serif; font-size: 12px;'>Internacionalizarse es una oportunidad de crecimiento, pero a menudo tambi\u00e9n genera dudas: por donde empezar, qu\u00e9 mercados priorizar, qu\u00e9 recursos hacen falta o qu\u00e9 riesgos se tienen que tener en cuenta.<\/span><\/p> <p><span style='font-family: verdana, geneva, sans-serif; font-size: 12px;'>Para ayudar a las empresas catalanas a iniciar este camino con m\u00e1s seguridad, ACCI\u00d3 impulsa el programa <a href='https:\/\/eur04.safelinks.protection.outlook.com\/?url=https%3A%2F%2Fpublic-eur.mkt.dynamics.com%2Fapi%2Forgs%2F8d5eafb0-f8ac-4ccb-a7c1-a2767b978f43%2Fr%2F45lUdRwU40Oc5p9I3g8DABEAAAA%3Fmsdynmkt_target%3D%257B%2522TargetUrl%2522%253A%2522https%25253A%25252F%25252Feur04.safelinks.protection.outlook.com%25252F%25253Furl%25253Dhttps%2525253A%2525252F%2525252Fpublic-eur.mkt.dynamics.com%2525252Fapi%2525252Forgs%2525252F8d5eafb0-f8ac-4ccb-a7c1-a2767b978f43%2525252Fr%2525252FubNm8_1fYkKKybgcijEBAAEAAAA%2525253Fmsdynmkt_target%2525253D%252525257B%2525252522TargetUrl%2525252522%252525253A%2525252522https%25252525253A%25252525252F%25252525252Feur04.safelinks.protection.outlook.com%25252525252F%25252525253Furl%25252525253Dhttps%2525252525253A%2525252525252F%2525252525252Fpublic-eur.mkt.dynamics.com%2525252525252Fapi%2525252525252Forgs%2525252525252F8d5eafb0-f8ac-4ccb-a7c1-a2767b978f43%2525252525252Fr%2525252525252FaITv1hKS8kSs6wB3jXECAAsAAAA%2525252525253Fmsdynmkt_target%2525252525253D%252525252525257B%2525252525252522TargetUrl%2525252525252522%252525252525253A%2525252525252522https%25252525252525253A%25252525252525252F%25252525252525252Feur04.safelinks.protection.outlook.com%25252525252525252F%25252525252525253Furl%25252525252525253Dhttps%2525252525252525253A%2525252525252525252F%2525252525252525252Fpublic-eur.mkt.dynamics.com%2525252525252525252Fapi%2525252525252525252Forgs%2525252525252525252F8d5eafb0-f8ac-4ccb-a7c1-a2767b978f43%2525252525252525252Fr%2525252525252525252FLn5gxxoARECGTxqFI30DAAsAAAA%2525252525252525253Fmsdynmkt_target%2525252525252525253D%252525252525252525257B%2525252525252525252522TargetUrl%2525252525252525252522%252525252525252525253A%2525252525252525252522https%25252525252525252525253A%25252525252525252525252F%25252525252525252525252Fformularis.accio.gencat.cat%25252525252525252525252Fweb%25252525252525252525252Fformularis%25252525252525252525252Finscripcions%25252525252525252525252F-%25252525252525252525252Finscripcio%25252525252525252525252F2026%25252525252525252525252F02%25252525252525252525252F03%25252525252525252525252FOnkrUbTR_SM9nz_z85jUAA%25252525252525252525252Fsollicitud-de-diagnostic-pie-foment%25252525252525252525252F%25252525252525252525253Flang%25252525252525252525253Dca_ES%252525252525252525252526portal%25252525252525252525253Daccio%252525252525252525252526_gl%25252525252525252525253D1%25252525252525252525252A9dm0zh%25252525252525252525252A_ga%25252525252525252525252AMTI0NzIzNzQyMC4xNzEyODIyOTgy%25252525252525252525252A_ga_6HSVZS0K1X%25252525252525252525252AczE3NzI3MjM4MjckbzE4OSRnMCR0MTc3MjcyMzgzMiRqNTUkbDAkaDA%2525252525252525252522%252525252525252525252C%2525252525252525252522RedirectOptions%2525252525252525252522%252525252525252525253A%252525252525252525257B%25252525252525252525225%2525252525252525252522%252525252525252525253Anull%252525252525252525252C%25252525252525252525221%2525252525252525252522%252525252525252525253Anull%252525252525252525257D%252525252525252525257D%25252525252525252526msdynmkt_digest%2525252525252525253DA1vZltR2b3nESlG%252525252525252525252BdOmS7YeZ5GTW3dinAdHW2pwAZaw%252525252525252525253D%25252525252525252526msdynmkt_secretVersion%2525252525252525253D7bb221762d0c46939816d3a5592b1359%252525252525252526data%25252525252525253D05%2525252525252525257C02%2525252525252525257Csramirez%25252525252525252540foment.com%2525252525252525257Cc7e7a4617105465e160408de83531847%2525252525252525257Cf37c938d38654a89b99bb000c76a74bf%2525252525252525257C1%2525252525252525257C0%2525252525252525257C639092590089463447%2525252525252525257CUnknown%2525252525252525257CTWFpbGZsb3d8eyJFbXB0eU1hcGkiOnRydWUsIlYiOiIwLjAuMDAwMCIsIlAiOiJXaW4zMiIsIkFOIjoiTWFpbCIsIldUIjoyfQ%2525252525252525253D%2525252525252525253D%2525252525252525257C0%2525252525252525257C%2525252525252525257C%2525252525252525257C%252525252525252526sdata%25252525252525253D8wWi3Z4S7N5i5VCO2QP6AvtWJylRMKEZbvPje18Pg90%2525252525252525253D%252525252525252526reserved%25252525252525253D0%2525252525252522%252525252525252C%2525252525252522RedirectOptions%2525252525252522%252525252525253A%252525252525257B%25252525252525225%2525252525252522%252525252525253Anull%252525252525252C%25252525252525221%2525252525252522%252525252525253Anull%252525252525257D%252525252525257D%25252525252526msdynmkt_digest%2525252525253DYIZexQWs7uZ2WhUfgJqeZuryKVb2vajIvtYv5qE8oRY%252525252525253D%25252525252526msdynmkt_secretVersion%2525252525253D7bb221762d0c46939816d3a5592b1359%252525252526data%25252525253D05%2525252525257C02%2525252525257Csramirez%25252525252540foment.com%2525252525257C565760556e6c4cf5c35308de84384967%2525252525257Cf37c938d38654a89b99bb000c76a74bf%2525252525257C1%2525252525257C0%2525252525257C639093574480490085%2525252525257CUnknown%2525252525257CTWFpbGZsb3d8eyJFbXB0eU1hcGkiOnRydWUsIlYiOiIwLjAuMDAwMCIsIlAiOiJXaW4zMiIsIkFOIjoiTWFpbCIsIldUIjoyfQ%2525252525253D%2525252525253D%2525252525257C0%2525252525257C%2525252525257C%2525252525257C%252525252526sdata%25252525253DN3y2QAkHHQEwnwslqril%2525252525252B%2525252525252BjbsTmbpaH1gsQUjqlx6ho%2525252525253D%252525252526reserved%25252525253D0%2525252522%252525252C%2525252522RedirectOptions%2525252522%252525253A%252525257B%25252525225%2525252522%252525253Anull%252525252C%25252525221%2525252522%252525253Anull%252525257D%252525257D%25252526msdynmkt_digest%2525253DHxSIjxqNyMzq4m6G1OWkNS%252525252FYEFefhiIl8o9iQscMDnI%252525253D%25252526msdynmkt_secretVersion%2525253D7bb221762d0c46939816d3a5592b1359%252526data%25253D05%2525257C02%2525257Csramirez%25252540foment.com%2525257C1d01451646264e7fca2308de88baf1ef%2525257Cf37c938d38654a89b99bb000c76a74bf%2525257C1%2525257C0%2525257C639098533660479269%2525257CUnknown%2525257CTWFpbGZsb3d8eyJFbXB0eU1hcGkiOnRydWUsIlYiOiIwLjAuMDAwMCIsIlAiOiJXaW4zMiIsIkFOIjoiTWFpbCIsIldUIjoyfQ%2525253D%2525253D%2525257C0%2525257C%2525257C%2525257C%252526sdata%25253DF6gmzEwyPcPCX%2525252FFmsqBkWV3LiHiEx0w4lH5lts42Hng%2525253D%252526reserved%25253D0%2522%252C%2522RedirectOptions%2522%253A%257B%25225%2522%253Anull%252C%25221%2522%253Anull%257D%257D%26msdynmkt_digest%3D3pnr7eA2jjjY5%252F04VJpOmyfkKAFHOW2zndgIqJQ0jxA%253D%26msdynmkt_secretVersion%3D7bb221762d0c46939816d3a5592b1359&amp;data=05%7C02%7Csramirez%40foment.com%7C8afd359eaf024f6ce18108de88eb9768%7Cf37c938d38654a89b99bb000c76a74bf%7C1%7C0%7C639098742622094506%7CUnknown%7CTWFpbGZsb3d8eyJFbXB0eU1hcGkiOnRydWUsIlYiOiIwLjAuMDAwMCIsIlAiOiJXaW4zMiIsIkFOIjoiTWFpbCIsIldUIjoyfQ%3D%3D%7C0%7C%7C%7C&amp;sdata=RF2IvKaN3BnkM2OkD4LFqQyO6nwzeRjNzkD66ncBS00%3D&amp;reserved=0'>CATALU\u00d1A EXPORTA<\/a>, dirigido a empresas que quieren iniciarse en la internacionalizaci\u00f3n con un enfoque practic y personalizado.<\/span><\/p> <p><span style='font-family: verdana, geneva, sans-serif; font-size: 12px;'>Desde <a href='https:\/\/eur04.safelinks.protection.outlook.com\/?url=https%3A%2F%2Fpublic-eur.mkt.dynamics.com%2Fapi%2Forgs%2F8d5eafb0-f8ac-4ccb-a7c1-a2767b978f43%2Fr%2F45lUdRwU40Oc5p9I3g8DABIAAAA%3Fmsdynmkt_target%3D%257B%2522TargetUrl%2522%253A%2522https%25253A%25252F%25252Feur04.safelinks.protection.outlook.com%25252F%25253Furl%25253Dhttps%2525253A%2525252F%2525252Fpublic-eur.mkt.dynamics.com%2525252Fapi%2525252Forgs%2525252F8d5eafb0-f8ac-4ccb-a7c1-a2767b978f43%2525252Fr%2525252FubNm8_1fYkKKybgcijEBAAIAAAA%2525253Fmsdynmkt_target%2525253D%252525257B%2525252522TargetUrl%2525252522%252525253A%2525252522https%25252525253A%25252525252F%25252525252Fwww.foment.com%25252525252Fes%25252525252Fcatalunya-exporta%25252525252F%2525252525231767799497417-fa3ae53f-0b5b%2525252522%252525252C%2525252522RedirectOptions%2525252522%252525253A%252525257B%25252525220%2525252522%252525253Anull%252525257D%252525257D%25252526msdynmkt_digest%2525253DbK7c94w0eFraOy9eOgKfYNJ21gIDfLiaSBNv7Ob%252525252FUbc%252525253D%25252526msdynmkt_secretVersion%2525253D7bb221762d0c46939816d3a5592b1359%252526data%25253D05%2525257C02%2525257Csramirez%25252540foment.com%2525257C1d01451646264e7fca2308de88baf1ef%2525257Cf37c938d38654a89b99bb000c76a74bf%2525257C1%2525257C0%2525257C639098533660503029%2525257CUnknown%2525257CTWFpbGZsb3d8eyJFbXB0eU1hcGkiOnRydWUsIlYiOiIwLjAuMDAwMCIsIlAiOiJXaW4zMiIsIkFOIjoiTWFpbCIsIldUIjoyfQ%2525253D%2525253D%2525257C0%2525257C%2525257C%2525257C%252526sdata%25253DnU%2525252FdP3SzDdBLN%2525252BjGlM%2525252BfjpHC30Tp2sKQXa53D7Snr8M%2525253D%252526reserved%25253D0%2522%252C%2522RedirectOptions%2522%253A%257B%25225%2522%253Anull%252C%25221%2522%253Anull%257D%257D%26msdynmkt_digest%3DTMCFNOfb0%252BXu2BCcvcmDJAmwBhXs4eG0zaVP3L6%252BdE8%253D%26msdynmkt_secretVersion%3D7bb221762d0c46939816d3a5592b1359&amp;data=05%7C02%7Csramirez%40foment.com%7C8afd359eaf024f6ce18108de88eb9768%7Cf37c938d38654a89b99bb000c76a74bf%7C1%7C0%7C639098742622129140%7CUnknown%7CTWFpbGZsb3d8eyJFbXB0eU1hcGkiOnRydWUsIlYiOiIwLjAuMDAwMCIsIlAiOiJXaW4zMiIsIkFOIjoiTWFpbCIsIldUIjoyfQ%3D%3D%7C0%7C%7C%7C&amp;sdata=7C9e9pDVf6wZNVwO657qL7YmUDx8m2tkhPCf77GkKqM%3D&amp;reserved=0'>Foment del Treball<\/a>, como entidad colaboradora y agente de apoyo a la internacionalizaci\u00f3n, te acompa\u00f1amos en este proceso para que puedas valorar tu potencial exportador y definir los primeros pasos con criterio.<\/span><\/p> <div class='ms-Grid-row'> <div class='ts-textfield-container ' lang='es'> <div class='ts-alignment-view-container'> <div id='ts-alignment-view-idtgt' class='ts-alignment-view ms-font-m ts-alignment-view-tgt ts-ltr-left-zero' tabindex='0' aria-hidden='false'> <div tabindex='-1' role='label'><span id='tgtAlignment_84' class='ts-alignment-element' style='font-family: verdana, geneva, sans-serif; font-size: 12px;' data-is-focusable='true'>El<\/span> <span id='tgtAlignment_85' class='ts-alignment-element' style='font-family: verdana, geneva, sans-serif; font-size: 12px;' data-is-focusable='true'>objetivo<\/span> <span id='tgtAlignment_86' class='ts-alignment-element' style='font-family: verdana, geneva, sans-serif; font-size: 12px;' data-is-focusable='true'>de<\/span> <span id='tgtAlignment_87' class='ts-alignment-element' style='font-family: verdana, geneva, sans-serif; font-size: 12px;' data-is-focusable='true'>la\u00a0<\/span> <span id='tgtAlignment_88' class='ts-alignment-element' style='font-family: verdana, geneva, sans-serif; font-size: 12px;' data-is-focusable='true'>sesi\u00f3n<\/span> <strong style='font-family: verdana, geneva, sans-serif; font-size: 12px;'>C\u00d3MO IDENTIFICAR LOS MERCADOS CON M\u00c1S OPORTUNIDADES<\/strong> <span id='tgtAlignment_89' class='ts-alignment-element' style='font-family: verdana, geneva, sans-serif; font-size: 12px;' data-is-focusable='true'>es<\/span> <span id='tgtAlignment_90' class='ts-alignment-element' style='font-family: verdana, geneva, sans-serif; font-size: 12px;' data-is-focusable='true'>aprender<\/span> <span id='tgtAlignment_91' class='ts-alignment-element' style='font-family: verdana, geneva, sans-serif; font-size: 12px;' data-is-focusable='true'>a<\/span> <span id='tgtAlignment_92' class='ts-alignment-element' style='font-family: verdana, geneva, sans-serif; font-size: 12px;' data-is-focusable='true'>analizar<\/span> <span id='tgtAlignment_93' class='ts-alignment-element' style='font-family: verdana, geneva, sans-serif; font-size: 12px;' data-is-focusable='true'>los<\/span> <span id='tgtAlignment_94' class='ts-alignment-element' style='font-family: verdana, geneva, sans-serif; font-size: 12px;' data-is-focusable='true'>mercados<\/span> <span id='tgtAlignment_95' class='ts-alignment-element' style='font-family: verdana, geneva, sans-serif; font-size: 12px;' data-is-focusable='true'>internacionales<\/span> <span id='tgtAlignment_96' class='ts-alignment-element' style='font-family: verdana, geneva, sans-serif; font-size: 12px;' data-is-focusable='true'>para<\/span> <span id='tgtAlignment_97' class='ts-alignment-element' style='font-family: verdana, geneva, sans-serif; font-size: 12px;' data-is-focusable='true'>identificar<\/span> <span id='tgtAlignment_98' class='ts-alignment-element' style='font-family: verdana, geneva, sans-serif; font-size: 12px;' data-is-focusable='true'>y<\/span> <span id='tgtAlignment_99' class='ts-alignment-element' style='font-family: verdana, geneva, sans-serif; font-size: 12px;' data-is-focusable='true'>seleccionar<\/span> <span id='tgtAlignment_100' class='ts-alignment-element' style='font-family: verdana, geneva, sans-serif; font-size: 12px;' data-is-focusable='true'>los<\/span> <span id='tgtAlignment_101' class='ts-alignment-element' style='font-family: verdana, geneva, sans-serif; font-size: 12px;' data-is-focusable='true'>m\u00e1s<\/span> <span id='tgtAlignment_102' class='ts-alignment-element' style='font-family: verdana, geneva, sans-serif; font-size: 12px;' data-is-focusable='true'>adecuados,<\/span> <span id='tgtAlignment_103' class='ts-alignment-element' style='font-family: verdana, geneva, sans-serif; font-size: 12px;' data-is-focusable='true'>utilizando<\/span> <span id='tgtAlignment_104' class='ts-alignment-element' style='font-family: verdana, geneva, sans-serif; font-size: 12px;' data-is-focusable='true'>fuentes<\/span> <span id='tgtAlignment_105' class='ts-alignment-element' style='font-family: verdana, geneva, sans-serif; font-size: 12px;' data-is-focusable='true'>de<\/span> <span id='tgtAlignment_106' class='ts-alignment-element' style='font-family: verdana, geneva, sans-serif; font-size: 12px;' data-is-focusable='true'>informaci\u00f3n,<\/span> <span id='tgtAlignment_107' class='ts-alignment-element' style='font-family: verdana, geneva, sans-serif; font-size: 12px;' data-is-focusable='true'>criterios<\/span> <span id='tgtAlignment_108' class='ts-alignment-element' style='font-family: verdana, geneva, sans-serif; font-size: 12px;' data-is-focusable='true'>de<\/span> <span id='tgtAlignment_109' class='ts-alignment-element' style='font-family: verdana, geneva, sans-serif; font-size: 12px;' data-is-focusable='true'>priorizaci\u00f3n,<\/span> <span id='tgtAlignment_110' class='ts-alignment-element' style='font-family: verdana, geneva, sans-serif; font-size: 12px;' data-is-focusable='true'>an\u00e1lisis<\/span> <span id='tgtAlignment_111' class='ts-alignment-element' style='font-family: verdana, geneva, sans-serif; font-size: 12px;' data-is-focusable='true'>de<\/span> <span id='tgtAlignment_112' class='ts-alignment-element' style='font-family: verdana, geneva, sans-serif; font-size: 12px;' data-is-focusable='true'>la<\/span> <span id='tgtAlignment_113' class='ts-alignment-element' style='font-family: verdana, geneva, sans-serif; font-size: 12px;' data-is-focusable='true'>competencia<\/span> <span id='tgtAlignment_114' class='ts-alignment-element' style='font-family: verdana, geneva, sans-serif; font-size: 12px;' data-is-focusable='true'>y<\/span> <span id='tgtAlignment_115' class='ts-alignment-element' style='font-family: verdana, geneva, sans-serif; font-size: 12px;' data-is-focusable='true'>un<\/span> <span id='tgtAlignment_116' class='ts-alignment-element' style='font-family: verdana, geneva, sans-serif; font-size: 12px;' data-is-focusable='true'>mapa<\/span> <span id='tgtAlignment_117' class='ts-alignment-element' style='font-family: verdana, geneva, sans-serif; font-size: 12px;' data-is-focusable='true'>de<\/span> <span id='tgtAlignment_118' class='ts-alignment-element' style='font-family: verdana, geneva, sans-serif; font-size: 12px;' data-is-focusable='true'>oportunidades.<\/span><\/div> <div tabindex='-1' role='label'> <p>&nbsp;<\/p> <p><span style='color: #d2112d;'><strong style='font-family: verdana, geneva, sans-serif; font-size: 12px;'>PROGRAMA<\/strong><\/span><\/p> <p><span style='font-family: verdana, geneva, sans-serif; font-size: 12px;'><span id='tgtAlignment_120' class='ts-alignment-element' style='color: #d2112d;' data-is-focusable='true'>09:00<\/span><span id='tgtAlignment_121' class='ts-alignment-element' style='color: #d2112d;' data-is-focusable='true'>h.<\/span><span style='color: #d2112d;'> | <\/span><span id='tgtAlignment_122' class='ts-alignment-element' style='color: #d2112d;' data-is-focusable='true'>Bienvenida<\/span> <span id='tgtAlignment_123' class='ts-alignment-element' style='color: #d2112d;' data-is-focusable='true'>y<\/span> <span id='tgtAlignment_124' class='ts-alignment-element' style='color: #d2112d;' data-is-focusable='true'>presentaci\u00f3n<\/span> <span id='tgtAlignment_125' class='ts-alignment-element' style='color: #d2112d;' data-is-focusable='true'>del<\/span> <span id='tgtAlignment_126' class='ts-alignment-element' style='color: #d2112d;' data-is-focusable='true'>Programa<\/span> <span id='tgtAlignment_127' class='ts-alignment-element' style='color: #d2112d;' data-is-focusable='true'>Catalu\u00f1a<\/span> <span id='tgtAlignment_128' class='ts-alignment-element' style='color: #d2112d;' data-is-focusable='true'>Exporta<\/span><\/span><\/p> <\/div> <\/div> <\/div> <\/div> <\/div> <div class='ms-Grid-row'> <div class='ts-textfield-container ' lang='es'> <div class='ts-alignment-view-container'> <div id='ts-alignment-view-idtgt' class='ts-alignment-view ms-font-m ts-alignment-view-tgt ts-ltr-left-zero' tabindex='0' aria-hidden='false'> <div tabindex='-1' role='label'><span style='color: #d2112d; font-family: verdana, geneva, sans-serif; font-size: 12px;'><span id='tgtAlignment_129' class='ts-alignment-element' data-is-focusable='true'>09:10<\/span><span id='tgtAlignment_130' class='ts-alignment-element' data-is-focusable='true'>h.<\/span> | <strong><span id='tgtAlignment_131' class='ts-alignment-element' data-is-focusable='true'>C\u00f3mo<\/span> <span id='tgtAlignment_132' class='ts-alignment-element' data-is-focusable='true'>identificar<\/span> <span id='tgtAlignment_133' class='ts-alignment-element' data-is-focusable='true'>los<\/span> <span id='tgtAlignment_134' class='ts-alignment-element' data-is-focusable='true'>mercados<\/span> <span id='tgtAlignment_135' class='ts-alignment-element' data-is-focusable='true'>con<\/span> <span id='tgtAlignment_136' class='ts-alignment-element' data-is-focusable='true'>m\u00e1s<\/span> <span id='tgtAlignment_137' class='ts-alignment-element' data-is-focusable='true'>oportunidades<\/span><\/strong><\/span><\/div> <\/div> <div id='ts-alignment-view-idtgt' class='ts-alignment-view ms-font-m ts-alignment-view-tgt ts-ltr-left-zero' tabindex='0' aria-hidden='false'> <div style='padding-left: 40px;' tabindex='-1' role='label'><span style='font-family: verdana, geneva, sans-serif; font-size: 12px;'><strong><span id='tgtAlignment_138' class='ts-alignment-element' data-is-focusable='true'>Isabel <\/span><\/strong><span id='tgtAlignment_139' class='ts-alignment-element' data-is-focusable='true'><strong>Garcia<\/strong>,<\/span> <span id='tgtAlignment_140' class='ts-alignment-element' data-is-focusable='true'>Senior<\/span> <span id='tgtAlignment_141' class='ts-alignment-element' data-is-focusable='true'>International<\/span> <span id='tgtAlignment_142' class='ts-alignment-element' data-is-focusable='true'>Consultant,<\/span> <span id='tgtAlignment_143' class='ts-alignment-element' data-is-focusable='true'>BarcelonaExport<\/span><\/span><\/div> <div tabindex='-1' role='label'><\/div> <div tabindex='-1' role='label'><span style='color: #d2112d; font-family: verdana, geneva, sans-serif; font-size: 12px;'><span id='tgtAlignment_144' class='ts-alignment-element' data-is-focusable='true'>10:20<\/span><span id='tgtAlignment_145' class='ts-alignment-element' data-is-focusable='true'>h.<\/span> | <span id='tgtAlignment_146' class='ts-alignment-element' data-is-focusable='true'>Turno<\/span> <span id='tgtAlignment_147' class='ts-alignment-element' data-is-focusable='true'>de<\/span> <span id='tgtAlignment_148' class='ts-alignment-element' data-is-focusable='true'>preguntas<\/span><\/span><\/div> <div tabindex='-1' role='label'><\/div> <div tabindex='-1' role='label'><span style='color: #d2112d; font-family: verdana, geneva, sans-serif; font-size: 12px;'><span id='tgtAlignment_149' class='ts-alignment-element' data-is-focusable='true'>10:30<\/span><span id='tgtAlignment_150' class='ts-alignment-element' data-is-focusable='true'>h.<\/span> | <span id='tgtAlignment_151' class='ts-alignment-element' data-is-focusable='true'>Fin<\/span> <span id='tgtAlignment_152' class='ts-alignment-element' data-is-focusable='true'>de<\/span> <span id='tgtAlignment_153' class='ts-alignment-element' data-is-focusable='true'>la<\/span> <span id='tgtAlignment_154' class='ts-alignment-element' data-is-focusable='true'>sesi\u00f3n<\/span><\/span><\/div> <\/div> <\/div> <\/div> <\/div> <div tabindex='-1' role='label'><\/div> <div tabindex='-1' role='label'><\/div> <div tabindex='-1' role='label'><\/div> <div class='ms-Grid-row'> <div class='ts-textfield-container ' lang='es'> <div class='ts-alignment-view-container'> <div id='ts-alignment-view-idtgt' class='ts-alignment-view ms-font-m ts-alignment-view-tgt ts-ltr-left-zero' tabindex='0' aria-hidden='false'><\/div> <\/div> <\/div> <\/div> <div class='ms-Grid-row'> <div id='CollapsibleComponent'> <div id='CollapsibleComponentHeader' class='ts-collapsible-component-header' tabindex='0' role='button' aria-label='Traducciones de mercados' aria-expanded='true'><\/div> <div id='CollapsibleComponentBody' class='ts-margin-top-5px'> <div class='ts-alternate-translations'> <div class='ts-alternate-translations-group'> <div class='ms-List ts-alternate-translations-list' role='list'> <div class='ms-List-surface' role='presentation'> <div class='ms-List-page' role='presentation'> <div class='ms-List-cell' role='listitem' data-list-index='0' data-automationid='ListCell'> <div id='alternate-translations-item_0_0' class='ts-altTranslation-container'> <div class='ts-altTranslation-container-main'> <div id='alternate-translations-item_0_0_content' class='ts-altTranslation-content' tabindex='0'><\/div> <\/div> <\/div> <\/div> <\/div> <\/div> <\/div> <\/div> <\/div> <\/div> <\/div> <\/div> <p>[\/vc_column_text][\/vc_column][\/vc_row][vc_row][vc_column width=\u00bb1\/1&#8243;]<div class='single_image wpb_content_element align-left    ' data-animation='none' data-delay='0'><img width='1900' height='300' src='https:\/\/www.foment.com\/wp-content\/uploads\/2026\/03\/ACCIO-1.png' class='attachment-full' alt='' loading='lazy' title='ACCI\u00d3' srcset='https:\/\/www.foment.com\/wp-content\/uploads\/2026\/03\/ACCIO-1.png 1900w, https:\/\/www.foment.com\/wp-content\/uploads\/2026\/03\/ACCIO-1-300x47.png 300w, https:\/\/www.foment.com\/wp-content\/uploads\/2026\/03\/ACCIO-1-1024x162.png 1024w, https:\/\/www.foment.com\/wp-content\/uploads\/2026\/03\/ACCIO-1-768x121.png 768w, https:\/\/www.foment.com\/wp-content\/uploads\/2026\/03\/ACCIO-1-1536x243.png 1536w' sizes='(max-width: 1900px) 100vw, 1900px' \/><\/div>[\/vc_column][\/vc_row][vc_row][vc_column width=\u00bb1\/2&#8243;][vc_column_text]<span style='font-family: verdana, geneva, sans-serif; font-size: 12px;'>Amb el suport de:\u00a0<\/span>[\/vc_column_text]<div class='single_image wpb_content_element align-left    ' data-animation='none' data-delay='0'><a href='http:\/\/www.accio.gencat.cat' target='_self'><img width='300' height='67' src='https:\/\/www.foment.com\/wp-content\/uploads\/2026\/03\/Imagen2-1-300x67.png' class='attachment-medium' alt='' loading='lazy' title='Imagen2' srcset='https:\/\/www.foment.com\/wp-content\/uploads\/2026\/03\/Imagen2-1-300x67.png 300w, https:\/\/www.foment.com\/wp-content\/uploads\/2026\/03\/Imagen2-1.png 314w' sizes='(max-width: 300px) 100vw, 300px' \/><\/a><\/div>[\/vc_column][vc_column width=\u00bb1\/2&#8243;][vc_column_text]<span style='font-family: verdana, geneva, sans-serif; font-size: 12px;'>Agent de suport de la Internacionalitzaci\u00f3<\/span>[\/vc_column_text]<div class='single_image wpb_content_element align-left    ' data-animation='none' data-delay='0'><img width='274' height='300' src='https:\/\/www.foment.com\/wp-content\/uploads\/2025\/11\/Agent-Suport-Internacionalizacio_Vertical-274x300.png' class='attachment-medium' alt='' loading='lazy' title='Agent Suport Internacionalizaci\u00f3_Vertical' srcset='https:\/\/www.foment.com\/wp-content\/uploads\/2025\/11\/Agent-Suport-Internacionalizacio_Vertical-274x300.png 274w, https:\/\/www.foment.com\/wp-content\/uploads\/2025\/11\/Agent-Suport-Internacionalizacio_Vertical-768x842.png 768w, https:\/\/www.foment.com\/wp-content\/uploads\/2025\/11\/Agent-Suport-Internacionalizacio_Vertical.png 778w' sizes='(max-width: 274px) 100vw, 274px' \/><\/div>[\/vc_column][\/vc_row]<\/p> \",\"location\":[{\"@type\":\"Place\",\"name\":\"Webinar por Zoom\",\"address\":{\"@type\": \"PostalAddress\",\"streetAddress\":\"Webinar per Zoom\"}}],\"organizer\":{\"@type\":\"Organization\",\"name\":\"Internacional\"},\"performer\":{\"@type\":\"Person\",\"name\":\"Internacional\"},\"eventStatus\":\"https:\/\/schema.org\/EventScheduled\"}<\/script><\/div>\n\t\t\t\t<p class=\"desc_trig_outter\" style=\"background-color:#ffffff;flex-direction: row;\"><a data-gmap_status=\"null\" data-exlk=\"1\"  style=\"border-color: #0db270;\" id=\"evc_1783414800216648\" class=\"hasFtIMG desc_trig evo_internacional-es-2 evo_misiones-internacionales sin_val evcal_list_a\" data-ux_val=\"3\"  ><span class='ev_ftImg' data-img='https:\/\/www.foment.com\/wp-content\/uploads\/2026\/03\/Diseno-sin-titulo-8-1-scaled.jpg' data-thumb='https:\/\/www.foment.com\/wp-content\/uploads\/2026\/03\/Diseno-sin-titulo-8-1-300x150.jpg' style='background-image:url(\"https:\/\/www.foment.com\/wp-content\/uploads\/2026\/03\/Diseno-sin-titulo-8-1-300x150.jpg\")'><\/span><style>.ajde_evcal_calendar.boxy #evcal_list .eventon_list_event .evcal_desc em{color:black;}<\/style><span style='width:100%; background-color:#0db270 !important;' class='evcal_cblock ' data-smon='julio' data-syr='2026'><span style='margin-top: 7px;margin-bottom: 7px;' class='evo_start '><em class='date'>07<\/em><em class='month'>jul<\/em><em class='time'>9:00<\/em><\/span><span style='margin-top: 7px;margin-bottom: 7px;' class='evo_end only_time'><em class='time'>10:30<\/em><\/span><em class='clear'><\/em><\/span><span class='evcal_desc evo_info '  data-location_address=\"Webinar per Zoom\" data-location_type=\"address\" data-location_name=\"Webinar por Zoom\" data-location_url=\"https:\/\/www.foment.com\/es\/event-location\/webinar-por-zoom\/\" data-location_status=\"true\" ><span class='evo_above_title'><\/span><span class='evcal_desc2 evcal_event_title hbaevatitle' itemprop='name'>Webinar | C\u00d3MO IDENTIFICAR LOS MERCADOS CON M\u00c1S OPORTUNIDADES<\/span><span class='evo_below_title'><span class='evcal_event_subtitle' >Programa Catalunya Exporta<\/span><\/span><span class='evcal_desc_info' ><em class='evcal_time evo_tz_time'>9:00 - 10:30<\/em> <\/span><span class='evcal_desc3'><em class=\"evcal_location\"  data-add_str=\"\"><em class=\"event_location_name\">Webinar por Zoom<\/em><\/em><\/span><span style='height: 60px;'  class='evcal_desc3' ><span class='evcal_event_types ett1'><em>C =<\/em><em data-filter='event_type'>Internacional,<\/em><em data-filter='event_type'>Misiones Internacionales<\/em><i class='clear'><\/i><\/span><\/span><\/span><em class='clear'><\/em><\/a><\/p><div class='event_description evcal_eventcard ' style=\"display:none\"><div class='evo_metarow_fimg evorow evcal_evdata_img evcal_evdata_row  evo_imghover' data-imgheight='1280' data-imgwidth='2560'  style='background-image: url(\"https:\/\/www.foment.com\/wp-content\/uploads\/2026\/03\/Diseno-sin-titulo-8-1-scaled.jpg\")' data-imgstyle='full' data-minheight='400' data-status=''><\/div><div class='evcal_evdata_row evorow_2b evo_metarow_time_location evorow  '>\n\t\t\t\t\t\t\t\t<div class='evorow_b evorow_b1 evo_time'>\n\t\t\t\t\t\t\t\t\t<span class='evcal_evdata_icons'><i class='fa fa-clock'><\/i><\/span>\n\t\t\t\t\t\t\t\t\t<div class='evcal_evdata_cell'>\t\t\t\t\t\t\t\n\t\t\t\t\t\t\t\t\t\t<h3 class='evo_h3'><span class='evcal_evdata_icons'><i class='fa fa-clock'><\/i><\/span>Horario<\/h3>\n\t\t\t\t\t\t\t\t\t\t<p><span class='evo_eventcard_time_t'>(Martes) 9:00 - 10:30<\/span><\/p>\n\t\t\t\t\t\t\t\t\t<\/div>\n\t\t\t\t\t\t\t\t<\/div>\n\t\t\t\t\t\t\t\t<div class='evorow_b evo_location'>\n\t\t\t\t\t\t\t\t\t<span class='evcal_evdata_icons'><i class='fa fa-map-marker-alt'><\/i><\/span>\n\t\t\t\t\t\t\t\t\t<div class='evcal_evdata_cell' data-loc_tax_id='3536'><h3 class='evo_h3'><span class='evcal_evdata_icons'><i class='fa fa-map-marker-alt'><\/i><\/span>Lugar<\/h3><p class='evo_location_name'>Webinar por Zoom<\/p><p class='evo_location_address'>Webinar per Zoom<\/p><\/div>\n\t\t\t\t\t\t\t\t<\/div>\n\t\t\t\t\t\t\t\t\n\t\t\t\t\t\t\t<\/div><div class='evo_metarow_details evorow evcal_evdata_row evcal_event_details'>\n\t\t\t\t\t\t\t\t<div class=\"event_excerpt\" style=\"display:none\"><h3 class=\"padb5 evo_h3\">Detalles del evento<\/h3><p>[vc_row][vc_column][vc_btn title=\u00bbInscripci\u00f3n a la sesi\u00f3n\u00bb style=\u00bb3d\u00bb color=\u00bbdanger\u00bb align=\u00bbcenter\u00bb button_block=\u00bbtrue\u00bb link=\u00bburl:https%3A%2F%2Fwww.foment.com%2Fes%2Finscripciones-eventos%2F%3Fidevento%3DF8E8567F-4224-F111-8342-000D3ADCC39A|title:Inscripci%C3%B3n%20a%20la%20sesi%C3%B3n|target:_blank\u00bb][vc_column_text]\n&nbsp;\nQUIERES EMPEZAR A EXPORTAR?\n<\/p><\/div><span class='evcal_evdata_icons'><i class='fa fa-align-justify'><\/i><\/span>\n\t\t\t\t\t\t\t\t\n\t\t\t\t\t\t\t\t<div class='evcal_evdata_cell '>\n\t\t\t\t\t\t\t\t\t<div class='eventon_full_description'>\n\t\t\t\t\t\t\t\t\t\t<h3 class='padb5 evo_h3'><span class='evcal_evdata_icons'><i class='fa fa-align-justify'><\/i><\/span>Detalles del evento<\/h3>\n\t\t\t\t\t\t\t\t\t\t<div class='eventon_desc_in' itemprop='description'>\n\t\t\t\t\t\t\t\t\t\t<p>[vc_row][vc_column]<\/p>\n<div class=\"spacer\" style=\"height: 20px;\"><\/div>\n<p>[vc_btn title=\u00bbInscripci\u00f3n a la sesi\u00f3n\u00bb style=\u00bb3d\u00bb color=\u00bbdanger\u00bb align=\u00bbcenter\u00bb button_block=\u00bbtrue\u00bb link=\u00bburl:https%3A%2F%2Fwww.foment.com%2Fes%2Finscripciones-eventos%2F%3Fidevento%3DF8E8567F-4224-F111-8342-000D3ADCC39A|title:Inscripci%C3%B3n%20a%20la%20sesi%C3%B3n|target:_blank\u00bb]<\/p>\n<div class=\"spacer\" style=\"height: 20px;\"><\/div>\n<p>[vc_column_text]<\/p>\n<p>&nbsp;<\/p>\n<p><span style=\"color: #d2112d; font-family: verdana, geneva, sans-serif; font-size: 21px;\">QUIERES EMPEZAR A EXPORTAR?<\/span><\/p>\n<p><span style=\"color: #d2112d; font-family: verdana, geneva, sans-serif; font-size: 16px;\">Te ayudamos a hacer el primer paso, con acompa\u00f1amiento experto y sin coste para la empresa<\/span><\/p>\n<p><span style=\"font-family: verdana, geneva, sans-serif; font-size: 12px;\">Internacionalizarse es una oportunidad de crecimiento, pero a menudo tambi\u00e9n genera dudas: por donde empezar, qu\u00e9 mercados priorizar, qu\u00e9 recursos hacen falta o qu\u00e9 riesgos se tienen que tener en cuenta.<\/span><\/p>\n<p><span style=\"font-family: verdana, geneva, sans-serif; font-size: 12px;\">Para ayudar a las empresas catalanas a iniciar este camino con m\u00e1s seguridad, ACCI\u00d3 impulsa el programa <a href=\"https:\/\/eur04.safelinks.protection.outlook.com\/?url=https%3A%2F%2Fpublic-eur.mkt.dynamics.com%2Fapi%2Forgs%2F8d5eafb0-f8ac-4ccb-a7c1-a2767b978f43%2Fr%2F45lUdRwU40Oc5p9I3g8DABEAAAA%3Fmsdynmkt_target%3D%257B%2522TargetUrl%2522%253A%2522https%25253A%25252F%25252Feur04.safelinks.protection.outlook.com%25252F%25253Furl%25253Dhttps%2525253A%2525252F%2525252Fpublic-eur.mkt.dynamics.com%2525252Fapi%2525252Forgs%2525252F8d5eafb0-f8ac-4ccb-a7c1-a2767b978f43%2525252Fr%2525252FubNm8_1fYkKKybgcijEBAAEAAAA%2525253Fmsdynmkt_target%2525253D%252525257B%2525252522TargetUrl%2525252522%252525253A%2525252522https%25252525253A%25252525252F%25252525252Feur04.safelinks.protection.outlook.com%25252525252F%25252525253Furl%25252525253Dhttps%2525252525253A%2525252525252F%2525252525252Fpublic-eur.mkt.dynamics.com%2525252525252Fapi%2525252525252Forgs%2525252525252F8d5eafb0-f8ac-4ccb-a7c1-a2767b978f43%2525252525252Fr%2525252525252FaITv1hKS8kSs6wB3jXECAAsAAAA%2525252525253Fmsdynmkt_target%2525252525253D%252525252525257B%2525252525252522TargetUrl%2525252525252522%252525252525253A%2525252525252522https%25252525252525253A%25252525252525252F%25252525252525252Feur04.safelinks.protection.outlook.com%25252525252525252F%25252525252525253Furl%25252525252525253Dhttps%2525252525252525253A%2525252525252525252F%2525252525252525252Fpublic-eur.mkt.dynamics.com%2525252525252525252Fapi%2525252525252525252Forgs%2525252525252525252F8d5eafb0-f8ac-4ccb-a7c1-a2767b978f43%2525252525252525252Fr%2525252525252525252FLn5gxxoARECGTxqFI30DAAsAAAA%2525252525252525253Fmsdynmkt_target%2525252525252525253D%252525252525252525257B%2525252525252525252522TargetUrl%2525252525252525252522%252525252525252525253A%2525252525252525252522https%25252525252525252525253A%25252525252525252525252F%25252525252525252525252Fformularis.accio.gencat.cat%25252525252525252525252Fweb%25252525252525252525252Fformularis%25252525252525252525252Finscripcions%25252525252525252525252F-%25252525252525252525252Finscripcio%25252525252525252525252F2026%25252525252525252525252F02%25252525252525252525252F03%25252525252525252525252FOnkrUbTR_SM9nz_z85jUAA%25252525252525252525252Fsollicitud-de-diagnostic-pie-foment%25252525252525252525252F%25252525252525252525253Flang%25252525252525252525253Dca_ES%252525252525252525252526portal%25252525252525252525253Daccio%252525252525252525252526_gl%25252525252525252525253D1%25252525252525252525252A9dm0zh%25252525252525252525252A_ga%25252525252525252525252AMTI0NzIzNzQyMC4xNzEyODIyOTgy%25252525252525252525252A_ga_6HSVZS0K1X%25252525252525252525252AczE3NzI3MjM4MjckbzE4OSRnMCR0MTc3MjcyMzgzMiRqNTUkbDAkaDA%2525252525252525252522%252525252525252525252C%2525252525252525252522RedirectOptions%2525252525252525252522%252525252525252525253A%252525252525252525257B%25252525252525252525225%2525252525252525252522%252525252525252525253Anull%252525252525252525252C%25252525252525252525221%2525252525252525252522%252525252525252525253Anull%252525252525252525257D%252525252525252525257D%25252525252525252526msdynmkt_digest%2525252525252525253DA1vZltR2b3nESlG%252525252525252525252BdOmS7YeZ5GTW3dinAdHW2pwAZaw%252525252525252525253D%25252525252525252526msdynmkt_secretVersion%2525252525252525253D7bb221762d0c46939816d3a5592b1359%252525252525252526data%25252525252525253D05%2525252525252525257C02%2525252525252525257Csramirez%25252525252525252540foment.com%2525252525252525257Cc7e7a4617105465e160408de83531847%2525252525252525257Cf37c938d38654a89b99bb000c76a74bf%2525252525252525257C1%2525252525252525257C0%2525252525252525257C639092590089463447%2525252525252525257CUnknown%2525252525252525257CTWFpbGZsb3d8eyJFbXB0eU1hcGkiOnRydWUsIlYiOiIwLjAuMDAwMCIsIlAiOiJXaW4zMiIsIkFOIjoiTWFpbCIsIldUIjoyfQ%2525252525252525253D%2525252525252525253D%2525252525252525257C0%2525252525252525257C%2525252525252525257C%2525252525252525257C%252525252525252526sdata%25252525252525253D8wWi3Z4S7N5i5VCO2QP6AvtWJylRMKEZbvPje18Pg90%2525252525252525253D%252525252525252526reserved%25252525252525253D0%2525252525252522%252525252525252C%2525252525252522RedirectOptions%2525252525252522%252525252525253A%252525252525257B%25252525252525225%2525252525252522%252525252525253Anull%252525252525252C%25252525252525221%2525252525252522%252525252525253Anull%252525252525257D%252525252525257D%25252525252526msdynmkt_digest%2525252525253DYIZexQWs7uZ2WhUfgJqeZuryKVb2vajIvtYv5qE8oRY%252525252525253D%25252525252526msdynmkt_secretVersion%2525252525253D7bb221762d0c46939816d3a5592b1359%252525252526data%25252525253D05%2525252525257C02%2525252525257Csramirez%25252525252540foment.com%2525252525257C565760556e6c4cf5c35308de84384967%2525252525257Cf37c938d38654a89b99bb000c76a74bf%2525252525257C1%2525252525257C0%2525252525257C639093574480490085%2525252525257CUnknown%2525252525257CTWFpbGZsb3d8eyJFbXB0eU1hcGkiOnRydWUsIlYiOiIwLjAuMDAwMCIsIlAiOiJXaW4zMiIsIkFOIjoiTWFpbCIsIldUIjoyfQ%2525252525253D%2525252525253D%2525252525257C0%2525252525257C%2525252525257C%2525252525257C%252525252526sdata%25252525253DN3y2QAkHHQEwnwslqril%2525252525252B%2525252525252BjbsTmbpaH1gsQUjqlx6ho%2525252525253D%252525252526reserved%25252525253D0%2525252522%252525252C%2525252522RedirectOptions%2525252522%252525253A%252525257B%25252525225%2525252522%252525253Anull%252525252C%25252525221%2525252522%252525253Anull%252525257D%252525257D%25252526msdynmkt_digest%2525253DHxSIjxqNyMzq4m6G1OWkNS%252525252FYEFefhiIl8o9iQscMDnI%252525253D%25252526msdynmkt_secretVersion%2525253D7bb221762d0c46939816d3a5592b1359%252526data%25253D05%2525257C02%2525257Csramirez%25252540foment.com%2525257C1d01451646264e7fca2308de88baf1ef%2525257Cf37c938d38654a89b99bb000c76a74bf%2525257C1%2525257C0%2525257C639098533660479269%2525257CUnknown%2525257CTWFpbGZsb3d8eyJFbXB0eU1hcGkiOnRydWUsIlYiOiIwLjAuMDAwMCIsIlAiOiJXaW4zMiIsIkFOIjoiTWFpbCIsIldUIjoyfQ%2525253D%2525253D%2525257C0%2525257C%2525257C%2525257C%252526sdata%25253DF6gmzEwyPcPCX%2525252FFmsqBkWV3LiHiEx0w4lH5lts42Hng%2525253D%252526reserved%25253D0%2522%252C%2522RedirectOptions%2522%253A%257B%25225%2522%253Anull%252C%25221%2522%253Anull%257D%257D%26msdynmkt_digest%3D3pnr7eA2jjjY5%252F04VJpOmyfkKAFHOW2zndgIqJQ0jxA%253D%26msdynmkt_secretVersion%3D7bb221762d0c46939816d3a5592b1359&amp;data=05%7C02%7Csramirez%40foment.com%7C8afd359eaf024f6ce18108de88eb9768%7Cf37c938d38654a89b99bb000c76a74bf%7C1%7C0%7C639098742622094506%7CUnknown%7CTWFpbGZsb3d8eyJFbXB0eU1hcGkiOnRydWUsIlYiOiIwLjAuMDAwMCIsIlAiOiJXaW4zMiIsIkFOIjoiTWFpbCIsIldUIjoyfQ%3D%3D%7C0%7C%7C%7C&amp;sdata=RF2IvKaN3BnkM2OkD4LFqQyO6nwzeRjNzkD66ncBS00%3D&amp;reserved=0\">CATALU\u00d1A EXPORTA<\/a>, dirigido a empresas que quieren iniciarse en la internacionalizaci\u00f3n con un enfoque practic y personalizado.<\/span><\/p>\n<p><span style=\"font-family: verdana, geneva, sans-serif; font-size: 12px;\">Desde <a href=\"https:\/\/eur04.safelinks.protection.outlook.com\/?url=https%3A%2F%2Fpublic-eur.mkt.dynamics.com%2Fapi%2Forgs%2F8d5eafb0-f8ac-4ccb-a7c1-a2767b978f43%2Fr%2F45lUdRwU40Oc5p9I3g8DABIAAAA%3Fmsdynmkt_target%3D%257B%2522TargetUrl%2522%253A%2522https%25253A%25252F%25252Feur04.safelinks.protection.outlook.com%25252F%25253Furl%25253Dhttps%2525253A%2525252F%2525252Fpublic-eur.mkt.dynamics.com%2525252Fapi%2525252Forgs%2525252F8d5eafb0-f8ac-4ccb-a7c1-a2767b978f43%2525252Fr%2525252FubNm8_1fYkKKybgcijEBAAIAAAA%2525253Fmsdynmkt_target%2525253D%252525257B%2525252522TargetUrl%2525252522%252525253A%2525252522https%25252525253A%25252525252F%25252525252Fwww.foment.com%25252525252Fes%25252525252Fcatalunya-exporta%25252525252F%2525252525231767799497417-fa3ae53f-0b5b%2525252522%252525252C%2525252522RedirectOptions%2525252522%252525253A%252525257B%25252525220%2525252522%252525253Anull%252525257D%252525257D%25252526msdynmkt_digest%2525253DbK7c94w0eFraOy9eOgKfYNJ21gIDfLiaSBNv7Ob%252525252FUbc%252525253D%25252526msdynmkt_secretVersion%2525253D7bb221762d0c46939816d3a5592b1359%252526data%25253D05%2525257C02%2525257Csramirez%25252540foment.com%2525257C1d01451646264e7fca2308de88baf1ef%2525257Cf37c938d38654a89b99bb000c76a74bf%2525257C1%2525257C0%2525257C639098533660503029%2525257CUnknown%2525257CTWFpbGZsb3d8eyJFbXB0eU1hcGkiOnRydWUsIlYiOiIwLjAuMDAwMCIsIlAiOiJXaW4zMiIsIkFOIjoiTWFpbCIsIldUIjoyfQ%2525253D%2525253D%2525257C0%2525257C%2525257C%2525257C%252526sdata%25253DnU%2525252FdP3SzDdBLN%2525252BjGlM%2525252BfjpHC30Tp2sKQXa53D7Snr8M%2525253D%252526reserved%25253D0%2522%252C%2522RedirectOptions%2522%253A%257B%25225%2522%253Anull%252C%25221%2522%253Anull%257D%257D%26msdynmkt_digest%3DTMCFNOfb0%252BXu2BCcvcmDJAmwBhXs4eG0zaVP3L6%252BdE8%253D%26msdynmkt_secretVersion%3D7bb221762d0c46939816d3a5592b1359&amp;data=05%7C02%7Csramirez%40foment.com%7C8afd359eaf024f6ce18108de88eb9768%7Cf37c938d38654a89b99bb000c76a74bf%7C1%7C0%7C639098742622129140%7CUnknown%7CTWFpbGZsb3d8eyJFbXB0eU1hcGkiOnRydWUsIlYiOiIwLjAuMDAwMCIsIlAiOiJXaW4zMiIsIkFOIjoiTWFpbCIsIldUIjoyfQ%3D%3D%7C0%7C%7C%7C&amp;sdata=7C9e9pDVf6wZNVwO657qL7YmUDx8m2tkhPCf77GkKqM%3D&amp;reserved=0\">Foment del Treball<\/a>, como entidad colaboradora y agente de apoyo a la internacionalizaci\u00f3n, te acompa\u00f1amos en este proceso para que puedas valorar tu potencial exportador y definir los primeros pasos con criterio.<\/span><\/p>\n<div class=\"ms-Grid-row\">\n<div class=\"ts-textfield-container \" lang=\"es\">\n<div class=\"ts-alignment-view-container\">\n<div id=\"ts-alignment-view-idtgt\" class=\"ts-alignment-view ms-font-m ts-alignment-view-tgt ts-ltr-left-zero\" tabindex=\"0\" aria-hidden=\"false\">\n<div tabindex=\"-1\" role=\"label\"><span id=\"tgtAlignment_84\" class=\"ts-alignment-element\" style=\"font-family: verdana, geneva, sans-serif; font-size: 12px;\" data-is-focusable=\"true\">El<\/span> <span id=\"tgtAlignment_85\" class=\"ts-alignment-element\" style=\"font-family: verdana, geneva, sans-serif; font-size: 12px;\" data-is-focusable=\"true\">objetivo<\/span> <span id=\"tgtAlignment_86\" class=\"ts-alignment-element\" style=\"font-family: verdana, geneva, sans-serif; font-size: 12px;\" data-is-focusable=\"true\">de<\/span> <span id=\"tgtAlignment_87\" class=\"ts-alignment-element\" style=\"font-family: verdana, geneva, sans-serif; font-size: 12px;\" data-is-focusable=\"true\">la\u00a0<\/span> <span id=\"tgtAlignment_88\" class=\"ts-alignment-element\" style=\"font-family: verdana, geneva, sans-serif; font-size: 12px;\" data-is-focusable=\"true\">sesi\u00f3n<\/span> <strong style=\"font-family: verdana, geneva, sans-serif; font-size: 12px;\">C\u00d3MO IDENTIFICAR LOS MERCADOS CON M\u00c1S OPORTUNIDADES<\/strong> <span id=\"tgtAlignment_89\" class=\"ts-alignment-element\" style=\"font-family: verdana, geneva, sans-serif; font-size: 12px;\" data-is-focusable=\"true\">es<\/span> <span id=\"tgtAlignment_90\" class=\"ts-alignment-element\" style=\"font-family: verdana, geneva, sans-serif; font-size: 12px;\" data-is-focusable=\"true\">aprender<\/span> <span id=\"tgtAlignment_91\" class=\"ts-alignment-element\" style=\"font-family: verdana, geneva, sans-serif; font-size: 12px;\" data-is-focusable=\"true\">a<\/span> <span id=\"tgtAlignment_92\" class=\"ts-alignment-element\" style=\"font-family: verdana, geneva, sans-serif; font-size: 12px;\" data-is-focusable=\"true\">analizar<\/span> <span id=\"tgtAlignment_93\" class=\"ts-alignment-element\" style=\"font-family: verdana, geneva, sans-serif; font-size: 12px;\" data-is-focusable=\"true\">los<\/span> <span id=\"tgtAlignment_94\" class=\"ts-alignment-element\" style=\"font-family: verdana, geneva, sans-serif; font-size: 12px;\" data-is-focusable=\"true\">mercados<\/span> <span id=\"tgtAlignment_95\" class=\"ts-alignment-element\" style=\"font-family: verdana, geneva, sans-serif; font-size: 12px;\" data-is-focusable=\"true\">internacionales<\/span> <span id=\"tgtAlignment_96\" class=\"ts-alignment-element\" style=\"font-family: verdana, geneva, sans-serif; font-size: 12px;\" data-is-focusable=\"true\">para<\/span> <span id=\"tgtAlignment_97\" class=\"ts-alignment-element\" style=\"font-family: verdana, geneva, sans-serif; font-size: 12px;\" data-is-focusable=\"true\">identificar<\/span> <span id=\"tgtAlignment_98\" class=\"ts-alignment-element\" style=\"font-family: verdana, geneva, sans-serif; font-size: 12px;\" data-is-focusable=\"true\">y<\/span> <span id=\"tgtAlignment_99\" class=\"ts-alignment-element\" style=\"font-family: verdana, geneva, sans-serif; font-size: 12px;\" data-is-focusable=\"true\">seleccionar<\/span> <span id=\"tgtAlignment_100\" class=\"ts-alignment-element\" style=\"font-family: verdana, geneva, sans-serif; font-size: 12px;\" data-is-focusable=\"true\">los<\/span> <span id=\"tgtAlignment_101\" class=\"ts-alignment-element\" style=\"font-family: verdana, geneva, sans-serif; font-size: 12px;\" data-is-focusable=\"true\">m\u00e1s<\/span> <span id=\"tgtAlignment_102\" class=\"ts-alignment-element\" style=\"font-family: verdana, geneva, sans-serif; font-size: 12px;\" data-is-focusable=\"true\">adecuados,<\/span> <span id=\"tgtAlignment_103\" class=\"ts-alignment-element\" style=\"font-family: verdana, geneva, sans-serif; font-size: 12px;\" data-is-focusable=\"true\">utilizando<\/span> <span id=\"tgtAlignment_104\" class=\"ts-alignment-element\" style=\"font-family: verdana, geneva, sans-serif; font-size: 12px;\" data-is-focusable=\"true\">fuentes<\/span> <span id=\"tgtAlignment_105\" class=\"ts-alignment-element\" style=\"font-family: verdana, geneva, sans-serif; font-size: 12px;\" data-is-focusable=\"true\">de<\/span> <span id=\"tgtAlignment_106\" class=\"ts-alignment-element\" style=\"font-family: verdana, geneva, sans-serif; font-size: 12px;\" data-is-focusable=\"true\">informaci\u00f3n,<\/span> <span id=\"tgtAlignment_107\" class=\"ts-alignment-element\" style=\"font-family: verdana, geneva, sans-serif; font-size: 12px;\" data-is-focusable=\"true\">criterios<\/span> <span id=\"tgtAlignment_108\" class=\"ts-alignment-element\" style=\"font-family: verdana, geneva, sans-serif; font-size: 12px;\" data-is-focusable=\"true\">de<\/span> <span id=\"tgtAlignment_109\" class=\"ts-alignment-element\" style=\"font-family: verdana, geneva, sans-serif; font-size: 12px;\" data-is-focusable=\"true\">priorizaci\u00f3n,<\/span> <span id=\"tgtAlignment_110\" class=\"ts-alignment-element\" style=\"font-family: verdana, geneva, sans-serif; font-size: 12px;\" data-is-focusable=\"true\">an\u00e1lisis<\/span> <span id=\"tgtAlignment_111\" class=\"ts-alignment-element\" style=\"font-family: verdana, geneva, sans-serif; font-size: 12px;\" data-is-focusable=\"true\">de<\/span> <span id=\"tgtAlignment_112\" class=\"ts-alignment-element\" style=\"font-family: verdana, geneva, sans-serif; font-size: 12px;\" data-is-focusable=\"true\">la<\/span> <span id=\"tgtAlignment_113\" class=\"ts-alignment-element\" style=\"font-family: verdana, geneva, sans-serif; font-size: 12px;\" data-is-focusable=\"true\">competencia<\/span> <span id=\"tgtAlignment_114\" class=\"ts-alignment-element\" style=\"font-family: verdana, geneva, sans-serif; font-size: 12px;\" data-is-focusable=\"true\">y<\/span> <span id=\"tgtAlignment_115\" class=\"ts-alignment-element\" style=\"font-family: verdana, geneva, sans-serif; font-size: 12px;\" data-is-focusable=\"true\">un<\/span> <span id=\"tgtAlignment_116\" class=\"ts-alignment-element\" style=\"font-family: verdana, geneva, sans-serif; font-size: 12px;\" data-is-focusable=\"true\">mapa<\/span> <span id=\"tgtAlignment_117\" class=\"ts-alignment-element\" style=\"font-family: verdana, geneva, sans-serif; font-size: 12px;\" data-is-focusable=\"true\">de<\/span> <span id=\"tgtAlignment_118\" class=\"ts-alignment-element\" style=\"font-family: verdana, geneva, sans-serif; font-size: 12px;\" data-is-focusable=\"true\">oportunidades.<\/span><\/div>\n<div tabindex=\"-1\" role=\"label\">\n<p>&nbsp;<\/p>\n<p><span style=\"color: #d2112d;\"><strong style=\"font-family: verdana, geneva, sans-serif; font-size: 12px;\">PROGRAMA<\/strong><\/span><\/p>\n<p><span style=\"font-family: verdana, geneva, sans-serif; font-size: 12px;\"><span id=\"tgtAlignment_120\" class=\"ts-alignment-element\" style=\"color: #d2112d;\" data-is-focusable=\"true\">09:00<\/span><span id=\"tgtAlignment_121\" class=\"ts-alignment-element\" style=\"color: #d2112d;\" data-is-focusable=\"true\">h.<\/span><span style=\"color: #d2112d;\"> | <\/span><span id=\"tgtAlignment_122\" class=\"ts-alignment-element\" style=\"color: #d2112d;\" data-is-focusable=\"true\">Bienvenida<\/span> <span id=\"tgtAlignment_123\" class=\"ts-alignment-element\" style=\"color: #d2112d;\" data-is-focusable=\"true\">y<\/span> <span id=\"tgtAlignment_124\" class=\"ts-alignment-element\" style=\"color: #d2112d;\" data-is-focusable=\"true\">presentaci\u00f3n<\/span> <span id=\"tgtAlignment_125\" class=\"ts-alignment-element\" style=\"color: #d2112d;\" data-is-focusable=\"true\">del<\/span> <span id=\"tgtAlignment_126\" class=\"ts-alignment-element\" style=\"color: #d2112d;\" data-is-focusable=\"true\">Programa<\/span> <span id=\"tgtAlignment_127\" class=\"ts-alignment-element\" style=\"color: #d2112d;\" data-is-focusable=\"true\">Catalu\u00f1a<\/span> <span id=\"tgtAlignment_128\" class=\"ts-alignment-element\" style=\"color: #d2112d;\" data-is-focusable=\"true\">Exporta<\/span><\/span><\/p>\n<\/div>\n<\/div>\n<\/div>\n<\/div>\n<\/div>\n<div class=\"ms-Grid-row\">\n<div class=\"ts-textfield-container \" lang=\"es\">\n<div class=\"ts-alignment-view-container\">\n<div id=\"ts-alignment-view-idtgt\" class=\"ts-alignment-view ms-font-m ts-alignment-view-tgt ts-ltr-left-zero\" tabindex=\"0\" aria-hidden=\"false\">\n<div tabindex=\"-1\" role=\"label\"><span style=\"color: #d2112d; font-family: verdana, geneva, sans-serif; font-size: 12px;\"><span id=\"tgtAlignment_129\" class=\"ts-alignment-element\" data-is-focusable=\"true\">09:10<\/span><span id=\"tgtAlignment_130\" class=\"ts-alignment-element\" data-is-focusable=\"true\">h.<\/span> | <strong><span id=\"tgtAlignment_131\" class=\"ts-alignment-element\" data-is-focusable=\"true\">C\u00f3mo<\/span> <span id=\"tgtAlignment_132\" class=\"ts-alignment-element\" data-is-focusable=\"true\">identificar<\/span> <span id=\"tgtAlignment_133\" class=\"ts-alignment-element\" data-is-focusable=\"true\">los<\/span> <span id=\"tgtAlignment_134\" class=\"ts-alignment-element\" data-is-focusable=\"true\">mercados<\/span> <span id=\"tgtAlignment_135\" class=\"ts-alignment-element\" data-is-focusable=\"true\">con<\/span> <span id=\"tgtAlignment_136\" class=\"ts-alignment-element\" data-is-focusable=\"true\">m\u00e1s<\/span> <span id=\"tgtAlignment_137\" class=\"ts-alignment-element\" data-is-focusable=\"true\">oportunidades<\/span><\/strong><\/span><\/div>\n<\/div>\n<div id=\"ts-alignment-view-idtgt\" class=\"ts-alignment-view ms-font-m ts-alignment-view-tgt ts-ltr-left-zero\" tabindex=\"0\" aria-hidden=\"false\">\n<div style=\"padding-left: 40px;\" tabindex=\"-1\" role=\"label\"><span style=\"font-family: verdana, geneva, sans-serif; font-size: 12px;\"><strong><span id=\"tgtAlignment_138\" class=\"ts-alignment-element\" data-is-focusable=\"true\">Isabel <\/span><\/strong><span id=\"tgtAlignment_139\" class=\"ts-alignment-element\" data-is-focusable=\"true\"><strong>Garcia<\/strong>,<\/span> <span id=\"tgtAlignment_140\" class=\"ts-alignment-element\" data-is-focusable=\"true\">Senior<\/span> <span id=\"tgtAlignment_141\" class=\"ts-alignment-element\" data-is-focusable=\"true\">International<\/span> <span id=\"tgtAlignment_142\" class=\"ts-alignment-element\" data-is-focusable=\"true\">Consultant,<\/span> <span id=\"tgtAlignment_143\" class=\"ts-alignment-element\" data-is-focusable=\"true\">BarcelonaExport<\/span><\/span><\/div>\n<div tabindex=\"-1\" role=\"label\"><\/div>\n<div tabindex=\"-1\" role=\"label\"><span style=\"color: #d2112d; font-family: verdana, geneva, sans-serif; font-size: 12px;\"><span id=\"tgtAlignment_144\" class=\"ts-alignment-element\" data-is-focusable=\"true\">10:20<\/span><span id=\"tgtAlignment_145\" class=\"ts-alignment-element\" data-is-focusable=\"true\">h.<\/span> | <span id=\"tgtAlignment_146\" class=\"ts-alignment-element\" data-is-focusable=\"true\">Turno<\/span> <span id=\"tgtAlignment_147\" class=\"ts-alignment-element\" data-is-focusable=\"true\">de<\/span> <span id=\"tgtAlignment_148\" class=\"ts-alignment-element\" data-is-focusable=\"true\">preguntas<\/span><\/span><\/div>\n<div tabindex=\"-1\" role=\"label\"><\/div>\n<div tabindex=\"-1\" role=\"label\"><span style=\"color: #d2112d; font-family: verdana, geneva, sans-serif; font-size: 12px;\"><span id=\"tgtAlignment_149\" class=\"ts-alignment-element\" data-is-focusable=\"true\">10:30<\/span><span id=\"tgtAlignment_150\" class=\"ts-alignment-element\" data-is-focusable=\"true\">h.<\/span> | <span id=\"tgtAlignment_151\" class=\"ts-alignment-element\" data-is-focusable=\"true\">Fin<\/span> <span id=\"tgtAlignment_152\" class=\"ts-alignment-element\" data-is-focusable=\"true\">de<\/span> <span id=\"tgtAlignment_153\" class=\"ts-alignment-element\" data-is-focusable=\"true\">la<\/span> <span id=\"tgtAlignment_154\" class=\"ts-alignment-element\" data-is-focusable=\"true\">sesi\u00f3n<\/span><\/span><\/div>\n<\/div>\n<\/div>\n<\/div>\n<\/div>\n<div tabindex=\"-1\" role=\"label\"><\/div>\n<div tabindex=\"-1\" role=\"label\"><\/div>\n<div tabindex=\"-1\" role=\"label\"><\/div>\n<div class=\"ms-Grid-row\">\n<div class=\"ts-textfield-container \" lang=\"es\">\n<div class=\"ts-alignment-view-container\">\n<div id=\"ts-alignment-view-idtgt\" class=\"ts-alignment-view ms-font-m ts-alignment-view-tgt ts-ltr-left-zero\" tabindex=\"0\" aria-hidden=\"false\"><\/div>\n<\/div>\n<\/div>\n<\/div>\n<div class=\"ms-Grid-row\">\n<div id=\"CollapsibleComponent\">\n<div id=\"CollapsibleComponentHeader\" class=\"ts-collapsible-component-header\" tabindex=\"0\" role=\"button\" aria-label=\"Traducciones de mercados\" aria-expanded=\"true\"><\/div>\n<div id=\"CollapsibleComponentBody\" class=\"ts-margin-top-5px\">\n<div class=\"ts-alternate-translations\">\n<div class=\"ts-alternate-translations-group\">\n<div class=\"ms-List ts-alternate-translations-list\" role=\"list\">\n<div class=\"ms-List-surface\" role=\"presentation\">\n<div class=\"ms-List-page\" role=\"presentation\">\n<div class=\"ms-List-cell\" role=\"listitem\" data-list-index=\"0\" data-automationid=\"ListCell\">\n<div id=\"alternate-translations-item_0_0\" class=\"ts-altTranslation-container\">\n<div class=\"ts-altTranslation-container-main\">\n<div id=\"alternate-translations-item_0_0_content\" class=\"ts-altTranslation-content\" tabindex=\"0\"><\/div>\n<\/div>\n<\/div>\n<\/div>\n<\/div>\n<\/div>\n<\/div>\n<\/div>\n<\/div>\n<\/div>\n<\/div>\n<\/div>\n<p>[\/vc_column_text][\/vc_column][\/vc_row][vc_row][vc_column width=\u00bb1\/1&#8243;]<\/p>\n<div class=\"single_image wpb_content_element align-left    \" data-animation=\"none\" data-delay=\"0\"><img width=\"1900\" height=\"300\" src=\"https:\/\/www.foment.com\/wp-content\/uploads\/2026\/03\/ACCIO-1.png\" class=\"attachment-full\" alt=\"\" loading=\"lazy\" title=\"ACCI\u00d3\" srcset=\"https:\/\/www.foment.com\/wp-content\/uploads\/2026\/03\/ACCIO-1.png 1900w, https:\/\/www.foment.com\/wp-content\/uploads\/2026\/03\/ACCIO-1-300x47.png 300w, https:\/\/www.foment.com\/wp-content\/uploads\/2026\/03\/ACCIO-1-1024x162.png 1024w, https:\/\/www.foment.com\/wp-content\/uploads\/2026\/03\/ACCIO-1-768x121.png 768w, https:\/\/www.foment.com\/wp-content\/uploads\/2026\/03\/ACCIO-1-1536x243.png 1536w\" sizes=\"(max-width: 1900px) 100vw, 1900px\" \/><\/div>\n<p>[\/vc_column][\/vc_row][vc_row][vc_column width=\u00bb1\/2&#8243;][vc_column_text]<span style=\"font-family: verdana, geneva, sans-serif; font-size: 12px;\">Amb el suport de:\u00a0<\/span>[\/vc_column_text]<\/p>\n<div class=\"single_image wpb_content_element align-left    \" data-animation=\"none\" data-delay=\"0\"><a href=\"http:\/\/www.accio.gencat.cat\" target=\"_self\"><img width=\"300\" height=\"67\" src=\"https:\/\/www.foment.com\/wp-content\/uploads\/2026\/03\/Imagen2-1-300x67.png\" class=\"attachment-medium\" alt=\"\" loading=\"lazy\" title=\"Imagen2\" srcset=\"https:\/\/www.foment.com\/wp-content\/uploads\/2026\/03\/Imagen2-1-300x67.png 300w, https:\/\/www.foment.com\/wp-content\/uploads\/2026\/03\/Imagen2-1.png 314w\" sizes=\"(max-width: 300px) 100vw, 300px\" \/><\/a><\/div>\n<p>[\/vc_column][vc_column width=\u00bb1\/2&#8243;][vc_column_text]<span style=\"font-family: verdana, geneva, sans-serif; font-size: 12px;\">Agent de suport de la Internacionalitzaci\u00f3<\/span>[\/vc_column_text]<\/p>\n<div class=\"single_image wpb_content_element align-left    \" data-animation=\"none\" data-delay=\"0\"><img width=\"274\" height=\"300\" src=\"https:\/\/www.foment.com\/wp-content\/uploads\/2025\/11\/Agent-Suport-Internacionalizacio_Vertical-274x300.png\" class=\"attachment-medium\" alt=\"\" loading=\"lazy\" title=\"Agent Suport Internacionalizaci\u00f3_Vertical\" srcset=\"https:\/\/www.foment.com\/wp-content\/uploads\/2025\/11\/Agent-Suport-Internacionalizacio_Vertical-274x300.png 274w, https:\/\/www.foment.com\/wp-content\/uploads\/2025\/11\/Agent-Suport-Internacionalizacio_Vertical-768x842.png 768w, https:\/\/www.foment.com\/wp-content\/uploads\/2025\/11\/Agent-Suport-Internacionalizacio_Vertical.png 778w\" sizes=\"(max-width: 274px) 100vw, 274px\" \/><\/div>\n<p>[\/vc_column][\/vc_row]<\/p>\n<\/div><div class='clear'><\/div>\n\t\t\t\t\t\t\t\t\t<\/div>\n\t\t\t\t\t\t\t\t<\/div>\n\t\t\t\t\t\t\t<\/div><div class='evo_metarow_organizer evorow evcal_evdata_row evcal_evrow_sm '>\n\t\t\t\t\t\t\t\t<span class='evcal_evdata_icons'><i class='fa fa-headphones'><\/i><\/span>\n\t\t\t\t\t\t\t\t<div class='evcal_evdata_cell'>\t\t\t\t\t\t\t\n\t\t\t\t\t\t\t\t\t<h3 class='evo_h3'>Organizador<\/h3>\n\t\t\t\t\t\t\t\t\t<p class='evo_data_val evo_card_organizer_image'><img src='https:\/\/www.foment.com\/wp-content\/uploads\/2017\/04\/InternacionalEmpresabitotransCAT-200x80.png'\/><\/p>\n\t\t\t\t\t\t\t\t\t<div class='evo_card_organizer'><p class='evo_data_val evo_card_organizer_name'>\n\t\t\t\t\t\t\t\t\t\t<span class='evo_card_organizer_name_t'>Internacional<\/span>\n\t\t\t\t\t\t\t\t\t\t\n\t\t\t\t\t\t\t\t\t\t<\/p><\/div><div class='clear'><\/div>\t\t\t\t\t\t\t\n\t\t\t\t\t\t\t\t<\/div>\n\t\t\t\t\t\t\t<\/div>\t\t\t\t\t\t\t<div class='evo_metarow_ICS evorow evcal_evdata_row'>\n\t\t\t\t\t\t\t\t<span class=\"evcal_evdata_icons\"><i class=\"fa fa-calendar\"><\/i><\/span>\n\t\t\t\t\t\t\t\t<div class='evcal_evdata_cell'>\n\t\t\t\t\t\t\t\t\t<p><a href='https:\/\/www.foment.com\/wp-admin\/admin-ajax.php?action=eventon_ics_download&amp;event_id=216648&amp;ri=0' class='evo_ics_nCal' title='Add to your calendar'>Calendar<\/a><a href='\/\/www.google.com\/calendar\/event?action=TEMPLATE&amp;text=Webinar+%7C+C%C3%93MO+IDENTIFICAR+LOS+MERCADOS+CON+M%C3%81S+OPORTUNIDADES&amp;dates=20260707T070000Z\/20260707T083000Z&amp;ctz=Europe\/Madrid&amp;details=Webinar+%7C+C%C3%93MO+IDENTIFICAR+LOS+MERCADOS+CON+M%C3%81S+OPORTUNIDADES&amp;location=Webinar+por+ZoomWebinar+per+Zoom' target='_blank' class='evo_ics_gCal' title='Add to google calendar'>GoogleCal<\/a><\/p>\t\n\t\t\t\t\t\t\t\t<\/div>\n\t\t\t\t\t\t\t<\/div>\n\t\t\t\t\t\t\t<div class='evo_card_row_end evcal_close' title='Close'><\/div><\/div><div class='clear end'><\/div><\/div><div  id=\"event_217566_0\" class=\"eventon_list_event evo_eventtop scheduled  event event_217566_0\" data-event_id=\"217566\" data-ri=\"0r\" data-time=\"1784624400-1784629800\" data-colr=\"#0db270\" itemscope itemtype='http:\/\/schema.org\/Event'><div class=\"evo_event_schema\" style=\"display:none\" ><a itemprop='url'  href='https:\/\/www.foment.com\/es\/events\/webinar-participar-amb-exit-en-fires-internacionals\/'><\/a><meta itemprop='image' content=\"https:\/\/www.foment.com\/wp-content\/uploads\/2026\/03\/Diseno-sin-titulo-8-1-scaled.jpg\" \/><meta itemprop='startDate' content=\"2026-7-21T09:00+2:00\" \/><meta itemprop='endDate' content=\"2026-7-21T10:30+2:00\" \/><meta itemprop='eventStatus' content=\"https:\/\/schema.org\/EventScheduled\" \/><item style=\"display:none\" itemprop=\"eventAttendanceMode\" itemscope itemtype=\"https:\/\/schema.org\/OfflineEventAttendanceMode\"><\/item><div itemprop=\"organizer\" itemscope=\"\" itemtype=\"http:\/\/schema.org\/Organization\">\n\t\t\t\t\t    \t<meta itemprop=\"name\" content=\"Internacional\">\n\t\t\t\t\t    \t<\/div><div itemprop=\"performer\" itemscope=\"\" itemtype=\"http:\/\/schema.org\/Person\">\n\t\t\t\t\t    \t<meta itemprop=\"name\" content=\"Internacional\">\n\t\t\t\t\t    <\/div><script type=\"application\/ld+json\">{\"@context\": \"http:\/\/schema.org\",\"@type\": \"Event\",\n\t\t\t\t\t\"@id\": \"event_217566_0\",\n\t\t\t\t\t\"eventAttendanceMode\":\"https:\/\/schema.org\/OfflineEventAttendanceMode\",\n\t\t\t\t\t\"name\": \"Webinar | Participar amb \u00e8xit en fires internacionals\",\n\t\t\t\t\t\"url\": \"https:\/\/www.foment.com\/es\/events\/webinar-participar-amb-exit-en-fires-internacionals\/\",\n\t\t\t\t\t\"startDate\": \"2026-7-21T09:00+2:00\",\n\t\t\t\t\t\"endDate\": \"2026-7-21T10:30+2:00\",\n\t\t\t\t\t\"image\":\"https:\/\/www.foment.com\/wp-content\/uploads\/2026\/03\/Diseno-sin-titulo-8-1-scaled.jpg\", \n\t\t\t\t\t\"description\":\"<p>[vc_row][vc_column][vc_btn title=\u00bbINSCRIPCI\u00d3 GRATU\u00cfTA\u00bb style=\u00bb3d\u00bb color=\u00bbdanger\u00bb size=\u00bblg\u00bb align=\u00bbcenter\u00bb button_block=\u00bbtrue\u00bb link=\u00bburl:https%3A%2F%2Fwww.foment.com%2Finscripcions-events%2F%3Fidevento%3DC9ED99B5-6F32-F111-88B4-000D3ADCCDB0&#8243;][vc_column_text]<span style='font-size: 16pt; font-family: verdana, geneva, sans-serif; color: #d2112d;'>VOLS COMEN\u00c7AR A EXPORTAR?<\/span><br \/> <span style='font-family: verdana, geneva, sans-serif; color: #d2112d;'>T&#8217;ajudem a fer el primer pas, amb acompanyament expert i sense cost per a l&#8217;empresa<\/span><\/p> <p style='text-align: justify;'><span style='font-family: verdana, geneva, sans-serif; font-size: 13px;'>Internacionalitzar-se \u00e9s una oportunitat de creixement, per\u00f2 sovint tamb\u00e9 genera dubtes: per on comen\u00e7ar, quins mercats prioritzar, quins recursos calen i quins aspectes cal tenir en compte.<\/span><\/p> <p style='text-align: justify;'><span style='font-family: verdana, geneva, sans-serif; font-size: 13px;'>Per ajudar a les empreses catalanes a iniciar aquest cam\u00ed amb seguretat, ACCI\u00d3 impulsa el programa <a href='https:\/\/eur04.safelinks.protection.outlook.com\/?url=https%3A%2F%2Fpublic-eur.mkt.dynamics.com%2Fapi%2Forgs%2F8d5eafb0-f8ac-4ccb-a7c1-a2767b978f43%2Fr%2FdplJYjVJ_EuMAaJkHY8CABAAAAA%3Fmsdynmkt_target%3D%257B%2522TargetUrl%2522%253A%2522https%25253A%25252F%25252Feur04.safelinks.protection.outlook.com%25252F%25253Furl%25253Dhttps%2525253A%2525252F%2525252Fpublic-eur.mkt.dynamics.com%2525252Fapi%2525252Forgs%2525252F8d5eafb0-f8ac-4ccb-a7c1-a2767b978f43%2525252Fr%2525252FubNm8_1fYkKKybgcijEBAAEAAAA%2525253Fmsdynmkt_target%2525253D%252525257B%2525252522TargetUrl%2525252522%252525253A%2525252522https%25252525253A%25252525252F%25252525252Feur04.safelinks.protection.outlook.com%25252525252F%25252525253Furl%25252525253Dhttps%2525252525253A%2525252525252F%2525252525252Fpublic-eur.mkt.dynamics.com%2525252525252Fapi%2525252525252Forgs%2525252525252F8d5eafb0-f8ac-4ccb-a7c1-a2767b978f43%2525252525252Fr%2525252525252FaITv1hKS8kSs6wB3jXECAAsAAAA%2525252525253Fmsdynmkt_target%2525252525253D%252525252525257B%2525252525252522TargetUrl%2525252525252522%252525252525253A%2525252525252522https%25252525252525253A%25252525252525252F%25252525252525252Feur04.safelinks.protection.outlook.com%25252525252525252F%25252525252525253Furl%25252525252525253Dhttps%2525252525252525253A%2525252525252525252F%2525252525252525252Fpublic-eur.mkt.dynamics.com%2525252525252525252Fapi%2525252525252525252Forgs%2525252525252525252F8d5eafb0-f8ac-4ccb-a7c1-a2767b978f43%2525252525252525252Fr%2525252525252525252FLn5gxxoARECGTxqFI30DAAsAAAA%2525252525252525253Fmsdynmkt_target%2525252525252525253D%252525252525252525257B%2525252525252525252522TargetUrl%2525252525252525252522%252525252525252525253A%2525252525252525252522https%25252525252525252525253A%25252525252525252525252F%25252525252525252525252Fformularis.accio.gencat.cat%25252525252525252525252Fweb%25252525252525252525252Fformularis%25252525252525252525252Finscripcions%25252525252525252525252F-%25252525252525252525252Finscripcio%25252525252525252525252F2026%25252525252525252525252F02%25252525252525252525252F03%25252525252525252525252FOnkrUbTR_SM9nz_z85jUAA%25252525252525252525252Fsollicitud-de-diagnostic-pie-foment%25252525252525252525252F%25252525252525252525253Flang%25252525252525252525253Dca_ES%252525252525252525252526portal%25252525252525252525253Daccio%252525252525252525252526_gl%25252525252525252525253D1%25252525252525252525252A9dm0zh%25252525252525252525252A_ga%25252525252525252525252AMTI0NzIzNzQyMC4xNzEyODIyOTgy%25252525252525252525252A_ga_6HSVZS0K1X%25252525252525252525252AczE3NzI3MjM4MjckbzE4OSRnMCR0MTc3MjcyMzgzMiRqNTUkbDAkaDA%2525252525252525252522%252525252525252525252C%2525252525252525252522RedirectOptions%2525252525252525252522%252525252525252525253A%252525252525252525257B%25252525252525252525225%2525252525252525252522%252525252525252525253Anull%252525252525252525252C%25252525252525252525221%2525252525252525252522%252525252525252525253Anull%252525252525252525257D%252525252525252525257D%25252525252525252526msdynmkt_digest%2525252525252525253DA1vZltR2b3nESlG%252525252525252525252BdOmS7YeZ5GTW3dinAdHW2pwAZaw%252525252525252525253D%25252525252525252526msdynmkt_secretVersion%2525252525252525253D7bb221762d0c46939816d3a5592b1359%252525252525252526data%25252525252525253D05%2525252525252525257C02%2525252525252525257Csramirez%25252525252525252540foment.com%2525252525252525257Cc7e7a4617105465e160408de83531847%2525252525252525257Cf37c938d38654a89b99bb000c76a74bf%2525252525252525257C1%2525252525252525257C0%2525252525252525257C639092590089463447%2525252525252525257CUnknown%2525252525252525257CTWFpbGZsb3d8eyJFbXB0eU1hcGkiOnRydWUsIlYiOiIwLjAuMDAwMCIsIlAiOiJXaW4zMiIsIkFOIjoiTWFpbCIsIldUIjoyfQ%2525252525252525253D%2525252525252525253D%2525252525252525257C0%2525252525252525257C%2525252525252525257C%2525252525252525257C%252525252525252526sdata%25252525252525253D8wWi3Z4S7N5i5VCO2QP6AvtWJylRMKEZbvPje18Pg90%2525252525252525253D%252525252525252526reserved%25252525252525253D0%2525252525252522%252525252525252C%2525252525252522RedirectOptions%2525252525252522%252525252525253A%252525252525257B%25252525252525225%2525252525252522%252525252525253Anull%252525252525252C%25252525252525221%2525252525252522%252525252525253Anull%252525252525257D%252525252525257D%25252525252526msdynmkt_digest%2525252525253DYIZexQWs7uZ2WhUfgJqeZuryKVb2vajIvtYv5qE8oRY%252525252525253D%25252525252526msdynmkt_secretVersion%2525252525253D7bb221762d0c46939816d3a5592b1359%252525252526data%25252525253D05%2525252525257C02%2525252525257Csramirez%25252525252540foment.com%2525252525257C565760556e6c4cf5c35308de84384967%2525252525257Cf37c938d38654a89b99bb000c76a74bf%2525252525257C1%2525252525257C0%2525252525257C639093574480490085%2525252525257CUnknown%2525252525257CTWFpbGZsb3d8eyJFbXB0eU1hcGkiOnRydWUsIlYiOiIwLjAuMDAwMCIsIlAiOiJXaW4zMiIsIkFOIjoiTWFpbCIsIldUIjoyfQ%2525252525253D%2525252525253D%2525252525257C0%2525252525257C%2525252525257C%2525252525257C%252525252526sdata%25252525253DN3y2QAkHHQEwnwslqril%2525252525252B%2525252525252BjbsTmbpaH1gsQUjqlx6ho%2525252525253D%252525252526reserved%25252525253D0%2525252522%252525252C%2525252522RedirectOptions%2525252522%252525253A%252525257B%25252525225%2525252522%252525253Anull%252525252C%25252525221%2525252522%252525253Anull%252525257D%252525257D%25252526msdynmkt_digest%2525253DHxSIjxqNyMzq4m6G1OWkNS%252525252FYEFefhiIl8o9iQscMDnI%252525253D%25252526msdynmkt_secretVersion%2525253D7bb221762d0c46939816d3a5592b1359%252526data%25253D05%2525257C02%2525257Csramirez%25252540foment.com%2525257C1d01451646264e7fca2308de88baf1ef%2525257Cf37c938d38654a89b99bb000c76a74bf%2525257C1%2525257C0%2525257C639098533660479269%2525257CUnknown%2525257CTWFpbGZsb3d8eyJFbXB0eU1hcGkiOnRydWUsIlYiOiIwLjAuMDAwMCIsIlAiOiJXaW4zMiIsIkFOIjoiTWFpbCIsIldUIjoyfQ%2525253D%2525253D%2525257C0%2525257C%2525257C%2525257C%252526sdata%25253DF6gmzEwyPcPCX%2525252FFmsqBkWV3LiHiEx0w4lH5lts42Hng%2525253D%252526reserved%25253D0%2522%252C%2522RedirectOptions%2522%253A%257B%25225%2522%253Anull%252C%25221%2522%253Anull%257D%257D%26msdynmkt_digest%3D3pnr7eA2jjjY5%252F04VJpOmyfkKAFHOW2zndgIqJQ0jxA%253D%26msdynmkt_secretVersion%3D7bb221762d0c46939816d3a5592b1359&amp;data=05%7C02%7Csramirez%40foment.com%7C23b351ae016143229c6d08de8c12d3d6%7Cf37c938d38654a89b99bb000c76a74bf%7C1%7C0%7C639102209641121264%7CUnknown%7CTWFpbGZsb3d8eyJFbXB0eU1hcGkiOnRydWUsIlYiOiIwLjAuMDAwMCIsIlAiOiJXaW4zMiIsIkFOIjoiTWFpbCIsIldUIjoyfQ%3D%3D%7C0%7C%7C%7C&amp;sdata=yoLLv4PRfv2xjZrHwBgWZXD0aIuobZl%2FLoaBtC4V5is%3D&amp;reserved=0'>CATALUNYA EXPORTA<\/a>, adre\u00e7at a empreses que volen iniciar-se en la internacionalitzaci\u00f3 amb un enfocament pr\u00e0ctic i personalitzat. <\/span><\/p> <p><span style='font-family: verdana, geneva, sans-serif; font-size: 13px;'>Des de <a href='https:\/\/eur04.safelinks.protection.outlook.com\/?url=https%3A%2F%2Fpublic-eur.mkt.dynamics.com%2Fapi%2Forgs%2F8d5eafb0-f8ac-4ccb-a7c1-a2767b978f43%2Fr%2FdplJYjVJ_EuMAaJkHY8CABEAAAA%3Fmsdynmkt_target%3D%257B%2522TargetUrl%2522%253A%2522https%25253A%25252F%25252Feur04.safelinks.protection.outlook.com%25252F%25253Furl%25253Dhttps%2525253A%2525252F%2525252Fpublic-eur.mkt.dynamics.com%2525252Fapi%2525252Forgs%2525252F8d5eafb0-f8ac-4ccb-a7c1-a2767b978f43%2525252Fr%2525252FubNm8_1fYkKKybgcijEBAAIAAAA%2525253Fmsdynmkt_target%2525253D%252525257B%2525252522TargetUrl%2525252522%252525253A%2525252522https%25252525253A%25252525252F%25252525252Fwww.foment.com%25252525252Fes%25252525252Fcatalunya-exporta%25252525252F%2525252525231767799497417-fa3ae53f-0b5b%2525252522%252525252C%2525252522RedirectOptions%2525252522%252525253A%252525257B%25252525220%2525252522%252525253Anull%252525257D%252525257D%25252526msdynmkt_digest%2525253DbK7c94w0eFraOy9eOgKfYNJ21gIDfLiaSBNv7Ob%252525252FUbc%252525253D%25252526msdynmkt_secretVersion%2525253D7bb221762d0c46939816d3a5592b1359%252526data%25253D05%2525257C02%2525257Csramirez%25252540foment.com%2525257C1d01451646264e7fca2308de88baf1ef%2525257Cf37c938d38654a89b99bb000c76a74bf%2525257C1%2525257C0%2525257C639098533660503029%2525257CUnknown%2525257CTWFpbGZsb3d8eyJFbXB0eU1hcGkiOnRydWUsIlYiOiIwLjAuMDAwMCIsIlAiOiJXaW4zMiIsIkFOIjoiTWFpbCIsIldUIjoyfQ%2525253D%2525253D%2525257C0%2525257C%2525257C%2525257C%252526sdata%25253DnU%2525252FdP3SzDdBLN%2525252BjGlM%2525252BfjpHC30Tp2sKQXa53D7Snr8M%2525253D%252526reserved%25253D0%2522%252C%2522RedirectOptions%2522%253A%257B%25225%2522%253Anull%252C%25221%2522%253Anull%257D%257D%26msdynmkt_digest%3DTMCFNOfb0%252BXu2BCcvcmDJAmwBhXs4eG0zaVP3L6%252BdE8%253D%26msdynmkt_secretVersion%3D7bb221762d0c46939816d3a5592b1359&amp;data=05%7C02%7Csramirez%40foment.com%7C23b351ae016143229c6d08de8c12d3d6%7Cf37c938d38654a89b99bb000c76a74bf%7C1%7C0%7C639102209641147248%7CUnknown%7CTWFpbGZsb3d8eyJFbXB0eU1hcGkiOnRydWUsIlYiOiIwLjAuMDAwMCIsIlAiOiJXaW4zMiIsIkFOIjoiTWFpbCIsIldUIjoyfQ%3D%3D%7C0%7C%7C%7C&amp;sdata=daHoyG1ZgccCVp8G6HuKQMd9CnWk7pYkM%2FVO%2F7PF6wM%3D&amp;reserved=0'>Foment del Treball<\/a>, t&#8217;acompanyem en el proc\u00e9s d&#8217;internacionalitzaci\u00f3 perqu\u00e8 puguis identificar el teu potencial exportador i definir els primers passos amb criteri i confian\u00e7a.<\/span><\/p> <p style='text-align: justify;'><span style='font-family: verdana, geneva, sans-serif; font-size: 13px;'>Com a entitat col\u00b7laboradora i agent de suport a la internacionalitzaci\u00f3, al llarg de l&#8217;any organitzarem sessions de capacitaci\u00f3 perqu\u00e8 les empreses coneguin els conceptes, les tend\u00e8ncies i les normatives clau per obrir-se als mercats internacionals.<\/span><\/p> <p style='text-align: justify;'><span style='font-family: verdana, geneva, sans-serif; font-size: 13px;'>Aquesta sessi\u00f3, \u00abParticipar amb \u00e8xit en fires internacionals \u00ab, t\u00e9 com a objectiu t\u00e9 com a objectiu oferir a les empreses eines pr\u00e0ctiques per aprofitar al m\u00e0xim la seva participaci\u00f3 en fires internacionals com a via per impulsar la seva estrat\u00e8gia d&#8217;internacionalitzaci\u00f3. Durant la sessi\u00f3 es treballaran\u00a0 aspectes clau com la selecci\u00f3 de fires m\u00e9s adequades, la preparaci\u00f3 de la participaci\u00f3, la captaci\u00f3 de contactes i el seguiment necess\u00e0ri despr\u00e9s de la fira.\u00a0<\/span><\/p> <p><strong><span style='color: #d2112d; font-family: verdana, geneva, sans-serif; font-size: 13px;'>PROGRAMA<\/span><\/strong><\/p> <p><span style='color: #d2112d; font-family: verdana, geneva, sans-serif; font-size: 13px;'>09:00 h. Benvinguda i presentaci\u00f3 del Programa Catalunya Exporta<\/span><\/p> <p><span style='color: #d2112d; font-family: verdana, geneva, sans-serif; font-size: 13px;'>09:10 h. <strong>Participar amb \u00e8xit a fires internacionals<\/strong><\/span><\/p> <p><span style='color: #000000; font-family: verdana, geneva, sans-serif; font-size: 13px;'><strong>Isabel Garcia<\/strong>, Senior International Consultant, <strong>BarcelonaExport<\/strong><\/span><\/p> <p><span style='color: #d2112d; font-family: verdana, geneva, sans-serif; font-size: 13px;'>10:20 h. Torn de preguntes<\/span><\/p> <p><span style='color: #d2112d; font-family: verdana, geneva, sans-serif; font-size: 13px;'>10:30 h. Fi de la sesi\u00f3<\/span>[\/vc_column_text]<div class='single_image wpb_content_element align-left    ' data-animation='none' data-delay='0'><img width='1900' height='300' src='https:\/\/www.foment.com\/wp-content\/uploads\/2026\/03\/ACCIO-1.png' class='attachment-full' alt='' loading='lazy' title='ACCI\u00d3' srcset='https:\/\/www.foment.com\/wp-content\/uploads\/2026\/03\/ACCIO-1.png 1900w, https:\/\/www.foment.com\/wp-content\/uploads\/2026\/03\/ACCIO-1-300x47.png 300w, https:\/\/www.foment.com\/wp-content\/uploads\/2026\/03\/ACCIO-1-1024x162.png 1024w, https:\/\/www.foment.com\/wp-content\/uploads\/2026\/03\/ACCIO-1-768x121.png 768w, https:\/\/www.foment.com\/wp-content\/uploads\/2026\/03\/ACCIO-1-1536x243.png 1536w' sizes='(max-width: 1900px) 100vw, 1900px' \/><\/div>[\/vc_column][\/vc_row][vc_row][vc_column width=\u00bb1\/2&#8243;][vc_column_text]<span style='font-family: verdana, geneva, sans-serif; font-size: 10px;'>Amb el suport de:<\/span>[\/vc_column_text]<div class='single_image wpb_content_element align-left    ' data-animation='none' data-delay='0'><a href='http:\/\/www.accio.gencat.cat' target='_self'><img width='300' height='68' src='https:\/\/www.foment.com\/wp-content\/uploads\/2026\/03\/ACCIO-integrat-Horitzontal-CAT-color-300x68.png' class='attachment-medium' alt='' loading='lazy' title='ACCIO-integrat-Horitzontal-CAT-color' srcset='https:\/\/www.foment.com\/wp-content\/uploads\/2026\/03\/ACCIO-integrat-Horitzontal-CAT-color-300x68.png 300w, https:\/\/www.foment.com\/wp-content\/uploads\/2026\/03\/ACCIO-integrat-Horitzontal-CAT-color.png 559w' sizes='(max-width: 300px) 100vw, 300px' \/><\/a><\/div>[\/vc_column][vc_column width=\u00bb1\/2&#8243;][vc_column_text]<span style='font-family: verdana, geneva, sans-serif; font-size: 10px;'>Agent de suport a la Internacionalitzaci\u00f3<\/span>[\/vc_column_text]<div class='single_image wpb_content_element align-left    ' data-animation='none' data-delay='0'><img width='274' height='300' src='https:\/\/www.foment.com\/wp-content\/uploads\/2025\/10\/logo-Accio-2-274x300.png' class='attachment-medium' alt='' loading='lazy' title='logo Accio 2' srcset='https:\/\/www.foment.com\/wp-content\/uploads\/2025\/10\/logo-Accio-2-274x300.png 274w, https:\/\/www.foment.com\/wp-content\/uploads\/2025\/10\/logo-Accio-2-768x842.png 768w, https:\/\/www.foment.com\/wp-content\/uploads\/2025\/10\/logo-Accio-2.png 778w' sizes='(max-width: 274px) 100vw, 274px' \/><\/div>[\/vc_column][\/vc_row]<\/p> \",\"organizer\":{\"@type\":\"Organization\",\"name\":\"Internacional\"},\"performer\":{\"@type\":\"Person\",\"name\":\"Internacional\"},\"eventStatus\":\"https:\/\/schema.org\/EventScheduled\"}<\/script><\/div>\n\t\t\t\t<p class=\"desc_trig_outter\" style=\"background-color:#ffffff;flex-direction: row;\"><a data-gmap_status=\"null\" data-exlk=\"1\"  style=\"border-color: #0db270;\" id=\"evc_1784624400217566\" class=\"hasFtIMG desc_trig evo_internacional-es evo_webinar-es sin_val evcal_list_a\" data-ux_val=\"3\"  ><span class='ev_ftImg' data-img='https:\/\/www.foment.com\/wp-content\/uploads\/2026\/03\/Diseno-sin-titulo-8-1-scaled.jpg' data-thumb='https:\/\/www.foment.com\/wp-content\/uploads\/2026\/03\/Diseno-sin-titulo-8-1-300x150.jpg' style='background-image:url(\"https:\/\/www.foment.com\/wp-content\/uploads\/2026\/03\/Diseno-sin-titulo-8-1-300x150.jpg\")'><\/span><style>.ajde_evcal_calendar.boxy #evcal_list .eventon_list_event .evcal_desc em{color:black;}<\/style><span style='width:100%; background-color:#0db270 !important;' class='evcal_cblock ' data-smon='julio' data-syr='2026'><span style='margin-top: 7px;margin-bottom: 7px;' class='evo_start '><em class='date'>21<\/em><em class='month'>jul<\/em><em class='time'>9:00<\/em><\/span><span style='margin-top: 7px;margin-bottom: 7px;' class='evo_end only_time'><em class='time'>10:30<\/em><\/span><em class='clear'><\/em><\/span><span class='evcal_desc evo_info '  ><span class='evo_above_title'><\/span><span class='evcal_desc2 evcal_event_title hbaevatitle' itemprop='name'>Webinar | Participar amb \u00e8xit en fires internacionals<\/span><span class='evo_below_title'><span class='evcal_event_subtitle' >Programa Catalunya Exporta<\/span><\/span><span class='evcal_desc_info' ><em class='evcal_time evo_tz_time'>9:00 - 10:30<\/em> <\/span><span class='evcal_desc3'><em class=\"evcal_location\"  data-add_str=\"\"><em class=\"event_location_name\">Zoom<\/em><\/em><\/span><span style='height: 60px;'  class='evcal_desc3' ><span class='evcal_event_types ett1'><em>C =<\/em><em data-filter='event_type'>Internacional,<\/em><em data-filter='event_type'>Webinar<\/em><i class='clear'><\/i><\/span><\/span><\/span><em class='clear'><\/em><\/a><\/p><div class='event_description evcal_eventcard ' style=\"display:none\"><div class='evo_metarow_fimg evorow evcal_evdata_img evcal_evdata_row  evo_imghover' data-imgheight='1280' data-imgwidth='2560'  style='background-image: url(\"https:\/\/www.foment.com\/wp-content\/uploads\/2026\/03\/Diseno-sin-titulo-8-1-scaled.jpg\")' data-imgstyle='full' data-minheight='400' data-status=''><\/div><div class='evcal_evdata_row evorow_2b evo_metarow_time_location evorow  '>\n\t\t\t\t\t\t\t\t<div class='evorow_b evorow_b1 evo_time'>\n\t\t\t\t\t\t\t\t\t<span class='evcal_evdata_icons'><i class='fa fa-clock'><\/i><\/span>\n\t\t\t\t\t\t\t\t\t<div class='evcal_evdata_cell'>\t\t\t\t\t\t\t\n\t\t\t\t\t\t\t\t\t\t<h3 class='evo_h3'><span class='evcal_evdata_icons'><i class='fa fa-clock'><\/i><\/span>Horario<\/h3>\n\t\t\t\t\t\t\t\t\t\t<p><span class='evo_eventcard_time_t'>(Martes) 9:00 - 10:30<\/span><\/p>\n\t\t\t\t\t\t\t\t\t<\/div>\n\t\t\t\t\t\t\t\t<\/div>\n\t\t\t\t\t\t\t\t<div class='evorow_b evo_location'>\n\t\t\t\t\t\t\t\t\t<span class='evcal_evdata_icons'><i class='fa fa-map-marker-alt'><\/i><\/span>\n\t\t\t\t\t\t\t\t\t<div class='evcal_evdata_cell' data-loc_tax_id='4869'><h3 class='evo_h3'><span class='evcal_evdata_icons'><i class='fa fa-map-marker-alt'><\/i><\/span>Lugar<\/h3><p class='evo_location_name'>Zoom<\/p><\/div>\n\t\t\t\t\t\t\t\t<\/div>\n\t\t\t\t\t\t\t\t\n\t\t\t\t\t\t\t<\/div><div class='evo_metarow_details evorow evcal_evdata_row evcal_event_details'>\n\t\t\t\t\t\t\t\t<div class=\"event_excerpt\" style=\"display:none\"><h3 class=\"padb5 evo_h3\">Detalles del evento<\/h3><p>[vc_row][vc_column][vc_btn title=\u00bbINSCRIPCI\u00d3 GRATU\u00cfTA\u00bb style=\u00bb3d\u00bb color=\u00bbdanger\u00bb size=\u00bblg\u00bb align=\u00bbcenter\u00bb button_block=\u00bbtrue\u00bb link=\u00bburl:https%3A%2F%2Fwww.foment.com%2Finscripcions-events%2F%3Fidevento%3DC9ED99B5-6F32-F111-88B4-000D3ADCCDB0&#8243;][vc_column_text]VOLS COMEN\u00c7AR A EXPORTAR?\nT&#8217;ajudem a fer el<\/p><\/div><span class='evcal_evdata_icons'><i class='fa fa-align-justify'><\/i><\/span>\n\t\t\t\t\t\t\t\t\n\t\t\t\t\t\t\t\t<div class='evcal_evdata_cell '>\n\t\t\t\t\t\t\t\t\t<div class='eventon_full_description'>\n\t\t\t\t\t\t\t\t\t\t<h3 class='padb5 evo_h3'><span class='evcal_evdata_icons'><i class='fa fa-align-justify'><\/i><\/span>Detalles del evento<\/h3>\n\t\t\t\t\t\t\t\t\t\t<div class='eventon_desc_in' itemprop='description'>\n\t\t\t\t\t\t\t\t\t\t<p>[vc_row][vc_column][vc_btn title=\u00bbINSCRIPCI\u00d3 GRATU\u00cfTA\u00bb style=\u00bb3d\u00bb color=\u00bbdanger\u00bb size=\u00bblg\u00bb align=\u00bbcenter\u00bb button_block=\u00bbtrue\u00bb link=\u00bburl:https%3A%2F%2Fwww.foment.com%2Finscripcions-events%2F%3Fidevento%3DC9ED99B5-6F32-F111-88B4-000D3ADCCDB0&#8243;][vc_column_text]<span style=\"font-size: 16pt; font-family: verdana, geneva, sans-serif; color: #d2112d;\">VOLS COMEN\u00c7AR A EXPORTAR?<\/span><br \/>\n<span style=\"font-family: verdana, geneva, sans-serif; color: #d2112d;\">T&#8217;ajudem a fer el primer pas, amb acompanyament expert i sense cost per a l&#8217;empresa<\/span><\/p>\n<p style=\"text-align: justify;\"><span style=\"font-family: verdana, geneva, sans-serif; font-size: 13px;\">Internacionalitzar-se \u00e9s una oportunitat de creixement, per\u00f2 sovint tamb\u00e9 genera dubtes: per on comen\u00e7ar, quins mercats prioritzar, quins recursos calen i quins aspectes cal tenir en compte.<\/span><\/p>\n<p style=\"text-align: justify;\"><span style=\"font-family: verdana, geneva, sans-serif; font-size: 13px;\">Per ajudar a les empreses catalanes a iniciar aquest cam\u00ed amb seguretat, ACCI\u00d3 impulsa el programa <a href=\"https:\/\/eur04.safelinks.protection.outlook.com\/?url=https%3A%2F%2Fpublic-eur.mkt.dynamics.com%2Fapi%2Forgs%2F8d5eafb0-f8ac-4ccb-a7c1-a2767b978f43%2Fr%2FdplJYjVJ_EuMAaJkHY8CABAAAAA%3Fmsdynmkt_target%3D%257B%2522TargetUrl%2522%253A%2522https%25253A%25252F%25252Feur04.safelinks.protection.outlook.com%25252F%25253Furl%25253Dhttps%2525253A%2525252F%2525252Fpublic-eur.mkt.dynamics.com%2525252Fapi%2525252Forgs%2525252F8d5eafb0-f8ac-4ccb-a7c1-a2767b978f43%2525252Fr%2525252FubNm8_1fYkKKybgcijEBAAEAAAA%2525253Fmsdynmkt_target%2525253D%252525257B%2525252522TargetUrl%2525252522%252525253A%2525252522https%25252525253A%25252525252F%25252525252Feur04.safelinks.protection.outlook.com%25252525252F%25252525253Furl%25252525253Dhttps%2525252525253A%2525252525252F%2525252525252Fpublic-eur.mkt.dynamics.com%2525252525252Fapi%2525252525252Forgs%2525252525252F8d5eafb0-f8ac-4ccb-a7c1-a2767b978f43%2525252525252Fr%2525252525252FaITv1hKS8kSs6wB3jXECAAsAAAA%2525252525253Fmsdynmkt_target%2525252525253D%252525252525257B%2525252525252522TargetUrl%2525252525252522%252525252525253A%2525252525252522https%25252525252525253A%25252525252525252F%25252525252525252Feur04.safelinks.protection.outlook.com%25252525252525252F%25252525252525253Furl%25252525252525253Dhttps%2525252525252525253A%2525252525252525252F%2525252525252525252Fpublic-eur.mkt.dynamics.com%2525252525252525252Fapi%2525252525252525252Forgs%2525252525252525252F8d5eafb0-f8ac-4ccb-a7c1-a2767b978f43%2525252525252525252Fr%2525252525252525252FLn5gxxoARECGTxqFI30DAAsAAAA%2525252525252525253Fmsdynmkt_target%2525252525252525253D%252525252525252525257B%2525252525252525252522TargetUrl%2525252525252525252522%252525252525252525253A%2525252525252525252522https%25252525252525252525253A%25252525252525252525252F%25252525252525252525252Fformularis.accio.gencat.cat%25252525252525252525252Fweb%25252525252525252525252Fformularis%25252525252525252525252Finscripcions%25252525252525252525252F-%25252525252525252525252Finscripcio%25252525252525252525252F2026%25252525252525252525252F02%25252525252525252525252F03%25252525252525252525252FOnkrUbTR_SM9nz_z85jUAA%25252525252525252525252Fsollicitud-de-diagnostic-pie-foment%25252525252525252525252F%25252525252525252525253Flang%25252525252525252525253Dca_ES%252525252525252525252526portal%25252525252525252525253Daccio%252525252525252525252526_gl%25252525252525252525253D1%25252525252525252525252A9dm0zh%25252525252525252525252A_ga%25252525252525252525252AMTI0NzIzNzQyMC4xNzEyODIyOTgy%25252525252525252525252A_ga_6HSVZS0K1X%25252525252525252525252AczE3NzI3MjM4MjckbzE4OSRnMCR0MTc3MjcyMzgzMiRqNTUkbDAkaDA%2525252525252525252522%252525252525252525252C%2525252525252525252522RedirectOptions%2525252525252525252522%252525252525252525253A%252525252525252525257B%25252525252525252525225%2525252525252525252522%252525252525252525253Anull%252525252525252525252C%25252525252525252525221%2525252525252525252522%252525252525252525253Anull%252525252525252525257D%252525252525252525257D%25252525252525252526msdynmkt_digest%2525252525252525253DA1vZltR2b3nESlG%252525252525252525252BdOmS7YeZ5GTW3dinAdHW2pwAZaw%252525252525252525253D%25252525252525252526msdynmkt_secretVersion%2525252525252525253D7bb221762d0c46939816d3a5592b1359%252525252525252526data%25252525252525253D05%2525252525252525257C02%2525252525252525257Csramirez%25252525252525252540foment.com%2525252525252525257Cc7e7a4617105465e160408de83531847%2525252525252525257Cf37c938d38654a89b99bb000c76a74bf%2525252525252525257C1%2525252525252525257C0%2525252525252525257C639092590089463447%2525252525252525257CUnknown%2525252525252525257CTWFpbGZsb3d8eyJFbXB0eU1hcGkiOnRydWUsIlYiOiIwLjAuMDAwMCIsIlAiOiJXaW4zMiIsIkFOIjoiTWFpbCIsIldUIjoyfQ%2525252525252525253D%2525252525252525253D%2525252525252525257C0%2525252525252525257C%2525252525252525257C%2525252525252525257C%252525252525252526sdata%25252525252525253D8wWi3Z4S7N5i5VCO2QP6AvtWJylRMKEZbvPje18Pg90%2525252525252525253D%252525252525252526reserved%25252525252525253D0%2525252525252522%252525252525252C%2525252525252522RedirectOptions%2525252525252522%252525252525253A%252525252525257B%25252525252525225%2525252525252522%252525252525253Anull%252525252525252C%25252525252525221%2525252525252522%252525252525253Anull%252525252525257D%252525252525257D%25252525252526msdynmkt_digest%2525252525253DYIZexQWs7uZ2WhUfgJqeZuryKVb2vajIvtYv5qE8oRY%252525252525253D%25252525252526msdynmkt_secretVersion%2525252525253D7bb221762d0c46939816d3a5592b1359%252525252526data%25252525253D05%2525252525257C02%2525252525257Csramirez%25252525252540foment.com%2525252525257C565760556e6c4cf5c35308de84384967%2525252525257Cf37c938d38654a89b99bb000c76a74bf%2525252525257C1%2525252525257C0%2525252525257C639093574480490085%2525252525257CUnknown%2525252525257CTWFpbGZsb3d8eyJFbXB0eU1hcGkiOnRydWUsIlYiOiIwLjAuMDAwMCIsIlAiOiJXaW4zMiIsIkFOIjoiTWFpbCIsIldUIjoyfQ%2525252525253D%2525252525253D%2525252525257C0%2525252525257C%2525252525257C%2525252525257C%252525252526sdata%25252525253DN3y2QAkHHQEwnwslqril%2525252525252B%2525252525252BjbsTmbpaH1gsQUjqlx6ho%2525252525253D%252525252526reserved%25252525253D0%2525252522%252525252C%2525252522RedirectOptions%2525252522%252525253A%252525257B%25252525225%2525252522%252525253Anull%252525252C%25252525221%2525252522%252525253Anull%252525257D%252525257D%25252526msdynmkt_digest%2525253DHxSIjxqNyMzq4m6G1OWkNS%252525252FYEFefhiIl8o9iQscMDnI%252525253D%25252526msdynmkt_secretVersion%2525253D7bb221762d0c46939816d3a5592b1359%252526data%25253D05%2525257C02%2525257Csramirez%25252540foment.com%2525257C1d01451646264e7fca2308de88baf1ef%2525257Cf37c938d38654a89b99bb000c76a74bf%2525257C1%2525257C0%2525257C639098533660479269%2525257CUnknown%2525257CTWFpbGZsb3d8eyJFbXB0eU1hcGkiOnRydWUsIlYiOiIwLjAuMDAwMCIsIlAiOiJXaW4zMiIsIkFOIjoiTWFpbCIsIldUIjoyfQ%2525253D%2525253D%2525257C0%2525257C%2525257C%2525257C%252526sdata%25253DF6gmzEwyPcPCX%2525252FFmsqBkWV3LiHiEx0w4lH5lts42Hng%2525253D%252526reserved%25253D0%2522%252C%2522RedirectOptions%2522%253A%257B%25225%2522%253Anull%252C%25221%2522%253Anull%257D%257D%26msdynmkt_digest%3D3pnr7eA2jjjY5%252F04VJpOmyfkKAFHOW2zndgIqJQ0jxA%253D%26msdynmkt_secretVersion%3D7bb221762d0c46939816d3a5592b1359&amp;data=05%7C02%7Csramirez%40foment.com%7C23b351ae016143229c6d08de8c12d3d6%7Cf37c938d38654a89b99bb000c76a74bf%7C1%7C0%7C639102209641121264%7CUnknown%7CTWFpbGZsb3d8eyJFbXB0eU1hcGkiOnRydWUsIlYiOiIwLjAuMDAwMCIsIlAiOiJXaW4zMiIsIkFOIjoiTWFpbCIsIldUIjoyfQ%3D%3D%7C0%7C%7C%7C&amp;sdata=yoLLv4PRfv2xjZrHwBgWZXD0aIuobZl%2FLoaBtC4V5is%3D&amp;reserved=0\">CATALUNYA EXPORTA<\/a>, adre\u00e7at a empreses que volen iniciar-se en la internacionalitzaci\u00f3 amb un enfocament pr\u00e0ctic i personalitzat. <\/span><\/p>\n<p><span style=\"font-family: verdana, geneva, sans-serif; font-size: 13px;\">Des de <a href=\"https:\/\/eur04.safelinks.protection.outlook.com\/?url=https%3A%2F%2Fpublic-eur.mkt.dynamics.com%2Fapi%2Forgs%2F8d5eafb0-f8ac-4ccb-a7c1-a2767b978f43%2Fr%2FdplJYjVJ_EuMAaJkHY8CABEAAAA%3Fmsdynmkt_target%3D%257B%2522TargetUrl%2522%253A%2522https%25253A%25252F%25252Feur04.safelinks.protection.outlook.com%25252F%25253Furl%25253Dhttps%2525253A%2525252F%2525252Fpublic-eur.mkt.dynamics.com%2525252Fapi%2525252Forgs%2525252F8d5eafb0-f8ac-4ccb-a7c1-a2767b978f43%2525252Fr%2525252FubNm8_1fYkKKybgcijEBAAIAAAA%2525253Fmsdynmkt_target%2525253D%252525257B%2525252522TargetUrl%2525252522%252525253A%2525252522https%25252525253A%25252525252F%25252525252Fwww.foment.com%25252525252Fes%25252525252Fcatalunya-exporta%25252525252F%2525252525231767799497417-fa3ae53f-0b5b%2525252522%252525252C%2525252522RedirectOptions%2525252522%252525253A%252525257B%25252525220%2525252522%252525253Anull%252525257D%252525257D%25252526msdynmkt_digest%2525253DbK7c94w0eFraOy9eOgKfYNJ21gIDfLiaSBNv7Ob%252525252FUbc%252525253D%25252526msdynmkt_secretVersion%2525253D7bb221762d0c46939816d3a5592b1359%252526data%25253D05%2525257C02%2525257Csramirez%25252540foment.com%2525257C1d01451646264e7fca2308de88baf1ef%2525257Cf37c938d38654a89b99bb000c76a74bf%2525257C1%2525257C0%2525257C639098533660503029%2525257CUnknown%2525257CTWFpbGZsb3d8eyJFbXB0eU1hcGkiOnRydWUsIlYiOiIwLjAuMDAwMCIsIlAiOiJXaW4zMiIsIkFOIjoiTWFpbCIsIldUIjoyfQ%2525253D%2525253D%2525257C0%2525257C%2525257C%2525257C%252526sdata%25253DnU%2525252FdP3SzDdBLN%2525252BjGlM%2525252BfjpHC30Tp2sKQXa53D7Snr8M%2525253D%252526reserved%25253D0%2522%252C%2522RedirectOptions%2522%253A%257B%25225%2522%253Anull%252C%25221%2522%253Anull%257D%257D%26msdynmkt_digest%3DTMCFNOfb0%252BXu2BCcvcmDJAmwBhXs4eG0zaVP3L6%252BdE8%253D%26msdynmkt_secretVersion%3D7bb221762d0c46939816d3a5592b1359&amp;data=05%7C02%7Csramirez%40foment.com%7C23b351ae016143229c6d08de8c12d3d6%7Cf37c938d38654a89b99bb000c76a74bf%7C1%7C0%7C639102209641147248%7CUnknown%7CTWFpbGZsb3d8eyJFbXB0eU1hcGkiOnRydWUsIlYiOiIwLjAuMDAwMCIsIlAiOiJXaW4zMiIsIkFOIjoiTWFpbCIsIldUIjoyfQ%3D%3D%7C0%7C%7C%7C&amp;sdata=daHoyG1ZgccCVp8G6HuKQMd9CnWk7pYkM%2FVO%2F7PF6wM%3D&amp;reserved=0\">Foment del Treball<\/a>, t&#8217;acompanyem en el proc\u00e9s d&#8217;internacionalitzaci\u00f3 perqu\u00e8 puguis identificar el teu potencial exportador i definir els primers passos amb criteri i confian\u00e7a.<\/span><\/p>\n<p style=\"text-align: justify;\"><span style=\"font-family: verdana, geneva, sans-serif; font-size: 13px;\">Com a entitat col\u00b7laboradora i agent de suport a la internacionalitzaci\u00f3, al llarg de l&#8217;any organitzarem sessions de capacitaci\u00f3 perqu\u00e8 les empreses coneguin els conceptes, les tend\u00e8ncies i les normatives clau per obrir-se als mercats internacionals.<\/span><\/p>\n<p style=\"text-align: justify;\"><span style=\"font-family: verdana, geneva, sans-serif; font-size: 13px;\">Aquesta sessi\u00f3, \u00abParticipar amb \u00e8xit en fires internacionals \u00ab, t\u00e9 com a objectiu t\u00e9 com a objectiu oferir a les empreses eines pr\u00e0ctiques per aprofitar al m\u00e0xim la seva participaci\u00f3 en fires internacionals com a via per impulsar la seva estrat\u00e8gia d&#8217;internacionalitzaci\u00f3. Durant la sessi\u00f3 es treballaran\u00a0 aspectes clau com la selecci\u00f3 de fires m\u00e9s adequades, la preparaci\u00f3 de la participaci\u00f3, la captaci\u00f3 de contactes i el seguiment necess\u00e0ri despr\u00e9s de la fira.\u00a0<\/span><\/p>\n<p><strong><span style=\"color: #d2112d; font-family: verdana, geneva, sans-serif; font-size: 13px;\">PROGRAMA<\/span><\/strong><\/p>\n<p><span style=\"color: #d2112d; font-family: verdana, geneva, sans-serif; font-size: 13px;\">09:00 h. Benvinguda i presentaci\u00f3 del Programa Catalunya Exporta<\/span><\/p>\n<p><span style=\"color: #d2112d; font-family: verdana, geneva, sans-serif; font-size: 13px;\">09:10 h. <strong>Participar amb \u00e8xit a fires internacionals<\/strong><\/span><\/p>\n<p><span style=\"color: #000000; font-family: verdana, geneva, sans-serif; font-size: 13px;\"><strong>Isabel Garcia<\/strong>, Senior International Consultant, <strong>BarcelonaExport<\/strong><\/span><\/p>\n<p><span style=\"color: #d2112d; font-family: verdana, geneva, sans-serif; font-size: 13px;\">10:20 h. Torn de preguntes<\/span><\/p>\n<p><span style=\"color: #d2112d; font-family: verdana, geneva, sans-serif; font-size: 13px;\">10:30 h. Fi de la sesi\u00f3<\/span>[\/vc_column_text]<\/p>\n<div class=\"single_image wpb_content_element align-left    \" data-animation=\"none\" data-delay=\"0\"><img width=\"1900\" height=\"300\" src=\"https:\/\/www.foment.com\/wp-content\/uploads\/2026\/03\/ACCIO-1.png\" class=\"attachment-full\" alt=\"\" loading=\"lazy\" title=\"ACCI\u00d3\" srcset=\"https:\/\/www.foment.com\/wp-content\/uploads\/2026\/03\/ACCIO-1.png 1900w, https:\/\/www.foment.com\/wp-content\/uploads\/2026\/03\/ACCIO-1-300x47.png 300w, https:\/\/www.foment.com\/wp-content\/uploads\/2026\/03\/ACCIO-1-1024x162.png 1024w, https:\/\/www.foment.com\/wp-content\/uploads\/2026\/03\/ACCIO-1-768x121.png 768w, https:\/\/www.foment.com\/wp-content\/uploads\/2026\/03\/ACCIO-1-1536x243.png 1536w\" sizes=\"(max-width: 1900px) 100vw, 1900px\" \/><\/div>\n<p>[\/vc_column][\/vc_row][vc_row][vc_column width=\u00bb1\/2&#8243;][vc_column_text]<span style=\"font-family: verdana, geneva, sans-serif; font-size: 10px;\">Amb el suport de:<\/span>[\/vc_column_text]<\/p>\n<div class=\"single_image wpb_content_element align-left    \" data-animation=\"none\" data-delay=\"0\"><a href=\"http:\/\/www.accio.gencat.cat\" target=\"_self\"><img width=\"300\" height=\"68\" src=\"https:\/\/www.foment.com\/wp-content\/uploads\/2026\/03\/ACCIO-integrat-Horitzontal-CAT-color-300x68.png\" class=\"attachment-medium\" alt=\"\" loading=\"lazy\" title=\"ACCIO-integrat-Horitzontal-CAT-color\" srcset=\"https:\/\/www.foment.com\/wp-content\/uploads\/2026\/03\/ACCIO-integrat-Horitzontal-CAT-color-300x68.png 300w, https:\/\/www.foment.com\/wp-content\/uploads\/2026\/03\/ACCIO-integrat-Horitzontal-CAT-color.png 559w\" sizes=\"(max-width: 300px) 100vw, 300px\" \/><\/a><\/div>\n<p>[\/vc_column][vc_column width=\u00bb1\/2&#8243;][vc_column_text]<span style=\"font-family: verdana, geneva, sans-serif; font-size: 10px;\">Agent de suport a la Internacionalitzaci\u00f3<\/span>[\/vc_column_text]<\/p>\n<div class=\"single_image wpb_content_element align-left    \" data-animation=\"none\" data-delay=\"0\"><img width=\"274\" height=\"300\" src=\"https:\/\/www.foment.com\/wp-content\/uploads\/2025\/10\/logo-Accio-2-274x300.png\" class=\"attachment-medium\" alt=\"\" loading=\"lazy\" title=\"logo Accio 2\" srcset=\"https:\/\/www.foment.com\/wp-content\/uploads\/2025\/10\/logo-Accio-2-274x300.png 274w, https:\/\/www.foment.com\/wp-content\/uploads\/2025\/10\/logo-Accio-2-768x842.png 768w, https:\/\/www.foment.com\/wp-content\/uploads\/2025\/10\/logo-Accio-2.png 778w\" sizes=\"(max-width: 274px) 100vw, 274px\" \/><\/div>\n<p>[\/vc_column][\/vc_row]<\/p>\n<\/div><div class='clear'><\/div>\n\t\t\t\t\t\t\t\t\t<\/div>\n\t\t\t\t\t\t\t\t<\/div>\n\t\t\t\t\t\t\t<\/div><div class='evo_metarow_organizer evorow evcal_evdata_row evcal_evrow_sm '>\n\t\t\t\t\t\t\t\t<span class='evcal_evdata_icons'><i class='fa fa-headphones'><\/i><\/span>\n\t\t\t\t\t\t\t\t<div class='evcal_evdata_cell'>\t\t\t\t\t\t\t\n\t\t\t\t\t\t\t\t\t<h3 class='evo_h3'>Organizador<\/h3>\n\t\t\t\t\t\t\t\t\t<p class='evo_data_val evo_card_organizer_image'><img src='https:\/\/www.foment.com\/wp-content\/uploads\/2017\/04\/InternacionalEmpresabitotransCAT-200x80.png'\/><\/p>\n\t\t\t\t\t\t\t\t\t<div class='evo_card_organizer'><p class='evo_data_val evo_card_organizer_name'>\n\t\t\t\t\t\t\t\t\t\t<span class='evo_card_organizer_name_t'>Internacional<\/span>\n\t\t\t\t\t\t\t\t\t\t\n\t\t\t\t\t\t\t\t\t\t<\/p><\/div><div class='clear'><\/div>\t\t\t\t\t\t\t\n\t\t\t\t\t\t\t\t<\/div>\n\t\t\t\t\t\t\t<\/div><div class='evcal_evdata_row evo_metarow_locImg evorow ' style='height:400px; background-image:url(https:\/\/www.foment.com\/wp-content\/uploads\/2017\/03\/002damm-0334.jpg)' id='31599_locimg' ><\/div>\t\t\t\t\t\t\t<div class='evo_metarow_ICS evorow evcal_evdata_row'>\n\t\t\t\t\t\t\t\t<span class=\"evcal_evdata_icons\"><i class=\"fa fa-calendar\"><\/i><\/span>\n\t\t\t\t\t\t\t\t<div class='evcal_evdata_cell'>\n\t\t\t\t\t\t\t\t\t<p><a href='https:\/\/www.foment.com\/wp-admin\/admin-ajax.php?action=eventon_ics_download&amp;event_id=217566&amp;ri=0' class='evo_ics_nCal' title='Add to your calendar'>Calendar<\/a><a href='\/\/www.google.com\/calendar\/event?action=TEMPLATE&amp;text=Webinar+%7C+Participar+amb+%C3%A8xit+en+fires+internacionals&amp;dates=20260721T070000Z\/20260721T083000Z&amp;ctz=Europe\/Madrid&amp;details=Webinar+%7C+Participar+amb+%C3%A8xit+en+fires+internacionals&amp;location=Zoom' target='_blank' class='evo_ics_gCal' title='Add to google calendar'>GoogleCal<\/a><\/p>\t\n\t\t\t\t\t\t\t\t<\/div>\n\t\t\t\t\t\t\t<\/div>\n\t\t\t\t\t\t\t<div class='evo_card_row_end evcal_close' title='Close'><\/div><\/div><div class='clear end'><\/div><\/div><div  id=\"event_218410_0\" class=\"eventon_list_event evo_eventtop scheduled  event event_218410_0\" data-event_id=\"218410\" data-ri=\"0r\" data-time=\"1790847000-1792679400\" data-colr=\"#00a499\" itemscope itemtype='http:\/\/schema.org\/Event'><div class=\"evo_event_schema\" style=\"display:none\" ><a itemprop='url'  href='https:\/\/www.foment.com\/es\/events\/curso-de-especializacion-en-la-investigacion-de-accidentes-2026\/'><\/a><meta itemprop='image' content=\"https:\/\/www.foment.com\/wp-content\/uploads\/2026\/04\/Caratula-Curso-investigacion-accidentes.jpg\" \/><meta itemprop='startDate' content=\"2026-10-1T09:30+2:00\" \/><meta itemprop='endDate' content=\"2026-10-22T14:30+2:00\" \/><meta itemprop='eventStatus' content=\"https:\/\/schema.org\/EventScheduled\" \/><item style=\"display:none\" itemprop=\"eventAttendanceMode\" itemscope itemtype=\"https:\/\/schema.org\/OfflineEventAttendanceMode\"><\/item><div itemprop=\"organizer\" itemscope=\"\" itemtype=\"http:\/\/schema.org\/Organization\">\n\t\t\t\t\t    \t<meta itemprop=\"name\" content=\"Of. T\u00e9cnica de Prevenci\u00f3n de Riesgos Laborales\">\n\t\t\t\t\t    \t<\/div><div itemprop=\"performer\" itemscope=\"\" itemtype=\"http:\/\/schema.org\/Person\">\n\t\t\t\t\t    \t<meta itemprop=\"name\" content=\"Of. T\u00e9cnica de Prevenci\u00f3n de Riesgos Laborales\">\n\t\t\t\t\t    <\/div><script type=\"application\/ld+json\">{\"@context\": \"http:\/\/schema.org\",\"@type\": \"Event\",\n\t\t\t\t\t\"@id\": \"event_218410_0\",\n\t\t\t\t\t\"eventAttendanceMode\":\"https:\/\/schema.org\/OfflineEventAttendanceMode\",\n\t\t\t\t\t\"name\": \"Curso de especializaci\u00f3n en investigaci\u00f3n de accidentes \u2013 2026\",\n\t\t\t\t\t\"url\": \"https:\/\/www.foment.com\/es\/events\/curso-de-especializacion-en-la-investigacion-de-accidentes-2026\/\",\n\t\t\t\t\t\"startDate\": \"2026-10-1T09:30+2:00\",\n\t\t\t\t\t\"endDate\": \"2026-10-22T14:30+2:00\",\n\t\t\t\t\t\"image\":\"https:\/\/www.foment.com\/wp-content\/uploads\/2026\/04\/Caratula-Curso-investigacion-accidentes.jpg\", \n\t\t\t\t\t\"description\":\"<p>[vc_row][vc_column][vc_column_text]<\/p> <p>&nbsp;<\/p> <p style='text-align: center;'><span style='color: #a60f0f; font-family: verdana, geneva, sans-serif;'><span style='font-size: 18pt;'>Curso de especializaci\u00f3n en investigaci\u00f3n de accidentes<\/span><\/span><\/p> <p>&nbsp;<\/p> <p style='text-align: justify;'><span style='font-family: verdana, geneva, sans-serif;'>La investigaci\u00f3n de accidentes es un \u00e1rea en constante evoluci\u00f3n, a medida que se van incorporando tecnolog\u00edas, metodolog\u00edas de an\u00e1lisis, as\u00ed como la experiencia y conocimiento que el estudio de siniestros aporta.<\/span><\/p> <p style='text-align: justify;'><span style='font-family: verdana, geneva, sans-serif;'>El objetivo del curso es facilitar al alumno un aprendizaje y conocimiento amplio de las principales t\u00e9cnicas empleadas a nivel internacional para la investigaci\u00f3n de accidentes\/incidentes, dot\u00e1ndolo de una amplia perspectiva sobre el proceso de la investigaci\u00f3n de accidentes, as\u00ed como m\u00faltiples herramientas para abordar el proceso de planificaci\u00f3n y gesti\u00f3n de la investigaci\u00f3n y el posterior aprendizaje y mejora en aspectos t\u00e9cnicos, organizativos, de gesti\u00f3n, culturales y comportamentales.<\/span><\/p> <hr \/> <p><span style='font-family: verdana, geneva, sans-serif;'>Plazas limitadas. Se confirmar\u00e1 la plaza personalmente.<\/span><\/p> <p><span style='font-family: verdana, geneva, sans-serif;'>La inscripci\u00f3n se puede realizar hasta el 15\/09\/2026.<\/span><\/p> <p><span style='font-family: verdana, geneva, sans-serif;'>El precio de la matr\u00edcula son 1.4750\u20ac (IVA no incluido) susceptible de bonificaci\u00f3n parcial por la Fundaci\u00f3n Estatal para la Formaci\u00f3n en el Empleo.<\/span><\/p> <p>[\/vc_column_text][\/vc_column][\/vc_row][vc_row][vc_column width=\u00bb1\/1&#8243;][vc_btn title=\u00bbDescargar programa\u00bb style=\u00bboutline-custom\u00bb outline_custom_color=\u00bb#dd3333&#8243; outline_custom_hover_background=\u00bb#000000&#8243; outline_custom_hover_text=\u00bb#dd1818&#8243; align=\u00bbcenter\u00bb link=\u00bburl:https%3A%2F%2Ffomentdeltreball.sharepoint.com%2F%3Ab%3A%2Fg%2FIQA0ea4vfNC1TKZb8HYU2n2lATYi4AwszoX0QW3iywjEtjc|target:_blank\u00bb css=\u00bb.vc_custom_1776348216532{background-color: #ffffff !important;}\u00bb][\/vc_column][\/vc_row]<\/p> \",\"organizer\":{\"@type\":\"Organization\",\"name\":\"Of. T\u00e9cnica de Prevenci\u00f3n de Riesgos Laborales\"},\"performer\":{\"@type\":\"Person\",\"name\":\"Of. T\u00e9cnica de Prevenci\u00f3n de Riesgos Laborales\"},\"eventStatus\":\"https:\/\/schema.org\/EventScheduled\"}<\/script><\/div>\n\t\t\t\t<p class=\"desc_trig_outter\" style=\"background-color:#ffffff;flex-direction: row;\"><a data-gmap_status=\"null\" data-exlk=\"1\"  style=\"border-color: #00a499;\" id=\"evc_1790847000218410\" class=\"hasFtIMG desc_trig evo_prevencion-riesgos-laborales mul_val evcal_list_a\" data-ux_val=\"3\"  ><span class='ev_ftImg' data-img='https:\/\/www.foment.com\/wp-content\/uploads\/2026\/04\/Caratula-Curso-investigacion-accidentes.jpg' data-thumb='https:\/\/www.foment.com\/wp-content\/uploads\/2026\/04\/Caratula-Curso-investigacion-accidentes-300x169.jpg' style='background-image:url(\"https:\/\/www.foment.com\/wp-content\/uploads\/2026\/04\/Caratula-Curso-investigacion-accidentes-300x169.jpg\")'><\/span><style>.ajde_evcal_calendar.boxy #evcal_list .eventon_list_event .evcal_desc em{color:black;}<\/style><span style='width:100%; background-color:#00a499 !important;' class='evcal_cblock ' data-smon='octubre' data-syr='2026'><span style='margin-top: 7px;margin-bottom: 7px;' class='evo_start '><em class='date'>01<\/em><em class='month'>oct<\/em><em class='time'>9:30<\/em><\/span><span style='margin-top: 7px;margin-bottom: 7px;' class='evo_end '><em class='date'>22<\/em><em class='time'><i>(oct 22)<\/i>14:30<\/em><\/span><em class='clear'><\/em><\/span><span class='evcal_desc evo_info '  ><span class='evo_above_title'><\/span><span class='evcal_desc2 evcal_event_title hbaevatitle' itemprop='name'>Curso de especializaci\u00f3n en investigaci\u00f3n de accidentes \u2013 2026<\/span><span class='evo_below_title'><\/span><span class='evcal_desc_info' ><em class='evcal_time evo_tz_time'>9:30 - 14:30 <em class=\"evo_endday\">(22)<\/em><\/em> <\/span><span class='evcal_desc3'><\/span><span style='height: 60px;'  class='evcal_desc3' ><span class='evcal_event_types ett1'><em>C =<\/em><em data-filter='event_type'>Prevenci\u00f3n Riesgos Laborales<\/em><i class='clear'><\/i><\/span><\/span><\/span><em class='clear'><\/em><\/a><\/p><div class='event_description evcal_eventcard ' style=\"display:none\"><div class='evorow evcal_evdata_row bordb evcal_evrow_sm evo_metarow_rsvp' ><div class='evors_jdata' data-j='{\"etitle\":\"Curso de especializaci\\u00f3n en investigaci\\u00f3n de accidentes \\u2013 2026\",\"e_id\":218410,\"repeat_interval\":0,\"cap\":4,\"precap\":\"10\",\"uid\":\"na\",\"prefill\":false,\"lang\":\"L1\",\"incard\":\"no\",\"rsvpid\":null,\"rsvp\":null}'><\/div><span class='evcal_evdata_icons'><i class='fa fa-envelope'><\/i><\/span>\r\n\t\t\t\t\t\t\t<div class='evcal_evdata_cell'>\r\n\t\t\t\t\t\t\t\t<h3 class='evo_h3'>INSCR\u00cdBETE A LA ACTIVIDAD<\/h3><div class='evors_section evors_subtext'><p class='evo_data_val'>No te la pierdas<\/p><\/div><div class='evors_eventcard_content'><p class='evors_section evors_user_text'><span>\u00bfQuieres asistir?<\/span><\/p><div class='evoRS_status_option_selection'><p class='sin'><span data-val='y' class='evors_choices one '>S\u00cd<\/span><\/p><\/div>\t\t\t\t\t<div class=\"evors_incard_form\"><\/div>\r\n\t\t\t\t\t<div class='evors_information'><div class='evors_stat_data'><div class='evors_section evors_remaining_spots'><\/div><div class='clear'><\/div><\/div><\/div><div class='evors_section evors_change_rsvp'>\r\n\t\t\t\t\t\t\t\t<p class=''><span class=\"evors_change_rsvp_label\">\u00bfNo puedes asistir al evento?<\/span><span class='change evors_change_rsvp_trig' data-rsvpid='' data-val='ch'>Cambiar mi reserva<\/span>\r\n\t\t\t\t\t\t\t\t<\/p><\/div><\/div><\/div><\/div><div class='evo_metarow_fimg evorow evcal_evdata_img evcal_evdata_row  evo_imghover' data-imgheight='1080' data-imgwidth='1920'  style='background-image: url(\"https:\/\/www.foment.com\/wp-content\/uploads\/2026\/04\/Caratula-Curso-investigacion-accidentes.jpg\")' data-imgstyle='full' data-minheight='400' data-status=''><\/div><div class='evo_metarow_time evorow evcal_evdata_row evcal_evrow_sm '>\n\t\t\t\t\t\t\t\t<span class='evcal_evdata_icons'><i class='fa fa-clock'><\/i><\/span>\n\t\t\t\t\t\t\t\t<div class='evcal_evdata_cell'>\t\t\t\t\t\t\t\n\t\t\t\t\t\t\t\t\t<h3 class='evo_h3'><span class='evcal_evdata_icons'><i class='fa fa-clock'><\/i><\/span>Horario<\/h3><p><span class='evo_eventcard_time_t'>1 (Jueves) 9:30 - 22 (Jueves) 14:30<\/span><\/p>\n\t\t\t\t\t\t\t\t<\/div>\n\t\t\t\t\t\t\t<\/div><div class='evo_metarow_details evorow evcal_evdata_row evcal_event_details'>\n\t\t\t\t\t\t\t\t<div class=\"event_excerpt\" style=\"display:none\"><h3 class=\"padb5 evo_h3\">Detalles del evento<\/h3><p>[vc_row][vc_column][vc_column_text]\n&nbsp;\nCurso de especializaci\u00f3n en investigaci\u00f3n de accidentes\n&nbsp;\nLa investigaci\u00f3n de accidentes es un \u00e1rea en<\/p><\/div><span class='evcal_evdata_icons'><i class='fa fa-align-justify'><\/i><\/span>\n\t\t\t\t\t\t\t\t\n\t\t\t\t\t\t\t\t<div class='evcal_evdata_cell '>\n\t\t\t\t\t\t\t\t\t<div class='eventon_full_description'>\n\t\t\t\t\t\t\t\t\t\t<h3 class='padb5 evo_h3'><span class='evcal_evdata_icons'><i class='fa fa-align-justify'><\/i><\/span>Detalles del evento<\/h3>\n\t\t\t\t\t\t\t\t\t\t<div class='eventon_desc_in' itemprop='description'>\n\t\t\t\t\t\t\t\t\t\t<p>[vc_row][vc_column][vc_column_text]<\/p>\n<p>&nbsp;<\/p>\n<p style=\"text-align: center;\"><span style=\"color: #a60f0f; font-family: verdana, geneva, sans-serif;\"><span style=\"font-size: 18pt;\">Curso de especializaci\u00f3n en investigaci\u00f3n de accidentes<\/span><\/span><\/p>\n<p>&nbsp;<\/p>\n<p style=\"text-align: justify;\"><span style=\"font-family: verdana, geneva, sans-serif;\">La investigaci\u00f3n de accidentes es un \u00e1rea en constante evoluci\u00f3n, a medida que se van incorporando tecnolog\u00edas, metodolog\u00edas de an\u00e1lisis, as\u00ed como la experiencia y conocimiento que el estudio de siniestros aporta.<\/span><\/p>\n<p style=\"text-align: justify;\"><span style=\"font-family: verdana, geneva, sans-serif;\">El objetivo del curso es facilitar al alumno un aprendizaje y conocimiento amplio de las principales t\u00e9cnicas empleadas a nivel internacional para la investigaci\u00f3n de accidentes\/incidentes, dot\u00e1ndolo de una amplia perspectiva sobre el proceso de la investigaci\u00f3n de accidentes, as\u00ed como m\u00faltiples herramientas para abordar el proceso de planificaci\u00f3n y gesti\u00f3n de la investigaci\u00f3n y el posterior aprendizaje y mejora en aspectos t\u00e9cnicos, organizativos, de gesti\u00f3n, culturales y comportamentales.<\/span><\/p>\n<hr \/>\n<p><span style=\"font-family: verdana, geneva, sans-serif;\">Plazas limitadas. Se confirmar\u00e1 la plaza personalmente.<\/span><\/p>\n<p><span style=\"font-family: verdana, geneva, sans-serif;\">La inscripci\u00f3n se puede realizar hasta el 15\/09\/2026.<\/span><\/p>\n<p><span style=\"font-family: verdana, geneva, sans-serif;\">El precio de la matr\u00edcula son 1.4750\u20ac (IVA no incluido) susceptible de bonificaci\u00f3n parcial por la Fundaci\u00f3n Estatal para la Formaci\u00f3n en el Empleo.<\/span><\/p>\n<p>[\/vc_column_text][\/vc_column][\/vc_row][vc_row][vc_column width=\u00bb1\/1&#8243;][vc_btn title=\u00bbDescargar programa\u00bb style=\u00bboutline-custom\u00bb outline_custom_color=\u00bb#dd3333&#8243; outline_custom_hover_background=\u00bb#000000&#8243; outline_custom_hover_text=\u00bb#dd1818&#8243; align=\u00bbcenter\u00bb link=\u00bburl:https%3A%2F%2Ffomentdeltreball.sharepoint.com%2F%3Ab%3A%2Fg%2FIQA0ea4vfNC1TKZb8HYU2n2lATYi4AwszoX0QW3iywjEtjc|target:_blank\u00bb css=\u00bb.vc_custom_1776348216532{background-color: #ffffff !important;}\u00bb][\/vc_column][\/vc_row]<\/p>\n<\/div><div class='clear'><\/div>\n\t\t\t\t\t\t\t\t\t<\/div>\n\t\t\t\t\t\t\t\t<\/div>\n\t\t\t\t\t\t\t<\/div><div class='evo_metarow_organizer evorow evcal_evdata_row evcal_evrow_sm '>\n\t\t\t\t\t\t\t\t<span class='evcal_evdata_icons'><i class='fa fa-headphones'><\/i><\/span>\n\t\t\t\t\t\t\t\t<div class='evcal_evdata_cell'>\t\t\t\t\t\t\t\n\t\t\t\t\t\t\t\t\t<h3 class='evo_h3'>Organizador<\/h3>\n\t\t\t\t\t\t\t\t\t\n\t\t\t\t\t\t\t\t\t<div class='evo_card_organizer'><p class='evo_data_val evo_card_organizer_name'>\n\t\t\t\t\t\t\t\t\t\t<span class='evo_card_organizer_name_t'>Of. T\u00e9cnica de Prevenci\u00f3n de Riesgos Laborales<\/span>\n\t\t\t\t\t\t\t\t\t\t\n\t\t\t\t\t\t\t\t\t\t<\/p><\/div><div class='clear'><\/div>\t\t\t\t\t\t\t\n\t\t\t\t\t\t\t\t<\/div>\n\t\t\t\t\t\t\t<\/div>\t\t\t\t\t\t\t<div class='evo_metarow_ICS evorow evcal_evdata_row'>\n\t\t\t\t\t\t\t\t<span class=\"evcal_evdata_icons\"><i class=\"fa fa-calendar\"><\/i><\/span>\n\t\t\t\t\t\t\t\t<div class='evcal_evdata_cell'>\n\t\t\t\t\t\t\t\t\t<p><a href='https:\/\/www.foment.com\/wp-admin\/admin-ajax.php?action=eventon_ics_download&amp;event_id=218410&amp;ri=0' class='evo_ics_nCal' title='Add to your calendar'>Calendar<\/a><a href='\/\/www.google.com\/calendar\/event?action=TEMPLATE&amp;text=Curso+de+especializaci%C3%B3n+en+investigaci%C3%B3n+de+accidentes+%E2%80%93+2026&amp;dates=20261001T073000Z\/20261022T123000Z&amp;ctz=Europe\/Madrid&amp;details=Curso+de+especializaci%C3%B3n+en+investigaci%C3%B3n+de+accidentes+%E2%80%93+2026&amp;location=' target='_blank' class='evo_ics_gCal' title='Add to google calendar'>GoogleCal<\/a><\/p>\t\n\t\t\t\t\t\t\t\t<\/div>\n\t\t\t\t\t\t\t<\/div>\n\t\t\t\t\t\t\t<div class='evo_card_row_end evcal_close' title='Close'><\/div><\/div><div class='clear end'><\/div><\/div><\/div><\/div><\/div><div class=\"evosl_footer_outter\"><div class=\"evosl_footer\"><\/div><\/div>\t\t \t<div id='evcal_footer' class='evo_bottom' style='display:none'>\n\t\t \t\t<div class='evo_cal_data'  data-sc='{\"accord\":\"no\",\"bottom_nav\":\"no\",\"cal_id\":\"\",\"cal_init_nonajax\":\"no\",\"calendar_type\":\"default\",\"control_style\":\"lr\",\"el_type\":\"ue\",\"etc_override\":\"no\",\"evc_open\":\"no\",\"event_count\":\"0\",\"event_location\":\"all\",\"event_order\":\"ASC\",\"event_organizer\":\"all\",\"event_past_future\":\"all\",\"event_tag\":\"all\",\"event_type\":\"all\",\"event_type_2\":\"all\",\"event_type_3\":\"all\",\"event_type_4\":\"all\",\"event_type_5\":\"all\",\"eventtop_style\":\"0\",\"exp_jumper\":\"no\",\"exp_so\":\"no\",\"filter_relationship\":\"AND\",\"filter_show_set_only\":\"no\",\"filter_type\":\"default\",\"filters\":\"yes\",\"fixed_month\":\"5\",\"fixed_year\":\"2026\",\"focus_end_date_range\":\"1809129599\",\"focus_start_date_range\":\"1777609232\",\"ft_event_priority\":\"no\",\"hide_arrows\":\"no\",\"hide_empty_months\":\"no\",\"hide_end_time\":\"no\",\"hide_ft\":\"no\",\"hide_month_headers\":\"no\",\"hide_mult_occur\":\"no\",\"hide_past\":\"no\",\"hide_past_by\":\"ee\",\"hide_so\":\"no\",\"ics\":\"no\",\"jumper\":\"no\",\"jumper_count\":\"5\",\"jumper_offset\":\"0\",\"lang\":\"L1\",\"layout_changer\":\"no\",\"livenow_bar\":\"yes\",\"mapformat\":\"roadmap\",\"mapiconurl\":\"\",\"maps_load\":\"yes\",\"mapscroll\":\"true\",\"mapzoom\":\"18\",\"members_only\":\"no\",\"ml_priority\":\"no\",\"month_incre\":\"0\",\"number_of_months\":\"12\",\"only_ft\":\"no\",\"pec\":\"\",\"s\":\"\",\"search\":\"\",\"search_all\":\"no\",\"sep_month\":\"no\",\"show_et_ft_img\":\"yes\",\"show_limit\":\"no\",\"show_limit_ajax\":\"no\",\"show_limit_paged\":\"1\",\"show_limit_redir\":\"\",\"show_repeats\":\"no\",\"show_rsvp\":\"no\",\"show_upcoming\":\"0\",\"show_year\":\"no\",\"slide_auto\":\"no\",\"slide_hide_control\":\"no\",\"slide_loop\":\"no\",\"slide_nav_dots\":\"yes\",\"slide_pause_hover\":\"no\",\"slide_style\":\"def\",\"slider_pause\":\"2000\",\"slider_speed\":\"400\",\"slider_type\":\"multi\",\"slides_visible\":\"1\",\"sort_by\":\"sort_date\",\"tile_bg\":\"0\",\"tile_bg_size\":\"full\",\"tile_count\":\"2\",\"tile_height\":\"0\",\"tile_style\":\"0\",\"tiles\":\"no\",\"ux_val\":\"3\",\"view_switcher\":\"no\",\"wpml_l1\":\"\",\"wpml_l2\":\"\",\"wpml_l3\":\"\",\"yl_priority\":\"no\",\"fixed_date\":\"\",\"fixed_day\":\"1\",\"_cver\":\"3.1.6\"}' data-od='{\"lang_no_events\":\"_No hay eventos\"}'><\/div>\n\t\t \t\t<div class='evo_cal_events' data-events=\"\"><\/div>\n\t\t \t<\/div>\n\t\t\t<\/div>[\/vc_column_text][\/vc_column][\/vc_row][vc_row bg_color=\u00bb#f9f9f9&#8243; top_padding=\u00bb60&#8243; bottom_padding=\u00bb60&#8243;][vc_column width=\u00bb1\/1&#8243;]<div onclick=\"location.href='https:\/\/www.fomentup.com\/ca\/agenda-tech-digital-febrer\/';\" style=\"cursor:pointer;\"><div class=\"iconbox tassa wpb_content_element iconbox-style-3 icon-color-accent color-dark\"><img src='https:\/\/www.foment.com\/wp-content\/uploads\/2019\/07\/taza-cafe-Foment.png' class='iconimg' alt='Innovation Breakfast' \/><h3>Innovation Breakfast<\/h3><p>Los<strong>\u00a0Innovation Breakfast de Foment\u00a0<\/strong>son un nuevo formato de sesi\u00f3n creado para ofrecer un entorno donde poder dialogar, inspirarse y crecer profesionalmente, a trav\u00e9s de encuentros con ponentes de alto nivel que comparten su visi\u00f3n y expertise en las iniciativas innovadoras que est\u00e1n liderando en su organizaci\u00f3n.<\/p><\/div><\/div>[\/vc_column][\/vc_row][vc_section][vc_row top_padding=\u00bb70&#8243; bottom_padding=\u00bb40&#8243;][vc_column column_center=\u00bbtrue\u00bb width=\u00bb1\/1&#8243;]<h2 class=\"headline font-inherit fontsize-l fontweight-500 lh-inherit align-center transform-inherit \" style=\"margin: 0 0 40px 0;\">Te puede interesar:<\/h2>[vc_row_inner][vc_column_inner width=\u00bb1\/3&#8243;]<div class=\"box clearfix style-7 wpb_content_element align-center \" style=\"padding: 40px 40px 40px 40px;background-image: url(https:\/\/www.foment.com\/wp-content\/uploads\/2020\/04\/Digitalitzat_2.png);\"><span style=\"color: #ffffff;\">Banco de herramientas disponibles para digitalizar tu negocio y hacerlo crecer<\/span><\/p>\n<a href=\"\/digitalitzat\/es\" target=\"_blank\" class=\"button color-3 small \" style=\"border-radius: 2px;\">Digitalitza&#8217;t<\/a><\/div>[\/vc_column_inner][vc_column_inner width=\u00bb1\/3&#8243;]<div class=\"single_image wpb_content_element align-left    \" data-animation=\"none\" data-delay=\"0\"><a href=\"https:\/\/barcelonadigitaltalent.com\/ca\/\" target=\"_blank\"><img width=\"300\" height=\"85\" src=\"https:\/\/www.foment.com\/wp-content\/uploads\/2019\/12\/BDT-1.1-POSITIU-01.jpg\" class=\"attachment-medium\" alt=\"\" loading=\"lazy\" title=\"BDT-1.1-POSITIU-01\" \/><\/a><\/div>[\/vc_column_inner][vc_column_inner width=\u00bb1\/3&#8243;]<div class=\"single_image wpb_content_element align-left    \" data-animation=\"none\" data-delay=\"0\"><a href=\"https:\/\/www.fomentup.com\/ca\/\" target=\"_blank\"><img width=\"300\" height=\"60\" src=\"https:\/\/www.foment.com\/wp-content\/uploads\/2019\/12\/logo-foment-up.png\" class=\"attachment-medium\" alt=\"\" loading=\"lazy\" title=\"logo-foment-up\" \/><\/a><\/div>[\/vc_column_inner][\/vc_row_inner][\/vc_column][\/vc_row][\/vc_section][vc_row bg_color=\u00bb#ffffff\u00bb top_padding=\u00bb40&#8243; bottom_padding=\u00bb60&#8243;][vc_column width=\u00bb1\/1&#8243;]<h2 class=\"headline font-special fontsize-xxxl fontweight-700 lh-inherit align-center transform-uppercase \" style=\"margin: 0 0 40px 0; color: #d2112d;\">NUESTRO EQUIPO<\/h2>[vc_row_inner][vc_column_inner width=\u00bb1\/4&#8243; css=\u00bb.vc_custom_1621669212561{padding-top: px !important;padding-bottom: px !important;padding-left: px !important;}\u00bb el_id=\u00bbmpimp\u00bb]<div class=\"imagebox wpb_content_element style-2\"><div class=\"imagebox-img\"><img src=\"https:\/\/www.foment.com\/wp-content\/uploads\/2019\/07\/jordi-bosch-garcia.jpg\" alt=\"\" \/><\/div>\n<h4 style=\"text-align: center;\"><span style=\"color: #000000;\">JORDI BOSCH<\/span><\/h4>\n<p style=\"text-align: center;\"><span style=\"color: #000000;\">Presidente<\/span><\/p>\n<\/div>[\/vc_column_inner][vc_column_inner width=\u00bb1\/4&#8243; el_id=\u00bbmpimp\u00bb]<div class=\"imagebox wpb_content_element style-2\"><div class=\"imagebox-img\"><img src=\"https:\/\/www.foment.com\/wp-content\/uploads\/2022\/06\/Maria-Mora.jpeg\" alt=\"\" \/><\/div>\n<h4 style=\"text-align: center;\"><span style=\"color: #000000;\">MARIA MORA\u00a0<\/span><\/h4>\n<p style=\"text-align: center;\"><span style=\"color: #000000;\">Secretaria T\u00e9cnica<\/span><\/p>\n<\/div>[\/vc_column_inner][vc_column_inner width=\u00bb1\/4&#8243; el_id=\u00bbmpimp\u00bb]<div class=\"imagebox wpb_content_element style-2\"><div class=\"imagebox-img\"><img src=\"https:\/\/www.foment.com\/wp-content\/uploads\/2024\/07\/Thais-Carrera-scaled.jpg\" alt=\"\" \/><\/div>\n<h4 style=\"text-align: center;\"><span style=\"color: #000000;\">THA\u00cdS CARRERA<\/span><\/h4>\n<p style=\"text-align: center;\"><span style=\"color: #000000;\">T\u00e9cnica<\/span><\/p>\n<\/div>[\/vc_column_inner][vc_column_inner width=\u00bb1\/4&#8243; el_id=\u00bbmpimp\u00bb]<div class=\"imagebox wpb_content_element style-2\"><div class=\"imagebox-img\"><img src=\"https:\/\/www.foment.com\/wp-content\/uploads\/2025\/05\/photo_5879758774972043478_w-1.jpg\" alt=\"\" \/><\/div>\n<h4 style=\"text-align: center;\"><span style=\"color: #000000;\">ALBA DOMINGO<\/span><\/h4>\n<p style=\"text-align: center;\"><span style=\"color: #000000;\">T\u00e9cnica<\/span><\/p>\n<\/div>[\/vc_column_inner][\/vc_row_inner][vc_empty_space][vc_row_inner][vc_column_inner width=\u00bb1\/4&#8243; css=\u00bb.vc_custom_1739805863675{padding-top: px !important;padding-bottom: px !important;padding-left: px !important;}\u00bb el_id=\u00bbmpimp\u00bb]<div class=\"imagebox wpb_content_element style-2\"><div class=\"imagebox-img\"><img src=\"https:\/\/www.foment.com\/wp-content\/uploads\/2024\/07\/Dolors-Oller.jpeg\" alt=\"\" \/><\/div>\n<h4 style=\"text-align: center;\"><span style=\"color: #000000;\">DOLORS OLLER<\/span><\/h4>\n<p style=\"text-align: center;\"><span style=\"color: #000000;\">Soporte Administrativo<\/span><\/p>\n<\/div>[\/vc_column_inner][vc_column_inner width=\u00bb1\/4&#8243;][\/vc_column_inner][vc_column_inner width=\u00bb1\/4&#8243;][\/vc_column_inner][vc_column_inner width=\u00bb1\/4&#8243;][\/vc_column_inner][\/vc_row_inner][\/vc_column][\/vc_row][vc_section][vc_row][vc_column width=\u00bb1\/1&#8243;]\n\t\t\t<!-- START Marketplace ESP REVOLUTION SLIDER 6.4.6 --><p class=\"rs-p-wp-fix\"><\/p>\n\t\t\t<rs-module-wrap id=\"rev_slider_199_2_wrapper\" data-source=\"gallery\" style=\"background:linear-gradient(rgba(247,247,247,1) 0%, rgba(215,215,215,1) 100%);padding:0;margin:0px auto;margin-top:0;margin-bottom:0;\">\n\t\t\t\t<rs-module id=\"rev_slider_199_2\" style=\"\" data-version=\"6.4.6\">\n\t\t\t\t\t<rs-slides>\n\t\t\t\t\t\t<rs-slide data-key=\"rs-250\" data-title=\"Slide\" data-anim=\"ms:600;\" data-in=\"o:0;\" data-out=\"a:false;\">\n\t\t\t\t\t\t\t<img src=\"\/\/www.foment.com\/wp-content\/plugins\/revslider\/public\/assets\/assets\/dummy.png\" title=\"Mkpl\" width=\"875\" height=\"358\" class=\"rev-slidebg tp-rs-img rs-lazyload\" data-lazyload=\"\/\/www.foment.com\/wp-content\/uploads\/2021\/05\/Mkpl.jpg\" data-parallax=\"off\" data-no-retina>\n<!--\n\t\t\t\t\t\t\t--><rs-layer\n\t\t\t\t\t\t\t\tid=\"slider-199-slide-250-layer-0\" \n\t\t\t\t\t\t\t\tdata-type=\"text\"\n\t\t\t\t\t\t\t\tdata-rsp_ch=\"on\"\n\t\t\t\t\t\t\t\tdata-xy=\"x:c;yo:85px,149px,53px,52px;\"\n\t\t\t\t\t\t\t\tdata-text=\"w:normal;s:40,33,25,28;l:90,74,56,34;fw:700;a:center;\"\n\t\t\t\t\t\t\t\tdata-dim=\"w:913px,753px,572px,352px;\"\n\t\t\t\t\t\t\t\tdata-frame_999=\"o:0;st:w;\"\n\t\t\t\t\t\t\t\tstyle=\"z-index:5;font-family:Montserrat;\"\n\t\t\t\t\t\t\t>VISITA NUESTRO MARKETPLACE \n\t\t\t\t\t\t\t<\/rs-layer><!--\n\n\t\t\t\t\t\t\t--><rs-layer\n\t\t\t\t\t\t\t\tid=\"slider-199-slide-250-layer-1\" \n\t\t\t\t\t\t\t\tdata-type=\"text\"\n\t\t\t\t\t\t\t\tdata-rsp_ch=\"on\"\n\t\t\t\t\t\t\t\tdata-xy=\"x:c;yo:203px,247px,132px,145px;\"\n\t\t\t\t\t\t\t\tdata-text=\"w:normal;s:23,22,18,16;l:30,24,21,20;fw:500;a:center;\"\n\t\t\t\t\t\t\t\tdata-dim=\"w:638px,526px,399px,324px;h:78px,64px,48px,42px;\"\n\t\t\t\t\t\t\t\tdata-frame_999=\"o:0;st:w;\"\n\t\t\t\t\t\t\t\tstyle=\"z-index:6;font-family:Montserrat;\"\n\t\t\t\t\t\t\t>Encuentra las empresas asociadas a Foment que te puedan dar servicio. \n\t\t\t\t\t\t\t<\/rs-layer><!--\n\n\t\t\t\t\t\t\t--><a\n\t\t\t\t\t\t\t\tid=\"slider-199-slide-250-layer-2\" \n\t\t\t\t\t\t\t\tclass=\"rs-layer rev-btn\"\n\t\t\t\t\t\t\t\thref=\"\/es\/marketplace\" target=\"_self\"\n\t\t\t\t\t\t\t\tdata-type=\"button\"\n\t\t\t\t\t\t\t\tdata-rsp_ch=\"on\"\n\t\t\t\t\t\t\t\tdata-xy=\"x:c;yo:326px,349px,211px,224px;\"\n\t\t\t\t\t\t\t\tdata-text=\"w:normal;s:14,13,13,12;l:57,55,58,51;fw:600;a:center;\"\n\t\t\t\t\t\t\t\tdata-dim=\"minh:0,none,none,none;\"\n\t\t\t\t\t\t\t\tdata-padding=\"r:36,35,38,34;l:36,35,38,34;\"\n\t\t\t\t\t\t\t\tdata-border=\"bos:solid;boc:#ffffff;bow:1px,1px,1px,1px;bor:25px,25px,25px,25px;\"\n\t\t\t\t\t\t\t\tdata-frame_999=\"o:0;st:w;\"\n\t\t\t\t\t\t\t\tdata-frame_hover=\"bgc:rgba(0,0,0,0);boc:rgba(255,255,255,0.75);bor:25px,25px,25px,25px;bos:solid;bow:1px,1px,1px,1px;e:power1.inOut;\"\n\t\t\t\t\t\t\t\tstyle=\"z-index:7;background-color:#d2112d;font-family:Montserrat;\"\n\t\t\t\t\t\t\t>M\u00c1S INFORMACI\u00d3N \n\t\t\t\t\t\t\t<\/a><!--\n-->\t\t\t\t\t\t<\/rs-slide>\n\t\t\t\t\t<\/rs-slides>\n\t\t\t\t<\/rs-module>\n\t\t\t\t<script type=\"text\/javascript\">\n\t\t\t\t\tsetREVStartSize({c: 'rev_slider_199_2',rl:[1240,1024,778,480],el:[500,600,360,360],gw:[1240,1024,778,480],gh:[500,600,360,360],type:'hero',justify:'',layout:'fullwidth',mh:\"0\"});\n\t\t\t\t\tvar\trevapi199,\n\t\t\t\t\t\ttpj;\n\t\t\t\t\tfunction revinit_revslider1992() {\n\t\t\t\t\tjQuery(function() {\n\t\t\t\t\t\ttpj = jQuery;\n\t\t\t\t\t\trevapi199 = tpj(\"#rev_slider_199_2\");\n\t\t\t\t\t\tif(revapi199==undefined || revapi199.revolution == undefined){\n\t\t\t\t\t\t\trevslider_showDoubleJqueryError(\"rev_slider_199_2\");\n\t\t\t\t\t\t}else{\n\t\t\t\t\t\t\trevapi199.revolution({\n\t\t\t\t\t\t\t\tsliderType:\"hero\",\n\t\t\t\t\t\t\t\tDPR:\"dpr\",\n\t\t\t\t\t\t\t\tsliderLayout:\"fullwidth\",\n\t\t\t\t\t\t\t\tvisibilityLevels:\"1240,1024,778,480\",\n\t\t\t\t\t\t\t\tgridwidth:\"1240,1024,778,480\",\n\t\t\t\t\t\t\t\tgridheight:\"500,600,360,360\",\n\t\t\t\t\t\t\t\tlazyType:\"smart\",\n\t\t\t\t\t\t\t\tperspective:600,\n\t\t\t\t\t\t\t\tperspectiveType:\"local\",\n\t\t\t\t\t\t\t\teditorheight:\"500,600,360,360\",\n\t\t\t\t\t\t\t\tresponsiveLevels:\"1240,1024,778,480\",\n\t\t\t\t\t\t\t\tprogressBar:{disableProgressBar:true},\n\t\t\t\t\t\t\t\tparallax: {\n\t\t\t\t\t\t\t\t\tlevels:[2,3,4,5,6,7,12,16,10,50,47,48,49,50,51,55],\n\t\t\t\t\t\t\t\t\ttype:\"mouse\",\n\t\t\t\t\t\t\t\t\torigo:\"slidercenter\",\n\t\t\t\t\t\t\t\t\tspeed:2000\n\t\t\t\t\t\t\t\t},\n\t\t\t\t\t\t\t\tfallbacks: {\n\t\t\t\t\t\t\t\t\tallowHTML5AutoPlayOnAndroid:true\n\t\t\t\t\t\t\t\t},\n\t\t\t\t\t\t\t});\n\t\t\t\t\t\t}\n\t\t\t\t\t\t\n\t\t\t\t\t});\n\t\t\t\t\t} \/\/ End of RevInitScript\n\t\t\t\tvar once_revslider1992 = false;\n\t\t\t\tif (document.readyState === \"loading\") {document.addEventListener('readystatechange',function() { if((document.readyState === \"interactive\" || document.readyState === \"complete\") && !once_revslider1992 ) { once_revslider1992 = true; revinit_revslider1992();}});} else {once_revslider1992 = true; revinit_revslider1992();}\n\t\t\t\t<\/script>\n\t\t\t<\/rs-module-wrap>\n\t\t\t<!-- END REVOLUTION SLIDER -->\n[\/vc_column][\/vc_row][\/vc_section]<\/p>\n<\/section>","protected":false},"excerpt":{"rendered":"<p>[vc_row][vc_column width=\u00bb1\/1&#8243;][\/vc_column][\/vc_row][vc_row bg_color=\u00bb#ffffff\u00bb top_padding=\u00bb10&#8243; bottom_padding=\u00bb20&#8243;][vc_column width=\u00bb1\/1&#8243;][vc_row_inner][vc_column_inner css=\u00bb.vc_custom_1621001846585{background-color: #ffffff !important;}\u00bb][\/vc_column_inner][\/vc_row_inner][\/vc_column][\/vc_row][vc_section][vc_row bg_color=\u00bb#efefef\u00bb top_padding=\u00bb60&#8243; class=\u00bbdestacats\u00bb][vc_column width=\u00bb1\/1&#8243;][vc_column_text el_id=\u00bbdestacats\u00bb] [\/vc_column_text][\/vc_column][\/vc_row][\/vc_section][vc_row type=\u00bbfull_width_section\u00bb bg_color=\u00bb#efefef\u00bb top_padding=\u00bb60&#8243; bottom_padding=\u00bb20&#8243;][vc_column width=\u00bb1\/1&#8243;][vc_row_inner][vc_column_inner offset=\u00bbvc_hidden-sm vc_hidden-xs\u00bb][vc_column_text][\/vc_column_text][\/vc_column_inner][\/vc_row_inner][\/vc_column][\/vc_row][vc_row bg_color=\u00bb#efefef\u00bb][vc_column width=\u00bb1\/1&#8243;][vc_row_inner][vc_column_inner offset=\u00bbvc_hidden-lg vc_hidden-md\u00bb][vc_column_text][\/vc_column_text][\/vc_column_inner][\/vc_row_inner][\/vc_column][\/vc_row][vc_section css=\u00bb.vc_custom_1621669472452{margin-top: px !important;padding-top: px !important;}\u00bb][vc_row top_padding=\u00bb70&#8243; bottom_padding=\u00bb70&#8243;][vc_column width=\u00bb1\/1&#8243;][vc_column_text] Posicionar Catalu\u00f1a y Barcelona como hubs de innovaci\u00f3n de referencia. Acompa\u00f1amiento e impulso a la innovaci\u00f3n empresarial. Mejorar el intercambio de conocimiento entre los actores del ecosistema (empresas, universidades, centros de investigaci\u00f3n y otras instituciones con propuestas innovadoras). Ser un lobby activo y reactivo en todas las normativas que afecten a la competitividad y productividad de la empresa. Dar a conocer los programas de apoyo a la innovaci\u00f3n. Fomentar la colaboraci\u00f3n entre corporaciones y startups. [\/vc_column_text][\/vc_column][\/vc_row][\/vc_section][vc_section][vc_row][vc_column width=\u00bb1\/1&#8243;][\/vc_column][\/vc_row][\/vc_section][vc_row top_padding=\u00bb70&#8243; bottom_padding=\u00bb60&#8243;][vc_column width=\u00bb1\/1&#8243;][vc_column_text][\/vc_column_text][\/vc_column][\/vc_row][vc_row bg_color=\u00bb#f9f9f9&#8243; top_padding=\u00bb60&#8243; bottom_padding=\u00bb60&#8243;][vc_column width=\u00bb1\/1&#8243;][\/vc_column][\/vc_row][vc_section][vc_row top_padding=\u00bb70&#8243; bottom_padding=\u00bb40&#8243;][vc_column column_center=\u00bbtrue\u00bb width=\u00bb1\/1&#8243;][vc_row_inner][vc_column_inner width=\u00bb1\/3&#8243;][\/vc_column_inner][vc_column_inner width=\u00bb1\/3&#8243;][\/vc_column_inner][vc_column_inner width=\u00bb1\/3&#8243;][\/vc_column_inner][\/vc_row_inner][\/vc_column][\/vc_row][\/vc_section][vc_row bg_color=\u00bb#ffffff\u00bb top_padding=\u00bb40&#8243; bottom_padding=\u00bb60&#8243;][vc_column width=\u00bb1\/1&#8243;][vc_row_inner][vc_column_inner width=\u00bb1\/4&#8243; css=\u00bb.vc_custom_1621669212561{padding-top: px !important;padding-bottom: px !important;padding-left: px !important;}\u00bb el_id=\u00bbmpimp\u00bb][\/vc_column_inner][vc_column_inner width=\u00bb1\/4&#8243; el_id=\u00bbmpimp\u00bb][\/vc_column_inner][vc_column_inner width=\u00bb1\/4&#8243; el_id=\u00bbmpimp\u00bb][\/vc_column_inner][vc_column_inner width=\u00bb1\/4&#8243; el_id=\u00bbmpimp\u00bb][\/vc_column_inner][\/vc_row_inner][vc_empty_space][vc_row_inner][vc_column_inner width=\u00bb1\/4&#8243; css=\u00bb.vc_custom_1739805863675{padding-top: px !important;padding-bottom: px !important;padding-left: px !important;}\u00bb el_id=\u00bbmpimp\u00bb][\/vc_column_inner][vc_column_inner width=\u00bb1\/4&#8243;][\/vc_column_inner][vc_column_inner width=\u00bb1\/4&#8243;][\/vc_column_inner][vc_column_inner width=\u00bb1\/4&#8243;][\/vc_column_inner][\/vc_row_inner][\/vc_column][\/vc_row][vc_section][vc_row][vc_column width=\u00bb1\/1&#8243;][\/vc_column][\/vc_row][\/vc_section]<\/p>\n","protected":false},"author":1,"featured_media":0,"parent":0,"menu_order":0,"comment_status":"closed","ping_status":"closed","template":"","meta":{"_links_to":"","_links_to_target":""},"acf":[],"wps_subtitle":"","_links":{"self":[{"href":"https:\/\/www.foment.com\/es\/wp-json\/wp\/v2\/pages\/19631"}],"collection":[{"href":"https:\/\/www.foment.com\/es\/wp-json\/wp\/v2\/pages"}],"about":[{"href":"https:\/\/www.foment.com\/es\/wp-json\/wp\/v2\/types\/page"}],"author":[{"embeddable":true,"href":"https:\/\/www.foment.com\/es\/wp-json\/wp\/v2\/users\/1"}],"replies":[{"embeddable":true,"href":"https:\/\/www.foment.com\/es\/wp-json\/wp\/v2\/comments?post=19631"}],"version-history":[{"count":20,"href":"https:\/\/www.foment.com\/es\/wp-json\/wp\/v2\/pages\/19631\/revisions"}],"predecessor-version":[{"id":201829,"href":"https:\/\/www.foment.com\/es\/wp-json\/wp\/v2\/pages\/19631\/revisions\/201829"}],"wp:attachment":[{"href":"https:\/\/www.foment.com\/es\/wp-json\/wp\/v2\/media?parent=19631"}],"curies":[{"name":"wp","href":"https:\/\/api.w.org\/{rel}","templated":true}]}}