{"id":200790,"date":"2025-04-28T10:30:41","date_gmt":"2025-04-28T08:30:41","guid":{"rendered":"https:\/\/www.foment.com\/?page_id=200790"},"modified":"2026-03-24T14:18:23","modified_gmt":"2026-03-24T13:18:23","slug":"cristina-salvador","status":"publish","type":"page","link":"https:\/\/www.foment.com\/es\/actividades\/foro-recursos-humanos\/cristina-salvador\/","title":{"rendered":"Cristina Salvador"},"content":{"rendered":"<section class=\"wpb-content-wrapper\"><p>[vc_row top_padding=\u00bb60&#8243; bottom_padding=\u00bb60&#8243;][vc_column width=\u00bb1\/1&#8243;][vc_row_inner][vc_column_inner width=\u00bb1\/3&#8243;]<div class=\"imagebox wpb_content_element style-1\"><div class=\"imagebox-img\"><img src=\"https:\/\/www.foment.com\/wp-content\/uploads\/2026\/03\/Cristina-Salvador-nueva.jpg\" alt=\"\" \/><\/div>La curiosidad y la empat\u00eda son mi motor, mi prop\u00f3sito: generar cambio con impacto positivo<\/div>[vc_column_text]<div class=\"social-icon social-big\"><a href=\"#\" target=\"_blank\" title=\"\"><i class=\"fa fa-linkedin\"><\/i><\/a><\/div>[\/vc_column_text][\/vc_column_inner][vc_column_inner width=\u00bb2\/3&#8243;]<h3 class=\"headline font-special fontsize-m fontweight-inherit lh-inherit align-left transform-inherit \" style=\"margin: 0 0 20px 0; color: #000000;\">Founder en Both, People &amp; Comms<\/h3>[vc_column_text]<span style=\"color: #ab192d;\"><strong>BIOGRAF\u00cdA<\/strong><\/span><\/p>\n<p>Licenciada en Periodismo por la Universidad Aut\u00f3noma de Barcelona (UAB). M\u00e1ster en Relaciones Internacionales (CIDOB), Consejos de Administraci\u00f3n (EADA), Digital Business. Dibex (ISDI) y Sustainable Business (Cambridge).<\/p>\n<p>Fund\u00f3 Both en el a\u00f1o 2000, una soft consultancy de cultura y reputaci\u00f3n corporativa miembro del grupo Newlink.<\/p>\n<p>Antes, fue directora de comunicaci\u00f3n de la Fundaci\u00f3n Jos\u00e9 Carreras.<\/p>\n<p>Cuenta con 30 a\u00f1os de experiencia en comunicaci\u00f3n corporativa, interna y de crisis, gesti\u00f3n del cambio y cultura corporativa. Miembro de la junta del Colegio Oficial de Periodistas de Catalu\u00f1a, del Consejo de APD y del comit\u00e9 consultivo de la Fundaci\u00f3 Factor Hum\u00e0.[\/vc_column_text][\/vc_column_inner][\/vc_row_inner][\/vc_column][\/vc_row]<\/p>\n<\/section>","protected":false},"excerpt":{"rendered":"<p>[vc_row top_padding=\u00bb60&#8243; bottom_padding=\u00bb60&#8243;][vc_column width=\u00bb1\/1&#8243;][vc_row_inner][vc_column_inner width=\u00bb1\/3&#8243;][vc_column_text][\/vc_column_text][\/vc_column_inner][vc_column_inner width=\u00bb2\/3&#8243;][vc_column_text]BIOGRAF\u00cdA Licenciada en Periodismo por la Universidad Aut\u00f3noma de Barcelona (UAB). M\u00e1ster en Relaciones Internacionales (CIDOB), Consejos de Administraci\u00f3n (EADA), Digital Business. Dibex (ISDI) y Sustainable Business (Cambridge). Fund\u00f3 Both en el a\u00f1o 2000, una soft consultancy de cultura y reputaci\u00f3n corporativa miembro del grupo Newlink. Antes, fue directora de comunicaci\u00f3n de la Fundaci\u00f3n Jos\u00e9 Carreras. Cuenta con 30 a\u00f1os de experiencia en comunicaci\u00f3n corporativa, interna y de crisis, gesti\u00f3n del cambio y cultura corporativa. Miembro de la junta del Colegio Oficial de Periodistas de Catalu\u00f1a, del Consejo de APD y del comit\u00e9 consultivo de la Fundaci\u00f3 Factor Hum\u00e0.[\/vc_column_text][\/vc_column_inner][\/vc_row_inner][\/vc_column][\/vc_row]<\/p>\n","protected":false},"author":7,"featured_media":0,"parent":20441,"menu_order":0,"comment_status":"closed","ping_status":"closed","template":"","meta":{"_links_to":"","_links_to_target":""},"acf":[],"wps_subtitle":"","_links":{"self":[{"href":"https:\/\/www.foment.com\/es\/wp-json\/wp\/v2\/pages\/200790"}],"collection":[{"href":"https:\/\/www.foment.com\/es\/wp-json\/wp\/v2\/pages"}],"about":[{"href":"https:\/\/www.foment.com\/es\/wp-json\/wp\/v2\/types\/page"}],"author":[{"embeddable":true,"href":"https:\/\/www.foment.com\/es\/wp-json\/wp\/v2\/users\/7"}],"replies":[{"embeddable":true,"href":"https:\/\/www.foment.com\/es\/wp-json\/wp\/v2\/comments?post=200790"}],"version-history":[{"count":6,"href":"https:\/\/www.foment.com\/es\/wp-json\/wp\/v2\/pages\/200790\/revisions"}],"predecessor-version":[{"id":216949,"href":"https:\/\/www.foment.com\/es\/wp-json\/wp\/v2\/pages\/200790\/revisions\/216949"}],"up":[{"embeddable":true,"href":"https:\/\/www.foment.com\/es\/wp-json\/wp\/v2\/pages\/20441"}],"wp:attachment":[{"href":"https:\/\/www.foment.com\/es\/wp-json\/wp\/v2\/media?parent=200790"}],"curies":[{"name":"wp","href":"https:\/\/api.w.org\/{rel}","templated":true}]}}