{"id":20441,"date":"2016-10-01T10:51:12","date_gmt":"2016-10-01T08:51:12","guid":{"rendered":"http:\/\/foment.itartech.com\/?page_id=20441"},"modified":"2026-03-24T14:10:51","modified_gmt":"2026-03-24T13:10:51","slug":"foro-recursos-humanos","status":"publish","type":"page","link":"https:\/\/www.foment.com\/es\/actividades\/foro-recursos-humanos\/","title":{"rendered":"Foro de Recursos Humanos"},"content":{"rendered":"<section class=\"wpb-content-wrapper\"><p>[vc_row][vc_column width=\u00bb1\/1&#8243;]\n\t\t\t<!-- START foro rrhh esp REVOLUTION SLIDER 6.4.6 --><p class=\"rs-p-wp-fix\"><\/p>\n\t\t\t<rs-module-wrap id=\"rev_slider_200_1_wrapper\" data-source=\"gallery\" style=\"background:transparent;padding:0;margin:0px auto;margin-top:0;margin-bottom:0;\">\n\t\t\t\t<rs-module id=\"rev_slider_200_1\" style=\"\" data-version=\"6.4.6\">\n\t\t\t\t\t<rs-slides>\n\t\t\t\t\t\t<rs-slide data-key=\"rs-251\" data-title=\"Slide\" data-anim=\"ms:600;\" data-in=\"o:0;\" data-out=\"a:false;\">\n\t\t\t\t\t\t\t<img src=\"\/\/www.foment.com\/wp-content\/plugins\/revslider\/public\/assets\/assets\/dummy.png\" title=\"lloguer\" width=\"875\" height=\"313\" class=\"rev-slidebg tp-rs-img rs-lazyload\" data-lazyload=\"\/\/www.foment.com\/wp-content\/uploads\/2021\/05\/lloguer.jpeg\" data-parallax=\"off\" data-no-retina>\n<!--\n\t\t\t\t\t\t\t--><rs-layer\n\t\t\t\t\t\t\t\tid=\"slider-200-slide-251-layer-0\" \n\t\t\t\t\t\t\t\tdata-type=\"text\"\n\t\t\t\t\t\t\t\tdata-rsp_ch=\"on\"\n\t\t\t\t\t\t\t\tdata-xy=\"x:c;y:m;yo:-10px,-10px,-10px,0;\"\n\t\t\t\t\t\t\t\tdata-text=\"w:normal;s:30,30,28,25;l:66,54,41,25;fw:700;a:center;\"\n\t\t\t\t\t\t\t\tdata-dim=\"w:979px,808px,613px,378px;\"\n\t\t\t\t\t\t\t\tdata-frame_999=\"o:0;st:w;\"\n\t\t\t\t\t\t\t\tstyle=\"z-index:5;font-family:Montserrat;\"\n\t\t\t\t\t\t\t>FORO RECURSOS HUMANS \n\t\t\t\t\t\t\t<\/rs-layer><!--\n-->\t\t\t\t\t\t<\/rs-slide>\n\t\t\t\t\t<\/rs-slides>\n\t\t\t\t<\/rs-module>\n\t\t\t\t<script type=\"text\/javascript\">\n\t\t\t\t\tsetREVStartSize({c: 'rev_slider_200_1',rl:[1240,1024,778,480],el:[500,600,360,360],gw:[1240,1024,778,480],gh:[500,600,360,360],type:'hero',justify:'',layout:'fullwidth',mh:\"0\"});\n\t\t\t\t\tvar\trevapi200,\n\t\t\t\t\t\ttpj;\n\t\t\t\t\tfunction revinit_revslider2001() {\n\t\t\t\t\tjQuery(function() {\n\t\t\t\t\t\ttpj = jQuery;\n\t\t\t\t\t\trevapi200 = tpj(\"#rev_slider_200_1\");\n\t\t\t\t\t\tif(revapi200==undefined || revapi200.revolution == undefined){\n\t\t\t\t\t\t\trevslider_showDoubleJqueryError(\"rev_slider_200_1\");\n\t\t\t\t\t\t}else{\n\t\t\t\t\t\t\trevapi200.revolution({\n\t\t\t\t\t\t\t\tsliderType:\"hero\",\n\t\t\t\t\t\t\t\tDPR:\"dpr\",\n\t\t\t\t\t\t\t\tsliderLayout:\"fullwidth\",\n\t\t\t\t\t\t\t\tvisibilityLevels:\"1240,1024,778,480\",\n\t\t\t\t\t\t\t\tgridwidth:\"1240,1024,778,480\",\n\t\t\t\t\t\t\t\tgridheight:\"500,600,360,360\",\n\t\t\t\t\t\t\t\tlazyType:\"smart\",\n\t\t\t\t\t\t\t\tperspective:600,\n\t\t\t\t\t\t\t\tperspectiveType:\"local\",\n\t\t\t\t\t\t\t\teditorheight:\"500,600,360,360\",\n\t\t\t\t\t\t\t\tresponsiveLevels:\"1240,1024,778,480\",\n\t\t\t\t\t\t\t\tprogressBar:{disableProgressBar:true},\n\t\t\t\t\t\t\t\tparallax: {\n\t\t\t\t\t\t\t\t\tlevels:[2,3,4,5,6,7,12,16,10,50,47,48,49,50,51,55],\n\t\t\t\t\t\t\t\t\ttype:\"mouse\",\n\t\t\t\t\t\t\t\t\torigo:\"slidercenter\",\n\t\t\t\t\t\t\t\t\tspeed:2000\n\t\t\t\t\t\t\t\t},\n\t\t\t\t\t\t\t\tfallbacks: {\n\t\t\t\t\t\t\t\t\tallowHTML5AutoPlayOnAndroid:true\n\t\t\t\t\t\t\t\t},\n\t\t\t\t\t\t\t});\n\t\t\t\t\t\t}\n\t\t\t\t\t\t\n\t\t\t\t\t});\n\t\t\t\t\t} \/\/ End of RevInitScript\n\t\t\t\tvar once_revslider2001 = false;\n\t\t\t\tif (document.readyState === \"loading\") {document.addEventListener('readystatechange',function() { if((document.readyState === \"interactive\" || document.readyState === \"complete\") && !once_revslider2001 ) { once_revslider2001 = true; revinit_revslider2001();}});} else {once_revslider2001 = true; revinit_revslider2001();}\n\t\t\t\t<\/script>\n\t\t\t<\/rs-module-wrap>\n\t\t\t<!-- END REVOLUTION SLIDER -->\n[\/vc_column][\/vc_row][vc_row bg_color=\u00bb#ffffff\u00bb top_padding=\u00bb50&#8243; bottom_padding=\u00bb30&#8243;][vc_column width=\u00bb1\/1&#8243;]<div class=\"single_image wpb_content_element align-center    \" data-animation=\"none\" data-delay=\"0\"><img width=\"300\" height=\"212\" src=\"https:\/\/www.foment.com\/wp-content\/uploads\/2023\/06\/FOMENT_RGB_forum-rrhh-CAT-300x212.png\" class=\"attachment-medium\" alt=\"\" loading=\"lazy\" title=\"FOMENT_RGB_forum rrhh CAT\" srcset=\"https:\/\/www.foment.com\/wp-content\/uploads\/2023\/06\/FOMENT_RGB_forum-rrhh-CAT-300x212.png 300w, https:\/\/www.foment.com\/wp-content\/uploads\/2023\/06\/FOMENT_RGB_forum-rrhh-CAT-1024x724.png 1024w, https:\/\/www.foment.com\/wp-content\/uploads\/2023\/06\/FOMENT_RGB_forum-rrhh-CAT-768x543.png 768w, https:\/\/www.foment.com\/wp-content\/uploads\/2023\/06\/FOMENT_RGB_forum-rrhh-CAT-1536x1086.png 1536w, https:\/\/www.foment.com\/wp-content\/uploads\/2023\/06\/FOMENT_RGB_forum-rrhh-CAT-2048x1448.png 2048w\" sizes=\"(max-width: 300px) 100vw, 300px\" \/><\/div>[vc_column_text]<\/p>\n<h3><\/h3>\n<h3 style=\"text-align: center;\"><strong>Bienvenida de la Presidenta<\/strong><\/h3>\n<p style=\"text-align: center;\">En el a\u00f1o 2001, un grupo de prestigiosos directores y directoras de Recursos Humanos cre\u00f3 el <strong>Foro de Recursos Humanos de Foment del Treball<\/strong>, con el objetivo de establecer un entorno de intercambio de ideas y experiencias alrededor de la gesti\u00f3n de personas y organizaciones. Actualmente, el Foro RRHH se ha convertido en una de las principales plataformas del pa\u00eds y un punto de encuentro de referencia entre profesionales de esta funci\u00f3n y directivos interesados en la gesti\u00f3n de personas.<\/p>\n<p style=\"text-align: center;\">Los miembros de la Junta del Foro trabajamos con mucha ilusi\u00f3n para ofrecer a todos los profesionales de recursos humanos ponencias, talleres, conferencias y sesiones de trabajo relacionados con la gesti\u00f3n de personas que respondan a sus inquietudes y necesidades de negocio desde una visi\u00f3n innovadora y diferenciadora que les aporte valor a\u00f1adido con tem\u00e1ticas innovadoras o con los temas de \u00absiempre\u00bb con enfoques creativos y que marquen tendencia.<\/p>\n<p style=\"text-align: center;\">Por \u00faltimo, apostamos por potenciar la presencia de nuestra funci\u00f3n en el \u00e1mbito social, econ\u00f3mico y cultural del tejido empresarial de nuestro pa\u00eds. Si quieres compartir todo esto con nosotros, te invitamos a seguirnos a trav\u00e9s de est\u00e1 p\u00e1gina web, donde encontrar\u00e1s toda la informaci\u00f3n actualizada de nuestras actividades.<\/p>\n<p style=\"text-align: center;\"><strong>Silvia For\u00e9s<\/strong><br \/>\n<strong>Presidenta del Foro RRHH<\/strong><\/p>\n<h3><\/h3>\n<p>[\/vc_column_text][\/vc_column][\/vc_row][vc_section css=\u00bb.vc_custom_1765973083069{padding-bottom: 50px !important;background-color: #efefef !important;}\u00bb][vc_row bg_color=\u00bb#efefef\u00bb bottom_padding=\u00bb0&#8243;][vc_column bg_color=\u00bb#efefef\u00bb width=\u00bb1\/1&#8243;]\n\t\t\t<!-- START intelligence cast REVOLUTION SLIDER 6.4.6 --><p class=\"rs-p-wp-fix\"><\/p>\n\t\t\t<rs-module-wrap id=\"rev_slider_210_2_wrapper\" data-source=\"gallery\" style=\"background:linear-gradient(rgba(247,247,247,1) 0%, rgba(215,215,215,1) 100%);padding:0;margin:0px auto;margin-top:0;margin-bottom:0;\">\n\t\t\t\t<rs-module id=\"rev_slider_210_2\" style=\"\" data-version=\"6.4.6\">\n\t\t\t\t\t<rs-slides>\n\t\t\t\t\t\t<rs-slide data-key=\"rs-261\" data-title=\"Slide\" data-anim=\"ms:600;\" data-in=\"o:0;\" data-out=\"a:false;\">\n\t\t\t\t\t\t\t<img src=\"\/\/www.foment.com\/wp-content\/plugins\/revslider\/public\/assets\/assets\/dummy.png\" title=\"intelligence\" width=\"875\" height=\"347\" class=\"rev-slidebg tp-rs-img rs-lazyload\" data-lazyload=\"\/\/www.foment.com\/wp-content\/uploads\/2021\/05\/intelligence.png\" data-parallax=\"off\" data-no-retina>\n<!--\n\t\t\t\t\t\t\t--><rs-layer\n\t\t\t\t\t\t\t\tid=\"slider-210-slide-261-layer-0\" \n\t\t\t\t\t\t\t\tdata-type=\"text\"\n\t\t\t\t\t\t\t\tdata-rsp_ch=\"on\"\n\t\t\t\t\t\t\t\tdata-xy=\"x:c;xo:-40px,-39px,-30px,-7px;yo:126px,165px,70px,79px;\"\n\t\t\t\t\t\t\t\tdata-text=\"w:normal;s:40,33,25,28;l:90,74,56,34;fw:800;\"\n\t\t\t\t\t\t\t\tdata-dim=\"w:913px,753px,572px,416px;\"\n\t\t\t\t\t\t\t\tdata-frame_999=\"o:0;st:w;\"\n\t\t\t\t\t\t\t\tstyle=\"z-index:5;font-family:Montserrat;\"\n\t\t\t\t\t\t\t>Ent\u00e9rate de la actualidad \n\t\t\t\t\t\t\t<\/rs-layer><!--\n\n\t\t\t\t\t\t\t--><rs-layer\n\t\t\t\t\t\t\t\tid=\"slider-210-slide-261-layer-1\" \n\t\t\t\t\t\t\t\tdata-type=\"text\"\n\t\t\t\t\t\t\t\tdata-rsp_ch=\"on\"\n\t\t\t\t\t\t\t\tdata-xy=\"x:c;xo:-176px,-102px,-80px,-35px;yo:217px,243px,130px,122px;\"\n\t\t\t\t\t\t\t\tdata-text=\"w:normal;s:20,22,16,14;l:30,24,21,20;fw:300;\"\n\t\t\t\t\t\t\t\tdata-dim=\"w:638px,623px,473px,358px;h:78px,96px,72px,80px;\"\n\t\t\t\t\t\t\t\tdata-frame_999=\"o:0;st:w;\"\n\t\t\t\t\t\t\t\tstyle=\"z-index:6;font-family:Montserrat;\"\n\t\t\t\t\t\t\t>Visita la sala de prensa de Foment donde encontrar\u00e1s todos nuestros videos, podcasts y publicaciones, para poder conocer m\u00e1s a fondo la actualidad empresarial. \n\t\t\t\t\t\t\t<\/rs-layer><!--\n\n\t\t\t\t\t\t\t--><a\n\t\t\t\t\t\t\t\tid=\"slider-210-slide-261-layer-2\" \n\t\t\t\t\t\t\t\tclass=\"rs-layer\"\n\t\t\t\t\t\t\t\thref=\"https:\/\/www.foment.com\/es\/sala-de-premsa\/\" target=\"_self\"\n\t\t\t\t\t\t\t\tdata-type=\"text\"\n\t\t\t\t\t\t\t\tdata-rsp_ch=\"on\"\n\t\t\t\t\t\t\t\tdata-xy=\"x:r,r,r,c;xo:105px,599px,473px,-109px;yo:250px,337px,216px,215px;\"\n\t\t\t\t\t\t\t\tdata-text=\"w:normal;s:14,22,16,14;l:57,47,21,20;fw:700;a:center;\"\n\t\t\t\t\t\t\t\tdata-dim=\"w:265px,328px,233px,213px;h:59px,54px,27px,25px;minh:0px,none,none,none;\"\n\t\t\t\t\t\t\t\tdata-border=\"bos:solid;boc:#ffffff;bow:1px,1px,1px,1px;bor:25px,25px,25px,25px;\"\n\t\t\t\t\t\t\t\tdata-frame_999=\"o:0;st:w;\"\n\t\t\t\t\t\t\t\tstyle=\"z-index:6;background-color:#d2112d;font-family:Montserrat;\"\n\t\t\t\t\t\t\t>M\u00c1S INFORMACI\u00d3N \n\t\t\t\t\t\t\t<\/a><!--\n-->\t\t\t\t\t\t<\/rs-slide>\n\t\t\t\t\t<\/rs-slides>\n\t\t\t\t<\/rs-module>\n\t\t\t\t<script type=\"text\/javascript\">\n\t\t\t\t\tsetREVStartSize({c: 'rev_slider_210_2',rl:[1240,1024,778,480],el:[500,600,360,360],gw:[1240,1024,778,480],gh:[500,600,360,360],type:'hero',justify:'',layout:'fullwidth',mh:\"0\"});\n\t\t\t\t\tvar\trevapi210,\n\t\t\t\t\t\ttpj;\n\t\t\t\t\tfunction revinit_revslider2102() {\n\t\t\t\t\tjQuery(function() {\n\t\t\t\t\t\ttpj = jQuery;\n\t\t\t\t\t\trevapi210 = tpj(\"#rev_slider_210_2\");\n\t\t\t\t\t\tif(revapi210==undefined || revapi210.revolution == undefined){\n\t\t\t\t\t\t\trevslider_showDoubleJqueryError(\"rev_slider_210_2\");\n\t\t\t\t\t\t}else{\n\t\t\t\t\t\t\trevapi210.revolution({\n\t\t\t\t\t\t\t\tsliderType:\"hero\",\n\t\t\t\t\t\t\t\tDPR:\"dpr\",\n\t\t\t\t\t\t\t\tsliderLayout:\"fullwidth\",\n\t\t\t\t\t\t\t\tvisibilityLevels:\"1240,1024,778,480\",\n\t\t\t\t\t\t\t\tgridwidth:\"1240,1024,778,480\",\n\t\t\t\t\t\t\t\tgridheight:\"500,600,360,360\",\n\t\t\t\t\t\t\t\tlazyType:\"smart\",\n\t\t\t\t\t\t\t\tperspective:600,\n\t\t\t\t\t\t\t\tperspectiveType:\"local\",\n\t\t\t\t\t\t\t\teditorheight:\"500,600,360,360\",\n\t\t\t\t\t\t\t\tresponsiveLevels:\"1240,1024,778,480\",\n\t\t\t\t\t\t\t\tprogressBar:{disableProgressBar:true},\n\t\t\t\t\t\t\t\tparallax: {\n\t\t\t\t\t\t\t\t\tlevels:[2,3,4,5,6,7,12,16,10,50,47,48,49,50,51,55],\n\t\t\t\t\t\t\t\t\ttype:\"mouse\",\n\t\t\t\t\t\t\t\t\torigo:\"slidercenter\",\n\t\t\t\t\t\t\t\t\tspeed:2000\n\t\t\t\t\t\t\t\t},\n\t\t\t\t\t\t\t\tfallbacks: {\n\t\t\t\t\t\t\t\t\tallowHTML5AutoPlayOnAndroid:true\n\t\t\t\t\t\t\t\t},\n\t\t\t\t\t\t\t});\n\t\t\t\t\t\t}\n\t\t\t\t\t\t\n\t\t\t\t\t});\n\t\t\t\t\t} \/\/ End of RevInitScript\n\t\t\t\tvar once_revslider2102 = false;\n\t\t\t\tif (document.readyState === \"loading\") {document.addEventListener('readystatechange',function() { if((document.readyState === \"interactive\" || document.readyState === \"complete\") && !once_revslider2102 ) { once_revslider2102 = true; revinit_revslider2102();}});} else {once_revslider2102 = true; revinit_revslider2102();}\n\t\t\t\t<\/script>\n\t\t\t<\/rs-module-wrap>\n\t\t\t<!-- END REVOLUTION SLIDER -->\n[\/vc_column][\/vc_row][\/vc_section][vc_row type=\u00bbfull_width_section\u00bb bg_color=\u00bb#ffffff\u00bb top_padding=\u00bb50&#8243; bottom_padding=\u00bb10&#8243;][vc_column width=\u00bb1\/1&#8243;][vc_row_inner][vc_column_inner offset=\u00bbvc_hidden-sm vc_hidden-xs\u00bb]<h1 class=\"headline font-inherit fontsize-xxxl fontweight-700 lh-inherit align-center transform-inherit \" style=\"margin: 0 0 0 0; color: #000000;\">RECURSOS HUMANOS<\/h1>[vc_column_text]<\/p>\n<p style=\"text-align: center;\"><style type=\"text\/css\">.bdpp-style-mngr-3 .bdpp-post-title {font-size: 16px !important;}.bdpp-style-mngr-3 .bdpp-post-title {line-height: 22px !important;}.bdpp-style-mngr-3 .bdpp-post-title a,\r\n\t\t\t\t   .bdpp-style-mngr-3 .bdpp-post-title a:visited, bdpp-style-mngr-3 .bdpp-post-title a:focus\r\n\t\t\t\t   {color: #000000 !important;}.bdpp-style-mngr-3 .bdpp-post-meta span {font-size: 10px !important;}.bdpp-style-mngr-3 .bdpp-post-meta span, .bdpp-style-mngr-3 .bdpp-post-meta, .bdpp-style-mngr-3 .bdpp-post-meta .bdpp-post-tags a.bdpp-post-cat-link {color: #969696 !important;}<\/style><div id=\"bdpp-post-carousel-wrap-1\" class=\"bdpp-wrap bdpp-post-carousel-wrap owl-carousel bdpp-design-1 botons bdpp-style-mngr-3 bdpp-clearfix\" data-conf=\"{&quot;slide_show&quot;:6,&quot;loop&quot;:true,&quot;slide_margin&quot;:20,&quot;start_position&quot;:0,&quot;arrows&quot;:false,&quot;dots&quot;:true,&quot;autoplay&quot;:false,&quot;autoplay_interval&quot;:5000,&quot;speed&quot;:500,&quot;autoplay_hover_pause&quot;:false,&quot;nav_text&quot;:[&quot;&amp;#x2039;&quot;,&quot;&amp;#x203a;&quot;],&quot;lazyload&quot;:false,&quot;url_hash_listener&quot;:false,&quot;stage_padding&quot;:0,&quot;center&quot;:true,&quot;slide_scroll&quot;:7,&quot;auto_height&quot;:false}\"><div class=\"bdpp-post-slide bdpp-post-215076 bdpp-post-standard bdpp-has-thumb\" >\n\t<div class=\"bdpp-post-carousel-content\">\n\t\t\t\t<div class=\"bdpp-post-img-bg\">\n\t\t\t<a href=\"https:\/\/www.foment.com\/es\/basetis-y-la-apuesta-por-organizaciones-sin-jerarquias\/\" target=\"_self\">\n\t\t\t\t\t\t\t\t<img src=\"https:\/\/www.foment.com\/wp-content\/uploads\/2026\/02\/DSC_0218-300x200.jpg\" alt=\"Basetis y la apuesta por organizaciones sin jerarqu\u00edas\" \/>\n\t\t\t\t\t\t\t<\/a>\n\t\t<\/div>\n\t\t\n\t\t<div class=\"titledate0408\">\n\t\t<h2 class=\"bdpp-post-title0408\">\n\t\t\t<a href=\"https:\/\/www.foment.com\/es\/basetis-y-la-apuesta-por-organizaciones-sin-jerarquias\/\" target=\"_self\">Basetis y la apuesta por organizaciones sin jerarqu\u00edas<\/a>\n\t\t<\/h2>\n\n\t\t\t\t\t<div class=\"bdpp-post-meta bdpp-post-meta-up\">\n\t\t\t\t<span class=\"bdpp-post-meta-data bdpp-post-date\"><i class=\"fa fa-clock-o\"><\/i>25 de febrero de 2026<\/span>\t\t\t<\/div>\n\t\t<\/div>\n\t\t\n\t\t\t\t<div class=\"bdpp-post-cats0408\"><a class=\"bdpp-post-cat-link bdpp-post-cat-120 bdpp-post-cat-foro-recursos-humanos\" href=\"https:\/\/www.foment.com\/es\/category\/foro-recursos-humanos\/\">Foro Recursos Humanos<\/a> <a class=\"bdpp-post-cat-link bdpp-post-cat-8407 bdpp-post-cat-noticias-revista\" href=\"https:\/\/www.foment.com\/es\/category\/revista-f\/noticias-revista\/\">Noticias<\/a><\/div>\n\t\t\n\n\n\n\t\t\t<\/div>\n<\/div><div class=\"bdpp-post-slide bdpp-post-203384 bdpp-post-standard bdpp-has-thumb\" >\n\t<div class=\"bdpp-post-carousel-content\">\n\t\t\t\t<div class=\"bdpp-post-img-bg\">\n\t\t\t<a href=\"https:\/\/www.foment.com\/es\/cinc-generacions-un-sol-equip-el-forum-de-recursos-humans-celebra-la-festa-de-la-primavera-amb-una-mirada-intergeneracional\/\" target=\"_self\">\n\t\t\t\t\t\t\t\t<img src=\"https:\/\/www.foment.com\/wp-content\/uploads\/2025\/06\/Primavera-uno-300x200.jpg\" alt=\"Cinc generacions, un sol equip: el F\u00f2rum de Recursos Humans celebra la Festa de la Primavera amb una mirada intergeneracional\" \/>\n\t\t\t\t\t\t\t<\/a>\n\t\t<\/div>\n\t\t\n\t\t<div class=\"titledate0408\">\n\t\t<h2 class=\"bdpp-post-title0408\">\n\t\t\t<a href=\"https:\/\/www.foment.com\/es\/cinc-generacions-un-sol-equip-el-forum-de-recursos-humans-celebra-la-festa-de-la-primavera-amb-una-mirada-intergeneracional\/\" target=\"_self\">Cinc generacions, un sol equip: el F\u00f2rum de Recursos Humans celebra la Festa de ...<\/a>\n\t\t<\/h2>\n\n\t\t\t\t\t<div class=\"bdpp-post-meta bdpp-post-meta-up\">\n\t\t\t\t<span class=\"bdpp-post-meta-data bdpp-post-date\"><i class=\"fa fa-clock-o\"><\/i>25 de junio de 2025<\/span>\t\t\t<\/div>\n\t\t<\/div>\n\t\t\n\t\t\t\t<div class=\"bdpp-post-cats0408\"><a class=\"bdpp-post-cat-link bdpp-post-cat-120 bdpp-post-cat-foro-recursos-humanos\" href=\"https:\/\/www.foment.com\/es\/category\/foro-recursos-humanos\/\">Foro Recursos Humanos<\/a> <a class=\"bdpp-post-cat-link bdpp-post-cat-8407 bdpp-post-cat-noticias-revista\" href=\"https:\/\/www.foment.com\/es\/category\/revista-f\/noticias-revista\/\">Noticias<\/a><\/div>\n\t\t\n\n\n\n\t\t\t<\/div>\n<\/div><div class=\"bdpp-post-slide bdpp-post-187396 bdpp-post-standard bdpp-has-thumb\" >\n\t<div class=\"bdpp-post-carousel-content\">\n\t\t\t\t<div class=\"bdpp-post-img-bg\">\n\t\t\t<a href=\"https:\/\/www.foment.com\/es\/el-foro-rrhh-de-foment-abandera-el-humor-como-herramienta-esencial-para-la-gestion-de-las-personas-en-su-fiesta-anual\/\" target=\"_self\">\n\t\t\t\t\t\t\t\t<img src=\"https:\/\/www.foment.com\/wp-content\/uploads\/2024\/07\/PVC04533-300x178.jpg\" alt=\"El Foro RRHH de Foment abandera el humor como herramienta esencial para la gesti\u00f3n de las personas en su fiesta anual\" \/>\n\t\t\t\t\t\t\t<\/a>\n\t\t<\/div>\n\t\t\n\t\t<div class=\"titledate0408\">\n\t\t<h2 class=\"bdpp-post-title0408\">\n\t\t\t<a href=\"https:\/\/www.foment.com\/es\/el-foro-rrhh-de-foment-abandera-el-humor-como-herramienta-esencial-para-la-gestion-de-las-personas-en-su-fiesta-anual\/\" target=\"_self\">El Foro RRHH de Foment abandera el humor como herramienta esencial para la gesti\u00f3n ...<\/a>\n\t\t<\/h2>\n\n\t\t\t\t\t<div class=\"bdpp-post-meta bdpp-post-meta-up\">\n\t\t\t\t<span class=\"bdpp-post-meta-data bdpp-post-date\"><i class=\"fa fa-clock-o\"><\/i>10 de julio de 2024<\/span>\t\t\t<\/div>\n\t\t<\/div>\n\t\t\n\t\t\t\t<div class=\"bdpp-post-cats0408\"><a class=\"bdpp-post-cat-link bdpp-post-cat-114 bdpp-post-cat-destacamos\" href=\"https:\/\/www.foment.com\/es\/category\/destacamos\/\">Destacamos<\/a> <a class=\"bdpp-post-cat-link bdpp-post-cat-120 bdpp-post-cat-foro-recursos-humanos\" href=\"https:\/\/www.foment.com\/es\/category\/foro-recursos-humanos\/\">Foro Recursos Humanos<\/a> <a class=\"bdpp-post-cat-link bdpp-post-cat-8407 bdpp-post-cat-noticias-revista\" href=\"https:\/\/www.foment.com\/es\/category\/revista-f\/noticias-revista\/\">Noticias<\/a><\/div>\n\t\t\n\n\n\n\t\t\t<\/div>\n<\/div><div class=\"bdpp-post-slide bdpp-post-171378 bdpp-post-standard bdpp-has-thumb\" >\n\t<div class=\"bdpp-post-carousel-content\">\n\t\t\t\t<div class=\"bdpp-post-img-bg\">\n\t\t\t<a href=\"https:\/\/www.foment.com\/es\/presidente-y-ceo-newlink-sergio-roitberg-firma-llibre-honor-de-foment\/\" target=\"_self\">\n\t\t\t\t\t\t\t\t<img src=\"https:\/\/www.foment.com\/wp-content\/uploads\/2023\/10\/photo1697631939-300x200.jpeg\" alt=\"El presidente y CEO de Newlink, Sergio Roitberg, firma el libro de Honor de Foment del Treball\" \/>\n\t\t\t\t\t\t\t<\/a>\n\t\t<\/div>\n\t\t\n\t\t<div class=\"titledate0408\">\n\t\t<h2 class=\"bdpp-post-title0408\">\n\t\t\t<a href=\"https:\/\/www.foment.com\/es\/presidente-y-ceo-newlink-sergio-roitberg-firma-llibre-honor-de-foment\/\" target=\"_self\">El presidente y CEO de Newlink, Sergio Roitberg, firma el libro de Honor de Foment ...<\/a>\n\t\t<\/h2>\n\n\t\t\t\t\t<div class=\"bdpp-post-meta bdpp-post-meta-up\">\n\t\t\t\t<span class=\"bdpp-post-meta-data bdpp-post-date\"><i class=\"fa fa-clock-o\"><\/i>20 de octubre de 2023<\/span>\t\t\t<\/div>\n\t\t<\/div>\n\t\t\n\t\t\t\t<div class=\"bdpp-post-cats0408\"><a class=\"bdpp-post-cat-link bdpp-post-cat-114 bdpp-post-cat-destacamos\" href=\"https:\/\/www.foment.com\/es\/category\/destacamos\/\">Destacamos<\/a> <a class=\"bdpp-post-cat-link bdpp-post-cat-120 bdpp-post-cat-foro-recursos-humanos\" href=\"https:\/\/www.foment.com\/es\/category\/foro-recursos-humanos\/\">Foro Recursos Humanos<\/a> <a class=\"bdpp-post-cat-link bdpp-post-cat-5714 bdpp-post-cat-prensa\" href=\"https:\/\/www.foment.com\/es\/category\/prensa\/\">Prensa<\/a><\/div>\n\t\t\n\n\n\n\t\t\t<\/div>\n<\/div><div class=\"bdpp-post-slide bdpp-post-166147 bdpp-post-standard bdpp-has-thumb\" >\n\t<div class=\"bdpp-post-carousel-content\">\n\t\t\t\t<div class=\"bdpp-post-img-bg\">\n\t\t\t<a href=\"https:\/\/www.foment.com\/es\/foro-rrhh-presenta-personas-marqueting-duo-perfecto-fidelizar-atraccion-equipo-humano\/\" target=\"_self\">\n\t\t\t\t\t\t\t\t<img src=\"https:\/\/www.foment.com\/wp-content\/uploads\/2023\/06\/FomentPrimavera_x_EvaParey_x_022-300x200.jpg\" alt=\"El Foro RRHH de Foment presenta los departamentos de M\u00e1rqueting y Personas como duo perfecto para fidelizar al equipo humano\" \/>\n\t\t\t\t\t\t\t<\/a>\n\t\t<\/div>\n\t\t\n\t\t<div class=\"titledate0408\">\n\t\t<h2 class=\"bdpp-post-title0408\">\n\t\t\t<a href=\"https:\/\/www.foment.com\/es\/foro-rrhh-presenta-personas-marqueting-duo-perfecto-fidelizar-atraccion-equipo-humano\/\" target=\"_self\">El Foro RRHH de Foment presenta los departamentos de M\u00e1rqueting y Personas como ...<\/a>\n\t\t<\/h2>\n\n\t\t\t\t\t<div class=\"bdpp-post-meta bdpp-post-meta-up\">\n\t\t\t\t<span class=\"bdpp-post-meta-data bdpp-post-date\"><i class=\"fa fa-clock-o\"><\/i>22 de junio de 2023<\/span>\t\t\t<\/div>\n\t\t<\/div>\n\t\t\n\t\t\t\t<div class=\"bdpp-post-cats0408\"><a class=\"bdpp-post-cat-link bdpp-post-cat-114 bdpp-post-cat-destacamos\" href=\"https:\/\/www.foment.com\/es\/category\/destacamos\/\">Destacamos<\/a> <a class=\"bdpp-post-cat-link bdpp-post-cat-120 bdpp-post-cat-foro-recursos-humanos\" href=\"https:\/\/www.foment.com\/es\/category\/foro-recursos-humanos\/\">Foro Recursos Humanos<\/a><\/div>\n\t\t\n\n\n\n\t\t\t<\/div>\n<\/div><div class=\"bdpp-post-slide bdpp-post-156583 bdpp-post-standard bdpp-has-thumb\" >\n\t<div class=\"bdpp-post-carousel-content\">\n\t\t\t\t<div class=\"bdpp-post-img-bg\">\n\t\t\t<a href=\"https:\/\/www.foment.com\/es\/foment-y-randstad-renuevan-compromiso-foro-rrhh\/\" target=\"_self\">\n\t\t\t\t\t\t\t\t<img src=\"https:\/\/www.foment.com\/wp-content\/uploads\/2023\/01\/photo_5920517537869708353_y-300x200.jpg\" alt=\"Foment del Treball y Randstad renuevan su compromiso con el Foro de Recursos Humanos de la patronal\" \/>\n\t\t\t\t\t\t\t<\/a>\n\t\t<\/div>\n\t\t\n\t\t<div class=\"titledate0408\">\n\t\t<h2 class=\"bdpp-post-title0408\">\n\t\t\t<a href=\"https:\/\/www.foment.com\/es\/foment-y-randstad-renuevan-compromiso-foro-rrhh\/\" target=\"_self\">Foment del Treball y Randstad renuevan su compromiso con el Foro de Recursos Humanos ...<\/a>\n\t\t<\/h2>\n\n\t\t\t\t\t<div class=\"bdpp-post-meta bdpp-post-meta-up\">\n\t\t\t\t<span class=\"bdpp-post-meta-data bdpp-post-date\"><i class=\"fa fa-clock-o\"><\/i>16 de enero de 2023<\/span>\t\t\t<\/div>\n\t\t<\/div>\n\t\t\n\t\t\t\t<div class=\"bdpp-post-cats0408\"><a class=\"bdpp-post-cat-link bdpp-post-cat-114 bdpp-post-cat-destacamos\" href=\"https:\/\/www.foment.com\/es\/category\/destacamos\/\">Destacamos<\/a> <a class=\"bdpp-post-cat-link bdpp-post-cat-120 bdpp-post-cat-foro-recursos-humanos\" href=\"https:\/\/www.foment.com\/es\/category\/foro-recursos-humanos\/\">Foro Recursos Humanos<\/a> <a class=\"bdpp-post-cat-link bdpp-post-cat-68 bdpp-post-cat-general-2\" href=\"https:\/\/www.foment.com\/es\/category\/general-2\/\">General<\/a> <a class=\"bdpp-post-cat-link bdpp-post-cat-5714 bdpp-post-cat-prensa\" href=\"https:\/\/www.foment.com\/es\/category\/prensa\/\">Prensa<\/a><\/div>\n\t\t\n\n\n\n\t\t\t<\/div>\n<\/div><div class=\"bdpp-post-slide bdpp-post-149972 bdpp-post-standard bdpp-has-thumb\" >\n\t<div class=\"bdpp-post-carousel-content\">\n\t\t\t\t<div class=\"bdpp-post-img-bg\">\n\t\t\t<a href=\"https:\/\/www.foment.com\/es\/fiesta-primavera-foro-rrhh-destaca-creatividad-motor-crecimiento-empresarial\/\" target=\"_self\">\n\t\t\t\t\t\t\t\t<img src=\"https:\/\/www.foment.com\/wp-content\/uploads\/2022\/06\/OB_3704-300x200.jpg\" alt=\"La Fiesta de la Primavera del Foro RRHH de Foment destaca la creatividad como motor de crecimiento empresarial\" \/>\n\t\t\t\t\t\t\t<\/a>\n\t\t<\/div>\n\t\t\n\t\t<div class=\"titledate0408\">\n\t\t<h2 class=\"bdpp-post-title0408\">\n\t\t\t<a href=\"https:\/\/www.foment.com\/es\/fiesta-primavera-foro-rrhh-destaca-creatividad-motor-crecimiento-empresarial\/\" target=\"_self\">La Fiesta de la Primavera del Foro RRHH de Foment destaca la creatividad como motor ...<\/a>\n\t\t<\/h2>\n\n\t\t\t\t\t<div class=\"bdpp-post-meta bdpp-post-meta-up\">\n\t\t\t\t<span class=\"bdpp-post-meta-data bdpp-post-date\"><i class=\"fa fa-clock-o\"><\/i>22 de junio de 2022<\/span>\t\t\t<\/div>\n\t\t<\/div>\n\t\t\n\t\t\t\t<div class=\"bdpp-post-cats0408\"><a class=\"bdpp-post-cat-link bdpp-post-cat-114 bdpp-post-cat-destacamos\" href=\"https:\/\/www.foment.com\/es\/category\/destacamos\/\">Destacamos<\/a> <a class=\"bdpp-post-cat-link bdpp-post-cat-120 bdpp-post-cat-foro-recursos-humanos\" href=\"https:\/\/www.foment.com\/es\/category\/foro-recursos-humanos\/\">Foro Recursos Humanos<\/a><\/div>\n\t\t\n\n\n\n\t\t\t<\/div>\n<\/div><div class=\"bdpp-post-slide bdpp-post-139133 bdpp-post-standard bdpp-has-thumb\" >\n\t<div class=\"bdpp-post-carousel-content\">\n\t\t\t\t<div class=\"bdpp-post-img-bg\">\n\t\t\t<a href=\"https:\/\/www.foment.com\/es\/randstad-reafirma-su-soporte-forum-recursos-humanos\/\" target=\"_self\">\n\t\t\t\t\t\t\t\t<img src=\"https:\/\/www.foment.com\/wp-content\/uploads\/2022\/03\/IMG_5694-300x200.jpg\" alt=\"Randstad reafirma su apoyo al Foro de Recursos Humanos de Foment\" \/>\n\t\t\t\t\t\t\t<\/a>\n\t\t<\/div>\n\t\t\n\t\t<div class=\"titledate0408\">\n\t\t<h2 class=\"bdpp-post-title0408\">\n\t\t\t<a href=\"https:\/\/www.foment.com\/es\/randstad-reafirma-su-soporte-forum-recursos-humanos\/\" target=\"_self\">Randstad reafirma su apoyo al Foro de Recursos Humanos de Foment<\/a>\n\t\t<\/h2>\n\n\t\t\t\t\t<div class=\"bdpp-post-meta bdpp-post-meta-up\">\n\t\t\t\t<span class=\"bdpp-post-meta-data bdpp-post-date\"><i class=\"fa fa-clock-o\"><\/i>1 de marzo de 2022<\/span>\t\t\t<\/div>\n\t\t<\/div>\n\t\t\n\t\t\t\t<div class=\"bdpp-post-cats0408\"><a class=\"bdpp-post-cat-link bdpp-post-cat-114 bdpp-post-cat-destacamos\" href=\"https:\/\/www.foment.com\/es\/category\/destacamos\/\">Destacamos<\/a> <a class=\"bdpp-post-cat-link bdpp-post-cat-120 bdpp-post-cat-foro-recursos-humanos\" href=\"https:\/\/www.foment.com\/es\/category\/foro-recursos-humanos\/\">Foro Recursos Humanos<\/a> <a class=\"bdpp-post-cat-link bdpp-post-cat-5714 bdpp-post-cat-prensa\" href=\"https:\/\/www.foment.com\/es\/category\/prensa\/\">Prensa<\/a><\/div>\n\t\t\n\n\n\n\t\t\t<\/div>\n<\/div><div class=\"bdpp-post-slide bdpp-post-129864 bdpp-post-standard bdpp-has-thumb\" >\n\t<div class=\"bdpp-post-carousel-content\">\n\t\t\t\t<div class=\"bdpp-post-img-bg\">\n\t\t\t<a href=\"https:\/\/www.foment.com\/es\/foro-rrhh-recupera-celebracion-gran-meeting-anual-profesionales-personas\/\" target=\"_self\">\n\t\t\t\t\t\t\t\t<img src=\"https:\/\/www.foment.com\/wp-content\/uploads\/2021\/10\/20211019193109__OB_1136-300x200.jpg\" alt=\"El Foro RRHH de Foment recupera la celebraci\u00f3n de su gran meeting anual entre profesionales de Personas\" \/>\n\t\t\t\t\t\t\t<\/a>\n\t\t<\/div>\n\t\t\n\t\t<div class=\"titledate0408\">\n\t\t<h2 class=\"bdpp-post-title0408\">\n\t\t\t<a href=\"https:\/\/www.foment.com\/es\/foro-rrhh-recupera-celebracion-gran-meeting-anual-profesionales-personas\/\" target=\"_self\">El Foro RRHH de Foment recupera la celebraci\u00f3n de su gran meeting anual entre profesionales ...<\/a>\n\t\t<\/h2>\n\n\t\t\t\t\t<div class=\"bdpp-post-meta bdpp-post-meta-up\">\n\t\t\t\t<span class=\"bdpp-post-meta-data bdpp-post-date\"><i class=\"fa fa-clock-o\"><\/i>20 de octubre de 2021<\/span>\t\t\t<\/div>\n\t\t<\/div>\n\t\t\n\t\t\t\t<div class=\"bdpp-post-cats0408\"><a class=\"bdpp-post-cat-link bdpp-post-cat-114 bdpp-post-cat-destacamos\" href=\"https:\/\/www.foment.com\/es\/category\/destacamos\/\">Destacamos<\/a> <a class=\"bdpp-post-cat-link bdpp-post-cat-120 bdpp-post-cat-foro-recursos-humanos\" href=\"https:\/\/www.foment.com\/es\/category\/foro-recursos-humanos\/\">Foro Recursos Humanos<\/a><\/div>\n\t\t\n\n\n\n\t\t\t<\/div>\n<\/div><div class=\"bdpp-post-slide bdpp-post-120466 bdpp-post-standard bdpp-has-thumb\" >\n\t<div class=\"bdpp-post-carousel-content\">\n\t\t\t\t<div class=\"bdpp-post-img-bg\">\n\t\t\t<a href=\"https:\/\/www.foment.com\/es\/presentacion-libro-el-empleado-es-el-rey-silvia-fores\/\" target=\"_self\">\n\t\t\t\t\t\t\t\t<img src=\"https:\/\/www.foment.com\/wp-content\/uploads\/2021\/06\/DSC_1028-scaled-2-300x200.jpg\" alt=\"Foment acoge la presentaci\u00f3n del libro \u2018El empleado es el rey\u2019 de S\u00edlvia For\u00e9s\" \/>\n\t\t\t\t\t\t\t<\/a>\n\t\t<\/div>\n\t\t\n\t\t<div class=\"titledate0408\">\n\t\t<h2 class=\"bdpp-post-title0408\">\n\t\t\t<a href=\"https:\/\/www.foment.com\/es\/presentacion-libro-el-empleado-es-el-rey-silvia-fores\/\" target=\"_self\">Foment acoge la presentaci\u00f3n del libro \u2018El empleado es el rey\u2019 de S\u00edlvia For\u00e9s<\/a>\n\t\t<\/h2>\n\n\t\t\t\t\t<div class=\"bdpp-post-meta bdpp-post-meta-up\">\n\t\t\t\t<span class=\"bdpp-post-meta-data bdpp-post-date\"><i class=\"fa fa-clock-o\"><\/i>3 de junio de 2021<\/span>\t\t\t<\/div>\n\t\t<\/div>\n\t\t\n\t\t\t\t<div class=\"bdpp-post-cats0408\"><a class=\"bdpp-post-cat-link bdpp-post-cat-114 bdpp-post-cat-destacamos\" href=\"https:\/\/www.foment.com\/es\/category\/destacamos\/\">Destacamos<\/a> <a class=\"bdpp-post-cat-link bdpp-post-cat-120 bdpp-post-cat-foro-recursos-humanos\" href=\"https:\/\/www.foment.com\/es\/category\/foro-recursos-humanos\/\">Foro Recursos Humanos<\/a><\/div>\n\t\t\n\n\n\n\t\t\t<\/div>\n<\/div><div class=\"bdpp-post-slide bdpp-post-113196 bdpp-post-standard bdpp-has-thumb\" >\n\t<div class=\"bdpp-post-carousel-content\">\n\t\t\t\t<div class=\"bdpp-post-img-bg\">\n\t\t\t<a href=\"https:\/\/www.foment.com\/es\/silvia-coppulo-las-directivas-lideran-millor\/\" target=\"_self\">\n\t\t\t\t\t\t\t\t<img src=\"https:\/\/www.foment.com\/wp-content\/uploads\/2021\/03\/DSC_0619-300x200.jpg\" alt=\"S\u00edlvia C\u00f3ppulo: \u00abLas directivas lideran mejor\u00bb\" \/>\n\t\t\t\t\t\t\t<\/a>\n\t\t<\/div>\n\t\t\n\t\t<div class=\"titledate0408\">\n\t\t<h2 class=\"bdpp-post-title0408\">\n\t\t\t<a href=\"https:\/\/www.foment.com\/es\/silvia-coppulo-las-directivas-lideran-millor\/\" target=\"_self\">S\u00edlvia C\u00f3ppulo: \u00abLas directivas lideran mejor\u00bb<\/a>\n\t\t<\/h2>\n\n\t\t\t\t\t<div class=\"bdpp-post-meta bdpp-post-meta-up\">\n\t\t\t\t<span class=\"bdpp-post-meta-data bdpp-post-date\"><i class=\"fa fa-clock-o\"><\/i>12 de marzo de 2021<\/span>\t\t\t<\/div>\n\t\t<\/div>\n\t\t\n\t\t\t\t<div class=\"bdpp-post-cats0408\"><a class=\"bdpp-post-cat-link bdpp-post-cat-114 bdpp-post-cat-destacamos\" href=\"https:\/\/www.foment.com\/es\/category\/destacamos\/\">Destacamos<\/a> <a class=\"bdpp-post-cat-link bdpp-post-cat-120 bdpp-post-cat-foro-recursos-humanos\" href=\"https:\/\/www.foment.com\/es\/category\/foro-recursos-humanos\/\">Foro Recursos Humanos<\/a><\/div>\n\t\t\n\n\n\n\t\t\t<\/div>\n<\/div><div class=\"bdpp-post-slide bdpp-post-110544 bdpp-post-standard bdpp-has-thumb\" >\n\t<div class=\"bdpp-post-carousel-content\">\n\t\t\t\t<div class=\"bdpp-post-img-bg\">\n\t\t\t<a href=\"https:\/\/www.foment.com\/es\/feedback-dinamico-aumentar-felicidad-colaboradores-y-eficacia-equipos\/\" target=\"_self\">\n\t\t\t\t\t\t\t\t<img src=\"https:\/\/www.foment.com\/wp-content\/uploads\/2021\/02\/Portada-Innovation-Breakfast-300x192.jpg\" alt=\"Feedback din\u00e1mico para aumentar la felicidad de los colaboradores y la eficacia de los equipos\" \/>\n\t\t\t\t\t\t\t<\/a>\n\t\t<\/div>\n\t\t\n\t\t<div class=\"titledate0408\">\n\t\t<h2 class=\"bdpp-post-title0408\">\n\t\t\t<a href=\"https:\/\/www.foment.com\/es\/feedback-dinamico-aumentar-felicidad-colaboradores-y-eficacia-equipos\/\" target=\"_self\">Feedback din\u00e1mico para aumentar la felicidad de los colaboradores y la eficacia ...<\/a>\n\t\t<\/h2>\n\n\t\t\t\t\t<div class=\"bdpp-post-meta bdpp-post-meta-up\">\n\t\t\t\t<span class=\"bdpp-post-meta-data bdpp-post-date\"><i class=\"fa fa-clock-o\"><\/i>16 de febrero de 2021<\/span>\t\t\t<\/div>\n\t\t<\/div>\n\t\t\n\t\t\t\t<div class=\"bdpp-post-cats0408\"><a class=\"bdpp-post-cat-link bdpp-post-cat-114 bdpp-post-cat-destacamos\" href=\"https:\/\/www.foment.com\/es\/category\/destacamos\/\">Destacamos<\/a> <a class=\"bdpp-post-cat-link bdpp-post-cat-120 bdpp-post-cat-foro-recursos-humanos\" href=\"https:\/\/www.foment.com\/es\/category\/foro-recursos-humanos\/\">Foro Recursos Humanos<\/a> <a class=\"bdpp-post-cat-link bdpp-post-cat-71 bdpp-post-cat-innovacion\" href=\"https:\/\/www.foment.com\/es\/category\/innovacion\/\">Innovaci\u00f3n<\/a><\/div>\n\t\t\n\n\n\n\t\t\t<\/div>\n<\/div><div class=\"bdpp-post-slide bdpp-post-105867 bdpp-post-standard bdpp-has-thumb\" >\n\t<div class=\"bdpp-post-carousel-content\">\n\t\t\t\t<div class=\"bdpp-post-img-bg\">\n\t\t\t<a href=\"https:\/\/www.foment.com\/es\/foro-rrhh-foment-desea-buenas-fiestas\/\" target=\"_self\">\n\t\t\t\t\t\t\t\t<img src=\"https:\/\/www.foment.com\/wp-content\/uploads\/2020\/12\/video-nadal-foro-300x155.png\" alt=\"\u00a1El Foro RRHH de Fomento os desea Felices Fiestas!\" \/>\n\t\t\t\t\t\t\t<\/a>\n\t\t<\/div>\n\t\t\n\t\t<div class=\"titledate0408\">\n\t\t<h2 class=\"bdpp-post-title0408\">\n\t\t\t<a href=\"https:\/\/www.foment.com\/es\/foro-rrhh-foment-desea-buenas-fiestas\/\" target=\"_self\">\u00a1El Foro RRHH de Fomento os desea Felices Fiestas!<\/a>\n\t\t<\/h2>\n\n\t\t\t\t\t<div class=\"bdpp-post-meta bdpp-post-meta-up\">\n\t\t\t\t<span class=\"bdpp-post-meta-data bdpp-post-date\"><i class=\"fa fa-clock-o\"><\/i>23 de diciembre de 2020<\/span>\t\t\t<\/div>\n\t\t<\/div>\n\t\t\n\t\t\t\t<div class=\"bdpp-post-cats0408\"><a class=\"bdpp-post-cat-link bdpp-post-cat-114 bdpp-post-cat-destacamos\" href=\"https:\/\/www.foment.com\/es\/category\/destacamos\/\">Destacamos<\/a> <a class=\"bdpp-post-cat-link bdpp-post-cat-120 bdpp-post-cat-foro-recursos-humanos\" href=\"https:\/\/www.foment.com\/es\/category\/foro-recursos-humanos\/\">Foro Recursos Humanos<\/a><\/div>\n\t\t\n\n\n\n\t\t\t<\/div>\n<\/div><div class=\"bdpp-post-slide bdpp-post-101227 bdpp-post-standard bdpp-has-thumb\" >\n\t<div class=\"bdpp-post-carousel-content\">\n\t\t\t\t<div class=\"bdpp-post-img-bg\">\n\t\t\t<a href=\"https:\/\/www.foment.com\/es\/randstad-renueva-compromiso-foment-foro-rrhh\/\" target=\"_self\">\n\t\t\t\t\t\t\t\t<img src=\"https:\/\/www.foment.com\/wp-content\/uploads\/2020\/11\/Signatura-Randstad-300x225.jpeg\" alt=\"Randstad renueva su compromiso con Foment del Treball y su Forum de Recursos Humanos\" \/>\n\t\t\t\t\t\t\t<\/a>\n\t\t<\/div>\n\t\t\n\t\t<div class=\"titledate0408\">\n\t\t<h2 class=\"bdpp-post-title0408\">\n\t\t\t<a href=\"https:\/\/www.foment.com\/es\/randstad-renueva-compromiso-foment-foro-rrhh\/\" target=\"_self\">Randstad renueva su compromiso con Foment del Treball y su Forum de Recursos Humanos<\/a>\n\t\t<\/h2>\n\n\t\t\t\t\t<div class=\"bdpp-post-meta bdpp-post-meta-up\">\n\t\t\t\t<span class=\"bdpp-post-meta-data bdpp-post-date\"><i class=\"fa fa-clock-o\"><\/i>2 de noviembre de 2020<\/span>\t\t\t<\/div>\n\t\t<\/div>\n\t\t\n\t\t\t\t<div class=\"bdpp-post-cats0408\"><a class=\"bdpp-post-cat-link bdpp-post-cat-114 bdpp-post-cat-destacamos\" href=\"https:\/\/www.foment.com\/es\/category\/destacamos\/\">Destacamos<\/a> <a class=\"bdpp-post-cat-link bdpp-post-cat-120 bdpp-post-cat-foro-recursos-humanos\" href=\"https:\/\/www.foment.com\/es\/category\/foro-recursos-humanos\/\">Foro Recursos Humanos<\/a><\/div>\n\t\t\n\n\n\n\t\t\t<\/div>\n<\/div><div class=\"bdpp-post-slide bdpp-post-93435 bdpp-post-standard bdpp-has-thumb\" >\n\t<div class=\"bdpp-post-carousel-content\">\n\t\t\t\t<div class=\"bdpp-post-img-bg\">\n\t\t\t<a href=\"https:\/\/www.foment.com\/es\/foro-rrhh-moviliza-sector-ayudar-personas-discapacidad-y-entorno\/\" target=\"_self\">\n\t\t\t\t\t\t\t\t<img src=\"https:\/\/www.foment.com\/wp-content\/uploads\/2020\/06\/portada-noti-trobada-foro-rrhh.jpeg\" alt=\"El Foro RRHH moviliza el sector para ayudar a las personas con discapacidad y a todo su entorno\" \/>\n\t\t\t\t\t\t\t<\/a>\n\t\t<\/div>\n\t\t\n\t\t<div class=\"titledate0408\">\n\t\t<h2 class=\"bdpp-post-title0408\">\n\t\t\t<a href=\"https:\/\/www.foment.com\/es\/foro-rrhh-moviliza-sector-ayudar-personas-discapacidad-y-entorno\/\" target=\"_self\">El Foro RRHH moviliza el sector para ayudar a las personas con discapacidad y a todo ...<\/a>\n\t\t<\/h2>\n\n\t\t\t\t\t<div class=\"bdpp-post-meta bdpp-post-meta-up\">\n\t\t\t\t<span class=\"bdpp-post-meta-data bdpp-post-date\"><i class=\"fa fa-clock-o\"><\/i>4 de junio de 2020<\/span>\t\t\t<\/div>\n\t\t<\/div>\n\t\t\n\t\t\t\t<div class=\"bdpp-post-cats0408\"><a class=\"bdpp-post-cat-link bdpp-post-cat-2735 bdpp-post-cat-coronavirus-es\" href=\"https:\/\/www.foment.com\/es\/category\/coronavirus-es\/\">Coronavirus<\/a> <a class=\"bdpp-post-cat-link bdpp-post-cat-114 bdpp-post-cat-destacamos\" href=\"https:\/\/www.foment.com\/es\/category\/destacamos\/\">Destacamos<\/a> <a class=\"bdpp-post-cat-link bdpp-post-cat-120 bdpp-post-cat-foro-recursos-humanos\" href=\"https:\/\/www.foment.com\/es\/category\/foro-recursos-humanos\/\">Foro Recursos Humanos<\/a> <a class=\"bdpp-post-cat-link bdpp-post-cat-2992 bdpp-post-cat-solidaridad-empresarial\" href=\"https:\/\/www.foment.com\/es\/category\/solidaridad-empresarial\/\">Solidaridad empresarial<\/a><\/div>\n\t\t\n\n\n\n\t\t\t<\/div>\n<\/div><div class=\"bdpp-post-slide bdpp-post-81565 bdpp-post-standard bdpp-has-thumb\" >\n\t<div class=\"bdpp-post-carousel-content\">\n\t\t\t\t<div class=\"bdpp-post-img-bg\">\n\t\t\t<a href=\"https:\/\/www.foment.com\/es\/bob-chapman-propone-empresarios-traten-su-equipo-humano-como-si-fuera-su-familia\/\" target=\"_self\">\n\t\t\t\t\t\t\t\t<img src=\"https:\/\/www.foment.com\/wp-content\/uploads\/2020\/02\/Chapman-presi-2.jpg\" alt=\"Bob Chapman proposa als empresaris que tractin el seu equip hum\u00e0 com si fos la seva fam\u00edlia\" \/>\n\t\t\t\t\t\t\t<\/a>\n\t\t<\/div>\n\t\t\n\t\t<div class=\"titledate0408\">\n\t\t<h2 class=\"bdpp-post-title0408\">\n\t\t\t<a href=\"https:\/\/www.foment.com\/es\/bob-chapman-propone-empresarios-traten-su-equipo-humano-como-si-fuera-su-familia\/\" target=\"_self\">Bob Chapman proposa als empresaris que tractin el seu equip hum\u00e0 com si fos la seva ...<\/a>\n\t\t<\/h2>\n\n\t\t\t\t\t<div class=\"bdpp-post-meta bdpp-post-meta-up\">\n\t\t\t\t<span class=\"bdpp-post-meta-data bdpp-post-date\"><i class=\"fa fa-clock-o\"><\/i>26 de febrero de 2020<\/span>\t\t\t<\/div>\n\t\t<\/div>\n\t\t\n\t\t\t\t<div class=\"bdpp-post-cats0408\"><a class=\"bdpp-post-cat-link bdpp-post-cat-114 bdpp-post-cat-destacamos\" href=\"https:\/\/www.foment.com\/es\/category\/destacamos\/\">Destacamos<\/a> <a class=\"bdpp-post-cat-link bdpp-post-cat-120 bdpp-post-cat-foro-recursos-humanos\" href=\"https:\/\/www.foment.com\/es\/category\/foro-recursos-humanos\/\">Foro Recursos Humanos<\/a><\/div>\n\t\t\n\n\n\n\t\t\t<\/div>\n<\/div><div class=\"bdpp-post-slide bdpp-post-79381 bdpp-post-standard bdpp-has-thumb\" >\n\t<div class=\"bdpp-post-carousel-content\">\n\t\t\t\t<div class=\"bdpp-post-img-bg\">\n\t\t\t<a href=\"https:\/\/www.foment.com\/es\/sector-tecnologico-apuesta-fuerte-por-barcelona-pero-persiste-reto-encontrar-perfiles-digitales\/\" target=\"_self\">\n\t\t\t\t\t\t\t\t<img src=\"https:\/\/www.foment.com\/wp-content\/uploads\/2020\/01\/DSC_0938.jpg\" alt=\"El sector tecnol\u00f3gico apuesta fuerte por Barcelona pero persiste el reto de encontrar perfiles digitales\" \/>\n\t\t\t\t\t\t\t<\/a>\n\t\t<\/div>\n\t\t\n\t\t<div class=\"titledate0408\">\n\t\t<h2 class=\"bdpp-post-title0408\">\n\t\t\t<a href=\"https:\/\/www.foment.com\/es\/sector-tecnologico-apuesta-fuerte-por-barcelona-pero-persiste-reto-encontrar-perfiles-digitales\/\" target=\"_self\">El sector tecnol\u00f3gico apuesta fuerte por Barcelona pero persiste el reto de encontrar ...<\/a>\n\t\t<\/h2>\n\n\t\t\t\t\t<div class=\"bdpp-post-meta bdpp-post-meta-up\">\n\t\t\t\t<span class=\"bdpp-post-meta-data bdpp-post-date\"><i class=\"fa fa-clock-o\"><\/i>30 de enero de 2020<\/span>\t\t\t<\/div>\n\t\t<\/div>\n\t\t\n\t\t\t\t<div class=\"bdpp-post-cats0408\"><a class=\"bdpp-post-cat-link bdpp-post-cat-114 bdpp-post-cat-destacamos\" href=\"https:\/\/www.foment.com\/es\/category\/destacamos\/\">Destacamos<\/a> <a class=\"bdpp-post-cat-link bdpp-post-cat-120 bdpp-post-cat-foro-recursos-humanos\" href=\"https:\/\/www.foment.com\/es\/category\/foro-recursos-humanos\/\">Foro Recursos Humanos<\/a> <a class=\"bdpp-post-cat-link bdpp-post-cat-71 bdpp-post-cat-innovacion\" href=\"https:\/\/www.foment.com\/es\/category\/innovacion\/\">Innovaci\u00f3n<\/a><\/div>\n\t\t\n\n\n\n\t\t\t<\/div>\n<\/div><div class=\"bdpp-post-slide bdpp-post-106813 bdpp-post-standard bdpp-has-thumb\" >\n\t<div class=\"bdpp-post-carousel-content\">\n\t\t\t\t<div class=\"bdpp-post-img-bg\">\n\t\t\t<a href=\"https:\/\/www.foment.com\/es\/josep-martinez-vila-consejero-delegado-saba-ceotalks-foro-rrhh\/\" target=\"_self\">\n\t\t\t\t\t\t\t\t<img src=\"https:\/\/www.foment.com\/wp-content\/uploads\/2021\/01\/DSC_0726-300x200.jpg\" alt=\"Josep Mart\u00ednez Vila, consejero delegado de Saba, explica la transformaci\u00f3n de la organizaci\u00f3 y el papel clave de las personas\" \/>\n\t\t\t\t\t\t\t<\/a>\n\t\t<\/div>\n\t\t\n\t\t<div class=\"titledate0408\">\n\t\t<h2 class=\"bdpp-post-title0408\">\n\t\t\t<a href=\"https:\/\/www.foment.com\/es\/josep-martinez-vila-consejero-delegado-saba-ceotalks-foro-rrhh\/\" target=\"_self\">Josep Mart\u00ednez Vila, consejero delegado de Saba, explica la transformaci\u00f3n de la ...<\/a>\n\t\t<\/h2>\n\n\t\t\t\t\t<div class=\"bdpp-post-meta bdpp-post-meta-up\">\n\t\t\t\t<span class=\"bdpp-post-meta-data bdpp-post-date\"><i class=\"fa fa-clock-o\"><\/i>16 de enero de 2020<\/span>\t\t\t<\/div>\n\t\t<\/div>\n\t\t\n\t\t\t\t<div class=\"bdpp-post-cats0408\"><a class=\"bdpp-post-cat-link bdpp-post-cat-114 bdpp-post-cat-destacamos\" href=\"https:\/\/www.foment.com\/es\/category\/destacamos\/\">Destacamos<\/a> <a class=\"bdpp-post-cat-link bdpp-post-cat-120 bdpp-post-cat-foro-recursos-humanos\" href=\"https:\/\/www.foment.com\/es\/category\/foro-recursos-humanos\/\">Foro Recursos Humanos<\/a><\/div>\n\t\t\n\n\n\n\t\t\t<\/div>\n<\/div><div class=\"bdpp-post-slide bdpp-post-70299 bdpp-post-standard bdpp-has-thumb\" >\n\t<div class=\"bdpp-post-carousel-content\">\n\t\t\t\t<div class=\"bdpp-post-img-bg\">\n\t\t\t<a href=\"https:\/\/www.foment.com\/es\/randstad-reafirma-su-soporte-foro-recursos-humanos-foment\/\" target=\"_self\">\n\t\t\t\t\t\t\t\t<img src=\"https:\/\/www.foment.com\/wp-content\/uploads\/2019\/09\/IMG_7262.jpg\" alt=\"Randstad reafirma su soporte al Foro de Recursos Humanos de Foment\" \/>\n\t\t\t\t\t\t\t<\/a>\n\t\t<\/div>\n\t\t\n\t\t<div class=\"titledate0408\">\n\t\t<h2 class=\"bdpp-post-title0408\">\n\t\t\t<a href=\"https:\/\/www.foment.com\/es\/randstad-reafirma-su-soporte-foro-recursos-humanos-foment\/\" target=\"_self\">Randstad reafirma su soporte al Foro de Recursos Humanos de Foment<\/a>\n\t\t<\/h2>\n\n\t\t\t\t\t<div class=\"bdpp-post-meta bdpp-post-meta-up\">\n\t\t\t\t<span class=\"bdpp-post-meta-data bdpp-post-date\"><i class=\"fa fa-clock-o\"><\/i>12 de septiembre de 2019<\/span>\t\t\t<\/div>\n\t\t<\/div>\n\t\t\n\t\t\t\t<div class=\"bdpp-post-cats0408\"><a class=\"bdpp-post-cat-link bdpp-post-cat-114 bdpp-post-cat-destacamos\" href=\"https:\/\/www.foment.com\/es\/category\/destacamos\/\">Destacamos<\/a> <a class=\"bdpp-post-cat-link bdpp-post-cat-120 bdpp-post-cat-foro-recursos-humanos\" href=\"https:\/\/www.foment.com\/es\/category\/foro-recursos-humanos\/\">Foro Recursos Humanos<\/a> <a class=\"bdpp-post-cat-link bdpp-post-cat-73 bdpp-post-cat-relaciones-laborales\" href=\"https:\/\/www.foment.com\/es\/category\/relaciones-laborales\/\">Relaciones laborales<\/a><\/div>\n\t\t\n\n\n\n\t\t\t<\/div>\n<\/div><div class=\"bdpp-post-slide bdpp-post-67965 bdpp-post-standard bdpp-has-thumb\" >\n\t<div class=\"bdpp-post-carousel-content\">\n\t\t\t\t<div class=\"bdpp-post-img-bg\">\n\t\t\t<a href=\"https:\/\/www.foment.com\/es\/primera-trobada-entre-el-foro-rrhh-de-foment-i-la-comissio-rrhh-de-la-cambra-de-comerc-francesa\/\" target=\"_self\">\n\t\t\t\t\t\t\t\t<img src=\"https:\/\/www.foment.com\/wp-content\/uploads\/2019\/07\/DSC_0886.jpg\" alt=\"Primer encuentro entre el Foro RRHH de Foment y la Comisi\u00f3n RRHH de la C\u00e1mara de Comercio Francesa\" \/>\n\t\t\t\t\t\t\t<\/a>\n\t\t<\/div>\n\t\t\n\t\t<div class=\"titledate0408\">\n\t\t<h2 class=\"bdpp-post-title0408\">\n\t\t\t<a href=\"https:\/\/www.foment.com\/es\/primera-trobada-entre-el-foro-rrhh-de-foment-i-la-comissio-rrhh-de-la-cambra-de-comerc-francesa\/\" target=\"_self\">Primer encuentro entre el Foro RRHH de Foment y la Comisi\u00f3n RRHH de la C\u00e1mara de ...<\/a>\n\t\t<\/h2>\n\n\t\t\t\t\t<div class=\"bdpp-post-meta bdpp-post-meta-up\">\n\t\t\t\t<span class=\"bdpp-post-meta-data bdpp-post-date\"><i class=\"fa fa-clock-o\"><\/i>10 de julio de 2019<\/span>\t\t\t<\/div>\n\t\t<\/div>\n\t\t\n\t\t\t\t<div class=\"bdpp-post-cats0408\"><a class=\"bdpp-post-cat-link bdpp-post-cat-120 bdpp-post-cat-foro-recursos-humanos\" href=\"https:\/\/www.foment.com\/es\/category\/foro-recursos-humanos\/\">Foro Recursos Humanos<\/a> <a class=\"bdpp-post-cat-link bdpp-post-cat-68 bdpp-post-cat-general-2\" href=\"https:\/\/www.foment.com\/es\/category\/general-2\/\">General<\/a><\/div>\n\t\t\n\n\n\n\t\t\t<\/div>\n<\/div><div class=\"bdpp-post-slide bdpp-post-67919 bdpp-post-standard bdpp-has-thumb\" >\n\t<div class=\"bdpp-post-carousel-content\">\n\t\t\t\t<div class=\"bdpp-post-img-bg\">\n\t\t\t<a href=\"https:\/\/www.foment.com\/es\/compliance-el-papel-esencial-de-rrhh-en-la-aplicacion-de-programas-de-cumplimiento-normativo-en-las-empresas\/\" target=\"_self\">\n\t\t\t\t\t\t\t\t<img src=\"https:\/\/www.foment.com\/wp-content\/uploads\/2019\/06\/DSC_0613.jpg\" alt=\"Compliance: el papel esencial de RRHH en la aplicaci\u00f3n de programas de cumplimiento normativo en las empresas\" \/>\n\t\t\t\t\t\t\t<\/a>\n\t\t<\/div>\n\t\t\n\t\t<div class=\"titledate0408\">\n\t\t<h2 class=\"bdpp-post-title0408\">\n\t\t\t<a href=\"https:\/\/www.foment.com\/es\/compliance-el-papel-esencial-de-rrhh-en-la-aplicacion-de-programas-de-cumplimiento-normativo-en-las-empresas\/\" target=\"_self\">Compliance: el papel esencial de RRHH en la aplicaci\u00f3n de programas de cumplimiento ...<\/a>\n\t\t<\/h2>\n\n\t\t\t\t\t<div class=\"bdpp-post-meta bdpp-post-meta-up\">\n\t\t\t\t<span class=\"bdpp-post-meta-data bdpp-post-date\"><i class=\"fa fa-clock-o\"><\/i>28 de junio de 2019<\/span>\t\t\t<\/div>\n\t\t<\/div>\n\t\t\n\t\t\t\t<div class=\"bdpp-post-cats0408\"><a class=\"bdpp-post-cat-link bdpp-post-cat-120 bdpp-post-cat-foro-recursos-humanos\" href=\"https:\/\/www.foment.com\/es\/category\/foro-recursos-humanos\/\">Foro Recursos Humanos<\/a> <a class=\"bdpp-post-cat-link bdpp-post-cat-68 bdpp-post-cat-general-2\" href=\"https:\/\/www.foment.com\/es\/category\/general-2\/\">General<\/a><\/div>\n\t\t\n\n\n\n\t\t\t<\/div>\n<\/div><\/div>\n<p>[\/vc_column_text][\/vc_column_inner][\/vc_row_inner][\/vc_column][\/vc_row][vc_row bg_color=\u00bb#efefef\u00bb][vc_column width=\u00bb1\/1&#8243;][vc_row_inner][vc_column_inner offset=\u00bbvc_hidden-lg vc_hidden-md\u00bb]<h1 class=\"headline font-inherit fontsize-xxxl fontweight-700 lh-inherit align-center transform-inherit \" style=\"margin: 0 0 0 0; color: #000000;\">RECURSOS HUMANOS<\/h1>[vc_column_text]<\/p>\n<p style=\"text-align: center;\"><style type=\"text\/css\">.bdpp-style-mngr-3 .bdpp-post-title {font-size: 16px !important;}.bdpp-style-mngr-3 .bdpp-post-title {line-height: 22px !important;}.bdpp-style-mngr-3 .bdpp-post-title a,\r\n\t\t\t\t   .bdpp-style-mngr-3 .bdpp-post-title a:visited, bdpp-style-mngr-3 .bdpp-post-title a:focus\r\n\t\t\t\t   {color: #000000 !important;}.bdpp-style-mngr-3 .bdpp-post-meta span {font-size: 10px !important;}.bdpp-style-mngr-3 .bdpp-post-meta span, .bdpp-style-mngr-3 .bdpp-post-meta, .bdpp-style-mngr-3 .bdpp-post-meta .bdpp-post-tags a.bdpp-post-cat-link {color: #969696 !important;}<\/style><div id=\"bdpp-post-carousel-wrap-2\" class=\"bdpp-wrap bdpp-post-carousel-wrap owl-carousel bdpp-design-1 botons bdpp-style-mngr-3 bdpp-clearfix\" data-conf=\"{&quot;slide_show&quot;:1,&quot;loop&quot;:true,&quot;slide_margin&quot;:20,&quot;start_position&quot;:0,&quot;arrows&quot;:false,&quot;dots&quot;:true,&quot;autoplay&quot;:false,&quot;autoplay_interval&quot;:5000,&quot;speed&quot;:500,&quot;autoplay_hover_pause&quot;:false,&quot;nav_text&quot;:[&quot;&amp;#x2039;&quot;,&quot;&amp;#x203a;&quot;],&quot;lazyload&quot;:false,&quot;url_hash_listener&quot;:false,&quot;stage_padding&quot;:0,&quot;center&quot;:false,&quot;slide_scroll&quot;:1,&quot;auto_height&quot;:false}\"><div class=\"bdpp-post-slide bdpp-post-203384 bdpp-post-standard bdpp-has-thumb\" >\n\t<div class=\"bdpp-post-carousel-content\">\n\t\t\t\t<div class=\"bdpp-post-img-bg\">\n\t\t\t<a href=\"https:\/\/www.foment.com\/es\/cinc-generacions-un-sol-equip-el-forum-de-recursos-humans-celebra-la-festa-de-la-primavera-amb-una-mirada-intergeneracional\/\" target=\"_self\">\n\t\t\t\t\t\t\t\t<img src=\"https:\/\/www.foment.com\/wp-content\/uploads\/2025\/06\/Primavera-uno-300x200.jpg\" alt=\"Cinc generacions, un sol equip: el F\u00f2rum de Recursos Humans celebra la Festa de la Primavera amb una mirada intergeneracional\" \/>\n\t\t\t\t\t\t\t<\/a>\n\t\t<\/div>\n\t\t\n\t\t<div class=\"titledate0408\">\n\t\t<h2 class=\"bdpp-post-title0408\">\n\t\t\t<a href=\"https:\/\/www.foment.com\/es\/cinc-generacions-un-sol-equip-el-forum-de-recursos-humans-celebra-la-festa-de-la-primavera-amb-una-mirada-intergeneracional\/\" target=\"_self\">Cinc generacions, un sol equip: el F\u00f2rum de Recursos Humans celebra la Festa de ...<\/a>\n\t\t<\/h2>\n\n\t\t\t\t\t<div class=\"bdpp-post-meta bdpp-post-meta-up\">\n\t\t\t\t<span class=\"bdpp-post-meta-data bdpp-post-date\"><i class=\"fa fa-clock-o\"><\/i>25 de junio de 2025<\/span>\t\t\t<\/div>\n\t\t<\/div>\n\t\t\n\t\t\t\t<div class=\"bdpp-post-cats0408\"><a class=\"bdpp-post-cat-link bdpp-post-cat-120 bdpp-post-cat-foro-recursos-humanos\" href=\"https:\/\/www.foment.com\/es\/category\/foro-recursos-humanos\/\">Foro Recursos Humanos<\/a> <a class=\"bdpp-post-cat-link bdpp-post-cat-8407 bdpp-post-cat-noticias-revista\" href=\"https:\/\/www.foment.com\/es\/category\/revista-f\/noticias-revista\/\">Noticias<\/a><\/div>\n\t\t\n\n\n\n\t\t\t<\/div>\n<\/div><div class=\"bdpp-post-slide bdpp-post-187396 bdpp-post-standard bdpp-has-thumb\" >\n\t<div class=\"bdpp-post-carousel-content\">\n\t\t\t\t<div class=\"bdpp-post-img-bg\">\n\t\t\t<a href=\"https:\/\/www.foment.com\/es\/el-foro-rrhh-de-foment-abandera-el-humor-como-herramienta-esencial-para-la-gestion-de-las-personas-en-su-fiesta-anual\/\" target=\"_self\">\n\t\t\t\t\t\t\t\t<img src=\"https:\/\/www.foment.com\/wp-content\/uploads\/2024\/07\/PVC04533-300x178.jpg\" alt=\"El Foro RRHH de Foment abandera el humor como herramienta esencial para la gesti\u00f3n de las personas en su fiesta anual\" \/>\n\t\t\t\t\t\t\t<\/a>\n\t\t<\/div>\n\t\t\n\t\t<div class=\"titledate0408\">\n\t\t<h2 class=\"bdpp-post-title0408\">\n\t\t\t<a href=\"https:\/\/www.foment.com\/es\/el-foro-rrhh-de-foment-abandera-el-humor-como-herramienta-esencial-para-la-gestion-de-las-personas-en-su-fiesta-anual\/\" target=\"_self\">El Foro RRHH de Foment abandera el humor como herramienta esencial para la gesti\u00f3n ...<\/a>\n\t\t<\/h2>\n\n\t\t\t\t\t<div class=\"bdpp-post-meta bdpp-post-meta-up\">\n\t\t\t\t<span class=\"bdpp-post-meta-data bdpp-post-date\"><i class=\"fa fa-clock-o\"><\/i>10 de julio de 2024<\/span>\t\t\t<\/div>\n\t\t<\/div>\n\t\t\n\t\t\t\t<div class=\"bdpp-post-cats0408\"><a class=\"bdpp-post-cat-link bdpp-post-cat-114 bdpp-post-cat-destacamos\" href=\"https:\/\/www.foment.com\/es\/category\/destacamos\/\">Destacamos<\/a> <a class=\"bdpp-post-cat-link bdpp-post-cat-120 bdpp-post-cat-foro-recursos-humanos\" href=\"https:\/\/www.foment.com\/es\/category\/foro-recursos-humanos\/\">Foro Recursos Humanos<\/a> <a class=\"bdpp-post-cat-link bdpp-post-cat-8407 bdpp-post-cat-noticias-revista\" href=\"https:\/\/www.foment.com\/es\/category\/revista-f\/noticias-revista\/\">Noticias<\/a><\/div>\n\t\t\n\n\n\n\t\t\t<\/div>\n<\/div><div class=\"bdpp-post-slide bdpp-post-171378 bdpp-post-standard bdpp-has-thumb\" >\n\t<div class=\"bdpp-post-carousel-content\">\n\t\t\t\t<div class=\"bdpp-post-img-bg\">\n\t\t\t<a href=\"https:\/\/www.foment.com\/es\/presidente-y-ceo-newlink-sergio-roitberg-firma-llibre-honor-de-foment\/\" target=\"_self\">\n\t\t\t\t\t\t\t\t<img src=\"https:\/\/www.foment.com\/wp-content\/uploads\/2023\/10\/photo1697631939-300x200.jpeg\" alt=\"El presidente y CEO de Newlink, Sergio Roitberg, firma el libro de Honor de Foment del Treball\" \/>\n\t\t\t\t\t\t\t<\/a>\n\t\t<\/div>\n\t\t\n\t\t<div class=\"titledate0408\">\n\t\t<h2 class=\"bdpp-post-title0408\">\n\t\t\t<a href=\"https:\/\/www.foment.com\/es\/presidente-y-ceo-newlink-sergio-roitberg-firma-llibre-honor-de-foment\/\" target=\"_self\">El presidente y CEO de Newlink, Sergio Roitberg, firma el libro de Honor de Foment ...<\/a>\n\t\t<\/h2>\n\n\t\t\t\t\t<div class=\"bdpp-post-meta bdpp-post-meta-up\">\n\t\t\t\t<span class=\"bdpp-post-meta-data bdpp-post-date\"><i class=\"fa fa-clock-o\"><\/i>20 de octubre de 2023<\/span>\t\t\t<\/div>\n\t\t<\/div>\n\t\t\n\t\t\t\t<div class=\"bdpp-post-cats0408\"><a class=\"bdpp-post-cat-link bdpp-post-cat-114 bdpp-post-cat-destacamos\" href=\"https:\/\/www.foment.com\/es\/category\/destacamos\/\">Destacamos<\/a> <a class=\"bdpp-post-cat-link bdpp-post-cat-120 bdpp-post-cat-foro-recursos-humanos\" href=\"https:\/\/www.foment.com\/es\/category\/foro-recursos-humanos\/\">Foro Recursos Humanos<\/a> <a class=\"bdpp-post-cat-link bdpp-post-cat-5714 bdpp-post-cat-prensa\" href=\"https:\/\/www.foment.com\/es\/category\/prensa\/\">Prensa<\/a><\/div>\n\t\t\n\n\n\n\t\t\t<\/div>\n<\/div><div class=\"bdpp-post-slide bdpp-post-166147 bdpp-post-standard bdpp-has-thumb\" >\n\t<div class=\"bdpp-post-carousel-content\">\n\t\t\t\t<div class=\"bdpp-post-img-bg\">\n\t\t\t<a href=\"https:\/\/www.foment.com\/es\/foro-rrhh-presenta-personas-marqueting-duo-perfecto-fidelizar-atraccion-equipo-humano\/\" target=\"_self\">\n\t\t\t\t\t\t\t\t<img src=\"https:\/\/www.foment.com\/wp-content\/uploads\/2023\/06\/FomentPrimavera_x_EvaParey_x_022-300x200.jpg\" alt=\"El Foro RRHH de Foment presenta los departamentos de M\u00e1rqueting y Personas como duo perfecto para fidelizar al equipo humano\" \/>\n\t\t\t\t\t\t\t<\/a>\n\t\t<\/div>\n\t\t\n\t\t<div class=\"titledate0408\">\n\t\t<h2 class=\"bdpp-post-title0408\">\n\t\t\t<a href=\"https:\/\/www.foment.com\/es\/foro-rrhh-presenta-personas-marqueting-duo-perfecto-fidelizar-atraccion-equipo-humano\/\" target=\"_self\">El Foro RRHH de Foment presenta los departamentos de M\u00e1rqueting y Personas como ...<\/a>\n\t\t<\/h2>\n\n\t\t\t\t\t<div class=\"bdpp-post-meta bdpp-post-meta-up\">\n\t\t\t\t<span class=\"bdpp-post-meta-data bdpp-post-date\"><i class=\"fa fa-clock-o\"><\/i>22 de junio de 2023<\/span>\t\t\t<\/div>\n\t\t<\/div>\n\t\t\n\t\t\t\t<div class=\"bdpp-post-cats0408\"><a class=\"bdpp-post-cat-link bdpp-post-cat-114 bdpp-post-cat-destacamos\" href=\"https:\/\/www.foment.com\/es\/category\/destacamos\/\">Destacamos<\/a> <a class=\"bdpp-post-cat-link bdpp-post-cat-120 bdpp-post-cat-foro-recursos-humanos\" href=\"https:\/\/www.foment.com\/es\/category\/foro-recursos-humanos\/\">Foro Recursos Humanos<\/a><\/div>\n\t\t\n\n\n\n\t\t\t<\/div>\n<\/div><div class=\"bdpp-post-slide bdpp-post-156583 bdpp-post-standard bdpp-has-thumb\" >\n\t<div class=\"bdpp-post-carousel-content\">\n\t\t\t\t<div class=\"bdpp-post-img-bg\">\n\t\t\t<a href=\"https:\/\/www.foment.com\/es\/foment-y-randstad-renuevan-compromiso-foro-rrhh\/\" target=\"_self\">\n\t\t\t\t\t\t\t\t<img src=\"https:\/\/www.foment.com\/wp-content\/uploads\/2023\/01\/photo_5920517537869708353_y-300x200.jpg\" alt=\"Foment del Treball y Randstad renuevan su compromiso con el Foro de Recursos Humanos de la patronal\" \/>\n\t\t\t\t\t\t\t<\/a>\n\t\t<\/div>\n\t\t\n\t\t<div class=\"titledate0408\">\n\t\t<h2 class=\"bdpp-post-title0408\">\n\t\t\t<a href=\"https:\/\/www.foment.com\/es\/foment-y-randstad-renuevan-compromiso-foro-rrhh\/\" target=\"_self\">Foment del Treball y Randstad renuevan su compromiso con el Foro de Recursos Humanos ...<\/a>\n\t\t<\/h2>\n\n\t\t\t\t\t<div class=\"bdpp-post-meta bdpp-post-meta-up\">\n\t\t\t\t<span class=\"bdpp-post-meta-data bdpp-post-date\"><i class=\"fa fa-clock-o\"><\/i>16 de enero de 2023<\/span>\t\t\t<\/div>\n\t\t<\/div>\n\t\t\n\t\t\t\t<div class=\"bdpp-post-cats0408\"><a class=\"bdpp-post-cat-link bdpp-post-cat-114 bdpp-post-cat-destacamos\" href=\"https:\/\/www.foment.com\/es\/category\/destacamos\/\">Destacamos<\/a> <a class=\"bdpp-post-cat-link bdpp-post-cat-120 bdpp-post-cat-foro-recursos-humanos\" href=\"https:\/\/www.foment.com\/es\/category\/foro-recursos-humanos\/\">Foro Recursos Humanos<\/a> <a class=\"bdpp-post-cat-link bdpp-post-cat-68 bdpp-post-cat-general-2\" href=\"https:\/\/www.foment.com\/es\/category\/general-2\/\">General<\/a> <a class=\"bdpp-post-cat-link bdpp-post-cat-5714 bdpp-post-cat-prensa\" href=\"https:\/\/www.foment.com\/es\/category\/prensa\/\">Prensa<\/a><\/div>\n\t\t\n\n\n\n\t\t\t<\/div>\n<\/div><\/div>\n<p>[\/vc_column_text][\/vc_column_inner][\/vc_row_inner][\/vc_column][\/vc_row][vc_row bg_image=\u00bb114775&#8243; top_padding=\u00bb20&#8243; bottom_padding=\u00bb60&#8243;][vc_column column_center=\u00bbtrue\u00bb width=\u00bb1\/1&#8243;][vc_row_inner][vc_column_inner]<h2 class=\"headline font-special fontsize-xxxl fontweight-700 lh-inherit align-center transform-uppercase \" style=\"margin: 30px 0 40px 0; color: #d2112d;\">NUESTRO PATROCINADOR<\/h2>[\/vc_column_inner][\/vc_row_inner][vc_row_inner][vc_column_inner width=\u00bb2\/12&#8243; offset=\u00bbvc_hidden-sm vc_hidden-xs\u00bb][\/vc_column_inner][vc_column_inner width=\u00bb4\/12&#8243; offset=\u00bbvc_hidden-sm vc_hidden-xs\u00bb][vc_single_image image=\u00bb98249&#8243; img_size=\u00bbfull\u00bb alignment=\u00bbcenter\u00bb css=\u00bb.vc_custom_1623168974037{margin-top: 15px !important;}\u00bb][\/vc_column_inner][vc_column_inner width=\u00bb6\/12&#8243; offset=\u00bbvc_hidden-sm vc_hidden-xs\u00bb][vc_column_text]<\/p>\n<div class=\"gdlr-core-pbf-element\">\n<div class=\"gdlr-core-title-item gdlr-core-item-pdb clearfix gdlr-core-left-align gdlr-core-title-item-caption-top gdlr-core-item-pdlr\">\n<h3><strong><span class=\"gdlr-core-title-item-caption gdlr-core-info-font gdlr-core-skin-caption\">M\u00e1s de 10 a\u00f1os dando apoyo<\/span><\/strong><\/h3>\n<p>&nbsp;<\/p>\n<\/div>\n<p>Para poder desarrollar nuestras actividades, contamos con el apoyo de Randstad, el portal de trabajo de referencia para los candidatos y el partner de RRHH para las empresas que necesitan talento. Si quieres conocer m\u00e1s sobre sus servicios globales de RRHH y trabajo, te invitamos a visitar su p\u00e1gina.<\/p>\n<\/div>\n<p>[\/vc_column_text]<a href=\"https:\/\/www.randstad.es\/\" target=\"_blank\" class=\"button color-3 large \" style=\"border-radius: 30px;\">CONOCE M\u00c1S<\/a>[\/vc_column_inner][\/vc_row_inner][vc_row_inner][vc_column_inner width=\u00bb1\/2&#8243; offset=\u00bbvc_hidden-lg vc_hidden-md\u00bb][vc_single_image image=\u00bb98249&#8243; img_size=\u00bbfull\u00bb][\/vc_column_inner][vc_column_inner width=\u00bb1\/2&#8243; offset=\u00bbvc_hidden-lg vc_hidden-md\u00bb][vc_column_text]<\/p>\n<div class=\"gdlr-core-pbf-element\">\n<div class=\"gdlr-core-title-item gdlr-core-item-pdb clearfix gdlr-core-left-align gdlr-core-title-item-caption-top gdlr-core-item-pdlr\">\n<h3><strong><span class=\"gdlr-core-title-item-caption gdlr-core-info-font gdlr-core-skin-caption\">M\u00e1s de 10 a\u00f1os dando apoyo<\/span><\/strong><\/h3>\n<p>&nbsp;<\/p>\n<\/div>\n<p>Para poder desarrollar nuestras actividades, contamos con el apoyo de Randstad, el portal de trabajo de referencia para los candidatos y el partner de RRHH para las empresas que necesitan talento. Si quieres conocer m\u00e1s sobre sus servicios globales de RRHH y trabajo, te invitamos a visitar su p\u00e1gina.<\/p>\n<\/div>\n<p>[\/vc_column_text]<a href=\"https:\/\/www.randstad.es\/\" target=\"_blank\" class=\"button color-3 medium \" style=\"border-radius: 30px;\">CONOCE M\u00c1S<\/a>[\/vc_column_inner][\/vc_row_inner][\/vc_column][\/vc_row][vc_row top_padding=\u00bb70&#8243; bottom_padding=\u00bb70&#8243;][vc_column width=\u00bb1\/1&#8243;]<h2 class=\"headline font-inherit fontsize-xxxl fontweight-700 lh-inherit align-center transform-inherit \" style=\"margin: 0 0 20px 0; color: #000000;\">ACTIVIDADES DESTACADAS<\/h2>[vc_column_text]<div id=\"evcal_calendar_228\" class=\"ajde_evcal_calendar evoslider evosliderbox multiSlider cs_lr ss_def sltac\"><div class=\"evo_slider_outter\" >\r\n\t\t\t\t\t<div class=\"evo_slider_slide_out\">\r\n\t                <div class=\"eventon_events_list\" style=\"display:none\"><div  id=\"event_212889_0\" class=\"eventon_list_event evo_eventtop scheduled  event event_212889_0\" data-event_id=\"212889\" data-ri=\"0r\" data-time=\"1772443800-1779103800\" data-colr=\"#f6b23c\" itemscope itemtype='http:\/\/schema.org\/Event'><div class=\"evo_event_schema\" style=\"display:none\" ><a itemprop='url'  href='https:\/\/www.foment.com\/es\/events\/ciclo-la-negociacion-colectiva-como-herramienta-de-gestion-de-las-relaciones-laborales\/'><\/a><meta itemprop='image' content=\"https:\/\/www.foment.com\/wp-content\/uploads\/2026\/01\/Sin-titulo-1920-x-1080-px-1.jpg\" \/><meta itemprop='startDate' content=\"2026-3-2T09:30+2:00\" \/><meta itemprop='endDate' content=\"2026-5-18T11:30+2:00\" \/><meta itemprop='eventStatus' content=\"https:\/\/schema.org\/EventScheduled\" \/><item style=\"display:none\" itemprop=\"eventAttendanceMode\" itemscope itemtype=\"https:\/\/schema.org\/OfflineEventAttendanceMode\"><\/item><div itemprop=\"organizer\" itemscope=\"\" itemtype=\"http:\/\/schema.org\/Organization\">\n\t\t\t\t\t    \t<meta itemprop=\"name\" content=\"Relaciones Laborales\">\n\t\t\t\t\t    \t<\/div><div itemprop=\"performer\" itemscope=\"\" itemtype=\"http:\/\/schema.org\/Person\">\n\t\t\t\t\t    \t<meta itemprop=\"name\" content=\"Relaciones Laborales\">\n\t\t\t\t\t    <\/div><script type=\"application\/ld+json\">{\"@context\": \"http:\/\/schema.org\",\"@type\": \"Event\",\n\t\t\t\t\t\"@id\": \"event_212889_0\",\n\t\t\t\t\t\"eventAttendanceMode\":\"https:\/\/schema.org\/OfflineEventAttendanceMode\",\n\t\t\t\t\t\"name\": \"Ciclo: La Negociaci\u00f3n Colectiva como herramienta de gesti\u00f3n de las relaciones laborales\",\n\t\t\t\t\t\"url\": \"https:\/\/www.foment.com\/es\/events\/ciclo-la-negociacion-colectiva-como-herramienta-de-gestion-de-las-relaciones-laborales\/\",\n\t\t\t\t\t\"startDate\": \"2026-3-2T09:30+2:00\",\n\t\t\t\t\t\"endDate\": \"2026-5-18T11:30+2:00\",\n\t\t\t\t\t\"image\":\"https:\/\/www.foment.com\/wp-content\/uploads\/2026\/01\/Sin-titulo-1920-x-1080-px-1.jpg\", \n\t\t\t\t\t\"description\":\"<p>La negociaci\u00f3n colectiva es uno de los pilares fundamentales del modelo de relaciones laborales y se configura como el instrumento esencial para la ordenaci\u00f3n de las condiciones de trabajo y la articulaci\u00f3n del di\u00e1logo social entre empresas y personas trabajadoras. Su importancia sistema radica en la capacidad para equilibrar los intereses de empresarios y representantes de los trabajadores, generando consensos que favorecen la paz social y la estabilidad en la ocupaci\u00f3n.<\/p> <p>Aun as\u00ed, permite establecer condiciones laborales adapt\u00e1ndose en las particularidades productivas, econ\u00f3micas y organizativas de cada \u00e1mbito de aplicaci\u00f3n. Mediante este proceso, se regulan aspectos tan diversos como la estructura salarial, el tiempo de trabajo, las modalidades de contrataci\u00f3n, los sistemas de clasificaci\u00f3n profesional, las medidas de conciliaci\u00f3n de la vida laboral y familiar, y los procedimientos de soluci\u00f3n de conflictos, entre otros.<\/p> <p>Adem\u00e1s, en un contexto de transformaci\u00f3n digital, globalizaci\u00f3n econ\u00f3mica y nuevas formas de organizaci\u00f3n del trabajo, la negociaci\u00f3n colectiva tiene que reinventarse para abordar cuestiones emergentes como el teletrabajo, la desconexi\u00f3n digital, la formaci\u00f3n continua, la igualdad de g\u00e9nero y la sostenibilidad ambiental.<\/p> <p><strong><span style='color: #d2112d;'>Objetivos:<br \/> <\/span><\/strong>\u2022 Aportar conocimientos te\u00f3ricos y pr\u00e1cticos sobre los retos, oportunidades y herramientas asociadas a la negociaci\u00f3n colectiva, dirigidos a empresas y negociadores de convenios colectivos.<br \/> \u2022 Capacitar a los participantes en las tablas de negociaci\u00f3n colectiva para integrar de manera efectiva todas las posibilidades que permiten las normas aplicables y la interpretaci\u00f3n de los tribunales a la negociaci\u00f3n colectiva.<\/p> <p><span style='color: #d2112d;'><strong>Calendario:<\/strong><\/span><br \/> \u2022 20 horas totales divididas en 10 sesiones de 2 horas.<br \/> \u2022 D\u00edas de sesiones: 2, 9, 16 y 23 de marzo; 13, 20 y 27 de abril y 4, 11 y 18 de mayo<br \/> \u2022 Horario: 9.30 a 11.30 horas<br \/> \u2022 Modalidad en l\u00ednea<\/p> <p><strong><span style='color: #d2112d;'>Ponente<\/span>:<\/strong><br \/> <strong>Jordi Garc\u00eda Vi\u00f1a<\/strong>, catedr\u00e1tico de Derecho del Trabajo y de la Seguridad Social de la Universitat de Barcelona. Consejero en Augusta Abogados.<\/p> <p><span style='color: #d2112d;'><strong>Metodolog\u00eda:<\/strong><\/span><br \/> Las sesiones combinar\u00e1n una introducci\u00f3n de la materia objeto de an\u00e1lisis, con especial atenci\u00f3n en el estudio de cl\u00e1usulas de convenios colectivos y buenas pr\u00e1cticas implantadas en empresas, con debates que fomenten la participaci\u00f3n activa.<\/p> <p>Esta metodolog\u00eda permite mejorar la comprensi\u00f3n de como los diferentes recursos son presentes en las relaciones laborales, conociendo la normativa aplicable, la interpretaci\u00f3n de los tribunales y la actuaci\u00f3n de la Inspecci\u00f3n de Trabajo y de la Seguridad Social, incrementando la capacitaci\u00f3n pr\u00e1ctica y las habilidades para negociar convenios en todas las materias propuestas.<\/p> <p style='text-align: center;'><strong><span style='color: #d2112d;'>PROGRAMA<\/span><\/strong><\/p> <ul> <li><strong>Sesi\u00f3n 1: 2 de marzo de 2026 &#8211; Cuestiones generales y marco normativo<\/strong><br \/> <a href='https:\/\/www.foment.com\/es\/inscripciones-eventos\/?idevento=B7F6E727-CDFA-F011-8407-7C1E5276AE0A' target='_blank' rel='noopener'><span style='color: #d2112d;'><strong>Inscripci\u00f3n 1.\u00aa jornada, aqu\u00ed<\/strong><\/span><\/a><\/li> <li><strong>Sesi\u00f3n 2: 9 de marzo de 2026\u00a0 &#8211; Modalidades contractuales<\/strong><br \/> <a href='https:\/\/www.foment.com\/es\/inscripciones-eventos\/?idevento=14D89F92-73FB-F011-8407-7CED8D3FAFDD' target='_blank' rel='noopener'><span style='color: #d2112d;'><strong>Inscripci\u00f3n 2.\u00aa jornada, aqu\u00ed<\/strong><\/span><\/a><\/li> <li><strong>Sesi\u00f3n 3: 16 de marzo de 2026 &#8211; Sistema de clasificaci\u00f3n profesional y procesos de formaci\u00f3n<\/strong><br \/> <a href='https:\/\/www.foment.com\/es\/inscripciones-eventos\/?idevento=3F53D0FA-8EFB-F011-8407-7CED8D3FACC9' target='_blank' rel='noopener'><span style='color: #d2112d;'><strong>Inscripci\u00f3n 3.\u00aa jornada, aqu\u00ed<\/strong><\/span><\/a><\/li> <li><strong>Sesi\u00f3n 4: 23 de marzo de 2026 &#8211; Tiempos de trabajo<\/strong><br \/> <a href='https:\/\/www.foment.com\/es\/inscripciones-eventos\/?idevento=F60A04F3-A0FB-F011-8406-000D3ADCC77A' target='_blank' rel='noopener'><span style='color: #d2112d;'><strong>Inscripci\u00f3n 4.\u00aa jornada, aqu\u00ed<\/strong><\/span><\/a><\/li> <li><strong>Sesi\u00f3n 5: 13 de abril de 2026 &#8211; Aspectos salariales y retributivos<\/strong><br \/> <a href='https:\/\/www.foment.com\/es\/inscripciones-eventos\/?idevento=24CF9054-2AFC-F011-8407-7CED8D3FA83B' target='_blank' rel='noopener'><span style='color: #d2112d;'><strong>Inscripci\u00f3n 5.\u00aa jornada, aqu\u00ed<\/strong><\/span><\/a><\/li> <li><strong>Sesi\u00f3n 6: 20 de abril de 2026 &#8211; Igualdad y conciliaci\u00f3n<\/strong><br \/> <a href='https:\/\/www.foment.com\/es\/inscripciones-eventos\/?idevento=51DC9376-2AFC-F011-8407-7CED8D3FA02B' target='_blank' rel='noopener'><span style='color: #d2112d;'><strong>Inscripci\u00f3n 6.\u00aa jornada, aqu\u00ed<\/strong><\/span><\/a><\/li> <li><strong>Sesi\u00f3n 7: 27 de abril de 2026 &#8211; Mecanismos de flexibilidad<\/strong><br \/> <a href='https:\/\/www.foment.com\/es\/inscripciones-eventos\/?idevento=3FE7DF5A-30FC-F011-8407-000D3ABA73B5' target='_blank' rel='noopener'><span style='color: #d2112d;'><strong>Inscripci\u00f3n 7.\u00aa jornada, aqu\u00ed<\/strong><\/span><\/a><\/li> <li><strong>Sesi\u00f3n 8: 4 de mayo de 2026 &#8211; Salud Laboral<\/strong><br \/> <a href='https:\/\/www.foment.com\/inscripcions-events\/?idevento=BC3EA17D-30FC-F011-8406-002248A1BFE4' target='_blank' rel='noopener'><span style='color: #d2112d;'><strong>Inscripci\u00f3n 8.\u00aa jornada, aqu\u00ed<\/strong><\/span><\/a><\/li> <li><strong>Sesi\u00f3n 9: 11 de mayo de 2026 &#8211; Materias colectivas<\/strong><br \/> <a href='https:\/\/www.foment.com\/es\/inscripciones-eventos\/?idevento=6756DE1A-3FFC-F011-8407-7CED8D3FA02B' target='_blank' rel='noopener'><span style='color: #d2112d;'><strong>Inscripci\u00f3n 9.\u00aa jornada, aqu\u00ed<\/strong><\/span><\/a><\/li> <li><strong>Sesi\u00f3n 10: 18 de mayo de 2026 &#8211; Nuevos retos para la negociaci\u00f3n colectiva<\/strong><br \/> <a href='https:\/\/www.foment.com\/es\/inscripciones-eventos\/?idevento=CC3B4D29-3FFC-F011-8406-7C1E52FC0A4E' target='_blank' rel='noopener'><span style='color: #d2112d;'><strong>Inscripci\u00f3n 10.\u00aa jornada, aqu\u00ed<\/strong><\/span><\/a><\/li> <\/ul> <p>&nbsp;<\/p> <p style='text-align: center;'><a href='https:\/\/fomentdeltreball.sharepoint.com\/:b:\/g\/IQBY7k5Cn_tsQI6n8wAIwQN7AYeigrFWERjfxzDOZ9pxwKQ?e=Gub4Je' target='_blank' rel='noopener'><span style='font-size: 18px; color: #d2112d;'><strong>Descargar programa completo<\/strong><\/span><\/a><\/p> <p>&nbsp;<\/p> <p>Esta jornada forma parte de los Planes de Formaci\u00f3n del \u00e1mbito de Catalu\u00f1a, dirigidos a la capacitaci\u00f3n para el desarrollo de las funciones relacionadas con el di\u00e1logo social y la negociaci\u00f3n colectiva. Expediente n.\u00ba STC092\/25\/000001.<\/p> <p style='text-align: center;'><strong><span style='color: #d2112d;'>*Es imprescindible autenticarse previamente a la celebraci\u00f3n de la jornada en Zoom mediante el enlace que se le facilitar\u00e1 al inscribirse en la\/s sesi\u00f3n\/nes*.<\/span><\/strong><\/p> <table style='border-collapse: collapse; width: 100%;'> <tbody> <tr> <td style='width: 33.3333%;'><\/td> <td style='width: 33.3333%; text-align: center;'><strong>Con el apoyo de:\u00a0<\/strong><\/p> <p><a href='https:\/\/web.gencat.cat\/ca\/ciutadania\/inici'><img class='aligncenter wp-image-179766 size-medium' src='https:\/\/www.foment.com\/wp-content\/uploads\/2024\/03\/generalitat-300x76.jpg' alt='' width='300' height='76' \/><\/a><\/p> <p>&nbsp;<\/td> <td style='width: 33.3333%;'><\/td> <\/tr> <\/tbody> <\/table> \",\"organizer\":{\"@type\":\"Organization\",\"name\":\"Relaciones Laborales\"},\"performer\":{\"@type\":\"Person\",\"name\":\"Relaciones Laborales\"},\"eventStatus\":\"https:\/\/schema.org\/EventScheduled\"}<\/script><\/div>\n\t\t\t\t<p class=\"desc_trig_outter\" style=\"background-color:#ffffff;flex-direction: row;\"><a data-gmap_status=\"null\" data-exlk=\"0\" style=\"border-color: #f6b23c;\" id=\"evc_1772443800212889\" class=\"hasFtIMG desc_trig evo_laboral mul_val evcal_list_a\" data-ux_val=\"3\"  ><span class='ev_ftImg' data-img='https:\/\/www.foment.com\/wp-content\/uploads\/2026\/01\/Sin-titulo-1920-x-1080-px-1.jpg' data-thumb='https:\/\/www.foment.com\/wp-content\/uploads\/2026\/01\/Sin-titulo-1920-x-1080-px-1-300x169.jpg' style='background-image:url(\"https:\/\/www.foment.com\/wp-content\/uploads\/2026\/01\/Sin-titulo-1920-x-1080-px-1-300x169.jpg\")'><\/span><style>.ajde_evcal_calendar.boxy #evcal_list .eventon_list_event .evcal_desc em{color:black;}<\/style><span style='width:100%; background-color:#f6b23c !important;' class='evcal_cblock ' data-smon='marzo' data-syr='2026'><span style='margin-top: 7px;margin-bottom: 7px;' class='evo_start '><em class='date'>02<\/em><em class='month'>mar<\/em><em class='time'><i t=\"y\">(mar 2)<\/i>9:30<\/em><\/span><span style='margin-top: 7px;margin-bottom: 7px;' class='evo_end '><em class='date'>18<\/em><em class='month'>may<\/em><em class='time'><i t=\"y\">(may 18)<\/i>11:30<\/em><\/span><em class='clear'><\/em><\/span><span class='evcal_desc evo_info '  ><span class='evo_above_title'><\/span><span class='evcal_desc2 evcal_event_title hbaevatitle' itemprop='name'>Ciclo: La Negociaci\u00f3n Colectiva como herramienta de gesti\u00f3n de las relaciones laborales<\/span><span class='evo_below_title'><\/span><span class='evcal_desc_info' ><em class='evcal_time evo_tz_time'>(marzo 2) 9:30 - (mayo 18) 11:30<\/em> <\/span><span class='evcal_desc3'><em class=\"evcal_location\"  data-add_str=\"\"><em class=\"event_location_name\">Zoom<\/em><\/em><\/span><span style='height: 60px;'  class='evcal_desc3' ><span class='evcal_event_types ett1'><em>C =<\/em><em data-filter='event_type'>Laboral<\/em><i class='clear'><\/i><\/span><span class='evo_event_progress' ><span class='evo_epbar_o'><span class='evo_ep_bar'><b style='width:73%'><\/b><\/span><\/span><span class='evo_ep_time evo_countdowner' data-gap='1754442' data-dur='6660000' data-exp_act='' data-n='' data-ds='d\u00edas' data-d='D\u00eda' data-t='de tiempo restante'><\/span><\/span><\/span><\/span><em class='clear'><\/em><\/a><\/p><div class='event_description evcal_eventcard ' style=\"display:none\"><div class='evo_metarow_fimg evorow evcal_evdata_img evcal_evdata_row  evo_imghover' data-imgheight='1080' data-imgwidth='1920'  style='background-image: url(\"https:\/\/www.foment.com\/wp-content\/uploads\/2026\/01\/Sin-titulo-1920-x-1080-px-1.jpg\")' data-imgstyle='full' data-minheight='400' data-status=''><\/div><div class='evcal_evdata_row evorow_2b evo_metarow_time_location evorow  '>\n\t\t\t\t\t\t\t\t<div class='evorow_b evorow_b1 evo_time'>\n\t\t\t\t\t\t\t\t\t<span class='evcal_evdata_icons'><i class='fa fa-clock'><\/i><\/span>\n\t\t\t\t\t\t\t\t\t<div class='evcal_evdata_cell'>\t\t\t\t\t\t\t\n\t\t\t\t\t\t\t\t\t\t<h3 class='evo_h3'><span class='evcal_evdata_icons'><i class='fa fa-clock'><\/i><\/span>Horario<\/h3>\n\t\t\t\t\t\t\t\t\t\t<p><span class='evo_eventcard_time_t'>Marzo 2 (Lunes) 9:30 - Mayo 18 (Lunes) 11:30<\/span><\/p>\n\t\t\t\t\t\t\t\t\t<\/div>\n\t\t\t\t\t\t\t\t<\/div>\n\t\t\t\t\t\t\t\t<div class='evorow_b evo_location'>\n\t\t\t\t\t\t\t\t\t<span class='evcal_evdata_icons'><i class='fa fa-map-marker-alt'><\/i><\/span>\n\t\t\t\t\t\t\t\t\t<div class='evcal_evdata_cell' data-loc_tax_id='4869'><h3 class='evo_h3'><span class='evcal_evdata_icons'><i class='fa fa-map-marker-alt'><\/i><\/span>Lugar<\/h3><p class='evo_location_name'>Zoom<\/p><\/div>\n\t\t\t\t\t\t\t\t<\/div>\n\t\t\t\t\t\t\t\t\n\t\t\t\t\t\t\t<\/div><div class='evo_metarow_details evorow evcal_evdata_row evcal_event_details'>\n\t\t\t\t\t\t\t\t<div class=\"event_excerpt\" style=\"display:none\"><h3 class=\"padb5 evo_h3\">Detalles del evento<\/h3><p>La negociaci\u00f3n colectiva es uno de los pilares fundamentales del modelo de relaciones laborales y se configura como el instrumento esencial para la ordenaci\u00f3n de las condiciones de trabajo y<\/p><\/div><span class='evcal_evdata_icons'><i class='fa fa-align-justify'><\/i><\/span>\n\t\t\t\t\t\t\t\t\n\t\t\t\t\t\t\t\t<div class='evcal_evdata_cell '>\n\t\t\t\t\t\t\t\t\t<div class='eventon_full_description'>\n\t\t\t\t\t\t\t\t\t\t<h3 class='padb5 evo_h3'><span class='evcal_evdata_icons'><i class='fa fa-align-justify'><\/i><\/span>Detalles del evento<\/h3>\n\t\t\t\t\t\t\t\t\t\t<div class='eventon_desc_in' itemprop='description'>\n\t\t\t\t\t\t\t\t\t\t<p>La negociaci\u00f3n colectiva es uno de los pilares fundamentales del modelo de relaciones laborales y se configura como el instrumento esencial para la ordenaci\u00f3n de las condiciones de trabajo y la articulaci\u00f3n del di\u00e1logo social entre empresas y personas trabajadoras. Su importancia sistema radica en la capacidad para equilibrar los intereses de empresarios y representantes de los trabajadores, generando consensos que favorecen la paz social y la estabilidad en la ocupaci\u00f3n.<\/p>\n<p>Aun as\u00ed, permite establecer condiciones laborales adapt\u00e1ndose en las particularidades productivas, econ\u00f3micas y organizativas de cada \u00e1mbito de aplicaci\u00f3n. Mediante este proceso, se regulan aspectos tan diversos como la estructura salarial, el tiempo de trabajo, las modalidades de contrataci\u00f3n, los sistemas de clasificaci\u00f3n profesional, las medidas de conciliaci\u00f3n de la vida laboral y familiar, y los procedimientos de soluci\u00f3n de conflictos, entre otros.<\/p>\n<p>Adem\u00e1s, en un contexto de transformaci\u00f3n digital, globalizaci\u00f3n econ\u00f3mica y nuevas formas de organizaci\u00f3n del trabajo, la negociaci\u00f3n colectiva tiene que reinventarse para abordar cuestiones emergentes como el teletrabajo, la desconexi\u00f3n digital, la formaci\u00f3n continua, la igualdad de g\u00e9nero y la sostenibilidad ambiental.<\/p>\n<p><strong><span style=\"color: #d2112d;\">Objetivos:<br \/>\n<\/span><\/strong>\u2022 Aportar conocimientos te\u00f3ricos y pr\u00e1cticos sobre los retos, oportunidades y herramientas asociadas a la negociaci\u00f3n colectiva, dirigidos a empresas y negociadores de convenios colectivos.<br \/>\n\u2022 Capacitar a los participantes en las tablas de negociaci\u00f3n colectiva para integrar de manera efectiva todas las posibilidades que permiten las normas aplicables y la interpretaci\u00f3n de los tribunales a la negociaci\u00f3n colectiva.<\/p>\n<p><span style=\"color: #d2112d;\"><strong>Calendario:<\/strong><\/span><br \/>\n\u2022 20 horas totales divididas en 10 sesiones de 2 horas.<br \/>\n\u2022 D\u00edas de sesiones: 2, 9, 16 y 23 de marzo; 13, 20 y 27 de abril y 4, 11 y 18 de mayo<br \/>\n\u2022 Horario: 9.30 a 11.30 horas<br \/>\n\u2022 Modalidad en l\u00ednea<\/p>\n<p><strong><span style=\"color: #d2112d;\">Ponente<\/span>:<\/strong><br \/>\n<strong>Jordi Garc\u00eda Vi\u00f1a<\/strong>, catedr\u00e1tico de Derecho del Trabajo y de la Seguridad Social de la Universitat de Barcelona. Consejero en Augusta Abogados.<\/p>\n<p><span style=\"color: #d2112d;\"><strong>Metodolog\u00eda:<\/strong><\/span><br \/>\nLas sesiones combinar\u00e1n una introducci\u00f3n de la materia objeto de an\u00e1lisis, con especial atenci\u00f3n en el estudio de cl\u00e1usulas de convenios colectivos y buenas pr\u00e1cticas implantadas en empresas, con debates que fomenten la participaci\u00f3n activa.<\/p>\n<p>Esta metodolog\u00eda permite mejorar la comprensi\u00f3n de como los diferentes recursos son presentes en las relaciones laborales, conociendo la normativa aplicable, la interpretaci\u00f3n de los tribunales y la actuaci\u00f3n de la Inspecci\u00f3n de Trabajo y de la Seguridad Social, incrementando la capacitaci\u00f3n pr\u00e1ctica y las habilidades para negociar convenios en todas las materias propuestas.<\/p>\n<p style=\"text-align: center;\"><strong><span style=\"color: #d2112d;\">PROGRAMA<\/span><\/strong><\/p>\n<ul>\n<li><strong>Sesi\u00f3n 1: 2 de marzo de 2026 &#8211; Cuestiones generales y marco normativo<\/strong><br \/>\n<a href=\"https:\/\/www.foment.com\/es\/inscripciones-eventos\/?idevento=B7F6E727-CDFA-F011-8407-7C1E5276AE0A\" target=\"_blank\" rel=\"noopener\"><span style=\"color: #d2112d;\"><strong>Inscripci\u00f3n 1.\u00aa jornada, aqu\u00ed<\/strong><\/span><\/a><\/li>\n<li><strong>Sesi\u00f3n 2: 9 de marzo de 2026\u00a0 &#8211; Modalidades contractuales<\/strong><br \/>\n<a href=\"https:\/\/www.foment.com\/es\/inscripciones-eventos\/?idevento=14D89F92-73FB-F011-8407-7CED8D3FAFDD\" target=\"_blank\" rel=\"noopener\"><span style=\"color: #d2112d;\"><strong>Inscripci\u00f3n 2.\u00aa jornada, aqu\u00ed<\/strong><\/span><\/a><\/li>\n<li><strong>Sesi\u00f3n 3: 16 de marzo de 2026 &#8211; Sistema de clasificaci\u00f3n profesional y procesos de formaci\u00f3n<\/strong><br \/>\n<a href=\"https:\/\/www.foment.com\/es\/inscripciones-eventos\/?idevento=3F53D0FA-8EFB-F011-8407-7CED8D3FACC9\" target=\"_blank\" rel=\"noopener\"><span style=\"color: #d2112d;\"><strong>Inscripci\u00f3n 3.\u00aa jornada, aqu\u00ed<\/strong><\/span><\/a><\/li>\n<li><strong>Sesi\u00f3n 4: 23 de marzo de 2026 &#8211; Tiempos de trabajo<\/strong><br \/>\n<a href=\"https:\/\/www.foment.com\/es\/inscripciones-eventos\/?idevento=F60A04F3-A0FB-F011-8406-000D3ADCC77A\" target=\"_blank\" rel=\"noopener\"><span style=\"color: #d2112d;\"><strong>Inscripci\u00f3n 4.\u00aa jornada, aqu\u00ed<\/strong><\/span><\/a><\/li>\n<li><strong>Sesi\u00f3n 5: 13 de abril de 2026 &#8211; Aspectos salariales y retributivos<\/strong><br \/>\n<a href=\"https:\/\/www.foment.com\/es\/inscripciones-eventos\/?idevento=24CF9054-2AFC-F011-8407-7CED8D3FA83B\" target=\"_blank\" rel=\"noopener\"><span style=\"color: #d2112d;\"><strong>Inscripci\u00f3n 5.\u00aa jornada, aqu\u00ed<\/strong><\/span><\/a><\/li>\n<li><strong>Sesi\u00f3n 6: 20 de abril de 2026 &#8211; Igualdad y conciliaci\u00f3n<\/strong><br \/>\n<a href=\"https:\/\/www.foment.com\/es\/inscripciones-eventos\/?idevento=51DC9376-2AFC-F011-8407-7CED8D3FA02B\" target=\"_blank\" rel=\"noopener\"><span style=\"color: #d2112d;\"><strong>Inscripci\u00f3n 6.\u00aa jornada, aqu\u00ed<\/strong><\/span><\/a><\/li>\n<li><strong>Sesi\u00f3n 7: 27 de abril de 2026 &#8211; Mecanismos de flexibilidad<\/strong><br \/>\n<a href=\"https:\/\/www.foment.com\/es\/inscripciones-eventos\/?idevento=3FE7DF5A-30FC-F011-8407-000D3ABA73B5\" target=\"_blank\" rel=\"noopener\"><span style=\"color: #d2112d;\"><strong>Inscripci\u00f3n 7.\u00aa jornada, aqu\u00ed<\/strong><\/span><\/a><\/li>\n<li><strong>Sesi\u00f3n 8: 4 de mayo de 2026 &#8211; Salud Laboral<\/strong><br \/>\n<a href=\"https:\/\/www.foment.com\/inscripcions-events\/?idevento=BC3EA17D-30FC-F011-8406-002248A1BFE4\" target=\"_blank\" rel=\"noopener\"><span style=\"color: #d2112d;\"><strong>Inscripci\u00f3n 8.\u00aa jornada, aqu\u00ed<\/strong><\/span><\/a><\/li>\n<li><strong>Sesi\u00f3n 9: 11 de mayo de 2026 &#8211; Materias colectivas<\/strong><br \/>\n<a href=\"https:\/\/www.foment.com\/es\/inscripciones-eventos\/?idevento=6756DE1A-3FFC-F011-8407-7CED8D3FA02B\" target=\"_blank\" rel=\"noopener\"><span style=\"color: #d2112d;\"><strong>Inscripci\u00f3n 9.\u00aa jornada, aqu\u00ed<\/strong><\/span><\/a><\/li>\n<li><strong>Sesi\u00f3n 10: 18 de mayo de 2026 &#8211; Nuevos retos para la negociaci\u00f3n colectiva<\/strong><br \/>\n<a href=\"https:\/\/www.foment.com\/es\/inscripciones-eventos\/?idevento=CC3B4D29-3FFC-F011-8406-7C1E52FC0A4E\" target=\"_blank\" rel=\"noopener\"><span style=\"color: #d2112d;\"><strong>Inscripci\u00f3n 10.\u00aa jornada, aqu\u00ed<\/strong><\/span><\/a><\/li>\n<\/ul>\n<p>&nbsp;<\/p>\n<p style=\"text-align: center;\"><a href=\"https:\/\/fomentdeltreball.sharepoint.com\/:b:\/g\/IQBY7k5Cn_tsQI6n8wAIwQN7AYeigrFWERjfxzDOZ9pxwKQ?e=Gub4Je\" target=\"_blank\" rel=\"noopener\"><span style=\"font-size: 18px; color: #d2112d;\"><strong>Descargar programa completo<\/strong><\/span><\/a><\/p>\n<p>&nbsp;<\/p>\n<p>Esta jornada forma parte de los Planes de Formaci\u00f3n del \u00e1mbito de Catalu\u00f1a, dirigidos a la capacitaci\u00f3n para el desarrollo de las funciones relacionadas con el di\u00e1logo social y la negociaci\u00f3n colectiva. Expediente n.\u00ba STC092\/25\/000001.<\/p>\n<p style=\"text-align: center;\"><strong><span style=\"color: #d2112d;\">*Es imprescindible autenticarse previamente a la celebraci\u00f3n de la jornada en Zoom mediante el enlace que se le facilitar\u00e1 al inscribirse en la\/s sesi\u00f3n\/nes*.<\/span><\/strong><\/p>\n<table style=\"border-collapse: collapse; width: 100%;\">\n<tbody>\n<tr>\n<td style=\"width: 33.3333%;\"><\/td>\n<td style=\"width: 33.3333%; text-align: center;\"><strong>Con el apoyo de:\u00a0<\/strong><\/p>\n<p><a href=\"https:\/\/web.gencat.cat\/ca\/ciutadania\/inici\"><img class=\"aligncenter wp-image-179766 size-medium\" src=\"https:\/\/www.foment.com\/wp-content\/uploads\/2024\/03\/generalitat-300x76.jpg\" alt=\"\" width=\"300\" height=\"76\" \/><\/a><\/p>\n<p>&nbsp;<\/td>\n<td style=\"width: 33.3333%;\"><\/td>\n<\/tr>\n<\/tbody>\n<\/table>\n<\/div><div class='clear'><\/div>\n\t\t\t\t\t\t\t\t\t<\/div>\n\t\t\t\t\t\t\t\t<\/div>\n\t\t\t\t\t\t\t<\/div><div class='evo_metarow_organizer evorow evcal_evdata_row evcal_evrow_sm '>\n\t\t\t\t\t\t\t\t<span class='evcal_evdata_icons'><i class='fa fa-headphones'><\/i><\/span>\n\t\t\t\t\t\t\t\t<div class='evcal_evdata_cell'>\t\t\t\t\t\t\t\n\t\t\t\t\t\t\t\t\t<h3 class='evo_h3'>Organizador<\/h3>\n\t\t\t\t\t\t\t\t\t<p class='evo_data_val evo_card_organizer_image'><img src='https:\/\/www.foment.com\/wp-content\/uploads\/2017\/06\/nou-laboral-sin-debates-300x76.png'\/><\/p>\n\t\t\t\t\t\t\t\t\t<div class='evo_card_organizer'><p class='evo_data_val evo_card_organizer_name'>\n\t\t\t\t\t\t\t\t\t\t<span class='evo_card_organizer_name_t'>Relaciones Laborales<\/span>\n\t\t\t\t\t\t\t\t\t\t\n\t\t\t\t\t\t\t\t\t\t<\/p><\/div><div class='clear'><\/div>\t\t\t\t\t\t\t\n\t\t\t\t\t\t\t\t<\/div>\n\t\t\t\t\t\t\t<\/div><div class='evcal_evdata_row evo_metarow_locImg evorow ' style='height:400px; background-image:url(https:\/\/www.foment.com\/wp-content\/uploads\/2017\/03\/002damm-0334.jpg)' id='31599_locimg' ><\/div>\t\t\t\t\t\t\t<div class='evo_metarow_ICS evorow evcal_evdata_row'>\n\t\t\t\t\t\t\t\t<span class=\"evcal_evdata_icons\"><i class=\"fa fa-calendar\"><\/i><\/span>\n\t\t\t\t\t\t\t\t<div class='evcal_evdata_cell'>\n\t\t\t\t\t\t\t\t\t<p><a href='https:\/\/www.foment.com\/wp-admin\/admin-ajax.php?action=eventon_ics_download&amp;event_id=212889&amp;ri=0' class='evo_ics_nCal' title='Add to your calendar'>Calendar<\/a><a href='\/\/www.google.com\/calendar\/event?action=TEMPLATE&amp;text=Ciclo%3A+La+Negociaci%C3%B3n+Colectiva+como+herramienta+de+gesti%C3%B3n+de+las+relaciones+laborales&amp;dates=20260302T083000Z\/20260518T103000Z&amp;ctz=Europe\/Madrid&amp;details=Ciclo%3A+La+Negociaci%C3%B3n+Colectiva+como+herramienta+de+gesti%C3%B3n+de+las+relaciones+laborales&amp;location=Zoom' target='_blank' class='evo_ics_gCal' title='Add to google calendar'>GoogleCal<\/a><\/p>\t\n\t\t\t\t\t\t\t\t<\/div>\n\t\t\t\t\t\t\t<\/div>\n\t\t\t\t\t\t\t<div class='evo_card_row_end evcal_close' title='Close'><\/div><\/div><div class='clear end'><\/div><\/div><div  id=\"event_216485_0\" class=\"eventon_list_event evo_eventtop scheduled  event event_216485_0\" data-event_id=\"216485\" data-ri=\"0r\" data-time=\"1777367700-1777374000\" data-colr=\"#0db270\" itemscope itemtype='http:\/\/schema.org\/Event'><div class=\"evo_event_schema\" style=\"display:none\" ><a itemprop='url'  href='https:\/\/www.foment.com\/es\/events\/atraccion-de-talento-movilidad-internacional-y-gestion-migratoria-desde-una-perspectiva-empresarial\/'><\/a><meta itemprop='image' content=\"https:\/\/www.foment.com\/wp-content\/uploads\/2026\/03\/Imagen.jpg\" \/><meta itemprop='startDate' content=\"2026-4-28T09:15+2:00\" \/><meta itemprop='endDate' content=\"2026-4-28T11:00+2:00\" \/><meta itemprop='eventStatus' content=\"https:\/\/schema.org\/EventScheduled\" \/><item style=\"display:none\" itemprop=\"location\" itemscope itemtype=\"http:\/\/schema.org\/Place\"><span itemprop=\"name\">Foment del Treball<\/span><span itemprop=\"address\" itemscope itemtype=\"http:\/\/schema.org\/PostalAddress\"><item itemprop=\"streetAddress\">Via Laietana, 32-34, Principal, Barcelona<\/item><\/span><\/item><item style=\"display:none\" itemprop=\"eventAttendanceMode\" itemscope itemtype=\"https:\/\/schema.org\/OfflineEventAttendanceMode\"><\/item><div itemprop=\"organizer\" itemscope=\"\" itemtype=\"http:\/\/schema.org\/Organization\">\n\t\t\t\t\t    \t<meta itemprop=\"name\" content=\"Internacional\">\n\t\t\t\t\t    \t<\/div><div itemprop=\"performer\" itemscope=\"\" itemtype=\"http:\/\/schema.org\/Person\">\n\t\t\t\t\t    \t<meta itemprop=\"name\" content=\"Internacional\">\n\t\t\t\t\t    <\/div><script type=\"application\/ld+json\">{\"@context\": \"http:\/\/schema.org\",\"@type\": \"Event\",\n\t\t\t\t\t\"@id\": \"event_216485_0\",\n\t\t\t\t\t\"eventAttendanceMode\":\"https:\/\/schema.org\/OfflineEventAttendanceMode\",\n\t\t\t\t\t\"name\": \"ATRACCI\u00d3N DE TALENTO, MOVILIDAD INTERNACIONAL Y GESTI\u00d3N MIGRATORIA DESDE UNA PERSPECTIVA EMPRESARIAL\",\n\t\t\t\t\t\"url\": \"https:\/\/www.foment.com\/es\/events\/atraccion-de-talento-movilidad-internacional-y-gestion-migratoria-desde-una-perspectiva-empresarial\/\",\n\t\t\t\t\t\"startDate\": \"2026-4-28T09:15+2:00\",\n\t\t\t\t\t\"endDate\": \"2026-4-28T11:00+2:00\",\n\t\t\t\t\t\"image\":\"https:\/\/www.foment.com\/wp-content\/uploads\/2026\/03\/Imagen.jpg\", \n\t\t\t\t\t\"description\":\"<p>[vc_row][vc_column]<div class='spacer' style='height: 20px;'><\/div>[vc_btn title=\u00bbINSCRIPCI\u00d3N GRATUITA\u00bb style=\u00bb3d\u00bb color=\u00bbdanger\u00bb size=\u00bblg\u00bb align=\u00bbcenter\u00bb button_block=\u00bbtrue\u00bb link=\u00bburl:https%3A%2F%2Fwww.foment.com%2Fes%2Finscripciones-eventos%2F%3Fidevento%3D77499739-E421-F111-8341-000D3ABA73B5&#8243;]<div class='spacer' style='height: 20px;'><\/div>[vc_column_text]<\/p> <p style='text-align: justify;'><span style='font-family: verdana, geneva, sans-serif; font-size: 12px;'><strong>Foment del Treball<\/strong> y <strong>EY,<\/strong> le invitan al encuentro <span style='color: #d2112d;'><strong>\u00abAtracci\u00f3n de talento, movilidad internacional y gesti\u00f3n migratoria desde una perspectiva empresarial\u00bb<\/strong><\/span>, una sesi\u00f3n dise\u00f1ada para analizar los retos y oportunidades que afrontan las organizaciones en un contexto global cada vez m\u00e1s competitivo.<\/span><\/p> <p style='text-align: justify;'><span style='font-family: verdana, geneva, sans-serif; font-size: 12px;'>Durante el evento, expertos del \u00e1mbito econ\u00f3mico, legal y de la Administraci\u00f3n compartir\u00e1n su visi\u00f3n sobre las tendencias econ\u00f3micas previstas para 2026, el marco normativo espa\u00f1ol y las principales oportunidades que ofrece la legislaci\u00f3n migratoria para facilitar la captaci\u00f3n de talento internacional.<\/span><\/p> <p style='text-align: justify;'><span style='font-family: verdana, geneva, sans-serif; font-size: 12px;'>Una ocasi\u00f3n propicia para profundizar en aspectos clave, resolver dudas y debatir sobre las estrategias m\u00e1s eficaces para reforzar la capacidad de atracci\u00f3n y movilidad de talento en nuestras empresas.<\/span><\/p> <p>&nbsp;<\/p> <p style='text-align: justify;'><span style='color: #d2112d; font-family: verdana, geneva, sans-serif; font-size: 12px;'><strong>PROGRAMA<\/strong><\/span><\/p> <p style='text-align: justify;'><span style='color: #d2112d; font-family: verdana, geneva, sans-serif; font-size: 12px;'><strong>09:15 h<\/strong>. Recepci\u00f3n de asistentes<\/span><\/p> <p style='text-align: justify;'><span style='color: #d2112d; font-family: verdana, geneva, sans-serif; font-size: 12px;'><strong>09:30 h<\/strong>. Bienvenida<\/span><\/p> <p style='text-align: justify; padding-left: 40px;'><span style='font-family: verdana, geneva, sans-serif; font-size: 12px;'><strong>M\u00aa Helena de Felipe, <\/strong>presidenta de la comisi\u00f3n internacional, <strong>Foment del Treball<\/strong><\/span><\/p> <p style='padding-left: 40px;'><span style='font-family: verdana, geneva, sans-serif; font-size: 12px;'><strong>Lu\u00eds P\u00e9rez<\/strong>, presidente de la comisi\u00f3n laboral y RRHH, <strong>Foment del Treball<\/strong><\/span><\/p> <p style='text-align: justify;'><span style='color: #d2112d; font-family: verdana, geneva, sans-serif; font-size: 12px;'><strong>09:45 h<\/strong>. Perspectivas econ\u00f3micas para 2026 y su impacto en la capacidad de atracci\u00f3n de talento de nuestras empresas<\/span><\/p> <p style='text-align: justify; padding-left: 40px;'><span style='font-family: verdana, geneva, sans-serif; font-size: 12px;'><strong>Juan Pablo Riesgo, <\/strong>socio responsable de <strong>EY Insights<\/strong><\/span><\/p> <p style='text-align: justify;'><span style='color: #d2112d; font-family: verdana, geneva, sans-serif; font-size: 12px;'><strong>10:00 h<\/strong>. Aproximaci\u00f3n al marco normativo espa\u00f1ol, fortalezas y debilidades para una eficiente atracci\u00f3n de talento<\/span><\/p> <p style='text-align: justify; padding-left: 40px;'><span style='font-family: verdana, geneva, sans-serif; font-size: 12px;'><strong>Judith Sans, <\/strong>socia responsable de Integrated Mobile Talent del \u00e1rea de People Advisory Services de <strong>EY<\/strong><\/span><\/p> <p style='text-align: justify;'><span style='color: #d2112d; font-family: verdana, geneva, sans-serif; font-size: 12px;'><strong>10:15 h<\/strong>. Legislaci\u00f3n migratoria espa\u00f1ola, oportunidades empresariales para la captaci\u00f3n de talento extranjero<\/span><\/p> <p style='text-align: justify; padding-left: 40px;'><span style='font-family: verdana, geneva, sans-serif; font-size: 12px;'><strong>DG Gesti\u00f3n Migratoria, Ministerio de Inclusi\u00f3n, Migraciones y SS<\/strong><\/span><\/p> <p style='text-align: justify;'><span style='font-family: verdana, geneva, sans-serif; font-size: 12px; color: #d2112d;'><strong>10:45 h<\/strong>. Turno abierto de preguntas<\/span><\/p> <p><span style='color: #d2112d; font-family: verdana, geneva, sans-serif; font-size: 12px;'><strong>11:00 h<\/strong>. Fin de la sesi\u00f3n<\/span><\/p> <table style='border-collapse: collapse; width: 100%;'> <tbody> <tr> <td style='width: 33.3333%;'><\/td> <td style='width: 33.3333%;'> <p style='text-align: center;'><strong><span style='font-family: verdana, geneva, sans-serif; font-size: 12px;'>Con el apoyo de:\u00a0<\/span><\/strong><\/p> <p><a href='https:\/\/www.foment.com\/wp-content\/uploads\/2026\/03\/ACCIO-integrat-Horitzontal-CAT-color.png'><img class='size-medium wp-image-216300 aligncenter' src='https:\/\/www.foment.com\/wp-content\/uploads\/2026\/03\/ACCIO-integrat-Horitzontal-CAT-color-300x68.png' alt='' width='300' height='68' \/><\/a><\/td> <td style='width: 33.3333%;'><\/td> <\/tr> <\/tbody> <\/table> <p>[\/vc_column_text][\/vc_column][\/vc_row]<\/p> \",\"location\":[{\"@type\":\"Place\",\"name\":\"Foment del Treball\",\"address\":{\"@type\": \"PostalAddress\",\"streetAddress\":\"Via Laietana, 32-34, Principal, Barcelona\"}}],\"organizer\":{\"@type\":\"Organization\",\"name\":\"Internacional\"},\"performer\":{\"@type\":\"Person\",\"name\":\"Internacional\"},\"eventStatus\":\"https:\/\/schema.org\/EventScheduled\"}<\/script><\/div>\n\t\t\t\t<p class=\"desc_trig_outter\" style=\"background-color:#ffffff;flex-direction: row;\"><a data-gmap_status=\"null\" data-exlk=\"1\"  style=\"border-color: #0db270;\" id=\"evc_1777367700216485\" class=\"hasFtIMG desc_trig evo_internacional-es sin_val evcal_list_a\" data-ux_val=\"3\"  ><span class='ev_ftImg' data-img='https:\/\/www.foment.com\/wp-content\/uploads\/2026\/03\/Imagen.jpg' data-thumb='https:\/\/www.foment.com\/wp-content\/uploads\/2026\/03\/Imagen-300x167.jpg' style='background-image:url(\"https:\/\/www.foment.com\/wp-content\/uploads\/2026\/03\/Imagen-300x167.jpg\")'><\/span><style>.ajde_evcal_calendar.boxy #evcal_list .eventon_list_event .evcal_desc em{color:black;}<\/style><span style='width:100%; background-color:#0db270 !important;' class='evcal_cblock ' data-smon='abril' data-syr='2026'><span style='margin-top: 7px;margin-bottom: 7px;' class='evo_start '><em class='date'>28<\/em><em class='month'>abr<\/em><em class='time'>9:15<\/em><\/span><span style='margin-top: 7px;margin-bottom: 7px;' class='evo_end only_time'><em class='time'>11:00<\/em><\/span><em class='clear'><\/em><\/span><span class='evcal_desc evo_info '  data-location_address=\"Via Laietana, 32-34, Principal, Barcelona\" data-location_type=\"address\" data-location_name=\"Foment del Treball\" data-location_url=\"https:\/\/www.foment.com\/es\/event-location\/foment-del-treball\/\" data-location_status=\"true\" ><span class='evo_above_title'><\/span><span class='evcal_desc2 evcal_event_title hbaevatitle' itemprop='name'>ATRACCI\u00d3N DE TALENTO, MOVILIDAD INTERNACIONAL Y GESTI\u00d3N MIGRATORIA DESDE UNA PERSPECTIVA EMPRESARIAL<\/span><span class='evo_below_title'><\/span><span class='evcal_desc_info' ><em class='evcal_time evo_tz_time'>9:15 - 11:00<\/em> <\/span><span class='evcal_desc3'><em class=\"evcal_location\"  data-add_str=\"\"><em class=\"event_location_name\">Foment del Treball<\/em><\/em><\/span><span style='height: 60px;'  class='evcal_desc3' ><span class='evcal_event_types ett1'><em>C =<\/em><em data-filter='event_type'>Internacional<\/em><i class='clear'><\/i><\/span><\/span><\/span><em class='clear'><\/em><\/a><\/p><div class='event_description evcal_eventcard ' style=\"display:none\"><div class='evo_metarow_fimg evorow evcal_evdata_img evcal_evdata_row  evo_imghover' data-imgheight='705' data-imgwidth='1267'  style='background-image: url(\"https:\/\/www.foment.com\/wp-content\/uploads\/2026\/03\/Imagen.jpg\")' data-imgstyle='full' data-minheight='400' data-status=''><\/div><div class='evcal_evdata_row evorow_2b evo_metarow_time_location evorow  '>\n\t\t\t\t\t\t\t\t<div class='evorow_b evorow_b1 evo_time'>\n\t\t\t\t\t\t\t\t\t<span class='evcal_evdata_icons'><i class='fa fa-clock'><\/i><\/span>\n\t\t\t\t\t\t\t\t\t<div class='evcal_evdata_cell'>\t\t\t\t\t\t\t\n\t\t\t\t\t\t\t\t\t\t<h3 class='evo_h3'><span class='evcal_evdata_icons'><i class='fa fa-clock'><\/i><\/span>Horario<\/h3>\n\t\t\t\t\t\t\t\t\t\t<p><span class='evo_eventcard_time_t'>(Martes) 9:15 - 11:00<\/span><\/p>\n\t\t\t\t\t\t\t\t\t<\/div>\n\t\t\t\t\t\t\t\t<\/div>\n\t\t\t\t\t\t\t\t<div class='evorow_b evo_location'>\n\t\t\t\t\t\t\t\t\t<span class='evcal_evdata_icons'><i class='fa fa-map-marker-alt'><\/i><\/span>\n\t\t\t\t\t\t\t\t\t<div class='evcal_evdata_cell' data-loc_tax_id='98'><h3 class='evo_h3'><span class='evcal_evdata_icons'><i class='fa fa-map-marker-alt'><\/i><\/span>Lugar<\/h3><p class='evo_location_name'>Foment del Treball<\/p><p class='evo_location_address'>Via Laietana, 32-34, Principal, Barcelona<\/p><\/div>\n\t\t\t\t\t\t\t\t<\/div>\n\t\t\t\t\t\t\t\t\n\t\t\t\t\t\t\t<\/div><div class='evo_metarow_details evorow evcal_evdata_row evcal_event_details'>\n\t\t\t\t\t\t\t\t<div class=\"event_excerpt\" style=\"display:none\"><h3 class=\"padb5 evo_h3\">Detalles del evento<\/h3><p>[vc_row][vc_column][vc_btn title=\u00bbINSCRIPCI\u00d3N GRATUITA\u00bb style=\u00bb3d\u00bb color=\u00bbdanger\u00bb size=\u00bblg\u00bb align=\u00bbcenter\u00bb button_block=\u00bbtrue\u00bb link=\u00bburl:https%3A%2F%2Fwww.foment.com%2Fes%2Finscripciones-eventos%2F%3Fidevento%3D77499739-E421-F111-8341-000D3ABA73B5&#8243;][vc_column_text]\nFoment del Treball y EY, le invitan al<\/p><\/div><span class='evcal_evdata_icons'><i class='fa fa-align-justify'><\/i><\/span>\n\t\t\t\t\t\t\t\t\n\t\t\t\t\t\t\t\t<div class='evcal_evdata_cell '>\n\t\t\t\t\t\t\t\t\t<div class='eventon_full_description'>\n\t\t\t\t\t\t\t\t\t\t<h3 class='padb5 evo_h3'><span class='evcal_evdata_icons'><i class='fa fa-align-justify'><\/i><\/span>Detalles del evento<\/h3>\n\t\t\t\t\t\t\t\t\t\t<div class='eventon_desc_in' itemprop='description'>\n\t\t\t\t\t\t\t\t\t\t<p>[vc_row][vc_column]<\/p>\n<div class=\"spacer\" style=\"height: 20px;\"><\/div>\n<p>[vc_btn title=\u00bbINSCRIPCI\u00d3N GRATUITA\u00bb style=\u00bb3d\u00bb color=\u00bbdanger\u00bb size=\u00bblg\u00bb align=\u00bbcenter\u00bb button_block=\u00bbtrue\u00bb link=\u00bburl:https%3A%2F%2Fwww.foment.com%2Fes%2Finscripciones-eventos%2F%3Fidevento%3D77499739-E421-F111-8341-000D3ABA73B5&#8243;]<\/p>\n<div class=\"spacer\" style=\"height: 20px;\"><\/div>\n<p>[vc_column_text]<\/p>\n<p style=\"text-align: justify;\"><span style=\"font-family: verdana, geneva, sans-serif; font-size: 12px;\"><strong>Foment del Treball<\/strong> y <strong>EY,<\/strong> le invitan al encuentro <span style=\"color: #d2112d;\"><strong>\u00abAtracci\u00f3n de talento, movilidad internacional y gesti\u00f3n migratoria desde una perspectiva empresarial\u00bb<\/strong><\/span>, una sesi\u00f3n dise\u00f1ada para analizar los retos y oportunidades que afrontan las organizaciones en un contexto global cada vez m\u00e1s competitivo.<\/span><\/p>\n<p style=\"text-align: justify;\"><span style=\"font-family: verdana, geneva, sans-serif; font-size: 12px;\">Durante el evento, expertos del \u00e1mbito econ\u00f3mico, legal y de la Administraci\u00f3n compartir\u00e1n su visi\u00f3n sobre las tendencias econ\u00f3micas previstas para 2026, el marco normativo espa\u00f1ol y las principales oportunidades que ofrece la legislaci\u00f3n migratoria para facilitar la captaci\u00f3n de talento internacional.<\/span><\/p>\n<p style=\"text-align: justify;\"><span style=\"font-family: verdana, geneva, sans-serif; font-size: 12px;\">Una ocasi\u00f3n propicia para profundizar en aspectos clave, resolver dudas y debatir sobre las estrategias m\u00e1s eficaces para reforzar la capacidad de atracci\u00f3n y movilidad de talento en nuestras empresas.<\/span><\/p>\n<p>&nbsp;<\/p>\n<p style=\"text-align: justify;\"><span style=\"color: #d2112d; font-family: verdana, geneva, sans-serif; font-size: 12px;\"><strong>PROGRAMA<\/strong><\/span><\/p>\n<p style=\"text-align: justify;\"><span style=\"color: #d2112d; font-family: verdana, geneva, sans-serif; font-size: 12px;\"><strong>09:15 h<\/strong>. Recepci\u00f3n de asistentes<\/span><\/p>\n<p style=\"text-align: justify;\"><span style=\"color: #d2112d; font-family: verdana, geneva, sans-serif; font-size: 12px;\"><strong>09:30 h<\/strong>. Bienvenida<\/span><\/p>\n<p style=\"text-align: justify; padding-left: 40px;\"><span style=\"font-family: verdana, geneva, sans-serif; font-size: 12px;\"><strong>M\u00aa Helena de Felipe, <\/strong>presidenta de la comisi\u00f3n internacional, <strong>Foment del Treball<\/strong><\/span><\/p>\n<p style=\"padding-left: 40px;\"><span style=\"font-family: verdana, geneva, sans-serif; font-size: 12px;\"><strong>Lu\u00eds P\u00e9rez<\/strong>, presidente de la comisi\u00f3n laboral y RRHH, <strong>Foment del Treball<\/strong><\/span><\/p>\n<p style=\"text-align: justify;\"><span style=\"color: #d2112d; font-family: verdana, geneva, sans-serif; font-size: 12px;\"><strong>09:45 h<\/strong>. Perspectivas econ\u00f3micas para 2026 y su impacto en la capacidad de atracci\u00f3n de talento de nuestras empresas<\/span><\/p>\n<p style=\"text-align: justify; padding-left: 40px;\"><span style=\"font-family: verdana, geneva, sans-serif; font-size: 12px;\"><strong>Juan Pablo Riesgo, <\/strong>socio responsable de <strong>EY Insights<\/strong><\/span><\/p>\n<p style=\"text-align: justify;\"><span style=\"color: #d2112d; font-family: verdana, geneva, sans-serif; font-size: 12px;\"><strong>10:00 h<\/strong>. Aproximaci\u00f3n al marco normativo espa\u00f1ol, fortalezas y debilidades para una eficiente atracci\u00f3n de talento<\/span><\/p>\n<p style=\"text-align: justify; padding-left: 40px;\"><span style=\"font-family: verdana, geneva, sans-serif; font-size: 12px;\"><strong>Judith Sans, <\/strong>socia responsable de Integrated Mobile Talent del \u00e1rea de People Advisory Services de <strong>EY<\/strong><\/span><\/p>\n<p style=\"text-align: justify;\"><span style=\"color: #d2112d; font-family: verdana, geneva, sans-serif; font-size: 12px;\"><strong>10:15 h<\/strong>. Legislaci\u00f3n migratoria espa\u00f1ola, oportunidades empresariales para la captaci\u00f3n de talento extranjero<\/span><\/p>\n<p style=\"text-align: justify; padding-left: 40px;\"><span style=\"font-family: verdana, geneva, sans-serif; font-size: 12px;\"><strong>DG Gesti\u00f3n Migratoria, Ministerio de Inclusi\u00f3n, Migraciones y SS<\/strong><\/span><\/p>\n<p style=\"text-align: justify;\"><span style=\"font-family: verdana, geneva, sans-serif; font-size: 12px; color: #d2112d;\"><strong>10:45 h<\/strong>. Turno abierto de preguntas<\/span><\/p>\n<p><span style=\"color: #d2112d; font-family: verdana, geneva, sans-serif; font-size: 12px;\"><strong>11:00 h<\/strong>. Fin de la sesi\u00f3n<\/span><\/p>\n<table style=\"border-collapse: collapse; width: 100%;\">\n<tbody>\n<tr>\n<td style=\"width: 33.3333%;\"><\/td>\n<td style=\"width: 33.3333%;\">\n<p style=\"text-align: center;\"><strong><span style=\"font-family: verdana, geneva, sans-serif; font-size: 12px;\">Con el apoyo de:\u00a0<\/span><\/strong><\/p>\n<p><a href=\"https:\/\/www.foment.com\/wp-content\/uploads\/2026\/03\/ACCIO-integrat-Horitzontal-CAT-color.png\"><img class=\"size-medium wp-image-216300 aligncenter\" src=\"https:\/\/www.foment.com\/wp-content\/uploads\/2026\/03\/ACCIO-integrat-Horitzontal-CAT-color-300x68.png\" alt=\"\" width=\"300\" height=\"68\" \/><\/a><\/td>\n<td style=\"width: 33.3333%;\"><\/td>\n<\/tr>\n<\/tbody>\n<\/table>\n<p>[\/vc_column_text][\/vc_column][\/vc_row]<\/p>\n<\/div><div class='clear'><\/div>\n\t\t\t\t\t\t\t\t\t<\/div>\n\t\t\t\t\t\t\t\t<\/div>\n\t\t\t\t\t\t\t<\/div><div class='evo_metarow_organizer evorow evcal_evdata_row evcal_evrow_sm '>\n\t\t\t\t\t\t\t\t<span class='evcal_evdata_icons'><i class='fa fa-headphones'><\/i><\/span>\n\t\t\t\t\t\t\t\t<div class='evcal_evdata_cell'>\t\t\t\t\t\t\t\n\t\t\t\t\t\t\t\t\t<h3 class='evo_h3'>Organizador<\/h3>\n\t\t\t\t\t\t\t\t\t<p class='evo_data_val evo_card_organizer_image'><img src='https:\/\/www.foment.com\/wp-content\/uploads\/2017\/04\/InternacionalEmpresabitotransCAT-200x80.png'\/><\/p>\n\t\t\t\t\t\t\t\t\t<div class='evo_card_organizer'><p class='evo_data_val evo_card_organizer_name'>\n\t\t\t\t\t\t\t\t\t\t<span class='evo_card_organizer_name_t'>Internacional<\/span>\n\t\t\t\t\t\t\t\t\t\t\n\t\t\t\t\t\t\t\t\t\t<\/p><\/div><div class='clear'><\/div>\t\t\t\t\t\t\t\n\t\t\t\t\t\t\t\t<\/div>\n\t\t\t\t\t\t\t<\/div><div class='evcal_evdata_row evo_metarow_locImg evorow ' style='height:400px; background-image:url(https:\/\/www.foment.com\/wp-content\/uploads\/2022\/06\/Edifici-Foment-2020-scaled.jpg)' id='146693_locimg' ><\/div>\t\t\t\t\t\t\t<div class='evo_metarow_ICS evorow evcal_evdata_row'>\n\t\t\t\t\t\t\t\t<span class=\"evcal_evdata_icons\"><i class=\"fa fa-calendar\"><\/i><\/span>\n\t\t\t\t\t\t\t\t<div class='evcal_evdata_cell'>\n\t\t\t\t\t\t\t\t\t<p><a href='https:\/\/www.foment.com\/wp-admin\/admin-ajax.php?action=eventon_ics_download&amp;event_id=216485&amp;ri=0' class='evo_ics_nCal' title='Add to your calendar'>Calendar<\/a><a href='\/\/www.google.com\/calendar\/event?action=TEMPLATE&amp;text=ATRACCI%C3%93N+DE+TALENTO%2C+MOVILIDAD+INTERNACIONAL+Y+GESTI%C3%93N+MIGRATORIA+DESDE+UNA+PERSPECTIVA+EMPRESARIAL&amp;dates=20260428T071500Z\/20260428T090000Z&amp;ctz=Europe\/Madrid&amp;details=ATRACCI%C3%93N+DE+TALENTO%2C+MOVILIDAD+INTERNACIONAL+Y+GESTI%C3%93N+MIGRATORIA+DESDE+UNA+PERSPECTIVA+EMPRESARIAL&amp;location=Foment+del+TreballVia+Laietana%2C+32-34%2C+Principal%2C+Barcelona' target='_blank' class='evo_ics_gCal' title='Add to google calendar'>GoogleCal<\/a><\/p>\t\n\t\t\t\t\t\t\t\t<\/div>\n\t\t\t\t\t\t\t<\/div>\n\t\t\t\t\t\t\t<div class='evo_card_row_end evcal_close' title='Close'><\/div><\/div><div class='clear end'><\/div><\/div><div  id=\"event_217273_0\" class=\"eventon_list_event evo_eventtop scheduled  event event_217273_0\" data-event_id=\"217273\" data-ri=\"0r\" data-time=\"1777377600-1777384800\" data-colr=\"#0db270\" itemscope itemtype='http:\/\/schema.org\/Event'><div class=\"evo_event_schema\" style=\"display:none\" ><a itemprop='url'  href='https:\/\/www.foment.com\/es\/events\/jornada-presentacion-geopolitica-del-transporte-maritimo-claves-en-las-rutas-globales-y-prospeccion-de-mercados\/'><\/a><meta itemprop='image' content=\"https:\/\/www.foment.com\/wp-content\/uploads\/2026\/03\/GEOPOLITICA-TRANSPORTE.png\" \/><meta itemprop='startDate' content=\"2026-4-28T12:00+2:00\" \/><meta itemprop='endDate' content=\"2026-4-28T14:00+2:00\" \/><meta itemprop='eventStatus' content=\"https:\/\/schema.org\/EventScheduled\" \/><item style=\"display:none\" itemprop=\"location\" itemscope itemtype=\"http:\/\/schema.org\/Place\"><span itemprop=\"name\">Foment del Treball<\/span><span itemprop=\"address\" itemscope itemtype=\"http:\/\/schema.org\/PostalAddress\"><item itemprop=\"streetAddress\">Via Laietana, 32-34, Principal, Barcelona<\/item><\/span><\/item><item style=\"display:none\" itemprop=\"eventAttendanceMode\" itemscope itemtype=\"https:\/\/schema.org\/OfflineEventAttendanceMode\"><\/item><div itemprop=\"organizer\" itemscope=\"\" itemtype=\"http:\/\/schema.org\/Organization\">\n\t\t\t\t\t    \t<meta itemprop=\"name\" content=\"Internacional\">\n\t\t\t\t\t    \t<\/div><div itemprop=\"performer\" itemscope=\"\" itemtype=\"http:\/\/schema.org\/Person\">\n\t\t\t\t\t    \t<meta itemprop=\"name\" content=\"Internacional\">\n\t\t\t\t\t    <\/div><script type=\"application\/ld+json\">{\"@context\": \"http:\/\/schema.org\",\"@type\": \"Event\",\n\t\t\t\t\t\"@id\": \"event_217273_0\",\n\t\t\t\t\t\"eventAttendanceMode\":\"https:\/\/schema.org\/OfflineEventAttendanceMode\",\n\t\t\t\t\t\"name\": \"Jornada | Presentaci\u00f3n Geopol\u00edtica del Transporte Mar\u00edtimo: Claves en las Rutas Globales y Prospecci\u00f3n de Mercados.\",\n\t\t\t\t\t\"url\": \"https:\/\/www.foment.com\/es\/events\/jornada-presentacion-geopolitica-del-transporte-maritimo-claves-en-las-rutas-globales-y-prospeccion-de-mercados\/\",\n\t\t\t\t\t\"startDate\": \"2026-4-28T12:00+2:00\",\n\t\t\t\t\t\"endDate\": \"2026-4-28T14:00+2:00\",\n\t\t\t\t\t\"image\":\"https:\/\/www.foment.com\/wp-content\/uploads\/2026\/03\/GEOPOLITICA-TRANSPORTE.png\", \n\t\t\t\t\t\"description\":\"<p>[vc_row][vc_column width=\u00bb1\/1&#8243;][vc_btn title=\u00bbINSCRIPCI\u00d3N GRATUITA\u00bb style=\u00bb3d\u00bb color=\u00bbdanger\u00bb size=\u00bblg\u00bb align=\u00bbcenter\u00bb button_block=\u00bbtrue\u00bb link=\u00bburl:https%3A%2F%2Fwww.foment.com%2Fes%2Finscripciones-eventos%2F%3Fidevento%3DD8B90845-412C-F111-88B4-000D3ADCCDB0&#8243;]<div class='single_image wpb_content_element align-center    ' data-animation='none' data-delay='0'><img width='770' height='155' src='https:\/\/www.foment.com\/wp-content\/uploads\/2026\/03\/3logos.jpg' class='attachment-full' alt='' loading='lazy' title='3logos' srcset='https:\/\/www.foment.com\/wp-content\/uploads\/2026\/03\/3logos.jpg 770w, https:\/\/www.foment.com\/wp-content\/uploads\/2026\/03\/3logos-300x60.jpg 300w, https:\/\/www.foment.com\/wp-content\/uploads\/2026\/03\/3logos-768x155.jpg 768w' sizes='(max-width: 770px) 100vw, 770px' \/><\/div>[vc_column_text]<\/p> <p style='text-align: justify;'><span style='font-family: verdana, geneva, sans-serif; font-size: 12px;'><span style='color: #d2112d;'>FOMENT DEL TREBALL,<\/span> la <span style='color: #d2112d;'>ASOCIACI\u00d3N DE TRANSITARIOS DE BARCELONA<\/span> y <span style='color: #d2112d;'>CESCE<\/span> se complacen en convocarles a la Jornada sobre P<strong>RESENTACI\u00d3N GEOPOL\u00cdTICA DEL TRANSPORTE MAR\u00cdTIMO: CLAVES EN LAS RUTAS GLOBALES Y PROSPECCI\u00d3N DE MERCADOS<\/strong>.<\/span><\/p> <p style='text-align: justify;'><span style='font-family: verdana, geneva, sans-serif; font-size: 12px;'>No cabe duda de que la <strong>geopol\u00edtica actual<\/strong> tiene un impacto directo en la actividad de las empresas transitarias porque afecta a las <strong>rutas, costes, tiempos de tr\u00e1nsito, riesgos y regulaciones del comercio internacional<\/strong>.<\/span><\/p> <p style='text-align: justify;'><span style='font-family: verdana, geneva, sans-serif; font-size: 12px;'>El <strong>conflicto en Oriente Medio<\/strong> ha puesto nuevamente de manifiesto la importancia de los mares en el comercio internacional. En un mundo cada vez m\u00e1s fragmentado, la seguridad de los oc\u00e9nos ya no es solo una necesidad log\u00edstica, sino una herramienta de coacci\u00f3n y de poder.<\/span><\/p> <p style='text-align: justify;'><span style='font-family: verdana, geneva, sans-serif; font-size: 12px;'>Ante crisis que repercuten en la inestabilidad de rutas mar\u00edtimas estrat\u00e9gicas y el consiguiente aumento de riesgos y costes log\u00edsticos, la situaci\u00f3n geopol\u00edtica convierte a la <strong>empresa transitaria en mucho m\u00e1s que un operador log\u00edstico<\/strong>: su conocimiento en normativas internacionales (transporte internacional, aduana y log\u00edstica), gesti\u00f3n de planificaciones m\u00e1s complejas, lo que conlleva mayor documentaci\u00f3n y, en consecuencia, riesgos m\u00e1s elevados.<\/span><\/p> <p style='text-align: justify;'><span style='font-family: verdana, geneva, sans-serif; font-size: 12px;'>Con el objetivo de analizar c\u00f3mo puede la empresa transitaria adaptarse estrat\u00e9gicamente a este escenario cambiante, se plantea el siguiente<\/span><\/p> <p>&nbsp;<\/p> <p><span style='color: #d2112d; font-family: verdana, geneva, sans-serif; font-size: 13px;'>PROGRAMA<\/span><\/p> <p><span style='color: #d2112d; font-family: verdana, geneva, sans-serif; font-size: 13px;'>12:00h. | <strong>Bienvenida y presentaci\u00f3n<\/strong><\/span><\/p> <p style='padding-left: 40px;'><span style='font-family: verdana, geneva, sans-serif; font-size: 13px;'><strong>M\u00aa Helena de Felipe<\/strong>, presidenta de la comisi\u00f3 internacional, <strong>Foment del Treball<\/strong><\/span><br \/> <span style='font-family: verdana, geneva, sans-serif; font-size: 13px;'><strong>Josep M. Vicens<\/strong>, Secretario-Asesor Jur\u00eddico, <strong>ATEIA-OLTRA Barcelona<\/strong><\/span><br \/> <span style='font-family: verdana, geneva, sans-serif; font-size: 13px;'><strong>Joaquim Montsant<\/strong>, Director Territorial Catalu\u00f1a y Baleares, <strong>CESCE<\/strong><\/span><\/p> <p><strong><span style='color: #d2112d; font-family: verdana, geneva, sans-serif; font-size: 13px;'>LA GEOPOL\u00cdTICA LIGADA a las PRINCIPALES RUTAS MARITIMAS<\/span><\/strong><\/p> <p style='padding-left: 40px;'><span style='font-family: verdana, geneva, sans-serif; font-size: 13px;'><strong>Pablo Arjona<\/strong>, Analista Senior de Riesgo Pa\u00eds, <strong>CESCE<\/strong><\/span><\/p> <p><strong><span style='color: #d2112d; font-family: verdana, geneva, sans-serif; font-size: 13px;'>inAtlas &#8211; Herramientas de investigacion y optimizaci\u00f3n de clientes<\/span><\/strong><\/p> <p style='padding-left: 40px;'><span style='font-family: verdana, geneva, sans-serif; font-size: 13px;'><strong>Silvia Banchini<\/strong>, inAtlas, <strong>CESCE<\/strong><\/span><\/p> <p><strong><span style='color: #d2112d; font-family: verdana, geneva, sans-serif; font-size: 13px;'>Coloquio<\/span><\/strong><\/p> <p><span style='color: #d2112d; font-family: verdana, geneva, sans-serif; font-size: 13px;'>14:00 h. | <strong>Fin de la sesi\u00f3n<\/strong><\/span>[\/vc_column_text][\/vc_column][\/vc_row][vc_row][vc_column width=\u00bb1\/1&#8243;][vc_column_text]<span style='font-family: verdana, geneva, sans-serif; font-size: 12px;'>Amb el suport de:<\/span>[\/vc_column_text]<div class='single_image wpb_content_element align-left    ' data-animation='none' data-delay='0'><a href='http:\/\/www.accio.gencat.cat' target='_self'><img width='300' height='68' src='https:\/\/www.foment.com\/wp-content\/uploads\/2026\/03\/ACCIO-integrat-Horitzontal-CAT-color-300x68.png' class='attachment-medium' alt='' loading='lazy' title='ACCIO-integrat-Horitzontal-CAT-color' srcset='https:\/\/www.foment.com\/wp-content\/uploads\/2026\/03\/ACCIO-integrat-Horitzontal-CAT-color-300x68.png 300w, https:\/\/www.foment.com\/wp-content\/uploads\/2026\/03\/ACCIO-integrat-Horitzontal-CAT-color.png 559w' sizes='(max-width: 300px) 100vw, 300px' \/><\/a><\/div>[\/vc_column][\/vc_row]<\/p> \",\"location\":[{\"@type\":\"Place\",\"name\":\"Foment del Treball\",\"address\":{\"@type\": \"PostalAddress\",\"streetAddress\":\"Via Laietana, 32-34, Principal, Barcelona\"}}],\"organizer\":{\"@type\":\"Organization\",\"name\":\"Internacional\"},\"performer\":{\"@type\":\"Person\",\"name\":\"Internacional\"},\"eventStatus\":\"https:\/\/schema.org\/EventScheduled\"}<\/script><\/div>\n\t\t\t\t<p class=\"desc_trig_outter\" style=\"background-color:#ffffff;flex-direction: row;\"><a data-gmap_status=\"null\" data-exlk=\"1\"  style=\"border-color: #0db270;\" id=\"evc_1777377600217273\" class=\"hasFtIMG desc_trig sin_val evcal_list_a\" data-ux_val=\"3\"  ><span class='ev_ftImg' data-img='https:\/\/www.foment.com\/wp-content\/uploads\/2026\/03\/GEOPOLITICA-TRANSPORTE.png' data-thumb='https:\/\/www.foment.com\/wp-content\/uploads\/2026\/03\/GEOPOLITICA-TRANSPORTE-300x200.png' style='background-image:url(\"https:\/\/www.foment.com\/wp-content\/uploads\/2026\/03\/GEOPOLITICA-TRANSPORTE-300x200.png\")'><\/span><style>.ajde_evcal_calendar.boxy #evcal_list .eventon_list_event .evcal_desc em{color:black;}<\/style><span style='width:100%; background-color:#0db270 !important;' class='evcal_cblock ' data-smon='abril' data-syr='2026'><span style='margin-top: 7px;margin-bottom: 7px;' class='evo_start '><em class='date'>28<\/em><em class='month'>abr<\/em><em class='time'>12:00<\/em><\/span><span style='margin-top: 7px;margin-bottom: 7px;' class='evo_end only_time'><em class='time'>14:00<\/em><\/span><em class='clear'><\/em><\/span><span class='evcal_desc evo_info '  data-location_address=\"Via Laietana, 32-34, Principal, Barcelona\" data-location_type=\"address\" data-location_name=\"Foment del Treball\" data-location_url=\"https:\/\/www.foment.com\/es\/event-location\/foment-del-treball\/\" data-location_status=\"true\" ><span class='evo_above_title'><\/span><span class='evcal_desc2 evcal_event_title hbaevatitle' itemprop='name'>Jornada | Presentaci\u00f3n Geopol\u00edtica del Transporte Mar\u00edtimo: Claves en las Rutas Globales y Prospecci\u00f3n de Mercados.<\/span><span class='evo_below_title'><\/span><span class='evcal_desc_info' ><em class='evcal_time evo_tz_time'>12:00 - 14:00<\/em> <\/span><span class='evcal_desc3'><em class=\"evcal_location\"  data-add_str=\"\"><em class=\"event_location_name\">Foment del Treball<\/em><\/em><\/span><span style='height: 60px;'  class='evcal_desc3' ><\/span><\/span><em class='clear'><\/em><\/a><\/p><div class='event_description evcal_eventcard ' style=\"display:none\"><div class='evo_metarow_fimg evorow evcal_evdata_img evcal_evdata_row  evo_imghover' data-imgheight='1024' data-imgwidth='1536'  style='background-image: url(\"https:\/\/www.foment.com\/wp-content\/uploads\/2026\/03\/GEOPOLITICA-TRANSPORTE.png\")' data-imgstyle='full' data-minheight='400' data-status=''><\/div><div class='evcal_evdata_row evorow_2b evo_metarow_time_location evorow  '>\n\t\t\t\t\t\t\t\t<div class='evorow_b evorow_b1 evo_time'>\n\t\t\t\t\t\t\t\t\t<span class='evcal_evdata_icons'><i class='fa fa-clock'><\/i><\/span>\n\t\t\t\t\t\t\t\t\t<div class='evcal_evdata_cell'>\t\t\t\t\t\t\t\n\t\t\t\t\t\t\t\t\t\t<h3 class='evo_h3'><span class='evcal_evdata_icons'><i class='fa fa-clock'><\/i><\/span>Horario<\/h3>\n\t\t\t\t\t\t\t\t\t\t<p><span class='evo_eventcard_time_t'>(Martes) 12:00 - 14:00<\/span><\/p>\n\t\t\t\t\t\t\t\t\t<\/div>\n\t\t\t\t\t\t\t\t<\/div>\n\t\t\t\t\t\t\t\t<div class='evorow_b evo_location'>\n\t\t\t\t\t\t\t\t\t<span class='evcal_evdata_icons'><i class='fa fa-map-marker-alt'><\/i><\/span>\n\t\t\t\t\t\t\t\t\t<div class='evcal_evdata_cell' data-loc_tax_id='98'><h3 class='evo_h3'><span class='evcal_evdata_icons'><i class='fa fa-map-marker-alt'><\/i><\/span>Lugar<\/h3><p class='evo_location_name'>Foment del Treball<\/p><p class='evo_location_address'>Via Laietana, 32-34, Principal, Barcelona<\/p><\/div>\n\t\t\t\t\t\t\t\t<\/div>\n\t\t\t\t\t\t\t\t\n\t\t\t\t\t\t\t<\/div><div class='evo_metarow_details evorow evcal_evdata_row evcal_event_details'>\n\t\t\t\t\t\t\t\t<div class=\"event_excerpt\" style=\"display:none\"><h3 class=\"padb5 evo_h3\">Detalles del evento<\/h3><p>[vc_row][vc_column width=\u00bb1\/1&#8243;][vc_btn title=\u00bbINSCRIPCI\u00d3N GRATUITA\u00bb style=\u00bb3d\u00bb color=\u00bbdanger\u00bb size=\u00bblg\u00bb align=\u00bbcenter\u00bb button_block=\u00bbtrue\u00bb link=\u00bburl:https%3A%2F%2Fwww.foment.com%2Fes%2Finscripciones-eventos%2F%3Fidevento%3DD8B90845-412C-F111-88B4-000D3ADCCDB0&#8243;]<\/p><\/div><span class='evcal_evdata_icons'><i class='fa fa-align-justify'><\/i><\/span>\n\t\t\t\t\t\t\t\t\n\t\t\t\t\t\t\t\t<div class='evcal_evdata_cell '>\n\t\t\t\t\t\t\t\t\t<div class='eventon_full_description'>\n\t\t\t\t\t\t\t\t\t\t<h3 class='padb5 evo_h3'><span class='evcal_evdata_icons'><i class='fa fa-align-justify'><\/i><\/span>Detalles del evento<\/h3>\n\t\t\t\t\t\t\t\t\t\t<div class='eventon_desc_in' itemprop='description'>\n\t\t\t\t\t\t\t\t\t\t<p>[vc_row][vc_column width=\u00bb1\/1&#8243;][vc_btn title=\u00bbINSCRIPCI\u00d3N GRATUITA\u00bb style=\u00bb3d\u00bb color=\u00bbdanger\u00bb size=\u00bblg\u00bb align=\u00bbcenter\u00bb button_block=\u00bbtrue\u00bb link=\u00bburl:https%3A%2F%2Fwww.foment.com%2Fes%2Finscripciones-eventos%2F%3Fidevento%3DD8B90845-412C-F111-88B4-000D3ADCCDB0&#8243;]<\/p>\n<div class=\"single_image wpb_content_element align-center    \" data-animation=\"none\" data-delay=\"0\"><img width=\"770\" height=\"155\" src=\"https:\/\/www.foment.com\/wp-content\/uploads\/2026\/03\/3logos.jpg\" class=\"attachment-full\" alt=\"\" loading=\"lazy\" title=\"3logos\" srcset=\"https:\/\/www.foment.com\/wp-content\/uploads\/2026\/03\/3logos.jpg 770w, https:\/\/www.foment.com\/wp-content\/uploads\/2026\/03\/3logos-300x60.jpg 300w, https:\/\/www.foment.com\/wp-content\/uploads\/2026\/03\/3logos-768x155.jpg 768w\" sizes=\"(max-width: 770px) 100vw, 770px\" \/><\/div>\n<p>[vc_column_text]<\/p>\n<p style=\"text-align: justify;\"><span style=\"font-family: verdana, geneva, sans-serif; font-size: 12px;\"><span style=\"color: #d2112d;\">FOMENT DEL TREBALL,<\/span> la <span style=\"color: #d2112d;\">ASOCIACI\u00d3N DE TRANSITARIOS DE BARCELONA<\/span> y <span style=\"color: #d2112d;\">CESCE<\/span> se complacen en convocarles a la Jornada sobre P<strong>RESENTACI\u00d3N GEOPOL\u00cdTICA DEL TRANSPORTE MAR\u00cdTIMO: CLAVES EN LAS RUTAS GLOBALES Y PROSPECCI\u00d3N DE MERCADOS<\/strong>.<\/span><\/p>\n<p style=\"text-align: justify;\"><span style=\"font-family: verdana, geneva, sans-serif; font-size: 12px;\">No cabe duda de que la <strong>geopol\u00edtica actual<\/strong> tiene un impacto directo en la actividad de las empresas transitarias porque afecta a las <strong>rutas, costes, tiempos de tr\u00e1nsito, riesgos y regulaciones del comercio internacional<\/strong>.<\/span><\/p>\n<p style=\"text-align: justify;\"><span style=\"font-family: verdana, geneva, sans-serif; font-size: 12px;\">El <strong>conflicto en Oriente Medio<\/strong> ha puesto nuevamente de manifiesto la importancia de los mares en el comercio internacional. En un mundo cada vez m\u00e1s fragmentado, la seguridad de los oc\u00e9nos ya no es solo una necesidad log\u00edstica, sino una herramienta de coacci\u00f3n y de poder.<\/span><\/p>\n<p style=\"text-align: justify;\"><span style=\"font-family: verdana, geneva, sans-serif; font-size: 12px;\">Ante crisis que repercuten en la inestabilidad de rutas mar\u00edtimas estrat\u00e9gicas y el consiguiente aumento de riesgos y costes log\u00edsticos, la situaci\u00f3n geopol\u00edtica convierte a la <strong>empresa transitaria en mucho m\u00e1s que un operador log\u00edstico<\/strong>: su conocimiento en normativas internacionales (transporte internacional, aduana y log\u00edstica), gesti\u00f3n de planificaciones m\u00e1s complejas, lo que conlleva mayor documentaci\u00f3n y, en consecuencia, riesgos m\u00e1s elevados.<\/span><\/p>\n<p style=\"text-align: justify;\"><span style=\"font-family: verdana, geneva, sans-serif; font-size: 12px;\">Con el objetivo de analizar c\u00f3mo puede la empresa transitaria adaptarse estrat\u00e9gicamente a este escenario cambiante, se plantea el siguiente<\/span><\/p>\n<p>&nbsp;<\/p>\n<p><span style=\"color: #d2112d; font-family: verdana, geneva, sans-serif; font-size: 13px;\">PROGRAMA<\/span><\/p>\n<p><span style=\"color: #d2112d; font-family: verdana, geneva, sans-serif; font-size: 13px;\">12:00h. | <strong>Bienvenida y presentaci\u00f3n<\/strong><\/span><\/p>\n<p style=\"padding-left: 40px;\"><span style=\"font-family: verdana, geneva, sans-serif; font-size: 13px;\"><strong>M\u00aa Helena de Felipe<\/strong>, presidenta de la comisi\u00f3 internacional, <strong>Foment del Treball<\/strong><\/span><br \/>\n<span style=\"font-family: verdana, geneva, sans-serif; font-size: 13px;\"><strong>Josep M. Vicens<\/strong>, Secretario-Asesor Jur\u00eddico, <strong>ATEIA-OLTRA Barcelona<\/strong><\/span><br \/>\n<span style=\"font-family: verdana, geneva, sans-serif; font-size: 13px;\"><strong>Joaquim Montsant<\/strong>, Director Territorial Catalu\u00f1a y Baleares, <strong>CESCE<\/strong><\/span><\/p>\n<p><strong><span style=\"color: #d2112d; font-family: verdana, geneva, sans-serif; font-size: 13px;\">LA GEOPOL\u00cdTICA LIGADA a las PRINCIPALES RUTAS MARITIMAS<\/span><\/strong><\/p>\n<p style=\"padding-left: 40px;\"><span style=\"font-family: verdana, geneva, sans-serif; font-size: 13px;\"><strong>Pablo Arjona<\/strong>, Analista Senior de Riesgo Pa\u00eds, <strong>CESCE<\/strong><\/span><\/p>\n<p><strong><span style=\"color: #d2112d; font-family: verdana, geneva, sans-serif; font-size: 13px;\">inAtlas &#8211; Herramientas de investigacion y optimizaci\u00f3n de clientes<\/span><\/strong><\/p>\n<p style=\"padding-left: 40px;\"><span style=\"font-family: verdana, geneva, sans-serif; font-size: 13px;\"><strong>Silvia Banchini<\/strong>, inAtlas, <strong>CESCE<\/strong><\/span><\/p>\n<p><strong><span style=\"color: #d2112d; font-family: verdana, geneva, sans-serif; font-size: 13px;\">Coloquio<\/span><\/strong><\/p>\n<p><span style=\"color: #d2112d; font-family: verdana, geneva, sans-serif; font-size: 13px;\">14:00 h. | <strong>Fin de la sesi\u00f3n<\/strong><\/span>[\/vc_column_text][\/vc_column][\/vc_row][vc_row][vc_column width=\u00bb1\/1&#8243;][vc_column_text]<span style=\"font-family: verdana, geneva, sans-serif; font-size: 12px;\">Amb el suport de:<\/span>[\/vc_column_text]<\/p>\n<div class=\"single_image wpb_content_element align-left    \" data-animation=\"none\" data-delay=\"0\"><a href=\"http:\/\/www.accio.gencat.cat\" target=\"_self\"><img width=\"300\" height=\"68\" src=\"https:\/\/www.foment.com\/wp-content\/uploads\/2026\/03\/ACCIO-integrat-Horitzontal-CAT-color-300x68.png\" class=\"attachment-medium\" alt=\"\" loading=\"lazy\" title=\"ACCIO-integrat-Horitzontal-CAT-color\" srcset=\"https:\/\/www.foment.com\/wp-content\/uploads\/2026\/03\/ACCIO-integrat-Horitzontal-CAT-color-300x68.png 300w, https:\/\/www.foment.com\/wp-content\/uploads\/2026\/03\/ACCIO-integrat-Horitzontal-CAT-color.png 559w\" sizes=\"(max-width: 300px) 100vw, 300px\" \/><\/a><\/div>\n<p>[\/vc_column][\/vc_row]<\/p>\n<\/div><div class='clear'><\/div>\n\t\t\t\t\t\t\t\t\t<\/div>\n\t\t\t\t\t\t\t\t<\/div>\n\t\t\t\t\t\t\t<\/div><div class='evo_metarow_organizer evorow evcal_evdata_row evcal_evrow_sm '>\n\t\t\t\t\t\t\t\t<span class='evcal_evdata_icons'><i class='fa fa-headphones'><\/i><\/span>\n\t\t\t\t\t\t\t\t<div class='evcal_evdata_cell'>\t\t\t\t\t\t\t\n\t\t\t\t\t\t\t\t\t<h3 class='evo_h3'>Organizador<\/h3>\n\t\t\t\t\t\t\t\t\t<p class='evo_data_val evo_card_organizer_image'><img src='https:\/\/www.foment.com\/wp-content\/uploads\/2017\/04\/InternacionalEmpresabitotransCAT-200x80.png'\/><\/p>\n\t\t\t\t\t\t\t\t\t<div class='evo_card_organizer'><p class='evo_data_val evo_card_organizer_name'>\n\t\t\t\t\t\t\t\t\t\t<span class='evo_card_organizer_name_t'>Internacional<\/span>\n\t\t\t\t\t\t\t\t\t\t\n\t\t\t\t\t\t\t\t\t\t<\/p><\/div><div class='clear'><\/div>\t\t\t\t\t\t\t\n\t\t\t\t\t\t\t\t<\/div>\n\t\t\t\t\t\t\t<\/div><div class='evcal_evdata_row evo_metarow_locImg evorow ' style='height:400px; background-image:url(https:\/\/www.foment.com\/wp-content\/uploads\/2022\/06\/Edifici-Foment-2020-scaled.jpg)' id='146693_locimg' ><\/div>\t\t\t\t\t\t\t<div class='evo_metarow_ICS evorow evcal_evdata_row'>\n\t\t\t\t\t\t\t\t<span class=\"evcal_evdata_icons\"><i class=\"fa fa-calendar\"><\/i><\/span>\n\t\t\t\t\t\t\t\t<div class='evcal_evdata_cell'>\n\t\t\t\t\t\t\t\t\t<p><a href='https:\/\/www.foment.com\/wp-admin\/admin-ajax.php?action=eventon_ics_download&amp;event_id=217273&amp;ri=0' class='evo_ics_nCal' title='Add to your calendar'>Calendar<\/a><a href='\/\/www.google.com\/calendar\/event?action=TEMPLATE&amp;text=Jornada+%7C+Presentaci%C3%B3n+Geopol%C3%ADtica+del+Transporte+Mar%C3%ADtimo%3A+Claves+en+las+Rutas+Globales+y+Prospecci%C3%B3n+de+Mercados.&amp;dates=20260428T100000Z\/20260428T120000Z&amp;ctz=Europe\/Madrid&amp;details=Jornada+%7C+Presentaci%C3%B3n+Geopol%C3%ADtica+del+Transporte+Mar%C3%ADtimo%3A+Claves+en+las+Rutas+Globales+y+Prospecci%C3%B3n+de+Mercados.&amp;location=Foment+del+TreballVia+Laietana%2C+32-34%2C+Principal%2C+Barcelona' target='_blank' class='evo_ics_gCal' title='Add to google calendar'>GoogleCal<\/a><\/p>\t\n\t\t\t\t\t\t\t\t<\/div>\n\t\t\t\t\t\t\t<\/div>\n\t\t\t\t\t\t\t<div class='evo_card_row_end evcal_close' title='Close'><\/div><\/div><div class='clear end'><\/div><\/div><div  id=\"event_217868_0\" class=\"eventon_list_event evo_eventtop scheduled  event event_217868_0\" data-event_id=\"217868\" data-ri=\"0r\" data-time=\"1777456800-1777460400\" data-colr=\"#0db270\" itemscope itemtype='http:\/\/schema.org\/Event'><div class=\"evo_event_schema\" style=\"display:none\" ><a itemprop='url'  href='https:\/\/www.foment.com\/es\/events\/cupons-accio-2026-internacionalitzacio-i-estrategia-empresarial\/'><\/a><meta itemprop='image' content=\"https:\/\/www.foment.com\/wp-content\/uploads\/2026\/04\/cupons_accio_2026_final_text_correcte.png\" \/><meta itemprop='startDate' content=\"2026-4-29T10:00+2:00\" \/><meta itemprop='endDate' content=\"2026-4-29T11:00+2:00\" \/><meta itemprop='eventStatus' content=\"https:\/\/schema.org\/EventScheduled\" \/><item style=\"display:none\" itemprop=\"location\" itemscope itemtype=\"http:\/\/schema.org\/Place\"><span itemprop=\"name\">Webinar por Zoom<\/span><span itemprop=\"address\" itemscope itemtype=\"http:\/\/schema.org\/PostalAddress\"><item itemprop=\"streetAddress\">Webinar per Zoom<\/item><\/span><\/item><item style=\"display:none\" itemprop=\"eventAttendanceMode\" itemscope itemtype=\"https:\/\/schema.org\/OfflineEventAttendanceMode\"><\/item><div itemprop=\"organizer\" itemscope=\"\" itemtype=\"http:\/\/schema.org\/Organization\">\n\t\t\t\t\t    \t<meta itemprop=\"name\" content=\"Internacional\">\n\t\t\t\t\t    \t<\/div><div itemprop=\"performer\" itemscope=\"\" itemtype=\"http:\/\/schema.org\/Person\">\n\t\t\t\t\t    \t<meta itemprop=\"name\" content=\"Internacional\">\n\t\t\t\t\t    <\/div><script type=\"application\/ld+json\">{\"@context\": \"http:\/\/schema.org\",\"@type\": \"Event\",\n\t\t\t\t\t\"@id\": \"event_217868_0\",\n\t\t\t\t\t\"eventAttendanceMode\":\"https:\/\/schema.org\/OfflineEventAttendanceMode\",\n\t\t\t\t\t\"name\": \"PRESENTACI\u00d3 CUPONS ACCI\u00d3 2026 | INTERNACIONALITZACI\u00d3 I ESTRAT\u00c8GIA EMPRESARIAL\",\n\t\t\t\t\t\"url\": \"https:\/\/www.foment.com\/es\/events\/cupons-accio-2026-internacionalitzacio-i-estrategia-empresarial\/\",\n\t\t\t\t\t\"startDate\": \"2026-4-29T10:00+2:00\",\n\t\t\t\t\t\"endDate\": \"2026-4-29T11:00+2:00\",\n\t\t\t\t\t\"image\":\"https:\/\/www.foment.com\/wp-content\/uploads\/2026\/04\/cupons_accio_2026_final_text_correcte.png\", \n\t\t\t\t\t\"description\":\"<p>[vc_row][vc_column][vc_column_text]<\/p> <p style='text-align: center;'><strong><span style='color: #d2112d; font-size: 18px;'>Convocat\u00f2ria prevista per a finals d&#8217;abril de 2026<\/span><\/strong><\/p> <p style='text-align: center;'><strong><span style='color: #d2112d; font-size: 18px;'>Subvenciona els teus projectes fins a 10.500 \u20ac<\/span><\/strong><\/p> <p>&nbsp;<\/p> <p><span style='font-family: verdana, geneva, sans-serif;'>Impulsa l\u2019estrat\u00e8gia d\u2019internacionalitzaci\u00f3 de la teva empresa, comen\u00e7a a prospectar nous mercats internacionals o redefineix les teves l\u00ednies estrat\u00e8giques amb els <strong>Cupons ACCI\u00d3 2026<\/strong>.<\/span><\/p> <p><span style='font-family: verdana, geneva, sans-serif;'>Els <strong>Cupons ACCI\u00d3<\/strong> per millorar la competitivitat empresarial s\u00f3n una de les l\u00ednies d&#8217;ajut m\u00e9s conegudes i sol\u00b7licitades per les empreses catalanes. En els darrers anys, m\u00e9s de 5.000 empreses ja s&#8217;han beneficiat d&#8217;aquests ajuts per impulsar el seu creixement i desenvolupar projectes estrat\u00e8gics.<\/span><\/p> <p><span style='font-family: verdana, geneva, sans-serif;'>A trav\u00e9s d&#8217;aquests cupons, se subvenciona la contractaci\u00f3 de serveis d&#8217;assessorament especialitzat en \u00e0mbits clau com la internacionalitzaci\u00f3\u00a0 i l&#8217;estrat\u00e8gia empresarial. Es tracta d&#8217;un mecanisme \u00e0gil, pr\u00e0ctic i molt competitiu, amb processos de concessi\u00f3 r\u00e0pids per a les empreses que compleixen els requisits establerts. Precisament per aix\u00f2, les convocat\u00f2ries sovint s&#8217;esgoten en poc temps.<\/span><\/p> <p>&nbsp;<\/p> <p style='text-align: center;'><strong><span style='color: #d2112d; font-size: 24px; font-family: verdana, geneva, sans-serif;'>Vols fer cr\u00e8ixer la teva empresa als mercats internacionals? <\/span><\/strong><\/p> <p style='text-align: center;'><strong><span style='color: #d2112d; font-size: 24px; font-family: verdana, geneva, sans-serif;'>O redefinir el negoci i les linies estrat\u00e8giques?<\/span><\/strong><\/p> <p>&nbsp;<\/p> <p><span style='font-family: verdana, geneva, sans-serif; color: #d2112d; font-size: 18px;'>No et perdis la Sessi\u00f3 informativa sobre els Cupons ACCI\u00d3 2026<\/span><\/p> <p><span style='font-family: verdana, geneva, sans-serif;'>El proper <strong>29 d&#8217;abril, a les 10.00h<\/strong>, organitzem una sessi\u00f3 informativa per presentar les l\u00ednies dels <strong>Cupons ACCI\u00d3 2026<\/strong> <strong>d&#8217;Internacionalitzaci\u00f3 i d&#8217;Estrat\u00e8gia Empresarial<\/strong>, explicar-ne els requisits i resoldre dubtes sobre el proc\u00e9s de sol\u00b7licitud. Ser\u00e0 una oportunitat per con\u00e8ixer de primera m\u00e0 quines opcions s&#8217;ajusten millor a la teva empresa i preparar\u00a0 la convocat\u00f2ria amb temps.<\/span><\/p> <p><span style='font-family: verdana, geneva, sans-serif;'><span style='color: #d2112d; font-size: 18px;'>Vols assistir a la sessi\u00f3?<\/span> <span style='font-size: 18px;'><strong>Inscriu-t\u2019hi i coneix tots els requisits, les condicions de participaci\u00f3 i les claus per preparar la teva sol\u00b7licitud amb temps.<\/strong><\/span><\/span><\/p> <p>[\/vc_column_text][vc_btn title=\u00bbINSCRIU-TE A LA SESSI\u00d3 INFORMATIVA | 29 D&#8217;ABRIL -10.00h\u00bb style=\u00bb3d\u00bb color=\u00bbdanger\u00bb size=\u00bblg\u00bb align=\u00bbcenter\u00bb button_block=\u00bbtrue\u00bb link=\u00bburl:%20https%3A%2F%2Fwww.foment.com%2Finscripcions-events%2F%3Fidevento%3DB97173C2-1D34-F111-88B4-7CED8D3FA02B\u00bb][\/vc_column][\/vc_row][vc_row][vc_column][vc_column_text]<\/p> <p><span style='font-family: verdana, geneva, sans-serif; color: #d2112d; font-size: 18px;'>A Foment del Treball gestionem \u00edntegrament el teu cup\u00f3<\/span><\/p> <p><span style='font-family: verdana, geneva, sans-serif;'>Ens encarreguem de la preparaci\u00f3 de la documentaci\u00f3 t\u00e8cnica del projecte, de la tramitaci\u00f3 de la sol\u00b7licitud, de l&#8217;atenci\u00f3 de requeriments d&#8217;ACCI\u00d3, del seguiment del desenvolupament del projecte i de la justificaci\u00f3 final de l&#8217;ajut, perqu\u00e8 tu et puguis centrar en executar-lo amb la tranquil\u00b7litat de deixar la gesti\u00f3 en mans de professionals especialitzats.<\/span><\/p> <p>&nbsp;<\/p> <table style='border-collapse: collapse; width: 100%;'> <tbody> <tr> <td style='width: 100%;'> <p style='text-align: center;'><span style='text-decoration: underline;'><span style='color: #d2112d; font-family: verdana, geneva, sans-serif; font-size: 18px;'><strong>CUPONS A L&#8217;INTERNACIONALITZACI\u00d3<\/strong><\/span><\/span><\/p> <p style='text-align: center;'><span style='color: #d2112d; font-family: verdana, geneva, sans-serif; font-size: 18px;'><strong>Impulsa la teva expansi\u00f3 internacional<\/strong><\/span><\/p> <p style='text-align: justify;'><span style='font-family: verdana, geneva, sans-serif;'>Amb els\u00a0<strong>Cupons d&#8217;Internacionalitzaci\u00f3 2026 <\/strong>i l&#8217;assessorament d&#8217;experts, podr\u00e0s con\u00e8ixer millor els mercats que t&#8217;interessen, detectar oportunitats i tend\u00e8ncies clau, definir una estrat\u00e8gia s\u00f3lida i accedir a potencials clients internacionals.\u00a0<\/span><\/p> <p style='text-align: justify;'><span style='font-family: verdana, geneva, sans-serif;'><strong>Import m\u00e0xim de l&#8217;ajut: 10.500 \u20ac<\/strong><\/span><\/p> <\/td> <\/tr> <\/tbody> <\/table> <p>&nbsp;<\/p> <table style='border-collapse: collapse; width: 100%;'> <tbody> <tr> <td style='width: 100%;'> <p style='text-align: center;'><span style='text-decoration: underline;'><span style='color: #d2112d; font-family: verdana, geneva, sans-serif; font-size: 18px;'><strong>CUPONS A L&#8217;ESTRAT\u00c8GIA EMPRESARIAL<\/strong><\/span><\/span><\/p> <p style='text-align: center;'><span style='color: #d2112d; font-family: verdana, geneva, sans-serif; font-size: 18px;'><strong>Impulsa nous models de negoci<\/strong><\/span><\/p> <p><span style='font-family: verdana, geneva, sans-serif;'>Cupons per <strong>implantar nous models de negoci<\/strong> a la teva empresa i <strong>redefinir<\/strong>-ne les <strong>l\u00ednies estrat\u00e8giques<\/strong>.<\/span><\/p> <p><span style='font-family: verdana, geneva, sans-serif;'>Dirigits a empreses industrials amb establiment operatiu a Catalunya.<\/span><\/p> <p><span style='font-family: verdana, geneva, sans-serif;'><strong>Import m\u00e0xim de l&#8217;ajut: 8.000 \u20ac<\/strong><\/span><\/p> <p>&nbsp;<\/td> <\/tr> <\/tbody> <\/table> <p>&nbsp;<\/p> <table style='border-collapse: collapse; width: 100%;'> <tbody> <tr> <td style='width: 100%;'> <p style='text-align: center; background: white;' align='center'><span style='font-size: 18px;'><b><span style='font-family: Verdana, sans-serif; color: #d2112d;'>Vols saber quina l\u00ednia s&#8217;ajusta millor a la teva empresa?<\/span><\/b><\/span><\/p> <p><span style='font-family: verdana, geneva, sans-serif;'><strong>Contacta amb nosaltres i t&#8217;assessorarem de manera personalitzada.\u00a0<\/strong><\/span><\/p> <p><span style='font-family: verdana, geneva, sans-serif;'>Departament internacional &#8211; <a href='mailto:internacional@foment.com'>internacional@foment.com<\/a><\/span><\/p> <p><span style='font-family: verdana, geneva, sans-serif;'>O, si ho prefereixes,\u00a0<strong>reserva la teva reuni\u00f3 d&#8217;assessorament sobre els Cupons d&#8217;ACCI\u00d3<\/strong><\/span><\/td> <\/tr> <\/tbody> <\/table> <p>[\/vc_column_text][vc_btn title=\u00bbRESERVA LA TEVA REUNI\u00d3 D&#8217;ASSESSORAMENT\u00bb style=\u00bb3d\u00bb color=\u00bbdanger\u00bb size=\u00bblg\u00bb align=\u00bbcenter\u00bb button_block=\u00bbtrue\u00bb link=\u00bburl:https%3A%2F%2Fforms.office.com%2Fpages%2Fresponsepage.aspx%3Fid%3DjZN882U4iUq5m7AAx2p0vxToU0p_iF9Jj9r-N9t4xetUM1VDV0xMWFhJSTI4VDRNUTNFQVdSTElGVi4u%26route%3Dshorturl%23msdynmkt_trackingcontext%3D901f15c4-0322-460f-b1f2-d16e0ec00300&#8243;][\/vc_column][\/vc_row][vc_row][vc_column width=\u00bb1\/2&#8243;][vc_column_text]<span style='font-family: verdana, geneva, sans-serif; font-size: 12px;'>Amb el suport de:\u00a0<\/span>[\/vc_column_text]<div class='single_image wpb_content_element align-left    ' data-animation='none' data-delay='0'><a href='http:\/\/www.accio.gencat.cat' target='_self'><img width='300' height='68' src='https:\/\/www.foment.com\/wp-content\/uploads\/2026\/03\/ACCIO-integrat-Horitzontal-CAT-color-300x68.png' class='attachment-medium' alt='' loading='lazy' title='ACCIO-integrat-Horitzontal-CAT-color' srcset='https:\/\/www.foment.com\/wp-content\/uploads\/2026\/03\/ACCIO-integrat-Horitzontal-CAT-color-300x68.png 300w, https:\/\/www.foment.com\/wp-content\/uploads\/2026\/03\/ACCIO-integrat-Horitzontal-CAT-color.png 559w' sizes='(max-width: 300px) 100vw, 300px' \/><\/a><\/div>[\/vc_column][vc_column width=\u00bb1\/2&#8243;][vc_column_text]<span style='font-family: verdana, geneva, sans-serif; font-size: 12px;'>Agent de suport a la Internacionalitzaci\u00f3<\/span>[\/vc_column_text]<div class='single_image wpb_content_element align-left    ' data-animation='none' data-delay='0'><img width='274' height='300' src='https:\/\/www.foment.com\/wp-content\/uploads\/2025\/10\/logo-Accio-2-274x300.png' class='attachment-medium' alt='' loading='lazy' title='logo Accio 2' srcset='https:\/\/www.foment.com\/wp-content\/uploads\/2025\/10\/logo-Accio-2-274x300.png 274w, https:\/\/www.foment.com\/wp-content\/uploads\/2025\/10\/logo-Accio-2-768x842.png 768w, https:\/\/www.foment.com\/wp-content\/uploads\/2025\/10\/logo-Accio-2.png 778w' sizes='(max-width: 274px) 100vw, 274px' \/><\/div>[\/vc_column][\/vc_row]<\/p> \",\"location\":[{\"@type\":\"Place\",\"name\":\"Webinar por Zoom\",\"address\":{\"@type\": \"PostalAddress\",\"streetAddress\":\"Webinar per Zoom\"}}],\"organizer\":{\"@type\":\"Organization\",\"name\":\"Internacional\"},\"performer\":{\"@type\":\"Person\",\"name\":\"Internacional\"},\"eventStatus\":\"https:\/\/schema.org\/EventScheduled\"}<\/script><\/div>\n\t\t\t\t<p class=\"desc_trig_outter\" style=\"background-color:#ffffff;flex-direction: row;\"><a data-gmap_status=\"null\" data-exlk=\"1\"  style=\"border-color: #0db270;\" id=\"evc_1777456800217868\" class=\"hasFtIMG desc_trig sin_val evcal_list_a\" data-ux_val=\"3\"  ><span class='ev_ftImg' data-img='https:\/\/www.foment.com\/wp-content\/uploads\/2026\/04\/cupons_accio_2026_final_text_correcte.png' data-thumb='https:\/\/www.foment.com\/wp-content\/uploads\/2026\/04\/cupons_accio_2026_final_text_correcte-300x200.png' style='background-image:url(\"https:\/\/www.foment.com\/wp-content\/uploads\/2026\/04\/cupons_accio_2026_final_text_correcte-300x200.png\")'><\/span><style>.ajde_evcal_calendar.boxy #evcal_list .eventon_list_event .evcal_desc em{color:black;}<\/style><span style='width:100%; background-color:#0db270 !important;' class='evcal_cblock ' data-smon='abril' data-syr='2026'><span style='margin-top: 7px;margin-bottom: 7px;' class='evo_start '><em class='date'>29<\/em><em class='month'>abr<\/em><em class='time'>10:00<\/em><\/span><span style='margin-top: 7px;margin-bottom: 7px;' class='evo_end only_time'><em class='time'>11:00<\/em><\/span><em class='clear'><\/em><\/span><span class='evcal_desc evo_info '  data-location_address=\"Webinar per Zoom\" data-location_type=\"address\" data-location_name=\"Webinar por Zoom\" data-location_url=\"https:\/\/www.foment.com\/es\/event-location\/webinar-por-zoom\/\" data-location_status=\"true\" ><span class='evo_above_title'><\/span><span class='evcal_desc2 evcal_event_title hbaevatitle' itemprop='name'>PRESENTACI\u00d3 CUPONS ACCI\u00d3 2026 | INTERNACIONALITZACI\u00d3 I ESTRAT\u00c8GIA EMPRESARIAL<\/span><span class='evo_below_title'><\/span><span class='evcal_desc_info' ><em class='evcal_time evo_tz_time'>10:00 - 11:00<\/em> <\/span><span class='evcal_desc3'><em class=\"evcal_location\"  data-add_str=\"\"><em class=\"event_location_name\">Webinar por Zoom<\/em><\/em><\/span><span style='height: 60px;'  class='evcal_desc3' ><\/span><\/span><em class='clear'><\/em><\/a><\/p><div class='event_description evcal_eventcard ' style=\"display:none\"><div class='evo_metarow_fimg evorow evcal_evdata_img evcal_evdata_row  evo_imghover' data-imgheight='1024' data-imgwidth='1536'  style='background-image: url(\"https:\/\/www.foment.com\/wp-content\/uploads\/2026\/04\/cupons_accio_2026_final_text_correcte.png\")' data-imgstyle='full' data-minheight='400' data-status=''><\/div><div class='evcal_evdata_row evorow_2b evo_metarow_time_location evorow  '>\n\t\t\t\t\t\t\t\t<div class='evorow_b evorow_b1 evo_time'>\n\t\t\t\t\t\t\t\t\t<span class='evcal_evdata_icons'><i class='fa fa-clock'><\/i><\/span>\n\t\t\t\t\t\t\t\t\t<div class='evcal_evdata_cell'>\t\t\t\t\t\t\t\n\t\t\t\t\t\t\t\t\t\t<h3 class='evo_h3'><span class='evcal_evdata_icons'><i class='fa fa-clock'><\/i><\/span>Horario<\/h3>\n\t\t\t\t\t\t\t\t\t\t<p><span class='evo_eventcard_time_t'>(Mi\u00e9rcoles) 10:00 - 11:00<\/span><\/p>\n\t\t\t\t\t\t\t\t\t<\/div>\n\t\t\t\t\t\t\t\t<\/div>\n\t\t\t\t\t\t\t\t<div class='evorow_b evo_location'>\n\t\t\t\t\t\t\t\t\t<span class='evcal_evdata_icons'><i class='fa fa-map-marker-alt'><\/i><\/span>\n\t\t\t\t\t\t\t\t\t<div class='evcal_evdata_cell' data-loc_tax_id='3536'><h3 class='evo_h3'><span class='evcal_evdata_icons'><i class='fa fa-map-marker-alt'><\/i><\/span>Lugar<\/h3><p class='evo_location_name'>Webinar por Zoom<\/p><p class='evo_location_address'>Webinar per Zoom<\/p><\/div>\n\t\t\t\t\t\t\t\t<\/div>\n\t\t\t\t\t\t\t\t\n\t\t\t\t\t\t\t<\/div><div class='evo_metarow_details evorow evcal_evdata_row evcal_event_details'>\n\t\t\t\t\t\t\t\t<div class=\"event_excerpt\" style=\"display:none\"><h3 class=\"padb5 evo_h3\">Detalles del evento<\/h3><p>[vc_row][vc_column][vc_column_text]\nConvocat\u00f2ria prevista per a finals d&#8217;abril de 2026\nSubvenciona els teus projectes fins a 10.500 \u20ac\n&nbsp;\n<\/p><\/div><span class='evcal_evdata_icons'><i class='fa fa-align-justify'><\/i><\/span>\n\t\t\t\t\t\t\t\t\n\t\t\t\t\t\t\t\t<div class='evcal_evdata_cell '>\n\t\t\t\t\t\t\t\t\t<div class='eventon_full_description'>\n\t\t\t\t\t\t\t\t\t\t<h3 class='padb5 evo_h3'><span class='evcal_evdata_icons'><i class='fa fa-align-justify'><\/i><\/span>Detalles del evento<\/h3>\n\t\t\t\t\t\t\t\t\t\t<div class='eventon_desc_in' itemprop='description'>\n\t\t\t\t\t\t\t\t\t\t<p>[vc_row][vc_column][vc_column_text]<\/p>\n<p style=\"text-align: center;\"><strong><span style=\"color: #d2112d; font-size: 18px;\">Convocat\u00f2ria prevista per a finals d&#8217;abril de 2026<\/span><\/strong><\/p>\n<p style=\"text-align: center;\"><strong><span style=\"color: #d2112d; font-size: 18px;\">Subvenciona els teus projectes fins a 10.500 \u20ac<\/span><\/strong><\/p>\n<p>&nbsp;<\/p>\n<p><span style=\"font-family: verdana, geneva, sans-serif;\">Impulsa l\u2019estrat\u00e8gia d\u2019internacionalitzaci\u00f3 de la teva empresa, comen\u00e7a a prospectar nous mercats internacionals o redefineix les teves l\u00ednies estrat\u00e8giques amb els <strong>Cupons ACCI\u00d3 2026<\/strong>.<\/span><\/p>\n<p><span style=\"font-family: verdana, geneva, sans-serif;\">Els <strong>Cupons ACCI\u00d3<\/strong> per millorar la competitivitat empresarial s\u00f3n una de les l\u00ednies d&#8217;ajut m\u00e9s conegudes i sol\u00b7licitades per les empreses catalanes. En els darrers anys, m\u00e9s de 5.000 empreses ja s&#8217;han beneficiat d&#8217;aquests ajuts per impulsar el seu creixement i desenvolupar projectes estrat\u00e8gics.<\/span><\/p>\n<p><span style=\"font-family: verdana, geneva, sans-serif;\">A trav\u00e9s d&#8217;aquests cupons, se subvenciona la contractaci\u00f3 de serveis d&#8217;assessorament especialitzat en \u00e0mbits clau com la internacionalitzaci\u00f3\u00a0 i l&#8217;estrat\u00e8gia empresarial. Es tracta d&#8217;un mecanisme \u00e0gil, pr\u00e0ctic i molt competitiu, amb processos de concessi\u00f3 r\u00e0pids per a les empreses que compleixen els requisits establerts. Precisament per aix\u00f2, les convocat\u00f2ries sovint s&#8217;esgoten en poc temps.<\/span><\/p>\n<p>&nbsp;<\/p>\n<p style=\"text-align: center;\"><strong><span style=\"color: #d2112d; font-size: 24px; font-family: verdana, geneva, sans-serif;\">Vols fer cr\u00e8ixer la teva empresa als mercats internacionals? <\/span><\/strong><\/p>\n<p style=\"text-align: center;\"><strong><span style=\"color: #d2112d; font-size: 24px; font-family: verdana, geneva, sans-serif;\">O redefinir el negoci i les linies estrat\u00e8giques?<\/span><\/strong><\/p>\n<p>&nbsp;<\/p>\n<p><span style=\"font-family: verdana, geneva, sans-serif; color: #d2112d; font-size: 18px;\">No et perdis la Sessi\u00f3 informativa sobre els Cupons ACCI\u00d3 2026<\/span><\/p>\n<p><span style=\"font-family: verdana, geneva, sans-serif;\">El proper <strong>29 d&#8217;abril, a les 10.00h<\/strong>, organitzem una sessi\u00f3 informativa per presentar les l\u00ednies dels <strong>Cupons ACCI\u00d3 2026<\/strong> <strong>d&#8217;Internacionalitzaci\u00f3 i d&#8217;Estrat\u00e8gia Empresarial<\/strong>, explicar-ne els requisits i resoldre dubtes sobre el proc\u00e9s de sol\u00b7licitud. Ser\u00e0 una oportunitat per con\u00e8ixer de primera m\u00e0 quines opcions s&#8217;ajusten millor a la teva empresa i preparar\u00a0 la convocat\u00f2ria amb temps.<\/span><\/p>\n<p><span style=\"font-family: verdana, geneva, sans-serif;\"><span style=\"color: #d2112d; font-size: 18px;\">Vols assistir a la sessi\u00f3?<\/span> <span style=\"font-size: 18px;\"><strong>Inscriu-t\u2019hi i coneix tots els requisits, les condicions de participaci\u00f3 i les claus per preparar la teva sol\u00b7licitud amb temps.<\/strong><\/span><\/span><\/p>\n<p>[\/vc_column_text][vc_btn title=\u00bbINSCRIU-TE A LA SESSI\u00d3 INFORMATIVA | 29 D&#8217;ABRIL -10.00h\u00bb style=\u00bb3d\u00bb color=\u00bbdanger\u00bb size=\u00bblg\u00bb align=\u00bbcenter\u00bb button_block=\u00bbtrue\u00bb link=\u00bburl:%20https%3A%2F%2Fwww.foment.com%2Finscripcions-events%2F%3Fidevento%3DB97173C2-1D34-F111-88B4-7CED8D3FA02B\u00bb][\/vc_column][\/vc_row][vc_row][vc_column][vc_column_text]<\/p>\n<p><span style=\"font-family: verdana, geneva, sans-serif; color: #d2112d; font-size: 18px;\">A Foment del Treball gestionem \u00edntegrament el teu cup\u00f3<\/span><\/p>\n<p><span style=\"font-family: verdana, geneva, sans-serif;\">Ens encarreguem de la preparaci\u00f3 de la documentaci\u00f3 t\u00e8cnica del projecte, de la tramitaci\u00f3 de la sol\u00b7licitud, de l&#8217;atenci\u00f3 de requeriments d&#8217;ACCI\u00d3, del seguiment del desenvolupament del projecte i de la justificaci\u00f3 final de l&#8217;ajut, perqu\u00e8 tu et puguis centrar en executar-lo amb la tranquil\u00b7litat de deixar la gesti\u00f3 en mans de professionals especialitzats.<\/span><\/p>\n<p>&nbsp;<\/p>\n<table style=\"border-collapse: collapse; width: 100%;\">\n<tbody>\n<tr>\n<td style=\"width: 100%;\">\n<p style=\"text-align: center;\"><span style=\"text-decoration: underline;\"><span style=\"color: #d2112d; font-family: verdana, geneva, sans-serif; font-size: 18px;\"><strong>CUPONS A L&#8217;INTERNACIONALITZACI\u00d3<\/strong><\/span><\/span><\/p>\n<p style=\"text-align: center;\"><span style=\"color: #d2112d; font-family: verdana, geneva, sans-serif; font-size: 18px;\"><strong>Impulsa la teva expansi\u00f3 internacional<\/strong><\/span><\/p>\n<p style=\"text-align: justify;\"><span style=\"font-family: verdana, geneva, sans-serif;\">Amb els\u00a0<strong>Cupons d&#8217;Internacionalitzaci\u00f3 2026 <\/strong>i l&#8217;assessorament d&#8217;experts, podr\u00e0s con\u00e8ixer millor els mercats que t&#8217;interessen, detectar oportunitats i tend\u00e8ncies clau, definir una estrat\u00e8gia s\u00f3lida i accedir a potencials clients internacionals.\u00a0<\/span><\/p>\n<p style=\"text-align: justify;\"><span style=\"font-family: verdana, geneva, sans-serif;\"><strong>Import m\u00e0xim de l&#8217;ajut: 10.500 \u20ac<\/strong><\/span><\/p>\n<\/td>\n<\/tr>\n<\/tbody>\n<\/table>\n<p>&nbsp;<\/p>\n<table style=\"border-collapse: collapse; width: 100%;\">\n<tbody>\n<tr>\n<td style=\"width: 100%;\">\n<p style=\"text-align: center;\"><span style=\"text-decoration: underline;\"><span style=\"color: #d2112d; font-family: verdana, geneva, sans-serif; font-size: 18px;\"><strong>CUPONS A L&#8217;ESTRAT\u00c8GIA EMPRESARIAL<\/strong><\/span><\/span><\/p>\n<p style=\"text-align: center;\"><span style=\"color: #d2112d; font-family: verdana, geneva, sans-serif; font-size: 18px;\"><strong>Impulsa nous models de negoci<\/strong><\/span><\/p>\n<p><span style=\"font-family: verdana, geneva, sans-serif;\">Cupons per <strong>implantar nous models de negoci<\/strong> a la teva empresa i <strong>redefinir<\/strong>-ne les <strong>l\u00ednies estrat\u00e8giques<\/strong>.<\/span><\/p>\n<p><span style=\"font-family: verdana, geneva, sans-serif;\">Dirigits a empreses industrials amb establiment operatiu a Catalunya.<\/span><\/p>\n<p><span style=\"font-family: verdana, geneva, sans-serif;\"><strong>Import m\u00e0xim de l&#8217;ajut: 8.000 \u20ac<\/strong><\/span><\/p>\n<p>&nbsp;<\/td>\n<\/tr>\n<\/tbody>\n<\/table>\n<p>&nbsp;<\/p>\n<table style=\"border-collapse: collapse; width: 100%;\">\n<tbody>\n<tr>\n<td style=\"width: 100%;\">\n<p style=\"text-align: center; background: white;\" align=\"center\"><span style=\"font-size: 18px;\"><b><span style=\"font-family: Verdana, sans-serif; color: #d2112d;\">Vols saber quina l\u00ednia s&#8217;ajusta millor a la teva empresa?<\/span><\/b><\/span><\/p>\n<p><span style=\"font-family: verdana, geneva, sans-serif;\"><strong>Contacta amb nosaltres i t&#8217;assessorarem de manera personalitzada.\u00a0<\/strong><\/span><\/p>\n<p><span style=\"font-family: verdana, geneva, sans-serif;\">Departament internacional &#8211; <a href=\"mailto:internacional@foment.com\">internacional@foment.com<\/a><\/span><\/p>\n<p><span style=\"font-family: verdana, geneva, sans-serif;\">O, si ho prefereixes,\u00a0<strong>reserva la teva reuni\u00f3 d&#8217;assessorament sobre els Cupons d&#8217;ACCI\u00d3<\/strong><\/span><\/td>\n<\/tr>\n<\/tbody>\n<\/table>\n<p>[\/vc_column_text][vc_btn title=\u00bbRESERVA LA TEVA REUNI\u00d3 D&#8217;ASSESSORAMENT\u00bb style=\u00bb3d\u00bb color=\u00bbdanger\u00bb size=\u00bblg\u00bb align=\u00bbcenter\u00bb button_block=\u00bbtrue\u00bb link=\u00bburl:https%3A%2F%2Fforms.office.com%2Fpages%2Fresponsepage.aspx%3Fid%3DjZN882U4iUq5m7AAx2p0vxToU0p_iF9Jj9r-N9t4xetUM1VDV0xMWFhJSTI4VDRNUTNFQVdSTElGVi4u%26route%3Dshorturl%23msdynmkt_trackingcontext%3D901f15c4-0322-460f-b1f2-d16e0ec00300&#8243;][\/vc_column][\/vc_row][vc_row][vc_column width=\u00bb1\/2&#8243;][vc_column_text]<span style=\"font-family: verdana, geneva, sans-serif; font-size: 12px;\">Amb el suport de:\u00a0<\/span>[\/vc_column_text]<\/p>\n<div class=\"single_image wpb_content_element align-left    \" data-animation=\"none\" data-delay=\"0\"><a href=\"http:\/\/www.accio.gencat.cat\" target=\"_self\"><img width=\"300\" height=\"68\" src=\"https:\/\/www.foment.com\/wp-content\/uploads\/2026\/03\/ACCIO-integrat-Horitzontal-CAT-color-300x68.png\" class=\"attachment-medium\" alt=\"\" loading=\"lazy\" title=\"ACCIO-integrat-Horitzontal-CAT-color\" srcset=\"https:\/\/www.foment.com\/wp-content\/uploads\/2026\/03\/ACCIO-integrat-Horitzontal-CAT-color-300x68.png 300w, https:\/\/www.foment.com\/wp-content\/uploads\/2026\/03\/ACCIO-integrat-Horitzontal-CAT-color.png 559w\" sizes=\"(max-width: 300px) 100vw, 300px\" \/><\/a><\/div>\n<p>[\/vc_column][vc_column width=\u00bb1\/2&#8243;][vc_column_text]<span style=\"font-family: verdana, geneva, sans-serif; font-size: 12px;\">Agent de suport a la Internacionalitzaci\u00f3<\/span>[\/vc_column_text]<\/p>\n<div class=\"single_image wpb_content_element align-left    \" data-animation=\"none\" data-delay=\"0\"><img width=\"274\" height=\"300\" src=\"https:\/\/www.foment.com\/wp-content\/uploads\/2025\/10\/logo-Accio-2-274x300.png\" class=\"attachment-medium\" alt=\"\" loading=\"lazy\" title=\"logo Accio 2\" srcset=\"https:\/\/www.foment.com\/wp-content\/uploads\/2025\/10\/logo-Accio-2-274x300.png 274w, https:\/\/www.foment.com\/wp-content\/uploads\/2025\/10\/logo-Accio-2-768x842.png 768w, https:\/\/www.foment.com\/wp-content\/uploads\/2025\/10\/logo-Accio-2.png 778w\" sizes=\"(max-width: 274px) 100vw, 274px\" \/><\/div>\n<p>[\/vc_column][\/vc_row]<\/p>\n<\/div><div class='clear'><\/div>\n\t\t\t\t\t\t\t\t\t<\/div>\n\t\t\t\t\t\t\t\t<\/div>\n\t\t\t\t\t\t\t<\/div><div class='evo_metarow_organizer evorow evcal_evdata_row evcal_evrow_sm '>\n\t\t\t\t\t\t\t\t<span class='evcal_evdata_icons'><i class='fa fa-headphones'><\/i><\/span>\n\t\t\t\t\t\t\t\t<div class='evcal_evdata_cell'>\t\t\t\t\t\t\t\n\t\t\t\t\t\t\t\t\t<h3 class='evo_h3'>Organizador<\/h3>\n\t\t\t\t\t\t\t\t\t<p class='evo_data_val evo_card_organizer_image'><img src='https:\/\/www.foment.com\/wp-content\/uploads\/2017\/04\/InternacionalEmpresabitotransCAT-200x80.png'\/><\/p>\n\t\t\t\t\t\t\t\t\t<div class='evo_card_organizer'><p class='evo_data_val evo_card_organizer_name'>\n\t\t\t\t\t\t\t\t\t\t<span class='evo_card_organizer_name_t'>Internacional<\/span>\n\t\t\t\t\t\t\t\t\t\t\n\t\t\t\t\t\t\t\t\t\t<\/p><\/div><div class='clear'><\/div>\t\t\t\t\t\t\t\n\t\t\t\t\t\t\t\t<\/div>\n\t\t\t\t\t\t\t<\/div>\t\t\t\t\t\t\t<div class='evo_metarow_ICS evorow evcal_evdata_row'>\n\t\t\t\t\t\t\t\t<span class=\"evcal_evdata_icons\"><i class=\"fa fa-calendar\"><\/i><\/span>\n\t\t\t\t\t\t\t\t<div class='evcal_evdata_cell'>\n\t\t\t\t\t\t\t\t\t<p><a href='https:\/\/www.foment.com\/wp-admin\/admin-ajax.php?action=eventon_ics_download&amp;event_id=217868&amp;ri=0' class='evo_ics_nCal' title='Add to your calendar'>Calendar<\/a><a href='\/\/www.google.com\/calendar\/event?action=TEMPLATE&amp;text=PRESENTACI%C3%93+CUPONS+ACCI%C3%93+2026+%7C+INTERNACIONALITZACI%C3%93+I+ESTRAT%C3%88GIA+EMPRESARIAL&amp;dates=20260429T080000Z\/20260429T090000Z&amp;ctz=Europe\/Madrid&amp;details=PRESENTACI%C3%93+CUPONS+ACCI%C3%93+2026+%7C+INTERNACIONALITZACI%C3%93+I+ESTRAT%C3%88GIA+EMPRESARIAL&amp;location=Webinar+por+ZoomWebinar+per+Zoom' target='_blank' class='evo_ics_gCal' title='Add to google calendar'>GoogleCal<\/a><\/p>\t\n\t\t\t\t\t\t\t\t<\/div>\n\t\t\t\t\t\t\t<\/div>\n\t\t\t\t\t\t\t<div class='evo_card_row_end evcal_close' title='Close'><\/div><\/div><div class='clear end'><\/div><\/div><div  id=\"event_216910_0\" class=\"eventon_list_event evo_eventtop scheduled  event event_216910_0\" data-event_id=\"216910\" data-ri=\"0r\" data-time=\"1777456800-1777467600\" data-colr=\"#4bb5d8\" itemscope itemtype='http:\/\/schema.org\/Event'><div class=\"evo_event_schema\" style=\"display:none\" ><a itemprop='url'  href='https:\/\/www.foment.com\/es\/events\/la-empresa-formadora-como-estrategia-de-competitividad\/'><\/a><meta itemprop='image' content=\"https:\/\/www.foment.com\/wp-content\/uploads\/2026\/03\/29042026-Primera-Jornada-CASTELLA-REDUIDA-2.jpg\" \/><meta itemprop='startDate' content=\"2026-4-29T10:00+2:00\" \/><meta itemprop='endDate' content=\"2026-4-29T13:00+2:00\" \/><meta itemprop='eventStatus' content=\"https:\/\/schema.org\/EventScheduled\" \/><item style=\"display:none\" itemprop=\"location\" itemscope itemtype=\"http:\/\/schema.org\/Place\"><span itemprop=\"name\">Online i Presencial a Foment del Treball Nacional<\/span><span itemprop=\"address\" itemscope itemtype=\"http:\/\/schema.org\/PostalAddress\"><item itemprop=\"streetAddress\">Via Laietana, 32- 08003 Barcelona \/ Zoom<\/item><\/span><\/item><item style=\"display:none\" itemprop=\"eventAttendanceMode\" itemscope itemtype=\"https:\/\/schema.org\/OfflineEventAttendanceMode\"><\/item><div itemprop=\"organizer\" itemscope=\"\" itemtype=\"http:\/\/schema.org\/Organization\">\n\t\t\t\t\t    \t<meta itemprop=\"name\" content=\"Coneixement i Formaci\u00f3 Professional\">\n\t\t\t\t\t    \t<\/div><div itemprop=\"performer\" itemscope=\"\" itemtype=\"http:\/\/schema.org\/Person\">\n\t\t\t\t\t    \t<meta itemprop=\"name\" content=\"Coneixement i Formaci\u00f3 Professional\">\n\t\t\t\t\t    <\/div><script type=\"application\/ld+json\">{\"@context\": \"http:\/\/schema.org\",\"@type\": \"Event\",\n\t\t\t\t\t\"@id\": \"event_216910_0\",\n\t\t\t\t\t\"eventAttendanceMode\":\"https:\/\/schema.org\/OfflineEventAttendanceMode\",\n\t\t\t\t\t\"name\": \"La empresa formadora como estrategia de competitividad\",\n\t\t\t\t\t\"url\": \"https:\/\/www.foment.com\/es\/events\/la-empresa-formadora-como-estrategia-de-competitividad\/\",\n\t\t\t\t\t\"startDate\": \"2026-4-29T10:00+2:00\",\n\t\t\t\t\t\"endDate\": \"2026-4-29T13:00+2:00\",\n\t\t\t\t\t\"image\":\"https:\/\/www.foment.com\/wp-content\/uploads\/2026\/03\/29042026-Primera-Jornada-CASTELLA-REDUIDA-2.jpg\", \n\t\t\t\t\t\"description\":\"<p>[vc_row][vc_column][vc_column_text]<span style='font-size: 14px; font-family: verdana, geneva, sans-serif;'>La dualizaci\u00f3n del sistema de Formaci\u00f3n Profesional contin\u00faa avanzando hacia un modelo m\u00e1s integrado, flexible y orientado a resultados donde la colaboraci\u00f3n entre administraciones, centros de formaci\u00f3n y tejido empresarial se convierte en imprescindible para garantizar una respuesta adecuada a los retos de competitividad, empleabilidad y desarrollo territorial.<\/span><\/p> <p><span style='font-size: 14px; font-family: verdana, geneva, sans-serif;'>El nuevo modelo Dual refuerza el papel de la empresa como agente formador, incorporando el principio de corresponsabilidad en la calificaci\u00f3n de las personas. Este cambio de paradigma implica avanzar hacia un modelo donde la empresa participa activamente en la definici\u00f3n, desarrollo y evaluaci\u00f3n de los procesos formativos, contribuyendo as\u00ed a la generaci\u00f3n y retenci\u00f3n de talento.<\/span><\/p> <p><span style='font-size: 14px; font-family: verdana, geneva, sans-serif;'>Desde Fomento del Trabajo, se ha defendido hist\u00f3ricamente que la implicaci\u00f3n empresarial en la FP es clave tanto para la mejora de la calidad del sistema como para el alineamiento entre oferta formativa y necesidades productivas. Esta participaci\u00f3n, sin embargo, requiere de un entorno que facilite la implicaci\u00f3n de las empresas \u2014especialmente de las pymes\u2014 con instrumentos claros, seguridad jur\u00eddica y modelos de colaboraci\u00f3n eficientes.<\/span><\/p> <p><span style='font-size: 14px; font-family: verdana, geneva, sans-serif;'>En este contexto, el Ciclo de Jornadas DUAL 2026 se plantea como un espacio de reflexi\u00f3n, conocimiento e intercambio que permita avanzar en la consolidaci\u00f3n del modelo DUAL. Este a\u00f1o, el ciclo combina jornadas de alcance estrat\u00e9gico con sesiones territoriales, con el objetivo de trasladar el debate al conjunto del territorio.<\/span><\/p> <p><span style='font-size: 14px; font-family: verdana, geneva, sans-serif;'>A lo largo de las diferentes sesiones, se abordar\u00e1n cuestiones clave como el papel de la empresa como agente formador y estrategia de competitividad, la funci\u00f3n de los organismos intermedios en el territorio, la gobernanza del sistema, los nuevos modelos de tutorizaci\u00f3n, as\u00ed como la conexi\u00f3n entre la Formaci\u00f3n Profesional, la universidad y las microcredenciales en el marco del aprendizaje a lo largo de la vida.<\/span><\/p> <p><span style='font-size: 14px; font-family: verdana, geneva, sans-serif;'>Esta jornada forma parte de los Planes de Formaci\u00f3n del \u00e1mbito de Catalu\u00f1a, dirigidos a la capacitaci\u00f3n para el desarrollo de las funciones relacionadas con el di\u00e1logo social y la negociaci\u00f3n colectiva. Expediente n\u00fam. STC092\/25\/000001.<\/span><\/p> <p>&nbsp;<\/p> <p style='text-align: center; line-height: 125%;' align='center'><span style='font-family: verdana, geneva, sans-serif; font-size: 16px;'><b><span style='line-height: 125%; color: #d2112d;'>PROGRAMA<\/span><\/b><\/span><\/p> <p style='line-height: 125%; text-align: left;' align='center'><span style='color: #d2112d;'><strong>9:45 h Acreditaci\u00f3n<\/strong><\/span><\/p> <p><span style='color: #d2112d;'><strong>10:00 h Presentaci\u00f3n Nuevo ciclo DUAL<\/strong><\/span><\/p> <p><strong>Sra. Natalia Baldan<\/strong>, Responsable Conocimiento y FP de Fomento del Trabajo<\/p> <p><span style='color: #d2112d;'><strong>10:10 h La relaci\u00f3n contractual en la Formaci\u00f3n Dual<\/strong><\/span><\/p> <p><strong>Sr. C\u00e9sar de la Fuente<\/strong>, Jefe de \u00e1rea del Departamento de Educaci\u00f3n y Formaci\u00f3n de CEOE<\/p> <p><span style='color: #d2112d;'><strong>10:30 h El Rol formador de la empresa<\/strong><\/span><\/p> <p><strong>Sra. Patricia Garc\u00eda<\/strong>, Presidenta institucional del grupo Femxa<\/p> <p><span style='color: #d2112d;'><strong>11:00 h El Rol formador de la empresa<\/strong><\/span><\/p> <p><strong>Sra. Neus Pons<\/strong>, Directora y gerente Fundaci\u00f3n BCN Formaci\u00f3n Profesional<\/p> <p><span style='color: #d2112d;'><strong>11:30 h Ejemplos de buenas pr\u00e1cticas<\/strong><\/span><\/p> <ul> <li><strong>Sra. Montse Cerqueda<\/strong>, Socia de Teixido Asociados: &#8211; Decana del Ilustro Colegio de Graduados Sociales de Barcelona, Girona y Lleida<\/li> <li><strong>Sr. Manuel Puche Monton, <\/strong>Siglo XXI Publicidad y publicaciones SL y<strong> Sra. Raquel Alfaro Navarro<\/strong>, Coordinada de Formaci\u00f3n en empresa del Instituto de Industria Sostenible de Barcelona<\/li> <\/ul> <p><span style='color: #d2112d;'><strong>12:15 h Debate<\/strong><\/span><\/p> <p><span style='color: #d2112d;'><strong>12:30 h Clausura<\/strong><\/span><\/p> <p>[\/vc_column_text][vc_btn title=\u00bbINSCRIPCI\u00d3N\u00bb color=\u00bbdanger\u00bb size=\u00bblg\u00bb align=\u00bbcenter\u00bb button_block=\u00bbtrue\u00bb link=\u00bburl:https%3A%2F%2Fwww.foment.com%2Fes%2Finscripciones-eventos%2F%3Fidevento%3D8278492D-6E27-F111-8342-000D3ADCC77A\u00bb][\/vc_column][\/vc_row]<\/p> <table style='border-collapse: collapse; width: 100%;'> <tbody> <tr> <td style='width: 33.3333%;'><strong>Amb el suport de:<\/strong><\/td> <td style='width: 33.3333%;'><\/td> <td style='width: 33.3333%;'><\/td> <\/tr> <tr> <td style='width: 33.3333%;'><\/td> <td style='width: 33.3333%;'><img class='alignnone wp-image-217848' src='https:\/\/www.foment.com\/wp-content\/uploads\/2026\/03\/GeneCat.jpg' alt='' width='200' height='63' \/><\/td> <td style='width: 33.3333%;'><\/td> <\/tr> <\/tbody> <\/table> \",\"location\":[{\"@type\":\"Place\",\"name\":\"Online i Presencial a Foment del Treball Nacional\",\"address\":{\"@type\": \"PostalAddress\",\"streetAddress\":\"Via Laietana, 32- 08003 Barcelona \/ Zoom\"}}],\"organizer\":{\"@type\":\"Organization\",\"name\":\"Coneixement i Formaci\u00f3 Professional\"},\"performer\":{\"@type\":\"Person\",\"name\":\"Coneixement i Formaci\u00f3 Professional\"},\"eventStatus\":\"https:\/\/schema.org\/EventScheduled\"}<\/script><\/div>\n\t\t\t\t<p class=\"desc_trig_outter\" style=\"background-color:#ffffff;flex-direction: row;\"><a data-gmtrig=\"1\" data-exlk=\"0\" style=\"border-color: #4bb5d8;\" id=\"evc_1777456800216910\" class=\"hasFtIMG desc_trig evo_formacion-fp sin_val evcal_list_a\" data-ux_val=\"3\"  ><span class='ev_ftImg' data-img='https:\/\/www.foment.com\/wp-content\/uploads\/2026\/03\/29042026-Primera-Jornada-CASTELLA-REDUIDA-2.jpg' data-thumb='https:\/\/www.foment.com\/wp-content\/uploads\/2026\/03\/29042026-Primera-Jornada-CASTELLA-REDUIDA-2-300x169.jpg' style='background-image:url(\"https:\/\/www.foment.com\/wp-content\/uploads\/2026\/03\/29042026-Primera-Jornada-CASTELLA-REDUIDA-2-300x169.jpg\")'><\/span><style>.ajde_evcal_calendar.boxy #evcal_list .eventon_list_event .evcal_desc em{color:black;}<\/style><span style='width:100%; background-color:#4bb5d8 !important;' class='evcal_cblock ' data-smon='abril' data-syr='2026'><span style='margin-top: 7px;margin-bottom: 7px;' class='evo_start '><em class='date'>29<\/em><em class='month'>abr<\/em><em class='time'>10:00<\/em><\/span><span style='margin-top: 7px;margin-bottom: 7px;' class='evo_end only_time'><em class='time'>13:00<\/em><\/span><em class='clear'><\/em><\/span><span class='evcal_desc evo_info '  data-location_address=\"Via Laietana, 32- 08003 Barcelona \/ Zoom\" data-location_type=\"address\" data-location_name=\"Online i Presencial a Foment del Treball Nacional\" data-location_url=\"https:\/\/www.foment.com\/es\/event-location\/online-i-presencial-a-foment-del-treball-nacional\/\" data-location_status=\"true\" ><span class='evo_above_title'><\/span><span class='evcal_desc2 evcal_event_title hbaevatitle' itemprop='name'>La empresa formadora como estrategia de competitividad<\/span><span class='evo_below_title'><\/span><span class='evcal_desc_info' ><em class='evcal_time evo_tz_time'>10:00 - 13:00<\/em> <\/span><span class='evcal_desc3'><em class=\"evcal_location\"  data-add_str=\"\"><em class=\"event_location_name\">Online i Presencial a Foment del Treball Nacional<\/em><\/em><\/span><span style='height: 60px;'  class='evcal_desc3' ><span class='evcal_event_types ett1'><em>C =<\/em><em data-filter='event_type'>Formaci\u00f3n y FP<\/em><i class='clear'><\/i><\/span><\/span><\/span><em class='clear'><\/em><\/a><\/p><div class='event_description evcal_eventcard ' style=\"display:none\"><div class='evo_metarow_fimg evorow evcal_evdata_img evcal_evdata_row  evo_imghover' data-imgheight='337' data-imgwidth='600'  style='background-image: url(\"https:\/\/www.foment.com\/wp-content\/uploads\/2026\/03\/29042026-Primera-Jornada-CASTELLA-REDUIDA-2.jpg\")' data-imgstyle='full' data-minheight='400' data-status=''><\/div><div class='evcal_evdata_row evorow_2b evo_metarow_time_location evorow  '>\n\t\t\t\t\t\t\t\t<div class='evorow_b evorow_b1 evo_time'>\n\t\t\t\t\t\t\t\t\t<span class='evcal_evdata_icons'><i class='fa fa-clock'><\/i><\/span>\n\t\t\t\t\t\t\t\t\t<div class='evcal_evdata_cell'>\t\t\t\t\t\t\t\n\t\t\t\t\t\t\t\t\t\t<h3 class='evo_h3'><span class='evcal_evdata_icons'><i class='fa fa-clock'><\/i><\/span>Horario<\/h3>\n\t\t\t\t\t\t\t\t\t\t<p><span class='evo_eventcard_time_t'>(Mi\u00e9rcoles) 10:00 - 13:00<\/span><\/p>\n\t\t\t\t\t\t\t\t\t<\/div>\n\t\t\t\t\t\t\t\t<\/div>\n\t\t\t\t\t\t\t\t<div class='evorow_b evo_location'>\n\t\t\t\t\t\t\t\t\t<span class='evcal_evdata_icons'><i class='fa fa-map-marker-alt'><\/i><\/span>\n\t\t\t\t\t\t\t\t\t<div class='evcal_evdata_cell' data-loc_tax_id='6606'><h3 class='evo_h3'><span class='evcal_evdata_icons'><i class='fa fa-map-marker-alt'><\/i><\/span>Lugar<\/h3><p class='evo_location_name'>Online i Presencial a Foment del Treball Nacional<\/p><p class='evo_location_address'>Via Laietana, 32- 08003 Barcelona \/ Zoom<\/p><\/div>\n\t\t\t\t\t\t\t\t<\/div>\n\t\t\t\t\t\t\t\t\n\t\t\t\t\t\t\t<\/div><div class='evo_metarow_details evorow evcal_evdata_row evcal_event_details'>\n\t\t\t\t\t\t\t\t<div class=\"event_excerpt\" style=\"display:none\"><h3 class=\"padb5 evo_h3\">Detalles del evento<\/h3><p>[vc_row][vc_column][vc_column_text]La dualizaci\u00f3n del sistema de Formaci\u00f3n Profesional contin\u00faa avanzando hacia un modelo m\u00e1s integrado, flexible y orientado a resultados donde la colaboraci\u00f3n entre administraciones,<\/p><\/div><span class='evcal_evdata_icons'><i class='fa fa-align-justify'><\/i><\/span>\n\t\t\t\t\t\t\t\t\n\t\t\t\t\t\t\t\t<div class='evcal_evdata_cell '>\n\t\t\t\t\t\t\t\t\t<div class='eventon_full_description'>\n\t\t\t\t\t\t\t\t\t\t<h3 class='padb5 evo_h3'><span class='evcal_evdata_icons'><i class='fa fa-align-justify'><\/i><\/span>Detalles del evento<\/h3>\n\t\t\t\t\t\t\t\t\t\t<div class='eventon_desc_in' itemprop='description'>\n\t\t\t\t\t\t\t\t\t\t<p>[vc_row][vc_column][vc_column_text]<span style=\"font-size: 14px; font-family: verdana, geneva, sans-serif;\">La dualizaci\u00f3n del sistema de Formaci\u00f3n Profesional contin\u00faa avanzando hacia un modelo m\u00e1s integrado, flexible y orientado a resultados donde la colaboraci\u00f3n entre administraciones, centros de formaci\u00f3n y tejido empresarial se convierte en imprescindible para garantizar una respuesta adecuada a los retos de competitividad, empleabilidad y desarrollo territorial.<\/span><\/p>\n<p><span style=\"font-size: 14px; font-family: verdana, geneva, sans-serif;\">El nuevo modelo Dual refuerza el papel de la empresa como agente formador, incorporando el principio de corresponsabilidad en la calificaci\u00f3n de las personas. Este cambio de paradigma implica avanzar hacia un modelo donde la empresa participa activamente en la definici\u00f3n, desarrollo y evaluaci\u00f3n de los procesos formativos, contribuyendo as\u00ed a la generaci\u00f3n y retenci\u00f3n de talento.<\/span><\/p>\n<p><span style=\"font-size: 14px; font-family: verdana, geneva, sans-serif;\">Desde Fomento del Trabajo, se ha defendido hist\u00f3ricamente que la implicaci\u00f3n empresarial en la FP es clave tanto para la mejora de la calidad del sistema como para el alineamiento entre oferta formativa y necesidades productivas. Esta participaci\u00f3n, sin embargo, requiere de un entorno que facilite la implicaci\u00f3n de las empresas \u2014especialmente de las pymes\u2014 con instrumentos claros, seguridad jur\u00eddica y modelos de colaboraci\u00f3n eficientes.<\/span><\/p>\n<p><span style=\"font-size: 14px; font-family: verdana, geneva, sans-serif;\">En este contexto, el Ciclo de Jornadas DUAL 2026 se plantea como un espacio de reflexi\u00f3n, conocimiento e intercambio que permita avanzar en la consolidaci\u00f3n del modelo DUAL. Este a\u00f1o, el ciclo combina jornadas de alcance estrat\u00e9gico con sesiones territoriales, con el objetivo de trasladar el debate al conjunto del territorio.<\/span><\/p>\n<p><span style=\"font-size: 14px; font-family: verdana, geneva, sans-serif;\">A lo largo de las diferentes sesiones, se abordar\u00e1n cuestiones clave como el papel de la empresa como agente formador y estrategia de competitividad, la funci\u00f3n de los organismos intermedios en el territorio, la gobernanza del sistema, los nuevos modelos de tutorizaci\u00f3n, as\u00ed como la conexi\u00f3n entre la Formaci\u00f3n Profesional, la universidad y las microcredenciales en el marco del aprendizaje a lo largo de la vida.<\/span><\/p>\n<p><span style=\"font-size: 14px; font-family: verdana, geneva, sans-serif;\">Esta jornada forma parte de los Planes de Formaci\u00f3n del \u00e1mbito de Catalu\u00f1a, dirigidos a la capacitaci\u00f3n para el desarrollo de las funciones relacionadas con el di\u00e1logo social y la negociaci\u00f3n colectiva. Expediente n\u00fam. STC092\/25\/000001.<\/span><\/p>\n<p>&nbsp;<\/p>\n<p style=\"text-align: center; line-height: 125%;\" align=\"center\"><span style=\"font-family: verdana, geneva, sans-serif; font-size: 16px;\"><b><span style=\"line-height: 125%; color: #d2112d;\">PROGRAMA<\/span><\/b><\/span><\/p>\n<p style=\"line-height: 125%; text-align: left;\" align=\"center\"><span style=\"color: #d2112d;\"><strong>9:45 h Acreditaci\u00f3n<\/strong><\/span><\/p>\n<p><span style=\"color: #d2112d;\"><strong>10:00 h Presentaci\u00f3n Nuevo ciclo DUAL<\/strong><\/span><\/p>\n<p><strong>Sra. Natalia Baldan<\/strong>, Responsable Conocimiento y FP de Fomento del Trabajo<\/p>\n<p><span style=\"color: #d2112d;\"><strong>10:10 h La relaci\u00f3n contractual en la Formaci\u00f3n Dual<\/strong><\/span><\/p>\n<p><strong>Sr. C\u00e9sar de la Fuente<\/strong>, Jefe de \u00e1rea del Departamento de Educaci\u00f3n y Formaci\u00f3n de CEOE<\/p>\n<p><span style=\"color: #d2112d;\"><strong>10:30 h El Rol formador de la empresa<\/strong><\/span><\/p>\n<p><strong>Sra. Patricia Garc\u00eda<\/strong>, Presidenta institucional del grupo Femxa<\/p>\n<p><span style=\"color: #d2112d;\"><strong>11:00 h El Rol formador de la empresa<\/strong><\/span><\/p>\n<p><strong>Sra. Neus Pons<\/strong>, Directora y gerente Fundaci\u00f3n BCN Formaci\u00f3n Profesional<\/p>\n<p><span style=\"color: #d2112d;\"><strong>11:30 h Ejemplos de buenas pr\u00e1cticas<\/strong><\/span><\/p>\n<ul>\n<li><strong>Sra. Montse Cerqueda<\/strong>, Socia de Teixido Asociados: &#8211; Decana del Ilustro Colegio de Graduados Sociales de Barcelona, Girona y Lleida<\/li>\n<li><strong>Sr. Manuel Puche Monton, <\/strong>Siglo XXI Publicidad y publicaciones SL y<strong> Sra. Raquel Alfaro Navarro<\/strong>, Coordinada de Formaci\u00f3n en empresa del Instituto de Industria Sostenible de Barcelona<\/li>\n<\/ul>\n<p><span style=\"color: #d2112d;\"><strong>12:15 h Debate<\/strong><\/span><\/p>\n<p><span style=\"color: #d2112d;\"><strong>12:30 h Clausura<\/strong><\/span><\/p>\n<p>[\/vc_column_text][vc_btn title=\u00bbINSCRIPCI\u00d3N\u00bb color=\u00bbdanger\u00bb size=\u00bblg\u00bb align=\u00bbcenter\u00bb button_block=\u00bbtrue\u00bb link=\u00bburl:https%3A%2F%2Fwww.foment.com%2Fes%2Finscripciones-eventos%2F%3Fidevento%3D8278492D-6E27-F111-8342-000D3ADCC77A\u00bb][\/vc_column][\/vc_row]<\/p>\n<table style=\"border-collapse: collapse; width: 100%;\">\n<tbody>\n<tr>\n<td style=\"width: 33.3333%;\"><strong>Amb el suport de:<\/strong><\/td>\n<td style=\"width: 33.3333%;\"><\/td>\n<td style=\"width: 33.3333%;\"><\/td>\n<\/tr>\n<tr>\n<td style=\"width: 33.3333%;\"><\/td>\n<td style=\"width: 33.3333%;\"><img class=\"alignnone wp-image-217848\" src=\"https:\/\/www.foment.com\/wp-content\/uploads\/2026\/03\/GeneCat.jpg\" alt=\"\" width=\"200\" height=\"63\" \/><\/td>\n<td style=\"width: 33.3333%;\"><\/td>\n<\/tr>\n<\/tbody>\n<\/table>\n<\/div><div class='clear'><\/div>\n\t\t\t\t\t\t\t\t\t<\/div>\n\t\t\t\t\t\t\t\t<\/div>\n\t\t\t\t\t\t\t<\/div><div class='evo_metarow_organizer evorow evcal_evdata_row evcal_evrow_sm '>\n\t\t\t\t\t\t\t\t<span class='evcal_evdata_icons'><i class='fa fa-headphones'><\/i><\/span>\n\t\t\t\t\t\t\t\t<div class='evcal_evdata_cell'>\t\t\t\t\t\t\t\n\t\t\t\t\t\t\t\t\t<h3 class='evo_h3'>Organizador<\/h3>\n\t\t\t\t\t\t\t\t\t\n\t\t\t\t\t\t\t\t\t<div class='evo_card_organizer'><p class='evo_data_val evo_card_organizer_name'>\n\t\t\t\t\t\t\t\t\t\t<span class='evo_card_organizer_name_t'>Coneixement i Formaci\u00f3 Professional<\/span>\n\t\t\t\t\t\t\t\t\t\t\n\t\t\t\t\t\t\t\t\t\t<\/p><\/div><div class='clear'><\/div>\t\t\t\t\t\t\t\n\t\t\t\t\t\t\t\t<\/div>\n\t\t\t\t\t\t\t<\/div><div class='evcal_evdata_row evo_metarow_gmap evorow evcal_gmaps evc177745680069f024e05fa0a216910_gmap' id='evc177745680069f024e05fa0a216910_gmap' style='max-width:none'><\/div>\t\t\t\t\t\t\t<div class='evo_metarow_ICS evorow evcal_evdata_row'>\n\t\t\t\t\t\t\t\t<span class=\"evcal_evdata_icons\"><i class=\"fa fa-calendar\"><\/i><\/span>\n\t\t\t\t\t\t\t\t<div class='evcal_evdata_cell'>\n\t\t\t\t\t\t\t\t\t<p><a href='https:\/\/www.foment.com\/wp-admin\/admin-ajax.php?action=eventon_ics_download&amp;event_id=216910&amp;ri=0' class='evo_ics_nCal' title='Add to your calendar'>Calendar<\/a><a href='\/\/www.google.com\/calendar\/event?action=TEMPLATE&amp;text=La+empresa+formadora+como+estrategia+de+competitividad&amp;dates=20260429T080000Z\/20260429T110000Z&amp;ctz=Europe\/Madrid&amp;details=La+empresa+formadora+como+estrategia+de+competitividad&amp;location=Online+i+Presencial+a+Foment+del+Treball+NacionalVia+Laietana%2C+32-+08003+Barcelona+%2F+Zoom' target='_blank' class='evo_ics_gCal' title='Add to google calendar'>GoogleCal<\/a><\/p>\t\n\t\t\t\t\t\t\t\t<\/div>\n\t\t\t\t\t\t\t<\/div>\n\t\t\t\t\t\t\t<div class='evo_card_row_end evcal_close' title='Close'><\/div><\/div><div class='clear end'><\/div><\/div><div  id=\"event_216790_0\" class=\"eventon_list_event evo_eventtop scheduled  event event_216790_0\" data-event_id=\"216790\" data-ri=\"0r\" data-time=\"1777539600-1777545000\" data-colr=\"#0db270\" itemscope itemtype='http:\/\/schema.org\/Event'><div class=\"evo_event_schema\" style=\"display:none\" ><a itemprop='url'  href='https:\/\/www.foment.com\/es\/events\/construir-una-estrategia-dexportacio-realista\/'><\/a><meta itemprop='image' content=\"https:\/\/www.foment.com\/wp-content\/uploads\/2026\/03\/Diseno-sin-titulo-8-1-scaled.jpg\" \/><meta itemprop='startDate' content=\"2026-4-30T09:00+2:00\" \/><meta itemprop='endDate' content=\"2026-4-30T10:30+2:00\" \/><meta itemprop='eventStatus' content=\"https:\/\/schema.org\/EventScheduled\" \/><item style=\"display:none\" itemprop=\"location\" itemscope itemtype=\"http:\/\/schema.org\/Place\"><span itemprop=\"name\">Webinar por Zoom<\/span><span itemprop=\"address\" itemscope itemtype=\"http:\/\/schema.org\/PostalAddress\"><item itemprop=\"streetAddress\">Webinar per Zoom<\/item><\/span><\/item><item style=\"display:none\" itemprop=\"eventAttendanceMode\" itemscope itemtype=\"https:\/\/schema.org\/OfflineEventAttendanceMode\"><\/item><div itemprop=\"organizer\" itemscope=\"\" itemtype=\"http:\/\/schema.org\/Organization\">\n\t\t\t\t\t    \t<meta itemprop=\"name\" content=\"Internacional\">\n\t\t\t\t\t    \t<\/div><div itemprop=\"performer\" itemscope=\"\" itemtype=\"http:\/\/schema.org\/Person\">\n\t\t\t\t\t    \t<meta itemprop=\"name\" content=\"Internacional\">\n\t\t\t\t\t    <\/div><script type=\"application\/ld+json\">{\"@context\": \"http:\/\/schema.org\",\"@type\": \"Event\",\n\t\t\t\t\t\"@id\": \"event_216790_0\",\n\t\t\t\t\t\"eventAttendanceMode\":\"https:\/\/schema.org\/OfflineEventAttendanceMode\",\n\t\t\t\t\t\"name\": \"Webinar | Vols definir o refor\u00e7ar una estrat\u00e8gia internacional realista per a la teva empresa?\",\n\t\t\t\t\t\"url\": \"https:\/\/www.foment.com\/es\/events\/construir-una-estrategia-dexportacio-realista\/\",\n\t\t\t\t\t\"startDate\": \"2026-4-30T09:00+2:00\",\n\t\t\t\t\t\"endDate\": \"2026-4-30T10:30+2:00\",\n\t\t\t\t\t\"image\":\"https:\/\/www.foment.com\/wp-content\/uploads\/2026\/03\/Diseno-sin-titulo-8-1-scaled.jpg\", \n\t\t\t\t\t\"description\":\"<p>[vc_row][\/vc_row][vc_column][\/vc_column]<div class='spacer' style='height: 20px;'><\/div>[vc_btn title=\u00bbInscripci\u00f3n a la sesi\u00f3n\u00bb style=\u00bb3d\u00bb color=\u00bbdanger\u00bb align=\u00bbcenter\u00bb button_block=\u00bbtrue\u00bb link=\u00bburl:https%3A%2F%2Fwww.foment.com%2Fes%2Finscripciones-eventos%2F%3Fidevento%3DDC1D1ADC-4F24-F111-8342-7CED8D3FACC9&#8243;]<div class='spacer' style='height: 20px;'><\/div>[vc_column_text]<\/p> <p>&nbsp;<\/p> <p><span style='color: #d2112d; font-family: verdana, geneva, sans-serif;'><span style='font-size: 21px;'>Una sesi\u00f3n pr\u00e1ctica para empresas que quieren empezar a exportar, consolidar su actividad internacional o abrir nuevos mercados con m\u00e1s criterio y seguridad.\u00a0<\/span><\/span><\/p> <p><span style='font-family: verdana, geneva, sans-serif; font-size: 12px;'>Disponer de una estrat\u00e9gia internacional clara es esencial tanto para empresas que quieren hacer el primer paso al exteror c\u00f3mo para aquellas que ya exportan y buscan crecer, optimizar su operativa o expandirse en nuesvos mercados.<\/span><\/p> <p><span style='font-family: verdana, geneva, sans-serif; font-size: 12px;'>Con esta sesi\u00f3n en el marco del programa Catalunya Exporta, abordaremos los elementos clave para construir una estrat\u00e9gia de exportaci\u00f3n realista y adaptada a la realidad de cada empresa: la definici\u00f3n de objetivos comerciales, la selecci\u00f3n de mercados, la estrat\u00e9gia de entrada y la elaboraci\u00f3n de un plan de acci\u00f3n exportador. Internacionalizarse es una oportunidad de crecimiento, pero a menudo tambi\u00e9n genera dudas: por donde empezar, qu\u00e9 mercados priorizar, qu\u00e9 recursos hacen falta o qu\u00e9 riesgos se tienen que tener en cuenta.<\/span><br \/> <span style='font-family: verdana, geneva, sans-serif; font-size: 12px;'>El programa <a href='https:\/\/eur04.safelinks.protection.outlook.com\/?url=https%3A%2F%2Fpublic-eur.mkt.dynamics.com%2Fapi%2Forgs%2F8d5eafb0-f8ac-4ccb-a7c1-a2767b978f43%2Fr%2FdplJYjVJ_EuMAaJkHY8CABAAAAA%3Fmsdynmkt_target%3D%257B%2522TargetUrl%2522%253A%2522https%25253A%25252F%25252Feur04.safelinks.protection.outlook.com%25252F%25253Furl%25253Dhttps%2525253A%2525252F%2525252Fpublic-eur.mkt.dynamics.com%2525252Fapi%2525252Forgs%2525252F8d5eafb0-f8ac-4ccb-a7c1-a2767b978f43%2525252Fr%2525252FubNm8_1fYkKKybgcijEBAAEAAAA%2525253Fmsdynmkt_target%2525253D%252525257B%2525252522TargetUrl%2525252522%252525253A%2525252522https%25252525253A%25252525252F%25252525252Feur04.safelinks.protection.outlook.com%25252525252F%25252525253Furl%25252525253Dhttps%2525252525253A%2525252525252F%2525252525252Fpublic-eur.mkt.dynamics.com%2525252525252Fapi%2525252525252Forgs%2525252525252F8d5eafb0-f8ac-4ccb-a7c1-a2767b978f43%2525252525252Fr%2525252525252FaITv1hKS8kSs6wB3jXECAAsAAAA%2525252525253Fmsdynmkt_target%2525252525253D%252525252525257B%2525252525252522TargetUrl%2525252525252522%252525252525253A%2525252525252522https%25252525252525253A%25252525252525252F%25252525252525252Feur04.safelinks.protection.outlook.com%25252525252525252F%25252525252525253Furl%25252525252525253Dhttps%2525252525252525253A%2525252525252525252F%2525252525252525252Fpublic-eur.mkt.dynamics.com%2525252525252525252Fapi%2525252525252525252Forgs%2525252525252525252F8d5eafb0-f8ac-4ccb-a7c1-a2767b978f43%2525252525252525252Fr%2525252525252525252FLn5gxxoARECGTxqFI30DAAsAAAA%2525252525252525253Fmsdynmkt_target%2525252525252525253D%252525252525252525257B%2525252525252525252522TargetUrl%2525252525252525252522%252525252525252525253A%2525252525252525252522https%25252525252525252525253A%25252525252525252525252F%25252525252525252525252Fformularis.accio.gencat.cat%25252525252525252525252Fweb%25252525252525252525252Fformularis%25252525252525252525252Finscripcions%25252525252525252525252F-%25252525252525252525252Finscripcio%25252525252525252525252F2026%25252525252525252525252F02%25252525252525252525252F03%25252525252525252525252FOnkrUbTR_SM9nz_z85jUAA%25252525252525252525252Fsollicitud-de-diagnostic-pie-foment%25252525252525252525252F%25252525252525252525253Flang%25252525252525252525253Dca_ES%252525252525252525252526portal%25252525252525252525253Daccio%252525252525252525252526_gl%25252525252525252525253D1%25252525252525252525252A9dm0zh%25252525252525252525252A_ga%25252525252525252525252AMTI0NzIzNzQyMC4xNzEyODIyOTgy%25252525252525252525252A_ga_6HSVZS0K1X%25252525252525252525252AczE3NzI3MjM4MjckbzE4OSRnMCR0MTc3MjcyMzgzMiRqNTUkbDAkaDA%2525252525252525252522%252525252525252525252C%2525252525252525252522RedirectOptions%2525252525252525252522%252525252525252525253A%252525252525252525257B%25252525252525252525225%2525252525252525252522%252525252525252525253Anull%252525252525252525252C%25252525252525252525221%2525252525252525252522%252525252525252525253Anull%252525252525252525257D%252525252525252525257D%25252525252525252526msdynmkt_digest%2525252525252525253DA1vZltR2b3nESlG%252525252525252525252BdOmS7YeZ5GTW3dinAdHW2pwAZaw%252525252525252525253D%25252525252525252526msdynmkt_secretVersion%2525252525252525253D7bb221762d0c46939816d3a5592b1359%252525252525252526data%25252525252525253D05%2525252525252525257C02%2525252525252525257Csramirez%25252525252525252540foment.com%2525252525252525257Cc7e7a4617105465e160408de83531847%2525252525252525257Cf37c938d38654a89b99bb000c76a74bf%2525252525252525257C1%2525252525252525257C0%2525252525252525257C639092590089463447%2525252525252525257CUnknown%2525252525252525257CTWFpbGZsb3d8eyJFbXB0eU1hcGkiOnRydWUsIlYiOiIwLjAuMDAwMCIsIlAiOiJXaW4zMiIsIkFOIjoiTWFpbCIsIldUIjoyfQ%2525252525252525253D%2525252525252525253D%2525252525252525257C0%2525252525252525257C%2525252525252525257C%2525252525252525257C%252525252525252526sdata%25252525252525253D8wWi3Z4S7N5i5VCO2QP6AvtWJylRMKEZbvPje18Pg90%2525252525252525253D%252525252525252526reserved%25252525252525253D0%2525252525252522%252525252525252C%2525252525252522RedirectOptions%2525252525252522%252525252525253A%252525252525257B%25252525252525225%2525252525252522%252525252525253Anull%252525252525252C%25252525252525221%2525252525252522%252525252525253Anull%252525252525257D%252525252525257D%25252525252526msdynmkt_digest%2525252525253DYIZexQWs7uZ2WhUfgJqeZuryKVb2vajIvtYv5qE8oRY%252525252525253D%25252525252526msdynmkt_secretVersion%2525252525253D7bb221762d0c46939816d3a5592b1359%252525252526data%25252525253D05%2525252525257C02%2525252525257Csramirez%25252525252540foment.com%2525252525257C565760556e6c4cf5c35308de84384967%2525252525257Cf37c938d38654a89b99bb000c76a74bf%2525252525257C1%2525252525257C0%2525252525257C639093574480490085%2525252525257CUnknown%2525252525257CTWFpbGZsb3d8eyJFbXB0eU1hcGkiOnRydWUsIlYiOiIwLjAuMDAwMCIsIlAiOiJXaW4zMiIsIkFOIjoiTWFpbCIsIldUIjoyfQ%2525252525253D%2525252525253D%2525252525257C0%2525252525257C%2525252525257C%2525252525257C%252525252526sdata%25252525253DN3y2QAkHHQEwnwslqril%2525252525252B%2525252525252BjbsTmbpaH1gsQUjqlx6ho%2525252525253D%252525252526reserved%25252525253D0%2525252522%252525252C%2525252522RedirectOptions%2525252522%252525253A%252525257B%25252525225%2525252522%252525253Anull%252525252C%25252525221%2525252522%252525253Anull%252525257D%252525257D%25252526msdynmkt_digest%2525253DHxSIjxqNyMzq4m6G1OWkNS%252525252FYEFefhiIl8o9iQscMDnI%252525253D%25252526msdynmkt_secretVersion%2525253D7bb221762d0c46939816d3a5592b1359%252526data%25253D05%2525257C02%2525257Csramirez%25252540foment.com%2525257C1d01451646264e7fca2308de88baf1ef%2525257Cf37c938d38654a89b99bb000c76a74bf%2525257C1%2525257C0%2525257C639098533660479269%2525257CUnknown%2525257CTWFpbGZsb3d8eyJFbXB0eU1hcGkiOnRydWUsIlYiOiIwLjAuMDAwMCIsIlAiOiJXaW4zMiIsIkFOIjoiTWFpbCIsIldUIjoyfQ%2525253D%2525253D%2525257C0%2525257C%2525257C%2525257C%252526sdata%25253DF6gmzEwyPcPCX%2525252FFmsqBkWV3LiHiEx0w4lH5lts42Hng%2525253D%252526reserved%25253D0%2522%252C%2522RedirectOptions%2522%253A%257B%25225%2522%253Anull%252C%25221%2522%253Anull%257D%257D%26msdynmkt_digest%3D3pnr7eA2jjjY5%252F04VJpOmyfkKAFHOW2zndgIqJQ0jxA%253D%26msdynmkt_secretVersion%3D7bb221762d0c46939816d3a5592b1359&amp;data=05%7C02%7Csramirez%40foment.com%7C23b351ae016143229c6d08de8c12d3d6%7Cf37c938d38654a89b99bb000c76a74bf%7C1%7C0%7C639102209641121264%7CUnknown%7CTWFpbGZsb3d8eyJFbXB0eU1hcGkiOnRydWUsIlYiOiIwLjAuMDAwMCIsIlAiOiJXaW4zMiIsIkFOIjoiTWFpbCIsIldUIjoyfQ%3D%3D%7C0%7C%7C%7C&amp;sdata=yoLLv4PRfv2xjZrHwBgWZXD0aIuobZl%2FLoaBtC4V5is%3D&amp;reserved=0'>CATALU\u00d1A EXPORTA,<\/a>\u00a0 impulsado por ACCI\u00d3, es un programa orientado a acompa\u00f1ar<\/span><span style='font-family: verdana, geneva, sans-serif; font-size: 12px;'> a las empresas catalanas tanto en el inicio de su procesos de internacionalizaci\u00f3n com en la consolidaci\u00f3n y mejora de su actividad internacionals. En este marco,<\/span><span style='font-family: verdana, geneva, sans-serif; font-size: 12px;'>\u00a0<a href='https:\/\/eur04.safelinks.protection.outlook.com\/?url=https%3A%2F%2Fpublic-eur.mkt.dynamics.com%2Fapi%2Forgs%2F8d5eafb0-f8ac-4ccb-a7c1-a2767b978f43%2Fr%2FdplJYjVJ_EuMAaJkHY8CABEAAAA%3Fmsdynmkt_target%3D%257B%2522TargetUrl%2522%253A%2522https%25253A%25252F%25252Feur04.safelinks.protection.outlook.com%25252F%25253Furl%25253Dhttps%2525253A%2525252F%2525252Fpublic-eur.mkt.dynamics.com%2525252Fapi%2525252Forgs%2525252F8d5eafb0-f8ac-4ccb-a7c1-a2767b978f43%2525252Fr%2525252FubNm8_1fYkKKybgcijEBAAIAAAA%2525253Fmsdynmkt_target%2525253D%252525257B%2525252522TargetUrl%2525252522%252525253A%2525252522https%25252525253A%25252525252F%25252525252Fwww.foment.com%25252525252Fes%25252525252Fcatalunya-exporta%25252525252F%2525252525231767799497417-fa3ae53f-0b5b%2525252522%252525252C%2525252522RedirectOptions%2525252522%252525253A%252525257B%25252525220%2525252522%252525253Anull%252525257D%252525257D%25252526msdynmkt_digest%2525253DbK7c94w0eFraOy9eOgKfYNJ21gIDfLiaSBNv7Ob%252525252FUbc%252525253D%25252526msdynmkt_secretVersion%2525253D7bb221762d0c46939816d3a5592b1359%252526data%25253D05%2525257C02%2525257Csramirez%25252540foment.com%2525257C1d01451646264e7fca2308de88baf1ef%2525257Cf37c938d38654a89b99bb000c76a74bf%2525257C1%2525257C0%2525257C639098533660503029%2525257CUnknown%2525257CTWFpbGZsb3d8eyJFbXB0eU1hcGkiOnRydWUsIlYiOiIwLjAuMDAwMCIsIlAiOiJXaW4zMiIsIkFOIjoiTWFpbCIsIldUIjoyfQ%2525253D%2525253D%2525257C0%2525257C%2525257C%2525257C%252526sdata%25253DnU%2525252FdP3SzDdBLN%2525252BjGlM%2525252BfjpHC30Tp2sKQXa53D7Snr8M%2525253D%252526reserved%25253D0%2522%252C%2522RedirectOptions%2522%253A%257B%25225%2522%253Anull%252C%25221%2522%253Anull%257D%257D%26msdynmkt_digest%3DTMCFNOfb0%252BXu2BCcvcmDJAmwBhXs4eG0zaVP3L6%252BdE8%253D%26msdynmkt_secretVersion%3D7bb221762d0c46939816d3a5592b1359&amp;data=05%7C02%7Csramirez%40foment.com%7C23b351ae016143229c6d08de8c12d3d6%7Cf37c938d38654a89b99bb000c76a74bf%7C1%7C0%7C639102209641147248%7CUnknown%7CTWFpbGZsb3d8eyJFbXB0eU1hcGkiOnRydWUsIlYiOiIwLjAuMDAwMCIsIlAiOiJXaW4zMiIsIkFOIjoiTWFpbCIsIldUIjoyfQ%3D%3D%7C0%7C%7C%7C&amp;sdata=daHoyG1ZgccCVp8G6HuKQMd9CnWk7pYkM%2FVO%2F7PF6wM%3D&amp;reserved=0'>Foment del Treball,<\/a> como entidad colaboradora y agente de apoyo a la internacionalizaci\u00f3n, participa en la difusi\u00f3n del programa, en la organizaci\u00f3n de jornadas de capacitaci\u00f3n y en acompa\u00f1amiento de las empresas interesadas en crecer en los mercados internacionales.\u00a0<\/span><\/p> <p style='text-align: justify;'><span style='font-family: verdana, geneva, sans-serif; font-size: 12px;'>La sesi\u00f3n ir\u00e1 a cargo de I<strong>sabel Garcia, S\u00e9nior International Consultant, BarcelonaExport<\/strong>, que compartir\u00e1 herramientas y criterios pr\u00e1cticos para ayudar a las empresas a tomar decisiones m\u00e1s s\u00f3lidas en el proceso de internacionalizaci\u00f3n.\u00a0<b>\u00a0<\/b><\/span><\/p> <p style='text-align: justify;'><span style='color: #d2112d; font-family: verdana, geneva, sans-serif; font-size: 12px;'><strong>PROGRAMA<\/strong><\/span><\/p> <p style='text-align: justify;'><span style='color: #d2112d; font-family: verdana, geneva, sans-serif; font-size: 12px;'>09.00h. | Bienvenida y presentaci\u00f3n del Programa Catalu\u00f1a Exporta<\/span><\/p> <p style='text-align: justify;'><span style='color: #d2112d; font-family: verdana, geneva, sans-serif; font-size: 12px;'>09.10h. | <strong>Construir una estrategia de exportaci\u00f3n realista<\/strong><\/span><\/p> <p style='text-align: justify;'><span style='color: #d2112d; font-family: verdana, geneva, sans-serif; font-size: 12px;'>10.20h. | Turno de preguntas<\/span><\/p> <p style='text-align: justify;'><span style='color: #d2112d; font-family: verdana, geneva, sans-serif; font-size: 12px;'>10.30h. | Fin de la sesi\u00f3n<\/span><\/p> <p>[\/vc_column_text][vc_row][vc_column width=\u00bb1\/1&#8243;]<div class='single_image wpb_content_element align-left    ' data-animation='none' data-delay='0'><img width='1900' height='300' src='https:\/\/www.foment.com\/wp-content\/uploads\/2026\/03\/ACCIO.png' class='attachment-full' alt='' loading='lazy' title='ACCI\u00d3' srcset='https:\/\/www.foment.com\/wp-content\/uploads\/2026\/03\/ACCIO.png 1900w, https:\/\/www.foment.com\/wp-content\/uploads\/2026\/03\/ACCIO-300x47.png 300w, https:\/\/www.foment.com\/wp-content\/uploads\/2026\/03\/ACCIO-1024x162.png 1024w, https:\/\/www.foment.com\/wp-content\/uploads\/2026\/03\/ACCIO-768x121.png 768w, https:\/\/www.foment.com\/wp-content\/uploads\/2026\/03\/ACCIO-1536x243.png 1536w' sizes='(max-width: 1900px) 100vw, 1900px' \/><\/div>[\/vc_column][\/vc_row][vc_row][vc_column width=\u00bb1\/2&#8243;][vc_column_text]<span style='font-family: verdana, geneva, sans-serif; font-size: 12px;'>Amb el suport de:<\/span>[\/vc_column_text]<div class='single_image wpb_content_element align-left    ' data-animation='none' data-delay='0'><a href='http:\/\/www.accio.gencat.cat' target='_self'><img width='300' height='68' src='https:\/\/www.foment.com\/wp-content\/uploads\/2026\/03\/ACCIO-integrat-Horitzontal-CAT-color-300x68.png' class='attachment-medium' alt='' loading='lazy' title='ACCIO-integrat-Horitzontal-CAT-color' srcset='https:\/\/www.foment.com\/wp-content\/uploads\/2026\/03\/ACCIO-integrat-Horitzontal-CAT-color-300x68.png 300w, https:\/\/www.foment.com\/wp-content\/uploads\/2026\/03\/ACCIO-integrat-Horitzontal-CAT-color.png 559w' sizes='(max-width: 300px) 100vw, 300px' \/><\/a><\/div>[\/vc_column][vc_column width=\u00bb1\/2&#8243;][vc_column_text]Agent de suport a la Internacionalitzaci\u00f3[\/vc_column_text]<div class='single_image wpb_content_element align-left    ' data-animation='none' data-delay='0'><img width='274' height='300' src='https:\/\/www.foment.com\/wp-content\/uploads\/2025\/11\/Agent-Suport-Internacionalizacio_Vertical-274x300.png' class='attachment-medium' alt='' loading='lazy' title='Agent Suport Internacionalizaci\u00f3_Vertical' srcset='https:\/\/www.foment.com\/wp-content\/uploads\/2025\/11\/Agent-Suport-Internacionalizacio_Vertical-274x300.png 274w, https:\/\/www.foment.com\/wp-content\/uploads\/2025\/11\/Agent-Suport-Internacionalizacio_Vertical-768x842.png 768w, https:\/\/www.foment.com\/wp-content\/uploads\/2025\/11\/Agent-Suport-Internacionalizacio_Vertical.png 778w' sizes='(max-width: 274px) 100vw, 274px' \/><\/div>[\/vc_column][\/vc_row]<\/p> \",\"location\":[{\"@type\":\"Place\",\"name\":\"Webinar por Zoom\",\"address\":{\"@type\": \"PostalAddress\",\"streetAddress\":\"Webinar per Zoom\"}}],\"organizer\":{\"@type\":\"Organization\",\"name\":\"Internacional\"},\"performer\":{\"@type\":\"Person\",\"name\":\"Internacional\"},\"eventStatus\":\"https:\/\/schema.org\/EventScheduled\"}<\/script><\/div>\n\t\t\t\t<p class=\"desc_trig_outter\" style=\"background-color:#ffffff;flex-direction: row;\"><a data-gmap_status=\"null\" data-exlk=\"1\"  style=\"border-color: #0db270;\" id=\"evc_1777539600216790\" class=\"hasFtIMG desc_trig evo_internacional-es sin_val evcal_list_a\" data-ux_val=\"3\"  ><span class='ev_ftImg' data-img='https:\/\/www.foment.com\/wp-content\/uploads\/2026\/03\/Diseno-sin-titulo-8-1-scaled.jpg' data-thumb='https:\/\/www.foment.com\/wp-content\/uploads\/2026\/03\/Diseno-sin-titulo-8-1-300x150.jpg' style='background-image:url(\"https:\/\/www.foment.com\/wp-content\/uploads\/2026\/03\/Diseno-sin-titulo-8-1-300x150.jpg\")'><\/span><style>.ajde_evcal_calendar.boxy #evcal_list .eventon_list_event .evcal_desc em{color:black;}<\/style><span style='width:100%; background-color:#0db270 !important;' class='evcal_cblock ' data-smon='abril' data-syr='2026'><span style='margin-top: 7px;margin-bottom: 7px;' class='evo_start '><em class='date'>30<\/em><em class='month'>abr<\/em><em class='time'>9:00<\/em><\/span><span style='margin-top: 7px;margin-bottom: 7px;' class='evo_end only_time'><em class='time'>10:30<\/em><\/span><em class='clear'><\/em><\/span><span class='evcal_desc evo_info '  data-location_address=\"Webinar per Zoom\" data-location_type=\"address\" data-location_name=\"Webinar por Zoom\" data-location_url=\"https:\/\/www.foment.com\/es\/event-location\/webinar-por-zoom\/\" data-location_status=\"true\" ><span class='evo_above_title'><\/span><span class='evcal_desc2 evcal_event_title hbaevatitle' itemprop='name'>Webinar | Vols definir o refor\u00e7ar una estrat\u00e8gia internacional realista per a la teva empresa?<\/span><span class='evo_below_title'><span class='evcal_event_subtitle' >Programa Catalunya Exporta<\/span><\/span><span class='evcal_desc_info' ><em class='evcal_time evo_tz_time'>9:00 - 10:30<\/em> <\/span><span class='evcal_desc3'><em class=\"evcal_location\"  data-add_str=\"\"><em class=\"event_location_name\">Webinar por Zoom<\/em><\/em><\/span><span style='height: 60px;'  class='evcal_desc3' ><span class='evcal_event_types ett1'><em>C =<\/em><em data-filter='event_type'>Internacional<\/em><i class='clear'><\/i><\/span><\/span><\/span><em class='clear'><\/em><\/a><\/p><div class='event_description evcal_eventcard ' style=\"display:none\"><div class='evo_metarow_fimg evorow evcal_evdata_img evcal_evdata_row  evo_imghover' data-imgheight='1280' data-imgwidth='2560'  style='background-image: url(\"https:\/\/www.foment.com\/wp-content\/uploads\/2026\/03\/Diseno-sin-titulo-8-1-scaled.jpg\")' data-imgstyle='full' data-minheight='400' data-status=''><\/div><div class='evcal_evdata_row evorow_2b evo_metarow_time_location evorow  '>\n\t\t\t\t\t\t\t\t<div class='evorow_b evorow_b1 evo_time'>\n\t\t\t\t\t\t\t\t\t<span class='evcal_evdata_icons'><i class='fa fa-clock'><\/i><\/span>\n\t\t\t\t\t\t\t\t\t<div class='evcal_evdata_cell'>\t\t\t\t\t\t\t\n\t\t\t\t\t\t\t\t\t\t<h3 class='evo_h3'><span class='evcal_evdata_icons'><i class='fa fa-clock'><\/i><\/span>Horario<\/h3>\n\t\t\t\t\t\t\t\t\t\t<p><span class='evo_eventcard_time_t'>(Jueves) 9:00 - 10:30<\/span><\/p>\n\t\t\t\t\t\t\t\t\t<\/div>\n\t\t\t\t\t\t\t\t<\/div>\n\t\t\t\t\t\t\t\t<div class='evorow_b evo_location'>\n\t\t\t\t\t\t\t\t\t<span class='evcal_evdata_icons'><i class='fa fa-map-marker-alt'><\/i><\/span>\n\t\t\t\t\t\t\t\t\t<div class='evcal_evdata_cell' data-loc_tax_id='3536'><h3 class='evo_h3'><span class='evcal_evdata_icons'><i class='fa fa-map-marker-alt'><\/i><\/span>Lugar<\/h3><p class='evo_location_name'>Webinar por Zoom<\/p><p class='evo_location_address'>Webinar per Zoom<\/p><\/div>\n\t\t\t\t\t\t\t\t<\/div>\n\t\t\t\t\t\t\t\t\n\t\t\t\t\t\t\t<\/div><div class='evo_metarow_details evorow evcal_evdata_row evcal_event_details'>\n\t\t\t\t\t\t\t\t<div class=\"event_excerpt\" style=\"display:none\"><h3 class=\"padb5 evo_h3\">Detalles del evento<\/h3><p>[vc_row][\/vc_row][vc_column][\/vc_column][vc_btn title=\u00bbInscripci\u00f3n a la sesi\u00f3n\u00bb style=\u00bb3d\u00bb color=\u00bbdanger\u00bb align=\u00bbcenter\u00bb button_block=\u00bbtrue\u00bb link=\u00bburl:https%3A%2F%2Fwww.foment.com%2Fes%2Finscripciones-eventos%2F%3Fidevento%3DDC1D1ADC-4F24-F111-8342-7CED8D3FACC9&#8243;][vc_column_text]\n&nbsp;\nUna sesi\u00f3n pr\u00e1ctica para empresas que quieren<\/p><\/div><span class='evcal_evdata_icons'><i class='fa fa-align-justify'><\/i><\/span>\n\t\t\t\t\t\t\t\t\n\t\t\t\t\t\t\t\t<div class='evcal_evdata_cell '>\n\t\t\t\t\t\t\t\t\t<div class='eventon_full_description'>\n\t\t\t\t\t\t\t\t\t\t<h3 class='padb5 evo_h3'><span class='evcal_evdata_icons'><i class='fa fa-align-justify'><\/i><\/span>Detalles del evento<\/h3>\n\t\t\t\t\t\t\t\t\t\t<div class='eventon_desc_in' itemprop='description'>\n\t\t\t\t\t\t\t\t\t\t<p>[vc_row][\/vc_row][vc_column][\/vc_column]<\/p>\n<div class=\"spacer\" style=\"height: 20px;\"><\/div>\n<p>[vc_btn title=\u00bbInscripci\u00f3n a la sesi\u00f3n\u00bb style=\u00bb3d\u00bb color=\u00bbdanger\u00bb align=\u00bbcenter\u00bb button_block=\u00bbtrue\u00bb link=\u00bburl:https%3A%2F%2Fwww.foment.com%2Fes%2Finscripciones-eventos%2F%3Fidevento%3DDC1D1ADC-4F24-F111-8342-7CED8D3FACC9&#8243;]<\/p>\n<div class=\"spacer\" style=\"height: 20px;\"><\/div>\n<p>[vc_column_text]<\/p>\n<p>&nbsp;<\/p>\n<p><span style=\"color: #d2112d; font-family: verdana, geneva, sans-serif;\"><span style=\"font-size: 21px;\">Una sesi\u00f3n pr\u00e1ctica para empresas que quieren empezar a exportar, consolidar su actividad internacional o abrir nuevos mercados con m\u00e1s criterio y seguridad.\u00a0<\/span><\/span><\/p>\n<p><span style=\"font-family: verdana, geneva, sans-serif; font-size: 12px;\">Disponer de una estrat\u00e9gia internacional clara es esencial tanto para empresas que quieren hacer el primer paso al exteror c\u00f3mo para aquellas que ya exportan y buscan crecer, optimizar su operativa o expandirse en nuesvos mercados.<\/span><\/p>\n<p><span style=\"font-family: verdana, geneva, sans-serif; font-size: 12px;\">Con esta sesi\u00f3n en el marco del programa Catalunya Exporta, abordaremos los elementos clave para construir una estrat\u00e9gia de exportaci\u00f3n realista y adaptada a la realidad de cada empresa: la definici\u00f3n de objetivos comerciales, la selecci\u00f3n de mercados, la estrat\u00e9gia de entrada y la elaboraci\u00f3n de un plan de acci\u00f3n exportador. Internacionalizarse es una oportunidad de crecimiento, pero a menudo tambi\u00e9n genera dudas: por donde empezar, qu\u00e9 mercados priorizar, qu\u00e9 recursos hacen falta o qu\u00e9 riesgos se tienen que tener en cuenta.<\/span><br \/>\n<span style=\"font-family: verdana, geneva, sans-serif; font-size: 12px;\">El programa <a href=\"https:\/\/eur04.safelinks.protection.outlook.com\/?url=https%3A%2F%2Fpublic-eur.mkt.dynamics.com%2Fapi%2Forgs%2F8d5eafb0-f8ac-4ccb-a7c1-a2767b978f43%2Fr%2FdplJYjVJ_EuMAaJkHY8CABAAAAA%3Fmsdynmkt_target%3D%257B%2522TargetUrl%2522%253A%2522https%25253A%25252F%25252Feur04.safelinks.protection.outlook.com%25252F%25253Furl%25253Dhttps%2525253A%2525252F%2525252Fpublic-eur.mkt.dynamics.com%2525252Fapi%2525252Forgs%2525252F8d5eafb0-f8ac-4ccb-a7c1-a2767b978f43%2525252Fr%2525252FubNm8_1fYkKKybgcijEBAAEAAAA%2525253Fmsdynmkt_target%2525253D%252525257B%2525252522TargetUrl%2525252522%252525253A%2525252522https%25252525253A%25252525252F%25252525252Feur04.safelinks.protection.outlook.com%25252525252F%25252525253Furl%25252525253Dhttps%2525252525253A%2525252525252F%2525252525252Fpublic-eur.mkt.dynamics.com%2525252525252Fapi%2525252525252Forgs%2525252525252F8d5eafb0-f8ac-4ccb-a7c1-a2767b978f43%2525252525252Fr%2525252525252FaITv1hKS8kSs6wB3jXECAAsAAAA%2525252525253Fmsdynmkt_target%2525252525253D%252525252525257B%2525252525252522TargetUrl%2525252525252522%252525252525253A%2525252525252522https%25252525252525253A%25252525252525252F%25252525252525252Feur04.safelinks.protection.outlook.com%25252525252525252F%25252525252525253Furl%25252525252525253Dhttps%2525252525252525253A%2525252525252525252F%2525252525252525252Fpublic-eur.mkt.dynamics.com%2525252525252525252Fapi%2525252525252525252Forgs%2525252525252525252F8d5eafb0-f8ac-4ccb-a7c1-a2767b978f43%2525252525252525252Fr%2525252525252525252FLn5gxxoARECGTxqFI30DAAsAAAA%2525252525252525253Fmsdynmkt_target%2525252525252525253D%252525252525252525257B%2525252525252525252522TargetUrl%2525252525252525252522%252525252525252525253A%2525252525252525252522https%25252525252525252525253A%25252525252525252525252F%25252525252525252525252Fformularis.accio.gencat.cat%25252525252525252525252Fweb%25252525252525252525252Fformularis%25252525252525252525252Finscripcions%25252525252525252525252F-%25252525252525252525252Finscripcio%25252525252525252525252F2026%25252525252525252525252F02%25252525252525252525252F03%25252525252525252525252FOnkrUbTR_SM9nz_z85jUAA%25252525252525252525252Fsollicitud-de-diagnostic-pie-foment%25252525252525252525252F%25252525252525252525253Flang%25252525252525252525253Dca_ES%252525252525252525252526portal%25252525252525252525253Daccio%252525252525252525252526_gl%25252525252525252525253D1%25252525252525252525252A9dm0zh%25252525252525252525252A_ga%25252525252525252525252AMTI0NzIzNzQyMC4xNzEyODIyOTgy%25252525252525252525252A_ga_6HSVZS0K1X%25252525252525252525252AczE3NzI3MjM4MjckbzE4OSRnMCR0MTc3MjcyMzgzMiRqNTUkbDAkaDA%2525252525252525252522%252525252525252525252C%2525252525252525252522RedirectOptions%2525252525252525252522%252525252525252525253A%252525252525252525257B%25252525252525252525225%2525252525252525252522%252525252525252525253Anull%252525252525252525252C%25252525252525252525221%2525252525252525252522%252525252525252525253Anull%252525252525252525257D%252525252525252525257D%25252525252525252526msdynmkt_digest%2525252525252525253DA1vZltR2b3nESlG%252525252525252525252BdOmS7YeZ5GTW3dinAdHW2pwAZaw%252525252525252525253D%25252525252525252526msdynmkt_secretVersion%2525252525252525253D7bb221762d0c46939816d3a5592b1359%252525252525252526data%25252525252525253D05%2525252525252525257C02%2525252525252525257Csramirez%25252525252525252540foment.com%2525252525252525257Cc7e7a4617105465e160408de83531847%2525252525252525257Cf37c938d38654a89b99bb000c76a74bf%2525252525252525257C1%2525252525252525257C0%2525252525252525257C639092590089463447%2525252525252525257CUnknown%2525252525252525257CTWFpbGZsb3d8eyJFbXB0eU1hcGkiOnRydWUsIlYiOiIwLjAuMDAwMCIsIlAiOiJXaW4zMiIsIkFOIjoiTWFpbCIsIldUIjoyfQ%2525252525252525253D%2525252525252525253D%2525252525252525257C0%2525252525252525257C%2525252525252525257C%2525252525252525257C%252525252525252526sdata%25252525252525253D8wWi3Z4S7N5i5VCO2QP6AvtWJylRMKEZbvPje18Pg90%2525252525252525253D%252525252525252526reserved%25252525252525253D0%2525252525252522%252525252525252C%2525252525252522RedirectOptions%2525252525252522%252525252525253A%252525252525257B%25252525252525225%2525252525252522%252525252525253Anull%252525252525252C%25252525252525221%2525252525252522%252525252525253Anull%252525252525257D%252525252525257D%25252525252526msdynmkt_digest%2525252525253DYIZexQWs7uZ2WhUfgJqeZuryKVb2vajIvtYv5qE8oRY%252525252525253D%25252525252526msdynmkt_secretVersion%2525252525253D7bb221762d0c46939816d3a5592b1359%252525252526data%25252525253D05%2525252525257C02%2525252525257Csramirez%25252525252540foment.com%2525252525257C565760556e6c4cf5c35308de84384967%2525252525257Cf37c938d38654a89b99bb000c76a74bf%2525252525257C1%2525252525257C0%2525252525257C639093574480490085%2525252525257CUnknown%2525252525257CTWFpbGZsb3d8eyJFbXB0eU1hcGkiOnRydWUsIlYiOiIwLjAuMDAwMCIsIlAiOiJXaW4zMiIsIkFOIjoiTWFpbCIsIldUIjoyfQ%2525252525253D%2525252525253D%2525252525257C0%2525252525257C%2525252525257C%2525252525257C%252525252526sdata%25252525253DN3y2QAkHHQEwnwslqril%2525252525252B%2525252525252BjbsTmbpaH1gsQUjqlx6ho%2525252525253D%252525252526reserved%25252525253D0%2525252522%252525252C%2525252522RedirectOptions%2525252522%252525253A%252525257B%25252525225%2525252522%252525253Anull%252525252C%25252525221%2525252522%252525253Anull%252525257D%252525257D%25252526msdynmkt_digest%2525253DHxSIjxqNyMzq4m6G1OWkNS%252525252FYEFefhiIl8o9iQscMDnI%252525253D%25252526msdynmkt_secretVersion%2525253D7bb221762d0c46939816d3a5592b1359%252526data%25253D05%2525257C02%2525257Csramirez%25252540foment.com%2525257C1d01451646264e7fca2308de88baf1ef%2525257Cf37c938d38654a89b99bb000c76a74bf%2525257C1%2525257C0%2525257C639098533660479269%2525257CUnknown%2525257CTWFpbGZsb3d8eyJFbXB0eU1hcGkiOnRydWUsIlYiOiIwLjAuMDAwMCIsIlAiOiJXaW4zMiIsIkFOIjoiTWFpbCIsIldUIjoyfQ%2525253D%2525253D%2525257C0%2525257C%2525257C%2525257C%252526sdata%25253DF6gmzEwyPcPCX%2525252FFmsqBkWV3LiHiEx0w4lH5lts42Hng%2525253D%252526reserved%25253D0%2522%252C%2522RedirectOptions%2522%253A%257B%25225%2522%253Anull%252C%25221%2522%253Anull%257D%257D%26msdynmkt_digest%3D3pnr7eA2jjjY5%252F04VJpOmyfkKAFHOW2zndgIqJQ0jxA%253D%26msdynmkt_secretVersion%3D7bb221762d0c46939816d3a5592b1359&amp;data=05%7C02%7Csramirez%40foment.com%7C23b351ae016143229c6d08de8c12d3d6%7Cf37c938d38654a89b99bb000c76a74bf%7C1%7C0%7C639102209641121264%7CUnknown%7CTWFpbGZsb3d8eyJFbXB0eU1hcGkiOnRydWUsIlYiOiIwLjAuMDAwMCIsIlAiOiJXaW4zMiIsIkFOIjoiTWFpbCIsIldUIjoyfQ%3D%3D%7C0%7C%7C%7C&amp;sdata=yoLLv4PRfv2xjZrHwBgWZXD0aIuobZl%2FLoaBtC4V5is%3D&amp;reserved=0\">CATALU\u00d1A EXPORTA,<\/a>\u00a0 impulsado por ACCI\u00d3, es un programa orientado a acompa\u00f1ar<\/span><span style=\"font-family: verdana, geneva, sans-serif; font-size: 12px;\"> a las empresas catalanas tanto en el inicio de su procesos de internacionalizaci\u00f3n com en la consolidaci\u00f3n y mejora de su actividad internacionals. En este marco,<\/span><span style=\"font-family: verdana, geneva, sans-serif; font-size: 12px;\">\u00a0<a href=\"https:\/\/eur04.safelinks.protection.outlook.com\/?url=https%3A%2F%2Fpublic-eur.mkt.dynamics.com%2Fapi%2Forgs%2F8d5eafb0-f8ac-4ccb-a7c1-a2767b978f43%2Fr%2FdplJYjVJ_EuMAaJkHY8CABEAAAA%3Fmsdynmkt_target%3D%257B%2522TargetUrl%2522%253A%2522https%25253A%25252F%25252Feur04.safelinks.protection.outlook.com%25252F%25253Furl%25253Dhttps%2525253A%2525252F%2525252Fpublic-eur.mkt.dynamics.com%2525252Fapi%2525252Forgs%2525252F8d5eafb0-f8ac-4ccb-a7c1-a2767b978f43%2525252Fr%2525252FubNm8_1fYkKKybgcijEBAAIAAAA%2525253Fmsdynmkt_target%2525253D%252525257B%2525252522TargetUrl%2525252522%252525253A%2525252522https%25252525253A%25252525252F%25252525252Fwww.foment.com%25252525252Fes%25252525252Fcatalunya-exporta%25252525252F%2525252525231767799497417-fa3ae53f-0b5b%2525252522%252525252C%2525252522RedirectOptions%2525252522%252525253A%252525257B%25252525220%2525252522%252525253Anull%252525257D%252525257D%25252526msdynmkt_digest%2525253DbK7c94w0eFraOy9eOgKfYNJ21gIDfLiaSBNv7Ob%252525252FUbc%252525253D%25252526msdynmkt_secretVersion%2525253D7bb221762d0c46939816d3a5592b1359%252526data%25253D05%2525257C02%2525257Csramirez%25252540foment.com%2525257C1d01451646264e7fca2308de88baf1ef%2525257Cf37c938d38654a89b99bb000c76a74bf%2525257C1%2525257C0%2525257C639098533660503029%2525257CUnknown%2525257CTWFpbGZsb3d8eyJFbXB0eU1hcGkiOnRydWUsIlYiOiIwLjAuMDAwMCIsIlAiOiJXaW4zMiIsIkFOIjoiTWFpbCIsIldUIjoyfQ%2525253D%2525253D%2525257C0%2525257C%2525257C%2525257C%252526sdata%25253DnU%2525252FdP3SzDdBLN%2525252BjGlM%2525252BfjpHC30Tp2sKQXa53D7Snr8M%2525253D%252526reserved%25253D0%2522%252C%2522RedirectOptions%2522%253A%257B%25225%2522%253Anull%252C%25221%2522%253Anull%257D%257D%26msdynmkt_digest%3DTMCFNOfb0%252BXu2BCcvcmDJAmwBhXs4eG0zaVP3L6%252BdE8%253D%26msdynmkt_secretVersion%3D7bb221762d0c46939816d3a5592b1359&amp;data=05%7C02%7Csramirez%40foment.com%7C23b351ae016143229c6d08de8c12d3d6%7Cf37c938d38654a89b99bb000c76a74bf%7C1%7C0%7C639102209641147248%7CUnknown%7CTWFpbGZsb3d8eyJFbXB0eU1hcGkiOnRydWUsIlYiOiIwLjAuMDAwMCIsIlAiOiJXaW4zMiIsIkFOIjoiTWFpbCIsIldUIjoyfQ%3D%3D%7C0%7C%7C%7C&amp;sdata=daHoyG1ZgccCVp8G6HuKQMd9CnWk7pYkM%2FVO%2F7PF6wM%3D&amp;reserved=0\">Foment del Treball,<\/a> como entidad colaboradora y agente de apoyo a la internacionalizaci\u00f3n, participa en la difusi\u00f3n del programa, en la organizaci\u00f3n de jornadas de capacitaci\u00f3n y en acompa\u00f1amiento de las empresas interesadas en crecer en los mercados internacionales.\u00a0<\/span><\/p>\n<p style=\"text-align: justify;\"><span style=\"font-family: verdana, geneva, sans-serif; font-size: 12px;\">La sesi\u00f3n ir\u00e1 a cargo de I<strong>sabel Garcia, S\u00e9nior International Consultant, BarcelonaExport<\/strong>, que compartir\u00e1 herramientas y criterios pr\u00e1cticos para ayudar a las empresas a tomar decisiones m\u00e1s s\u00f3lidas en el proceso de internacionalizaci\u00f3n.\u00a0<b>\u00a0<\/b><\/span><\/p>\n<p style=\"text-align: justify;\"><span style=\"color: #d2112d; font-family: verdana, geneva, sans-serif; font-size: 12px;\"><strong>PROGRAMA<\/strong><\/span><\/p>\n<p style=\"text-align: justify;\"><span style=\"color: #d2112d; font-family: verdana, geneva, sans-serif; font-size: 12px;\">09.00h. | Bienvenida y presentaci\u00f3n del Programa Catalu\u00f1a Exporta<\/span><\/p>\n<p style=\"text-align: justify;\"><span style=\"color: #d2112d; font-family: verdana, geneva, sans-serif; font-size: 12px;\">09.10h. | <strong>Construir una estrategia de exportaci\u00f3n realista<\/strong><\/span><\/p>\n<p style=\"text-align: justify;\"><span style=\"color: #d2112d; font-family: verdana, geneva, sans-serif; font-size: 12px;\">10.20h. | Turno de preguntas<\/span><\/p>\n<p style=\"text-align: justify;\"><span style=\"color: #d2112d; font-family: verdana, geneva, sans-serif; font-size: 12px;\">10.30h. | Fin de la sesi\u00f3n<\/span><\/p>\n<p>[\/vc_column_text][vc_row][vc_column width=\u00bb1\/1&#8243;]<\/p>\n<div class=\"single_image wpb_content_element align-left    \" data-animation=\"none\" data-delay=\"0\"><img width=\"1900\" height=\"300\" src=\"https:\/\/www.foment.com\/wp-content\/uploads\/2026\/03\/ACCIO.png\" class=\"attachment-full\" alt=\"\" loading=\"lazy\" title=\"ACCI\u00d3\" srcset=\"https:\/\/www.foment.com\/wp-content\/uploads\/2026\/03\/ACCIO.png 1900w, https:\/\/www.foment.com\/wp-content\/uploads\/2026\/03\/ACCIO-300x47.png 300w, https:\/\/www.foment.com\/wp-content\/uploads\/2026\/03\/ACCIO-1024x162.png 1024w, https:\/\/www.foment.com\/wp-content\/uploads\/2026\/03\/ACCIO-768x121.png 768w, https:\/\/www.foment.com\/wp-content\/uploads\/2026\/03\/ACCIO-1536x243.png 1536w\" sizes=\"(max-width: 1900px) 100vw, 1900px\" \/><\/div>\n<p>[\/vc_column][\/vc_row][vc_row][vc_column width=\u00bb1\/2&#8243;][vc_column_text]<span style=\"font-family: verdana, geneva, sans-serif; font-size: 12px;\">Amb el suport de:<\/span>[\/vc_column_text]<\/p>\n<div class=\"single_image wpb_content_element align-left    \" data-animation=\"none\" data-delay=\"0\"><a href=\"http:\/\/www.accio.gencat.cat\" target=\"_self\"><img width=\"300\" height=\"68\" src=\"https:\/\/www.foment.com\/wp-content\/uploads\/2026\/03\/ACCIO-integrat-Horitzontal-CAT-color-300x68.png\" class=\"attachment-medium\" alt=\"\" loading=\"lazy\" title=\"ACCIO-integrat-Horitzontal-CAT-color\" srcset=\"https:\/\/www.foment.com\/wp-content\/uploads\/2026\/03\/ACCIO-integrat-Horitzontal-CAT-color-300x68.png 300w, https:\/\/www.foment.com\/wp-content\/uploads\/2026\/03\/ACCIO-integrat-Horitzontal-CAT-color.png 559w\" sizes=\"(max-width: 300px) 100vw, 300px\" \/><\/a><\/div>\n<p>[\/vc_column][vc_column width=\u00bb1\/2&#8243;][vc_column_text]Agent de suport a la Internacionalitzaci\u00f3[\/vc_column_text]<\/p>\n<div class=\"single_image wpb_content_element align-left    \" data-animation=\"none\" data-delay=\"0\"><img width=\"274\" height=\"300\" src=\"https:\/\/www.foment.com\/wp-content\/uploads\/2025\/11\/Agent-Suport-Internacionalizacio_Vertical-274x300.png\" class=\"attachment-medium\" alt=\"\" loading=\"lazy\" title=\"Agent Suport Internacionalizaci\u00f3_Vertical\" srcset=\"https:\/\/www.foment.com\/wp-content\/uploads\/2025\/11\/Agent-Suport-Internacionalizacio_Vertical-274x300.png 274w, https:\/\/www.foment.com\/wp-content\/uploads\/2025\/11\/Agent-Suport-Internacionalizacio_Vertical-768x842.png 768w, https:\/\/www.foment.com\/wp-content\/uploads\/2025\/11\/Agent-Suport-Internacionalizacio_Vertical.png 778w\" sizes=\"(max-width: 274px) 100vw, 274px\" \/><\/div>\n<p>[\/vc_column][\/vc_row]<\/p>\n<\/div><div class='clear'><\/div>\n\t\t\t\t\t\t\t\t\t<\/div>\n\t\t\t\t\t\t\t\t<\/div>\n\t\t\t\t\t\t\t<\/div><div class='evo_metarow_organizer evorow evcal_evdata_row evcal_evrow_sm '>\n\t\t\t\t\t\t\t\t<span class='evcal_evdata_icons'><i class='fa fa-headphones'><\/i><\/span>\n\t\t\t\t\t\t\t\t<div class='evcal_evdata_cell'>\t\t\t\t\t\t\t\n\t\t\t\t\t\t\t\t\t<h3 class='evo_h3'>Organizador<\/h3>\n\t\t\t\t\t\t\t\t\t<p class='evo_data_val evo_card_organizer_image'><img src='https:\/\/www.foment.com\/wp-content\/uploads\/2017\/04\/InternacionalEmpresabitotransCAT-200x80.png'\/><\/p>\n\t\t\t\t\t\t\t\t\t<div class='evo_card_organizer'><p class='evo_data_val evo_card_organizer_name'>\n\t\t\t\t\t\t\t\t\t\t<span class='evo_card_organizer_name_t'>Internacional<\/span>\n\t\t\t\t\t\t\t\t\t\t\n\t\t\t\t\t\t\t\t\t\t<\/p><\/div><div class='clear'><\/div>\t\t\t\t\t\t\t\n\t\t\t\t\t\t\t\t<\/div>\n\t\t\t\t\t\t\t<\/div>\t\t\t\t\t\t\t<div class='evo_metarow_ICS evorow evcal_evdata_row'>\n\t\t\t\t\t\t\t\t<span class=\"evcal_evdata_icons\"><i class=\"fa fa-calendar\"><\/i><\/span>\n\t\t\t\t\t\t\t\t<div class='evcal_evdata_cell'>\n\t\t\t\t\t\t\t\t\t<p><a href='https:\/\/www.foment.com\/wp-admin\/admin-ajax.php?action=eventon_ics_download&amp;event_id=216790&amp;ri=0' class='evo_ics_nCal' title='Add to your calendar'>Calendar<\/a><a href='\/\/www.google.com\/calendar\/event?action=TEMPLATE&amp;text=Webinar+%7C+Vols+definir+o+refor%C3%A7ar+una+estrat%C3%A8gia+internacional+realista+per+a+la+teva+empresa%3F&amp;dates=20260430T070000Z\/20260430T083000Z&amp;ctz=Europe\/Madrid&amp;details=Webinar+%7C+Vols+definir+o+refor%C3%A7ar+una+estrat%C3%A8gia+internacional+realista+per+a+la+teva+empresa%3F&amp;location=Webinar+por+ZoomWebinar+per+Zoom' target='_blank' class='evo_ics_gCal' title='Add to google calendar'>GoogleCal<\/a><\/p>\t\n\t\t\t\t\t\t\t\t<\/div>\n\t\t\t\t\t\t\t<\/div>\n\t\t\t\t\t\t\t<div class='evo_card_row_end evcal_close' title='Close'><\/div><\/div><div class='clear end'><\/div><\/div><div  id=\"event_216286_0\" class=\"eventon_list_event evo_eventtop scheduled  event event_216286_0\" data-event_id=\"216286\" data-ri=\"0r\" data-time=\"1777543200-1777552200\" data-colr=\"#00a499\" itemscope itemtype='http:\/\/schema.org\/Event'><div class=\"evo_event_schema\" style=\"display:none\" ><a itemprop='url'  href='https:\/\/www.foment.com\/es\/events\/la-percepcion-del-riesgo-una-clave-para-avanzar-hacia-organizaciones-mas-seguras\/'><\/a><meta itemprop='image' content=\"https:\/\/www.foment.com\/wp-content\/uploads\/2026\/03\/caratula-percepcion-riesgo-CAST-1.jpg\" \/><meta itemprop='startDate' content=\"2026-4-30T10:00+2:00\" \/><meta itemprop='endDate' content=\"2026-4-30T12:30+2:00\" \/><meta itemprop='eventStatus' content=\"https:\/\/schema.org\/EventScheduled\" \/><item style=\"display:none\" itemprop=\"eventAttendanceMode\" itemscope itemtype=\"https:\/\/schema.org\/OfflineEventAttendanceMode\"><\/item><div itemprop=\"organizer\" itemscope=\"\" itemtype=\"http:\/\/schema.org\/Organization\">\n\t\t\t\t\t    \t<meta itemprop=\"name\" content=\"Of. T\u00e9cnica de Prevenci\u00f3n de Riesgos Laborales\">\n\t\t\t\t\t    \t<\/div><div itemprop=\"performer\" itemscope=\"\" itemtype=\"http:\/\/schema.org\/Person\">\n\t\t\t\t\t    \t<meta itemprop=\"name\" content=\"Of. T\u00e9cnica de Prevenci\u00f3n de Riesgos Laborales\">\n\t\t\t\t\t    <\/div><script type=\"application\/ld+json\">{\"@context\": \"http:\/\/schema.org\",\"@type\": \"Event\",\n\t\t\t\t\t\"@id\": \"event_216286_0\",\n\t\t\t\t\t\"eventAttendanceMode\":\"https:\/\/schema.org\/OfflineEventAttendanceMode\",\n\t\t\t\t\t\"name\": \"La percepci\u00f3n del riesgo: una clave para avanzar hacia organizaciones m\u00e1s seguras\",\n\t\t\t\t\t\"url\": \"https:\/\/www.foment.com\/es\/events\/la-percepcion-del-riesgo-una-clave-para-avanzar-hacia-organizaciones-mas-seguras\/\",\n\t\t\t\t\t\"startDate\": \"2026-4-30T10:00+2:00\",\n\t\t\t\t\t\"endDate\": \"2026-4-30T12:30+2:00\",\n\t\t\t\t\t\"image\":\"https:\/\/www.foment.com\/wp-content\/uploads\/2026\/03\/caratula-percepcion-riesgo-CAST-1.jpg\", \n\t\t\t\t\t\"description\":\"<p>[vc_row][vc_column][vc_column_text]<\/p> <p>&nbsp;<\/p> <p style='text-align: center;'><span style='color: #a60f0f; font-family: verdana, geneva, sans-serif;'><span style='font-size: 24px;'>La percepci\u00f3n del riesgo: una clave para avanzar hacia organizaciones m\u00e1s seguras<\/span><\/span><\/p> <p>&nbsp;<\/p> <p style='text-align: justify;'><span style='font-family: verdana, geneva, sans-serif; font-size: 14px;'>Comprender el riesgo no es tan intuitivo como parece. Aunque el cerebro humano identifica con facilidad los peligros, le cuesta interpretar la probabilidad real de que esos peligros se materialicen y provoquen da\u00f1os. Esta limitaci\u00f3n natural explica por qu\u00e9, en muchas organizaciones, la percepci\u00f3n del riesgo no siempre coincide con el riesgo real.<\/span><\/p> <p style='text-align: justify;'><span style='font-family: verdana, geneva, sans-serif; font-size: 14px;'>En esta jornada presentaremos la <strong>Gu\u00eda para mejorar la percepci\u00f3n del riesgo en organizaciones excelentes<\/strong>, una herramienta pr\u00e1ctica que recoge m\u00e9todos y experiencias para ayudar a las empresas a desarrollar una percepci\u00f3n del riesgo m\u00e1s consciente, rigurosa y alineada con una cultura preventiva avanzada.<\/span><\/p> <p style='text-align: justify;'><span style='font-family: verdana, geneva, sans-serif; font-size: 14px;'>A trav\u00e9s de esta sesi\u00f3n exploraremos por qu\u00e9 los seres humanos interpretamos el riesgo de forma imperfecta y qu\u00e9 pueden hacer las organizaciones para mejorar esa capacidad mediante formaci\u00f3n, experiencia guiada y herramientas pr\u00e1cticas que ya han demostrado su eficacia.<\/span><\/p> <p style='text-align: justify;'><span style='font-family: verdana, geneva, sans-serif; font-size: 14px;'>Adem\u00e1s, contaremos con <strong>tres experiencias reales de empresas<\/strong>, que compartir\u00e1n c\u00f3mo est\u00e1n trabajando la percepci\u00f3n del riesgo en sus organizaciones y qu\u00e9 aprendizajes han obtenido en el proceso.<\/span><\/p> <p style='text-align: center;'><span style='font-size: 14px; color: #d21100;'><strong><span style='font-family: verdana, geneva, sans-serif;'>La jornada \u00fanicamente se realizar\u00e1 en formato presencial<\/span><\/strong><\/span><\/p> <p>[\/vc_column_text][\/vc_column][\/vc_row][vc_row][vc_column width=\u00bb1\/2&#8243;][vc_btn title=\u00bbDescargar programa\u00bb style=\u00bboutline-custom\u00bb outline_custom_color=\u00bb#dd3333&#8243; outline_custom_hover_background=\u00bb#000000&#8243; outline_custom_hover_text=\u00bb#ffffff\u00bb align=\u00bbcenter\u00bb link=\u00bburl:https%3A%2F%2Ffomentdeltreball.sharepoint.com%2F%3Ab%3A%2Fg%2FIQAO21yWP-9XRqnwk1b0qIpwAepp_vPzcx62HFIlqsk2JY8|target:_blank\u00bb css=\u00bb.vc_custom_1775742471555{background-color: #ffffff !important;}\u00bb][\/vc_column][vc_column width=\u00bb1\/2&#8243;][vc_btn title=\u00bbInscripci\u00f3n\u00bb style=\u00bboutline-custom\u00bb outline_custom_color=\u00bb#dd3333&#8243; outline_custom_hover_background=\u00bb#000000&#8243; outline_custom_hover_text=\u00bb#ffffff\u00bb align=\u00bbcenter\u00bb link=\u00bburl:https%3A%2F%2Fwww.foment.com%2Fes%2Finscripciones-eventos%2F%3Fidevento%3D444CFFBD-AA26-F111-8342-7CED8D3FACC9|target:_blank\u00bb css=\u00bb.vc_custom_1774267362537{background-color: #ffffff !important;}\u00bb][\/vc_column][\/vc_row][vc_row][vc_column][vc_column_text]<br \/> [\/vc_column_text][vc_single_image image=\u00bb213981&#8243; img_size=\u00bblarge\u00bb][\/vc_column][\/vc_row]<\/p> \",\"organizer\":{\"@type\":\"Organization\",\"name\":\"Of. T\u00e9cnica de Prevenci\u00f3n de Riesgos Laborales\"},\"performer\":{\"@type\":\"Person\",\"name\":\"Of. T\u00e9cnica de Prevenci\u00f3n de Riesgos Laborales\"},\"eventStatus\":\"https:\/\/schema.org\/EventScheduled\"}<\/script><\/div>\n\t\t\t\t<p class=\"desc_trig_outter\" style=\"background-color:#ffffff;flex-direction: row;\"><a data-gmap_status=\"null\" data-exlk=\"1\"  style=\"border-color: #00a499;\" id=\"evc_1777543200216286\" class=\"hasFtIMG desc_trig sin_val evcal_list_a\" data-ux_val=\"3\"  ><span class='ev_ftImg' data-img='https:\/\/www.foment.com\/wp-content\/uploads\/2026\/03\/caratula-percepcion-riesgo-CAST-1.jpg' data-thumb='https:\/\/www.foment.com\/wp-content\/uploads\/2026\/03\/caratula-percepcion-riesgo-CAST-1-300x169.jpg' style='background-image:url(\"https:\/\/www.foment.com\/wp-content\/uploads\/2026\/03\/caratula-percepcion-riesgo-CAST-1-300x169.jpg\")'><\/span><style>.ajde_evcal_calendar.boxy #evcal_list .eventon_list_event .evcal_desc em{color:black;}<\/style><span style='width:100%; background-color:#00a499 !important;' class='evcal_cblock ' data-smon='abril' data-syr='2026'><span style='margin-top: 7px;margin-bottom: 7px;' class='evo_start '><em class='date'>30<\/em><em class='month'>abr<\/em><em class='time'>10:00<\/em><\/span><span style='margin-top: 7px;margin-bottom: 7px;' class='evo_end only_time'><em class='time'>12:30<\/em><\/span><em class='clear'><\/em><\/span><span class='evcal_desc evo_info '  ><span class='evo_above_title'><\/span><span class='evcal_desc2 evcal_event_title hbaevatitle' itemprop='name'>La percepci\u00f3n del riesgo: una clave para avanzar hacia organizaciones m\u00e1s seguras<\/span><span class='evo_below_title'><\/span><span class='evcal_desc_info' ><em class='evcal_time evo_tz_time'>10:00 - 12:30<\/em> <\/span><span class='evcal_desc3'><\/span><span style='height: 60px;'  class='evcal_desc3' ><\/span><\/span><em class='clear'><\/em><\/a><\/p><div class='event_description evcal_eventcard ' style=\"display:none\"><div class='evo_metarow_fimg evorow evcal_evdata_img evcal_evdata_row  evo_imghover' data-imgheight='1080' data-imgwidth='1920'  style='background-image: url(\"https:\/\/www.foment.com\/wp-content\/uploads\/2026\/03\/caratula-percepcion-riesgo-CAST-1.jpg\")' data-imgstyle='full' data-minheight='400' data-status=''><\/div><div class='evo_metarow_time evorow evcal_evdata_row evcal_evrow_sm '>\n\t\t\t\t\t\t\t\t<span class='evcal_evdata_icons'><i class='fa fa-clock'><\/i><\/span>\n\t\t\t\t\t\t\t\t<div class='evcal_evdata_cell'>\t\t\t\t\t\t\t\n\t\t\t\t\t\t\t\t\t<h3 class='evo_h3'><span class='evcal_evdata_icons'><i class='fa fa-clock'><\/i><\/span>Horario<\/h3><p><span class='evo_eventcard_time_t'>(Jueves) 10:00 - 12:30<\/span><\/p>\n\t\t\t\t\t\t\t\t<\/div>\n\t\t\t\t\t\t\t<\/div><div class='evo_metarow_details evorow evcal_evdata_row evcal_event_details'>\n\t\t\t\t\t\t\t\t<div class=\"event_excerpt\" style=\"display:none\"><h3 class=\"padb5 evo_h3\">Detalles del evento<\/h3><p>[vc_row][vc_column][vc_column_text]\n&nbsp;\nLa percepci\u00f3n del riesgo: una clave para avanzar hacia organizaciones m\u00e1s seguras\n&nbsp;\nComprender<\/p><\/div><span class='evcal_evdata_icons'><i class='fa fa-align-justify'><\/i><\/span>\n\t\t\t\t\t\t\t\t\n\t\t\t\t\t\t\t\t<div class='evcal_evdata_cell '>\n\t\t\t\t\t\t\t\t\t<div class='eventon_full_description'>\n\t\t\t\t\t\t\t\t\t\t<h3 class='padb5 evo_h3'><span class='evcal_evdata_icons'><i class='fa fa-align-justify'><\/i><\/span>Detalles del evento<\/h3>\n\t\t\t\t\t\t\t\t\t\t<div class='eventon_desc_in' itemprop='description'>\n\t\t\t\t\t\t\t\t\t\t<p>[vc_row][vc_column][vc_column_text]<\/p>\n<p>&nbsp;<\/p>\n<p style=\"text-align: center;\"><span style=\"color: #a60f0f; font-family: verdana, geneva, sans-serif;\"><span style=\"font-size: 24px;\">La percepci\u00f3n del riesgo: una clave para avanzar hacia organizaciones m\u00e1s seguras<\/span><\/span><\/p>\n<p>&nbsp;<\/p>\n<p style=\"text-align: justify;\"><span style=\"font-family: verdana, geneva, sans-serif; font-size: 14px;\">Comprender el riesgo no es tan intuitivo como parece. Aunque el cerebro humano identifica con facilidad los peligros, le cuesta interpretar la probabilidad real de que esos peligros se materialicen y provoquen da\u00f1os. Esta limitaci\u00f3n natural explica por qu\u00e9, en muchas organizaciones, la percepci\u00f3n del riesgo no siempre coincide con el riesgo real.<\/span><\/p>\n<p style=\"text-align: justify;\"><span style=\"font-family: verdana, geneva, sans-serif; font-size: 14px;\">En esta jornada presentaremos la <strong>Gu\u00eda para mejorar la percepci\u00f3n del riesgo en organizaciones excelentes<\/strong>, una herramienta pr\u00e1ctica que recoge m\u00e9todos y experiencias para ayudar a las empresas a desarrollar una percepci\u00f3n del riesgo m\u00e1s consciente, rigurosa y alineada con una cultura preventiva avanzada.<\/span><\/p>\n<p style=\"text-align: justify;\"><span style=\"font-family: verdana, geneva, sans-serif; font-size: 14px;\">A trav\u00e9s de esta sesi\u00f3n exploraremos por qu\u00e9 los seres humanos interpretamos el riesgo de forma imperfecta y qu\u00e9 pueden hacer las organizaciones para mejorar esa capacidad mediante formaci\u00f3n, experiencia guiada y herramientas pr\u00e1cticas que ya han demostrado su eficacia.<\/span><\/p>\n<p style=\"text-align: justify;\"><span style=\"font-family: verdana, geneva, sans-serif; font-size: 14px;\">Adem\u00e1s, contaremos con <strong>tres experiencias reales de empresas<\/strong>, que compartir\u00e1n c\u00f3mo est\u00e1n trabajando la percepci\u00f3n del riesgo en sus organizaciones y qu\u00e9 aprendizajes han obtenido en el proceso.<\/span><\/p>\n<p style=\"text-align: center;\"><span style=\"font-size: 14px; color: #d21100;\"><strong><span style=\"font-family: verdana, geneva, sans-serif;\">La jornada \u00fanicamente se realizar\u00e1 en formato presencial<\/span><\/strong><\/span><\/p>\n<p>[\/vc_column_text][\/vc_column][\/vc_row][vc_row][vc_column width=\u00bb1\/2&#8243;][vc_btn title=\u00bbDescargar programa\u00bb style=\u00bboutline-custom\u00bb outline_custom_color=\u00bb#dd3333&#8243; outline_custom_hover_background=\u00bb#000000&#8243; outline_custom_hover_text=\u00bb#ffffff\u00bb align=\u00bbcenter\u00bb link=\u00bburl:https%3A%2F%2Ffomentdeltreball.sharepoint.com%2F%3Ab%3A%2Fg%2FIQAO21yWP-9XRqnwk1b0qIpwAepp_vPzcx62HFIlqsk2JY8|target:_blank\u00bb css=\u00bb.vc_custom_1775742471555{background-color: #ffffff !important;}\u00bb][\/vc_column][vc_column width=\u00bb1\/2&#8243;][vc_btn title=\u00bbInscripci\u00f3n\u00bb style=\u00bboutline-custom\u00bb outline_custom_color=\u00bb#dd3333&#8243; outline_custom_hover_background=\u00bb#000000&#8243; outline_custom_hover_text=\u00bb#ffffff\u00bb align=\u00bbcenter\u00bb link=\u00bburl:https%3A%2F%2Fwww.foment.com%2Fes%2Finscripciones-eventos%2F%3Fidevento%3D444CFFBD-AA26-F111-8342-7CED8D3FACC9|target:_blank\u00bb css=\u00bb.vc_custom_1774267362537{background-color: #ffffff !important;}\u00bb][\/vc_column][\/vc_row][vc_row][vc_column][vc_column_text]<br \/>\n[\/vc_column_text][vc_single_image image=\u00bb213981&#8243; img_size=\u00bblarge\u00bb][\/vc_column][\/vc_row]<\/p>\n<\/div><div class='clear'><\/div>\n\t\t\t\t\t\t\t\t\t<\/div>\n\t\t\t\t\t\t\t\t<\/div>\n\t\t\t\t\t\t\t<\/div><div class='evo_metarow_organizer evorow evcal_evdata_row evcal_evrow_sm '>\n\t\t\t\t\t\t\t\t<span class='evcal_evdata_icons'><i class='fa fa-headphones'><\/i><\/span>\n\t\t\t\t\t\t\t\t<div class='evcal_evdata_cell'>\t\t\t\t\t\t\t\n\t\t\t\t\t\t\t\t\t<h3 class='evo_h3'>Organizador<\/h3>\n\t\t\t\t\t\t\t\t\t\n\t\t\t\t\t\t\t\t\t<div class='evo_card_organizer'><p class='evo_data_val evo_card_organizer_name'>\n\t\t\t\t\t\t\t\t\t\t<span class='evo_card_organizer_name_t'>Of. T\u00e9cnica de Prevenci\u00f3n de Riesgos Laborales<\/span>\n\t\t\t\t\t\t\t\t\t\t\n\t\t\t\t\t\t\t\t\t\t<\/p><\/div><div class='clear'><\/div>\t\t\t\t\t\t\t\n\t\t\t\t\t\t\t\t<\/div>\n\t\t\t\t\t\t\t<\/div>\t\t\t\t\t\t\t<div class='evo_metarow_ICS evorow evcal_evdata_row'>\n\t\t\t\t\t\t\t\t<span class=\"evcal_evdata_icons\"><i class=\"fa fa-calendar\"><\/i><\/span>\n\t\t\t\t\t\t\t\t<div class='evcal_evdata_cell'>\n\t\t\t\t\t\t\t\t\t<p><a href='https:\/\/www.foment.com\/wp-admin\/admin-ajax.php?action=eventon_ics_download&amp;event_id=216286&amp;ri=0' class='evo_ics_nCal' title='Add to your calendar'>Calendar<\/a><a href='\/\/www.google.com\/calendar\/event?action=TEMPLATE&amp;text=La+percepci%C3%B3n+del+riesgo%3A+una+clave+para+avanzar+hacia+organizaciones+m%C3%A1s+seguras&amp;dates=20260430T080000Z\/20260430T103000Z&amp;ctz=Europe\/Madrid&amp;details=La+percepci%C3%B3n+del+riesgo%3A+una+clave+para+avanzar+hacia+organizaciones+m%C3%A1s+seguras&amp;location=' target='_blank' class='evo_ics_gCal' title='Add to google calendar'>GoogleCal<\/a><\/p>\t\n\t\t\t\t\t\t\t\t<\/div>\n\t\t\t\t\t\t\t<\/div>\n\t\t\t\t\t\t\t<div class='evo_card_row_end evcal_close' title='Close'><\/div><\/div><div class='clear end'><\/div><\/div><div  id=\"event_212889_0\" class=\"eventon_list_event evo_eventtop scheduled  event event_212889_0\" data-event_id=\"212889\" data-ri=\"0r\" data-time=\"1772443800-1779103800\" data-colr=\"#f6b23c\" itemscope itemtype='http:\/\/schema.org\/Event'><div class=\"evo_event_schema\" style=\"display:none\" ><a itemprop='url'  href='https:\/\/www.foment.com\/es\/events\/ciclo-la-negociacion-colectiva-como-herramienta-de-gestion-de-las-relaciones-laborales\/'><\/a><meta itemprop='image' content=\"https:\/\/www.foment.com\/wp-content\/uploads\/2026\/01\/Sin-titulo-1920-x-1080-px-1.jpg\" \/><meta itemprop='startDate' content=\"2026-3-2T09:30+2:00\" \/><meta itemprop='endDate' content=\"2026-5-18T11:30+2:00\" \/><meta itemprop='eventStatus' content=\"https:\/\/schema.org\/EventScheduled\" \/><item style=\"display:none\" itemprop=\"eventAttendanceMode\" itemscope itemtype=\"https:\/\/schema.org\/OfflineEventAttendanceMode\"><\/item><div itemprop=\"organizer\" itemscope=\"\" itemtype=\"http:\/\/schema.org\/Organization\">\n\t\t\t\t\t    \t<meta itemprop=\"name\" content=\"Relaciones Laborales\">\n\t\t\t\t\t    \t<\/div><div itemprop=\"performer\" itemscope=\"\" itemtype=\"http:\/\/schema.org\/Person\">\n\t\t\t\t\t    \t<meta itemprop=\"name\" content=\"Relaciones Laborales\">\n\t\t\t\t\t    <\/div><script type=\"application\/ld+json\">{\"@context\": \"http:\/\/schema.org\",\"@type\": \"Event\",\n\t\t\t\t\t\"@id\": \"event_212889_0\",\n\t\t\t\t\t\"eventAttendanceMode\":\"https:\/\/schema.org\/OfflineEventAttendanceMode\",\n\t\t\t\t\t\"name\": \"Ciclo: La Negociaci\u00f3n Colectiva como herramienta de gesti\u00f3n de las relaciones laborales\",\n\t\t\t\t\t\"url\": \"https:\/\/www.foment.com\/es\/events\/ciclo-la-negociacion-colectiva-como-herramienta-de-gestion-de-las-relaciones-laborales\/\",\n\t\t\t\t\t\"startDate\": \"2026-3-2T09:30+2:00\",\n\t\t\t\t\t\"endDate\": \"2026-5-18T11:30+2:00\",\n\t\t\t\t\t\"image\":\"https:\/\/www.foment.com\/wp-content\/uploads\/2026\/01\/Sin-titulo-1920-x-1080-px-1.jpg\", \n\t\t\t\t\t\"description\":\"<p>La negociaci\u00f3n colectiva es uno de los pilares fundamentales del modelo de relaciones laborales y se configura como el instrumento esencial para la ordenaci\u00f3n de las condiciones de trabajo y la articulaci\u00f3n del di\u00e1logo social entre empresas y personas trabajadoras. Su importancia sistema radica en la capacidad para equilibrar los intereses de empresarios y representantes de los trabajadores, generando consensos que favorecen la paz social y la estabilidad en la ocupaci\u00f3n.<\/p> <p>Aun as\u00ed, permite establecer condiciones laborales adapt\u00e1ndose en las particularidades productivas, econ\u00f3micas y organizativas de cada \u00e1mbito de aplicaci\u00f3n. Mediante este proceso, se regulan aspectos tan diversos como la estructura salarial, el tiempo de trabajo, las modalidades de contrataci\u00f3n, los sistemas de clasificaci\u00f3n profesional, las medidas de conciliaci\u00f3n de la vida laboral y familiar, y los procedimientos de soluci\u00f3n de conflictos, entre otros.<\/p> <p>Adem\u00e1s, en un contexto de transformaci\u00f3n digital, globalizaci\u00f3n econ\u00f3mica y nuevas formas de organizaci\u00f3n del trabajo, la negociaci\u00f3n colectiva tiene que reinventarse para abordar cuestiones emergentes como el teletrabajo, la desconexi\u00f3n digital, la formaci\u00f3n continua, la igualdad de g\u00e9nero y la sostenibilidad ambiental.<\/p> <p><strong><span style='color: #d2112d;'>Objetivos:<br \/> <\/span><\/strong>\u2022 Aportar conocimientos te\u00f3ricos y pr\u00e1cticos sobre los retos, oportunidades y herramientas asociadas a la negociaci\u00f3n colectiva, dirigidos a empresas y negociadores de convenios colectivos.<br \/> \u2022 Capacitar a los participantes en las tablas de negociaci\u00f3n colectiva para integrar de manera efectiva todas las posibilidades que permiten las normas aplicables y la interpretaci\u00f3n de los tribunales a la negociaci\u00f3n colectiva.<\/p> <p><span style='color: #d2112d;'><strong>Calendario:<\/strong><\/span><br \/> \u2022 20 horas totales divididas en 10 sesiones de 2 horas.<br \/> \u2022 D\u00edas de sesiones: 2, 9, 16 y 23 de marzo; 13, 20 y 27 de abril y 4, 11 y 18 de mayo<br \/> \u2022 Horario: 9.30 a 11.30 horas<br \/> \u2022 Modalidad en l\u00ednea<\/p> <p><strong><span style='color: #d2112d;'>Ponente<\/span>:<\/strong><br \/> <strong>Jordi Garc\u00eda Vi\u00f1a<\/strong>, catedr\u00e1tico de Derecho del Trabajo y de la Seguridad Social de la Universitat de Barcelona. Consejero en Augusta Abogados.<\/p> <p><span style='color: #d2112d;'><strong>Metodolog\u00eda:<\/strong><\/span><br \/> Las sesiones combinar\u00e1n una introducci\u00f3n de la materia objeto de an\u00e1lisis, con especial atenci\u00f3n en el estudio de cl\u00e1usulas de convenios colectivos y buenas pr\u00e1cticas implantadas en empresas, con debates que fomenten la participaci\u00f3n activa.<\/p> <p>Esta metodolog\u00eda permite mejorar la comprensi\u00f3n de como los diferentes recursos son presentes en las relaciones laborales, conociendo la normativa aplicable, la interpretaci\u00f3n de los tribunales y la actuaci\u00f3n de la Inspecci\u00f3n de Trabajo y de la Seguridad Social, incrementando la capacitaci\u00f3n pr\u00e1ctica y las habilidades para negociar convenios en todas las materias propuestas.<\/p> <p style='text-align: center;'><strong><span style='color: #d2112d;'>PROGRAMA<\/span><\/strong><\/p> <ul> <li><strong>Sesi\u00f3n 1: 2 de marzo de 2026 &#8211; Cuestiones generales y marco normativo<\/strong><br \/> <a href='https:\/\/www.foment.com\/es\/inscripciones-eventos\/?idevento=B7F6E727-CDFA-F011-8407-7C1E5276AE0A' target='_blank' rel='noopener'><span style='color: #d2112d;'><strong>Inscripci\u00f3n 1.\u00aa jornada, aqu\u00ed<\/strong><\/span><\/a><\/li> <li><strong>Sesi\u00f3n 2: 9 de marzo de 2026\u00a0 &#8211; Modalidades contractuales<\/strong><br \/> <a href='https:\/\/www.foment.com\/es\/inscripciones-eventos\/?idevento=14D89F92-73FB-F011-8407-7CED8D3FAFDD' target='_blank' rel='noopener'><span style='color: #d2112d;'><strong>Inscripci\u00f3n 2.\u00aa jornada, aqu\u00ed<\/strong><\/span><\/a><\/li> <li><strong>Sesi\u00f3n 3: 16 de marzo de 2026 &#8211; Sistema de clasificaci\u00f3n profesional y procesos de formaci\u00f3n<\/strong><br \/> <a href='https:\/\/www.foment.com\/es\/inscripciones-eventos\/?idevento=3F53D0FA-8EFB-F011-8407-7CED8D3FACC9' target='_blank' rel='noopener'><span style='color: #d2112d;'><strong>Inscripci\u00f3n 3.\u00aa jornada, aqu\u00ed<\/strong><\/span><\/a><\/li> <li><strong>Sesi\u00f3n 4: 23 de marzo de 2026 &#8211; Tiempos de trabajo<\/strong><br \/> <a href='https:\/\/www.foment.com\/es\/inscripciones-eventos\/?idevento=F60A04F3-A0FB-F011-8406-000D3ADCC77A' target='_blank' rel='noopener'><span style='color: #d2112d;'><strong>Inscripci\u00f3n 4.\u00aa jornada, aqu\u00ed<\/strong><\/span><\/a><\/li> <li><strong>Sesi\u00f3n 5: 13 de abril de 2026 &#8211; Aspectos salariales y retributivos<\/strong><br \/> <a href='https:\/\/www.foment.com\/es\/inscripciones-eventos\/?idevento=24CF9054-2AFC-F011-8407-7CED8D3FA83B' target='_blank' rel='noopener'><span style='color: #d2112d;'><strong>Inscripci\u00f3n 5.\u00aa jornada, aqu\u00ed<\/strong><\/span><\/a><\/li> <li><strong>Sesi\u00f3n 6: 20 de abril de 2026 &#8211; Igualdad y conciliaci\u00f3n<\/strong><br \/> <a href='https:\/\/www.foment.com\/es\/inscripciones-eventos\/?idevento=51DC9376-2AFC-F011-8407-7CED8D3FA02B' target='_blank' rel='noopener'><span style='color: #d2112d;'><strong>Inscripci\u00f3n 6.\u00aa jornada, aqu\u00ed<\/strong><\/span><\/a><\/li> <li><strong>Sesi\u00f3n 7: 27 de abril de 2026 &#8211; Mecanismos de flexibilidad<\/strong><br \/> <a href='https:\/\/www.foment.com\/es\/inscripciones-eventos\/?idevento=3FE7DF5A-30FC-F011-8407-000D3ABA73B5' target='_blank' rel='noopener'><span style='color: #d2112d;'><strong>Inscripci\u00f3n 7.\u00aa jornada, aqu\u00ed<\/strong><\/span><\/a><\/li> <li><strong>Sesi\u00f3n 8: 4 de mayo de 2026 &#8211; Salud Laboral<\/strong><br \/> <a href='https:\/\/www.foment.com\/inscripcions-events\/?idevento=BC3EA17D-30FC-F011-8406-002248A1BFE4' target='_blank' rel='noopener'><span style='color: #d2112d;'><strong>Inscripci\u00f3n 8.\u00aa jornada, aqu\u00ed<\/strong><\/span><\/a><\/li> <li><strong>Sesi\u00f3n 9: 11 de mayo de 2026 &#8211; Materias colectivas<\/strong><br \/> <a href='https:\/\/www.foment.com\/es\/inscripciones-eventos\/?idevento=6756DE1A-3FFC-F011-8407-7CED8D3FA02B' target='_blank' rel='noopener'><span style='color: #d2112d;'><strong>Inscripci\u00f3n 9.\u00aa jornada, aqu\u00ed<\/strong><\/span><\/a><\/li> <li><strong>Sesi\u00f3n 10: 18 de mayo de 2026 &#8211; Nuevos retos para la negociaci\u00f3n colectiva<\/strong><br \/> <a href='https:\/\/www.foment.com\/es\/inscripciones-eventos\/?idevento=CC3B4D29-3FFC-F011-8406-7C1E52FC0A4E' target='_blank' rel='noopener'><span style='color: #d2112d;'><strong>Inscripci\u00f3n 10.\u00aa jornada, aqu\u00ed<\/strong><\/span><\/a><\/li> <\/ul> <p>&nbsp;<\/p> <p style='text-align: center;'><a href='https:\/\/fomentdeltreball.sharepoint.com\/:b:\/g\/IQBY7k5Cn_tsQI6n8wAIwQN7AYeigrFWERjfxzDOZ9pxwKQ?e=Gub4Je' target='_blank' rel='noopener'><span style='font-size: 18px; color: #d2112d;'><strong>Descargar programa completo<\/strong><\/span><\/a><\/p> <p>&nbsp;<\/p> <p>Esta jornada forma parte de los Planes de Formaci\u00f3n del \u00e1mbito de Catalu\u00f1a, dirigidos a la capacitaci\u00f3n para el desarrollo de las funciones relacionadas con el di\u00e1logo social y la negociaci\u00f3n colectiva. Expediente n.\u00ba STC092\/25\/000001.<\/p> <p style='text-align: center;'><strong><span style='color: #d2112d;'>*Es imprescindible autenticarse previamente a la celebraci\u00f3n de la jornada en Zoom mediante el enlace que se le facilitar\u00e1 al inscribirse en la\/s sesi\u00f3n\/nes*.<\/span><\/strong><\/p> <table style='border-collapse: collapse; width: 100%;'> <tbody> <tr> <td style='width: 33.3333%;'><\/td> <td style='width: 33.3333%; text-align: center;'><strong>Con el apoyo de:\u00a0<\/strong><\/p> <p><a href='https:\/\/web.gencat.cat\/ca\/ciutadania\/inici'><img class='aligncenter wp-image-179766 size-medium' src='https:\/\/www.foment.com\/wp-content\/uploads\/2024\/03\/generalitat-300x76.jpg' alt='' width='300' height='76' \/><\/a><\/p> <p>&nbsp;<\/td> <td style='width: 33.3333%;'><\/td> <\/tr> <\/tbody> <\/table> \",\"organizer\":{\"@type\":\"Organization\",\"name\":\"Relaciones Laborales\"},\"performer\":{\"@type\":\"Person\",\"name\":\"Relaciones Laborales\"},\"eventStatus\":\"https:\/\/schema.org\/EventScheduled\"}<\/script><\/div>\n\t\t\t\t<p class=\"desc_trig_outter\" style=\"background-color:#ffffff;flex-direction: row;\"><a data-gmap_status=\"null\" data-exlk=\"0\" style=\"border-color: #f6b23c;\" id=\"evc_1772443800212889\" class=\"hasFtIMG desc_trig evo_laboral mul_val evcal_list_a\" data-ux_val=\"3\"  ><span class='ev_ftImg' data-img='https:\/\/www.foment.com\/wp-content\/uploads\/2026\/01\/Sin-titulo-1920-x-1080-px-1.jpg' data-thumb='https:\/\/www.foment.com\/wp-content\/uploads\/2026\/01\/Sin-titulo-1920-x-1080-px-1-300x169.jpg' style='background-image:url(\"https:\/\/www.foment.com\/wp-content\/uploads\/2026\/01\/Sin-titulo-1920-x-1080-px-1-300x169.jpg\")'><\/span><style>.ajde_evcal_calendar.boxy #evcal_list .eventon_list_event .evcal_desc em{color:black;}<\/style><span style='width:100%; background-color:#f6b23c !important;' class='evcal_cblock ' data-smon='marzo' data-syr='2026'><span style='margin-top: 7px;margin-bottom: 7px;' class='evo_start '><em class='date'>02<\/em><em class='month'>mar<\/em><em class='time'><i t=\"y\">(mar 2)<\/i>9:30<\/em><\/span><span style='margin-top: 7px;margin-bottom: 7px;' class='evo_end '><em class='date'>18<\/em><em class='month'>may<\/em><em class='time'><i t=\"y\">(may 18)<\/i>11:30<\/em><\/span><em class='clear'><\/em><\/span><span class='evcal_desc evo_info '  ><span class='evo_above_title'><\/span><span class='evcal_desc2 evcal_event_title hbaevatitle' itemprop='name'>Ciclo: La Negociaci\u00f3n Colectiva como herramienta de gesti\u00f3n de las relaciones laborales<\/span><span class='evo_below_title'><\/span><span class='evcal_desc_info' ><em class='evcal_time evo_tz_time'>(marzo 2) 9:30 - (mayo 18) 11:30<\/em> <\/span><span class='evcal_desc3'><em class=\"evcal_location\"  data-add_str=\"\"><em class=\"event_location_name\">Zoom<\/em><\/em><\/span><span style='height: 60px;'  class='evcal_desc3' ><span class='evcal_event_types ett1'><em>C =<\/em><em data-filter='event_type'>Laboral<\/em><i class='clear'><\/i><\/span><span class='evo_event_progress' ><span class='evo_epbar_o'><span class='evo_ep_bar'><b style='width:73%'><\/b><\/span><\/span><span class='evo_ep_time evo_countdowner' data-gap='1754442' data-dur='6660000' data-exp_act='' data-n='' data-ds='d\u00edas' data-d='D\u00eda' data-t='de tiempo restante'><\/span><\/span><\/span><\/span><em class='clear'><\/em><\/a><\/p><div class='event_description evcal_eventcard ' style=\"display:none\"><div class='evo_metarow_fimg evorow evcal_evdata_img evcal_evdata_row  evo_imghover' data-imgheight='1080' data-imgwidth='1920'  style='background-image: url(\"https:\/\/www.foment.com\/wp-content\/uploads\/2026\/01\/Sin-titulo-1920-x-1080-px-1.jpg\")' data-imgstyle='full' data-minheight='400' data-status=''><\/div><div class='evcal_evdata_row evorow_2b evo_metarow_time_location evorow  '>\n\t\t\t\t\t\t\t\t<div class='evorow_b evorow_b1 evo_time'>\n\t\t\t\t\t\t\t\t\t<span class='evcal_evdata_icons'><i class='fa fa-clock'><\/i><\/span>\n\t\t\t\t\t\t\t\t\t<div class='evcal_evdata_cell'>\t\t\t\t\t\t\t\n\t\t\t\t\t\t\t\t\t\t<h3 class='evo_h3'><span class='evcal_evdata_icons'><i class='fa fa-clock'><\/i><\/span>Horario<\/h3>\n\t\t\t\t\t\t\t\t\t\t<p><span class='evo_eventcard_time_t'>Marzo 2 (Lunes) 9:30 - Mayo 18 (Lunes) 11:30<\/span><\/p>\n\t\t\t\t\t\t\t\t\t<\/div>\n\t\t\t\t\t\t\t\t<\/div>\n\t\t\t\t\t\t\t\t<div class='evorow_b evo_location'>\n\t\t\t\t\t\t\t\t\t<span class='evcal_evdata_icons'><i class='fa fa-map-marker-alt'><\/i><\/span>\n\t\t\t\t\t\t\t\t\t<div class='evcal_evdata_cell' data-loc_tax_id='4869'><h3 class='evo_h3'><span class='evcal_evdata_icons'><i class='fa fa-map-marker-alt'><\/i><\/span>Lugar<\/h3><p class='evo_location_name'>Zoom<\/p><\/div>\n\t\t\t\t\t\t\t\t<\/div>\n\t\t\t\t\t\t\t\t\n\t\t\t\t\t\t\t<\/div><div class='evo_metarow_details evorow evcal_evdata_row evcal_event_details'>\n\t\t\t\t\t\t\t\t<div class=\"event_excerpt\" style=\"display:none\"><h3 class=\"padb5 evo_h3\">Detalles del evento<\/h3><p>La negociaci\u00f3n colectiva es uno de los pilares fundamentales del modelo de relaciones laborales y se configura como el instrumento esencial para la ordenaci\u00f3n de las condiciones de trabajo y<\/p><\/div><span class='evcal_evdata_icons'><i class='fa fa-align-justify'><\/i><\/span>\n\t\t\t\t\t\t\t\t\n\t\t\t\t\t\t\t\t<div class='evcal_evdata_cell '>\n\t\t\t\t\t\t\t\t\t<div class='eventon_full_description'>\n\t\t\t\t\t\t\t\t\t\t<h3 class='padb5 evo_h3'><span class='evcal_evdata_icons'><i class='fa fa-align-justify'><\/i><\/span>Detalles del evento<\/h3>\n\t\t\t\t\t\t\t\t\t\t<div class='eventon_desc_in' itemprop='description'>\n\t\t\t\t\t\t\t\t\t\t<p>La negociaci\u00f3n colectiva es uno de los pilares fundamentales del modelo de relaciones laborales y se configura como el instrumento esencial para la ordenaci\u00f3n de las condiciones de trabajo y la articulaci\u00f3n del di\u00e1logo social entre empresas y personas trabajadoras. Su importancia sistema radica en la capacidad para equilibrar los intereses de empresarios y representantes de los trabajadores, generando consensos que favorecen la paz social y la estabilidad en la ocupaci\u00f3n.<\/p>\n<p>Aun as\u00ed, permite establecer condiciones laborales adapt\u00e1ndose en las particularidades productivas, econ\u00f3micas y organizativas de cada \u00e1mbito de aplicaci\u00f3n. Mediante este proceso, se regulan aspectos tan diversos como la estructura salarial, el tiempo de trabajo, las modalidades de contrataci\u00f3n, los sistemas de clasificaci\u00f3n profesional, las medidas de conciliaci\u00f3n de la vida laboral y familiar, y los procedimientos de soluci\u00f3n de conflictos, entre otros.<\/p>\n<p>Adem\u00e1s, en un contexto de transformaci\u00f3n digital, globalizaci\u00f3n econ\u00f3mica y nuevas formas de organizaci\u00f3n del trabajo, la negociaci\u00f3n colectiva tiene que reinventarse para abordar cuestiones emergentes como el teletrabajo, la desconexi\u00f3n digital, la formaci\u00f3n continua, la igualdad de g\u00e9nero y la sostenibilidad ambiental.<\/p>\n<p><strong><span style=\"color: #d2112d;\">Objetivos:<br \/>\n<\/span><\/strong>\u2022 Aportar conocimientos te\u00f3ricos y pr\u00e1cticos sobre los retos, oportunidades y herramientas asociadas a la negociaci\u00f3n colectiva, dirigidos a empresas y negociadores de convenios colectivos.<br \/>\n\u2022 Capacitar a los participantes en las tablas de negociaci\u00f3n colectiva para integrar de manera efectiva todas las posibilidades que permiten las normas aplicables y la interpretaci\u00f3n de los tribunales a la negociaci\u00f3n colectiva.<\/p>\n<p><span style=\"color: #d2112d;\"><strong>Calendario:<\/strong><\/span><br \/>\n\u2022 20 horas totales divididas en 10 sesiones de 2 horas.<br \/>\n\u2022 D\u00edas de sesiones: 2, 9, 16 y 23 de marzo; 13, 20 y 27 de abril y 4, 11 y 18 de mayo<br \/>\n\u2022 Horario: 9.30 a 11.30 horas<br \/>\n\u2022 Modalidad en l\u00ednea<\/p>\n<p><strong><span style=\"color: #d2112d;\">Ponente<\/span>:<\/strong><br \/>\n<strong>Jordi Garc\u00eda Vi\u00f1a<\/strong>, catedr\u00e1tico de Derecho del Trabajo y de la Seguridad Social de la Universitat de Barcelona. Consejero en Augusta Abogados.<\/p>\n<p><span style=\"color: #d2112d;\"><strong>Metodolog\u00eda:<\/strong><\/span><br \/>\nLas sesiones combinar\u00e1n una introducci\u00f3n de la materia objeto de an\u00e1lisis, con especial atenci\u00f3n en el estudio de cl\u00e1usulas de convenios colectivos y buenas pr\u00e1cticas implantadas en empresas, con debates que fomenten la participaci\u00f3n activa.<\/p>\n<p>Esta metodolog\u00eda permite mejorar la comprensi\u00f3n de como los diferentes recursos son presentes en las relaciones laborales, conociendo la normativa aplicable, la interpretaci\u00f3n de los tribunales y la actuaci\u00f3n de la Inspecci\u00f3n de Trabajo y de la Seguridad Social, incrementando la capacitaci\u00f3n pr\u00e1ctica y las habilidades para negociar convenios en todas las materias propuestas.<\/p>\n<p style=\"text-align: center;\"><strong><span style=\"color: #d2112d;\">PROGRAMA<\/span><\/strong><\/p>\n<ul>\n<li><strong>Sesi\u00f3n 1: 2 de marzo de 2026 &#8211; Cuestiones generales y marco normativo<\/strong><br \/>\n<a href=\"https:\/\/www.foment.com\/es\/inscripciones-eventos\/?idevento=B7F6E727-CDFA-F011-8407-7C1E5276AE0A\" target=\"_blank\" rel=\"noopener\"><span style=\"color: #d2112d;\"><strong>Inscripci\u00f3n 1.\u00aa jornada, aqu\u00ed<\/strong><\/span><\/a><\/li>\n<li><strong>Sesi\u00f3n 2: 9 de marzo de 2026\u00a0 &#8211; Modalidades contractuales<\/strong><br \/>\n<a href=\"https:\/\/www.foment.com\/es\/inscripciones-eventos\/?idevento=14D89F92-73FB-F011-8407-7CED8D3FAFDD\" target=\"_blank\" rel=\"noopener\"><span style=\"color: #d2112d;\"><strong>Inscripci\u00f3n 2.\u00aa jornada, aqu\u00ed<\/strong><\/span><\/a><\/li>\n<li><strong>Sesi\u00f3n 3: 16 de marzo de 2026 &#8211; Sistema de clasificaci\u00f3n profesional y procesos de formaci\u00f3n<\/strong><br \/>\n<a href=\"https:\/\/www.foment.com\/es\/inscripciones-eventos\/?idevento=3F53D0FA-8EFB-F011-8407-7CED8D3FACC9\" target=\"_blank\" rel=\"noopener\"><span style=\"color: #d2112d;\"><strong>Inscripci\u00f3n 3.\u00aa jornada, aqu\u00ed<\/strong><\/span><\/a><\/li>\n<li><strong>Sesi\u00f3n 4: 23 de marzo de 2026 &#8211; Tiempos de trabajo<\/strong><br \/>\n<a href=\"https:\/\/www.foment.com\/es\/inscripciones-eventos\/?idevento=F60A04F3-A0FB-F011-8406-000D3ADCC77A\" target=\"_blank\" rel=\"noopener\"><span style=\"color: #d2112d;\"><strong>Inscripci\u00f3n 4.\u00aa jornada, aqu\u00ed<\/strong><\/span><\/a><\/li>\n<li><strong>Sesi\u00f3n 5: 13 de abril de 2026 &#8211; Aspectos salariales y retributivos<\/strong><br \/>\n<a href=\"https:\/\/www.foment.com\/es\/inscripciones-eventos\/?idevento=24CF9054-2AFC-F011-8407-7CED8D3FA83B\" target=\"_blank\" rel=\"noopener\"><span style=\"color: #d2112d;\"><strong>Inscripci\u00f3n 5.\u00aa jornada, aqu\u00ed<\/strong><\/span><\/a><\/li>\n<li><strong>Sesi\u00f3n 6: 20 de abril de 2026 &#8211; Igualdad y conciliaci\u00f3n<\/strong><br \/>\n<a href=\"https:\/\/www.foment.com\/es\/inscripciones-eventos\/?idevento=51DC9376-2AFC-F011-8407-7CED8D3FA02B\" target=\"_blank\" rel=\"noopener\"><span style=\"color: #d2112d;\"><strong>Inscripci\u00f3n 6.\u00aa jornada, aqu\u00ed<\/strong><\/span><\/a><\/li>\n<li><strong>Sesi\u00f3n 7: 27 de abril de 2026 &#8211; Mecanismos de flexibilidad<\/strong><br \/>\n<a href=\"https:\/\/www.foment.com\/es\/inscripciones-eventos\/?idevento=3FE7DF5A-30FC-F011-8407-000D3ABA73B5\" target=\"_blank\" rel=\"noopener\"><span style=\"color: #d2112d;\"><strong>Inscripci\u00f3n 7.\u00aa jornada, aqu\u00ed<\/strong><\/span><\/a><\/li>\n<li><strong>Sesi\u00f3n 8: 4 de mayo de 2026 &#8211; Salud Laboral<\/strong><br \/>\n<a href=\"https:\/\/www.foment.com\/inscripcions-events\/?idevento=BC3EA17D-30FC-F011-8406-002248A1BFE4\" target=\"_blank\" rel=\"noopener\"><span style=\"color: #d2112d;\"><strong>Inscripci\u00f3n 8.\u00aa jornada, aqu\u00ed<\/strong><\/span><\/a><\/li>\n<li><strong>Sesi\u00f3n 9: 11 de mayo de 2026 &#8211; Materias colectivas<\/strong><br \/>\n<a href=\"https:\/\/www.foment.com\/es\/inscripciones-eventos\/?idevento=6756DE1A-3FFC-F011-8407-7CED8D3FA02B\" target=\"_blank\" rel=\"noopener\"><span style=\"color: #d2112d;\"><strong>Inscripci\u00f3n 9.\u00aa jornada, aqu\u00ed<\/strong><\/span><\/a><\/li>\n<li><strong>Sesi\u00f3n 10: 18 de mayo de 2026 &#8211; Nuevos retos para la negociaci\u00f3n colectiva<\/strong><br \/>\n<a href=\"https:\/\/www.foment.com\/es\/inscripciones-eventos\/?idevento=CC3B4D29-3FFC-F011-8406-7C1E52FC0A4E\" target=\"_blank\" rel=\"noopener\"><span style=\"color: #d2112d;\"><strong>Inscripci\u00f3n 10.\u00aa jornada, aqu\u00ed<\/strong><\/span><\/a><\/li>\n<\/ul>\n<p>&nbsp;<\/p>\n<p style=\"text-align: center;\"><a href=\"https:\/\/fomentdeltreball.sharepoint.com\/:b:\/g\/IQBY7k5Cn_tsQI6n8wAIwQN7AYeigrFWERjfxzDOZ9pxwKQ?e=Gub4Je\" target=\"_blank\" rel=\"noopener\"><span style=\"font-size: 18px; color: #d2112d;\"><strong>Descargar programa completo<\/strong><\/span><\/a><\/p>\n<p>&nbsp;<\/p>\n<p>Esta jornada forma parte de los Planes de Formaci\u00f3n del \u00e1mbito de Catalu\u00f1a, dirigidos a la capacitaci\u00f3n para el desarrollo de las funciones relacionadas con el di\u00e1logo social y la negociaci\u00f3n colectiva. Expediente n.\u00ba STC092\/25\/000001.<\/p>\n<p style=\"text-align: center;\"><strong><span style=\"color: #d2112d;\">*Es imprescindible autenticarse previamente a la celebraci\u00f3n de la jornada en Zoom mediante el enlace que se le facilitar\u00e1 al inscribirse en la\/s sesi\u00f3n\/nes*.<\/span><\/strong><\/p>\n<table style=\"border-collapse: collapse; width: 100%;\">\n<tbody>\n<tr>\n<td style=\"width: 33.3333%;\"><\/td>\n<td style=\"width: 33.3333%; text-align: center;\"><strong>Con el apoyo de:\u00a0<\/strong><\/p>\n<p><a href=\"https:\/\/web.gencat.cat\/ca\/ciutadania\/inici\"><img class=\"aligncenter wp-image-179766 size-medium\" src=\"https:\/\/www.foment.com\/wp-content\/uploads\/2024\/03\/generalitat-300x76.jpg\" alt=\"\" width=\"300\" height=\"76\" \/><\/a><\/p>\n<p>&nbsp;<\/td>\n<td style=\"width: 33.3333%;\"><\/td>\n<\/tr>\n<\/tbody>\n<\/table>\n<\/div><div class='clear'><\/div>\n\t\t\t\t\t\t\t\t\t<\/div>\n\t\t\t\t\t\t\t\t<\/div>\n\t\t\t\t\t\t\t<\/div><div class='evo_metarow_organizer evorow evcal_evdata_row evcal_evrow_sm '>\n\t\t\t\t\t\t\t\t<span class='evcal_evdata_icons'><i class='fa fa-headphones'><\/i><\/span>\n\t\t\t\t\t\t\t\t<div class='evcal_evdata_cell'>\t\t\t\t\t\t\t\n\t\t\t\t\t\t\t\t\t<h3 class='evo_h3'>Organizador<\/h3>\n\t\t\t\t\t\t\t\t\t<p class='evo_data_val evo_card_organizer_image'><img src='https:\/\/www.foment.com\/wp-content\/uploads\/2017\/06\/nou-laboral-sin-debates-300x76.png'\/><\/p>\n\t\t\t\t\t\t\t\t\t<div class='evo_card_organizer'><p class='evo_data_val evo_card_organizer_name'>\n\t\t\t\t\t\t\t\t\t\t<span class='evo_card_organizer_name_t'>Relaciones Laborales<\/span>\n\t\t\t\t\t\t\t\t\t\t\n\t\t\t\t\t\t\t\t\t\t<\/p><\/div><div class='clear'><\/div>\t\t\t\t\t\t\t\n\t\t\t\t\t\t\t\t<\/div>\n\t\t\t\t\t\t\t<\/div><div class='evcal_evdata_row evo_metarow_locImg evorow ' style='height:400px; background-image:url(https:\/\/www.foment.com\/wp-content\/uploads\/2017\/03\/002damm-0334.jpg)' id='31599_locimg' ><\/div>\t\t\t\t\t\t\t<div class='evo_metarow_ICS evorow evcal_evdata_row'>\n\t\t\t\t\t\t\t\t<span class=\"evcal_evdata_icons\"><i class=\"fa fa-calendar\"><\/i><\/span>\n\t\t\t\t\t\t\t\t<div class='evcal_evdata_cell'>\n\t\t\t\t\t\t\t\t\t<p><a href='https:\/\/www.foment.com\/wp-admin\/admin-ajax.php?action=eventon_ics_download&amp;event_id=212889&amp;ri=0' class='evo_ics_nCal' title='Add to your calendar'>Calendar<\/a><a href='\/\/www.google.com\/calendar\/event?action=TEMPLATE&amp;text=Ciclo%3A+La+Negociaci%C3%B3n+Colectiva+como+herramienta+de+gesti%C3%B3n+de+las+relaciones+laborales&amp;dates=20260302T083000Z\/20260518T103000Z&amp;ctz=Europe\/Madrid&amp;details=Ciclo%3A+La+Negociaci%C3%B3n+Colectiva+como+herramienta+de+gesti%C3%B3n+de+las+relaciones+laborales&amp;location=Zoom' target='_blank' class='evo_ics_gCal' title='Add to google calendar'>GoogleCal<\/a><\/p>\t\n\t\t\t\t\t\t\t\t<\/div>\n\t\t\t\t\t\t\t<\/div>\n\t\t\t\t\t\t\t<div class='evo_card_row_end evcal_close' title='Close'><\/div><\/div><div class='clear end'><\/div><\/div><div  id=\"event_218577_0\" class=\"eventon_list_event evo_eventtop scheduled  event event_218577_0\" data-event_id=\"218577\" data-ri=\"0r\" data-time=\"1777978800-1777984200\" data-colr=\"#d2112e\" itemscope itemtype='http:\/\/schema.org\/Event'><div class=\"evo_event_schema\" style=\"display:none\" ><a itemprop='url'  href='https:\/\/www.foment.com\/es\/events\/sistema-privado-de-salud-retos-sostenibilidad-y-futuro\/'><\/a><meta itemprop='image' content=\"https:\/\/www.foment.com\/wp-content\/uploads\/2026\/04\/2.jpg\" \/><meta itemprop='startDate' content=\"2026-5-5T11:00+2:00\" \/><meta itemprop='endDate' content=\"2026-5-5T12:30+2:00\" \/><meta itemprop='eventStatus' content=\"https:\/\/schema.org\/EventScheduled\" \/><item style=\"display:none\" itemprop=\"location\" itemscope itemtype=\"http:\/\/schema.org\/Place\"><span itemprop=\"name\">Foment del Treball<\/span><span itemprop=\"address\" itemscope itemtype=\"http:\/\/schema.org\/PostalAddress\"><item itemprop=\"streetAddress\">Via Laietana, 32-34, Principal, Barcelona<\/item><\/span><\/item><item style=\"display:none\" itemprop=\"eventAttendanceMode\" itemscope itemtype=\"https:\/\/schema.org\/OfflineEventAttendanceMode\"><\/item><div itemprop=\"organizer\" itemscope=\"\" itemtype=\"http:\/\/schema.org\/Organization\">\n\t\t\t\t\t    \t<meta itemprop=\"name\" content=\"Foment del Treball\">\n\t\t\t\t\t    \t<meta itemprop=\"url\" content=\"http:\/\/www.foment.com\/es\/event-organizer\/foment-del-treball-es\/\"><\/div><div itemprop=\"performer\" itemscope=\"\" itemtype=\"http:\/\/schema.org\/Person\">\n\t\t\t\t\t    \t<meta itemprop=\"name\" content=\"Foment del Treball\">\n\t\t\t\t\t    <\/div><script type=\"application\/ld+json\">{\"@context\": \"http:\/\/schema.org\",\"@type\": \"Event\",\n\t\t\t\t\t\"@id\": \"event_218577_0\",\n\t\t\t\t\t\"eventAttendanceMode\":\"https:\/\/schema.org\/OfflineEventAttendanceMode\",\n\t\t\t\t\t\"name\": \"Sistema privado de salud: retos, sostenibilidad y futuro\",\n\t\t\t\t\t\"url\": \"https:\/\/www.foment.com\/es\/events\/sistema-privado-de-salud-retos-sostenibilidad-y-futuro\/\",\n\t\t\t\t\t\"startDate\": \"2026-5-5T11:00+2:00\",\n\t\t\t\t\t\"endDate\": \"2026-5-5T12:30+2:00\",\n\t\t\t\t\t\"image\":\"https:\/\/www.foment.com\/wp-content\/uploads\/2026\/04\/2.jpg\", \n\t\t\t\t\t\"description\":\"<p>[vc_row][vc_column width=\u00bb1\/1&#8243;][vc_column_text]<\/p> <div> <p>En un momento de transformaci\u00f3n del sistema sanitario, el papel del sector privado y la evoluci\u00f3n del modelo MUFACE se convierten en elementos clave para entender el equilibrio entre cobertura, calidad y sostenibilidad.<\/p> <p>Esta jornada propone un espacio de reflexi\u00f3n y debate con expertos para analizar c\u00f3mo estos modelos impactan en el conjunto del sistema de salud, as\u00ed como sus perspectivas de futuro.<\/p> <p>La sesi\u00f3n reunir\u00e1 dos voces con una mirada experta y complementaria:<\/p> <ul> <li><strong>Enrique Bernal-Delgado<\/strong>,\u00a0 m\u00e9dico epidemi\u00f3logo y ex presidente de la Asociaci\u00f3n de Econom\u00eda de la Salud, que aportar\u00e1 un an\u00e1lisis riguroso sobre la eficiencia, los costes y la sostenibilidad de los diferentes sistemas sanitarios, as\u00ed como sobre la situaci\u00f3n actual del sistema p\u00fablico y del sistema privado.<\/li> <li><strong>Xavier Mate,<\/strong> Director Territorial Barcelona-Vall\u00e8s de Quir\u00f3nsalud y miembro de CAPSIS, que compartir\u00e1 su visi\u00f3n sobre el funcionamiento del sistema y los retos estructurales que afronta el sistema privado de salud en un contexto global.<\/li> <\/ul> <p>A trav\u00e9s de este di\u00e1logo, se pretende generar una mejor comprensi\u00f3n del rol del sistema privado y del modelo MUFACE dentro del ecosistema sanitario, as\u00ed como identificar posibles l\u00edneas de evoluci\u00f3n en un contexto de creciente presi\u00f3n sobre los recursos y la demanda asistencial.<\/p> <\/div> <p><strong>Es imprescindible confirmar asist\u00e8ncia en el siguente enlace: <\/strong><span style='font-family: georgia, palatino, serif; font-size: 16px;'><strong>\u00a0 \u00a0 \u00a0 \u00a0 \u00a0 \u00a0 \u00a0 \u00a0 \u00a0 \u00a0 \u00a0 \u00a0 \u00a0\u00a0<\/strong><\/span>[\/vc_column_text][\/vc_column][\/vc_row][vc_row][vc_column width=\u00bb1\/3&#8243;][\/vc_column][vc_column width=\u00bb1\/3&#8243;][vc_btn title=\u00bbInscripci\u00f3n gratuita, aqu\u00ed\u00bb style=\u00bb3d\u00bb color=\u00bbdanger\u00bb size=\u00bblg\u00bb align=\u00bbcenter\u00bb button_block=\u00bbtrue\u00bb link=\u00bburl:https%3A%2F%2Fwww.foment.com%2Fes%2Finscripciones-eventos%2F%3Fidevento%3D3A9D7097-853C-F111-88B4-000D3ADCC77A|target:_blank\u00bb][\/vc_column][vc_column width=\u00bb1\/3&#8243;][\/vc_column][\/vc_row]<\/p> \",\"location\":[{\"@type\":\"Place\",\"name\":\"Foment del Treball\",\"address\":{\"@type\": \"PostalAddress\",\"streetAddress\":\"Via Laietana, 32-34, Principal, Barcelona\"}}],\"organizer\":{\"@type\":\"Organization\",\"name\":\"Foment del Treball\",\"url\":\"http:\/\/www.foment.com\/es\/event-organizer\/foment-del-treball-es\/\"},\"performer\":{\"@type\":\"Person\",\"name\":\"Foment del Treball\"},\"eventStatus\":\"https:\/\/schema.org\/EventScheduled\"}<\/script><\/div>\n\t\t\t\t<p class=\"desc_trig_outter\" style=\"background-color:#ffffff;flex-direction: row;\"><a data-gmap_status=\"null\" data-exlk=\"0\" style=\"border-color: #d2112e;\" id=\"evc_1777978800218577\" class=\"hasFtIMG desc_trig evo_atencion-personas-salud-social sin_val evcal_list_a\" data-ux_val=\"3\"  ><span class='ev_ftImg' data-img='https:\/\/www.foment.com\/wp-content\/uploads\/2026\/04\/2.jpg' data-thumb='https:\/\/www.foment.com\/wp-content\/uploads\/2026\/04\/2-300x169.jpg' style='background-image:url(\"https:\/\/www.foment.com\/wp-content\/uploads\/2026\/04\/2-300x169.jpg\")'><\/span><style>.ajde_evcal_calendar.boxy #evcal_list .eventon_list_event .evcal_desc em{color:black;}<\/style><span style='width:100%; background-color:#d2112e !important;' class='evcal_cblock ' data-smon='mayo' data-syr='2026'><span style='margin-top: 7px;margin-bottom: 7px;' class='evo_start '><em class='date'>05<\/em><em class='month'>may<\/em><em class='time'>11:00<\/em><\/span><span style='margin-top: 7px;margin-bottom: 7px;' class='evo_end only_time'><em class='time'>12:30<\/em><\/span><em class='clear'><\/em><\/span><span class='evcal_desc evo_info '  data-location_address=\"Via Laietana, 32-34, Principal, Barcelona\" data-location_type=\"address\" data-location_name=\"Foment del Treball\" data-location_url=\"https:\/\/www.foment.com\/es\/event-location\/foment-del-treball\/\" data-location_status=\"true\" ><span class='evo_above_title'><\/span><span class='evcal_desc2 evcal_event_title hbaevatitle' itemprop='name'>Sistema privado de salud: retos, sostenibilidad y futuro<\/span><span class='evo_below_title'><\/span><span class='evcal_desc_info' ><em class='evcal_time evo_tz_time'>11:00 - 12:30<\/em> <\/span><span class='evcal_desc3'><em class=\"evcal_location\"  data-add_str=\"\"><em class=\"event_location_name\">Foment del Treball<\/em><\/em><\/span><span style='height: 60px;'  class='evcal_desc3' ><span class='evcal_event_types ett1'><em>C =<\/em><em data-filter='event_type'>Atenci\u00f3n a las Personas, Salud y Social<\/em><i class='clear'><\/i><\/span><\/span><\/span><em class='clear'><\/em><\/a><\/p><div class='event_description evcal_eventcard ' style=\"display:none\"><div class='evo_metarow_fimg evorow evcal_evdata_img evcal_evdata_row  evo_imghover' data-imgheight='1080' data-imgwidth='1920'  style='background-image: url(\"https:\/\/www.foment.com\/wp-content\/uploads\/2026\/04\/2.jpg\")' data-imgstyle='full' data-minheight='400' data-status=''><\/div><div class='evcal_evdata_row evorow_2b evo_metarow_time_location evorow  '>\n\t\t\t\t\t\t\t\t<div class='evorow_b evorow_b1 evo_time'>\n\t\t\t\t\t\t\t\t\t<span class='evcal_evdata_icons'><i class='fa fa-clock'><\/i><\/span>\n\t\t\t\t\t\t\t\t\t<div class='evcal_evdata_cell'>\t\t\t\t\t\t\t\n\t\t\t\t\t\t\t\t\t\t<h3 class='evo_h3'><span class='evcal_evdata_icons'><i class='fa fa-clock'><\/i><\/span>Horario<\/h3>\n\t\t\t\t\t\t\t\t\t\t<p><span class='evo_eventcard_time_t'>(Martes) 11:00 - 12:30<\/span><\/p>\n\t\t\t\t\t\t\t\t\t<\/div>\n\t\t\t\t\t\t\t\t<\/div>\n\t\t\t\t\t\t\t\t<div class='evorow_b evo_location'>\n\t\t\t\t\t\t\t\t\t<span class='evcal_evdata_icons'><i class='fa fa-map-marker-alt'><\/i><\/span>\n\t\t\t\t\t\t\t\t\t<div class='evcal_evdata_cell' data-loc_tax_id='98'><h3 class='evo_h3'><span class='evcal_evdata_icons'><i class='fa fa-map-marker-alt'><\/i><\/span>Lugar<\/h3><p class='evo_location_name'>Foment del Treball<\/p><p class='evo_location_address'>Via Laietana, 32-34, Principal, Barcelona<\/p><\/div>\n\t\t\t\t\t\t\t\t<\/div>\n\t\t\t\t\t\t\t\t\n\t\t\t\t\t\t\t<\/div><div class='evo_metarow_details evorow evcal_evdata_row evcal_event_details'>\n\t\t\t\t\t\t\t\t<div class=\"event_excerpt\" style=\"display:none\"><h3 class=\"padb5 evo_h3\">Detalles del evento<\/h3><p>[vc_row][vc_column width=\u00bb1\/1&#8243;][vc_column_text]\n\nEn un momento de transformaci\u00f3n del sistema sanitario, el papel del sector privado y la evoluci\u00f3n del modelo MUFACE se convierten en elementos clave para entender el equilibrio entre<\/p><\/div><span class='evcal_evdata_icons'><i class='fa fa-align-justify'><\/i><\/span>\n\t\t\t\t\t\t\t\t\n\t\t\t\t\t\t\t\t<div class='evcal_evdata_cell '>\n\t\t\t\t\t\t\t\t\t<div class='eventon_full_description'>\n\t\t\t\t\t\t\t\t\t\t<h3 class='padb5 evo_h3'><span class='evcal_evdata_icons'><i class='fa fa-align-justify'><\/i><\/span>Detalles del evento<\/h3>\n\t\t\t\t\t\t\t\t\t\t<div class='eventon_desc_in' itemprop='description'>\n\t\t\t\t\t\t\t\t\t\t<p>[vc_row][vc_column width=\u00bb1\/1&#8243;][vc_column_text]<\/p>\n<div>\n<p>En un momento de transformaci\u00f3n del sistema sanitario, el papel del sector privado y la evoluci\u00f3n del modelo MUFACE se convierten en elementos clave para entender el equilibrio entre cobertura, calidad y sostenibilidad.<\/p>\n<p>Esta jornada propone un espacio de reflexi\u00f3n y debate con expertos para analizar c\u00f3mo estos modelos impactan en el conjunto del sistema de salud, as\u00ed como sus perspectivas de futuro.<\/p>\n<p>La sesi\u00f3n reunir\u00e1 dos voces con una mirada experta y complementaria:<\/p>\n<ul>\n<li><strong>Enrique Bernal-Delgado<\/strong>,\u00a0 m\u00e9dico epidemi\u00f3logo y ex presidente de la Asociaci\u00f3n de Econom\u00eda de la Salud, que aportar\u00e1 un an\u00e1lisis riguroso sobre la eficiencia, los costes y la sostenibilidad de los diferentes sistemas sanitarios, as\u00ed como sobre la situaci\u00f3n actual del sistema p\u00fablico y del sistema privado.<\/li>\n<li><strong>Xavier Mate,<\/strong> Director Territorial Barcelona-Vall\u00e8s de Quir\u00f3nsalud y miembro de CAPSIS, que compartir\u00e1 su visi\u00f3n sobre el funcionamiento del sistema y los retos estructurales que afronta el sistema privado de salud en un contexto global.<\/li>\n<\/ul>\n<p>A trav\u00e9s de este di\u00e1logo, se pretende generar una mejor comprensi\u00f3n del rol del sistema privado y del modelo MUFACE dentro del ecosistema sanitario, as\u00ed como identificar posibles l\u00edneas de evoluci\u00f3n en un contexto de creciente presi\u00f3n sobre los recursos y la demanda asistencial.<\/p>\n<\/div>\n<p><strong>Es imprescindible confirmar asist\u00e8ncia en el siguente enlace: <\/strong><span style=\"font-family: georgia, palatino, serif; font-size: 16px;\"><strong>\u00a0 \u00a0 \u00a0 \u00a0 \u00a0 \u00a0 \u00a0 \u00a0 \u00a0 \u00a0 \u00a0 \u00a0 \u00a0\u00a0<\/strong><\/span>[\/vc_column_text][\/vc_column][\/vc_row][vc_row][vc_column width=\u00bb1\/3&#8243;][\/vc_column][vc_column width=\u00bb1\/3&#8243;][vc_btn title=\u00bbInscripci\u00f3n gratuita, aqu\u00ed\u00bb style=\u00bb3d\u00bb color=\u00bbdanger\u00bb size=\u00bblg\u00bb align=\u00bbcenter\u00bb button_block=\u00bbtrue\u00bb link=\u00bburl:https%3A%2F%2Fwww.foment.com%2Fes%2Finscripciones-eventos%2F%3Fidevento%3D3A9D7097-853C-F111-88B4-000D3ADCC77A|target:_blank\u00bb][\/vc_column][vc_column width=\u00bb1\/3&#8243;][\/vc_column][\/vc_row]<\/p>\n<\/div><div class='clear'><\/div>\n\t\t\t\t\t\t\t\t\t<\/div>\n\t\t\t\t\t\t\t\t<\/div>\n\t\t\t\t\t\t\t<\/div><div class='evo_metarow_organizer evorow evcal_evdata_row evcal_evrow_sm '>\n\t\t\t\t\t\t\t\t<span class='evcal_evdata_icons'><i class='fa fa-headphones'><\/i><\/span>\n\t\t\t\t\t\t\t\t<div class='evcal_evdata_cell'>\t\t\t\t\t\t\t\n\t\t\t\t\t\t\t\t\t<h3 class='evo_h3'>Organizador<\/h3>\n\t\t\t\t\t\t\t\t\t<p class='evo_data_val evo_card_organizer_image'><img src='https:\/\/www.foment.com\/wp-content\/uploads\/2022\/09\/Foment_Logos_Logo-Positiu-300x131.jpg'\/><\/p>\n\t\t\t\t\t\t\t\t\t<div class='evo_card_organizer'><p class='evo_data_val evo_card_organizer_name'>\n\t\t\t\t\t\t\t\t\t\t<span class='evo_card_organizer_name_t'><a  href='https:\/\/www.foment.com\/es\/event-organizer\/foment-del-treball-es\/'>Foment del Treball<\/a><\/span><span class='evo_card_organizer_description'>@FomentTreball<\/span><span class='evo_card_organizer_contact'>foment@foment.com<\/span>\n\t\t\t\t\t\t\t\t\t\t<span class='evo_card_organizer_address'>Via Laietana 32-34<\/span>\n\t\t\t\t\t\t\t\t\t\t<\/p><\/div><div class='clear'><\/div>\t\t\t\t\t\t\t\n\t\t\t\t\t\t\t\t<\/div>\n\t\t\t\t\t\t\t<\/div><div class='evcal_evdata_row evo_metarow_locImg evorow ' style='height:400px; background-image:url(https:\/\/www.foment.com\/wp-content\/uploads\/2022\/06\/Edifici-Foment-2020-scaled.jpg)' id='146693_locimg' ><\/div>\t\t\t\t\t\t\t<div class='evo_metarow_ICS evorow evcal_evdata_row'>\n\t\t\t\t\t\t\t\t<span class=\"evcal_evdata_icons\"><i class=\"fa fa-calendar\"><\/i><\/span>\n\t\t\t\t\t\t\t\t<div class='evcal_evdata_cell'>\n\t\t\t\t\t\t\t\t\t<p><a href='https:\/\/www.foment.com\/wp-admin\/admin-ajax.php?action=eventon_ics_download&amp;event_id=218577&amp;ri=0' class='evo_ics_nCal' title='Add to your calendar'>Calendar<\/a><a href='\/\/www.google.com\/calendar\/event?action=TEMPLATE&amp;text=Sistema+privado+de+salud%3A+retos%2C+sostenibilidad+y+futuro&amp;dates=20260505T090000Z\/20260505T103000Z&amp;ctz=Europe\/Madrid&amp;details=Sistema+privado+de+salud%3A+retos%2C+sostenibilidad+y+futuro&amp;location=Foment+del+TreballVia+Laietana%2C+32-34%2C+Principal%2C+Barcelona' target='_blank' class='evo_ics_gCal' title='Add to google calendar'>GoogleCal<\/a><\/p>\t\n\t\t\t\t\t\t\t\t<\/div>\n\t\t\t\t\t\t\t<\/div>\n\t\t\t\t\t\t\t<div class='evo_card_row_end evcal_close' title='Close'><\/div><\/div><div class='clear end'><\/div><\/div><div  id=\"event_217493_0\" class=\"eventon_list_event evo_eventtop scheduled  event event_217493_0\" data-event_id=\"217493\" data-ri=\"0r\" data-time=\"1778060700-1778071500\" data-colr=\"#00a499\" itemscope itemtype='http:\/\/schema.org\/Event'><div class=\"evo_event_schema\" style=\"display:none\" ><a itemprop='url'  href='https:\/\/www.foment.com\/es\/events\/diagnosticar-y-prevenir-la-violencia-laboral-interna-una-aproximacion-basada-en-la-evidencia\/'><\/a><meta itemprop='image' content=\"https:\/\/www.foment.com\/wp-content\/uploads\/2026\/04\/Caratula-Violencia-laboral-interna-CAST-1.jpg\" \/><meta itemprop='startDate' content=\"2026-5-6T09:45+2:00\" \/><meta itemprop='endDate' content=\"2026-5-6T12:45+2:00\" \/><meta itemprop='eventStatus' content=\"https:\/\/schema.org\/EventScheduled\" \/><item style=\"display:none\" itemprop=\"eventAttendanceMode\" itemscope itemtype=\"https:\/\/schema.org\/OfflineEventAttendanceMode\"><\/item><div itemprop=\"organizer\" itemscope=\"\" itemtype=\"http:\/\/schema.org\/Organization\">\n\t\t\t\t\t    \t<meta itemprop=\"name\" content=\"Of. T\u00e9cnica de Prevenci\u00f3n de Riesgos Laborales\">\n\t\t\t\t\t    \t<\/div><div itemprop=\"performer\" itemscope=\"\" itemtype=\"http:\/\/schema.org\/Person\">\n\t\t\t\t\t    \t<meta itemprop=\"name\" content=\"Of. T\u00e9cnica de Prevenci\u00f3n de Riesgos Laborales\">\n\t\t\t\t\t    <\/div><script type=\"application\/ld+json\">{\"@context\": \"http:\/\/schema.org\",\"@type\": \"Event\",\n\t\t\t\t\t\"@id\": \"event_217493_0\",\n\t\t\t\t\t\"eventAttendanceMode\":\"https:\/\/schema.org\/OfflineEventAttendanceMode\",\n\t\t\t\t\t\"name\": \"Prevenir la violencia laboral interna: una aproximaci\u00f3n basada en la evidencia\",\n\t\t\t\t\t\"url\": \"https:\/\/www.foment.com\/es\/events\/diagnosticar-y-prevenir-la-violencia-laboral-interna-una-aproximacion-basada-en-la-evidencia\/\",\n\t\t\t\t\t\"startDate\": \"2026-5-6T09:45+2:00\",\n\t\t\t\t\t\"endDate\": \"2026-5-6T12:45+2:00\",\n\t\t\t\t\t\"image\":\"https:\/\/www.foment.com\/wp-content\/uploads\/2026\/04\/Caratula-Violencia-laboral-interna-CAST-1.jpg\", \n\t\t\t\t\t\"description\":\"<p>[vc_row][vc_column][vc_column_text]<\/p> <p>&nbsp;<\/p> <p style='text-align: center;'><span style='color: #a60f0f; font-family: verdana, geneva, sans-serif;'><span style='font-size: 24px;'>Prevenir la violencia laboral interna: una aproximaci\u00f3n basada en la evidencia<\/span><\/span><\/p> <p>&nbsp;<\/p> <p style='text-align: justify;'><span style='font-family: verdana, geneva, sans-serif; font-size: 14px;'>La violencia laboral interna es una realidad frecuentemente invisible, pero con un impacto profundo en la salud de las personas, el clima organizativo y la sostenibilidad de las empresas. Pese a los avances en materia de prevenci\u00f3n de riesgos laborales, todav\u00eda persisten situaciones de violencia psicol\u00f3gica, discriminatoria, sexual o f\u00edsica en las organizaciones que no siempre son detectadas ni abordadas con la eficacia necesaria.<\/span><\/p> <p style='text-align: justify;'><span style='font-family: verdana, geneva, sans-serif; font-size: 14px;'>La normativa vigente establece la obligaci\u00f3n de prevenir estos riesgos, pero su naturaleza compleja y multifactorial hace que muchas empresas no dispongan de herramientas claras para identificarlos y gestionarlos de manera sistem\u00e1tica. Esto genera un desajuste entre el marco normativo y la realidad operativa de las organizaciones.<\/span><\/p> <p style='text-align: justify;'><span style='font-family: verdana, geneva, sans-serif; font-size: 14px;'>En este contexto, se hace necesario avanzar hacia modelos de an\u00e1lisis e intervenci\u00f3n basados en la evidencia cient\u00edfica que permitan a las empresas anticiparse a los riesgos y desplegar estrategias preventivas efectivas.<\/span><\/p> <p style='text-align: justify;'><span style='font-family: verdana, geneva, sans-serif; font-size: 14px;'>Esta jornada tiene por objetivo aportar conocimiento riguroso sobre la violencia laboral interna, as\u00ed como presentar una metodolog\u00eda innovadora que permite a las organizaciones diagnosticar su nivel de riesgo e implementar acciones preventivas con impacto real. Adem\u00e1s, se compartir\u00e1n experiencias pr\u00e1cticas y resultados obtenidos en pruebas piloto en entornos empresariales reales.<\/span><\/p> <p>[\/vc_column_text][\/vc_column][\/vc_row][vc_row][vc_column width=\u00bb1\/2&#8243;][vc_btn title=\u00bbDescargar programa\u00bb style=\u00bboutline-custom\u00bb outline_custom_color=\u00bb#dd3333&#8243; outline_custom_hover_background=\u00bb#000000&#8243; outline_custom_hover_text=\u00bb#ffffff\u00bb align=\u00bbcenter\u00bb link=\u00bburl:https%3A%2F%2Ffomentdeltreball.sharepoint.com%2F%3Ab%3A%2Fg%2FIQA9tuNjIoPXRLB3efk4KdSoAcNydWIJRERsy_xavfliAUo|target:_blank\u00bb css=\u00bb.vc_custom_1775573769900{background-color: #ffffff !important;}\u00bb][\/vc_column][vc_column width=\u00bb1\/2&#8243;][vc_btn title=\u00bbInscripci\u00f3n\u00bb style=\u00bboutline-custom\u00bb outline_custom_color=\u00bb#dd3333&#8243; outline_custom_hover_background=\u00bb#000000&#8243; outline_custom_hover_text=\u00bb#ffffff\u00bb align=\u00bbcenter\u00bb link=\u00bburl:https%3A%2F%2Fwww.foment.com%2Fes%2Finscripciones-eventos%2F%3Fidevento%3DFEC12EF7-8A32-F111-88B4-7CED8D3FACC9|target:_blank\u00bb css=\u00bb.vc_custom_1775573813520{background-color: #ffffff !important;}\u00bb][\/vc_column][\/vc_row][vc_row][vc_column][vc_column_text]<br \/> [\/vc_column_text][vc_single_image image=\u00bb213981&#8243; img_size=\u00bblarge\u00bb][\/vc_column][\/vc_row]<\/p> \",\"organizer\":{\"@type\":\"Organization\",\"name\":\"Of. T\u00e9cnica de Prevenci\u00f3n de Riesgos Laborales\"},\"performer\":{\"@type\":\"Person\",\"name\":\"Of. T\u00e9cnica de Prevenci\u00f3n de Riesgos Laborales\"},\"eventStatus\":\"https:\/\/schema.org\/EventScheduled\"}<\/script><\/div>\n\t\t\t\t<p class=\"desc_trig_outter\" style=\"background-color:#ffffff;flex-direction: row;\"><a data-gmap_status=\"null\" data-exlk=\"1\"  style=\"border-color: #00a499;\" id=\"evc_1778060700217493\" class=\"hasFtIMG desc_trig evo_prevencion-riesgos-laborales sin_val evcal_list_a\" data-ux_val=\"3\"  ><span class='ev_ftImg' data-img='https:\/\/www.foment.com\/wp-content\/uploads\/2026\/04\/Caratula-Violencia-laboral-interna-CAST-1.jpg' data-thumb='https:\/\/www.foment.com\/wp-content\/uploads\/2026\/04\/Caratula-Violencia-laboral-interna-CAST-1-300x169.jpg' style='background-image:url(\"https:\/\/www.foment.com\/wp-content\/uploads\/2026\/04\/Caratula-Violencia-laboral-interna-CAST-1-300x169.jpg\")'><\/span><style>.ajde_evcal_calendar.boxy #evcal_list .eventon_list_event .evcal_desc em{color:black;}<\/style><span style='width:100%; background-color:#00a499 !important;' class='evcal_cblock ' data-smon='mayo' data-syr='2026'><span style='margin-top: 7px;margin-bottom: 7px;' class='evo_start '><em class='date'>06<\/em><em class='month'>may<\/em><em class='time'>9:45<\/em><\/span><span style='margin-top: 7px;margin-bottom: 7px;' class='evo_end only_time'><em class='time'>12:45<\/em><\/span><em class='clear'><\/em><\/span><span class='evcal_desc evo_info '  ><span class='evo_above_title'><\/span><span class='evcal_desc2 evcal_event_title hbaevatitle' itemprop='name'>Prevenir la violencia laboral interna: una aproximaci\u00f3n basada en la evidencia<\/span><span class='evo_below_title'><\/span><span class='evcal_desc_info' ><em class='evcal_time evo_tz_time'>9:45 - 12:45<\/em> <\/span><span class='evcal_desc3'><\/span><span style='height: 60px;'  class='evcal_desc3' ><span class='evcal_event_types ett1'><em>C =<\/em><em data-filter='event_type'>Prevenci\u00f3n Riesgos Laborales<\/em><i class='clear'><\/i><\/span><\/span><\/span><em class='clear'><\/em><\/a><\/p><div class='event_description evcal_eventcard ' style=\"display:none\"><div class='evo_metarow_fimg evorow evcal_evdata_img evcal_evdata_row  evo_imghover' data-imgheight='1080' data-imgwidth='1920'  style='background-image: url(\"https:\/\/www.foment.com\/wp-content\/uploads\/2026\/04\/Caratula-Violencia-laboral-interna-CAST-1.jpg\")' data-imgstyle='full' data-minheight='400' data-status=''><\/div><div class='evo_metarow_time evorow evcal_evdata_row evcal_evrow_sm '>\n\t\t\t\t\t\t\t\t<span class='evcal_evdata_icons'><i class='fa fa-clock'><\/i><\/span>\n\t\t\t\t\t\t\t\t<div class='evcal_evdata_cell'>\t\t\t\t\t\t\t\n\t\t\t\t\t\t\t\t\t<h3 class='evo_h3'><span class='evcal_evdata_icons'><i class='fa fa-clock'><\/i><\/span>Horario<\/h3><p><span class='evo_eventcard_time_t'>(Mi\u00e9rcoles) 9:45 - 12:45<\/span><\/p>\n\t\t\t\t\t\t\t\t<\/div>\n\t\t\t\t\t\t\t<\/div><div class='evo_metarow_details evorow evcal_evdata_row evcal_event_details'>\n\t\t\t\t\t\t\t\t<div class=\"event_excerpt\" style=\"display:none\"><h3 class=\"padb5 evo_h3\">Detalles del evento<\/h3><p>[vc_row][vc_column][vc_column_text]\n&nbsp;\nPrevenir la violencia laboral interna: una aproximaci\u00f3n basada en la evidencia\n&nbsp;\nLa violencia<\/p><\/div><span class='evcal_evdata_icons'><i class='fa fa-align-justify'><\/i><\/span>\n\t\t\t\t\t\t\t\t\n\t\t\t\t\t\t\t\t<div class='evcal_evdata_cell '>\n\t\t\t\t\t\t\t\t\t<div class='eventon_full_description'>\n\t\t\t\t\t\t\t\t\t\t<h3 class='padb5 evo_h3'><span class='evcal_evdata_icons'><i class='fa fa-align-justify'><\/i><\/span>Detalles del evento<\/h3>\n\t\t\t\t\t\t\t\t\t\t<div class='eventon_desc_in' itemprop='description'>\n\t\t\t\t\t\t\t\t\t\t<p>[vc_row][vc_column][vc_column_text]<\/p>\n<p>&nbsp;<\/p>\n<p style=\"text-align: center;\"><span style=\"color: #a60f0f; font-family: verdana, geneva, sans-serif;\"><span style=\"font-size: 24px;\">Prevenir la violencia laboral interna: una aproximaci\u00f3n basada en la evidencia<\/span><\/span><\/p>\n<p>&nbsp;<\/p>\n<p style=\"text-align: justify;\"><span style=\"font-family: verdana, geneva, sans-serif; font-size: 14px;\">La violencia laboral interna es una realidad frecuentemente invisible, pero con un impacto profundo en la salud de las personas, el clima organizativo y la sostenibilidad de las empresas. Pese a los avances en materia de prevenci\u00f3n de riesgos laborales, todav\u00eda persisten situaciones de violencia psicol\u00f3gica, discriminatoria, sexual o f\u00edsica en las organizaciones que no siempre son detectadas ni abordadas con la eficacia necesaria.<\/span><\/p>\n<p style=\"text-align: justify;\"><span style=\"font-family: verdana, geneva, sans-serif; font-size: 14px;\">La normativa vigente establece la obligaci\u00f3n de prevenir estos riesgos, pero su naturaleza compleja y multifactorial hace que muchas empresas no dispongan de herramientas claras para identificarlos y gestionarlos de manera sistem\u00e1tica. Esto genera un desajuste entre el marco normativo y la realidad operativa de las organizaciones.<\/span><\/p>\n<p style=\"text-align: justify;\"><span style=\"font-family: verdana, geneva, sans-serif; font-size: 14px;\">En este contexto, se hace necesario avanzar hacia modelos de an\u00e1lisis e intervenci\u00f3n basados en la evidencia cient\u00edfica que permitan a las empresas anticiparse a los riesgos y desplegar estrategias preventivas efectivas.<\/span><\/p>\n<p style=\"text-align: justify;\"><span style=\"font-family: verdana, geneva, sans-serif; font-size: 14px;\">Esta jornada tiene por objetivo aportar conocimiento riguroso sobre la violencia laboral interna, as\u00ed como presentar una metodolog\u00eda innovadora que permite a las organizaciones diagnosticar su nivel de riesgo e implementar acciones preventivas con impacto real. Adem\u00e1s, se compartir\u00e1n experiencias pr\u00e1cticas y resultados obtenidos en pruebas piloto en entornos empresariales reales.<\/span><\/p>\n<p>[\/vc_column_text][\/vc_column][\/vc_row][vc_row][vc_column width=\u00bb1\/2&#8243;][vc_btn title=\u00bbDescargar programa\u00bb style=\u00bboutline-custom\u00bb outline_custom_color=\u00bb#dd3333&#8243; outline_custom_hover_background=\u00bb#000000&#8243; outline_custom_hover_text=\u00bb#ffffff\u00bb align=\u00bbcenter\u00bb link=\u00bburl:https%3A%2F%2Ffomentdeltreball.sharepoint.com%2F%3Ab%3A%2Fg%2FIQA9tuNjIoPXRLB3efk4KdSoAcNydWIJRERsy_xavfliAUo|target:_blank\u00bb css=\u00bb.vc_custom_1775573769900{background-color: #ffffff !important;}\u00bb][\/vc_column][vc_column width=\u00bb1\/2&#8243;][vc_btn title=\u00bbInscripci\u00f3n\u00bb style=\u00bboutline-custom\u00bb outline_custom_color=\u00bb#dd3333&#8243; outline_custom_hover_background=\u00bb#000000&#8243; outline_custom_hover_text=\u00bb#ffffff\u00bb align=\u00bbcenter\u00bb link=\u00bburl:https%3A%2F%2Fwww.foment.com%2Fes%2Finscripciones-eventos%2F%3Fidevento%3DFEC12EF7-8A32-F111-88B4-7CED8D3FACC9|target:_blank\u00bb css=\u00bb.vc_custom_1775573813520{background-color: #ffffff !important;}\u00bb][\/vc_column][\/vc_row][vc_row][vc_column][vc_column_text]<br \/>\n[\/vc_column_text][vc_single_image image=\u00bb213981&#8243; img_size=\u00bblarge\u00bb][\/vc_column][\/vc_row]<\/p>\n<\/div><div class='clear'><\/div>\n\t\t\t\t\t\t\t\t\t<\/div>\n\t\t\t\t\t\t\t\t<\/div>\n\t\t\t\t\t\t\t<\/div><div class='evo_metarow_organizer evorow evcal_evdata_row evcal_evrow_sm '>\n\t\t\t\t\t\t\t\t<span class='evcal_evdata_icons'><i class='fa fa-headphones'><\/i><\/span>\n\t\t\t\t\t\t\t\t<div class='evcal_evdata_cell'>\t\t\t\t\t\t\t\n\t\t\t\t\t\t\t\t\t<h3 class='evo_h3'>Organizador<\/h3>\n\t\t\t\t\t\t\t\t\t\n\t\t\t\t\t\t\t\t\t<div class='evo_card_organizer'><p class='evo_data_val evo_card_organizer_name'>\n\t\t\t\t\t\t\t\t\t\t<span class='evo_card_organizer_name_t'>Of. T\u00e9cnica de Prevenci\u00f3n de Riesgos Laborales<\/span>\n\t\t\t\t\t\t\t\t\t\t\n\t\t\t\t\t\t\t\t\t\t<\/p><\/div><div class='clear'><\/div>\t\t\t\t\t\t\t\n\t\t\t\t\t\t\t\t<\/div>\n\t\t\t\t\t\t\t<\/div>\t\t\t\t\t\t\t<div class='evo_metarow_ICS evorow evcal_evdata_row'>\n\t\t\t\t\t\t\t\t<span class=\"evcal_evdata_icons\"><i class=\"fa fa-calendar\"><\/i><\/span>\n\t\t\t\t\t\t\t\t<div class='evcal_evdata_cell'>\n\t\t\t\t\t\t\t\t\t<p><a href='https:\/\/www.foment.com\/wp-admin\/admin-ajax.php?action=eventon_ics_download&amp;event_id=217493&amp;ri=0' class='evo_ics_nCal' title='Add to your calendar'>Calendar<\/a><a href='\/\/www.google.com\/calendar\/event?action=TEMPLATE&amp;text=Prevenir+la+violencia+laboral+interna%3A+una+aproximaci%C3%B3n+basada+en+la+evidencia&amp;dates=20260506T074500Z\/20260506T104500Z&amp;ctz=Europe\/Madrid&amp;details=Prevenir+la+violencia+laboral+interna%3A+una+aproximaci%C3%B3n+basada+en+la+evidencia&amp;location=' target='_blank' class='evo_ics_gCal' title='Add to google calendar'>GoogleCal<\/a><\/p>\t\n\t\t\t\t\t\t\t\t<\/div>\n\t\t\t\t\t\t\t<\/div>\n\t\t\t\t\t\t\t<div class='evo_card_row_end evcal_close' title='Close'><\/div><\/div><div class='clear end'><\/div><\/div><div  id=\"event_218874_0\" class=\"eventon_list_event evo_eventtop scheduled  event event_218874_0\" data-event_id=\"218874\" data-ri=\"0r\" data-time=\"1778068800-1778076000\" data-colr=\"#ff91a2\" itemscope itemtype='http:\/\/schema.org\/Event'><div class=\"evo_event_schema\" style=\"display:none\" ><a itemprop='url'  href='https:\/\/www.foment.com\/es\/events\/como-identificar-y-activar-clientes-potenciales-con-ia\/'><\/a><meta itemprop='image' content=\"https:\/\/www.foment.com\/wp-content\/uploads\/2026\/04\/20260506_ClientesIA_Banner.png\" \/><meta itemprop='startDate' content=\"2026-5-6T12:00+2:00\" \/><meta itemprop='endDate' content=\"2026-5-6T14:00+2:00\" \/><meta itemprop='eventStatus' content=\"https:\/\/schema.org\/EventScheduled\" \/><item style=\"display:none\" itemprop=\"eventAttendanceMode\" itemscope itemtype=\"https:\/\/schema.org\/OfflineEventAttendanceMode\"><\/item><div itemprop=\"organizer\" itemscope=\"\" itemtype=\"http:\/\/schema.org\/Organization\">\n\t\t\t\t\t    \t<meta itemprop=\"name\" content=\"Innovaci\u00f3\">\n\t\t\t\t\t    \t<\/div><div itemprop=\"performer\" itemscope=\"\" itemtype=\"http:\/\/schema.org\/Person\">\n\t\t\t\t\t    \t<meta itemprop=\"name\" content=\"Innovaci\u00f3\">\n\t\t\t\t\t    <\/div><script type=\"application\/ld+json\">{\"@context\": \"http:\/\/schema.org\",\"@type\": \"Event\",\n\t\t\t\t\t\"@id\": \"event_218874_0\",\n\t\t\t\t\t\"eventAttendanceMode\":\"https:\/\/schema.org\/OfflineEventAttendanceMode\",\n\t\t\t\t\t\"name\": \"C\u00f3mo identificar y activar clientes potenciales con IA\",\n\t\t\t\t\t\"url\": \"https:\/\/www.foment.com\/es\/events\/como-identificar-y-activar-clientes-potenciales-con-ia\/\",\n\t\t\t\t\t\"startDate\": \"2026-5-6T12:00+2:00\",\n\t\t\t\t\t\"endDate\": \"2026-5-6T14:00+2:00\",\n\t\t\t\t\t\"image\":\"https:\/\/www.foment.com\/wp-content\/uploads\/2026\/04\/20260506_ClientesIA_Banner.png\", \n\t\t\t\t\t\"description\":\"<p>Os invitamos a la pr\u00f3xima jornada de Fomento Oficina Acelera Pyme, \u00ab<strong>C\u00f3mo identificar y activar clientes potenciales con IA<\/strong>\u00ab, que se celebrar\u00e1 el pr\u00f3ximo <strong>6 de mayo de 12 a 13.30 h, en modalidad virtual.<\/strong><\/p> <p>Durante la sesi\u00f3n se abordar\u00e1, de manera clara y pr\u00e1ctica, c\u00f3mo integrar el uso de la inteligencia artificial en el proceso comercial para detectar clientes con alta probabilidad de compra, entender mejor su contexto y activar acciones de contacto de alto impacto.<\/p> <p><strong>Resumen de contenidos<\/strong><\/p> <p>La sesi\u00f3n se centrar\u00e1 en c\u00f3mo definir al cliente ideal a partir de datos reales y experiencia comercial previa, analizar tendencias de mercado con IA, mapar la competencia con enfoque comercial y enriquecer y segmentar leads sin necesidad de grandes bases de datos. Tambi\u00e9n se trabajar\u00e1 la comprensi\u00f3n de las necesidades, motivaciones y objeciones del cliente potencial, as\u00ed como el dise\u00f1o de propuestas de valor y mensajes adaptados a cada segmento, la creaci\u00f3n de campa\u00f1as de contacto a trav\u00e9s de canales como el correo electr\u00f3nico o LinkedIn y el seguimiento de las acciones comerciales con IA para mejorar progresivamente los resultados.<\/p> <p><strong>Objetivos<\/strong><\/p> <p>Entender c\u00f3mo aplicar la IA al proceso comercial para identificar clientes potenciales con m\u00e1s probabilidad de conversi\u00f3n. Aprender a definir y segmentar mejor los p\u00fablicos objetivo a partir de datos, contexto y experiencia comercial.<br \/> Conocer herramientas y criterios para dise\u00f1ar mensajes y acciones de contacto m\u00e1s relevantes y efectivas. Explorar c\u00f3mo utilizar la IA para optimizar el seguimiento comercial y mejorar los resultados de manera progresiva.<\/p> <p>Como ponente de la sesi\u00f3n, contaremos con <strong>Laia Morales, socia fundadora de Bexperience, formadora en inteligencia artificial generativa e ingeniera inform\u00e1tica<\/strong>. Su enfoque pr\u00e1ctico y su experiencia en el \u00e1mbito comercial y digital permitir\u00e1n trasladar estas herramientas y metodolog\u00edas de manera clara y aplicable al tejido empresarial.<\/p> <p>Es imprescindible confirmar previamente la asistencia en el siguiente enlace:<\/p> <p style='text-align: center;'><strong>Inscripci\u00f3n al evento,<\/strong><a href='https:\/\/www.foment.com\/es\/inscripciones-eventos\/?idevento=94CE1E60-FE3E-F111-88B4-000D3ADCC77A'><strong> aqu\u00ed<\/strong><\/a><\/p> <p>&nbsp;<\/p> \",\"organizer\":{\"@type\":\"Organization\",\"name\":\"Innovaci\u00f3\"},\"performer\":{\"@type\":\"Person\",\"name\":\"Innovaci\u00f3\"},\"eventStatus\":\"https:\/\/schema.org\/EventScheduled\"}<\/script><\/div>\n\t\t\t\t<p class=\"desc_trig_outter\" style=\"background-color:#ffffff;flex-direction: row;\"><a data-gmap_status=\"null\" data-exlk=\"1\"  style=\"border-color: #ff91a2;\" id=\"evc_1778068800218874\" class=\"hasFtIMG desc_trig evo_innovacion evo_jornades-oap sin_val evcal_list_a\" data-ux_val=\"3\"  ><span class='ev_ftImg' data-img='https:\/\/www.foment.com\/wp-content\/uploads\/2026\/04\/20260506_ClientesIA_Banner.png' data-thumb='https:\/\/www.foment.com\/wp-content\/uploads\/2026\/04\/20260506_ClientesIA_Banner-300x169.png' style='background-image:url(\"https:\/\/www.foment.com\/wp-content\/uploads\/2026\/04\/20260506_ClientesIA_Banner-300x169.png\")'><\/span><style>.ajde_evcal_calendar.boxy #evcal_list .eventon_list_event .evcal_desc em{color:black;}<\/style><span style='width:100%; background-color:#ff91a2 !important;' class='evcal_cblock ' data-smon='mayo' data-syr='2026'><span style='margin-top: 7px;margin-bottom: 7px;' class='evo_start '><em class='date'>06<\/em><em class='month'>may<\/em><em class='time'>12:00<\/em><\/span><span style='margin-top: 7px;margin-bottom: 7px;' class='evo_end only_time'><em class='time'>14:00<\/em><\/span><em class='clear'><\/em><\/span><span class='evcal_desc evo_info '  ><span class='evo_above_title'><\/span><span class='evcal_desc2 evcal_event_title hbaevatitle' itemprop='name'>C\u00f3mo identificar y activar clientes potenciales con IA<\/span><span class='evo_below_title'><\/span><span class='evcal_desc_info' ><em class='evcal_time evo_tz_time'>12:00 - 14:00<\/em> <\/span><span class='evcal_desc3'><em class=\"evcal_location\"  data-add_str=\"\"><em class=\"event_location_name\">Online<\/em><\/em><\/span><span style='height: 60px;'  class='evcal_desc3' ><span class='evcal_event_types ett1'><em>C =<\/em><em data-filter='event_type'>Innovaci\u00f3n,<\/em><em data-filter='event_type'>Jornades OAP<\/em><i class='clear'><\/i><\/span><\/span><\/span><em class='clear'><\/em><\/a><\/p><div class='event_description evcal_eventcard ' style=\"display:none\"><div class='evo_metarow_fimg evorow evcal_evdata_img evcal_evdata_row  evo_imghover' data-imgheight='1080' data-imgwidth='1920'  style='background-image: url(\"https:\/\/www.foment.com\/wp-content\/uploads\/2026\/04\/20260506_ClientesIA_Banner.png\")' data-imgstyle='full' data-minheight='400' data-status=''><\/div><div class='evcal_evdata_row evorow_2b evo_metarow_time_location evorow  '>\n\t\t\t\t\t\t\t\t<div class='evorow_b evorow_b1 evo_time'>\n\t\t\t\t\t\t\t\t\t<span class='evcal_evdata_icons'><i class='fa fa-clock'><\/i><\/span>\n\t\t\t\t\t\t\t\t\t<div class='evcal_evdata_cell'>\t\t\t\t\t\t\t\n\t\t\t\t\t\t\t\t\t\t<h3 class='evo_h3'><span class='evcal_evdata_icons'><i class='fa fa-clock'><\/i><\/span>Horario<\/h3>\n\t\t\t\t\t\t\t\t\t\t<p><span class='evo_eventcard_time_t'>(Mi\u00e9rcoles) 12:00 - 14:00<\/span><\/p>\n\t\t\t\t\t\t\t\t\t<\/div>\n\t\t\t\t\t\t\t\t<\/div>\n\t\t\t\t\t\t\t\t<div class='evorow_b evo_location'>\n\t\t\t\t\t\t\t\t\t<span class='evcal_evdata_icons'><i class='fa fa-map-marker-alt'><\/i><\/span>\n\t\t\t\t\t\t\t\t\t<div class='evcal_evdata_cell' data-loc_tax_id='8770'><h3 class='evo_h3'><span class='evcal_evdata_icons'><i class='fa fa-map-marker-alt'><\/i><\/span>Lugar<\/h3><p class='evo_location_name'>Online<\/p><\/div>\n\t\t\t\t\t\t\t\t<\/div>\n\t\t\t\t\t\t\t\t\n\t\t\t\t\t\t\t<\/div><div class='evo_metarow_details evorow evcal_evdata_row evcal_event_details'>\n\t\t\t\t\t\t\t\t<div class=\"event_excerpt\" style=\"display:none\"><h3 class=\"padb5 evo_h3\">Detalles del evento<\/h3><p>Os invitamos a la pr\u00f3xima jornada de Fomento Oficina Acelera Pyme, \u00abC\u00f3mo identificar y activar clientes potenciales con IA\u00ab, que se celebrar\u00e1 el pr\u00f3ximo 6 de mayo de 12 a<\/p><\/div><span class='evcal_evdata_icons'><i class='fa fa-align-justify'><\/i><\/span>\n\t\t\t\t\t\t\t\t\n\t\t\t\t\t\t\t\t<div class='evcal_evdata_cell '>\n\t\t\t\t\t\t\t\t\t<div class='eventon_full_description'>\n\t\t\t\t\t\t\t\t\t\t<h3 class='padb5 evo_h3'><span class='evcal_evdata_icons'><i class='fa fa-align-justify'><\/i><\/span>Detalles del evento<\/h3>\n\t\t\t\t\t\t\t\t\t\t<div class='eventon_desc_in' itemprop='description'>\n\t\t\t\t\t\t\t\t\t\t<p>Os invitamos a la pr\u00f3xima jornada de Fomento Oficina Acelera Pyme, \u00ab<strong>C\u00f3mo identificar y activar clientes potenciales con IA<\/strong>\u00ab, que se celebrar\u00e1 el pr\u00f3ximo <strong>6 de mayo de 12 a 13.30 h, en modalidad virtual.<\/strong><\/p>\n<p>Durante la sesi\u00f3n se abordar\u00e1, de manera clara y pr\u00e1ctica, c\u00f3mo integrar el uso de la inteligencia artificial en el proceso comercial para detectar clientes con alta probabilidad de compra, entender mejor su contexto y activar acciones de contacto de alto impacto.<\/p>\n<p><strong>Resumen de contenidos<\/strong><\/p>\n<p>La sesi\u00f3n se centrar\u00e1 en c\u00f3mo definir al cliente ideal a partir de datos reales y experiencia comercial previa, analizar tendencias de mercado con IA, mapar la competencia con enfoque comercial y enriquecer y segmentar leads sin necesidad de grandes bases de datos. Tambi\u00e9n se trabajar\u00e1 la comprensi\u00f3n de las necesidades, motivaciones y objeciones del cliente potencial, as\u00ed como el dise\u00f1o de propuestas de valor y mensajes adaptados a cada segmento, la creaci\u00f3n de campa\u00f1as de contacto a trav\u00e9s de canales como el correo electr\u00f3nico o LinkedIn y el seguimiento de las acciones comerciales con IA para mejorar progresivamente los resultados.<\/p>\n<p><strong>Objetivos<\/strong><\/p>\n<p>Entender c\u00f3mo aplicar la IA al proceso comercial para identificar clientes potenciales con m\u00e1s probabilidad de conversi\u00f3n. Aprender a definir y segmentar mejor los p\u00fablicos objetivo a partir de datos, contexto y experiencia comercial.<br \/>\nConocer herramientas y criterios para dise\u00f1ar mensajes y acciones de contacto m\u00e1s relevantes y efectivas. Explorar c\u00f3mo utilizar la IA para optimizar el seguimiento comercial y mejorar los resultados de manera progresiva.<\/p>\n<p>Como ponente de la sesi\u00f3n, contaremos con <strong>Laia Morales, socia fundadora de Bexperience, formadora en inteligencia artificial generativa e ingeniera inform\u00e1tica<\/strong>. Su enfoque pr\u00e1ctico y su experiencia en el \u00e1mbito comercial y digital permitir\u00e1n trasladar estas herramientas y metodolog\u00edas de manera clara y aplicable al tejido empresarial.<\/p>\n<p>Es imprescindible confirmar previamente la asistencia en el siguiente enlace:<\/p>\n<p style=\"text-align: center;\"><strong>Inscripci\u00f3n al evento,<\/strong><a href=\"https:\/\/www.foment.com\/es\/inscripciones-eventos\/?idevento=94CE1E60-FE3E-F111-88B4-000D3ADCC77A\"><strong> aqu\u00ed<\/strong><\/a><\/p>\n<p>&nbsp;<\/p>\n<\/div><div class='clear'><\/div>\n\t\t\t\t\t\t\t\t\t<\/div>\n\t\t\t\t\t\t\t\t<\/div>\n\t\t\t\t\t\t\t<\/div><div class='evo_metarow_organizer evorow evcal_evdata_row evcal_evrow_sm '>\n\t\t\t\t\t\t\t\t<span class='evcal_evdata_icons'><i class='fa fa-headphones'><\/i><\/span>\n\t\t\t\t\t\t\t\t<div class='evcal_evdata_cell'>\t\t\t\t\t\t\t\n\t\t\t\t\t\t\t\t\t<h3 class='evo_h3'>Organizador<\/h3>\n\t\t\t\t\t\t\t\t\t\n\t\t\t\t\t\t\t\t\t<div class='evo_card_organizer'><p class='evo_data_val evo_card_organizer_name'>\n\t\t\t\t\t\t\t\t\t\t<span class='evo_card_organizer_name_t'>Innovaci\u00f3<\/span>\n\t\t\t\t\t\t\t\t\t\t\n\t\t\t\t\t\t\t\t\t\t<\/p><\/div><div class='clear'><\/div>\t\t\t\t\t\t\t\n\t\t\t\t\t\t\t\t<\/div>\n\t\t\t\t\t\t\t<\/div>\t\t\t\t\t\t\t<div class='evo_metarow_ICS evorow evcal_evdata_row'>\n\t\t\t\t\t\t\t\t<span class=\"evcal_evdata_icons\"><i class=\"fa fa-calendar\"><\/i><\/span>\n\t\t\t\t\t\t\t\t<div class='evcal_evdata_cell'>\n\t\t\t\t\t\t\t\t\t<p><a href='https:\/\/www.foment.com\/wp-admin\/admin-ajax.php?action=eventon_ics_download&amp;event_id=218874&amp;ri=0' class='evo_ics_nCal' title='Add to your calendar'>Calendar<\/a><a href='\/\/www.google.com\/calendar\/event?action=TEMPLATE&amp;text=C%C3%B3mo+identificar+y+activar+clientes+potenciales+con+IA&amp;dates=20260506T100000Z\/20260506T120000Z&amp;ctz=Europe\/Madrid&amp;details=C%C3%B3mo+identificar+y+activar+clientes+potenciales+con+IA&amp;location=Online' target='_blank' class='evo_ics_gCal' title='Add to google calendar'>GoogleCal<\/a><\/p>\t\n\t\t\t\t\t\t\t\t<\/div>\n\t\t\t\t\t\t\t<\/div>\n\t\t\t\t\t\t\t<div class='evo_card_row_end evcal_close' title='Close'><\/div><\/div><div class='clear end'><\/div><\/div><div  id=\"event_217221_0\" class=\"eventon_list_event evo_eventtop scheduled  event event_217221_0\" data-event_id=\"217221\" data-ri=\"0r\" data-time=\"1778230800-1778241600\" data-colr=\"#ff91a2\" itemscope itemtype='http:\/\/schema.org\/Event'><div class=\"evo_event_schema\" style=\"display:none\" ><a itemprop='url'  href='https:\/\/www.foment.com\/es\/events\/organizaciones-agiles-se-el-mas-rapido-de-tu-sector\/'><\/a><meta itemprop='image' content=\"https:\/\/www.foment.com\/wp-content\/uploads\/2026\/03\/Banner_cast-1.png\" \/><meta itemprop='startDate' content=\"2026-5-8T09:00+2:00\" \/><meta itemprop='endDate' content=\"2026-5-8T12:00+2:00\" \/><meta itemprop='eventStatus' content=\"https:\/\/schema.org\/EventScheduled\" \/><item style=\"display:none\" itemprop=\"location\" itemscope itemtype=\"http:\/\/schema.org\/Place\"><span itemprop=\"name\">Foment del Treball<\/span><span itemprop=\"address\" itemscope itemtype=\"http:\/\/schema.org\/PostalAddress\"><item itemprop=\"streetAddress\">Via Laietana, 32-34, Principal, Barcelona<\/item><\/span><\/item><item style=\"display:none\" itemprop=\"eventAttendanceMode\" itemscope itemtype=\"https:\/\/schema.org\/OfflineEventAttendanceMode\"><\/item><div itemprop=\"organizer\" itemscope=\"\" itemtype=\"http:\/\/schema.org\/Organization\">\n\t\t\t\t\t    \t<meta itemprop=\"name\" content=\"Innovaci\u00f3\">\n\t\t\t\t\t    \t<\/div><div itemprop=\"performer\" itemscope=\"\" itemtype=\"http:\/\/schema.org\/Person\">\n\t\t\t\t\t    \t<meta itemprop=\"name\" content=\"Innovaci\u00f3\">\n\t\t\t\t\t    <\/div><script type=\"application\/ld+json\">{\"@context\": \"http:\/\/schema.org\",\"@type\": \"Event\",\n\t\t\t\t\t\"@id\": \"event_217221_0\",\n\t\t\t\t\t\"eventAttendanceMode\":\"https:\/\/schema.org\/OfflineEventAttendanceMode\",\n\t\t\t\t\t\"name\": \"Organizaciones \u00c1giles: se el m\u00e1s r\u00e1pido de tu sector\",\n\t\t\t\t\t\"url\": \"https:\/\/www.foment.com\/es\/events\/organizaciones-agiles-se-el-mas-rapido-de-tu-sector\/\",\n\t\t\t\t\t\"startDate\": \"2026-5-8T09:00+2:00\",\n\t\t\t\t\t\"endDate\": \"2026-5-8T12:00+2:00\",\n\t\t\t\t\t\"image\":\"https:\/\/www.foment.com\/wp-content\/uploads\/2026\/03\/Banner_cast-1.png\", \n\t\t\t\t\t\"description\":\"<p>Te invitamos a la pr\u00f3xima jornada formativa del DIH, el Digital Innovation Hub de Catalu\u00f1a, que <strong>se celebrar\u00e1 el pr\u00f3ximo 8 de mayo, de 9h a 12h, en la sede de Foment del Treball.<\/strong><\/p> <p>Durante la sesi\u00f3n, veremos que muchas organizaciones contin\u00faan operando con modelos de gesti\u00f3n heredados del siglo pasado, y entenderemos la necesidad de cambiar la manera de funcionar para garantizar la eficacia de los flujos internos, priorizando la velocidad, la capacidad de respuesta y la visi\u00f3n transversal.<\/p> <p>Exploraremos c\u00f3mo las empresas pueden evolucionar hacia modelos m\u00e1s \u00e1giles, con un conocimiento preciso de la carga de trabajo y con un objetivo claro: reducir tiempo para ganar competitividad, en lugar de centrarse exclusivamente en la reducci\u00f3n de costes.<\/p> <p>Abordaremos este reto desde una perspectiva pr\u00e1ctica y estrat\u00e9gica a trav\u00e9s de los 2 puntos de vista:<\/p> <p><span style='color: #d2112d;'><strong>Organizaciones \u00c1giles, el cambio de paradigma<\/strong><\/span><\/p> <p>La aplicaci\u00f3n de este cambio de mentalidad permitir\u00e1 que vuestra organizaci\u00f3n se adapte mejor y m\u00e1s r\u00e1pido a los cambios del entorno, consiguiendo una velocidad general muy por encima de la competencia tanto en el lanzamiento de nuevos productos como sirviendo pedidos.<\/p> <p>Ponente: <strong>Sergi Mussons<\/strong> (CEO QRM Institute Spain, Soci Edvance)<\/p> <p><span style='color: #d2112d;'><strong>DDMRP, o c\u00f3mo absorber la variabilidad de tu demanda<\/strong><\/span><\/p> <p>Mediante la implementaci\u00f3n del sistema DDMRP, vuestra organizaci\u00f3n alcanzar\u00e1 una estabilidad operativa real al proteger el flujo contra la variabilidad del mercado y el efecto fuelle, simplificando dr\u00e1sticamente la toma de decisiones gracias a una herramienta digital que elimina la burocracia administrativa.<\/p> <p>Ponente: <strong>David Poveda<\/strong> (CEO Flowing Consultor\u00eda, instructor y miembro del DDMRP Institute)<\/p> <p>La jornada ser\u00e1 una oportunidad para reflexionar, compartir experiencias y descubrir nuevas formas de organizaci\u00f3n adaptadas a los desaf\u00edos del presente y del futuro inmediato.<\/p> <p style='text-align: center;'><span style='color: #d2112d; font-size: 18px;'><strong><a style='color: #d2112d;' href='https:\/\/www.foment.com\/es\/inscripciones-eventos\/?idevento=C338CCD6-6927-F111-8342-000D3ADCCD86'>\u200bInscr\u00edbete, aqu\u00ed\u200b<\/a><\/strong><\/span><\/p> \",\"location\":[{\"@type\":\"Place\",\"name\":\"Foment del Treball\",\"address\":{\"@type\": \"PostalAddress\",\"streetAddress\":\"Via Laietana, 32-34, Principal, Barcelona\"}}],\"organizer\":{\"@type\":\"Organization\",\"name\":\"Innovaci\u00f3\"},\"performer\":{\"@type\":\"Person\",\"name\":\"Innovaci\u00f3\"},\"eventStatus\":\"https:\/\/schema.org\/EventScheduled\"}<\/script><\/div>\n\t\t\t\t<p class=\"desc_trig_outter\" style=\"background-color:#ffffff;flex-direction: row;\"><a data-gmap_status=\"null\" data-exlk=\"1\"  style=\"border-color: #ff91a2;\" id=\"evc_1778230800217221\" class=\"hasFtIMG desc_trig evo_innovacion sin_val evcal_list_a\" data-ux_val=\"3\"  ><span class='ev_ftImg' data-img='https:\/\/www.foment.com\/wp-content\/uploads\/2026\/03\/Banner_cast-1.png' data-thumb='https:\/\/www.foment.com\/wp-content\/uploads\/2026\/03\/Banner_cast-1-300x169.png' style='background-image:url(\"https:\/\/www.foment.com\/wp-content\/uploads\/2026\/03\/Banner_cast-1-300x169.png\")'><\/span><style>.ajde_evcal_calendar.boxy #evcal_list .eventon_list_event .evcal_desc em{color:black;}<\/style><span style='width:100%; background-color:#ff91a2 !important;' class='evcal_cblock ' data-smon='mayo' data-syr='2026'><span style='margin-top: 7px;margin-bottom: 7px;' class='evo_start '><em class='date'>08<\/em><em class='month'>may<\/em><em class='time'>9:00<\/em><\/span><span style='margin-top: 7px;margin-bottom: 7px;' class='evo_end only_time'><em class='time'>12:00<\/em><\/span><em class='clear'><\/em><\/span><span class='evcal_desc evo_info '  data-location_address=\"Via Laietana, 32-34, Principal, Barcelona\" data-location_type=\"address\" data-location_name=\"Foment del Treball\" data-location_url=\"https:\/\/www.foment.com\/es\/event-location\/foment-del-treball\/\" data-location_status=\"true\" ><span class='evo_above_title'><\/span><span class='evcal_desc2 evcal_event_title hbaevatitle' itemprop='name'>Organizaciones \u00c1giles: se el m\u00e1s r\u00e1pido de tu sector<\/span><span class='evo_below_title'><\/span><span class='evcal_desc_info' ><em class='evcal_time evo_tz_time'>9:00 - 12:00<\/em> <\/span><span class='evcal_desc3'><em class=\"evcal_location\"  data-add_str=\"\"><em class=\"event_location_name\">Foment del Treball<\/em><\/em><\/span><span style='height: 60px;'  class='evcal_desc3' ><span class='evcal_event_types ett1'><em>C =<\/em><em data-filter='event_type'>Innovaci\u00f3n<\/em><i class='clear'><\/i><\/span><\/span><\/span><em class='clear'><\/em><\/a><\/p><div class='event_description evcal_eventcard ' style=\"display:none\"><div class='evo_metarow_fimg evorow evcal_evdata_img evcal_evdata_row  evo_imghover' data-imgheight='1080' data-imgwidth='1920'  style='background-image: url(\"https:\/\/www.foment.com\/wp-content\/uploads\/2026\/03\/Banner_cast-1.png\")' data-imgstyle='full' data-minheight='400' data-status=''><\/div><div class='evcal_evdata_row evorow_2b evo_metarow_time_location evorow  '>\n\t\t\t\t\t\t\t\t<div class='evorow_b evorow_b1 evo_time'>\n\t\t\t\t\t\t\t\t\t<span class='evcal_evdata_icons'><i class='fa fa-clock'><\/i><\/span>\n\t\t\t\t\t\t\t\t\t<div class='evcal_evdata_cell'>\t\t\t\t\t\t\t\n\t\t\t\t\t\t\t\t\t\t<h3 class='evo_h3'><span class='evcal_evdata_icons'><i class='fa fa-clock'><\/i><\/span>Horario<\/h3>\n\t\t\t\t\t\t\t\t\t\t<p><span class='evo_eventcard_time_t'>(Viernes) 9:00 - 12:00<\/span><\/p>\n\t\t\t\t\t\t\t\t\t<\/div>\n\t\t\t\t\t\t\t\t<\/div>\n\t\t\t\t\t\t\t\t<div class='evorow_b evo_location'>\n\t\t\t\t\t\t\t\t\t<span class='evcal_evdata_icons'><i class='fa fa-map-marker-alt'><\/i><\/span>\n\t\t\t\t\t\t\t\t\t<div class='evcal_evdata_cell' data-loc_tax_id='98'><h3 class='evo_h3'><span class='evcal_evdata_icons'><i class='fa fa-map-marker-alt'><\/i><\/span>Lugar<\/h3><p class='evo_location_name'>Foment del Treball<\/p><p class='evo_location_address'>Via Laietana, 32-34, Principal, Barcelona<\/p><\/div>\n\t\t\t\t\t\t\t\t<\/div>\n\t\t\t\t\t\t\t\t\n\t\t\t\t\t\t\t<\/div><div class='evo_metarow_details evorow evcal_evdata_row evcal_event_details'>\n\t\t\t\t\t\t\t\t<div class=\"event_excerpt\" style=\"display:none\"><h3 class=\"padb5 evo_h3\">Detalles del evento<\/h3><p>Te invitamos a la pr\u00f3xima jornada formativa del DIH, el Digital Innovation Hub de Catalu\u00f1a, que se celebrar\u00e1 el pr\u00f3ximo 8 de mayo, de 9h a 12h, en la sede<\/p><\/div><span class='evcal_evdata_icons'><i class='fa fa-align-justify'><\/i><\/span>\n\t\t\t\t\t\t\t\t\n\t\t\t\t\t\t\t\t<div class='evcal_evdata_cell '>\n\t\t\t\t\t\t\t\t\t<div class='eventon_full_description'>\n\t\t\t\t\t\t\t\t\t\t<h3 class='padb5 evo_h3'><span class='evcal_evdata_icons'><i class='fa fa-align-justify'><\/i><\/span>Detalles del evento<\/h3>\n\t\t\t\t\t\t\t\t\t\t<div class='eventon_desc_in' itemprop='description'>\n\t\t\t\t\t\t\t\t\t\t<p>Te invitamos a la pr\u00f3xima jornada formativa del DIH, el Digital Innovation Hub de Catalu\u00f1a, que <strong>se celebrar\u00e1 el pr\u00f3ximo 8 de mayo, de 9h a 12h, en la sede de Foment del Treball.<\/strong><\/p>\n<p>Durante la sesi\u00f3n, veremos que muchas organizaciones contin\u00faan operando con modelos de gesti\u00f3n heredados del siglo pasado, y entenderemos la necesidad de cambiar la manera de funcionar para garantizar la eficacia de los flujos internos, priorizando la velocidad, la capacidad de respuesta y la visi\u00f3n transversal.<\/p>\n<p>Exploraremos c\u00f3mo las empresas pueden evolucionar hacia modelos m\u00e1s \u00e1giles, con un conocimiento preciso de la carga de trabajo y con un objetivo claro: reducir tiempo para ganar competitividad, en lugar de centrarse exclusivamente en la reducci\u00f3n de costes.<\/p>\n<p>Abordaremos este reto desde una perspectiva pr\u00e1ctica y estrat\u00e9gica a trav\u00e9s de los 2 puntos de vista:<\/p>\n<p><span style=\"color: #d2112d;\"><strong>Organizaciones \u00c1giles, el cambio de paradigma<\/strong><\/span><\/p>\n<p>La aplicaci\u00f3n de este cambio de mentalidad permitir\u00e1 que vuestra organizaci\u00f3n se adapte mejor y m\u00e1s r\u00e1pido a los cambios del entorno, consiguiendo una velocidad general muy por encima de la competencia tanto en el lanzamiento de nuevos productos como sirviendo pedidos.<\/p>\n<p>Ponente: <strong>Sergi Mussons<\/strong> (CEO QRM Institute Spain, Soci Edvance)<\/p>\n<p><span style=\"color: #d2112d;\"><strong>DDMRP, o c\u00f3mo absorber la variabilidad de tu demanda<\/strong><\/span><\/p>\n<p>Mediante la implementaci\u00f3n del sistema DDMRP, vuestra organizaci\u00f3n alcanzar\u00e1 una estabilidad operativa real al proteger el flujo contra la variabilidad del mercado y el efecto fuelle, simplificando dr\u00e1sticamente la toma de decisiones gracias a una herramienta digital que elimina la burocracia administrativa.<\/p>\n<p>Ponente: <strong>David Poveda<\/strong> (CEO Flowing Consultor\u00eda, instructor y miembro del DDMRP Institute)<\/p>\n<p>La jornada ser\u00e1 una oportunidad para reflexionar, compartir experiencias y descubrir nuevas formas de organizaci\u00f3n adaptadas a los desaf\u00edos del presente y del futuro inmediato.<\/p>\n<p style=\"text-align: center;\"><span style=\"color: #d2112d; font-size: 18px;\"><strong><a style=\"color: #d2112d;\" href=\"https:\/\/www.foment.com\/es\/inscripciones-eventos\/?idevento=C338CCD6-6927-F111-8342-000D3ADCCD86\">\u200bInscr\u00edbete, aqu\u00ed\u200b<\/a><\/strong><\/span><\/p>\n<\/div><div class='clear'><\/div>\n\t\t\t\t\t\t\t\t\t<\/div>\n\t\t\t\t\t\t\t\t<\/div>\n\t\t\t\t\t\t\t<\/div><div class='evo_metarow_organizer evorow evcal_evdata_row evcal_evrow_sm '>\n\t\t\t\t\t\t\t\t<span class='evcal_evdata_icons'><i class='fa fa-headphones'><\/i><\/span>\n\t\t\t\t\t\t\t\t<div class='evcal_evdata_cell'>\t\t\t\t\t\t\t\n\t\t\t\t\t\t\t\t\t<h3 class='evo_h3'>Organizador<\/h3>\n\t\t\t\t\t\t\t\t\t\n\t\t\t\t\t\t\t\t\t<div class='evo_card_organizer'><p class='evo_data_val evo_card_organizer_name'>\n\t\t\t\t\t\t\t\t\t\t<span class='evo_card_organizer_name_t'>Innovaci\u00f3<\/span>\n\t\t\t\t\t\t\t\t\t\t\n\t\t\t\t\t\t\t\t\t\t<\/p><\/div><div class='clear'><\/div>\t\t\t\t\t\t\t\n\t\t\t\t\t\t\t\t<\/div>\n\t\t\t\t\t\t\t<\/div><div class='evcal_evdata_row evo_metarow_locImg evorow ' style='height:400px; background-image:url(https:\/\/www.foment.com\/wp-content\/uploads\/2022\/06\/Edifici-Foment-2020-scaled.jpg)' id='146693_locimg' ><\/div>\t\t\t\t\t\t\t<div class='evo_metarow_ICS evorow evcal_evdata_row'>\n\t\t\t\t\t\t\t\t<span class=\"evcal_evdata_icons\"><i class=\"fa fa-calendar\"><\/i><\/span>\n\t\t\t\t\t\t\t\t<div class='evcal_evdata_cell'>\n\t\t\t\t\t\t\t\t\t<p><a href='https:\/\/www.foment.com\/wp-admin\/admin-ajax.php?action=eventon_ics_download&amp;event_id=217221&amp;ri=0' class='evo_ics_nCal' title='Add to your calendar'>Calendar<\/a><a href='\/\/www.google.com\/calendar\/event?action=TEMPLATE&amp;text=Organizaciones+%C3%81giles%3A+se+el+m%C3%A1s+r%C3%A1pido+de+tu+sector&amp;dates=20260508T070000Z\/20260508T100000Z&amp;ctz=Europe\/Madrid&amp;details=Organizaciones+%C3%81giles%3A+se+el+m%C3%A1s+r%C3%A1pido+de+tu+sector&amp;location=Foment+del+TreballVia+Laietana%2C+32-34%2C+Principal%2C+Barcelona' target='_blank' class='evo_ics_gCal' title='Add to google calendar'>GoogleCal<\/a><\/p>\t\n\t\t\t\t\t\t\t\t<\/div>\n\t\t\t\t\t\t\t<\/div>\n\t\t\t\t\t\t\t<div class='evo_card_row_end evcal_close' title='Close'><\/div><\/div><div class='clear end'><\/div><\/div><div  id=\"event_217056_0\" class=\"eventon_list_event evo_eventtop scheduled  event event_217056_0\" data-event_id=\"217056\" data-ri=\"0r\" data-time=\"1778232600-1778241600\" data-colr=\"#ff91a2\" itemscope itemtype='http:\/\/schema.org\/Event'><div class=\"evo_event_schema\" style=\"display:none\" ><a itemprop='url'  href='https:\/\/www.foment.com\/es\/events\/introduccio-als-gpts-personalitzats\/'><\/a><meta itemprop='image'  \/><meta itemprop='startDate' content=\"2026-5-8T09:30+2:00\" \/><meta itemprop='endDate' content=\"2026-5-8T12:00+2:00\" \/><meta itemprop='eventStatus' content=\"https:\/\/schema.org\/EventScheduled\" \/><item style=\"display:none\" itemprop=\"location\" itemscope itemtype=\"http:\/\/schema.org\/Place\"><span itemprop=\"name\">Federaci\u00f3 Empresarial del Gran Pened\u00e9s<\/span><span itemprop=\"address\" itemscope itemtype=\"http:\/\/schema.org\/PostalAddress\"><item itemprop=\"streetAddress\">Carrer de l'\u00c0ncora, 3, 08800 Vilanova i la Geltr\u00fa, Barcelona<\/item><\/span><\/item><item style=\"display:none\" itemprop=\"eventAttendanceMode\" itemscope itemtype=\"https:\/\/schema.org\/OfflineEventAttendanceMode\"><\/item><div itemprop=\"organizer\" itemscope=\"\" itemtype=\"http:\/\/schema.org\/Organization\">\n\t\t\t\t\t    \t<meta itemprop=\"name\" content=\"Innovaci\u00f3\">\n\t\t\t\t\t    \t<\/div><div itemprop=\"performer\" itemscope=\"\" itemtype=\"http:\/\/schema.org\/Person\">\n\t\t\t\t\t    \t<meta itemprop=\"name\" content=\"Innovaci\u00f3\">\n\t\t\t\t\t    <\/div><script type=\"application\/ld+json\">{\"@context\": \"http:\/\/schema.org\",\"@type\": \"Event\",\n\t\t\t\t\t\"@id\": \"event_217056_0\",\n\t\t\t\t\t\"eventAttendanceMode\":\"https:\/\/schema.org\/OfflineEventAttendanceMode\",\n\t\t\t\t\t\"name\": \"Introducci\u00f3n a los GPTs personalizados\",\n\t\t\t\t\t\"url\": \"https:\/\/www.foment.com\/es\/events\/introduccio-als-gpts-personalitzats\/\",\n\t\t\t\t\t\"startDate\": \"2026-5-8T09:30+2:00\",\n\t\t\t\t\t\"endDate\": \"2026-5-8T12:00+2:00\",\n\t\t\t\t\t\"image\":\"\", \n\t\t\t\t\t\"description\":\"<p><span style='font-family: verdana, geneva, sans-serif;'><b>Pr\u00f3ximamente, m\u00e1s informaci\u00f3n<\/b><\/span><\/p> <p><span style='font-family: verdana, geneva, sans-serif;'><span style='font-weight: 400;'>Foment Oficina Acelera Pyme y <strong>FEGP<\/strong> organizar\u00e1 pr\u00f3ximamente una nueva jornada sobre GPT&#8217;s<\/span><b>.<\/b><\/span><\/p> <p><span style='font-family: verdana, geneva, sans-serif;'>Una ponencia pr\u00e1ctica, a cargo de <strong data-start='355' data-end='373'>Finn Arctander<\/strong>, pensada para descubrir qu\u00e9 son los GPT personalizados y c\u00f3mo pueden ayudarte a automatizar tareas y mejorar la productividad. En esta sesi\u00f3n aprender\u00e1s los conceptos b\u00e1sicos y ver\u00e1s c\u00f3mo empezar a crear tu propio asistente de<\/span> IA.<\/p> <p><span style='font-family: verdana, geneva, sans-serif;'><b>Formato:<\/b><span style='font-weight: 400;'> Presencial\u00a0<\/span><span style='font-weight: 400;'><br \/> <\/span><b>Ubicaci\u00f3n: <\/b>Sede de FEGP<\/span><\/p> <p style='text-align: center;'><strong><span style='font-family: verdana, geneva, sans-serif; color: #d2112e;'>INSCRIPCI\u00d3N<\/span><\/strong><\/p> \",\"location\":[{\"@type\":\"Place\",\"name\":\"Federaci\u00f3 Empresarial del Gran Pened\u00e9s\",\"address\":{\"@type\": \"PostalAddress\",\"streetAddress\":\"Carrer de l'\u00c0ncora, 3, 08800 Vilanova i la Geltr\u00fa, Barcelona\"}}],\"organizer\":{\"@type\":\"Organization\",\"name\":\"Innovaci\u00f3\"},\"performer\":{\"@type\":\"Person\",\"name\":\"Innovaci\u00f3\"},\"eventStatus\":\"https:\/\/schema.org\/EventScheduled\"}<\/script><\/div>\n\t\t\t\t<p class=\"desc_trig_outter\" style=\"background-color:#ffffff;flex-direction: row;\"><a data-gmap_status=\"null\" data-exlk=\"0\" style=\"border-color: #ff91a2;\" id=\"evc_1778232600217056\" class=\"desc_trig evo_jornades-oap sin_val evcal_list_a\" data-ux_val=\"3\"  ><style>.ajde_evcal_calendar.boxy #evcal_list .eventon_list_event .evcal_desc em{color:black;}<\/style><span style='width:100%; background-color:#ff91a2 !important;' class='evcal_cblock ' data-smon='mayo' data-syr='2026'><span style='margin-top: 7px;margin-bottom: 7px;' class='evo_start '><em class='date'>08<\/em><em class='month'>may<\/em><em class='time'>9:30<\/em><\/span><span style='margin-top: 7px;margin-bottom: 7px;' class='evo_end only_time'><em class='time'>12:00<\/em><\/span><em class='clear'><\/em><\/span><span class='evcal_desc evo_info '  data-location_address=\"Carrer de l\\'\u00c0ncora, 3, 08800 Vilanova i la Geltr\u00fa, Barcelona\" data-location_type=\"address\" data-location_name=\"Federaci\u00f3 Empresarial del Gran Pened\u00e9s\" data-location_url=\"https:\/\/www.foment.com\/es\/event-location\/federacio-empresarial-del-gran-penedes\/\" data-location_status=\"true\" ><span class='evo_above_title'><\/span><span class='evcal_desc2 evcal_event_title hbaevatitle' itemprop='name'>Introducci\u00f3n a los GPTs personalizados<\/span><span class='evo_below_title'><\/span><span class='evcal_desc_info' ><em class='evcal_time evo_tz_time'>9:30 - 12:00<\/em> <\/span><span class='evcal_desc3'><em class=\"evcal_location\"  data-add_str=\"\"><em class=\"event_location_name\">Federaci\u00f3 Empresarial del Gran Pened\u00e9s<\/em><\/em><\/span><span style='height: 60px;'  class='evcal_desc3' ><span class='evcal_event_types ett1'><em>C =<\/em><em data-filter='event_type'>Jornades OAP<\/em><i class='clear'><\/i><\/span><\/span><\/span><em class='clear'><\/em><\/a><\/p><div class='event_description evcal_eventcard ' style=\"display:none\"><div class='evcal_evdata_row evorow_2b evo_metarow_time_location evorow  '>\n\t\t\t\t\t\t\t\t<div class='evorow_b evorow_b1 evo_time'>\n\t\t\t\t\t\t\t\t\t<span class='evcal_evdata_icons'><i class='fa fa-clock'><\/i><\/span>\n\t\t\t\t\t\t\t\t\t<div class='evcal_evdata_cell'>\t\t\t\t\t\t\t\n\t\t\t\t\t\t\t\t\t\t<h3 class='evo_h3'><span class='evcal_evdata_icons'><i class='fa fa-clock'><\/i><\/span>Horario<\/h3>\n\t\t\t\t\t\t\t\t\t\t<p><span class='evo_eventcard_time_t'>(Viernes) 9:30 - 12:00<\/span><\/p>\n\t\t\t\t\t\t\t\t\t<\/div>\n\t\t\t\t\t\t\t\t<\/div>\n\t\t\t\t\t\t\t\t<div class='evorow_b evo_location'>\n\t\t\t\t\t\t\t\t\t<span class='evcal_evdata_icons'><i class='fa fa-map-marker-alt'><\/i><\/span>\n\t\t\t\t\t\t\t\t\t<div class='evcal_evdata_cell' data-loc_tax_id='9111'><h3 class='evo_h3'><span class='evcal_evdata_icons'><i class='fa fa-map-marker-alt'><\/i><\/span>Lugar<\/h3><p class='evo_location_name'>Federaci\u00f3 Empresarial del Gran Pened\u00e9s<\/p><p class='evo_location_address'>Carrer de l'\u00c0ncora, 3, 08800 Vilanova i la Geltr\u00fa, Barcelona<\/p><\/div>\n\t\t\t\t\t\t\t\t<\/div>\n\t\t\t\t\t\t\t\t\n\t\t\t\t\t\t\t<\/div><div class='evo_metarow_details evorow evcal_evdata_row evcal_event_details'>\n\t\t\t\t\t\t\t\t<div class=\"event_excerpt\" style=\"display:none\"><h3 class=\"padb5 evo_h3\">Detalles del evento<\/h3><p>Pr\u00f3ximamente, m\u00e1s informaci\u00f3n\nFoment Oficina Acelera Pyme y FEGP organizar\u00e1 pr\u00f3ximamente una nueva jornada sobre GPT&#8217;s.\nUna ponencia<\/p><\/div><span class='evcal_evdata_icons'><i class='fa fa-align-justify'><\/i><\/span>\n\t\t\t\t\t\t\t\t\n\t\t\t\t\t\t\t\t<div class='evcal_evdata_cell '>\n\t\t\t\t\t\t\t\t\t<div class='eventon_full_description'>\n\t\t\t\t\t\t\t\t\t\t<h3 class='padb5 evo_h3'><span class='evcal_evdata_icons'><i class='fa fa-align-justify'><\/i><\/span>Detalles del evento<\/h3>\n\t\t\t\t\t\t\t\t\t\t<div class='eventon_desc_in' itemprop='description'>\n\t\t\t\t\t\t\t\t\t\t<p><span style=\"font-family: verdana, geneva, sans-serif;\"><b>Pr\u00f3ximamente, m\u00e1s informaci\u00f3n<\/b><\/span><\/p>\n<p><span style=\"font-family: verdana, geneva, sans-serif;\"><span style=\"font-weight: 400;\">Foment Oficina Acelera Pyme y <strong>FEGP<\/strong> organizar\u00e1 pr\u00f3ximamente una nueva jornada sobre GPT&#8217;s<\/span><b>.<\/b><\/span><\/p>\n<p><span style=\"font-family: verdana, geneva, sans-serif;\">Una ponencia pr\u00e1ctica, a cargo de <strong data-start=\"355\" data-end=\"373\">Finn Arctander<\/strong>, pensada para descubrir qu\u00e9 son los GPT personalizados y c\u00f3mo pueden ayudarte a automatizar tareas y mejorar la productividad. En esta sesi\u00f3n aprender\u00e1s los conceptos b\u00e1sicos y ver\u00e1s c\u00f3mo empezar a crear tu propio asistente de<\/span> IA.<\/p>\n<p><span style=\"font-family: verdana, geneva, sans-serif;\"><b>Formato:<\/b><span style=\"font-weight: 400;\"> Presencial\u00a0<\/span><span style=\"font-weight: 400;\"><br \/>\n<\/span><b>Ubicaci\u00f3n: <\/b>Sede de FEGP<\/span><\/p>\n<p style=\"text-align: center;\"><strong><span style=\"font-family: verdana, geneva, sans-serif; color: #d2112e;\">INSCRIPCI\u00d3N<\/span><\/strong><\/p>\n<\/div><div class='clear'><\/div>\n\t\t\t\t\t\t\t\t\t<\/div>\n\t\t\t\t\t\t\t\t<\/div>\n\t\t\t\t\t\t\t<\/div><div class='evo_metarow_organizer evorow evcal_evdata_row evcal_evrow_sm '>\n\t\t\t\t\t\t\t\t<span class='evcal_evdata_icons'><i class='fa fa-headphones'><\/i><\/span>\n\t\t\t\t\t\t\t\t<div class='evcal_evdata_cell'>\t\t\t\t\t\t\t\n\t\t\t\t\t\t\t\t\t<h3 class='evo_h3'>Organizador<\/h3>\n\t\t\t\t\t\t\t\t\t\n\t\t\t\t\t\t\t\t\t<div class='evo_card_organizer'><p class='evo_data_val evo_card_organizer_name'>\n\t\t\t\t\t\t\t\t\t\t<span class='evo_card_organizer_name_t'>Innovaci\u00f3<\/span>\n\t\t\t\t\t\t\t\t\t\t\n\t\t\t\t\t\t\t\t\t\t<\/p><\/div><div class='clear'><\/div>\t\t\t\t\t\t\t\n\t\t\t\t\t\t\t\t<\/div>\n\t\t\t\t\t\t\t<\/div>\t\t\t\t\t\t\t<div class='evo_metarow_ICS evorow evcal_evdata_row'>\n\t\t\t\t\t\t\t\t<span class=\"evcal_evdata_icons\"><i class=\"fa fa-calendar\"><\/i><\/span>\n\t\t\t\t\t\t\t\t<div class='evcal_evdata_cell'>\n\t\t\t\t\t\t\t\t\t<p><a href='https:\/\/www.foment.com\/wp-admin\/admin-ajax.php?action=eventon_ics_download&amp;event_id=217056&amp;ri=0' class='evo_ics_nCal' title='Add to your calendar'>Calendar<\/a><a href='\/\/www.google.com\/calendar\/event?action=TEMPLATE&amp;text=Introducci%C3%B3n+a+los+GPTs+personalizados&amp;dates=20260508T073000Z\/20260508T100000Z&amp;ctz=Europe\/Madrid&amp;details=Introducci%C3%B3n+a+los+GPTs+personalizados&amp;location=Federaci%C3%B3+Empresarial+del+Gran+Pened%C3%A9sCarrer+de+l%5C%27%C3%80ncora%2C+3%2C+08800+Vilanova+i+la+Geltr%C3%BA%2C+Barcelona' target='_blank' class='evo_ics_gCal' title='Add to google calendar'>GoogleCal<\/a><\/p>\t\n\t\t\t\t\t\t\t\t<\/div>\n\t\t\t\t\t\t\t<\/div>\n\t\t\t\t\t\t\t\t\t\t\t\t\t\t\t<div class='evo_metarow_rel_events evorow evcal_evdata_row'>\n\t\t\t\t\t\t\t\t\t<span class='evcal_evdata_icons'><i class='fa fa-calendar-plus'><\/i><\/span>\n\t\t\t\t\t\t\t\t\t<div class='evcal_evdata_cell'>\n\t\t\t\t\t\t\t\t\t\t<h3 class='evo_h3'>Eventos relacionados<\/h3>\n\t\t\t\t\t\t\t\t\t\t<div class='evcal_cell_rel_events'>\n\t\t\t\t\t\t\t\t\t\t<a href='https:\/\/www.foment.com\/es\/events\/tecniques-de-prompting-i-trucs-practics-dia\/'><b>T\u00e9cnicas de prompting y trucos pr\u00e1cticos de IA<\/b><em>24 de abril de 2026 10:00 - 12:00<\/em><\/a><a href='https:\/\/www.foment.com\/es\/events\/transforma-tu-negocio-con-inteligencia-artificial\/'><b>Transforma tu negocio con Inteligencia artificial<\/b><em>16 de abril de 2026 9:30 - 12:00<\/em><\/a><a href='https:\/\/www.foment.com\/es\/events\/mas-alla-del-chat-crea-tu-propio-asistente-y-transforma-tu-forma-de-trabajar\/'><b>M\u00e1s all\u00e1 del chat. Crea tu propio asistente y transforma tu forma de trabajar<\/b><em>9 de abril de 2026 15:00 - 17:00<\/em><\/a>\t\t\t\t\t\t\t\t\t\t<\/div>\n\t\t\t\t\t\t\t\t\t<\/div>\n\t\t\t\t\t\t\t\t<\/div>\n\t\t\t\t\t\t\t<div class='evo_card_row_end evcal_close' title='Close'><\/div><\/div><div class='clear end'><\/div><\/div><div  id=\"event_216818_0\" class=\"eventon_list_event evo_eventtop scheduled  event event_216818_0\" data-event_id=\"216818\" data-ri=\"0r\" data-time=\"1778576400-1778581800\" data-colr=\"#0db270\" itemscope itemtype='http:\/\/schema.org\/Event'><div class=\"evo_event_schema\" style=\"display:none\" ><a itemprop='url'  href='https:\/\/www.foment.com\/es\/events\/com-calcular-el-preu-dexportacio\/'><\/a><meta itemprop='image' content=\"https:\/\/www.foment.com\/wp-content\/uploads\/2026\/03\/Diseno-sin-titulo-8-1-scaled.jpg\" \/><meta itemprop='startDate' content=\"2026-5-12T09:00+2:00\" \/><meta itemprop='endDate' content=\"2026-5-12T10:30+2:00\" \/><meta itemprop='eventStatus' content=\"https:\/\/schema.org\/EventScheduled\" \/><item style=\"display:none\" itemprop=\"location\" itemscope itemtype=\"http:\/\/schema.org\/Place\"><span itemprop=\"name\">Webinar por Zoom<\/span><span itemprop=\"address\" itemscope itemtype=\"http:\/\/schema.org\/PostalAddress\"><item itemprop=\"streetAddress\">Webinar per Zoom<\/item><\/span><\/item><item style=\"display:none\" itemprop=\"eventAttendanceMode\" itemscope itemtype=\"https:\/\/schema.org\/OfflineEventAttendanceMode\"><\/item><div itemprop=\"organizer\" itemscope=\"\" itemtype=\"http:\/\/schema.org\/Organization\">\n\t\t\t\t\t    \t<meta itemprop=\"name\" content=\"Internacional\">\n\t\t\t\t\t    \t<\/div><div itemprop=\"performer\" itemscope=\"\" itemtype=\"http:\/\/schema.org\/Person\">\n\t\t\t\t\t    \t<meta itemprop=\"name\" content=\"Internacional\">\n\t\t\t\t\t    <\/div><script type=\"application\/ld+json\">{\"@context\": \"http:\/\/schema.org\",\"@type\": \"Event\",\n\t\t\t\t\t\"@id\": \"event_216818_0\",\n\t\t\t\t\t\"eventAttendanceMode\":\"https:\/\/schema.org\/OfflineEventAttendanceMode\",\n\t\t\t\t\t\"name\": \"Webinar | C\u00d3MO CALCULAR EL PRECIO DE EXPORTACI\u00d3N\",\n\t\t\t\t\t\"url\": \"https:\/\/www.foment.com\/es\/events\/com-calcular-el-preu-dexportacio\/\",\n\t\t\t\t\t\"startDate\": \"2026-5-12T09:00+2:00\",\n\t\t\t\t\t\"endDate\": \"2026-5-12T10:30+2:00\",\n\t\t\t\t\t\"image\":\"https:\/\/www.foment.com\/wp-content\/uploads\/2026\/03\/Diseno-sin-titulo-8-1-scaled.jpg\", \n\t\t\t\t\t\"description\":\"<p>[vc_row][\/vc_row][vc_column][\/vc_column][vc_btn title=\u00bbInscripci\u00f3n a la sesi\u00f3n:\u00bb style=\u00bb3d\u00bb color=\u00bbdanger\u00bb align=\u00bbcenter\u00bb button_block=\u00bbtrue\u00bb link=\u00bburl:https%3A%2F%2Fwww.foment.com%2Fes%2Finscripciones-eventos%2F%3Fidevento%3DD5C622D6-5424-F111-8342-7CED8D3FACC9&#8243;]<div class='spacer' style='height: 20px;'><\/div>[vc_column_text]<\/p> <p><span style='color: #d2112d; font-size: 21px; font-family: verdana, geneva, sans-serif;'>QUIERES EMPEZAR A EXPORTAR?<\/span><\/p> <p><span style='color: #d2112d; font-family: verdana, geneva, sans-serif; font-size: 16px;'>Te ayudamos a hacer el primer paso, con acompa\u00f1amiento experto y sin coste para la empresa<\/span><\/p> <p><span style='font-family: verdana, geneva, sans-serif; font-size: 12px;'>Internacionalizarse es una oportunidad de crecimiento, pero a menudo tambi\u00e9n genera dudas: por donde empezar, qu\u00e9 mercados priorizar, qu\u00e9 recursos hacen falta o qu\u00e9 riesgos se tienen que tener en cuenta.<\/span><\/p> <p><span style='font-family: verdana, geneva, sans-serif; font-size: 12px;'>Para ayudar a las empresas catalanas a iniciar este camino con m\u00e1s seguridad, <strong>ACCI\u00d3 impulsa el programa<\/strong> <a href='https:\/\/eur04.safelinks.protection.outlook.com\/?url=https%3A%2F%2Fpublic-eur.mkt.dynamics.com%2Fapi%2Forgs%2F8d5eafb0-f8ac-4ccb-a7c1-a2767b978f43%2Fr%2FdplJYjVJ_EuMAaJkHY8CABAAAAA%3Fmsdynmkt_target%3D%257B%2522TargetUrl%2522%253A%2522https%25253A%25252F%25252Feur04.safelinks.protection.outlook.com%25252F%25253Furl%25253Dhttps%2525253A%2525252F%2525252Fpublic-eur.mkt.dynamics.com%2525252Fapi%2525252Forgs%2525252F8d5eafb0-f8ac-4ccb-a7c1-a2767b978f43%2525252Fr%2525252FubNm8_1fYkKKybgcijEBAAEAAAA%2525253Fmsdynmkt_target%2525253D%252525257B%2525252522TargetUrl%2525252522%252525253A%2525252522https%25252525253A%25252525252F%25252525252Feur04.safelinks.protection.outlook.com%25252525252F%25252525253Furl%25252525253Dhttps%2525252525253A%2525252525252F%2525252525252Fpublic-eur.mkt.dynamics.com%2525252525252Fapi%2525252525252Forgs%2525252525252F8d5eafb0-f8ac-4ccb-a7c1-a2767b978f43%2525252525252Fr%2525252525252FaITv1hKS8kSs6wB3jXECAAsAAAA%2525252525253Fmsdynmkt_target%2525252525253D%252525252525257B%2525252525252522TargetUrl%2525252525252522%252525252525253A%2525252525252522https%25252525252525253A%25252525252525252F%25252525252525252Feur04.safelinks.protection.outlook.com%25252525252525252F%25252525252525253Furl%25252525252525253Dhttps%2525252525252525253A%2525252525252525252F%2525252525252525252Fpublic-eur.mkt.dynamics.com%2525252525252525252Fapi%2525252525252525252Forgs%2525252525252525252F8d5eafb0-f8ac-4ccb-a7c1-a2767b978f43%2525252525252525252Fr%2525252525252525252FLn5gxxoARECGTxqFI30DAAsAAAA%2525252525252525253Fmsdynmkt_target%2525252525252525253D%252525252525252525257B%2525252525252525252522TargetUrl%2525252525252525252522%252525252525252525253A%2525252525252525252522https%25252525252525252525253A%25252525252525252525252F%25252525252525252525252Fformularis.accio.gencat.cat%25252525252525252525252Fweb%25252525252525252525252Fformularis%25252525252525252525252Finscripcions%25252525252525252525252F-%25252525252525252525252Finscripcio%25252525252525252525252F2026%25252525252525252525252F02%25252525252525252525252F03%25252525252525252525252FOnkrUbTR_SM9nz_z85jUAA%25252525252525252525252Fsollicitud-de-diagnostic-pie-foment%25252525252525252525252F%25252525252525252525253Flang%25252525252525252525253Dca_ES%252525252525252525252526portal%25252525252525252525253Daccio%252525252525252525252526_gl%25252525252525252525253D1%25252525252525252525252A9dm0zh%25252525252525252525252A_ga%25252525252525252525252AMTI0NzIzNzQyMC4xNzEyODIyOTgy%25252525252525252525252A_ga_6HSVZS0K1X%25252525252525252525252AczE3NzI3MjM4MjckbzE4OSRnMCR0MTc3MjcyMzgzMiRqNTUkbDAkaDA%2525252525252525252522%252525252525252525252C%2525252525252525252522RedirectOptions%2525252525252525252522%252525252525252525253A%252525252525252525257B%25252525252525252525225%2525252525252525252522%252525252525252525253Anull%252525252525252525252C%25252525252525252525221%2525252525252525252522%252525252525252525253Anull%252525252525252525257D%252525252525252525257D%25252525252525252526msdynmkt_digest%2525252525252525253DA1vZltR2b3nESlG%252525252525252525252BdOmS7YeZ5GTW3dinAdHW2pwAZaw%252525252525252525253D%25252525252525252526msdynmkt_secretVersion%2525252525252525253D7bb221762d0c46939816d3a5592b1359%252525252525252526data%25252525252525253D05%2525252525252525257C02%2525252525252525257Csramirez%25252525252525252540foment.com%2525252525252525257Cc7e7a4617105465e160408de83531847%2525252525252525257Cf37c938d38654a89b99bb000c76a74bf%2525252525252525257C1%2525252525252525257C0%2525252525252525257C639092590089463447%2525252525252525257CUnknown%2525252525252525257CTWFpbGZsb3d8eyJFbXB0eU1hcGkiOnRydWUsIlYiOiIwLjAuMDAwMCIsIlAiOiJXaW4zMiIsIkFOIjoiTWFpbCIsIldUIjoyfQ%2525252525252525253D%2525252525252525253D%2525252525252525257C0%2525252525252525257C%2525252525252525257C%2525252525252525257C%252525252525252526sdata%25252525252525253D8wWi3Z4S7N5i5VCO2QP6AvtWJylRMKEZbvPje18Pg90%2525252525252525253D%252525252525252526reserved%25252525252525253D0%2525252525252522%252525252525252C%2525252525252522RedirectOptions%2525252525252522%252525252525253A%252525252525257B%25252525252525225%2525252525252522%252525252525253Anull%252525252525252C%25252525252525221%2525252525252522%252525252525253Anull%252525252525257D%252525252525257D%25252525252526msdynmkt_digest%2525252525253DYIZexQWs7uZ2WhUfgJqeZuryKVb2vajIvtYv5qE8oRY%252525252525253D%25252525252526msdynmkt_secretVersion%2525252525253D7bb221762d0c46939816d3a5592b1359%252525252526data%25252525253D05%2525252525257C02%2525252525257Csramirez%25252525252540foment.com%2525252525257C565760556e6c4cf5c35308de84384967%2525252525257Cf37c938d38654a89b99bb000c76a74bf%2525252525257C1%2525252525257C0%2525252525257C639093574480490085%2525252525257CUnknown%2525252525257CTWFpbGZsb3d8eyJFbXB0eU1hcGkiOnRydWUsIlYiOiIwLjAuMDAwMCIsIlAiOiJXaW4zMiIsIkFOIjoiTWFpbCIsIldUIjoyfQ%2525252525253D%2525252525253D%2525252525257C0%2525252525257C%2525252525257C%2525252525257C%252525252526sdata%25252525253DN3y2QAkHHQEwnwslqril%2525252525252B%2525252525252BjbsTmbpaH1gsQUjqlx6ho%2525252525253D%252525252526reserved%25252525253D0%2525252522%252525252C%2525252522RedirectOptions%2525252522%252525253A%252525257B%25252525225%2525252522%252525253Anull%252525252C%25252525221%2525252522%252525253Anull%252525257D%252525257D%25252526msdynmkt_digest%2525253DHxSIjxqNyMzq4m6G1OWkNS%252525252FYEFefhiIl8o9iQscMDnI%252525253D%25252526msdynmkt_secretVersion%2525253D7bb221762d0c46939816d3a5592b1359%252526data%25253D05%2525257C02%2525257Csramirez%25252540foment.com%2525257C1d01451646264e7fca2308de88baf1ef%2525257Cf37c938d38654a89b99bb000c76a74bf%2525257C1%2525257C0%2525257C639098533660479269%2525257CUnknown%2525257CTWFpbGZsb3d8eyJFbXB0eU1hcGkiOnRydWUsIlYiOiIwLjAuMDAwMCIsIlAiOiJXaW4zMiIsIkFOIjoiTWFpbCIsIldUIjoyfQ%2525253D%2525253D%2525257C0%2525257C%2525257C%2525257C%252526sdata%25253DF6gmzEwyPcPCX%2525252FFmsqBkWV3LiHiEx0w4lH5lts42Hng%2525253D%252526reserved%25253D0%2522%252C%2522RedirectOptions%2522%253A%257B%25225%2522%253Anull%252C%25221%2522%253Anull%257D%257D%26msdynmkt_digest%3D3pnr7eA2jjjY5%252F04VJpOmyfkKAFHOW2zndgIqJQ0jxA%253D%26msdynmkt_secretVersion%3D7bb221762d0c46939816d3a5592b1359&amp;data=05%7C02%7Csramirez%40foment.com%7C23b351ae016143229c6d08de8c12d3d6%7Cf37c938d38654a89b99bb000c76a74bf%7C1%7C0%7C639102209641121264%7CUnknown%7CTWFpbGZsb3d8eyJFbXB0eU1hcGkiOnRydWUsIlYiOiIwLjAuMDAwMCIsIlAiOiJXaW4zMiIsIkFOIjoiTWFpbCIsIldUIjoyfQ%3D%3D%7C0%7C%7C%7C&amp;sdata=yoLLv4PRfv2xjZrHwBgWZXD0aIuobZl%2FLoaBtC4V5is%3D&amp;reserved=0'>CATALU\u00d1A EXPORTA<\/a>, dirigido a empresas que quieren iniciarse en la internacionalizaci\u00f3n con un enfoque practic y personalizado.<\/span><\/p> <p><span style='font-family: verdana, geneva, sans-serif; font-size: 12px;'>Desde <a href='https:\/\/eur04.safelinks.protection.outlook.com\/?url=https%3A%2F%2Fpublic-eur.mkt.dynamics.com%2Fapi%2Forgs%2F8d5eafb0-f8ac-4ccb-a7c1-a2767b978f43%2Fr%2FdplJYjVJ_EuMAaJkHY8CABEAAAA%3Fmsdynmkt_target%3D%257B%2522TargetUrl%2522%253A%2522https%25253A%25252F%25252Feur04.safelinks.protection.outlook.com%25252F%25253Furl%25253Dhttps%2525253A%2525252F%2525252Fpublic-eur.mkt.dynamics.com%2525252Fapi%2525252Forgs%2525252F8d5eafb0-f8ac-4ccb-a7c1-a2767b978f43%2525252Fr%2525252FubNm8_1fYkKKybgcijEBAAIAAAA%2525253Fmsdynmkt_target%2525253D%252525257B%2525252522TargetUrl%2525252522%252525253A%2525252522https%25252525253A%25252525252F%25252525252Fwww.foment.com%25252525252Fes%25252525252Fcatalunya-exporta%25252525252F%2525252525231767799497417-fa3ae53f-0b5b%2525252522%252525252C%2525252522RedirectOptions%2525252522%252525253A%252525257B%25252525220%2525252522%252525253Anull%252525257D%252525257D%25252526msdynmkt_digest%2525253DbK7c94w0eFraOy9eOgKfYNJ21gIDfLiaSBNv7Ob%252525252FUbc%252525253D%25252526msdynmkt_secretVersion%2525253D7bb221762d0c46939816d3a5592b1359%252526data%25253D05%2525257C02%2525257Csramirez%25252540foment.com%2525257C1d01451646264e7fca2308de88baf1ef%2525257Cf37c938d38654a89b99bb000c76a74bf%2525257C1%2525257C0%2525257C639098533660503029%2525257CUnknown%2525257CTWFpbGZsb3d8eyJFbXB0eU1hcGkiOnRydWUsIlYiOiIwLjAuMDAwMCIsIlAiOiJXaW4zMiIsIkFOIjoiTWFpbCIsIldUIjoyfQ%2525253D%2525253D%2525257C0%2525257C%2525257C%2525257C%252526sdata%25253DnU%2525252FdP3SzDdBLN%2525252BjGlM%2525252BfjpHC30Tp2sKQXa53D7Snr8M%2525253D%252526reserved%25253D0%2522%252C%2522RedirectOptions%2522%253A%257B%25225%2522%253Anull%252C%25221%2522%253Anull%257D%257D%26msdynmkt_digest%3DTMCFNOfb0%252BXu2BCcvcmDJAmwBhXs4eG0zaVP3L6%252BdE8%253D%26msdynmkt_secretVersion%3D7bb221762d0c46939816d3a5592b1359&amp;data=05%7C02%7Csramirez%40foment.com%7C23b351ae016143229c6d08de8c12d3d6%7Cf37c938d38654a89b99bb000c76a74bf%7C1%7C0%7C639102209641147248%7CUnknown%7CTWFpbGZsb3d8eyJFbXB0eU1hcGkiOnRydWUsIlYiOiIwLjAuMDAwMCIsIlAiOiJXaW4zMiIsIkFOIjoiTWFpbCIsIldUIjoyfQ%3D%3D%7C0%7C%7C%7C&amp;sdata=daHoyG1ZgccCVp8G6HuKQMd9CnWk7pYkM%2FVO%2F7PF6wM%3D&amp;reserved=0'>Foment del Treball<\/a>, como entidad colaboradora y agente de apoyo a la internacionalizaci\u00f3n, te acompa\u00f1amos en este proceso para que puedas valorar tu potencial exportador y definir los primeros pasos con criterio.<\/span><\/p> <p><span style='font-family: verdana, geneva, sans-serif; font-size: 12px;'>La sesi\u00f3n <strong>C\u00d3MO CALCULAR EL PRECIO DE EXPORTACI\u00d3N<\/strong> tiene c\u00f3mo objetivo entender los costes asociados a la exportaci\u00f3n y definir un precio internacional competitivo, abordando los principales costos d&#8217;exportaci\u00f3n, el impacto de los Incoterms, el c\u00e1lculo de los m\u00e1rgenes comerciales y la estrat\u00e9gia de posicionamiento en mercados internacionales<\/span><\/p> <p><span style='color: #d2112d;'><strong><span style='font-family: verdana, geneva, sans-serif; font-size: 12px;'>PROGRAMA<\/span><\/strong><\/span><\/p> <p><span style='font-family: verdana, geneva, sans-serif; font-size: 12px; color: #d2112d;'>09:00h. | Bienvenida y presentaci\u00f3n del Programa Catalu\u00f1a Exporta<\/span><\/p> <p><span style='font-family: verdana, geneva, sans-serif; font-size: 12px; color: #d2112d;'>09:10h. | <strong>C\u00f3mo calcular el precio de exportaci\u00f3n\u00a0<\/strong><\/span><\/p> <p><span style='font-family: verdana, geneva, sans-serif; font-size: 12px;'><strong>Isabel Garcia<\/strong>, S\u00e9nior International Consultant, <strong>BarcelonaExport<\/strong><\/span><\/p> <p><span style='font-family: verdana, geneva, sans-serif; font-size: 12px; color: #d2112d;'>10:15h. | Turno de preguntas<\/span><\/p> <p><span style='font-family: verdana, geneva, sans-serif; font-size: 12px; color: #d2112d;'>10:30h. | Fin de la sesi\u00f3n<\/span><\/p> <p>&nbsp;<\/p> <p>[\/vc_column_text][vc_row][vc_column width=\u00bb1\/1&#8243;]<div class='single_image wpb_content_element align-left    ' data-animation='none' data-delay='0'><img width='1900' height='300' src='https:\/\/www.foment.com\/wp-content\/uploads\/2026\/03\/ACCIO-1.png' class='attachment-full' alt='' loading='lazy' title='ACCI\u00d3' srcset='https:\/\/www.foment.com\/wp-content\/uploads\/2026\/03\/ACCIO-1.png 1900w, https:\/\/www.foment.com\/wp-content\/uploads\/2026\/03\/ACCIO-1-300x47.png 300w, https:\/\/www.foment.com\/wp-content\/uploads\/2026\/03\/ACCIO-1-1024x162.png 1024w, https:\/\/www.foment.com\/wp-content\/uploads\/2026\/03\/ACCIO-1-768x121.png 768w, https:\/\/www.foment.com\/wp-content\/uploads\/2026\/03\/ACCIO-1-1536x243.png 1536w' sizes='(max-width: 1900px) 100vw, 1900px' \/><\/div>[\/vc_column][\/vc_row][vc_row][vc_column width=\u00bb1\/2&#8243;][vc_column_text]<span style='font-family: verdana, geneva, sans-serif; font-size: 12px;'>Amb el suport de:\u00a0<\/span>[\/vc_column_text]<div class='single_image wpb_content_element align-left    ' data-animation='none' data-delay='0'><a href='http:\/\/www.accio.gencat.cat' target='_self'><img width='300' height='68' src='https:\/\/www.foment.com\/wp-content\/uploads\/2026\/03\/ACCIO-integrat-Horitzontal-CAT-color-300x68.png' class='attachment-medium' alt='' loading='lazy' title='ACCIO-integrat-Horitzontal-CAT-color' srcset='https:\/\/www.foment.com\/wp-content\/uploads\/2026\/03\/ACCIO-integrat-Horitzontal-CAT-color-300x68.png 300w, https:\/\/www.foment.com\/wp-content\/uploads\/2026\/03\/ACCIO-integrat-Horitzontal-CAT-color.png 559w' sizes='(max-width: 300px) 100vw, 300px' \/><\/a><\/div>[\/vc_column][vc_column width=\u00bb1\/2&#8243;][vc_column_text]<span style='font-family: verdana, geneva, sans-serif; font-size: 12px;'>Agent de suport a la Internacionalitzaci\u00f3<\/span>[\/vc_column_text]<div class='single_image wpb_content_element align-left    ' data-animation='none' data-delay='0'><img width='274' height='300' src='https:\/\/www.foment.com\/wp-content\/uploads\/2025\/11\/Agent-Suport-Internacionalizacio_Vertical-274x300.png' class='attachment-medium' alt='' loading='lazy' title='Agent Suport Internacionalizaci\u00f3_Vertical' srcset='https:\/\/www.foment.com\/wp-content\/uploads\/2025\/11\/Agent-Suport-Internacionalizacio_Vertical-274x300.png 274w, https:\/\/www.foment.com\/wp-content\/uploads\/2025\/11\/Agent-Suport-Internacionalizacio_Vertical-768x842.png 768w, https:\/\/www.foment.com\/wp-content\/uploads\/2025\/11\/Agent-Suport-Internacionalizacio_Vertical.png 778w' sizes='(max-width: 274px) 100vw, 274px' \/><\/div>[\/vc_column][\/vc_row]<\/p> \",\"location\":[{\"@type\":\"Place\",\"name\":\"Webinar por Zoom\",\"address\":{\"@type\": \"PostalAddress\",\"streetAddress\":\"Webinar per Zoom\"}}],\"organizer\":{\"@type\":\"Organization\",\"name\":\"Internacional\"},\"performer\":{\"@type\":\"Person\",\"name\":\"Internacional\"},\"eventStatus\":\"https:\/\/schema.org\/EventScheduled\"}<\/script><\/div>\n\t\t\t\t<p class=\"desc_trig_outter\" style=\"background-color:#ffffff;flex-direction: row;\"><a data-gmap_status=\"null\" data-exlk=\"1\"  style=\"border-color: #0db270;\" id=\"evc_1778576400216818\" class=\"hasFtIMG desc_trig evo_internacional-es sin_val evcal_list_a\" data-ux_val=\"3\"  ><span class='ev_ftImg' data-img='https:\/\/www.foment.com\/wp-content\/uploads\/2026\/03\/Diseno-sin-titulo-8-1-scaled.jpg' data-thumb='https:\/\/www.foment.com\/wp-content\/uploads\/2026\/03\/Diseno-sin-titulo-8-1-300x150.jpg' style='background-image:url(\"https:\/\/www.foment.com\/wp-content\/uploads\/2026\/03\/Diseno-sin-titulo-8-1-300x150.jpg\")'><\/span><style>.ajde_evcal_calendar.boxy #evcal_list .eventon_list_event .evcal_desc em{color:black;}<\/style><span style='width:100%; background-color:#0db270 !important;' class='evcal_cblock ' data-smon='mayo' data-syr='2026'><span style='margin-top: 7px;margin-bottom: 7px;' class='evo_start '><em class='date'>12<\/em><em class='month'>may<\/em><em class='time'>9:00<\/em><\/span><span style='margin-top: 7px;margin-bottom: 7px;' class='evo_end only_time'><em class='time'>10:30<\/em><\/span><em class='clear'><\/em><\/span><span class='evcal_desc evo_info '  data-location_address=\"Webinar per Zoom\" data-location_type=\"address\" data-location_name=\"Webinar por Zoom\" data-location_url=\"https:\/\/www.foment.com\/es\/event-location\/webinar-por-zoom\/\" data-location_status=\"true\" ><span class='evo_above_title'><\/span><span class='evcal_desc2 evcal_event_title hbaevatitle' itemprop='name'>Webinar | C\u00d3MO CALCULAR EL PRECIO DE EXPORTACI\u00d3N<\/span><span class='evo_below_title'><span class='evcal_event_subtitle' >Programa Catalunya Exporta<\/span><\/span><span class='evcal_desc_info' ><em class='evcal_time evo_tz_time'>9:00 - 10:30<\/em> <\/span><span class='evcal_desc3'><em class=\"evcal_location\"  data-add_str=\"\"><em class=\"event_location_name\">Webinar por Zoom<\/em><\/em><\/span><span style='height: 60px;'  class='evcal_desc3' ><span class='evcal_event_types ett1'><em>C =<\/em><em data-filter='event_type'>Internacional<\/em><i class='clear'><\/i><\/span><\/span><\/span><em class='clear'><\/em><\/a><\/p><div class='event_description evcal_eventcard ' style=\"display:none\"><div class='evo_metarow_fimg evorow evcal_evdata_img evcal_evdata_row  evo_imghover' data-imgheight='1280' data-imgwidth='2560'  style='background-image: url(\"https:\/\/www.foment.com\/wp-content\/uploads\/2026\/03\/Diseno-sin-titulo-8-1-scaled.jpg\")' data-imgstyle='full' data-minheight='400' data-status=''><\/div><div class='evcal_evdata_row evorow_2b evo_metarow_time_location evorow  '>\n\t\t\t\t\t\t\t\t<div class='evorow_b evorow_b1 evo_time'>\n\t\t\t\t\t\t\t\t\t<span class='evcal_evdata_icons'><i class='fa fa-clock'><\/i><\/span>\n\t\t\t\t\t\t\t\t\t<div class='evcal_evdata_cell'>\t\t\t\t\t\t\t\n\t\t\t\t\t\t\t\t\t\t<h3 class='evo_h3'><span class='evcal_evdata_icons'><i class='fa fa-clock'><\/i><\/span>Horario<\/h3>\n\t\t\t\t\t\t\t\t\t\t<p><span class='evo_eventcard_time_t'>(Martes) 9:00 - 10:30<\/span><\/p>\n\t\t\t\t\t\t\t\t\t<\/div>\n\t\t\t\t\t\t\t\t<\/div>\n\t\t\t\t\t\t\t\t<div class='evorow_b evo_location'>\n\t\t\t\t\t\t\t\t\t<span class='evcal_evdata_icons'><i class='fa fa-map-marker-alt'><\/i><\/span>\n\t\t\t\t\t\t\t\t\t<div class='evcal_evdata_cell' data-loc_tax_id='3536'><h3 class='evo_h3'><span class='evcal_evdata_icons'><i class='fa fa-map-marker-alt'><\/i><\/span>Lugar<\/h3><p class='evo_location_name'>Webinar por Zoom<\/p><p class='evo_location_address'>Webinar per Zoom<\/p><\/div>\n\t\t\t\t\t\t\t\t<\/div>\n\t\t\t\t\t\t\t\t\n\t\t\t\t\t\t\t<\/div><div class='evo_metarow_details evorow evcal_evdata_row evcal_event_details'>\n\t\t\t\t\t\t\t\t<div class=\"event_excerpt\" style=\"display:none\"><h3 class=\"padb5 evo_h3\">Detalles del evento<\/h3><p>[vc_row][\/vc_row][vc_column][\/vc_column][vc_btn title=\u00bbInscripci\u00f3n a la sesi\u00f3n:\u00bb style=\u00bb3d\u00bb color=\u00bbdanger\u00bb align=\u00bbcenter\u00bb button_block=\u00bbtrue\u00bb link=\u00bburl:https%3A%2F%2Fwww.foment.com%2Fes%2Finscripciones-eventos%2F%3Fidevento%3DD5C622D6-5424-F111-8342-7CED8D3FACC9&#8243;][vc_column_text]\nQUIERES EMPEZAR A EXPORTAR?\n<\/p><\/div><span class='evcal_evdata_icons'><i class='fa fa-align-justify'><\/i><\/span>\n\t\t\t\t\t\t\t\t\n\t\t\t\t\t\t\t\t<div class='evcal_evdata_cell '>\n\t\t\t\t\t\t\t\t\t<div class='eventon_full_description'>\n\t\t\t\t\t\t\t\t\t\t<h3 class='padb5 evo_h3'><span class='evcal_evdata_icons'><i class='fa fa-align-justify'><\/i><\/span>Detalles del evento<\/h3>\n\t\t\t\t\t\t\t\t\t\t<div class='eventon_desc_in' itemprop='description'>\n\t\t\t\t\t\t\t\t\t\t<p>[vc_row][\/vc_row][vc_column][\/vc_column][vc_btn title=\u00bbInscripci\u00f3n a la sesi\u00f3n:\u00bb style=\u00bb3d\u00bb color=\u00bbdanger\u00bb align=\u00bbcenter\u00bb button_block=\u00bbtrue\u00bb link=\u00bburl:https%3A%2F%2Fwww.foment.com%2Fes%2Finscripciones-eventos%2F%3Fidevento%3DD5C622D6-5424-F111-8342-7CED8D3FACC9&#8243;]<\/p>\n<div class=\"spacer\" style=\"height: 20px;\"><\/div>\n<p>[vc_column_text]<\/p>\n<p><span style=\"color: #d2112d; font-size: 21px; font-family: verdana, geneva, sans-serif;\">QUIERES EMPEZAR A EXPORTAR?<\/span><\/p>\n<p><span style=\"color: #d2112d; font-family: verdana, geneva, sans-serif; font-size: 16px;\">Te ayudamos a hacer el primer paso, con acompa\u00f1amiento experto y sin coste para la empresa<\/span><\/p>\n<p><span style=\"font-family: verdana, geneva, sans-serif; font-size: 12px;\">Internacionalizarse es una oportunidad de crecimiento, pero a menudo tambi\u00e9n genera dudas: por donde empezar, qu\u00e9 mercados priorizar, qu\u00e9 recursos hacen falta o qu\u00e9 riesgos se tienen que tener en cuenta.<\/span><\/p>\n<p><span style=\"font-family: verdana, geneva, sans-serif; font-size: 12px;\">Para ayudar a las empresas catalanas a iniciar este camino con m\u00e1s seguridad, <strong>ACCI\u00d3 impulsa el programa<\/strong> <a href=\"https:\/\/eur04.safelinks.protection.outlook.com\/?url=https%3A%2F%2Fpublic-eur.mkt.dynamics.com%2Fapi%2Forgs%2F8d5eafb0-f8ac-4ccb-a7c1-a2767b978f43%2Fr%2FdplJYjVJ_EuMAaJkHY8CABAAAAA%3Fmsdynmkt_target%3D%257B%2522TargetUrl%2522%253A%2522https%25253A%25252F%25252Feur04.safelinks.protection.outlook.com%25252F%25253Furl%25253Dhttps%2525253A%2525252F%2525252Fpublic-eur.mkt.dynamics.com%2525252Fapi%2525252Forgs%2525252F8d5eafb0-f8ac-4ccb-a7c1-a2767b978f43%2525252Fr%2525252FubNm8_1fYkKKybgcijEBAAEAAAA%2525253Fmsdynmkt_target%2525253D%252525257B%2525252522TargetUrl%2525252522%252525253A%2525252522https%25252525253A%25252525252F%25252525252Feur04.safelinks.protection.outlook.com%25252525252F%25252525253Furl%25252525253Dhttps%2525252525253A%2525252525252F%2525252525252Fpublic-eur.mkt.dynamics.com%2525252525252Fapi%2525252525252Forgs%2525252525252F8d5eafb0-f8ac-4ccb-a7c1-a2767b978f43%2525252525252Fr%2525252525252FaITv1hKS8kSs6wB3jXECAAsAAAA%2525252525253Fmsdynmkt_target%2525252525253D%252525252525257B%2525252525252522TargetUrl%2525252525252522%252525252525253A%2525252525252522https%25252525252525253A%25252525252525252F%25252525252525252Feur04.safelinks.protection.outlook.com%25252525252525252F%25252525252525253Furl%25252525252525253Dhttps%2525252525252525253A%2525252525252525252F%2525252525252525252Fpublic-eur.mkt.dynamics.com%2525252525252525252Fapi%2525252525252525252Forgs%2525252525252525252F8d5eafb0-f8ac-4ccb-a7c1-a2767b978f43%2525252525252525252Fr%2525252525252525252FLn5gxxoARECGTxqFI30DAAsAAAA%2525252525252525253Fmsdynmkt_target%2525252525252525253D%252525252525252525257B%2525252525252525252522TargetUrl%2525252525252525252522%252525252525252525253A%2525252525252525252522https%25252525252525252525253A%25252525252525252525252F%25252525252525252525252Fformularis.accio.gencat.cat%25252525252525252525252Fweb%25252525252525252525252Fformularis%25252525252525252525252Finscripcions%25252525252525252525252F-%25252525252525252525252Finscripcio%25252525252525252525252F2026%25252525252525252525252F02%25252525252525252525252F03%25252525252525252525252FOnkrUbTR_SM9nz_z85jUAA%25252525252525252525252Fsollicitud-de-diagnostic-pie-foment%25252525252525252525252F%25252525252525252525253Flang%25252525252525252525253Dca_ES%252525252525252525252526portal%25252525252525252525253Daccio%252525252525252525252526_gl%25252525252525252525253D1%25252525252525252525252A9dm0zh%25252525252525252525252A_ga%25252525252525252525252AMTI0NzIzNzQyMC4xNzEyODIyOTgy%25252525252525252525252A_ga_6HSVZS0K1X%25252525252525252525252AczE3NzI3MjM4MjckbzE4OSRnMCR0MTc3MjcyMzgzMiRqNTUkbDAkaDA%2525252525252525252522%252525252525252525252C%2525252525252525252522RedirectOptions%2525252525252525252522%252525252525252525253A%252525252525252525257B%25252525252525252525225%2525252525252525252522%252525252525252525253Anull%252525252525252525252C%25252525252525252525221%2525252525252525252522%252525252525252525253Anull%252525252525252525257D%252525252525252525257D%25252525252525252526msdynmkt_digest%2525252525252525253DA1vZltR2b3nESlG%252525252525252525252BdOmS7YeZ5GTW3dinAdHW2pwAZaw%252525252525252525253D%25252525252525252526msdynmkt_secretVersion%2525252525252525253D7bb221762d0c46939816d3a5592b1359%252525252525252526data%25252525252525253D05%2525252525252525257C02%2525252525252525257Csramirez%25252525252525252540foment.com%2525252525252525257Cc7e7a4617105465e160408de83531847%2525252525252525257Cf37c938d38654a89b99bb000c76a74bf%2525252525252525257C1%2525252525252525257C0%2525252525252525257C639092590089463447%2525252525252525257CUnknown%2525252525252525257CTWFpbGZsb3d8eyJFbXB0eU1hcGkiOnRydWUsIlYiOiIwLjAuMDAwMCIsIlAiOiJXaW4zMiIsIkFOIjoiTWFpbCIsIldUIjoyfQ%2525252525252525253D%2525252525252525253D%2525252525252525257C0%2525252525252525257C%2525252525252525257C%2525252525252525257C%252525252525252526sdata%25252525252525253D8wWi3Z4S7N5i5VCO2QP6AvtWJylRMKEZbvPje18Pg90%2525252525252525253D%252525252525252526reserved%25252525252525253D0%2525252525252522%252525252525252C%2525252525252522RedirectOptions%2525252525252522%252525252525253A%252525252525257B%25252525252525225%2525252525252522%252525252525253Anull%252525252525252C%25252525252525221%2525252525252522%252525252525253Anull%252525252525257D%252525252525257D%25252525252526msdynmkt_digest%2525252525253DYIZexQWs7uZ2WhUfgJqeZuryKVb2vajIvtYv5qE8oRY%252525252525253D%25252525252526msdynmkt_secretVersion%2525252525253D7bb221762d0c46939816d3a5592b1359%252525252526data%25252525253D05%2525252525257C02%2525252525257Csramirez%25252525252540foment.com%2525252525257C565760556e6c4cf5c35308de84384967%2525252525257Cf37c938d38654a89b99bb000c76a74bf%2525252525257C1%2525252525257C0%2525252525257C639093574480490085%2525252525257CUnknown%2525252525257CTWFpbGZsb3d8eyJFbXB0eU1hcGkiOnRydWUsIlYiOiIwLjAuMDAwMCIsIlAiOiJXaW4zMiIsIkFOIjoiTWFpbCIsIldUIjoyfQ%2525252525253D%2525252525253D%2525252525257C0%2525252525257C%2525252525257C%2525252525257C%252525252526sdata%25252525253DN3y2QAkHHQEwnwslqril%2525252525252B%2525252525252BjbsTmbpaH1gsQUjqlx6ho%2525252525253D%252525252526reserved%25252525253D0%2525252522%252525252C%2525252522RedirectOptions%2525252522%252525253A%252525257B%25252525225%2525252522%252525253Anull%252525252C%25252525221%2525252522%252525253Anull%252525257D%252525257D%25252526msdynmkt_digest%2525253DHxSIjxqNyMzq4m6G1OWkNS%252525252FYEFefhiIl8o9iQscMDnI%252525253D%25252526msdynmkt_secretVersion%2525253D7bb221762d0c46939816d3a5592b1359%252526data%25253D05%2525257C02%2525257Csramirez%25252540foment.com%2525257C1d01451646264e7fca2308de88baf1ef%2525257Cf37c938d38654a89b99bb000c76a74bf%2525257C1%2525257C0%2525257C639098533660479269%2525257CUnknown%2525257CTWFpbGZsb3d8eyJFbXB0eU1hcGkiOnRydWUsIlYiOiIwLjAuMDAwMCIsIlAiOiJXaW4zMiIsIkFOIjoiTWFpbCIsIldUIjoyfQ%2525253D%2525253D%2525257C0%2525257C%2525257C%2525257C%252526sdata%25253DF6gmzEwyPcPCX%2525252FFmsqBkWV3LiHiEx0w4lH5lts42Hng%2525253D%252526reserved%25253D0%2522%252C%2522RedirectOptions%2522%253A%257B%25225%2522%253Anull%252C%25221%2522%253Anull%257D%257D%26msdynmkt_digest%3D3pnr7eA2jjjY5%252F04VJpOmyfkKAFHOW2zndgIqJQ0jxA%253D%26msdynmkt_secretVersion%3D7bb221762d0c46939816d3a5592b1359&amp;data=05%7C02%7Csramirez%40foment.com%7C23b351ae016143229c6d08de8c12d3d6%7Cf37c938d38654a89b99bb000c76a74bf%7C1%7C0%7C639102209641121264%7CUnknown%7CTWFpbGZsb3d8eyJFbXB0eU1hcGkiOnRydWUsIlYiOiIwLjAuMDAwMCIsIlAiOiJXaW4zMiIsIkFOIjoiTWFpbCIsIldUIjoyfQ%3D%3D%7C0%7C%7C%7C&amp;sdata=yoLLv4PRfv2xjZrHwBgWZXD0aIuobZl%2FLoaBtC4V5is%3D&amp;reserved=0\">CATALU\u00d1A EXPORTA<\/a>, dirigido a empresas que quieren iniciarse en la internacionalizaci\u00f3n con un enfoque practic y personalizado.<\/span><\/p>\n<p><span style=\"font-family: verdana, geneva, sans-serif; font-size: 12px;\">Desde <a href=\"https:\/\/eur04.safelinks.protection.outlook.com\/?url=https%3A%2F%2Fpublic-eur.mkt.dynamics.com%2Fapi%2Forgs%2F8d5eafb0-f8ac-4ccb-a7c1-a2767b978f43%2Fr%2FdplJYjVJ_EuMAaJkHY8CABEAAAA%3Fmsdynmkt_target%3D%257B%2522TargetUrl%2522%253A%2522https%25253A%25252F%25252Feur04.safelinks.protection.outlook.com%25252F%25253Furl%25253Dhttps%2525253A%2525252F%2525252Fpublic-eur.mkt.dynamics.com%2525252Fapi%2525252Forgs%2525252F8d5eafb0-f8ac-4ccb-a7c1-a2767b978f43%2525252Fr%2525252FubNm8_1fYkKKybgcijEBAAIAAAA%2525253Fmsdynmkt_target%2525253D%252525257B%2525252522TargetUrl%2525252522%252525253A%2525252522https%25252525253A%25252525252F%25252525252Fwww.foment.com%25252525252Fes%25252525252Fcatalunya-exporta%25252525252F%2525252525231767799497417-fa3ae53f-0b5b%2525252522%252525252C%2525252522RedirectOptions%2525252522%252525253A%252525257B%25252525220%2525252522%252525253Anull%252525257D%252525257D%25252526msdynmkt_digest%2525253DbK7c94w0eFraOy9eOgKfYNJ21gIDfLiaSBNv7Ob%252525252FUbc%252525253D%25252526msdynmkt_secretVersion%2525253D7bb221762d0c46939816d3a5592b1359%252526data%25253D05%2525257C02%2525257Csramirez%25252540foment.com%2525257C1d01451646264e7fca2308de88baf1ef%2525257Cf37c938d38654a89b99bb000c76a74bf%2525257C1%2525257C0%2525257C639098533660503029%2525257CUnknown%2525257CTWFpbGZsb3d8eyJFbXB0eU1hcGkiOnRydWUsIlYiOiIwLjAuMDAwMCIsIlAiOiJXaW4zMiIsIkFOIjoiTWFpbCIsIldUIjoyfQ%2525253D%2525253D%2525257C0%2525257C%2525257C%2525257C%252526sdata%25253DnU%2525252FdP3SzDdBLN%2525252BjGlM%2525252BfjpHC30Tp2sKQXa53D7Snr8M%2525253D%252526reserved%25253D0%2522%252C%2522RedirectOptions%2522%253A%257B%25225%2522%253Anull%252C%25221%2522%253Anull%257D%257D%26msdynmkt_digest%3DTMCFNOfb0%252BXu2BCcvcmDJAmwBhXs4eG0zaVP3L6%252BdE8%253D%26msdynmkt_secretVersion%3D7bb221762d0c46939816d3a5592b1359&amp;data=05%7C02%7Csramirez%40foment.com%7C23b351ae016143229c6d08de8c12d3d6%7Cf37c938d38654a89b99bb000c76a74bf%7C1%7C0%7C639102209641147248%7CUnknown%7CTWFpbGZsb3d8eyJFbXB0eU1hcGkiOnRydWUsIlYiOiIwLjAuMDAwMCIsIlAiOiJXaW4zMiIsIkFOIjoiTWFpbCIsIldUIjoyfQ%3D%3D%7C0%7C%7C%7C&amp;sdata=daHoyG1ZgccCVp8G6HuKQMd9CnWk7pYkM%2FVO%2F7PF6wM%3D&amp;reserved=0\">Foment del Treball<\/a>, como entidad colaboradora y agente de apoyo a la internacionalizaci\u00f3n, te acompa\u00f1amos en este proceso para que puedas valorar tu potencial exportador y definir los primeros pasos con criterio.<\/span><\/p>\n<p><span style=\"font-family: verdana, geneva, sans-serif; font-size: 12px;\">La sesi\u00f3n <strong>C\u00d3MO CALCULAR EL PRECIO DE EXPORTACI\u00d3N<\/strong> tiene c\u00f3mo objetivo entender los costes asociados a la exportaci\u00f3n y definir un precio internacional competitivo, abordando los principales costos d&#8217;exportaci\u00f3n, el impacto de los Incoterms, el c\u00e1lculo de los m\u00e1rgenes comerciales y la estrat\u00e9gia de posicionamiento en mercados internacionales<\/span><\/p>\n<p><span style=\"color: #d2112d;\"><strong><span style=\"font-family: verdana, geneva, sans-serif; font-size: 12px;\">PROGRAMA<\/span><\/strong><\/span><\/p>\n<p><span style=\"font-family: verdana, geneva, sans-serif; font-size: 12px; color: #d2112d;\">09:00h. | Bienvenida y presentaci\u00f3n del Programa Catalu\u00f1a Exporta<\/span><\/p>\n<p><span style=\"font-family: verdana, geneva, sans-serif; font-size: 12px; color: #d2112d;\">09:10h. | <strong>C\u00f3mo calcular el precio de exportaci\u00f3n\u00a0<\/strong><\/span><\/p>\n<p><span style=\"font-family: verdana, geneva, sans-serif; font-size: 12px;\"><strong>Isabel Garcia<\/strong>, S\u00e9nior International Consultant, <strong>BarcelonaExport<\/strong><\/span><\/p>\n<p><span style=\"font-family: verdana, geneva, sans-serif; font-size: 12px; color: #d2112d;\">10:15h. | Turno de preguntas<\/span><\/p>\n<p><span style=\"font-family: verdana, geneva, sans-serif; font-size: 12px; color: #d2112d;\">10:30h. | Fin de la sesi\u00f3n<\/span><\/p>\n<p>&nbsp;<\/p>\n<p>[\/vc_column_text][vc_row][vc_column width=\u00bb1\/1&#8243;]<\/p>\n<div class=\"single_image wpb_content_element align-left    \" data-animation=\"none\" data-delay=\"0\"><img width=\"1900\" height=\"300\" src=\"https:\/\/www.foment.com\/wp-content\/uploads\/2026\/03\/ACCIO-1.png\" class=\"attachment-full\" alt=\"\" loading=\"lazy\" title=\"ACCI\u00d3\" srcset=\"https:\/\/www.foment.com\/wp-content\/uploads\/2026\/03\/ACCIO-1.png 1900w, https:\/\/www.foment.com\/wp-content\/uploads\/2026\/03\/ACCIO-1-300x47.png 300w, https:\/\/www.foment.com\/wp-content\/uploads\/2026\/03\/ACCIO-1-1024x162.png 1024w, https:\/\/www.foment.com\/wp-content\/uploads\/2026\/03\/ACCIO-1-768x121.png 768w, https:\/\/www.foment.com\/wp-content\/uploads\/2026\/03\/ACCIO-1-1536x243.png 1536w\" sizes=\"(max-width: 1900px) 100vw, 1900px\" \/><\/div>\n<p>[\/vc_column][\/vc_row][vc_row][vc_column width=\u00bb1\/2&#8243;][vc_column_text]<span style=\"font-family: verdana, geneva, sans-serif; font-size: 12px;\">Amb el suport de:\u00a0<\/span>[\/vc_column_text]<\/p>\n<div class=\"single_image wpb_content_element align-left    \" data-animation=\"none\" data-delay=\"0\"><a href=\"http:\/\/www.accio.gencat.cat\" target=\"_self\"><img width=\"300\" height=\"68\" src=\"https:\/\/www.foment.com\/wp-content\/uploads\/2026\/03\/ACCIO-integrat-Horitzontal-CAT-color-300x68.png\" class=\"attachment-medium\" alt=\"\" loading=\"lazy\" title=\"ACCIO-integrat-Horitzontal-CAT-color\" srcset=\"https:\/\/www.foment.com\/wp-content\/uploads\/2026\/03\/ACCIO-integrat-Horitzontal-CAT-color-300x68.png 300w, https:\/\/www.foment.com\/wp-content\/uploads\/2026\/03\/ACCIO-integrat-Horitzontal-CAT-color.png 559w\" sizes=\"(max-width: 300px) 100vw, 300px\" \/><\/a><\/div>\n<p>[\/vc_column][vc_column width=\u00bb1\/2&#8243;][vc_column_text]<span style=\"font-family: verdana, geneva, sans-serif; font-size: 12px;\">Agent de suport a la Internacionalitzaci\u00f3<\/span>[\/vc_column_text]<\/p>\n<div class=\"single_image wpb_content_element align-left    \" data-animation=\"none\" data-delay=\"0\"><img width=\"274\" height=\"300\" src=\"https:\/\/www.foment.com\/wp-content\/uploads\/2025\/11\/Agent-Suport-Internacionalizacio_Vertical-274x300.png\" class=\"attachment-medium\" alt=\"\" loading=\"lazy\" title=\"Agent Suport Internacionalizaci\u00f3_Vertical\" srcset=\"https:\/\/www.foment.com\/wp-content\/uploads\/2025\/11\/Agent-Suport-Internacionalizacio_Vertical-274x300.png 274w, https:\/\/www.foment.com\/wp-content\/uploads\/2025\/11\/Agent-Suport-Internacionalizacio_Vertical-768x842.png 768w, https:\/\/www.foment.com\/wp-content\/uploads\/2025\/11\/Agent-Suport-Internacionalizacio_Vertical.png 778w\" sizes=\"(max-width: 274px) 100vw, 274px\" \/><\/div>\n<p>[\/vc_column][\/vc_row]<\/p>\n<\/div><div class='clear'><\/div>\n\t\t\t\t\t\t\t\t\t<\/div>\n\t\t\t\t\t\t\t\t<\/div>\n\t\t\t\t\t\t\t<\/div><div class='evo_metarow_organizer evorow evcal_evdata_row evcal_evrow_sm '>\n\t\t\t\t\t\t\t\t<span class='evcal_evdata_icons'><i class='fa fa-headphones'><\/i><\/span>\n\t\t\t\t\t\t\t\t<div class='evcal_evdata_cell'>\t\t\t\t\t\t\t\n\t\t\t\t\t\t\t\t\t<h3 class='evo_h3'>Organizador<\/h3>\n\t\t\t\t\t\t\t\t\t<p class='evo_data_val evo_card_organizer_image'><img src='https:\/\/www.foment.com\/wp-content\/uploads\/2017\/04\/InternacionalEmpresabitotransCAT-200x80.png'\/><\/p>\n\t\t\t\t\t\t\t\t\t<div class='evo_card_organizer'><p class='evo_data_val evo_card_organizer_name'>\n\t\t\t\t\t\t\t\t\t\t<span class='evo_card_organizer_name_t'>Internacional<\/span>\n\t\t\t\t\t\t\t\t\t\t\n\t\t\t\t\t\t\t\t\t\t<\/p><\/div><div class='clear'><\/div>\t\t\t\t\t\t\t\n\t\t\t\t\t\t\t\t<\/div>\n\t\t\t\t\t\t\t<\/div>\t\t\t\t\t\t\t<div class='evo_metarow_ICS evorow evcal_evdata_row'>\n\t\t\t\t\t\t\t\t<span class=\"evcal_evdata_icons\"><i class=\"fa fa-calendar\"><\/i><\/span>\n\t\t\t\t\t\t\t\t<div class='evcal_evdata_cell'>\n\t\t\t\t\t\t\t\t\t<p><a href='https:\/\/www.foment.com\/wp-admin\/admin-ajax.php?action=eventon_ics_download&amp;event_id=216818&amp;ri=0' class='evo_ics_nCal' title='Add to your calendar'>Calendar<\/a><a href='\/\/www.google.com\/calendar\/event?action=TEMPLATE&amp;text=Webinar+%7C+C%C3%93MO+CALCULAR+EL+PRECIO+DE+EXPORTACI%C3%93N&amp;dates=20260512T070000Z\/20260512T083000Z&amp;ctz=Europe\/Madrid&amp;details=Webinar+%7C+C%C3%93MO+CALCULAR+EL+PRECIO+DE+EXPORTACI%C3%93N&amp;location=Webinar+por+ZoomWebinar+per+Zoom' target='_blank' class='evo_ics_gCal' title='Add to google calendar'>GoogleCal<\/a><\/p>\t\n\t\t\t\t\t\t\t\t<\/div>\n\t\t\t\t\t\t\t<\/div>\n\t\t\t\t\t\t\t<div class='evo_card_row_end evcal_close' title='Close'><\/div><\/div><div class='clear end'><\/div><\/div><div  id=\"event_218867_0\" class=\"eventon_list_event evo_eventtop scheduled  event event_218867_0\" data-event_id=\"218867\" data-ri=\"0r\" data-time=\"1778580000-1778585400\" data-colr=\"#06cc44\" itemscope itemtype='http:\/\/schema.org\/Event'><div class=\"evo_event_schema\" style=\"display:none\" ><a itemprop='url'  href='https:\/\/www.foment.com\/es\/events\/la-flexibilidad-como-un-nuevo-vector-del-sector-electrico\/'><\/a><meta itemprop='image' content=\"https:\/\/www.foment.com\/wp-content\/uploads\/2026\/04\/banner.png\" \/><meta itemprop='startDate' content=\"2026-5-12T10:00+2:00\" \/><meta itemprop='endDate' content=\"2026-5-12T11:30+2:00\" \/><meta itemprop='eventStatus' content=\"https:\/\/schema.org\/EventScheduled\" \/><item style=\"display:none\" itemprop=\"location\" itemscope itemtype=\"http:\/\/schema.org\/Place\"><span itemprop=\"name\">Foment del Treball<\/span><span itemprop=\"address\" itemscope itemtype=\"http:\/\/schema.org\/PostalAddress\"><item itemprop=\"streetAddress\">Via Laietana, 32-34, Principal, Barcelona<\/item><\/span><\/item><item style=\"display:none\" itemprop=\"eventAttendanceMode\" itemscope itemtype=\"https:\/\/schema.org\/OfflineEventAttendanceMode\"><\/item><div itemprop=\"organizer\" itemscope=\"\" itemtype=\"http:\/\/schema.org\/Organization\">\n\t\t\t\t\t    \t<meta itemprop=\"name\" content=\"Desarrollo Sostenible\">\n\t\t\t\t\t    \t<\/div><div itemprop=\"performer\" itemscope=\"\" itemtype=\"http:\/\/schema.org\/Person\">\n\t\t\t\t\t    \t<meta itemprop=\"name\" content=\"Desarrollo Sostenible\">\n\t\t\t\t\t    <\/div><script type=\"application\/ld+json\">{\"@context\": \"http:\/\/schema.org\",\"@type\": \"Event\",\n\t\t\t\t\t\"@id\": \"event_218867_0\",\n\t\t\t\t\t\"eventAttendanceMode\":\"https:\/\/schema.org\/OfflineEventAttendanceMode\",\n\t\t\t\t\t\"name\": \"La flexibilidad como un nuevo vector del sector el\u00e9ctrico\",\n\t\t\t\t\t\"url\": \"https:\/\/www.foment.com\/es\/events\/la-flexibilidad-como-un-nuevo-vector-del-sector-electrico\/\",\n\t\t\t\t\t\"startDate\": \"2026-5-12T10:00+2:00\",\n\t\t\t\t\t\"endDate\": \"2026-5-12T11:30+2:00\",\n\t\t\t\t\t\"image\":\"https:\/\/www.foment.com\/wp-content\/uploads\/2026\/04\/banner.png\", \n\t\t\t\t\t\"description\":\"<p>Fomento del Trabajo en colaboraci\u00f3n con Endesa te invita a asistir a la jornada sobre La Flexibilidad como un nuevo vector del sector el\u00e9ctrico, que se celebrar\u00e1 el pr\u00f3ximo 12 de mayo a las 10:00h en la sede de Fomento del Trabajo.<\/p> <p>El sector el\u00e9ctrico altamente descarbonizado y los nuevos usos de la electricidad hacen necesario desarrollar nuevos servicios de flexibilidad para que los agentes conectados a la red adapten sus perfiles de consumo y generaci\u00f3n a las condiciones del sistema en cada momento. Esta flexibilidad se alcanza mediante herramientas como el almacenamiento de energ\u00eda, las redes inteligentes y la participaci\u00f3n activa de los consumidores.<\/p> <p>En esta sesi\u00f3n profundizaremos sobre los mecanismos actuales y futuros que deben beneficiar al sector empresarial. Para ello, contaremos con la ponencia de Daniel Dav\u00ed, del Departamento de Desarrollo de Nuevas Oportunidades de Negocio de Red de e-Distribuci\u00f3n Redes Digitales del Grupo Endesa, que aportar\u00e1 una visi\u00f3n clave sobre los retos y oportunidades que marcar\u00e1n el futuro del sector.<\/p> <p>La jornada finalizar\u00e1 con un caf\u00e9 networking, un espacio para compartir impresiones y generar nuevas oportunidades de colaboraci\u00f3n.<\/p> <p>Para asistir al evento es indispensable la inscripci\u00f3n previa a trav\u00e9s del siguiente enlace:<\/p> <p style='text-align: center;'>Inscripci\u00f3n al evento, <a href='https:\/\/www.foment.com\/inscripcions-events\/?idevento=8411B5A4-CF38-F111-88B4-7CED8D3FACC9#_msdynmkt_donottrack=0,_msdynmkt_linkid=2a656a5c-ccf7-4e8e-bbb2-498920cc339c'>aqu\u00ed<\/a><\/p> <p>&nbsp;<\/p> \",\"location\":[{\"@type\":\"Place\",\"name\":\"Foment del Treball\",\"address\":{\"@type\": \"PostalAddress\",\"streetAddress\":\"Via Laietana, 32-34, Principal, Barcelona\"}}],\"organizer\":{\"@type\":\"Organization\",\"name\":\"Desarrollo Sostenible\"},\"performer\":{\"@type\":\"Person\",\"name\":\"Desarrollo Sostenible\"},\"eventStatus\":\"https:\/\/schema.org\/EventScheduled\"}<\/script><\/div>\n\t\t\t\t<p class=\"desc_trig_outter\" style=\"background-color:#ffffff;flex-direction: row;\"><a data-gmap_status=\"null\" data-exlk=\"1\"  style=\"border-color: #06cc44;\" id=\"evc_1778580000218867\" class=\"hasFtIMG desc_trig evo_desarrollo-sostenible sin_val evcal_list_a\" data-ux_val=\"3\"  ><span class='ev_ftImg' data-img='https:\/\/www.foment.com\/wp-content\/uploads\/2026\/04\/banner.png' data-thumb='https:\/\/www.foment.com\/wp-content\/uploads\/2026\/04\/banner-300x169.png' style='background-image:url(\"https:\/\/www.foment.com\/wp-content\/uploads\/2026\/04\/banner-300x169.png\")'><\/span><style>.ajde_evcal_calendar.boxy #evcal_list .eventon_list_event .evcal_desc em{color:black;}<\/style><span style='width:100%; background-color:#06cc44 !important;' class='evcal_cblock ' data-smon='mayo' data-syr='2026'><span style='margin-top: 7px;margin-bottom: 7px;' class='evo_start '><em class='date'>12<\/em><em class='month'>may<\/em><em class='time'>10:00<\/em><\/span><span style='margin-top: 7px;margin-bottom: 7px;' class='evo_end only_time'><em class='time'>11:30<\/em><\/span><em class='clear'><\/em><\/span><span class='evcal_desc evo_info '  data-location_address=\"Via Laietana, 32-34, Principal, Barcelona\" data-location_type=\"address\" data-location_name=\"Foment del Treball\" data-location_url=\"https:\/\/www.foment.com\/es\/event-location\/foment-del-treball\/\" data-location_status=\"true\" ><span class='evo_above_title'><\/span><span class='evcal_desc2 evcal_event_title hbaevatitle' itemprop='name'>La flexibilidad como un nuevo vector del sector el\u00e9ctrico<\/span><span class='evo_below_title'><\/span><span class='evcal_desc_info' ><em class='evcal_time evo_tz_time'>10:00 - 11:30<\/em> <\/span><span class='evcal_desc3'><em class=\"evcal_location\"  data-add_str=\"\"><em class=\"event_location_name\">Foment del Treball<\/em><\/em><\/span><span style='height: 60px;'  class='evcal_desc3' ><span class='evcal_event_types ett1'><em>C =<\/em><em data-filter='event_type'>Desarrollo sostenible<\/em><i class='clear'><\/i><\/span><\/span><\/span><em class='clear'><\/em><\/a><\/p><div class='event_description evcal_eventcard ' style=\"display:none\"><div class='evo_metarow_fimg evorow evcal_evdata_img evcal_evdata_row  evo_imghover' data-imgheight='1080' data-imgwidth='1920'  style='background-image: url(\"https:\/\/www.foment.com\/wp-content\/uploads\/2026\/04\/banner.png\")' data-imgstyle='full' data-minheight='400' data-status=''><\/div><div class='evcal_evdata_row evorow_2b evo_metarow_time_location evorow  '>\n\t\t\t\t\t\t\t\t<div class='evorow_b evorow_b1 evo_time'>\n\t\t\t\t\t\t\t\t\t<span class='evcal_evdata_icons'><i class='fa fa-clock'><\/i><\/span>\n\t\t\t\t\t\t\t\t\t<div class='evcal_evdata_cell'>\t\t\t\t\t\t\t\n\t\t\t\t\t\t\t\t\t\t<h3 class='evo_h3'><span class='evcal_evdata_icons'><i class='fa fa-clock'><\/i><\/span>Horario<\/h3>\n\t\t\t\t\t\t\t\t\t\t<p><span class='evo_eventcard_time_t'>(Martes) 10:00 - 11:30<\/span><\/p>\n\t\t\t\t\t\t\t\t\t<\/div>\n\t\t\t\t\t\t\t\t<\/div>\n\t\t\t\t\t\t\t\t<div class='evorow_b evo_location'>\n\t\t\t\t\t\t\t\t\t<span class='evcal_evdata_icons'><i class='fa fa-map-marker-alt'><\/i><\/span>\n\t\t\t\t\t\t\t\t\t<div class='evcal_evdata_cell' data-loc_tax_id='98'><h3 class='evo_h3'><span class='evcal_evdata_icons'><i class='fa fa-map-marker-alt'><\/i><\/span>Lugar<\/h3><p class='evo_location_name'>Foment del Treball<\/p><p class='evo_location_address'>Via Laietana, 32-34, Principal, Barcelona<\/p><\/div>\n\t\t\t\t\t\t\t\t<\/div>\n\t\t\t\t\t\t\t\t\n\t\t\t\t\t\t\t<\/div><div class='evo_metarow_details evorow evcal_evdata_row evcal_event_details'>\n\t\t\t\t\t\t\t\t<div class=\"event_excerpt\" style=\"display:none\"><h3 class=\"padb5 evo_h3\">Detalles del evento<\/h3><p>Fomento del Trabajo en colaboraci\u00f3n con Endesa te invita a asistir a la jornada sobre La Flexibilidad como un nuevo vector del sector el\u00e9ctrico, que se celebrar\u00e1 el pr\u00f3ximo 12<\/p><\/div><span class='evcal_evdata_icons'><i class='fa fa-align-justify'><\/i><\/span>\n\t\t\t\t\t\t\t\t\n\t\t\t\t\t\t\t\t<div class='evcal_evdata_cell '>\n\t\t\t\t\t\t\t\t\t<div class='eventon_full_description'>\n\t\t\t\t\t\t\t\t\t\t<h3 class='padb5 evo_h3'><span class='evcal_evdata_icons'><i class='fa fa-align-justify'><\/i><\/span>Detalles del evento<\/h3>\n\t\t\t\t\t\t\t\t\t\t<div class='eventon_desc_in' itemprop='description'>\n\t\t\t\t\t\t\t\t\t\t<p>Fomento del Trabajo en colaboraci\u00f3n con Endesa te invita a asistir a la jornada sobre La Flexibilidad como un nuevo vector del sector el\u00e9ctrico, que se celebrar\u00e1 el pr\u00f3ximo 12 de mayo a las 10:00h en la sede de Fomento del Trabajo.<\/p>\n<p>El sector el\u00e9ctrico altamente descarbonizado y los nuevos usos de la electricidad hacen necesario desarrollar nuevos servicios de flexibilidad para que los agentes conectados a la red adapten sus perfiles de consumo y generaci\u00f3n a las condiciones del sistema en cada momento. Esta flexibilidad se alcanza mediante herramientas como el almacenamiento de energ\u00eda, las redes inteligentes y la participaci\u00f3n activa de los consumidores.<\/p>\n<p>En esta sesi\u00f3n profundizaremos sobre los mecanismos actuales y futuros que deben beneficiar al sector empresarial. Para ello, contaremos con la ponencia de Daniel Dav\u00ed, del Departamento de Desarrollo de Nuevas Oportunidades de Negocio de Red de e-Distribuci\u00f3n Redes Digitales del Grupo Endesa, que aportar\u00e1 una visi\u00f3n clave sobre los retos y oportunidades que marcar\u00e1n el futuro del sector.<\/p>\n<p>La jornada finalizar\u00e1 con un caf\u00e9 networking, un espacio para compartir impresiones y generar nuevas oportunidades de colaboraci\u00f3n.<\/p>\n<p>Para asistir al evento es indispensable la inscripci\u00f3n previa a trav\u00e9s del siguiente enlace:<\/p>\n<p style=\"text-align: center;\">Inscripci\u00f3n al evento, <a href=\"https:\/\/www.foment.com\/inscripcions-events\/?idevento=8411B5A4-CF38-F111-88B4-7CED8D3FACC9#_msdynmkt_donottrack=0,_msdynmkt_linkid=2a656a5c-ccf7-4e8e-bbb2-498920cc339c\">aqu\u00ed<\/a><\/p>\n<p>&nbsp;<\/p>\n<\/div><div class='clear'><\/div>\n\t\t\t\t\t\t\t\t\t<\/div>\n\t\t\t\t\t\t\t\t<\/div>\n\t\t\t\t\t\t\t<\/div><div class='evo_metarow_organizer evorow evcal_evdata_row evcal_evrow_sm '>\n\t\t\t\t\t\t\t\t<span class='evcal_evdata_icons'><i class='fa fa-headphones'><\/i><\/span>\n\t\t\t\t\t\t\t\t<div class='evcal_evdata_cell'>\t\t\t\t\t\t\t\n\t\t\t\t\t\t\t\t\t<h3 class='evo_h3'>Organizador<\/h3>\n\t\t\t\t\t\t\t\t\t<p class='evo_data_val evo_card_organizer_image'><img src='https:\/\/www.foment.com\/wp-content\/uploads\/2018\/01\/nou_logo_Sostenible_es-300x80.png'\/><\/p>\n\t\t\t\t\t\t\t\t\t<div class='evo_card_organizer'><p class='evo_data_val evo_card_organizer_name'>\n\t\t\t\t\t\t\t\t\t\t<span class='evo_card_organizer_name_t'>Desarrollo Sostenible<\/span>\n\t\t\t\t\t\t\t\t\t\t\n\t\t\t\t\t\t\t\t\t\t<\/p><\/div><div class='clear'><\/div>\t\t\t\t\t\t\t\n\t\t\t\t\t\t\t\t<\/div>\n\t\t\t\t\t\t\t<\/div><div class='evcal_evdata_row evo_metarow_locImg evorow ' style='height:400px; background-image:url(https:\/\/www.foment.com\/wp-content\/uploads\/2022\/06\/Edifici-Foment-2020-scaled.jpg)' id='146693_locimg' ><\/div>\t\t\t\t\t\t\t<div class='evo_metarow_ICS evorow evcal_evdata_row'>\n\t\t\t\t\t\t\t\t<span class=\"evcal_evdata_icons\"><i class=\"fa fa-calendar\"><\/i><\/span>\n\t\t\t\t\t\t\t\t<div class='evcal_evdata_cell'>\n\t\t\t\t\t\t\t\t\t<p><a href='https:\/\/www.foment.com\/wp-admin\/admin-ajax.php?action=eventon_ics_download&amp;event_id=218867&amp;ri=0' class='evo_ics_nCal' title='Add to your calendar'>Calendar<\/a><a href='\/\/www.google.com\/calendar\/event?action=TEMPLATE&amp;text=La+flexibilidad+como+un+nuevo+vector+del+sector+el%C3%A9ctrico&amp;dates=20260512T080000Z\/20260512T093000Z&amp;ctz=Europe\/Madrid&amp;details=La+flexibilidad+como+un+nuevo+vector+del+sector+el%C3%A9ctrico&amp;location=Foment+del+TreballVia+Laietana%2C+32-34%2C+Principal%2C+Barcelona' target='_blank' class='evo_ics_gCal' title='Add to google calendar'>GoogleCal<\/a><\/p>\t\n\t\t\t\t\t\t\t\t<\/div>\n\t\t\t\t\t\t\t<\/div>\n\t\t\t\t\t\t\t<div class='evo_card_row_end evcal_close' title='Close'><\/div><\/div><div class='clear end'><\/div><\/div><div  id=\"event_218585_0\" class=\"eventon_list_event evo_eventtop scheduled  event event_218585_0\" data-event_id=\"218585\" data-ri=\"0r\" data-time=\"1778580000-1778589000\" data-colr=\"#00a499\" itemscope itemtype='http:\/\/schema.org\/Event'><div class=\"evo_event_schema\" style=\"display:none\" ><a itemprop='url'  href='https:\/\/www.foment.com\/es\/events\/cuando-la-presencia-no-es-exposicion-claves-para-entender-el-riesgo-cancerigeno-en-el-entorno-laboral\/'><\/a><meta itemprop='image' content=\"https:\/\/www.foment.com\/wp-content\/uploads\/2026\/04\/Caratula-cancerigenos-ESP.jpg\" \/><meta itemprop='startDate' content=\"2026-5-12T10:00+2:00\" \/><meta itemprop='endDate' content=\"2026-5-12T12:30+2:00\" \/><meta itemprop='eventStatus' content=\"https:\/\/schema.org\/EventScheduled\" \/><item style=\"display:none\" itemprop=\"eventAttendanceMode\" itemscope itemtype=\"https:\/\/schema.org\/OfflineEventAttendanceMode\"><\/item><div itemprop=\"organizer\" itemscope=\"\" itemtype=\"http:\/\/schema.org\/Organization\">\n\t\t\t\t\t    \t<meta itemprop=\"name\" content=\"Of. T\u00e9cnica de Prevenci\u00f3n de Riesgos Laborales\">\n\t\t\t\t\t    \t<\/div><div itemprop=\"performer\" itemscope=\"\" itemtype=\"http:\/\/schema.org\/Person\">\n\t\t\t\t\t    \t<meta itemprop=\"name\" content=\"Of. T\u00e9cnica de Prevenci\u00f3n de Riesgos Laborales\">\n\t\t\t\t\t    <\/div><script type=\"application\/ld+json\">{\"@context\": \"http:\/\/schema.org\",\"@type\": \"Event\",\n\t\t\t\t\t\"@id\": \"event_218585_0\",\n\t\t\t\t\t\"eventAttendanceMode\":\"https:\/\/schema.org\/OfflineEventAttendanceMode\",\n\t\t\t\t\t\"name\": \"Cuando la presencia no es exposici\u00f3n: claves para entender el riesgo cancer\u00edgeno en el entorno laboral\",\n\t\t\t\t\t\"url\": \"https:\/\/www.foment.com\/es\/events\/cuando-la-presencia-no-es-exposicion-claves-para-entender-el-riesgo-cancerigeno-en-el-entorno-laboral\/\",\n\t\t\t\t\t\"startDate\": \"2026-5-12T10:00+2:00\",\n\t\t\t\t\t\"endDate\": \"2026-5-12T12:30+2:00\",\n\t\t\t\t\t\"image\":\"https:\/\/www.foment.com\/wp-content\/uploads\/2026\/04\/Caratula-cancerigenos-ESP.jpg\", \n\t\t\t\t\t\"description\":\"<p>[vc_row][vc_column][vc_column_text]<\/p> <p>&nbsp;<\/p> <p style='text-align: center;'><span style='color: #a60f0f; font-family: verdana, geneva, sans-serif;'><span style='font-size: 24px;'>Cuando la presencia no es exposici\u00f3n: claves para entender el riesgo cancer\u00edgeno en el entorno laboral<\/span><\/span><\/p> <p>&nbsp;<\/p> <p style='text-align: justify;'><span style='font-family: verdana, geneva, sans-serif; font-size: 14px;'>La exposici\u00f3n laboral a sustancias cancer\u00edgenas, mut\u00e1genas y t\u00f3xicas para la reproducci\u00f3n (CMR) constituye, hoy en dia, una de las mayores amenazas silenciosas para la salud en los entornos laborales. Aunque la Uni\u00f3n Europea y Espa\u00f1a han respondido con m\u00faltiples reformas normativas, el problema no se resuelve exclusivamente con regulaciones m\u00e1s estrictas. De hecho, uno de los obst\u00e1culos centrales sigue siendo la ambig\u00fcedad en torno a qu\u00e9 entendemos realmente por exposici\u00f3n: confundir presencia ambiental con exposici\u00f3n real genera inseguridad jur\u00eddica y dispersa esfuerzos preventivos all\u00ed donde son innecesarios, desvi\u00e1ndolos de donde son cruciales.<\/span><\/p> <p style='text-align: justify;'><span style='font-family: verdana, geneva, sans-serif; font-size: 14px;'>Durante la jornada se presentar\u00e1 la <strong>Gu\u00eda de recomendaciones para el abordaje de la gesti\u00f3n de los agentes cancer\u00edgenos, mutag\u00e9nicos y reprot\u00f3xicos en el entorno laboral<\/strong>, editada por Foment del Treball, que ofrece una reinterpretaci\u00f3n del concepto de exposici\u00f3n desde un enfoque pragm\u00e1tico, basado en la evidencia cient\u00edfica actual y en la normativa t\u00e9cnica internacional, como la Norma UNE-EN 689:2019 o la TRGS 910 alemana. De esta manera se proporciona a los profesionales de la Higiene Industrial, responsables de prevenci\u00f3n y salud laboral y, en general, a todo aquellos implicados en la protecci\u00f3n frente a los riesgos qu\u00edmicos debidos a la exposici\u00f3n a agentes cancer\u00edgenos, mut\u00e1genos y t\u00f3xicos para la reproducci\u00f3n, criterios claros y una metodologia que asegura, no solo la reducci\u00f3n del riesgo real, sino tambi\u00e9n la certeza jur\u00eddica y t\u00e9cnica en cada decisi\u00f3n adoptada.<\/span><\/p> <p>[\/vc_column_text][\/vc_column][\/vc_row][vc_row][vc_column width=\u00bb1\/2&#8243;][vc_btn title=\u00bbDescargar programa\u00bb style=\u00bboutline-custom\u00bb outline_custom_color=\u00bb#dd3333&#8243; outline_custom_hover_background=\u00bb#000000&#8243; outline_custom_hover_text=\u00bb#ffffff\u00bb align=\u00bbcenter\u00bb link=\u00bburl:https%3A%2F%2Ffomentdeltreball.sharepoint.com%2F%3Ab%3A%2Fg%2FIQAeDSnP2mwKQ4EP2P15drquAYhyaBUVswVqZvOsHmMHjmA|target:_blank\u00bb css=\u00bb.vc_custom_1777033437550{background-color: #ffffff !important;}\u00bb][\/vc_column][vc_column width=\u00bb1\/2&#8243;][vc_btn title=\u00bbInscripci\u00f3n\u00bb style=\u00bboutline-custom\u00bb outline_custom_color=\u00bb#dd3333&#8243; outline_custom_hover_background=\u00bb#000000&#8243; outline_custom_hover_text=\u00bb#ffffff\u00bb align=\u00bbcenter\u00bb link=\u00bburl:https%3A%2F%2Fwww.foment.com%2Fes%2Finscripciones-eventos%2F%3Fidevento%3DB92D31BB-D23F-F111-88B4-7CED8D3FACC9|target:_blank\u00bb css=\u00bb.vc_custom_1777033569817{background-color: #ffffff !important;}\u00bb][\/vc_column][\/vc_row][vc_row][vc_column][vc_column_text]<br \/> [\/vc_column_text][vc_single_image image=\u00bb213981&#8243; img_size=\u00bblarge\u00bb][\/vc_column][\/vc_row]<\/p> \",\"organizer\":{\"@type\":\"Organization\",\"name\":\"Of. T\u00e9cnica de Prevenci\u00f3n de Riesgos Laborales\"},\"performer\":{\"@type\":\"Person\",\"name\":\"Of. T\u00e9cnica de Prevenci\u00f3n de Riesgos Laborales\"},\"eventStatus\":\"https:\/\/schema.org\/EventScheduled\"}<\/script><\/div>\n\t\t\t\t<p class=\"desc_trig_outter\" style=\"background-color:#ffffff;flex-direction: row;\"><a data-gmap_status=\"null\" data-exlk=\"1\"  style=\"border-color: #00a499;\" id=\"evc_1778580000218585\" class=\"hasFtIMG desc_trig evo_prevencion-riesgos-laborales sin_val evcal_list_a\" data-ux_val=\"3\"  ><span class='ev_ftImg' data-img='https:\/\/www.foment.com\/wp-content\/uploads\/2026\/04\/Caratula-cancerigenos-ESP.jpg' data-thumb='https:\/\/www.foment.com\/wp-content\/uploads\/2026\/04\/Caratula-cancerigenos-ESP-300x169.jpg' style='background-image:url(\"https:\/\/www.foment.com\/wp-content\/uploads\/2026\/04\/Caratula-cancerigenos-ESP-300x169.jpg\")'><\/span><style>.ajde_evcal_calendar.boxy #evcal_list .eventon_list_event .evcal_desc em{color:black;}<\/style><span style='width:100%; background-color:#00a499 !important;' class='evcal_cblock ' data-smon='mayo' data-syr='2026'><span style='margin-top: 7px;margin-bottom: 7px;' class='evo_start '><em class='date'>12<\/em><em class='month'>may<\/em><em class='time'>10:00<\/em><\/span><span style='margin-top: 7px;margin-bottom: 7px;' class='evo_end only_time'><em class='time'>12:30<\/em><\/span><em class='clear'><\/em><\/span><span class='evcal_desc evo_info '  ><span class='evo_above_title'><\/span><span class='evcal_desc2 evcal_event_title hbaevatitle' itemprop='name'>Cuando la presencia no es exposici\u00f3n: claves para entender el riesgo cancer\u00edgeno en el entorno laboral<\/span><span class='evo_below_title'><\/span><span class='evcal_desc_info' ><em class='evcal_time evo_tz_time'>10:00 - 12:30<\/em> <\/span><span class='evcal_desc3'><\/span><span style='height: 60px;'  class='evcal_desc3' ><span class='evcal_event_types ett1'><em>C =<\/em><em data-filter='event_type'>Prevenci\u00f3n Riesgos Laborales<\/em><i class='clear'><\/i><\/span><\/span><\/span><em class='clear'><\/em><\/a><\/p><div class='event_description evcal_eventcard ' style=\"display:none\"><div class='evo_metarow_fimg evorow evcal_evdata_img evcal_evdata_row  evo_imghover' data-imgheight='1080' data-imgwidth='1920'  style='background-image: url(\"https:\/\/www.foment.com\/wp-content\/uploads\/2026\/04\/Caratula-cancerigenos-ESP.jpg\")' data-imgstyle='full' data-minheight='400' data-status=''><\/div><div class='evo_metarow_time evorow evcal_evdata_row evcal_evrow_sm '>\n\t\t\t\t\t\t\t\t<span class='evcal_evdata_icons'><i class='fa fa-clock'><\/i><\/span>\n\t\t\t\t\t\t\t\t<div class='evcal_evdata_cell'>\t\t\t\t\t\t\t\n\t\t\t\t\t\t\t\t\t<h3 class='evo_h3'><span class='evcal_evdata_icons'><i class='fa fa-clock'><\/i><\/span>Horario<\/h3><p><span class='evo_eventcard_time_t'>(Martes) 10:00 - 12:30<\/span><\/p>\n\t\t\t\t\t\t\t\t<\/div>\n\t\t\t\t\t\t\t<\/div><div class='evo_metarow_details evorow evcal_evdata_row evcal_event_details'>\n\t\t\t\t\t\t\t\t<div class=\"event_excerpt\" style=\"display:none\"><h3 class=\"padb5 evo_h3\">Detalles del evento<\/h3><p>[vc_row][vc_column][vc_column_text]\n&nbsp;\nCuando la presencia no es exposici\u00f3n: claves para entender el riesgo cancer\u00edgeno en el entorno laboral\n&nbsp;\n<\/p><\/div><span class='evcal_evdata_icons'><i class='fa fa-align-justify'><\/i><\/span>\n\t\t\t\t\t\t\t\t\n\t\t\t\t\t\t\t\t<div class='evcal_evdata_cell '>\n\t\t\t\t\t\t\t\t\t<div class='eventon_full_description'>\n\t\t\t\t\t\t\t\t\t\t<h3 class='padb5 evo_h3'><span class='evcal_evdata_icons'><i class='fa fa-align-justify'><\/i><\/span>Detalles del evento<\/h3>\n\t\t\t\t\t\t\t\t\t\t<div class='eventon_desc_in' itemprop='description'>\n\t\t\t\t\t\t\t\t\t\t<p>[vc_row][vc_column][vc_column_text]<\/p>\n<p>&nbsp;<\/p>\n<p style=\"text-align: center;\"><span style=\"color: #a60f0f; font-family: verdana, geneva, sans-serif;\"><span style=\"font-size: 24px;\">Cuando la presencia no es exposici\u00f3n: claves para entender el riesgo cancer\u00edgeno en el entorno laboral<\/span><\/span><\/p>\n<p>&nbsp;<\/p>\n<p style=\"text-align: justify;\"><span style=\"font-family: verdana, geneva, sans-serif; font-size: 14px;\">La exposici\u00f3n laboral a sustancias cancer\u00edgenas, mut\u00e1genas y t\u00f3xicas para la reproducci\u00f3n (CMR) constituye, hoy en dia, una de las mayores amenazas silenciosas para la salud en los entornos laborales. Aunque la Uni\u00f3n Europea y Espa\u00f1a han respondido con m\u00faltiples reformas normativas, el problema no se resuelve exclusivamente con regulaciones m\u00e1s estrictas. De hecho, uno de los obst\u00e1culos centrales sigue siendo la ambig\u00fcedad en torno a qu\u00e9 entendemos realmente por exposici\u00f3n: confundir presencia ambiental con exposici\u00f3n real genera inseguridad jur\u00eddica y dispersa esfuerzos preventivos all\u00ed donde son innecesarios, desvi\u00e1ndolos de donde son cruciales.<\/span><\/p>\n<p style=\"text-align: justify;\"><span style=\"font-family: verdana, geneva, sans-serif; font-size: 14px;\">Durante la jornada se presentar\u00e1 la <strong>Gu\u00eda de recomendaciones para el abordaje de la gesti\u00f3n de los agentes cancer\u00edgenos, mutag\u00e9nicos y reprot\u00f3xicos en el entorno laboral<\/strong>, editada por Foment del Treball, que ofrece una reinterpretaci\u00f3n del concepto de exposici\u00f3n desde un enfoque pragm\u00e1tico, basado en la evidencia cient\u00edfica actual y en la normativa t\u00e9cnica internacional, como la Norma UNE-EN 689:2019 o la TRGS 910 alemana. De esta manera se proporciona a los profesionales de la Higiene Industrial, responsables de prevenci\u00f3n y salud laboral y, en general, a todo aquellos implicados en la protecci\u00f3n frente a los riesgos qu\u00edmicos debidos a la exposici\u00f3n a agentes cancer\u00edgenos, mut\u00e1genos y t\u00f3xicos para la reproducci\u00f3n, criterios claros y una metodologia que asegura, no solo la reducci\u00f3n del riesgo real, sino tambi\u00e9n la certeza jur\u00eddica y t\u00e9cnica en cada decisi\u00f3n adoptada.<\/span><\/p>\n<p>[\/vc_column_text][\/vc_column][\/vc_row][vc_row][vc_column width=\u00bb1\/2&#8243;][vc_btn title=\u00bbDescargar programa\u00bb style=\u00bboutline-custom\u00bb outline_custom_color=\u00bb#dd3333&#8243; outline_custom_hover_background=\u00bb#000000&#8243; outline_custom_hover_text=\u00bb#ffffff\u00bb align=\u00bbcenter\u00bb link=\u00bburl:https%3A%2F%2Ffomentdeltreball.sharepoint.com%2F%3Ab%3A%2Fg%2FIQAeDSnP2mwKQ4EP2P15drquAYhyaBUVswVqZvOsHmMHjmA|target:_blank\u00bb css=\u00bb.vc_custom_1777033437550{background-color: #ffffff !important;}\u00bb][\/vc_column][vc_column width=\u00bb1\/2&#8243;][vc_btn title=\u00bbInscripci\u00f3n\u00bb style=\u00bboutline-custom\u00bb outline_custom_color=\u00bb#dd3333&#8243; outline_custom_hover_background=\u00bb#000000&#8243; outline_custom_hover_text=\u00bb#ffffff\u00bb align=\u00bbcenter\u00bb link=\u00bburl:https%3A%2F%2Fwww.foment.com%2Fes%2Finscripciones-eventos%2F%3Fidevento%3DB92D31BB-D23F-F111-88B4-7CED8D3FACC9|target:_blank\u00bb css=\u00bb.vc_custom_1777033569817{background-color: #ffffff !important;}\u00bb][\/vc_column][\/vc_row][vc_row][vc_column][vc_column_text]<br \/>\n[\/vc_column_text][vc_single_image image=\u00bb213981&#8243; img_size=\u00bblarge\u00bb][\/vc_column][\/vc_row]<\/p>\n<\/div><div class='clear'><\/div>\n\t\t\t\t\t\t\t\t\t<\/div>\n\t\t\t\t\t\t\t\t<\/div>\n\t\t\t\t\t\t\t<\/div><div class='evo_metarow_organizer evorow evcal_evdata_row evcal_evrow_sm '>\n\t\t\t\t\t\t\t\t<span class='evcal_evdata_icons'><i class='fa fa-headphones'><\/i><\/span>\n\t\t\t\t\t\t\t\t<div class='evcal_evdata_cell'>\t\t\t\t\t\t\t\n\t\t\t\t\t\t\t\t\t<h3 class='evo_h3'>Organizador<\/h3>\n\t\t\t\t\t\t\t\t\t\n\t\t\t\t\t\t\t\t\t<div class='evo_card_organizer'><p class='evo_data_val evo_card_organizer_name'>\n\t\t\t\t\t\t\t\t\t\t<span class='evo_card_organizer_name_t'>Of. T\u00e9cnica de Prevenci\u00f3n de Riesgos Laborales<\/span>\n\t\t\t\t\t\t\t\t\t\t\n\t\t\t\t\t\t\t\t\t\t<\/p><\/div><div class='clear'><\/div>\t\t\t\t\t\t\t\n\t\t\t\t\t\t\t\t<\/div>\n\t\t\t\t\t\t\t<\/div>\t\t\t\t\t\t\t<div class='evo_metarow_ICS evorow evcal_evdata_row'>\n\t\t\t\t\t\t\t\t<span class=\"evcal_evdata_icons\"><i class=\"fa fa-calendar\"><\/i><\/span>\n\t\t\t\t\t\t\t\t<div class='evcal_evdata_cell'>\n\t\t\t\t\t\t\t\t\t<p><a href='https:\/\/www.foment.com\/wp-admin\/admin-ajax.php?action=eventon_ics_download&amp;event_id=218585&amp;ri=0' class='evo_ics_nCal' title='Add to your calendar'>Calendar<\/a><a href='\/\/www.google.com\/calendar\/event?action=TEMPLATE&amp;text=Cuando+la+presencia+no+es+exposici%C3%B3n%3A+claves+para+entender+el+riesgo+cancer%C3%ADgeno+en+el+entorno+laboral&amp;dates=20260512T080000Z\/20260512T103000Z&amp;ctz=Europe\/Madrid&amp;details=Cuando+la+presencia+no+es+exposici%C3%B3n%3A+claves+para+entender+el+riesgo+cancer%C3%ADgeno+en+el+entorno+laboral&amp;location=' target='_blank' class='evo_ics_gCal' title='Add to google calendar'>GoogleCal<\/a><\/p>\t\n\t\t\t\t\t\t\t\t<\/div>\n\t\t\t\t\t\t\t<\/div>\n\t\t\t\t\t\t\t<div class='evo_card_row_end evcal_close' title='Close'><\/div><\/div><div class='clear end'><\/div><\/div><div  id=\"event_218729_0\" class=\"eventon_list_event evo_eventtop scheduled  event event_218729_0\" data-event_id=\"218729\" data-ri=\"0r\" data-time=\"1778750100-1778756400\" data-colr=\"#0db270\" itemscope itemtype='http:\/\/schema.org\/Event'><div class=\"evo_event_schema\" style=\"display:none\" ><a itemprop='url'  href='https:\/\/www.foment.com\/es\/events\/218729\/'><\/a><meta itemprop='image'  \/><meta itemprop='startDate' content=\"2026-5-14T09:15+2:00\" \/><meta itemprop='endDate' content=\"2026-5-14T11:00+2:00\" \/><meta itemprop='eventStatus' content=\"https:\/\/schema.org\/EventScheduled\" \/><item style=\"display:none\" itemprop=\"location\" itemscope itemtype=\"http:\/\/schema.org\/Place\"><span itemprop=\"name\">Foment del Treball<\/span><span itemprop=\"address\" itemscope itemtype=\"http:\/\/schema.org\/PostalAddress\"><item itemprop=\"streetAddress\">Via Laietana, 32-34, Principal, Barcelona<\/item><\/span><\/item><item style=\"display:none\" itemprop=\"eventAttendanceMode\" itemscope itemtype=\"https:\/\/schema.org\/OfflineEventAttendanceMode\"><\/item><div itemprop=\"organizer\" itemscope=\"\" itemtype=\"http:\/\/schema.org\/Organization\">\n\t\t\t\t\t    \t<meta itemprop=\"name\" content=\"Internacional\">\n\t\t\t\t\t    \t<\/div><div itemprop=\"performer\" itemscope=\"\" itemtype=\"http:\/\/schema.org\/Person\">\n\t\t\t\t\t    \t<meta itemprop=\"name\" content=\"Internacional\">\n\t\t\t\t\t    <\/div><script type=\"application\/ld+json\">{\"@context\": \"http:\/\/schema.org\",\"@type\": \"Event\",\n\t\t\t\t\t\"@id\": \"event_218729_0\",\n\t\t\t\t\t\"eventAttendanceMode\":\"https:\/\/schema.org\/OfflineEventAttendanceMode\",\n\t\t\t\t\t\"name\": \"Jornada Empresarial | Paraguay: Puerta estrat\u00e9gica para invertir y expandirse en Am\u00e9rica Latina\",\n\t\t\t\t\t\"url\": \"https:\/\/www.foment.com\/es\/events\/218729\/\",\n\t\t\t\t\t\"startDate\": \"2026-5-14T09:15+2:00\",\n\t\t\t\t\t\"endDate\": \"2026-5-14T11:00+2:00\",\n\t\t\t\t\t\"image\":\"\", \n\t\t\t\t\t\"description\":\"<p>[vc_row][vc_column width=\u00bb1\/1&#8243;][vc_btn title=\u00bbINSCRIPCI\u00d3N GRATUITA\u00bb style=\u00bb3d\u00bb color=\u00bbdanger\u00bb size=\u00bblg\u00bb align=\u00bbcenter\u00bb button_block=\u00bbtrue\u00bb link=\u00bburl:https%3A%2F%2Fwww.foment.com%2Finscripcions-events%2F%3Fidevento%3DCB76A37B-303E-F111-88B4-000D3ADCC39A%23msdynmkt_trackingcontext%3D6680d0d6-31bf-49cf-bdcf-76c9c3490000&#8243;][vc_column_text]<\/p> <p>&nbsp;<\/p> <p style='text-align: center;'><span style='color: #c2112d; font-family: verdana, geneva, sans-serif; font-size: 18px;'>Foment del Treball, el Consulado General de Paraguay en Espa\u00f1a y la Red de Inversiones y Exportaciones de Paraguay (REDIEX)<\/span><\/p> <p style='text-align: center;'><span style='font-family: verdana, geneva, sans-serif; font-size: 18px;'>tienen el placer de invitarle a la<\/span><\/p> <p style='text-align: center;'><strong><span style='font-family: verdana, geneva, sans-serif; font-size: 18px;'>Jornada Empresarial<\/span><\/strong><\/p> <p style='text-align: center;'><span style='font-family: verdana, geneva, sans-serif; font-size: 18px;'><strong><span style='color: #c2112d;'>Paraguay: Puerta estrat\u00e9gica para invertir y expandirse en Am\u00e9rica Latina<\/span><\/strong><\/span><\/p> <p style='text-align: center;'><span style='font-family: verdana, geneva, sans-serif; font-size: 18px;'>con la participaci\u00f3n de<\/span><\/p> <p style='text-align: center;'><span style='color: #c2112d; font-family: verdana, geneva, sans-serif; font-size: 18px;'>S. E. Alberto Sborovsky<\/span><br \/> <span style='color: #c2112d; font-family: verdana, geneva, sans-serif; font-size: 18px;'>Vice Ministro de Comercio y servicios de la Rep\u00fablica de Paraguay<\/span><\/p> <p style='text-align: center;'><span style='font-family: verdana, geneva, sans-serif; font-size: 18px;'>en el marco de su visita oficial a Barcelona<\/span><\/p> <p>&nbsp;<\/p> <p style='text-align: justify;'><span style='font-family: verdana, geneva, sans-serif; font-size: 13px;'>Paraguay se posiciona hoy como uno de los destinos m\u00e1s atractivos para las empresas que buscan crecer en Am\u00e9rica Latina. Su entorno macroecon\u00f3mico estable, sus costes operativos competitivos, sus incentivos fiscales y su ubicaci\u00f3n estrat\u00e9gica en el centro de Sudam\u00e9rica lo convierten en una plataforma ideal para invertir, producir y exportar al Mercosur, con acceso preferencial a un mercado de m\u00e1s de 300 millones de consumidores.<\/span><\/p> <p style='text-align: justify;'><span style='font-family: verdana, geneva, sans-serif; font-size: 13px;'>Para las empresas catalanas, Paraguay representa una oportunidad real para impulsar procesos de internacionalizaci\u00f3n, establecer implantaciones productivas y abrir nuevas v\u00edas de negocio en la regi\u00f3n, desde una base eficiente, segura y con gran proyecci\u00f3n.<\/span><\/p> <p style='text-align: justify;'><span style='font-family: verdana, geneva, sans-serif; font-size: 13px;'>Esta jornada ser\u00e1 una ocasi\u00f3n \u00fanica para conocer de primera mano las ventajas competitivas que ofrece el pa\u00eds, identificar oportunidades de inversi\u00f3n y expansi\u00f3n, y establecer contacto con un representante institucional de primer nivel.<\/span><\/p> <p style='text-align: justify;'><span style='font-family: verdana, geneva, sans-serif; font-size: 13px;'>Dirigido a empresas interesadas en internacionalizaci\u00f3n, implantaci\u00f3n productiva y desarrollo de oportunidades de negocio en Am\u00e9rica Latina.<\/span><\/p> <p style='text-align: center;'><span style='font-family: verdana, geneva, sans-serif; font-size: 13px;'><strong>Plazas limitadas. Inscr\u00edbase ahora y d\u00e9 el primer paso para impulsar su negocio en Am\u00e9rica Latina.<\/strong><\/span><\/p> <p><span style='color: #c2112d; font-family: verdana, geneva, sans-serif; font-size: 13px;'>PROGRAMA<\/span><\/p> <p><span style='color: #c2112d; font-family: verdana, geneva, sans-serif; font-size: 13px;'>09.15 h. | Acreditaciones<\/span><\/p> <p><span style='color: #c2112d; font-family: verdana, geneva, sans-serif; font-size: 13px;'>09.30 h. | Bienvenida institucional<\/span><br \/> <span style='font-family: verdana, geneva, sans-serif; font-size: 13px;'><strong>M\u00aa Helena de Felipe,<\/strong> vicepresidenta de Foment del Treball<\/span><br \/> <span style='font-family: verdana, geneva, sans-serif; font-size: 13px;'><strong>S. E. Javier Parrondo,<\/strong> Embajador de Paraguay en Espa\u00f1a<\/span><br \/> <span style='font-family: verdana, geneva, sans-serif; font-size: 13px;'><strong>S. E. Jose Maria Gonz\u00e1lez \u00c1vila,<\/strong> C\u00f3nsul General de Paraguay en Barcelona<\/span><\/p> <p><span style='color: #c2112d; font-family: verdana, geneva, sans-serif; font-size: 13px;'>09.45 h. | Paraguay como Hub regional de inversi\u00f3n y negocios<\/span><br \/> <span style='font-family: verdana, geneva, sans-serif; font-size: 13px;'><strong>S. E. Alberto Sborovsky,<\/strong> Vice Ministro de Comercio y Servicios de la Rep\u00fablica de Paraguay<\/span><br \/> <span style='font-family: verdana, geneva, sans-serif; font-size: 13px;'><strong>Do\u00f1a Nat\u00e1lia C\u00e1ceres,<\/strong> Consejero Comercial de Paraguay en Espa\u00f1a<\/span><\/p> <p><span style='color: #c2112d; font-family: verdana, geneva, sans-serif; font-size: 13px;'>10.15 h. | Experiencias empresariales de implantaci\u00f3n y negocios en Paraguay<\/span><br \/> <span style='font-family: verdana, geneva, sans-serif; font-size: 13px;'><strong>Sra. Jorge Costa,<\/strong> Presidente del Grupo Costa<\/span><\/p> <p><span style='color: #c2112d; font-family: verdana, geneva, sans-serif; font-size: 13px;'>10.25 h. | Turno de preguntas<\/span><\/p> <p><span style='color: #c2112d; font-family: verdana, geneva, sans-serif; font-size: 13px;'>10.40 h. | Cierre de la sesi\u00f3n<\/span>[\/vc_column_text][\/vc_column][\/vc_row][vc_row][vc_column width=\u00bb1\/2&#8243;][vc_column_text]<span style='font-family: verdana, geneva, sans-serif; font-size: 12px;'>Amb el suport de:<\/span>[\/vc_column_text]<div class='single_image wpb_content_element align-left    ' data-animation='none' data-delay='0'><a href='http:\/\/www.accio.gencat.cat' target='_self'><img width='300' height='68' src='https:\/\/www.foment.com\/wp-content\/uploads\/2026\/03\/ACCIO-integrat-Horitzontal-CAT-color-300x68.png' class='attachment-medium' alt='' loading='lazy' title='ACCIO-integrat-Horitzontal-CAT-color' srcset='https:\/\/www.foment.com\/wp-content\/uploads\/2026\/03\/ACCIO-integrat-Horitzontal-CAT-color-300x68.png 300w, https:\/\/www.foment.com\/wp-content\/uploads\/2026\/03\/ACCIO-integrat-Horitzontal-CAT-color.png 559w' sizes='(max-width: 300px) 100vw, 300px' \/><\/a><\/div>[\/vc_column][vc_column width=\u00bb1\/2&#8243;][vc_column_text]<strong><span style='font-family: verdana, geneva, sans-serif; font-size: 12px;'>Con la colaboraci\u00f3n de:<\/span><\/strong>[\/vc_column_text]<div class='single_image wpb_content_element align-left    ' data-animation='none' data-delay='0'><img width='300' height='155' src='https:\/\/www.foment.com\/wp-content\/uploads\/2026\/01\/Amec-1-300x155.jpg' class='attachment-medium' alt='' loading='lazy' title='Amec' srcset='https:\/\/www.foment.com\/wp-content\/uploads\/2026\/01\/Amec-1-300x155.jpg 300w, https:\/\/www.foment.com\/wp-content\/uploads\/2026\/01\/Amec-1-1024x530.jpg 1024w, https:\/\/www.foment.com\/wp-content\/uploads\/2026\/01\/Amec-1-768x397.jpg 768w, https:\/\/www.foment.com\/wp-content\/uploads\/2026\/01\/Amec-1.jpg 1450w' sizes='(max-width: 300px) 100vw, 300px' \/><\/div>[\/vc_column][\/vc_row]<\/p> \",\"location\":[{\"@type\":\"Place\",\"name\":\"Foment del Treball\",\"address\":{\"@type\": \"PostalAddress\",\"streetAddress\":\"Via Laietana, 32-34, Principal, Barcelona\"}}],\"organizer\":{\"@type\":\"Organization\",\"name\":\"Internacional\"},\"performer\":{\"@type\":\"Person\",\"name\":\"Internacional\"},\"eventStatus\":\"https:\/\/schema.org\/EventScheduled\"}<\/script><\/div>\n\t\t\t\t<p class=\"desc_trig_outter\" style=\"background-color:#ffffff;flex-direction: row;\"><a data-gmap_status=\"null\" data-exlk=\"1\"  style=\"border-color: #0db270;\" id=\"evc_1778750100218729\" class=\"desc_trig evo_internacional-es sin_val evcal_list_a\" data-ux_val=\"3\"  ><style>.ajde_evcal_calendar.boxy #evcal_list .eventon_list_event .evcal_desc em{color:black;}<\/style><span style='width:100%; background-color:#0db270 !important;' class='evcal_cblock ' data-smon='mayo' data-syr='2026'><span style='margin-top: 7px;margin-bottom: 7px;' class='evo_start '><em class='date'>14<\/em><em class='month'>may<\/em><em class='time'>9:15<\/em><\/span><span style='margin-top: 7px;margin-bottom: 7px;' class='evo_end only_time'><em class='time'>11:00<\/em><\/span><em class='clear'><\/em><\/span><span class='evcal_desc evo_info '  data-location_address=\"Via Laietana, 32-34, Principal, Barcelona\" data-location_type=\"address\" data-location_name=\"Foment del Treball\" data-location_url=\"https:\/\/www.foment.com\/es\/event-location\/foment-del-treball\/\" data-location_status=\"true\" ><span class='evo_above_title'><\/span><span class='evcal_desc2 evcal_event_title hbaevatitle' itemprop='name'>Jornada Empresarial | Paraguay: Puerta estrat\u00e9gica para invertir y expandirse en Am\u00e9rica Latina<\/span><span class='evo_below_title'><span class='evcal_event_subtitle' >participaci\u00f3n de S. E. Alberto Sborovsky, Vice Ministro de Comercio y servicios de la Rep\u00fablica de Paraguay<\/span><\/span><span class='evcal_desc_info' ><em class='evcal_time evo_tz_time'>9:15 - 11:00<\/em> <\/span><span class='evcal_desc3'><em class=\"evcal_location\"  data-add_str=\"\"><em class=\"event_location_name\">Foment del Treball<\/em><\/em><\/span><span style='height: 60px;'  class='evcal_desc3' ><span class='evcal_event_types ett1'><em>C =<\/em><em data-filter='event_type'>Internacional<\/em><i class='clear'><\/i><\/span><\/span><\/span><em class='clear'><\/em><\/a><\/p><div class='event_description evcal_eventcard ' style=\"display:none\"><div class='evcal_evdata_row evorow_2b evo_metarow_time_location evorow  '>\n\t\t\t\t\t\t\t\t<div class='evorow_b evorow_b1 evo_time'>\n\t\t\t\t\t\t\t\t\t<span class='evcal_evdata_icons'><i class='fa fa-clock'><\/i><\/span>\n\t\t\t\t\t\t\t\t\t<div class='evcal_evdata_cell'>\t\t\t\t\t\t\t\n\t\t\t\t\t\t\t\t\t\t<h3 class='evo_h3'><span class='evcal_evdata_icons'><i class='fa fa-clock'><\/i><\/span>Horario<\/h3>\n\t\t\t\t\t\t\t\t\t\t<p><span class='evo_eventcard_time_t'>(Jueves) 9:15 - 11:00<\/span><\/p>\n\t\t\t\t\t\t\t\t\t<\/div>\n\t\t\t\t\t\t\t\t<\/div>\n\t\t\t\t\t\t\t\t<div class='evorow_b evo_location'>\n\t\t\t\t\t\t\t\t\t<span class='evcal_evdata_icons'><i class='fa fa-map-marker-alt'><\/i><\/span>\n\t\t\t\t\t\t\t\t\t<div class='evcal_evdata_cell' data-loc_tax_id='98'><h3 class='evo_h3'><span class='evcal_evdata_icons'><i class='fa fa-map-marker-alt'><\/i><\/span>Lugar<\/h3><p class='evo_location_name'>Foment del Treball<\/p><p class='evo_location_address'>Via Laietana, 32-34, Principal, Barcelona<\/p><\/div>\n\t\t\t\t\t\t\t\t<\/div>\n\t\t\t\t\t\t\t\t\n\t\t\t\t\t\t\t<\/div><div class='evo_metarow_details evorow evcal_evdata_row evcal_event_details'>\n\t\t\t\t\t\t\t\t<div class=\"event_excerpt\" style=\"display:none\"><h3 class=\"padb5 evo_h3\">Detalles del evento<\/h3><p>[vc_row][vc_column width=\u00bb1\/1&#8243;][vc_btn title=\u00bbINSCRIPCI\u00d3N GRATUITA\u00bb style=\u00bb3d\u00bb color=\u00bbdanger\u00bb size=\u00bblg\u00bb align=\u00bbcenter\u00bb button_block=\u00bbtrue\u00bb link=\u00bburl:https%3A%2F%2Fwww.foment.com%2Finscripcions-events%2F%3Fidevento%3DCB76A37B-303E-F111-88B4-000D3ADCC39A%23msdynmkt_trackingcontext%3D6680d0d6-31bf-49cf-bdcf-76c9c3490000&#8243;][vc_column_text]\n&nbsp;\nFoment del Treball, el Consulado General de Paraguay en Espa\u00f1a y<\/p><\/div><span class='evcal_evdata_icons'><i class='fa fa-align-justify'><\/i><\/span>\n\t\t\t\t\t\t\t\t\n\t\t\t\t\t\t\t\t<div class='evcal_evdata_cell '>\n\t\t\t\t\t\t\t\t\t<div class='eventon_full_description'>\n\t\t\t\t\t\t\t\t\t\t<h3 class='padb5 evo_h3'><span class='evcal_evdata_icons'><i class='fa fa-align-justify'><\/i><\/span>Detalles del evento<\/h3>\n\t\t\t\t\t\t\t\t\t\t<div class='eventon_desc_in' itemprop='description'>\n\t\t\t\t\t\t\t\t\t\t<p>[vc_row][vc_column width=\u00bb1\/1&#8243;][vc_btn title=\u00bbINSCRIPCI\u00d3N GRATUITA\u00bb style=\u00bb3d\u00bb color=\u00bbdanger\u00bb size=\u00bblg\u00bb align=\u00bbcenter\u00bb button_block=\u00bbtrue\u00bb link=\u00bburl:https%3A%2F%2Fwww.foment.com%2Finscripcions-events%2F%3Fidevento%3DCB76A37B-303E-F111-88B4-000D3ADCC39A%23msdynmkt_trackingcontext%3D6680d0d6-31bf-49cf-bdcf-76c9c3490000&#8243;][vc_column_text]<\/p>\n<p>&nbsp;<\/p>\n<p style=\"text-align: center;\"><span style=\"color: #c2112d; font-family: verdana, geneva, sans-serif; font-size: 18px;\">Foment del Treball, el Consulado General de Paraguay en Espa\u00f1a y la Red de Inversiones y Exportaciones de Paraguay (REDIEX)<\/span><\/p>\n<p style=\"text-align: center;\"><span style=\"font-family: verdana, geneva, sans-serif; font-size: 18px;\">tienen el placer de invitarle a la<\/span><\/p>\n<p style=\"text-align: center;\"><strong><span style=\"font-family: verdana, geneva, sans-serif; font-size: 18px;\">Jornada Empresarial<\/span><\/strong><\/p>\n<p style=\"text-align: center;\"><span style=\"font-family: verdana, geneva, sans-serif; font-size: 18px;\"><strong><span style=\"color: #c2112d;\">Paraguay: Puerta estrat\u00e9gica para invertir y expandirse en Am\u00e9rica Latina<\/span><\/strong><\/span><\/p>\n<p style=\"text-align: center;\"><span style=\"font-family: verdana, geneva, sans-serif; font-size: 18px;\">con la participaci\u00f3n de<\/span><\/p>\n<p style=\"text-align: center;\"><span style=\"color: #c2112d; font-family: verdana, geneva, sans-serif; font-size: 18px;\">S. E. Alberto Sborovsky<\/span><br \/>\n<span style=\"color: #c2112d; font-family: verdana, geneva, sans-serif; font-size: 18px;\">Vice Ministro de Comercio y servicios de la Rep\u00fablica de Paraguay<\/span><\/p>\n<p style=\"text-align: center;\"><span style=\"font-family: verdana, geneva, sans-serif; font-size: 18px;\">en el marco de su visita oficial a Barcelona<\/span><\/p>\n<p>&nbsp;<\/p>\n<p style=\"text-align: justify;\"><span style=\"font-family: verdana, geneva, sans-serif; font-size: 13px;\">Paraguay se posiciona hoy como uno de los destinos m\u00e1s atractivos para las empresas que buscan crecer en Am\u00e9rica Latina. Su entorno macroecon\u00f3mico estable, sus costes operativos competitivos, sus incentivos fiscales y su ubicaci\u00f3n estrat\u00e9gica en el centro de Sudam\u00e9rica lo convierten en una plataforma ideal para invertir, producir y exportar al Mercosur, con acceso preferencial a un mercado de m\u00e1s de 300 millones de consumidores.<\/span><\/p>\n<p style=\"text-align: justify;\"><span style=\"font-family: verdana, geneva, sans-serif; font-size: 13px;\">Para las empresas catalanas, Paraguay representa una oportunidad real para impulsar procesos de internacionalizaci\u00f3n, establecer implantaciones productivas y abrir nuevas v\u00edas de negocio en la regi\u00f3n, desde una base eficiente, segura y con gran proyecci\u00f3n.<\/span><\/p>\n<p style=\"text-align: justify;\"><span style=\"font-family: verdana, geneva, sans-serif; font-size: 13px;\">Esta jornada ser\u00e1 una ocasi\u00f3n \u00fanica para conocer de primera mano las ventajas competitivas que ofrece el pa\u00eds, identificar oportunidades de inversi\u00f3n y expansi\u00f3n, y establecer contacto con un representante institucional de primer nivel.<\/span><\/p>\n<p style=\"text-align: justify;\"><span style=\"font-family: verdana, geneva, sans-serif; font-size: 13px;\">Dirigido a empresas interesadas en internacionalizaci\u00f3n, implantaci\u00f3n productiva y desarrollo de oportunidades de negocio en Am\u00e9rica Latina.<\/span><\/p>\n<p style=\"text-align: center;\"><span style=\"font-family: verdana, geneva, sans-serif; font-size: 13px;\"><strong>Plazas limitadas. Inscr\u00edbase ahora y d\u00e9 el primer paso para impulsar su negocio en Am\u00e9rica Latina.<\/strong><\/span><\/p>\n<p><span style=\"color: #c2112d; font-family: verdana, geneva, sans-serif; font-size: 13px;\">PROGRAMA<\/span><\/p>\n<p><span style=\"color: #c2112d; font-family: verdana, geneva, sans-serif; font-size: 13px;\">09.15 h. | Acreditaciones<\/span><\/p>\n<p><span style=\"color: #c2112d; font-family: verdana, geneva, sans-serif; font-size: 13px;\">09.30 h. | Bienvenida institucional<\/span><br \/>\n<span style=\"font-family: verdana, geneva, sans-serif; font-size: 13px;\"><strong>M\u00aa Helena de Felipe,<\/strong> vicepresidenta de Foment del Treball<\/span><br \/>\n<span style=\"font-family: verdana, geneva, sans-serif; font-size: 13px;\"><strong>S. E. Javier Parrondo,<\/strong> Embajador de Paraguay en Espa\u00f1a<\/span><br \/>\n<span style=\"font-family: verdana, geneva, sans-serif; font-size: 13px;\"><strong>S. E. Jose Maria Gonz\u00e1lez \u00c1vila,<\/strong> C\u00f3nsul General de Paraguay en Barcelona<\/span><\/p>\n<p><span style=\"color: #c2112d; font-family: verdana, geneva, sans-serif; font-size: 13px;\">09.45 h. | Paraguay como Hub regional de inversi\u00f3n y negocios<\/span><br \/>\n<span style=\"font-family: verdana, geneva, sans-serif; font-size: 13px;\"><strong>S. E. Alberto Sborovsky,<\/strong> Vice Ministro de Comercio y Servicios de la Rep\u00fablica de Paraguay<\/span><br \/>\n<span style=\"font-family: verdana, geneva, sans-serif; font-size: 13px;\"><strong>Do\u00f1a Nat\u00e1lia C\u00e1ceres,<\/strong> Consejero Comercial de Paraguay en Espa\u00f1a<\/span><\/p>\n<p><span style=\"color: #c2112d; font-family: verdana, geneva, sans-serif; font-size: 13px;\">10.15 h. | Experiencias empresariales de implantaci\u00f3n y negocios en Paraguay<\/span><br \/>\n<span style=\"font-family: verdana, geneva, sans-serif; font-size: 13px;\"><strong>Sra. Jorge Costa,<\/strong> Presidente del Grupo Costa<\/span><\/p>\n<p><span style=\"color: #c2112d; font-family: verdana, geneva, sans-serif; font-size: 13px;\">10.25 h. | Turno de preguntas<\/span><\/p>\n<p><span style=\"color: #c2112d; font-family: verdana, geneva, sans-serif; font-size: 13px;\">10.40 h. | Cierre de la sesi\u00f3n<\/span>[\/vc_column_text][\/vc_column][\/vc_row][vc_row][vc_column width=\u00bb1\/2&#8243;][vc_column_text]<span style=\"font-family: verdana, geneva, sans-serif; font-size: 12px;\">Amb el suport de:<\/span>[\/vc_column_text]<\/p>\n<div class=\"single_image wpb_content_element align-left    \" data-animation=\"none\" data-delay=\"0\"><a href=\"http:\/\/www.accio.gencat.cat\" target=\"_self\"><img width=\"300\" height=\"68\" src=\"https:\/\/www.foment.com\/wp-content\/uploads\/2026\/03\/ACCIO-integrat-Horitzontal-CAT-color-300x68.png\" class=\"attachment-medium\" alt=\"\" loading=\"lazy\" title=\"ACCIO-integrat-Horitzontal-CAT-color\" srcset=\"https:\/\/www.foment.com\/wp-content\/uploads\/2026\/03\/ACCIO-integrat-Horitzontal-CAT-color-300x68.png 300w, https:\/\/www.foment.com\/wp-content\/uploads\/2026\/03\/ACCIO-integrat-Horitzontal-CAT-color.png 559w\" sizes=\"(max-width: 300px) 100vw, 300px\" \/><\/a><\/div>\n<p>[\/vc_column][vc_column width=\u00bb1\/2&#8243;][vc_column_text]<strong><span style=\"font-family: verdana, geneva, sans-serif; font-size: 12px;\">Con la colaboraci\u00f3n de:<\/span><\/strong>[\/vc_column_text]<\/p>\n<div class=\"single_image wpb_content_element align-left    \" data-animation=\"none\" data-delay=\"0\"><img width=\"300\" height=\"155\" src=\"https:\/\/www.foment.com\/wp-content\/uploads\/2026\/01\/Amec-1-300x155.jpg\" class=\"attachment-medium\" alt=\"\" loading=\"lazy\" title=\"Amec\" srcset=\"https:\/\/www.foment.com\/wp-content\/uploads\/2026\/01\/Amec-1-300x155.jpg 300w, https:\/\/www.foment.com\/wp-content\/uploads\/2026\/01\/Amec-1-1024x530.jpg 1024w, https:\/\/www.foment.com\/wp-content\/uploads\/2026\/01\/Amec-1-768x397.jpg 768w, https:\/\/www.foment.com\/wp-content\/uploads\/2026\/01\/Amec-1.jpg 1450w\" sizes=\"(max-width: 300px) 100vw, 300px\" \/><\/div>\n<p>[\/vc_column][\/vc_row]<\/p>\n<\/div><div class='clear'><\/div>\n\t\t\t\t\t\t\t\t\t<\/div>\n\t\t\t\t\t\t\t\t<\/div>\n\t\t\t\t\t\t\t<\/div><div class='evo_metarow_organizer evorow evcal_evdata_row evcal_evrow_sm '>\n\t\t\t\t\t\t\t\t<span class='evcal_evdata_icons'><i class='fa fa-headphones'><\/i><\/span>\n\t\t\t\t\t\t\t\t<div class='evcal_evdata_cell'>\t\t\t\t\t\t\t\n\t\t\t\t\t\t\t\t\t<h3 class='evo_h3'>Organizador<\/h3>\n\t\t\t\t\t\t\t\t\t<p class='evo_data_val evo_card_organizer_image'><img src='https:\/\/www.foment.com\/wp-content\/uploads\/2017\/04\/InternacionalEmpresabitotransCAT-200x80.png'\/><\/p>\n\t\t\t\t\t\t\t\t\t<div class='evo_card_organizer'><p class='evo_data_val evo_card_organizer_name'>\n\t\t\t\t\t\t\t\t\t\t<span class='evo_card_organizer_name_t'>Internacional<\/span>\n\t\t\t\t\t\t\t\t\t\t\n\t\t\t\t\t\t\t\t\t\t<\/p><\/div><div class='clear'><\/div>\t\t\t\t\t\t\t\n\t\t\t\t\t\t\t\t<\/div>\n\t\t\t\t\t\t\t<\/div><div class='evcal_evdata_row evo_metarow_locImg evorow ' style='height:400px; background-image:url(https:\/\/www.foment.com\/wp-content\/uploads\/2022\/06\/Edifici-Foment-2020-scaled.jpg)' id='146693_locimg' ><\/div>\t\t\t\t\t\t\t<div class='evo_metarow_ICS evorow evcal_evdata_row'>\n\t\t\t\t\t\t\t\t<span class=\"evcal_evdata_icons\"><i class=\"fa fa-calendar\"><\/i><\/span>\n\t\t\t\t\t\t\t\t<div class='evcal_evdata_cell'>\n\t\t\t\t\t\t\t\t\t<p><a href='https:\/\/www.foment.com\/wp-admin\/admin-ajax.php?action=eventon_ics_download&amp;event_id=218729&amp;ri=0' class='evo_ics_nCal' title='Add to your calendar'>Calendar<\/a><a href='\/\/www.google.com\/calendar\/event?action=TEMPLATE&amp;text=Jornada+Empresarial+%7C+Paraguay%3A+Puerta+estrat%C3%A9gica+para+invertir+y+expandirse+en+Am%C3%A9rica+Latina&amp;dates=20260514T071500Z\/20260514T090000Z&amp;ctz=Europe\/Madrid&amp;details=Jornada+Empresarial+%7C+Paraguay%3A+Puerta+estrat%C3%A9gica+para+invertir+y+expandirse+en+Am%C3%A9rica+Latina&amp;location=Foment+del+TreballVia+Laietana%2C+32-34%2C+Principal%2C+Barcelona' target='_blank' class='evo_ics_gCal' title='Add to google calendar'>GoogleCal<\/a><\/p>\t\n\t\t\t\t\t\t\t\t<\/div>\n\t\t\t\t\t\t\t<\/div>\n\t\t\t\t\t\t\t<div class='evo_card_row_end evcal_close' title='Close'><\/div><\/div><div class='clear end'><\/div><\/div><div  id=\"event_218747_0\" class=\"eventon_list_event evo_eventtop scheduled  event event_218747_0\" data-event_id=\"218747\" data-ri=\"0r\" data-time=\"1779129000-1779134400\" data-colr=\"#d2112e\" itemscope itemtype='http:\/\/schema.org\/Event'><div class=\"evo_event_schema\" style=\"display:none\" ><a itemprop='url'  href='https:\/\/www.foment.com\/es\/events\/creixement-empresarial-i-bons-llocs-de-treball-el-sector-salut-com-a-pilar-de-progres-sessio-ii\/'><\/a><meta itemprop='image' content=\"https:\/\/www.foment.com\/wp-content\/uploads\/2026\/04\/11.-Sesion-11-CAST-Lopez-Quiros-y-Pellise-1.png\" \/><meta itemprop='startDate' content=\"2026-5-18T18:30+2:00\" \/><meta itemprop='endDate' content=\"2026-5-18T20:00+2:00\" \/><meta itemprop='eventStatus' content=\"https:\/\/schema.org\/EventScheduled\" \/><item style=\"display:none\" itemprop=\"location\" itemscope itemtype=\"http:\/\/schema.org\/Place\"><span itemprop=\"name\">Foment del Treball<\/span><span itemprop=\"address\" itemscope itemtype=\"http:\/\/schema.org\/PostalAddress\"><item itemprop=\"streetAddress\">Via Laietana, 32-34, Principal, Barcelona<\/item><\/span><\/item><item style=\"display:none\" itemprop=\"eventAttendanceMode\" itemscope itemtype=\"https:\/\/schema.org\/OfflineEventAttendanceMode\"><\/item><div itemprop=\"organizer\" itemscope=\"\" itemtype=\"http:\/\/schema.org\/Organization\">\n\t\t\t\t\t    \t<meta itemprop=\"name\" content=\"Institut d&#039;Estudis Estrat\u00e8gics\">\n\t\t\t\t\t    \t<\/div><div itemprop=\"performer\" itemscope=\"\" itemtype=\"http:\/\/schema.org\/Person\">\n\t\t\t\t\t    \t<meta itemprop=\"name\" content=\"Institut d&#039;Estudis Estrat\u00e8gics\">\n\t\t\t\t\t    <\/div><script type=\"application\/ld+json\">{\"@context\": \"http:\/\/schema.org\",\"@type\": \"Event\",\n\t\t\t\t\t\"@id\": \"event_218747_0\",\n\t\t\t\t\t\"eventAttendanceMode\":\"https:\/\/schema.org\/OfflineEventAttendanceMode\",\n\t\t\t\t\t\"name\": \"Crecimiento Empresarial y Buenos Empleos: El sector salud como pilar de progreso \u2013 Sesi\u00f3n II\",\n\t\t\t\t\t\"url\": \"https:\/\/www.foment.com\/es\/events\/creixement-empresarial-i-bons-llocs-de-treball-el-sector-salut-com-a-pilar-de-progres-sessio-ii\/\",\n\t\t\t\t\t\"startDate\": \"2026-5-18T18:30+2:00\",\n\t\t\t\t\t\"endDate\": \"2026-5-18T20:00+2:00\",\n\t\t\t\t\t\"image\":\"https:\/\/www.foment.com\/wp-content\/uploads\/2026\/04\/11.-Sesion-11-CAST-Lopez-Quiros-y-Pellise-1.png\", \n\t\t\t\t\t\"description\":\"<p>[vc_row][vc_column width=\u00bb1\/1&#8243;]<div class='spacer' style='height: 15px;'><\/div>[vc_btn title=\u00bbInscripci\u00f3n\u00bb shape=\u00bbsquare\u00bb color=\u00bbdanger\u00bb align=\u00bbcenter\u00bb button_block=\u00bbtrue\u00bb link=\u00bburl:https%3A%2F%2Fwww.foment.com%2Fes%2Finscripciones-eventos%2F%3Fidevento%3DD9B22550-B23F-F111-88B4-7C1E5276AE0A\u00bb][vc_column_text]<span style='font-family: verdana, geneva, sans-serif; font-size: 10pt;'>Desde el <strong>Instituto de Estudios Estrat\u00e9gicos<\/strong>, el <em>think tank<\/em> de Foment del Treball, pretendemos constituirnos como un espacio de encuentro, debate y elaboraci\u00f3n de propuestas para una mayor generaci\u00f3n de buenos empleos.<\/span><\/p> <p><span style='font-family: verdana, geneva, sans-serif; font-size: 10pt;'>El trabajo digno al alcance de todos es el primer elemento legitimador del buen capitalismo y el sustento indispensable de la democracia parlamentaria. Acercar a todos los ciudadanos la posibilidad de un buen empleo, entendido como aquel que es sin\u00f3nimo de suficiencia y dignidad, que ofrece la posibilidad de vislumbrar y confiar en un futuro estable de trabajo y decencia. A\u00fan estamos lejos de ello, pues para mejorar la calidad del empleo son necesarios cambios estructurales y estrat\u00e9gicos.<\/span><\/p> <p><span style='font-family: verdana, geneva, sans-serif; font-size: 13px;'>Por este motivo, hemos creado el ciclo de jornadas \u201c<strong>Crecimiento Empresarial y Buenos Empleos<\/strong>\u201d y dentro del ciclo un conjunto de sesiones sobre el sistema de salud y social. Tras una primera jornada de debate dedicada a la gesti\u00f3n del sistema sanitario y social, esta segunda jornada abordar\u00e1 la \u201c<em>Financiaci\u00f3n del sistema de salud y social: retos y perspectivas<\/em>\u201d, contando con la participaci\u00f3n de<strong> Guillem L\u00f3pez Casasnovas <\/strong>y de<strong> Lorenzo Bernaldo de Quir\u00f3s<\/strong>. La jornada ser\u00e1 moderada por <strong>Laura Pellis\u00e9. <\/strong><\/span><\/p> <p><span style='font-family: verdana, geneva, sans-serif; font-size: 13px;'>En esta sesi\u00f3n analizaremos los principales retos relativos a la financiaci\u00f3n del sistema sanitario y social, para dar respuesta a las expectativas de los ciudadanos y las caracter\u00edsticas poblacionales. Reflexionaremos sobre qu\u00e9 arquitectura de financiaci\u00f3n nos proporcionar\u00eda un sistema de salud m\u00e1s robusto en t\u00e9rminos de eficiencia, solvencia y equidad. Abordaremos aspectos como qu\u00e9 nivel de gasto p\u00fablico ser\u00eda \u00f3ptimo, la percepci\u00f3n de infra financiaci\u00f3n y las previsiones de gasto futuro. Nos preguntaremos qu\u00e9 depende de la gesti\u00f3n y qu\u00e9 depende de elementos externos, como el envejecimiento o las preferencias. Nos cuestionaremos tambi\u00e9n c\u00f3mo conviven o ser\u00eda recomendable que convivieran los esfuerzos de financiaci\u00f3n p\u00fablica con otros privados, en sus diferentes formas.<\/span><\/p> <p>&nbsp;<\/p> <p style='text-align: center;'><span style='font-size: 12pt;'><strong><span style='font-family: verdana, geneva, sans-serif;'>PROGRAMA<\/span><\/strong><\/span><\/p> <p><span style='font-family: verdana, geneva, sans-serif; font-size: 10pt;'>18.30\u202fh Bienvenida a cargo del <strong>Sr. Jordi Alberich<\/strong>, vicepresidente coordinador del Instituto de Estudios Estrat\u00e9gicos.<\/span><\/p> <p><span style='font-family: verdana, geneva, sans-serif; font-size: 10pt;'>18.45\u202fh <\/span><span style='font-family: verdana, geneva, sans-serif; font-size: 10pt;'>Sesi\u00f3n de debate \u00ab<strong>Financiaci\u00f3n del sistema de salud y social: retos y perspectivas<\/strong>\u00bb moderada por la <strong>Sra. Laura Pellis\u00e9<\/strong>, directora de Government Affairs de Amgen y miembro del Instituto de Estudios Estrat\u00e9gicos, con:\u00a0<\/span><\/p> <ul> <li><span style='font-family: verdana, geneva, sans-serif; font-size: 10pt;'><strong>Sr. Guillem L\u00f3pez Casasnovas<\/strong>, catedr\u00e1tico de Econom\u00eda de la UPF y director del Centro de Investigaci\u00f3n en Econom\u00eda de la Salud (CRES-UPF).<\/span><\/li> <li><span style='font-family: verdana, geneva, sans-serif; font-size: 10pt;'> <strong>Sr. Lorenzo Bernaldo de Quir\u00f3s<\/strong>, presidente de Freemarket Corporate Intelligence y miembro del Instituto de Estudios Estrat\u00e9gicos.<\/span><\/li> <\/ul> <p><span style='font-family: verdana, geneva, sans-serif; font-size: 10pt;'>20:00 h Aperitivo.<\/span>[\/vc_column_text][\/vc_column][\/vc_row][vc_row][vc_column width=\u00bb1\/1&#8243;][vc_column_text]<span style='font-size: 12pt;'><strong><span style='font-family: verdana, geneva, sans-serif;'>Organitza:<\/span><\/strong><\/span>[\/vc_column_text][vc_column_text]<a href='https:\/\/www.foment.com\/wp-content\/uploads\/2023\/05\/LOGO_FOMENT-01-1.png'><img class='alignnone wp-image-164611' src='https:\/\/www.foment.com\/wp-content\/uploads\/2023\/05\/LOGO_FOMENT-01-1-300x150.png' alt='' width='262' height='131' \/><\/a>[\/vc_column_text][\/vc_column][\/vc_row][vc_column width=\u00bb1\/4&#8243;][\/vc_column][vc_column width=\u00bb1\/4&#8243;][\/vc_column][vc_column width=\u00bb1\/4&#8243;][\/vc_column][vc_column width=\u00bb1\/4&#8243;][\/vc_column]<\/p> \",\"location\":[{\"@type\":\"Place\",\"name\":\"Foment del Treball\",\"address\":{\"@type\": \"PostalAddress\",\"streetAddress\":\"Via Laietana, 32-34, Principal, Barcelona\"}}],\"organizer\":{\"@type\":\"Organization\",\"name\":\"Institut d&#039;Estudis Estrat\u00e8gics\"},\"performer\":{\"@type\":\"Person\",\"name\":\"Institut d&#039;Estudis Estrat\u00e8gics\"},\"eventStatus\":\"https:\/\/schema.org\/EventScheduled\"}<\/script><\/div>\n\t\t\t\t<p class=\"desc_trig_outter\" style=\"background-color:#ffffff;flex-direction: row;\"><a data-gmap_status=\"null\" data-exlk=\"0\" style=\"border-color: #d2112e;\" id=\"evc_1779129000218747\" class=\"hasFtIMG desc_trig evo_foment-del-treball-es sin_val evcal_list_a\" data-ux_val=\"3\"  ><span class='ev_ftImg' data-img='https:\/\/www.foment.com\/wp-content\/uploads\/2026\/04\/11.-Sesion-11-CAST-Lopez-Quiros-y-Pellise-1.png' data-thumb='https:\/\/www.foment.com\/wp-content\/uploads\/2026\/04\/11.-Sesion-11-CAST-Lopez-Quiros-y-Pellise-1-300x165.png' style='background-image:url(\"https:\/\/www.foment.com\/wp-content\/uploads\/2026\/04\/11.-Sesion-11-CAST-Lopez-Quiros-y-Pellise-1-300x165.png\")'><\/span><style>.ajde_evcal_calendar.boxy #evcal_list .eventon_list_event .evcal_desc em{color:black;}<\/style><span style='width:100%; background-color:#d2112e !important;' class='evcal_cblock ' data-smon='mayo' data-syr='2026'><span style='margin-top: 7px;margin-bottom: 7px;' class='evo_start '><em class='date'>18<\/em><em class='month'>may<\/em><em class='time'>18:30<\/em><\/span><span style='margin-top: 7px;margin-bottom: 7px;' class='evo_end only_time'><em class='time'>20:00<\/em><\/span><em class='clear'><\/em><\/span><span class='evcal_desc evo_info '  data-location_address=\"Via Laietana, 32-34, Principal, Barcelona\" data-location_type=\"address\" data-location_name=\"Foment del Treball\" data-location_url=\"https:\/\/www.foment.com\/es\/event-location\/foment-del-treball\/\" data-location_status=\"true\" ><span class='evo_above_title'><\/span><span class='evcal_desc2 evcal_event_title hbaevatitle' itemprop='name'>Crecimiento Empresarial y Buenos Empleos: El sector salud como pilar de progreso \u2013 Sesi\u00f3n II<\/span><span class='evo_below_title'><\/span><span class='evcal_desc_info' ><em class='evcal_time evo_tz_time'>18:30 - 20:00<\/em> <\/span><span class='evcal_desc3'><em class=\"evcal_location\"  data-add_str=\"\"><em class=\"event_location_name\">Foment del Treball<\/em><\/em><\/span><span style='height: 60px;'  class='evcal_desc3' ><span class='evcal_event_types ett1'><em>C =<\/em><em data-filter='event_type'>Foment del Treball<\/em><i class='clear'><\/i><\/span><\/span><\/span><em class='clear'><\/em><\/a><\/p><div class='event_description evcal_eventcard ' style=\"display:none\"><div class='evo_metarow_fimg evorow evcal_evdata_img evcal_evdata_row  evo_imghover' data-imgheight='1021' data-imgwidth='1852'  style='background-image: url(\"https:\/\/www.foment.com\/wp-content\/uploads\/2026\/04\/11.-Sesion-11-CAST-Lopez-Quiros-y-Pellise-1.png\")' data-imgstyle='full' data-minheight='400' data-status=''><\/div><div class='evcal_evdata_row evorow_2b evo_metarow_time_location evorow  '>\n\t\t\t\t\t\t\t\t<div class='evorow_b evorow_b1 evo_time'>\n\t\t\t\t\t\t\t\t\t<span class='evcal_evdata_icons'><i class='fa fa-clock'><\/i><\/span>\n\t\t\t\t\t\t\t\t\t<div class='evcal_evdata_cell'>\t\t\t\t\t\t\t\n\t\t\t\t\t\t\t\t\t\t<h3 class='evo_h3'><span class='evcal_evdata_icons'><i class='fa fa-clock'><\/i><\/span>Horario<\/h3>\n\t\t\t\t\t\t\t\t\t\t<p><span class='evo_eventcard_time_t'>(Lunes) 18:30 - 20:00<\/span><\/p>\n\t\t\t\t\t\t\t\t\t<\/div>\n\t\t\t\t\t\t\t\t<\/div>\n\t\t\t\t\t\t\t\t<div class='evorow_b evo_location'>\n\t\t\t\t\t\t\t\t\t<span class='evcal_evdata_icons'><i class='fa fa-map-marker-alt'><\/i><\/span>\n\t\t\t\t\t\t\t\t\t<div class='evcal_evdata_cell' data-loc_tax_id='98'><h3 class='evo_h3'><span class='evcal_evdata_icons'><i class='fa fa-map-marker-alt'><\/i><\/span>Lugar<\/h3><p class='evo_location_name'>Foment del Treball<\/p><p class='evo_location_address'>Via Laietana, 32-34, Principal, Barcelona<\/p><\/div>\n\t\t\t\t\t\t\t\t<\/div>\n\t\t\t\t\t\t\t\t\n\t\t\t\t\t\t\t<\/div><div class='evo_metarow_details evorow evcal_evdata_row evcal_event_details'>\n\t\t\t\t\t\t\t\t<div class=\"event_excerpt\" style=\"display:none\"><h3 class=\"padb5 evo_h3\">Detalles del evento<\/h3><p>[vc_row][vc_column width=\u00bb1\/1&#8243;][vc_btn title=\u00bbInscripci\u00f3n\u00bb shape=\u00bbsquare\u00bb color=\u00bbdanger\u00bb align=\u00bbcenter\u00bb button_block=\u00bbtrue\u00bb link=\u00bburl:https%3A%2F%2Fwww.foment.com%2Fes%2Finscripciones-eventos%2F%3Fidevento%3DD9B22550-B23F-F111-88B4-7C1E5276AE0A\u00bb][vc_column_text]Desde el Instituto de Estudios Estrat\u00e9gicos, el think tank de Foment del Treball, pretendemos<\/p><\/div><span class='evcal_evdata_icons'><i class='fa fa-align-justify'><\/i><\/span>\n\t\t\t\t\t\t\t\t\n\t\t\t\t\t\t\t\t<div class='evcal_evdata_cell '>\n\t\t\t\t\t\t\t\t\t<div class='eventon_full_description'>\n\t\t\t\t\t\t\t\t\t\t<h3 class='padb5 evo_h3'><span class='evcal_evdata_icons'><i class='fa fa-align-justify'><\/i><\/span>Detalles del evento<\/h3>\n\t\t\t\t\t\t\t\t\t\t<div class='eventon_desc_in' itemprop='description'>\n\t\t\t\t\t\t\t\t\t\t<p>[vc_row][vc_column width=\u00bb1\/1&#8243;]<\/p>\n<div class=\"spacer\" style=\"height: 15px;\"><\/div>\n<p>[vc_btn title=\u00bbInscripci\u00f3n\u00bb shape=\u00bbsquare\u00bb color=\u00bbdanger\u00bb align=\u00bbcenter\u00bb button_block=\u00bbtrue\u00bb link=\u00bburl:https%3A%2F%2Fwww.foment.com%2Fes%2Finscripciones-eventos%2F%3Fidevento%3DD9B22550-B23F-F111-88B4-7C1E5276AE0A\u00bb][vc_column_text]<span style=\"font-family: verdana, geneva, sans-serif; font-size: 10pt;\">Desde el <strong>Instituto de Estudios Estrat\u00e9gicos<\/strong>, el <em>think tank<\/em> de Foment del Treball, pretendemos constituirnos como un espacio de encuentro, debate y elaboraci\u00f3n de propuestas para una mayor generaci\u00f3n de buenos empleos.<\/span><\/p>\n<p><span style=\"font-family: verdana, geneva, sans-serif; font-size: 10pt;\">El trabajo digno al alcance de todos es el primer elemento legitimador del buen capitalismo y el sustento indispensable de la democracia parlamentaria. Acercar a todos los ciudadanos la posibilidad de un buen empleo, entendido como aquel que es sin\u00f3nimo de suficiencia y dignidad, que ofrece la posibilidad de vislumbrar y confiar en un futuro estable de trabajo y decencia. A\u00fan estamos lejos de ello, pues para mejorar la calidad del empleo son necesarios cambios estructurales y estrat\u00e9gicos.<\/span><\/p>\n<p><span style=\"font-family: verdana, geneva, sans-serif; font-size: 13px;\">Por este motivo, hemos creado el ciclo de jornadas \u201c<strong>Crecimiento Empresarial y Buenos Empleos<\/strong>\u201d y dentro del ciclo un conjunto de sesiones sobre el sistema de salud y social. Tras una primera jornada de debate dedicada a la gesti\u00f3n del sistema sanitario y social, esta segunda jornada abordar\u00e1 la \u201c<em>Financiaci\u00f3n del sistema de salud y social: retos y perspectivas<\/em>\u201d, contando con la participaci\u00f3n de<strong> Guillem L\u00f3pez Casasnovas <\/strong>y de<strong> Lorenzo Bernaldo de Quir\u00f3s<\/strong>. La jornada ser\u00e1 moderada por <strong>Laura Pellis\u00e9. <\/strong><\/span><\/p>\n<p><span style=\"font-family: verdana, geneva, sans-serif; font-size: 13px;\">En esta sesi\u00f3n analizaremos los principales retos relativos a la financiaci\u00f3n del sistema sanitario y social, para dar respuesta a las expectativas de los ciudadanos y las caracter\u00edsticas poblacionales. Reflexionaremos sobre qu\u00e9 arquitectura de financiaci\u00f3n nos proporcionar\u00eda un sistema de salud m\u00e1s robusto en t\u00e9rminos de eficiencia, solvencia y equidad. Abordaremos aspectos como qu\u00e9 nivel de gasto p\u00fablico ser\u00eda \u00f3ptimo, la percepci\u00f3n de infra financiaci\u00f3n y las previsiones de gasto futuro. Nos preguntaremos qu\u00e9 depende de la gesti\u00f3n y qu\u00e9 depende de elementos externos, como el envejecimiento o las preferencias. Nos cuestionaremos tambi\u00e9n c\u00f3mo conviven o ser\u00eda recomendable que convivieran los esfuerzos de financiaci\u00f3n p\u00fablica con otros privados, en sus diferentes formas.<\/span><\/p>\n<p>&nbsp;<\/p>\n<p style=\"text-align: center;\"><span style=\"font-size: 12pt;\"><strong><span style=\"font-family: verdana, geneva, sans-serif;\">PROGRAMA<\/span><\/strong><\/span><\/p>\n<p><span style=\"font-family: verdana, geneva, sans-serif; font-size: 10pt;\">18.30\u202fh Bienvenida a cargo del <strong>Sr. Jordi Alberich<\/strong>, vicepresidente coordinador del Instituto de Estudios Estrat\u00e9gicos.<\/span><\/p>\n<p><span style=\"font-family: verdana, geneva, sans-serif; font-size: 10pt;\">18.45\u202fh <\/span><span style=\"font-family: verdana, geneva, sans-serif; font-size: 10pt;\">Sesi\u00f3n de debate \u00ab<strong>Financiaci\u00f3n del sistema de salud y social: retos y perspectivas<\/strong>\u00bb moderada por la <strong>Sra. Laura Pellis\u00e9<\/strong>, directora de Government Affairs de Amgen y miembro del Instituto de Estudios Estrat\u00e9gicos, con:\u00a0<\/span><\/p>\n<ul>\n<li><span style=\"font-family: verdana, geneva, sans-serif; font-size: 10pt;\"><strong>Sr. Guillem L\u00f3pez Casasnovas<\/strong>, catedr\u00e1tico de Econom\u00eda de la UPF y director del Centro de Investigaci\u00f3n en Econom\u00eda de la Salud (CRES-UPF).<\/span><\/li>\n<li><span style=\"font-family: verdana, geneva, sans-serif; font-size: 10pt;\"> <strong>Sr. Lorenzo Bernaldo de Quir\u00f3s<\/strong>, presidente de Freemarket Corporate Intelligence y miembro del Instituto de Estudios Estrat\u00e9gicos.<\/span><\/li>\n<\/ul>\n<p><span style=\"font-family: verdana, geneva, sans-serif; font-size: 10pt;\">20:00 h Aperitivo.<\/span>[\/vc_column_text][\/vc_column][\/vc_row][vc_row][vc_column width=\u00bb1\/1&#8243;][vc_column_text]<span style=\"font-size: 12pt;\"><strong><span style=\"font-family: verdana, geneva, sans-serif;\">Organitza:<\/span><\/strong><\/span>[\/vc_column_text][vc_column_text]<a href=\"https:\/\/www.foment.com\/wp-content\/uploads\/2023\/05\/LOGO_FOMENT-01-1.png\"><img class=\"alignnone wp-image-164611\" src=\"https:\/\/www.foment.com\/wp-content\/uploads\/2023\/05\/LOGO_FOMENT-01-1-300x150.png\" alt=\"\" width=\"262\" height=\"131\" \/><\/a>[\/vc_column_text][\/vc_column][\/vc_row][vc_column width=\u00bb1\/4&#8243;][\/vc_column][vc_column width=\u00bb1\/4&#8243;][\/vc_column][vc_column width=\u00bb1\/4&#8243;][\/vc_column][vc_column width=\u00bb1\/4&#8243;][\/vc_column]<\/p>\n<\/div><div class='clear'><\/div>\n\t\t\t\t\t\t\t\t\t<\/div>\n\t\t\t\t\t\t\t\t<\/div>\n\t\t\t\t\t\t\t<\/div><div class='evo_metarow_organizer evorow evcal_evdata_row evcal_evrow_sm '>\n\t\t\t\t\t\t\t\t<span class='evcal_evdata_icons'><i class='fa fa-headphones'><\/i><\/span>\n\t\t\t\t\t\t\t\t<div class='evcal_evdata_cell'>\t\t\t\t\t\t\t\n\t\t\t\t\t\t\t\t\t<h3 class='evo_h3'>Organizador<\/h3>\n\t\t\t\t\t\t\t\t\t\n\t\t\t\t\t\t\t\t\t<div class='evo_card_organizer'><p class='evo_data_val evo_card_organizer_name'>\n\t\t\t\t\t\t\t\t\t\t<span class='evo_card_organizer_name_t'>Institut d&#039;Estudis Estrat\u00e8gics<\/span>\n\t\t\t\t\t\t\t\t\t\t\n\t\t\t\t\t\t\t\t\t\t<\/p><\/div><div class='clear'><\/div>\t\t\t\t\t\t\t\n\t\t\t\t\t\t\t\t<\/div>\n\t\t\t\t\t\t\t<\/div><div class='evcal_evdata_row evo_metarow_locImg evorow ' style='height:400px; background-image:url(https:\/\/www.foment.com\/wp-content\/uploads\/2022\/06\/Edifici-Foment-2020-scaled.jpg)' id='146693_locimg' ><\/div>\t\t\t\t\t\t\t<div class='evo_metarow_ICS evorow evcal_evdata_row'>\n\t\t\t\t\t\t\t\t<span class=\"evcal_evdata_icons\"><i class=\"fa fa-calendar\"><\/i><\/span>\n\t\t\t\t\t\t\t\t<div class='evcal_evdata_cell'>\n\t\t\t\t\t\t\t\t\t<p><a href='https:\/\/www.foment.com\/wp-admin\/admin-ajax.php?action=eventon_ics_download&amp;event_id=218747&amp;ri=0' class='evo_ics_nCal' title='Add to your calendar'>Calendar<\/a><a href='\/\/www.google.com\/calendar\/event?action=TEMPLATE&amp;text=Crecimiento+Empresarial+y+Buenos+Empleos%3A+El+sector+salud+como+pilar+de+progreso+%E2%80%93+Sesi%C3%B3n+II&amp;dates=20260518T163000Z\/20260518T180000Z&amp;ctz=Europe\/Madrid&amp;details=Crecimiento+Empresarial+y+Buenos+Empleos%3A+El+sector+salud+como+pilar+de+progreso+%E2%80%93+Sesi%C3%B3n+II&amp;location=Foment+del+TreballVia+Laietana%2C+32-34%2C+Principal%2C+Barcelona' target='_blank' class='evo_ics_gCal' title='Add to google calendar'>GoogleCal<\/a><\/p>\t\n\t\t\t\t\t\t\t\t<\/div>\n\t\t\t\t\t\t\t<\/div>\n\t\t\t\t\t\t\t<div class='evo_card_row_end evcal_close' title='Close'><\/div><\/div><div class='clear end'><\/div><\/div><div  id=\"event_216550_0\" class=\"eventon_list_event evo_eventtop scheduled  event event_216550_0\" data-event_id=\"216550\" data-ri=\"0r\" data-time=\"1779267600-1779273000\" data-colr=\"#0db270\" itemscope itemtype='http:\/\/schema.org\/Event'><div class=\"evo_event_schema\" style=\"display:none\" ><a itemprop='url'  href='https:\/\/www.foment.com\/es\/events\/mitjans-de-pagament-internacionals\/'><\/a><meta itemprop='image' content=\"https:\/\/www.foment.com\/wp-content\/uploads\/2026\/03\/MEDIOS-DE-PAGO-INTERNACIONALES.jpg\" \/><meta itemprop='startDate' content=\"2026-5-20T09:00+2:00\" \/><meta itemprop='endDate' content=\"2026-5-20T10:30+2:00\" \/><meta itemprop='eventStatus' content=\"https:\/\/schema.org\/EventScheduled\" \/><item style=\"display:none\" itemprop=\"location\" itemscope itemtype=\"http:\/\/schema.org\/Place\"><span itemprop=\"name\">Webinar por Zoom<\/span><span itemprop=\"address\" itemscope itemtype=\"http:\/\/schema.org\/PostalAddress\"><item itemprop=\"streetAddress\">Webinar per Zoom<\/item><\/span><\/item><item style=\"display:none\" itemprop=\"eventAttendanceMode\" itemscope itemtype=\"https:\/\/schema.org\/OfflineEventAttendanceMode\"><\/item><div itemprop=\"organizer\" itemscope=\"\" itemtype=\"http:\/\/schema.org\/Organization\">\n\t\t\t\t\t    \t<meta itemprop=\"name\" content=\"Internacional\">\n\t\t\t\t\t    \t<\/div><div itemprop=\"performer\" itemscope=\"\" itemtype=\"http:\/\/schema.org\/Person\">\n\t\t\t\t\t    \t<meta itemprop=\"name\" content=\"Internacional\">\n\t\t\t\t\t    <\/div><script type=\"application\/ld+json\">{\"@context\": \"http:\/\/schema.org\",\"@type\": \"Event\",\n\t\t\t\t\t\"@id\": \"event_216550_0\",\n\t\t\t\t\t\"eventAttendanceMode\":\"https:\/\/schema.org\/OfflineEventAttendanceMode\",\n\t\t\t\t\t\"name\": \"Webinar | MEDIOS DE PAGO INTERNACIONALES\",\n\t\t\t\t\t\"url\": \"https:\/\/www.foment.com\/es\/events\/mitjans-de-pagament-internacionals\/\",\n\t\t\t\t\t\"startDate\": \"2026-5-20T09:00+2:00\",\n\t\t\t\t\t\"endDate\": \"2026-5-20T10:30+2:00\",\n\t\t\t\t\t\"image\":\"https:\/\/www.foment.com\/wp-content\/uploads\/2026\/03\/MEDIOS-DE-PAGO-INTERNACIONALES.jpg\", \n\t\t\t\t\t\"description\":\"<p>[vc_row][vc_column][vc_btn title=\u00bbInscripci\u00f3n a la sesi\u00f3n\u00bb style=\u00bb3d\u00bb color=\u00bbdanger\u00bb size=\u00bblg\u00bb align=\u00bbcenter\u00bb button_block=\u00bbtrue\u00bb link=\u00bburl:https%3A%2F%2Feur04.safelinks.protection.outlook.com%2F%3Furl%3Dhttps%253A%252F%252Fwww.foment.com%252Fes%252Finscripciones-eventos%252F%253Fidevento%253DC247C499-4F21-F111-8341-000D3ADC12CB%26data%3D05%257C02%257Cepalom%2540foment.com%257C8ed6aa3142134689468b08de8438b205%257Cf37c938d38654a89b99bb000c76a74bf%257C1%257C0%257C639093575933315330%257CUnknown%257CTWFpbGZsb3d8eyJFbXB0eU1hcGkiOnRydWUsIlYiOiIwLjAuMDAwMCIsIlAiOiJXaW4zMiIsIkFOIjoiTWFpbCIsIldUIjoyfQ%253D%253D%257C0%257C%257C%257C%26sdata%3DJyGCneUvOc6r2vJZIb1PRf8YoVdVHCOZEbLJ8nlC33s%253D%26reserved%3D0&#8243;][vc_column_text]<\/p> <p>En un contexto complejo, conocer y gestionar adecuadamente los instrumentos de pago internacional es esencial para garantizar la seguridad de los cobros.<\/p> <p><strong>Foment del Treball<\/strong>\u00a0y <strong>Banco de Sabadell<\/strong>, en el marco del programa <a href='https:\/\/eur04.safelinks.protection.outlook.com\/?url=https%3A%2F%2Fpublic-eur.mkt.dynamics.com%2Fapi%2Forgs%2F8d5eafb0-f8ac-4ccb-a7c1-a2767b978f43%2Fr%2FaITv1hKS8kSs6wB3jXECAAsAAAA%3Fmsdynmkt_target%3D%257B%2522TargetUrl%2522%253A%2522https%25253A%25252F%25252Feur04.safelinks.protection.outlook.com%25252F%25253Furl%25253Dhttps%2525253A%2525252F%2525252Fpublic-eur.mkt.dynamics.com%2525252Fapi%2525252Forgs%2525252F8d5eafb0-f8ac-4ccb-a7c1-a2767b978f43%2525252Fr%2525252FLn5gxxoARECGTxqFI30DAAsAAAA%2525253Fmsdynmkt_target%2525253D%252525257B%2525252522TargetUrl%2525252522%252525253A%2525252522https%25252525253A%25252525252F%25252525252Fformularis.accio.gencat.cat%25252525252Fweb%25252525252Fformularis%25252525252Finscripcions%25252525252F-%25252525252Finscripcio%25252525252F2026%25252525252F02%25252525252F03%25252525252FOnkrUbTR_SM9nz_z85jUAA%25252525252Fsollicitud-de-diagnostic-pie-foment%25252525252F%25252525253Flang%25252525253Dca_ES%252525252526portal%25252525253Daccio%252525252526_gl%25252525253D1%25252525252A9dm0zh%25252525252A_ga%25252525252AMTI0NzIzNzQyMC4xNzEyODIyOTgy%25252525252A_ga_6HSVZS0K1X%25252525252AczE3NzI3MjM4MjckbzE4OSRnMCR0MTc3MjcyMzgzMiRqNTUkbDAkaDA%2525252522%252525252C%2525252522RedirectOptions%2525252522%252525253A%252525257B%25252525225%2525252522%252525253Anull%252525252C%25252525221%2525252522%252525253Anull%252525257D%252525257D%25252526msdynmkt_digest%2525253DA1vZltR2b3nESlG%252525252BdOmS7YeZ5GTW3dinAdHW2pwAZaw%252525253D%25252526msdynmkt_secretVersion%2525253D7bb221762d0c46939816d3a5592b1359%252526data%25253D05%2525257C02%2525257Csramirez%25252540foment.com%2525257Cc7e7a4617105465e160408de83531847%2525257Cf37c938d38654a89b99bb000c76a74bf%2525257C1%2525257C0%2525257C639092590089463447%2525257CUnknown%2525257CTWFpbGZsb3d8eyJFbXB0eU1hcGkiOnRydWUsIlYiOiIwLjAuMDAwMCIsIlAiOiJXaW4zMiIsIkFOIjoiTWFpbCIsIldUIjoyfQ%2525253D%2525253D%2525257C0%2525257C%2525257C%2525257C%252526sdata%25253D8wWi3Z4S7N5i5VCO2QP6AvtWJylRMKEZbvPje18Pg90%2525253D%252526reserved%25253D0%2522%252C%2522RedirectOptions%2522%253A%257B%25225%2522%253Anull%252C%25221%2522%253Anull%257D%257D%26msdynmkt_digest%3DYIZexQWs7uZ2WhUfgJqeZuryKVb2vajIvtYv5qE8oRY%253D%26msdynmkt_secretVersion%3D7bb221762d0c46939816d3a5592b1359&amp;data=05%7C02%7Cepalom%40foment.com%7C8ed6aa3142134689468b08de8438b205%7Cf37c938d38654a89b99bb000c76a74bf%7C1%7C0%7C639093575933326876%7CUnknown%7CTWFpbGZsb3d8eyJFbXB0eU1hcGkiOnRydWUsIlYiOiIwLjAuMDAwMCIsIlAiOiJXaW4zMiIsIkFOIjoiTWFpbCIsIldUIjoyfQ%3D%3D%7C0%7C%7C%7C&amp;sdata=2Hhu7nRbfAPb7UxRBwjZJBcePEpHffH%2FbcB2kdrF5pM%3D&amp;reserved=0'><strong>CATALUNYA EXPORTA<\/strong><\/a>, os invitan al Webinar <span style='color: #d2112d;'><strong>\u00abMEDIOS DE PAGO INTERNACIONALES\u00bb<\/strong><\/span>, donde explicaremos c\u00f3mo minimizar riesgos eligiendo el medio de pago m\u00e1s adecuado seg\u00fan pa\u00eds, cliente y operaci\u00f3n.<\/p> <p>Participar en esta sesi\u00f3n permitir\u00e1 conocer los principales instrumentos:<\/p> <p>&#8211; Medios de pago simples<\/p> <p>&#8211; Remesas documentarias<\/p> <p>&#8211; Cr\u00e9dito documentario<\/p> <p>&#8211; Opciones de financiaci\u00f3n asociadas<\/p> <p>Una sesi\u00f3n pr\u00e1ctica para tomar decisiones m\u00e1s seguras en las operaciones internacionales.<\/p> <p>&nbsp;<\/p> <p><span style='color: #d2112d;'><strong>PROGRAMA<\/strong><\/span><\/p> <p><span style='color: #d2112d;'>09:00 h. Bienvenida y presentaci\u00f3n del Programa Catalu\u00f1a Exporta<\/span><\/p> <p><span style='color: #d2112d;'>09:10 h. <strong>Medios de pago internacional<\/strong><\/span><\/p> <p style='padding-left: 40px;'><strong>Sra. M\u00f3nica Dom\u00ednguez, <\/strong>Directora Negocio Internacional, <strong>Banc de Sabadell<\/strong><\/p> <p><span style='color: #d2112d;'>10:25 h. Turno de preguntas<\/span><\/p> <p><span style='color: #d2112d;'>10:30 h. Fin de la sesi\u00f3n<\/span><\/p> <p>&nbsp;<\/p> <p>[\/vc_column_text]<div class='single_image wpb_content_element align-center    ' data-animation='none' data-delay='0'><img width='1024' height='162' src='https:\/\/www.foment.com\/wp-content\/uploads\/2026\/03\/ACCIO-1024x162.png' class='attachment-large' alt='' loading='lazy' title='ACCI\u00d3' srcset='https:\/\/www.foment.com\/wp-content\/uploads\/2026\/03\/ACCIO-1024x162.png 1024w, https:\/\/www.foment.com\/wp-content\/uploads\/2026\/03\/ACCIO-300x47.png 300w, https:\/\/www.foment.com\/wp-content\/uploads\/2026\/03\/ACCIO-768x121.png 768w, https:\/\/www.foment.com\/wp-content\/uploads\/2026\/03\/ACCIO-1536x243.png 1536w, https:\/\/www.foment.com\/wp-content\/uploads\/2026\/03\/ACCIO.png 1900w' sizes='(max-width: 1024px) 100vw, 1024px' \/><\/div>[\/vc_column][\/vc_row][vc_row][vc_column width=\u00bb1\/1&#8243;][vc_column_text]Con la colaboraci\u00f3n de:[\/vc_column_text]<div class='single_image wpb_content_element align-center    ' data-animation='none' data-delay='0'><img width='300' height='69' src='https:\/\/www.foment.com\/wp-content\/uploads\/2023\/04\/BSabadell_POS_COL-300x69.jpg' class='attachment-medium' alt='' loading='lazy' title='Imprimir' srcset='https:\/\/www.foment.com\/wp-content\/uploads\/2023\/04\/BSabadell_POS_COL-300x69.jpg 300w, https:\/\/www.foment.com\/wp-content\/uploads\/2023\/04\/BSabadell_POS_COL-1024x234.jpg 1024w, https:\/\/www.foment.com\/wp-content\/uploads\/2023\/04\/BSabadell_POS_COL-768x176.jpg 768w, https:\/\/www.foment.com\/wp-content\/uploads\/2023\/04\/BSabadell_POS_COL.jpg 1181w' sizes='(max-width: 300px) 100vw, 300px' \/><\/div>[\/vc_column][\/vc_row][vc_row][vc_column width=\u00bb1\/2&#8243;][vc_column_text]<span style='font-family: verdana, geneva, sans-serif; font-size: 12px;'>Con el apoyo de:<\/span>[\/vc_column_text]<div class='single_image wpb_content_element align-center    ' data-animation='none' data-delay='0'><img width='300' height='67' src='https:\/\/www.foment.com\/wp-content\/uploads\/2026\/03\/Imagen2-1-300x67.png' class='attachment-medium' alt='' loading='lazy' title='Imagen2' srcset='https:\/\/www.foment.com\/wp-content\/uploads\/2026\/03\/Imagen2-1-300x67.png 300w, https:\/\/www.foment.com\/wp-content\/uploads\/2026\/03\/Imagen2-1.png 314w' sizes='(max-width: 300px) 100vw, 300px' \/><\/div>[\/vc_column][vc_column width=\u00bb1\/2&#8243;][vc_column_text]<span style='font-family: verdana, geneva, sans-serif; font-size: 12px;'>Agent de suport a la Internacionalitzaci\u00f3<\/span>[\/vc_column_text]<div class='single_image wpb_content_element align-left    ' data-animation='none' data-delay='0'><img width='274' height='300' src='https:\/\/www.foment.com\/wp-content\/uploads\/2025\/11\/Agent-Suport-Internacionalizacio_Vertical-274x300.png' class='attachment-medium' alt='' loading='lazy' title='Agent Suport Internacionalizaci\u00f3_Vertical' srcset='https:\/\/www.foment.com\/wp-content\/uploads\/2025\/11\/Agent-Suport-Internacionalizacio_Vertical-274x300.png 274w, https:\/\/www.foment.com\/wp-content\/uploads\/2025\/11\/Agent-Suport-Internacionalizacio_Vertical-768x842.png 768w, https:\/\/www.foment.com\/wp-content\/uploads\/2025\/11\/Agent-Suport-Internacionalizacio_Vertical.png 778w' sizes='(max-width: 274px) 100vw, 274px' \/><\/div>[\/vc_column][\/vc_row][vc_row][\/vc_row][vc_column][\/vc_column][vc_column_text]<\/p> <p>S\u00f3c un bloc de text. Feu clic al bot\u00f3 Edita per canviar aquest text. Lorem Ipsum \u00e9s un text de farciment usat per la ind\u00fastria de la tipografia i la impremta.<\/p> <p>[\/vc_column_text]<\/p> \",\"location\":[{\"@type\":\"Place\",\"name\":\"Webinar por Zoom\",\"address\":{\"@type\": \"PostalAddress\",\"streetAddress\":\"Webinar per Zoom\"}}],\"organizer\":{\"@type\":\"Organization\",\"name\":\"Internacional\"},\"performer\":{\"@type\":\"Person\",\"name\":\"Internacional\"},\"eventStatus\":\"https:\/\/schema.org\/EventScheduled\"}<\/script><\/div>\n\t\t\t\t<p class=\"desc_trig_outter\" style=\"background-color:#ffffff;flex-direction: row;\"><a data-gmap_status=\"null\" data-exlk=\"1\"  style=\"border-color: #0db270;\" id=\"evc_1779267600216550\" class=\"hasFtIMG desc_trig evo_misiones-internacionales sin_val evcal_list_a\" data-ux_val=\"3\"  ><span class='ev_ftImg' data-img='https:\/\/www.foment.com\/wp-content\/uploads\/2026\/03\/MEDIOS-DE-PAGO-INTERNACIONALES.jpg' data-thumb='https:\/\/www.foment.com\/wp-content\/uploads\/2026\/03\/MEDIOS-DE-PAGO-INTERNACIONALES-300x194.jpg' style='background-image:url(\"https:\/\/www.foment.com\/wp-content\/uploads\/2026\/03\/MEDIOS-DE-PAGO-INTERNACIONALES-300x194.jpg\")'><\/span><style>.ajde_evcal_calendar.boxy #evcal_list .eventon_list_event .evcal_desc em{color:black;}<\/style><span style='width:100%; background-color:#0db270 !important;' class='evcal_cblock ' data-smon='mayo' data-syr='2026'><span style='margin-top: 7px;margin-bottom: 7px;' class='evo_start '><em class='date'>20<\/em><em class='month'>may<\/em><em class='time'>9:00<\/em><\/span><span style='margin-top: 7px;margin-bottom: 7px;' class='evo_end only_time'><em class='time'>10:30<\/em><\/span><em class='clear'><\/em><\/span><span class='evcal_desc evo_info '  data-location_address=\"Webinar per Zoom\" data-location_type=\"address\" data-location_name=\"Webinar por Zoom\" data-location_url=\"https:\/\/www.foment.com\/es\/event-location\/webinar-por-zoom\/\" data-location_status=\"true\" ><span class='evo_above_title'><\/span><span class='evcal_desc2 evcal_event_title hbaevatitle' itemprop='name'>Webinar | MEDIOS DE PAGO INTERNACIONALES<\/span><span class='evo_below_title'><span class='evcal_event_subtitle' >Programa Catalunya Exporta<\/span><\/span><span class='evcal_desc_info' ><em class='evcal_time evo_tz_time'>9:00 - 10:30<\/em> <\/span><span class='evcal_desc3'><em class=\"evcal_location\"  data-add_str=\"\"><em class=\"event_location_name\">Webinar por Zoom<\/em><\/em><\/span><span style='height: 60px;'  class='evcal_desc3' ><span class='evcal_event_types ett1'><em>C =<\/em><em data-filter='event_type'>Misiones Internacionales<\/em><i class='clear'><\/i><\/span><\/span><\/span><em class='clear'><\/em><\/a><\/p><div class='event_description evcal_eventcard ' style=\"display:none\"><div class='evo_metarow_fimg evorow evcal_evdata_img evcal_evdata_row  evo_imghover' data-imgheight='1294' data-imgwidth='2000'  style='background-image: url(\"https:\/\/www.foment.com\/wp-content\/uploads\/2026\/03\/MEDIOS-DE-PAGO-INTERNACIONALES.jpg\")' data-imgstyle='full' data-minheight='400' data-status=''><\/div><div class='evcal_evdata_row evorow_2b evo_metarow_time_location evorow  '>\n\t\t\t\t\t\t\t\t<div class='evorow_b evorow_b1 evo_time'>\n\t\t\t\t\t\t\t\t\t<span class='evcal_evdata_icons'><i class='fa fa-clock'><\/i><\/span>\n\t\t\t\t\t\t\t\t\t<div class='evcal_evdata_cell'>\t\t\t\t\t\t\t\n\t\t\t\t\t\t\t\t\t\t<h3 class='evo_h3'><span class='evcal_evdata_icons'><i class='fa fa-clock'><\/i><\/span>Horario<\/h3>\n\t\t\t\t\t\t\t\t\t\t<p><span class='evo_eventcard_time_t'>(Mi\u00e9rcoles) 9:00 - 10:30<\/span><\/p>\n\t\t\t\t\t\t\t\t\t<\/div>\n\t\t\t\t\t\t\t\t<\/div>\n\t\t\t\t\t\t\t\t<div class='evorow_b evo_location'>\n\t\t\t\t\t\t\t\t\t<span class='evcal_evdata_icons'><i class='fa fa-map-marker-alt'><\/i><\/span>\n\t\t\t\t\t\t\t\t\t<div class='evcal_evdata_cell' data-loc_tax_id='3536'><h3 class='evo_h3'><span class='evcal_evdata_icons'><i class='fa fa-map-marker-alt'><\/i><\/span>Lugar<\/h3><p class='evo_location_name'>Webinar por Zoom<\/p><p class='evo_location_address'>Webinar per Zoom<\/p><\/div>\n\t\t\t\t\t\t\t\t<\/div>\n\t\t\t\t\t\t\t\t\n\t\t\t\t\t\t\t<\/div><div class='evo_metarow_details evorow evcal_evdata_row evcal_event_details'>\n\t\t\t\t\t\t\t\t<div class=\"event_excerpt\" style=\"display:none\"><h3 class=\"padb5 evo_h3\">Detalles del evento<\/h3><p>[vc_row][vc_column][vc_btn title=\u00bbInscripci\u00f3n a la sesi\u00f3n\u00bb style=\u00bb3d\u00bb color=\u00bbdanger\u00bb size=\u00bblg\u00bb align=\u00bbcenter\u00bb button_block=\u00bbtrue\u00bb link=\u00bburl:https%3A%2F%2Feur04.safelinks.protection.outlook.com%2F%3Furl%3Dhttps%253A%252F%252Fwww.foment.com%252Fes%252Finscripciones-eventos%252F%253Fidevento%253DC247C499-4F21-F111-8341-000D3ADC12CB%26data%3D05%257C02%257Cepalom%2540foment.com%257C8ed6aa3142134689468b08de8438b205%257Cf37c938d38654a89b99bb000c76a74bf%257C1%257C0%257C639093575933315330%257CUnknown%257CTWFpbGZsb3d8eyJFbXB0eU1hcGkiOnRydWUsIlYiOiIwLjAuMDAwMCIsIlAiOiJXaW4zMiIsIkFOIjoiTWFpbCIsIldUIjoyfQ%253D%253D%257C0%257C%257C%257C%26sdata%3DJyGCneUvOc6r2vJZIb1PRf8YoVdVHCOZEbLJ8nlC33s%253D%26reserved%3D0&#8243;][vc_column_text]\nEn un contexto complejo, conocer y gestionar adecuadamente los instrumentos de pago internacional es esencial para garantizar la seguridad de<\/p><\/div><span class='evcal_evdata_icons'><i class='fa fa-align-justify'><\/i><\/span>\n\t\t\t\t\t\t\t\t\n\t\t\t\t\t\t\t\t<div class='evcal_evdata_cell '>\n\t\t\t\t\t\t\t\t\t<div class='eventon_full_description'>\n\t\t\t\t\t\t\t\t\t\t<h3 class='padb5 evo_h3'><span class='evcal_evdata_icons'><i class='fa fa-align-justify'><\/i><\/span>Detalles del evento<\/h3>\n\t\t\t\t\t\t\t\t\t\t<div class='eventon_desc_in' itemprop='description'>\n\t\t\t\t\t\t\t\t\t\t<p>[vc_row][vc_column][vc_btn title=\u00bbInscripci\u00f3n a la sesi\u00f3n\u00bb style=\u00bb3d\u00bb color=\u00bbdanger\u00bb size=\u00bblg\u00bb align=\u00bbcenter\u00bb button_block=\u00bbtrue\u00bb link=\u00bburl:https%3A%2F%2Feur04.safelinks.protection.outlook.com%2F%3Furl%3Dhttps%253A%252F%252Fwww.foment.com%252Fes%252Finscripciones-eventos%252F%253Fidevento%253DC247C499-4F21-F111-8341-000D3ADC12CB%26data%3D05%257C02%257Cepalom%2540foment.com%257C8ed6aa3142134689468b08de8438b205%257Cf37c938d38654a89b99bb000c76a74bf%257C1%257C0%257C639093575933315330%257CUnknown%257CTWFpbGZsb3d8eyJFbXB0eU1hcGkiOnRydWUsIlYiOiIwLjAuMDAwMCIsIlAiOiJXaW4zMiIsIkFOIjoiTWFpbCIsIldUIjoyfQ%253D%253D%257C0%257C%257C%257C%26sdata%3DJyGCneUvOc6r2vJZIb1PRf8YoVdVHCOZEbLJ8nlC33s%253D%26reserved%3D0&#8243;][vc_column_text]<\/p>\n<p>En un contexto complejo, conocer y gestionar adecuadamente los instrumentos de pago internacional es esencial para garantizar la seguridad de los cobros.<\/p>\n<p><strong>Foment del Treball<\/strong>\u00a0y <strong>Banco de Sabadell<\/strong>, en el marco del programa <a href=\"https:\/\/eur04.safelinks.protection.outlook.com\/?url=https%3A%2F%2Fpublic-eur.mkt.dynamics.com%2Fapi%2Forgs%2F8d5eafb0-f8ac-4ccb-a7c1-a2767b978f43%2Fr%2FaITv1hKS8kSs6wB3jXECAAsAAAA%3Fmsdynmkt_target%3D%257B%2522TargetUrl%2522%253A%2522https%25253A%25252F%25252Feur04.safelinks.protection.outlook.com%25252F%25253Furl%25253Dhttps%2525253A%2525252F%2525252Fpublic-eur.mkt.dynamics.com%2525252Fapi%2525252Forgs%2525252F8d5eafb0-f8ac-4ccb-a7c1-a2767b978f43%2525252Fr%2525252FLn5gxxoARECGTxqFI30DAAsAAAA%2525253Fmsdynmkt_target%2525253D%252525257B%2525252522TargetUrl%2525252522%252525253A%2525252522https%25252525253A%25252525252F%25252525252Fformularis.accio.gencat.cat%25252525252Fweb%25252525252Fformularis%25252525252Finscripcions%25252525252F-%25252525252Finscripcio%25252525252F2026%25252525252F02%25252525252F03%25252525252FOnkrUbTR_SM9nz_z85jUAA%25252525252Fsollicitud-de-diagnostic-pie-foment%25252525252F%25252525253Flang%25252525253Dca_ES%252525252526portal%25252525253Daccio%252525252526_gl%25252525253D1%25252525252A9dm0zh%25252525252A_ga%25252525252AMTI0NzIzNzQyMC4xNzEyODIyOTgy%25252525252A_ga_6HSVZS0K1X%25252525252AczE3NzI3MjM4MjckbzE4OSRnMCR0MTc3MjcyMzgzMiRqNTUkbDAkaDA%2525252522%252525252C%2525252522RedirectOptions%2525252522%252525253A%252525257B%25252525225%2525252522%252525253Anull%252525252C%25252525221%2525252522%252525253Anull%252525257D%252525257D%25252526msdynmkt_digest%2525253DA1vZltR2b3nESlG%252525252BdOmS7YeZ5GTW3dinAdHW2pwAZaw%252525253D%25252526msdynmkt_secretVersion%2525253D7bb221762d0c46939816d3a5592b1359%252526data%25253D05%2525257C02%2525257Csramirez%25252540foment.com%2525257Cc7e7a4617105465e160408de83531847%2525257Cf37c938d38654a89b99bb000c76a74bf%2525257C1%2525257C0%2525257C639092590089463447%2525257CUnknown%2525257CTWFpbGZsb3d8eyJFbXB0eU1hcGkiOnRydWUsIlYiOiIwLjAuMDAwMCIsIlAiOiJXaW4zMiIsIkFOIjoiTWFpbCIsIldUIjoyfQ%2525253D%2525253D%2525257C0%2525257C%2525257C%2525257C%252526sdata%25253D8wWi3Z4S7N5i5VCO2QP6AvtWJylRMKEZbvPje18Pg90%2525253D%252526reserved%25253D0%2522%252C%2522RedirectOptions%2522%253A%257B%25225%2522%253Anull%252C%25221%2522%253Anull%257D%257D%26msdynmkt_digest%3DYIZexQWs7uZ2WhUfgJqeZuryKVb2vajIvtYv5qE8oRY%253D%26msdynmkt_secretVersion%3D7bb221762d0c46939816d3a5592b1359&amp;data=05%7C02%7Cepalom%40foment.com%7C8ed6aa3142134689468b08de8438b205%7Cf37c938d38654a89b99bb000c76a74bf%7C1%7C0%7C639093575933326876%7CUnknown%7CTWFpbGZsb3d8eyJFbXB0eU1hcGkiOnRydWUsIlYiOiIwLjAuMDAwMCIsIlAiOiJXaW4zMiIsIkFOIjoiTWFpbCIsIldUIjoyfQ%3D%3D%7C0%7C%7C%7C&amp;sdata=2Hhu7nRbfAPb7UxRBwjZJBcePEpHffH%2FbcB2kdrF5pM%3D&amp;reserved=0\"><strong>CATALUNYA EXPORTA<\/strong><\/a>, os invitan al Webinar <span style=\"color: #d2112d;\"><strong>\u00abMEDIOS DE PAGO INTERNACIONALES\u00bb<\/strong><\/span>, donde explicaremos c\u00f3mo minimizar riesgos eligiendo el medio de pago m\u00e1s adecuado seg\u00fan pa\u00eds, cliente y operaci\u00f3n.<\/p>\n<p>Participar en esta sesi\u00f3n permitir\u00e1 conocer los principales instrumentos:<\/p>\n<p>&#8211; Medios de pago simples<\/p>\n<p>&#8211; Remesas documentarias<\/p>\n<p>&#8211; Cr\u00e9dito documentario<\/p>\n<p>&#8211; Opciones de financiaci\u00f3n asociadas<\/p>\n<p>Una sesi\u00f3n pr\u00e1ctica para tomar decisiones m\u00e1s seguras en las operaciones internacionales.<\/p>\n<p>&nbsp;<\/p>\n<p><span style=\"color: #d2112d;\"><strong>PROGRAMA<\/strong><\/span><\/p>\n<p><span style=\"color: #d2112d;\">09:00 h. Bienvenida y presentaci\u00f3n del Programa Catalu\u00f1a Exporta<\/span><\/p>\n<p><span style=\"color: #d2112d;\">09:10 h. <strong>Medios de pago internacional<\/strong><\/span><\/p>\n<p style=\"padding-left: 40px;\"><strong>Sra. M\u00f3nica Dom\u00ednguez, <\/strong>Directora Negocio Internacional, <strong>Banc de Sabadell<\/strong><\/p>\n<p><span style=\"color: #d2112d;\">10:25 h. Turno de preguntas<\/span><\/p>\n<p><span style=\"color: #d2112d;\">10:30 h. Fin de la sesi\u00f3n<\/span><\/p>\n<p>&nbsp;<\/p>\n<p>[\/vc_column_text]<\/p>\n<div class=\"single_image wpb_content_element align-center    \" data-animation=\"none\" data-delay=\"0\"><img width=\"1024\" height=\"162\" src=\"https:\/\/www.foment.com\/wp-content\/uploads\/2026\/03\/ACCIO-1024x162.png\" class=\"attachment-large\" alt=\"\" loading=\"lazy\" title=\"ACCI\u00d3\" srcset=\"https:\/\/www.foment.com\/wp-content\/uploads\/2026\/03\/ACCIO-1024x162.png 1024w, https:\/\/www.foment.com\/wp-content\/uploads\/2026\/03\/ACCIO-300x47.png 300w, https:\/\/www.foment.com\/wp-content\/uploads\/2026\/03\/ACCIO-768x121.png 768w, https:\/\/www.foment.com\/wp-content\/uploads\/2026\/03\/ACCIO-1536x243.png 1536w, https:\/\/www.foment.com\/wp-content\/uploads\/2026\/03\/ACCIO.png 1900w\" sizes=\"(max-width: 1024px) 100vw, 1024px\" \/><\/div>\n<p>[\/vc_column][\/vc_row][vc_row][vc_column width=\u00bb1\/1&#8243;][vc_column_text]Con la colaboraci\u00f3n de:[\/vc_column_text]<\/p>\n<div class=\"single_image wpb_content_element align-center    \" data-animation=\"none\" data-delay=\"0\"><img width=\"300\" height=\"69\" src=\"https:\/\/www.foment.com\/wp-content\/uploads\/2023\/04\/BSabadell_POS_COL-300x69.jpg\" class=\"attachment-medium\" alt=\"\" loading=\"lazy\" title=\"Imprimir\" srcset=\"https:\/\/www.foment.com\/wp-content\/uploads\/2023\/04\/BSabadell_POS_COL-300x69.jpg 300w, https:\/\/www.foment.com\/wp-content\/uploads\/2023\/04\/BSabadell_POS_COL-1024x234.jpg 1024w, https:\/\/www.foment.com\/wp-content\/uploads\/2023\/04\/BSabadell_POS_COL-768x176.jpg 768w, https:\/\/www.foment.com\/wp-content\/uploads\/2023\/04\/BSabadell_POS_COL.jpg 1181w\" sizes=\"(max-width: 300px) 100vw, 300px\" \/><\/div>\n<p>[\/vc_column][\/vc_row][vc_row][vc_column width=\u00bb1\/2&#8243;][vc_column_text]<span style=\"font-family: verdana, geneva, sans-serif; font-size: 12px;\">Con el apoyo de:<\/span>[\/vc_column_text]<\/p>\n<div class=\"single_image wpb_content_element align-center    \" data-animation=\"none\" data-delay=\"0\"><img width=\"300\" height=\"67\" src=\"https:\/\/www.foment.com\/wp-content\/uploads\/2026\/03\/Imagen2-1-300x67.png\" class=\"attachment-medium\" alt=\"\" loading=\"lazy\" title=\"Imagen2\" srcset=\"https:\/\/www.foment.com\/wp-content\/uploads\/2026\/03\/Imagen2-1-300x67.png 300w, https:\/\/www.foment.com\/wp-content\/uploads\/2026\/03\/Imagen2-1.png 314w\" sizes=\"(max-width: 300px) 100vw, 300px\" \/><\/div>\n<p>[\/vc_column][vc_column width=\u00bb1\/2&#8243;][vc_column_text]<span style=\"font-family: verdana, geneva, sans-serif; font-size: 12px;\">Agent de suport a la Internacionalitzaci\u00f3<\/span>[\/vc_column_text]<\/p>\n<div class=\"single_image wpb_content_element align-left    \" data-animation=\"none\" data-delay=\"0\"><img width=\"274\" height=\"300\" src=\"https:\/\/www.foment.com\/wp-content\/uploads\/2025\/11\/Agent-Suport-Internacionalizacio_Vertical-274x300.png\" class=\"attachment-medium\" alt=\"\" loading=\"lazy\" title=\"Agent Suport Internacionalizaci\u00f3_Vertical\" srcset=\"https:\/\/www.foment.com\/wp-content\/uploads\/2025\/11\/Agent-Suport-Internacionalizacio_Vertical-274x300.png 274w, https:\/\/www.foment.com\/wp-content\/uploads\/2025\/11\/Agent-Suport-Internacionalizacio_Vertical-768x842.png 768w, https:\/\/www.foment.com\/wp-content\/uploads\/2025\/11\/Agent-Suport-Internacionalizacio_Vertical.png 778w\" sizes=\"(max-width: 274px) 100vw, 274px\" \/><\/div>\n<p>[\/vc_column][\/vc_row][vc_row][\/vc_row][vc_column][\/vc_column][vc_column_text]<\/p>\n<p>S\u00f3c un bloc de text. Feu clic al bot\u00f3 Edita per canviar aquest text. Lorem Ipsum \u00e9s un text de farciment usat per la ind\u00fastria de la tipografia i la impremta.<\/p>\n<p>[\/vc_column_text]<\/p>\n<\/div><div class='clear'><\/div>\n\t\t\t\t\t\t\t\t\t<\/div>\n\t\t\t\t\t\t\t\t<\/div>\n\t\t\t\t\t\t\t<\/div><div class='evo_metarow_organizer evorow evcal_evdata_row evcal_evrow_sm '>\n\t\t\t\t\t\t\t\t<span class='evcal_evdata_icons'><i class='fa fa-headphones'><\/i><\/span>\n\t\t\t\t\t\t\t\t<div class='evcal_evdata_cell'>\t\t\t\t\t\t\t\n\t\t\t\t\t\t\t\t\t<h3 class='evo_h3'>Organizador<\/h3>\n\t\t\t\t\t\t\t\t\t<p class='evo_data_val evo_card_organizer_image'><img src='https:\/\/www.foment.com\/wp-content\/uploads\/2017\/04\/InternacionalEmpresabitotransCAT-200x80.png'\/><\/p>\n\t\t\t\t\t\t\t\t\t<div class='evo_card_organizer'><p class='evo_data_val evo_card_organizer_name'>\n\t\t\t\t\t\t\t\t\t\t<span class='evo_card_organizer_name_t'>Internacional<\/span><span class='evo_card_organizer_contact'>internacional@foment.com<\/span>\n\t\t\t\t\t\t\t\t\t\t\n\t\t\t\t\t\t\t\t\t\t<\/p><\/div><div class='clear'><\/div>\t\t\t\t\t\t\t\n\t\t\t\t\t\t\t\t<\/div>\n\t\t\t\t\t\t\t<\/div>\t\t\t\t\t\t\t<div class='evo_metarow_ICS evorow evcal_evdata_row'>\n\t\t\t\t\t\t\t\t<span class=\"evcal_evdata_icons\"><i class=\"fa fa-calendar\"><\/i><\/span>\n\t\t\t\t\t\t\t\t<div class='evcal_evdata_cell'>\n\t\t\t\t\t\t\t\t\t<p><a href='https:\/\/www.foment.com\/wp-admin\/admin-ajax.php?action=eventon_ics_download&amp;event_id=216550&amp;ri=0' class='evo_ics_nCal' title='Add to your calendar'>Calendar<\/a><a href='\/\/www.google.com\/calendar\/event?action=TEMPLATE&amp;text=Webinar+%7C+MEDIOS+DE+PAGO+INTERNACIONALES&amp;dates=20260520T070000Z\/20260520T083000Z&amp;ctz=Europe\/Madrid&amp;details=Webinar+%7C+MEDIOS+DE+PAGO+INTERNACIONALES&amp;location=Webinar+por+ZoomWebinar+per+Zoom' target='_blank' class='evo_ics_gCal' title='Add to google calendar'>GoogleCal<\/a><\/p>\t\n\t\t\t\t\t\t\t\t<\/div>\n\t\t\t\t\t\t\t<\/div>\n\t\t\t\t\t\t\t<div class='evo_card_row_end evcal_close' title='Close'><\/div><\/div><div class='clear end'><\/div><\/div><div  id=\"event_216846_0\" class=\"eventon_list_event evo_eventtop scheduled  event event_216846_0\" data-event_id=\"216846\" data-ri=\"0r\" data-time=\"1779786000-1779791400\" data-colr=\"#0db270\" itemscope itemtype='http:\/\/schema.org\/Event'><div class=\"evo_event_schema\" style=\"display:none\" ><a itemprop='url'  href='https:\/\/www.foment.com\/es\/events\/adaptar-el-producte-per-vendre-en-altres-paisos\/'><\/a><meta itemprop='image' content=\"https:\/\/www.foment.com\/wp-content\/uploads\/2026\/03\/Diseno-sin-titulo-8-1-scaled.jpg\" \/><meta itemprop='startDate' content=\"2026-5-26T09:00+2:00\" \/><meta itemprop='endDate' content=\"2026-5-26T10:30+2:00\" \/><meta itemprop='eventStatus' content=\"https:\/\/schema.org\/EventScheduled\" \/><item style=\"display:none\" itemprop=\"location\" itemscope itemtype=\"http:\/\/schema.org\/Place\"><span itemprop=\"name\">Webinar por Zoom<\/span><span itemprop=\"address\" itemscope itemtype=\"http:\/\/schema.org\/PostalAddress\"><item itemprop=\"streetAddress\">Webinar per Zoom<\/item><\/span><\/item><item style=\"display:none\" itemprop=\"eventAttendanceMode\" itemscope itemtype=\"https:\/\/schema.org\/OfflineEventAttendanceMode\"><\/item><div itemprop=\"organizer\" itemscope=\"\" itemtype=\"http:\/\/schema.org\/Organization\">\n\t\t\t\t\t    \t<meta itemprop=\"name\" content=\"Internacional\">\n\t\t\t\t\t    \t<\/div><div itemprop=\"performer\" itemscope=\"\" itemtype=\"http:\/\/schema.org\/Person\">\n\t\t\t\t\t    \t<meta itemprop=\"name\" content=\"Internacional\">\n\t\t\t\t\t    <\/div><script type=\"application\/ld+json\">{\"@context\": \"http:\/\/schema.org\",\"@type\": \"Event\",\n\t\t\t\t\t\"@id\": \"event_216846_0\",\n\t\t\t\t\t\"eventAttendanceMode\":\"https:\/\/schema.org\/OfflineEventAttendanceMode\",\n\t\t\t\t\t\"name\": \"Webinar | ADAPTAR EL PRODUCTO PARA VENDER EN OTROS PAISES\",\n\t\t\t\t\t\"url\": \"https:\/\/www.foment.com\/es\/events\/adaptar-el-producte-per-vendre-en-altres-paisos\/\",\n\t\t\t\t\t\"startDate\": \"2026-5-26T09:00+2:00\",\n\t\t\t\t\t\"endDate\": \"2026-5-26T10:30+2:00\",\n\t\t\t\t\t\"image\":\"https:\/\/www.foment.com\/wp-content\/uploads\/2026\/03\/Diseno-sin-titulo-8-1-scaled.jpg\", \n\t\t\t\t\t\"description\":\"<p>[vc_row][vc_column][vc_btn title=\u00bbInscripci\u00f3n a la sesi\u00f3n\u00bb style=\u00bb3d\u00bb color=\u00bbdanger\u00bb align=\u00bbcenter\u00bb button_block=\u00bbtrue\u00bb link=\u00bburl:https%3A%2F%2Fwww.foment.com%2Fes%2Finscripciones-eventos%2F%3Fidevento%3DD52B66C3-5924-F111-8342-7CED8D3FACC9&#8243;][vc_column_text]<\/p> <p><span style='color: #d2112d; font-size: 21px;'>QUIERES EMPEZAR A EXPORTAR?<\/span><\/p> <p><span style='color: #d2112d;'>Te ayudamos a hacer el primer paso, con acompa\u00f1amiento experto y sin coste para la empresa.\u00a0<\/span><\/p> <p><span style='font-family: verdana, geneva, sans-serif; font-size: 12px;'>Internacionalizarse es una oportunidad de crecimiento, pero a menudo tambi\u00e9n genera dudas: por donde empezar, qu\u00e9 mercados priorizar, qu\u00e9 recursos hacen falta o qu\u00e9 riesgos se tienen que tener en cuenta.<\/span><br \/> <span style='font-family: verdana, geneva, sans-serif; font-size: 12px;'>Para ayudar a las empresas catalanas a iniciar este camino con m\u00e1s seguridad, <strong>ACCI\u00d3\u00a0 impulsa el programa<\/strong> <a href='https:\/\/eur04.safelinks.protection.outlook.com\/?url=https%3A%2F%2Fpublic-eur.mkt.dynamics.com%2Fapi%2Forgs%2F8d5eafb0-f8ac-4ccb-a7c1-a2767b978f43%2Fr%2FdplJYjVJ_EuMAaJkHY8CABAAAAA%3Fmsdynmkt_target%3D%257B%2522TargetUrl%2522%253A%2522https%25253A%25252F%25252Feur04.safelinks.protection.outlook.com%25252F%25253Furl%25253Dhttps%2525253A%2525252F%2525252Fpublic-eur.mkt.dynamics.com%2525252Fapi%2525252Forgs%2525252F8d5eafb0-f8ac-4ccb-a7c1-a2767b978f43%2525252Fr%2525252FubNm8_1fYkKKybgcijEBAAEAAAA%2525253Fmsdynmkt_target%2525253D%252525257B%2525252522TargetUrl%2525252522%252525253A%2525252522https%25252525253A%25252525252F%25252525252Feur04.safelinks.protection.outlook.com%25252525252F%25252525253Furl%25252525253Dhttps%2525252525253A%2525252525252F%2525252525252Fpublic-eur.mkt.dynamics.com%2525252525252Fapi%2525252525252Forgs%2525252525252F8d5eafb0-f8ac-4ccb-a7c1-a2767b978f43%2525252525252Fr%2525252525252FaITv1hKS8kSs6wB3jXECAAsAAAA%2525252525253Fmsdynmkt_target%2525252525253D%252525252525257B%2525252525252522TargetUrl%2525252525252522%252525252525253A%2525252525252522https%25252525252525253A%25252525252525252F%25252525252525252Feur04.safelinks.protection.outlook.com%25252525252525252F%25252525252525253Furl%25252525252525253Dhttps%2525252525252525253A%2525252525252525252F%2525252525252525252Fpublic-eur.mkt.dynamics.com%2525252525252525252Fapi%2525252525252525252Forgs%2525252525252525252F8d5eafb0-f8ac-4ccb-a7c1-a2767b978f43%2525252525252525252Fr%2525252525252525252FLn5gxxoARECGTxqFI30DAAsAAAA%2525252525252525253Fmsdynmkt_target%2525252525252525253D%252525252525252525257B%2525252525252525252522TargetUrl%2525252525252525252522%252525252525252525253A%2525252525252525252522https%25252525252525252525253A%25252525252525252525252F%25252525252525252525252Fformularis.accio.gencat.cat%25252525252525252525252Fweb%25252525252525252525252Fformularis%25252525252525252525252Finscripcions%25252525252525252525252F-%25252525252525252525252Finscripcio%25252525252525252525252F2026%25252525252525252525252F02%25252525252525252525252F03%25252525252525252525252FOnkrUbTR_SM9nz_z85jUAA%25252525252525252525252Fsollicitud-de-diagnostic-pie-foment%25252525252525252525252F%25252525252525252525253Flang%25252525252525252525253Dca_ES%252525252525252525252526portal%25252525252525252525253Daccio%252525252525252525252526_gl%25252525252525252525253D1%25252525252525252525252A9dm0zh%25252525252525252525252A_ga%25252525252525252525252AMTI0NzIzNzQyMC4xNzEyODIyOTgy%25252525252525252525252A_ga_6HSVZS0K1X%25252525252525252525252AczE3NzI3MjM4MjckbzE4OSRnMCR0MTc3MjcyMzgzMiRqNTUkbDAkaDA%2525252525252525252522%252525252525252525252C%2525252525252525252522RedirectOptions%2525252525252525252522%252525252525252525253A%252525252525252525257B%25252525252525252525225%2525252525252525252522%252525252525252525253Anull%252525252525252525252C%25252525252525252525221%2525252525252525252522%252525252525252525253Anull%252525252525252525257D%252525252525252525257D%25252525252525252526msdynmkt_digest%2525252525252525253DA1vZltR2b3nESlG%252525252525252525252BdOmS7YeZ5GTW3dinAdHW2pwAZaw%252525252525252525253D%25252525252525252526msdynmkt_secretVersion%2525252525252525253D7bb221762d0c46939816d3a5592b1359%252525252525252526data%25252525252525253D05%2525252525252525257C02%2525252525252525257Csramirez%25252525252525252540foment.com%2525252525252525257Cc7e7a4617105465e160408de83531847%2525252525252525257Cf37c938d38654a89b99bb000c76a74bf%2525252525252525257C1%2525252525252525257C0%2525252525252525257C639092590089463447%2525252525252525257CUnknown%2525252525252525257CTWFpbGZsb3d8eyJFbXB0eU1hcGkiOnRydWUsIlYiOiIwLjAuMDAwMCIsIlAiOiJXaW4zMiIsIkFOIjoiTWFpbCIsIldUIjoyfQ%2525252525252525253D%2525252525252525253D%2525252525252525257C0%2525252525252525257C%2525252525252525257C%2525252525252525257C%252525252525252526sdata%25252525252525253D8wWi3Z4S7N5i5VCO2QP6AvtWJylRMKEZbvPje18Pg90%2525252525252525253D%252525252525252526reserved%25252525252525253D0%2525252525252522%252525252525252C%2525252525252522RedirectOptions%2525252525252522%252525252525253A%252525252525257B%25252525252525225%2525252525252522%252525252525253Anull%252525252525252C%25252525252525221%2525252525252522%252525252525253Anull%252525252525257D%252525252525257D%25252525252526msdynmkt_digest%2525252525253DYIZexQWs7uZ2WhUfgJqeZuryKVb2vajIvtYv5qE8oRY%252525252525253D%25252525252526msdynmkt_secretVersion%2525252525253D7bb221762d0c46939816d3a5592b1359%252525252526data%25252525253D05%2525252525257C02%2525252525257Csramirez%25252525252540foment.com%2525252525257C565760556e6c4cf5c35308de84384967%2525252525257Cf37c938d38654a89b99bb000c76a74bf%2525252525257C1%2525252525257C0%2525252525257C639093574480490085%2525252525257CUnknown%2525252525257CTWFpbGZsb3d8eyJFbXB0eU1hcGkiOnRydWUsIlYiOiIwLjAuMDAwMCIsIlAiOiJXaW4zMiIsIkFOIjoiTWFpbCIsIldUIjoyfQ%2525252525253D%2525252525253D%2525252525257C0%2525252525257C%2525252525257C%2525252525257C%252525252526sdata%25252525253DN3y2QAkHHQEwnwslqril%2525252525252B%2525252525252BjbsTmbpaH1gsQUjqlx6ho%2525252525253D%252525252526reserved%25252525253D0%2525252522%252525252C%2525252522RedirectOptions%2525252522%252525253A%252525257B%25252525225%2525252522%252525253Anull%252525252C%25252525221%2525252522%252525253Anull%252525257D%252525257D%25252526msdynmkt_digest%2525253DHxSIjxqNyMzq4m6G1OWkNS%252525252FYEFefhiIl8o9iQscMDnI%252525253D%25252526msdynmkt_secretVersion%2525253D7bb221762d0c46939816d3a5592b1359%252526data%25253D05%2525257C02%2525257Csramirez%25252540foment.com%2525257C1d01451646264e7fca2308de88baf1ef%2525257Cf37c938d38654a89b99bb000c76a74bf%2525257C1%2525257C0%2525257C639098533660479269%2525257CUnknown%2525257CTWFpbGZsb3d8eyJFbXB0eU1hcGkiOnRydWUsIlYiOiIwLjAuMDAwMCIsIlAiOiJXaW4zMiIsIkFOIjoiTWFpbCIsIldUIjoyfQ%2525253D%2525253D%2525257C0%2525257C%2525257C%2525257C%252526sdata%25253DF6gmzEwyPcPCX%2525252FFmsqBkWV3LiHiEx0w4lH5lts42Hng%2525253D%252526reserved%25253D0%2522%252C%2522RedirectOptions%2522%253A%257B%25225%2522%253Anull%252C%25221%2522%253Anull%257D%257D%26msdynmkt_digest%3D3pnr7eA2jjjY5%252F04VJpOmyfkKAFHOW2zndgIqJQ0jxA%253D%26msdynmkt_secretVersion%3D7bb221762d0c46939816d3a5592b1359&amp;data=05%7C02%7Csramirez%40foment.com%7C23b351ae016143229c6d08de8c12d3d6%7Cf37c938d38654a89b99bb000c76a74bf%7C1%7C0%7C639102209641121264%7CUnknown%7CTWFpbGZsb3d8eyJFbXB0eU1hcGkiOnRydWUsIlYiOiIwLjAuMDAwMCIsIlAiOiJXaW4zMiIsIkFOIjoiTWFpbCIsIldUIjoyfQ%3D%3D%7C0%7C%7C%7C&amp;sdata=yoLLv4PRfv2xjZrHwBgWZXD0aIuobZl%2FLoaBtC4V5is%3D&amp;reserved=0'>CATALU\u00d1A EXPORTA<\/a>, dirigido a empresas que quieren iniciarse en la internacionalizaci\u00f3n con un enfoque practic y personalizado.<\/span><br \/> <span style='font-family: verdana, geneva, sans-serif; font-size: 12px;'>Desde <a href='https:\/\/eur04.safelinks.protection.outlook.com\/?url=https%3A%2F%2Fpublic-eur.mkt.dynamics.com%2Fapi%2Forgs%2F8d5eafb0-f8ac-4ccb-a7c1-a2767b978f43%2Fr%2FdplJYjVJ_EuMAaJkHY8CABEAAAA%3Fmsdynmkt_target%3D%257B%2522TargetUrl%2522%253A%2522https%25253A%25252F%25252Feur04.safelinks.protection.outlook.com%25252F%25253Furl%25253Dhttps%2525253A%2525252F%2525252Fpublic-eur.mkt.dynamics.com%2525252Fapi%2525252Forgs%2525252F8d5eafb0-f8ac-4ccb-a7c1-a2767b978f43%2525252Fr%2525252FubNm8_1fYkKKybgcijEBAAIAAAA%2525253Fmsdynmkt_target%2525253D%252525257B%2525252522TargetUrl%2525252522%252525253A%2525252522https%25252525253A%25252525252F%25252525252Fwww.foment.com%25252525252Fes%25252525252Fcatalunya-exporta%25252525252F%2525252525231767799497417-fa3ae53f-0b5b%2525252522%252525252C%2525252522RedirectOptions%2525252522%252525253A%252525257B%25252525220%2525252522%252525253Anull%252525257D%252525257D%25252526msdynmkt_digest%2525253DbK7c94w0eFraOy9eOgKfYNJ21gIDfLiaSBNv7Ob%252525252FUbc%252525253D%25252526msdynmkt_secretVersion%2525253D7bb221762d0c46939816d3a5592b1359%252526data%25253D05%2525257C02%2525257Csramirez%25252540foment.com%2525257C1d01451646264e7fca2308de88baf1ef%2525257Cf37c938d38654a89b99bb000c76a74bf%2525257C1%2525257C0%2525257C639098533660503029%2525257CUnknown%2525257CTWFpbGZsb3d8eyJFbXB0eU1hcGkiOnRydWUsIlYiOiIwLjAuMDAwMCIsIlAiOiJXaW4zMiIsIkFOIjoiTWFpbCIsIldUIjoyfQ%2525253D%2525253D%2525257C0%2525257C%2525257C%2525257C%252526sdata%25253DnU%2525252FdP3SzDdBLN%2525252BjGlM%2525252BfjpHC30Tp2sKQXa53D7Snr8M%2525253D%252526reserved%25253D0%2522%252C%2522RedirectOptions%2522%253A%257B%25225%2522%253Anull%252C%25221%2522%253Anull%257D%257D%26msdynmkt_digest%3DTMCFNOfb0%252BXu2BCcvcmDJAmwBhXs4eG0zaVP3L6%252BdE8%253D%26msdynmkt_secretVersion%3D7bb221762d0c46939816d3a5592b1359&amp;data=05%7C02%7Csramirez%40foment.com%7C23b351ae016143229c6d08de8c12d3d6%7Cf37c938d38654a89b99bb000c76a74bf%7C1%7C0%7C639102209641147248%7CUnknown%7CTWFpbGZsb3d8eyJFbXB0eU1hcGkiOnRydWUsIlYiOiIwLjAuMDAwMCIsIlAiOiJXaW4zMiIsIkFOIjoiTWFpbCIsIldUIjoyfQ%3D%3D%7C0%7C%7C%7C&amp;sdata=daHoyG1ZgccCVp8G6HuKQMd9CnWk7pYkM%2FVO%2F7PF6wM%3D&amp;reserved=0'>Foment del Treball<\/a>, como entidad colaboradora y agente de apoyo a la internacionalizaci\u00f3n, te acompa\u00f1amos en este proceso para que puedas valorar tu potencial exportador y definir los primeros pasos con criterio.<\/span><\/p> <p style='text-align: justify;'><span style='font-family: verdana, geneva, sans-serif; font-size: 12px;'>Esta sesi\u00f3n <strong>ADAPTAR EL PRODUCTO PARA VENDER EN OTROS PA\u00cdSES<\/strong> tiene como objetivo identificar las adaptaciones necesarias del producto para acceder a mercados internacionales, teniendo en cuenta la adaptaci\u00f3n normativa, el packaging y el etiquetado, la adaptaci\u00f3n cultural y las estrategias de diferenciaci\u00f3n internacional.<\/span><\/p> <p style='text-align: justify;'><span style='color: #d2112d; font-family: verdana, geneva, sans-serif; font-size: 12px;'><strong>PROGRAMA<\/strong><\/span><\/p> <p style='text-align: justify;'><span style='color: #d2112d; font-family: verdana, geneva, sans-serif; font-size: 12px;'>09:00 h. Bienvenida y presentaci\u00f3n del Programa Catalu\u00f1a Exporta<\/span><\/p> <p style='text-align: justify;'><span style='color: #d2112d; font-family: verdana, geneva, sans-serif; font-size: 12px;'>09:10 h. <strong>Adaptar el producto para vender en otros pa\u00edses<\/strong><\/span><\/p> <p style='padding-left: 40px; text-align: justify;'><span style='font-family: verdana, geneva, sans-serif; font-size: 12px;'><strong>\u00a0Isabel Garc\u00eda, <\/strong>Consultora Internacional Senior, Barcelona Export<\/span><\/p> <p style='text-align: justify;'><span style='color: #d2112d; font-family: verdana, geneva, sans-serif; font-size: 12px;'>10:20 h. Turno de preguntas<\/span><\/p> <p style='text-align: justify;'><span style='color: #d2112d; font-family: verdana, geneva, sans-serif; font-size: 12px;'>10:30 h. Fin de la sesi\u00f3n<\/span><\/p> <p>[\/vc_column_text][\/vc_column][\/vc_row][vc_row][vc_column width=\u00bb1\/2&#8243;][vc_column_text]<span style='font-family: verdana, geneva, sans-serif; font-size: 12px;'>Amb el suport de:<\/span>[\/vc_column_text]<div class='single_image wpb_content_element align-center    ' data-animation='none' data-delay='0'><img width='300' height='68' src='https:\/\/www.foment.com\/wp-content\/uploads\/2026\/02\/Logo-Accio-GeneCat-300x68.png' class='attachment-medium' alt='' loading='lazy' title='Logo Accio GeneCat' srcset='https:\/\/www.foment.com\/wp-content\/uploads\/2026\/02\/Logo-Accio-GeneCat-300x68.png 300w, https:\/\/www.foment.com\/wp-content\/uploads\/2026\/02\/Logo-Accio-GeneCat.png 559w' sizes='(max-width: 300px) 100vw, 300px' \/><\/div>[\/vc_column][vc_column width=\u00bb1\/2&#8243;][vc_column_text]<span style='font-family: verdana, geneva, sans-serif; font-size: 12px;'>Agent de suport a la Internacionalitzaci\u00f3<\/span>[\/vc_column_text]<div class='single_image wpb_content_element align-left    ' data-animation='none' data-delay='0'><img width='274' height='300' src='https:\/\/www.foment.com\/wp-content\/uploads\/2025\/11\/Agent-Suport-Internacionalizacio_Vertical-274x300.png' class='attachment-medium' alt='' loading='lazy' title='Agent Suport Internacionalizaci\u00f3_Vertical' srcset='https:\/\/www.foment.com\/wp-content\/uploads\/2025\/11\/Agent-Suport-Internacionalizacio_Vertical-274x300.png 274w, https:\/\/www.foment.com\/wp-content\/uploads\/2025\/11\/Agent-Suport-Internacionalizacio_Vertical-768x842.png 768w, https:\/\/www.foment.com\/wp-content\/uploads\/2025\/11\/Agent-Suport-Internacionalizacio_Vertical.png 778w' sizes='(max-width: 274px) 100vw, 274px' \/><\/div>[\/vc_column][\/vc_row]<\/p> \",\"location\":[{\"@type\":\"Place\",\"name\":\"Webinar por Zoom\",\"address\":{\"@type\": \"PostalAddress\",\"streetAddress\":\"Webinar per Zoom\"}}],\"organizer\":{\"@type\":\"Organization\",\"name\":\"Internacional\"},\"performer\":{\"@type\":\"Person\",\"name\":\"Internacional\"},\"eventStatus\":\"https:\/\/schema.org\/EventScheduled\"}<\/script><\/div>\n\t\t\t\t<p class=\"desc_trig_outter\" style=\"background-color:#ffffff;flex-direction: row;\"><a data-gmap_status=\"null\" data-exlk=\"1\"  style=\"border-color: #0db270;\" id=\"evc_1779786000216846\" class=\"hasFtIMG desc_trig evo_internacional-es evo_misiones-internacionales sin_val evcal_list_a\" data-ux_val=\"3\"  ><span class='ev_ftImg' data-img='https:\/\/www.foment.com\/wp-content\/uploads\/2026\/03\/Diseno-sin-titulo-8-1-scaled.jpg' data-thumb='https:\/\/www.foment.com\/wp-content\/uploads\/2026\/03\/Diseno-sin-titulo-8-1-300x150.jpg' style='background-image:url(\"https:\/\/www.foment.com\/wp-content\/uploads\/2026\/03\/Diseno-sin-titulo-8-1-300x150.jpg\")'><\/span><style>.ajde_evcal_calendar.boxy #evcal_list .eventon_list_event .evcal_desc em{color:black;}<\/style><span style='width:100%; background-color:#0db270 !important;' class='evcal_cblock ' data-smon='mayo' data-syr='2026'><span style='margin-top: 7px;margin-bottom: 7px;' class='evo_start '><em class='date'>26<\/em><em class='month'>may<\/em><em class='time'>9:00<\/em><\/span><span style='margin-top: 7px;margin-bottom: 7px;' class='evo_end only_time'><em class='time'>10:30<\/em><\/span><em class='clear'><\/em><\/span><span class='evcal_desc evo_info '  data-location_address=\"Webinar per Zoom\" data-location_type=\"address\" data-location_name=\"Webinar por Zoom\" data-location_url=\"https:\/\/www.foment.com\/es\/event-location\/webinar-por-zoom\/\" data-location_status=\"true\" ><span class='evo_above_title'><\/span><span class='evcal_desc2 evcal_event_title hbaevatitle' itemprop='name'>Webinar | ADAPTAR EL PRODUCTO PARA VENDER EN OTROS PAISES<\/span><span class='evo_below_title'><span class='evcal_event_subtitle' >Programa Catalunya Exporta<\/span><\/span><span class='evcal_desc_info' ><em class='evcal_time evo_tz_time'>9:00 - 10:30<\/em> <\/span><span class='evcal_desc3'><em class=\"evcal_location\"  data-add_str=\"\"><em class=\"event_location_name\">Webinar por Zoom<\/em><\/em><\/span><span style='height: 60px;'  class='evcal_desc3' ><span class='evcal_event_types ett1'><em>C =<\/em><em data-filter='event_type'>Internacional,<\/em><em data-filter='event_type'>Misiones Internacionales<\/em><i class='clear'><\/i><\/span><\/span><\/span><em class='clear'><\/em><\/a><\/p><div class='event_description evcal_eventcard ' style=\"display:none\"><div class='evo_metarow_fimg evorow evcal_evdata_img evcal_evdata_row  evo_imghover' data-imgheight='1280' data-imgwidth='2560'  style='background-image: url(\"https:\/\/www.foment.com\/wp-content\/uploads\/2026\/03\/Diseno-sin-titulo-8-1-scaled.jpg\")' data-imgstyle='full' data-minheight='400' data-status=''><\/div><div class='evcal_evdata_row evorow_2b evo_metarow_time_location evorow  '>\n\t\t\t\t\t\t\t\t<div class='evorow_b evorow_b1 evo_time'>\n\t\t\t\t\t\t\t\t\t<span class='evcal_evdata_icons'><i class='fa fa-clock'><\/i><\/span>\n\t\t\t\t\t\t\t\t\t<div class='evcal_evdata_cell'>\t\t\t\t\t\t\t\n\t\t\t\t\t\t\t\t\t\t<h3 class='evo_h3'><span class='evcal_evdata_icons'><i class='fa fa-clock'><\/i><\/span>Horario<\/h3>\n\t\t\t\t\t\t\t\t\t\t<p><span class='evo_eventcard_time_t'>(Martes) 9:00 - 10:30<\/span><\/p>\n\t\t\t\t\t\t\t\t\t<\/div>\n\t\t\t\t\t\t\t\t<\/div>\n\t\t\t\t\t\t\t\t<div class='evorow_b evo_location'>\n\t\t\t\t\t\t\t\t\t<span class='evcal_evdata_icons'><i class='fa fa-map-marker-alt'><\/i><\/span>\n\t\t\t\t\t\t\t\t\t<div class='evcal_evdata_cell' data-loc_tax_id='3536'><h3 class='evo_h3'><span class='evcal_evdata_icons'><i class='fa fa-map-marker-alt'><\/i><\/span>Lugar<\/h3><p class='evo_location_name'>Webinar por Zoom<\/p><p class='evo_location_address'>Webinar per Zoom<\/p><\/div>\n\t\t\t\t\t\t\t\t<\/div>\n\t\t\t\t\t\t\t\t\n\t\t\t\t\t\t\t<\/div><div class='evo_metarow_details evorow evcal_evdata_row evcal_event_details'>\n\t\t\t\t\t\t\t\t<div class=\"event_excerpt\" style=\"display:none\"><h3 class=\"padb5 evo_h3\">Detalles del evento<\/h3><p>[vc_row][vc_column][vc_btn title=\u00bbInscripci\u00f3n a la sesi\u00f3n\u00bb style=\u00bb3d\u00bb color=\u00bbdanger\u00bb align=\u00bbcenter\u00bb button_block=\u00bbtrue\u00bb link=\u00bburl:https%3A%2F%2Fwww.foment.com%2Fes%2Finscripciones-eventos%2F%3Fidevento%3DD52B66C3-5924-F111-8342-7CED8D3FACC9&#8243;][vc_column_text]\nQUIERES EMPEZAR A EXPORTAR?\nTe ayudamos a hacer el primer paso, con acompa\u00f1amiento experto y sin<\/p><\/div><span class='evcal_evdata_icons'><i class='fa fa-align-justify'><\/i><\/span>\n\t\t\t\t\t\t\t\t\n\t\t\t\t\t\t\t\t<div class='evcal_evdata_cell '>\n\t\t\t\t\t\t\t\t\t<div class='eventon_full_description'>\n\t\t\t\t\t\t\t\t\t\t<h3 class='padb5 evo_h3'><span class='evcal_evdata_icons'><i class='fa fa-align-justify'><\/i><\/span>Detalles del evento<\/h3>\n\t\t\t\t\t\t\t\t\t\t<div class='eventon_desc_in' itemprop='description'>\n\t\t\t\t\t\t\t\t\t\t<p>[vc_row][vc_column][vc_btn title=\u00bbInscripci\u00f3n a la sesi\u00f3n\u00bb style=\u00bb3d\u00bb color=\u00bbdanger\u00bb align=\u00bbcenter\u00bb button_block=\u00bbtrue\u00bb link=\u00bburl:https%3A%2F%2Fwww.foment.com%2Fes%2Finscripciones-eventos%2F%3Fidevento%3DD52B66C3-5924-F111-8342-7CED8D3FACC9&#8243;][vc_column_text]<\/p>\n<p><span style=\"color: #d2112d; font-size: 21px;\">QUIERES EMPEZAR A EXPORTAR?<\/span><\/p>\n<p><span style=\"color: #d2112d;\">Te ayudamos a hacer el primer paso, con acompa\u00f1amiento experto y sin coste para la empresa.\u00a0<\/span><\/p>\n<p><span style=\"font-family: verdana, geneva, sans-serif; font-size: 12px;\">Internacionalizarse es una oportunidad de crecimiento, pero a menudo tambi\u00e9n genera dudas: por donde empezar, qu\u00e9 mercados priorizar, qu\u00e9 recursos hacen falta o qu\u00e9 riesgos se tienen que tener en cuenta.<\/span><br \/>\n<span style=\"font-family: verdana, geneva, sans-serif; font-size: 12px;\">Para ayudar a las empresas catalanas a iniciar este camino con m\u00e1s seguridad, <strong>ACCI\u00d3\u00a0 impulsa el programa<\/strong> <a href=\"https:\/\/eur04.safelinks.protection.outlook.com\/?url=https%3A%2F%2Fpublic-eur.mkt.dynamics.com%2Fapi%2Forgs%2F8d5eafb0-f8ac-4ccb-a7c1-a2767b978f43%2Fr%2FdplJYjVJ_EuMAaJkHY8CABAAAAA%3Fmsdynmkt_target%3D%257B%2522TargetUrl%2522%253A%2522https%25253A%25252F%25252Feur04.safelinks.protection.outlook.com%25252F%25253Furl%25253Dhttps%2525253A%2525252F%2525252Fpublic-eur.mkt.dynamics.com%2525252Fapi%2525252Forgs%2525252F8d5eafb0-f8ac-4ccb-a7c1-a2767b978f43%2525252Fr%2525252FubNm8_1fYkKKybgcijEBAAEAAAA%2525253Fmsdynmkt_target%2525253D%252525257B%2525252522TargetUrl%2525252522%252525253A%2525252522https%25252525253A%25252525252F%25252525252Feur04.safelinks.protection.outlook.com%25252525252F%25252525253Furl%25252525253Dhttps%2525252525253A%2525252525252F%2525252525252Fpublic-eur.mkt.dynamics.com%2525252525252Fapi%2525252525252Forgs%2525252525252F8d5eafb0-f8ac-4ccb-a7c1-a2767b978f43%2525252525252Fr%2525252525252FaITv1hKS8kSs6wB3jXECAAsAAAA%2525252525253Fmsdynmkt_target%2525252525253D%252525252525257B%2525252525252522TargetUrl%2525252525252522%252525252525253A%2525252525252522https%25252525252525253A%25252525252525252F%25252525252525252Feur04.safelinks.protection.outlook.com%25252525252525252F%25252525252525253Furl%25252525252525253Dhttps%2525252525252525253A%2525252525252525252F%2525252525252525252Fpublic-eur.mkt.dynamics.com%2525252525252525252Fapi%2525252525252525252Forgs%2525252525252525252F8d5eafb0-f8ac-4ccb-a7c1-a2767b978f43%2525252525252525252Fr%2525252525252525252FLn5gxxoARECGTxqFI30DAAsAAAA%2525252525252525253Fmsdynmkt_target%2525252525252525253D%252525252525252525257B%2525252525252525252522TargetUrl%2525252525252525252522%252525252525252525253A%2525252525252525252522https%25252525252525252525253A%25252525252525252525252F%25252525252525252525252Fformularis.accio.gencat.cat%25252525252525252525252Fweb%25252525252525252525252Fformularis%25252525252525252525252Finscripcions%25252525252525252525252F-%25252525252525252525252Finscripcio%25252525252525252525252F2026%25252525252525252525252F02%25252525252525252525252F03%25252525252525252525252FOnkrUbTR_SM9nz_z85jUAA%25252525252525252525252Fsollicitud-de-diagnostic-pie-foment%25252525252525252525252F%25252525252525252525253Flang%25252525252525252525253Dca_ES%252525252525252525252526portal%25252525252525252525253Daccio%252525252525252525252526_gl%25252525252525252525253D1%25252525252525252525252A9dm0zh%25252525252525252525252A_ga%25252525252525252525252AMTI0NzIzNzQyMC4xNzEyODIyOTgy%25252525252525252525252A_ga_6HSVZS0K1X%25252525252525252525252AczE3NzI3MjM4MjckbzE4OSRnMCR0MTc3MjcyMzgzMiRqNTUkbDAkaDA%2525252525252525252522%252525252525252525252C%2525252525252525252522RedirectOptions%2525252525252525252522%252525252525252525253A%252525252525252525257B%25252525252525252525225%2525252525252525252522%252525252525252525253Anull%252525252525252525252C%25252525252525252525221%2525252525252525252522%252525252525252525253Anull%252525252525252525257D%252525252525252525257D%25252525252525252526msdynmkt_digest%2525252525252525253DA1vZltR2b3nESlG%252525252525252525252BdOmS7YeZ5GTW3dinAdHW2pwAZaw%252525252525252525253D%25252525252525252526msdynmkt_secretVersion%2525252525252525253D7bb221762d0c46939816d3a5592b1359%252525252525252526data%25252525252525253D05%2525252525252525257C02%2525252525252525257Csramirez%25252525252525252540foment.com%2525252525252525257Cc7e7a4617105465e160408de83531847%2525252525252525257Cf37c938d38654a89b99bb000c76a74bf%2525252525252525257C1%2525252525252525257C0%2525252525252525257C639092590089463447%2525252525252525257CUnknown%2525252525252525257CTWFpbGZsb3d8eyJFbXB0eU1hcGkiOnRydWUsIlYiOiIwLjAuMDAwMCIsIlAiOiJXaW4zMiIsIkFOIjoiTWFpbCIsIldUIjoyfQ%2525252525252525253D%2525252525252525253D%2525252525252525257C0%2525252525252525257C%2525252525252525257C%2525252525252525257C%252525252525252526sdata%25252525252525253D8wWi3Z4S7N5i5VCO2QP6AvtWJylRMKEZbvPje18Pg90%2525252525252525253D%252525252525252526reserved%25252525252525253D0%2525252525252522%252525252525252C%2525252525252522RedirectOptions%2525252525252522%252525252525253A%252525252525257B%25252525252525225%2525252525252522%252525252525253Anull%252525252525252C%25252525252525221%2525252525252522%252525252525253Anull%252525252525257D%252525252525257D%25252525252526msdynmkt_digest%2525252525253DYIZexQWs7uZ2WhUfgJqeZuryKVb2vajIvtYv5qE8oRY%252525252525253D%25252525252526msdynmkt_secretVersion%2525252525253D7bb221762d0c46939816d3a5592b1359%252525252526data%25252525253D05%2525252525257C02%2525252525257Csramirez%25252525252540foment.com%2525252525257C565760556e6c4cf5c35308de84384967%2525252525257Cf37c938d38654a89b99bb000c76a74bf%2525252525257C1%2525252525257C0%2525252525257C639093574480490085%2525252525257CUnknown%2525252525257CTWFpbGZsb3d8eyJFbXB0eU1hcGkiOnRydWUsIlYiOiIwLjAuMDAwMCIsIlAiOiJXaW4zMiIsIkFOIjoiTWFpbCIsIldUIjoyfQ%2525252525253D%2525252525253D%2525252525257C0%2525252525257C%2525252525257C%2525252525257C%252525252526sdata%25252525253DN3y2QAkHHQEwnwslqril%2525252525252B%2525252525252BjbsTmbpaH1gsQUjqlx6ho%2525252525253D%252525252526reserved%25252525253D0%2525252522%252525252C%2525252522RedirectOptions%2525252522%252525253A%252525257B%25252525225%2525252522%252525253Anull%252525252C%25252525221%2525252522%252525253Anull%252525257D%252525257D%25252526msdynmkt_digest%2525253DHxSIjxqNyMzq4m6G1OWkNS%252525252FYEFefhiIl8o9iQscMDnI%252525253D%25252526msdynmkt_secretVersion%2525253D7bb221762d0c46939816d3a5592b1359%252526data%25253D05%2525257C02%2525257Csramirez%25252540foment.com%2525257C1d01451646264e7fca2308de88baf1ef%2525257Cf37c938d38654a89b99bb000c76a74bf%2525257C1%2525257C0%2525257C639098533660479269%2525257CUnknown%2525257CTWFpbGZsb3d8eyJFbXB0eU1hcGkiOnRydWUsIlYiOiIwLjAuMDAwMCIsIlAiOiJXaW4zMiIsIkFOIjoiTWFpbCIsIldUIjoyfQ%2525253D%2525253D%2525257C0%2525257C%2525257C%2525257C%252526sdata%25253DF6gmzEwyPcPCX%2525252FFmsqBkWV3LiHiEx0w4lH5lts42Hng%2525253D%252526reserved%25253D0%2522%252C%2522RedirectOptions%2522%253A%257B%25225%2522%253Anull%252C%25221%2522%253Anull%257D%257D%26msdynmkt_digest%3D3pnr7eA2jjjY5%252F04VJpOmyfkKAFHOW2zndgIqJQ0jxA%253D%26msdynmkt_secretVersion%3D7bb221762d0c46939816d3a5592b1359&amp;data=05%7C02%7Csramirez%40foment.com%7C23b351ae016143229c6d08de8c12d3d6%7Cf37c938d38654a89b99bb000c76a74bf%7C1%7C0%7C639102209641121264%7CUnknown%7CTWFpbGZsb3d8eyJFbXB0eU1hcGkiOnRydWUsIlYiOiIwLjAuMDAwMCIsIlAiOiJXaW4zMiIsIkFOIjoiTWFpbCIsIldUIjoyfQ%3D%3D%7C0%7C%7C%7C&amp;sdata=yoLLv4PRfv2xjZrHwBgWZXD0aIuobZl%2FLoaBtC4V5is%3D&amp;reserved=0\">CATALU\u00d1A EXPORTA<\/a>, dirigido a empresas que quieren iniciarse en la internacionalizaci\u00f3n con un enfoque practic y personalizado.<\/span><br \/>\n<span style=\"font-family: verdana, geneva, sans-serif; font-size: 12px;\">Desde <a href=\"https:\/\/eur04.safelinks.protection.outlook.com\/?url=https%3A%2F%2Fpublic-eur.mkt.dynamics.com%2Fapi%2Forgs%2F8d5eafb0-f8ac-4ccb-a7c1-a2767b978f43%2Fr%2FdplJYjVJ_EuMAaJkHY8CABEAAAA%3Fmsdynmkt_target%3D%257B%2522TargetUrl%2522%253A%2522https%25253A%25252F%25252Feur04.safelinks.protection.outlook.com%25252F%25253Furl%25253Dhttps%2525253A%2525252F%2525252Fpublic-eur.mkt.dynamics.com%2525252Fapi%2525252Forgs%2525252F8d5eafb0-f8ac-4ccb-a7c1-a2767b978f43%2525252Fr%2525252FubNm8_1fYkKKybgcijEBAAIAAAA%2525253Fmsdynmkt_target%2525253D%252525257B%2525252522TargetUrl%2525252522%252525253A%2525252522https%25252525253A%25252525252F%25252525252Fwww.foment.com%25252525252Fes%25252525252Fcatalunya-exporta%25252525252F%2525252525231767799497417-fa3ae53f-0b5b%2525252522%252525252C%2525252522RedirectOptions%2525252522%252525253A%252525257B%25252525220%2525252522%252525253Anull%252525257D%252525257D%25252526msdynmkt_digest%2525253DbK7c94w0eFraOy9eOgKfYNJ21gIDfLiaSBNv7Ob%252525252FUbc%252525253D%25252526msdynmkt_secretVersion%2525253D7bb221762d0c46939816d3a5592b1359%252526data%25253D05%2525257C02%2525257Csramirez%25252540foment.com%2525257C1d01451646264e7fca2308de88baf1ef%2525257Cf37c938d38654a89b99bb000c76a74bf%2525257C1%2525257C0%2525257C639098533660503029%2525257CUnknown%2525257CTWFpbGZsb3d8eyJFbXB0eU1hcGkiOnRydWUsIlYiOiIwLjAuMDAwMCIsIlAiOiJXaW4zMiIsIkFOIjoiTWFpbCIsIldUIjoyfQ%2525253D%2525253D%2525257C0%2525257C%2525257C%2525257C%252526sdata%25253DnU%2525252FdP3SzDdBLN%2525252BjGlM%2525252BfjpHC30Tp2sKQXa53D7Snr8M%2525253D%252526reserved%25253D0%2522%252C%2522RedirectOptions%2522%253A%257B%25225%2522%253Anull%252C%25221%2522%253Anull%257D%257D%26msdynmkt_digest%3DTMCFNOfb0%252BXu2BCcvcmDJAmwBhXs4eG0zaVP3L6%252BdE8%253D%26msdynmkt_secretVersion%3D7bb221762d0c46939816d3a5592b1359&amp;data=05%7C02%7Csramirez%40foment.com%7C23b351ae016143229c6d08de8c12d3d6%7Cf37c938d38654a89b99bb000c76a74bf%7C1%7C0%7C639102209641147248%7CUnknown%7CTWFpbGZsb3d8eyJFbXB0eU1hcGkiOnRydWUsIlYiOiIwLjAuMDAwMCIsIlAiOiJXaW4zMiIsIkFOIjoiTWFpbCIsIldUIjoyfQ%3D%3D%7C0%7C%7C%7C&amp;sdata=daHoyG1ZgccCVp8G6HuKQMd9CnWk7pYkM%2FVO%2F7PF6wM%3D&amp;reserved=0\">Foment del Treball<\/a>, como entidad colaboradora y agente de apoyo a la internacionalizaci\u00f3n, te acompa\u00f1amos en este proceso para que puedas valorar tu potencial exportador y definir los primeros pasos con criterio.<\/span><\/p>\n<p style=\"text-align: justify;\"><span style=\"font-family: verdana, geneva, sans-serif; font-size: 12px;\">Esta sesi\u00f3n <strong>ADAPTAR EL PRODUCTO PARA VENDER EN OTROS PA\u00cdSES<\/strong> tiene como objetivo identificar las adaptaciones necesarias del producto para acceder a mercados internacionales, teniendo en cuenta la adaptaci\u00f3n normativa, el packaging y el etiquetado, la adaptaci\u00f3n cultural y las estrategias de diferenciaci\u00f3n internacional.<\/span><\/p>\n<p style=\"text-align: justify;\"><span style=\"color: #d2112d; font-family: verdana, geneva, sans-serif; font-size: 12px;\"><strong>PROGRAMA<\/strong><\/span><\/p>\n<p style=\"text-align: justify;\"><span style=\"color: #d2112d; font-family: verdana, geneva, sans-serif; font-size: 12px;\">09:00 h. Bienvenida y presentaci\u00f3n del Programa Catalu\u00f1a Exporta<\/span><\/p>\n<p style=\"text-align: justify;\"><span style=\"color: #d2112d; font-family: verdana, geneva, sans-serif; font-size: 12px;\">09:10 h. <strong>Adaptar el producto para vender en otros pa\u00edses<\/strong><\/span><\/p>\n<p style=\"padding-left: 40px; text-align: justify;\"><span style=\"font-family: verdana, geneva, sans-serif; font-size: 12px;\"><strong>\u00a0Isabel Garc\u00eda, <\/strong>Consultora Internacional Senior, Barcelona Export<\/span><\/p>\n<p style=\"text-align: justify;\"><span style=\"color: #d2112d; font-family: verdana, geneva, sans-serif; font-size: 12px;\">10:20 h. Turno de preguntas<\/span><\/p>\n<p style=\"text-align: justify;\"><span style=\"color: #d2112d; font-family: verdana, geneva, sans-serif; font-size: 12px;\">10:30 h. Fin de la sesi\u00f3n<\/span><\/p>\n<p>[\/vc_column_text][\/vc_column][\/vc_row][vc_row][vc_column width=\u00bb1\/2&#8243;][vc_column_text]<span style=\"font-family: verdana, geneva, sans-serif; font-size: 12px;\">Amb el suport de:<\/span>[\/vc_column_text]<\/p>\n<div class=\"single_image wpb_content_element align-center    \" data-animation=\"none\" data-delay=\"0\"><img width=\"300\" height=\"68\" src=\"https:\/\/www.foment.com\/wp-content\/uploads\/2026\/02\/Logo-Accio-GeneCat-300x68.png\" class=\"attachment-medium\" alt=\"\" loading=\"lazy\" title=\"Logo Accio GeneCat\" srcset=\"https:\/\/www.foment.com\/wp-content\/uploads\/2026\/02\/Logo-Accio-GeneCat-300x68.png 300w, https:\/\/www.foment.com\/wp-content\/uploads\/2026\/02\/Logo-Accio-GeneCat.png 559w\" sizes=\"(max-width: 300px) 100vw, 300px\" \/><\/div>\n<p>[\/vc_column][vc_column width=\u00bb1\/2&#8243;][vc_column_text]<span style=\"font-family: verdana, geneva, sans-serif; font-size: 12px;\">Agent de suport a la Internacionalitzaci\u00f3<\/span>[\/vc_column_text]<\/p>\n<div class=\"single_image wpb_content_element align-left    \" data-animation=\"none\" data-delay=\"0\"><img width=\"274\" height=\"300\" src=\"https:\/\/www.foment.com\/wp-content\/uploads\/2025\/11\/Agent-Suport-Internacionalizacio_Vertical-274x300.png\" class=\"attachment-medium\" alt=\"\" loading=\"lazy\" title=\"Agent Suport Internacionalizaci\u00f3_Vertical\" srcset=\"https:\/\/www.foment.com\/wp-content\/uploads\/2025\/11\/Agent-Suport-Internacionalizacio_Vertical-274x300.png 274w, https:\/\/www.foment.com\/wp-content\/uploads\/2025\/11\/Agent-Suport-Internacionalizacio_Vertical-768x842.png 768w, https:\/\/www.foment.com\/wp-content\/uploads\/2025\/11\/Agent-Suport-Internacionalizacio_Vertical.png 778w\" sizes=\"(max-width: 274px) 100vw, 274px\" \/><\/div>\n<p>[\/vc_column][\/vc_row]<\/p>\n<\/div><div class='clear'><\/div>\n\t\t\t\t\t\t\t\t\t<\/div>\n\t\t\t\t\t\t\t\t<\/div>\n\t\t\t\t\t\t\t<\/div><div class='evo_metarow_organizer evorow evcal_evdata_row evcal_evrow_sm '>\n\t\t\t\t\t\t\t\t<span class='evcal_evdata_icons'><i class='fa fa-headphones'><\/i><\/span>\n\t\t\t\t\t\t\t\t<div class='evcal_evdata_cell'>\t\t\t\t\t\t\t\n\t\t\t\t\t\t\t\t\t<h3 class='evo_h3'>Organizador<\/h3>\n\t\t\t\t\t\t\t\t\t<p class='evo_data_val evo_card_organizer_image'><img src='https:\/\/www.foment.com\/wp-content\/uploads\/2017\/04\/InternacionalEmpresabitotransCAT-200x80.png'\/><\/p>\n\t\t\t\t\t\t\t\t\t<div class='evo_card_organizer'><p class='evo_data_val evo_card_organizer_name'>\n\t\t\t\t\t\t\t\t\t\t<span class='evo_card_organizer_name_t'>Internacional<\/span><span class='evo_card_organizer_contact'>internacional@foment.com<\/span>\n\t\t\t\t\t\t\t\t\t\t\n\t\t\t\t\t\t\t\t\t\t<\/p><\/div><div class='clear'><\/div>\t\t\t\t\t\t\t\n\t\t\t\t\t\t\t\t<\/div>\n\t\t\t\t\t\t\t<\/div>\t\t\t\t\t\t\t<div class='evo_metarow_ICS evorow evcal_evdata_row'>\n\t\t\t\t\t\t\t\t<span class=\"evcal_evdata_icons\"><i class=\"fa fa-calendar\"><\/i><\/span>\n\t\t\t\t\t\t\t\t<div class='evcal_evdata_cell'>\n\t\t\t\t\t\t\t\t\t<p><a href='https:\/\/www.foment.com\/wp-admin\/admin-ajax.php?action=eventon_ics_download&amp;event_id=216846&amp;ri=0' class='evo_ics_nCal' title='Add to your calendar'>Calendar<\/a><a href='\/\/www.google.com\/calendar\/event?action=TEMPLATE&amp;text=Webinar+%7C+ADAPTAR+EL+PRODUCTO+PARA+VENDER+EN+OTROS+PAISES&amp;dates=20260526T070000Z\/20260526T083000Z&amp;ctz=Europe\/Madrid&amp;details=Webinar+%7C+ADAPTAR+EL+PRODUCTO+PARA+VENDER+EN+OTROS+PAISES&amp;location=Webinar+por+ZoomWebinar+per+Zoom' target='_blank' class='evo_ics_gCal' title='Add to google calendar'>GoogleCal<\/a><\/p>\t\n\t\t\t\t\t\t\t\t<\/div>\n\t\t\t\t\t\t\t<\/div>\n\t\t\t\t\t\t\t<div class='evo_card_row_end evcal_close' title='Close'><\/div><\/div><div class='clear end'><\/div><\/div><div  id=\"event_216611_0\" class=\"eventon_list_event evo_eventtop scheduled  event event_216611_0\" data-event_id=\"216611\" data-ri=\"0r\" data-time=\"1780995600-1781001000\" data-colr=\"#0db270\" itemscope itemtype='http:\/\/schema.org\/Event'><div class=\"evo_event_schema\" style=\"display:none\" ><a itemprop='url'  href='https:\/\/www.foment.com\/es\/events\/introduccio-als-incoterms\/'><\/a><meta itemprop='image' content=\"https:\/\/www.foment.com\/wp-content\/uploads\/2026\/03\/8.jpg\" \/><meta itemprop='startDate' content=\"2026-6-9T09:00+2:00\" \/><meta itemprop='endDate' content=\"2026-6-9T10:30+2:00\" \/><meta itemprop='eventStatus' content=\"https:\/\/schema.org\/EventScheduled\" \/><item style=\"display:none\" itemprop=\"location\" itemscope itemtype=\"http:\/\/schema.org\/Place\"><span itemprop=\"name\">Webinar por Zoom<\/span><span itemprop=\"address\" itemscope itemtype=\"http:\/\/schema.org\/PostalAddress\"><item itemprop=\"streetAddress\">Webinar per Zoom<\/item><\/span><\/item><item style=\"display:none\" itemprop=\"eventAttendanceMode\" itemscope itemtype=\"https:\/\/schema.org\/OfflineEventAttendanceMode\"><\/item><div itemprop=\"organizer\" itemscope=\"\" itemtype=\"http:\/\/schema.org\/Organization\">\n\t\t\t\t\t    \t<meta itemprop=\"name\" content=\"Internacional\">\n\t\t\t\t\t    \t<\/div><div itemprop=\"performer\" itemscope=\"\" itemtype=\"http:\/\/schema.org\/Person\">\n\t\t\t\t\t    \t<meta itemprop=\"name\" content=\"Internacional\">\n\t\t\t\t\t    <\/div><script type=\"application\/ld+json\">{\"@context\": \"http:\/\/schema.org\",\"@type\": \"Event\",\n\t\t\t\t\t\"@id\": \"event_216611_0\",\n\t\t\t\t\t\"eventAttendanceMode\":\"https:\/\/schema.org\/OfflineEventAttendanceMode\",\n\t\t\t\t\t\"name\": \"Webinar | INTRODUCCI\u00d3N A LOS INCOTERMS\",\n\t\t\t\t\t\"url\": \"https:\/\/www.foment.com\/es\/events\/introduccio-als-incoterms\/\",\n\t\t\t\t\t\"startDate\": \"2026-6-9T09:00+2:00\",\n\t\t\t\t\t\"endDate\": \"2026-6-9T10:30+2:00\",\n\t\t\t\t\t\"image\":\"https:\/\/www.foment.com\/wp-content\/uploads\/2026\/03\/8.jpg\", \n\t\t\t\t\t\"description\":\"<p>[vc_row][vc_column][vc_btn title=\u00bbInscripci\u00f3n a la sesi\u00f3n\u00bb color=\u00bbdanger\u00bb align=\u00bbcenter\u00bb button_block=\u00bbtrue\u00bb link=\u00bburl:https%3A%2F%2Fwww.foment.com%2Fes%2Finscripciones-eventos%2F%3Fidevento%3DE7B44EF5-1622-F111-8342-000D3ADCC77A\u00bb]<div class='spacer' style='height: 20px;'><\/div>[vc_column_text]\u00bfQuieres entender mejor que son los INCOTERMS y c\u00f3mo pueden ayudarte a envitar costes inesperados o problemas en las operaciones internacionales? Esta sesi\u00f3n te ofrecer\u00e1 una visi\u00f3n clara y pr\u00e1ctica para empezar a utilizarlos con seguridad.<\/p> <p><strong>Foment del Treball<\/strong>, <strong>Banco de Sabadell <\/strong>y <strong>Arola<\/strong>, en el marco del Programa <a href='https:\/\/eur04.safelinks.protection.outlook.com\/?url=https%3A%2F%2Fpublic-eur.mkt.dynamics.com%2Fapi%2Forgs%2F8d5eafb0-f8ac-4ccb-a7c1-a2767b978f43%2Fr%2F8HguTbB8lUmwnlE-pigDAAsAAAA%3Fmsdynmkt_target%3D%257B%2522TargetUrl%2522%253A%2522https%25253A%25252F%25252Feur04.safelinks.protection.outlook.com%25252F%25253Furl%25253Dhttps%2525253A%2525252F%2525252Fpublic-eur.mkt.dynamics.com%2525252Fapi%2525252Forgs%2525252F8d5eafb0-f8ac-4ccb-a7c1-a2767b978f43%2525252Fr%2525252FyvrRQA17BkWFlLnxzj8DAAsAAAA%2525253Fmsdynmkt_target%2525253D%252525257B%2525252522TargetUrl%2525252522%252525253A%2525252522https%25252525253A%25252525252F%25252525252Fformularis.accio.gencat.cat%25252525252Fweb%25252525252Fformularis%25252525252Finscripcions%25252525252F-%25252525252Finscripcio%25252525252F2026%25252525252F02%25252525252F03%25252525252FOnkrUbTR_SM9nz_z85jUAA%25252525252Fsollicitud-de-diagnostic-pie-foment%25252525252F%25252525253Flang%25252525253Dca_ES%252525252526portal%25252525253Daccio%252525252526_gl%25252525253D1%25252525252A9dm0zh%25252525252A_ga%25252525252AMTI0NzIzNzQyMC4xNzEyODIyOTgy%25252525252A_ga_6HSVZS0K1X%25252525252AczE3NzI3MjM4MjckbzE4OSRnMCR0MTc3MjcyMzgzMiRqNTUkbDAkaDA%2525252522%252525252C%2525252522RedirectOptions%2525252522%252525253A%252525257B%25252525225%2525252522%252525253Anull%252525252C%25252525221%2525252522%252525253Anull%252525257D%252525257D%25252526msdynmkt_digest%2525253DA1vZltR2b3nESlG%252525252BdOmS7YeZ5GTW3dinAdHW2pwAZaw%252525253D%25252526msdynmkt_secretVersion%2525253D7bb221762d0c46939816d3a5592b1359%252526data%25253D05%2525257C02%2525257Csramirez%25252540foment.com%2525257Cf1991a910c2646925bd008de8435a992%2525257Cf37c938d38654a89b99bb000c76a74bf%2525257C1%2525257C0%2525257C639093563232359040%2525257CUnknown%2525257CTWFpbGZsb3d8eyJFbXB0eU1hcGkiOnRydWUsIlYiOiIwLjAuMDAwMCIsIlAiOiJXaW4zMiIsIkFOIjoiTWFpbCIsIldUIjoyfQ%2525253D%2525253D%2525257C0%2525257C%2525257C%2525257C%252526sdata%25253Dou%2525252Bne5%2525252B%2525252BHZGOZdp6Tqjix8YZCdA6ERf%2525252Fhmxz3bwwgrw%2525253D%252526reserved%25253D0%2522%252C%2522RedirectOptions%2522%253A%257B%25225%2522%253Anull%252C%25221%2522%253Anull%257D%257D%26msdynmkt_digest%3D%252FWzL4AZbASi8gjUK9GYJF9rQ5JzwbNZ4OTWgdhD5Y3o%253D%26msdynmkt_secretVersion%3D7bb221762d0c46939816d3a5592b1359&amp;data=05%7C02%7Cepalom%40foment.com%7Ccf7b1569cadb4359bda808de84d1b6b3%7Cf37c938d38654a89b99bb000c76a74bf%7C1%7C0%7C639094233445675397%7CUnknown%7CTWFpbGZsb3d8eyJFbXB0eU1hcGkiOnRydWUsIlYiOiIwLjAuMDAwMCIsIlAiOiJXaW4zMiIsIkFOIjoiTWFpbCIsIldUIjoyfQ%3D%3D%7C0%7C%7C%7C&amp;sdata=38YGnAXtCoDkrIj5H617cQAglGXy44xTEu0AbIJqdVA%3D&amp;reserved=0'><strong>CATALU\u00d1A EXPORTA<\/strong><\/a>, te invitamos al Webinar <span style='color: #d2112d;'><strong>\u00abINTRODUCCI\u00d3N A LOS INCOTERMS\u00bb<\/strong><\/span>, una sesi\u00f3n donde se explicar\u00e1n los principios b\u00e1sicos de los 11 INCOTERMS vigentes y cuando se recomienda la utilizacion de cada uno de los mismos. En esta sesi\u00f3n de nivel b\u00e1sico se explicar\u00e1:<\/p> <p>&#8211; Que son los INCOTERMS y para qu\u00e9 sirven<\/p> <p>&#8211; C\u00f3mo definen el punto de entrega y la transferencia de riesgos<\/p> <p>&#8211; Qu\u00e9 costes asume comprador y vendedor en cada caso<\/p> <p>Esta ser\u00e1 una sesi\u00f3n pr\u00e1ctica e ideal para empezar a trabajar con INCOTERMS y resolver dudas del d\u00eda a d\u00eda.<\/p> <p><span style='color: #d2112d;'><strong>PROGRAMA<\/strong><\/span><\/p> <p><span style='color: #d2112d;'>09:00h. | Bienvenida y presentaci\u00f3n del Programa Catalu\u00f1a Exporta<\/span><\/p> <p><span style='color: #d2112d;'>09:10h. |<strong>Introducci\u00f3n a los INCOTERMS<\/strong><\/span><\/p> <p style='padding-left: 40px;'><strong>Montse Gavald\u00e0<\/strong>. Directora de Negocio Internacional, <strong>Banc de Sabadell<\/strong><\/p> <p style='padding-left: 40px;'>Representante, <strong>Arola<\/strong><\/p> <p><span style='color: #d2112d;'>10:25h. | Turno de preguntas<\/span><\/p> <p><span style='color: #d2112d;'>10:30h. | Fin de la sesi\u00f3n<\/span><\/p> <p>&nbsp;<\/p> <table style='border-collapse: collapse; width: 100%;'> <tbody> <tr> <td style='width: 100%; text-align: center;'><a href='https:\/\/www.foment.com\/wp-content\/uploads\/2026\/03\/ACCIO-1.png'><img class='alignnone wp-image-216567 size-large' src='https:\/\/www.foment.com\/wp-content\/uploads\/2026\/03\/ACCIO-1-1024x162.png' alt='' width='1024' height='162' \/><\/a><\/td> <\/tr> <\/tbody> <\/table> <p>&nbsp;<\/p> <p>[\/vc_column_text][\/vc_column][\/vc_row][vc_row][vc_column width=\u00bb1\/2&#8243;][vc_column_text]<span style='font-family: verdana, geneva, sans-serif; font-size: 12px;'>Amb el suport de:<\/span>[\/vc_column_text]<div class='single_image wpb_content_element align-left    ' data-animation='none' data-delay='0'><a href='http:\/\/www.accio.gencat.cat' target='_self'><img width='300' height='68' src='https:\/\/www.foment.com\/wp-content\/uploads\/2026\/03\/ACCIO-integrat-Horitzontal-CAT-color-300x68.png' class='attachment-medium' alt='' loading='lazy' title='ACCIO-integrat-Horitzontal-CAT-color' srcset='https:\/\/www.foment.com\/wp-content\/uploads\/2026\/03\/ACCIO-integrat-Horitzontal-CAT-color-300x68.png 300w, https:\/\/www.foment.com\/wp-content\/uploads\/2026\/03\/ACCIO-integrat-Horitzontal-CAT-color.png 559w' sizes='(max-width: 300px) 100vw, 300px' \/><\/a><\/div>[\/vc_column][vc_column width=\u00bb1\/2&#8243;][vc_column_text]<span style='font-family: verdana, geneva, sans-serif; font-size: 12px;'>Agent de suport a la Internacionalitzaci\u00f3<\/span>[\/vc_column_text]<div class='single_image wpb_content_element align-left    ' data-animation='none' data-delay='0'><img width='274' height='300' src='https:\/\/www.foment.com\/wp-content\/uploads\/2025\/10\/logo-Accio-2-274x300.png' class='attachment-medium' alt='' loading='lazy' title='logo Accio 2' srcset='https:\/\/www.foment.com\/wp-content\/uploads\/2025\/10\/logo-Accio-2-274x300.png 274w, https:\/\/www.foment.com\/wp-content\/uploads\/2025\/10\/logo-Accio-2-768x842.png 768w, https:\/\/www.foment.com\/wp-content\/uploads\/2025\/10\/logo-Accio-2.png 778w' sizes='(max-width: 274px) 100vw, 274px' \/><\/div>[\/vc_column][\/vc_row]<\/p> \",\"location\":[{\"@type\":\"Place\",\"name\":\"Webinar por Zoom\",\"address\":{\"@type\": \"PostalAddress\",\"streetAddress\":\"Webinar per Zoom\"}}],\"organizer\":{\"@type\":\"Organization\",\"name\":\"Internacional\"},\"performer\":{\"@type\":\"Person\",\"name\":\"Internacional\"},\"eventStatus\":\"https:\/\/schema.org\/EventScheduled\"}<\/script><\/div>\n\t\t\t\t<p class=\"desc_trig_outter\" style=\"background-color:#ffffff;flex-direction: row;\"><a data-gmap_status=\"null\" data-exlk=\"1\"  style=\"border-color: #0db270;\" id=\"evc_1780995600216611\" class=\"hasFtIMG desc_trig evo_internacional-es evo_misiones-internacionales sin_val evcal_list_a\" data-ux_val=\"3\"  ><span class='ev_ftImg' data-img='https:\/\/www.foment.com\/wp-content\/uploads\/2026\/03\/8.jpg' data-thumb='https:\/\/www.foment.com\/wp-content\/uploads\/2026\/03\/8-300x194.jpg' style='background-image:url(\"https:\/\/www.foment.com\/wp-content\/uploads\/2026\/03\/8-300x194.jpg\")'><\/span><style>.ajde_evcal_calendar.boxy #evcal_list .eventon_list_event .evcal_desc em{color:black;}<\/style><span style='width:100%; background-color:#0db270 !important;' class='evcal_cblock ' data-smon='junio' data-syr='2026'><span style='margin-top: 7px;margin-bottom: 7px;' class='evo_start '><em class='date'>09<\/em><em class='month'>jun<\/em><em class='time'>9:00<\/em><\/span><span style='margin-top: 7px;margin-bottom: 7px;' class='evo_end only_time'><em class='time'>10:30<\/em><\/span><em class='clear'><\/em><\/span><span class='evcal_desc evo_info '  data-location_address=\"Webinar per Zoom\" data-location_type=\"address\" data-location_name=\"Webinar por Zoom\" data-location_url=\"https:\/\/www.foment.com\/es\/event-location\/webinar-por-zoom\/\" data-location_status=\"true\" ><span class='evo_above_title'><\/span><span class='evcal_desc2 evcal_event_title hbaevatitle' itemprop='name'>Webinar | INTRODUCCI\u00d3N A LOS INCOTERMS<\/span><span class='evo_below_title'><span class='evcal_event_subtitle' >Programa Catalunya Exporta<\/span><\/span><span class='evcal_desc_info' ><em class='evcal_time evo_tz_time'>9:00 - 10:30<\/em> <\/span><span class='evcal_desc3'><em class=\"evcal_location\"  data-add_str=\"\"><em class=\"event_location_name\">Webinar por Zoom<\/em><\/em><\/span><span style='height: 60px;'  class='evcal_desc3' ><span class='evcal_event_types ett1'><em>C =<\/em><em data-filter='event_type'>Internacional,<\/em><em data-filter='event_type'>Misiones Internacionales<\/em><i class='clear'><\/i><\/span><\/span><\/span><em class='clear'><\/em><\/a><\/p><div class='event_description evcal_eventcard ' style=\"display:none\"><div class='evo_metarow_fimg evorow evcal_evdata_img evcal_evdata_row  evo_imghover' data-imgheight='1294' data-imgwidth='2000'  style='background-image: url(\"https:\/\/www.foment.com\/wp-content\/uploads\/2026\/03\/8.jpg\")' data-imgstyle='full' data-minheight='400' data-status=''><\/div><div class='evcal_evdata_row evorow_2b evo_metarow_time_location evorow  '>\n\t\t\t\t\t\t\t\t<div class='evorow_b evorow_b1 evo_time'>\n\t\t\t\t\t\t\t\t\t<span class='evcal_evdata_icons'><i class='fa fa-clock'><\/i><\/span>\n\t\t\t\t\t\t\t\t\t<div class='evcal_evdata_cell'>\t\t\t\t\t\t\t\n\t\t\t\t\t\t\t\t\t\t<h3 class='evo_h3'><span class='evcal_evdata_icons'><i class='fa fa-clock'><\/i><\/span>Horario<\/h3>\n\t\t\t\t\t\t\t\t\t\t<p><span class='evo_eventcard_time_t'>(Martes) 9:00 - 10:30<\/span><\/p>\n\t\t\t\t\t\t\t\t\t<\/div>\n\t\t\t\t\t\t\t\t<\/div>\n\t\t\t\t\t\t\t\t<div class='evorow_b evo_location'>\n\t\t\t\t\t\t\t\t\t<span class='evcal_evdata_icons'><i class='fa fa-map-marker-alt'><\/i><\/span>\n\t\t\t\t\t\t\t\t\t<div class='evcal_evdata_cell' data-loc_tax_id='3536'><h3 class='evo_h3'><span class='evcal_evdata_icons'><i class='fa fa-map-marker-alt'><\/i><\/span>Lugar<\/h3><p class='evo_location_name'>Webinar por Zoom<\/p><p class='evo_location_address'>Webinar per Zoom<\/p><\/div>\n\t\t\t\t\t\t\t\t<\/div>\n\t\t\t\t\t\t\t\t\n\t\t\t\t\t\t\t<\/div><div class='evo_metarow_details evorow evcal_evdata_row evcal_event_details'>\n\t\t\t\t\t\t\t\t<div class=\"event_excerpt\" style=\"display:none\"><h3 class=\"padb5 evo_h3\">Detalles del evento<\/h3><p>[vc_row][vc_column][vc_btn title=\u00bbInscripci\u00f3n a la sesi\u00f3n\u00bb color=\u00bbdanger\u00bb align=\u00bbcenter\u00bb button_block=\u00bbtrue\u00bb link=\u00bburl:https%3A%2F%2Fwww.foment.com%2Fes%2Finscripciones-eventos%2F%3Fidevento%3DE7B44EF5-1622-F111-8342-000D3ADCC77A\u00bb][vc_column_text]\u00bfQuieres entender mejor que son los INCOTERMS y c\u00f3mo pueden ayudarte a envitar costes inesperados o problemas en las<\/p><\/div><span class='evcal_evdata_icons'><i class='fa fa-align-justify'><\/i><\/span>\n\t\t\t\t\t\t\t\t\n\t\t\t\t\t\t\t\t<div class='evcal_evdata_cell '>\n\t\t\t\t\t\t\t\t\t<div class='eventon_full_description'>\n\t\t\t\t\t\t\t\t\t\t<h3 class='padb5 evo_h3'><span class='evcal_evdata_icons'><i class='fa fa-align-justify'><\/i><\/span>Detalles del evento<\/h3>\n\t\t\t\t\t\t\t\t\t\t<div class='eventon_desc_in' itemprop='description'>\n\t\t\t\t\t\t\t\t\t\t<p>[vc_row][vc_column][vc_btn title=\u00bbInscripci\u00f3n a la sesi\u00f3n\u00bb color=\u00bbdanger\u00bb align=\u00bbcenter\u00bb button_block=\u00bbtrue\u00bb link=\u00bburl:https%3A%2F%2Fwww.foment.com%2Fes%2Finscripciones-eventos%2F%3Fidevento%3DE7B44EF5-1622-F111-8342-000D3ADCC77A\u00bb]<\/p>\n<div class=\"spacer\" style=\"height: 20px;\"><\/div>\n<p>[vc_column_text]\u00bfQuieres entender mejor que son los INCOTERMS y c\u00f3mo pueden ayudarte a envitar costes inesperados o problemas en las operaciones internacionales? Esta sesi\u00f3n te ofrecer\u00e1 una visi\u00f3n clara y pr\u00e1ctica para empezar a utilizarlos con seguridad.<\/p>\n<p><strong>Foment del Treball<\/strong>, <strong>Banco de Sabadell <\/strong>y <strong>Arola<\/strong>, en el marco del Programa <a href=\"https:\/\/eur04.safelinks.protection.outlook.com\/?url=https%3A%2F%2Fpublic-eur.mkt.dynamics.com%2Fapi%2Forgs%2F8d5eafb0-f8ac-4ccb-a7c1-a2767b978f43%2Fr%2F8HguTbB8lUmwnlE-pigDAAsAAAA%3Fmsdynmkt_target%3D%257B%2522TargetUrl%2522%253A%2522https%25253A%25252F%25252Feur04.safelinks.protection.outlook.com%25252F%25253Furl%25253Dhttps%2525253A%2525252F%2525252Fpublic-eur.mkt.dynamics.com%2525252Fapi%2525252Forgs%2525252F8d5eafb0-f8ac-4ccb-a7c1-a2767b978f43%2525252Fr%2525252FyvrRQA17BkWFlLnxzj8DAAsAAAA%2525253Fmsdynmkt_target%2525253D%252525257B%2525252522TargetUrl%2525252522%252525253A%2525252522https%25252525253A%25252525252F%25252525252Fformularis.accio.gencat.cat%25252525252Fweb%25252525252Fformularis%25252525252Finscripcions%25252525252F-%25252525252Finscripcio%25252525252F2026%25252525252F02%25252525252F03%25252525252FOnkrUbTR_SM9nz_z85jUAA%25252525252Fsollicitud-de-diagnostic-pie-foment%25252525252F%25252525253Flang%25252525253Dca_ES%252525252526portal%25252525253Daccio%252525252526_gl%25252525253D1%25252525252A9dm0zh%25252525252A_ga%25252525252AMTI0NzIzNzQyMC4xNzEyODIyOTgy%25252525252A_ga_6HSVZS0K1X%25252525252AczE3NzI3MjM4MjckbzE4OSRnMCR0MTc3MjcyMzgzMiRqNTUkbDAkaDA%2525252522%252525252C%2525252522RedirectOptions%2525252522%252525253A%252525257B%25252525225%2525252522%252525253Anull%252525252C%25252525221%2525252522%252525253Anull%252525257D%252525257D%25252526msdynmkt_digest%2525253DA1vZltR2b3nESlG%252525252BdOmS7YeZ5GTW3dinAdHW2pwAZaw%252525253D%25252526msdynmkt_secretVersion%2525253D7bb221762d0c46939816d3a5592b1359%252526data%25253D05%2525257C02%2525257Csramirez%25252540foment.com%2525257Cf1991a910c2646925bd008de8435a992%2525257Cf37c938d38654a89b99bb000c76a74bf%2525257C1%2525257C0%2525257C639093563232359040%2525257CUnknown%2525257CTWFpbGZsb3d8eyJFbXB0eU1hcGkiOnRydWUsIlYiOiIwLjAuMDAwMCIsIlAiOiJXaW4zMiIsIkFOIjoiTWFpbCIsIldUIjoyfQ%2525253D%2525253D%2525257C0%2525257C%2525257C%2525257C%252526sdata%25253Dou%2525252Bne5%2525252B%2525252BHZGOZdp6Tqjix8YZCdA6ERf%2525252Fhmxz3bwwgrw%2525253D%252526reserved%25253D0%2522%252C%2522RedirectOptions%2522%253A%257B%25225%2522%253Anull%252C%25221%2522%253Anull%257D%257D%26msdynmkt_digest%3D%252FWzL4AZbASi8gjUK9GYJF9rQ5JzwbNZ4OTWgdhD5Y3o%253D%26msdynmkt_secretVersion%3D7bb221762d0c46939816d3a5592b1359&amp;data=05%7C02%7Cepalom%40foment.com%7Ccf7b1569cadb4359bda808de84d1b6b3%7Cf37c938d38654a89b99bb000c76a74bf%7C1%7C0%7C639094233445675397%7CUnknown%7CTWFpbGZsb3d8eyJFbXB0eU1hcGkiOnRydWUsIlYiOiIwLjAuMDAwMCIsIlAiOiJXaW4zMiIsIkFOIjoiTWFpbCIsIldUIjoyfQ%3D%3D%7C0%7C%7C%7C&amp;sdata=38YGnAXtCoDkrIj5H617cQAglGXy44xTEu0AbIJqdVA%3D&amp;reserved=0\"><strong>CATALU\u00d1A EXPORTA<\/strong><\/a>, te invitamos al Webinar <span style=\"color: #d2112d;\"><strong>\u00abINTRODUCCI\u00d3N A LOS INCOTERMS\u00bb<\/strong><\/span>, una sesi\u00f3n donde se explicar\u00e1n los principios b\u00e1sicos de los 11 INCOTERMS vigentes y cuando se recomienda la utilizacion de cada uno de los mismos. En esta sesi\u00f3n de nivel b\u00e1sico se explicar\u00e1:<\/p>\n<p>&#8211; Que son los INCOTERMS y para qu\u00e9 sirven<\/p>\n<p>&#8211; C\u00f3mo definen el punto de entrega y la transferencia de riesgos<\/p>\n<p>&#8211; Qu\u00e9 costes asume comprador y vendedor en cada caso<\/p>\n<p>Esta ser\u00e1 una sesi\u00f3n pr\u00e1ctica e ideal para empezar a trabajar con INCOTERMS y resolver dudas del d\u00eda a d\u00eda.<\/p>\n<p><span style=\"color: #d2112d;\"><strong>PROGRAMA<\/strong><\/span><\/p>\n<p><span style=\"color: #d2112d;\">09:00h. | Bienvenida y presentaci\u00f3n del Programa Catalu\u00f1a Exporta<\/span><\/p>\n<p><span style=\"color: #d2112d;\">09:10h. |<strong>Introducci\u00f3n a los INCOTERMS<\/strong><\/span><\/p>\n<p style=\"padding-left: 40px;\"><strong>Montse Gavald\u00e0<\/strong>. Directora de Negocio Internacional, <strong>Banc de Sabadell<\/strong><\/p>\n<p style=\"padding-left: 40px;\">Representante, <strong>Arola<\/strong><\/p>\n<p><span style=\"color: #d2112d;\">10:25h. | Turno de preguntas<\/span><\/p>\n<p><span style=\"color: #d2112d;\">10:30h. | Fin de la sesi\u00f3n<\/span><\/p>\n<p>&nbsp;<\/p>\n<table style=\"border-collapse: collapse; width: 100%;\">\n<tbody>\n<tr>\n<td style=\"width: 100%; text-align: center;\"><a href=\"https:\/\/www.foment.com\/wp-content\/uploads\/2026\/03\/ACCIO-1.png\"><img class=\"alignnone wp-image-216567 size-large\" src=\"https:\/\/www.foment.com\/wp-content\/uploads\/2026\/03\/ACCIO-1-1024x162.png\" alt=\"\" width=\"1024\" height=\"162\" \/><\/a><\/td>\n<\/tr>\n<\/tbody>\n<\/table>\n<p>&nbsp;<\/p>\n<p>[\/vc_column_text][\/vc_column][\/vc_row][vc_row][vc_column width=\u00bb1\/2&#8243;][vc_column_text]<span style=\"font-family: verdana, geneva, sans-serif; font-size: 12px;\">Amb el suport de:<\/span>[\/vc_column_text]<\/p>\n<div class=\"single_image wpb_content_element align-left    \" data-animation=\"none\" data-delay=\"0\"><a href=\"http:\/\/www.accio.gencat.cat\" target=\"_self\"><img width=\"300\" height=\"68\" src=\"https:\/\/www.foment.com\/wp-content\/uploads\/2026\/03\/ACCIO-integrat-Horitzontal-CAT-color-300x68.png\" class=\"attachment-medium\" alt=\"\" loading=\"lazy\" title=\"ACCIO-integrat-Horitzontal-CAT-color\" srcset=\"https:\/\/www.foment.com\/wp-content\/uploads\/2026\/03\/ACCIO-integrat-Horitzontal-CAT-color-300x68.png 300w, https:\/\/www.foment.com\/wp-content\/uploads\/2026\/03\/ACCIO-integrat-Horitzontal-CAT-color.png 559w\" sizes=\"(max-width: 300px) 100vw, 300px\" \/><\/a><\/div>\n<p>[\/vc_column][vc_column width=\u00bb1\/2&#8243;][vc_column_text]<span style=\"font-family: verdana, geneva, sans-serif; font-size: 12px;\">Agent de suport a la Internacionalitzaci\u00f3<\/span>[\/vc_column_text]<\/p>\n<div class=\"single_image wpb_content_element align-left    \" data-animation=\"none\" data-delay=\"0\"><img width=\"274\" height=\"300\" src=\"https:\/\/www.foment.com\/wp-content\/uploads\/2025\/10\/logo-Accio-2-274x300.png\" class=\"attachment-medium\" alt=\"\" loading=\"lazy\" title=\"logo Accio 2\" srcset=\"https:\/\/www.foment.com\/wp-content\/uploads\/2025\/10\/logo-Accio-2-274x300.png 274w, https:\/\/www.foment.com\/wp-content\/uploads\/2025\/10\/logo-Accio-2-768x842.png 768w, https:\/\/www.foment.com\/wp-content\/uploads\/2025\/10\/logo-Accio-2.png 778w\" sizes=\"(max-width: 274px) 100vw, 274px\" \/><\/div>\n<p>[\/vc_column][\/vc_row]<\/p>\n<\/div><div class='clear'><\/div>\n\t\t\t\t\t\t\t\t\t<\/div>\n\t\t\t\t\t\t\t\t<\/div>\n\t\t\t\t\t\t\t<\/div><div class='evo_metarow_organizer evorow evcal_evdata_row evcal_evrow_sm '>\n\t\t\t\t\t\t\t\t<span class='evcal_evdata_icons'><i class='fa fa-headphones'><\/i><\/span>\n\t\t\t\t\t\t\t\t<div class='evcal_evdata_cell'>\t\t\t\t\t\t\t\n\t\t\t\t\t\t\t\t\t<h3 class='evo_h3'>Organizador<\/h3>\n\t\t\t\t\t\t\t\t\t<p class='evo_data_val evo_card_organizer_image'><img src='https:\/\/www.foment.com\/wp-content\/uploads\/2017\/04\/InternacionalEmpresabitotransCAT-200x80.png'\/><\/p>\n\t\t\t\t\t\t\t\t\t<div class='evo_card_organizer'><p class='evo_data_val evo_card_organizer_name'>\n\t\t\t\t\t\t\t\t\t\t<span class='evo_card_organizer_name_t'>Internacional<\/span>\n\t\t\t\t\t\t\t\t\t\t\n\t\t\t\t\t\t\t\t\t\t<\/p><\/div><div class='clear'><\/div>\t\t\t\t\t\t\t\n\t\t\t\t\t\t\t\t<\/div>\n\t\t\t\t\t\t\t<\/div>\t\t\t\t\t\t\t<div class='evo_metarow_ICS evorow evcal_evdata_row'>\n\t\t\t\t\t\t\t\t<span class=\"evcal_evdata_icons\"><i class=\"fa fa-calendar\"><\/i><\/span>\n\t\t\t\t\t\t\t\t<div class='evcal_evdata_cell'>\n\t\t\t\t\t\t\t\t\t<p><a href='https:\/\/www.foment.com\/wp-admin\/admin-ajax.php?action=eventon_ics_download&amp;event_id=216611&amp;ri=0' class='evo_ics_nCal' title='Add to your calendar'>Calendar<\/a><a href='\/\/www.google.com\/calendar\/event?action=TEMPLATE&amp;text=Webinar+%7C+INTRODUCCI%C3%93N+A+LOS+INCOTERMS&amp;dates=20260609T070000Z\/20260609T083000Z&amp;ctz=Europe\/Madrid&amp;details=Webinar+%7C+INTRODUCCI%C3%93N+A+LOS+INCOTERMS&amp;location=Webinar+por+ZoomWebinar+per+Zoom' target='_blank' class='evo_ics_gCal' title='Add to google calendar'>GoogleCal<\/a><\/p>\t\n\t\t\t\t\t\t\t\t<\/div>\n\t\t\t\t\t\t\t<\/div>\n\t\t\t\t\t\t\t<div class='evo_card_row_end evcal_close' title='Close'><\/div><\/div><div class='clear end'><\/div><\/div><div  id=\"event_217204_0\" class=\"eventon_list_event evo_eventtop scheduled  event event_217204_0\" data-event_id=\"217204\" data-ri=\"0r\" data-time=\"1781600400-1781605800\" data-colr=\"#0db270\" itemscope itemtype='http:\/\/schema.org\/Event'><div class=\"evo_event_schema\" style=\"display:none\" ><a itemprop='url'  href='https:\/\/www.foment.com\/es\/events\/com-trobar-distribuidors-internacionals\/'><\/a><meta itemprop='image' content=\"https:\/\/www.foment.com\/wp-content\/uploads\/2026\/03\/Catalunya-exporta-web.png\" \/><meta itemprop='startDate' content=\"2026-6-16T09:00+2:00\" \/><meta itemprop='endDate' content=\"2026-6-16T10:30+2:00\" \/><meta itemprop='eventStatus' content=\"https:\/\/schema.org\/EventScheduled\" \/><item style=\"display:none\" itemprop=\"location\" itemscope itemtype=\"http:\/\/schema.org\/Place\"><span itemprop=\"name\">Webinar por Zoom<\/span><span itemprop=\"address\" itemscope itemtype=\"http:\/\/schema.org\/PostalAddress\"><item itemprop=\"streetAddress\">Webinar per Zoom<\/item><\/span><\/item><item style=\"display:none\" itemprop=\"eventAttendanceMode\" itemscope itemtype=\"https:\/\/schema.org\/OfflineEventAttendanceMode\"><\/item><div itemprop=\"organizer\" itemscope=\"\" itemtype=\"http:\/\/schema.org\/Organization\">\n\t\t\t\t\t    \t<meta itemprop=\"name\" content=\"Internacional\">\n\t\t\t\t\t    \t<\/div><div itemprop=\"performer\" itemscope=\"\" itemtype=\"http:\/\/schema.org\/Person\">\n\t\t\t\t\t    \t<meta itemprop=\"name\" content=\"Internacional\">\n\t\t\t\t\t    <\/div><script type=\"application\/ld+json\">{\"@context\": \"http:\/\/schema.org\",\"@type\": \"Event\",\n\t\t\t\t\t\"@id\": \"event_217204_0\",\n\t\t\t\t\t\"eventAttendanceMode\":\"https:\/\/schema.org\/OfflineEventAttendanceMode\",\n\t\t\t\t\t\"name\": \"Webinar | Com trobar distribu\u00efdors internacionals\",\n\t\t\t\t\t\"url\": \"https:\/\/www.foment.com\/es\/events\/com-trobar-distribuidors-internacionals\/\",\n\t\t\t\t\t\"startDate\": \"2026-6-16T09:00+2:00\",\n\t\t\t\t\t\"endDate\": \"2026-6-16T10:30+2:00\",\n\t\t\t\t\t\"image\":\"https:\/\/www.foment.com\/wp-content\/uploads\/2026\/03\/Catalunya-exporta-web.png\", \n\t\t\t\t\t\"description\":\"<p>[vc_row][vc_column][vc_btn title=\u00bbINSCRIPCI\u00d3 GRATU\u00cfTA\u00bb style=\u00bb3d\u00bb color=\u00bbdanger\u00bb size=\u00bblg\u00bb align=\u00bbcenter\u00bb button_block=\u00bbtrue\u00bb link=\u00bburl:https%3A%2F%2Fwww.foment.com%2Finscripcions-events%2F%3Fidevento%3DA9F85107-F12C-F111-88B4-000D3ADCCDB0%20&#8243;][vc_column_text]<\/p> <p><span style='font-size: 21px; color: #d2112d; font-family: verdana, geneva, sans-serif;'>VOLS COMEN\u00c7AR A EXPORTAR?<\/span><br \/> <span style='color: #d2112d; font-family: verdana, geneva, sans-serif;'>T&#8217;ajudem a fer el primer pas, amb acompanyament expert i sense cost per a l&#8217;empresa<\/span><\/p> <p><span style='font-family: verdana, geneva, sans-serif; font-size: 12px;'>Internacionalitzar-se \u00e9s una oportunitat de creixement, per\u00f2 sovint tamb\u00e9 genera dubtes: per on comen\u00e7ar, quins mercats prioritzar, quins recursos calen o quins riscos s&#8217;han de tenir en compte.<\/span><br \/> <span style='font-family: verdana, geneva, sans-serif; font-size: 12px;'>Per ajudar a les empreses catalanes a iniciar aquest cam\u00ed amb m\u00e9s seguretat, <strong>ACCI\u00d3 impulsa el programa<\/strong> <a href='https:\/\/eur04.safelinks.protection.outlook.com\/?url=https%3A%2F%2Fpublic-eur.mkt.dynamics.com%2Fapi%2Forgs%2F8d5eafb0-f8ac-4ccb-a7c1-a2767b978f43%2Fr%2FdplJYjVJ_EuMAaJkHY8CABAAAAA%3Fmsdynmkt_target%3D%257B%2522TargetUrl%2522%253A%2522https%25253A%25252F%25252Feur04.safelinks.protection.outlook.com%25252F%25253Furl%25253Dhttps%2525253A%2525252F%2525252Fpublic-eur.mkt.dynamics.com%2525252Fapi%2525252Forgs%2525252F8d5eafb0-f8ac-4ccb-a7c1-a2767b978f43%2525252Fr%2525252FubNm8_1fYkKKybgcijEBAAEAAAA%2525253Fmsdynmkt_target%2525253D%252525257B%2525252522TargetUrl%2525252522%252525253A%2525252522https%25252525253A%25252525252F%25252525252Feur04.safelinks.protection.outlook.com%25252525252F%25252525253Furl%25252525253Dhttps%2525252525253A%2525252525252F%2525252525252Fpublic-eur.mkt.dynamics.com%2525252525252Fapi%2525252525252Forgs%2525252525252F8d5eafb0-f8ac-4ccb-a7c1-a2767b978f43%2525252525252Fr%2525252525252FaITv1hKS8kSs6wB3jXECAAsAAAA%2525252525253Fmsdynmkt_target%2525252525253D%252525252525257B%2525252525252522TargetUrl%2525252525252522%252525252525253A%2525252525252522https%25252525252525253A%25252525252525252F%25252525252525252Feur04.safelinks.protection.outlook.com%25252525252525252F%25252525252525253Furl%25252525252525253Dhttps%2525252525252525253A%2525252525252525252F%2525252525252525252Fpublic-eur.mkt.dynamics.com%2525252525252525252Fapi%2525252525252525252Forgs%2525252525252525252F8d5eafb0-f8ac-4ccb-a7c1-a2767b978f43%2525252525252525252Fr%2525252525252525252FLn5gxxoARECGTxqFI30DAAsAAAA%2525252525252525253Fmsdynmkt_target%2525252525252525253D%252525252525252525257B%2525252525252525252522TargetUrl%2525252525252525252522%252525252525252525253A%2525252525252525252522https%25252525252525252525253A%25252525252525252525252F%25252525252525252525252Fformularis.accio.gencat.cat%25252525252525252525252Fweb%25252525252525252525252Fformularis%25252525252525252525252Finscripcions%25252525252525252525252F-%25252525252525252525252Finscripcio%25252525252525252525252F2026%25252525252525252525252F02%25252525252525252525252F03%25252525252525252525252FOnkrUbTR_SM9nz_z85jUAA%25252525252525252525252Fsollicitud-de-diagnostic-pie-foment%25252525252525252525252F%25252525252525252525253Flang%25252525252525252525253Dca_ES%252525252525252525252526portal%25252525252525252525253Daccio%252525252525252525252526_gl%25252525252525252525253D1%25252525252525252525252A9dm0zh%25252525252525252525252A_ga%25252525252525252525252AMTI0NzIzNzQyMC4xNzEyODIyOTgy%25252525252525252525252A_ga_6HSVZS0K1X%25252525252525252525252AczE3NzI3MjM4MjckbzE4OSRnMCR0MTc3MjcyMzgzMiRqNTUkbDAkaDA%2525252525252525252522%252525252525252525252C%2525252525252525252522RedirectOptions%2525252525252525252522%252525252525252525253A%252525252525252525257B%25252525252525252525225%2525252525252525252522%252525252525252525253Anull%252525252525252525252C%25252525252525252525221%2525252525252525252522%252525252525252525253Anull%252525252525252525257D%252525252525252525257D%25252525252525252526msdynmkt_digest%2525252525252525253DA1vZltR2b3nESlG%252525252525252525252BdOmS7YeZ5GTW3dinAdHW2pwAZaw%252525252525252525253D%25252525252525252526msdynmkt_secretVersion%2525252525252525253D7bb221762d0c46939816d3a5592b1359%252525252525252526data%25252525252525253D05%2525252525252525257C02%2525252525252525257Csramirez%25252525252525252540foment.com%2525252525252525257Cc7e7a4617105465e160408de83531847%2525252525252525257Cf37c938d38654a89b99bb000c76a74bf%2525252525252525257C1%2525252525252525257C0%2525252525252525257C639092590089463447%2525252525252525257CUnknown%2525252525252525257CTWFpbGZsb3d8eyJFbXB0eU1hcGkiOnRydWUsIlYiOiIwLjAuMDAwMCIsIlAiOiJXaW4zMiIsIkFOIjoiTWFpbCIsIldUIjoyfQ%2525252525252525253D%2525252525252525253D%2525252525252525257C0%2525252525252525257C%2525252525252525257C%2525252525252525257C%252525252525252526sdata%25252525252525253D8wWi3Z4S7N5i5VCO2QP6AvtWJylRMKEZbvPje18Pg90%2525252525252525253D%252525252525252526reserved%25252525252525253D0%2525252525252522%252525252525252C%2525252525252522RedirectOptions%2525252525252522%252525252525253A%252525252525257B%25252525252525225%2525252525252522%252525252525253Anull%252525252525252C%25252525252525221%2525252525252522%252525252525253Anull%252525252525257D%252525252525257D%25252525252526msdynmkt_digest%2525252525253DYIZexQWs7uZ2WhUfgJqeZuryKVb2vajIvtYv5qE8oRY%252525252525253D%25252525252526msdynmkt_secretVersion%2525252525253D7bb221762d0c46939816d3a5592b1359%252525252526data%25252525253D05%2525252525257C02%2525252525257Csramirez%25252525252540foment.com%2525252525257C565760556e6c4cf5c35308de84384967%2525252525257Cf37c938d38654a89b99bb000c76a74bf%2525252525257C1%2525252525257C0%2525252525257C639093574480490085%2525252525257CUnknown%2525252525257CTWFpbGZsb3d8eyJFbXB0eU1hcGkiOnRydWUsIlYiOiIwLjAuMDAwMCIsIlAiOiJXaW4zMiIsIkFOIjoiTWFpbCIsIldUIjoyfQ%2525252525253D%2525252525253D%2525252525257C0%2525252525257C%2525252525257C%2525252525257C%252525252526sdata%25252525253DN3y2QAkHHQEwnwslqril%2525252525252B%2525252525252BjbsTmbpaH1gsQUjqlx6ho%2525252525253D%252525252526reserved%25252525253D0%2525252522%252525252C%2525252522RedirectOptions%2525252522%252525253A%252525257B%25252525225%2525252522%252525253Anull%252525252C%25252525221%2525252522%252525253Anull%252525257D%252525257D%25252526msdynmkt_digest%2525253DHxSIjxqNyMzq4m6G1OWkNS%252525252FYEFefhiIl8o9iQscMDnI%252525253D%25252526msdynmkt_secretVersion%2525253D7bb221762d0c46939816d3a5592b1359%252526data%25253D05%2525257C02%2525257Csramirez%25252540foment.com%2525257C1d01451646264e7fca2308de88baf1ef%2525257Cf37c938d38654a89b99bb000c76a74bf%2525257C1%2525257C0%2525257C639098533660479269%2525257CUnknown%2525257CTWFpbGZsb3d8eyJFbXB0eU1hcGkiOnRydWUsIlYiOiIwLjAuMDAwMCIsIlAiOiJXaW4zMiIsIkFOIjoiTWFpbCIsIldUIjoyfQ%2525253D%2525253D%2525257C0%2525257C%2525257C%2525257C%252526sdata%25253DF6gmzEwyPcPCX%2525252FFmsqBkWV3LiHiEx0w4lH5lts42Hng%2525253D%252526reserved%25253D0%2522%252C%2522RedirectOptions%2522%253A%257B%25225%2522%253Anull%252C%25221%2522%253Anull%257D%257D%26msdynmkt_digest%3D3pnr7eA2jjjY5%252F04VJpOmyfkKAFHOW2zndgIqJQ0jxA%253D%26msdynmkt_secretVersion%3D7bb221762d0c46939816d3a5592b1359&amp;data=05%7C02%7Csramirez%40foment.com%7C23b351ae016143229c6d08de8c12d3d6%7Cf37c938d38654a89b99bb000c76a74bf%7C1%7C0%7C639102209641121264%7CUnknown%7CTWFpbGZsb3d8eyJFbXB0eU1hcGkiOnRydWUsIlYiOiIwLjAuMDAwMCIsIlAiOiJXaW4zMiIsIkFOIjoiTWFpbCIsIldUIjoyfQ%3D%3D%7C0%7C%7C%7C&amp;sdata=yoLLv4PRfv2xjZrHwBgWZXD0aIuobZl%2FLoaBtC4V5is%3D&amp;reserved=0'>CATALUNYA EXPORTA<\/a>, adre\u00e7at a empreses que volen iniciar-se en la internacionalitzaci\u00f3 amb un enfocament practic i personalitzat.<\/span><br \/> <span style='font-family: verdana, geneva, sans-serif; font-size: 12px;'>Des de <a href='https:\/\/eur04.safelinks.protection.outlook.com\/?url=https%3A%2F%2Fpublic-eur.mkt.dynamics.com%2Fapi%2Forgs%2F8d5eafb0-f8ac-4ccb-a7c1-a2767b978f43%2Fr%2FdplJYjVJ_EuMAaJkHY8CABEAAAA%3Fmsdynmkt_target%3D%257B%2522TargetUrl%2522%253A%2522https%25253A%25252F%25252Feur04.safelinks.protection.outlook.com%25252F%25253Furl%25253Dhttps%2525253A%2525252F%2525252Fpublic-eur.mkt.dynamics.com%2525252Fapi%2525252Forgs%2525252F8d5eafb0-f8ac-4ccb-a7c1-a2767b978f43%2525252Fr%2525252FubNm8_1fYkKKybgcijEBAAIAAAA%2525253Fmsdynmkt_target%2525253D%252525257B%2525252522TargetUrl%2525252522%252525253A%2525252522https%25252525253A%25252525252F%25252525252Fwww.foment.com%25252525252Fes%25252525252Fcatalunya-exporta%25252525252F%2525252525231767799497417-fa3ae53f-0b5b%2525252522%252525252C%2525252522RedirectOptions%2525252522%252525253A%252525257B%25252525220%2525252522%252525253Anull%252525257D%252525257D%25252526msdynmkt_digest%2525253DbK7c94w0eFraOy9eOgKfYNJ21gIDfLiaSBNv7Ob%252525252FUbc%252525253D%25252526msdynmkt_secretVersion%2525253D7bb221762d0c46939816d3a5592b1359%252526data%25253D05%2525257C02%2525257Csramirez%25252540foment.com%2525257C1d01451646264e7fca2308de88baf1ef%2525257Cf37c938d38654a89b99bb000c76a74bf%2525257C1%2525257C0%2525257C639098533660503029%2525257CUnknown%2525257CTWFpbGZsb3d8eyJFbXB0eU1hcGkiOnRydWUsIlYiOiIwLjAuMDAwMCIsIlAiOiJXaW4zMiIsIkFOIjoiTWFpbCIsIldUIjoyfQ%2525253D%2525253D%2525257C0%2525257C%2525257C%2525257C%252526sdata%25253DnU%2525252FdP3SzDdBLN%2525252BjGlM%2525252BfjpHC30Tp2sKQXa53D7Snr8M%2525253D%252526reserved%25253D0%2522%252C%2522RedirectOptions%2522%253A%257B%25225%2522%253Anull%252C%25221%2522%253Anull%257D%257D%26msdynmkt_digest%3DTMCFNOfb0%252BXu2BCcvcmDJAmwBhXs4eG0zaVP3L6%252BdE8%253D%26msdynmkt_secretVersion%3D7bb221762d0c46939816d3a5592b1359&amp;data=05%7C02%7Csramirez%40foment.com%7C23b351ae016143229c6d08de8c12d3d6%7Cf37c938d38654a89b99bb000c76a74bf%7C1%7C0%7C639102209641147248%7CUnknown%7CTWFpbGZsb3d8eyJFbXB0eU1hcGkiOnRydWUsIlYiOiIwLjAuMDAwMCIsIlAiOiJXaW4zMiIsIkFOIjoiTWFpbCIsIldUIjoyfQ%3D%3D%7C0%7C%7C%7C&amp;sdata=daHoyG1ZgccCVp8G6HuKQMd9CnWk7pYkM%2FVO%2F7PF6wM%3D&amp;reserved=0'>Foment del Treball<\/a>, com a entitat col\u00b7laboradora i agent de suport a la internacionalitzaci\u00f3, t&#8217;acompanyem en aquest proc\u00e9s perqu\u00e8 puguis valorar el teu potencial exportador i definir els primers passos amb criteri.<\/span><\/p> <p><span style='font-family: verdana, geneva, sans-serif; font-size: 12px;'>En la sessi\u00f3 <strong>COM TROBAR DISTRIBU\u00cfDORS INTERNACIONALS<\/strong> aprendrem a identificar i seleccionar partners comercials.<\/span><\/p> <p><strong><span style='font-family: verdana, geneva, sans-serif; font-size: 13px; color: #d2112d;'>PROGRAMA<\/span><\/strong><\/p> <p><span style='font-family: verdana, geneva, sans-serif; font-size: 13px; color: #d2112d;'>09:00h. | Benvinguda i presentaci\u00f3 del Programa Catalunya Exporta<\/span><\/p> <p><span style='font-family: verdana, geneva, sans-serif; font-size: 13px;'><span style='color: #d2112d;'>09:10h. |<\/span> <span style='color: #d2112d;'><strong>Com trobar distribu\u00efdors internacionals<\/strong><\/span><\/span><\/p> <ul> <li><span style='font-family: verdana, geneva, sans-serif; font-size: 13px;'>Tipus d&#8217;intermediaris<\/span><\/li> <li><span style='font-family: verdana, geneva, sans-serif; font-size: 13px;'>Canals per trobar distribu\u00efdors<\/span><\/li> <li><span style='font-family: verdana, geneva, sans-serif; font-size: 13px;'>Criteris de selecci\u00f3<\/span><\/li> <li><span style='font-family: verdana, geneva, sans-serif; font-size: 13px;'>Gesti\u00f3 de la relaci\u00f3<\/span><\/li> <\/ul> <p><span style='font-family: verdana, geneva, sans-serif; font-size: 13px;'><strong>Isabel Garcia<\/strong>, S\u00e8nior International Consultant, <strong>BarcelonaExport<\/strong><\/span><\/p> <p><span style='font-family: verdana, geneva, sans-serif; font-size: 13px; color: #d2112d;'>10:15 h. | Torn de preguntes<\/span><\/p> <p><span style='font-family: verdana, geneva, sans-serif; font-size: 13px; color: #d2112d;'>10:30h. | Fi de la sessi\u00f3<\/span>[\/vc_column_text]<div class='single_image wpb_content_element align-left    ' data-animation='none' data-delay='0'><img width='1900' height='300' src='https:\/\/www.foment.com\/wp-content\/uploads\/2026\/03\/ACCIO-1.png' class='attachment-full' alt='' loading='lazy' title='ACCI\u00d3' srcset='https:\/\/www.foment.com\/wp-content\/uploads\/2026\/03\/ACCIO-1.png 1900w, https:\/\/www.foment.com\/wp-content\/uploads\/2026\/03\/ACCIO-1-300x47.png 300w, https:\/\/www.foment.com\/wp-content\/uploads\/2026\/03\/ACCIO-1-1024x162.png 1024w, https:\/\/www.foment.com\/wp-content\/uploads\/2026\/03\/ACCIO-1-768x121.png 768w, https:\/\/www.foment.com\/wp-content\/uploads\/2026\/03\/ACCIO-1-1536x243.png 1536w' sizes='(max-width: 1900px) 100vw, 1900px' \/><\/div>[\/vc_column][\/vc_row][vc_row][vc_column width=\u00bb1\/2&#8243;][vc_column_text]<span style='font-family: verdana, geneva, sans-serif; font-size: 12px;'>Amb el suport de:<\/span>[\/vc_column_text]<div class='single_image wpb_content_element align-left    ' data-animation='none' data-delay='0'><a href='http:\/\/www.accio.gencat.cat' target='_self'><img width='300' height='68' src='https:\/\/www.foment.com\/wp-content\/uploads\/2026\/03\/ACCIO-integrat-Horitzontal-CAT-color-300x68.png' class='attachment-medium' alt='' loading='lazy' title='ACCIO-integrat-Horitzontal-CAT-color' srcset='https:\/\/www.foment.com\/wp-content\/uploads\/2026\/03\/ACCIO-integrat-Horitzontal-CAT-color-300x68.png 300w, https:\/\/www.foment.com\/wp-content\/uploads\/2026\/03\/ACCIO-integrat-Horitzontal-CAT-color.png 559w' sizes='(max-width: 300px) 100vw, 300px' \/><\/a><\/div>[\/vc_column][vc_column width=\u00bb1\/2&#8243;][vc_column_text]<span style='font-family: verdana, geneva, sans-serif; font-size: 12px;'>Agent de suport a la Internacionalitzaci\u00f3<\/span>[\/vc_column_text]<div class='single_image wpb_content_element align-left    ' data-animation='none' data-delay='0'><img width='274' height='300' src='https:\/\/www.foment.com\/wp-content\/uploads\/2025\/10\/logo-Accio-2-274x300.png' class='attachment-medium' alt='' loading='lazy' title='logo Accio 2' srcset='https:\/\/www.foment.com\/wp-content\/uploads\/2025\/10\/logo-Accio-2-274x300.png 274w, https:\/\/www.foment.com\/wp-content\/uploads\/2025\/10\/logo-Accio-2-768x842.png 768w, https:\/\/www.foment.com\/wp-content\/uploads\/2025\/10\/logo-Accio-2.png 778w' sizes='(max-width: 274px) 100vw, 274px' \/><\/div>[\/vc_column][\/vc_row]<\/p> \",\"location\":[{\"@type\":\"Place\",\"name\":\"Webinar por Zoom\",\"address\":{\"@type\": \"PostalAddress\",\"streetAddress\":\"Webinar per Zoom\"}}],\"organizer\":{\"@type\":\"Organization\",\"name\":\"Internacional\"},\"performer\":{\"@type\":\"Person\",\"name\":\"Internacional\"},\"eventStatus\":\"https:\/\/schema.org\/EventScheduled\"}<\/script><\/div>\n\t\t\t\t<p class=\"desc_trig_outter\" style=\"background-color:#ffffff;flex-direction: row;\"><a data-gmap_status=\"null\" data-exlk=\"1\"  style=\"border-color: #0db270;\" id=\"evc_1781600400217204\" class=\"hasFtIMG desc_trig sin_val evcal_list_a\" data-ux_val=\"3\"  ><span class='ev_ftImg' data-img='https:\/\/www.foment.com\/wp-content\/uploads\/2026\/03\/Catalunya-exporta-web.png' data-thumb='https:\/\/www.foment.com\/wp-content\/uploads\/2026\/03\/Catalunya-exporta-web-300x169.png' style='background-image:url(\"https:\/\/www.foment.com\/wp-content\/uploads\/2026\/03\/Catalunya-exporta-web-300x169.png\")'><\/span><style>.ajde_evcal_calendar.boxy #evcal_list .eventon_list_event .evcal_desc em{color:black;}<\/style><span style='width:100%; background-color:#0db270 !important;' class='evcal_cblock ' data-smon='junio' data-syr='2026'><span style='margin-top: 7px;margin-bottom: 7px;' class='evo_start '><em class='date'>16<\/em><em class='month'>jun<\/em><em class='time'>9:00<\/em><\/span><span style='margin-top: 7px;margin-bottom: 7px;' class='evo_end only_time'><em class='time'>10:30<\/em><\/span><em class='clear'><\/em><\/span><span class='evcal_desc evo_info '  data-location_address=\"Webinar per Zoom\" data-location_type=\"address\" data-location_name=\"Webinar por Zoom\" data-location_url=\"https:\/\/www.foment.com\/es\/event-location\/webinar-por-zoom\/\" data-location_status=\"true\" ><span class='evo_above_title'><\/span><span class='evcal_desc2 evcal_event_title hbaevatitle' itemprop='name'>Webinar | Com trobar distribu\u00efdors internacionals<\/span><span class='evo_below_title'><span class='evcal_event_subtitle' >Programa Catalunya Exporta<\/span><\/span><span class='evcal_desc_info' ><em class='evcal_time evo_tz_time'>9:00 - 10:30<\/em> <\/span><span class='evcal_desc3'><em class=\"evcal_location\"  data-add_str=\"\"><em class=\"event_location_name\">Webinar por Zoom<\/em><\/em><\/span><span style='height: 60px;'  class='evcal_desc3' ><\/span><\/span><em class='clear'><\/em><\/a><\/p><div class='event_description evcal_eventcard ' style=\"display:none\"><div class='evo_metarow_fimg evorow evcal_evdata_img evcal_evdata_row  evo_imghover' data-imgheight='1388' data-imgwidth='2468'  style='background-image: url(\"https:\/\/www.foment.com\/wp-content\/uploads\/2026\/03\/Catalunya-exporta-web.png\")' data-imgstyle='full' data-minheight='400' data-status=''><\/div><div class='evcal_evdata_row evorow_2b evo_metarow_time_location evorow  '>\n\t\t\t\t\t\t\t\t<div class='evorow_b evorow_b1 evo_time'>\n\t\t\t\t\t\t\t\t\t<span class='evcal_evdata_icons'><i class='fa fa-clock'><\/i><\/span>\n\t\t\t\t\t\t\t\t\t<div class='evcal_evdata_cell'>\t\t\t\t\t\t\t\n\t\t\t\t\t\t\t\t\t\t<h3 class='evo_h3'><span class='evcal_evdata_icons'><i class='fa fa-clock'><\/i><\/span>Horario<\/h3>\n\t\t\t\t\t\t\t\t\t\t<p><span class='evo_eventcard_time_t'>(Martes) 9:00 - 10:30<\/span><\/p>\n\t\t\t\t\t\t\t\t\t<\/div>\n\t\t\t\t\t\t\t\t<\/div>\n\t\t\t\t\t\t\t\t<div class='evorow_b evo_location'>\n\t\t\t\t\t\t\t\t\t<span class='evcal_evdata_icons'><i class='fa fa-map-marker-alt'><\/i><\/span>\n\t\t\t\t\t\t\t\t\t<div class='evcal_evdata_cell' data-loc_tax_id='3536'><h3 class='evo_h3'><span class='evcal_evdata_icons'><i class='fa fa-map-marker-alt'><\/i><\/span>Lugar<\/h3><p class='evo_location_name'>Webinar por Zoom<\/p><p class='evo_location_address'>Webinar per Zoom<\/p><\/div>\n\t\t\t\t\t\t\t\t<\/div>\n\t\t\t\t\t\t\t\t\n\t\t\t\t\t\t\t<\/div><div class='evo_metarow_details evorow evcal_evdata_row evcal_event_details'>\n\t\t\t\t\t\t\t\t<div class=\"event_excerpt\" style=\"display:none\"><h3 class=\"padb5 evo_h3\">Detalles del evento<\/h3><p>[vc_row][vc_column][vc_btn title=\u00bbINSCRIPCI\u00d3 GRATU\u00cfTA\u00bb style=\u00bb3d\u00bb color=\u00bbdanger\u00bb size=\u00bblg\u00bb align=\u00bbcenter\u00bb button_block=\u00bbtrue\u00bb link=\u00bburl:https%3A%2F%2Fwww.foment.com%2Finscripcions-events%2F%3Fidevento%3DA9F85107-F12C-F111-88B4-000D3ADCCDB0%20&#8243;][vc_column_text]\nVOLS COMEN\u00c7AR A EXPORTAR?\nT&#8217;ajudem a fer el<\/p><\/div><span class='evcal_evdata_icons'><i class='fa fa-align-justify'><\/i><\/span>\n\t\t\t\t\t\t\t\t\n\t\t\t\t\t\t\t\t<div class='evcal_evdata_cell '>\n\t\t\t\t\t\t\t\t\t<div class='eventon_full_description'>\n\t\t\t\t\t\t\t\t\t\t<h3 class='padb5 evo_h3'><span class='evcal_evdata_icons'><i class='fa fa-align-justify'><\/i><\/span>Detalles del evento<\/h3>\n\t\t\t\t\t\t\t\t\t\t<div class='eventon_desc_in' itemprop='description'>\n\t\t\t\t\t\t\t\t\t\t<p>[vc_row][vc_column][vc_btn title=\u00bbINSCRIPCI\u00d3 GRATU\u00cfTA\u00bb style=\u00bb3d\u00bb color=\u00bbdanger\u00bb size=\u00bblg\u00bb align=\u00bbcenter\u00bb button_block=\u00bbtrue\u00bb link=\u00bburl:https%3A%2F%2Fwww.foment.com%2Finscripcions-events%2F%3Fidevento%3DA9F85107-F12C-F111-88B4-000D3ADCCDB0%20&#8243;][vc_column_text]<\/p>\n<p><span style=\"font-size: 21px; color: #d2112d; font-family: verdana, geneva, sans-serif;\">VOLS COMEN\u00c7AR A EXPORTAR?<\/span><br \/>\n<span style=\"color: #d2112d; font-family: verdana, geneva, sans-serif;\">T&#8217;ajudem a fer el primer pas, amb acompanyament expert i sense cost per a l&#8217;empresa<\/span><\/p>\n<p><span style=\"font-family: verdana, geneva, sans-serif; font-size: 12px;\">Internacionalitzar-se \u00e9s una oportunitat de creixement, per\u00f2 sovint tamb\u00e9 genera dubtes: per on comen\u00e7ar, quins mercats prioritzar, quins recursos calen o quins riscos s&#8217;han de tenir en compte.<\/span><br \/>\n<span style=\"font-family: verdana, geneva, sans-serif; font-size: 12px;\">Per ajudar a les empreses catalanes a iniciar aquest cam\u00ed amb m\u00e9s seguretat, <strong>ACCI\u00d3 impulsa el programa<\/strong> <a href=\"https:\/\/eur04.safelinks.protection.outlook.com\/?url=https%3A%2F%2Fpublic-eur.mkt.dynamics.com%2Fapi%2Forgs%2F8d5eafb0-f8ac-4ccb-a7c1-a2767b978f43%2Fr%2FdplJYjVJ_EuMAaJkHY8CABAAAAA%3Fmsdynmkt_target%3D%257B%2522TargetUrl%2522%253A%2522https%25253A%25252F%25252Feur04.safelinks.protection.outlook.com%25252F%25253Furl%25253Dhttps%2525253A%2525252F%2525252Fpublic-eur.mkt.dynamics.com%2525252Fapi%2525252Forgs%2525252F8d5eafb0-f8ac-4ccb-a7c1-a2767b978f43%2525252Fr%2525252FubNm8_1fYkKKybgcijEBAAEAAAA%2525253Fmsdynmkt_target%2525253D%252525257B%2525252522TargetUrl%2525252522%252525253A%2525252522https%25252525253A%25252525252F%25252525252Feur04.safelinks.protection.outlook.com%25252525252F%25252525253Furl%25252525253Dhttps%2525252525253A%2525252525252F%2525252525252Fpublic-eur.mkt.dynamics.com%2525252525252Fapi%2525252525252Forgs%2525252525252F8d5eafb0-f8ac-4ccb-a7c1-a2767b978f43%2525252525252Fr%2525252525252FaITv1hKS8kSs6wB3jXECAAsAAAA%2525252525253Fmsdynmkt_target%2525252525253D%252525252525257B%2525252525252522TargetUrl%2525252525252522%252525252525253A%2525252525252522https%25252525252525253A%25252525252525252F%25252525252525252Feur04.safelinks.protection.outlook.com%25252525252525252F%25252525252525253Furl%25252525252525253Dhttps%2525252525252525253A%2525252525252525252F%2525252525252525252Fpublic-eur.mkt.dynamics.com%2525252525252525252Fapi%2525252525252525252Forgs%2525252525252525252F8d5eafb0-f8ac-4ccb-a7c1-a2767b978f43%2525252525252525252Fr%2525252525252525252FLn5gxxoARECGTxqFI30DAAsAAAA%2525252525252525253Fmsdynmkt_target%2525252525252525253D%252525252525252525257B%2525252525252525252522TargetUrl%2525252525252525252522%252525252525252525253A%2525252525252525252522https%25252525252525252525253A%25252525252525252525252F%25252525252525252525252Fformularis.accio.gencat.cat%25252525252525252525252Fweb%25252525252525252525252Fformularis%25252525252525252525252Finscripcions%25252525252525252525252F-%25252525252525252525252Finscripcio%25252525252525252525252F2026%25252525252525252525252F02%25252525252525252525252F03%25252525252525252525252FOnkrUbTR_SM9nz_z85jUAA%25252525252525252525252Fsollicitud-de-diagnostic-pie-foment%25252525252525252525252F%25252525252525252525253Flang%25252525252525252525253Dca_ES%252525252525252525252526portal%25252525252525252525253Daccio%252525252525252525252526_gl%25252525252525252525253D1%25252525252525252525252A9dm0zh%25252525252525252525252A_ga%25252525252525252525252AMTI0NzIzNzQyMC4xNzEyODIyOTgy%25252525252525252525252A_ga_6HSVZS0K1X%25252525252525252525252AczE3NzI3MjM4MjckbzE4OSRnMCR0MTc3MjcyMzgzMiRqNTUkbDAkaDA%2525252525252525252522%252525252525252525252C%2525252525252525252522RedirectOptions%2525252525252525252522%252525252525252525253A%252525252525252525257B%25252525252525252525225%2525252525252525252522%252525252525252525253Anull%252525252525252525252C%25252525252525252525221%2525252525252525252522%252525252525252525253Anull%252525252525252525257D%252525252525252525257D%25252525252525252526msdynmkt_digest%2525252525252525253DA1vZltR2b3nESlG%252525252525252525252BdOmS7YeZ5GTW3dinAdHW2pwAZaw%252525252525252525253D%25252525252525252526msdynmkt_secretVersion%2525252525252525253D7bb221762d0c46939816d3a5592b1359%252525252525252526data%25252525252525253D05%2525252525252525257C02%2525252525252525257Csramirez%25252525252525252540foment.com%2525252525252525257Cc7e7a4617105465e160408de83531847%2525252525252525257Cf37c938d38654a89b99bb000c76a74bf%2525252525252525257C1%2525252525252525257C0%2525252525252525257C639092590089463447%2525252525252525257CUnknown%2525252525252525257CTWFpbGZsb3d8eyJFbXB0eU1hcGkiOnRydWUsIlYiOiIwLjAuMDAwMCIsIlAiOiJXaW4zMiIsIkFOIjoiTWFpbCIsIldUIjoyfQ%2525252525252525253D%2525252525252525253D%2525252525252525257C0%2525252525252525257C%2525252525252525257C%2525252525252525257C%252525252525252526sdata%25252525252525253D8wWi3Z4S7N5i5VCO2QP6AvtWJylRMKEZbvPje18Pg90%2525252525252525253D%252525252525252526reserved%25252525252525253D0%2525252525252522%252525252525252C%2525252525252522RedirectOptions%2525252525252522%252525252525253A%252525252525257B%25252525252525225%2525252525252522%252525252525253Anull%252525252525252C%25252525252525221%2525252525252522%252525252525253Anull%252525252525257D%252525252525257D%25252525252526msdynmkt_digest%2525252525253DYIZexQWs7uZ2WhUfgJqeZuryKVb2vajIvtYv5qE8oRY%252525252525253D%25252525252526msdynmkt_secretVersion%2525252525253D7bb221762d0c46939816d3a5592b1359%252525252526data%25252525253D05%2525252525257C02%2525252525257Csramirez%25252525252540foment.com%2525252525257C565760556e6c4cf5c35308de84384967%2525252525257Cf37c938d38654a89b99bb000c76a74bf%2525252525257C1%2525252525257C0%2525252525257C639093574480490085%2525252525257CUnknown%2525252525257CTWFpbGZsb3d8eyJFbXB0eU1hcGkiOnRydWUsIlYiOiIwLjAuMDAwMCIsIlAiOiJXaW4zMiIsIkFOIjoiTWFpbCIsIldUIjoyfQ%2525252525253D%2525252525253D%2525252525257C0%2525252525257C%2525252525257C%2525252525257C%252525252526sdata%25252525253DN3y2QAkHHQEwnwslqril%2525252525252B%2525252525252BjbsTmbpaH1gsQUjqlx6ho%2525252525253D%252525252526reserved%25252525253D0%2525252522%252525252C%2525252522RedirectOptions%2525252522%252525253A%252525257B%25252525225%2525252522%252525253Anull%252525252C%25252525221%2525252522%252525253Anull%252525257D%252525257D%25252526msdynmkt_digest%2525253DHxSIjxqNyMzq4m6G1OWkNS%252525252FYEFefhiIl8o9iQscMDnI%252525253D%25252526msdynmkt_secretVersion%2525253D7bb221762d0c46939816d3a5592b1359%252526data%25253D05%2525257C02%2525257Csramirez%25252540foment.com%2525257C1d01451646264e7fca2308de88baf1ef%2525257Cf37c938d38654a89b99bb000c76a74bf%2525257C1%2525257C0%2525257C639098533660479269%2525257CUnknown%2525257CTWFpbGZsb3d8eyJFbXB0eU1hcGkiOnRydWUsIlYiOiIwLjAuMDAwMCIsIlAiOiJXaW4zMiIsIkFOIjoiTWFpbCIsIldUIjoyfQ%2525253D%2525253D%2525257C0%2525257C%2525257C%2525257C%252526sdata%25253DF6gmzEwyPcPCX%2525252FFmsqBkWV3LiHiEx0w4lH5lts42Hng%2525253D%252526reserved%25253D0%2522%252C%2522RedirectOptions%2522%253A%257B%25225%2522%253Anull%252C%25221%2522%253Anull%257D%257D%26msdynmkt_digest%3D3pnr7eA2jjjY5%252F04VJpOmyfkKAFHOW2zndgIqJQ0jxA%253D%26msdynmkt_secretVersion%3D7bb221762d0c46939816d3a5592b1359&amp;data=05%7C02%7Csramirez%40foment.com%7C23b351ae016143229c6d08de8c12d3d6%7Cf37c938d38654a89b99bb000c76a74bf%7C1%7C0%7C639102209641121264%7CUnknown%7CTWFpbGZsb3d8eyJFbXB0eU1hcGkiOnRydWUsIlYiOiIwLjAuMDAwMCIsIlAiOiJXaW4zMiIsIkFOIjoiTWFpbCIsIldUIjoyfQ%3D%3D%7C0%7C%7C%7C&amp;sdata=yoLLv4PRfv2xjZrHwBgWZXD0aIuobZl%2FLoaBtC4V5is%3D&amp;reserved=0\">CATALUNYA EXPORTA<\/a>, adre\u00e7at a empreses que volen iniciar-se en la internacionalitzaci\u00f3 amb un enfocament practic i personalitzat.<\/span><br \/>\n<span style=\"font-family: verdana, geneva, sans-serif; font-size: 12px;\">Des de <a href=\"https:\/\/eur04.safelinks.protection.outlook.com\/?url=https%3A%2F%2Fpublic-eur.mkt.dynamics.com%2Fapi%2Forgs%2F8d5eafb0-f8ac-4ccb-a7c1-a2767b978f43%2Fr%2FdplJYjVJ_EuMAaJkHY8CABEAAAA%3Fmsdynmkt_target%3D%257B%2522TargetUrl%2522%253A%2522https%25253A%25252F%25252Feur04.safelinks.protection.outlook.com%25252F%25253Furl%25253Dhttps%2525253A%2525252F%2525252Fpublic-eur.mkt.dynamics.com%2525252Fapi%2525252Forgs%2525252F8d5eafb0-f8ac-4ccb-a7c1-a2767b978f43%2525252Fr%2525252FubNm8_1fYkKKybgcijEBAAIAAAA%2525253Fmsdynmkt_target%2525253D%252525257B%2525252522TargetUrl%2525252522%252525253A%2525252522https%25252525253A%25252525252F%25252525252Fwww.foment.com%25252525252Fes%25252525252Fcatalunya-exporta%25252525252F%2525252525231767799497417-fa3ae53f-0b5b%2525252522%252525252C%2525252522RedirectOptions%2525252522%252525253A%252525257B%25252525220%2525252522%252525253Anull%252525257D%252525257D%25252526msdynmkt_digest%2525253DbK7c94w0eFraOy9eOgKfYNJ21gIDfLiaSBNv7Ob%252525252FUbc%252525253D%25252526msdynmkt_secretVersion%2525253D7bb221762d0c46939816d3a5592b1359%252526data%25253D05%2525257C02%2525257Csramirez%25252540foment.com%2525257C1d01451646264e7fca2308de88baf1ef%2525257Cf37c938d38654a89b99bb000c76a74bf%2525257C1%2525257C0%2525257C639098533660503029%2525257CUnknown%2525257CTWFpbGZsb3d8eyJFbXB0eU1hcGkiOnRydWUsIlYiOiIwLjAuMDAwMCIsIlAiOiJXaW4zMiIsIkFOIjoiTWFpbCIsIldUIjoyfQ%2525253D%2525253D%2525257C0%2525257C%2525257C%2525257C%252526sdata%25253DnU%2525252FdP3SzDdBLN%2525252BjGlM%2525252BfjpHC30Tp2sKQXa53D7Snr8M%2525253D%252526reserved%25253D0%2522%252C%2522RedirectOptions%2522%253A%257B%25225%2522%253Anull%252C%25221%2522%253Anull%257D%257D%26msdynmkt_digest%3DTMCFNOfb0%252BXu2BCcvcmDJAmwBhXs4eG0zaVP3L6%252BdE8%253D%26msdynmkt_secretVersion%3D7bb221762d0c46939816d3a5592b1359&amp;data=05%7C02%7Csramirez%40foment.com%7C23b351ae016143229c6d08de8c12d3d6%7Cf37c938d38654a89b99bb000c76a74bf%7C1%7C0%7C639102209641147248%7CUnknown%7CTWFpbGZsb3d8eyJFbXB0eU1hcGkiOnRydWUsIlYiOiIwLjAuMDAwMCIsIlAiOiJXaW4zMiIsIkFOIjoiTWFpbCIsIldUIjoyfQ%3D%3D%7C0%7C%7C%7C&amp;sdata=daHoyG1ZgccCVp8G6HuKQMd9CnWk7pYkM%2FVO%2F7PF6wM%3D&amp;reserved=0\">Foment del Treball<\/a>, com a entitat col\u00b7laboradora i agent de suport a la internacionalitzaci\u00f3, t&#8217;acompanyem en aquest proc\u00e9s perqu\u00e8 puguis valorar el teu potencial exportador i definir els primers passos amb criteri.<\/span><\/p>\n<p><span style=\"font-family: verdana, geneva, sans-serif; font-size: 12px;\">En la sessi\u00f3 <strong>COM TROBAR DISTRIBU\u00cfDORS INTERNACIONALS<\/strong> aprendrem a identificar i seleccionar partners comercials.<\/span><\/p>\n<p><strong><span style=\"font-family: verdana, geneva, sans-serif; font-size: 13px; color: #d2112d;\">PROGRAMA<\/span><\/strong><\/p>\n<p><span style=\"font-family: verdana, geneva, sans-serif; font-size: 13px; color: #d2112d;\">09:00h. | Benvinguda i presentaci\u00f3 del Programa Catalunya Exporta<\/span><\/p>\n<p><span style=\"font-family: verdana, geneva, sans-serif; font-size: 13px;\"><span style=\"color: #d2112d;\">09:10h. |<\/span> <span style=\"color: #d2112d;\"><strong>Com trobar distribu\u00efdors internacionals<\/strong><\/span><\/span><\/p>\n<ul>\n<li><span style=\"font-family: verdana, geneva, sans-serif; font-size: 13px;\">Tipus d&#8217;intermediaris<\/span><\/li>\n<li><span style=\"font-family: verdana, geneva, sans-serif; font-size: 13px;\">Canals per trobar distribu\u00efdors<\/span><\/li>\n<li><span style=\"font-family: verdana, geneva, sans-serif; font-size: 13px;\">Criteris de selecci\u00f3<\/span><\/li>\n<li><span style=\"font-family: verdana, geneva, sans-serif; font-size: 13px;\">Gesti\u00f3 de la relaci\u00f3<\/span><\/li>\n<\/ul>\n<p><span style=\"font-family: verdana, geneva, sans-serif; font-size: 13px;\"><strong>Isabel Garcia<\/strong>, S\u00e8nior International Consultant, <strong>BarcelonaExport<\/strong><\/span><\/p>\n<p><span style=\"font-family: verdana, geneva, sans-serif; font-size: 13px; color: #d2112d;\">10:15 h. | Torn de preguntes<\/span><\/p>\n<p><span style=\"font-family: verdana, geneva, sans-serif; font-size: 13px; color: #d2112d;\">10:30h. | Fi de la sessi\u00f3<\/span>[\/vc_column_text]<\/p>\n<div class=\"single_image wpb_content_element align-left    \" data-animation=\"none\" data-delay=\"0\"><img width=\"1900\" height=\"300\" src=\"https:\/\/www.foment.com\/wp-content\/uploads\/2026\/03\/ACCIO-1.png\" class=\"attachment-full\" alt=\"\" loading=\"lazy\" title=\"ACCI\u00d3\" srcset=\"https:\/\/www.foment.com\/wp-content\/uploads\/2026\/03\/ACCIO-1.png 1900w, https:\/\/www.foment.com\/wp-content\/uploads\/2026\/03\/ACCIO-1-300x47.png 300w, https:\/\/www.foment.com\/wp-content\/uploads\/2026\/03\/ACCIO-1-1024x162.png 1024w, https:\/\/www.foment.com\/wp-content\/uploads\/2026\/03\/ACCIO-1-768x121.png 768w, https:\/\/www.foment.com\/wp-content\/uploads\/2026\/03\/ACCIO-1-1536x243.png 1536w\" sizes=\"(max-width: 1900px) 100vw, 1900px\" \/><\/div>\n<p>[\/vc_column][\/vc_row][vc_row][vc_column width=\u00bb1\/2&#8243;][vc_column_text]<span style=\"font-family: verdana, geneva, sans-serif; font-size: 12px;\">Amb el suport de:<\/span>[\/vc_column_text]<\/p>\n<div class=\"single_image wpb_content_element align-left    \" data-animation=\"none\" data-delay=\"0\"><a href=\"http:\/\/www.accio.gencat.cat\" target=\"_self\"><img width=\"300\" height=\"68\" src=\"https:\/\/www.foment.com\/wp-content\/uploads\/2026\/03\/ACCIO-integrat-Horitzontal-CAT-color-300x68.png\" class=\"attachment-medium\" alt=\"\" loading=\"lazy\" title=\"ACCIO-integrat-Horitzontal-CAT-color\" srcset=\"https:\/\/www.foment.com\/wp-content\/uploads\/2026\/03\/ACCIO-integrat-Horitzontal-CAT-color-300x68.png 300w, https:\/\/www.foment.com\/wp-content\/uploads\/2026\/03\/ACCIO-integrat-Horitzontal-CAT-color.png 559w\" sizes=\"(max-width: 300px) 100vw, 300px\" \/><\/a><\/div>\n<p>[\/vc_column][vc_column width=\u00bb1\/2&#8243;][vc_column_text]<span style=\"font-family: verdana, geneva, sans-serif; font-size: 12px;\">Agent de suport a la Internacionalitzaci\u00f3<\/span>[\/vc_column_text]<\/p>\n<div class=\"single_image wpb_content_element align-left    \" data-animation=\"none\" data-delay=\"0\"><img width=\"274\" height=\"300\" src=\"https:\/\/www.foment.com\/wp-content\/uploads\/2025\/10\/logo-Accio-2-274x300.png\" class=\"attachment-medium\" alt=\"\" loading=\"lazy\" title=\"logo Accio 2\" srcset=\"https:\/\/www.foment.com\/wp-content\/uploads\/2025\/10\/logo-Accio-2-274x300.png 274w, https:\/\/www.foment.com\/wp-content\/uploads\/2025\/10\/logo-Accio-2-768x842.png 768w, https:\/\/www.foment.com\/wp-content\/uploads\/2025\/10\/logo-Accio-2.png 778w\" sizes=\"(max-width: 274px) 100vw, 274px\" \/><\/div>\n<p>[\/vc_column][\/vc_row]<\/p>\n<\/div><div class='clear'><\/div>\n\t\t\t\t\t\t\t\t\t<\/div>\n\t\t\t\t\t\t\t\t<\/div>\n\t\t\t\t\t\t\t<\/div><div class='evo_metarow_organizer evorow evcal_evdata_row evcal_evrow_sm '>\n\t\t\t\t\t\t\t\t<span class='evcal_evdata_icons'><i class='fa fa-headphones'><\/i><\/span>\n\t\t\t\t\t\t\t\t<div class='evcal_evdata_cell'>\t\t\t\t\t\t\t\n\t\t\t\t\t\t\t\t\t<h3 class='evo_h3'>Organizador<\/h3>\n\t\t\t\t\t\t\t\t\t<p class='evo_data_val evo_card_organizer_image'><img src='https:\/\/www.foment.com\/wp-content\/uploads\/2017\/04\/InternacionalEmpresabitotransCAT-200x80.png'\/><\/p>\n\t\t\t\t\t\t\t\t\t<div class='evo_card_organizer'><p class='evo_data_val evo_card_organizer_name'>\n\t\t\t\t\t\t\t\t\t\t<span class='evo_card_organizer_name_t'>Internacional<\/span>\n\t\t\t\t\t\t\t\t\t\t\n\t\t\t\t\t\t\t\t\t\t<\/p><\/div><div class='clear'><\/div>\t\t\t\t\t\t\t\n\t\t\t\t\t\t\t\t<\/div>\n\t\t\t\t\t\t\t<\/div>\t\t\t\t\t\t\t<div class='evo_metarow_ICS evorow evcal_evdata_row'>\n\t\t\t\t\t\t\t\t<span class=\"evcal_evdata_icons\"><i class=\"fa fa-calendar\"><\/i><\/span>\n\t\t\t\t\t\t\t\t<div class='evcal_evdata_cell'>\n\t\t\t\t\t\t\t\t\t<p><a href='https:\/\/www.foment.com\/wp-admin\/admin-ajax.php?action=eventon_ics_download&amp;event_id=217204&amp;ri=0' class='evo_ics_nCal' title='Add to your calendar'>Calendar<\/a><a href='\/\/www.google.com\/calendar\/event?action=TEMPLATE&amp;text=Webinar+%7C+Com+trobar+distribu%C3%AFdors+internacionals&amp;dates=20260616T070000Z\/20260616T083000Z&amp;ctz=Europe\/Madrid&amp;details=Webinar+%7C+Com+trobar+distribu%C3%AFdors+internacionals&amp;location=Webinar+por+ZoomWebinar+per+Zoom' target='_blank' class='evo_ics_gCal' title='Add to google calendar'>GoogleCal<\/a><\/p>\t\n\t\t\t\t\t\t\t\t<\/div>\n\t\t\t\t\t\t\t<\/div>\n\t\t\t\t\t\t\t<div class='evo_card_row_end evcal_close' title='Close'><\/div><\/div><div class='clear end'><\/div><\/div><div  id=\"event_217244_0\" class=\"eventon_list_event evo_eventtop scheduled  event event_217244_0\" data-event_id=\"217244\" data-ri=\"0r\" data-time=\"1782810000-1782815400\" data-colr=\"#0db270\" itemscope itemtype='http:\/\/schema.org\/Event'><div class=\"evo_event_schema\" style=\"display:none\" ><a itemprop='url'  href='https:\/\/www.foment.com\/es\/events\/webinar-negociar-amb-clients-internacionals\/'><\/a><meta itemprop='image' content=\"https:\/\/www.foment.com\/wp-content\/uploads\/2026\/03\/Catalunya-exporta-web.png\" \/><meta itemprop='startDate' content=\"2026-6-30T09:00+2:00\" \/><meta itemprop='endDate' content=\"2026-6-30T10:30+2:00\" \/><meta itemprop='eventStatus' content=\"https:\/\/schema.org\/EventScheduled\" \/><item style=\"display:none\" itemprop=\"location\" itemscope itemtype=\"http:\/\/schema.org\/Place\"><span itemprop=\"name\">Webinar por Zoom<\/span><span itemprop=\"address\" itemscope itemtype=\"http:\/\/schema.org\/PostalAddress\"><item itemprop=\"streetAddress\">Webinar per Zoom<\/item><\/span><\/item><item style=\"display:none\" itemprop=\"eventAttendanceMode\" itemscope itemtype=\"https:\/\/schema.org\/OfflineEventAttendanceMode\"><\/item><div itemprop=\"organizer\" itemscope=\"\" itemtype=\"http:\/\/schema.org\/Organization\">\n\t\t\t\t\t    \t<meta itemprop=\"name\" content=\"Internacional\">\n\t\t\t\t\t    \t<\/div><div itemprop=\"performer\" itemscope=\"\" itemtype=\"http:\/\/schema.org\/Person\">\n\t\t\t\t\t    \t<meta itemprop=\"name\" content=\"Internacional\">\n\t\t\t\t\t    <\/div><script type=\"application\/ld+json\">{\"@context\": \"http:\/\/schema.org\",\"@type\": \"Event\",\n\t\t\t\t\t\"@id\": \"event_217244_0\",\n\t\t\t\t\t\"eventAttendanceMode\":\"https:\/\/schema.org\/OfflineEventAttendanceMode\",\n\t\t\t\t\t\"name\": \"Webinar | Negociar amb clients internacionals\",\n\t\t\t\t\t\"url\": \"https:\/\/www.foment.com\/es\/events\/webinar-negociar-amb-clients-internacionals\/\",\n\t\t\t\t\t\"startDate\": \"2026-6-30T09:00+2:00\",\n\t\t\t\t\t\"endDate\": \"2026-6-30T10:30+2:00\",\n\t\t\t\t\t\"image\":\"https:\/\/www.foment.com\/wp-content\/uploads\/2026\/03\/Catalunya-exporta-web.png\", \n\t\t\t\t\t\"description\":\"<p>[vc_row][vc_column][vc_btn title=\u00bbINSCRIPCI\u00d3 GRATU\u00cfTA\u00bb style=\u00bb3d\u00bb color=\u00bbdanger\u00bb size=\u00bblg\u00bb align=\u00bbcenter\u00bb button_block=\u00bbtrue\u00bb link=\u00bburl:https%3A%2F%2Fwww.foment.com%2Finscripcions-events%2F%3Fidevento%3DA9F85107-F12C-F111-88B4-000D3ADCCDB0%20&#8243;][vc_column_text]<span style='font-size: 21px; color: #d2112d; font-family: verdana, geneva, sans-serif;'>VOLS COMEN\u00c7AR A EXPORTAR?<\/span><br \/> <span style='color: #d2112d; font-family: verdana, geneva, sans-serif;'>T&#8217;ajudem a fer el primer pas, amb acompanyament expert i sense cost per a l&#8217;empresa<\/span><\/p> <p><span style='font-family: verdana, geneva, sans-serif; font-size: 12px;'>Internacionalitzar-se \u00e9s una oportunitat de creixement, per\u00f2 sovint tamb\u00e9 genera dubtes: per on comen\u00e7ar, quins mercats prioritzar, quins recursos calen o quins riscos s&#8217;han de tenir en compte.<\/span><br \/> <span style='font-family: verdana, geneva, sans-serif; font-size: 12px;'>Per ajudar a les empreses catalanes a iniciar aquest cam\u00ed amb m\u00e9s seguretat, <strong>ACCI\u00d3 impulsa el programa<\/strong> <a href='https:\/\/eur04.safelinks.protection.outlook.com\/?url=https%3A%2F%2Fpublic-eur.mkt.dynamics.com%2Fapi%2Forgs%2F8d5eafb0-f8ac-4ccb-a7c1-a2767b978f43%2Fr%2FdplJYjVJ_EuMAaJkHY8CABAAAAA%3Fmsdynmkt_target%3D%257B%2522TargetUrl%2522%253A%2522https%25253A%25252F%25252Feur04.safelinks.protection.outlook.com%25252F%25253Furl%25253Dhttps%2525253A%2525252F%2525252Fpublic-eur.mkt.dynamics.com%2525252Fapi%2525252Forgs%2525252F8d5eafb0-f8ac-4ccb-a7c1-a2767b978f43%2525252Fr%2525252FubNm8_1fYkKKybgcijEBAAEAAAA%2525253Fmsdynmkt_target%2525253D%252525257B%2525252522TargetUrl%2525252522%252525253A%2525252522https%25252525253A%25252525252F%25252525252Feur04.safelinks.protection.outlook.com%25252525252F%25252525253Furl%25252525253Dhttps%2525252525253A%2525252525252F%2525252525252Fpublic-eur.mkt.dynamics.com%2525252525252Fapi%2525252525252Forgs%2525252525252F8d5eafb0-f8ac-4ccb-a7c1-a2767b978f43%2525252525252Fr%2525252525252FaITv1hKS8kSs6wB3jXECAAsAAAA%2525252525253Fmsdynmkt_target%2525252525253D%252525252525257B%2525252525252522TargetUrl%2525252525252522%252525252525253A%2525252525252522https%25252525252525253A%25252525252525252F%25252525252525252Feur04.safelinks.protection.outlook.com%25252525252525252F%25252525252525253Furl%25252525252525253Dhttps%2525252525252525253A%2525252525252525252F%2525252525252525252Fpublic-eur.mkt.dynamics.com%2525252525252525252Fapi%2525252525252525252Forgs%2525252525252525252F8d5eafb0-f8ac-4ccb-a7c1-a2767b978f43%2525252525252525252Fr%2525252525252525252FLn5gxxoARECGTxqFI30DAAsAAAA%2525252525252525253Fmsdynmkt_target%2525252525252525253D%252525252525252525257B%2525252525252525252522TargetUrl%2525252525252525252522%252525252525252525253A%2525252525252525252522https%25252525252525252525253A%25252525252525252525252F%25252525252525252525252Fformularis.accio.gencat.cat%25252525252525252525252Fweb%25252525252525252525252Fformularis%25252525252525252525252Finscripcions%25252525252525252525252F-%25252525252525252525252Finscripcio%25252525252525252525252F2026%25252525252525252525252F02%25252525252525252525252F03%25252525252525252525252FOnkrUbTR_SM9nz_z85jUAA%25252525252525252525252Fsollicitud-de-diagnostic-pie-foment%25252525252525252525252F%25252525252525252525253Flang%25252525252525252525253Dca_ES%252525252525252525252526portal%25252525252525252525253Daccio%252525252525252525252526_gl%25252525252525252525253D1%25252525252525252525252A9dm0zh%25252525252525252525252A_ga%25252525252525252525252AMTI0NzIzNzQyMC4xNzEyODIyOTgy%25252525252525252525252A_ga_6HSVZS0K1X%25252525252525252525252AczE3NzI3MjM4MjckbzE4OSRnMCR0MTc3MjcyMzgzMiRqNTUkbDAkaDA%2525252525252525252522%252525252525252525252C%2525252525252525252522RedirectOptions%2525252525252525252522%252525252525252525253A%252525252525252525257B%25252525252525252525225%2525252525252525252522%252525252525252525253Anull%252525252525252525252C%25252525252525252525221%2525252525252525252522%252525252525252525253Anull%252525252525252525257D%252525252525252525257D%25252525252525252526msdynmkt_digest%2525252525252525253DA1vZltR2b3nESlG%252525252525252525252BdOmS7YeZ5GTW3dinAdHW2pwAZaw%252525252525252525253D%25252525252525252526msdynmkt_secretVersion%2525252525252525253D7bb221762d0c46939816d3a5592b1359%252525252525252526data%25252525252525253D05%2525252525252525257C02%2525252525252525257Csramirez%25252525252525252540foment.com%2525252525252525257Cc7e7a4617105465e160408de83531847%2525252525252525257Cf37c938d38654a89b99bb000c76a74bf%2525252525252525257C1%2525252525252525257C0%2525252525252525257C639092590089463447%2525252525252525257CUnknown%2525252525252525257CTWFpbGZsb3d8eyJFbXB0eU1hcGkiOnRydWUsIlYiOiIwLjAuMDAwMCIsIlAiOiJXaW4zMiIsIkFOIjoiTWFpbCIsIldUIjoyfQ%2525252525252525253D%2525252525252525253D%2525252525252525257C0%2525252525252525257C%2525252525252525257C%2525252525252525257C%252525252525252526sdata%25252525252525253D8wWi3Z4S7N5i5VCO2QP6AvtWJylRMKEZbvPje18Pg90%2525252525252525253D%252525252525252526reserved%25252525252525253D0%2525252525252522%252525252525252C%2525252525252522RedirectOptions%2525252525252522%252525252525253A%252525252525257B%25252525252525225%2525252525252522%252525252525253Anull%252525252525252C%25252525252525221%2525252525252522%252525252525253Anull%252525252525257D%252525252525257D%25252525252526msdynmkt_digest%2525252525253DYIZexQWs7uZ2WhUfgJqeZuryKVb2vajIvtYv5qE8oRY%252525252525253D%25252525252526msdynmkt_secretVersion%2525252525253D7bb221762d0c46939816d3a5592b1359%252525252526data%25252525253D05%2525252525257C02%2525252525257Csramirez%25252525252540foment.com%2525252525257C565760556e6c4cf5c35308de84384967%2525252525257Cf37c938d38654a89b99bb000c76a74bf%2525252525257C1%2525252525257C0%2525252525257C639093574480490085%2525252525257CUnknown%2525252525257CTWFpbGZsb3d8eyJFbXB0eU1hcGkiOnRydWUsIlYiOiIwLjAuMDAwMCIsIlAiOiJXaW4zMiIsIkFOIjoiTWFpbCIsIldUIjoyfQ%2525252525253D%2525252525253D%2525252525257C0%2525252525257C%2525252525257C%2525252525257C%252525252526sdata%25252525253DN3y2QAkHHQEwnwslqril%2525252525252B%2525252525252BjbsTmbpaH1gsQUjqlx6ho%2525252525253D%252525252526reserved%25252525253D0%2525252522%252525252C%2525252522RedirectOptions%2525252522%252525253A%252525257B%25252525225%2525252522%252525253Anull%252525252C%25252525221%2525252522%252525253Anull%252525257D%252525257D%25252526msdynmkt_digest%2525253DHxSIjxqNyMzq4m6G1OWkNS%252525252FYEFefhiIl8o9iQscMDnI%252525253D%25252526msdynmkt_secretVersion%2525253D7bb221762d0c46939816d3a5592b1359%252526data%25253D05%2525257C02%2525257Csramirez%25252540foment.com%2525257C1d01451646264e7fca2308de88baf1ef%2525257Cf37c938d38654a89b99bb000c76a74bf%2525257C1%2525257C0%2525257C639098533660479269%2525257CUnknown%2525257CTWFpbGZsb3d8eyJFbXB0eU1hcGkiOnRydWUsIlYiOiIwLjAuMDAwMCIsIlAiOiJXaW4zMiIsIkFOIjoiTWFpbCIsIldUIjoyfQ%2525253D%2525253D%2525257C0%2525257C%2525257C%2525257C%252526sdata%25253DF6gmzEwyPcPCX%2525252FFmsqBkWV3LiHiEx0w4lH5lts42Hng%2525253D%252526reserved%25253D0%2522%252C%2522RedirectOptions%2522%253A%257B%25225%2522%253Anull%252C%25221%2522%253Anull%257D%257D%26msdynmkt_digest%3D3pnr7eA2jjjY5%252F04VJpOmyfkKAFHOW2zndgIqJQ0jxA%253D%26msdynmkt_secretVersion%3D7bb221762d0c46939816d3a5592b1359&amp;data=05%7C02%7Csramirez%40foment.com%7C23b351ae016143229c6d08de8c12d3d6%7Cf37c938d38654a89b99bb000c76a74bf%7C1%7C0%7C639102209641121264%7CUnknown%7CTWFpbGZsb3d8eyJFbXB0eU1hcGkiOnRydWUsIlYiOiIwLjAuMDAwMCIsIlAiOiJXaW4zMiIsIkFOIjoiTWFpbCIsIldUIjoyfQ%3D%3D%7C0%7C%7C%7C&amp;sdata=yoLLv4PRfv2xjZrHwBgWZXD0aIuobZl%2FLoaBtC4V5is%3D&amp;reserved=0'>CATALUNYA EXPORTA<\/a>, adre\u00e7at a empreses que volen iniciar-se en la internacionalitzaci\u00f3 amb un enfocament practic i personalitzat.<\/span><br \/> <span style='font-family: verdana, geneva, sans-serif; font-size: 12px;'>Des de <a href='https:\/\/eur04.safelinks.protection.outlook.com\/?url=https%3A%2F%2Fpublic-eur.mkt.dynamics.com%2Fapi%2Forgs%2F8d5eafb0-f8ac-4ccb-a7c1-a2767b978f43%2Fr%2FdplJYjVJ_EuMAaJkHY8CABEAAAA%3Fmsdynmkt_target%3D%257B%2522TargetUrl%2522%253A%2522https%25253A%25252F%25252Feur04.safelinks.protection.outlook.com%25252F%25253Furl%25253Dhttps%2525253A%2525252F%2525252Fpublic-eur.mkt.dynamics.com%2525252Fapi%2525252Forgs%2525252F8d5eafb0-f8ac-4ccb-a7c1-a2767b978f43%2525252Fr%2525252FubNm8_1fYkKKybgcijEBAAIAAAA%2525253Fmsdynmkt_target%2525253D%252525257B%2525252522TargetUrl%2525252522%252525253A%2525252522https%25252525253A%25252525252F%25252525252Fwww.foment.com%25252525252Fes%25252525252Fcatalunya-exporta%25252525252F%2525252525231767799497417-fa3ae53f-0b5b%2525252522%252525252C%2525252522RedirectOptions%2525252522%252525253A%252525257B%25252525220%2525252522%252525253Anull%252525257D%252525257D%25252526msdynmkt_digest%2525253DbK7c94w0eFraOy9eOgKfYNJ21gIDfLiaSBNv7Ob%252525252FUbc%252525253D%25252526msdynmkt_secretVersion%2525253D7bb221762d0c46939816d3a5592b1359%252526data%25253D05%2525257C02%2525257Csramirez%25252540foment.com%2525257C1d01451646264e7fca2308de88baf1ef%2525257Cf37c938d38654a89b99bb000c76a74bf%2525257C1%2525257C0%2525257C639098533660503029%2525257CUnknown%2525257CTWFpbGZsb3d8eyJFbXB0eU1hcGkiOnRydWUsIlYiOiIwLjAuMDAwMCIsIlAiOiJXaW4zMiIsIkFOIjoiTWFpbCIsIldUIjoyfQ%2525253D%2525253D%2525257C0%2525257C%2525257C%2525257C%252526sdata%25253DnU%2525252FdP3SzDdBLN%2525252BjGlM%2525252BfjpHC30Tp2sKQXa53D7Snr8M%2525253D%252526reserved%25253D0%2522%252C%2522RedirectOptions%2522%253A%257B%25225%2522%253Anull%252C%25221%2522%253Anull%257D%257D%26msdynmkt_digest%3DTMCFNOfb0%252BXu2BCcvcmDJAmwBhXs4eG0zaVP3L6%252BdE8%253D%26msdynmkt_secretVersion%3D7bb221762d0c46939816d3a5592b1359&amp;data=05%7C02%7Csramirez%40foment.com%7C23b351ae016143229c6d08de8c12d3d6%7Cf37c938d38654a89b99bb000c76a74bf%7C1%7C0%7C639102209641147248%7CUnknown%7CTWFpbGZsb3d8eyJFbXB0eU1hcGkiOnRydWUsIlYiOiIwLjAuMDAwMCIsIlAiOiJXaW4zMiIsIkFOIjoiTWFpbCIsIldUIjoyfQ%3D%3D%7C0%7C%7C%7C&amp;sdata=daHoyG1ZgccCVp8G6HuKQMd9CnWk7pYkM%2FVO%2F7PF6wM%3D&amp;reserved=0'>Foment del Treball<\/a>, com a entitat col\u00b7laboradora i agent de suport a la internacionalitzaci\u00f3, t&#8217;acompanyem en aquest proc\u00e9s perqu\u00e8 puguis valorar el teu potencial exportador i definir els primers passos amb criteri.<\/span><\/p> <p><span style='font-family: verdana, geneva, sans-serif; font-size: 12px;'>En la sessi\u00f3 <strong>NEGOCIAR AMB CLIENTS INTERNACIONALS<\/strong> aprendrem a millorar les habilitats de negociaci\u00f3 internacional.<\/span><\/p> <p>&nbsp;<\/p> <p><strong><span style='font-family: verdana, geneva, sans-serif; font-size: 13px; color: #d2112d;'>PROGRAMA<\/span><\/strong><\/p> <p><span style='font-family: verdana, geneva, sans-serif; font-size: 13px; color: #d2112d;'>09:00h. | Benvinguda i presentaci\u00f3 del Programa Catalunya Exporta<\/span><\/p> <p><span style='font-family: verdana, geneva, sans-serif; font-size: 13px;'><span style='color: #d2112d;'>09:10h. |<\/span> <span style='color: #d2112d;'><strong>Com trobar distribu\u00efdors internacionals<\/strong><\/span><\/span><\/p> <ul> <li><span style='font-family: verdana, geneva, sans-serif; font-size: 13px;'>Tipus d&#8217;intermediaris<\/span><\/li> <li><span style='font-family: verdana, geneva, sans-serif; font-size: 13px;'>Canals per trobar distribu\u00efdors<\/span><\/li> <li><span style='font-family: verdana, geneva, sans-serif; font-size: 13px;'>Criteris de selecci\u00f3<\/span><\/li> <li><span style='font-family: verdana, geneva, sans-serif; font-size: 13px;'>Gesti\u00f3 de la relaci\u00f3<\/span><\/li> <\/ul> <p><span style='font-family: verdana, geneva, sans-serif; font-size: 13px;'><strong>Isabel Garcia<\/strong>, S\u00e8nior International Consultant, <strong>BarcelonaExport<\/strong><\/span><\/p> <p><span style='font-family: verdana, geneva, sans-serif; font-size: 13px; color: #d2112d;'>10:15 h. | Torn de preguntes<\/span><\/p> <p><span style='font-family: verdana, geneva, sans-serif; font-size: 13px; color: #d2112d;'>10:30h. | Fi de la sessi\u00f3<\/span>[\/vc_column_text]<div class='single_image wpb_content_element align-left    ' data-animation='none' data-delay='0'><img width='1900' height='300' src='https:\/\/www.foment.com\/wp-content\/uploads\/2026\/03\/ACCIO-1.png' class='attachment-full' alt='' loading='lazy' title='ACCI\u00d3' srcset='https:\/\/www.foment.com\/wp-content\/uploads\/2026\/03\/ACCIO-1.png 1900w, https:\/\/www.foment.com\/wp-content\/uploads\/2026\/03\/ACCIO-1-300x47.png 300w, https:\/\/www.foment.com\/wp-content\/uploads\/2026\/03\/ACCIO-1-1024x162.png 1024w, https:\/\/www.foment.com\/wp-content\/uploads\/2026\/03\/ACCIO-1-768x121.png 768w, https:\/\/www.foment.com\/wp-content\/uploads\/2026\/03\/ACCIO-1-1536x243.png 1536w' sizes='(max-width: 1900px) 100vw, 1900px' \/><\/div>[\/vc_column][\/vc_row][vc_row][vc_column width=\u00bb1\/2&#8243;][vc_column_text]<span style='font-family: verdana, geneva, sans-serif; font-size: 12px;'>Amb el suport de:<\/span>[\/vc_column_text]<div class='single_image wpb_content_element align-left    ' data-animation='none' data-delay='0'><a href='http:\/\/www.accio.gencat.cat' target='_self'><img width='300' height='68' src='https:\/\/www.foment.com\/wp-content\/uploads\/2026\/03\/ACCIO-integrat-Horitzontal-CAT-color-300x68.png' class='attachment-medium' alt='' loading='lazy' title='ACCIO-integrat-Horitzontal-CAT-color' srcset='https:\/\/www.foment.com\/wp-content\/uploads\/2026\/03\/ACCIO-integrat-Horitzontal-CAT-color-300x68.png 300w, https:\/\/www.foment.com\/wp-content\/uploads\/2026\/03\/ACCIO-integrat-Horitzontal-CAT-color.png 559w' sizes='(max-width: 300px) 100vw, 300px' \/><\/a><\/div>[\/vc_column][vc_column width=\u00bb1\/2&#8243;][vc_column_text]<span style='font-family: verdana, geneva, sans-serif; font-size: 12px;'>Agent de suport a la Internacionalitzaci\u00f3<\/span>[\/vc_column_text]<div class='single_image wpb_content_element align-left    ' data-animation='none' data-delay='0'><img width='274' height='300' src='https:\/\/www.foment.com\/wp-content\/uploads\/2025\/10\/logo-Accio-2-274x300.png' class='attachment-medium' alt='' loading='lazy' title='logo Accio 2' srcset='https:\/\/www.foment.com\/wp-content\/uploads\/2025\/10\/logo-Accio-2-274x300.png 274w, https:\/\/www.foment.com\/wp-content\/uploads\/2025\/10\/logo-Accio-2-768x842.png 768w, https:\/\/www.foment.com\/wp-content\/uploads\/2025\/10\/logo-Accio-2.png 778w' sizes='(max-width: 274px) 100vw, 274px' \/><\/div>[\/vc_column][\/vc_row]<\/p> \",\"location\":[{\"@type\":\"Place\",\"name\":\"Webinar por Zoom\",\"address\":{\"@type\": \"PostalAddress\",\"streetAddress\":\"Webinar per Zoom\"}}],\"organizer\":{\"@type\":\"Organization\",\"name\":\"Internacional\"},\"performer\":{\"@type\":\"Person\",\"name\":\"Internacional\"},\"eventStatus\":\"https:\/\/schema.org\/EventScheduled\"}<\/script><\/div>\n\t\t\t\t<p class=\"desc_trig_outter\" style=\"background-color:#ffffff;flex-direction: row;\"><a data-gmap_status=\"null\" data-exlk=\"1\"  style=\"border-color: #0db270;\" id=\"evc_1782810000217244\" class=\"hasFtIMG desc_trig sin_val evcal_list_a\" data-ux_val=\"3\"  ><span class='ev_ftImg' data-img='https:\/\/www.foment.com\/wp-content\/uploads\/2026\/03\/Catalunya-exporta-web.png' data-thumb='https:\/\/www.foment.com\/wp-content\/uploads\/2026\/03\/Catalunya-exporta-web-300x169.png' style='background-image:url(\"https:\/\/www.foment.com\/wp-content\/uploads\/2026\/03\/Catalunya-exporta-web-300x169.png\")'><\/span><style>.ajde_evcal_calendar.boxy #evcal_list .eventon_list_event .evcal_desc em{color:black;}<\/style><span style='width:100%; background-color:#0db270 !important;' class='evcal_cblock ' data-smon='junio' data-syr='2026'><span style='margin-top: 7px;margin-bottom: 7px;' class='evo_start '><em class='date'>30<\/em><em class='month'>jun<\/em><em class='time'>9:00<\/em><\/span><span style='margin-top: 7px;margin-bottom: 7px;' class='evo_end only_time'><em class='time'>10:30<\/em><\/span><em class='clear'><\/em><\/span><span class='evcal_desc evo_info '  data-location_address=\"Webinar per Zoom\" data-location_type=\"address\" data-location_name=\"Webinar por Zoom\" data-location_url=\"https:\/\/www.foment.com\/es\/event-location\/webinar-por-zoom\/\" data-location_status=\"true\" ><span class='evo_above_title'><\/span><span class='evcal_desc2 evcal_event_title hbaevatitle' itemprop='name'>Webinar | Negociar amb clients internacionals<\/span><span class='evo_below_title'><span class='evcal_event_subtitle' >Programa Catalunya Exporta<\/span><\/span><span class='evcal_desc_info' ><em class='evcal_time evo_tz_time'>9:00 - 10:30<\/em> <\/span><span class='evcal_desc3'><em class=\"evcal_location\"  data-add_str=\"\"><em class=\"event_location_name\">Webinar por Zoom<\/em><\/em><\/span><span style='height: 60px;'  class='evcal_desc3' ><\/span><\/span><em class='clear'><\/em><\/a><\/p><div class='event_description evcal_eventcard ' style=\"display:none\"><div class='evo_metarow_fimg evorow evcal_evdata_img evcal_evdata_row  evo_imghover' data-imgheight='1388' data-imgwidth='2468'  style='background-image: url(\"https:\/\/www.foment.com\/wp-content\/uploads\/2026\/03\/Catalunya-exporta-web.png\")' data-imgstyle='full' data-minheight='400' data-status=''><\/div><div class='evcal_evdata_row evorow_2b evo_metarow_time_location evorow  '>\n\t\t\t\t\t\t\t\t<div class='evorow_b evorow_b1 evo_time'>\n\t\t\t\t\t\t\t\t\t<span class='evcal_evdata_icons'><i class='fa fa-clock'><\/i><\/span>\n\t\t\t\t\t\t\t\t\t<div class='evcal_evdata_cell'>\t\t\t\t\t\t\t\n\t\t\t\t\t\t\t\t\t\t<h3 class='evo_h3'><span class='evcal_evdata_icons'><i class='fa fa-clock'><\/i><\/span>Horario<\/h3>\n\t\t\t\t\t\t\t\t\t\t<p><span class='evo_eventcard_time_t'>(Martes) 9:00 - 10:30<\/span><\/p>\n\t\t\t\t\t\t\t\t\t<\/div>\n\t\t\t\t\t\t\t\t<\/div>\n\t\t\t\t\t\t\t\t<div class='evorow_b evo_location'>\n\t\t\t\t\t\t\t\t\t<span class='evcal_evdata_icons'><i class='fa fa-map-marker-alt'><\/i><\/span>\n\t\t\t\t\t\t\t\t\t<div class='evcal_evdata_cell' data-loc_tax_id='3536'><h3 class='evo_h3'><span class='evcal_evdata_icons'><i class='fa fa-map-marker-alt'><\/i><\/span>Lugar<\/h3><p class='evo_location_name'>Webinar por Zoom<\/p><p class='evo_location_address'>Webinar per Zoom<\/p><\/div>\n\t\t\t\t\t\t\t\t<\/div>\n\t\t\t\t\t\t\t\t\n\t\t\t\t\t\t\t<\/div><div class='evo_metarow_details evorow evcal_evdata_row evcal_event_details'>\n\t\t\t\t\t\t\t\t<div class=\"event_excerpt\" style=\"display:none\"><h3 class=\"padb5 evo_h3\">Detalles del evento<\/h3><p>[vc_row][vc_column][vc_btn title=\u00bbINSCRIPCI\u00d3 GRATU\u00cfTA\u00bb style=\u00bb3d\u00bb color=\u00bbdanger\u00bb size=\u00bblg\u00bb align=\u00bbcenter\u00bb button_block=\u00bbtrue\u00bb link=\u00bburl:https%3A%2F%2Fwww.foment.com%2Finscripcions-events%2F%3Fidevento%3DA9F85107-F12C-F111-88B4-000D3ADCCDB0%20&#8243;][vc_column_text]VOLS COMEN\u00c7AR A EXPORTAR?\nT&#8217;ajudem a fer el<\/p><\/div><span class='evcal_evdata_icons'><i class='fa fa-align-justify'><\/i><\/span>\n\t\t\t\t\t\t\t\t\n\t\t\t\t\t\t\t\t<div class='evcal_evdata_cell '>\n\t\t\t\t\t\t\t\t\t<div class='eventon_full_description'>\n\t\t\t\t\t\t\t\t\t\t<h3 class='padb5 evo_h3'><span class='evcal_evdata_icons'><i class='fa fa-align-justify'><\/i><\/span>Detalles del evento<\/h3>\n\t\t\t\t\t\t\t\t\t\t<div class='eventon_desc_in' itemprop='description'>\n\t\t\t\t\t\t\t\t\t\t<p>[vc_row][vc_column][vc_btn title=\u00bbINSCRIPCI\u00d3 GRATU\u00cfTA\u00bb style=\u00bb3d\u00bb color=\u00bbdanger\u00bb size=\u00bblg\u00bb align=\u00bbcenter\u00bb button_block=\u00bbtrue\u00bb link=\u00bburl:https%3A%2F%2Fwww.foment.com%2Finscripcions-events%2F%3Fidevento%3DA9F85107-F12C-F111-88B4-000D3ADCCDB0%20&#8243;][vc_column_text]<span style=\"font-size: 21px; color: #d2112d; font-family: verdana, geneva, sans-serif;\">VOLS COMEN\u00c7AR A EXPORTAR?<\/span><br \/>\n<span style=\"color: #d2112d; font-family: verdana, geneva, sans-serif;\">T&#8217;ajudem a fer el primer pas, amb acompanyament expert i sense cost per a l&#8217;empresa<\/span><\/p>\n<p><span style=\"font-family: verdana, geneva, sans-serif; font-size: 12px;\">Internacionalitzar-se \u00e9s una oportunitat de creixement, per\u00f2 sovint tamb\u00e9 genera dubtes: per on comen\u00e7ar, quins mercats prioritzar, quins recursos calen o quins riscos s&#8217;han de tenir en compte.<\/span><br \/>\n<span style=\"font-family: verdana, geneva, sans-serif; font-size: 12px;\">Per ajudar a les empreses catalanes a iniciar aquest cam\u00ed amb m\u00e9s seguretat, <strong>ACCI\u00d3 impulsa el programa<\/strong> <a href=\"https:\/\/eur04.safelinks.protection.outlook.com\/?url=https%3A%2F%2Fpublic-eur.mkt.dynamics.com%2Fapi%2Forgs%2F8d5eafb0-f8ac-4ccb-a7c1-a2767b978f43%2Fr%2FdplJYjVJ_EuMAaJkHY8CABAAAAA%3Fmsdynmkt_target%3D%257B%2522TargetUrl%2522%253A%2522https%25253A%25252F%25252Feur04.safelinks.protection.outlook.com%25252F%25253Furl%25253Dhttps%2525253A%2525252F%2525252Fpublic-eur.mkt.dynamics.com%2525252Fapi%2525252Forgs%2525252F8d5eafb0-f8ac-4ccb-a7c1-a2767b978f43%2525252Fr%2525252FubNm8_1fYkKKybgcijEBAAEAAAA%2525253Fmsdynmkt_target%2525253D%252525257B%2525252522TargetUrl%2525252522%252525253A%2525252522https%25252525253A%25252525252F%25252525252Feur04.safelinks.protection.outlook.com%25252525252F%25252525253Furl%25252525253Dhttps%2525252525253A%2525252525252F%2525252525252Fpublic-eur.mkt.dynamics.com%2525252525252Fapi%2525252525252Forgs%2525252525252F8d5eafb0-f8ac-4ccb-a7c1-a2767b978f43%2525252525252Fr%2525252525252FaITv1hKS8kSs6wB3jXECAAsAAAA%2525252525253Fmsdynmkt_target%2525252525253D%252525252525257B%2525252525252522TargetUrl%2525252525252522%252525252525253A%2525252525252522https%25252525252525253A%25252525252525252F%25252525252525252Feur04.safelinks.protection.outlook.com%25252525252525252F%25252525252525253Furl%25252525252525253Dhttps%2525252525252525253A%2525252525252525252F%2525252525252525252Fpublic-eur.mkt.dynamics.com%2525252525252525252Fapi%2525252525252525252Forgs%2525252525252525252F8d5eafb0-f8ac-4ccb-a7c1-a2767b978f43%2525252525252525252Fr%2525252525252525252FLn5gxxoARECGTxqFI30DAAsAAAA%2525252525252525253Fmsdynmkt_target%2525252525252525253D%252525252525252525257B%2525252525252525252522TargetUrl%2525252525252525252522%252525252525252525253A%2525252525252525252522https%25252525252525252525253A%25252525252525252525252F%25252525252525252525252Fformularis.accio.gencat.cat%25252525252525252525252Fweb%25252525252525252525252Fformularis%25252525252525252525252Finscripcions%25252525252525252525252F-%25252525252525252525252Finscripcio%25252525252525252525252F2026%25252525252525252525252F02%25252525252525252525252F03%25252525252525252525252FOnkrUbTR_SM9nz_z85jUAA%25252525252525252525252Fsollicitud-de-diagnostic-pie-foment%25252525252525252525252F%25252525252525252525253Flang%25252525252525252525253Dca_ES%252525252525252525252526portal%25252525252525252525253Daccio%252525252525252525252526_gl%25252525252525252525253D1%25252525252525252525252A9dm0zh%25252525252525252525252A_ga%25252525252525252525252AMTI0NzIzNzQyMC4xNzEyODIyOTgy%25252525252525252525252A_ga_6HSVZS0K1X%25252525252525252525252AczE3NzI3MjM4MjckbzE4OSRnMCR0MTc3MjcyMzgzMiRqNTUkbDAkaDA%2525252525252525252522%252525252525252525252C%2525252525252525252522RedirectOptions%2525252525252525252522%252525252525252525253A%252525252525252525257B%25252525252525252525225%2525252525252525252522%252525252525252525253Anull%252525252525252525252C%25252525252525252525221%2525252525252525252522%252525252525252525253Anull%252525252525252525257D%252525252525252525257D%25252525252525252526msdynmkt_digest%2525252525252525253DA1vZltR2b3nESlG%252525252525252525252BdOmS7YeZ5GTW3dinAdHW2pwAZaw%252525252525252525253D%25252525252525252526msdynmkt_secretVersion%2525252525252525253D7bb221762d0c46939816d3a5592b1359%252525252525252526data%25252525252525253D05%2525252525252525257C02%2525252525252525257Csramirez%25252525252525252540foment.com%2525252525252525257Cc7e7a4617105465e160408de83531847%2525252525252525257Cf37c938d38654a89b99bb000c76a74bf%2525252525252525257C1%2525252525252525257C0%2525252525252525257C639092590089463447%2525252525252525257CUnknown%2525252525252525257CTWFpbGZsb3d8eyJFbXB0eU1hcGkiOnRydWUsIlYiOiIwLjAuMDAwMCIsIlAiOiJXaW4zMiIsIkFOIjoiTWFpbCIsIldUIjoyfQ%2525252525252525253D%2525252525252525253D%2525252525252525257C0%2525252525252525257C%2525252525252525257C%2525252525252525257C%252525252525252526sdata%25252525252525253D8wWi3Z4S7N5i5VCO2QP6AvtWJylRMKEZbvPje18Pg90%2525252525252525253D%252525252525252526reserved%25252525252525253D0%2525252525252522%252525252525252C%2525252525252522RedirectOptions%2525252525252522%252525252525253A%252525252525257B%25252525252525225%2525252525252522%252525252525253Anull%252525252525252C%25252525252525221%2525252525252522%252525252525253Anull%252525252525257D%252525252525257D%25252525252526msdynmkt_digest%2525252525253DYIZexQWs7uZ2WhUfgJqeZuryKVb2vajIvtYv5qE8oRY%252525252525253D%25252525252526msdynmkt_secretVersion%2525252525253D7bb221762d0c46939816d3a5592b1359%252525252526data%25252525253D05%2525252525257C02%2525252525257Csramirez%25252525252540foment.com%2525252525257C565760556e6c4cf5c35308de84384967%2525252525257Cf37c938d38654a89b99bb000c76a74bf%2525252525257C1%2525252525257C0%2525252525257C639093574480490085%2525252525257CUnknown%2525252525257CTWFpbGZsb3d8eyJFbXB0eU1hcGkiOnRydWUsIlYiOiIwLjAuMDAwMCIsIlAiOiJXaW4zMiIsIkFOIjoiTWFpbCIsIldUIjoyfQ%2525252525253D%2525252525253D%2525252525257C0%2525252525257C%2525252525257C%2525252525257C%252525252526sdata%25252525253DN3y2QAkHHQEwnwslqril%2525252525252B%2525252525252BjbsTmbpaH1gsQUjqlx6ho%2525252525253D%252525252526reserved%25252525253D0%2525252522%252525252C%2525252522RedirectOptions%2525252522%252525253A%252525257B%25252525225%2525252522%252525253Anull%252525252C%25252525221%2525252522%252525253Anull%252525257D%252525257D%25252526msdynmkt_digest%2525253DHxSIjxqNyMzq4m6G1OWkNS%252525252FYEFefhiIl8o9iQscMDnI%252525253D%25252526msdynmkt_secretVersion%2525253D7bb221762d0c46939816d3a5592b1359%252526data%25253D05%2525257C02%2525257Csramirez%25252540foment.com%2525257C1d01451646264e7fca2308de88baf1ef%2525257Cf37c938d38654a89b99bb000c76a74bf%2525257C1%2525257C0%2525257C639098533660479269%2525257CUnknown%2525257CTWFpbGZsb3d8eyJFbXB0eU1hcGkiOnRydWUsIlYiOiIwLjAuMDAwMCIsIlAiOiJXaW4zMiIsIkFOIjoiTWFpbCIsIldUIjoyfQ%2525253D%2525253D%2525257C0%2525257C%2525257C%2525257C%252526sdata%25253DF6gmzEwyPcPCX%2525252FFmsqBkWV3LiHiEx0w4lH5lts42Hng%2525253D%252526reserved%25253D0%2522%252C%2522RedirectOptions%2522%253A%257B%25225%2522%253Anull%252C%25221%2522%253Anull%257D%257D%26msdynmkt_digest%3D3pnr7eA2jjjY5%252F04VJpOmyfkKAFHOW2zndgIqJQ0jxA%253D%26msdynmkt_secretVersion%3D7bb221762d0c46939816d3a5592b1359&amp;data=05%7C02%7Csramirez%40foment.com%7C23b351ae016143229c6d08de8c12d3d6%7Cf37c938d38654a89b99bb000c76a74bf%7C1%7C0%7C639102209641121264%7CUnknown%7CTWFpbGZsb3d8eyJFbXB0eU1hcGkiOnRydWUsIlYiOiIwLjAuMDAwMCIsIlAiOiJXaW4zMiIsIkFOIjoiTWFpbCIsIldUIjoyfQ%3D%3D%7C0%7C%7C%7C&amp;sdata=yoLLv4PRfv2xjZrHwBgWZXD0aIuobZl%2FLoaBtC4V5is%3D&amp;reserved=0\">CATALUNYA EXPORTA<\/a>, adre\u00e7at a empreses que volen iniciar-se en la internacionalitzaci\u00f3 amb un enfocament practic i personalitzat.<\/span><br \/>\n<span style=\"font-family: verdana, geneva, sans-serif; font-size: 12px;\">Des de <a href=\"https:\/\/eur04.safelinks.protection.outlook.com\/?url=https%3A%2F%2Fpublic-eur.mkt.dynamics.com%2Fapi%2Forgs%2F8d5eafb0-f8ac-4ccb-a7c1-a2767b978f43%2Fr%2FdplJYjVJ_EuMAaJkHY8CABEAAAA%3Fmsdynmkt_target%3D%257B%2522TargetUrl%2522%253A%2522https%25253A%25252F%25252Feur04.safelinks.protection.outlook.com%25252F%25253Furl%25253Dhttps%2525253A%2525252F%2525252Fpublic-eur.mkt.dynamics.com%2525252Fapi%2525252Forgs%2525252F8d5eafb0-f8ac-4ccb-a7c1-a2767b978f43%2525252Fr%2525252FubNm8_1fYkKKybgcijEBAAIAAAA%2525253Fmsdynmkt_target%2525253D%252525257B%2525252522TargetUrl%2525252522%252525253A%2525252522https%25252525253A%25252525252F%25252525252Fwww.foment.com%25252525252Fes%25252525252Fcatalunya-exporta%25252525252F%2525252525231767799497417-fa3ae53f-0b5b%2525252522%252525252C%2525252522RedirectOptions%2525252522%252525253A%252525257B%25252525220%2525252522%252525253Anull%252525257D%252525257D%25252526msdynmkt_digest%2525253DbK7c94w0eFraOy9eOgKfYNJ21gIDfLiaSBNv7Ob%252525252FUbc%252525253D%25252526msdynmkt_secretVersion%2525253D7bb221762d0c46939816d3a5592b1359%252526data%25253D05%2525257C02%2525257Csramirez%25252540foment.com%2525257C1d01451646264e7fca2308de88baf1ef%2525257Cf37c938d38654a89b99bb000c76a74bf%2525257C1%2525257C0%2525257C639098533660503029%2525257CUnknown%2525257CTWFpbGZsb3d8eyJFbXB0eU1hcGkiOnRydWUsIlYiOiIwLjAuMDAwMCIsIlAiOiJXaW4zMiIsIkFOIjoiTWFpbCIsIldUIjoyfQ%2525253D%2525253D%2525257C0%2525257C%2525257C%2525257C%252526sdata%25253DnU%2525252FdP3SzDdBLN%2525252BjGlM%2525252BfjpHC30Tp2sKQXa53D7Snr8M%2525253D%252526reserved%25253D0%2522%252C%2522RedirectOptions%2522%253A%257B%25225%2522%253Anull%252C%25221%2522%253Anull%257D%257D%26msdynmkt_digest%3DTMCFNOfb0%252BXu2BCcvcmDJAmwBhXs4eG0zaVP3L6%252BdE8%253D%26msdynmkt_secretVersion%3D7bb221762d0c46939816d3a5592b1359&amp;data=05%7C02%7Csramirez%40foment.com%7C23b351ae016143229c6d08de8c12d3d6%7Cf37c938d38654a89b99bb000c76a74bf%7C1%7C0%7C639102209641147248%7CUnknown%7CTWFpbGZsb3d8eyJFbXB0eU1hcGkiOnRydWUsIlYiOiIwLjAuMDAwMCIsIlAiOiJXaW4zMiIsIkFOIjoiTWFpbCIsIldUIjoyfQ%3D%3D%7C0%7C%7C%7C&amp;sdata=daHoyG1ZgccCVp8G6HuKQMd9CnWk7pYkM%2FVO%2F7PF6wM%3D&amp;reserved=0\">Foment del Treball<\/a>, com a entitat col\u00b7laboradora i agent de suport a la internacionalitzaci\u00f3, t&#8217;acompanyem en aquest proc\u00e9s perqu\u00e8 puguis valorar el teu potencial exportador i definir els primers passos amb criteri.<\/span><\/p>\n<p><span style=\"font-family: verdana, geneva, sans-serif; font-size: 12px;\">En la sessi\u00f3 <strong>NEGOCIAR AMB CLIENTS INTERNACIONALS<\/strong> aprendrem a millorar les habilitats de negociaci\u00f3 internacional.<\/span><\/p>\n<p>&nbsp;<\/p>\n<p><strong><span style=\"font-family: verdana, geneva, sans-serif; font-size: 13px; color: #d2112d;\">PROGRAMA<\/span><\/strong><\/p>\n<p><span style=\"font-family: verdana, geneva, sans-serif; font-size: 13px; color: #d2112d;\">09:00h. | Benvinguda i presentaci\u00f3 del Programa Catalunya Exporta<\/span><\/p>\n<p><span style=\"font-family: verdana, geneva, sans-serif; font-size: 13px;\"><span style=\"color: #d2112d;\">09:10h. |<\/span> <span style=\"color: #d2112d;\"><strong>Com trobar distribu\u00efdors internacionals<\/strong><\/span><\/span><\/p>\n<ul>\n<li><span style=\"font-family: verdana, geneva, sans-serif; font-size: 13px;\">Tipus d&#8217;intermediaris<\/span><\/li>\n<li><span style=\"font-family: verdana, geneva, sans-serif; font-size: 13px;\">Canals per trobar distribu\u00efdors<\/span><\/li>\n<li><span style=\"font-family: verdana, geneva, sans-serif; font-size: 13px;\">Criteris de selecci\u00f3<\/span><\/li>\n<li><span style=\"font-family: verdana, geneva, sans-serif; font-size: 13px;\">Gesti\u00f3 de la relaci\u00f3<\/span><\/li>\n<\/ul>\n<p><span style=\"font-family: verdana, geneva, sans-serif; font-size: 13px;\"><strong>Isabel Garcia<\/strong>, S\u00e8nior International Consultant, <strong>BarcelonaExport<\/strong><\/span><\/p>\n<p><span style=\"font-family: verdana, geneva, sans-serif; font-size: 13px; color: #d2112d;\">10:15 h. | Torn de preguntes<\/span><\/p>\n<p><span style=\"font-family: verdana, geneva, sans-serif; font-size: 13px; color: #d2112d;\">10:30h. | Fi de la sessi\u00f3<\/span>[\/vc_column_text]<\/p>\n<div class=\"single_image wpb_content_element align-left    \" data-animation=\"none\" data-delay=\"0\"><img width=\"1900\" height=\"300\" src=\"https:\/\/www.foment.com\/wp-content\/uploads\/2026\/03\/ACCIO-1.png\" class=\"attachment-full\" alt=\"\" loading=\"lazy\" title=\"ACCI\u00d3\" srcset=\"https:\/\/www.foment.com\/wp-content\/uploads\/2026\/03\/ACCIO-1.png 1900w, https:\/\/www.foment.com\/wp-content\/uploads\/2026\/03\/ACCIO-1-300x47.png 300w, https:\/\/www.foment.com\/wp-content\/uploads\/2026\/03\/ACCIO-1-1024x162.png 1024w, https:\/\/www.foment.com\/wp-content\/uploads\/2026\/03\/ACCIO-1-768x121.png 768w, https:\/\/www.foment.com\/wp-content\/uploads\/2026\/03\/ACCIO-1-1536x243.png 1536w\" sizes=\"(max-width: 1900px) 100vw, 1900px\" \/><\/div>\n<p>[\/vc_column][\/vc_row][vc_row][vc_column width=\u00bb1\/2&#8243;][vc_column_text]<span style=\"font-family: verdana, geneva, sans-serif; font-size: 12px;\">Amb el suport de:<\/span>[\/vc_column_text]<\/p>\n<div class=\"single_image wpb_content_element align-left    \" data-animation=\"none\" data-delay=\"0\"><a href=\"http:\/\/www.accio.gencat.cat\" target=\"_self\"><img width=\"300\" height=\"68\" src=\"https:\/\/www.foment.com\/wp-content\/uploads\/2026\/03\/ACCIO-integrat-Horitzontal-CAT-color-300x68.png\" class=\"attachment-medium\" alt=\"\" loading=\"lazy\" title=\"ACCIO-integrat-Horitzontal-CAT-color\" srcset=\"https:\/\/www.foment.com\/wp-content\/uploads\/2026\/03\/ACCIO-integrat-Horitzontal-CAT-color-300x68.png 300w, https:\/\/www.foment.com\/wp-content\/uploads\/2026\/03\/ACCIO-integrat-Horitzontal-CAT-color.png 559w\" sizes=\"(max-width: 300px) 100vw, 300px\" \/><\/a><\/div>\n<p>[\/vc_column][vc_column width=\u00bb1\/2&#8243;][vc_column_text]<span style=\"font-family: verdana, geneva, sans-serif; font-size: 12px;\">Agent de suport a la Internacionalitzaci\u00f3<\/span>[\/vc_column_text]<\/p>\n<div class=\"single_image wpb_content_element align-left    \" data-animation=\"none\" data-delay=\"0\"><img width=\"274\" height=\"300\" src=\"https:\/\/www.foment.com\/wp-content\/uploads\/2025\/10\/logo-Accio-2-274x300.png\" class=\"attachment-medium\" alt=\"\" loading=\"lazy\" title=\"logo Accio 2\" srcset=\"https:\/\/www.foment.com\/wp-content\/uploads\/2025\/10\/logo-Accio-2-274x300.png 274w, https:\/\/www.foment.com\/wp-content\/uploads\/2025\/10\/logo-Accio-2-768x842.png 768w, https:\/\/www.foment.com\/wp-content\/uploads\/2025\/10\/logo-Accio-2.png 778w\" sizes=\"(max-width: 274px) 100vw, 274px\" \/><\/div>\n<p>[\/vc_column][\/vc_row]<\/p>\n<\/div><div class='clear'><\/div>\n\t\t\t\t\t\t\t\t\t<\/div>\n\t\t\t\t\t\t\t\t<\/div>\n\t\t\t\t\t\t\t<\/div><div class='evo_metarow_organizer evorow evcal_evdata_row evcal_evrow_sm '>\n\t\t\t\t\t\t\t\t<span class='evcal_evdata_icons'><i class='fa fa-headphones'><\/i><\/span>\n\t\t\t\t\t\t\t\t<div class='evcal_evdata_cell'>\t\t\t\t\t\t\t\n\t\t\t\t\t\t\t\t\t<h3 class='evo_h3'>Organizador<\/h3>\n\t\t\t\t\t\t\t\t\t<p class='evo_data_val evo_card_organizer_image'><img src='https:\/\/www.foment.com\/wp-content\/uploads\/2017\/04\/InternacionalEmpresabitotransCAT-200x80.png'\/><\/p>\n\t\t\t\t\t\t\t\t\t<div class='evo_card_organizer'><p class='evo_data_val evo_card_organizer_name'>\n\t\t\t\t\t\t\t\t\t\t<span class='evo_card_organizer_name_t'>Internacional<\/span>\n\t\t\t\t\t\t\t\t\t\t\n\t\t\t\t\t\t\t\t\t\t<\/p><\/div><div class='clear'><\/div>\t\t\t\t\t\t\t\n\t\t\t\t\t\t\t\t<\/div>\n\t\t\t\t\t\t\t<\/div>\t\t\t\t\t\t\t<div class='evo_metarow_ICS evorow evcal_evdata_row'>\n\t\t\t\t\t\t\t\t<span class=\"evcal_evdata_icons\"><i class=\"fa fa-calendar\"><\/i><\/span>\n\t\t\t\t\t\t\t\t<div class='evcal_evdata_cell'>\n\t\t\t\t\t\t\t\t\t<p><a href='https:\/\/www.foment.com\/wp-admin\/admin-ajax.php?action=eventon_ics_download&amp;event_id=217244&amp;ri=0' class='evo_ics_nCal' title='Add to your calendar'>Calendar<\/a><a href='\/\/www.google.com\/calendar\/event?action=TEMPLATE&amp;text=Webinar+%7C+Negociar+amb+clients+internacionals&amp;dates=20260630T070000Z\/20260630T083000Z&amp;ctz=Europe\/Madrid&amp;details=Webinar+%7C+Negociar+amb+clients+internacionals&amp;location=Webinar+por+ZoomWebinar+per+Zoom' target='_blank' class='evo_ics_gCal' title='Add to google calendar'>GoogleCal<\/a><\/p>\t\n\t\t\t\t\t\t\t\t<\/div>\n\t\t\t\t\t\t\t<\/div>\n\t\t\t\t\t\t\t<div class='evo_card_row_end evcal_close' title='Close'><\/div><\/div><div class='clear end'><\/div><\/div><div  id=\"event_216648_0\" class=\"eventon_list_event evo_eventtop scheduled  event event_216648_0\" data-event_id=\"216648\" data-ri=\"0r\" data-time=\"1783414800-1783420200\" data-colr=\"#0db270\" itemscope itemtype='http:\/\/schema.org\/Event'><div class=\"evo_event_schema\" style=\"display:none\" ><a itemprop='url'  href='https:\/\/www.foment.com\/es\/events\/com-identificar-els-mercats-amb-mes-oportunitats\/'><\/a><meta itemprop='image' content=\"https:\/\/www.foment.com\/wp-content\/uploads\/2026\/03\/Diseno-sin-titulo-8-1-scaled.jpg\" \/><meta itemprop='startDate' content=\"2026-7-7T09:00+2:00\" \/><meta itemprop='endDate' content=\"2026-7-7T10:30+2:00\" \/><meta itemprop='eventStatus' content=\"https:\/\/schema.org\/EventScheduled\" \/><item style=\"display:none\" itemprop=\"location\" itemscope itemtype=\"http:\/\/schema.org\/Place\"><span itemprop=\"name\">Webinar por Zoom<\/span><span itemprop=\"address\" itemscope itemtype=\"http:\/\/schema.org\/PostalAddress\"><item itemprop=\"streetAddress\">Webinar per Zoom<\/item><\/span><\/item><item style=\"display:none\" itemprop=\"eventAttendanceMode\" itemscope itemtype=\"https:\/\/schema.org\/OfflineEventAttendanceMode\"><\/item><div itemprop=\"organizer\" itemscope=\"\" itemtype=\"http:\/\/schema.org\/Organization\">\n\t\t\t\t\t    \t<meta itemprop=\"name\" content=\"Internacional\">\n\t\t\t\t\t    \t<\/div><div itemprop=\"performer\" itemscope=\"\" itemtype=\"http:\/\/schema.org\/Person\">\n\t\t\t\t\t    \t<meta itemprop=\"name\" content=\"Internacional\">\n\t\t\t\t\t    <\/div><script type=\"application\/ld+json\">{\"@context\": \"http:\/\/schema.org\",\"@type\": \"Event\",\n\t\t\t\t\t\"@id\": \"event_216648_0\",\n\t\t\t\t\t\"eventAttendanceMode\":\"https:\/\/schema.org\/OfflineEventAttendanceMode\",\n\t\t\t\t\t\"name\": \"Webinar | C\u00d3MO IDENTIFICAR LOS MERCADOS CON M\u00c1S OPORTUNIDADES\",\n\t\t\t\t\t\"url\": \"https:\/\/www.foment.com\/es\/events\/com-identificar-els-mercats-amb-mes-oportunitats\/\",\n\t\t\t\t\t\"startDate\": \"2026-7-7T09:00+2:00\",\n\t\t\t\t\t\"endDate\": \"2026-7-7T10:30+2:00\",\n\t\t\t\t\t\"image\":\"https:\/\/www.foment.com\/wp-content\/uploads\/2026\/03\/Diseno-sin-titulo-8-1-scaled.jpg\", \n\t\t\t\t\t\"description\":\"<p>[vc_row][vc_column]<div class='spacer' style='height: 20px;'><\/div>[vc_btn title=\u00bbInscripci\u00f3n a la sesi\u00f3n\u00bb style=\u00bb3d\u00bb color=\u00bbdanger\u00bb align=\u00bbcenter\u00bb button_block=\u00bbtrue\u00bb link=\u00bburl:https%3A%2F%2Fwww.foment.com%2Fes%2Finscripciones-eventos%2F%3Fidevento%3DF8E8567F-4224-F111-8342-000D3ADCC39A|title:Inscripci%C3%B3n%20a%20la%20sesi%C3%B3n|target:_blank\u00bb]<div class='spacer' style='height: 20px;'><\/div>[vc_column_text]<\/p> <p>&nbsp;<\/p> <p><span style='color: #d2112d; font-family: verdana, geneva, sans-serif; font-size: 21px;'>QUIERES EMPEZAR A EXPORTAR?<\/span><\/p> <p><span style='color: #d2112d; font-family: verdana, geneva, sans-serif; font-size: 16px;'>Te ayudamos a hacer el primer paso, con acompa\u00f1amiento experto y sin coste para la empresa<\/span><\/p> <p><span style='font-family: verdana, geneva, sans-serif; font-size: 12px;'>Internacionalizarse es una oportunidad de crecimiento, pero a menudo tambi\u00e9n genera dudas: por donde empezar, qu\u00e9 mercados priorizar, qu\u00e9 recursos hacen falta o qu\u00e9 riesgos se tienen que tener en cuenta.<\/span><\/p> <p><span style='font-family: verdana, geneva, sans-serif; font-size: 12px;'>Para ayudar a las empresas catalanas a iniciar este camino con m\u00e1s seguridad, ACCI\u00d3 impulsa el programa <a href='https:\/\/eur04.safelinks.protection.outlook.com\/?url=https%3A%2F%2Fpublic-eur.mkt.dynamics.com%2Fapi%2Forgs%2F8d5eafb0-f8ac-4ccb-a7c1-a2767b978f43%2Fr%2F45lUdRwU40Oc5p9I3g8DABEAAAA%3Fmsdynmkt_target%3D%257B%2522TargetUrl%2522%253A%2522https%25253A%25252F%25252Feur04.safelinks.protection.outlook.com%25252F%25253Furl%25253Dhttps%2525253A%2525252F%2525252Fpublic-eur.mkt.dynamics.com%2525252Fapi%2525252Forgs%2525252F8d5eafb0-f8ac-4ccb-a7c1-a2767b978f43%2525252Fr%2525252FubNm8_1fYkKKybgcijEBAAEAAAA%2525253Fmsdynmkt_target%2525253D%252525257B%2525252522TargetUrl%2525252522%252525253A%2525252522https%25252525253A%25252525252F%25252525252Feur04.safelinks.protection.outlook.com%25252525252F%25252525253Furl%25252525253Dhttps%2525252525253A%2525252525252F%2525252525252Fpublic-eur.mkt.dynamics.com%2525252525252Fapi%2525252525252Forgs%2525252525252F8d5eafb0-f8ac-4ccb-a7c1-a2767b978f43%2525252525252Fr%2525252525252FaITv1hKS8kSs6wB3jXECAAsAAAA%2525252525253Fmsdynmkt_target%2525252525253D%252525252525257B%2525252525252522TargetUrl%2525252525252522%252525252525253A%2525252525252522https%25252525252525253A%25252525252525252F%25252525252525252Feur04.safelinks.protection.outlook.com%25252525252525252F%25252525252525253Furl%25252525252525253Dhttps%2525252525252525253A%2525252525252525252F%2525252525252525252Fpublic-eur.mkt.dynamics.com%2525252525252525252Fapi%2525252525252525252Forgs%2525252525252525252F8d5eafb0-f8ac-4ccb-a7c1-a2767b978f43%2525252525252525252Fr%2525252525252525252FLn5gxxoARECGTxqFI30DAAsAAAA%2525252525252525253Fmsdynmkt_target%2525252525252525253D%252525252525252525257B%2525252525252525252522TargetUrl%2525252525252525252522%252525252525252525253A%2525252525252525252522https%25252525252525252525253A%25252525252525252525252F%25252525252525252525252Fformularis.accio.gencat.cat%25252525252525252525252Fweb%25252525252525252525252Fformularis%25252525252525252525252Finscripcions%25252525252525252525252F-%25252525252525252525252Finscripcio%25252525252525252525252F2026%25252525252525252525252F02%25252525252525252525252F03%25252525252525252525252FOnkrUbTR_SM9nz_z85jUAA%25252525252525252525252Fsollicitud-de-diagnostic-pie-foment%25252525252525252525252F%25252525252525252525253Flang%25252525252525252525253Dca_ES%252525252525252525252526portal%25252525252525252525253Daccio%252525252525252525252526_gl%25252525252525252525253D1%25252525252525252525252A9dm0zh%25252525252525252525252A_ga%25252525252525252525252AMTI0NzIzNzQyMC4xNzEyODIyOTgy%25252525252525252525252A_ga_6HSVZS0K1X%25252525252525252525252AczE3NzI3MjM4MjckbzE4OSRnMCR0MTc3MjcyMzgzMiRqNTUkbDAkaDA%2525252525252525252522%252525252525252525252C%2525252525252525252522RedirectOptions%2525252525252525252522%252525252525252525253A%252525252525252525257B%25252525252525252525225%2525252525252525252522%252525252525252525253Anull%252525252525252525252C%25252525252525252525221%2525252525252525252522%252525252525252525253Anull%252525252525252525257D%252525252525252525257D%25252525252525252526msdynmkt_digest%2525252525252525253DA1vZltR2b3nESlG%252525252525252525252BdOmS7YeZ5GTW3dinAdHW2pwAZaw%252525252525252525253D%25252525252525252526msdynmkt_secretVersion%2525252525252525253D7bb221762d0c46939816d3a5592b1359%252525252525252526data%25252525252525253D05%2525252525252525257C02%2525252525252525257Csramirez%25252525252525252540foment.com%2525252525252525257Cc7e7a4617105465e160408de83531847%2525252525252525257Cf37c938d38654a89b99bb000c76a74bf%2525252525252525257C1%2525252525252525257C0%2525252525252525257C639092590089463447%2525252525252525257CUnknown%2525252525252525257CTWFpbGZsb3d8eyJFbXB0eU1hcGkiOnRydWUsIlYiOiIwLjAuMDAwMCIsIlAiOiJXaW4zMiIsIkFOIjoiTWFpbCIsIldUIjoyfQ%2525252525252525253D%2525252525252525253D%2525252525252525257C0%2525252525252525257C%2525252525252525257C%2525252525252525257C%252525252525252526sdata%25252525252525253D8wWi3Z4S7N5i5VCO2QP6AvtWJylRMKEZbvPje18Pg90%2525252525252525253D%252525252525252526reserved%25252525252525253D0%2525252525252522%252525252525252C%2525252525252522RedirectOptions%2525252525252522%252525252525253A%252525252525257B%25252525252525225%2525252525252522%252525252525253Anull%252525252525252C%25252525252525221%2525252525252522%252525252525253Anull%252525252525257D%252525252525257D%25252525252526msdynmkt_digest%2525252525253DYIZexQWs7uZ2WhUfgJqeZuryKVb2vajIvtYv5qE8oRY%252525252525253D%25252525252526msdynmkt_secretVersion%2525252525253D7bb221762d0c46939816d3a5592b1359%252525252526data%25252525253D05%2525252525257C02%2525252525257Csramirez%25252525252540foment.com%2525252525257C565760556e6c4cf5c35308de84384967%2525252525257Cf37c938d38654a89b99bb000c76a74bf%2525252525257C1%2525252525257C0%2525252525257C639093574480490085%2525252525257CUnknown%2525252525257CTWFpbGZsb3d8eyJFbXB0eU1hcGkiOnRydWUsIlYiOiIwLjAuMDAwMCIsIlAiOiJXaW4zMiIsIkFOIjoiTWFpbCIsIldUIjoyfQ%2525252525253D%2525252525253D%2525252525257C0%2525252525257C%2525252525257C%2525252525257C%252525252526sdata%25252525253DN3y2QAkHHQEwnwslqril%2525252525252B%2525252525252BjbsTmbpaH1gsQUjqlx6ho%2525252525253D%252525252526reserved%25252525253D0%2525252522%252525252C%2525252522RedirectOptions%2525252522%252525253A%252525257B%25252525225%2525252522%252525253Anull%252525252C%25252525221%2525252522%252525253Anull%252525257D%252525257D%25252526msdynmkt_digest%2525253DHxSIjxqNyMzq4m6G1OWkNS%252525252FYEFefhiIl8o9iQscMDnI%252525253D%25252526msdynmkt_secretVersion%2525253D7bb221762d0c46939816d3a5592b1359%252526data%25253D05%2525257C02%2525257Csramirez%25252540foment.com%2525257C1d01451646264e7fca2308de88baf1ef%2525257Cf37c938d38654a89b99bb000c76a74bf%2525257C1%2525257C0%2525257C639098533660479269%2525257CUnknown%2525257CTWFpbGZsb3d8eyJFbXB0eU1hcGkiOnRydWUsIlYiOiIwLjAuMDAwMCIsIlAiOiJXaW4zMiIsIkFOIjoiTWFpbCIsIldUIjoyfQ%2525253D%2525253D%2525257C0%2525257C%2525257C%2525257C%252526sdata%25253DF6gmzEwyPcPCX%2525252FFmsqBkWV3LiHiEx0w4lH5lts42Hng%2525253D%252526reserved%25253D0%2522%252C%2522RedirectOptions%2522%253A%257B%25225%2522%253Anull%252C%25221%2522%253Anull%257D%257D%26msdynmkt_digest%3D3pnr7eA2jjjY5%252F04VJpOmyfkKAFHOW2zndgIqJQ0jxA%253D%26msdynmkt_secretVersion%3D7bb221762d0c46939816d3a5592b1359&amp;data=05%7C02%7Csramirez%40foment.com%7C8afd359eaf024f6ce18108de88eb9768%7Cf37c938d38654a89b99bb000c76a74bf%7C1%7C0%7C639098742622094506%7CUnknown%7CTWFpbGZsb3d8eyJFbXB0eU1hcGkiOnRydWUsIlYiOiIwLjAuMDAwMCIsIlAiOiJXaW4zMiIsIkFOIjoiTWFpbCIsIldUIjoyfQ%3D%3D%7C0%7C%7C%7C&amp;sdata=RF2IvKaN3BnkM2OkD4LFqQyO6nwzeRjNzkD66ncBS00%3D&amp;reserved=0'>CATALU\u00d1A EXPORTA<\/a>, dirigido a empresas que quieren iniciarse en la internacionalizaci\u00f3n con un enfoque practic y personalizado.<\/span><\/p> <p><span style='font-family: verdana, geneva, sans-serif; font-size: 12px;'>Desde <a href='https:\/\/eur04.safelinks.protection.outlook.com\/?url=https%3A%2F%2Fpublic-eur.mkt.dynamics.com%2Fapi%2Forgs%2F8d5eafb0-f8ac-4ccb-a7c1-a2767b978f43%2Fr%2F45lUdRwU40Oc5p9I3g8DABIAAAA%3Fmsdynmkt_target%3D%257B%2522TargetUrl%2522%253A%2522https%25253A%25252F%25252Feur04.safelinks.protection.outlook.com%25252F%25253Furl%25253Dhttps%2525253A%2525252F%2525252Fpublic-eur.mkt.dynamics.com%2525252Fapi%2525252Forgs%2525252F8d5eafb0-f8ac-4ccb-a7c1-a2767b978f43%2525252Fr%2525252FubNm8_1fYkKKybgcijEBAAIAAAA%2525253Fmsdynmkt_target%2525253D%252525257B%2525252522TargetUrl%2525252522%252525253A%2525252522https%25252525253A%25252525252F%25252525252Fwww.foment.com%25252525252Fes%25252525252Fcatalunya-exporta%25252525252F%2525252525231767799497417-fa3ae53f-0b5b%2525252522%252525252C%2525252522RedirectOptions%2525252522%252525253A%252525257B%25252525220%2525252522%252525253Anull%252525257D%252525257D%25252526msdynmkt_digest%2525253DbK7c94w0eFraOy9eOgKfYNJ21gIDfLiaSBNv7Ob%252525252FUbc%252525253D%25252526msdynmkt_secretVersion%2525253D7bb221762d0c46939816d3a5592b1359%252526data%25253D05%2525257C02%2525257Csramirez%25252540foment.com%2525257C1d01451646264e7fca2308de88baf1ef%2525257Cf37c938d38654a89b99bb000c76a74bf%2525257C1%2525257C0%2525257C639098533660503029%2525257CUnknown%2525257CTWFpbGZsb3d8eyJFbXB0eU1hcGkiOnRydWUsIlYiOiIwLjAuMDAwMCIsIlAiOiJXaW4zMiIsIkFOIjoiTWFpbCIsIldUIjoyfQ%2525253D%2525253D%2525257C0%2525257C%2525257C%2525257C%252526sdata%25253DnU%2525252FdP3SzDdBLN%2525252BjGlM%2525252BfjpHC30Tp2sKQXa53D7Snr8M%2525253D%252526reserved%25253D0%2522%252C%2522RedirectOptions%2522%253A%257B%25225%2522%253Anull%252C%25221%2522%253Anull%257D%257D%26msdynmkt_digest%3DTMCFNOfb0%252BXu2BCcvcmDJAmwBhXs4eG0zaVP3L6%252BdE8%253D%26msdynmkt_secretVersion%3D7bb221762d0c46939816d3a5592b1359&amp;data=05%7C02%7Csramirez%40foment.com%7C8afd359eaf024f6ce18108de88eb9768%7Cf37c938d38654a89b99bb000c76a74bf%7C1%7C0%7C639098742622129140%7CUnknown%7CTWFpbGZsb3d8eyJFbXB0eU1hcGkiOnRydWUsIlYiOiIwLjAuMDAwMCIsIlAiOiJXaW4zMiIsIkFOIjoiTWFpbCIsIldUIjoyfQ%3D%3D%7C0%7C%7C%7C&amp;sdata=7C9e9pDVf6wZNVwO657qL7YmUDx8m2tkhPCf77GkKqM%3D&amp;reserved=0'>Foment del Treball<\/a>, como entidad colaboradora y agente de apoyo a la internacionalizaci\u00f3n, te acompa\u00f1amos en este proceso para que puedas valorar tu potencial exportador y definir los primeros pasos con criterio.<\/span><\/p> <div class='ms-Grid-row'> <div class='ts-textfield-container ' lang='es'> <div class='ts-alignment-view-container'> <div id='ts-alignment-view-idtgt' class='ts-alignment-view ms-font-m ts-alignment-view-tgt ts-ltr-left-zero' tabindex='0' aria-hidden='false'> <div tabindex='-1' role='label'><span id='tgtAlignment_84' class='ts-alignment-element' style='font-family: verdana, geneva, sans-serif; font-size: 12px;' data-is-focusable='true'>El<\/span> <span id='tgtAlignment_85' class='ts-alignment-element' style='font-family: verdana, geneva, sans-serif; font-size: 12px;' data-is-focusable='true'>objetivo<\/span> <span id='tgtAlignment_86' class='ts-alignment-element' style='font-family: verdana, geneva, sans-serif; font-size: 12px;' data-is-focusable='true'>de<\/span> <span id='tgtAlignment_87' class='ts-alignment-element' style='font-family: verdana, geneva, sans-serif; font-size: 12px;' data-is-focusable='true'>la\u00a0<\/span> <span id='tgtAlignment_88' class='ts-alignment-element' style='font-family: verdana, geneva, sans-serif; font-size: 12px;' data-is-focusable='true'>sesi\u00f3n<\/span> <strong style='font-family: verdana, geneva, sans-serif; font-size: 12px;'>C\u00d3MO IDENTIFICAR LOS MERCADOS CON M\u00c1S OPORTUNIDADES<\/strong> <span id='tgtAlignment_89' class='ts-alignment-element' style='font-family: verdana, geneva, sans-serif; font-size: 12px;' data-is-focusable='true'>es<\/span> <span id='tgtAlignment_90' class='ts-alignment-element' style='font-family: verdana, geneva, sans-serif; font-size: 12px;' data-is-focusable='true'>aprender<\/span> <span id='tgtAlignment_91' class='ts-alignment-element' style='font-family: verdana, geneva, sans-serif; font-size: 12px;' data-is-focusable='true'>a<\/span> <span id='tgtAlignment_92' class='ts-alignment-element' style='font-family: verdana, geneva, sans-serif; font-size: 12px;' data-is-focusable='true'>analizar<\/span> <span id='tgtAlignment_93' class='ts-alignment-element' style='font-family: verdana, geneva, sans-serif; font-size: 12px;' data-is-focusable='true'>los<\/span> <span id='tgtAlignment_94' class='ts-alignment-element' style='font-family: verdana, geneva, sans-serif; font-size: 12px;' data-is-focusable='true'>mercados<\/span> <span id='tgtAlignment_95' class='ts-alignment-element' style='font-family: verdana, geneva, sans-serif; font-size: 12px;' data-is-focusable='true'>internacionales<\/span> <span id='tgtAlignment_96' class='ts-alignment-element' style='font-family: verdana, geneva, sans-serif; font-size: 12px;' data-is-focusable='true'>para<\/span> <span id='tgtAlignment_97' class='ts-alignment-element' style='font-family: verdana, geneva, sans-serif; font-size: 12px;' data-is-focusable='true'>identificar<\/span> <span id='tgtAlignment_98' class='ts-alignment-element' style='font-family: verdana, geneva, sans-serif; font-size: 12px;' data-is-focusable='true'>y<\/span> <span id='tgtAlignment_99' class='ts-alignment-element' style='font-family: verdana, geneva, sans-serif; font-size: 12px;' data-is-focusable='true'>seleccionar<\/span> <span id='tgtAlignment_100' class='ts-alignment-element' style='font-family: verdana, geneva, sans-serif; font-size: 12px;' data-is-focusable='true'>los<\/span> <span id='tgtAlignment_101' class='ts-alignment-element' style='font-family: verdana, geneva, sans-serif; font-size: 12px;' data-is-focusable='true'>m\u00e1s<\/span> <span id='tgtAlignment_102' class='ts-alignment-element' style='font-family: verdana, geneva, sans-serif; font-size: 12px;' data-is-focusable='true'>adecuados,<\/span> <span id='tgtAlignment_103' class='ts-alignment-element' style='font-family: verdana, geneva, sans-serif; font-size: 12px;' data-is-focusable='true'>utilizando<\/span> <span id='tgtAlignment_104' class='ts-alignment-element' style='font-family: verdana, geneva, sans-serif; font-size: 12px;' data-is-focusable='true'>fuentes<\/span> <span id='tgtAlignment_105' class='ts-alignment-element' style='font-family: verdana, geneva, sans-serif; font-size: 12px;' data-is-focusable='true'>de<\/span> <span id='tgtAlignment_106' class='ts-alignment-element' style='font-family: verdana, geneva, sans-serif; font-size: 12px;' data-is-focusable='true'>informaci\u00f3n,<\/span> <span id='tgtAlignment_107' class='ts-alignment-element' style='font-family: verdana, geneva, sans-serif; font-size: 12px;' data-is-focusable='true'>criterios<\/span> <span id='tgtAlignment_108' class='ts-alignment-element' style='font-family: verdana, geneva, sans-serif; font-size: 12px;' data-is-focusable='true'>de<\/span> <span id='tgtAlignment_109' class='ts-alignment-element' style='font-family: verdana, geneva, sans-serif; font-size: 12px;' data-is-focusable='true'>priorizaci\u00f3n,<\/span> <span id='tgtAlignment_110' class='ts-alignment-element' style='font-family: verdana, geneva, sans-serif; font-size: 12px;' data-is-focusable='true'>an\u00e1lisis<\/span> <span id='tgtAlignment_111' class='ts-alignment-element' style='font-family: verdana, geneva, sans-serif; font-size: 12px;' data-is-focusable='true'>de<\/span> <span id='tgtAlignment_112' class='ts-alignment-element' style='font-family: verdana, geneva, sans-serif; font-size: 12px;' data-is-focusable='true'>la<\/span> <span id='tgtAlignment_113' class='ts-alignment-element' style='font-family: verdana, geneva, sans-serif; font-size: 12px;' data-is-focusable='true'>competencia<\/span> <span id='tgtAlignment_114' class='ts-alignment-element' style='font-family: verdana, geneva, sans-serif; font-size: 12px;' data-is-focusable='true'>y<\/span> <span id='tgtAlignment_115' class='ts-alignment-element' style='font-family: verdana, geneva, sans-serif; font-size: 12px;' data-is-focusable='true'>un<\/span> <span id='tgtAlignment_116' class='ts-alignment-element' style='font-family: verdana, geneva, sans-serif; font-size: 12px;' data-is-focusable='true'>mapa<\/span> <span id='tgtAlignment_117' class='ts-alignment-element' style='font-family: verdana, geneva, sans-serif; font-size: 12px;' data-is-focusable='true'>de<\/span> <span id='tgtAlignment_118' class='ts-alignment-element' style='font-family: verdana, geneva, sans-serif; font-size: 12px;' data-is-focusable='true'>oportunidades.<\/span><\/div> <div tabindex='-1' role='label'> <p>&nbsp;<\/p> <p><span style='color: #d2112d;'><strong style='font-family: verdana, geneva, sans-serif; font-size: 12px;'>PROGRAMA<\/strong><\/span><\/p> <p><span style='font-family: verdana, geneva, sans-serif; font-size: 12px;'><span id='tgtAlignment_120' class='ts-alignment-element' style='color: #d2112d;' data-is-focusable='true'>09:00<\/span><span id='tgtAlignment_121' class='ts-alignment-element' style='color: #d2112d;' data-is-focusable='true'>h.<\/span><span style='color: #d2112d;'> | <\/span><span id='tgtAlignment_122' class='ts-alignment-element' style='color: #d2112d;' data-is-focusable='true'>Bienvenida<\/span> <span id='tgtAlignment_123' class='ts-alignment-element' style='color: #d2112d;' data-is-focusable='true'>y<\/span> <span id='tgtAlignment_124' class='ts-alignment-element' style='color: #d2112d;' data-is-focusable='true'>presentaci\u00f3n<\/span> <span id='tgtAlignment_125' class='ts-alignment-element' style='color: #d2112d;' data-is-focusable='true'>del<\/span> <span id='tgtAlignment_126' class='ts-alignment-element' style='color: #d2112d;' data-is-focusable='true'>Programa<\/span> <span id='tgtAlignment_127' class='ts-alignment-element' style='color: #d2112d;' data-is-focusable='true'>Catalu\u00f1a<\/span> <span id='tgtAlignment_128' class='ts-alignment-element' style='color: #d2112d;' data-is-focusable='true'>Exporta<\/span><\/span><\/p> <\/div> <\/div> <\/div> <\/div> <\/div> <div class='ms-Grid-row'> <div class='ts-textfield-container ' lang='es'> <div class='ts-alignment-view-container'> <div id='ts-alignment-view-idtgt' class='ts-alignment-view ms-font-m ts-alignment-view-tgt ts-ltr-left-zero' tabindex='0' aria-hidden='false'> <div tabindex='-1' role='label'><span style='color: #d2112d; font-family: verdana, geneva, sans-serif; font-size: 12px;'><span id='tgtAlignment_129' class='ts-alignment-element' data-is-focusable='true'>09:10<\/span><span id='tgtAlignment_130' class='ts-alignment-element' data-is-focusable='true'>h.<\/span> | <strong><span id='tgtAlignment_131' class='ts-alignment-element' data-is-focusable='true'>C\u00f3mo<\/span> <span id='tgtAlignment_132' class='ts-alignment-element' data-is-focusable='true'>identificar<\/span> <span id='tgtAlignment_133' class='ts-alignment-element' data-is-focusable='true'>los<\/span> <span id='tgtAlignment_134' class='ts-alignment-element' data-is-focusable='true'>mercados<\/span> <span id='tgtAlignment_135' class='ts-alignment-element' data-is-focusable='true'>con<\/span> <span id='tgtAlignment_136' class='ts-alignment-element' data-is-focusable='true'>m\u00e1s<\/span> <span id='tgtAlignment_137' class='ts-alignment-element' data-is-focusable='true'>oportunidades<\/span><\/strong><\/span><\/div> <\/div> <div id='ts-alignment-view-idtgt' class='ts-alignment-view ms-font-m ts-alignment-view-tgt ts-ltr-left-zero' tabindex='0' aria-hidden='false'> <div style='padding-left: 40px;' tabindex='-1' role='label'><span style='font-family: verdana, geneva, sans-serif; font-size: 12px;'><strong><span id='tgtAlignment_138' class='ts-alignment-element' data-is-focusable='true'>Isabel <\/span><\/strong><span id='tgtAlignment_139' class='ts-alignment-element' data-is-focusable='true'><strong>Garcia<\/strong>,<\/span> <span id='tgtAlignment_140' class='ts-alignment-element' data-is-focusable='true'>Senior<\/span> <span id='tgtAlignment_141' class='ts-alignment-element' data-is-focusable='true'>International<\/span> <span id='tgtAlignment_142' class='ts-alignment-element' data-is-focusable='true'>Consultant,<\/span> <span id='tgtAlignment_143' class='ts-alignment-element' data-is-focusable='true'>BarcelonaExport<\/span><\/span><\/div> <div tabindex='-1' role='label'><\/div> <div tabindex='-1' role='label'><span style='color: #d2112d; font-family: verdana, geneva, sans-serif; font-size: 12px;'><span id='tgtAlignment_144' class='ts-alignment-element' data-is-focusable='true'>10:20<\/span><span id='tgtAlignment_145' class='ts-alignment-element' data-is-focusable='true'>h.<\/span> | <span id='tgtAlignment_146' class='ts-alignment-element' data-is-focusable='true'>Turno<\/span> <span id='tgtAlignment_147' class='ts-alignment-element' data-is-focusable='true'>de<\/span> <span id='tgtAlignment_148' class='ts-alignment-element' data-is-focusable='true'>preguntas<\/span><\/span><\/div> <div tabindex='-1' role='label'><\/div> <div tabindex='-1' role='label'><span style='color: #d2112d; font-family: verdana, geneva, sans-serif; font-size: 12px;'><span id='tgtAlignment_149' class='ts-alignment-element' data-is-focusable='true'>10:30<\/span><span id='tgtAlignment_150' class='ts-alignment-element' data-is-focusable='true'>h.<\/span> | <span id='tgtAlignment_151' class='ts-alignment-element' data-is-focusable='true'>Fin<\/span> <span id='tgtAlignment_152' class='ts-alignment-element' data-is-focusable='true'>de<\/span> <span id='tgtAlignment_153' class='ts-alignment-element' data-is-focusable='true'>la<\/span> <span id='tgtAlignment_154' class='ts-alignment-element' data-is-focusable='true'>sesi\u00f3n<\/span><\/span><\/div> <\/div> <\/div> <\/div> <\/div> <div tabindex='-1' role='label'><\/div> <div tabindex='-1' role='label'><\/div> <div tabindex='-1' role='label'><\/div> <div class='ms-Grid-row'> <div class='ts-textfield-container ' lang='es'> <div class='ts-alignment-view-container'> <div id='ts-alignment-view-idtgt' class='ts-alignment-view ms-font-m ts-alignment-view-tgt ts-ltr-left-zero' tabindex='0' aria-hidden='false'><\/div> <\/div> <\/div> <\/div> <div class='ms-Grid-row'> <div id='CollapsibleComponent'> <div id='CollapsibleComponentHeader' class='ts-collapsible-component-header' tabindex='0' role='button' aria-label='Traducciones de mercados' aria-expanded='true'><\/div> <div id='CollapsibleComponentBody' class='ts-margin-top-5px'> <div class='ts-alternate-translations'> <div class='ts-alternate-translations-group'> <div class='ms-List ts-alternate-translations-list' role='list'> <div class='ms-List-surface' role='presentation'> <div class='ms-List-page' role='presentation'> <div class='ms-List-cell' role='listitem' data-list-index='0' data-automationid='ListCell'> <div id='alternate-translations-item_0_0' class='ts-altTranslation-container'> <div class='ts-altTranslation-container-main'> <div id='alternate-translations-item_0_0_content' class='ts-altTranslation-content' tabindex='0'><\/div> <\/div> <\/div> <\/div> <\/div> <\/div> <\/div> <\/div> <\/div> <\/div> <\/div> <\/div> <p>[\/vc_column_text][\/vc_column][\/vc_row][vc_row][vc_column width=\u00bb1\/1&#8243;]<div class='single_image wpb_content_element align-left    ' data-animation='none' data-delay='0'><img width='1900' height='300' src='https:\/\/www.foment.com\/wp-content\/uploads\/2026\/03\/ACCIO-1.png' class='attachment-full' alt='' loading='lazy' title='ACCI\u00d3' srcset='https:\/\/www.foment.com\/wp-content\/uploads\/2026\/03\/ACCIO-1.png 1900w, https:\/\/www.foment.com\/wp-content\/uploads\/2026\/03\/ACCIO-1-300x47.png 300w, https:\/\/www.foment.com\/wp-content\/uploads\/2026\/03\/ACCIO-1-1024x162.png 1024w, https:\/\/www.foment.com\/wp-content\/uploads\/2026\/03\/ACCIO-1-768x121.png 768w, https:\/\/www.foment.com\/wp-content\/uploads\/2026\/03\/ACCIO-1-1536x243.png 1536w' sizes='(max-width: 1900px) 100vw, 1900px' \/><\/div>[\/vc_column][\/vc_row][vc_row][vc_column width=\u00bb1\/2&#8243;][vc_column_text]<span style='font-family: verdana, geneva, sans-serif; font-size: 12px;'>Amb el suport de:\u00a0<\/span>[\/vc_column_text]<div class='single_image wpb_content_element align-left    ' data-animation='none' data-delay='0'><a href='http:\/\/www.accio.gencat.cat' target='_self'><img width='300' height='67' src='https:\/\/www.foment.com\/wp-content\/uploads\/2026\/03\/Imagen2-1-300x67.png' class='attachment-medium' alt='' loading='lazy' title='Imagen2' srcset='https:\/\/www.foment.com\/wp-content\/uploads\/2026\/03\/Imagen2-1-300x67.png 300w, https:\/\/www.foment.com\/wp-content\/uploads\/2026\/03\/Imagen2-1.png 314w' sizes='(max-width: 300px) 100vw, 300px' \/><\/a><\/div>[\/vc_column][vc_column width=\u00bb1\/2&#8243;][vc_column_text]<span style='font-family: verdana, geneva, sans-serif; font-size: 12px;'>Agent de suport de la Internacionalitzaci\u00f3<\/span>[\/vc_column_text]<div class='single_image wpb_content_element align-left    ' data-animation='none' data-delay='0'><img width='274' height='300' src='https:\/\/www.foment.com\/wp-content\/uploads\/2025\/11\/Agent-Suport-Internacionalizacio_Vertical-274x300.png' class='attachment-medium' alt='' loading='lazy' title='Agent Suport Internacionalizaci\u00f3_Vertical' srcset='https:\/\/www.foment.com\/wp-content\/uploads\/2025\/11\/Agent-Suport-Internacionalizacio_Vertical-274x300.png 274w, https:\/\/www.foment.com\/wp-content\/uploads\/2025\/11\/Agent-Suport-Internacionalizacio_Vertical-768x842.png 768w, https:\/\/www.foment.com\/wp-content\/uploads\/2025\/11\/Agent-Suport-Internacionalizacio_Vertical.png 778w' sizes='(max-width: 274px) 100vw, 274px' \/><\/div>[\/vc_column][\/vc_row]<\/p> \",\"location\":[{\"@type\":\"Place\",\"name\":\"Webinar por Zoom\",\"address\":{\"@type\": \"PostalAddress\",\"streetAddress\":\"Webinar per Zoom\"}}],\"organizer\":{\"@type\":\"Organization\",\"name\":\"Internacional\"},\"performer\":{\"@type\":\"Person\",\"name\":\"Internacional\"},\"eventStatus\":\"https:\/\/schema.org\/EventScheduled\"}<\/script><\/div>\n\t\t\t\t<p class=\"desc_trig_outter\" style=\"background-color:#ffffff;flex-direction: row;\"><a data-gmap_status=\"null\" data-exlk=\"1\"  style=\"border-color: #0db270;\" id=\"evc_1783414800216648\" class=\"hasFtIMG desc_trig evo_internacional-es-2 evo_misiones-internacionales sin_val evcal_list_a\" data-ux_val=\"3\"  ><span class='ev_ftImg' data-img='https:\/\/www.foment.com\/wp-content\/uploads\/2026\/03\/Diseno-sin-titulo-8-1-scaled.jpg' data-thumb='https:\/\/www.foment.com\/wp-content\/uploads\/2026\/03\/Diseno-sin-titulo-8-1-300x150.jpg' style='background-image:url(\"https:\/\/www.foment.com\/wp-content\/uploads\/2026\/03\/Diseno-sin-titulo-8-1-300x150.jpg\")'><\/span><style>.ajde_evcal_calendar.boxy #evcal_list .eventon_list_event .evcal_desc em{color:black;}<\/style><span style='width:100%; background-color:#0db270 !important;' class='evcal_cblock ' data-smon='julio' data-syr='2026'><span style='margin-top: 7px;margin-bottom: 7px;' class='evo_start '><em class='date'>07<\/em><em class='month'>jul<\/em><em class='time'>9:00<\/em><\/span><span style='margin-top: 7px;margin-bottom: 7px;' class='evo_end only_time'><em class='time'>10:30<\/em><\/span><em class='clear'><\/em><\/span><span class='evcal_desc evo_info '  data-location_address=\"Webinar per Zoom\" data-location_type=\"address\" data-location_name=\"Webinar por Zoom\" data-location_url=\"https:\/\/www.foment.com\/es\/event-location\/webinar-por-zoom\/\" data-location_status=\"true\" ><span class='evo_above_title'><\/span><span class='evcal_desc2 evcal_event_title hbaevatitle' itemprop='name'>Webinar | C\u00d3MO IDENTIFICAR LOS MERCADOS CON M\u00c1S OPORTUNIDADES<\/span><span class='evo_below_title'><span class='evcal_event_subtitle' >Programa Catalunya Exporta<\/span><\/span><span class='evcal_desc_info' ><em class='evcal_time evo_tz_time'>9:00 - 10:30<\/em> <\/span><span class='evcal_desc3'><em class=\"evcal_location\"  data-add_str=\"\"><em class=\"event_location_name\">Webinar por Zoom<\/em><\/em><\/span><span style='height: 60px;'  class='evcal_desc3' ><span class='evcal_event_types ett1'><em>C =<\/em><em data-filter='event_type'>Internacional,<\/em><em data-filter='event_type'>Misiones Internacionales<\/em><i class='clear'><\/i><\/span><\/span><\/span><em class='clear'><\/em><\/a><\/p><div class='event_description evcal_eventcard ' style=\"display:none\"><div class='evo_metarow_fimg evorow evcal_evdata_img evcal_evdata_row  evo_imghover' data-imgheight='1280' data-imgwidth='2560'  style='background-image: url(\"https:\/\/www.foment.com\/wp-content\/uploads\/2026\/03\/Diseno-sin-titulo-8-1-scaled.jpg\")' data-imgstyle='full' data-minheight='400' data-status=''><\/div><div class='evcal_evdata_row evorow_2b evo_metarow_time_location evorow  '>\n\t\t\t\t\t\t\t\t<div class='evorow_b evorow_b1 evo_time'>\n\t\t\t\t\t\t\t\t\t<span class='evcal_evdata_icons'><i class='fa fa-clock'><\/i><\/span>\n\t\t\t\t\t\t\t\t\t<div class='evcal_evdata_cell'>\t\t\t\t\t\t\t\n\t\t\t\t\t\t\t\t\t\t<h3 class='evo_h3'><span class='evcal_evdata_icons'><i class='fa fa-clock'><\/i><\/span>Horario<\/h3>\n\t\t\t\t\t\t\t\t\t\t<p><span class='evo_eventcard_time_t'>(Martes) 9:00 - 10:30<\/span><\/p>\n\t\t\t\t\t\t\t\t\t<\/div>\n\t\t\t\t\t\t\t\t<\/div>\n\t\t\t\t\t\t\t\t<div class='evorow_b evo_location'>\n\t\t\t\t\t\t\t\t\t<span class='evcal_evdata_icons'><i class='fa fa-map-marker-alt'><\/i><\/span>\n\t\t\t\t\t\t\t\t\t<div class='evcal_evdata_cell' data-loc_tax_id='3536'><h3 class='evo_h3'><span class='evcal_evdata_icons'><i class='fa fa-map-marker-alt'><\/i><\/span>Lugar<\/h3><p class='evo_location_name'>Webinar por Zoom<\/p><p class='evo_location_address'>Webinar per Zoom<\/p><\/div>\n\t\t\t\t\t\t\t\t<\/div>\n\t\t\t\t\t\t\t\t\n\t\t\t\t\t\t\t<\/div><div class='evo_metarow_details evorow evcal_evdata_row evcal_event_details'>\n\t\t\t\t\t\t\t\t<div class=\"event_excerpt\" style=\"display:none\"><h3 class=\"padb5 evo_h3\">Detalles del evento<\/h3><p>[vc_row][vc_column][vc_btn title=\u00bbInscripci\u00f3n a la sesi\u00f3n\u00bb style=\u00bb3d\u00bb color=\u00bbdanger\u00bb align=\u00bbcenter\u00bb button_block=\u00bbtrue\u00bb link=\u00bburl:https%3A%2F%2Fwww.foment.com%2Fes%2Finscripciones-eventos%2F%3Fidevento%3DF8E8567F-4224-F111-8342-000D3ADCC39A|title:Inscripci%C3%B3n%20a%20la%20sesi%C3%B3n|target:_blank\u00bb][vc_column_text]\n&nbsp;\nQUIERES EMPEZAR A EXPORTAR?\n<\/p><\/div><span class='evcal_evdata_icons'><i class='fa fa-align-justify'><\/i><\/span>\n\t\t\t\t\t\t\t\t\n\t\t\t\t\t\t\t\t<div class='evcal_evdata_cell '>\n\t\t\t\t\t\t\t\t\t<div class='eventon_full_description'>\n\t\t\t\t\t\t\t\t\t\t<h3 class='padb5 evo_h3'><span class='evcal_evdata_icons'><i class='fa fa-align-justify'><\/i><\/span>Detalles del evento<\/h3>\n\t\t\t\t\t\t\t\t\t\t<div class='eventon_desc_in' itemprop='description'>\n\t\t\t\t\t\t\t\t\t\t<p>[vc_row][vc_column]<\/p>\n<div class=\"spacer\" style=\"height: 20px;\"><\/div>\n<p>[vc_btn title=\u00bbInscripci\u00f3n a la sesi\u00f3n\u00bb style=\u00bb3d\u00bb color=\u00bbdanger\u00bb align=\u00bbcenter\u00bb button_block=\u00bbtrue\u00bb link=\u00bburl:https%3A%2F%2Fwww.foment.com%2Fes%2Finscripciones-eventos%2F%3Fidevento%3DF8E8567F-4224-F111-8342-000D3ADCC39A|title:Inscripci%C3%B3n%20a%20la%20sesi%C3%B3n|target:_blank\u00bb]<\/p>\n<div class=\"spacer\" style=\"height: 20px;\"><\/div>\n<p>[vc_column_text]<\/p>\n<p>&nbsp;<\/p>\n<p><span style=\"color: #d2112d; font-family: verdana, geneva, sans-serif; font-size: 21px;\">QUIERES EMPEZAR A EXPORTAR?<\/span><\/p>\n<p><span style=\"color: #d2112d; font-family: verdana, geneva, sans-serif; font-size: 16px;\">Te ayudamos a hacer el primer paso, con acompa\u00f1amiento experto y sin coste para la empresa<\/span><\/p>\n<p><span style=\"font-family: verdana, geneva, sans-serif; font-size: 12px;\">Internacionalizarse es una oportunidad de crecimiento, pero a menudo tambi\u00e9n genera dudas: por donde empezar, qu\u00e9 mercados priorizar, qu\u00e9 recursos hacen falta o qu\u00e9 riesgos se tienen que tener en cuenta.<\/span><\/p>\n<p><span style=\"font-family: verdana, geneva, sans-serif; font-size: 12px;\">Para ayudar a las empresas catalanas a iniciar este camino con m\u00e1s seguridad, ACCI\u00d3 impulsa el programa <a href=\"https:\/\/eur04.safelinks.protection.outlook.com\/?url=https%3A%2F%2Fpublic-eur.mkt.dynamics.com%2Fapi%2Forgs%2F8d5eafb0-f8ac-4ccb-a7c1-a2767b978f43%2Fr%2F45lUdRwU40Oc5p9I3g8DABEAAAA%3Fmsdynmkt_target%3D%257B%2522TargetUrl%2522%253A%2522https%25253A%25252F%25252Feur04.safelinks.protection.outlook.com%25252F%25253Furl%25253Dhttps%2525253A%2525252F%2525252Fpublic-eur.mkt.dynamics.com%2525252Fapi%2525252Forgs%2525252F8d5eafb0-f8ac-4ccb-a7c1-a2767b978f43%2525252Fr%2525252FubNm8_1fYkKKybgcijEBAAEAAAA%2525253Fmsdynmkt_target%2525253D%252525257B%2525252522TargetUrl%2525252522%252525253A%2525252522https%25252525253A%25252525252F%25252525252Feur04.safelinks.protection.outlook.com%25252525252F%25252525253Furl%25252525253Dhttps%2525252525253A%2525252525252F%2525252525252Fpublic-eur.mkt.dynamics.com%2525252525252Fapi%2525252525252Forgs%2525252525252F8d5eafb0-f8ac-4ccb-a7c1-a2767b978f43%2525252525252Fr%2525252525252FaITv1hKS8kSs6wB3jXECAAsAAAA%2525252525253Fmsdynmkt_target%2525252525253D%252525252525257B%2525252525252522TargetUrl%2525252525252522%252525252525253A%2525252525252522https%25252525252525253A%25252525252525252F%25252525252525252Feur04.safelinks.protection.outlook.com%25252525252525252F%25252525252525253Furl%25252525252525253Dhttps%2525252525252525253A%2525252525252525252F%2525252525252525252Fpublic-eur.mkt.dynamics.com%2525252525252525252Fapi%2525252525252525252Forgs%2525252525252525252F8d5eafb0-f8ac-4ccb-a7c1-a2767b978f43%2525252525252525252Fr%2525252525252525252FLn5gxxoARECGTxqFI30DAAsAAAA%2525252525252525253Fmsdynmkt_target%2525252525252525253D%252525252525252525257B%2525252525252525252522TargetUrl%2525252525252525252522%252525252525252525253A%2525252525252525252522https%25252525252525252525253A%25252525252525252525252F%25252525252525252525252Fformularis.accio.gencat.cat%25252525252525252525252Fweb%25252525252525252525252Fformularis%25252525252525252525252Finscripcions%25252525252525252525252F-%25252525252525252525252Finscripcio%25252525252525252525252F2026%25252525252525252525252F02%25252525252525252525252F03%25252525252525252525252FOnkrUbTR_SM9nz_z85jUAA%25252525252525252525252Fsollicitud-de-diagnostic-pie-foment%25252525252525252525252F%25252525252525252525253Flang%25252525252525252525253Dca_ES%252525252525252525252526portal%25252525252525252525253Daccio%252525252525252525252526_gl%25252525252525252525253D1%25252525252525252525252A9dm0zh%25252525252525252525252A_ga%25252525252525252525252AMTI0NzIzNzQyMC4xNzEyODIyOTgy%25252525252525252525252A_ga_6HSVZS0K1X%25252525252525252525252AczE3NzI3MjM4MjckbzE4OSRnMCR0MTc3MjcyMzgzMiRqNTUkbDAkaDA%2525252525252525252522%252525252525252525252C%2525252525252525252522RedirectOptions%2525252525252525252522%252525252525252525253A%252525252525252525257B%25252525252525252525225%2525252525252525252522%252525252525252525253Anull%252525252525252525252C%25252525252525252525221%2525252525252525252522%252525252525252525253Anull%252525252525252525257D%252525252525252525257D%25252525252525252526msdynmkt_digest%2525252525252525253DA1vZltR2b3nESlG%252525252525252525252BdOmS7YeZ5GTW3dinAdHW2pwAZaw%252525252525252525253D%25252525252525252526msdynmkt_secretVersion%2525252525252525253D7bb221762d0c46939816d3a5592b1359%252525252525252526data%25252525252525253D05%2525252525252525257C02%2525252525252525257Csramirez%25252525252525252540foment.com%2525252525252525257Cc7e7a4617105465e160408de83531847%2525252525252525257Cf37c938d38654a89b99bb000c76a74bf%2525252525252525257C1%2525252525252525257C0%2525252525252525257C639092590089463447%2525252525252525257CUnknown%2525252525252525257CTWFpbGZsb3d8eyJFbXB0eU1hcGkiOnRydWUsIlYiOiIwLjAuMDAwMCIsIlAiOiJXaW4zMiIsIkFOIjoiTWFpbCIsIldUIjoyfQ%2525252525252525253D%2525252525252525253D%2525252525252525257C0%2525252525252525257C%2525252525252525257C%2525252525252525257C%252525252525252526sdata%25252525252525253D8wWi3Z4S7N5i5VCO2QP6AvtWJylRMKEZbvPje18Pg90%2525252525252525253D%252525252525252526reserved%25252525252525253D0%2525252525252522%252525252525252C%2525252525252522RedirectOptions%2525252525252522%252525252525253A%252525252525257B%25252525252525225%2525252525252522%252525252525253Anull%252525252525252C%25252525252525221%2525252525252522%252525252525253Anull%252525252525257D%252525252525257D%25252525252526msdynmkt_digest%2525252525253DYIZexQWs7uZ2WhUfgJqeZuryKVb2vajIvtYv5qE8oRY%252525252525253D%25252525252526msdynmkt_secretVersion%2525252525253D7bb221762d0c46939816d3a5592b1359%252525252526data%25252525253D05%2525252525257C02%2525252525257Csramirez%25252525252540foment.com%2525252525257C565760556e6c4cf5c35308de84384967%2525252525257Cf37c938d38654a89b99bb000c76a74bf%2525252525257C1%2525252525257C0%2525252525257C639093574480490085%2525252525257CUnknown%2525252525257CTWFpbGZsb3d8eyJFbXB0eU1hcGkiOnRydWUsIlYiOiIwLjAuMDAwMCIsIlAiOiJXaW4zMiIsIkFOIjoiTWFpbCIsIldUIjoyfQ%2525252525253D%2525252525253D%2525252525257C0%2525252525257C%2525252525257C%2525252525257C%252525252526sdata%25252525253DN3y2QAkHHQEwnwslqril%2525252525252B%2525252525252BjbsTmbpaH1gsQUjqlx6ho%2525252525253D%252525252526reserved%25252525253D0%2525252522%252525252C%2525252522RedirectOptions%2525252522%252525253A%252525257B%25252525225%2525252522%252525253Anull%252525252C%25252525221%2525252522%252525253Anull%252525257D%252525257D%25252526msdynmkt_digest%2525253DHxSIjxqNyMzq4m6G1OWkNS%252525252FYEFefhiIl8o9iQscMDnI%252525253D%25252526msdynmkt_secretVersion%2525253D7bb221762d0c46939816d3a5592b1359%252526data%25253D05%2525257C02%2525257Csramirez%25252540foment.com%2525257C1d01451646264e7fca2308de88baf1ef%2525257Cf37c938d38654a89b99bb000c76a74bf%2525257C1%2525257C0%2525257C639098533660479269%2525257CUnknown%2525257CTWFpbGZsb3d8eyJFbXB0eU1hcGkiOnRydWUsIlYiOiIwLjAuMDAwMCIsIlAiOiJXaW4zMiIsIkFOIjoiTWFpbCIsIldUIjoyfQ%2525253D%2525253D%2525257C0%2525257C%2525257C%2525257C%252526sdata%25253DF6gmzEwyPcPCX%2525252FFmsqBkWV3LiHiEx0w4lH5lts42Hng%2525253D%252526reserved%25253D0%2522%252C%2522RedirectOptions%2522%253A%257B%25225%2522%253Anull%252C%25221%2522%253Anull%257D%257D%26msdynmkt_digest%3D3pnr7eA2jjjY5%252F04VJpOmyfkKAFHOW2zndgIqJQ0jxA%253D%26msdynmkt_secretVersion%3D7bb221762d0c46939816d3a5592b1359&amp;data=05%7C02%7Csramirez%40foment.com%7C8afd359eaf024f6ce18108de88eb9768%7Cf37c938d38654a89b99bb000c76a74bf%7C1%7C0%7C639098742622094506%7CUnknown%7CTWFpbGZsb3d8eyJFbXB0eU1hcGkiOnRydWUsIlYiOiIwLjAuMDAwMCIsIlAiOiJXaW4zMiIsIkFOIjoiTWFpbCIsIldUIjoyfQ%3D%3D%7C0%7C%7C%7C&amp;sdata=RF2IvKaN3BnkM2OkD4LFqQyO6nwzeRjNzkD66ncBS00%3D&amp;reserved=0\">CATALU\u00d1A EXPORTA<\/a>, dirigido a empresas que quieren iniciarse en la internacionalizaci\u00f3n con un enfoque practic y personalizado.<\/span><\/p>\n<p><span style=\"font-family: verdana, geneva, sans-serif; font-size: 12px;\">Desde <a href=\"https:\/\/eur04.safelinks.protection.outlook.com\/?url=https%3A%2F%2Fpublic-eur.mkt.dynamics.com%2Fapi%2Forgs%2F8d5eafb0-f8ac-4ccb-a7c1-a2767b978f43%2Fr%2F45lUdRwU40Oc5p9I3g8DABIAAAA%3Fmsdynmkt_target%3D%257B%2522TargetUrl%2522%253A%2522https%25253A%25252F%25252Feur04.safelinks.protection.outlook.com%25252F%25253Furl%25253Dhttps%2525253A%2525252F%2525252Fpublic-eur.mkt.dynamics.com%2525252Fapi%2525252Forgs%2525252F8d5eafb0-f8ac-4ccb-a7c1-a2767b978f43%2525252Fr%2525252FubNm8_1fYkKKybgcijEBAAIAAAA%2525253Fmsdynmkt_target%2525253D%252525257B%2525252522TargetUrl%2525252522%252525253A%2525252522https%25252525253A%25252525252F%25252525252Fwww.foment.com%25252525252Fes%25252525252Fcatalunya-exporta%25252525252F%2525252525231767799497417-fa3ae53f-0b5b%2525252522%252525252C%2525252522RedirectOptions%2525252522%252525253A%252525257B%25252525220%2525252522%252525253Anull%252525257D%252525257D%25252526msdynmkt_digest%2525253DbK7c94w0eFraOy9eOgKfYNJ21gIDfLiaSBNv7Ob%252525252FUbc%252525253D%25252526msdynmkt_secretVersion%2525253D7bb221762d0c46939816d3a5592b1359%252526data%25253D05%2525257C02%2525257Csramirez%25252540foment.com%2525257C1d01451646264e7fca2308de88baf1ef%2525257Cf37c938d38654a89b99bb000c76a74bf%2525257C1%2525257C0%2525257C639098533660503029%2525257CUnknown%2525257CTWFpbGZsb3d8eyJFbXB0eU1hcGkiOnRydWUsIlYiOiIwLjAuMDAwMCIsIlAiOiJXaW4zMiIsIkFOIjoiTWFpbCIsIldUIjoyfQ%2525253D%2525253D%2525257C0%2525257C%2525257C%2525257C%252526sdata%25253DnU%2525252FdP3SzDdBLN%2525252BjGlM%2525252BfjpHC30Tp2sKQXa53D7Snr8M%2525253D%252526reserved%25253D0%2522%252C%2522RedirectOptions%2522%253A%257B%25225%2522%253Anull%252C%25221%2522%253Anull%257D%257D%26msdynmkt_digest%3DTMCFNOfb0%252BXu2BCcvcmDJAmwBhXs4eG0zaVP3L6%252BdE8%253D%26msdynmkt_secretVersion%3D7bb221762d0c46939816d3a5592b1359&amp;data=05%7C02%7Csramirez%40foment.com%7C8afd359eaf024f6ce18108de88eb9768%7Cf37c938d38654a89b99bb000c76a74bf%7C1%7C0%7C639098742622129140%7CUnknown%7CTWFpbGZsb3d8eyJFbXB0eU1hcGkiOnRydWUsIlYiOiIwLjAuMDAwMCIsIlAiOiJXaW4zMiIsIkFOIjoiTWFpbCIsIldUIjoyfQ%3D%3D%7C0%7C%7C%7C&amp;sdata=7C9e9pDVf6wZNVwO657qL7YmUDx8m2tkhPCf77GkKqM%3D&amp;reserved=0\">Foment del Treball<\/a>, como entidad colaboradora y agente de apoyo a la internacionalizaci\u00f3n, te acompa\u00f1amos en este proceso para que puedas valorar tu potencial exportador y definir los primeros pasos con criterio.<\/span><\/p>\n<div class=\"ms-Grid-row\">\n<div class=\"ts-textfield-container \" lang=\"es\">\n<div class=\"ts-alignment-view-container\">\n<div id=\"ts-alignment-view-idtgt\" class=\"ts-alignment-view ms-font-m ts-alignment-view-tgt ts-ltr-left-zero\" tabindex=\"0\" aria-hidden=\"false\">\n<div tabindex=\"-1\" role=\"label\"><span id=\"tgtAlignment_84\" class=\"ts-alignment-element\" style=\"font-family: verdana, geneva, sans-serif; font-size: 12px;\" data-is-focusable=\"true\">El<\/span> <span id=\"tgtAlignment_85\" class=\"ts-alignment-element\" style=\"font-family: verdana, geneva, sans-serif; font-size: 12px;\" data-is-focusable=\"true\">objetivo<\/span> <span id=\"tgtAlignment_86\" class=\"ts-alignment-element\" style=\"font-family: verdana, geneva, sans-serif; font-size: 12px;\" data-is-focusable=\"true\">de<\/span> <span id=\"tgtAlignment_87\" class=\"ts-alignment-element\" style=\"font-family: verdana, geneva, sans-serif; font-size: 12px;\" data-is-focusable=\"true\">la\u00a0<\/span> <span id=\"tgtAlignment_88\" class=\"ts-alignment-element\" style=\"font-family: verdana, geneva, sans-serif; font-size: 12px;\" data-is-focusable=\"true\">sesi\u00f3n<\/span> <strong style=\"font-family: verdana, geneva, sans-serif; font-size: 12px;\">C\u00d3MO IDENTIFICAR LOS MERCADOS CON M\u00c1S OPORTUNIDADES<\/strong> <span id=\"tgtAlignment_89\" class=\"ts-alignment-element\" style=\"font-family: verdana, geneva, sans-serif; font-size: 12px;\" data-is-focusable=\"true\">es<\/span> <span id=\"tgtAlignment_90\" class=\"ts-alignment-element\" style=\"font-family: verdana, geneva, sans-serif; font-size: 12px;\" data-is-focusable=\"true\">aprender<\/span> <span id=\"tgtAlignment_91\" class=\"ts-alignment-element\" style=\"font-family: verdana, geneva, sans-serif; font-size: 12px;\" data-is-focusable=\"true\">a<\/span> <span id=\"tgtAlignment_92\" class=\"ts-alignment-element\" style=\"font-family: verdana, geneva, sans-serif; font-size: 12px;\" data-is-focusable=\"true\">analizar<\/span> <span id=\"tgtAlignment_93\" class=\"ts-alignment-element\" style=\"font-family: verdana, geneva, sans-serif; font-size: 12px;\" data-is-focusable=\"true\">los<\/span> <span id=\"tgtAlignment_94\" class=\"ts-alignment-element\" style=\"font-family: verdana, geneva, sans-serif; font-size: 12px;\" data-is-focusable=\"true\">mercados<\/span> <span id=\"tgtAlignment_95\" class=\"ts-alignment-element\" style=\"font-family: verdana, geneva, sans-serif; font-size: 12px;\" data-is-focusable=\"true\">internacionales<\/span> <span id=\"tgtAlignment_96\" class=\"ts-alignment-element\" style=\"font-family: verdana, geneva, sans-serif; font-size: 12px;\" data-is-focusable=\"true\">para<\/span> <span id=\"tgtAlignment_97\" class=\"ts-alignment-element\" style=\"font-family: verdana, geneva, sans-serif; font-size: 12px;\" data-is-focusable=\"true\">identificar<\/span> <span id=\"tgtAlignment_98\" class=\"ts-alignment-element\" style=\"font-family: verdana, geneva, sans-serif; font-size: 12px;\" data-is-focusable=\"true\">y<\/span> <span id=\"tgtAlignment_99\" class=\"ts-alignment-element\" style=\"font-family: verdana, geneva, sans-serif; font-size: 12px;\" data-is-focusable=\"true\">seleccionar<\/span> <span id=\"tgtAlignment_100\" class=\"ts-alignment-element\" style=\"font-family: verdana, geneva, sans-serif; font-size: 12px;\" data-is-focusable=\"true\">los<\/span> <span id=\"tgtAlignment_101\" class=\"ts-alignment-element\" style=\"font-family: verdana, geneva, sans-serif; font-size: 12px;\" data-is-focusable=\"true\">m\u00e1s<\/span> <span id=\"tgtAlignment_102\" class=\"ts-alignment-element\" style=\"font-family: verdana, geneva, sans-serif; font-size: 12px;\" data-is-focusable=\"true\">adecuados,<\/span> <span id=\"tgtAlignment_103\" class=\"ts-alignment-element\" style=\"font-family: verdana, geneva, sans-serif; font-size: 12px;\" data-is-focusable=\"true\">utilizando<\/span> <span id=\"tgtAlignment_104\" class=\"ts-alignment-element\" style=\"font-family: verdana, geneva, sans-serif; font-size: 12px;\" data-is-focusable=\"true\">fuentes<\/span> <span id=\"tgtAlignment_105\" class=\"ts-alignment-element\" style=\"font-family: verdana, geneva, sans-serif; font-size: 12px;\" data-is-focusable=\"true\">de<\/span> <span id=\"tgtAlignment_106\" class=\"ts-alignment-element\" style=\"font-family: verdana, geneva, sans-serif; font-size: 12px;\" data-is-focusable=\"true\">informaci\u00f3n,<\/span> <span id=\"tgtAlignment_107\" class=\"ts-alignment-element\" style=\"font-family: verdana, geneva, sans-serif; font-size: 12px;\" data-is-focusable=\"true\">criterios<\/span> <span id=\"tgtAlignment_108\" class=\"ts-alignment-element\" style=\"font-family: verdana, geneva, sans-serif; font-size: 12px;\" data-is-focusable=\"true\">de<\/span> <span id=\"tgtAlignment_109\" class=\"ts-alignment-element\" style=\"font-family: verdana, geneva, sans-serif; font-size: 12px;\" data-is-focusable=\"true\">priorizaci\u00f3n,<\/span> <span id=\"tgtAlignment_110\" class=\"ts-alignment-element\" style=\"font-family: verdana, geneva, sans-serif; font-size: 12px;\" data-is-focusable=\"true\">an\u00e1lisis<\/span> <span id=\"tgtAlignment_111\" class=\"ts-alignment-element\" style=\"font-family: verdana, geneva, sans-serif; font-size: 12px;\" data-is-focusable=\"true\">de<\/span> <span id=\"tgtAlignment_112\" class=\"ts-alignment-element\" style=\"font-family: verdana, geneva, sans-serif; font-size: 12px;\" data-is-focusable=\"true\">la<\/span> <span id=\"tgtAlignment_113\" class=\"ts-alignment-element\" style=\"font-family: verdana, geneva, sans-serif; font-size: 12px;\" data-is-focusable=\"true\">competencia<\/span> <span id=\"tgtAlignment_114\" class=\"ts-alignment-element\" style=\"font-family: verdana, geneva, sans-serif; font-size: 12px;\" data-is-focusable=\"true\">y<\/span> <span id=\"tgtAlignment_115\" class=\"ts-alignment-element\" style=\"font-family: verdana, geneva, sans-serif; font-size: 12px;\" data-is-focusable=\"true\">un<\/span> <span id=\"tgtAlignment_116\" class=\"ts-alignment-element\" style=\"font-family: verdana, geneva, sans-serif; font-size: 12px;\" data-is-focusable=\"true\">mapa<\/span> <span id=\"tgtAlignment_117\" class=\"ts-alignment-element\" style=\"font-family: verdana, geneva, sans-serif; font-size: 12px;\" data-is-focusable=\"true\">de<\/span> <span id=\"tgtAlignment_118\" class=\"ts-alignment-element\" style=\"font-family: verdana, geneva, sans-serif; font-size: 12px;\" data-is-focusable=\"true\">oportunidades.<\/span><\/div>\n<div tabindex=\"-1\" role=\"label\">\n<p>&nbsp;<\/p>\n<p><span style=\"color: #d2112d;\"><strong style=\"font-family: verdana, geneva, sans-serif; font-size: 12px;\">PROGRAMA<\/strong><\/span><\/p>\n<p><span style=\"font-family: verdana, geneva, sans-serif; font-size: 12px;\"><span id=\"tgtAlignment_120\" class=\"ts-alignment-element\" style=\"color: #d2112d;\" data-is-focusable=\"true\">09:00<\/span><span id=\"tgtAlignment_121\" class=\"ts-alignment-element\" style=\"color: #d2112d;\" data-is-focusable=\"true\">h.<\/span><span style=\"color: #d2112d;\"> | <\/span><span id=\"tgtAlignment_122\" class=\"ts-alignment-element\" style=\"color: #d2112d;\" data-is-focusable=\"true\">Bienvenida<\/span> <span id=\"tgtAlignment_123\" class=\"ts-alignment-element\" style=\"color: #d2112d;\" data-is-focusable=\"true\">y<\/span> <span id=\"tgtAlignment_124\" class=\"ts-alignment-element\" style=\"color: #d2112d;\" data-is-focusable=\"true\">presentaci\u00f3n<\/span> <span id=\"tgtAlignment_125\" class=\"ts-alignment-element\" style=\"color: #d2112d;\" data-is-focusable=\"true\">del<\/span> <span id=\"tgtAlignment_126\" class=\"ts-alignment-element\" style=\"color: #d2112d;\" data-is-focusable=\"true\">Programa<\/span> <span id=\"tgtAlignment_127\" class=\"ts-alignment-element\" style=\"color: #d2112d;\" data-is-focusable=\"true\">Catalu\u00f1a<\/span> <span id=\"tgtAlignment_128\" class=\"ts-alignment-element\" style=\"color: #d2112d;\" data-is-focusable=\"true\">Exporta<\/span><\/span><\/p>\n<\/div>\n<\/div>\n<\/div>\n<\/div>\n<\/div>\n<div class=\"ms-Grid-row\">\n<div class=\"ts-textfield-container \" lang=\"es\">\n<div class=\"ts-alignment-view-container\">\n<div id=\"ts-alignment-view-idtgt\" class=\"ts-alignment-view ms-font-m ts-alignment-view-tgt ts-ltr-left-zero\" tabindex=\"0\" aria-hidden=\"false\">\n<div tabindex=\"-1\" role=\"label\"><span style=\"color: #d2112d; font-family: verdana, geneva, sans-serif; font-size: 12px;\"><span id=\"tgtAlignment_129\" class=\"ts-alignment-element\" data-is-focusable=\"true\">09:10<\/span><span id=\"tgtAlignment_130\" class=\"ts-alignment-element\" data-is-focusable=\"true\">h.<\/span> | <strong><span id=\"tgtAlignment_131\" class=\"ts-alignment-element\" data-is-focusable=\"true\">C\u00f3mo<\/span> <span id=\"tgtAlignment_132\" class=\"ts-alignment-element\" data-is-focusable=\"true\">identificar<\/span> <span id=\"tgtAlignment_133\" class=\"ts-alignment-element\" data-is-focusable=\"true\">los<\/span> <span id=\"tgtAlignment_134\" class=\"ts-alignment-element\" data-is-focusable=\"true\">mercados<\/span> <span id=\"tgtAlignment_135\" class=\"ts-alignment-element\" data-is-focusable=\"true\">con<\/span> <span id=\"tgtAlignment_136\" class=\"ts-alignment-element\" data-is-focusable=\"true\">m\u00e1s<\/span> <span id=\"tgtAlignment_137\" class=\"ts-alignment-element\" data-is-focusable=\"true\">oportunidades<\/span><\/strong><\/span><\/div>\n<\/div>\n<div id=\"ts-alignment-view-idtgt\" class=\"ts-alignment-view ms-font-m ts-alignment-view-tgt ts-ltr-left-zero\" tabindex=\"0\" aria-hidden=\"false\">\n<div style=\"padding-left: 40px;\" tabindex=\"-1\" role=\"label\"><span style=\"font-family: verdana, geneva, sans-serif; font-size: 12px;\"><strong><span id=\"tgtAlignment_138\" class=\"ts-alignment-element\" data-is-focusable=\"true\">Isabel <\/span><\/strong><span id=\"tgtAlignment_139\" class=\"ts-alignment-element\" data-is-focusable=\"true\"><strong>Garcia<\/strong>,<\/span> <span id=\"tgtAlignment_140\" class=\"ts-alignment-element\" data-is-focusable=\"true\">Senior<\/span> <span id=\"tgtAlignment_141\" class=\"ts-alignment-element\" data-is-focusable=\"true\">International<\/span> <span id=\"tgtAlignment_142\" class=\"ts-alignment-element\" data-is-focusable=\"true\">Consultant,<\/span> <span id=\"tgtAlignment_143\" class=\"ts-alignment-element\" data-is-focusable=\"true\">BarcelonaExport<\/span><\/span><\/div>\n<div tabindex=\"-1\" role=\"label\"><\/div>\n<div tabindex=\"-1\" role=\"label\"><span style=\"color: #d2112d; font-family: verdana, geneva, sans-serif; font-size: 12px;\"><span id=\"tgtAlignment_144\" class=\"ts-alignment-element\" data-is-focusable=\"true\">10:20<\/span><span id=\"tgtAlignment_145\" class=\"ts-alignment-element\" data-is-focusable=\"true\">h.<\/span> | <span id=\"tgtAlignment_146\" class=\"ts-alignment-element\" data-is-focusable=\"true\">Turno<\/span> <span id=\"tgtAlignment_147\" class=\"ts-alignment-element\" data-is-focusable=\"true\">de<\/span> <span id=\"tgtAlignment_148\" class=\"ts-alignment-element\" data-is-focusable=\"true\">preguntas<\/span><\/span><\/div>\n<div tabindex=\"-1\" role=\"label\"><\/div>\n<div tabindex=\"-1\" role=\"label\"><span style=\"color: #d2112d; font-family: verdana, geneva, sans-serif; font-size: 12px;\"><span id=\"tgtAlignment_149\" class=\"ts-alignment-element\" data-is-focusable=\"true\">10:30<\/span><span id=\"tgtAlignment_150\" class=\"ts-alignment-element\" data-is-focusable=\"true\">h.<\/span> | <span id=\"tgtAlignment_151\" class=\"ts-alignment-element\" data-is-focusable=\"true\">Fin<\/span> <span id=\"tgtAlignment_152\" class=\"ts-alignment-element\" data-is-focusable=\"true\">de<\/span> <span id=\"tgtAlignment_153\" class=\"ts-alignment-element\" data-is-focusable=\"true\">la<\/span> <span id=\"tgtAlignment_154\" class=\"ts-alignment-element\" data-is-focusable=\"true\">sesi\u00f3n<\/span><\/span><\/div>\n<\/div>\n<\/div>\n<\/div>\n<\/div>\n<div tabindex=\"-1\" role=\"label\"><\/div>\n<div tabindex=\"-1\" role=\"label\"><\/div>\n<div tabindex=\"-1\" role=\"label\"><\/div>\n<div class=\"ms-Grid-row\">\n<div class=\"ts-textfield-container \" lang=\"es\">\n<div class=\"ts-alignment-view-container\">\n<div id=\"ts-alignment-view-idtgt\" class=\"ts-alignment-view ms-font-m ts-alignment-view-tgt ts-ltr-left-zero\" tabindex=\"0\" aria-hidden=\"false\"><\/div>\n<\/div>\n<\/div>\n<\/div>\n<div class=\"ms-Grid-row\">\n<div id=\"CollapsibleComponent\">\n<div id=\"CollapsibleComponentHeader\" class=\"ts-collapsible-component-header\" tabindex=\"0\" role=\"button\" aria-label=\"Traducciones de mercados\" aria-expanded=\"true\"><\/div>\n<div id=\"CollapsibleComponentBody\" class=\"ts-margin-top-5px\">\n<div class=\"ts-alternate-translations\">\n<div class=\"ts-alternate-translations-group\">\n<div class=\"ms-List ts-alternate-translations-list\" role=\"list\">\n<div class=\"ms-List-surface\" role=\"presentation\">\n<div class=\"ms-List-page\" role=\"presentation\">\n<div class=\"ms-List-cell\" role=\"listitem\" data-list-index=\"0\" data-automationid=\"ListCell\">\n<div id=\"alternate-translations-item_0_0\" class=\"ts-altTranslation-container\">\n<div class=\"ts-altTranslation-container-main\">\n<div id=\"alternate-translations-item_0_0_content\" class=\"ts-altTranslation-content\" tabindex=\"0\"><\/div>\n<\/div>\n<\/div>\n<\/div>\n<\/div>\n<\/div>\n<\/div>\n<\/div>\n<\/div>\n<\/div>\n<\/div>\n<\/div>\n<p>[\/vc_column_text][\/vc_column][\/vc_row][vc_row][vc_column width=\u00bb1\/1&#8243;]<\/p>\n<div class=\"single_image wpb_content_element align-left    \" data-animation=\"none\" data-delay=\"0\"><img width=\"1900\" height=\"300\" src=\"https:\/\/www.foment.com\/wp-content\/uploads\/2026\/03\/ACCIO-1.png\" class=\"attachment-full\" alt=\"\" loading=\"lazy\" title=\"ACCI\u00d3\" srcset=\"https:\/\/www.foment.com\/wp-content\/uploads\/2026\/03\/ACCIO-1.png 1900w, https:\/\/www.foment.com\/wp-content\/uploads\/2026\/03\/ACCIO-1-300x47.png 300w, https:\/\/www.foment.com\/wp-content\/uploads\/2026\/03\/ACCIO-1-1024x162.png 1024w, https:\/\/www.foment.com\/wp-content\/uploads\/2026\/03\/ACCIO-1-768x121.png 768w, https:\/\/www.foment.com\/wp-content\/uploads\/2026\/03\/ACCIO-1-1536x243.png 1536w\" sizes=\"(max-width: 1900px) 100vw, 1900px\" \/><\/div>\n<p>[\/vc_column][\/vc_row][vc_row][vc_column width=\u00bb1\/2&#8243;][vc_column_text]<span style=\"font-family: verdana, geneva, sans-serif; font-size: 12px;\">Amb el suport de:\u00a0<\/span>[\/vc_column_text]<\/p>\n<div class=\"single_image wpb_content_element align-left    \" data-animation=\"none\" data-delay=\"0\"><a href=\"http:\/\/www.accio.gencat.cat\" target=\"_self\"><img width=\"300\" height=\"67\" src=\"https:\/\/www.foment.com\/wp-content\/uploads\/2026\/03\/Imagen2-1-300x67.png\" class=\"attachment-medium\" alt=\"\" loading=\"lazy\" title=\"Imagen2\" srcset=\"https:\/\/www.foment.com\/wp-content\/uploads\/2026\/03\/Imagen2-1-300x67.png 300w, https:\/\/www.foment.com\/wp-content\/uploads\/2026\/03\/Imagen2-1.png 314w\" sizes=\"(max-width: 300px) 100vw, 300px\" \/><\/a><\/div>\n<p>[\/vc_column][vc_column width=\u00bb1\/2&#8243;][vc_column_text]<span style=\"font-family: verdana, geneva, sans-serif; font-size: 12px;\">Agent de suport de la Internacionalitzaci\u00f3<\/span>[\/vc_column_text]<\/p>\n<div class=\"single_image wpb_content_element align-left    \" data-animation=\"none\" data-delay=\"0\"><img width=\"274\" height=\"300\" src=\"https:\/\/www.foment.com\/wp-content\/uploads\/2025\/11\/Agent-Suport-Internacionalizacio_Vertical-274x300.png\" class=\"attachment-medium\" alt=\"\" loading=\"lazy\" title=\"Agent Suport Internacionalizaci\u00f3_Vertical\" srcset=\"https:\/\/www.foment.com\/wp-content\/uploads\/2025\/11\/Agent-Suport-Internacionalizacio_Vertical-274x300.png 274w, https:\/\/www.foment.com\/wp-content\/uploads\/2025\/11\/Agent-Suport-Internacionalizacio_Vertical-768x842.png 768w, https:\/\/www.foment.com\/wp-content\/uploads\/2025\/11\/Agent-Suport-Internacionalizacio_Vertical.png 778w\" sizes=\"(max-width: 274px) 100vw, 274px\" \/><\/div>\n<p>[\/vc_column][\/vc_row]<\/p>\n<\/div><div class='clear'><\/div>\n\t\t\t\t\t\t\t\t\t<\/div>\n\t\t\t\t\t\t\t\t<\/div>\n\t\t\t\t\t\t\t<\/div><div class='evo_metarow_organizer evorow evcal_evdata_row evcal_evrow_sm '>\n\t\t\t\t\t\t\t\t<span class='evcal_evdata_icons'><i class='fa fa-headphones'><\/i><\/span>\n\t\t\t\t\t\t\t\t<div class='evcal_evdata_cell'>\t\t\t\t\t\t\t\n\t\t\t\t\t\t\t\t\t<h3 class='evo_h3'>Organizador<\/h3>\n\t\t\t\t\t\t\t\t\t<p class='evo_data_val evo_card_organizer_image'><img src='https:\/\/www.foment.com\/wp-content\/uploads\/2017\/04\/InternacionalEmpresabitotransCAT-200x80.png'\/><\/p>\n\t\t\t\t\t\t\t\t\t<div class='evo_card_organizer'><p class='evo_data_val evo_card_organizer_name'>\n\t\t\t\t\t\t\t\t\t\t<span class='evo_card_organizer_name_t'>Internacional<\/span>\n\t\t\t\t\t\t\t\t\t\t\n\t\t\t\t\t\t\t\t\t\t<\/p><\/div><div class='clear'><\/div>\t\t\t\t\t\t\t\n\t\t\t\t\t\t\t\t<\/div>\n\t\t\t\t\t\t\t<\/div>\t\t\t\t\t\t\t<div class='evo_metarow_ICS evorow evcal_evdata_row'>\n\t\t\t\t\t\t\t\t<span class=\"evcal_evdata_icons\"><i class=\"fa fa-calendar\"><\/i><\/span>\n\t\t\t\t\t\t\t\t<div class='evcal_evdata_cell'>\n\t\t\t\t\t\t\t\t\t<p><a href='https:\/\/www.foment.com\/wp-admin\/admin-ajax.php?action=eventon_ics_download&amp;event_id=216648&amp;ri=0' class='evo_ics_nCal' title='Add to your calendar'>Calendar<\/a><a href='\/\/www.google.com\/calendar\/event?action=TEMPLATE&amp;text=Webinar+%7C+C%C3%93MO+IDENTIFICAR+LOS+MERCADOS+CON+M%C3%81S+OPORTUNIDADES&amp;dates=20260707T070000Z\/20260707T083000Z&amp;ctz=Europe\/Madrid&amp;details=Webinar+%7C+C%C3%93MO+IDENTIFICAR+LOS+MERCADOS+CON+M%C3%81S+OPORTUNIDADES&amp;location=Webinar+por+ZoomWebinar+per+Zoom' target='_blank' class='evo_ics_gCal' title='Add to google calendar'>GoogleCal<\/a><\/p>\t\n\t\t\t\t\t\t\t\t<\/div>\n\t\t\t\t\t\t\t<\/div>\n\t\t\t\t\t\t\t<div class='evo_card_row_end evcal_close' title='Close'><\/div><\/div><div class='clear end'><\/div><\/div><div  id=\"event_217566_0\" class=\"eventon_list_event evo_eventtop scheduled  event event_217566_0\" data-event_id=\"217566\" data-ri=\"0r\" data-time=\"1784624400-1784629800\" data-colr=\"#0db270\" itemscope itemtype='http:\/\/schema.org\/Event'><div class=\"evo_event_schema\" style=\"display:none\" ><a itemprop='url'  href='https:\/\/www.foment.com\/es\/events\/webinar-participar-amb-exit-en-fires-internacionals\/'><\/a><meta itemprop='image' content=\"https:\/\/www.foment.com\/wp-content\/uploads\/2026\/03\/Diseno-sin-titulo-8-1-scaled.jpg\" \/><meta itemprop='startDate' content=\"2026-7-21T09:00+2:00\" \/><meta itemprop='endDate' content=\"2026-7-21T10:30+2:00\" \/><meta itemprop='eventStatus' content=\"https:\/\/schema.org\/EventScheduled\" \/><item style=\"display:none\" itemprop=\"eventAttendanceMode\" itemscope itemtype=\"https:\/\/schema.org\/OfflineEventAttendanceMode\"><\/item><div itemprop=\"organizer\" itemscope=\"\" itemtype=\"http:\/\/schema.org\/Organization\">\n\t\t\t\t\t    \t<meta itemprop=\"name\" content=\"Internacional\">\n\t\t\t\t\t    \t<\/div><div itemprop=\"performer\" itemscope=\"\" itemtype=\"http:\/\/schema.org\/Person\">\n\t\t\t\t\t    \t<meta itemprop=\"name\" content=\"Internacional\">\n\t\t\t\t\t    <\/div><script type=\"application\/ld+json\">{\"@context\": \"http:\/\/schema.org\",\"@type\": \"Event\",\n\t\t\t\t\t\"@id\": \"event_217566_0\",\n\t\t\t\t\t\"eventAttendanceMode\":\"https:\/\/schema.org\/OfflineEventAttendanceMode\",\n\t\t\t\t\t\"name\": \"Webinar | Participar amb \u00e8xit en fires internacionals\",\n\t\t\t\t\t\"url\": \"https:\/\/www.foment.com\/es\/events\/webinar-participar-amb-exit-en-fires-internacionals\/\",\n\t\t\t\t\t\"startDate\": \"2026-7-21T09:00+2:00\",\n\t\t\t\t\t\"endDate\": \"2026-7-21T10:30+2:00\",\n\t\t\t\t\t\"image\":\"https:\/\/www.foment.com\/wp-content\/uploads\/2026\/03\/Diseno-sin-titulo-8-1-scaled.jpg\", \n\t\t\t\t\t\"description\":\"<p>[vc_row][vc_column][vc_btn title=\u00bbINSCRIPCI\u00d3 GRATU\u00cfTA\u00bb style=\u00bb3d\u00bb color=\u00bbdanger\u00bb size=\u00bblg\u00bb align=\u00bbcenter\u00bb button_block=\u00bbtrue\u00bb link=\u00bburl:https%3A%2F%2Fwww.foment.com%2Finscripcions-events%2F%3Fidevento%3DC9ED99B5-6F32-F111-88B4-000D3ADCCDB0&#8243;][vc_column_text]<span style='font-size: 16pt; font-family: verdana, geneva, sans-serif; color: #d2112d;'>VOLS COMEN\u00c7AR A EXPORTAR?<\/span><br \/> <span style='font-family: verdana, geneva, sans-serif; color: #d2112d;'>T&#8217;ajudem a fer el primer pas, amb acompanyament expert i sense cost per a l&#8217;empresa<\/span><\/p> <p style='text-align: justify;'><span style='font-family: verdana, geneva, sans-serif; font-size: 13px;'>Internacionalitzar-se \u00e9s una oportunitat de creixement, per\u00f2 sovint tamb\u00e9 genera dubtes: per on comen\u00e7ar, quins mercats prioritzar, quins recursos calen i quins aspectes cal tenir en compte.<\/span><\/p> <p style='text-align: justify;'><span style='font-family: verdana, geneva, sans-serif; font-size: 13px;'>Per ajudar a les empreses catalanes a iniciar aquest cam\u00ed amb seguretat, ACCI\u00d3 impulsa el programa <a href='https:\/\/eur04.safelinks.protection.outlook.com\/?url=https%3A%2F%2Fpublic-eur.mkt.dynamics.com%2Fapi%2Forgs%2F8d5eafb0-f8ac-4ccb-a7c1-a2767b978f43%2Fr%2FdplJYjVJ_EuMAaJkHY8CABAAAAA%3Fmsdynmkt_target%3D%257B%2522TargetUrl%2522%253A%2522https%25253A%25252F%25252Feur04.safelinks.protection.outlook.com%25252F%25253Furl%25253Dhttps%2525253A%2525252F%2525252Fpublic-eur.mkt.dynamics.com%2525252Fapi%2525252Forgs%2525252F8d5eafb0-f8ac-4ccb-a7c1-a2767b978f43%2525252Fr%2525252FubNm8_1fYkKKybgcijEBAAEAAAA%2525253Fmsdynmkt_target%2525253D%252525257B%2525252522TargetUrl%2525252522%252525253A%2525252522https%25252525253A%25252525252F%25252525252Feur04.safelinks.protection.outlook.com%25252525252F%25252525253Furl%25252525253Dhttps%2525252525253A%2525252525252F%2525252525252Fpublic-eur.mkt.dynamics.com%2525252525252Fapi%2525252525252Forgs%2525252525252F8d5eafb0-f8ac-4ccb-a7c1-a2767b978f43%2525252525252Fr%2525252525252FaITv1hKS8kSs6wB3jXECAAsAAAA%2525252525253Fmsdynmkt_target%2525252525253D%252525252525257B%2525252525252522TargetUrl%2525252525252522%252525252525253A%2525252525252522https%25252525252525253A%25252525252525252F%25252525252525252Feur04.safelinks.protection.outlook.com%25252525252525252F%25252525252525253Furl%25252525252525253Dhttps%2525252525252525253A%2525252525252525252F%2525252525252525252Fpublic-eur.mkt.dynamics.com%2525252525252525252Fapi%2525252525252525252Forgs%2525252525252525252F8d5eafb0-f8ac-4ccb-a7c1-a2767b978f43%2525252525252525252Fr%2525252525252525252FLn5gxxoARECGTxqFI30DAAsAAAA%2525252525252525253Fmsdynmkt_target%2525252525252525253D%252525252525252525257B%2525252525252525252522TargetUrl%2525252525252525252522%252525252525252525253A%2525252525252525252522https%25252525252525252525253A%25252525252525252525252F%25252525252525252525252Fformularis.accio.gencat.cat%25252525252525252525252Fweb%25252525252525252525252Fformularis%25252525252525252525252Finscripcions%25252525252525252525252F-%25252525252525252525252Finscripcio%25252525252525252525252F2026%25252525252525252525252F02%25252525252525252525252F03%25252525252525252525252FOnkrUbTR_SM9nz_z85jUAA%25252525252525252525252Fsollicitud-de-diagnostic-pie-foment%25252525252525252525252F%25252525252525252525253Flang%25252525252525252525253Dca_ES%252525252525252525252526portal%25252525252525252525253Daccio%252525252525252525252526_gl%25252525252525252525253D1%25252525252525252525252A9dm0zh%25252525252525252525252A_ga%25252525252525252525252AMTI0NzIzNzQyMC4xNzEyODIyOTgy%25252525252525252525252A_ga_6HSVZS0K1X%25252525252525252525252AczE3NzI3MjM4MjckbzE4OSRnMCR0MTc3MjcyMzgzMiRqNTUkbDAkaDA%2525252525252525252522%252525252525252525252C%2525252525252525252522RedirectOptions%2525252525252525252522%252525252525252525253A%252525252525252525257B%25252525252525252525225%2525252525252525252522%252525252525252525253Anull%252525252525252525252C%25252525252525252525221%2525252525252525252522%252525252525252525253Anull%252525252525252525257D%252525252525252525257D%25252525252525252526msdynmkt_digest%2525252525252525253DA1vZltR2b3nESlG%252525252525252525252BdOmS7YeZ5GTW3dinAdHW2pwAZaw%252525252525252525253D%25252525252525252526msdynmkt_secretVersion%2525252525252525253D7bb221762d0c46939816d3a5592b1359%252525252525252526data%25252525252525253D05%2525252525252525257C02%2525252525252525257Csramirez%25252525252525252540foment.com%2525252525252525257Cc7e7a4617105465e160408de83531847%2525252525252525257Cf37c938d38654a89b99bb000c76a74bf%2525252525252525257C1%2525252525252525257C0%2525252525252525257C639092590089463447%2525252525252525257CUnknown%2525252525252525257CTWFpbGZsb3d8eyJFbXB0eU1hcGkiOnRydWUsIlYiOiIwLjAuMDAwMCIsIlAiOiJXaW4zMiIsIkFOIjoiTWFpbCIsIldUIjoyfQ%2525252525252525253D%2525252525252525253D%2525252525252525257C0%2525252525252525257C%2525252525252525257C%2525252525252525257C%252525252525252526sdata%25252525252525253D8wWi3Z4S7N5i5VCO2QP6AvtWJylRMKEZbvPje18Pg90%2525252525252525253D%252525252525252526reserved%25252525252525253D0%2525252525252522%252525252525252C%2525252525252522RedirectOptions%2525252525252522%252525252525253A%252525252525257B%25252525252525225%2525252525252522%252525252525253Anull%252525252525252C%25252525252525221%2525252525252522%252525252525253Anull%252525252525257D%252525252525257D%25252525252526msdynmkt_digest%2525252525253DYIZexQWs7uZ2WhUfgJqeZuryKVb2vajIvtYv5qE8oRY%252525252525253D%25252525252526msdynmkt_secretVersion%2525252525253D7bb221762d0c46939816d3a5592b1359%252525252526data%25252525253D05%2525252525257C02%2525252525257Csramirez%25252525252540foment.com%2525252525257C565760556e6c4cf5c35308de84384967%2525252525257Cf37c938d38654a89b99bb000c76a74bf%2525252525257C1%2525252525257C0%2525252525257C639093574480490085%2525252525257CUnknown%2525252525257CTWFpbGZsb3d8eyJFbXB0eU1hcGkiOnRydWUsIlYiOiIwLjAuMDAwMCIsIlAiOiJXaW4zMiIsIkFOIjoiTWFpbCIsIldUIjoyfQ%2525252525253D%2525252525253D%2525252525257C0%2525252525257C%2525252525257C%2525252525257C%252525252526sdata%25252525253DN3y2QAkHHQEwnwslqril%2525252525252B%2525252525252BjbsTmbpaH1gsQUjqlx6ho%2525252525253D%252525252526reserved%25252525253D0%2525252522%252525252C%2525252522RedirectOptions%2525252522%252525253A%252525257B%25252525225%2525252522%252525253Anull%252525252C%25252525221%2525252522%252525253Anull%252525257D%252525257D%25252526msdynmkt_digest%2525253DHxSIjxqNyMzq4m6G1OWkNS%252525252FYEFefhiIl8o9iQscMDnI%252525253D%25252526msdynmkt_secretVersion%2525253D7bb221762d0c46939816d3a5592b1359%252526data%25253D05%2525257C02%2525257Csramirez%25252540foment.com%2525257C1d01451646264e7fca2308de88baf1ef%2525257Cf37c938d38654a89b99bb000c76a74bf%2525257C1%2525257C0%2525257C639098533660479269%2525257CUnknown%2525257CTWFpbGZsb3d8eyJFbXB0eU1hcGkiOnRydWUsIlYiOiIwLjAuMDAwMCIsIlAiOiJXaW4zMiIsIkFOIjoiTWFpbCIsIldUIjoyfQ%2525253D%2525253D%2525257C0%2525257C%2525257C%2525257C%252526sdata%25253DF6gmzEwyPcPCX%2525252FFmsqBkWV3LiHiEx0w4lH5lts42Hng%2525253D%252526reserved%25253D0%2522%252C%2522RedirectOptions%2522%253A%257B%25225%2522%253Anull%252C%25221%2522%253Anull%257D%257D%26msdynmkt_digest%3D3pnr7eA2jjjY5%252F04VJpOmyfkKAFHOW2zndgIqJQ0jxA%253D%26msdynmkt_secretVersion%3D7bb221762d0c46939816d3a5592b1359&amp;data=05%7C02%7Csramirez%40foment.com%7C23b351ae016143229c6d08de8c12d3d6%7Cf37c938d38654a89b99bb000c76a74bf%7C1%7C0%7C639102209641121264%7CUnknown%7CTWFpbGZsb3d8eyJFbXB0eU1hcGkiOnRydWUsIlYiOiIwLjAuMDAwMCIsIlAiOiJXaW4zMiIsIkFOIjoiTWFpbCIsIldUIjoyfQ%3D%3D%7C0%7C%7C%7C&amp;sdata=yoLLv4PRfv2xjZrHwBgWZXD0aIuobZl%2FLoaBtC4V5is%3D&amp;reserved=0'>CATALUNYA EXPORTA<\/a>, adre\u00e7at a empreses que volen iniciar-se en la internacionalitzaci\u00f3 amb un enfocament pr\u00e0ctic i personalitzat. <\/span><\/p> <p><span style='font-family: verdana, geneva, sans-serif; font-size: 13px;'>Des de <a href='https:\/\/eur04.safelinks.protection.outlook.com\/?url=https%3A%2F%2Fpublic-eur.mkt.dynamics.com%2Fapi%2Forgs%2F8d5eafb0-f8ac-4ccb-a7c1-a2767b978f43%2Fr%2FdplJYjVJ_EuMAaJkHY8CABEAAAA%3Fmsdynmkt_target%3D%257B%2522TargetUrl%2522%253A%2522https%25253A%25252F%25252Feur04.safelinks.protection.outlook.com%25252F%25253Furl%25253Dhttps%2525253A%2525252F%2525252Fpublic-eur.mkt.dynamics.com%2525252Fapi%2525252Forgs%2525252F8d5eafb0-f8ac-4ccb-a7c1-a2767b978f43%2525252Fr%2525252FubNm8_1fYkKKybgcijEBAAIAAAA%2525253Fmsdynmkt_target%2525253D%252525257B%2525252522TargetUrl%2525252522%252525253A%2525252522https%25252525253A%25252525252F%25252525252Fwww.foment.com%25252525252Fes%25252525252Fcatalunya-exporta%25252525252F%2525252525231767799497417-fa3ae53f-0b5b%2525252522%252525252C%2525252522RedirectOptions%2525252522%252525253A%252525257B%25252525220%2525252522%252525253Anull%252525257D%252525257D%25252526msdynmkt_digest%2525253DbK7c94w0eFraOy9eOgKfYNJ21gIDfLiaSBNv7Ob%252525252FUbc%252525253D%25252526msdynmkt_secretVersion%2525253D7bb221762d0c46939816d3a5592b1359%252526data%25253D05%2525257C02%2525257Csramirez%25252540foment.com%2525257C1d01451646264e7fca2308de88baf1ef%2525257Cf37c938d38654a89b99bb000c76a74bf%2525257C1%2525257C0%2525257C639098533660503029%2525257CUnknown%2525257CTWFpbGZsb3d8eyJFbXB0eU1hcGkiOnRydWUsIlYiOiIwLjAuMDAwMCIsIlAiOiJXaW4zMiIsIkFOIjoiTWFpbCIsIldUIjoyfQ%2525253D%2525253D%2525257C0%2525257C%2525257C%2525257C%252526sdata%25253DnU%2525252FdP3SzDdBLN%2525252BjGlM%2525252BfjpHC30Tp2sKQXa53D7Snr8M%2525253D%252526reserved%25253D0%2522%252C%2522RedirectOptions%2522%253A%257B%25225%2522%253Anull%252C%25221%2522%253Anull%257D%257D%26msdynmkt_digest%3DTMCFNOfb0%252BXu2BCcvcmDJAmwBhXs4eG0zaVP3L6%252BdE8%253D%26msdynmkt_secretVersion%3D7bb221762d0c46939816d3a5592b1359&amp;data=05%7C02%7Csramirez%40foment.com%7C23b351ae016143229c6d08de8c12d3d6%7Cf37c938d38654a89b99bb000c76a74bf%7C1%7C0%7C639102209641147248%7CUnknown%7CTWFpbGZsb3d8eyJFbXB0eU1hcGkiOnRydWUsIlYiOiIwLjAuMDAwMCIsIlAiOiJXaW4zMiIsIkFOIjoiTWFpbCIsIldUIjoyfQ%3D%3D%7C0%7C%7C%7C&amp;sdata=daHoyG1ZgccCVp8G6HuKQMd9CnWk7pYkM%2FVO%2F7PF6wM%3D&amp;reserved=0'>Foment del Treball<\/a>, t&#8217;acompanyem en el proc\u00e9s d&#8217;internacionalitzaci\u00f3 perqu\u00e8 puguis identificar el teu potencial exportador i definir els primers passos amb criteri i confian\u00e7a.<\/span><\/p> <p style='text-align: justify;'><span style='font-family: verdana, geneva, sans-serif; font-size: 13px;'>Com a entitat col\u00b7laboradora i agent de suport a la internacionalitzaci\u00f3, al llarg de l&#8217;any organitzarem sessions de capacitaci\u00f3 perqu\u00e8 les empreses coneguin els conceptes, les tend\u00e8ncies i les normatives clau per obrir-se als mercats internacionals.<\/span><\/p> <p style='text-align: justify;'><span style='font-family: verdana, geneva, sans-serif; font-size: 13px;'>Aquesta sessi\u00f3, \u00abParticipar amb \u00e8xit en fires internacionals \u00ab, t\u00e9 com a objectiu t\u00e9 com a objectiu oferir a les empreses eines pr\u00e0ctiques per aprofitar al m\u00e0xim la seva participaci\u00f3 en fires internacionals com a via per impulsar la seva estrat\u00e8gia d&#8217;internacionalitzaci\u00f3. Durant la sessi\u00f3 es treballaran\u00a0 aspectes clau com la selecci\u00f3 de fires m\u00e9s adequades, la preparaci\u00f3 de la participaci\u00f3, la captaci\u00f3 de contactes i el seguiment necess\u00e0ri despr\u00e9s de la fira.\u00a0<\/span><\/p> <p><strong><span style='color: #d2112d; font-family: verdana, geneva, sans-serif; font-size: 13px;'>PROGRAMA<\/span><\/strong><\/p> <p><span style='color: #d2112d; font-family: verdana, geneva, sans-serif; font-size: 13px;'>09:00 h. Benvinguda i presentaci\u00f3 del Programa Catalunya Exporta<\/span><\/p> <p><span style='color: #d2112d; font-family: verdana, geneva, sans-serif; font-size: 13px;'>09:10 h. <strong>Participar amb \u00e8xit a fires internacionals<\/strong><\/span><\/p> <p><span style='color: #000000; font-family: verdana, geneva, sans-serif; font-size: 13px;'><strong>Isabel Garcia<\/strong>, Senior International Consultant, <strong>BarcelonaExport<\/strong><\/span><\/p> <p><span style='color: #d2112d; font-family: verdana, geneva, sans-serif; font-size: 13px;'>10:20 h. Torn de preguntes<\/span><\/p> <p><span style='color: #d2112d; font-family: verdana, geneva, sans-serif; font-size: 13px;'>10:30 h. Fi de la sesi\u00f3<\/span>[\/vc_column_text]<div class='single_image wpb_content_element align-left    ' data-animation='none' data-delay='0'><img width='1900' height='300' src='https:\/\/www.foment.com\/wp-content\/uploads\/2026\/03\/ACCIO-1.png' class='attachment-full' alt='' loading='lazy' title='ACCI\u00d3' srcset='https:\/\/www.foment.com\/wp-content\/uploads\/2026\/03\/ACCIO-1.png 1900w, https:\/\/www.foment.com\/wp-content\/uploads\/2026\/03\/ACCIO-1-300x47.png 300w, https:\/\/www.foment.com\/wp-content\/uploads\/2026\/03\/ACCIO-1-1024x162.png 1024w, https:\/\/www.foment.com\/wp-content\/uploads\/2026\/03\/ACCIO-1-768x121.png 768w, https:\/\/www.foment.com\/wp-content\/uploads\/2026\/03\/ACCIO-1-1536x243.png 1536w' sizes='(max-width: 1900px) 100vw, 1900px' \/><\/div>[\/vc_column][\/vc_row][vc_row][vc_column width=\u00bb1\/2&#8243;][vc_column_text]<span style='font-family: verdana, geneva, sans-serif; font-size: 10px;'>Amb el suport de:<\/span>[\/vc_column_text]<div class='single_image wpb_content_element align-left    ' data-animation='none' data-delay='0'><a href='http:\/\/www.accio.gencat.cat' target='_self'><img width='300' height='68' src='https:\/\/www.foment.com\/wp-content\/uploads\/2026\/03\/ACCIO-integrat-Horitzontal-CAT-color-300x68.png' class='attachment-medium' alt='' loading='lazy' title='ACCIO-integrat-Horitzontal-CAT-color' srcset='https:\/\/www.foment.com\/wp-content\/uploads\/2026\/03\/ACCIO-integrat-Horitzontal-CAT-color-300x68.png 300w, https:\/\/www.foment.com\/wp-content\/uploads\/2026\/03\/ACCIO-integrat-Horitzontal-CAT-color.png 559w' sizes='(max-width: 300px) 100vw, 300px' \/><\/a><\/div>[\/vc_column][vc_column width=\u00bb1\/2&#8243;][vc_column_text]<span style='font-family: verdana, geneva, sans-serif; font-size: 10px;'>Agent de suport a la Internacionalitzaci\u00f3<\/span>[\/vc_column_text]<div class='single_image wpb_content_element align-left    ' data-animation='none' data-delay='0'><img width='274' height='300' src='https:\/\/www.foment.com\/wp-content\/uploads\/2025\/10\/logo-Accio-2-274x300.png' class='attachment-medium' alt='' loading='lazy' title='logo Accio 2' srcset='https:\/\/www.foment.com\/wp-content\/uploads\/2025\/10\/logo-Accio-2-274x300.png 274w, https:\/\/www.foment.com\/wp-content\/uploads\/2025\/10\/logo-Accio-2-768x842.png 768w, https:\/\/www.foment.com\/wp-content\/uploads\/2025\/10\/logo-Accio-2.png 778w' sizes='(max-width: 274px) 100vw, 274px' \/><\/div>[\/vc_column][\/vc_row]<\/p> \",\"organizer\":{\"@type\":\"Organization\",\"name\":\"Internacional\"},\"performer\":{\"@type\":\"Person\",\"name\":\"Internacional\"},\"eventStatus\":\"https:\/\/schema.org\/EventScheduled\"}<\/script><\/div>\n\t\t\t\t<p class=\"desc_trig_outter\" style=\"background-color:#ffffff;flex-direction: row;\"><a data-gmap_status=\"null\" data-exlk=\"1\"  style=\"border-color: #0db270;\" id=\"evc_1784624400217566\" class=\"hasFtIMG desc_trig evo_internacional-es evo_webinar-es sin_val evcal_list_a\" data-ux_val=\"3\"  ><span class='ev_ftImg' data-img='https:\/\/www.foment.com\/wp-content\/uploads\/2026\/03\/Diseno-sin-titulo-8-1-scaled.jpg' data-thumb='https:\/\/www.foment.com\/wp-content\/uploads\/2026\/03\/Diseno-sin-titulo-8-1-300x150.jpg' style='background-image:url(\"https:\/\/www.foment.com\/wp-content\/uploads\/2026\/03\/Diseno-sin-titulo-8-1-300x150.jpg\")'><\/span><style>.ajde_evcal_calendar.boxy #evcal_list .eventon_list_event .evcal_desc em{color:black;}<\/style><span style='width:100%; background-color:#0db270 !important;' class='evcal_cblock ' data-smon='julio' data-syr='2026'><span style='margin-top: 7px;margin-bottom: 7px;' class='evo_start '><em class='date'>21<\/em><em class='month'>jul<\/em><em class='time'>9:00<\/em><\/span><span style='margin-top: 7px;margin-bottom: 7px;' class='evo_end only_time'><em class='time'>10:30<\/em><\/span><em class='clear'><\/em><\/span><span class='evcal_desc evo_info '  ><span class='evo_above_title'><\/span><span class='evcal_desc2 evcal_event_title hbaevatitle' itemprop='name'>Webinar | Participar amb \u00e8xit en fires internacionals<\/span><span class='evo_below_title'><span class='evcal_event_subtitle' >Programa Catalunya Exporta<\/span><\/span><span class='evcal_desc_info' ><em class='evcal_time evo_tz_time'>9:00 - 10:30<\/em> <\/span><span class='evcal_desc3'><em class=\"evcal_location\"  data-add_str=\"\"><em class=\"event_location_name\">Zoom<\/em><\/em><\/span><span style='height: 60px;'  class='evcal_desc3' ><span class='evcal_event_types ett1'><em>C =<\/em><em data-filter='event_type'>Internacional,<\/em><em data-filter='event_type'>Webinar<\/em><i class='clear'><\/i><\/span><\/span><\/span><em class='clear'><\/em><\/a><\/p><div class='event_description evcal_eventcard ' style=\"display:none\"><div class='evo_metarow_fimg evorow evcal_evdata_img evcal_evdata_row  evo_imghover' data-imgheight='1280' data-imgwidth='2560'  style='background-image: url(\"https:\/\/www.foment.com\/wp-content\/uploads\/2026\/03\/Diseno-sin-titulo-8-1-scaled.jpg\")' data-imgstyle='full' data-minheight='400' data-status=''><\/div><div class='evcal_evdata_row evorow_2b evo_metarow_time_location evorow  '>\n\t\t\t\t\t\t\t\t<div class='evorow_b evorow_b1 evo_time'>\n\t\t\t\t\t\t\t\t\t<span class='evcal_evdata_icons'><i class='fa fa-clock'><\/i><\/span>\n\t\t\t\t\t\t\t\t\t<div class='evcal_evdata_cell'>\t\t\t\t\t\t\t\n\t\t\t\t\t\t\t\t\t\t<h3 class='evo_h3'><span class='evcal_evdata_icons'><i class='fa fa-clock'><\/i><\/span>Horario<\/h3>\n\t\t\t\t\t\t\t\t\t\t<p><span class='evo_eventcard_time_t'>(Martes) 9:00 - 10:30<\/span><\/p>\n\t\t\t\t\t\t\t\t\t<\/div>\n\t\t\t\t\t\t\t\t<\/div>\n\t\t\t\t\t\t\t\t<div class='evorow_b evo_location'>\n\t\t\t\t\t\t\t\t\t<span class='evcal_evdata_icons'><i class='fa fa-map-marker-alt'><\/i><\/span>\n\t\t\t\t\t\t\t\t\t<div class='evcal_evdata_cell' data-loc_tax_id='4869'><h3 class='evo_h3'><span class='evcal_evdata_icons'><i class='fa fa-map-marker-alt'><\/i><\/span>Lugar<\/h3><p class='evo_location_name'>Zoom<\/p><\/div>\n\t\t\t\t\t\t\t\t<\/div>\n\t\t\t\t\t\t\t\t\n\t\t\t\t\t\t\t<\/div><div class='evo_metarow_details evorow evcal_evdata_row evcal_event_details'>\n\t\t\t\t\t\t\t\t<div class=\"event_excerpt\" style=\"display:none\"><h3 class=\"padb5 evo_h3\">Detalles del evento<\/h3><p>[vc_row][vc_column][vc_btn title=\u00bbINSCRIPCI\u00d3 GRATU\u00cfTA\u00bb style=\u00bb3d\u00bb color=\u00bbdanger\u00bb size=\u00bblg\u00bb align=\u00bbcenter\u00bb button_block=\u00bbtrue\u00bb link=\u00bburl:https%3A%2F%2Fwww.foment.com%2Finscripcions-events%2F%3Fidevento%3DC9ED99B5-6F32-F111-88B4-000D3ADCCDB0&#8243;][vc_column_text]VOLS COMEN\u00c7AR A EXPORTAR?\nT&#8217;ajudem a fer el<\/p><\/div><span class='evcal_evdata_icons'><i class='fa fa-align-justify'><\/i><\/span>\n\t\t\t\t\t\t\t\t\n\t\t\t\t\t\t\t\t<div class='evcal_evdata_cell '>\n\t\t\t\t\t\t\t\t\t<div class='eventon_full_description'>\n\t\t\t\t\t\t\t\t\t\t<h3 class='padb5 evo_h3'><span class='evcal_evdata_icons'><i class='fa fa-align-justify'><\/i><\/span>Detalles del evento<\/h3>\n\t\t\t\t\t\t\t\t\t\t<div class='eventon_desc_in' itemprop='description'>\n\t\t\t\t\t\t\t\t\t\t<p>[vc_row][vc_column][vc_btn title=\u00bbINSCRIPCI\u00d3 GRATU\u00cfTA\u00bb style=\u00bb3d\u00bb color=\u00bbdanger\u00bb size=\u00bblg\u00bb align=\u00bbcenter\u00bb button_block=\u00bbtrue\u00bb link=\u00bburl:https%3A%2F%2Fwww.foment.com%2Finscripcions-events%2F%3Fidevento%3DC9ED99B5-6F32-F111-88B4-000D3ADCCDB0&#8243;][vc_column_text]<span style=\"font-size: 16pt; font-family: verdana, geneva, sans-serif; color: #d2112d;\">VOLS COMEN\u00c7AR A EXPORTAR?<\/span><br \/>\n<span style=\"font-family: verdana, geneva, sans-serif; color: #d2112d;\">T&#8217;ajudem a fer el primer pas, amb acompanyament expert i sense cost per a l&#8217;empresa<\/span><\/p>\n<p style=\"text-align: justify;\"><span style=\"font-family: verdana, geneva, sans-serif; font-size: 13px;\">Internacionalitzar-se \u00e9s una oportunitat de creixement, per\u00f2 sovint tamb\u00e9 genera dubtes: per on comen\u00e7ar, quins mercats prioritzar, quins recursos calen i quins aspectes cal tenir en compte.<\/span><\/p>\n<p style=\"text-align: justify;\"><span style=\"font-family: verdana, geneva, sans-serif; font-size: 13px;\">Per ajudar a les empreses catalanes a iniciar aquest cam\u00ed amb seguretat, ACCI\u00d3 impulsa el programa <a href=\"https:\/\/eur04.safelinks.protection.outlook.com\/?url=https%3A%2F%2Fpublic-eur.mkt.dynamics.com%2Fapi%2Forgs%2F8d5eafb0-f8ac-4ccb-a7c1-a2767b978f43%2Fr%2FdplJYjVJ_EuMAaJkHY8CABAAAAA%3Fmsdynmkt_target%3D%257B%2522TargetUrl%2522%253A%2522https%25253A%25252F%25252Feur04.safelinks.protection.outlook.com%25252F%25253Furl%25253Dhttps%2525253A%2525252F%2525252Fpublic-eur.mkt.dynamics.com%2525252Fapi%2525252Forgs%2525252F8d5eafb0-f8ac-4ccb-a7c1-a2767b978f43%2525252Fr%2525252FubNm8_1fYkKKybgcijEBAAEAAAA%2525253Fmsdynmkt_target%2525253D%252525257B%2525252522TargetUrl%2525252522%252525253A%2525252522https%25252525253A%25252525252F%25252525252Feur04.safelinks.protection.outlook.com%25252525252F%25252525253Furl%25252525253Dhttps%2525252525253A%2525252525252F%2525252525252Fpublic-eur.mkt.dynamics.com%2525252525252Fapi%2525252525252Forgs%2525252525252F8d5eafb0-f8ac-4ccb-a7c1-a2767b978f43%2525252525252Fr%2525252525252FaITv1hKS8kSs6wB3jXECAAsAAAA%2525252525253Fmsdynmkt_target%2525252525253D%252525252525257B%2525252525252522TargetUrl%2525252525252522%252525252525253A%2525252525252522https%25252525252525253A%25252525252525252F%25252525252525252Feur04.safelinks.protection.outlook.com%25252525252525252F%25252525252525253Furl%25252525252525253Dhttps%2525252525252525253A%2525252525252525252F%2525252525252525252Fpublic-eur.mkt.dynamics.com%2525252525252525252Fapi%2525252525252525252Forgs%2525252525252525252F8d5eafb0-f8ac-4ccb-a7c1-a2767b978f43%2525252525252525252Fr%2525252525252525252FLn5gxxoARECGTxqFI30DAAsAAAA%2525252525252525253Fmsdynmkt_target%2525252525252525253D%252525252525252525257B%2525252525252525252522TargetUrl%2525252525252525252522%252525252525252525253A%2525252525252525252522https%25252525252525252525253A%25252525252525252525252F%25252525252525252525252Fformularis.accio.gencat.cat%25252525252525252525252Fweb%25252525252525252525252Fformularis%25252525252525252525252Finscripcions%25252525252525252525252F-%25252525252525252525252Finscripcio%25252525252525252525252F2026%25252525252525252525252F02%25252525252525252525252F03%25252525252525252525252FOnkrUbTR_SM9nz_z85jUAA%25252525252525252525252Fsollicitud-de-diagnostic-pie-foment%25252525252525252525252F%25252525252525252525253Flang%25252525252525252525253Dca_ES%252525252525252525252526portal%25252525252525252525253Daccio%252525252525252525252526_gl%25252525252525252525253D1%25252525252525252525252A9dm0zh%25252525252525252525252A_ga%25252525252525252525252AMTI0NzIzNzQyMC4xNzEyODIyOTgy%25252525252525252525252A_ga_6HSVZS0K1X%25252525252525252525252AczE3NzI3MjM4MjckbzE4OSRnMCR0MTc3MjcyMzgzMiRqNTUkbDAkaDA%2525252525252525252522%252525252525252525252C%2525252525252525252522RedirectOptions%2525252525252525252522%252525252525252525253A%252525252525252525257B%25252525252525252525225%2525252525252525252522%252525252525252525253Anull%252525252525252525252C%25252525252525252525221%2525252525252525252522%252525252525252525253Anull%252525252525252525257D%252525252525252525257D%25252525252525252526msdynmkt_digest%2525252525252525253DA1vZltR2b3nESlG%252525252525252525252BdOmS7YeZ5GTW3dinAdHW2pwAZaw%252525252525252525253D%25252525252525252526msdynmkt_secretVersion%2525252525252525253D7bb221762d0c46939816d3a5592b1359%252525252525252526data%25252525252525253D05%2525252525252525257C02%2525252525252525257Csramirez%25252525252525252540foment.com%2525252525252525257Cc7e7a4617105465e160408de83531847%2525252525252525257Cf37c938d38654a89b99bb000c76a74bf%2525252525252525257C1%2525252525252525257C0%2525252525252525257C639092590089463447%2525252525252525257CUnknown%2525252525252525257CTWFpbGZsb3d8eyJFbXB0eU1hcGkiOnRydWUsIlYiOiIwLjAuMDAwMCIsIlAiOiJXaW4zMiIsIkFOIjoiTWFpbCIsIldUIjoyfQ%2525252525252525253D%2525252525252525253D%2525252525252525257C0%2525252525252525257C%2525252525252525257C%2525252525252525257C%252525252525252526sdata%25252525252525253D8wWi3Z4S7N5i5VCO2QP6AvtWJylRMKEZbvPje18Pg90%2525252525252525253D%252525252525252526reserved%25252525252525253D0%2525252525252522%252525252525252C%2525252525252522RedirectOptions%2525252525252522%252525252525253A%252525252525257B%25252525252525225%2525252525252522%252525252525253Anull%252525252525252C%25252525252525221%2525252525252522%252525252525253Anull%252525252525257D%252525252525257D%25252525252526msdynmkt_digest%2525252525253DYIZexQWs7uZ2WhUfgJqeZuryKVb2vajIvtYv5qE8oRY%252525252525253D%25252525252526msdynmkt_secretVersion%2525252525253D7bb221762d0c46939816d3a5592b1359%252525252526data%25252525253D05%2525252525257C02%2525252525257Csramirez%25252525252540foment.com%2525252525257C565760556e6c4cf5c35308de84384967%2525252525257Cf37c938d38654a89b99bb000c76a74bf%2525252525257C1%2525252525257C0%2525252525257C639093574480490085%2525252525257CUnknown%2525252525257CTWFpbGZsb3d8eyJFbXB0eU1hcGkiOnRydWUsIlYiOiIwLjAuMDAwMCIsIlAiOiJXaW4zMiIsIkFOIjoiTWFpbCIsIldUIjoyfQ%2525252525253D%2525252525253D%2525252525257C0%2525252525257C%2525252525257C%2525252525257C%252525252526sdata%25252525253DN3y2QAkHHQEwnwslqril%2525252525252B%2525252525252BjbsTmbpaH1gsQUjqlx6ho%2525252525253D%252525252526reserved%25252525253D0%2525252522%252525252C%2525252522RedirectOptions%2525252522%252525253A%252525257B%25252525225%2525252522%252525253Anull%252525252C%25252525221%2525252522%252525253Anull%252525257D%252525257D%25252526msdynmkt_digest%2525253DHxSIjxqNyMzq4m6G1OWkNS%252525252FYEFefhiIl8o9iQscMDnI%252525253D%25252526msdynmkt_secretVersion%2525253D7bb221762d0c46939816d3a5592b1359%252526data%25253D05%2525257C02%2525257Csramirez%25252540foment.com%2525257C1d01451646264e7fca2308de88baf1ef%2525257Cf37c938d38654a89b99bb000c76a74bf%2525257C1%2525257C0%2525257C639098533660479269%2525257CUnknown%2525257CTWFpbGZsb3d8eyJFbXB0eU1hcGkiOnRydWUsIlYiOiIwLjAuMDAwMCIsIlAiOiJXaW4zMiIsIkFOIjoiTWFpbCIsIldUIjoyfQ%2525253D%2525253D%2525257C0%2525257C%2525257C%2525257C%252526sdata%25253DF6gmzEwyPcPCX%2525252FFmsqBkWV3LiHiEx0w4lH5lts42Hng%2525253D%252526reserved%25253D0%2522%252C%2522RedirectOptions%2522%253A%257B%25225%2522%253Anull%252C%25221%2522%253Anull%257D%257D%26msdynmkt_digest%3D3pnr7eA2jjjY5%252F04VJpOmyfkKAFHOW2zndgIqJQ0jxA%253D%26msdynmkt_secretVersion%3D7bb221762d0c46939816d3a5592b1359&amp;data=05%7C02%7Csramirez%40foment.com%7C23b351ae016143229c6d08de8c12d3d6%7Cf37c938d38654a89b99bb000c76a74bf%7C1%7C0%7C639102209641121264%7CUnknown%7CTWFpbGZsb3d8eyJFbXB0eU1hcGkiOnRydWUsIlYiOiIwLjAuMDAwMCIsIlAiOiJXaW4zMiIsIkFOIjoiTWFpbCIsIldUIjoyfQ%3D%3D%7C0%7C%7C%7C&amp;sdata=yoLLv4PRfv2xjZrHwBgWZXD0aIuobZl%2FLoaBtC4V5is%3D&amp;reserved=0\">CATALUNYA EXPORTA<\/a>, adre\u00e7at a empreses que volen iniciar-se en la internacionalitzaci\u00f3 amb un enfocament pr\u00e0ctic i personalitzat. <\/span><\/p>\n<p><span style=\"font-family: verdana, geneva, sans-serif; font-size: 13px;\">Des de <a href=\"https:\/\/eur04.safelinks.protection.outlook.com\/?url=https%3A%2F%2Fpublic-eur.mkt.dynamics.com%2Fapi%2Forgs%2F8d5eafb0-f8ac-4ccb-a7c1-a2767b978f43%2Fr%2FdplJYjVJ_EuMAaJkHY8CABEAAAA%3Fmsdynmkt_target%3D%257B%2522TargetUrl%2522%253A%2522https%25253A%25252F%25252Feur04.safelinks.protection.outlook.com%25252F%25253Furl%25253Dhttps%2525253A%2525252F%2525252Fpublic-eur.mkt.dynamics.com%2525252Fapi%2525252Forgs%2525252F8d5eafb0-f8ac-4ccb-a7c1-a2767b978f43%2525252Fr%2525252FubNm8_1fYkKKybgcijEBAAIAAAA%2525253Fmsdynmkt_target%2525253D%252525257B%2525252522TargetUrl%2525252522%252525253A%2525252522https%25252525253A%25252525252F%25252525252Fwww.foment.com%25252525252Fes%25252525252Fcatalunya-exporta%25252525252F%2525252525231767799497417-fa3ae53f-0b5b%2525252522%252525252C%2525252522RedirectOptions%2525252522%252525253A%252525257B%25252525220%2525252522%252525253Anull%252525257D%252525257D%25252526msdynmkt_digest%2525253DbK7c94w0eFraOy9eOgKfYNJ21gIDfLiaSBNv7Ob%252525252FUbc%252525253D%25252526msdynmkt_secretVersion%2525253D7bb221762d0c46939816d3a5592b1359%252526data%25253D05%2525257C02%2525257Csramirez%25252540foment.com%2525257C1d01451646264e7fca2308de88baf1ef%2525257Cf37c938d38654a89b99bb000c76a74bf%2525257C1%2525257C0%2525257C639098533660503029%2525257CUnknown%2525257CTWFpbGZsb3d8eyJFbXB0eU1hcGkiOnRydWUsIlYiOiIwLjAuMDAwMCIsIlAiOiJXaW4zMiIsIkFOIjoiTWFpbCIsIldUIjoyfQ%2525253D%2525253D%2525257C0%2525257C%2525257C%2525257C%252526sdata%25253DnU%2525252FdP3SzDdBLN%2525252BjGlM%2525252BfjpHC30Tp2sKQXa53D7Snr8M%2525253D%252526reserved%25253D0%2522%252C%2522RedirectOptions%2522%253A%257B%25225%2522%253Anull%252C%25221%2522%253Anull%257D%257D%26msdynmkt_digest%3DTMCFNOfb0%252BXu2BCcvcmDJAmwBhXs4eG0zaVP3L6%252BdE8%253D%26msdynmkt_secretVersion%3D7bb221762d0c46939816d3a5592b1359&amp;data=05%7C02%7Csramirez%40foment.com%7C23b351ae016143229c6d08de8c12d3d6%7Cf37c938d38654a89b99bb000c76a74bf%7C1%7C0%7C639102209641147248%7CUnknown%7CTWFpbGZsb3d8eyJFbXB0eU1hcGkiOnRydWUsIlYiOiIwLjAuMDAwMCIsIlAiOiJXaW4zMiIsIkFOIjoiTWFpbCIsIldUIjoyfQ%3D%3D%7C0%7C%7C%7C&amp;sdata=daHoyG1ZgccCVp8G6HuKQMd9CnWk7pYkM%2FVO%2F7PF6wM%3D&amp;reserved=0\">Foment del Treball<\/a>, t&#8217;acompanyem en el proc\u00e9s d&#8217;internacionalitzaci\u00f3 perqu\u00e8 puguis identificar el teu potencial exportador i definir els primers passos amb criteri i confian\u00e7a.<\/span><\/p>\n<p style=\"text-align: justify;\"><span style=\"font-family: verdana, geneva, sans-serif; font-size: 13px;\">Com a entitat col\u00b7laboradora i agent de suport a la internacionalitzaci\u00f3, al llarg de l&#8217;any organitzarem sessions de capacitaci\u00f3 perqu\u00e8 les empreses coneguin els conceptes, les tend\u00e8ncies i les normatives clau per obrir-se als mercats internacionals.<\/span><\/p>\n<p style=\"text-align: justify;\"><span style=\"font-family: verdana, geneva, sans-serif; font-size: 13px;\">Aquesta sessi\u00f3, \u00abParticipar amb \u00e8xit en fires internacionals \u00ab, t\u00e9 com a objectiu t\u00e9 com a objectiu oferir a les empreses eines pr\u00e0ctiques per aprofitar al m\u00e0xim la seva participaci\u00f3 en fires internacionals com a via per impulsar la seva estrat\u00e8gia d&#8217;internacionalitzaci\u00f3. Durant la sessi\u00f3 es treballaran\u00a0 aspectes clau com la selecci\u00f3 de fires m\u00e9s adequades, la preparaci\u00f3 de la participaci\u00f3, la captaci\u00f3 de contactes i el seguiment necess\u00e0ri despr\u00e9s de la fira.\u00a0<\/span><\/p>\n<p><strong><span style=\"color: #d2112d; font-family: verdana, geneva, sans-serif; font-size: 13px;\">PROGRAMA<\/span><\/strong><\/p>\n<p><span style=\"color: #d2112d; font-family: verdana, geneva, sans-serif; font-size: 13px;\">09:00 h. Benvinguda i presentaci\u00f3 del Programa Catalunya Exporta<\/span><\/p>\n<p><span style=\"color: #d2112d; font-family: verdana, geneva, sans-serif; font-size: 13px;\">09:10 h. <strong>Participar amb \u00e8xit a fires internacionals<\/strong><\/span><\/p>\n<p><span style=\"color: #000000; font-family: verdana, geneva, sans-serif; font-size: 13px;\"><strong>Isabel Garcia<\/strong>, Senior International Consultant, <strong>BarcelonaExport<\/strong><\/span><\/p>\n<p><span style=\"color: #d2112d; font-family: verdana, geneva, sans-serif; font-size: 13px;\">10:20 h. Torn de preguntes<\/span><\/p>\n<p><span style=\"color: #d2112d; font-family: verdana, geneva, sans-serif; font-size: 13px;\">10:30 h. Fi de la sesi\u00f3<\/span>[\/vc_column_text]<\/p>\n<div class=\"single_image wpb_content_element align-left    \" data-animation=\"none\" data-delay=\"0\"><img width=\"1900\" height=\"300\" src=\"https:\/\/www.foment.com\/wp-content\/uploads\/2026\/03\/ACCIO-1.png\" class=\"attachment-full\" alt=\"\" loading=\"lazy\" title=\"ACCI\u00d3\" srcset=\"https:\/\/www.foment.com\/wp-content\/uploads\/2026\/03\/ACCIO-1.png 1900w, https:\/\/www.foment.com\/wp-content\/uploads\/2026\/03\/ACCIO-1-300x47.png 300w, https:\/\/www.foment.com\/wp-content\/uploads\/2026\/03\/ACCIO-1-1024x162.png 1024w, https:\/\/www.foment.com\/wp-content\/uploads\/2026\/03\/ACCIO-1-768x121.png 768w, https:\/\/www.foment.com\/wp-content\/uploads\/2026\/03\/ACCIO-1-1536x243.png 1536w\" sizes=\"(max-width: 1900px) 100vw, 1900px\" \/><\/div>\n<p>[\/vc_column][\/vc_row][vc_row][vc_column width=\u00bb1\/2&#8243;][vc_column_text]<span style=\"font-family: verdana, geneva, sans-serif; font-size: 10px;\">Amb el suport de:<\/span>[\/vc_column_text]<\/p>\n<div class=\"single_image wpb_content_element align-left    \" data-animation=\"none\" data-delay=\"0\"><a href=\"http:\/\/www.accio.gencat.cat\" target=\"_self\"><img width=\"300\" height=\"68\" src=\"https:\/\/www.foment.com\/wp-content\/uploads\/2026\/03\/ACCIO-integrat-Horitzontal-CAT-color-300x68.png\" class=\"attachment-medium\" alt=\"\" loading=\"lazy\" title=\"ACCIO-integrat-Horitzontal-CAT-color\" srcset=\"https:\/\/www.foment.com\/wp-content\/uploads\/2026\/03\/ACCIO-integrat-Horitzontal-CAT-color-300x68.png 300w, https:\/\/www.foment.com\/wp-content\/uploads\/2026\/03\/ACCIO-integrat-Horitzontal-CAT-color.png 559w\" sizes=\"(max-width: 300px) 100vw, 300px\" \/><\/a><\/div>\n<p>[\/vc_column][vc_column width=\u00bb1\/2&#8243;][vc_column_text]<span style=\"font-family: verdana, geneva, sans-serif; font-size: 10px;\">Agent de suport a la Internacionalitzaci\u00f3<\/span>[\/vc_column_text]<\/p>\n<div class=\"single_image wpb_content_element align-left    \" data-animation=\"none\" data-delay=\"0\"><img width=\"274\" height=\"300\" src=\"https:\/\/www.foment.com\/wp-content\/uploads\/2025\/10\/logo-Accio-2-274x300.png\" class=\"attachment-medium\" alt=\"\" loading=\"lazy\" title=\"logo Accio 2\" srcset=\"https:\/\/www.foment.com\/wp-content\/uploads\/2025\/10\/logo-Accio-2-274x300.png 274w, https:\/\/www.foment.com\/wp-content\/uploads\/2025\/10\/logo-Accio-2-768x842.png 768w, https:\/\/www.foment.com\/wp-content\/uploads\/2025\/10\/logo-Accio-2.png 778w\" sizes=\"(max-width: 274px) 100vw, 274px\" \/><\/div>\n<p>[\/vc_column][\/vc_row]<\/p>\n<\/div><div class='clear'><\/div>\n\t\t\t\t\t\t\t\t\t<\/div>\n\t\t\t\t\t\t\t\t<\/div>\n\t\t\t\t\t\t\t<\/div><div class='evo_metarow_organizer evorow evcal_evdata_row evcal_evrow_sm '>\n\t\t\t\t\t\t\t\t<span class='evcal_evdata_icons'><i class='fa fa-headphones'><\/i><\/span>\n\t\t\t\t\t\t\t\t<div class='evcal_evdata_cell'>\t\t\t\t\t\t\t\n\t\t\t\t\t\t\t\t\t<h3 class='evo_h3'>Organizador<\/h3>\n\t\t\t\t\t\t\t\t\t<p class='evo_data_val evo_card_organizer_image'><img src='https:\/\/www.foment.com\/wp-content\/uploads\/2017\/04\/InternacionalEmpresabitotransCAT-200x80.png'\/><\/p>\n\t\t\t\t\t\t\t\t\t<div class='evo_card_organizer'><p class='evo_data_val evo_card_organizer_name'>\n\t\t\t\t\t\t\t\t\t\t<span class='evo_card_organizer_name_t'>Internacional<\/span>\n\t\t\t\t\t\t\t\t\t\t\n\t\t\t\t\t\t\t\t\t\t<\/p><\/div><div class='clear'><\/div>\t\t\t\t\t\t\t\n\t\t\t\t\t\t\t\t<\/div>\n\t\t\t\t\t\t\t<\/div><div class='evcal_evdata_row evo_metarow_locImg evorow ' style='height:400px; background-image:url(https:\/\/www.foment.com\/wp-content\/uploads\/2017\/03\/002damm-0334.jpg)' id='31599_locimg' ><\/div>\t\t\t\t\t\t\t<div class='evo_metarow_ICS evorow evcal_evdata_row'>\n\t\t\t\t\t\t\t\t<span class=\"evcal_evdata_icons\"><i class=\"fa fa-calendar\"><\/i><\/span>\n\t\t\t\t\t\t\t\t<div class='evcal_evdata_cell'>\n\t\t\t\t\t\t\t\t\t<p><a href='https:\/\/www.foment.com\/wp-admin\/admin-ajax.php?action=eventon_ics_download&amp;event_id=217566&amp;ri=0' class='evo_ics_nCal' title='Add to your calendar'>Calendar<\/a><a href='\/\/www.google.com\/calendar\/event?action=TEMPLATE&amp;text=Webinar+%7C+Participar+amb+%C3%A8xit+en+fires+internacionals&amp;dates=20260721T070000Z\/20260721T083000Z&amp;ctz=Europe\/Madrid&amp;details=Webinar+%7C+Participar+amb+%C3%A8xit+en+fires+internacionals&amp;location=Zoom' target='_blank' class='evo_ics_gCal' title='Add to google calendar'>GoogleCal<\/a><\/p>\t\n\t\t\t\t\t\t\t\t<\/div>\n\t\t\t\t\t\t\t<\/div>\n\t\t\t\t\t\t\t<div class='evo_card_row_end evcal_close' title='Close'><\/div><\/div><div class='clear end'><\/div><\/div><div  id=\"event_218410_0\" class=\"eventon_list_event evo_eventtop scheduled  event event_218410_0\" data-event_id=\"218410\" data-ri=\"0r\" data-time=\"1790847000-1792679400\" data-colr=\"#00a499\" itemscope itemtype='http:\/\/schema.org\/Event'><div class=\"evo_event_schema\" style=\"display:none\" ><a itemprop='url'  href='https:\/\/www.foment.com\/es\/events\/curso-de-especializacion-en-la-investigacion-de-accidentes-2026\/'><\/a><meta itemprop='image' content=\"https:\/\/www.foment.com\/wp-content\/uploads\/2026\/04\/Caratula-Curso-investigacion-accidentes.jpg\" \/><meta itemprop='startDate' content=\"2026-10-1T09:30+2:00\" \/><meta itemprop='endDate' content=\"2026-10-22T14:30+2:00\" \/><meta itemprop='eventStatus' content=\"https:\/\/schema.org\/EventScheduled\" \/><item style=\"display:none\" itemprop=\"eventAttendanceMode\" itemscope itemtype=\"https:\/\/schema.org\/OfflineEventAttendanceMode\"><\/item><div itemprop=\"organizer\" itemscope=\"\" itemtype=\"http:\/\/schema.org\/Organization\">\n\t\t\t\t\t    \t<meta itemprop=\"name\" content=\"Of. T\u00e9cnica de Prevenci\u00f3n de Riesgos Laborales\">\n\t\t\t\t\t    \t<\/div><div itemprop=\"performer\" itemscope=\"\" itemtype=\"http:\/\/schema.org\/Person\">\n\t\t\t\t\t    \t<meta itemprop=\"name\" content=\"Of. T\u00e9cnica de Prevenci\u00f3n de Riesgos Laborales\">\n\t\t\t\t\t    <\/div><script type=\"application\/ld+json\">{\"@context\": \"http:\/\/schema.org\",\"@type\": \"Event\",\n\t\t\t\t\t\"@id\": \"event_218410_0\",\n\t\t\t\t\t\"eventAttendanceMode\":\"https:\/\/schema.org\/OfflineEventAttendanceMode\",\n\t\t\t\t\t\"name\": \"Curso de especializaci\u00f3n en investigaci\u00f3n de accidentes \u2013 2026\",\n\t\t\t\t\t\"url\": \"https:\/\/www.foment.com\/es\/events\/curso-de-especializacion-en-la-investigacion-de-accidentes-2026\/\",\n\t\t\t\t\t\"startDate\": \"2026-10-1T09:30+2:00\",\n\t\t\t\t\t\"endDate\": \"2026-10-22T14:30+2:00\",\n\t\t\t\t\t\"image\":\"https:\/\/www.foment.com\/wp-content\/uploads\/2026\/04\/Caratula-Curso-investigacion-accidentes.jpg\", \n\t\t\t\t\t\"description\":\"<p>[vc_row][vc_column][vc_column_text]<\/p> <p>&nbsp;<\/p> <p style='text-align: center;'><span style='color: #a60f0f; font-family: verdana, geneva, sans-serif;'><span style='font-size: 18pt;'>Curso de especializaci\u00f3n en investigaci\u00f3n de accidentes<\/span><\/span><\/p> <p>&nbsp;<\/p> <p style='text-align: justify;'><span style='font-family: verdana, geneva, sans-serif;'>La investigaci\u00f3n de accidentes es un \u00e1rea en constante evoluci\u00f3n, a medida que se van incorporando tecnolog\u00edas, metodolog\u00edas de an\u00e1lisis, as\u00ed como la experiencia y conocimiento que el estudio de siniestros aporta.<\/span><\/p> <p style='text-align: justify;'><span style='font-family: verdana, geneva, sans-serif;'>El objetivo del curso es facilitar al alumno un aprendizaje y conocimiento amplio de las principales t\u00e9cnicas empleadas a nivel internacional para la investigaci\u00f3n de accidentes\/incidentes, dot\u00e1ndolo de una amplia perspectiva sobre el proceso de la investigaci\u00f3n de accidentes, as\u00ed como m\u00faltiples herramientas para abordar el proceso de planificaci\u00f3n y gesti\u00f3n de la investigaci\u00f3n y el posterior aprendizaje y mejora en aspectos t\u00e9cnicos, organizativos, de gesti\u00f3n, culturales y comportamentales.<\/span><\/p> <hr \/> <p><span style='font-family: verdana, geneva, sans-serif;'>Plazas limitadas. Se confirmar\u00e1 la plaza personalmente.<\/span><\/p> <p><span style='font-family: verdana, geneva, sans-serif;'>La inscripci\u00f3n se puede realizar hasta el 15\/09\/2026.<\/span><\/p> <p><span style='font-family: verdana, geneva, sans-serif;'>El precio de la matr\u00edcula son 1.4750\u20ac (IVA no incluido) susceptible de bonificaci\u00f3n parcial por la Fundaci\u00f3n Estatal para la Formaci\u00f3n en el Empleo.<\/span><\/p> <p>[\/vc_column_text][\/vc_column][\/vc_row][vc_row][vc_column width=\u00bb1\/1&#8243;][vc_btn title=\u00bbDescargar programa\u00bb style=\u00bboutline-custom\u00bb outline_custom_color=\u00bb#dd3333&#8243; outline_custom_hover_background=\u00bb#000000&#8243; outline_custom_hover_text=\u00bb#dd1818&#8243; align=\u00bbcenter\u00bb link=\u00bburl:https%3A%2F%2Ffomentdeltreball.sharepoint.com%2F%3Ab%3A%2Fg%2FIQA0ea4vfNC1TKZb8HYU2n2lATYi4AwszoX0QW3iywjEtjc|target:_blank\u00bb css=\u00bb.vc_custom_1776348216532{background-color: #ffffff !important;}\u00bb][\/vc_column][\/vc_row]<\/p> \",\"organizer\":{\"@type\":\"Organization\",\"name\":\"Of. T\u00e9cnica de Prevenci\u00f3n de Riesgos Laborales\"},\"performer\":{\"@type\":\"Person\",\"name\":\"Of. T\u00e9cnica de Prevenci\u00f3n de Riesgos Laborales\"},\"eventStatus\":\"https:\/\/schema.org\/EventScheduled\"}<\/script><\/div>\n\t\t\t\t<p class=\"desc_trig_outter\" style=\"background-color:#ffffff;flex-direction: row;\"><a data-gmap_status=\"null\" data-exlk=\"1\"  style=\"border-color: #00a499;\" id=\"evc_1790847000218410\" class=\"hasFtIMG desc_trig evo_prevencion-riesgos-laborales mul_val evcal_list_a\" data-ux_val=\"3\"  ><span class='ev_ftImg' data-img='https:\/\/www.foment.com\/wp-content\/uploads\/2026\/04\/Caratula-Curso-investigacion-accidentes.jpg' data-thumb='https:\/\/www.foment.com\/wp-content\/uploads\/2026\/04\/Caratula-Curso-investigacion-accidentes-300x169.jpg' style='background-image:url(\"https:\/\/www.foment.com\/wp-content\/uploads\/2026\/04\/Caratula-Curso-investigacion-accidentes-300x169.jpg\")'><\/span><style>.ajde_evcal_calendar.boxy #evcal_list .eventon_list_event .evcal_desc em{color:black;}<\/style><span style='width:100%; background-color:#00a499 !important;' class='evcal_cblock ' data-smon='octubre' data-syr='2026'><span style='margin-top: 7px;margin-bottom: 7px;' class='evo_start '><em class='date'>01<\/em><em class='month'>oct<\/em><em class='time'>9:30<\/em><\/span><span style='margin-top: 7px;margin-bottom: 7px;' class='evo_end '><em class='date'>22<\/em><em class='time'><i>(oct 22)<\/i>14:30<\/em><\/span><em class='clear'><\/em><\/span><span class='evcal_desc evo_info '  ><span class='evo_above_title'><\/span><span class='evcal_desc2 evcal_event_title hbaevatitle' itemprop='name'>Curso de especializaci\u00f3n en investigaci\u00f3n de accidentes \u2013 2026<\/span><span class='evo_below_title'><\/span><span class='evcal_desc_info' ><em class='evcal_time evo_tz_time'>9:30 - 14:30 <em class=\"evo_endday\">(22)<\/em><\/em> <\/span><span class='evcal_desc3'><\/span><span style='height: 60px;'  class='evcal_desc3' ><span class='evcal_event_types ett1'><em>C =<\/em><em data-filter='event_type'>Prevenci\u00f3n Riesgos Laborales<\/em><i class='clear'><\/i><\/span><\/span><\/span><em class='clear'><\/em><\/a><\/p><div class='event_description evcal_eventcard ' style=\"display:none\"><div class='evorow evcal_evdata_row bordb evcal_evrow_sm evo_metarow_rsvp' ><div class='evors_jdata' data-j='{\"etitle\":\"Curso de especializaci\\u00f3n en investigaci\\u00f3n de accidentes \\u2013 2026\",\"e_id\":218410,\"repeat_interval\":0,\"cap\":4,\"precap\":\"10\",\"uid\":\"na\",\"prefill\":false,\"lang\":\"L1\",\"incard\":\"no\",\"rsvpid\":null,\"rsvp\":null}'><\/div><span class='evcal_evdata_icons'><i class='fa fa-envelope'><\/i><\/span>\r\n\t\t\t\t\t\t\t<div class='evcal_evdata_cell'>\r\n\t\t\t\t\t\t\t\t<h3 class='evo_h3'>INSCR\u00cdBETE A LA ACTIVIDAD<\/h3><div class='evors_section evors_subtext'><p class='evo_data_val'>No te la pierdas<\/p><\/div><div class='evors_eventcard_content'><p class='evors_section evors_user_text'><span>\u00bfQuieres asistir?<\/span><\/p><div class='evoRS_status_option_selection'><p class='sin'><span data-val='y' class='evors_choices one '>S\u00cd<\/span><\/p><\/div>\t\t\t\t\t<div class=\"evors_incard_form\"><\/div>\r\n\t\t\t\t\t<div class='evors_information'><div class='evors_stat_data'><div class='evors_section evors_remaining_spots'><\/div><div class='clear'><\/div><\/div><\/div><div class='evors_section evors_change_rsvp'>\r\n\t\t\t\t\t\t\t\t<p class=''><span class=\"evors_change_rsvp_label\">\u00bfNo puedes asistir al evento?<\/span><span class='change evors_change_rsvp_trig' data-rsvpid='' data-val='ch'>Cambiar mi reserva<\/span>\r\n\t\t\t\t\t\t\t\t<\/p><\/div><\/div><\/div><\/div><div class='evo_metarow_fimg evorow evcal_evdata_img evcal_evdata_row  evo_imghover' data-imgheight='1080' data-imgwidth='1920'  style='background-image: url(\"https:\/\/www.foment.com\/wp-content\/uploads\/2026\/04\/Caratula-Curso-investigacion-accidentes.jpg\")' data-imgstyle='full' data-minheight='400' data-status=''><\/div><div class='evo_metarow_time evorow evcal_evdata_row evcal_evrow_sm '>\n\t\t\t\t\t\t\t\t<span class='evcal_evdata_icons'><i class='fa fa-clock'><\/i><\/span>\n\t\t\t\t\t\t\t\t<div class='evcal_evdata_cell'>\t\t\t\t\t\t\t\n\t\t\t\t\t\t\t\t\t<h3 class='evo_h3'><span class='evcal_evdata_icons'><i class='fa fa-clock'><\/i><\/span>Horario<\/h3><p><span class='evo_eventcard_time_t'>1 (Jueves) 9:30 - 22 (Jueves) 14:30<\/span><\/p>\n\t\t\t\t\t\t\t\t<\/div>\n\t\t\t\t\t\t\t<\/div><div class='evo_metarow_details evorow evcal_evdata_row evcal_event_details'>\n\t\t\t\t\t\t\t\t<div class=\"event_excerpt\" style=\"display:none\"><h3 class=\"padb5 evo_h3\">Detalles del evento<\/h3><p>[vc_row][vc_column][vc_column_text]\n&nbsp;\nCurso de especializaci\u00f3n en investigaci\u00f3n de accidentes\n&nbsp;\nLa investigaci\u00f3n de accidentes es un \u00e1rea en<\/p><\/div><span class='evcal_evdata_icons'><i class='fa fa-align-justify'><\/i><\/span>\n\t\t\t\t\t\t\t\t\n\t\t\t\t\t\t\t\t<div class='evcal_evdata_cell '>\n\t\t\t\t\t\t\t\t\t<div class='eventon_full_description'>\n\t\t\t\t\t\t\t\t\t\t<h3 class='padb5 evo_h3'><span class='evcal_evdata_icons'><i class='fa fa-align-justify'><\/i><\/span>Detalles del evento<\/h3>\n\t\t\t\t\t\t\t\t\t\t<div class='eventon_desc_in' itemprop='description'>\n\t\t\t\t\t\t\t\t\t\t<p>[vc_row][vc_column][vc_column_text]<\/p>\n<p>&nbsp;<\/p>\n<p style=\"text-align: center;\"><span style=\"color: #a60f0f; font-family: verdana, geneva, sans-serif;\"><span style=\"font-size: 18pt;\">Curso de especializaci\u00f3n en investigaci\u00f3n de accidentes<\/span><\/span><\/p>\n<p>&nbsp;<\/p>\n<p style=\"text-align: justify;\"><span style=\"font-family: verdana, geneva, sans-serif;\">La investigaci\u00f3n de accidentes es un \u00e1rea en constante evoluci\u00f3n, a medida que se van incorporando tecnolog\u00edas, metodolog\u00edas de an\u00e1lisis, as\u00ed como la experiencia y conocimiento que el estudio de siniestros aporta.<\/span><\/p>\n<p style=\"text-align: justify;\"><span style=\"font-family: verdana, geneva, sans-serif;\">El objetivo del curso es facilitar al alumno un aprendizaje y conocimiento amplio de las principales t\u00e9cnicas empleadas a nivel internacional para la investigaci\u00f3n de accidentes\/incidentes, dot\u00e1ndolo de una amplia perspectiva sobre el proceso de la investigaci\u00f3n de accidentes, as\u00ed como m\u00faltiples herramientas para abordar el proceso de planificaci\u00f3n y gesti\u00f3n de la investigaci\u00f3n y el posterior aprendizaje y mejora en aspectos t\u00e9cnicos, organizativos, de gesti\u00f3n, culturales y comportamentales.<\/span><\/p>\n<hr \/>\n<p><span style=\"font-family: verdana, geneva, sans-serif;\">Plazas limitadas. Se confirmar\u00e1 la plaza personalmente.<\/span><\/p>\n<p><span style=\"font-family: verdana, geneva, sans-serif;\">La inscripci\u00f3n se puede realizar hasta el 15\/09\/2026.<\/span><\/p>\n<p><span style=\"font-family: verdana, geneva, sans-serif;\">El precio de la matr\u00edcula son 1.4750\u20ac (IVA no incluido) susceptible de bonificaci\u00f3n parcial por la Fundaci\u00f3n Estatal para la Formaci\u00f3n en el Empleo.<\/span><\/p>\n<p>[\/vc_column_text][\/vc_column][\/vc_row][vc_row][vc_column width=\u00bb1\/1&#8243;][vc_btn title=\u00bbDescargar programa\u00bb style=\u00bboutline-custom\u00bb outline_custom_color=\u00bb#dd3333&#8243; outline_custom_hover_background=\u00bb#000000&#8243; outline_custom_hover_text=\u00bb#dd1818&#8243; align=\u00bbcenter\u00bb link=\u00bburl:https%3A%2F%2Ffomentdeltreball.sharepoint.com%2F%3Ab%3A%2Fg%2FIQA0ea4vfNC1TKZb8HYU2n2lATYi4AwszoX0QW3iywjEtjc|target:_blank\u00bb css=\u00bb.vc_custom_1776348216532{background-color: #ffffff !important;}\u00bb][\/vc_column][\/vc_row]<\/p>\n<\/div><div class='clear'><\/div>\n\t\t\t\t\t\t\t\t\t<\/div>\n\t\t\t\t\t\t\t\t<\/div>\n\t\t\t\t\t\t\t<\/div><div class='evo_metarow_organizer evorow evcal_evdata_row evcal_evrow_sm '>\n\t\t\t\t\t\t\t\t<span class='evcal_evdata_icons'><i class='fa fa-headphones'><\/i><\/span>\n\t\t\t\t\t\t\t\t<div class='evcal_evdata_cell'>\t\t\t\t\t\t\t\n\t\t\t\t\t\t\t\t\t<h3 class='evo_h3'>Organizador<\/h3>\n\t\t\t\t\t\t\t\t\t\n\t\t\t\t\t\t\t\t\t<div class='evo_card_organizer'><p class='evo_data_val evo_card_organizer_name'>\n\t\t\t\t\t\t\t\t\t\t<span class='evo_card_organizer_name_t'>Of. T\u00e9cnica de Prevenci\u00f3n de Riesgos Laborales<\/span>\n\t\t\t\t\t\t\t\t\t\t\n\t\t\t\t\t\t\t\t\t\t<\/p><\/div><div class='clear'><\/div>\t\t\t\t\t\t\t\n\t\t\t\t\t\t\t\t<\/div>\n\t\t\t\t\t\t\t<\/div>\t\t\t\t\t\t\t<div class='evo_metarow_ICS evorow evcal_evdata_row'>\n\t\t\t\t\t\t\t\t<span class=\"evcal_evdata_icons\"><i class=\"fa fa-calendar\"><\/i><\/span>\n\t\t\t\t\t\t\t\t<div class='evcal_evdata_cell'>\n\t\t\t\t\t\t\t\t\t<p><a href='https:\/\/www.foment.com\/wp-admin\/admin-ajax.php?action=eventon_ics_download&amp;event_id=218410&amp;ri=0' class='evo_ics_nCal' title='Add to your calendar'>Calendar<\/a><a href='\/\/www.google.com\/calendar\/event?action=TEMPLATE&amp;text=Curso+de+especializaci%C3%B3n+en+investigaci%C3%B3n+de+accidentes+%E2%80%93+2026&amp;dates=20261001T073000Z\/20261022T123000Z&amp;ctz=Europe\/Madrid&amp;details=Curso+de+especializaci%C3%B3n+en+investigaci%C3%B3n+de+accidentes+%E2%80%93+2026&amp;location=' target='_blank' class='evo_ics_gCal' title='Add to google calendar'>GoogleCal<\/a><\/p>\t\n\t\t\t\t\t\t\t\t<\/div>\n\t\t\t\t\t\t\t<\/div>\n\t\t\t\t\t\t\t<div class='evo_card_row_end evcal_close' title='Close'><\/div><\/div><div class='clear end'><\/div><\/div><\/div><\/div><\/div><div class=\"evosl_footer_outter\"><div class=\"evosl_footer\"><\/div><\/div>\t\t \t<div id='evcal_footer' class='evo_bottom' style='display:none'>\n\t\t \t\t<div class='evo_cal_data'  data-sc='{\"accord\":\"no\",\"bottom_nav\":\"no\",\"cal_id\":\"\",\"cal_init_nonajax\":\"no\",\"calendar_type\":\"default\",\"control_style\":\"lr\",\"el_type\":\"ue\",\"etc_override\":\"no\",\"evc_open\":\"no\",\"event_count\":\"0\",\"event_location\":\"all\",\"event_order\":\"ASC\",\"event_organizer\":\"all\",\"event_past_future\":\"all\",\"event_tag\":\"all\",\"event_type\":\"all\",\"event_type_2\":\"all\",\"event_type_3\":\"all\",\"event_type_4\":\"all\",\"event_type_5\":\"all\",\"eventtop_style\":\"0\",\"exp_jumper\":\"no\",\"exp_so\":\"no\",\"filter_relationship\":\"AND\",\"filter_show_set_only\":\"no\",\"filter_type\":\"default\",\"filters\":\"yes\",\"fixed_month\":\"4\",\"fixed_year\":\"2026\",\"focus_end_date_range\":\"1806537599\",\"focus_start_date_range\":\"1777352958\",\"ft_event_priority\":\"no\",\"hide_arrows\":\"no\",\"hide_empty_months\":\"no\",\"hide_end_time\":\"no\",\"hide_ft\":\"no\",\"hide_month_headers\":\"no\",\"hide_mult_occur\":\"no\",\"hide_past\":\"no\",\"hide_past_by\":\"ee\",\"hide_so\":\"no\",\"ics\":\"no\",\"jumper\":\"no\",\"jumper_count\":\"5\",\"jumper_offset\":\"0\",\"lang\":\"L1\",\"layout_changer\":\"no\",\"livenow_bar\":\"yes\",\"mapformat\":\"roadmap\",\"mapiconurl\":\"\",\"maps_load\":\"yes\",\"mapscroll\":\"true\",\"mapzoom\":\"18\",\"members_only\":\"no\",\"ml_priority\":\"no\",\"month_incre\":\"0\",\"number_of_months\":\"12\",\"only_ft\":\"no\",\"pec\":\"\",\"s\":\"\",\"search\":\"\",\"search_all\":\"no\",\"sep_month\":\"no\",\"show_et_ft_img\":\"yes\",\"show_limit\":\"no\",\"show_limit_ajax\":\"no\",\"show_limit_paged\":\"1\",\"show_limit_redir\":\"\",\"show_repeats\":\"no\",\"show_rsvp\":\"no\",\"show_upcoming\":\"0\",\"show_year\":\"no\",\"slide_auto\":\"no\",\"slide_hide_control\":\"no\",\"slide_loop\":\"no\",\"slide_nav_dots\":\"yes\",\"slide_pause_hover\":\"no\",\"slide_style\":\"def\",\"slider_pause\":\"2000\",\"slider_speed\":\"400\",\"slider_type\":\"multi\",\"slides_visible\":\"1\",\"sort_by\":\"sort_date\",\"tile_bg\":\"0\",\"tile_bg_size\":\"full\",\"tile_count\":\"2\",\"tile_height\":\"0\",\"tile_style\":\"0\",\"tiles\":\"no\",\"ux_val\":\"3\",\"view_switcher\":\"no\",\"wpml_l1\":\"\",\"wpml_l2\":\"\",\"wpml_l3\":\"\",\"yl_priority\":\"no\",\"fixed_date\":\"\",\"fixed_day\":\"28\",\"_cver\":\"3.1.6\"}' data-od='{\"lang_no_events\":\"_No hay eventos\"}'><\/div>\n\t\t \t\t<div class='evo_cal_events' data-events=\"\"><\/div>\n\t\t \t<\/div>\n\t\t\t<\/div>[\/vc_column_text][\/vc_column][\/vc_row][vc_row bg_color=\u00bb#efefef\u00bb bottom_padding=\u00bb30&#8243;][vc_column width=\u00bb1\/1&#8243;]<h2 class=\"headline font-special fontsize-xxxl fontweight-700 lh-inherit align-center transform-inherit \" style=\"margin: 30px 0 40px 0; color: #000000;\">EVENTOS ANTERIORES<\/h2><div class=\"spacer\" style=\"height: 10px;\"><\/div><div class=\"minti_carousel  grab-false dots\" data-columns=\"2\" data-tabletcolumns=\"2\" data-nav=\"true\" data-pagination=\"true\" data-autoplay=\"false\" data-animationtime=\"4000\"><div class=\"video-embed  wpb_content_element\"><iframe title=\"Fiesta de la Primavera 2019: La Inteligencia Artificial en RRHH.\" width=\"1161\" height=\"653\" src=\"https:\/\/www.youtube.com\/embed\/e1FLHKt-Fak?feature=oembed\" frameborder=\"0\" allow=\"accelerometer; autoplay; clipboard-write; encrypted-media; gyroscope; picture-in-picture; web-share\" referrerpolicy=\"strict-origin-when-cross-origin\" allowfullscreen><\/iframe><\/div><div class=\"video-embed  wpb_content_element\"><iframe title=\"FIESTA PRIMAVERA 2018:  Humanamente Diversos\" width=\"1161\" height=\"653\" src=\"https:\/\/www.youtube.com\/embed\/9IuXm3gzTVY?feature=oembed\" frameborder=\"0\" allow=\"accelerometer; autoplay; clipboard-write; encrypted-media; gyroscope; picture-in-picture; web-share\" referrerpolicy=\"strict-origin-when-cross-origin\" allowfullscreen><\/iframe><\/div><div class=\"video-embed  wpb_content_element\"><iframe title=\"Fiesta Primavera Foro RRHH 2017\" width=\"1161\" height=\"653\" src=\"https:\/\/www.youtube.com\/embed\/QH2equaORHg?feature=oembed\" frameborder=\"0\" allow=\"accelerometer; autoplay; clipboard-write; encrypted-media; gyroscope; picture-in-picture; web-share\" referrerpolicy=\"strict-origin-when-cross-origin\" allowfullscreen><\/iframe><\/div><\/div>[\/vc_column][\/vc_row][vc_row top_padding=\u00bb20&#8243; bottom_padding=\u00bb60&#8243;][vc_column column_center=\u00bbtrue\u00bb width=\u00bb1\/1&#8243;]<h2 class=\"headline font-special fontsize-xxxl fontweight-700 lh-inherit align-center transform-uppercase \" style=\"margin: 20px 0 25px 0; color: #d2112d;\">Nuestro Equipo<\/h2>[vc_row_inner][vc_column_inner width=\u00bb1\/4&#8243; css=\u00bb.vc_custom_1629733734831{margin-bottom: 15px !important;padding-top: 2px !important;background-color: #f9f9f9 !important;}\u00bb offset=\u00bbvc_hidden-sm vc_hidden-xs\u00bb]<div class=\"imagebox wpb_content_element style-2\"><div class=\"imagebox-img\"><a href='https:\/\/www.foment.com\/es\/actividades\/foro-recursos-humanos\/silvia-fores\/'><img src=\"https:\/\/www.foment.com\/wp-content\/uploads\/2024\/07\/Silvia-Fores.jpg\" alt=\"\" \/><\/a><\/div>\n<h4>S\u00cdLVIA FOR\u00c9S<\/h4>\n<div class=\"gdlr-core-pbf-element\">\n<div class=\"gdlr-core-title-item gdlr-core-item-pdb clearfix gdlr-core-left-align gdlr-core-title-item-caption-bottom gdlr-core-item-pdlr\">Presidenta.\u00a0 \u00a0 \u00a0 Directora de People &amp; Culture en Mandarin Oriental Hotel &amp; The Residences Barcelona<\/div>\n<\/div>\n<\/div>[\/vc_column_inner][vc_column_inner width=\u00bb1\/4&#8243;]<div class=\"imagebox wpb_content_element style-2\"><div class=\"imagebox-img\"><a href='https:\/\/www.foment.com\/es\/actividades\/foro-recursos-humanos\/belen-badia\/'><img src=\"https:\/\/www.foment.com\/wp-content\/uploads\/2026\/03\/Belen-Badia-nueva.jpg\" alt=\"\" \/><\/a><\/div><strong>BEL\u00c9N BADIA<\/strong><\/p>\n<p>Chief People &amp; Culture Officer de PortAventura World<\/div>[\/vc_column_inner][vc_column_inner width=\u00bb1\/4&#8243;]<div class=\"imagebox wpb_content_element style-2\"><div class=\"imagebox-img\"><a href='https:\/\/www.foment.com\/es\/actividades\/foro-recursos-humanos\/david-campos\/'><img src=\"https:\/\/www.foment.com\/wp-content\/uploads\/2024\/07\/David-Campos.jpg\" alt=\"\" \/><\/a><\/div>\n<h4>DAVID CAMPOS<\/h4>\n<div class=\"gdlr-core-pbf-element\">\n<div class=\"gdlr-core-title-item gdlr-core-item-pdb clearfix gdlr-core-left-align gdlr-core-title-item-caption-bottom gdlr-core-item-pdlr\">M&amp;A and Expansion Director at IVC Evidensia Iberia<\/div>\n<\/div>\n<\/div>[\/vc_column_inner][vc_column_inner width=\u00bb1\/4&#8243;]<div class=\"imagebox wpb_content_element style-2\"><div class=\"imagebox-img\"><a href='https:\/\/www.foment.com\/es\/actividades\/foro-recursos-humanos\/merche-fernandez\/'><img src=\"https:\/\/www.foment.com\/wp-content\/uploads\/2026\/03\/Merche-nueva.jpg\" alt=\"\" \/><\/a><\/div>\n<h4>MERCHE FERN\u00c1NDEZ<\/h4>\n<div class=\"gdlr-core-pbf-element\">\n<div class=\"gdlr-core-title-item gdlr-core-item-pdb clearfix gdlr-core-left-align gdlr-core-title-item-caption-bottom gdlr-core-item-pdlr\">Head of Transformation, Talent Development Director\u00a0 y Executive Career Consultant en Lee Hecht Harrison<\/div>\n<\/div>\n<\/div>[\/vc_column_inner][\/vc_row_inner][vc_row_inner][vc_column_inner width=\u00bb1\/4&#8243; css=\u00bb.vc_custom_1629733734831{margin-bottom: 15px !important;padding-top: 2px !important;background-color: #f9f9f9 !important;}\u00bb offset=\u00bbvc_hidden-sm vc_hidden-xs\u00bb]<div class=\"imagebox wpb_content_element style-2\"><div class=\"imagebox-img\"><a href='https:\/\/www.foment.com\/es\/actividades\/foro-recursos-humanos\/jessica-martin\/'><img src=\"https:\/\/www.foment.com\/wp-content\/uploads\/2026\/03\/Jessica-Martin.jpg\" alt=\"\" \/><\/a><\/div>\n<h4>J\u00c9SSICA MART\u00cdN<\/h4>\n<p>Directora de Personas\u00a0 Espa\u00f1a en Molins<\/div>[\/vc_column_inner][vc_column_inner width=\u00bb1\/4&#8243;]<div class=\"imagebox wpb_content_element style-2\"><div class=\"imagebox-img\"><a href='https:\/\/www.foment.com\/es\/actividades\/foro-recursos-humanos\/marta-rodriguez\/'><img src=\"https:\/\/www.foment.com\/wp-content\/uploads\/2024\/07\/Marta-Rodriguez.jpg\" alt=\"\" \/><\/a><\/div><strong>MARTA RODR\u00cdGUEZ<\/strong><\/p>\n<p>Directora de Organizaci\u00f3n, Personas y Cultura en Mercabarna<\/div>[\/vc_column_inner][vc_column_inner width=\u00bb1\/4&#8243;]<div class=\"imagebox wpb_content_element style-2\"><div class=\"imagebox-img\"><a href='https:\/\/www.foment.com\/es\/actividades\/foro-recursos-humanos\/jordi-rodriguez\/'><img src=\"https:\/\/www.foment.com\/wp-content\/uploads\/2024\/07\/Jordi-Rodriguez.jpg\" alt=\"\" \/><\/a><\/div><strong>JORDI RODR\u00cdGUEZ<\/strong><\/p>\n<p>Director Corporativo de Personas de Sorigu\u00e9<\/div>[\/vc_column_inner][vc_column_inner width=\u00bb1\/4&#8243;]<div class=\"imagebox wpb_content_element style-2\"><div class=\"imagebox-img\"><a href='https:\/\/www.foment.com\/es\/actividades\/foro-recursos-humanos\/cristina-salvador\/'><img src=\"https:\/\/www.foment.com\/wp-content\/uploads\/2026\/03\/Cristina-Salvador-nueva.jpg\" alt=\"\" \/><\/a><\/div>\n<h4>CRISTINA SALVADOR<\/h4>\n<p>Founder Both People\u00a0 Comms<\/div>[\/vc_column_inner][\/vc_row_inner][vc_row_inner][vc_column_inner width=\u00bb1\/4&#8243; css=\u00bb.vc_custom_1629733734831{margin-bottom: 15px !important;padding-top: 2px !important;background-color: #f9f9f9 !important;}\u00bb offset=\u00bbvc_hidden-sm vc_hidden-xs\u00bb]<div class=\"imagebox wpb_content_element style-2\"><div class=\"imagebox-img\"><a href='https:\/\/www.foment.com\/es\/actividades\/foro-recursos-humanos\/marta-vilanova\/'><img src=\"https:\/\/www.foment.com\/wp-content\/uploads\/2024\/07\/Marta-Vilanova.jpg\" alt=\"\" \/><\/a><\/div>\n<h4>MARTA VILANOVA<\/h4>\n<p>Membre del Comit\u00e8 de Direcci\u00f3 a Custommedia<\/div>[\/vc_column_inner][vc_column_inner width=\u00bb1\/4&#8243;]<div class=\"imagebox wpb_content_element style-2\"><div class=\"imagebox-img\"><a href='https:\/\/www.foment.com\/es\/actividades\/foro-recursos-humanos\/mar-vilaseca\/'><img src=\"https:\/\/www.foment.com\/wp-content\/uploads\/2026\/03\/Mar-Vilaseca.jpg\" alt=\"\" \/><\/a><\/div>\n<h4>MAR VILASECA<\/h4>\n<div class=\"gdlr-core-pbf-element\">\n<div class=\"gdlr-core-title-item gdlr-core-item-pdb clearfix gdlr-core-left-align gdlr-core-title-item-caption-bottom gdlr-core-item-pdlr\">Sales Manager IT&amp;Digital en Randstad<\/div>\n<\/div>\n<\/div>[\/vc_column_inner][vc_column_inner width=\u00bb1\/4&#8243;]<div class=\"imagebox wpb_content_element style-2\"><div class=\"imagebox-img\"><a href='https:\/\/www.foment.com\/es\/actividades\/foro-recursos-humanos\/laura-zapata\/'><img src=\"https:\/\/www.foment.com\/wp-content\/uploads\/2026\/03\/Laura-Zapata-nueva.jpg\" alt=\"\" \/><\/a><\/div>\n<h4>LAURA ZAPATA<\/h4>\n<p><em>Directora de Talento Corporativo en Barcelona Activa<\/em><\/div>[\/vc_column_inner][vc_column_inner width=\u00bb1\/4&#8243;]<div class=\"imagebox wpb_content_element style-2\"><div class=\"imagebox-img\"><a href='https:\/\/www.foment.com\/es\/actividades\/foro-recursos-humanos\/daniel-lorenzo\/'><img src=\"https:\/\/www.foment.com\/wp-content\/uploads\/2024\/07\/Daniel-Lorenzo.jpg\" alt=\"\" \/><\/a><\/div>\n<h4>DANIEL LORENZO<\/h4>\n<p>Director Nacional de Relaciones Externas en Randstad<\/div>[\/vc_column_inner][\/vc_row_inner][vc_row_inner][vc_column_inner width=\u00bb1\/3&#8243; css=\u00bb.vc_custom_1629733261195{margin-bottom: 15px !important;padding-top: 2px !important;background-color: #f9f9f9 !important;}\u00bb offset=\u00bbvc_hidden-lg vc_hidden-md\u00bb]<div class=\"imagebox wpb_content_element style-2\"><div class=\"imagebox-img\"><a href='https:\/\/www.foment.com\/es\/actividades\/foro-recursos-humanos\/silvia-fores\/'><img src=\"https:\/\/www.foment.com\/wp-content\/uploads\/2024\/07\/Silvia-Fores.jpg\" alt=\"\" \/><\/a><\/div>\n<h4>S\u00cdLVIA FOR\u00c9S<\/h4>\n<div class=\"gdlr-core-pbf-element\">\n<div class=\"gdlr-core-title-item gdlr-core-item-pdb clearfix gdlr-core-left-align gdlr-core-title-item-caption-bottom gdlr-core-item-pdlr\">Presidenta del Foro RRHH. Directora de People &amp; Culture en Mandarin Oriental Hotel &amp; The Residences Barcelona,<\/div>\n<\/div>\n<\/div>[\/vc_column_inner][vc_column_inner width=\u00bb1\/3&#8243; css=\u00bb.vc_custom_1629733293051{margin-bottom: 15px !important;padding-top: 2px !important;background-color: #f9f9f9 !important;}\u00bb offset=\u00bbvc_hidden-lg vc_hidden-md\u00bb]<div class=\"imagebox wpb_content_element style-2\"><div class=\"imagebox-img\"><a href='https:\/\/www.foment.com\/es\/actividades\/foro-recursos-humanos\/belen-badia\/'><img src=\"https:\/\/www.foment.com\/wp-content\/uploads\/2026\/03\/Belen-Badia-nueva.jpg\" alt=\"\" \/><\/a><\/div>\n<h4>BEL\u00c9N BADIA<\/h4>\n<p>Chief People &amp; Culture Officer de PortAventura World<\/div>[\/vc_column_inner][vc_column_inner width=\u00bb1\/3&#8243; css=\u00bb.vc_custom_1629733302126{margin-bottom: 15px !important;padding-top: 2px !important;background-color: #f9f9f9 !important;}\u00bb offset=\u00bbvc_hidden-lg vc_hidden-md\u00bb]<div class=\"imagebox wpb_content_element style-2\"><div class=\"imagebox-img\"><a href='https:\/\/www.foment.com\/es\/actividades\/foro-recursos-humanos\/david-campos\/'><img src=\"https:\/\/www.foment.com\/wp-content\/uploads\/2024\/07\/David-Campos.jpg\" alt=\"\" \/><\/a><\/div>\n<h4>DAVID CAMPOS<\/h4>\n<p>M&amp;A and Expansion Director at IVC Evidensia Iberia<\/div>[\/vc_column_inner][\/vc_row_inner][vc_row_inner][vc_column_inner width=\u00bb1\/3&#8243; css=\u00bb.vc_custom_1629733493777{margin-bottom: 15px !important;padding-top: 2px !important;background-color: #f9f9f9 !important;}\u00bb offset=\u00bbvc_hidden-lg vc_hidden-md\u00bb]<div class=\"imagebox wpb_content_element style-2\"><div class=\"imagebox-img\"><a href='https:\/\/www.foment.com\/es\/actividades\/foro-recursos-humanos\/merche-fernandez\/'><img src=\"https:\/\/www.foment.com\/wp-content\/uploads\/2026\/03\/Merche-nueva.jpg\" alt=\"\" \/><\/a><\/div>\n<h4>MERCHE FERN\u00c1NDEZ<\/h4>\n<div class=\"gdlr-core-pbf-element\">\n<div class=\"gdlr-core-title-item gdlr-core-item-pdb clearfix gdlr-core-left-align gdlr-core-title-item-caption-bottom gdlr-core-item-pdlr\">Head of Transformation, Talent Development Director\u00a0 i Executive Career Consultant en Lee Hecht Harrison<\/div>\n<\/div>\n<\/div>[\/vc_column_inner][vc_column_inner width=\u00bb1\/3&#8243; css=\u00bb.vc_custom_1629733501125{margin-bottom: 15px !important;padding-top: 2px !important;background-color: #f9f9f9 !important;}\u00bb offset=\u00bbvc_hidden-lg vc_hidden-md\u00bb]<div class=\"imagebox wpb_content_element style-2\"><div class=\"imagebox-img\"><a href='https:\/\/www.foment.com\/es\/actividades\/foro-recursos-humanos\/marta-rodr\u00edguez\/'><img src=\"https:\/\/www.foment.com\/wp-content\/uploads\/2024\/07\/Marta-Rodriguez.jpg\" alt=\"\" \/><\/a><\/div>\n<h4>MARTA RODR\u00cdGUEZ<\/h4>\n<p>Directora de Organizaci\u00f3n, Personas y Cultura en Mercabarna<\/div>[\/vc_column_inner][vc_column_inner width=\u00bb1\/3&#8243; css=\u00bb.vc_custom_1629733509177{margin-bottom: 15px !important;padding-top: 2px !important;background-color: #f9f9f9 !important;}\u00bb offset=\u00bbvc_hidden-lg vc_hidden-md\u00bb]<div class=\"imagebox wpb_content_element style-2\"><div class=\"imagebox-img\"><a href='https:\/\/www.foment.com\/es\/actividades\/foro-recursos-humanos\/Jessica-Martin\/'><img src=\"https:\/\/www.foment.com\/wp-content\/uploads\/2026\/03\/Jessica-Martin.jpg\" alt=\"\" \/><\/a><\/div>\n<h4>J\u00c9SSICA MART\u00cdN<\/h4>\n<p>Directora de Personas en Molins<\/div>[\/vc_column_inner][\/vc_row_inner][vc_row_inner][vc_column_inner width=\u00bb1\/3&#8243; css=\u00bb.vc_custom_1629733875724{margin-bottom: 15px !important;padding-top: 2px !important;background-color: #f9f9f9 !important;}\u00bb offset=\u00bbvc_hidden-lg vc_hidden-md\u00bb]<div class=\"imagebox wpb_content_element style-2\"><div class=\"imagebox-img\"><a href='https:\/\/www.foment.com\/es\/actividades\/foro-recursos-humanos\/jordi-rodriguez\/'><img src=\"https:\/\/www.foment.com\/wp-content\/uploads\/2024\/07\/Jordi-Rodriguez.jpg\" alt=\"\" \/><\/a><\/div>\n<h4>JORDI RODR\u00cdGUEZ<\/h4>\n<p>Director Corporativo de Personas de Sorigu\u00e9<\/div>[\/vc_column_inner][vc_column_inner width=\u00bb1\/3&#8243; css=\u00bb.vc_custom_1629733886932{margin-bottom: 15px !important;padding-top: 2px !important;background-color: #f9f9f9 !important;}\u00bb offset=\u00bbvc_hidden-lg vc_hidden-md\u00bb]<div class=\"imagebox wpb_content_element style-2\"><div class=\"imagebox-img\"><a href='https:\/\/www.foment.com\/es\/actividades\/foro-recursos-humanos\/cristina-salvador\/'><img src=\"https:\/\/www.foment.com\/wp-content\/uploads\/2026\/03\/Cristina-Salvador-nueva.jpg\" alt=\"\" \/><\/a><\/div>\n<div class=\"gdlr-core-title-item-title-wrap \">\n<h4 class=\"gdlr-core-title-item-title gdlr-core-skin-title\">CRISTINA SALVADOR<\/h4>\n<\/div>\n<div class=\"gdlr-core-pbf-element\">\n<div class=\"gdlr-core-title-item gdlr-core-item-pdb clearfix gdlr-core-left-align gdlr-core-title-item-caption-bottom gdlr-core-item-pdlr\">Founder Both People\u00a0 Comms<\/div>\n<\/div>\n<\/div>[\/vc_column_inner][vc_column_inner width=\u00bb1\/3&#8243; css=\u00bb.vc_custom_1629733904198{margin-bottom: 15px !important;padding-top: 2px !important;background-color: #f9f9f9 !important;}\u00bb offset=\u00bbvc_hidden-lg vc_hidden-md\u00bb]<div class=\"imagebox wpb_content_element style-2\"><div class=\"imagebox-img\"><a href='https:\/\/www.foment.com\/es\/actividades\/foro-recursos-humanos\/marta-vilanova\/'><img src=\"https:\/\/www.foment.com\/wp-content\/uploads\/2024\/07\/Marta-Vilanova.jpg\" alt=\"\" \/><\/a><\/div>\n<div class=\"gdlr-core-title-item-title-wrap \">\n<h4 class=\"gdlr-core-title-item-title gdlr-core-skin-title\">MARTA VILANOVA<\/h4>\n<\/div>\n<div class=\"gdlr-core-pbf-element\">\n<div class=\"gdlr-core-title-item gdlr-core-item-pdb clearfix gdlr-core-left-align gdlr-core-title-item-caption-bottom gdlr-core-item-pdlr\">Membre del Comit\u00e8 de Direcci\u00f3 a Custommedia<\/div>\n<\/div>\n<\/div>[\/vc_column_inner][\/vc_row_inner][vc_row_inner][vc_column_inner width=\u00bb1\/3&#8243; css=\u00bb.vc_custom_1629733875724{margin-bottom: 15px !important;padding-top: 2px !important;background-color: #f9f9f9 !important;}\u00bb offset=\u00bbvc_hidden-lg vc_hidden-md\u00bb]<div class=\"imagebox wpb_content_element style-2\"><div class=\"imagebox-img\"><a href='https:\/\/www.foment.com\/es\/actividades\/foro-recursos-humanos\/mar-vilaseca\/'><img src=\"https:\/\/www.foment.com\/wp-content\/uploads\/2026\/03\/Mar-Vilaseca.jpg\" alt=\"\" \/><\/a><\/div>\n<div class=\"gdlr-core-title-item-title-wrap \">\n<h4 class=\"gdlr-core-title-item-title gdlr-core-skin-title\">MAR VILASECA<\/h4>\n<\/div>\n<div class=\"gdlr-core-pbf-element\">\n<div class=\"gdlr-core-title-item gdlr-core-item-pdb clearfix gdlr-core-left-align gdlr-core-title-item-caption-bottom gdlr-core-item-pdlr\">Sales Manager IT&amp;Digital en Randstad<\/div>\n<\/div>\n<\/div>[\/vc_column_inner][vc_column_inner width=\u00bb1\/3&#8243; css=\u00bb.vc_custom_1629733886932{margin-bottom: 15px !important;padding-top: 2px !important;background-color: #f9f9f9 !important;}\u00bb offset=\u00bbvc_hidden-lg vc_hidden-md\u00bb]<div class=\"imagebox wpb_content_element style-2\"><div class=\"imagebox-img\"><a href='https:\/\/www.foment.com\/es\/actividades\/foro-recursos-humanos\/laura-zapata\/'><img src=\"https:\/\/www.foment.com\/wp-content\/uploads\/2026\/03\/Laura-Zapata-nueva.jpg\" alt=\"\" \/><\/a><\/div>\n<div class=\"gdlr-core-title-item-title-wrap \">\n<h4 class=\"gdlr-core-title-item-title gdlr-core-skin-title\">LAURA ZAPATA<\/h4>\n<\/div>\n<div class=\"gdlr-core-pbf-element\">\n<div class=\"gdlr-core-title-item gdlr-core-item-pdb clearfix gdlr-core-left-align gdlr-core-title-item-caption-bottom gdlr-core-item-pdlr\">\n<p><em>Directora de Talento Corporativo en <\/em>Barcelona Activa<\/p>\n<\/div>\n<\/div>\n<\/div>[\/vc_column_inner][vc_column_inner width=\u00bb1\/3&#8243; css=\u00bb.vc_custom_1629733904198{margin-bottom: 15px !important;padding-top: 2px !important;background-color: #f9f9f9 !important;}\u00bb offset=\u00bbvc_hidden-lg vc_hidden-md\u00bb]<div class=\"imagebox wpb_content_element style-2\"><div class=\"imagebox-img\"><a href='https:\/\/www.foment.com\/es\/actividades\/foro-recursos-humanos\/daniel-lorenzo\/'><img src=\"https:\/\/www.foment.com\/wp-content\/uploads\/2024\/07\/Daniel-Lorenzo.jpg\" alt=\"\" \/><\/a><\/div>\n<div class=\"gdlr-core-title-item-title-wrap \">\n<h4 class=\"gdlr-core-title-item-title gdlr-core-skin-title\">DANIEL LORENZO<\/h4>\n<\/div>\n<div class=\"gdlr-core-pbf-element\">\n<div class=\"gdlr-core-title-item gdlr-core-item-pdb clearfix gdlr-core-left-align gdlr-core-title-item-caption-bottom gdlr-core-item-pdlr\">Director Nacional de Relaciones Externas en Randstad<\/div>\n<\/div>\n<\/div>[\/vc_column_inner][\/vc_row_inner][vc_tta_tour active_section=\u00bb1&#8243; css=\u00bb.vc_custom_1563704894868{margin-top: 40px !important;}\u00bb][vc_tta_section title=\u00bbConsejo Asesor\u00bb tab_id=\u00bb1486222023808-3a49cfe7-3e5af8dc-83ad\u00bb][vc_column_text]<strong>Beatriz Vila<\/strong>: CPO (Chief People Officer) en Ferrer<br \/>\n<strong>Anna Bisart<\/strong>:\u00a0Directora de Recursos Humanos (ACTELION PHARMACEUTICALS)<br \/>\n<strong>Olga Figuerola<\/strong>: Director de Recursos Humanos (FIRA DE BCN)<br \/>\n<strong>Clotilde Tes\u00f3n<\/strong>:\u00a0Corporate HR Director (CODORN\u00cdU)<br \/>\n<strong>Salvador de Tudela<\/strong>:\u00a0Director RRHH (HEDRON HR)[\/vc_column_text][\/vc_tta_section][\/vc_tta_tour][\/vc_column][\/vc_row]<\/p>\n<\/section>","protected":false},"excerpt":{"rendered":"<p>[vc_row][vc_column width=\u00bb1\/1&#8243;][\/vc_column][\/vc_row][vc_row bg_color=\u00bb#ffffff\u00bb top_padding=\u00bb50&#8243; bottom_padding=\u00bb30&#8243;][vc_column width=\u00bb1\/1&#8243;][vc_column_text] Bienvenida de la Presidenta En el a\u00f1o 2001, un grupo de prestigiosos directores y directoras de Recursos Humanos cre\u00f3 el Foro de Recursos Humanos de Foment del Treball, con el objetivo de establecer un entorno de intercambio de ideas y experiencias alrededor de la gesti\u00f3n de personas y organizaciones. Actualmente, el Foro RRHH se ha convertido en una de las principales plataformas del pa\u00eds y un punto de encuentro de referencia entre profesionales de esta funci\u00f3n y directivos interesados en la gesti\u00f3n de personas. Los miembros de la Junta del Foro trabajamos con mucha ilusi\u00f3n para ofrecer a todos los profesionales de recursos humanos ponencias, talleres, conferencias y sesiones de trabajo relacionados con la gesti\u00f3n de personas que respondan a sus inquietudes y necesidades de negocio desde una visi\u00f3n innovadora y diferenciadora que les aporte valor a\u00f1adido con tem\u00e1ticas innovadoras o con los temas de \u00absiempre\u00bb con enfoques creativos y que marquen tendencia. Por \u00faltimo, apostamos por potenciar la presencia de nuestra funci\u00f3n en el \u00e1mbito social, econ\u00f3mico y cultural del tejido empresarial de nuestro pa\u00eds. Si quieres compartir todo esto con nosotros, te invitamos a seguirnos a trav\u00e9s de est\u00e1 p\u00e1gina web, donde [&hellip;]<\/p>\n","protected":false},"author":1,"featured_media":0,"parent":20646,"menu_order":0,"comment_status":"closed","ping_status":"closed","template":"","meta":{"_links_to":"","_links_to_target":""},"acf":[],"wps_subtitle":"","_links":{"self":[{"href":"https:\/\/www.foment.com\/es\/wp-json\/wp\/v2\/pages\/20441"}],"collection":[{"href":"https:\/\/www.foment.com\/es\/wp-json\/wp\/v2\/pages"}],"about":[{"href":"https:\/\/www.foment.com\/es\/wp-json\/wp\/v2\/types\/page"}],"author":[{"embeddable":true,"href":"https:\/\/www.foment.com\/es\/wp-json\/wp\/v2\/users\/1"}],"replies":[{"embeddable":true,"href":"https:\/\/www.foment.com\/es\/wp-json\/wp\/v2\/comments?post=20441"}],"version-history":[{"count":83,"href":"https:\/\/www.foment.com\/es\/wp-json\/wp\/v2\/pages\/20441\/revisions"}],"predecessor-version":[{"id":216942,"href":"https:\/\/www.foment.com\/es\/wp-json\/wp\/v2\/pages\/20441\/revisions\/216942"}],"up":[{"embeddable":true,"href":"https:\/\/www.foment.com\/es\/wp-json\/wp\/v2\/pages\/20646"}],"wp:attachment":[{"href":"https:\/\/www.foment.com\/es\/wp-json\/wp\/v2\/media?parent=20441"}],"curies":[{"name":"wp","href":"https:\/\/api.w.org\/{rel}","templated":true}]}}