{"id":23213,"date":"2016-10-18T14:40:39","date_gmt":"2016-10-18T12:40:39","guid":{"rendered":"http:\/\/foment.itartech.com\/?page_id=23213"},"modified":"2017-05-24T15:50:42","modified_gmt":"2017-05-24T13:50:42","slug":"foment-empren","status":"publish","type":"page","link":"https:\/\/www.foment.com\/es\/actividades\/foment-empren\/","title":{"rendered":"Foment Empr\u00e8n"},"content":{"rendered":"<section class=\"wpb-content-wrapper\"><p>[vc_row][vc_column width=\u00bb1\/1&#8243;]\n\t\t\t<!-- START post foment empren REVOLUTION SLIDER 6.4.6 --><p class=\"rs-p-wp-fix\"><\/p>\n\t\t\t<rs-module-wrap id=\"rev_slider_30_1_wrapper\" data-source=\"post\" style=\"background:transparent;padding:0;margin:0px auto;margin-top:0;margin-bottom:0;\">\n\t\t\t\t<rs-module id=\"rev_slider_30_1\" style=\"\" data-version=\"6.4.6\">\n\t\t\t\t\t<rs-slides>\n\t\t\t\t\t\t<rs-slide data-key=\"rs-44669\" data-title=\"Epson y Foment UP se asocian para impulsar el ecosistema emprendedor y la innovaci\u00f3n empresarial\" data-link=\"\/\/www.foment.com\/es\/epson-foment-up-se-asocian-para-impulsar-ecosistema-emprendedor-innovacion-empresarial\/\" data-target=\"_self\" data-seoz=\"front\" data-in=\"o:0;\" data-out=\"a:false;\">\n\t\t\t\t\t\t\t<img src=\"\/\/www.foment.com\/wp-content\/plugins\/revslider\/public\/assets\/assets\/dummy.png\" width=\"5002\" height=\"2850\" class=\"rev-slidebg tp-rs-img rs-lazyload\" data-lazyload=\"\/\/www.foment.com\/wp-content\/uploads\/2018\/04\/personas.jpg\" data-parallax=\"off\" data-no-retina>\n<!--\n\t\t\t\t\t\t\t--><rs-layer\n\t\t\t\t\t\t\t\tid=\"slider-30-slide-44669-layer-1\" \n\t\t\t\t\t\t\t\tclass=\"Newspaper-Title\"\n\t\t\t\t\t\t\t\tdata-type=\"text\"\n\t\t\t\t\t\t\t\tdata-color=\"rgba(255,255,255,1)\"\n\t\t\t\t\t\t\t\tdata-rsp_ch=\"on\"\n\t\t\t\t\t\t\t\tdata-xy=\"x:r;xo:933px;yo:119px;\"\n\t\t\t\t\t\t\t\tdata-text=\"w:normal;s:28;l:32;\"\n\t\t\t\t\t\t\t\tdata-dim=\"w:269px;h:264px;\"\n\t\t\t\t\t\t\t\tdata-padding=\"b:10;\"\n\t\t\t\t\t\t\t\tdata-frame_1=\"e:power2.inOut;st:500;\"\n\t\t\t\t\t\t\t\tdata-frame_999=\"o:0;e:nothing;st:w;\"\n\t\t\t\t\t\t\t\tstyle=\"z-index:6;font-family:Roboto Slab;\"\n\t\t\t\t\t\t\t>Epson y Foment UP se asocian para impulsar el ecosistema emprendedor y la innovaci\u00f3n empresarial \n\t\t\t\t\t\t\t<\/rs-layer><!--\n\n\t\t\t\t\t\t\t--><rs-layer\n\t\t\t\t\t\t\t\tid=\"slider-30-slide-44669-layer-5\" \n\t\t\t\t\t\t\t\tclass=\"rev-btn\"\n\t\t\t\t\t\t\t\tdata-type=\"button\"\n\t\t\t\t\t\t\t\tdata-color=\"rgba(255,255,255,1)\"\n\t\t\t\t\t\t\t\tdata-xy=\"xo:39px;yo:58px;\"\n\t\t\t\t\t\t\t\tdata-text=\"w:normal;s:17;l:17;\"\n\t\t\t\t\t\t\t\tdata-dim=\"w:259px;h:45px;\"\n\t\t\t\t\t\t\t\tdata-rsp_bd=\"off\"\n\t\t\t\t\t\t\t\tdata-padding=\"t:12;r:35;b:12;l:35;\"\n\t\t\t\t\t\t\t\tdata-frame_1=\"e:power2.inOut;st:500;\"\n\t\t\t\t\t\t\t\tdata-frame_999=\"o:0;e:nothing;st:w;\"\n\t\t\t\t\t\t\t\tdata-frame_hover=\"c:#000;bgc:#fff;boc:#000;bor:0px,0px,0px,0px;bos:solid;oX:50;oY:50;sp:0;\"\n\t\t\t\t\t\t\t\tstyle=\"z-index:7;background-color:rgba(170,52,68,0.75);font-family:News Cycle;cursor:pointer;outline:none;box-shadow:none;box-sizing:border-box;-moz-box-sizing:border-box;-webkit-box-sizing:border-box;\"\n\t\t\t\t\t\t\t>10 de abril de 2018 \n\t\t\t\t\t\t\t<\/rs-layer><!--\n\n\t\t\t\t\t\t\t--><rs-layer\n\t\t\t\t\t\t\t\tid=\"slider-30-slide-44669-layer-6\" \n\t\t\t\t\t\t\t\tclass=\"tp-shape tp-shapewrapper\"\n\t\t\t\t\t\t\t\tdata-type=\"shape\"\n\t\t\t\t\t\t\t\tdata-rsp_ch=\"on\"\n\t\t\t\t\t\t\t\tdata-xy=\"xo:4px;yo:-1px;\"\n\t\t\t\t\t\t\t\tdata-text=\"w:normal;fw:900;\"\n\t\t\t\t\t\t\t\tdata-dim=\"w:339px;h:646px;\"\n\t\t\t\t\t\t\t\tdata-frame_1=\"e:power2.inOut;st:500;\"\n\t\t\t\t\t\t\t\tdata-frame_999=\"o:0;e:nothing;st:w;\"\n\t\t\t\t\t\t\t\tstyle=\"z-index:5;background-color:rgba(51,51,51,0.50);\"\n\t\t\t\t\t\t\t> \n\t\t\t\t\t\t\t<\/rs-layer><!--\n-->\t\t\t\t\t\t<\/rs-slide>\n\t\t\t\t\t<\/rs-slides>\n\t\t\t\t<\/rs-module>\n\t\t\t\t<script type=\"text\/javascript\">\n\t\t\t\t\tsetREVStartSize({c: 'rev_slider_30_1',rl:[1240,1024,778,480],el:[500,600,500,400],gw:[1240,1024,778,480],gh:[500,600,500,400],type:'standard',justify:'',layout:'fullwidth',mh:\"0\"});\n\t\t\t\t\tvar\trevapi30,\n\t\t\t\t\t\ttpj;\n\t\t\t\t\tfunction revinit_revslider301() {\n\t\t\t\t\tjQuery(function() {\n\t\t\t\t\t\ttpj = jQuery;\n\t\t\t\t\t\trevapi30 = tpj(\"#rev_slider_30_1\");\n\t\t\t\t\t\tif(revapi30==undefined || revapi30.revolution == undefined){\n\t\t\t\t\t\t\trevslider_showDoubleJqueryError(\"rev_slider_30_1\");\n\t\t\t\t\t\t}else{\n\t\t\t\t\t\t\trevapi30.revolution({\n\t\t\t\t\t\t\t\tDPR:\"dpr\",\n\t\t\t\t\t\t\t\tsliderLayout:\"fullwidth\",\n\t\t\t\t\t\t\t\tvisibilityLevels:\"1240,1024,778,480\",\n\t\t\t\t\t\t\t\tgridwidth:\"1240,1024,778,480\",\n\t\t\t\t\t\t\t\tgridheight:\"500,600,500,400\",\n\t\t\t\t\t\t\t\tlazyType:\"smart\",\n\t\t\t\t\t\t\t\tperspective:600,\n\t\t\t\t\t\t\t\tperspectiveType:\"local\",\n\t\t\t\t\t\t\t\teditorheight:\"500,600,500,400\",\n\t\t\t\t\t\t\t\tresponsiveLevels:\"1240,1024,778,480\",\n\t\t\t\t\t\t\t\tprogressBar: {\n\t\t\t\t\t\t\t\t\tcolor:\"rgba(0,0,0,0.15)\",\n\t\t\t\t\t\t\t\t\tvertical:\"top\",\n\t\t\t\t\t\t\t\t\tsize:5,\n\t\t\t\t\t\t\t\t\tx:0,\n\t\t\t\t\t\t\t\t\ty:0\n\t\t\t\t\t\t\t\t},\n\t\t\t\t\t\t\t\tnavigation: {\n\t\t\t\t\t\t\t\t\tmouseScrollNavigation:false,\n\t\t\t\t\t\t\t\t\twheelCallDelay:1000,\n\t\t\t\t\t\t\t\t\ttouch: {\n\t\t\t\t\t\t\t\t\t\ttouchenabled:true,\n\t\t\t\t\t\t\t\t\t\tswipe_min_touches:50\n\t\t\t\t\t\t\t\t\t}\n\t\t\t\t\t\t\t\t},\n\t\t\t\t\t\t\t\tparallax: {\n\t\t\t\t\t\t\t\t\tlevels:[2,3,4,5,6,7,12,16,10,50,47,48,49,50,51,55],\n\t\t\t\t\t\t\t\t\ttype:\"mouse\",\n\t\t\t\t\t\t\t\t\torigo:\"slidercenter\",\n\t\t\t\t\t\t\t\t\tspeed:2000\n\t\t\t\t\t\t\t\t},\n\t\t\t\t\t\t\t\tfanim: {\n\t\t\t\t\t\t\t\t\tin:{\"o\":0},\n\t\t\t\t\t\t\t\t\tout:{\"a\":false},\n\t\t\t\t\t\t\t\t\tspeed:1500\n\t\t\t\t\t\t\t\t},\n\t\t\t\t\t\t\t\tfallbacks: {\n\t\t\t\t\t\t\t\t\tallowHTML5AutoPlayOnAndroid:true\n\t\t\t\t\t\t\t\t},\n\t\t\t\t\t\t\t});\n\t\t\t\t\t\t}\n\t\t\t\t\t\t\n\t\t\t\t\t});\n\t\t\t\t\t} \/\/ End of RevInitScript\n\t\t\t\tvar once_revslider301 = false;\n\t\t\t\tif (document.readyState === \"loading\") {document.addEventListener('readystatechange',function() { if((document.readyState === \"interactive\" || document.readyState === \"complete\") && !once_revslider301 ) { once_revslider301 = true; revinit_revslider301();}});} else {once_revslider301 = true; revinit_revslider301();}\n\t\t\t\t<\/script>\n\t\t\t<\/rs-module-wrap>\n\t\t\t<!-- END REVOLUTION SLIDER -->\n[\/vc_column][\/vc_row][vc_row bg_color=\u00bb#ffffff\u00bb section_arrow=\u00bbfalse\u00bb top_padding=\u00bb60&#8243; bottom_padding=\u00bb60&#8243;][vc_column width=\u00bb2\/3&#8243;][vc_column_text]<a href=\"http:\/\/www.foment.com\/wp-content\/uploads\/2017\/05\/nou_logo_Empren_es.png\"><img loading=\"lazy\" class=\"aligncenter wp-image-35542\" src=\"http:\/\/www.foment.com\/wp-content\/uploads\/2017\/05\/nou_logo_Empren_es.png\" width=\"375\" height=\"100\" \/><\/a><\/p>\n<p>&nbsp;<\/p>\n<p style=\"text-align: justify;\"><span class='dropcap dropcap-book'>E<\/span>l Ciclo de Seminarios relacionados con el mundo emprendedor <strong><em>Reinventa&#8217;t: transforma i crea<\/em><\/strong> se consolid\u00f3 durante el 2013 con el objetivo de facilitar espacios de networking e intercambio de conocimientos entre los empresarios actuales y\/o con una trayectoria profesional consolidada, y los nuevos emprendedores de nuestra sociedad. Todas las tem\u00e1ticas se plantearon con vocaci\u00f3n pr\u00e1ctica e incorporando un dinamismo que facilitara el contacto y un debate abierto y enriquecedor entre los asistentes.<\/p>\n<p>El calendario anual de sesiones permiten fomentar el esp\u00edritu emprendedor, velar por la percepci\u00f3n social de la empresa y el empresario y limitar y no estigmatizar el fracaso, as\u00ed como conectar la experiencia que atesoran los empresarios que forman parte de Fomento y los ponentes que participaron en cada sesi\u00f3n con la ilusi\u00f3n de todos aquellos emprendedores que quieren sacar adelante proyectos empresariales.[\/vc_column_text][vc_tweetmeme type=\u00bbfollow\u00bb follow_user=\u00bb@fomentempren\u00bb show_followers_count=\u00bbtrue\u00bb large_button=\u00bbtrue\u00bb][\/vc_column][vc_column width=\u00bb1\/3&#8243;]<h3 class=\"headline font-inherit fontsize-l fontweight-inherit lh-inherit align-center transform-inherit \" style=\"margin: 0 0 20px 0;\">Patrocinado por:<\/h3><div class=\"spacer\" style=\"height: 30px;\"><\/div><div class=\"single_image wpb_content_element align-center   image_tilt \" data-animation=\"none\" data-delay=\"0\"><img width=\"155\" height=\"100\" src=\"https:\/\/www.foment.com\/wp-content\/uploads\/2016\/10\/sponsor-experis.png\" class=\"attachment-full\" alt=\"\" loading=\"lazy\" title=\"sponsor-experis\" \/><\/div>[\/vc_column][\/vc_row][vc_row bg_color=\u00bb#ededed\u00bb top_padding=\u00bb60&#8243; bottom_padding=\u00bb60&#8243;][vc_column column_center=\u00bbtrue\u00bb width=\u00bb1\/1&#8243;]<h1 class=\"headline font-inherit fontsize-l fontweight-inherit lh-inherit align-center transform-inherit \" style=\"margin: 0 0 20px 0;\">Actualidad<\/h1><div class=\"latest-blog style-white\"\"><div class=\"blog-carousel\"><div class=\"blog-item\"><a href=\"https:\/\/www.foment.com\/es\/epson-foment-up-se-asocian-para-impulsar-ecosistema-emprendedor-innovacion-empresarial\/\" title=\"Epson y Foment UP se asocian para impulsar el ecosistema emprendedor y la innovaci\u00f3n empresarial\" class=\"blog-pic\"><img src=\"https:\/\/www.foment.com\/wp-content\/uploads\/2018\/04\/personas-600x400.jpg\" alt=\"Epson y Foment UP se asocian para impulsar el ecosistema emprendedor y la innovaci\u00f3n empresarial\" \/><span class=\"blog-overlay\"><\/span><i class=\"fa fa-align-left\"><\/i><\/a><div class=\"blog-item-description\">\n\t\t\t\t\t\t\t<h4><a href=\"https:\/\/www.foment.com\/es\/epson-foment-up-se-asocian-para-impulsar-ecosistema-emprendedor-innovacion-empresarial\/\" title=\"Epson y Foment UP se asocian para impulsar el ecosistema emprendedor y la innovaci\u00f3n empresarial\">Epson y Foment UP se asocian para impulsar el ecosistema emprendedor y la innovaci\u00f3n empresarial<\/a><\/h4>\n\t\t\t\t\t  \t\t<div>Foment UP ha alcanzado un acuerdo con Epson para que esta compa\u00f1\u00eda tecnol\u00f3gica l\u00edder a nivel mundial se convierta en... <a class=\"read-more-link\" href=\"https:\/\/www.foment.com\/es\/epson-foment-up-se-asocian-para-impulsar-ecosistema-emprendedor-innovacion-empresarial\/\">read more  &rarr;<\/a><\/div>\n\t\t\t\t\t  \t\t<span>10 de abril de 2018<\/span>\n\t\t\t\t  \t\t<\/div><\/div><div class=\"blog-item\"><a href=\"https:\/\/www.foment.com\/es\/reto-energy-data-gas-natural-fenosa-y-foment-up-se-presenta-madrid-ceoe\/\" title=\"El reto Energy &#038; Data de Gas Natural Fenosa y Foment UP se presenta en Madrid en la CEOE\" class=\"blog-pic\"><img src=\"https:\/\/www.foment.com\/wp-content\/uploads\/2017\/06\/IMG_3605.jpg\" alt=\"El reto Energy &#038; Data de Gas Natural Fenosa y Foment UP se presenta en Madrid en la CEOE\" \/><span class=\"blog-overlay\"><\/span><i class=\"fa fa-align-left\"><\/i><\/a><div class=\"blog-item-description\">\n\t\t\t\t\t\t\t<h4><a href=\"https:\/\/www.foment.com\/es\/reto-energy-data-gas-natural-fenosa-y-foment-up-se-presenta-madrid-ceoe\/\" title=\"El reto Energy &#038; Data de Gas Natural Fenosa y Foment UP se presenta en Madrid en la CEOE\">El reto Energy &#038; Data de Gas Natural Fenosa y Foment UP se presenta en Madrid en la CEOE<\/a><\/h4>\n\t\t\t\t\t  \t\t<div>[vc_row][vc_column width=\"1\/1\"][vc_column_text] El reto Energy &amp; Data, lanzado por Gas Natural Fenosa y Foment UP -la aceleradora corporativa de Foment-... <a class=\"read-more-link\" href=\"https:\/\/www.foment.com\/es\/reto-energy-data-gas-natural-fenosa-y-foment-up-se-presenta-madrid-ceoe\/\">read more  &rarr;<\/a><\/div>\n\t\t\t\t\t  \t\t<span>1 de junio de 2017<\/span>\n\t\t\t\t  \t\t<\/div><\/div><div class=\"blog-item\"><a href=\"https:\/\/www.foment.com\/es\/barcelona-tech-city-ilustra-foment-maduracion-ecosistema-startup-barcelona\/\" title=\"Barcelona Tech City ilustra en Foment la maduraci\u00f3n del ecosistema startup de Barcelona\" class=\"blog-pic\"><img src=\"https:\/\/www.foment.com\/wp-content\/uploads\/2016\/11\/Foment_Empren_Reinventat_Hub_tecnologic_internacional_03_11_2016-1-600x400.jpg\" alt=\"Barcelona Tech City ilustra en Foment la maduraci\u00f3n del ecosistema startup de Barcelona\" \/><span class=\"blog-overlay\"><\/span><i class=\"fa fa-align-left\"><\/i><\/a><div class=\"blog-item-description\">\n\t\t\t\t\t\t\t<h4><a href=\"https:\/\/www.foment.com\/es\/barcelona-tech-city-ilustra-foment-maduracion-ecosistema-startup-barcelona\/\" title=\"Barcelona Tech City ilustra en Foment la maduraci\u00f3n del ecosistema startup de Barcelona\">Barcelona Tech City ilustra en Foment la maduraci\u00f3n del ecosistema startup de Barcelona<\/a><\/h4>\n\t\t\t\t\t  \t\t<div>[vc_row][vc_column width=\"1\/1\"][vc_column_text] Sesi\u00f3n que cont\u00f3 con la participaci\u00f3n de Miquel Marti, CEO de Barcelona Tech City y Christian Rodriguez asesor... <a class=\"read-more-link\" href=\"https:\/\/www.foment.com\/es\/barcelona-tech-city-ilustra-foment-maduracion-ecosistema-startup-barcelona\/\">read more  &rarr;<\/a><\/div>\n\t\t\t\t\t  \t\t<span>3 de noviembre de 2016<\/span>\n\t\t\t\t  \t\t<\/div><\/div><div class=\"blog-item\"><a href=\"https:\/\/www.foment.com\/es\/transmitir-las-nuevas-generaciones-los-valores-hecho-la-empresa-competitiva\/\" title=\"\u00abHay que transmitir a las nuevas generaciones los valores que han hecho a la empresa competitiva\u00bb\" class=\"blog-pic\"><img src=\"https:\/\/www.foment.com\/wp-content\/uploads\/2016\/05\/Foment-Empren_Reinventat_-Empresa-Familiar_-20-05-16_Ponents-5-600-600x367.jpg\" alt=\"\u00abHay que transmitir a las nuevas generaciones los valores que han hecho a la empresa competitiva\u00bb\" \/><span class=\"blog-overlay\"><\/span><i class=\"fa fa-align-left\"><\/i><\/a><div class=\"blog-item-description\">\n\t\t\t\t\t\t\t<h4><a href=\"https:\/\/www.foment.com\/es\/transmitir-las-nuevas-generaciones-los-valores-hecho-la-empresa-competitiva\/\" title=\"\u00abHay que transmitir a las nuevas generaciones los valores que han hecho a la empresa competitiva\u00bb\">\u00abHay que transmitir a las nuevas generaciones los valores que han hecho a la empresa competitiva\u00bb<\/a><\/h4>\n\t\t\t\t\t  \t\t<div>[vc_row][vc_column width=\"1\/1\"][vc_column_text] Sesi\u00f3n que cont\u00f3 con la participaci\u00f3n de Inma Puig, Consultora de empresas y mentora de Human Age Institute,... <a class=\"read-more-link\" href=\"https:\/\/www.foment.com\/es\/transmitir-las-nuevas-generaciones-los-valores-hecho-la-empresa-competitiva\/\">read more  &rarr;<\/a><\/div>\n\t\t\t\t\t  \t\t<span>20 de mayo de 2016<\/span>\n\t\t\t\t  \t\t<\/div><\/div><div class=\"blog-item\"><a href=\"https:\/\/www.foment.com\/es\/%e2%80%8ben-ecommerce-alimentario-99-oportunidades-crecer\/\" title=\"\u200bEn el ecommerce alimentario hay un 99% de oportunidades para crecer\" class=\"blog-pic\"><img src=\"https:\/\/www.foment.com\/wp-content\/uploads\/2016\/02\/Foment-Empren_Reinventat_Lecommerce-apropa-retailers-i-consumidors_Carmen-Lopez_17_02_16-2_600.jpg\" alt=\"\u200bEn el ecommerce alimentario hay un 99% de oportunidades para crecer\" \/><span class=\"blog-overlay\"><\/span><i class=\"fa fa-align-left\"><\/i><\/a><div class=\"blog-item-description\">\n\t\t\t\t\t\t\t<h4><a href=\"https:\/\/www.foment.com\/es\/%e2%80%8ben-ecommerce-alimentario-99-oportunidades-crecer\/\" title=\"\u200bEn el ecommerce alimentario hay un 99% de oportunidades para crecer\">\u200bEn el ecommerce alimentario hay un 99% de oportunidades para crecer<\/a><\/h4>\n\t\t\t\t\t  \t\t<div>[vc_row][vc_column width=\"1\/1\"][vc_column_text]\"No nos da miedo que grandes gigantes como Amazon entren al ecommerce alimentario: aqu\u00ed los estamos esperando y tenemos... <a class=\"read-more-link\" href=\"https:\/\/www.foment.com\/es\/%e2%80%8ben-ecommerce-alimentario-99-oportunidades-crecer\/\">read more  &rarr;<\/a><\/div>\n\t\t\t\t\t  \t\t<span>17 de febrero de 2016<\/span>\n\t\t\t\t  \t\t<\/div><\/div><div class=\"blog-item\"><a href=\"https:\/\/www.foment.com\/es\/la-mujer-la-empresa-lidera-partir-consensos\/\" title=\"\u00abLa mujer en la empresa lidera a partir de consensos\u00bb\" class=\"blog-pic\"><img src=\"https:\/\/www.foment.com\/wp-content\/uploads\/2016\/01\/lideratge-dona-empresa-1-600-600x360.jpg\" alt=\"\u00abLa mujer en la empresa lidera a partir de consensos\u00bb\" \/><span class=\"blog-overlay\"><\/span><i class=\"fa fa-align-left\"><\/i><\/a><div class=\"blog-item-description\">\n\t\t\t\t\t\t\t<h4><a href=\"https:\/\/www.foment.com\/es\/la-mujer-la-empresa-lidera-partir-consensos\/\" title=\"\u00abLa mujer en la empresa lidera a partir de consensos\u00bb\">\u00abLa mujer en la empresa lidera a partir de consensos\u00bb<\/a><\/h4>\n\t\t\t\t\t  \t\t<div>[vc_row][vc_column width=\"1\/1\"][vc_column_text]Helena Torras, fundadora e inversora de Bwom, Abiquo, PaoCapital, entre otros, considera que \"la mujer, a la empresa, lidera... <a class=\"read-more-link\" href=\"https:\/\/www.foment.com\/es\/la-mujer-la-empresa-lidera-partir-consensos\/\">read more  &rarr;<\/a><\/div>\n\t\t\t\t\t  \t\t<span>27 de enero de 2016<\/span>\n\t\t\t\t  \t\t<\/div><\/div><div class=\"blog-item\"><a href=\"https:\/\/www.foment.com\/es\/la-clave-exito-una-app-pasa-invertir-marketing\/\" title=\"La clave para tener \u00e9xito con una APP pasa por invertir en marketing\" class=\"blog-pic\"><img src=\"https:\/\/www.foment.com\/wp-content\/uploads\/2016\/09\/negoci-app-600x400.jpg\" alt=\"La clave para tener \u00e9xito con una APP pasa por invertir en marketing\" \/><span class=\"blog-overlay\"><\/span><i class=\"fa fa-align-left\"><\/i><\/a><div class=\"blog-item-description\">\n\t\t\t\t\t\t\t<h4><a href=\"https:\/\/www.foment.com\/es\/la-clave-exito-una-app-pasa-invertir-marketing\/\" title=\"La clave para tener \u00e9xito con una APP pasa por invertir en marketing\">La clave para tener \u00e9xito con una APP pasa por invertir en marketing<\/a><\/h4>\n\t\t\t\t\t  \t\t<div>[vc_row][vc_column width=\"1\/1\"][vc_column_text]Si estamos hablando de m\u00e1s de 20 millones de internautas espa\u00f1oles que acceden a Internet a diario y tenemos... <a class=\"read-more-link\" href=\"https:\/\/www.foment.com\/es\/la-clave-exito-una-app-pasa-invertir-marketing\/\">read more  &rarr;<\/a><\/div>\n\t\t\t\t\t  \t\t<span>3 de noviembre de 2015<\/span>\n\t\t\t\t  \t\t<\/div><\/div><div class=\"blog-item\"><a href=\"https:\/\/www.foment.com\/es\/la-revolucion-digital-del-fintech-somos-player-mas-estamos-destinados-relacionarnos-la-banca\/\" title=\"La revoluci\u00f3n digital del FINTECH: \u00absomos un player m\u00e1s y estamos destinados a relacionarnos con la banca\u00bb\" class=\"blog-pic\"><img src=\"https:\/\/www.foment.com\/wp-content\/uploads\/2016\/09\/Foment-Empren_Reinventat_Fintech_Esther-Rubio.jpg\" alt=\"La revoluci\u00f3n digital del FINTECH: \u00absomos un player m\u00e1s y estamos destinados a relacionarnos con la banca\u00bb\" \/><span class=\"blog-overlay\"><\/span><i class=\"fa fa-align-left\"><\/i><\/a><div class=\"blog-item-description\">\n\t\t\t\t\t\t\t<h4><a href=\"https:\/\/www.foment.com\/es\/la-revolucion-digital-del-fintech-somos-player-mas-estamos-destinados-relacionarnos-la-banca\/\" title=\"La revoluci\u00f3n digital del FINTECH: \u00absomos un player m\u00e1s y estamos destinados a relacionarnos con la banca\u00bb\">La revoluci\u00f3n digital del FINTECH: \u00absomos un player m\u00e1s y estamos destinados a relacionarnos con la banca\u00bb<\/a><\/h4>\n\t\t\t\t\t  \t\t<div>[vc_row][vc_column width=\"1\/1\"][vc_column_text] Sesi\u00f3n que ha contado con la participaci\u00f3n de Esther Rubio, Directora comercial en Loanbook; Arnau Grassas, Manager business... <a class=\"read-more-link\" href=\"https:\/\/www.foment.com\/es\/la-revolucion-digital-del-fintech-somos-player-mas-estamos-destinados-relacionarnos-la-banca\/\">read more  &rarr;<\/a><\/div>\n\t\t\t\t\t  \t\t<span>9 de octubre de 2015<\/span>\n\t\t\t\t  \t\t<\/div><\/div><div class=\"blog-item\"><a href=\"https:\/\/www.foment.com\/es\/equipo-motivado-la-clave-del-exito-los-emprendedores%e2%80%8b%e2%80%8b\/\" title=\"Un equipo motivado es la clave del \u00e9xito de los emprendedores\u200b\u200b\" class=\"blog-pic\"><img src=\"https:\/\/www.foment.com\/wp-content\/uploads\/2016\/10\/Foment-Empren_Reinventa_Emprendre-amb-bon-gust_Ponents_11_03_2015.-9-600-600x378.jpg\" alt=\"Un equipo motivado es la clave del \u00e9xito de los emprendedores\u200b\u200b\" \/><span class=\"blog-overlay\"><\/span><i class=\"fa fa-align-left\"><\/i><\/a><div class=\"blog-item-description\">\n\t\t\t\t\t\t\t<h4><a href=\"https:\/\/www.foment.com\/es\/equipo-motivado-la-clave-del-exito-los-emprendedores%e2%80%8b%e2%80%8b\/\" title=\"Un equipo motivado es la clave del \u00e9xito de los emprendedores\u200b\u200b\">Un equipo motivado es la clave del \u00e9xito de los emprendedores\u200b\u200b<\/a><\/h4>\n\t\t\t\t\t  \t\t<div>[vc_row][vc_column width=\"1\/1\"][vc_column_text]\"La industria alimentaria ha propiciado el debate de la segunda sesi\u00f3n de este a\u00f1o del Ciclo de seminarios Reinventa't,... <a class=\"read-more-link\" href=\"https:\/\/www.foment.com\/es\/equipo-motivado-la-clave-del-exito-los-emprendedores%e2%80%8b%e2%80%8b\/\">read more  &rarr;<\/a><\/div>\n\t\t\t\t\t  \t\t<span>11 de marzo de 2015<\/span>\n\t\t\t\t  \t\t<\/div><\/div><div class=\"blog-item\"><a href=\"https:\/\/www.foment.com\/es\/se-fijan-los-inversores-la-hora-financiar-una-start-up\/\" title=\"\u00bfEn qu\u00e9 se fijan los inversores a la hora de financiar una \u2018start-up\u2019?\" class=\"blog-pic\"><img src=\"https:\/\/www.foment.com\/wp-content\/uploads\/2016\/10\/Cicle-de-Seminaris-Reinventat_-Foment-Empren_-Valoracio\u0301n-per-invertir-en-startup_-Ponents_05_02_2015-600-600x324.jpg\" alt=\"\u00bfEn qu\u00e9 se fijan los inversores a la hora de financiar una \u2018start-up\u2019?\" \/><span class=\"blog-overlay\"><\/span><i class=\"fa fa-align-left\"><\/i><\/a><div class=\"blog-item-description\">\n\t\t\t\t\t\t\t<h4><a href=\"https:\/\/www.foment.com\/es\/se-fijan-los-inversores-la-hora-financiar-una-start-up\/\" title=\"\u00bfEn qu\u00e9 se fijan los inversores a la hora de financiar una \u2018start-up\u2019?\">\u00bfEn qu\u00e9 se fijan los inversores a la hora de financiar una \u2018start-up\u2019?<\/a><\/h4>\n\t\t\t\t\t  \t\t<div>[vc_row][vc_column width=\"1\/1\"][vc_column_text]Convertir una idea en producto no es f\u00e1cil, as\u00ed como tampoco lo es conseguir que tu proyecto crezca y... <a class=\"read-more-link\" href=\"https:\/\/www.foment.com\/es\/se-fijan-los-inversores-la-hora-financiar-una-start-up\/\">read more  &rarr;<\/a><\/div>\n\t\t\t\t\t  \t\t<span>5 de febrero de 2015<\/span>\n\t\t\t\t  \t\t<\/div><\/div><div class=\"blog-item\"><a href=\"https:\/\/www.foment.com\/es\/me-gusta-lo-entiendo-lo-uso-estrategias-marketing-emprendedores\/\" title=\"Me gusta, lo entiendo, lo uso: Estrategias de marketing para emprendedores\" class=\"blog-pic\"><img src=\"https:\/\/www.foment.com\/wp-content\/uploads\/2014\/10\/Foment-del-Treball-Foment-Empren-estrategies-marqueting-4-600.png\" alt=\"Me gusta, lo entiendo, lo uso: Estrategias de marketing para emprendedores\" \/><span class=\"blog-overlay\"><\/span><i class=\"fa fa-align-left\"><\/i><\/a><div class=\"blog-item-description\">\n\t\t\t\t\t\t\t<h4><a href=\"https:\/\/www.foment.com\/es\/me-gusta-lo-entiendo-lo-uso-estrategias-marketing-emprendedores\/\" title=\"Me gusta, lo entiendo, lo uso: Estrategias de marketing para emprendedores\">Me gusta, lo entiendo, lo uso: Estrategias de marketing para emprendedores<\/a><\/h4>\n\t\t\t\t\t  \t\t<div>[vc_row][vc_column width=\"1\/1\"][vc_column_text]\"Todo es m\u00e1s simple y m\u00e1s f\u00e1cil. O deber\u00eda serlo. En branding, en marketing, las compa\u00f1\u00edas tienden siempre a... <a class=\"read-more-link\" href=\"https:\/\/www.foment.com\/es\/me-gusta-lo-entiendo-lo-uso-estrategias-marketing-emprendedores\/\">read more  &rarr;<\/a><\/div>\n\t\t\t\t\t  \t\t<span>22 de octubre de 2014<\/span>\n\t\t\t\t  \t\t<\/div><\/div><div class=\"blog-item\"><a href=\"https:\/\/www.foment.com\/es\/buena-acogida-la-mesa-redonda-emprenedors-actitud-on-tarragona\/\" title=\"Buena acogida de la mesa redonda \u2018Emprenedors: Actitud On\u2019 en Tarragona\" class=\"blog-pic\"><img src=\"https:\/\/www.foment.com\/wp-content\/uploads\/2014\/06\/jornada2_600-600x400.jpg\" alt=\"Buena acogida de la mesa redonda \u2018Emprenedors: Actitud On\u2019 en Tarragona\" \/><span class=\"blog-overlay\"><\/span><i class=\"fa fa-align-left\"><\/i><\/a><div class=\"blog-item-description\">\n\t\t\t\t\t\t\t<h4><a href=\"https:\/\/www.foment.com\/es\/buena-acogida-la-mesa-redonda-emprenedors-actitud-on-tarragona\/\" title=\"Buena acogida de la mesa redonda \u2018Emprenedors: Actitud On\u2019 en Tarragona\">Buena acogida de la mesa redonda \u2018Emprenedors: Actitud On\u2019 en Tarragona<\/a><\/h4>\n\t\t\t\t\t  \t\t<div>[vc_row][vc_column width=\"1\/1\"][vc_column_text]\u00bfC\u00f3mo damos forma a esta idea de empresa que nos ronda por la cabeza? \u00bfQu\u00e9 herramientas tenemos a nuestro... <a class=\"read-more-link\" href=\"https:\/\/www.foment.com\/es\/buena-acogida-la-mesa-redonda-emprenedors-actitud-on-tarragona\/\">read more  &rarr;<\/a><\/div>\n\t\t\t\t\t  \t\t<span>30 de junio de 2014<\/span>\n\t\t\t\t  \t\t<\/div><\/div><div class=\"blog-item\"><a href=\"https:\/\/www.foment.com\/es\/modelos-negocio-mas-sociales-sostenibles-dar-respuesta-las-nuevas-sensibilidades%e2%80%8b%e2%80%8b%e2%80%8b\/\" title=\"Modelos de negocio m\u00e1s sociales y sostenibles para dar respuesta a las nuevas sensibilidades\u200b\u200b\u200b\" class=\"blog-pic\"><img src=\"https:\/\/www.foment.com\/wp-content\/uploads\/2014\/06\/Foment-Empren_Cicle-de-Seminaris-Reinventat_Empreses-socials-dimpacte_Xavier-Pont_17_06_14-5_600.jpg\" alt=\"Modelos de negocio m\u00e1s sociales y sostenibles para dar respuesta a las nuevas sensibilidades\u200b\u200b\u200b\" \/><span class=\"blog-overlay\"><\/span><i class=\"fa fa-align-left\"><\/i><\/a><div class=\"blog-item-description\">\n\t\t\t\t\t\t\t<h4><a href=\"https:\/\/www.foment.com\/es\/modelos-negocio-mas-sociales-sostenibles-dar-respuesta-las-nuevas-sensibilidades%e2%80%8b%e2%80%8b%e2%80%8b\/\" title=\"Modelos de negocio m\u00e1s sociales y sostenibles para dar respuesta a las nuevas sensibilidades\u200b\u200b\u200b\">Modelos de negocio m\u00e1s sociales y sostenibles para dar respuesta a las nuevas sensibilidades\u200b\u200b\u200b<\/a><\/h4>\n\t\t\t\t\t  \t\t<div>[vc_row][vc_column width=\"1\/1\"][\/vc_column][\/vc_row][vc_row][vc_column width=\"1\/1\"][vc_column_text]\"El emprendimiento social no es un fen\u00f3meno nuevo, pero hoy emerge un nuevo perfil... <a class=\"read-more-link\" href=\"https:\/\/www.foment.com\/es\/modelos-negocio-mas-sociales-sostenibles-dar-respuesta-las-nuevas-sensibilidades%e2%80%8b%e2%80%8b%e2%80%8b\/\">read more  &rarr;<\/a><\/div>\n\t\t\t\t\t  \t\t<span>26 de junio de 2014<\/span>\n\t\t\t\t  \t\t<\/div><\/div><div class=\"blog-item\"><a href=\"https:\/\/www.foment.com\/es\/teoria-practica-del-crowdfunding-una-aproximacion\/\" title=\"Teor\u00eda y pr\u00e1ctica del crowdfunding: una aproximaci\u00f3n\" class=\"blog-pic\"><img src=\"https:\/\/www.foment.com\/wp-content\/uploads\/2014\/05\/Foment-Empren_Reinventat_Present-i-Futur-del-Crowdfunding_Moderant-Carme-Lopez_-08_05_2014-600x336.jpg\" alt=\"Teor\u00eda y pr\u00e1ctica del crowdfunding: una aproximaci\u00f3n\" \/><span class=\"blog-overlay\"><\/span><i class=\"fa fa-align-left\"><\/i><\/a><div class=\"blog-item-description\">\n\t\t\t\t\t\t\t<h4><a href=\"https:\/\/www.foment.com\/es\/teoria-practica-del-crowdfunding-una-aproximacion\/\" title=\"Teor\u00eda y pr\u00e1ctica del crowdfunding: una aproximaci\u00f3n\">Teor\u00eda y pr\u00e1ctica del crowdfunding: una aproximaci\u00f3n<\/a><\/h4>\n\t\t\t\t\t  \t\t<div>[vc_row][vc_column width=\"1\/1\"][vc_column_text]Las plataformas de micromecenazgo o financiaci\u00f3n colectiva son, actualmente, una de las alternativas a la financiaci\u00f3n bancaria. En el... <a class=\"read-more-link\" href=\"https:\/\/www.foment.com\/es\/teoria-practica-del-crowdfunding-una-aproximacion\/\">read more  &rarr;<\/a><\/div>\n\t\t\t\t\t  \t\t<span>8 de mayo de 2014<\/span>\n\t\t\t\t  \t\t<\/div><\/div><div class=\"blog-item\"><a href=\"https:\/\/www.foment.com\/es\/moment-lemprenedor-payrandom-creadores-del-precio-azar\/\" title=\"Moment del Emprenedor para PayRandom, creadores del precio por azar\" class=\"blog-pic\"><img src=\"https:\/\/www.foment.com\/wp-content\/uploads\/2014\/03\/Foment-Empren_Moment-Emprenedor_PayRadom_20_03_14.jpg\" alt=\"Moment del Emprenedor para PayRandom, creadores del precio por azar\" \/><span class=\"blog-overlay\"><\/span><i class=\"fa fa-align-left\"><\/i><\/a><div class=\"blog-item-description\">\n\t\t\t\t\t\t\t<h4><a href=\"https:\/\/www.foment.com\/es\/moment-lemprenedor-payrandom-creadores-del-precio-azar\/\" title=\"Moment del Emprenedor para PayRandom, creadores del precio por azar\">Moment del Emprenedor para PayRandom, creadores del precio por azar<\/a><\/h4>\n\t\t\t\t\t  \t\t<div>[vc_row][vc_column width=\"1\/1\"][vc_column_text]Foment del Treball ha ofrecido la tercera sesi\u00f3n de su Moment de l\u2019emprenedor a Pay Random, una nueva empresa... <a class=\"read-more-link\" href=\"https:\/\/www.foment.com\/es\/moment-lemprenedor-payrandom-creadores-del-precio-azar\/\">read more  &rarr;<\/a><\/div>\n\t\t\t\t\t  \t\t<span>25 de marzo de 2014<\/span>\n\t\t\t\t  \t\t<\/div><\/div><div class=\"blog-item\"><a href=\"https:\/\/www.foment.com\/es\/minimizar-los-riesgos-adquirir-know-how-ventajas-emprender-franquicia\/\" title=\"Minimizar los riesgos y adquirir know-how: ventajas de emprender en franquicia\" class=\"blog-pic\"><img src=\"https:\/\/www.foment.com\/wp-content\/uploads\/2014\/03\/Foment-Empren_Cicle-de-Seminaris-Reinventat.-Replica-el-negoci.-replica-el-negoci-600x346.jpg\" alt=\"Minimizar los riesgos y adquirir know-how: ventajas de emprender en franquicia\" \/><span class=\"blog-overlay\"><\/span><i class=\"fa fa-align-left\"><\/i><\/a><div class=\"blog-item-description\">\n\t\t\t\t\t\t\t<h4><a href=\"https:\/\/www.foment.com\/es\/minimizar-los-riesgos-adquirir-know-how-ventajas-emprender-franquicia\/\" title=\"Minimizar los riesgos y adquirir know-how: ventajas de emprender en franquicia\">Minimizar los riesgos y adquirir know-how: ventajas de emprender en franquicia<\/a><\/h4>\n\t\t\t\t\t  \t\t<div>[vc_row][vc_column width=\"1\/1\"][vc_column_text]Aprovechar el \u00e9xito y el know-how de un negocio es uno de los pilares en los que se basa... <a class=\"read-more-link\" href=\"https:\/\/www.foment.com\/es\/minimizar-los-riesgos-adquirir-know-how-ventajas-emprender-franquicia\/\">read more  &rarr;<\/a><\/div>\n\t\t\t\t\t  \t\t<span>20 de marzo de 2014<\/span>\n\t\t\t\t  \t\t<\/div><\/div><div class=\"blog-item\"><a href=\"https:\/\/www.foment.com\/es\/moment-lemprenedor-imath-research-servicio-big-data-pymes\/\" title=\"Moment de l\u2019Emprenedor para iMath Research y su servicio de big data para pymes\" class=\"blog-pic\"><img src=\"https:\/\/www.foment.com\/wp-content\/uploads\/2014\/02\/El-Moment-de-lemprenedor_Imath-Research_Foment-Empren_20_02_2014.png\" alt=\"Moment de l\u2019Emprenedor para iMath Research y su servicio de big data para pymes\" \/><span class=\"blog-overlay\"><\/span><i class=\"fa fa-align-left\"><\/i><\/a><div class=\"blog-item-description\">\n\t\t\t\t\t\t\t<h4><a href=\"https:\/\/www.foment.com\/es\/moment-lemprenedor-imath-research-servicio-big-data-pymes\/\" title=\"Moment de l\u2019Emprenedor para iMath Research y su servicio de big data para pymes\">Moment de l\u2019Emprenedor para iMath Research y su servicio de big data para pymes<\/a><\/h4>\n\t\t\t\t\t  \t\t<div>[vc_row][vc_column width=\"1\/1\"][vc_column_text]Foment del Treball ha ofrecido la segunda sesi\u00f3n de su Moment de l\u2019Emprenedor a iMath Research, una nueva empresa... <a class=\"read-more-link\" href=\"https:\/\/www.foment.com\/es\/moment-lemprenedor-imath-research-servicio-big-data-pymes\/\">read more  &rarr;<\/a><\/div>\n\t\t\t\t\t  \t\t<span>20 de febrero de 2014<\/span>\n\t\t\t\t  \t\t<\/div><\/div><div class=\"blog-item\"><a href=\"https:\/\/www.foment.com\/es\/internacionalizacion-paso-mas-crecer\/\" title=\"Internacionalizaci\u00f3n: Un paso m\u00e1s para crecer\" class=\"blog-pic\"><img src=\"https:\/\/www.foment.com\/wp-content\/uploads\/2014\/01\/FOment_del_Treball_emprenedors_exporatr_1.png\" alt=\"Internacionalizaci\u00f3n: Un paso m\u00e1s para crecer\" \/><span class=\"blog-overlay\"><\/span><i class=\"fa fa-align-left\"><\/i><\/a><div class=\"blog-item-description\">\n\t\t\t\t\t\t\t<h4><a href=\"https:\/\/www.foment.com\/es\/internacionalizacion-paso-mas-crecer\/\" title=\"Internacionalizaci\u00f3n: Un paso m\u00e1s para crecer\">Internacionalizaci\u00f3n: Un paso m\u00e1s para crecer<\/a><\/h4>\n\t\t\t\t\t  \t\t<div>[vc_row][vc_column width=\"1\/1\"][vc_column_text]La situaci\u00f3n econ\u00f3mica del pa\u00eds aconseja a los emprendedores pensar en un modelo de negocio capaz de internacionalizarse y... <a class=\"read-more-link\" href=\"https:\/\/www.foment.com\/es\/internacionalizacion-paso-mas-crecer\/\">read more  &rarr;<\/a><\/div>\n\t\t\t\t\t  \t\t<span>28 de enero de 2014<\/span>\n\t\t\t\t  \t\t<\/div><\/div><div class=\"blog-item\"><a href=\"https:\/\/www.foment.com\/es\/foment-crea-moment-lemprenedor-espacio-spin-off-las-universidades-expliquen-experiencia-otros-emprendedores\/\" title=\"Foment crea con El Moment de l\u2019Emprenedor un espacio para qu\u00e9 spin off de las universidades expliquen su experiencia a otros emprendedores\" class=\"blog-pic\"><img src=\"https:\/\/www.foment.com\/wp-content\/uploads\/2014\/01\/Foment_Del_treball_Moment_Emprenedor_Larriba_1.png\" alt=\"Foment crea con El Moment de l\u2019Emprenedor un espacio para qu\u00e9 spin off de las universidades expliquen su experiencia a otros emprendedores\" \/><span class=\"blog-overlay\"><\/span><i class=\"fa fa-align-left\"><\/i><\/a><div class=\"blog-item-description\">\n\t\t\t\t\t\t\t<h4><a href=\"https:\/\/www.foment.com\/es\/foment-crea-moment-lemprenedor-espacio-spin-off-las-universidades-expliquen-experiencia-otros-emprendedores\/\" title=\"Foment crea con El Moment de l\u2019Emprenedor un espacio para qu\u00e9 spin off de las universidades expliquen su experiencia a otros emprendedores\">Foment crea con El Moment de l\u2019Emprenedor un espacio para qu\u00e9 spin off de las universidades expliquen su experiencia a otros emprendedores<\/a><\/h4>\n\t\t\t\t\t  \t\t<div>[vc_row][vc_column width=\"1\/1\"][vc_column_text]Foment del Treball ha iniciado este pasado 23 de enero su ciclo El Moment de l\u2019Emprenedor, dondespin off surgidas... <a class=\"read-more-link\" href=\"https:\/\/www.foment.com\/es\/foment-crea-moment-lemprenedor-espacio-spin-off-las-universidades-expliquen-experiencia-otros-emprendedores\/\">read more  &rarr;<\/a><\/div>\n\t\t\t\t\t  \t\t<span>23 de enero de 2014<\/span>\n\t\t\t\t  \t\t<\/div><\/div><div class=\"blog-item\"><a href=\"https:\/\/www.foment.com\/es\/foment-del-treball-celebra-primer-encuentro-incubadoras-corporativas-barcelona%e2%80%8b%e2%80%8b%e2%80%8b%e2%80%8b%e2%80%8b\/\" title=\"Foment del Treball celebra el primer encuentro de Incubadoras Corporativas en Barcelona\u200b\u200b\u200b\u200b\u200b\" class=\"blog-pic\"><img src=\"https:\/\/www.foment.com\/wp-content\/uploads\/2013\/11\/I-Meeting-Incubadores-Corporatives_Foment-Empren_Ponentes-600x400.jpg\" alt=\"Foment del Treball celebra el primer encuentro de Incubadoras Corporativas en Barcelona\u200b\u200b\u200b\u200b\u200b\" \/><span class=\"blog-overlay\"><\/span><i class=\"fa fa-align-left\"><\/i><\/a><div class=\"blog-item-description\">\n\t\t\t\t\t\t\t<h4><a href=\"https:\/\/www.foment.com\/es\/foment-del-treball-celebra-primer-encuentro-incubadoras-corporativas-barcelona%e2%80%8b%e2%80%8b%e2%80%8b%e2%80%8b%e2%80%8b\/\" title=\"Foment del Treball celebra el primer encuentro de Incubadoras Corporativas en Barcelona\u200b\u200b\u200b\u200b\u200b\">Foment del Treball celebra el primer encuentro de Incubadoras Corporativas en Barcelona\u200b\u200b\u200b\u200b\u200b<\/a><\/h4>\n\t\t\t\t\t  \t\t<div>[vc_row][vc_column width=\"1\/1\"][vc_column_text]Foment ha organizado y acogido el I Meeting de Incubadoras Corporativas que se ha celebrado en Barcelona, con el... <a class=\"read-more-link\" href=\"https:\/\/www.foment.com\/es\/foment-del-treball-celebra-primer-encuentro-incubadoras-corporativas-barcelona%e2%80%8b%e2%80%8b%e2%80%8b%e2%80%8b%e2%80%8b\/\">read more  &rarr;<\/a><\/div>\n\t\t\t\t\t  \t\t<span>7 de noviembre de 2013<\/span>\n\t\t\t\t  \t\t<\/div><\/div><\/div><\/div><div class=\"clear\"><\/div>[\/vc_column][\/vc_row][vc_row bg_color=\u00bb#ffffff\u00bb section_arrow=\u00bbfalse\u00bb top_padding=\u00bb40&#8243; bottom_padding=\u00bb60&#8243;][vc_column width=\u00bb2\/3&#8243;]<h2 class=\"headline font-inherit fontsize-l fontweight-inherit lh-inherit align-left transform-inherit \" style=\"margin: 0 0 20px 0;\">Actividades<\/h2>[vc_column_text]<!-- EventON Calendar --><div id='evcal_calendar_294' class='ajde_evcal_calendar  box_2 ajax_loading_cal' ><div id='evcal_head' class='calendar_header ' ><div class='evo_cal_above'><span class='evo-gototoday-btn' style='display:none' data-mo='4' data-yr='2026' data-dy=''>Mes actual<\/span><\/div><div class='evo_cal_above_content'><\/div><p class='evo_arrows'><span style='margin-right:8px;' id='evcal_prev' class='evcal_arrows evcal_btn_prev' ><\/span><\/p><p style='width: 220px!important;text-align:center' id='evcal_cur' class='evo_month_title'> abril, 2026<\/p><p class='evo_arrows'><span id='evcal_next' class='evcal_arrows evo_arrow_next evcal_btn_next' ><\/span><\/p><div class='clear'><\/div><\/div><div id='eventon_loadbar_section'><div id='eventon_loadbar'><\/div><\/div><div class='evo_ajax_load_events'><span><\/span><span><\/span><span><\/span><\/div><!-- Events List --><div id='evcal_list' class='eventon_events_list '>\t\t\t<div class='clear'><\/div>\n\t\t\t<\/div>\n\t\t\t<div class='clear'><\/div>\n\t\t\t\t\t \t<div id='evcal_footer' class='evo_bottom' style='display:none'>\n\t\t \t\t<div class='evo_cal_data'  data-sc='{\"accord\":\"no\",\"bottom_nav\":\"no\",\"cal_id\":\"\",\"cal_init_nonajax\":\"no\",\"calendar_type\":\"default\",\"control_style\":\"def\",\"el_type\":\"ue\",\"etc_override\":\"yes\",\"evc_open\":\"no\",\"event_count\":\"3\",\"event_location\":\"all\",\"event_order\":\"ASC\",\"event_organizer\":\"all\",\"event_past_future\":\"all\",\"event_tag\":\"all\",\"event_type\":\"206\",\"event_type_2\":\"all\",\"event_type_3\":\"all\",\"event_type_4\":\"all\",\"event_type_5\":\"all\",\"eventtop_style\":0,\"exp_jumper\":\"no\",\"exp_so\":\"no\",\"filter_relationship\":\"AND\",\"filter_show_set_only\":\"no\",\"filter_type\":\"default\",\"filters\":\"yes\",\"fixed_month\":\"4\",\"fixed_year\":\"2026\",\"focus_end_date_range\":\"1777593599\",\"focus_start_date_range\":\"1775001600\",\"ft_event_priority\":\"no\",\"hide_arrows\":\"no\",\"hide_empty_months\":\"no\",\"hide_end_time\":\"no\",\"hide_ft\":\"no\",\"hide_month_headers\":\"no\",\"hide_mult_occur\":\"no\",\"hide_past\":\"no\",\"hide_past_by\":\"ee\",\"hide_so\":\"no\",\"ics\":\"no\",\"jumper\":\"no\",\"jumper_count\":5,\"jumper_offset\":\"0\",\"lang\":\"L1\",\"layout_changer\":\"no\",\"livenow_bar\":\"yes\",\"mapformat\":\"roadmap\",\"mapiconurl\":\"\",\"maps_load\":\"yes\",\"mapscroll\":\"true\",\"mapzoom\":\"18\",\"members_only\":\"no\",\"ml_priority\":\"no\",\"month_incre\":0,\"number_of_months\":\"1\",\"only_ft\":\"no\",\"pec\":\"\",\"s\":\"\",\"search\":\"\",\"search_all\":\"no\",\"sep_month\":\"no\",\"show_et_ft_img\":\"no\",\"show_limit\":\"yes\",\"show_limit_ajax\":\"no\",\"show_limit_paged\":1,\"show_limit_redir\":\"\",\"show_repeats\":\"no\",\"show_rsvp\":\"no\",\"show_upcoming\":0,\"show_year\":\"no\",\"slide_auto\":\"no\",\"slide_hide_control\":\"no\",\"slide_loop\":\"no\",\"slide_nav_dots\":\"no\",\"slide_pause_hover\":\"no\",\"slide_style\":\"def\",\"slider_pause\":\"2000\",\"slider_speed\":\"400\",\"slider_type\":\"def\",\"slides_visible\":1,\"sort_by\":\"sort_date\",\"tile_bg\":0,\"tile_bg_size\":\"full\",\"tile_count\":2,\"tile_height\":0,\"tile_style\":0,\"tiles\":\"no\",\"ux_val\":\"0\",\"view_switcher\":\"no\",\"wpml_l1\":\"\",\"wpml_l2\":\"\",\"wpml_l3\":\"\",\"yl_priority\":\"no\",\"fixed_day\":\"1\",\"_cver\":\"3.1.6\"}' data-od='{\"lang_no_events\":\"_No hay eventos\"}'><\/div>\n\t\t \t\t<div class='evo_cal_events' data-events=\"\"><\/div>\n\t\t \t<\/div>\n\t\t\t\t\n\t\t\t\n\t\t\t\t\t\t<\/div><!-- EventON End -->\n\t\t\t[\/vc_column_text][\/vc_column][vc_column width=\u00bb1\/3&#8243;]<h2 class=\"headline font-inherit fontsize-l fontweight-inherit lh-inherit align-left transform-inherit \" style=\"margin: 0 0 20px 0;\">\u00daltimos videos<\/h2>[vc_raw_html]JTNDaWZyYW1lJTIwd2lkdGglM0QlMjIzMDAlMjIlMjBoZWlnaHQlM0QlMjIxNjklMjIlMjBzcmMlM0QlMjJodHRwcyUzQSUyRiUyRnd3dy55b3V0dWJlLmNvbSUyRmVtYmVkJTJGdmlkZW9zZXJpZXMlM0ZsaXN0JTNEUEx5dlBBUURGWl9oTW1PQUh3eDhiLW9vWUF0MC1iVk1YViUyMiUyMGZyYW1lYm9yZGVyJTNEJTIyMCUyMiUyMGFsbG93ZnVsbHNjcmVlbiUzRSUzQyUyRmlmcmFtZSUzRSUwQQ==[\/vc_raw_html][\/vc_column][\/vc_row][vc_row bg_color=\u00bb#f9f9f9&#8243; top_padding=\u00bb60&#8243; bottom_padding=\u00bb60&#8243;][vc_column width=\u00bb1\/1&#8243;]<h2 class=\"headline font-special fontsize-xl fontweight-700 lh-inherit align-center transform-inherit \" style=\"margin: 0 0 30px 0;\">\u00daltimas presentaciones<\/h2><div class=\"minti_carousel  grab-false dots\" data-columns=\"3\" data-tabletcolumns=\"3\" data-nav=\"true\" data-pagination=\"true\" data-autoplay=\"false\" data-animationtime=\"4000\"><div class=\"iconbox  iconbox-style-10 icon-color-accent color-dark clearfix\"><i class=\"fa fa-paperclip boxicon\" style=\"\"><\/i><h3>Dan Moser<\/h3><p><a href=\"\/wp-content\/uploads\/2016\/10\/Captio-Foment.pdf\" target=\"_blank\">Captio<\/a><\/p><\/div><div class=\"iconbox  iconbox-style-10 icon-color-accent color-dark clearfix\"><i class=\"fa fa-paperclip boxicon\" style=\"\"><\/i><h3>Sergi Galiano<\/h3><p><a href=\"\/wp-content\/uploads\/2016\/10\/Groupnotedrinkets.pdf\" target=\"_blank\">Drinkets i Groupnote<\/a><\/p><\/div><div class=\"iconbox  iconbox-style-10 icon-color-accent color-dark clearfix\"><i class=\"fa fa-paperclip boxicon\" style=\"\"><\/i><h3>Sergi Hern\u00e1nz<\/h3><p><a href=\"\/wp-content\/uploads\/2016\/10\/PUBLICADA-COMUNICACIO-APPS-FOMENT_inqbarna.pdf\" target=\"_blank\">Inqbarna<\/a><\/p><\/div><div class=\"iconbox  iconbox-style-10 icon-color-accent color-dark clearfix\"><i class=\"fa fa-paperclip boxicon\" style=\"\"><\/i><h3>Juan Zamora<\/h3><p><a href=\"\/wp-content\/uploads\/2016\/10\/signaturitxpublicar.pdf\" target=\"_blank\">Signaturit Solutions<\/a><\/p><\/div><div class=\"iconbox  iconbox-style-10 icon-color-accent color-dark clearfix\"><i class=\"fa fa-paperclip boxicon\" style=\"\"><\/i><h3>Patricia Jord\u00e0<\/h3><p><a href=\"\/wp-content\/uploads\/2016\/10\/20150910_KANTOX-Foment.pdf\" target=\"_blank\">Kantox: tomorrow&#8217;s FX today<\/a><\/p><\/div><\/div>[\/vc_column][\/vc_row]<\/p>\n<\/section>","protected":false},"excerpt":{"rendered":"<p>[vc_row][vc_column width=\u00bb1\/1&#8243;][\/vc_column][\/vc_row][vc_row bg_color=\u00bb#ffffff\u00bb section_arrow=\u00bbfalse\u00bb top_padding=\u00bb60&#8243; bottom_padding=\u00bb60&#8243;][vc_column width=\u00bb2\/3&#8243;][vc_column_text] &nbsp; l Ciclo de Seminarios relacionados con el mundo emprendedor Reinventa&#8217;t: transforma i crea se consolid\u00f3 durante el 2013 con el objetivo de facilitar espacios de networking e intercambio de conocimientos entre los empresarios actuales y\/o con una trayectoria profesional consolidada, y los nuevos emprendedores de nuestra sociedad. Todas las tem\u00e1ticas se plantearon con vocaci\u00f3n pr\u00e1ctica e incorporando un dinamismo que facilitara el contacto y un debate abierto y enriquecedor entre los asistentes. El calendario anual de sesiones permiten fomentar el esp\u00edritu emprendedor, velar por la percepci\u00f3n social de la empresa y el empresario y limitar y no estigmatizar el fracaso, as\u00ed como conectar la experiencia que atesoran los empresarios que forman parte de Fomento y los ponentes que participaron en cada sesi\u00f3n con la ilusi\u00f3n de todos aquellos emprendedores que quieren sacar adelante proyectos empresariales.[\/vc_column_text][vc_tweetmeme type=\u00bbfollow\u00bb follow_user=\u00bb@fomentempren\u00bb show_followers_count=\u00bbtrue\u00bb large_button=\u00bbtrue\u00bb][\/vc_column][vc_column width=\u00bb1\/3&#8243;][\/vc_column][\/vc_row][vc_row bg_color=\u00bb#ededed\u00bb top_padding=\u00bb60&#8243; bottom_padding=\u00bb60&#8243;][vc_column column_center=\u00bbtrue\u00bb width=\u00bb1\/1&#8243;][\/vc_column][\/vc_row][vc_row bg_color=\u00bb#ffffff\u00bb section_arrow=\u00bbfalse\u00bb top_padding=\u00bb40&#8243; bottom_padding=\u00bb60&#8243;][vc_column width=\u00bb2\/3&#8243;][vc_column_text][\/vc_column_text][\/vc_column][vc_column width=\u00bb1\/3&#8243;][vc_raw_html]JTNDaWZyYW1lJTIwd2lkdGglM0QlMjIzMDAlMjIlMjBoZWlnaHQlM0QlMjIxNjklMjIlMjBzcmMlM0QlMjJodHRwcyUzQSUyRiUyRnd3dy55b3V0dWJlLmNvbSUyRmVtYmVkJTJGdmlkZW9zZXJpZXMlM0ZsaXN0JTNEUEx5dlBBUURGWl9oTW1PQUh3eDhiLW9vWUF0MC1iVk1YViUyMiUyMGZyYW1lYm9yZGVyJTNEJTIyMCUyMiUyMGFsbG93ZnVsbHNjcmVlbiUzRSUzQyUyRmlmcmFtZSUzRSUwQQ==[\/vc_raw_html][\/vc_column][\/vc_row][vc_row bg_color=\u00bb#f9f9f9&#8243; top_padding=\u00bb60&#8243; bottom_padding=\u00bb60&#8243;][vc_column width=\u00bb1\/1&#8243;][\/vc_column][\/vc_row]<\/p>\n","protected":false},"author":1,"featured_media":0,"parent":20646,"menu_order":0,"comment_status":"closed","ping_status":"closed","template":"","meta":{"_links_to":"","_links_to_target":""},"acf":[],"wps_subtitle":"","_links":{"self":[{"href":"https:\/\/www.foment.com\/es\/wp-json\/wp\/v2\/pages\/23213"}],"collection":[{"href":"https:\/\/www.foment.com\/es\/wp-json\/wp\/v2\/pages"}],"about":[{"href":"https:\/\/www.foment.com\/es\/wp-json\/wp\/v2\/types\/page"}],"author":[{"embeddable":true,"href":"https:\/\/www.foment.com\/es\/wp-json\/wp\/v2\/users\/1"}],"replies":[{"embeddable":true,"href":"https:\/\/www.foment.com\/es\/wp-json\/wp\/v2\/comments?post=23213"}],"version-history":[{"count":0,"href":"https:\/\/www.foment.com\/es\/wp-json\/wp\/v2\/pages\/23213\/revisions"}],"up":[{"embeddable":true,"href":"https:\/\/www.foment.com\/es\/wp-json\/wp\/v2\/pages\/20646"}],"wp:attachment":[{"href":"https:\/\/www.foment.com\/es\/wp-json\/wp\/v2\/media?parent=23213"}],"curies":[{"name":"wp","href":"https:\/\/api.w.org\/{rel}","templated":true}]}}