{"id":24996,"date":"2016-11-12T10:01:32","date_gmt":"2016-11-12T09:01:32","guid":{"rendered":"http:\/\/foment.itartech.com\/?page_id=24996"},"modified":"2026-03-11T15:46:55","modified_gmt":"2026-03-11T14:46:55","slug":"organizaciones-sectoriales","status":"publish","type":"page","link":"https:\/\/www.foment.com\/es\/asociados\/son-socios-de-foment\/organizaciones-sectoriales\/","title":{"rendered":"Organizaciones sectoriales"},"content":{"rendered":"<section class=\"wpb-content-wrapper\"><p>[vc_section][vc_row][vc_column width=\u00bb1\/1&#8243;]\n\t\t\t<!-- START organizaciones sectoriales REVOLUTION SLIDER 6.4.6 --><p class=\"rs-p-wp-fix\"><\/p>\n\t\t\t<rs-module-wrap id=\"rev_slider_195_1_wrapper\" data-source=\"gallery\" style=\"background:transparent;padding:0;margin:0px auto;margin-top:0;margin-bottom:0;\">\n\t\t\t\t<rs-module id=\"rev_slider_195_1\" style=\"\" data-version=\"6.4.6\">\n\t\t\t\t\t<rs-slides>\n\t\t\t\t\t\t<rs-slide data-key=\"rs-246\" data-title=\"Slide\" data-anim=\"ms:600;\" data-in=\"o:0;\" data-out=\"a:false;\">\n\t\t\t\t\t\t\t<img src=\"\/\/www.foment.com\/wp-content\/plugins\/revslider\/public\/assets\/assets\/dummy.png\" title=\"8-organitzacions sectorials\" width=\"1080\" height=\"470\" class=\"rev-slidebg tp-rs-img rs-lazyload\" data-lazyload=\"\/\/www.foment.com\/wp-content\/uploads\/2021\/08\/8-organitzacions-sectorials.jpg\" data-parallax=\"off\" data-no-retina>\n<!--\n\t\t\t\t\t\t\t--><rs-layer\n\t\t\t\t\t\t\t\tid=\"slider-195-slide-246-layer-0\" \n\t\t\t\t\t\t\t\tdata-type=\"text\"\n\t\t\t\t\t\t\t\tdata-rsp_ch=\"on\"\n\t\t\t\t\t\t\t\tdata-xy=\"x:c;y:m;yo:-10px,-10px,-10px,0;\"\n\t\t\t\t\t\t\t\tdata-text=\"w:normal;s:30,30,28,25;l:66,54,41,30;fw:700;a:center;\"\n\t\t\t\t\t\t\t\tdata-dim=\"w:979px,808px,613px,378px;\"\n\t\t\t\t\t\t\t\tdata-frame_999=\"o:0;st:w;\"\n\t\t\t\t\t\t\t\tstyle=\"z-index:5;font-family:Montserrat;\"\n\t\t\t\t\t\t\t>ORGANIZACIONES SECTORIALES \n\t\t\t\t\t\t\t<\/rs-layer><!--\n-->\t\t\t\t\t\t<\/rs-slide>\n\t\t\t\t\t<\/rs-slides>\n\t\t\t\t<\/rs-module>\n\t\t\t\t<script type=\"text\/javascript\">\n\t\t\t\t\tsetREVStartSize({c: 'rev_slider_195_1',rl:[1240,1024,778,480],el:[500,600,360,360],gw:[1240,1024,778,480],gh:[500,600,360,360],type:'hero',justify:'',layout:'fullwidth',mh:\"0\"});\n\t\t\t\t\tvar\trevapi195,\n\t\t\t\t\t\ttpj;\n\t\t\t\t\tfunction revinit_revslider1951() {\n\t\t\t\t\tjQuery(function() {\n\t\t\t\t\t\ttpj = jQuery;\n\t\t\t\t\t\trevapi195 = tpj(\"#rev_slider_195_1\");\n\t\t\t\t\t\tif(revapi195==undefined || revapi195.revolution == undefined){\n\t\t\t\t\t\t\trevslider_showDoubleJqueryError(\"rev_slider_195_1\");\n\t\t\t\t\t\t}else{\n\t\t\t\t\t\t\trevapi195.revolution({\n\t\t\t\t\t\t\t\tsliderType:\"hero\",\n\t\t\t\t\t\t\t\tDPR:\"dpr\",\n\t\t\t\t\t\t\t\tsliderLayout:\"fullwidth\",\n\t\t\t\t\t\t\t\tvisibilityLevels:\"1240,1024,778,480\",\n\t\t\t\t\t\t\t\tgridwidth:\"1240,1024,778,480\",\n\t\t\t\t\t\t\t\tgridheight:\"500,600,360,360\",\n\t\t\t\t\t\t\t\tlazyType:\"smart\",\n\t\t\t\t\t\t\t\tperspective:600,\n\t\t\t\t\t\t\t\tperspectiveType:\"local\",\n\t\t\t\t\t\t\t\teditorheight:\"500,600,360,360\",\n\t\t\t\t\t\t\t\tresponsiveLevels:\"1240,1024,778,480\",\n\t\t\t\t\t\t\t\tprogressBar:{disableProgressBar:true},\n\t\t\t\t\t\t\t\tparallax: {\n\t\t\t\t\t\t\t\t\tlevels:[2,3,4,5,6,7,12,16,10,50,47,48,49,50,51,55],\n\t\t\t\t\t\t\t\t\ttype:\"mouse\",\n\t\t\t\t\t\t\t\t\torigo:\"slidercenter\",\n\t\t\t\t\t\t\t\t\tspeed:2000\n\t\t\t\t\t\t\t\t},\n\t\t\t\t\t\t\t\tfallbacks: {\n\t\t\t\t\t\t\t\t\tallowHTML5AutoPlayOnAndroid:true\n\t\t\t\t\t\t\t\t},\n\t\t\t\t\t\t\t});\n\t\t\t\t\t\t}\n\t\t\t\t\t\t\n\t\t\t\t\t});\n\t\t\t\t\t} \/\/ End of RevInitScript\n\t\t\t\tvar once_revslider1951 = false;\n\t\t\t\tif (document.readyState === \"loading\") {document.addEventListener('readystatechange',function() { if((document.readyState === \"interactive\" || document.readyState === \"complete\") && !once_revslider1951 ) { once_revslider1951 = true; revinit_revslider1951();}});} else {once_revslider1951 = true; revinit_revslider1951();}\n\t\t\t\t<\/script>\n\t\t\t<\/rs-module-wrap>\n\t\t\t<!-- END REVOLUTION SLIDER -->\n[\/vc_column][\/vc_row][\/vc_section][vc_row top_padding=\u00bb50&#8243; bottom_padding=\u00bb50&#8243;][vc_column][vc_column_text]<\/p>\n<p style=\"text-align: center;\">Como defensores de los intereses de los empresarios catalanes, promovemos un entorno favorable para la actividad productiva de pymes, aut\u00f3nomos y grandes empresas. Para ello, contamos con organizaciones de diferentes sectores distribuidas en toda Catalu\u00f1a.<\/p>\n<p>[\/vc_column_text][\/vc_column][\/vc_row][vc_row top_padding=\u00bb10&#8243; bottom_padding=\u00bb50&#8243; class=\u00bbpestanyeslider\u00bb][vc_column el_class=\u00bbpestanyeslider\u00bb width=\u00bb1\/1&#8243;][vc_tta_accordion style=\u00bbflat\u00bb shape=\u00bbsquare\u00bb c_icon=\u00bbtriangle\u00bb active_section=\u00bb1&#8243; collapsible_all=\u00bbtrue\u00bb el_class=\u00bbpestanyeslider\u00bb][vc_tta_section title=\u00bbAGRICULTURA\u00bb tab_id=\u00bbsectorial-agricultura\u00bb][vc_column_text]<\/p>\n<ul>\n<li>Institut Agr\u00edcola Catal\u00e0 de Sant Isidre<\/li>\n<\/ul>\n<p>[\/vc_column_text][\/vc_tta_section][vc_tta_section title=\u00bbPESCA\u00bb tab_id=\u00bbsectorial-pesca\u00bb][vc_column_text]<\/p>\n<ul>\n<li>Asociaci\u00f3n de Armadores de Buques de Pesca de las provincias de Barcelona y Girona<\/li>\n<\/ul>\n<p>[\/vc_column_text][\/vc_tta_section][vc_tta_section title=\u00bbAGUA\u00bb tab_id=\u00bbsectorial-aigua\u00bb][vc_column_text]<\/p>\n<ul>\n<li>Agrupaci\u00f3 de Serveis d&#8217;aigua de Catalunya (ASAC)<\/li>\n<\/ul>\n<p>[\/vc_column_text][\/vc_tta_section][vc_tta_section title=\u00bbINDUSTRIA QU\u00cdMICA\u00bb tab_id=\u00bbsectorial-industria-quimica\u00bb][vc_column_text]<\/p>\n<ul>\n<li>Asociaci\u00f3n Espa\u00f1ola de Cogeneraci\u00f3n (ACOGEN)\n<ul>\n<li>Asociaci\u00f3n Espa\u00f1ola de Fabricantes de Pasta, Papel y Cart\u00f3n (ASPAPEL)<\/li>\n<li>Asociaci\u00f3n Espa\u00f1ola de Fabricantes de Azulejos, Pavimentos y Baldosas Cer\u00e1micas (ASCER)<\/li>\n<li>Federaci\u00f3n Espa\u00f1ola de Industrias de la Alimentaci\u00f3n y Bebidas (FIAB)<\/li>\n<\/ul>\n<\/li>\n<li>Asociaci\u00f3n Nacional de Perfumer\u00eda y Cosm\u00e9tica (STANPA)<\/li>\n<li>Asociaci\u00f3n Nacional Empresarial de la Industria Farmac\u00e9utica (FARMAINDUSTRIA)<\/li>\n<li>Centro Espa\u00f1ol de Pl\u00e1sticos (CEP)<\/li>\n<li>Federaci\u00f3 Empresarial Catalana del Sector Qu\u00edmic (FEDEQUIM)\n<ul>\n<li>Asociaci\u00f3n de Empresarios de la Industria Farmac\u00e9utica (FARMAINDUSTRIA)<\/li>\n<li>Asociaci\u00f3n Empresarial Qu\u00edmica Tarragona (AEQT)<\/li>\n<li>Asociaci\u00f3n Espa\u00f1ola de Fabricantes de Productos de Qu\u00edmica Fina (AFAQUIM)<\/li>\n<li>Asociaci\u00f3n Espa\u00f1ola de Fitosanitarios y Sanidad Ambiental (AEFISA)<\/li>\n<li>CECOT\u2013Sector Qu\u00edmic<\/li>\n<\/ul>\n<\/li>\n<\/ul>\n<p>[\/vc_column_text][\/vc_tta_section][vc_tta_section title=\u00bbINDUSTRIAS DE TRANSFORMACI\u00d3N DE METALES\u00bb tab_id=\u00bbsectorial-ind-transf-metalls\u00bb][vc_column_text]<\/p>\n<ul>\n<li>Associaci\u00f3 Catalana Empreses Instal\u00b7lacions i Manteniment (ACEIM)<\/li>\n<li>Asociaci\u00f3n Fabricantes Material El\u00e9ctrico (AFME)<\/li>\n<li>Gremi del Motor<\/li>\n<li>Uni\u00f3 Patronal Metal\u00b7l\u00fargica de Catalunya (UPM)\n<ul>\n<li>Agrupaci\u00f3 d\u2019Industrials del Baix Vall\u00e9s (AIBV)<\/li>\n<li>Asociaci\u00f3n de Comerciantes e Importadores de Recambios y Accesorios para Veh\u00edculos de Automoci\u00f3n (CIRA)<\/li>\n<li>Associaci\u00f3 Catalana d\u2019Empreses Constructores de Motlles i Matrius (ASCAMM)<\/li>\n<li>Associaci\u00f3 Catalana d\u2019Empreses d\u2019Instal\u00b7laci\u00f3 i Manteniment (ACEIM)<\/li>\n<li>Associaci\u00f3 d\u2019Empresaris Metal\u00b7l\u00fargics de l\u2019Alt Maresme (AEMAM)<\/li>\n<li>Associaci\u00f3 d\u2019Empresaris Siderometal.l\u00fargics de Badalona<\/li>\n<li>Centre d\u2019Estudis i Assessorament Metal\u00b7l\u00fargic (CEAM)<\/li>\n<li>Centre Metal\u00b7l\u00fargic (CM)<\/li>\n<li>Col\u00b7legi Oficial de Joiers, Orfebres, Rellotgers i Gemm\u00f2legs de Catalunya (JORGC)<\/li>\n<li>Federaci\u00f3 de Gremis d\u2019Instal\u00b7ladors de Catalunya (FEGICAT)<\/li>\n<li>Gremi d\u2019Instal\u00b7ladors d\u2019Electricitat, Fontaneria i Afins de Barcelona<\/li>\n<li>Gremi d&#8217;Instal\u00b7ladors del Garraf<\/li>\n<li>Gremi de Caldereria de Barcelona<\/li>\n<li>Gremi de Calefacci\u00f3, Ventilaci\u00f3 i Aire Condicionat<\/li>\n<li>Gremi de Comerciants d&#8217;Electrodom\u00e8stics de Catalunya<\/li>\n<li>Gremi de Metal\u00b7laris<\/li>\n<li>Gremi de Reparadors i Mantenidors d\u2019Aparells d\u2019\u00das Dom\u00e8stic i Industrial de Catalunya<\/li>\n<li>Gremi Empresarial d\u2019Ascensors de Catalunya (GEDAC)<\/li>\n<li>Gremi Ferreteria de Catalunya<\/li>\n<li>Gremi Provincial de Tallers de Reparaci\u00f3 d\u2019Autom\u00f2bils<\/li>\n<li>Mutual de Propietarios<\/li>\n<li>Patronal Metal\u00b7l\u00fargica de la Catalunya Central (PMCC)<\/li>\n<li>Uni\u00f3 Empresarial Metal\u00b7l\u00fargica de Terrassa (UEM)<\/li>\n<li>Uni\u00f3 Patronal Metal\u00b7l\u00fargica de Barcelona-Delegaci\u00f3 d\u2019Igualada<\/li>\n<li>Uni\u00f3 Patronal Metal\u00b7l\u00fargica de l\u2019Hospitalet i Baix Llobregat (UPMBALL)<\/li>\n<li>Uni\u00f3 Patronal Metal\u00b7l\u00fargica del Vall\u00e9s Oriental (UPM Vall\u00e9s Oriental)<\/li>\n<\/ul>\n<\/li>\n<\/ul>\n<p>[\/vc_column_text][\/vc_tta_section][vc_tta_section title=\u00bbINDUSTRIAS DE PRODUCTOS ALIMENTARIOS Y BEBIDAS\u00bb tab_id=\u00bbsectorial-ind-prod-aliment-begudes\u00bb][vc_column_text]<\/p>\n<ul>\n<li>Associaci\u00f3 d\u2019Elaboradors de Cava (AECAVA)<\/li>\n<li>Federaci\u00f3 Empresarial de Carns i Ind\u00fastries C\u00e0rnies (FECIC)\n<ul>\n<li>Associaci\u00f3 Catalana d\u2019Ind\u00fastries de la Carn (ACIC)<\/li>\n<li>Associaci\u00f3 Catalana d\u2019Escorxadors i Sales de Desfer (ACES)<\/li>\n<\/ul>\n<\/li>\n<li>Uni\u00f3 de Licoristes de Catalunya<\/li>\n<\/ul>\n<p>[\/vc_column_text][\/vc_tta_section][vc_tta_section title=\u00bbINDUSTRIA TEXTIL Y CONFECCI\u00d3N\u00bb tab_id=\u00bbsectorial-ind-textil\u00bb][vc_column_text]<\/p>\n<ul>\n<li>Agrupaci\u00f3n Espa\u00f1ola del G\u00e9nero de Punto (AEGP)<\/li>\n<li>Confederaci\u00f3n de la Industria Textil (TEXFOR)\n<ul>\n<li>Asociaci\u00f3n Industrial Textil de Proceso Algodonero<\/li>\n<li>Asociaci\u00f3n Nacional de Fabricantes de Tules, Bordados y Encajes<\/li>\n<li>Federaci\u00f3n de la Industria Textil Lanera<\/li>\n<li>Federaci\u00f3n Nacional de Acabadores, Estampadores y Tintoreros Textiles<\/li>\n<li>Federaci\u00f3n Textil Sedera<\/li>\n<li>Gremi de Fabricants de Sabadell<\/li>\n<li>Gremio de Cinteros<\/li>\n<li>Institut Industrial de Terrassa<\/li>\n<li>Joves Empresaris T\u00e8xtils \u2013 Institut Sallar\u00e9s i Pla<\/li>\n<\/ul>\n<\/li>\n<li>Gremi de Fabricants de Sabadell<\/li>\n<\/ul>\n<p>[\/vc_column_text][\/vc_tta_section][vc_tta_section title=\u00bbINDUSTRIAS DEL ADOBO\u00bb tab_id=\u00bbsectorial-ind-adobament\u00bb][vc_column_text]<\/p>\n<ul>\n<li>Asociaci\u00f3n Espa\u00f1ola del Curtido (ACEXPIEL)<\/li>\n<\/ul>\n<p>[\/vc_column_text][\/vc_tta_section][vc_tta_section title=\u00bbINDUSTRIAS DE LA MADERA, CAUCHO Y MUEBLES\u00bb tab_id=\u00bbsectorial-ind-fusta-cautxu-mobles\u00bb][vc_column_text]<\/p>\n<ul>\n<li>Associaci\u00f3 d\u2019empresaris Surers de Catalunya (AECORK)<\/li>\n<li>Confederaci\u00f3 Catalana de la Fusta<\/li>\n<li>Sector Fusta Catalunya<\/li>\n<\/ul>\n<p>[\/vc_column_text][\/vc_tta_section][vc_tta_section title=\u00bbINDUSTRIAS DEL PAPEL Y ARTES GR\u00c1FICAS\u00bb tab_id=\u00bbsectorial-ind-paper-arts-grafiques\u00bb][vc_column_text]<\/p>\n<ul>\n<li>Asociaci\u00f3n Espa\u00f1ola de Fabricantes se Pasta, Papel y Cart\u00f3n (ASPAPEL)<\/li>\n<\/ul>\n<p>[\/vc_column_text][\/vc_tta_section][vc_tta_section title=\u00bbCONSTRUCCI\u00d3N\u00bb tab_id=\u00bbsectorial-construccio\u00bb][vc_column_text]<\/p>\n<ul>\n<li>Agrupaci\u00f3 de Fabricants de Ciment de Catalunya (Ciment Catal\u00e0)<\/li>\n<li>Associaci\u00f3 de Promotors i Constructors d\u2019Edificis de Catalunya (APCE)<\/li>\n<li>Cambra Oficial de Contractistes d\u2019Obres de Catalunya (CCOC)<\/li>\n<li>Federaci\u00f3 Catalana de Gremis d\u2019Obres\n<ul>\n<li>Federaci\u00f3 de Gremis de Construcci\u00f3 de Lleida<\/li>\n<li>Foment per al Desenvolupament de la Construcci\u00f3 i Ind\u00fastria Auxiliar de les Comarques Tarragonines (FOCONTA)<\/li>\n<li>Uni\u00f3 d\u2019Empresaris de la Construcci\u00f3 de Girona.<\/li>\n<\/ul>\n<\/li>\n<li>Gremi d\u2019\u00c0rids de Catalunya<\/li>\n<li>Gremi de Constructors d\u2019Obres de Barcelona i Comarques\n<ul>\n<li>Gremi de la Construcci\u00f3 del Baix Pened\u00e8s<\/li>\n<li>Gremi de Constructors d\u2019Obres de Manresa i Comarques<\/li>\n<li>Gremi de Constructors d\u2019Obres del Vall\u00e8s Oriental<\/li>\n<li>Gremi de Constructors del Garraf<\/li>\n<li>Gremi de Constructors d\u2019Obres de Sabadell i Comarca<\/li>\n<li>Gremi de la Construcci\u00f3 del Vall\u00e9s<\/li>\n<li>Gremi de Constructors i Promotors d\u2019Obres de Matar\u00f3 i Comarca<\/li>\n<li>Gremi de Constructors de Badalona<\/li>\n<\/ul>\n<\/li>\n<\/ul>\n<p>[\/vc_column_text][\/vc_tta_section][vc_tta_section title=\u00bbCOMERCIO AL POR MAYOR\u00bb tab_id=\u00bbsectorial-engros\u00bb][vc_column_text]<\/p>\n<ul>\n<li>Asociaci\u00f3n de Bebidas Refrescantes (ANFABRA)<\/li>\n<li>Associaci\u00f3 d\u2019Empreses de Distribuci\u00f3 i Log\u00edstica de Begudes i Alimentaci\u00f3 de Catalunya (ADISCAT)<\/li>\n<li>Associaci\u00f3 de Concessionaris de Mercabarna (ASSOCOME)<\/li>\n<li>Mercat de Flor i Planta Ornamental de Catalunya<\/li>\n<\/ul>\n<p>[\/vc_column_text][\/vc_tta_section][vc_tta_section title=\u00bbCOMERCIO AL POR MENOR\u00bb tab_id=\u00bbsectorial-detall\u00bb][vc_column_text]<\/p>\n<ul>\n<li>Asociaci\u00f3n Nacional de Grandes Empresas de Distribuci\u00f3n (ANGED)<\/li>\n<li>Associaci\u00f3 Catalana de l\u2019Empresa Familiar del Retail (COMERTIA)<\/li>\n<li>Barcelona Oberta. Uni\u00f3 d\u2019Eixos Comercials Tur\u00edstics de Barcelona.<\/li>\n<li>Consell de Gremis de Comer\u00e7, Serveis i Turisme de Barcelona\n<ul>\n<li>Associaci\u00f3 Catalana d\u2019Empreses de Bastides (ACEBA)<\/li>\n<li>Associaci\u00f3 de Botiguers d\u2019Animals de Companyia (ASBAC)<\/li>\n<li>Associaci\u00f3 Professional de Representants, Promotors i M\u00e0nagers de Catalunya (ARC)<\/li>\n<li>Federaci\u00f3 Catalana d\u2019Empreses Instal\u00b7ladores (FEGICAT)<\/li>\n<li>Gremi d\u2019Escoles d\u2019Idiomes de Catalunya (GEIC)<\/li>\n<li>GRECER XXI<\/li>\n<li>Gremi Catal\u00e0 de Sales d\u2019Oci i Noves Tecnologies del Joc (GRECOJOC)<\/li>\n<li>Gremi Artes\u00e0 de Xurrers de Catalunya<\/li>\n<li>Gremi d\u2019Empreses de Pintura de Barcelona i Comarques<\/li>\n<li>Gremi d\u2019Hotels de Barcelona<\/li>\n<li>Gremi d\u2019Instal\u00b7ladors de Barcelona<\/li>\n<li>Gremi de Cinemes de Catalunya<\/li>\n<li>Gremi de Comer\u00e7 T\u00e8xtil i Sastreria<\/li>\n<li>Gremi de Comerciants d\u2019Electrodom\u00e8stics de Catalunya<\/li>\n<li>Gremi de Detallistes d\u2019Olives i Conserves de Catalunya<\/li>\n<li>Gremi de Ferreteria de Catalunya<\/li>\n<li>Gremi de Filat\u00e8lia i Numism\u00e0tica de Catalunya<\/li>\n<li>Gremi de Flequers de Barcelona<\/li>\n<li>Gremi de Floristes de Catalunya<\/li>\n<li>Gremi de la Publicitat, Comunicaci\u00f3 i M\u00e0rqueting<\/li>\n<li>Gremi de Llibreters de Catalunya<\/li>\n<li>Gremi de Matalassers de Barcelona<\/li>\n<li>Gremi de Reformes d\u2019Interiors de Catalunya<\/li>\n<li>Gremi de Restauraci\u00f3 de Barcelona<\/li>\n<li>Gremi de Serrallers de Catalunya<\/li>\n<li>Gremi del Motor<\/li>\n<li>Gremi del Vidre Pla i Tancaments de Catalunya<\/li>\n<li>Gremi Empresarial d\u2019Ascensors de Catalunya (GEDAC)<\/li>\n<li>Gremi Fusta i Moble<\/li>\n<li>Gremi de Carnissers Cansaladers Xarcuters de Barcelona i Comarques (GREMICARN)<\/li>\n<li>Uni\u00f3 de Licoristes Catalunya<\/li>\n<li>Uni\u00f3 Provincial d\u2019Estanquers de Barcelona<\/li>\n<\/ul>\n<\/li>\n<li>Consell d\u2019Empreses Distribu\u00efdores d\u2019Alimentaci\u00f3 de Catalunya (CEDAC)\n<ul>\n<li>Gremi Provincial de Distribu\u00efdors d\u2019Alimentaci\u00f3 de Barcelona<\/li>\n<\/ul>\n<\/li>\n<\/ul>\n<p>[\/vc_column_text][\/vc_tta_section][vc_tta_section title=\u00bbHOSTELERIA Y TURISMO\u00bb tab_id=\u00bbsectorial-hostaleria-turisme\u00bb][vc_column_text]<\/p>\n<ul>\n<li>Asociaci\u00f3n de Apartamentos Tur\u00edsticos de Barcelona (APARTUR)<\/li>\n<li>Asociaci\u00f3n de Campings de Barcelona<\/li>\n<li>Associaci\u00f3 Corporativa d\u2019Ag\u00e8ncies de Viatge Especialitzades<\/li>\n<li>Associaci\u00f3 d\u2019Empreses d\u2019Hostaleria de la Prov\u00edncia de Tarragona<\/li>\n<li>Confederaci\u00f3 Empresarial d\u2019Hostaleria i Restauraci\u00f3 de Catalunya (CONFECAT)<\/li>\n<li>GEBTA ESPA\u00d1A<\/li>\n<li>Gremi d\u2019Hotels de Barcelona<\/li>\n<li>Gremi de Restauraci\u00f3 de Barcelona<\/li>\n<\/ul>\n<p>[\/vc_column_text][\/vc_tta_section][vc_tta_section title=\u00bbINSTITUCIONES FINANCIERAS\u00bb tab_id=\u00bbsectorial-financeres\u00bb][vc_column_text]<\/p>\n<ul>\n<li>Asociaci\u00f3n Espa\u00f1ola de Banca Privada (AEB)<\/li>\n<\/ul>\n<p>[\/vc_column_text][\/vc_tta_section][vc_tta_section title=\u00bbTRANSPORTES TERRESTRES\u00bb tab_id=\u00bbsectorial-transports-terrestres\u00bb][vc_column_text]<\/p>\n<ul>\n<li>Asociaci\u00f3n Empresarial del Taxi<\/li>\n<li>Associaci\u00f3 VTC Gran Turisme Catalunya<\/li>\n<li>Federaci\u00f3 Catalana de Transports de Barcelona (TRANSCALIT)\n<ul>\n<li>Asociaci\u00f3n Catalana de Gr\u00faas y Transportes Especiales<\/li>\n<li>Asociaci\u00f3n Empresarial de Transportes y Servicios Complementarios (TRANSECO)<\/li>\n<li>Asociaci\u00f3n Provincial de Agencias de Carga Completa<\/li>\n<li>Asociaci\u00f3n provincial de Empresarios Transportistas de Contenedores (ALTC)<\/li>\n<li>Asociaci\u00f3n Provincial de Transporte de L\u00edquidos y Gases Licuados (ASOLIGAS)<\/li>\n<li>Asociaci\u00f3n Provincial de Transportes de Veh\u00edculos por Carretera<\/li>\n<li>Asociaci\u00f3n Provincial de Transportes Internacionales \u201cTIR\u201d<\/li>\n<li>Regional de Mudanzas de Catalu\u00f1a Asociaci\u00f3n Provincial de Transportes Discrecionales de Mercanc\u00edas por Carretera.<\/li>\n<\/ul>\n<\/li>\n<li>Federaci\u00f3 Empresarial Catalana d\u2019Autotransport de Viatgers (FECAV)<\/li>\n<\/ul>\n<p>[\/vc_column_text][\/vc_tta_section][vc_tta_section title=\u00bbACTIVIDADES ANEXAS AL TRANSPORTE\u00bb tab_id=\u00bbsectorial-annex-transports\u00bb][vc_column_text]<\/p>\n<ul>\n<li>Asociaci\u00f3n de Transitarios Internacionales de Barcelona. Organizaci\u00f3n para la Log\u00edstica, el Transporte i la Representaci\u00f3n Aduanera (ATEIA-OLTRA)<\/li>\n<\/ul>\n<p>[\/vc_column_text][\/vc_tta_section][vc_tta_section title=\u00bbASEGURADORAS Y ENTIDADES DE PREVISI\u00d3N\u00bb tab_id=\u00bbsectorial-assegurances\u00bb][vc_column_text]<\/p>\n<ul>\n<li>Federaci\u00f3 de Mutualitats de Catalunya<\/li>\n<li>Uni\u00f3 Catalana d\u2019entitats Asseguradores I Reasseguradores (UCEAC)<\/li>\n<\/ul>\n<p>[\/vc_column_text][\/vc_tta_section][vc_tta_section title=\u00bbSERVICIOS PRESTADOS A LAS EMPRESAS\u00bb tab_id=\u00bbsectorial-serveis-empreses\u00bb][vc_column_text]<\/p>\n<ul>\n<li>Acondicionamiento Tarrasense (LEITAT)<\/li>\n<li>Asociaci\u00f3n de Empresas de B\u00fasqueda y Selecci\u00f3n (AEBYS)<\/li>\n<li>Asociaci\u00f3n Espa\u00f1ola de Codificaci\u00f3n Comercial (AECOC)<\/li>\n<li>Asociaci\u00f3n Multisectorial de Empresas de la Electr\u00f3nica, las Tecnolog\u00edas de la Informaci\u00f3n y la Comunicaci\u00f3n de las Telecomunicaciones y de los Contenidos Digitales (AMETIC)<\/li>\n<li>Associaci\u00f3 Catalana d\u2019Empreses Consultores (ACEC)<\/li>\n<li>Associaci\u00f3 Catalana d\u2019Empreses de Seguretat<\/li>\n<li>Associaci\u00f3 Catalana d\u2019Entitats Preventives Acreditades (ASPRECAT)<\/li>\n<li>Associaci\u00f3 Cl\u00faster Audiovisual de Catalunya<\/li>\n<li>Associaci\u00f3 d\u2019Empreses de Serveis d\u2019Enginyeria, d\u2019Arquitectura, Ambientals i Tecnol\u00f2gics de Catalunya (CATENARA)<\/li>\n<li>Associaci\u00f3 de Mestres Industrials i T\u00e8cnics Superiors (AMITS)<\/li>\n<li>Associaci\u00f3 Tech Barcelona<\/li>\n<li>Col\u00b7legi d\u2019Actuaris de Catalunya<\/li>\n<li>Col\u00b7legi Oficial d\u2019Agents Comercials de Barcelona (COACB)<\/li>\n<li>Col\u00b7legi Oficial d\u2019Agents de Duanes i Representants Duaners de Barcelona<\/li>\n<li>Gremi de la Industria i Comunicaci\u00f3 Gr\u00e0fica de Catalunya<\/li>\n<li>Gremi de Publicitat, Comunicaci\u00f3 i Marqueting<\/li>\n<\/ul>\n<p>[\/vc_column_text][\/vc_tta_section][vc_tta_section title=\u00bbEDUCACI\u00d3N\u00bb tab_id=\u00bbsectorial-educacio\u00bb][vc_column_text]<\/p>\n<ul>\n<li>Associaci\u00f3 de Centres de Formaci\u00f3 Professional Integrada (ACFPI)<\/li>\n<li>Associaci\u00f3 Professional Serveis Educatius de Catalunya (APSEC)<\/li>\n<li>CAT Formaci\u00f3 \u2013 Organitzaci\u00f3 Empresarial Catalana de la Formaci\u00f3<\/li>\n<\/ul>\n<p>[\/vc_column_text][\/vc_tta_section][vc_tta_section title=\u00bbSANIDAD\u00bb tab_id=\u00bbsectorial-sanitat\u00bb][vc_column_text]<\/p>\n<ul>\n<li>Associaci\u00f3 Catalana d\u2019Empresaris d\u2019Ambul\u00e0ncies (ACEA)<\/li>\n<li>Federaci\u00f3n Espa\u00f1ola de Empresas de Tecnolog\u00eda Sanitaria (FENIN Catalunya)<\/li>\n<li>La Uni\u00f3 \u2013 Associaci\u00f3 d\u2019Entitats Sanit\u00e0ries i Socials<\/li>\n<\/ul>\n<p>[\/vc_column_text][\/vc_tta_section][vc_tta_section title=\u00bbSERVICIOS RECREATIVOS Y CULTURALES\u00bb tab_id=\u00bbsectorial-recreatius\u00bb][vc_column_text]<\/p>\n<ul>\n<li>Asociaci\u00f3n Profesional de Loter\u00edas y Apuestas (APLA)<\/li>\n<li>Associaci\u00f3 d\u2019Empresaris de Bingo de Catalunya (AEJEA)<\/li>\n<li>Associaci\u00f3 Nacional d\u2019Empresaris de M\u00e0quines Recreatives (ANDEMAR Catalunya)<\/li>\n<li>Federaci\u00f3 Catalana de F\u00fatbol<\/li>\n<li>Gestiona Patronal<\/li>\n<li>Gremi de Cinemes de Catalunya<\/li>\n<li>Gremi d&#8217;Empresaris de Discoteques de Barcelona i Prov\u00edncia<\/li>\n<li>Patronal del Joc Privat de Catalunya (PATROJOC)<\/li>\n<li>Uni\u00f3 Federaci\u00f3 Esportives de Catalunya (UFEC)<\/li>\n<\/ul>\n<p>[\/vc_column_text][\/vc_tta_section][vc_tta_section title=\u00bbOTROS SERVICIOS\u00bb tab_id=\u00bbsectorial-altres-serveis\u00bb][vc_column_text]<\/p>\n<ul>\n<li>Aeroclub Barcelona-Sabadell<\/li>\n<li>Asociaci\u00f3n de Federaciones y Asociaciones de Empresarias del Mediterr\u00e1neo (AFAEMME)<\/li>\n<li>Asociaci\u00f3n Multisectorial de Empresas (AMEC)<\/li>\n<li>Asociaci\u00f3n para la Colaboraci\u00f3n Chino-Espa\u00f1ola para el Desarrollo Empresarial Responsable (ACCEDER)<\/li>\n<li>Asociaci\u00f3n Profesional de Compa\u00f1\u00edas Privadas de Servicios de Seguridad (APROSER)<\/li>\n<li>Associaci\u00f3 Catalana de Recursos Assistencials (ACRA)<\/li>\n<li>Associaci\u00f3 d\u2019Empreses de Mobilitat i Entorn Sostenible i Smart (AEMESSMART)<\/li>\n<li>Associaci\u00f3 d\u2019Empreses de Serveis Funeraris de Catalunya<\/li>\n<li>Associaci\u00f3 Independent de Joves Empresaris de Catalunya (AIJEC)<\/li>\n<li>Associaci\u00f3 Provincial d\u2019Estacions de Servei de Barcelona<\/li>\n<li>Col\u00b7legi Oficial d\u2019Agents de la Propietat Immobili\u00e0ria de Barcelona<\/li>\n<li>Col\u00b7legi Oficial de Gestors Administratius de Catalunya.<\/li>\n<li>Federaci\u00f3n Nacional de Asociaciones de Trabajadores Aut\u00f3nomos de Catalunya (ATA Catalunya)<\/li>\n<li>Federaci\u00f3 Catalana de Tallers de Reparaci\u00f3 d\u2019Autom\u00f2bils (FECATRA)<\/li>\n<li>Associaci\u00f3 d\u2019Empresaris del Comer\u00e7 i Reparaci\u00f3 de Vehicles i Embarcacions de les Comarques Gironines (CORVE)<\/li>\n<li>Associaci\u00f3 Empresarial de Tallers de Reparaci\u00f3 i Venedors d\u2019Elements de l\u2019Automoci\u00f3 de la Prov\u00edncia de Tarragona (ASTAVE)<\/li>\n<li>Associaci\u00f3 Provincial d\u2019Empreses d\u2019Automoci\u00f3 de Lleida<\/li>\n<li>Gremi de Tallers De Reparaci\u00f3 d\u2019Autom\u00f2bils de Sabadell i Comarca<\/li>\n<li>Gremi de Tallers De Reparaci\u00f3 d\u2019Autom\u00f2bils de Terrassa i Comarca.<\/li>\n<li>Gremi Provincial de Tallers De Reparaci\u00f3 d\u2019Autom\u00f2bils de la Prov\u00edncia de Barcelona<\/li>\n<li>Federaci\u00f3 de Centres Especials de Treball de Catalunya (FECETC)<\/li>\n<li>Federaci\u00f3n de Corporaciones Chinas en Espa\u00f1a<\/li>\n<li>Gremi de Garatges de Barcelona i Prov\u00edncia<\/li>\n<li>Il\u00b7lustre Col\u00b7legi de Graduats Socials de Barcelona, Girona i Lleida<\/li>\n<li>Som Habitatge \u2013 Uni\u00f3 de Propietaris de Catalunya<\/li>\n<li>Uni\u00f3n Promotores y Empresarios del Vapeo<\/li>\n<\/ul>\n<p>[\/vc_column_text][\/vc_tta_section][\/vc_tta_accordion][\/vc_column][\/vc_row][vc_section][vc_row][vc_column width=\u00bb1\/1&#8243;]\n\t\t\t<!-- START noticias REVOLUTION SLIDER 6.4.6 --><p class=\"rs-p-wp-fix\"><\/p>\n\t\t\t<rs-module-wrap id=\"rev_slider_184_2_wrapper\" data-source=\"gallery\" style=\"background:linear-gradient(rgba(247,247,247,1) 0%, rgba(215,215,215,1) 100%);padding:0;margin:0px auto;margin-top:0;margin-bottom:0;\">\n\t\t\t\t<rs-module id=\"rev_slider_184_2\" style=\"\" data-version=\"6.4.6\">\n\t\t\t\t\t<rs-slides>\n\t\t\t\t\t\t<rs-slide data-key=\"rs-235\" data-title=\"Slide\" data-anim=\"ms:600;\" data-in=\"o:0;\" data-out=\"a:false;\">\n\t\t\t\t\t\t\t<img src=\"\/\/www.foment.com\/wp-content\/plugins\/revslider\/public\/assets\/assets\/dummy.png\" title=\"intelligence\" width=\"875\" height=\"347\" class=\"rev-slidebg tp-rs-img rs-lazyload\" data-lazyload=\"\/\/www.foment.com\/wp-content\/uploads\/2021\/05\/intelligence.png\" data-parallax=\"off\" data-no-retina>\n<!--\n\t\t\t\t\t\t\t--><rs-layer\n\t\t\t\t\t\t\t\tid=\"slider-184-slide-235-layer-0\" \n\t\t\t\t\t\t\t\tdata-type=\"text\"\n\t\t\t\t\t\t\t\tdata-rsp_ch=\"on\"\n\t\t\t\t\t\t\t\tdata-xy=\"x:c;xo:-40px,2px,-3px,0;yo:34px,58px,31px,27px;\"\n\t\t\t\t\t\t\t\tdata-text=\"w:normal;s:40,33,29,30;l:90,74,56,34;fw:700;a:left,left,left,center;\"\n\t\t\t\t\t\t\t\tdata-dim=\"w:913px,753px,572px,446px;\"\n\t\t\t\t\t\t\t\tdata-frame_999=\"o:0;st:w;\"\n\t\t\t\t\t\t\t\tstyle=\"z-index:5;font-family:Montserrat;\"\n\t\t\t\t\t\t\t>\u00bfQUIERES RECIBIR NOTICIAS? \n\t\t\t\t\t\t\t<\/rs-layer><!--\n\n\t\t\t\t\t\t\t--><rs-layer\n\t\t\t\t\t\t\t\tid=\"slider-184-slide-235-layer-1\" \n\t\t\t\t\t\t\t\tdata-type=\"text\"\n\t\t\t\t\t\t\t\tdata-rsp_ch=\"on\"\n\t\t\t\t\t\t\t\tdata-xy=\"x:c;xo:-178px,-83px,-57px,0;yo:113px,134px,87px,102px;\"\n\t\t\t\t\t\t\t\tdata-text=\"w:normal;s:20,22,18,18;l:30,24,21,23;fw:300;a:left,left,left,center;\"\n\t\t\t\t\t\t\t\tdata-dim=\"w:639px,586px,466px,389px;h:78px,72px,54px,60px;\"\n\t\t\t\t\t\t\t\tdata-frame_999=\"o:0;st:w;\"\n\t\t\t\t\t\t\t\tstyle=\"z-index:6;font-family:Montserrat;\"\n\t\t\t\t\t\t\t>Suscr\u00edbete a nuestra newsletter y selecciona las tem\u00e1ticas sobre las que te gustar\u00eda recibir noticias.  \n\t\t\t\t\t\t\t<\/rs-layer><!--\n-->\t\t\t\t\t\t<\/rs-slide>\n\t\t\t\t\t<\/rs-slides>\n\t\t\t\t<\/rs-module>\n\t\t\t\t<script type=\"text\/javascript\">\n\t\t\t\t\tsetREVStartSize({c: 'rev_slider_184_2',rl:[1240,1024,778,480],el:[500,600,360,360],gw:[1240,1024,778,480],gh:[500,600,360,360],type:'hero',justify:'',layout:'fullwidth',mh:\"0\"});\n\t\t\t\t\tvar\trevapi184,\n\t\t\t\t\t\ttpj;\n\t\t\t\t\tfunction revinit_revslider1842() {\n\t\t\t\t\tjQuery(function() {\n\t\t\t\t\t\ttpj = jQuery;\n\t\t\t\t\t\trevapi184 = tpj(\"#rev_slider_184_2\");\n\t\t\t\t\t\tif(revapi184==undefined || revapi184.revolution == undefined){\n\t\t\t\t\t\t\trevslider_showDoubleJqueryError(\"rev_slider_184_2\");\n\t\t\t\t\t\t}else{\n\t\t\t\t\t\t\trevapi184.revolution({\n\t\t\t\t\t\t\t\tsliderType:\"hero\",\n\t\t\t\t\t\t\t\tDPR:\"dpr\",\n\t\t\t\t\t\t\t\tsliderLayout:\"fullwidth\",\n\t\t\t\t\t\t\t\tvisibilityLevels:\"1240,1024,778,480\",\n\t\t\t\t\t\t\t\tgridwidth:\"1240,1024,778,480\",\n\t\t\t\t\t\t\t\tgridheight:\"500,600,360,360\",\n\t\t\t\t\t\t\t\tlazyType:\"smart\",\n\t\t\t\t\t\t\t\tperspective:600,\n\t\t\t\t\t\t\t\tperspectiveType:\"local\",\n\t\t\t\t\t\t\t\teditorheight:\"500,600,360,360\",\n\t\t\t\t\t\t\t\tresponsiveLevels:\"1240,1024,778,480\",\n\t\t\t\t\t\t\t\tprogressBar:{disableProgressBar:true},\n\t\t\t\t\t\t\t\tparallax: {\n\t\t\t\t\t\t\t\t\tlevels:[2,3,4,5,6,7,12,16,10,50,47,48,49,50,51,55],\n\t\t\t\t\t\t\t\t\ttype:\"mouse\",\n\t\t\t\t\t\t\t\t\torigo:\"slidercenter\",\n\t\t\t\t\t\t\t\t\tspeed:2000\n\t\t\t\t\t\t\t\t},\n\t\t\t\t\t\t\t\tfallbacks: {\n\t\t\t\t\t\t\t\t\tallowHTML5AutoPlayOnAndroid:true\n\t\t\t\t\t\t\t\t},\n\t\t\t\t\t\t\t});\n\t\t\t\t\t\t}\n\t\t\t\t\t\t\n\t\t\t\t\t});\n\t\t\t\t\t} \/\/ End of RevInitScript\n\t\t\t\tvar once_revslider1842 = false;\n\t\t\t\tif (document.readyState === \"loading\") {document.addEventListener('readystatechange',function() { if((document.readyState === \"interactive\" || document.readyState === \"complete\") && !once_revslider1842 ) { once_revslider1842 = true; revinit_revslider1842();}});} else {once_revslider1842 = true; revinit_revslider1842();}\n\t\t\t\t<\/script>\n\t\t\t<\/rs-module-wrap>\n\t\t\t<!-- END REVOLUTION SLIDER -->\n[\/vc_column][\/vc_row][\/vc_section]<\/p>\n<\/section>","protected":false},"excerpt":{"rendered":"<p>[vc_section][vc_row][vc_column width=\u00bb1\/1&#8243;][\/vc_column][\/vc_row][\/vc_section][vc_row top_padding=\u00bb50&#8243; bottom_padding=\u00bb50&#8243;][vc_column][vc_column_text] Como defensores de los intereses de los empresarios catalanes, promovemos un entorno favorable para la actividad productiva de pymes, aut\u00f3nomos y grandes empresas. Para ello, contamos con organizaciones de diferentes sectores distribuidas en toda Catalu\u00f1a. [\/vc_column_text][\/vc_column][\/vc_row][vc_row top_padding=\u00bb10&#8243; bottom_padding=\u00bb50&#8243; class=\u00bbpestanyeslider\u00bb][vc_column el_class=\u00bbpestanyeslider\u00bb width=\u00bb1\/1&#8243;][vc_tta_accordion style=\u00bbflat\u00bb shape=\u00bbsquare\u00bb c_icon=\u00bbtriangle\u00bb active_section=\u00bb1&#8243; collapsible_all=\u00bbtrue\u00bb el_class=\u00bbpestanyeslider\u00bb][vc_tta_section title=\u00bbAGRICULTURA\u00bb tab_id=\u00bbsectorial-agricultura\u00bb][vc_column_text] Institut Agr\u00edcola Catal\u00e0 de Sant Isidre [\/vc_column_text][\/vc_tta_section][vc_tta_section title=\u00bbPESCA\u00bb tab_id=\u00bbsectorial-pesca\u00bb][vc_column_text] Asociaci\u00f3n de Armadores de Buques de Pesca de las provincias de Barcelona y Girona [\/vc_column_text][\/vc_tta_section][vc_tta_section title=\u00bbAGUA\u00bb tab_id=\u00bbsectorial-aigua\u00bb][vc_column_text] Agrupaci\u00f3 de Serveis d&#8217;aigua de Catalunya (ASAC) [\/vc_column_text][\/vc_tta_section][vc_tta_section title=\u00bbINDUSTRIA QU\u00cdMICA\u00bb tab_id=\u00bbsectorial-industria-quimica\u00bb][vc_column_text] Asociaci\u00f3n Espa\u00f1ola de Cogeneraci\u00f3n (ACOGEN) Asociaci\u00f3n Espa\u00f1ola de Fabricantes de Pasta, Papel y Cart\u00f3n (ASPAPEL) Asociaci\u00f3n Espa\u00f1ola de Fabricantes de Azulejos, Pavimentos y Baldosas Cer\u00e1micas (ASCER) Federaci\u00f3n Espa\u00f1ola de Industrias de la Alimentaci\u00f3n y Bebidas (FIAB) Asociaci\u00f3n Nacional de Perfumer\u00eda y Cosm\u00e9tica (STANPA) Asociaci\u00f3n Nacional Empresarial de la Industria Farmac\u00e9utica (FARMAINDUSTRIA) Centro Espa\u00f1ol de Pl\u00e1sticos (CEP) Federaci\u00f3 Empresarial Catalana del Sector Qu\u00edmic (FEDEQUIM) Asociaci\u00f3n de Empresarios de la Industria Farmac\u00e9utica (FARMAINDUSTRIA) Asociaci\u00f3n Empresarial Qu\u00edmica Tarragona (AEQT) Asociaci\u00f3n Espa\u00f1ola de Fabricantes de Productos de Qu\u00edmica Fina (AFAQUIM) Asociaci\u00f3n Espa\u00f1ola de Fitosanitarios y Sanidad Ambiental (AEFISA) CECOT\u2013Sector Qu\u00edmic [\/vc_column_text][\/vc_tta_section][vc_tta_section title=\u00bbINDUSTRIAS DE TRANSFORMACI\u00d3N DE METALES\u00bb tab_id=\u00bbsectorial-ind-transf-metalls\u00bb][vc_column_text] Associaci\u00f3 Catalana Empreses Instal\u00b7lacions i Manteniment (ACEIM) [&hellip;]<\/p>\n","protected":false},"author":24,"featured_media":0,"parent":23158,"menu_order":0,"comment_status":"closed","ping_status":"closed","template":"","meta":{"_links_to":"","_links_to_target":""},"acf":[],"wps_subtitle":"","_links":{"self":[{"href":"https:\/\/www.foment.com\/es\/wp-json\/wp\/v2\/pages\/24996"}],"collection":[{"href":"https:\/\/www.foment.com\/es\/wp-json\/wp\/v2\/pages"}],"about":[{"href":"https:\/\/www.foment.com\/es\/wp-json\/wp\/v2\/types\/page"}],"author":[{"embeddable":true,"href":"https:\/\/www.foment.com\/es\/wp-json\/wp\/v2\/users\/24"}],"replies":[{"embeddable":true,"href":"https:\/\/www.foment.com\/es\/wp-json\/wp\/v2\/comments?post=24996"}],"version-history":[{"count":32,"href":"https:\/\/www.foment.com\/es\/wp-json\/wp\/v2\/pages\/24996\/revisions"}],"predecessor-version":[{"id":215967,"href":"https:\/\/www.foment.com\/es\/wp-json\/wp\/v2\/pages\/24996\/revisions\/215967"}],"up":[{"embeddable":true,"href":"https:\/\/www.foment.com\/es\/wp-json\/wp\/v2\/pages\/23158"}],"wp:attachment":[{"href":"https:\/\/www.foment.com\/es\/wp-json\/wp\/v2\/media?parent=24996"}],"curies":[{"name":"wp","href":"https:\/\/api.w.org\/{rel}","templated":true}]}}