{"id":74611,"date":"2019-10-27T06:20:09","date_gmt":"2019-10-27T05:20:09","guid":{"rendered":"https:\/\/www.foment.com\/actividades\/foro-recursos-humanos\/rosa-nunez\/"},"modified":"2024-07-22T12:17:30","modified_gmt":"2024-07-22T10:17:30","slug":"rosa-nunez","status":"publish","type":"page","link":"https:\/\/www.foment.com\/es\/actividades\/foro-recursos-humanos\/rosa-nunez\/","title":{"rendered":"Rosa Nu\u00f1ez"},"content":{"rendered":"<section class=\"wpb-content-wrapper\"><p>[vc_row top_padding=\u00bb60&#8243; bottom_padding=\u00bb60&#8243;][vc_column width=\u00bb1\/1&#8243;][vc_row_inner][vc_column_inner width=\u00bb1\/3&#8243;]<div class=\"imagebox wpb_content_element style-1\"><div class=\"imagebox-img\"><img src=\"https:\/\/www.foment.com\/wp-content\/uploads\/2024\/07\/Rosa-Nunez.jpg\" alt=\"\" \/><\/div>\n<blockquote>\n<div class=\"gdlr-core-pbf-element\">\n<div class=\"gdlr-core-blockquote-item gdlr-core-item-pdlr gdlr-core-item-pdb gdlr-core-center-align gdlr-core-medium-size\">\n<div class=\"gdlr-core-blockquote gdlr-core-info-font\">\n<div class=\"gdlr-core-blockquote-item-content-wrap\">\n<div class=\"gdlr-core-blockquote-item-content gdlr-core-skin-content\">\n<div class=\"gdlr-core-pbf-element\">\n<div class=\"gdlr-core-blockquote-item gdlr-core-item-pdlr gdlr-core-item-pdb gdlr-core-center-align gdlr-core-medium-size\">\n<div class=\"gdlr-core-blockquote gdlr-core-info-font\">\n<div class=\"gdlr-core-blockquote-item-content-wrap\">\n<div class=\"gdlr-core-blockquote-item-content gdlr-core-skin-content\">\n<div class=\"gdlr-core-pbf-element\">\n<div class=\"gdlr-core-blockquote-item gdlr-core-item-pdlr gdlr-core-item-pdb gdlr-core-center-align gdlr-core-medium-size\">\n<div class=\"gdlr-core-blockquote gdlr-core-info-font\">\n<div class=\"gdlr-core-blockquote-item-content-wrap\">\n<div class=\"gdlr-core-blockquote-item-content gdlr-core-skin-content\">\n<div class=\"gdlr-core-pbf-element\">\n<div class=\"gdlr-core-blockquote-item gdlr-core-item-pdlr gdlr-core-item-pdb gdlr-core-center-align gdlr-core-medium-size\">\n<div class=\"gdlr-core-blockquote gdlr-core-info-font\">\n<div class=\"gdlr-core-blockquote-item-content-wrap\">\n<div class=\"gdlr-core-blockquote-item-content gdlr-core-skin-content\">\n<p>Me mueve la pasi\u00f3n, la energ\u00eda y el entusiasmo por lo que hago.<\/p>\n<\/div>\n<\/div>\n<\/div>\n<\/div>\n<\/div>\n<\/div>\n<\/div>\n<\/div>\n<\/div>\n<\/div>\n<\/div>\n<\/div>\n<\/div>\n<\/div>\n<\/div>\n<\/div>\n<\/div>\n<\/div>\n<\/div>\n<\/div>\n<\/blockquote>\n<\/div>[\/vc_column_inner][vc_column_inner width=\u00bb2\/3&#8243;]<h3 class=\"headline font-special fontsize-m fontweight-inherit lh-inherit align-left transform-inherit \" style=\"margin: 0 0 20px 0; color: #000000;\">HR Manager Nike Emea South a Nike Retail<\/h3>[vc_column_text]<span style=\"color: #ab192d;\"><strong>BIOGRAF\u00cdA<\/strong><\/span><\/p>\n<p>Inici\u00e9 mi carrera en RRHH hace ya m\u00e1s de 20 a\u00f1os en una ONG internacional de cooperaci\u00f3n al desarrollo, con la enorme fortuna de trabajar con un excelente grupo de profesionales de los que aprend\u00ed el valor que RRHH aporta a la organizaciones y a las personas.<\/p>\n<p>M\u00e1s tarde segu\u00ed desarroll\u00e1ndome en otras multinacionales en diversos roles generalistas de RRHH desde HR business partner hasta la direcci\u00f3n de RRHH liderando procesos de cambio y transformaci\u00f3n.<\/p>\n<p>Soy licenciada en Psicolog\u00eda del Trabajo y las Organizaciones por la Universidad de Barcelona, Master en Direcci\u00f3n de RRHH y Master en Coaching y PNL.<\/p>\n<p>No me puedo resistir a los retos y a la ilusi\u00f3n de construir y crear en equipo todo lo que haga m\u00e1s feliz la vida de las personas en las organizaciones y que haga a las organizaciones ser mejores y conseguir su excelencia.<\/p>\n<p>Idealista, honesta, tengo la necesidad vital de viajar, de acercarme a otras culturas y de estar en contacto con la naturaleza. Intento correr cada d\u00eda, deporte que me ayuda a ver las cosas con perspectiva. Soy adicta a mi familia y a mis amigos y disfruto intensamente el tiempo que paso con ellos.<\/p>\n<p>Creo profundamente que las personas tienen los recursos en su interior para ser lo que deseen ser y siento un enorme privilegio de poder acompa\u00f1arlas en su camino.<\/p>\n<p>Sigo aprendiendo cada d\u00eda. Me queda mucho todav\u00eda por aprender.<\/p>\n<p>No hay l\u00edmites.<\/p>\n<p>Everything is possible.[\/vc_column_text][\/vc_column_inner][\/vc_row_inner][\/vc_column][\/vc_row][vc_row][vc_column][vc_column_text][\/vc_column_text][\/vc_column][\/vc_row][vc_row][vc_column width=\u00bb1\/1&#8243;][\/vc_column][\/vc_row][vc_row bg_color=\u00bb#f9f9f9&#8243; top_padding=\u00bb20&#8243; bottom_padding=\u00bb60&#8243;][vc_column width=\u00bb1\/1&#8243;]<h2 class=\"headline font-special fontsize-xl fontweight-700 lh-inherit align-center transform-uppercase \" style=\"margin: 30px 0 40px 0;\">Nuestro equipo<\/h2>[vc_row_inner][vc_column_inner width=\u00bb1\/4&#8243; css=\u00bb.vc_custom_1563704963378{margin-bottom: 15px !important;}\u00bb]<div class=\"imagebox wpb_content_element style-1\"><div class=\"imagebox-img\"><a href='\/es\/actividades\/foro-recursos-humanos\/silvia-fores\/'><img src=\"https:\/\/www.foment.com\/wp-content\/uploads\/2019\/07\/Silvia-Fores-web-550x500.jpg\" alt=\"\" \/><\/a><\/div>\n<h3>S\u00cdLVIA FOR\u00c9S<\/h3>\n<div class=\"gdlr-core-pbf-element\">\n<div class=\"gdlr-core-title-item gdlr-core-item-pdb clearfix gdlr-core-left-align gdlr-core-title-item-caption-bottom gdlr-core-item-pdlr\">Presidenta del Foro RRHH. Directora de Recursos Humanos de Baker McKenzie Barcelona<\/div>\n<\/div>\n<\/div>[\/vc_column_inner][vc_column_inner width=\u00bb1\/4&#8243; css=\u00bb.vc_custom_1563704970556{margin-bottom: 15px !important;}\u00bb]<div class=\"imagebox wpb_content_element style-1\"><div class=\"imagebox-img\"><a href='\/es\/actividades\/foro-recursos-humanos\/antonia-cerrudo\/'><img src=\"https:\/\/www.foment.com\/wp-content\/uploads\/2019\/07\/isabel-salas-foro-rrhh-550x500.png\" alt=\"\" \/><\/a><\/div>\n<h3>ANTONIA CERRUDO<\/h3>\n<p>Vicepresidenta. Directora de Desarrollo de Personas en Fira de Barcelona<\/div>[\/vc_column_inner][vc_column_inner width=\u00bb1\/4&#8243; css=\u00bb.vc_custom_1563704977138{margin-bottom: 15px !important;}\u00bb]<div class=\"imagebox wpb_content_element style-1\"><div class=\"imagebox-img\"><a href='\/es\/actividades\/foro-recursos-humanos\/merche-fernandez\/'><img src=\"https:\/\/www.foment.com\/wp-content\/uploads\/2019\/07\/merche-fernandez-foro-rrhh-550x500.png\" alt=\"\" \/><\/a><\/div>\n<h3>MERCHE FERN\u00c1NDEZ<\/h3>\n<div class=\"gdlr-core-pbf-element\">\n<div class=\"gdlr-core-title-item gdlr-core-item-pdb clearfix gdlr-core-left-align gdlr-core-title-item-caption-bottom gdlr-core-item-pdlr\"><span class=\"gdlr-core-title-item-caption gdlr-core-info-font gdlr-core-skin-caption\">Especialista en Carreras profesionales y Talent Management<\/span><\/div>\n<\/div>\n<\/div>[\/vc_column_inner][vc_column_inner width=\u00bb1\/4&#8243;]<div class=\"imagebox wpb_content_element style-1\"><div class=\"imagebox-img\"><a href='\/es\/actividades\/foro-recursos-humanos\/isabel-salas\/'><img src=\"https:\/\/www.foment.com\/wp-content\/uploads\/2019\/07\/isabel-salas-foro-rrhh-1-550x500.png\" alt=\"\" \/><\/a><\/div>\n<h3>ISABEL SALAS<\/h3>\n<p>Directora de Recursos Humanos en Laboratorios Gebro Pharma<\/div>[\/vc_column_inner][\/vc_row_inner][vc_row_inner][vc_column_inner width=\u00bb1\/4&#8243; css=\u00bb.vc_custom_1563705003592{margin-bottom: 15px !important;}\u00bb]<div class=\"imagebox wpb_content_element style-1\"><div class=\"imagebox-img\"><a href='\/es\/actividades\/foro-recursos-humanos\/nora-sole\/'><img src=\"https:\/\/www.foment.com\/wp-content\/uploads\/2019\/07\/nora-sole-1-550x500.jpg\" alt=\"\" \/><\/a><\/div>\n<div class=\"gdlr-core-title-item-title-wrap \">\n<h3 class=\"gdlr-core-title-item-title gdlr-core-skin-title\">NORA SOL\u00c9<\/h3>\n<\/div>\n<div class=\"gdlr-core-pbf-element\">\n<div class=\"gdlr-core-title-item gdlr-core-item-pdb clearfix gdlr-core-left-align gdlr-core-title-item-caption-bottom gdlr-core-item-pdlr\"><span class=\"gdlr-core-title-item-caption gdlr-core-info-font gdlr-core-skin-caption\">En representaci\u00f3n de ANGED y Directora Regional de RRHH de Leroy Merlin<\/span><\/div>\n<\/div>\n<\/div>[\/vc_column_inner][vc_column_inner width=\u00bb1\/4&#8243; css=\u00bb.vc_custom_1563705008489{margin-bottom: 15px !important;}\u00bb]<div class=\"imagebox wpb_content_element style-1\"><div class=\"imagebox-img\"><a href='\/es\/actividades\/foro-recursos-humanos\/sandra-ramos\/'><img src=\"\" alt=\"\" \/><\/a><\/div>\n<h3>SANDRA RAMOS<\/h3>\n<p>En representaci\u00f3n de fedeQuim y HR Director Akzo Nobel Decorative Paints Spain<\/div>[\/vc_column_inner][vc_column_inner width=\u00bb1\/4&#8243; css=\u00bb.vc_custom_1563705013345{margin-bottom: 15px !important;}\u00bb]<div class=\"imagebox wpb_content_element style-1\"><div class=\"imagebox-img\"><a href='\/es\/actividades\/foro-recursos-humanos\/assis-de-riba\/'><img src=\"https:\/\/www.foment.com\/wp-content\/uploads\/2019\/07\/assis-550x500.png\" alt=\"\" \/><\/a><\/div>\n<h3>ASS\u00cdS DE RIBA<\/h3>\n<p>HR Director &#8211; ICF Institut Catal\u00e0 de Finances<\/div>[\/vc_column_inner][vc_column_inner width=\u00bb1\/4&#8243; css=\u00bb.vc_custom_1563705018158{margin-bottom: 15px !important;}\u00bb]<div class=\"imagebox wpb_content_element style-1\"><div class=\"imagebox-img\"><a href='\/es\/actividades\/foro-recursos-humanos\/david-campos\/'><img src=\"https:\/\/www.foment.com\/wp-content\/uploads\/2019\/07\/david-campos-foro-rrhh-550x500.png\" alt=\"\" \/><\/a><\/div>\n<h3>DAVID CAMPOS<\/h3>\n<div class=\"gdlr-core-pbf-element\">\n<div class=\"gdlr-core-title-item gdlr-core-item-pdb clearfix gdlr-core-left-align gdlr-core-title-item-caption-bottom gdlr-core-item-pdlr\">Human Resources Director at Volkswagen Group Espa\u00f1a Distribuci\u00f3n<\/div>\n<\/div>\n<\/div>[\/vc_column_inner][\/vc_row_inner][vc_row_inner][vc_column_inner width=\u00bb1\/4&#8243; css=\u00bb.vc_custom_1563705003592{margin-bottom: 15px !important;}\u00bb]<div class=\"imagebox wpb_content_element style-1\"><div class=\"imagebox-img\"><a href='\/es\/actividades\/foro-recursos-humanos\/daniel-iniesta\/'><img src=\"https:\/\/www.foment.com\/wp-content\/uploads\/2019\/07\/Daniel-para-web-2-550x500-1.jpg\" alt=\"\" \/><\/a><\/div>\n<h3>DANIEL INIESTA<\/h3>\n<p>Director de Personas de Fundaci\u00f3 Jesu\u00eftes Educaci\u00f3<\/div>[\/vc_column_inner][vc_column_inner width=\u00bb1\/4&#8243; css=\u00bb.vc_custom_1563705008489{margin-bottom: 15px !important;}\u00bb]<div class=\"imagebox wpb_content_element style-1\"><div class=\"imagebox-img\"><a href='\/es\/actividades\/foro-recursos-humanos\/francesc-mulero\/'><img src=\"https:\/\/www.foment.com\/wp-content\/uploads\/2019\/07\/francesc-mulero-550x500.png\" alt=\"\" \/><\/a><\/div>\n<h3>FRANCESC MULERO<\/h3>\n<p>HR Business Partner Manager en la Damm<\/div>[\/vc_column_inner][vc_column_inner width=\u00bb1\/4&#8243; css=\u00bb.vc_custom_1563705013345{margin-bottom: 15px !important;}\u00bb]<div class=\"imagebox wpb_content_element style-1\"><div class=\"imagebox-img\"><a href='\/es\/actividades\/foro-recursos-humanos\/gloria-carrasco\/'><img src=\"https:\/\/www.foment.com\/wp-content\/uploads\/2019\/07\/gloria-3-550x500.jpg\" alt=\"\" \/><\/a><\/div>\n<h3>GL\u00d2RIA CARRASCO<\/h3>\n<p>HR Director Bimbo Iberia en Grupo Bimbo<\/div>[\/vc_column_inner][vc_column_inner width=\u00bb1\/4&#8243; css=\u00bb.vc_custom_1563705018158{margin-bottom: 15px !important;}\u00bb]<div class=\"imagebox wpb_content_element style-1\"><div class=\"imagebox-img\"><a href='\/es\/actividades\/foro-recursos-humanos\/ma-jose-alvarez\/'><img src=\"https:\/\/www.foment.com\/wp-content\/uploads\/2019\/07\/maria-jose-foto-web-550x500.jpg\" alt=\"\" \/><\/a><\/div>\n<div class=\"gdlr-core-title-item-title-wrap \">\n<h3 class=\"gdlr-core-title-item-title gdlr-core-skin-title\">M\u00aa. JOS\u00c9 \u00c1LVAREZ<\/h3>\n<\/div>\n<div class=\"gdlr-core-pbf-element\">\n<div class=\"gdlr-core-title-item gdlr-core-item-pdb clearfix gdlr-core-left-align gdlr-core-title-item-caption-bottom gdlr-core-item-pdlr\">Change Project Manager de Randstad HR Solutions<\/div>\n<\/div>\n<\/div>[\/vc_column_inner][\/vc_row_inner][vc_row_inner][vc_column_inner width=\u00bb1\/4&#8243; css=\u00bb.vc_custom_1563705003592{margin-bottom: 15px !important;}\u00bb]<div class=\"imagebox wpb_content_element style-1\"><div class=\"imagebox-img\"><a href='\/es\/actividades\/foro-recursos-humanos\/josep-tura\/'><img src=\"https:\/\/www.foment.com\/wp-content\/uploads\/2019\/07\/tura-para-web-550x500.jpg\" alt=\"\" \/><\/a><\/div>\n<h3>JOSEP TURA<\/h3>\n<p>Director Corporativo del grupo FLUIDRA<\/div>[\/vc_column_inner][vc_column_inner width=\u00bb1\/4&#8243; css=\u00bb.vc_custom_1563705008489{margin-bottom: 15px !important;}\u00bb][\/vc_column_inner][vc_column_inner width=\u00bb1\/4&#8243; css=\u00bb.vc_custom_1563705013345{margin-bottom: 15px !important;}\u00bb][\/vc_column_inner][\/vc_row_inner][\/vc_column][\/vc_row]<\/p>\n<\/section>","protected":false},"excerpt":{"rendered":"<p>[vc_row top_padding=\u00bb60&#8243; bottom_padding=\u00bb60&#8243;][vc_column width=\u00bb1\/1&#8243;][vc_row_inner][vc_column_inner width=\u00bb1\/3&#8243;][\/vc_column_inner][vc_column_inner width=\u00bb2\/3&#8243;][vc_column_text]BIOGRAF\u00cdA Inici\u00e9 mi carrera en RRHH hace ya m\u00e1s de 20 a\u00f1os en una ONG internacional de cooperaci\u00f3n al desarrollo, con la enorme fortuna de trabajar con un excelente grupo de profesionales de los que aprend\u00ed el valor que RRHH aporta a la organizaciones y a las personas. M\u00e1s tarde segu\u00ed desarroll\u00e1ndome en otras multinacionales en diversos roles generalistas de RRHH desde HR business partner hasta la direcci\u00f3n de RRHH liderando procesos de cambio y transformaci\u00f3n. Soy licenciada en Psicolog\u00eda del Trabajo y las Organizaciones por la Universidad de Barcelona, Master en Direcci\u00f3n de RRHH y Master en Coaching y PNL. No me puedo resistir a los retos y a la ilusi\u00f3n de construir y crear en equipo todo lo que haga m\u00e1s feliz la vida de las personas en las organizaciones y que haga a las organizaciones ser mejores y conseguir su excelencia. Idealista, honesta, tengo la necesidad vital de viajar, de acercarme a otras culturas y de estar en contacto con la naturaleza. Intento correr cada d\u00eda, deporte que me ayuda a ver las cosas con perspectiva. Soy adicta a mi familia y a mis amigos y disfruto intensamente el tiempo que paso [&hellip;]<\/p>\n","protected":false},"author":24,"featured_media":0,"parent":20441,"menu_order":0,"comment_status":"closed","ping_status":"closed","template":"","meta":{"_links_to":"","_links_to_target":""},"acf":[],"wps_subtitle":"","_links":{"self":[{"href":"https:\/\/www.foment.com\/es\/wp-json\/wp\/v2\/pages\/74611"}],"collection":[{"href":"https:\/\/www.foment.com\/es\/wp-json\/wp\/v2\/pages"}],"about":[{"href":"https:\/\/www.foment.com\/es\/wp-json\/wp\/v2\/types\/page"}],"author":[{"embeddable":true,"href":"https:\/\/www.foment.com\/es\/wp-json\/wp\/v2\/users\/24"}],"replies":[{"embeddable":true,"href":"https:\/\/www.foment.com\/es\/wp-json\/wp\/v2\/comments?post=74611"}],"version-history":[{"count":1,"href":"https:\/\/www.foment.com\/es\/wp-json\/wp\/v2\/pages\/74611\/revisions"}],"predecessor-version":[{"id":188262,"href":"https:\/\/www.foment.com\/es\/wp-json\/wp\/v2\/pages\/74611\/revisions\/188262"}],"up":[{"embeddable":true,"href":"https:\/\/www.foment.com\/es\/wp-json\/wp\/v2\/pages\/20441"}],"wp:attachment":[{"href":"https:\/\/www.foment.com\/es\/wp-json\/wp\/v2\/media?parent=74611"}],"curies":[{"name":"wp","href":"https:\/\/api.w.org\/{rel}","templated":true}]}}