{"id":74618,"date":"2019-10-27T06:18:24","date_gmt":"2019-10-27T05:18:24","guid":{"rendered":"https:\/\/www.foment.com\/actividades\/foro-recursos-humanos\/gloria-carrasco\/"},"modified":"2019-11-03T18:09:32","modified_gmt":"2019-11-03T17:09:32","slug":"gloria-carrasco","status":"publish","type":"page","link":"https:\/\/www.foment.com\/es\/actividades\/foro-recursos-humanos\/gloria-carrasco\/","title":{"rendered":"Gl\u00f2ria Carrasco"},"content":{"rendered":"<section class=\"wpb-content-wrapper\"><p>[vc_row top_padding=\u00bb60&#8243; bottom_padding=\u00bb60&#8243;][vc_column width=\u00bb1\/1&#8243;][vc_row_inner][vc_column_inner width=\u00bb1\/3&#8243;]<div class=\"imagebox wpb_content_element style-1\"><div class=\"imagebox-img\"><img src=\"https:\/\/www.foment.com\/wp-content\/uploads\/2019\/07\/gloria-3-550x500.jpg\" alt=\"\" \/><\/div>\n<blockquote>\n<div class=\"gdlr-core-pbf-element\">\n<div class=\"gdlr-core-blockquote-item gdlr-core-item-pdlr gdlr-core-item-pdb gdlr-core-center-align gdlr-core-medium-size\">\n<div class=\"gdlr-core-blockquote gdlr-core-info-font\">\n<div class=\"gdlr-core-blockquote-item-content-wrap\">\n<div class=\"gdlr-core-blockquote-item-content gdlr-core-skin-content\">\n<div class=\"gdlr-core-pbf-element\">\n<div class=\"gdlr-core-blockquote-item gdlr-core-item-pdlr gdlr-core-item-pdb gdlr-core-center-align gdlr-core-medium-size\">\n<div class=\"gdlr-core-blockquote gdlr-core-info-font\">\n<div class=\"gdlr-core-blockquote-item-content-wrap\">\n<div class=\"gdlr-core-blockquote-item-content gdlr-core-skin-content\">\n<div class=\"gdlr-core-pbf-element\">\n<div class=\"gdlr-core-blockquote-item gdlr-core-item-pdlr gdlr-core-item-pdb gdlr-core-center-align gdlr-core-medium-size\">\n<div class=\"gdlr-core-blockquote gdlr-core-info-font\">\n<div class=\"gdlr-core-blockquote-item-content-wrap\">\n<div class=\"gdlr-core-blockquote-item-content gdlr-core-skin-content\">\n<div class=\"gdlr-core-pbf-element\">\n<div class=\"gdlr-core-blockquote-item gdlr-core-item-pdlr gdlr-core-item-pdb gdlr-core-center-align gdlr-core-medium-size\">\n<div class=\"gdlr-core-blockquote gdlr-core-info-font\">\n<div class=\"gdlr-core-blockquote-item-content-wrap\">\n<div class=\"gdlr-core-blockquote-item-content gdlr-core-skin-content\">\n<p>Integra, transparente, constante y apasionada en todo lo que hago. Creo mucho en el trabajo en equipo y en la colaboraci\u00f3n, con especial inter\u00e9s en el bienestar y el desarrollo de las personas.<\/p>\n<\/div>\n<\/div>\n<\/div>\n<\/div>\n<\/div>\n<\/div>\n<\/div>\n<\/div>\n<\/div>\n<\/div>\n<\/div>\n<\/div>\n<\/div>\n<\/div>\n<\/div>\n<\/div>\n<\/div>\n<\/div>\n<\/div>\n<\/div>\n<\/blockquote>\n<\/div>[vc_column_text]<div class=\"social-icon social-big\"><a href=\"https:\/\/www.linkedin.com\/in\/gloriacarrasco\/%20\" target=\"_blank\" title=\"\"><i class=\"fa fa-linkedin\"><\/i><\/a><\/div>[\/vc_column_text][\/vc_column_inner][vc_column_inner width=\u00bb2\/3&#8243;]<h3 class=\"headline font-special fontsize-m fontweight-inherit lh-inherit align-left transform-inherit \" style=\"margin: 0 0 20px 0; color: #000000;\">HR Director Bimbo Iberia en Grupo Bimbo<\/h3>[vc_column_text]<span style=\"color: #ab192d;\"><strong>BIOGRAF\u00cdA<\/strong><\/span><\/p>\n<p>7 a\u00f1os de experiencia, siempre vinculada a los Recursos Humanos, pasando por distintas posiciones como Payroll Specialist, Compensation &amp; Benefits Manager y desde hace 4 a\u00f1os liderando el \u00e1rea de Relaciones Humanas de una de las compa\u00f1\u00eda de gran consumo l\u00edder en el sector, Bimbo Iberia.<\/p>\n<p>Soy una apasionada de las personas y disfruto trabajando con ellas y para ellas. Mi mayor objetivo profesional es el tener empleados comprometidos ya que creo firmemente que ellos son uno de los principales motores hacen crecer a la empresa.<\/p>\n<p>Mi experiencia se ha centrado en una \u00fanica empresa, Bimbo Iberia, dentro del \u00e1rea de RRHH, en la que empec\u00e9 como becaria en el a\u00f1o 2000 y actualmente estoy como Directora de RRHH de Espa\u00f1a y Portugal. Ahora bien, estos a\u00f1os he pasado por la adquisici\u00f3n de Bimbo por dos compa\u00f1\u00edas, Sara Lee en el a\u00f1o 2001 y posteriormente Grupo Bimbo en el a\u00f1o 2011. Multinacionales muy distintas culturalmente que me han hecho crecer y aprender mucho a lo largo de mi trayectoria.<\/p>\n<p>Licenciada en Ciencias del Trabajo por la Universidad de Barcelona y MBA por ESADE. Adicionalmente tengo formaci\u00f3n especializada en Descripci\u00f3n y Valoraci\u00f3n de puestos de trabajo y soy Certificada en PI (Predictive Index) un innovador sistema de informaci\u00f3n para la gesti\u00f3n de las personas.<\/p>\n<p>En el tiempo libre que me queda me gusta disfrutar de mi familia, especialmente mis dos hijos, Jan y Anna, con ellos cada d\u00eda aprendes algo nuevo. Y siempre intento reservar algo de espacio para m\u00ed, donde me gusta \u00a0disfrutar del running y la lectura.[\/vc_column_text][\/vc_column_inner][\/vc_row_inner][\/vc_column][\/vc_row][vc_row][vc_column width=\u00bb1\/1&#8243;][\/vc_column][\/vc_row][vc_row][vc_column width=\u00bb1\/1&#8243;][\/vc_column][\/vc_row][vc_row bg_color=\u00bb#f9f9f9&#8243; top_padding=\u00bb20&#8243; bottom_padding=\u00bb60&#8243;][vc_column width=\u00bb1\/1&#8243;]<h2 class=\"headline font-special fontsize-xl fontweight-700 lh-inherit align-center transform-uppercase \" style=\"margin: 30px 0 40px 0;\">Nuestro equipo<\/h2>[vc_row_inner][vc_column_inner width=\u00bb1\/4&#8243; css=\u00bb.vc_custom_1563704963378{margin-bottom: 15px !important;}\u00bb]<div class=\"imagebox wpb_content_element style-1\"><div class=\"imagebox-img\"><a href='\/es\/actividades\/foro-recursos-humanos\/silvia-fores\/'><img src=\"https:\/\/www.foment.com\/wp-content\/uploads\/2019\/07\/Silvia-Fores-web-550x500.jpg\" alt=\"\" \/><\/a><\/div>\n<h3>S\u00cdLVIA FOR\u00c9S<\/h3>\n<div class=\"gdlr-core-pbf-element\">\n<div class=\"gdlr-core-title-item gdlr-core-item-pdb clearfix gdlr-core-left-align gdlr-core-title-item-caption-bottom gdlr-core-item-pdlr\">Presidenta del Foro RRHH. Directora de Recursos Humanos de Baker McKenzie Barcelona<\/div>\n<\/div>\n<\/div>[\/vc_column_inner][vc_column_inner width=\u00bb1\/4&#8243; css=\u00bb.vc_custom_1563704970556{margin-bottom: 15px !important;}\u00bb]<div class=\"imagebox wpb_content_element style-1\"><div class=\"imagebox-img\"><a href='\/es\/actividades\/foro-recursos-humanos\/antonia-cerrudo\/'><img src=\"https:\/\/www.foment.com\/wp-content\/uploads\/2019\/07\/isabel-salas-foro-rrhh-550x500.png\" alt=\"\" \/><\/a><\/div>\n<h3>ANTONIA CERRUDO<\/h3>\n<p>Vicepresidenta. Directora de Desarrollo de Personas en Fira de Barcelona<\/div>[\/vc_column_inner][vc_column_inner width=\u00bb1\/4&#8243; css=\u00bb.vc_custom_1563704977138{margin-bottom: 15px !important;}\u00bb]<div class=\"imagebox wpb_content_element style-1\"><div class=\"imagebox-img\"><a href='\/es\/actividades\/foro-recursos-humanos\/merche-fernandez\/'><img src=\"https:\/\/www.foment.com\/wp-content\/uploads\/2019\/07\/merche-fernandez-foro-rrhh-550x500.png\" alt=\"\" \/><\/a><\/div>\n<h3>MERCHE FERN\u00c1NDEZ<\/h3>\n<div class=\"gdlr-core-pbf-element\">\n<div class=\"gdlr-core-title-item gdlr-core-item-pdb clearfix gdlr-core-left-align gdlr-core-title-item-caption-bottom gdlr-core-item-pdlr\"><span class=\"gdlr-core-title-item-caption gdlr-core-info-font gdlr-core-skin-caption\">Especialista en Carreras profesionales y Talent Management<\/span><\/div>\n<\/div>\n<\/div>[\/vc_column_inner][vc_column_inner width=\u00bb1\/4&#8243;]<div class=\"imagebox wpb_content_element style-1\"><div class=\"imagebox-img\"><a href='\/es\/actividades\/foro-recursos-humanos\/isabel-salas\/'><img src=\"https:\/\/www.foment.com\/wp-content\/uploads\/2019\/07\/isabel-salas-foro-rrhh-1-550x500.png\" alt=\"\" \/><\/a><\/div>\n<h3>ISABEL SALAS<\/h3>\n<p>Directora de Recursos Humanos en Laboratorios Gebro Pharma<\/div>[\/vc_column_inner][\/vc_row_inner][vc_row_inner][vc_column_inner width=\u00bb1\/4&#8243; css=\u00bb.vc_custom_1563705003592{margin-bottom: 15px !important;}\u00bb]<div class=\"imagebox wpb_content_element style-1\"><div class=\"imagebox-img\"><a href='\/es\/actividades\/foro-recursos-humanos\/nora-sole\/'><img src=\"https:\/\/www.foment.com\/wp-content\/uploads\/2019\/07\/nora-sole-1-550x500.jpg\" alt=\"\" \/><\/a><\/div>\n<div class=\"gdlr-core-title-item-title-wrap \">\n<h3 class=\"gdlr-core-title-item-title gdlr-core-skin-title\">NORA SOL\u00c9<\/h3>\n<\/div>\n<div class=\"gdlr-core-pbf-element\">\n<div class=\"gdlr-core-title-item gdlr-core-item-pdb clearfix gdlr-core-left-align gdlr-core-title-item-caption-bottom gdlr-core-item-pdlr\"><span class=\"gdlr-core-title-item-caption gdlr-core-info-font gdlr-core-skin-caption\">En representaci\u00f3n de ANGED y Directora Regional de RRHH de Leroy Merlin<\/span><\/div>\n<\/div>\n<\/div>[\/vc_column_inner][vc_column_inner width=\u00bb1\/4&#8243; css=\u00bb.vc_custom_1563705008489{margin-bottom: 15px !important;}\u00bb]<div class=\"imagebox wpb_content_element style-1\"><div class=\"imagebox-img\"><a href='\/es\/actividades\/foro-recursos-humanos\/sandra-ramos\/'><img src=\"\" alt=\"\" \/><\/a><\/div>\n<h3>SANDRA RAMOS<\/h3>\n<p>En representaci\u00f3n de fedeQuim y HR Director Akzo Nobel Decorative Paints Spain<\/div>[\/vc_column_inner][vc_column_inner width=\u00bb1\/4&#8243; css=\u00bb.vc_custom_1563705013345{margin-bottom: 15px !important;}\u00bb]<div class=\"imagebox wpb_content_element style-1\"><div class=\"imagebox-img\"><a href='\/es\/actividades\/foro-recursos-humanos\/assis-de-riba\/'><img src=\"https:\/\/www.foment.com\/wp-content\/uploads\/2019\/07\/assis-550x500.png\" alt=\"\" \/><\/a><\/div>\n<h3>ASS\u00cdS DE RIBA<\/h3>\n<p>HR Director &#8211; ICF Institut Catal\u00e0 de Finances<\/div>[\/vc_column_inner][vc_column_inner width=\u00bb1\/4&#8243; css=\u00bb.vc_custom_1563705018158{margin-bottom: 15px !important;}\u00bb]<div class=\"imagebox wpb_content_element style-1\"><div class=\"imagebox-img\"><a href='\/es\/actividades\/foro-recursos-humanos\/david-campos\/'><img src=\"https:\/\/www.foment.com\/wp-content\/uploads\/2019\/07\/david-campos-foro-rrhh-550x500.png\" alt=\"\" \/><\/a><\/div>\n<h3>DAVID CAMPOS<\/h3>\n<div class=\"gdlr-core-pbf-element\">\n<div class=\"gdlr-core-title-item gdlr-core-item-pdb clearfix gdlr-core-left-align gdlr-core-title-item-caption-bottom gdlr-core-item-pdlr\">Human Resources Director at Volkswagen Group Espa\u00f1a Distribuci\u00f3n<\/div>\n<\/div>\n<\/div>[\/vc_column_inner][\/vc_row_inner][vc_row_inner][vc_column_inner width=\u00bb1\/4&#8243; css=\u00bb.vc_custom_1563705003592{margin-bottom: 15px !important;}\u00bb]<div class=\"imagebox wpb_content_element style-1\"><div class=\"imagebox-img\"><a href='\/es\/actividades\/foro-recursos-humanos\/rosa-nunez\/'><img src=\"https:\/\/www.foment.com\/wp-content\/uploads\/2019\/07\/Rosa-Web-1-550x500.jpg\" alt=\"\" \/><\/a><\/div>\n<div class=\"gdlr-core-title-item-title-wrap \">\n<h3 class=\"gdlr-core-title-item-title gdlr-core-skin-title\">ROSA N\u00da\u00d1EZ<\/h3>\n<\/div>\n<div class=\"gdlr-core-pbf-element\">\n<div class=\"gdlr-core-title-item gdlr-core-item-pdb clearfix gdlr-core-left-align gdlr-core-title-item-caption-bottom gdlr-core-item-pdlr\">HR Manager Nike Emea South<\/div>\n<\/div>\n<\/div>[\/vc_column_inner][vc_column_inner width=\u00bb1\/4&#8243; css=\u00bb.vc_custom_1563705008489{margin-bottom: 15px !important;}\u00bb]<div class=\"imagebox wpb_content_element style-1\"><div class=\"imagebox-img\"><a href='\/es\/actividades\/foro-recursos-humanos\/francesc-mulero\/'><img src=\"https:\/\/www.foment.com\/wp-content\/uploads\/2019\/07\/francesc-mulero-550x500.png\" alt=\"\" \/><\/a><\/div>\n<h3>FRANCESC MULERO<\/h3>\n<p>HR Business Partner Manager a la Damm<\/div>[\/vc_column_inner][vc_column_inner width=\u00bb1\/4&#8243; css=\u00bb.vc_custom_1563705013345{margin-bottom: 15px !important;}\u00bb]<div class=\"imagebox wpb_content_element style-1\"><div class=\"imagebox-img\"><a href='\/es\/actividades\/foro-recursos-humanos\/josep-tura\/'><img src=\"https:\/\/www.foment.com\/wp-content\/uploads\/2019\/07\/tura-para-web-550x500.jpg\" alt=\"\" \/><\/a><\/div>\n<h3>JOSEP TURA<\/h3>\n<p>Director Corporativo del grupo FLUIDRA<\/div>[\/vc_column_inner][vc_column_inner width=\u00bb1\/4&#8243; css=\u00bb.vc_custom_1563705018158{margin-bottom: 15px !important;}\u00bb]<div class=\"imagebox wpb_content_element style-1\"><div class=\"imagebox-img\"><a href='\/es\/actividades\/foro-recursos-humanos\/ma-jose-alvarez\/'><img src=\"https:\/\/www.foment.com\/wp-content\/uploads\/2019\/07\/maria-jose-foto-web-550x500.jpg\" alt=\"\" \/><\/a><\/div>\n<div class=\"gdlr-core-title-item-title-wrap \">\n<h3 class=\"gdlr-core-title-item-title gdlr-core-skin-title\">M\u00aa. JOS\u00c9 \u00c1LVAREZ<\/h3>\n<\/div>\n<div class=\"gdlr-core-pbf-element\">\n<div class=\"gdlr-core-title-item gdlr-core-item-pdb clearfix gdlr-core-left-align gdlr-core-title-item-caption-bottom gdlr-core-item-pdlr\">Change Project Manager de Randstad HR Solutions<\/div>\n<\/div>\n<\/div>[\/vc_column_inner][\/vc_row_inner][vc_row_inner][vc_column_inner width=\u00bb1\/4&#8243; css=\u00bb.vc_custom_1563705003592{margin-bottom: 15px !important;}\u00bb]<div class=\"imagebox wpb_content_element style-1\"><div class=\"imagebox-img\"><a href='\/es\/actividades\/foro-recursos-humanos\/daniel-iniesta\/'><img src=\"https:\/\/www.foment.com\/wp-content\/uploads\/2019\/07\/Daniel-para-web-2-550x500-1.jpg\" alt=\"\" \/><\/a><\/div>\n<div class=\"gdlr-core-title-item-title-wrap \">\n<h3 class=\"gdlr-core-title-item-title gdlr-core-skin-title\">DANIEL INIESTA<\/h3>\n<\/div>\n<div class=\"gdlr-core-pbf-element\">\n<div class=\"gdlr-core-title-item gdlr-core-item-pdb clearfix gdlr-core-left-align gdlr-core-title-item-caption-bottom gdlr-core-item-pdlr\">Director de Personas de Fundaci\u00f3 Jesu\u00eftes Educaci\u00f3<\/div>\n<\/div>\n<\/div>[\/vc_column_inner][vc_column_inner width=\u00bb1\/4&#8243; css=\u00bb.vc_custom_1563705008489{margin-bottom: 15px !important;}\u00bb][\/vc_column_inner][vc_column_inner width=\u00bb1\/4&#8243; css=\u00bb.vc_custom_1563705013345{margin-bottom: 15px !important;}\u00bb][\/vc_column_inner][\/vc_row_inner][\/vc_column][\/vc_row]<\/p>\n<\/section>","protected":false},"excerpt":{"rendered":"<p>[vc_row top_padding=\u00bb60&#8243; bottom_padding=\u00bb60&#8243;][vc_column width=\u00bb1\/1&#8243;][vc_row_inner][vc_column_inner width=\u00bb1\/3&#8243;][vc_column_text][\/vc_column_text][\/vc_column_inner][vc_column_inner width=\u00bb2\/3&#8243;][vc_column_text]BIOGRAF\u00cdA 7 a\u00f1os de experiencia, siempre vinculada a los Recursos Humanos, pasando por distintas posiciones como Payroll Specialist, Compensation &amp; Benefits Manager y desde hace 4 a\u00f1os liderando el \u00e1rea de Relaciones Humanas de una de las compa\u00f1\u00eda de gran consumo l\u00edder en el sector, Bimbo Iberia. Soy una apasionada de las personas y disfruto trabajando con ellas y para ellas. Mi mayor objetivo profesional es el tener empleados comprometidos ya que creo firmemente que ellos son uno de los principales motores hacen crecer a la empresa. Mi experiencia se ha centrado en una \u00fanica empresa, Bimbo Iberia, dentro del \u00e1rea de RRHH, en la que empec\u00e9 como becaria en el a\u00f1o 2000 y actualmente estoy como Directora de RRHH de Espa\u00f1a y Portugal. Ahora bien, estos a\u00f1os he pasado por la adquisici\u00f3n de Bimbo por dos compa\u00f1\u00edas, Sara Lee en el a\u00f1o 2001 y posteriormente Grupo Bimbo en el a\u00f1o 2011. Multinacionales muy distintas culturalmente que me han hecho crecer y aprender mucho a lo largo de mi trayectoria. Licenciada en Ciencias del Trabajo por la Universidad de Barcelona y MBA por ESADE. Adicionalmente tengo formaci\u00f3n especializada en Descripci\u00f3n y Valoraci\u00f3n de puestos de [&hellip;]<\/p>\n","protected":false},"author":24,"featured_media":0,"parent":20441,"menu_order":0,"comment_status":"closed","ping_status":"closed","template":"","meta":{"_links_to":"","_links_to_target":""},"acf":[],"wps_subtitle":"","_links":{"self":[{"href":"https:\/\/www.foment.com\/es\/wp-json\/wp\/v2\/pages\/74618"}],"collection":[{"href":"https:\/\/www.foment.com\/es\/wp-json\/wp\/v2\/pages"}],"about":[{"href":"https:\/\/www.foment.com\/es\/wp-json\/wp\/v2\/types\/page"}],"author":[{"embeddable":true,"href":"https:\/\/www.foment.com\/es\/wp-json\/wp\/v2\/users\/24"}],"replies":[{"embeddable":true,"href":"https:\/\/www.foment.com\/es\/wp-json\/wp\/v2\/comments?post=74618"}],"version-history":[{"count":0,"href":"https:\/\/www.foment.com\/es\/wp-json\/wp\/v2\/pages\/74618\/revisions"}],"up":[{"embeddable":true,"href":"https:\/\/www.foment.com\/es\/wp-json\/wp\/v2\/pages\/20441"}],"wp:attachment":[{"href":"https:\/\/www.foment.com\/es\/wp-json\/wp\/v2\/media?parent=74618"}],"curies":[{"name":"wp","href":"https:\/\/api.w.org\/{rel}","templated":true}]}}