{"id":74621,"date":"2019-10-27T06:32:07","date_gmt":"2019-10-27T05:32:07","guid":{"rendered":"https:\/\/www.foment.com\/actividades\/foro-recursos-humanos\/ma-jose-alvarez\/"},"modified":"2022-04-21T16:58:39","modified_gmt":"2022-04-21T14:58:39","slug":"ma-jose-alvarez","status":"publish","type":"page","link":"https:\/\/www.foment.com\/es\/actividades\/foro-recursos-humanos\/ma-jose-alvarez\/","title":{"rendered":"Ma. Jos\u00e9 \u00c1lvarez"},"content":{"rendered":"<section class=\"wpb-content-wrapper\"><p>[vc_row top_padding=\u00bb60&#8243; bottom_padding=\u00bb60&#8243;][vc_column width=\u00bb1\/1&#8243;][vc_row_inner][vc_column_inner width=\u00bb1\/3&#8243;]<div class=\"imagebox wpb_content_element style-1\"><div class=\"imagebox-img\"><img src=\"https:\/\/www.foment.com\/wp-content\/uploads\/2022\/04\/M-Jose-Alvarez.jpg\" alt=\"\" \/><\/div>\n<blockquote>\n<div class=\"gdlr-core-pbf-element\">\n<div class=\"gdlr-core-blockquote-item gdlr-core-item-pdlr gdlr-core-item-pdb gdlr-core-center-align gdlr-core-medium-size\">\n<div class=\"gdlr-core-blockquote gdlr-core-info-font\">\n<div class=\"gdlr-core-blockquote-item-content-wrap\">\n<div class=\"gdlr-core-blockquote-item-content gdlr-core-skin-content\">\n<div class=\"gdlr-core-pbf-element\">\n<div class=\"gdlr-core-blockquote-item gdlr-core-item-pdlr gdlr-core-item-pdb gdlr-core-center-align gdlr-core-medium-size\">\n<div class=\"gdlr-core-blockquote gdlr-core-info-font\">\n<div class=\"gdlr-core-blockquote-item-content-wrap\">\n<div class=\"gdlr-core-blockquote-item-content gdlr-core-skin-content\">\n<div class=\"gdlr-core-pbf-element\">\n<div class=\"gdlr-core-blockquote-item gdlr-core-item-pdlr gdlr-core-item-pdb gdlr-core-center-align gdlr-core-medium-size\">\n<div class=\"gdlr-core-blockquote gdlr-core-info-font\">\n<div class=\"gdlr-core-blockquote-item-content-wrap\">\n<div class=\"gdlr-core-blockquote-item-content gdlr-core-skin-content\">\n<div class=\"gdlr-core-pbf-element\">\n<div class=\"gdlr-core-blockquote-item gdlr-core-item-pdlr gdlr-core-item-pdb gdlr-core-center-align gdlr-core-medium-size\">\n<div class=\"gdlr-core-blockquote gdlr-core-info-font\">\n<div class=\"gdlr-core-blockquote-item-content-wrap\">\n<div class=\"gdlr-core-blockquote-item-content gdlr-core-skin-content\">\n<p>\u00abCreo en los valores personales y en los valores empresariales, siempre que la direcci\u00f3n sea por valores, el \u00e9xito est\u00e1 asegurado para las personas: esfuerzo, tenacidad, perseverancia, integridad, determinaci\u00f3n y superaci\u00f3n\u00bb<\/p>\n<\/div>\n<\/div>\n<\/div>\n<\/div>\n<\/div>\n<\/div>\n<\/div>\n<\/div>\n<\/div>\n<\/div>\n<\/div>\n<\/div>\n<\/div>\n<\/div>\n<\/div>\n<\/div>\n<\/div>\n<\/div>\n<\/div>\n<\/div>\n<\/blockquote>\n<\/div>[vc_column_text]<div class=\"social-icon social-big\"><a href=\"https:\/\/twitter.com\/@tazzmaria\" target=\"_blank\" title=\"\"><i class=\"fa fa-twitter\"><\/i><\/a><\/div><div class=\"social-icon social-big\"><a href=\"https:\/\/www.linkedin.com\/in\/mariajosealvarez\" target=\"_blank\" title=\"\"><i class=\"fa fa-linkedin\"><\/i><\/a><\/div>[\/vc_column_text][\/vc_column_inner][vc_column_inner width=\u00bb2\/3&#8243;]<h3 class=\"headline font-special fontsize-m fontweight-inherit lh-inherit align-left transform-inherit \" style=\"margin: 0 0 20px 0; color: #000000;\">Change Project Manager de Randstad HR Solutions<br \/>\n<\/h3>[vc_column_text]<span style=\"color: #ab192d;\"><strong>BIOGRAF\u00cdA<\/strong><\/span><\/p>\n<p>Cerca de 20 a\u00f1os de experiencia en gesti\u00f3n y liderazgo de equipos de trabajo tanto a empresas como<br \/>\nen consultor\u00eda, en las \u00e1reas de recursos humanos, formaci\u00f3n y gesti\u00f3n de la calidad. Mi trayectoria se ha desarrollado tanto en Catalu\u00f1a como diferentes lugares de Espa\u00f1a.<\/p>\n<p>Aunque con formaci\u00f3n en Recursos Humanos, mi experiencia ha estado a negocio y operaciones,lo que me ha aportado una visi\u00f3n m\u00e1s estrat\u00e9gica y global de las pol\u00edticas y procesos de trabajo que impactan en los resultados. Actualmente, soy responsable nacional de los proyectos de transici\u00f3n de carreras en Randstad, coordinando un equipo de consultores-<em>coache<\/em>s que acompa\u00f1an a las personas para \u00abver la luz m\u00e1s all\u00e1 del t\u00fanel\u00bb.<\/p>\n<p>Psic\u00f3loga de formaci\u00f3n, especializada en RRHH por la Universidad Aut\u00f3noma de Madrid y con la Suficiencia Investigadora en Psicolog\u00eda y Organizaci\u00f3n por la Universidad de Oviedo. En constante curiosidad por los desarrollos tecnol\u00f3gicos ligados a las personas y a sus motivaciones.<\/p>\n<p>Me apasiona crear nuevos proyectos, nuevos desarrollos, todo aquello que sea construir desde cero. Me interesan las redes sociales, la gamificaci\u00f3n aplicada en la educaci\u00f3n, a la salud y a los recursos humanos,\u00a0<em>talent management<\/em>\u00a0y los procesos de transformaci\u00f3n digital. Mi pasi\u00f3n son las personas, la mejora de las organizaciones a trav\u00e9s del\u00a0<em>engagement<\/em>\u00a0del empleado y el desarrollo de los equipos de trabajo ayud\u00e1ndolos a convertirse en la mejor versi\u00f3n de s\u00ed mismos.<\/p>\n<p>El deporte es parte de mi vida (m\u00e1s pasada que presente), como la escalada, y sobre todo el contacto con la naturaleza. Una cosa que intento inspirar a mi ni\u00f1a, disfrutando de actividades al aire libre y aprendiendo con ella a valorar lo que realmente importa.[\/vc_column_text][\/vc_column_inner][\/vc_row_inner][\/vc_column][\/vc_row][vc_row][vc_column][vc_column_text]<\/p>\n<p>[\/vc_column_text][\/vc_column][\/vc_row][vc_row][vc_column width=\u00bb1\/1&#8243;][\/vc_column][\/vc_row][vc_row bg_color=\u00bb#f9f9f9&#8243; top_padding=\u00bb20&#8243; bottom_padding=\u00bb60&#8243;][vc_column width=\u00bb1\/1&#8243;]<h2 class=\"headline font-special fontsize-xl fontweight-700 lh-inherit align-center transform-uppercase \" style=\"margin: 30px 0 40px 0;\">Nuestro equipo<\/h2>[vc_row_inner][vc_column_inner width=\u00bb1\/4&#8243; css=\u00bb.vc_custom_1563704963378{margin-bottom: 15px !important;}\u00bb]<div class=\"imagebox wpb_content_element style-1\"><div class=\"imagebox-img\"><a href='\/es\/actividades\/foro-recursos-humanos\/silvia-fores\/'><img src=\"https:\/\/www.foment.com\/wp-content\/uploads\/2019\/07\/Silvia-Fores-web-550x500.jpg\" alt=\"\" \/><\/a><\/div>\n<h3>S\u00cdLVIA FOR\u00c9S<\/h3>\n<div class=\"gdlr-core-pbf-element\">\n<div class=\"gdlr-core-title-item gdlr-core-item-pdb clearfix gdlr-core-left-align gdlr-core-title-item-caption-bottom gdlr-core-item-pdlr\">Presidenta del Foro RRHH. Directora de Recursos Humanos de Baker McKenzie Barcelona<\/div>\n<\/div>\n<\/div>[\/vc_column_inner][vc_column_inner width=\u00bb1\/4&#8243; css=\u00bb.vc_custom_1563704970556{margin-bottom: 15px !important;}\u00bb]<div class=\"imagebox wpb_content_element style-1\"><div class=\"imagebox-img\"><a href='\/es\/actividades\/foro-recursos-humanos\/antonia-cerrudo\/'><img src=\"https:\/\/www.foment.com\/wp-content\/uploads\/2019\/07\/isabel-salas-foro-rrhh-550x500.png\" alt=\"\" \/><\/a><\/div>\n<h3>ANTONIA CERRUDO<\/h3>\n<p>Vicepresidenta. Directora de Desarrollo de Personas en Fira de Barcelona<\/div>[\/vc_column_inner][vc_column_inner width=\u00bb1\/4&#8243; css=\u00bb.vc_custom_1563704977138{margin-bottom: 15px !important;}\u00bb]<div class=\"imagebox wpb_content_element style-1\"><div class=\"imagebox-img\"><a href='\/es\/actividades\/foro-recursos-humanos\/\/merche-fernandez\/'><img src=\"https:\/\/www.foment.com\/wp-content\/uploads\/2019\/07\/merche-fernandez-foro-rrhh-550x500.png\" alt=\"\" \/><\/a><\/div>\n<h3>MERCHE FERN\u00c1NDEZ<\/h3>\n<div class=\"gdlr-core-pbf-element\">\n<div class=\"gdlr-core-title-item gdlr-core-item-pdb clearfix gdlr-core-left-align gdlr-core-title-item-caption-bottom gdlr-core-item-pdlr\"><span class=\"gdlr-core-title-item-caption gdlr-core-info-font gdlr-core-skin-caption\">Especialista en Carreras profesionales y Talent Management<\/span><\/div>\n<\/div>\n<\/div>[\/vc_column_inner][vc_column_inner width=\u00bb1\/4&#8243;]<div class=\"imagebox wpb_content_element style-1\"><div class=\"imagebox-img\"><a href='\/es\/actividades\/foro-recursos-humanos\/isabel-salas\/'><img src=\"https:\/\/www.foment.com\/wp-content\/uploads\/2019\/07\/isabel-salas-foro-rrhh-1-550x500.png\" alt=\"\" \/><\/a><\/div>\n<h3>ISABEL SALAS<\/h3>\n<p>Directora de Recursos Humanos en Laboratorios Gebro Pharma<\/div>[\/vc_column_inner][\/vc_row_inner][vc_row_inner][vc_column_inner width=\u00bb1\/4&#8243; css=\u00bb.vc_custom_1563705003592{margin-bottom: 15px !important;}\u00bb]<div class=\"imagebox wpb_content_element style-1\"><div class=\"imagebox-img\"><a href='\/es\/actividades\/foro-recursos-humanos\/nora-sole\/'><img src=\"https:\/\/www.foment.com\/wp-content\/uploads\/2019\/07\/nora-sole-1-550x500.jpg\" alt=\"\" \/><\/a><\/div>\n<div class=\"gdlr-core-title-item-title-wrap \">\n<h3 class=\"gdlr-core-title-item-title gdlr-core-skin-title\">NORA SOL\u00c9<\/h3>\n<\/div>\n<div class=\"gdlr-core-pbf-element\">\n<div class=\"gdlr-core-title-item gdlr-core-item-pdb clearfix gdlr-core-left-align gdlr-core-title-item-caption-bottom gdlr-core-item-pdlr\"><span class=\"gdlr-core-title-item-caption gdlr-core-info-font gdlr-core-skin-caption\">En representaci\u00f3n de ANGED y Directora Regional de RRHH de Leroy Merlin<\/span><\/div>\n<\/div>\n<\/div>[\/vc_column_inner][vc_column_inner width=\u00bb1\/4&#8243; css=\u00bb.vc_custom_1563705008489{margin-bottom: 15px !important;}\u00bb]<div class=\"imagebox wpb_content_element style-1\"><div class=\"imagebox-img\"><a href='\/es\/actividades\/foro-recursos-humanos\/sandra-ramos\/'><img src=\"\" alt=\"\" \/><\/a><\/div>\n<h3>SANDRA RAMOS<\/h3>\n<p>En representaci\u00f3n de fedeQuim y HR Director Akzo Nobel Decorative Paints Spain<\/div>[\/vc_column_inner][vc_column_inner width=\u00bb1\/4&#8243; css=\u00bb.vc_custom_1563705013345{margin-bottom: 15px !important;}\u00bb]<div class=\"imagebox wpb_content_element style-1\"><div class=\"imagebox-img\"><a href='\/es\/actividades\/foro-recursos-humanos\/assis-de-riba\/'><img src=\"https:\/\/www.foment.com\/wp-content\/uploads\/2019\/07\/assis-550x500.png\" alt=\"\" \/><\/a><\/div>\n<h3>ASS\u00cdS DE RIBA<\/h3>\n<p>HR Director &#8211; ICF Institut Catal\u00e0 de Finances<\/div>[\/vc_column_inner][vc_column_inner width=\u00bb1\/4&#8243; css=\u00bb.vc_custom_1563705018158{margin-bottom: 15px !important;}\u00bb]<div class=\"imagebox wpb_content_element style-1\"><div class=\"imagebox-img\"><a href='\/es\/actividades\/foro-recursos-humanos\/david-campos\/'><img src=\"https:\/\/www.foment.com\/wp-content\/uploads\/2019\/07\/david-campos-foro-rrhh-550x500.png\" alt=\"\" \/><\/a><\/div>\n<h3>DAVID CAMPOS<\/h3>\n<div class=\"gdlr-core-pbf-element\">\n<div class=\"gdlr-core-title-item gdlr-core-item-pdb clearfix gdlr-core-left-align gdlr-core-title-item-caption-bottom gdlr-core-item-pdlr\">Human Resources Director at Volkswagen Group Espa\u00f1a Distribuci\u00f3n<\/div>\n<\/div>\n<\/div>[\/vc_column_inner][\/vc_row_inner][vc_row_inner][vc_column_inner width=\u00bb1\/4&#8243; css=\u00bb.vc_custom_1563705003592{margin-bottom: 15px !important;}\u00bb]<div class=\"imagebox wpb_content_element style-1\"><div class=\"imagebox-img\"><a href='\/es\/actividades\/foro-recursos-humanos\/rosa-nunez\/'><img src=\"https:\/\/www.foment.com\/wp-content\/uploads\/2019\/07\/Rosa-Web-1-550x500.jpg\" alt=\"\" \/><\/a><\/div>\n<div class=\"gdlr-core-title-item-title-wrap \">\n<h3 class=\"gdlr-core-title-item-title gdlr-core-skin-title\">ROSA N\u00da\u00d1EZ<\/h3>\n<\/div>\n<div class=\"gdlr-core-pbf-element\">\n<div class=\"gdlr-core-title-item gdlr-core-item-pdb clearfix gdlr-core-left-align gdlr-core-title-item-caption-bottom gdlr-core-item-pdlr\">HR Manager Nike Emea South<\/div>\n<\/div>\n<\/div>[\/vc_column_inner][vc_column_inner width=\u00bb1\/4&#8243; css=\u00bb.vc_custom_1563705008489{margin-bottom: 15px !important;}\u00bb]<div class=\"imagebox wpb_content_element style-1\"><div class=\"imagebox-img\"><a href='\/es\/actividades\/foro-recursos-humanos\/francesc-mulero\/'><img src=\"https:\/\/www.foment.com\/wp-content\/uploads\/2019\/07\/francesc-mulero-550x500.png\" alt=\"\" \/><\/a><\/div>\n<h3>FRANCESC MULERO<\/h3>\n<p>HR Business Partner Manager en la Damm<\/div>[\/vc_column_inner][vc_column_inner width=\u00bb1\/4&#8243; css=\u00bb.vc_custom_1563705013345{margin-bottom: 15px !important;}\u00bb]<div class=\"imagebox wpb_content_element style-1\"><div class=\"imagebox-img\"><a href='\/es\/actividades\/foro-recursos-humanos\/gloria-carrasco\/'><img src=\"https:\/\/www.foment.com\/wp-content\/uploads\/2019\/07\/gloria-3-550x500.jpg\" alt=\"\" \/><\/a><\/div>\n<h3>GL\u00d2RIA CARRASCO<\/h3>\n<p>HR Director Bimbo Iberia en Grupo Bimbo<\/div>[\/vc_column_inner][vc_column_inner width=\u00bb1\/4&#8243; css=\u00bb.vc_custom_1563705018158{margin-bottom: 15px !important;}\u00bb]<div class=\"imagebox wpb_content_element style-1\"><div class=\"imagebox-img\"><a href='\/es\/actividades\/foro-recursos-humanos\/daniel-iniesta\/'><img src=\"https:\/\/www.foment.com\/wp-content\/uploads\/2019\/07\/Daniel-para-web-2-550x500-1.jpg\" alt=\"\" \/><\/a><\/div>\n<h3>DANIEL INIESTA<\/h3>\n<p>Director de Personas de Fundaci\u00f3 Jesu\u00eftes Educaci\u00f3<\/div>[\/vc_column_inner][\/vc_row_inner][vc_row_inner][vc_column_inner width=\u00bb1\/4&#8243; css=\u00bb.vc_custom_1563705003592{margin-bottom: 15px !important;}\u00bb]<div class=\"imagebox wpb_content_element style-1\"><div class=\"imagebox-img\"><a href='\/es\/actividades\/foro-recursos-humanos\/josep-tura\/'><img src=\"https:\/\/www.foment.com\/wp-content\/uploads\/2019\/07\/tura-para-web-550x500.jpg\" alt=\"\" \/><\/a><\/div>\n<h3>JOSEP TURA<\/h3>\n<p>Director Corporativo del grupo FLUIDRA<\/div>[\/vc_column_inner][vc_column_inner width=\u00bb1\/4&#8243; css=\u00bb.vc_custom_1563705008489{margin-bottom: 15px !important;}\u00bb][\/vc_column_inner][vc_column_inner width=\u00bb1\/4&#8243; css=\u00bb.vc_custom_1563705013345{margin-bottom: 15px !important;}\u00bb][\/vc_column_inner][\/vc_row_inner][\/vc_column][\/vc_row]<\/p>\n<\/section>","protected":false},"excerpt":{"rendered":"<p>[vc_row top_padding=\u00bb60&#8243; bottom_padding=\u00bb60&#8243;][vc_column width=\u00bb1\/1&#8243;][vc_row_inner][vc_column_inner width=\u00bb1\/3&#8243;][vc_column_text][\/vc_column_text][\/vc_column_inner][vc_column_inner width=\u00bb2\/3&#8243;][vc_column_text]BIOGRAF\u00cdA Cerca de 20 a\u00f1os de experiencia en gesti\u00f3n y liderazgo de equipos de trabajo tanto a empresas como en consultor\u00eda, en las \u00e1reas de recursos humanos, formaci\u00f3n y gesti\u00f3n de la calidad. Mi trayectoria se ha desarrollado tanto en Catalu\u00f1a como diferentes lugares de Espa\u00f1a. Aunque con formaci\u00f3n en Recursos Humanos, mi experiencia ha estado a negocio y operaciones,lo que me ha aportado una visi\u00f3n m\u00e1s estrat\u00e9gica y global de las pol\u00edticas y procesos de trabajo que impactan en los resultados. Actualmente, soy responsable nacional de los proyectos de transici\u00f3n de carreras en Randstad, coordinando un equipo de consultores-coaches que acompa\u00f1an a las personas para \u00abver la luz m\u00e1s all\u00e1 del t\u00fanel\u00bb. Psic\u00f3loga de formaci\u00f3n, especializada en RRHH por la Universidad Aut\u00f3noma de Madrid y con la Suficiencia Investigadora en Psicolog\u00eda y Organizaci\u00f3n por la Universidad de Oviedo. En constante curiosidad por los desarrollos tecnol\u00f3gicos ligados a las personas y a sus motivaciones. Me apasiona crear nuevos proyectos, nuevos desarrollos, todo aquello que sea construir desde cero. Me interesan las redes sociales, la gamificaci\u00f3n aplicada en la educaci\u00f3n, a la salud y a los recursos humanos,\u00a0talent management\u00a0y los procesos de transformaci\u00f3n digital. Mi pasi\u00f3n [&hellip;]<\/p>\n","protected":false},"author":24,"featured_media":0,"parent":20441,"menu_order":0,"comment_status":"closed","ping_status":"closed","template":"","meta":{"_links_to":"","_links_to_target":""},"acf":[],"wps_subtitle":"","_links":{"self":[{"href":"https:\/\/www.foment.com\/es\/wp-json\/wp\/v2\/pages\/74621"}],"collection":[{"href":"https:\/\/www.foment.com\/es\/wp-json\/wp\/v2\/pages"}],"about":[{"href":"https:\/\/www.foment.com\/es\/wp-json\/wp\/v2\/types\/page"}],"author":[{"embeddable":true,"href":"https:\/\/www.foment.com\/es\/wp-json\/wp\/v2\/users\/24"}],"replies":[{"embeddable":true,"href":"https:\/\/www.foment.com\/es\/wp-json\/wp\/v2\/comments?post=74621"}],"version-history":[{"count":1,"href":"https:\/\/www.foment.com\/es\/wp-json\/wp\/v2\/pages\/74621\/revisions"}],"predecessor-version":[{"id":143186,"href":"https:\/\/www.foment.com\/es\/wp-json\/wp\/v2\/pages\/74621\/revisions\/143186"}],"up":[{"embeddable":true,"href":"https:\/\/www.foment.com\/es\/wp-json\/wp\/v2\/pages\/20441"}],"wp:attachment":[{"href":"https:\/\/www.foment.com\/es\/wp-json\/wp\/v2\/media?parent=74621"}],"curies":[{"name":"wp","href":"https:\/\/api.w.org\/{rel}","templated":true}]}}